{"id":94986,"date":"2022-05-25T14:46:58","date_gmt":"2022-05-25T14:46:58","guid":{"rendered":"https:\/\/www.bobex.be\/fr-be\/travaux-renovation-de-facades\/primes-renovation-facade\/"},"modified":"2024-12-24T12:54:57","modified_gmt":"2024-12-24T12:54:57","slug":"primes-renovation-facade","status":"publish","type":"content","link":"https:\/\/www.bobex.be\/fr-be\/travaux-renovation-de-facades\/primes-renovation-facade\/","title":{"rendered":"Primes pour l\u2019embellissement ou la r\u00e9novation de fa\u00e7ade \u00e0 Bruxelles et en Wallonie (2026)"},"content":{"rendered":"\n<div id=\"ez-toc-container\" class=\"ez-toc-v2_0_82_2 counter-hierarchy ez-toc-counter ez-toc-grey ez-toc-container-direction\">\n<div class=\"ez-toc-title-container\">\n<p class=\"ez-toc-title\" style=\"cursor:inherit\">Sommaire<\/p>\n<span class=\"ez-toc-title-toggle\"><a href=\"#\" class=\"ez-toc-pull-right ez-toc-btn ez-toc-btn-xs ez-toc-btn-default ez-toc-toggle\" aria-label=\"Toggle Table of Content\"><span class=\"ez-toc-js-icon-con\"><span class=\"\"><span class=\"eztoc-hide\" style=\"display:none;\">Toggle<\/span><span class=\"ez-toc-icon-toggle-span\"><svg style=\"fill: #999;color:#999\" xmlns=\"http:\/\/www.w3.org\/2000\/svg\" class=\"list-377408\" width=\"20px\" height=\"20px\" viewBox=\"0 0 24 24\" fill=\"none\"><path d=\"M6 6H4v2h2V6zm14 0H8v2h12V6zM4 11h2v2H4v-2zm16 0H8v2h12v-2zM4 16h2v2H4v-2zm16 0H8v2h12v-2z\" fill=\"currentColor\"><\/path><\/svg><svg style=\"fill: #999;color:#999\" class=\"arrow-unsorted-368013\" xmlns=\"http:\/\/www.w3.org\/2000\/svg\" width=\"10px\" height=\"10px\" viewBox=\"0 0 24 24\" version=\"1.2\" baseProfile=\"tiny\"><path d=\"M18.2 9.3l-6.2-6.3-6.2 6.3c-.2.2-.3.4-.3.7s.1.5.3.7c.2.2.4.3.7.3h11c.3 0 .5-.1.7-.3.2-.2.3-.5.3-.7s-.1-.5-.3-.7zM5.8 14.7l6.2 6.3 6.2-6.3c.2-.2.3-.5.3-.7s-.1-.5-.3-.7c-.2-.2-.4-.3-.7-.3h-11c-.3 0-.5.1-.7.3-.2.2-.3.5-.3.7s.1.5.3.7z\"\/><\/svg><\/span><\/span><\/span><\/a><\/span><\/div>\n<nav><ul class='ez-toc-list ez-toc-list-level-1 eztoc-toggle-hide-by-default' ><li class='ez-toc-page-1 ez-toc-heading-level-2'><a class=\"ez-toc-link ez-toc-heading-1\" href=\"https:\/\/www.bobex.be\/fr-be\/travaux-renovation-de-facades\/primes-renovation-facade\/#Les_primes_pour_la_renovation_de_facade_a_Bruxelles\" >Les primes pour la r\u00e9novation de fa\u00e7ade \u00e0 Bruxelles&nbsp;<\/a><ul class='ez-toc-list-level-3' ><li class='ez-toc-heading-level-3'><a class=\"ez-toc-link ez-toc-heading-2\" href=\"https:\/\/www.bobex.be\/fr-be\/travaux-renovation-de-facades\/primes-renovation-facade\/#Prime_Renolution\" >Prime R\u00e9nolution<\/a><ul class='ez-toc-list-level-4' ><li class='ez-toc-heading-level-4'><a class=\"ez-toc-link ez-toc-heading-3\" href=\"https:\/\/www.bobex.be\/fr-be\/travaux-renovation-de-facades\/primes-renovation-facade\/#Montant_de_la_prime_RENOLUTION_pour_lembellissement_des_facades_avant_arriere_et_laterale\" >Montant de la prime RENOLUTION pour l&#8217;embellissement des fa\u00e7ades avant, arri\u00e8re et lat\u00e9rale<\/a><\/li><li class='ez-toc-page-1 ez-toc-heading-level-4'><a class=\"ez-toc-link ez-toc-heading-4\" href=\"https:\/\/www.bobex.be\/fr-be\/travaux-renovation-de-facades\/primes-renovation-facade\/#Montant_de_la_prime_RENOLUTION_pour_la_preparation_du_chantier_echafaudage_baches_protections_du_chantier\" >Montant de la prime RENOLUTION pour la pr\u00e9paration du chantier (\u00e9chafaudage, b\u00e2ches, protections du chantier)<\/a><\/li><\/ul><\/li><li class='ez-toc-page-1 ez-toc-heading-level-3'><a class=\"ez-toc-link ez-toc-heading-5\" href=\"https:\/\/www.bobex.be\/fr-be\/travaux-renovation-de-facades\/primes-renovation-facade\/#Prime_pour_la_conservation_du_patrimoine_protege_a_Bruxelles\" >Prime pour la conservation du patrimoine prot\u00e9g\u00e9 \u00e0 Bruxelles<\/a><\/li><li class='ez-toc-page-1 ez-toc-heading-level-3'><a class=\"ez-toc-link ez-toc-heading-6\" href=\"https:\/\/www.bobex.be\/fr-be\/travaux-renovation-de-facades\/primes-renovation-facade\/#Primes_communales_pour_lembellissement_des_facades_avant\" >Primes communales pour l&#8217;embellissement des fa\u00e7ades avant<\/a><ul class='ez-toc-list-level-4' ><li class='ez-toc-heading-level-4'><a class=\"ez-toc-link ez-toc-heading-7\" href=\"https:\/\/www.bobex.be\/fr-be\/travaux-renovation-de-facades\/primes-renovation-facade\/#Prime_communale_dEtterbeek\" >Prime communale d&rsquo;Etterbeek<\/a><\/li><\/ul><\/li><\/ul><\/li><li class='ez-toc-page-1 ez-toc-heading-level-2'><a class=\"ez-toc-link ez-toc-heading-8\" href=\"https:\/\/www.bobex.be\/fr-be\/travaux-renovation-de-facades\/primes-renovation-facade\/#Les_primes_pour_la_renovation_de_facade_en_Wallonie\" >Les primes pour la r\u00e9novation de fa\u00e7ade en Wallonie&nbsp;<\/a><ul class='ez-toc-list-level-3' ><li class='ez-toc-heading-level-3'><a class=\"ez-toc-link ez-toc-heading-9\" href=\"https:\/\/www.bobex.be\/fr-be\/travaux-renovation-de-facades\/primes-renovation-facade\/#Prime_pour_la_conservation_du_patrimoine_protege_wallon\" >Prime pour la conservation du patrimoine prot\u00e9g\u00e9 wallon<\/a><\/li><\/ul><\/li><li class='ez-toc-page-1 ez-toc-heading-level-2'><a class=\"ez-toc-link ez-toc-heading-10\" href=\"https:\/\/www.bobex.be\/fr-be\/travaux-renovation-de-facades\/primes-renovation-facade\/#Recevez_des_devis_gratuits_de_professionnels\" >Recevez des devis gratuits de professionnels<\/a><\/li><\/ul><\/nav><\/div>\n<h2 class=\"wp-block-heading\"><span class=\"ez-toc-section\" id=\"Les_primes_pour_la_renovation_de_facade_a_Bruxelles\"><\/span>Les primes pour la r\u00e9novation de fa\u00e7ade \u00e0 Bruxelles&nbsp;<span class=\"ez-toc-section-end\"><\/span><\/h2>\n\n\n\n<p>\u00c0 Bruxelles, diff\u00e9rentes aides existent pour soutenir l&#8217;embellissement des fa\u00e7ades : <\/p>\n\n\n\n<ul class=\"wp-block-list\">\n<li><strong>Les primes r\u00e9gionales<\/strong> : RENOLUTION<\/li>\n\n\n\n<li><strong>Les subventions pour la conservation et l&rsquo;entretien du patrimoine prot\u00e9g\u00e9 (biens class\u00e9s)<\/strong> : Patrimoine.Brussels <\/li>\n\n\n\n<li><strong>Les primes communales<\/strong><\/li>\n<\/ul>\n\n\n\n<p>La R\u00e9gion bruxelloise propose une prime pour l\u2019embellissement ou pour la r\u00e9novation des fa\u00e7ades des habitations situ\u00e9es \u00e0 <strong>Bruxelles-Capitale<\/strong>. Parmi tous les travaux repris dans la prime, nous retrouvons notamment le nettoyage des fa\u00e7ades, l\u2019entretien, la r\u00e9paration des fa\u00e7ades ou des fen\u00eatres,&#8230;<\/p>\n\n\n\n<h3 class=\"wp-block-heading\"><span class=\"ez-toc-section\" id=\"Prime_Renolution\"><\/span>Prime R\u00e9nolution<span class=\"ez-toc-section-end\"><\/span><\/h3>\n\n\n\n<p>Depuis 2022, le syst\u00e8me unique de prime RENOLUTION a fait son apparition \u00e0 Bruxelles. La r\u00e9gion a d\u00e9cid\u00e9 de regrouper l&rsquo;ensemble des aides financi\u00e8res disponibles pour aider les m\u00e9nages et les entreprises \u00e0 r\u00e9nover leurs biens en un syst\u00e8me centralis\u00e9. <\/p>\n\n\n\n<p>En 2024, ce syst\u00e8me r\u00e9unit 42 primes diff\u00e9rentes mobilisables par les Bruxellois afin de les soutenir dans leurs r\u00e9novations.<\/p>\n\n\n\n<p>Ainsi, il existe des primes RENOLUTION qui concerne les travaux de r\u00e9novation de fa\u00e7ade. Voici les diff\u00e9rentes primes que vous pouvez solliciter si votre bien se situe \u00e0 Bruxelles :  <\/p>\n\n\n\n<ul class=\"wp-block-list\">\n<li><strong>Prime pour l&#8217;embellissement de la fa\u00e7ade avant <\/strong>: De 50 \u20ac\/m\u00b2 \u00e0 50 \u20ac\/m\u00b2 + 750 \u20ac d&rsquo;aide suppl\u00e9mentaire<\/li>\n\n\n\n<li><strong>Prime pour l&#8217;embellissement de la fa\u00e7ade arri\u00e8re et lat\u00e9rale <\/strong>: De 20 \u20ac\/m\u00b2 \u00e0 40 \u20ac\/m\u00b2<\/li>\n\n\n\n<li><strong>Prime pour la pr\u00e9paration du chantier (\u00e9chafaudage, b\u00e2ches,&#8230;) <\/strong>: De 20 \u00e0 40 \u20ac\/m\u00b2 d&rsquo;\u00e9chafaudage<\/li>\n<\/ul>\n\n\n\n<h4 class=\"wp-block-heading\"><span class=\"ez-toc-section\" id=\"Montant_de_la_prime_RENOLUTION_pour_lembellissement_des_facades_avant_arriere_et_laterale\"><\/span>Montant de la prime RENOLUTION pour l&#8217;embellissement des fa\u00e7ades avant, arri\u00e8re et lat\u00e9rale<span class=\"ez-toc-section-end\"><\/span><\/h4>\n\n\n\n<figure class=\"wp-block-table is-style-stripes\"><table><tbody><tr><th>Cat\u00e9gorie de revenu <br>du m\u00e9nage<\/th><th>Montant de la prime pour l&#8217;embellissement <br>de la<strong> fa\u00e7ade avant<\/strong><\/th><th>Montant de la prime pour l&#8217;embellissement <br>de la <strong>fa\u00e7ade arri\u00e8re<\/strong> <strong>et lat\u00e9rale<\/strong><\/th><\/tr><tr><td>Cat\u00e9gorie I.<\/td><td><strong>50 \u20ac\/m\u00b2&nbsp;<\/strong>de surface de fa\u00e7ade<\/td><td><strong>20 \u20ac\/m\u00b2&nbsp;<\/strong>de surface de fa\u00e7ade<\/td><\/tr><tr><td>Cat\u00e9gorie II.<\/td><td><strong>50 \u20ac\/m\u00b2&nbsp;<\/strong>de surface de fa\u00e7ade<\/td><td><strong>30 \u20ac\/m\u00b2&nbsp;<\/strong>de surface de fa\u00e7ade<\/td><\/tr><tr><td>Cat\u00e9gorie III.<\/td><td><strong>50 \u20ac\/m\u00b2&nbsp;<\/strong>de surface de fa\u00e7ade <br><strong>+ 750 \u20ac<\/strong> par logement<\/td><td><strong>40 \u20ac\/m\u00b2&nbsp;<\/strong>de surface de fa\u00e7ade<\/td><\/tr><\/tbody><\/table><\/figure>\n\n\n\n<p>Concernant la prime pour l&#8217;embellissement de la fa\u00e7ade, voici la liste des travaux \u00e9ligibles \u00e0 cette prime : <\/p>\n\n\n\n<ul class=\"wp-block-list\">\n<li>Le nettoyage et l&rsquo;entretien de la fa\u00e7ade <\/li>\n\n\n\n<li>La pose de produits anti-graffiti et hydrofuge apr\u00e8s le nettoyage<\/li>\n\n\n\n<li>La pose d&rsquo;un enduit de parement \u00e0 partir d&rsquo;un liant de chaux ou de mat\u00e9riaux naturels<\/li>\n\n\n\n<li>Le rejointoiement entre les briques de la fa\u00e7ade (et les travaux d&rsquo;\u00e9videments des joints en amont)<\/li>\n\n\n\n<li>Nettoyage, grattage, r\u00e9parations de fissures des \u00e9l\u00e9ments de la fa\u00e7ade et mise en peinture de ceux-ci<\/li>\n\n\n\n<li>Les travaux de mise en peinture, d&rsquo;application de vernis et de lasure pour les \u00e9l\u00e9ments en bois ou m\u00e9tallique de la fa\u00e7ade (ch\u00e2ssis, porte d&rsquo;entr\u00e9e, volets,&#8230;) + les travaux de pr\u00e9paration en amont comme le pon\u00e7age, remasticage,&#8230;<\/li>\n\n\n\n<li>La r\u00e9paration des enduits, moulures, balcons, loggias<\/li>\n\n\n\n<li>L&rsquo;entretien, la r\u00e9paration ou le remplacement des volets \/ caissons \u00e0 volets existants d\u00e9j\u00e0 sur la fa\u00e7ade, sauf les volets en PVC<\/li>\n\n\n\n<li>Tous les autres travaux non cit\u00e9s ci-dessus, mais qui sont n\u00e9cessaires pour remettre en \u00e9tat la fa\u00e7ade avant ou la et la pr\u00e9server dans le temps.<\/li>\n<\/ul>\n\n\n\n<p><span style=\"text-decoration: underline\">Remarque <\/span>: l&rsquo;enti\u00e8ret\u00e9 de la fa\u00e7ade doit \u00eatre remise en \u00e9tat de propret\u00e9 et trait\u00e9e pour obtenir une prime. <\/p>\n\n\n\n<p><span style=\"text-decoration: underline\">Conditions <\/span>: Cette prime s&rsquo;applique uniquement pour les<strong> biens en mitoyennet\u00e9<\/strong>, dont <strong>la fa\u00e7ade avant est visible<\/strong> <strong>depuis l&rsquo;espace public <\/strong>ou qui se trouve en recul, mais de 12 m\u00e8tres maximum.<\/p>\n\n\n\n<h4 class=\"wp-block-heading\"><span class=\"ez-toc-section\" id=\"Montant_de_la_prime_RENOLUTION_pour_la_preparation_du_chantier_echafaudage_baches_protections_du_chantier\"><\/span>Montant de la prime RENOLUTION pour la pr\u00e9paration du chantier (\u00e9chafaudage, b\u00e2ches, protections du chantier)<span class=\"ez-toc-section-end\"><\/span><\/h4>\n\n\n\n<figure class=\"wp-block-table is-style-stripes\"><table><tbody><tr><th>Cat\u00e9gorie de revenu <br>du m\u00e9nage<\/th><th>Prime de pr\u00e9paration au chantier<\/th><\/tr><tr><td>Cat\u00e9gorie I.<\/td><td><strong>20 \u20ac\/m\u00b2&nbsp;<\/strong>d&rsquo;\u00e9chafaudage<\/td><\/tr><tr><td>Cat\u00e9gorie II.<\/td><td>3<strong>0 \u20ac\/m\u00b2&nbsp;<\/strong>d&rsquo;\u00e9chafaudage<\/td><\/tr><tr><td>Cat\u00e9gorie III.<\/td><td><strong>40 \u20ac\/m\u00b2&nbsp;<\/strong>d&rsquo;\u00e9chafaudage<\/td><\/tr><\/tbody><\/table><\/figure>\n\n\n\n<h3 class=\"wp-block-heading\"><span class=\"ez-toc-section\" id=\"Prime_pour_la_conservation_du_patrimoine_protege_a_Bruxelles\"><\/span>Prime pour la conservation du patrimoine prot\u00e9g\u00e9 \u00e0 Bruxelles<span class=\"ez-toc-section-end\"><\/span><\/h3>\n\n\n\n<p>Le gouvernement bruxellois propose aussi une aide financi\u00e8re pour les travaux d&rsquo;entretien, de r\u00e9novation et de conservation des biens class\u00e9s situ\u00e9 sur le territoire r\u00e9gional. Cette prime a pour objectif de <strong>conserver et de valoriser ce patrimoine culturel et architectural pr\u00e9sent dans l\u2019espace public<\/strong>.&nbsp;<\/p>\n\n\n\n<p>Ainsi, le Service Public R\u00e9gional Bruxelles Urbanisme et Patrimoine prend en charge : <\/p>\n\n\n\n<ul class=\"wp-block-list\">\n<li>Les<strong> \u00e9tudes n\u00e9cessaires r\u00e9alis\u00e9es en amont <\/strong>des travaux de conservation : \u00e0 hauteur de <strong>80 % des montants \u00e9ligibles<\/strong>  \u00e0 la subvention (pour les b\u00e9n\u00e9ficiaires publics et priv\u00e9s)<\/li>\n\n\n\n<li>Les<strong> travaux d&rsquo;entretien et de restauration des biens class\u00e9s<\/strong> :  soutenu \u00e0 hauteur de 80 % pour les b\u00e9n\u00e9ficiaires publics et de 40 % pour les b\u00e9n\u00e9ficiaires priv\u00e9s<\/li>\n<\/ul>\n\n\n\n<p>Attention, contrairement aux autres primes pour la r\u00e9novation et l\u2019embellissement des fa\u00e7ades, celle-ci doit absolument \u00eatre introduite <span style=\"text-decoration: underline\">avant la r\u00e9alisation des travaux<\/span> aupr\u00e8s du <a rel=\"noreferrer noopener\" href=\"https:\/\/patrimoine.brussels\/agir\/aide-financiere\/subventions-pour-travaux-de-conservation-a-un-bien-classe\" data-type=\"URL\" data-id=\"https:\/\/patrimoine.brussels\/agir\/aide-financiere\/subventions-pour-travaux-de-conservation-a-un-bien-classe\" target=\"_blank\">Service Public R\u00e9gional Bruxelles Urbanisme et Patrimoine<\/a>.<\/p>\n\n\n\n<h3 class=\"wp-block-heading\"><span class=\"ez-toc-section\" id=\"Primes_communales_pour_lembellissement_des_facades_avant\"><\/span>Primes communales pour l&#8217;embellissement des fa\u00e7ades avant<span class=\"ez-toc-section-end\"><\/span><\/h3>\n\n\n\n<p>\u00c0 Bruxelles, certaines communes ont \u00e9galement d\u00e9cid\u00e9 de soutenir les citoyens dans leurs travaux d&#8217;embellissement des fa\u00e7ades avant.<\/p>\n\n\n\n<p>Le montant de ces aides communales <strong>d\u00e9pend d&rsquo;une commune \u00e0 une autre<\/strong>. Nous vous conseillons donc de vous renseigner aupr\u00e8s de votre administration communale pour savoir si celle-ci peut vous soutenir financi\u00e8rement dans votre projet. <\/p>\n\n\n\n<h4 class=\"wp-block-heading\"><span class=\"ez-toc-section\" id=\"Prime_communale_dEtterbeek\"><\/span>Prime communale d&rsquo;Etterbeek<span class=\"ez-toc-section-end\"><\/span><\/h4>\n\n\n\n<p>\u00c0 titre d&rsquo;exemple, la commune d&rsquo;Etterbeek prend en charge 50% du montant de la prime r\u00e9gionale RENOLUTION. Cette aide communale se cumule avec la prime RENOLUTION. L&rsquo;intervention est cependant limit\u00e9e \u00e0 maximum 400 \u20ac par logement.<br><\/p>\n\n\n\n<p>Cette aide communale ne peut \u00eatre demand\u00e9e qu&rsquo;apr\u00e8s avoir re\u00e7u la prime RENOLUTION et dans un d\u00e9lai de 6 mois maximum apr\u00e8s avoir re\u00e7u l&rsquo;accord de la r\u00e9gion.<\/p>\n\n\n\n<p>Pour obtenir la prime, il vous suffira de remplir un <a href=\"https:\/\/etterbeek.brussels\/sites\/default\/files\/formulaires\/demarches\/primes%26subsides\/20230316_FORM_Prime_R%C3%A9novation_logement_embellissement_fa%C3%A7ade.pdf\" data-type=\"URL\" data-id=\"https:\/\/etterbeek.brussels\/sites\/default\/files\/formulaires\/demarches\/primes%26subsides\/20230316_FORM_Prime_R%C3%A9novation_logement_embellissement_fa%C3%A7ade.pdf\" target=\"_blank\" rel=\"noreferrer noopener\">formulaire en ligne sur le site de la commune d&rsquo;Etterbeek<\/a> et de le renvoyer \u00e0 l&rsquo;adresse suivante : <\/p>\n\n\n\n<p><strong>Administration communale d\u2019Etterbeek<br><\/strong>Gestion des primes <br>Avenue des Casernes, 31\/1<br>1040 Etterbeek<\/p>\n\n\n\n<h2 class=\"wp-block-heading\"><span class=\"ez-toc-section\" id=\"Les_primes_pour_la_renovation_de_facade_en_Wallonie\"><\/span>Les primes pour la r\u00e9novation de fa\u00e7ade en Wallonie&nbsp;<span class=\"ez-toc-section-end\"><\/span><\/h2>\n\n\n\n<p><strong>Il n&rsquo;existe pas de prime pour l&#8217;embellissement des fa\u00e7ades des b\u00e2timents non class\u00e9s en Wallonie.<\/strong> <\/p>\n\n\n\n<p>Cependant, certaines communes soutiennent ce type d&rsquo;initiative. Nous vous recommandons donc de vous renseigner aupr\u00e8s de votre commune avant d&rsquo;entamer les travaux d&#8217;embellissement de votre fa\u00e7ade.<\/p>\n\n\n\n<h3 class=\"wp-block-heading\"><span class=\"ez-toc-section\" id=\"Prime_pour_la_conservation_du_patrimoine_protege_wallon\"><\/span>Prime pour la conservation du patrimoine prot\u00e9g\u00e9 wallon<span class=\"ez-toc-section-end\"><\/span><\/h3>\n\n\n\n<p>Comme \u00e0 Bruxelles, la Wallonie soutient les travaux d&rsquo;entretien et de pr\u00e9servation des biens class\u00e9s situ\u00e9 sur le territoire r\u00e9gional. <\/p>\n\n\n\n<p>Une partie des travaux de restauration ainsi que des \u00e9tudes n\u00e9cessaires avant les travaux sur les biens class\u00e9s ou les moments inscrit sur la liste du patrimoine exceptionnel de Wallonie sont pris en charge par la r\u00e9gion. <\/p>\n\n\n\n<p>Si vous voulez en savoir plus sur les conditions et les montants, nous vous invitons \u00e0 lire les informations reprises sur le <a rel=\"noreferrer noopener\" href=\"https:\/\/agencewallonnedupatrimoine.be\/subsides-2\/\" data-type=\"URL\" data-id=\"https:\/\/agencewallonnedupatrimoine.be\/subsides-2\/\" target=\"_blank\">site de l&rsquo;Agence Wallonne du Patrimoine<\/a>. <\/p>\n\n\n\n<h2 class=\"wp-block-heading\"><span class=\"ez-toc-section\" id=\"Recevez_des_devis_gratuits_de_professionnels\"><\/span>Recevez des devis gratuits de professionnels<span class=\"ez-toc-section-end\"><\/span><\/h2>\n\n\n\n<p>Si vous souhaitez faire r\u00e9nover ou embellir vos fa\u00e7ades, n\u2019h\u00e9sitez pas \u00e0 remplir le formulaire ci-dessous. Ainsi, vous pourrez \u00eatre mis en relation avec des professionnels du domaine et comparer les devis en ligne, gratuitement et sans engagement.&nbsp;<\/p>\n\n\n<div id=\"ppp\" class=\"bob-form-wrapper\" data-ajax_url=\"https:\/\/www.bobex.be\/fr-be\/wp-admin\/admin-ajax.php\" data-fa_a=\"\" data-fa_b=\"\"><div class=\"loader\" aria-hidden=\"true\"><\/div>    <div>\n        <div class=\"row mx-auto mb-2\" style=\"max-width: 900px;\">\n            <div class=\"col-md-4\"><i class=\"mr-1 fas fa-check\" style=\"color:green;\"><\/i>Devis gratuits et rapides<\/div>\n            <div class=\"col-md-4\"><i class=\"mr-1 fas fa-check\" style=\"color:green;\"><\/i>Sans engagement et obligation<\/div>\n            <div class=\"col-md-4\"><i class=\"mr-1 fas fa-check\" style=\"color:green;\"><\/i>Professionnels agr\u00e9\u00e9s<\/div>\n        <\/div>\n    <\/div><div id=\"form-69f462d13d0ab\" class=\"bob-form-container\" style=\"background-color: white; font-family: Roboto, sans-serif !important; font-size: 16px !important; color: #545454; box-shadow: 0 2px 10px rgba(0,0,0,0.1); --font_title: Poppins; --font_size_title: 20px; --title_bg_color: #175da6; --copyright_color: #fde8e1; --box_upload_color: #e5f2f7; padding:unset;\" data-form-type=\"inline\" data-form-id=\"69f462d13d0ab\"><style>#form-69f462d13d0ab .bob-form-inline-question.even {\n  background-color: #e5f2f7;\n}\n#form-69f462d13d0ab .single_multiple.multiple_button {\n  background-color: #e5f2f7 !important;\n}\n#form-69f462d13d0ab .bob-form-inline-question--hidden {\n  display: none;\n}<\/style><div class=\"form-questions\"><form id=\"bob-form\" class=\"bob-form bob-form-tag\" method=\"post\" action=\"https:\/\/www.bobex.be\/fr-be\/wp-admin\/admin-ajax.php?action=bobex-form-validation\">    <div class=\"form-title\">\n        Formulez votre demande\n        <div class=\"form-title-info-line\">\n            R\u00e9pondez \u00e0 quelques questions et entrez en contact avec des sp\u00e9cialistes fiables. Nous vous demandons vos coordonn\u00e9es afin de s\u00e9lectionner les professionnels actifs dans votre r\u00e9gion.\n        <\/div>\n    <\/div><div class=\"form-questions bob-form-inline-question\"><div class=\"row\"><div class=\"question col-md-4\"><label>1. Quels types de travaux de fa\u00e7ade d\u00e9sirez-vous?<\/label><\/div><div class=\"answer col-md-8\"><div class=\"bob-form-checkbox d-flex\"><input type=\"checkbox\" class=\"inline-checkbox bob-form-input\" id=\"69f462d13d0ab-input-0-1\" data-unique-id=\"69f462d13d0ab\" name=\"XML_extra_check[]\" value=\"1\"   onclick=\"checkboxTurnChecked(this)\"><label for=\"69f462d13d0ab-input-0-1\">Nettoyer la fa\u00e7ade<\/label><\/div><div class=\"bob-form-checkbox d-flex\"><input type=\"checkbox\" class=\"inline-checkbox bob-form-input\" id=\"69f462d13d0ab-input-0-2\" data-unique-id=\"69f462d13d0ab\" name=\"XML_extra_check[]\" value=\"2\" checked=\"checked\"  onclick=\"checkboxTurnChecked(this)\"><label for=\"69f462d13d0ab-input-0-2\">R\u00e9nover ou r\u00e9parer la fa\u00e7ade<\/label><\/div><div class=\"bob-form-checkbox d-flex\"><input type=\"checkbox\" class=\"inline-checkbox bob-form-input\" id=\"69f462d13d0ab-input-0-3\" data-unique-id=\"69f462d13d0ab\" name=\"XML_extra_check[]\" value=\"3\"   onclick=\"checkboxTurnChecked(this)\"><label for=\"69f462d13d0ab-input-0-3\">Sablage de la fa\u00e7ade<\/label><\/div><div class=\"bob-form-checkbox d-flex\"><input type=\"checkbox\" class=\"inline-checkbox bob-form-input\" id=\"69f462d13d0ab-input-0-4\" data-unique-id=\"69f462d13d0ab\" name=\"XML_extra_check[]\" value=\"4\"   onclick=\"checkboxTurnChecked(this)\"><label for=\"69f462d13d0ab-input-0-4\">Pose de cr\u00e9pi (pl\u00e2trage)<\/label><\/div><div class=\"bob-form-checkbox d-flex\"><input type=\"checkbox\" class=\"inline-checkbox bob-form-input\" id=\"69f462d13d0ab-input-0-5\" data-unique-id=\"69f462d13d0ab\" name=\"XML_extra_check[]\" value=\"5\"   onclick=\"checkboxTurnChecked(this)\"><label for=\"69f462d13d0ab-input-0-5\">Pulv\u00e9risation en li\u00e8ge<\/label><\/div><div class=\"bob-form-checkbox d-flex\"><input type=\"checkbox\" class=\"inline-checkbox bob-form-input\" id=\"69f462d13d0ab-input-0-6\" data-unique-id=\"69f462d13d0ab\" name=\"XML_extra_check[]\" value=\"6\"   onclick=\"checkboxTurnChecked(this)\"><label for=\"69f462d13d0ab-input-0-6\">Briquettes de parement<\/label><\/div><div class=\"bob-form-checkbox d-flex\"><input type=\"checkbox\" class=\"inline-checkbox bob-form-input\" id=\"69f462d13d0ab-input-0-7\" data-unique-id=\"69f462d13d0ab\" name=\"XML_extra_check[]\" value=\"7\"   onclick=\"checkboxTurnChecked(this)\"><label for=\"69f462d13d0ab-input-0-7\">Bardage en bois<\/label><\/div><div class=\"bob-form-checkbox d-flex\"><input type=\"checkbox\" class=\"inline-checkbox bob-form-input\" id=\"69f462d13d0ab-input-0-8\" data-unique-id=\"69f462d13d0ab\" name=\"XML_extra_check[]\" value=\"8\"   onclick=\"checkboxTurnChecked(this)\"><label for=\"69f462d13d0ab-input-0-8\">Bardage en PVC, m\u00e9tal ou composite<\/label><\/div><div class=\"bob-form-checkbox d-flex\"><input type=\"checkbox\" class=\"inline-checkbox bob-form-input\" id=\"69f462d13d0ab-input-0-9\" data-unique-id=\"69f462d13d0ab\" name=\"XML_extra_check[]\" value=\"9\"   onclick=\"checkboxTurnChecked(this)\"><label for=\"69f462d13d0ab-input-0-9\">Cimenter la fa\u00e7ade<\/label><\/div><div class=\"bob-form-checkbox d-flex\"><input type=\"checkbox\" class=\"inline-checkbox bob-form-input\" id=\"69f462d13d0ab-input-0-10\" data-unique-id=\"69f462d13d0ab\" name=\"XML_extra_check[]\" value=\"10\"   onclick=\"checkboxTurnChecked(this)\"><label for=\"69f462d13d0ab-input-0-10\">Rejointoyage<\/label><\/div><div class=\"bob-form-checkbox d-flex\"><input type=\"checkbox\" class=\"inline-checkbox bob-form-input\" id=\"69f462d13d0ab-input-0-11\" data-unique-id=\"69f462d13d0ab\" name=\"XML_extra_check[]\" value=\"11\"   onclick=\"checkboxTurnChecked(this)\"><label for=\"69f462d13d0ab-input-0-11\">Impr\u00e9gnation de fa\u00e7ade<\/label><\/div><div class=\"bob-form-checkbox d-flex\"><input type=\"checkbox\" class=\"inline-checkbox bob-form-input\" id=\"69f462d13d0ab-input-0-12\" data-unique-id=\"69f462d13d0ab\" name=\"XML_extra_check[]\" value=\"12\"   onclick=\"checkboxTurnChecked(this)\"><label for=\"69f462d13d0ab-input-0-12\">Autre ou conseillez-moi<\/label><\/div><\/div><\/div><\/div><div class=\"form-questions bob-form-inline-question even\"><div class=\"row\"><div class=\"question col-md-4\"><label>2*. Combien de fa\u00e7ades devront \u00eatre trait\u00e9es?<\/label><\/div><div class=\"answer col-md-8\"><div class=\"bob-form-radio d-flex\"><input type=\"radio\" class=\"inline-radio\" id=\"69f462d13d0ab-input-1-1\" data-unique-id=\"69f462d13d0ab\" name=\"XML_extra_radio2\" value=\"1\"  required=\"required\"><label for=\"69f462d13d0ab-input-1-1\">1<\/label><\/div><div class=\"bob-form-radio d-flex\"><input type=\"radio\" class=\"inline-radio\" id=\"69f462d13d0ab-input-1-2\" data-unique-id=\"69f462d13d0ab\" name=\"XML_extra_radio2\" value=\"2\"  required=\"required\"><label for=\"69f462d13d0ab-input-1-2\">2<\/label><\/div><div class=\"bob-form-radio d-flex\"><input type=\"radio\" class=\"inline-radio\" id=\"69f462d13d0ab-input-1-3\" data-unique-id=\"69f462d13d0ab\" name=\"XML_extra_radio2\" value=\"3\"  required=\"required\"><label for=\"69f462d13d0ab-input-1-3\">3<\/label><\/div><div class=\"bob-form-radio d-flex\"><input type=\"radio\" class=\"inline-radio\" id=\"69f462d13d0ab-input-1-4\" data-unique-id=\"69f462d13d0ab\" name=\"XML_extra_radio2\" value=\"4\"  required=\"required\"><label for=\"69f462d13d0ab-input-1-4\">4 ou  plus<\/label><\/div><\/div><\/div><\/div><div class=\"form-questions bob-form-inline-question\"><div class=\"row\"><div class=\"question col-md-4\"><label>3*. Quand d\u00e9sirez-vous d\u00e9marrer les travaux de fa\u00e7ade?<\/label><\/div><div class=\"answer col-md-8\"><div class=\"bob-form-radio d-flex\"><input type=\"radio\" class=\"inline-radio\" id=\"69f462d13d0ab-input-2-1\" data-unique-id=\"69f462d13d0ab\" name=\"XML_extra_radio3\" value=\"1\"  required=\"required\"><label for=\"69f462d13d0ab-input-2-1\">Dans 1 \u00e0 3 mois<\/label><\/div><div class=\"bob-form-radio d-flex\"><input type=\"radio\" class=\"inline-radio\" id=\"69f462d13d0ab-input-2-2\" data-unique-id=\"69f462d13d0ab\" name=\"XML_extra_radio3\" value=\"2\"  required=\"required\"><label for=\"69f462d13d0ab-input-2-2\">Dans 4 \u00e0 6 mois<\/label><\/div><div class=\"bob-form-radio d-flex\"><input type=\"radio\" class=\"inline-radio\" id=\"69f462d13d0ab-input-2-3\" data-unique-id=\"69f462d13d0ab\" name=\"XML_extra_radio3\" value=\"3\"  required=\"required\"><label for=\"69f462d13d0ab-input-2-3\">Dans 7 \u00e0 12 mois<\/label><\/div><\/div><\/div><\/div><div class=\"form-questions bob-form-inline-question even\"><div class=\"d-flex flex-column\"><label class=\"question\" for=\"69f462d13d0ab-input-3\">4. Description de votre projet<\/label><textarea class=\"bob-form-input\" name=\"XML_remarks\" id=\"69f462d13d0ab-input-3\" data-unique-id=\"69f462d13d0ab\"><\/textarea><\/div><\/div><div class=\"bob-inline-form bob-form-tag upload-box mb-3\">\n                    <div class=\"row\">\n                        <div class=\"col-md-12 mb-2 question\">Ajouter des photos ou des pi\u00e8ces jointes (en Option)<\/div>\n                        <div class=\"col-md-12\">\n                            <div class=\"box__input\" style=\"background-color: #e5f2f7;\"\n                                 ondrop=\"drop(event)\"\n                                 ondragover=\"allowDrop(event)\"\n                                 ondragleave=\"removeDropFx(event)\"\n                                >\n                                <input type=\"file\"\n                                       class=\"file__input\"\n                                       name=\"attachments[]\"\n                                       id=\"attachments\"\n                                       multiple=\"multiple\"\n                                       accept=\"image\/jpeg, image\/png, image\/gif, application\/pdf\"\n                                       data-multiple-caption=\"{count} files selected\">\n                                <div>\n                                    <label for=\"attachments\"><strong>S\u00e9lectionnez un fichier <\/strong>ou glissez-le ici<\/label>\n                                    <span class=\"box__button bobex-round-cta m-1 py-1\"\n                                          style=\"mix-blend-mode: luminosity\">\n                                        <i class=\"fas fa-cloud-upload-alt text-white\"><\/i>\n                                        T\u00e9l\u00e9charger\n                                    <\/span>\n                                <\/div>\n            \n                                <div class=\"row preview_wrapper m-0\"><\/div>\n                            <\/div>\n            \n                            <div class=\"box__uploading\">Uploading\u2026<\/div>\n                            <div class=\"box__success\">Done!<\/div>\n                            <div class=\"box__error\">Error! <span><\/span>.<\/div>\n                        <\/div>\n                    <\/div>\n                <\/div>    <div class=\"form-title\">\n        Vos donn\u00e9es\n    <\/div><div class=\"bob-form-contact-data\" style=\"padding: 20px\"><div class=\"row lead-info\"><div class=\"col-md-6 mb-3\">  <div class=\"form-group\">    <input value=\"\" type=\"text\" class=\"form-control\" id=\"firstName\" name=\"firstName\" placeholder=\"Pr\u00e9nom\" required>    <div class=\"valid-feedback\">Enchant\u00e9 !<\/div>    <div class=\"invalid-feedback\">Veuillez indiquer votre pr\u00e9nom<\/div>  <\/div><\/div><div class=\"col-md-6 mb-3\">  <div class=\"form-group\">    <input value=\"\" type=\"text\" class=\"form-control\" id=\"lastName\" name=\"lastName\" placeholder=\"Nom\" required>    <div class=\"valid-feedback\">Sympa<\/div>    <div class=\"invalid-feedback\">Veuillez indiquer votre nom de famille<\/div>  <\/div><\/div><div class=\"col-md-12 mb-3\">  <div class=\"form-group\">    <input value=\"\" type=\"email\" class=\"form-control\" id=\"email\" name=\"email\" placeholder=\"E-mail\" required style=\"max-width: unset;\">    <div class=\"valid-feedback\">C&rsquo;est tout bon<\/div>    <div class=\"invalid-feedback\">Veuillez indiquer une adresse e-mail valide<\/div>  <\/div><\/div><div class=\"col-md-12 mb-3\">  <div class=\"form-group\">    <input value=\"\" type=\"tel\" class=\"form-control\" id=\"phone\" name=\"phone\" placeholder=\"T\u00e9l\u00e9phone\" required style=\"max-width: unset;\">    <div class=\"valid-feedback\">Parfait<\/div>    <div class=\"invalid-feedback\">Veuillez indiquer un num\u00e9ro de t\u00e9l\u00e9phone valide<\/div>  <\/div><\/div><div class=\"col-md-12 mb-3\">  <div class=\"form-group\">    <input value=\"\" type=\"text\" class=\"form-control\" id=\"companyAddress\" name=\"companyAddress\" placeholder=\"Adresse\" required style=\"max-width: unset;\">    <div class=\"valid-feedback\">C&rsquo;est not\u00e9<\/div>    <div class=\"invalid-feedback\">Veuillez indiquer une adresse valide<\/div>  <\/div><\/div><div class=\"col-md-6 mb-3\">  <div class=\"form-group\">    <input value=\"\" type=\"text\" class=\"form-control\" id=\"companyPostalCode\" name=\"companyPostalCode\" placeholder=\"Code postal\" required>    <div class=\"valid-feedback\">Excellent !<\/div>    <div class=\"invalid-feedback\">Veuillez indiquer un code postal valide<\/div>  <\/div><\/div><div class=\"col-md-6 mb-3\">  <div class=\"form-group\">    <input value=\"\" type=\"text\" class=\"form-control\" id=\"companyCity\" name=\"companyCity\" placeholder=\"Ville\" required>    <div class=\"valid-feedback\">Bien jou\u00e9<\/div>    <div class=\"invalid-feedback\">Veuillez indiquer une ville valide<\/div>  <\/div><\/div><div class=\"d-flex mt-3\"><input name=\"promoOptin\" value=\"true\" id=\"promoOptin\" type=\"checkbox\" class=\"me-2\" style=\"width: unset\"><label for=\"promoOptin\">Je souhaite rester inform\u00e9 de ma demande et recevoir des conseils pratiques (fortement recommand\u00e9 !) <\/label><\/div><\/div><\/div><input type=\"hidden\" class=\"session_var\" name=\"newform\" value=\"true\"><input type=\"hidden\" class=\"session_var\" name=\"lead-validation-nonce\" value=\"28f6936ca4\"><input type=\"hidden\" class=\"session_var\" name=\"aff\" value=\"minisite\"><input type=\"hidden\" class=\"session_var\" name=\"utm_source\" value=\"https:\/\/www.bobex.be\/fr-be\/wp-json\/v2\/content\/94986\"><input type=\"hidden\" class=\"session_var\" name=\"bobx\" value=\"\"><input type=\"hidden\" class=\"session_var\" name=\"sessionType\" value=\"B2C\"><input type=\"hidden\" class=\"session_var\" name=\"utm_medium\" value=\"web\"><input type=\"hidden\" class=\"session_var\" name=\"utm_campaign\" value=\"search\"><input type=\"hidden\" class=\"session_var\" name=\"rem_source\" value=\"https:\/\/www.bobex.be\/fr-be\/travaux-renovation-de-facades\/primes-renovation-facade\/\"><input type=\"hidden\" class=\"session_var\" name=\"pixel_id\" value=\"-1\"><input type=\"hidden\" class=\"session_var\" name=\"tabo_id\" value=\"-1\"><input type=\"hidden\" class=\"session_var\" name=\"click_id\" value=\"-1\"><input type=\"hidden\" class=\"session_var\" name=\"gclid\" value=\"-1\"><input type=\"hidden\" class=\"session_var\" name=\"msclkid\" value=\"-1\"><input type=\"hidden\" class=\"session_var\" name=\"past_aff\" value=\"bobex\"><input type=\"hidden\" class=\"session_var\" name=\"redirectTo\" value=\"BE\"><input type=\"hidden\" class=\"session_var\" name=\"is_type_id\" value=\"true\"><input type=\"hidden\" class=\"session_var\" name=\"typeid\" value=\"11986\"><input type=\"hidden\" class=\"session_var\" name=\"companyType\" value=\"label.companytype.consumer\"><input type=\"hidden\" class=\"session_var\" name=\"input_names\" value=\"XML_extra_check,XML_extra_radio2,XML_extra_radio3,XML_remarks\"><input type=\"hidden\" class=\"form_context\" value=\"BE\"><img decoding=\"async\" class=\"bobex-pixel\" src=\"\" alt=\"\" style=\"display:none\" \/>    <div class=\"bob-form-submit d-flex justify-content-center\">\n        <button type=\"submit\" class=\"form-submit\" style=\"background-color: #F1653A; color: white; border: none !important; border-radius: 5px !important; font-family: Roboto, sans-serif; font-size: 16px;\">\n            Demander un devis\n        <\/button>\n    <\/div>    <div class=\"bob-inline-form form-footer\" style=\"border-radius: 0 0 10px 10px\">\n        <div class=\"bob-form-privacy-text\">\n            <div style=\"float:left;\"><i class=\"fa fa-lock\"><\/i><\/div>\n            <div class=\"ms-2\">\n                <div style='padding-left: 15px;font-size: 0.8em !important;z-index: 10;'><b>Nous respectons votre vie priv\u00e9e<\/b><br> Conform\u00e9ment \u00e0 la loi du 8\/12\/1992 relative \u00e0 la protection de la vie priv\u00e9e, vous disposez d&rsquo;un droit d&rsquo;acc\u00e8s et de rectification \u00e0 vos donn\u00e9es. Pour en savoir plus, consultez notre <span class=\"link_ob\" data-link=\"aHR0cHM6Ly93d3cuYm9iZXguYmUvZnItYmUvcHJvdGVjdGlvbi1kZS1sYS12aWUtcHJpdmVlLw==\" target=\"_blank\">charte sur la vie priv\u00e9e<\/span>.<\/div>\n                \n            <\/div>\n        <\/div>\n    <\/div><\/form><\/div><div class=\"multiple_mini hidden\" data-lead_id=\"\"><p class=\"multiple-title\">Merci d&rsquo;avoir pris le temps de remplir ce formulaire<\/p><p>Nous vous contacterons d\u00e8s que possible pour vous orienter vers le meilleur sp\u00e9cialiste correspondant \u00e0 votre demande.<\/p><div class=\"multiple_wrapper\"><div class=\"loader\"><\/div><p class=\"multiple-title\">Vous cherchez d&rsquo;autres services ?<\/p><p class=\"multiple_text\">Vous souhaitez comparer d&rsquo;autres devis ou explorer d&rsquo;autres services ? Faites-le nous savoir et nous vous mettrons rapidement en relation<\/p><div class=\"multiple_container\"><div class=\"single_multiple multiple_button\" data-typeid=\"11452\"><i class=\"fa-3x fad fa-door-closed\"><\/i><span class=\"multiple_name\">Ch\u00e2ssis, portes et fen\u00eatres<\/span><\/div><div class=\"single_multiple multiple_button\" data-typeid=\"11461\"><i class=\"fa-3x cat icon-11461\"><\/i><span class=\"multiple_name\">Traitement de l&rsquo;humidit\u00e9<\/span><\/div><div class=\"single_multiple multiple_button\" data-typeid=\"12007\"><i class=\"fa-3x cat icon-12007\"><\/i><span class=\"multiple_name\">Extension, r\u00e9novation maison<\/span><\/div><div class=\"single_multiple multiple_button\" data-typeid=\"100004\"><i class=\"fa-3x cat icon-11999\"><\/i><span class=\"multiple_name\">Travaux de plafonnage<\/span><\/div><div class=\"single_multiple multiple_button\" data-typeid=\"11982\"><i class=\"fa-3x cat icon-11982\"><\/i><span class=\"multiple_name\">Adoucisseur d&rsquo;eau<\/span><\/div><div class=\"single_multiple multiple_button\" data-typeid=\"11427\"><i class=\"fa-3x cat icon-11427\"><\/i><span class=\"multiple_name\">Isolation<\/span><\/div><\/div><\/div><\/div><\/div><\/div>\n\n\n<p><\/p>\n","protected":false},"featured_media":0,"parent":0,"template":"","meta":{"business":"44716","footnotes":""},"class_list":["post-94986","content","type-content","status-publish","hentry"],"_links":{"self":[{"href":"https:\/\/www.bobex.be\/fr-be\/wp-json\/wp\/v2\/content\/94986","targetHints":{"allow":["GET"]}}],"collection":[{"href":"https:\/\/www.bobex.be\/fr-be\/wp-json\/wp\/v2\/content"}],"about":[{"href":"https:\/\/www.bobex.be\/fr-be\/wp-json\/wp\/v2\/types\/content"}],"version-history":[{"count":9,"href":"https:\/\/www.bobex.be\/fr-be\/wp-json\/wp\/v2\/content\/94986\/revisions"}],"predecessor-version":[{"id":179793,"href":"https:\/\/www.bobex.be\/fr-be\/wp-json\/wp\/v2\/content\/94986\/revisions\/179793"}],"wp:attachment":[{"href":"https:\/\/www.bobex.be\/fr-be\/wp-json\/wp\/v2\/media?parent=94986"}],"curies":[{"name":"wp","href":"https:\/\/api.w.org\/{rel}","templated":true}]}}