{"id":87640,"date":"2022-03-09T14:48:42","date_gmt":"2022-03-09T14:48:42","guid":{"rendered":"https:\/\/www.bobex.be\/fr-be\/?post_type=content&#038;p=87640"},"modified":"2025-07-16T08:16:28","modified_gmt":"2025-07-16T08:16:28","slug":"prime-bruxelles","status":"publish","type":"content","link":"https:\/\/www.bobex.be\/fr-be\/travaux-de-toiture\/prime-bruxelles\/","title":{"rendered":"Quel est le montant de la prime pour la toiture \u00e0 Bruxelles en 2026 ?"},"content":{"rendered":"\n            <div style=\"\n            --icon-bg-color: #17518d ;\n            --maskUrl:url( https:\/\/www.bobex.be\/fr-be\/wp-content\/plugins\/bobex-blocks\/img\/mask.svg );\n            --title-color:#10375e;\n            --bg-color: #d1e8f2;\n            --content-color:#5c5c5c\n        \" class=\"bobex-block-maindiv\" >\n                    <div class=\"bobex-tip-block__icon-area\">\n                        <img decoding=\"async\" src=\"https:\/\/www.bobex.be\/fr-be\/wp-content\/plugins\/bobex-blocks\/img\/advice.png\" alt=\"adive-icon\" class=\"bobex-tip-block__tipsLogo\"\/>\n                    <\/div>\n                    <div class=\"bobex-tip-block__content-area p-2\">\n                        <p class=\"bobex-block-tips-title\">Primes par r\u00e9gion : qu&rsquo;est-ce qui change en 2026 ?<\/p>\n                        <p class=\"bobex-block-tips-content\"><\/p>\n                        <div>\n<div class=\"wp-block-bobex-advice\">\n<p>Mise \u00e0 jour : 25\/02\/2025<\/p>\n\n\n\n<p><strong>\u00c0 Bruxelles<\/strong>, les aides <em>RENOLUTION<\/em> sont pour l\u2019instant en suspension. Les Bruxellois doivent attendre une d\u00e9cision du nouveau gouvernement concernant le syst\u00e8me de primes de 2025. En cons\u00e9quence, aucune demande de prime accompagn\u00e9e d&rsquo;une facture dat\u00e9e de 2025 ne pourra \u00eatre accept\u00e9e. Toutefois, si votre facture date de 2024, vous aurez la possibilit\u00e9 de d\u00e9poser une demande de prime <em>RENOLUTION<\/em>, sous r\u00e9serve de remplir les crit\u00e8res d\u2019\u00e9ligibilit\u00e9.<\/p>\n\n\n\n<p><strong>En Wallonie<\/strong>, le gouvernement a mis en place un r\u00e9gime de soutien temporaire, effectif du 14 f\u00e9vrier 2025 au 30 septembre 2026, avec des montants des primes r\u00e9duits en moyenne de 60%.<\/p>\n\n\n\n<p><strong>En Flandre<\/strong>, la prime de r\u00e9novation MijnVerbouwPremie est accessible, avec des montants r\u00e9vis\u00e9s pour 2025.<\/p>\n<\/div>\n<\/div>\n                    <\/div>\n            <\/div>\n        \n\n\n<div id=\"ez-toc-container\" class=\"ez-toc-v2_0_82_2 counter-hierarchy ez-toc-counter ez-toc-grey ez-toc-container-direction\">\n<div class=\"ez-toc-title-container\">\n<p class=\"ez-toc-title\" style=\"cursor:inherit\">Sommaire<\/p>\n<span class=\"ez-toc-title-toggle\"><a href=\"#\" class=\"ez-toc-pull-right ez-toc-btn ez-toc-btn-xs ez-toc-btn-default ez-toc-toggle\" aria-label=\"Toggle Table of Content\"><span class=\"ez-toc-js-icon-con\"><span class=\"\"><span class=\"eztoc-hide\" style=\"display:none;\">Toggle<\/span><span class=\"ez-toc-icon-toggle-span\"><svg style=\"fill: #999;color:#999\" xmlns=\"http:\/\/www.w3.org\/2000\/svg\" class=\"list-377408\" width=\"20px\" height=\"20px\" viewBox=\"0 0 24 24\" fill=\"none\"><path d=\"M6 6H4v2h2V6zm14 0H8v2h12V6zM4 11h2v2H4v-2zm16 0H8v2h12v-2zM4 16h2v2H4v-2zm16 0H8v2h12v-2z\" fill=\"currentColor\"><\/path><\/svg><svg style=\"fill: #999;color:#999\" class=\"arrow-unsorted-368013\" xmlns=\"http:\/\/www.w3.org\/2000\/svg\" width=\"10px\" height=\"10px\" viewBox=\"0 0 24 24\" version=\"1.2\" baseProfile=\"tiny\"><path d=\"M18.2 9.3l-6.2-6.3-6.2 6.3c-.2.2-.3.4-.3.7s.1.5.3.7c.2.2.4.3.7.3h11c.3 0 .5-.1.7-.3.2-.2.3-.5.3-.7s-.1-.5-.3-.7zM5.8 14.7l6.2 6.3 6.2-6.3c.2-.2.3-.5.3-.7s-.1-.5-.3-.7c-.2-.2-.4-.3-.7-.3h-11c-.3 0-.5.1-.7.3-.2.2-.3.5-.3.7s.1.5.3.7z\"\/><\/svg><\/span><\/span><\/span><\/a><\/span><\/div>\n<nav><ul class='ez-toc-list ez-toc-list-level-1 eztoc-toggle-hide-by-default' ><li class='ez-toc-page-1 ez-toc-heading-level-2'><a class=\"ez-toc-link ez-toc-heading-1\" href=\"https:\/\/www.bobex.be\/fr-be\/travaux-de-toiture\/prime-bruxelles\/#La_prime_Renolution_quest-ce_que_cest_Une_prime_pour_lenergie_lisolation_et_la_renovation_de_la_capitale\" >La prime Renolution, qu\u2019est-ce que c\u2019est ? Une prime pour l\u2019\u00e9nergie, l&rsquo;isolation et la r\u00e9novation de la capitale !<\/a><\/li><li class='ez-toc-page-1 ez-toc-heading-level-2'><a class=\"ez-toc-link ez-toc-heading-2\" href=\"https:\/\/www.bobex.be\/fr-be\/travaux-de-toiture\/prime-bruxelles\/#Quelle_est_la_prime_et_le_montant_pour_la_renovation_et_lisolation_du_toit_a_Bruxelles_en_2026\" >Quelle est la prime et le montant pour la r\u00e9novation et l\u2019isolation du toit \u00e0 Bruxelles en 2026 ?<\/a><ul class='ez-toc-list-level-3' ><li class='ez-toc-heading-level-3'><a class=\"ez-toc-link ez-toc-heading-3\" href=\"https:\/\/www.bobex.be\/fr-be\/travaux-de-toiture\/prime-bruxelles\/#Les_categories_de_revenus\" >Les cat\u00e9gories de revenus<\/a><\/li><li class='ez-toc-page-1 ez-toc-heading-level-3'><a class=\"ez-toc-link ez-toc-heading-4\" href=\"https:\/\/www.bobex.be\/fr-be\/travaux-de-toiture\/prime-bruxelles\/#Les_bonus\" >Les bonus<\/a><ul class='ez-toc-list-level-4' ><li class='ez-toc-heading-level-4'><a class=\"ez-toc-link ez-toc-heading-5\" href=\"https:\/\/www.bobex.be\/fr-be\/travaux-de-toiture\/prime-bruxelles\/#Le_bonus_disolation_durable\" >Le bonus d&rsquo;isolation durable<\/a><\/li><li class='ez-toc-page-1 ez-toc-heading-level-4'><a class=\"ez-toc-link ez-toc-heading-6\" href=\"https:\/\/www.bobex.be\/fr-be\/travaux-de-toiture\/prime-bruxelles\/#Le_bonus_couverture_durable\" >Le bonus couverture durable<\/a><\/li><li class='ez-toc-page-1 ez-toc-heading-level-4'><a class=\"ez-toc-link ez-toc-heading-7\" href=\"https:\/\/www.bobex.be\/fr-be\/travaux-de-toiture\/prime-bruxelles\/#Bonus_plusieurs_travaux_ex_isolation_pompe_a_chaleur\" >Bonus plusieurs travaux (ex : isolation + pompe \u00e0 chaleur)&nbsp;<\/a><\/li><li class='ez-toc-page-1 ez-toc-heading-level-4'><a class=\"ez-toc-link ez-toc-heading-8\" href=\"https:\/\/www.bobex.be\/fr-be\/travaux-de-toiture\/prime-bruxelles\/#Majorations_eventuelles\" >Majorations \u00e9ventuelles<\/a><\/li><\/ul><\/li><\/ul><\/li><li class='ez-toc-page-1 ez-toc-heading-level-2'><a class=\"ez-toc-link ez-toc-heading-9\" href=\"https:\/\/www.bobex.be\/fr-be\/travaux-de-toiture\/prime-bruxelles\/#Quelles_sont_les_conditions_dacces_pour_la_prime_de_travaux_de_toiture_a_Bruxelles\" >Quelles sont les conditions d\u2019acc\u00e8s pour la prime de travaux de toiture \u00e0 Bruxelles ?<\/a><ul class='ez-toc-list-level-3' ><li class='ez-toc-heading-level-3'><a class=\"ez-toc-link ez-toc-heading-10\" href=\"https:\/\/www.bobex.be\/fr-be\/travaux-de-toiture\/prime-bruxelles\/#Conditions_legislatives\" >Conditions l\u00e9gislatives<\/a><\/li><li class='ez-toc-page-1 ez-toc-heading-level-3'><a class=\"ez-toc-link ez-toc-heading-11\" href=\"https:\/\/www.bobex.be\/fr-be\/travaux-de-toiture\/prime-bruxelles\/#Conditions_techniques\" >Conditions techniques<\/a><\/li><li class='ez-toc-page-1 ez-toc-heading-level-3'><a class=\"ez-toc-link ez-toc-heading-12\" href=\"https:\/\/www.bobex.be\/fr-be\/travaux-de-toiture\/prime-bruxelles\/#Un_audit_est-il_necessaire_Renovation_energetique\" >Un audit est-il n\u00e9cessaire ? R\u00e9novation \u00e9nerg\u00e9tique<\/a><\/li><\/ul><\/li><li class='ez-toc-page-1 ez-toc-heading-level-2'><a class=\"ez-toc-link ez-toc-heading-13\" href=\"https:\/\/www.bobex.be\/fr-be\/travaux-de-toiture\/prime-bruxelles\/#Comment_demander_une_prime_Renolution_pour_se_faire_rembourser_sa_toiture\" >Comment demander une prime Renolution pour se faire rembourser sa toiture ?<\/a><\/li><li class='ez-toc-page-1 ez-toc-heading-level-2'><a class=\"ez-toc-link ez-toc-heading-14\" href=\"https:\/\/www.bobex.be\/fr-be\/travaux-de-toiture\/prime-bruxelles\/#Reduction_de_la_TVA\" >R\u00e9duction de la TVA<\/a><\/li><li class='ez-toc-page-1 ez-toc-heading-level-2'><a class=\"ez-toc-link ez-toc-heading-15\" href=\"https:\/\/www.bobex.be\/fr-be\/travaux-de-toiture\/prime-bruxelles\/#Testez_votre_eligibilite_pour_des_subsides_en_Region_Bruxelloise_et_recevez_des_devis_gratuits_pour_lisolation_et_la_renovation_de_votre_toiture\" >Testez votre \u00e9ligibilit\u00e9 pour des subsides en R\u00e9gion Bruxelloise et recevez des devis gratuits pour l&rsquo;isolation et la r\u00e9novation de votre toiture<\/a><\/li><li class='ez-toc-page-1 ez-toc-heading-level-2'><a class=\"ez-toc-link ez-toc-heading-16\" href=\"https:\/\/www.bobex.be\/fr-be\/travaux-de-toiture\/prime-bruxelles\/#Foire_aux_questions\" >Foire aux questions<\/a><ul class='ez-toc-list-level-3' ><li class='ez-toc-heading-level-3'><a class=\"ez-toc-link ez-toc-heading-17\" href=\"https:\/\/www.bobex.be\/fr-be\/travaux-de-toiture\/prime-bruxelles\/#Quelles_sont_les_primes_pour_la_renovation_de_toiture_en_Wallonie\" >Quelles sont les primes pour la r\u00e9novation de toiture en Wallonie ?<\/a><\/li><li class='ez-toc-page-1 ez-toc-heading-level-3'><a class=\"ez-toc-link ez-toc-heading-18\" href=\"https:\/\/www.bobex.be\/fr-be\/travaux-de-toiture\/prime-bruxelles\/#Existe-t-il_une_prime_pour_la_renovation_des_chassis_a_Bruxelles\" >Existe-t-il une prime pour la r\u00e9novation des ch\u00e2ssis \u00e0 Bruxelles ?<\/a><\/li><li class='ez-toc-page-1 ez-toc-heading-level-3'><a class=\"ez-toc-link ez-toc-heading-19\" href=\"https:\/\/www.bobex.be\/fr-be\/travaux-de-toiture\/prime-bruxelles\/#A_quelle_prime_ai-je_droit_pour_la_pose_dune_toiture_verte_a_Bruxelles\" >\u00c0 quelle prime ai-je droit pour la pose d&rsquo;une toiture verte \u00e0 Bruxelles ?<\/a><\/li><\/ul><\/li><\/ul><\/nav><\/div>\n<h2 class=\"wp-block-heading\"><span class=\"ez-toc-section\" id=\"La_prime_Renolution_quest-ce_que_cest_Une_prime_pour_lenergie_lisolation_et_la_renovation_de_la_capitale\"><\/span>La prime Renolution, qu\u2019est-ce que c\u2019est ? Une prime pour l\u2019\u00e9nergie, l&rsquo;isolation et la r\u00e9novation de la capitale !<span class=\"ez-toc-section-end\"><\/span><\/h2>\n\n\n\n<p>Pour aider \u00e0 <strong>r\u00e9volutionner <\/strong>et \u00e0 <strong>r\u00e9nover <\/strong>les b\u00e2timents, Bruxelles a lanc\u00e9 les primes <strong>RENOLUTION <\/strong>dont l\u2019objectif est d\u2019am\u00e9liorer les <strong>performances \u00e9nerg\u00e9tiques<\/strong> du logement et le <strong>confort <\/strong>des habitants. Ainsi, la consommation \u00e9nerg\u00e9tique sera r\u00e9duite et permettra de r\u00e9aliser des \u00e9conomies d&rsquo;argent ! \u00c9videmment, <strong>l\u2019isolation <\/strong>\u00e9tant une \u00e9tape essentielle de la r\u00e9novation, elle fait bien entendu partie des primes disponibles.<\/p>\n\n\n\n<p>N\u2019importe qui peut demander cette prime, peu importe l\u2019\u00e9tat de ses finances. Toutefois, le montant obtenu d\u00e9pendra de vos <strong>revenus annuels<\/strong>. Bruxelles classe les montants maximum possibles en trois cat\u00e9gories. Une des premi\u00e8res choses \u00e0 faire, donc, est de vous situer dans une des cat\u00e9gories.<\/p>\n\n\n\n<h2 class=\"wp-block-heading\"><span class=\"ez-toc-section\" id=\"Quelle_est_la_prime_et_le_montant_pour_la_renovation_et_lisolation_du_toit_a_Bruxelles_en_2026\"><\/span>Quelle est la prime et le montant pour la r\u00e9novation et l\u2019isolation du toit \u00e0 Bruxelles en 2026 ?<span class=\"ez-toc-section-end\"><\/span><\/h2>\n\n\n\n            <div class=\"bobex-highlight-global-div\" style=\"\n            --line-color: #17518d;\n            --bg-color: #e5f2f7;\n            --content-color:#10375e;\n            --title-color: #10375e;\n        \">\n                    <div class=\"bobex-highlight-block__border\">\n                        <div class=\"bobex--block_highlight_content-area\">\n                            <p class=\"bobex-block-highlight-title\">En attente de la formation du gouvernement bruxellois ! <\/p>\n                            <p class=\"bobex-block-highlight-content\">\n                            \t<div>\n<div class=\"wp-block-bobex-highlight\">\n<p><strong>Les primes RENOLUTION sont suspendues <\/strong>tant qu&rsquo;il n&rsquo;y a pas de nouveau gouvernement bruxellois. Une fois que celui-ci sera form\u00e9, il faudra attendre leurs d\u00e9cisions sur le r\u00e9gime de primes. <strong>Si votre facture est dat\u00e9e de 2024<\/strong>, vous pourrez introduire une demande de prime RENOLUTION si vous r\u00e9pondez aux conditions d&rsquo;\u00e9ligibilit\u00e9. Par contre, pour une facture de 2025, il n&rsquo;est pas possible d&rsquo;envoyer une demande.<\/p>\n<\/div>\n<\/div>\n                            <\/p>\n                        <\/div>\n                    <\/div>\n            <\/div>\n        \n\n\n<p>Le <strong>montant moyen<\/strong> de chaque type de prime Renolution pour la r\u00e9novation de la <a href=\"https:\/\/www.bobex.be\/fr-be\/travaux-de-toiture\/\" target=\"_blank\" rel=\"noreferrer noopener\">toiture<\/a> d\u00e9pend de la cat\u00e9gorie de revenu de votre m\u00e9nage (variant en fonction de plusieurs crit\u00e8res comme : l\u2019\u00e2ge, le nombre de personnes \u00e0 charge, la composition des habitants : personne isol\u00e9e, cohabitant, couple, etc.).<\/p>\n\n\n\n<p>Pour les travaux d\u2019isolation, comptez 35 \u20ac \u00e0 75 \u20ac\/m\u00b2 surface de toit isol\u00e9e. Pour les travaux en rapport \u00e0 l\u2019\u00e9tanch\u00e9it\u00e9 et la couverture de la toiture, la prime comportera 60 \u20ac \u00e0 80 \u20ac\/m\u00b2.<\/p>\n\n\n\n            <div class='bobex-table-wrapper' style='\n            --bobex-table-dark-row-color: #D1E8F2;\n        '>\n                <table class='' data-columns='2'>\n                    <thead style='\n            --bobex-table-header-background-color: #10375E;\n            --bobex-table-header-text-color: #FFFFFF;\n        '><th>Type de prime \u00e0 la r\u00e9novation<\/th><th>Bruxelles                                                 <\/th><\/thead><tr><td><p><strong>Structure de la toiture<span style=\"color: var(--text-color);background-color: transparent;text-align: var(--bs-body-text-align)\"> : <\/span><\/strong><\/p>Travaux de placement, remplacement<br>ou renforcement des structures portantes<\/td><td><p>30 % \u00e0 50 % des co\u00fbts\u00a0<\/p><\/td><\/tr><tr><td><p><strong>Couverture et \u00e9tanch\u00e9it\u00e9<\/strong><span style=\"color: var(--text-color);text-align: var(--bs-body-text-align)\"> : <\/span><\/p>*Bonus en cas de couverture durable [bois, ardoises naturelles,&#8230;]<\/td><td><p>60 \u20ac \u00e0 80 \u20ac\/m\u00b2<\/p><br>* + 20 \u20ac m\u00b2<\/td><\/tr><tr><td><p><strong>Isolation thermique (toiture et combles)<\/strong><\/p><\/td><td><p>35 \u20ac \u00e0 75 \u20ac\/m\u00b2<\/p> de surface de toiture isol\u00e9e<\/td><\/tr><tr><td><p><strong>Accessoires de toiture<span style=\"color: var(--text-color);text-align: var(--bs-body-text-align)\"> (plate ou inclin\u00e9e)<\/span><\/strong><span style=\"color: var(--text-color);text-align: var(--bs-body-text-align)\"> : <\/span><\/p>Corniches, lucarnes, fen\u00eatre de toiture, <br>goutti\u00e8res, tourelles,&#8230;<\/td><td><p>30 % \u00e0 50 % des frais<\/p><\/td><\/tr><tr><td><p><strong>Am\u00e9nagement d&rsquo;une toiture v\u00e9g\u00e9talis\u00e9e <\/strong><strong style=\"color: var(--text-color);text-align: var(--bs-body-text-align)\">ou stockante en eau<\/strong><\/p><\/td><td><p>5 \u20ac \u00e0 50 \u20ac\/m\u00b2<\/p> de toiture<\/td><\/tr>\n                <\/table>\n            <\/div>\n        \n\n<div class='bobex-cta-block' style='\n            --button-bg-color: #e13c0e;\n            --button-text-color: #ffffff;\n            --banner-bg-color: #aad4e6;\n            --arrow-main-bg-color: #aad4e6;\n            --arrow-secondary-bg-color: #e5f2f7;\n            --banner-title-color: #10375e;\n            --arrow-title-color: #10375e;\n            --banner-text-color: #545454;\n            --arrow-text-color: #545454;         \n            --invert-range: 0deg;\n        '><a class='cta-button-rounded' href='#ppp'>Testez votre \u00e9ligibilit\u00e9 ! <\/a><\/div>\n\n\n<h3 class=\"wp-block-heading\"><span class=\"ez-toc-section\" id=\"Les_categories_de_revenus\"><\/span>Les cat\u00e9gories de revenus<span class=\"ez-toc-section-end\"><\/span><\/h3>\n\n\n\n<p>Le montant de la prime per\u00e7ue varie en fonction de la somme des revenus per\u00e7us par votre foyer. Voici les diff\u00e9rentes cat\u00e9gories de revenus :<\/p>\n\n\n\n            <div class='bobex-table-wrapper' style='\n            --bobex-table-dark-row-color: #D1E8F2;\n        '>\n                <table class='' data-columns='2'>\n                    <thead style='\n            --bobex-table-header-background-color: #10375E;\n            --bobex-table-header-text-color: #FFFFFF;\n        '><th><strong>Cat\u00e9gorie de revenu<\/strong><span style=\"color: var(--text-color);text-align: var(--bs-body-text-align)\">s<\/span><p><span style=\"color: var(--text-color);text-align: var(--bs-body-text-align)\"> <\/span><\/p><\/th><th><strong>Revenus du m\u00e9nage<\/strong><span style=\"color: var(--text-color);text-align: var(--bs-body-text-align)\">*<\/span>                                                                               <\/th><\/thead><tr><td><p>Cat\u00e9gorie I<\/p><\/td><td><p>Plus de 85.800 \u20ac \/ an<\/p><\/td><\/tr><tr><td><p>Cat\u00e9gorie II<\/p><\/td><td><p>Entre 43.000 \u20ac et 85.800 \u20ac \/ an<\/p><\/td><\/tr><tr><td><p>Cat\u00e9gorie III<\/p><\/td><td><p>Moins de 43.000 \u20ac \/ an<\/p><\/td><\/tr>\n                <\/table>\n            <\/div>\n        \n\n\n<h3 class=\"wp-block-heading\"><span class=\"ez-toc-section\" id=\"Les_bonus\"><\/span>Les bonus<span class=\"ez-toc-section-end\"><\/span><\/h3>\n\n\n\n<p>En plus de ces montants, il y a \u00e9galement d\u2019autres <strong>bonus avantageux<\/strong> qui s\u2019ajoutent comme :<\/p>\n\n\n\n<h4 class=\"wp-block-heading\"><span class=\"ez-toc-section\" id=\"Le_bonus_disolation_durable\"><\/span>Le bonus d&rsquo;isolation durable<span class=\"ez-toc-section-end\"><\/span><\/h4>\n\n\n\n<p>Le bonus dit \u201cisolation durable\u201d de&nbsp;<strong>10 \u20ac par m\u00b2 <\/strong>de surface isol\u00e9e s\u2019applique si vous employez un <strong>isolant naturel<\/strong>. Cependant, il faut que mat\u00e9riau soit compos\u00e9 de 85 % de mati\u00e8re biosourc\u00e9e. Ce montant bonus s\u2019ajoute au montant de la prime \u2018Isolation thermique\u2019.<\/p>\n\n\n\n<h4 class=\"wp-block-heading\"><span class=\"ez-toc-section\" id=\"Le_bonus_couverture_durable\"><\/span>Le bonus couverture durable<span class=\"ez-toc-section-end\"><\/span><\/h4>\n\n\n\n<p>Le bonus dit \u201cmat\u00e9riau de&nbsp;<strong>couverture durable<\/strong>\u201d de <strong>20 \u20ac\/m\u00b2<\/strong> est accord\u00e9 \u00e0 ceux qui utilisent des couvertures naturelles telles que les ardoises, les bardeaux de bois, l\u2019EPDM ou les tuiles en c\u00e9ramique.<\/p>\n\n\n\n<h4 class=\"wp-block-heading\"><span class=\"ez-toc-section\" id=\"Bonus_plusieurs_travaux_ex_isolation_pompe_a_chaleur\"><\/span>Bonus plusieurs travaux (ex : isolation + pompe \u00e0 chaleur)&nbsp;<span class=\"ez-toc-section-end\"><\/span><\/h4>\n\n\n\n<p>Il y a \u00e9galement un bonus dit<strong> \u201cplusieurs travaux\u201d <\/strong>dans le cas o\u00f9 vous associez, en m\u00eame temps, votre demande de r\u00e9novation avec au minimum 2 autres primes. Dans le cas d\u2019une cat\u00e9gorie I et II de revenus, ce bonus est fix\u00e9 \u00e0 10 %. S\u2019il s\u2019agit d\u2019une cat\u00e9gorie III de revenus, le bonus est de 20 %.<\/p>\n\n\n\n<h4 class=\"wp-block-heading\"><span class=\"ez-toc-section\" id=\"Majorations_eventuelles\"><\/span>Majorations \u00e9ventuelles<span class=\"ez-toc-section-end\"><\/span><\/h4>\n\n\n\n<p>Enfin, sachez qu\u2019il existe&nbsp;<strong>plusieurs majorations<\/strong> selon votre cat\u00e9gorie de revenu. <strong>Une de 5.000 \u20ac<\/strong> si tous les membres du m\u00e9nage sont \u00e2g\u00e9s de moins de 35 ans, <strong>et une autre de 5.000 \u20ac<\/strong> par personne fiscalement \u00e0 charge mentionn\u00e9e sur l\u2019Avertissement Extrait de R\u00f4le \u00ab Imp\u00f4t des personnes physiques et taxes additionnelles \u00bb du service des contributions.<\/p>\n\n\n\n<figure class=\"wp-block-image size-full\"><img decoding=\"async\" width=\"1200\" height=\"630\" src=\"https:\/\/www.bobex.be\/wp-uploads\/sites\/2\/Couvreurs-posant-toiture-ardoise-min-1.jpg\" alt=\"Deux professionnels en train de poser une toiture en ardoise\" class=\"wp-image-165433\"\/><\/figure>\n\n\n\n<h2 class=\"wp-block-heading\"><span class=\"ez-toc-section\" id=\"Quelles_sont_les_conditions_dacces_pour_la_prime_de_travaux_de_toiture_a_Bruxelles\"><\/span>Quelles sont les conditions d\u2019acc\u00e8s pour la prime de travaux de toiture \u00e0 Bruxelles ?<span class=\"ez-toc-section-end\"><\/span><\/h2>\n\n\n\n<p>Pour \u00eatre <strong>\u00e9ligible<\/strong><strong>&nbsp;aux primes<\/strong> pour la r\u00e9novation de la toiture, il est n\u00e9cessaire de remplir certaines conditions l\u00e9gislatives et techniques :<\/p>\n\n\n\n<h3 class=\"wp-block-heading\"><span class=\"ez-toc-section\" id=\"Conditions_legislatives\"><\/span>Conditions l\u00e9gislatives<span class=\"ez-toc-section-end\"><\/span><\/h3>\n\n\n\n<p>Pour la r\u00e9gion bruxelloise, les modalit\u00e9s l\u00e9gislatives \u00e0 respecter sont les suivantes :<\/p>\n\n\n\n<ul class=\"wp-block-list\">\n<li>Les primes Renolution (pour toiture ou autres) sont <strong>octroy\u00e9es \u00e0 toute personne physique ou morale<\/strong> (particulier ou professionnel) entreprenant des travaux sur un b\u00e2timent <strong>situ\u00e9 en R\u00e9gion de Bruxelles-Capitale.<\/strong><\/li>\n\n\n\n<li>La <strong>facture de solde de l\u2019entrepreneur<\/strong> doit \u00eatre adress\u00e9e \u00e0 celui ou celle qui sollicite la prime.<\/li>\n\n\n\n<li>Tous les travaux de r\u00e9novation doivent <strong>\u00eatre obligatoirement accomplis<\/strong> par un <strong>entrepreneur inscrit \u00e0 la BCE<\/strong> (Banque-Carrefour des Entreprises) assujetti \u00e0 la TVA.<\/li>\n\n\n\n<li>La <strong>construction du ou des b\u00e2timents<\/strong> doivent dater d\u2019au moins <strong>10 ans.<\/strong><\/li>\n\n\n\n<li>Les <strong>primes Renolution<\/strong> <strong>sont cumulables<\/strong>. Cependant, le montant total ne peut pas franchir le seuil des 90% du montant factur\u00e9 des travaux \u00e9ligibles. En d\u2019autres termes, ce total est plafonn\u00e9 \u00e0 <strong>200 000 \u20ac<\/strong> pour un <strong>b\u00e2timent<\/strong> (immeuble) et \u00e0 <strong>50 000 \u20ac<\/strong> pour un <strong>logement individuel<\/strong> (maison, villa, appartement, etc.).<\/li>\n\n\n\n<li>Vous pouvez \u00e0 nouveau faire une demande d\u2019aide financi\u00e8re pour une m\u00eame prime si les travaux sont espac\u00e9s de 10 ans.<\/li>\n<\/ul>\n\n\n\n<h3 class=\"wp-block-heading\"><span class=\"ez-toc-section\" id=\"Conditions_techniques\"><\/span>Conditions techniques<span class=\"ez-toc-section-end\"><\/span><\/h3>\n\n\n\n<p>Pour la r\u00e9gion bruxelloise, des conventions techniques \u00e0 respecter sont :<\/p>\n\n\n\n<ul class=\"wp-block-list\">\n<li>Pour avoir acc\u00e8s \u00e0 la prime de remplacement <strong>\u00ab Couverture et \u00e9tanch\u00e9it\u00e9 de la toiture \u00bb<\/strong>, vous devez d\u2019abord faire une demande pour la prime <strong>\u00ab Isolation thermique de la toiture \u00bb.<\/strong><\/li>\n\n\n\n<li>Pour profiter de la prime \u00ab Isolation thermique de la toiture \u00bb, il faut que la <strong>valeur R<\/strong> du mat\u00e9riau isolant (r\u00e9sistance thermique) soit de minimum <strong>4 m\u00b2 K\/W.<\/strong> Le R renvoie au coefficient de r\u00e9sistance thermique d\u2019une couche d\u2019isolation donn\u00e9e. Si la valeur du R est \u00e9lev\u00e9e, c\u2019est que votre isolant est efficace.<\/li>\n\n\n\n<li>De plus, le <strong>pare-vapeur<\/strong> (ou frein-vapeur) doit obligatoirement \u00eatre install\u00e9 sur la couche int\u00e9rieure de l\u2019isolant (sur le c\u00f4t\u00e9 chaud).<\/li>\n<\/ul>\n\n\n<div class='bobex-cta-block' style='\n            --button-bg-color: #e13c0e;\n            --button-text-color: #ffffff;\n            --banner-bg-color: #aad4e6;\n            --arrow-main-bg-color: #aad4e6;\n            --arrow-secondary-bg-color: #e5f2f7;\n            --banner-title-color: #10375e;\n            --arrow-title-color: #10375e;\n            --banner-text-color: #545454;\n            --arrow-text-color: #545454;         \n            --invert-range: 0deg;\n        '><a class='cta-button-rounded' href='#ppp'>Recevez jusqu&rsquo;\u00e0 5 devis gratuits et sans engagement ! <\/a><\/div>\n\n\n<h3 class=\"wp-block-heading\"><span class=\"ez-toc-section\" id=\"Un_audit_est-il_necessaire_Renovation_energetique\"><\/span>Un audit est-il n\u00e9cessaire ? R\u00e9novation \u00e9nerg\u00e9tique<span class=\"ez-toc-section-end\"><\/span><\/h3>\n\n\n\n<p>Il n&rsquo;est pas n\u00e9cessaire de faire effectuer un audit pour b\u00e9n\u00e9ficier de la prime Renolution. C&rsquo;est le demandeur lui-m\u00eame qui doit v\u00e9rifier que les mat\u00e9riaux utilis\u00e9s et le b\u00e2timent r\u00e9nov\u00e9 soient conformes aux conditions d&rsquo;octroi de la prime.<\/p>\n\n\n\n<h2 class=\"wp-block-heading\"><span class=\"ez-toc-section\" id=\"Comment_demander_une_prime_Renolution_pour_se_faire_rembourser_sa_toiture\"><\/span>Comment demander une prime Renolution pour se faire rembourser sa toiture ?<span class=\"ez-toc-section-end\"><\/span><\/h2>\n\n\n\n<p>Toute demande pour les primes Renolution (toiture ou d\u2019autres) doit imp\u00e9rativement \u00eatre effectu\u00e9e dans un <strong>d\u00e9lai de 12 mois<\/strong> apr\u00e8s la derni\u00e8re facture du ou des entrepreneurs inscrits \u00e0 la BCE. Cela signifie que vous devez d\u2019abord faire r\u00e9aliser les travaux avant de demander vos primes \u00e0 la r\u00e9novation aupr\u00e8s de l&rsquo;administration concern\u00e9e. Pour cela, renseignez-vous bien et suivez toutes les d\u00e9marches n\u00e9cessaires.<\/p>\n\n\n\n<p>Voici les 4 grandes \u00e9tapes \u00e0 suivre par ordre pour la proc\u00e9dure d\u2019obtention :<\/p>\n\n\n\n<ol class=\"wp-block-list\">\n<li><strong>Calculez le montant des primes <\/strong>dont vous souhaitez b\u00e9n\u00e9ficier.<\/li>\n\n\n\n<li><strong>Remplir les documents n\u00e9cessaires<\/strong> : attestation par l\u2019entrepreneur, copie d\u00e9taill\u00e9e des factures, preuves de paiement de ces factures et tous les papiers relatifs \u00e0 vos revenus.<\/li>\n\n\n\n<li><strong>Introduisez votre demande via le guichet \u00e9lectronique IRISbox<\/strong>, disponible depuis le 1\u1d49\u02b3 mars 2022.<\/li>\n\n\n\n<li><strong>Traitement de la demande<\/strong> par les administrations comp\u00e9tentes \u201cUrban.brussels\u201d et \u201cBruxelles Environnement\u201d dans les 90 jours ouvrables.<\/li>\n<\/ol>\n\n\n\n<p>Dans le cas o\u00f9 votre dossier est incomplet, il se peut que l&rsquo;administration vous demande de renvoyer votre demande avec les documents manquants.<\/p>\n\n\n\n<h2 class=\"wp-block-heading\"><span class=\"ez-toc-section\" id=\"Reduction_de_la_TVA\"><\/span>R\u00e9duction de la TVA<span class=\"ez-toc-section-end\"><\/span><\/h2>\n\n\n\n<p>En plus de primes au niveau r\u00e9gional, les Bruxellois peuvent aussi b\u00e9n\u00e9ficier d&rsquo;une r\u00e9duction du taux de TVA \u00e0 6% sur le montant total de leurs factures pour leurs travaux de toiture. Les travaux concern\u00e9s sont la construction, la r\u00e9novation, l&rsquo;entretien et la r\u00e9paration de la toiture.<\/p>\n\n\n\n<p>Cette r\u00e9duction est toutefois li\u00e9e \u00e0 quelques conditions. Ainsi, la structure en question doit \u00eatre destin\u00e9e \u00e0 plus de 50 % au logement. Les locaux d&rsquo;activit\u00e9 majoritairement \u00e9conomique sont donc exclus. En outre, l&rsquo;age de la structure r\u00e9nov\u00e9e doit \u00eatre d&rsquo;au moins 10 ans.<\/p>\n\n\n\n<h2 class=\"wp-block-heading\"><span class=\"ez-toc-section\" id=\"Testez_votre_eligibilite_pour_des_subsides_en_Region_Bruxelloise_et_recevez_des_devis_gratuits_pour_lisolation_et_la_renovation_de_votre_toiture\"><\/span>Testez votre \u00e9ligibilit\u00e9 pour des subsides en R\u00e9gion Bruxelloise et recevez des devis gratuits pour l&rsquo;isolation et la r\u00e9novation de votre toiture<span class=\"ez-toc-section-end\"><\/span><\/h2>\n\n\n\n<p>Pr\u00eat \u00e0 faire appel \u00e0 un couvreur de confiance ? Toutefois, vous voulez conna\u00eetre votre \u00e9ligibilit\u00e9 et profiter des diff\u00e9rentes <a href=\"https:\/\/www.bobex.be\/fr-be\/travaux-de-toiture\/primes\/\">primes<\/a> pour la r\u00e9novation et l\u2019isolation de votre toiture que le gouvernement de la r\u00e9gion bruxelloise peut vous accorder ?<\/p>\n\n\n\n<p>Dans ce cas, remplissez le formulaire du menu ci-dessous, vous allez \u00eatre, dans les plus brefs d\u00e9lais, mis en contact avec de nombreux couvreurs professionnels et soci\u00e9t\u00e9s expertes dans le domaine de la toiture dans la r\u00e9gion de Bruxelles. De cette fa\u00e7on, vous allez recevoir <strong>jusqu\u2019\u00e0 5 devis gratuits et sans engagement.<\/strong><\/p>\n\n\n\n<p>Des devis que vous aurez tout le temps de comparer pour profiter de la meilleure qualit\u00e9 prix afin de r\u00e9aliser des \u00e9conomies sur vos travaux et votre facture \u00e9nerg\u00e9tique pour l\u2019isolation.<\/p>\n\n\n<div id=\"ppp\" class=\"bob-form-wrapper\" data-ajax_url=\"https:\/\/www.bobex.be\/fr-be\/wp-admin\/admin-ajax.php\" data-fa_a=\"\" data-fa_b=\"\"><div class=\"loader\" aria-hidden=\"true\"><\/div>    <div>\n        <div class=\"row mx-auto mb-2\" style=\"max-width: 900px;\">\n            <div class=\"col-md-4\"><i class=\"mr-1 fas fa-check\" style=\"color:green;\"><\/i>Devis gratuits et rapides<\/div>\n            <div class=\"col-md-4\"><i class=\"mr-1 fas fa-check\" style=\"color:green;\"><\/i>Sans engagement et obligation<\/div>\n            <div class=\"col-md-4\"><i class=\"mr-1 fas fa-check\" style=\"color:green;\"><\/i>Professionnels agr\u00e9\u00e9s<\/div>\n        <\/div>\n    <\/div><div id=\"form-69f5788ceb348\" class=\"bob-form-container\" style=\"background-color: white; font-family: Roboto, sans-serif !important; font-size: 16px !important; color: #545454; box-shadow: 0 2px 10px rgba(0,0,0,0.1); --font_title: Poppins; --font_size_title: 20px; --title_bg_color: #175da6; --copyright_color: #fde8e1; --box_upload_color: #e5f2f7; padding:unset;\" data-form-type=\"inline\" data-form-id=\"69f5788ceb348\"><style>#form-69f5788ceb348 .bob-form-inline-question.even {\n  background-color: #e5f2f7;\n}\n#form-69f5788ceb348 .single_multiple.multiple_button {\n  background-color: #e5f2f7 !important;\n}\n#form-69f5788ceb348 .bob-form-inline-question--hidden {\n  display: none;\n}<\/style><div class=\"form-questions\"><form id=\"bob-form\" class=\"bob-form bob-form-tag\" method=\"post\" action=\"https:\/\/www.bobex.be\/fr-be\/wp-admin\/admin-ajax.php?action=bobex-form-validation\">    <div class=\"form-title\">\n        Formulez votre demande\n        <div class=\"form-title-info-line\">\n            R\u00e9pondez \u00e0 quelques questions et entrez en contact avec des sp\u00e9cialistes fiables. Nous vous demandons vos coordonn\u00e9es afin de s\u00e9lectionner les professionnels actifs dans votre r\u00e9gion.\n        <\/div>\n    <\/div><div class=\"form-questions bob-form-inline-question\"><div class=\"row\"><div class=\"question col-md-4\"><label>1*. Quel type de toiture avez-vous ou souhaitez-vous faire installer?<\/label><\/div><div class=\"answer col-md-8\"><div class=\"bob-form-radio d-flex\"><input type=\"radio\" class=\"inline-radio\" id=\"69f5788ceb348-input-0-1\" data-unique-id=\"69f5788ceb348\" name=\"XML_extra_radio\" value=\"1\"  required=\"required\"><label for=\"69f5788ceb348-input-0-1\">Un toit inclin\u00e9<\/label><\/div><div class=\"bob-form-radio d-flex\"><input type=\"radio\" class=\"inline-radio\" id=\"69f5788ceb348-input-0-2\" data-unique-id=\"69f5788ceb348\" name=\"XML_extra_radio\" value=\"2\"  required=\"required\"><label for=\"69f5788ceb348-input-0-2\">Un toit plat<\/label><\/div><div class=\"bob-form-radio d-flex\"><input type=\"radio\" class=\"inline-radio\" id=\"69f5788ceb348-input-0-3\" data-unique-id=\"69f5788ceb348\" name=\"XML_extra_radio\" value=\"3\"  required=\"required\"><label for=\"69f5788ceb348-input-0-3\">Un autre type (par ex.: inclin\u00e9 + plat)<\/label><\/div><\/div><\/div><\/div><div class=\"form-questions bob-form-inline-question even\"><div class=\"row\"><div class=\"question col-md-4\"><label>2*. Quel type de travaux de toiture recherchez-vous?<\/label><\/div><div class=\"answer col-md-8\"><div class=\"bob-form-radio d-flex\"><input type=\"radio\" class=\"inline-radio\" id=\"69f5788ceb348-input-1-1\" data-unique-id=\"69f5788ceb348\" name=\"XML_extra_radio2\" value=\"1\"  required=\"required\"><label for=\"69f5788ceb348-input-1-1\">Le remplacement d&rsquo;un toit existant<\/label><\/div><div class=\"bob-form-radio d-flex\"><input type=\"radio\" class=\"inline-radio\" id=\"69f5788ceb348-input-1-2\" data-unique-id=\"69f5788ceb348\" name=\"XML_extra_radio2\" value=\"2\"  required=\"required\"><label for=\"69f5788ceb348-input-1-2\">Une nouvelle construction<\/label><\/div><div class=\"bob-form-radio d-flex\"><input type=\"radio\" class=\"inline-radio\" id=\"69f5788ceb348-input-1-3\" data-unique-id=\"69f5788ceb348\" name=\"XML_extra_radio2\" value=\"3\"  required=\"required\"><label for=\"69f5788ceb348-input-1-3\">Installer une lucarne, un Velux ou un puits de lumi\u00e8re<\/label><\/div><div class=\"bob-form-radio d-flex\"><input type=\"radio\" class=\"inline-radio\" id=\"69f5788ceb348-input-1-4\" data-unique-id=\"69f5788ceb348\" name=\"XML_extra_radio2\" value=\"4\"  required=\"required\"><label for=\"69f5788ceb348-input-1-4\">Cr\u00e9er un toit v\u00e9g\u00e9tal<\/label><\/div><div class=\"bob-form-radio d-flex\"><input type=\"radio\" class=\"inline-radio\" id=\"69f5788ceb348-input-1-5\" data-unique-id=\"69f5788ceb348\" name=\"XML_extra_radio2\" value=\"5\"  required=\"required\"><label for=\"69f5788ceb348-input-1-5\">R\u00e9paration d&rsquo;un toit<\/label><\/div><div class=\"bob-form-radio d-flex\"><input type=\"radio\" class=\"inline-radio\" id=\"69f5788ceb348-input-1-6\" data-unique-id=\"69f5788ceb348\" name=\"XML_extra_radio2\" value=\"6\"  required=\"required\"><label for=\"69f5788ceb348-input-1-6\">R\u00e9paration ou r\u00e9novation de chemin\u00e9e<\/label><\/div><div class=\"bob-form-radio d-flex\"><input type=\"radio\" class=\"inline-radio\" id=\"69f5788ceb348-input-1-7\" data-unique-id=\"69f5788ceb348\" name=\"XML_extra_radio2\" value=\"7\"  required=\"required\"><label for=\"69f5788ceb348-input-1-7\">Autre type de projet<\/label><\/div><\/div><\/div><\/div><div class=\"form-questions bob-form-inline-question\"><div class=\"row\"><div class=\"question col-md-4\"><label>3*. Quel type de couverture avez-vous ou aimeriez-vous avoir?<\/label><\/div><div class=\"answer col-md-8\"><div class=\"bob-form-radio d-flex\"><input type=\"radio\" class=\"inline-radio\" id=\"69f5788ceb348-input-2-1\" data-unique-id=\"69f5788ceb348\" name=\"XML_extra_radio3\" value=\"1\"  required=\"required\"><label for=\"69f5788ceb348-input-2-1\">Des tuiles<\/label><\/div><div class=\"bob-form-radio d-flex\"><input type=\"radio\" class=\"inline-radio\" id=\"69f5788ceb348-input-2-2\" data-unique-id=\"69f5788ceb348\" name=\"XML_extra_radio3\" value=\"2\"  required=\"required\"><label for=\"69f5788ceb348-input-2-2\">Des ardoises<\/label><\/div><div class=\"bob-form-radio d-flex\"><input type=\"radio\" class=\"inline-radio\" id=\"69f5788ceb348-input-2-3\" data-unique-id=\"69f5788ceb348\" name=\"XML_extra_radio3\" value=\"3\"  required=\"required\"><label for=\"69f5788ceb348-input-2-3\">Roofing<\/label><\/div><div class=\"bob-form-radio d-flex\"><input type=\"radio\" class=\"inline-radio\" id=\"69f5788ceb348-input-2-4\" data-unique-id=\"69f5788ceb348\" name=\"XML_extra_radio3\" value=\"4\"  required=\"required\"><label for=\"69f5788ceb348-input-2-4\">EPDM<\/label><\/div><div class=\"bob-form-radio d-flex\"><input type=\"radio\" class=\"inline-radio\" id=\"69f5788ceb348-input-2-5\" data-unique-id=\"69f5788ceb348\" name=\"XML_extra_radio3\" value=\"5\"  required=\"required\"><label for=\"69f5788ceb348-input-2-5\">Toit de chaume<\/label><\/div><div class=\"bob-form-radio d-flex\"><input type=\"radio\" class=\"inline-radio\" id=\"69f5788ceb348-input-2-6\" data-unique-id=\"69f5788ceb348\" name=\"XML_extra_radio3\" value=\"6\"  required=\"required\"><label for=\"69f5788ceb348-input-2-6\">Autre ou conseillez-moi<\/label><\/div><\/div><\/div><\/div><div class=\"form-questions bob-form-inline-question even\"><div class=\"row\"><div class=\"question col-md-4\"><label>4*. Avez-vous des probl\u00e8mes d&rsquo;amiante sur votre toit? (seulement sur certains toits en ardoises)<\/label><\/div><div class=\"answer col-md-8\"><div class=\"bob-form-radio d-flex\"><input type=\"radio\" class=\"inline-radio\" id=\"69f5788ceb348-input-3-1\" data-unique-id=\"69f5788ceb348\" name=\"XML_extra_radio4\" value=\"1\"  required=\"required\"><label for=\"69f5788ceb348-input-3-1\">Non, je n&rsquo;ai pas d&rsquo;amiante (= dans la plupart des cas)<\/label><\/div><div class=\"bob-form-radio d-flex\"><input type=\"radio\" class=\"inline-radio\" id=\"69f5788ceb348-input-3-2\" data-unique-id=\"69f5788ceb348\" name=\"XML_extra_radio4\" value=\"2\"  required=\"required\"><label for=\"69f5788ceb348-input-3-2\">Oui, et je souhaite d&rsquo;abord faire retirer l&rsquo;amiante<\/label><\/div><div class=\"bob-form-radio d-flex\"><input type=\"radio\" class=\"inline-radio\" id=\"69f5788ceb348-input-3-3\" data-unique-id=\"69f5788ceb348\" name=\"XML_extra_radio4\" value=\"3\"  required=\"required\"><label for=\"69f5788ceb348-input-3-3\">Oui, mais je ne souhaite pas r\u00e9soudre le probl\u00e8me d&rsquo;amiante<\/label><\/div><\/div><\/div><\/div><div class=\"form-questions bob-form-inline-question\"><div class=\"row\"><div class=\"question col-md-4\"><label>5*. Quelle est la superficie approximative de votre toit? (longueur x largeur estim\u00e9e)<\/label><\/div><div class=\"answer col-md-8\"><div class=\"bob-form-radio d-flex\"><input type=\"radio\" class=\"inline-radio\" id=\"69f5788ceb348-input-4-1\" data-unique-id=\"69f5788ceb348\" name=\"XML_extra_radio5\" value=\"1\"  required=\"required\"><label for=\"69f5788ceb348-input-4-1\">Moins de 20 m2<\/label><\/div><div class=\"bob-form-radio d-flex\"><input type=\"radio\" class=\"inline-radio\" id=\"69f5788ceb348-input-4-2\" data-unique-id=\"69f5788ceb348\" name=\"XML_extra_radio5\" value=\"2\"  required=\"required\"><label for=\"69f5788ceb348-input-4-2\">Entre 20 et 50 m2<\/label><\/div><div class=\"bob-form-radio d-flex\"><input type=\"radio\" class=\"inline-radio\" id=\"69f5788ceb348-input-4-3\" data-unique-id=\"69f5788ceb348\" name=\"XML_extra_radio5\" value=\"3\"  required=\"required\"><label for=\"69f5788ceb348-input-4-3\">Entre 50 et 100 m2<\/label><\/div><div class=\"bob-form-radio d-flex\"><input type=\"radio\" class=\"inline-radio\" id=\"69f5788ceb348-input-4-4\" data-unique-id=\"69f5788ceb348\" name=\"XML_extra_radio5\" value=\"4\"  required=\"required\"><label for=\"69f5788ceb348-input-4-4\">Entre 100 et 200 m2<\/label><\/div><div class=\"bob-form-radio d-flex\"><input type=\"radio\" class=\"inline-radio\" id=\"69f5788ceb348-input-4-5\" data-unique-id=\"69f5788ceb348\" name=\"XML_extra_radio5\" value=\"5\"  required=\"required\"><label for=\"69f5788ceb348-input-4-5\">Plus de 200 m2<\/label><\/div><\/div><\/div><\/div><div class=\"form-questions bob-form-inline-question even\"><div class=\"row\"><div class=\"question col-md-4\"><label>6*. Quand voulez-vous que les travaux de toiture soient effectu\u00e9s?<\/label><\/div><div class=\"answer col-md-8\"><div class=\"bob-form-radio d-flex\"><input type=\"radio\" class=\"inline-radio\" id=\"69f5788ceb348-input-5-1\" data-unique-id=\"69f5788ceb348\" name=\"XML_extra_radio6\" value=\"1\"  required=\"required\"><label for=\"69f5788ceb348-input-5-1\">Le plus rapidement possible, sous les 3 mois<\/label><\/div><div class=\"bob-form-radio d-flex\"><input type=\"radio\" class=\"inline-radio\" id=\"69f5788ceb348-input-5-2\" data-unique-id=\"69f5788ceb348\" name=\"XML_extra_radio6\" value=\"2\"  required=\"required\"><label for=\"69f5788ceb348-input-5-2\">Dans les 3 \u00e0 6 mois<\/label><\/div><div class=\"bob-form-radio d-flex\"><input type=\"radio\" class=\"inline-radio\" id=\"69f5788ceb348-input-5-3\" data-unique-id=\"69f5788ceb348\" name=\"XML_extra_radio6\" value=\"3\"  required=\"required\"><label for=\"69f5788ceb348-input-5-3\">Dans les 6 \u00e0 12 mois<\/label><\/div><\/div><\/div><\/div><div class=\"form-questions bob-form-inline-question\"><div class=\"d-flex flex-column\"><label class=\"question\" for=\"69f5788ceb348-input-6\">7. Description de votre projet<\/label><textarea class=\"bob-form-input\" name=\"XML_remarks\" id=\"69f5788ceb348-input-6\" data-unique-id=\"69f5788ceb348\"><\/textarea><\/div><\/div><div class=\"bob-inline-form bob-form-tag upload-box mb-3\">\n                    <div class=\"row\">\n                        <div class=\"col-md-12 mb-2 question\">Ajouter des photos ou des pi\u00e8ces jointes (en Option)<\/div>\n                        <div class=\"col-md-12\">\n                            <div class=\"box__input\" style=\"background-color: #e5f2f7;\"\n                                 ondrop=\"drop(event)\"\n                                 ondragover=\"allowDrop(event)\"\n                                 ondragleave=\"removeDropFx(event)\"\n                                >\n                                <input type=\"file\"\n                                       class=\"file__input\"\n                                       name=\"attachments[]\"\n                                       id=\"attachments\"\n                                       multiple=\"multiple\"\n                                       accept=\"image\/jpeg, image\/png, image\/gif, application\/pdf\"\n                                       data-multiple-caption=\"{count} files selected\">\n                                <div>\n                                    <label for=\"attachments\"><strong>S\u00e9lectionnez un fichier <\/strong>ou glissez-le ici<\/label>\n                                    <span class=\"box__button bobex-round-cta m-1 py-1\"\n                                          style=\"mix-blend-mode: luminosity\">\n                                        <i class=\"fas fa-cloud-upload-alt text-white\"><\/i>\n                                        T\u00e9l\u00e9charger\n                                    <\/span>\n                                <\/div>\n            \n                                <div class=\"row preview_wrapper m-0\"><\/div>\n                            <\/div>\n            \n                            <div class=\"box__uploading\">Uploading\u2026<\/div>\n                            <div class=\"box__success\">Done!<\/div>\n                            <div class=\"box__error\">Error! <span><\/span>.<\/div>\n                        <\/div>\n                    <\/div>\n                <\/div>    <div class=\"form-title\">\n        Vos donn\u00e9es\n    <\/div><div class=\"bob-form-contact-data\" style=\"padding: 20px\"><div class=\"row lead-info\"><div class=\"col-md-6 mb-3\">  <div class=\"form-group\">    <input value=\"\" type=\"text\" class=\"form-control\" id=\"firstName\" name=\"firstName\" placeholder=\"Pr\u00e9nom\" required>    <div class=\"valid-feedback\">Enchant\u00e9 !<\/div>    <div class=\"invalid-feedback\">Veuillez indiquer votre pr\u00e9nom<\/div>  <\/div><\/div><div class=\"col-md-6 mb-3\">  <div class=\"form-group\">    <input value=\"\" type=\"text\" class=\"form-control\" id=\"lastName\" name=\"lastName\" placeholder=\"Nom\" required>    <div class=\"valid-feedback\">Sympa<\/div>    <div class=\"invalid-feedback\">Veuillez indiquer votre nom de famille<\/div>  <\/div><\/div><div class=\"col-md-12 mb-3\">  <div class=\"form-group\">    <input value=\"\" type=\"email\" class=\"form-control\" id=\"email\" name=\"email\" placeholder=\"E-mail\" required style=\"max-width: unset;\">    <div class=\"valid-feedback\">C&rsquo;est tout bon<\/div>    <div class=\"invalid-feedback\">Veuillez indiquer une adresse e-mail valide<\/div>  <\/div><\/div><div class=\"col-md-12 mb-3\">  <div class=\"form-group\">    <input value=\"\" type=\"tel\" class=\"form-control\" id=\"phone\" name=\"phone\" placeholder=\"T\u00e9l\u00e9phone\" required style=\"max-width: unset;\">    <div class=\"valid-feedback\">Parfait<\/div>    <div class=\"invalid-feedback\">Veuillez indiquer un num\u00e9ro de t\u00e9l\u00e9phone valide<\/div>  <\/div><\/div><div class=\"col-md-12 mb-3\">  <div class=\"form-group\">    <input value=\"\" type=\"text\" class=\"form-control\" id=\"companyAddress\" name=\"companyAddress\" placeholder=\"Adresse\" required style=\"max-width: unset;\">    <div class=\"valid-feedback\">C&rsquo;est not\u00e9<\/div>    <div class=\"invalid-feedback\">Veuillez indiquer une adresse valide<\/div>  <\/div><\/div><div class=\"col-md-6 mb-3\">  <div class=\"form-group\">    <input value=\"\" type=\"text\" class=\"form-control\" id=\"companyPostalCode\" name=\"companyPostalCode\" placeholder=\"Code postal\" required>    <div class=\"valid-feedback\">Excellent !<\/div>    <div class=\"invalid-feedback\">Veuillez indiquer un code postal valide<\/div>  <\/div><\/div><div class=\"col-md-6 mb-3\">  <div class=\"form-group\">    <input value=\"\" type=\"text\" class=\"form-control\" id=\"companyCity\" name=\"companyCity\" placeholder=\"Ville\" required>    <div class=\"valid-feedback\">Bien jou\u00e9<\/div>    <div class=\"invalid-feedback\">Veuillez indiquer une ville valide<\/div>  <\/div><\/div><div class=\"d-flex mt-3\"><input name=\"promoOptin\" value=\"true\" id=\"promoOptin\" type=\"checkbox\" class=\"me-2\" style=\"width: unset\"><label for=\"promoOptin\">Je souhaite rester inform\u00e9 de ma demande et recevoir des conseils pratiques (fortement recommand\u00e9 !) <\/label><\/div><\/div><\/div><input type=\"hidden\" class=\"session_var\" name=\"newform\" value=\"true\"><input type=\"hidden\" class=\"session_var\" name=\"lead-validation-nonce\" value=\"a26b866f3d\"><input type=\"hidden\" class=\"session_var\" name=\"aff\" value=\"minisite\"><input type=\"hidden\" class=\"session_var\" name=\"utm_source\" value=\"https:\/\/www.bobex.be\/fr-be\/wp-json\/v2\/content\/87640\"><input type=\"hidden\" class=\"session_var\" name=\"bobx\" value=\"\"><input type=\"hidden\" class=\"session_var\" name=\"sessionType\" value=\"B2C\"><input type=\"hidden\" class=\"session_var\" name=\"utm_medium\" value=\"web\"><input type=\"hidden\" class=\"session_var\" name=\"utm_campaign\" value=\"search\"><input type=\"hidden\" class=\"session_var\" name=\"rem_source\" value=\"https:\/\/www.bobex.be\/fr-be\/travaux-de-toiture\/prime-bruxelles\/\"><input type=\"hidden\" class=\"session_var\" name=\"pixel_id\" value=\"-1\"><input type=\"hidden\" class=\"session_var\" name=\"tabo_id\" value=\"-1\"><input type=\"hidden\" class=\"session_var\" name=\"click_id\" value=\"-1\"><input type=\"hidden\" class=\"session_var\" name=\"gclid\" value=\"-1\"><input type=\"hidden\" class=\"session_var\" name=\"msclkid\" value=\"-1\"><input type=\"hidden\" class=\"session_var\" name=\"past_aff\" value=\"bobex\"><input type=\"hidden\" class=\"session_var\" name=\"redirectTo\" value=\"BE\"><input type=\"hidden\" class=\"session_var\" name=\"is_type_id\" value=\"true\"><input type=\"hidden\" class=\"session_var\" name=\"typeid\" value=\"11962\"><input type=\"hidden\" class=\"session_var\" name=\"companyType\" value=\"label.companytype.consumer\"><input type=\"hidden\" class=\"session_var\" name=\"input_names\" value=\"XML_extra_radio,XML_extra_radio2,XML_extra_radio3,XML_extra_radio4,XML_extra_radio5,XML_extra_radio6,XML_remarks\"><input type=\"hidden\" class=\"form_context\" value=\"BE\"><img decoding=\"async\" class=\"bobex-pixel\" src=\"\" alt=\"\" style=\"display:none\" \/>    <div class=\"bob-form-submit d-flex justify-content-center\">\n        <button type=\"submit\" class=\"form-submit\" style=\"background-color: #F1653A; color: white; border: none !important; border-radius: 5px !important; font-family: Roboto, sans-serif; font-size: 16px;\">\n            Demander un devis\n        <\/button>\n    <\/div>    <div class=\"bob-inline-form form-footer\" style=\"border-radius: 0 0 10px 10px\">\n        <div class=\"bob-form-privacy-text\">\n            <div style=\"float:left;\"><i class=\"fa fa-lock\"><\/i><\/div>\n            <div class=\"ms-2\">\n                <div style='padding-left: 15px;font-size: 0.8em !important;z-index: 10;'><b>Nous respectons votre vie priv\u00e9e<\/b><br> Conform\u00e9ment \u00e0 la loi du 8\/12\/1992 relative \u00e0 la protection de la vie priv\u00e9e, vous disposez d&rsquo;un droit d&rsquo;acc\u00e8s et de rectification \u00e0 vos donn\u00e9es. Pour en savoir plus, consultez notre <span class=\"link_ob\" data-link=\"aHR0cHM6Ly93d3cuYm9iZXguYmUvZnItYmUvcHJvdGVjdGlvbi1kZS1sYS12aWUtcHJpdmVlLw==\" target=\"_blank\">charte sur la vie priv\u00e9e<\/span>.<\/div>\n                \n            <\/div>\n        <\/div>\n    <\/div><\/form><\/div><div class=\"multiple_mini hidden\" data-lead_id=\"\"><p class=\"multiple-title\">Merci d&rsquo;avoir pris le temps de remplir ce formulaire<\/p><p>Nous vous contacterons d\u00e8s que possible pour vous orienter vers le meilleur sp\u00e9cialiste correspondant \u00e0 votre demande.<\/p><div class=\"multiple_wrapper\"><div class=\"loader\"><\/div><p class=\"multiple-title\">Vous cherchez d&rsquo;autres services ?<\/p><p class=\"multiple_text\">Vous souhaitez comparer d&rsquo;autres devis ou explorer d&rsquo;autres services ? Faites-le nous savoir et nous vous mettrons rapidement en relation<\/p><div class=\"multiple_container\"><div class=\"single_multiple multiple_button\" data-typeid=\"11427\"><i class=\"fa-3x cat icon-11427\"><\/i><span class=\"multiple_name\">Isolation<\/span><\/div><div class=\"single_multiple multiple_button\" data-typeid=\"11426\"><i class=\"fa-3x cat icon-11426\"><\/i><span class=\"multiple_name\">Chaudi\u00e8re \u00e0 condensation<\/span><\/div><div class=\"single_multiple multiple_button\" data-typeid=\"11364\"><i class=\"fa-3x cat icon-11364\"><\/i><span class=\"multiple_name\">Panneaux solaires<\/span><\/div><div class=\"single_multiple multiple_button\" data-typeid=\"11982\"><i class=\"fa-3x cat icon-11982\"><\/i><span class=\"multiple_name\">Adoucisseur d&rsquo;eau<\/span><\/div><div class=\"single_multiple multiple_button\" data-typeid=\"11428\"><i class=\"fa-3x cat icon-11428\"><\/i><span class=\"multiple_name\">Pompe \u00e0 chaleur<\/span><\/div><div class=\"single_multiple multiple_button\" data-typeid=\"100004\"><i class=\"fa-3x cat icon-11999\"><\/i><span class=\"multiple_name\">Travaux de plafonnage<\/span><\/div><\/div><\/div><\/div><\/div><\/div>\n\n\n<h2 class=\"wp-block-heading\"><span class=\"ez-toc-section\" id=\"Foire_aux_questions\"><\/span>Foire aux questions<span class=\"ez-toc-section-end\"><\/span><\/h2>\n\n\n\n<p>Les d\u00e9marches \u00e0 suivre pour obtenir des primes peuvent \u00eatre difficiles \u00e0 comprendre. Dans les paragraphes qui suivent, nous r\u00e9pondons \u00e0 quelques-unes des questions que vous nous avez pos\u00e9es. Si vous avez encore des doutes, n&rsquo;h\u00e9sitez pas \u00e0 consulter nos autres articles sur le sujet.<\/p>\n\n\n\n<div class=\"wp-block-bobex-frequently-asked-questions bobex-faq-main-wrapper\">\n            <div class=\"bobex-simple-question-answer-block\">\n                <div class=\"bobex-simple-question-answer-block__question\" style=\"background-color: #63b0d1!important; color: white!important;\">\n                    <h3 style=\"color: white!important; margin:unset; font-size:1.2rem;\" class=\"bobex-simple-question-answer-block__question__content\"><span class=\"ez-toc-section\" id=\"Quelles_sont_les_primes_pour_la_renovation_de_toiture_en_Wallonie\"><\/span>Quelles sont les primes pour la r\u00e9novation de toiture en Wallonie ?<span class=\"ez-toc-section-end\"><\/span><\/h3>\n                    <div class=\"bobex-simple-question-answer-block__question__toggle\">+<\/div>\n                <\/div>\n                <div class=\"bobex-simple-question-answer-block__answer\" style=\"background-color: !important; color: black!important;\">\n                    <div class=\"bobex-simple-question-answer-block__answer__content\">En Wallonie, il existe deux primes pour la r\u00e9novation de toiture : la prime habitation et la prime pour les petits travaux. La diff\u00e9rence majeure entre ces deux primes, c&rsquo;est que vous avez besoin d&rsquo;effectuer un audit de votre maison pour \u00eatre \u00e9ligible, tandis que ce n&rsquo;est pas le cas pour la prime pour les petits travaux.<\/div>\n                    <div>\n<div class=\"wp-block-bobex-simple-question-answer\"><\/div>\n<\/div>\n                <\/div>\n            <\/div>\n        \n\n\n            <div class=\"bobex-simple-question-answer-block\">\n                <div class=\"bobex-simple-question-answer-block__question\" style=\"background-color: #63b0d1!important; color: white!important;\">\n                    <h3 style=\"color: white!important; margin:unset; font-size:1.2rem;\" class=\"bobex-simple-question-answer-block__question__content\"><span class=\"ez-toc-section\" id=\"Existe-t-il_une_prime_pour_la_renovation_des_chassis_a_Bruxelles\"><\/span>Existe-t-il une prime pour la r\u00e9novation des ch\u00e2ssis \u00e0 Bruxelles ?<span class=\"ez-toc-section-end\"><\/span><\/h3>\n                    <div class=\"bobex-simple-question-answer-block__question__toggle\">+<\/div>\n                <\/div>\n                <div class=\"bobex-simple-question-answer-block__answer\" style=\"background-color: !important; color: black!important;\">\n                    <div class=\"bobex-simple-question-answer-block__answer__content\">Pour la r\u00e9paration de vos ch\u00e2ssis en R\u00e9gion Bruxelloise, vous avez la possibilit\u00e9 de b\u00e9n\u00e9ficier d&rsquo;une prime allant de 130 \u00e0 260 euros par m\u00e8tre carr\u00e9. Le montant exact de la prime est d\u00e9termin\u00e9 par votre cat\u00e9gorie de revenus.<\/div>\n                    <div>\n<div class=\"wp-block-bobex-simple-question-answer\"><\/div>\n<\/div>\n                <\/div>\n            <\/div>\n        \n\n\n            <div class=\"bobex-simple-question-answer-block\">\n                <div class=\"bobex-simple-question-answer-block__question\" style=\"background-color: #63b0d1!important; color: white!important;\">\n                    <h3 style=\"color: white!important; margin:unset; font-size:1.2rem;\" class=\"bobex-simple-question-answer-block__question__content\"><span class=\"ez-toc-section\" id=\"A_quelle_prime_ai-je_droit_pour_la_pose_dune_toiture_verte_a_Bruxelles\"><\/span>\u00c0 quelle prime ai-je droit pour la pose d&rsquo;une toiture verte \u00e0 Bruxelles ?<span class=\"ez-toc-section-end\"><\/span><\/h3>\n                    <div class=\"bobex-simple-question-answer-block__question__toggle\">+<\/div>\n                <\/div>\n                <div class=\"bobex-simple-question-answer-block__answer\" style=\"background-color: !important; color: black!important;\">\n                    <div class=\"bobex-simple-question-answer-block__answer__content\">En R\u00e9gion Bruxelloise, vous b\u00e9n\u00e9ficiez de l&rsquo;octroi d&rsquo;une prime allant de 15 euros par m\u00e8tre carr\u00e9 si vous d\u00e9cidez d&rsquo;installer une toiture verte extensive et d&rsquo;une prime de 30 euros par m\u00e8tre carr\u00e9 si vous souhaitez installer une toiture verte intensive. Ces prix sont plafonn\u00e9s \u00e0 50% du montant total de vos factures.<\/div>\n                    <div>\n<div class=\"wp-block-bobex-simple-question-answer\"><\/div>\n<\/div>\n                <\/div>\n            <\/div>\n        <\/div>\n\n                    <script type=\"application\/ld+json\">\n                        {\"@context\":\"https:\\\/\\\/schema.org\",\"@type\":\"FAQPage\",\"mainEntity\":[{\"@type\":\"Question\",\"name\":\"Quelles sont les primes pour la r\\u00e9novation de toiture en Wallonie ?\",\"acceptedAnswer\":{\"@type\":\"Answer\",\"text\":\"En Wallonie, il existe deux primes pour la r\\u00e9novation de toiture : la prime habitation et la prime pour les petits travaux. La diff\\u00e9rence majeure entre ces deux primes, c'est que vous avez besoin d'effectuer un audit de votre maison pour \\u00eatre \\u00e9ligible, tandis que ce n'est pas le cas pour la prime pour les petits travaux.\"}},{\"@type\":\"Question\",\"name\":\"Existe-t-il une prime pour la r\\u00e9novation des ch\\u00e2ssis \\u00e0 Bruxelles ?\",\"acceptedAnswer\":{\"@type\":\"Answer\",\"text\":\"Pour la r\\u00e9paration de vos ch\\u00e2ssis en R\\u00e9gion Bruxelloise, vous avez la possibilit\\u00e9 de b\\u00e9n\\u00e9ficier d'une prime allant de 130 \\u00e0 260 euros par m\\u00e8tre carr\\u00e9. Le montant exact de la prime est d\\u00e9termin\\u00e9 par votre cat\\u00e9gorie de revenus.\"}},{\"@type\":\"Question\",\"name\":\"\\u00c0 quelle prime ai-je droit pour la pose d'une toiture verte \\u00e0 Bruxelles ?\",\"acceptedAnswer\":{\"@type\":\"Answer\",\"text\":\"En R\\u00e9gion Bruxelloise, vous b\\u00e9n\\u00e9ficiez de l'octroi d'une prime allant de 15 euros par m\\u00e8tre carr\\u00e9 si vous d\\u00e9cidez d'installer une toiture verte extensive et d'une prime de 30 euros par m\\u00e8tre carr\\u00e9 si vous souhaitez installer une toiture verte intensive. Ces prix sont plafonn\\u00e9s \\u00e0 50% du montant total de vos factures.\"}}]}\n                    <\/script>\n                ","protected":false},"featured_media":0,"parent":0,"template":"","meta":{"business":"44365","footnotes":""},"class_list":["post-87640","content","type-content","status-publish","hentry"],"_links":{"self":[{"href":"https:\/\/www.bobex.be\/fr-be\/wp-json\/wp\/v2\/content\/87640","targetHints":{"allow":["GET"]}}],"collection":[{"href":"https:\/\/www.bobex.be\/fr-be\/wp-json\/wp\/v2\/content"}],"about":[{"href":"https:\/\/www.bobex.be\/fr-be\/wp-json\/wp\/v2\/types\/content"}],"version-history":[{"count":8,"href":"https:\/\/www.bobex.be\/fr-be\/wp-json\/wp\/v2\/content\/87640\/revisions"}],"predecessor-version":[{"id":205421,"href":"https:\/\/www.bobex.be\/fr-be\/wp-json\/wp\/v2\/content\/87640\/revisions\/205421"}],"wp:attachment":[{"href":"https:\/\/www.bobex.be\/fr-be\/wp-json\/wp\/v2\/media?parent=87640"}],"curies":[{"name":"wp","href":"https:\/\/api.w.org\/{rel}","templated":true}]}}