{"id":72029,"date":"2021-12-13T10:43:48","date_gmt":"2021-12-13T10:43:48","guid":{"rendered":"https:\/\/www.bobex.be\/fr-be\/?post_type=content&#038;p=72029"},"modified":"2025-07-10T15:15:52","modified_gmt":"2025-07-10T15:15:52","slug":"primes-wallonie","status":"publish","type":"content","link":"https:\/\/www.bobex.be\/fr-be\/poele-a-pellets\/primes-wallonie\/","title":{"rendered":"Prime pour po\u00eale \u00e0 pellets en R\u00e9gion wallonne : Montants 2026"},"content":{"rendered":"<div id=\"ez-toc-container\" class=\"ez-toc-v2_0_82_2 counter-hierarchy ez-toc-counter ez-toc-grey ez-toc-container-direction\">\n<div class=\"ez-toc-title-container\">\n<p class=\"ez-toc-title\" style=\"cursor:inherit\">Sommaire<\/p>\n<span class=\"ez-toc-title-toggle\"><a href=\"#\" class=\"ez-toc-pull-right ez-toc-btn ez-toc-btn-xs ez-toc-btn-default ez-toc-toggle\" aria-label=\"Toggle Table of Content\"><span class=\"ez-toc-js-icon-con\"><span class=\"\"><span class=\"eztoc-hide\" style=\"display:none;\">Toggle<\/span><span class=\"ez-toc-icon-toggle-span\"><svg style=\"fill: #999;color:#999\" xmlns=\"http:\/\/www.w3.org\/2000\/svg\" class=\"list-377408\" width=\"20px\" height=\"20px\" viewBox=\"0 0 24 24\" fill=\"none\"><path d=\"M6 6H4v2h2V6zm14 0H8v2h12V6zM4 11h2v2H4v-2zm16 0H8v2h12v-2zM4 16h2v2H4v-2zm16 0H8v2h12v-2z\" fill=\"currentColor\"><\/path><\/svg><svg style=\"fill: #999;color:#999\" class=\"arrow-unsorted-368013\" xmlns=\"http:\/\/www.w3.org\/2000\/svg\" width=\"10px\" height=\"10px\" viewBox=\"0 0 24 24\" version=\"1.2\" baseProfile=\"tiny\"><path d=\"M18.2 9.3l-6.2-6.3-6.2 6.3c-.2.2-.3.4-.3.7s.1.5.3.7c.2.2.4.3.7.3h11c.3 0 .5-.1.7-.3.2-.2.3-.5.3-.7s-.1-.5-.3-.7zM5.8 14.7l6.2 6.3 6.2-6.3c.2-.2.3-.5.3-.7s-.1-.5-.3-.7c-.2-.2-.4-.3-.7-.3h-11c-.3 0-.5.1-.7.3-.2.2-.3.5-.3.7s.1.5.3.7z\"\/><\/svg><\/span><\/span><\/span><\/a><\/span><\/div>\n<nav><ul class='ez-toc-list ez-toc-list-level-1 eztoc-toggle-hide-by-default' ><li class='ez-toc-page-1 ez-toc-heading-level-2'><a class=\"ez-toc-link ez-toc-heading-1\" href=\"https:\/\/www.bobex.be\/fr-be\/poele-a-pellets\/primes-wallonie\/#Un_poele_a_pellets_un_achat_pratique_et_efficace\" >Un po\u00eale \u00e0 pellets : un achat pratique et efficace<\/a><ul class='ez-toc-list-level-3' ><li class='ez-toc-heading-level-3'><a class=\"ez-toc-link ez-toc-heading-2\" href=\"https:\/\/www.bobex.be\/fr-be\/poele-a-pellets\/primes-wallonie\/#Le_chauffage_biomasse_cest_quoi\" >Le chauffage biomasse, c\u2019est quoi ?<\/a><ul class='ez-toc-list-level-4' ><li class='ez-toc-heading-level-4'><a class=\"ez-toc-link ez-toc-heading-3\" href=\"https:\/\/www.bobex.be\/fr-be\/poele-a-pellets\/primes-wallonie\/#Les_granules_de_bois_pellets_une_alternative_moderne\" >Les granul\u00e9s de bois (pellets), une alternative moderne<\/a><\/li><\/ul><\/li><\/ul><\/li><li class='ez-toc-page-1 ez-toc-heading-level-2'><a class=\"ez-toc-link ez-toc-heading-4\" href=\"https:\/\/www.bobex.be\/fr-be\/poele-a-pellets\/primes-wallonie\/#Quelle_prime_pour_linstallation_dun_poele_a_pellets_en_Wallonie\" >Quelle prime pour l\u2019installation d\u2019un po\u00eale \u00e0 pellets en Wallonie ?&nbsp;<\/a><ul class='ez-toc-list-level-3' ><li class='ez-toc-heading-level-3'><a class=\"ez-toc-link ez-toc-heading-5\" href=\"https:\/\/www.bobex.be\/fr-be\/poele-a-pellets\/primes-wallonie\/#Suppression_de_la_prime_Chauffage_et_Eau_Chaude\" >Suppression de la prime Chauffage et Eau Chaude<\/a><\/li><\/ul><\/li><li class='ez-toc-page-1 ez-toc-heading-level-2'><a class=\"ez-toc-link ez-toc-heading-6\" href=\"https:\/\/www.bobex.be\/fr-be\/poele-a-pellets\/primes-wallonie\/#Quelles_aides_financieres_existent_pour_un_poele_a_granules_en_2026\" >Quelles aides financi\u00e8res existent pour un po\u00eale \u00e0 granul\u00e9s en 2026 ?<\/a><ul class='ez-toc-list-level-3' ><li class='ez-toc-heading-level-3'><a class=\"ez-toc-link ez-toc-heading-7\" href=\"https:\/\/www.bobex.be\/fr-be\/poele-a-pellets\/primes-wallonie\/#La_prime_Habitation_et_ses_montants\" >La prime Habitation et ses montants<\/a><\/li><li class='ez-toc-page-1 ez-toc-heading-level-3'><a class=\"ez-toc-link ez-toc-heading-8\" href=\"https:\/\/www.bobex.be\/fr-be\/poele-a-pellets\/primes-wallonie\/#Le_revenu_de_reference_en_2026\" >Le revenu de r\u00e9f\u00e9rence en 2026<\/a><ul class='ez-toc-list-level-4' ><li class='ez-toc-heading-level-4'><a class=\"ez-toc-link ez-toc-heading-9\" href=\"https:\/\/www.bobex.be\/fr-be\/poele-a-pellets\/primes-wallonie\/#Plafonnement_des_multiplications_de_primes%E2%80%AF\" >Plafonnement des multiplications de primes\u202f:<\/a><\/li><\/ul><\/li><\/ul><\/li><li class='ez-toc-page-1 ez-toc-heading-level-2'><a class=\"ez-toc-link ez-toc-heading-10\" href=\"https:\/\/www.bobex.be\/fr-be\/poele-a-pellets\/primes-wallonie\/#Qui_a_le_droit_a_la_prime_Les_conditions_a_remplir\" >Qui a le droit \u00e0 la prime ? Les conditions \u00e0 remplir !<\/a><\/li><li class='ez-toc-page-1 ez-toc-heading-level-2'><a class=\"ez-toc-link ez-toc-heading-11\" href=\"https:\/\/www.bobex.be\/fr-be\/poele-a-pellets\/primes-wallonie\/#Comment_obtenir_la_prime_pour_un_poele_a_granules_en_Belgique\" >Comment obtenir la prime pour un po\u00eale \u00e0 granul\u00e9s en Belgique ?<\/a><ul class='ez-toc-list-level-3' ><li class='ez-toc-heading-level-3'><a class=\"ez-toc-link ez-toc-heading-12\" href=\"https:\/\/www.bobex.be\/fr-be\/poele-a-pellets\/primes-wallonie\/#%E2%9C%85_Faire_realiser_vos_travaux_sans_oublier_laudit_logement_au_prealable\" >\u2705 Faire r\u00e9aliser vos travaux (sans oublier l&rsquo;audit logement au pr\u00e9alable)<\/a><\/li><li class='ez-toc-page-1 ez-toc-heading-level-3'><a class=\"ez-toc-link ez-toc-heading-13\" href=\"https:\/\/www.bobex.be\/fr-be\/poele-a-pellets\/primes-wallonie\/#%E2%9C%85_Introduire_votre_demande_de_prime\" >\u2705 Introduire votre demande de prime<\/a><\/li><li class='ez-toc-page-1 ez-toc-heading-level-3'><a class=\"ez-toc-link ez-toc-heading-14\" href=\"https:\/\/www.bobex.be\/fr-be\/poele-a-pellets\/primes-wallonie\/#%E2%9C%85_Reception_et_traitement_de_votre_demande\" >\u2705 R\u00e9ception et traitement de votre demande<\/a><\/li><li class='ez-toc-page-1 ez-toc-heading-level-3'><a class=\"ez-toc-link ez-toc-heading-15\" href=\"https:\/\/www.bobex.be\/fr-be\/poele-a-pellets\/primes-wallonie\/#%E2%9C%85_Controle_eventuel_apres_versement\" >\u2705 Contr\u00f4le \u00e9ventuel apr\u00e8s versement<\/a><\/li><\/ul><\/li><li class='ez-toc-page-1 ez-toc-heading-level-2'><a class=\"ez-toc-link ez-toc-heading-16\" href=\"https:\/\/www.bobex.be\/fr-be\/poele-a-pellets\/primes-wallonie\/#Ameliorez_votre_consommation_denergie_en_Belgique_demandez_vos_devis_pour_un_poele_a_pellets\" >Am\u00e9liorez votre consommation d&rsquo;\u00e9nergie en Belgique : demandez vos devis pour un po\u00eale \u00e0 pellets<\/a><\/li><\/ul><\/nav><\/div>\n\n\n\n\n<h2 class=\"wp-block-heading\"><span class=\"ez-toc-section\" id=\"Un_poele_a_pellets_un_achat_pratique_et_efficace\"><\/span>Un po\u00eale \u00e0 pellets : un achat pratique et efficace<span class=\"ez-toc-section-end\"><\/span><\/h2>\n\n\n\n<p>Si vous cherchez \u00e0 chauffer votre maison de mani\u00e8re \u00e9cologique et \u00e9conomique, un po\u00eale \u00e0 pellets pourrait bien \u00eatre la solution id\u00e9ale. Mais, c\u2019est quoi exactement ?<\/p>\n\n\n\n<figure class=\"wp-block-image size-large\"><img decoding=\"async\" width=\"1024\" height=\"538\" src=\"https:\/\/www.bobex.be\/wp-uploads\/sites\/2\/granules-de-bois-en-main-1024x538.jpg\" alt=\"granul\u00e9s (pellets) en bois dans une main\" class=\"wp-image-184374\"\/><\/figure>\n\n\n\n<h3 class=\"wp-block-heading\"><span class=\"ez-toc-section\" id=\"Le_chauffage_biomasse_cest_quoi\"><\/span>Le chauffage biomasse, c\u2019est quoi ?<span class=\"ez-toc-section-end\"><\/span><\/h3>\n\n\n\n<p>Un po\u00eale \u00e0 pellets fait partie des syst\u00e8mes de chauffage biomasse. En clair, il utilise des combustibles naturels issus du bois, comme les&nbsp;<strong>pellets (granul\u00e9s de bois)<\/strong>, les&nbsp;<strong>b\u00fbches<\/strong>, ou encore les&nbsp;<strong>copeaux<\/strong>. Ces mat\u00e9riaux, issus de la revalorisation des d\u00e9chets de l\u2019industrie du bois, sont \u00e0 la fois respectueux de l\u2019environnement et renouvelables.<\/p>\n\n\n\n<h4 class=\"wp-block-heading\"><span class=\"ez-toc-section\" id=\"Les_granules_de_bois_pellets_une_alternative_moderne\"><\/span>Les granul\u00e9s de bois (pellets), une alternative moderne<span class=\"ez-toc-section-end\"><\/span><\/h4>\n\n\n\n<p>Le po\u00eale \u00e0 pellets utilise principalement des&nbsp;<strong>granul\u00e9s de bois<\/strong>, aussi appel\u00e9s pellets. Ces petits cylindres de sciure compress\u00e9e offrent un pouvoir calorifique \u00e9lev\u00e9 et une combustion quasi compl\u00e8te, ce qui garantit une excellente efficacit\u00e9 \u00e9nerg\u00e9tique.<\/p>\n\n\n\n<p>L\u2019un des gros atouts des po\u00eales \u00e0 pellets, c\u2019est leur c\u00f4t\u00e9&nbsp;<strong>pratique<\/strong>. Contrairement aux po\u00eales \u00e0 bois classiques, ils sont souvent programmables : vous pouvez r\u00e9gler la temp\u00e9rature ou programmer les horaires de chauffage \u00e0 l\u2019avance. Et avec un rendement \u00e9nerg\u00e9tique souvent sup\u00e9rieur \u00e0 85 %, vous chauffez mieux, tout en consommant moins.<\/p>\n\n\n\n<h2 class=\"wp-block-heading\"><span class=\"ez-toc-section\" id=\"Quelle_prime_pour_linstallation_dun_poele_a_pellets_en_Wallonie\"><\/span>Quelle prime pour l\u2019installation d\u2019un po\u00eale \u00e0 pellets en Wallonie ?&nbsp;<span class=\"ez-toc-section-end\"><\/span><\/h2>\n\n\n\n            <div style=\"\n            --icon-bg-color: #17518d ;\n            --maskUrl:url( https:\/\/www.bobex.be\/fr-be\/wp-content\/plugins\/bobex-blocks\/img\/mask.svg );\n            --title-color:#10375e;\n            --bg-color: #d1e8f2;\n            --content-color:#5c5c5c\n        \" class=\"bobex-block-maindiv\" >\n                    <div class=\"bobex-tip-block__icon-area\">\n                        <img decoding=\"async\" src=\"https:\/\/www.bobex.be\/fr-be\/wp-content\/plugins\/bobex-blocks\/img\/advice.png\" alt=\"adive-icon\" class=\"bobex-tip-block__tipsLogo\"\/>\n                    <\/div>\n                    <div class=\"bobex-tip-block__content-area p-2\">\n                        <p class=\"bobex-block-tips-title\">Primes 2025 : Ce qu\u2019il faut savoir r\u00e9gion par r\u00e9gion<\/p>\n                        <p class=\"bobex-block-tips-content\"><\/p>\n                        <div>\n<div class=\"wp-block-bobex-advice\">\n<p><em>Article mis \u00e0 jour le 10\/07\/2025<\/em><\/p>\n\n\n\n<ul class=\"wp-block-list\">\n<li><em>\u00c0 Bruxelles, les primes RENOLUTION sont pour l&rsquo;instant suspendue. Les bruxellois doivent attendre une d\u00e9cision du nouveau gouvernement sur le syst\u00e8mes de primes 2025. Aucune demande de prime avec une facture dat\u00e9e de 2025 ne peut \u00eatre introduite<\/em>. \u27a1\ufe0f <em>Si votre facture est dat\u00e9e de 2024, vous pourrez introduire une demande de prime RENOLUTION si vous r\u00e9pondez aux conditions d&rsquo;\u00e9ligibilit\u00e9.<\/em><br><\/li>\n\n\n\n<li><em>En Wallonie, le gouvernement a annonc\u00e9 de nouvelles mesures de soutien temporaires du 14 f\u00e9vrier 2025 au 30 septembre 2026. En moyenne, les montants ont \u00e9t\u00e9 revus \u00e0 la baisse de 60%.<\/em><br><\/li>\n\n\n\n<li><em>En Flandre, les primes \u00e0 la r\u00e9novation Mijn VerbouwPremie sont disponibles et les montants ont \u00e9t\u00e9 revus pour l&rsquo;ann\u00e9e 2025<\/em><\/li>\n<\/ul>\n<\/div>\n<\/div>\n                    <\/div>\n            <\/div>\n        \n\n\n<p>La r\u00e9gion wallonne soutient les travaux de r\u00e9novation des foyers wallons ! Parmi les diff\u00e9rentes aides disponibles, il existe <strong>une prime temporaire<\/strong> sp\u00e9cifiquement consacr\u00e9e \u00e0 soutenir les installations d\u2019appareils de chauffage et d\u2019eau chaude sanitaire. <strong>La prime \u2018Chauffage et Eau Chaude\u2018<\/strong> <strong>a \u00e9t\u00e9 supprim\u00e9e<\/strong> par le nouveau gouvernement wallon. Il y a toujours <strong>la prime Habitation<\/strong> qui soutient <strong>l\u2019installation des po\u00eales biomasses <\/strong>comme les\u00a0<a href=\"https:\/\/www.bobex.be\/fr-be\/poele-a-pellets\/\" target=\"_blank\" rel=\"noreferrer noopener\">po\u00eales \u00e0 pellets<\/a> (po\u00eale \u00e0 bois).<\/p>\n\n\n\n<p>Le but de cette prime \u00e9nergie est de soutenir l\u2019achat et l\u2019installation des po\u00eales \u00e0 pellets. Un syst\u00e8me de chauffage aux \u00e9missions plus \u00e9cologiques, plus respectueux de l\u2019environnement.<\/p>\n\n\n\n<h3 class=\"wp-block-heading\"><span class=\"ez-toc-section\" id=\"Suppression_de_la_prime_Chauffage_et_Eau_Chaude\"><\/span>Suppression de la prime Chauffage et Eau Chaude <span class=\"ez-toc-section-end\"><\/span><\/h3>\n\n\n\n<p>Depuis le 14 f\u00e9vrier, la prime \u00ab\u00a0Chauffage et Eau Chaude\u00a0\u00bb <strong>a<\/strong> <strong>\u00e9t\u00e9 supprim\u00e9e<\/strong>. Si votre facture date d&rsquo;avant cette date, vous pouvez toujours envoyer votre dossier de demande de prime \u00e0 l&rsquo;Administration, tant que celui-ci est complet jusqu&rsquo;au 28 f\u00e9vrier 2025. Pass\u00e9 cette date, vous ne pourrez plus demander ce type de prime.<\/p>\n\n\n\n                <div class='bobex-cta-block' style='\n            --button-bg-color: #e13c0e;\n            --button-text-color: #ffffff;\n            --banner-bg-color: #aad4e6;\n            --arrow-main-bg-color: #aad4e6;\n            --arrow-secondary-bg-color: #e5f2f7;\n            --banner-title-color: #10375e;\n            --arrow-title-color: #10375e;\n            --banner-text-color: #545454;\n            --arrow-text-color: #545454;         \n            --invert-range: 0deg;\n        '>\n                    <div class='cta-arrow-text d-flex d-lg-none'>\n                        <a class='cta-button-rounded' href='#ppp'>Demander un devis<\/a>\n                    <\/div>\n                    <div class='d-none d-lg-flex flex-no-wrap'>\n                        <div class=\"col-7 cta-arrow-text d-flex text-color\">\n                            <div class=\"m-auto\">\n                                <div class=\"h3\">Vous cherchez un sp\u00e9cialiste pour l&rsquo;installation d&rsquo;un po\u00eale \u00e0 pellets  ?<\/div>\n                                <div class='text-color'>Trouvez un professionnel pr\u00e8s de chez vous<\/div>\n                            <\/div>\n                        <\/div>\n                        <div class='cta-arrow-link col-5'>\n                            <a class='cta-button-rounded' href=\"#ppp\">Demander un devis<\/a>\n                        <\/div>\n                    <\/div>\n                <\/div>\n\n\n<h2 class=\"wp-block-heading\"><span class=\"ez-toc-section\" id=\"Quelles_aides_financieres_existent_pour_un_poele_a_granules_en_2026\"><\/span>Quelles aides financi\u00e8res existent pour un po\u00eale \u00e0 granul\u00e9s en 2026 ?<span class=\"ez-toc-section-end\"><\/span><\/h2>\n\n\n\n<h3 class=\"wp-block-heading\"><span class=\"ez-toc-section\" id=\"La_prime_Habitation_et_ses_montants\"><\/span>La prime Habitation et ses montants<span class=\"ez-toc-section-end\"><\/span><\/h3>\n\n\n\n<p>Cette prime Habitation fait partie des mesures de soutien temporaires mises en place par le gouvernement wallon. Elle est valable <strong>jusqu&rsquo;au 30 septembre 2026<\/strong>. Il est obligatoire de r\u00e9aliser un <strong>audit logement<\/strong> au pr\u00e9alable.<\/p>\n\n\n\n<p>Le montant de la prime pour un&nbsp;<strong>po\u00eale biomasse local<\/strong>&nbsp;varie en fonction de votre revenu de r\u00e9f\u00e9rence et de la composition de votre m\u00e9nage. Voici les montants :<\/p>\n\n\n\n<ul class=\"wp-block-list\">\n<li><strong>Montant de base (cat\u00e9gorie de revenus R5)<\/strong>&nbsp;: 160\u20ac.<\/li>\n\n\n\n<li><strong>Montant maximum (cat\u00e9gorie de revenus R1)<\/strong>&nbsp;: jusqu\u2019\u00e0 960 \u20ac.<\/li>\n<\/ul>\n\n\n\n<p>Le montant final est obtenu en multipliant le montant de base par un coefficient adapt\u00e9 \u00e0 votre situation familiale et vos revenus, avec un plafond fix\u00e9 \u00e0 70 % du co\u00fbt total des travaux (TVAC).<\/p>\n\n\n\n<p>Important \u00e0 savoir : tous les po\u00eales \u00e0 pellets ne sont pas \u00e9ligibles ! V\u00e9rifiez dans\u00a0<a href=\"https:\/\/energie.wallonie.be\/servlet\/Repository\/58359.pdf?ID=58359\" target=\"_blank\" rel=\"noreferrer noopener nofollow\">cette liste des appareils \u00e9ligibles<\/a>\u00a0si celui que vous avez pr\u00e9vu d\u2019installer s\u2019y trouve avant d\u2019entamer les travaux.<\/p>\n\n\n\n            <div class='bobex-table-wrapper' style='\n            --bobex-table-dark-row-color: #D1E8F2;\n        '>\n                <table class='double' data-columns='3'>\n                    <thead style='\n            --bobex-table-header-background-color: #10375E;\n            --bobex-table-header-text-color: #FFFFFF;\n        '><th><strong>Nature de l&rsquo;installation<\/strong><\/th><th><strong>Montant de base (R5)<\/strong><\/th><th><strong><strong>Montant maximum (R1)<\/strong><\/strong><\/th><\/thead><tr><td>Po\u00eale \u00e0 pellets, po\u00eale \u00e0 bois (po\u00eale biomasse local)<\/td><td><strong>160 \u20ac<\/strong><\/td><td><strong>960 \u20ac\u00a0<\/strong><\/td><\/tr><tr><td>Chaudi\u00e8res biomasses ( \u00e0 pellets, b\u00fbches, plaquettes&#8230;)<\/td><td><strong>720 \u20ac\u00a0<\/strong><\/td><td><strong>4.320 \u20ac\u00a0<\/strong><\/td><\/tr><tr><td>Chauffe-eau solaire<\/td><td><strong>420 \u20ac\u00a0<\/strong><\/td><td><strong>2.520 \u20ac\u00a0<\/strong><\/td><\/tr><tr><td>R\u00e9alisation de l&rsquo;audit<\/td><td><strong>76 \u20ac<\/strong><\/td><td><strong>456 \u20ac<\/strong><\/td><\/tr>\n                <\/table>\n            <\/div>\n        \n\n\n<h3 class=\"wp-block-heading\"><span class=\"ez-toc-section\" id=\"Le_revenu_de_reference_en_2026\"><\/span>Le revenu de r\u00e9f\u00e9rence en 2026<span class=\"ez-toc-section-end\"><\/span><\/h3>\n\n\n\n<p>Comme mentionn\u00e9 pr\u00e9c\u00e9demment, le montant de la prime que vous recevrez varie en fonction de vos revenus. Cette cat\u00e9gorie de revenus est d\u00e9termin\u00e9e par les revenus totaux de votre foyer au cours de l\u2019avant-derni\u00e8re ann\u00e9e avant votre demande de prime. Ensuite, vous devrez soustraire 5 000 euros pour chaque personne suivante vivant sous votre toit :<\/p>\n\n\n\n<ul class=\"wp-block-list\">\n<li>un enfant \u00e0 charge, un enfant \u00e0 na\u00eetre (d\u00e8s 90 jours de grossesse)<\/li>\n\n\n\n<li>un parent en situation de handicap<\/li>\n\n\n\n<li>ou encore un parent ou partenaire \u00e2g\u00e9 de plus de 60 ans.<\/li>\n<\/ul>\n\n\n\n<p>Une fois ce calcul effectu\u00e9, vous saurez dans quelle cat\u00e9gorie vous vous situez pour b\u00e9n\u00e9ficier de la prime.&nbsp;<\/p>\n\n\n\n<p>Les montants de base peuvent se <strong>multiplier jusqu\u2019\u00e0 6 fois<\/strong> en fonction des revenus de votre m\u00e9nage. Cependant, le montant des primes ne peut pas exc\u00e9der :&nbsp;<\/p>\n\n\n\n<ul class=\"wp-block-list\">\n<li><strong>50\u202f% du TVAC<\/strong> pour les cat\u00e9gories <strong>R3 et R4<\/strong><\/li>\n<\/ul>\n\n\n\n<ul class=\"wp-block-list\">\n<li><strong>70\u202f% du TVAC<\/strong> pour les cat\u00e9gories de revenus <strong>R1 et R2<\/strong><\/li>\n<\/ul>\n\n\n\n            <div class='bobex-table-wrapper' style='\n            --bobex-table-dark-row-color: #D1E8F2;\n        '>\n                <table class='double' data-columns='3'>\n                    <thead style='\n            --bobex-table-header-background-color: #10375E;\n            --bobex-table-header-text-color: #FFFFFF;\n        '><th><strong><strong>Revenus du m\u00e9nage (\u20ac\/an<\/strong>)<\/strong><\/th><th><strong>Cat\u00e9gorie de revenus<\/strong><\/th><th><strong><strong><strong>Coefficient de multiplication<\/strong><\/strong><\/strong><\/th><\/thead><tr><td>\u2264 26 900 \u20ac<\/td><td>R1<\/td><td>6 fois la prime de base<\/td><\/tr><tr><td>26 900,01 \u20ac &#8211; 38 300 \u20ac<\/td><td>R2<\/td><td>4 fois la prime de base<\/td><\/tr><tr><td>38 300,01 \u20ac &#8211; 50 600 \u20ac<\/td><td>R3<\/td><td>3 fois la prime de base<\/td><\/tr><tr><td>50 600,01 \u20ac &#8211; 114 400 \u20ac<\/td><td>R4<\/td><td>2 fois la prime de base<\/td><\/tr><tr><td>&gt; 114 400 \u20ac<\/td><td>R5<\/td><td>La prime de base<\/td><\/tr>\n                <\/table>\n            <\/div>\n        \n\n\n<h4 class=\"wp-block-heading\"><span class=\"ez-toc-section\" id=\"Plafonnement_des_multiplications_de_primes%E2%80%AF\"><\/span><strong>Plafonnement des multiplications de primes<\/strong>\u202f:<span class=\"ez-toc-section-end\"><\/span><\/h4>\n\n\n\n<p>Les coefficients multiplicateurs des montants de base sont x6, x4, x3, x2 selon R1\u2013R4, mais les copropri\u00e9taires indivis ne b\u00e9n\u00e9ficient que du montant de base.<\/p>\n\n\n\n<h2 class=\"wp-block-heading\"><span class=\"ez-toc-section\" id=\"Qui_a_le_droit_a_la_prime_Les_conditions_a_remplir\"><\/span>Qui a le droit \u00e0 la prime ? Les conditions \u00e0 remplir !<span class=\"ez-toc-section-end\"><\/span><\/h2>\n\n\n\n<p>Pour obtenir la prime, voici les principales conditions \u00e0 remplir :<\/p>\n\n\n\n<ul class=\"wp-block-list has-e-5-f-2-f-7-background-color has-background\">\n<li><strong>Vous<\/strong> (demandeur) &nbsp;:\n<ul class=\"wp-block-list\">\n<li>\u00catre une personne physique (\u00e2g\u00e9e de 18 ans ou plus, ou mineur \u00e9mancip\u00e9) ou repr\u00e9senter une copropri\u00e9t\u00e9.<\/li>\n\n\n\n<li>Avoir un&nbsp;<strong>droit r\u00e9el<\/strong>&nbsp;sur le logement (propri\u00e9taire, usufruitier, nu-propri\u00e9taire\u2026).<br><\/li>\n<\/ul>\n<\/li>\n\n\n\n<li><strong>Votre logement<\/strong>&nbsp;:\n<ul class=\"wp-block-list\">\n<li>Situ\u00e9 en R\u00e9gion wallonne (hors zones germanophones).<\/li>\n\n\n\n<li>Principalement destin\u00e9 \u00e0 l\u2019habitation.<\/li>\n\n\n\n<li><strong>Pas de condition d\u2019anciennet\u00e9<\/strong>&nbsp;: le logement peut \u00eatre neuf ou ancien.<br><\/li>\n<\/ul>\n<\/li>\n\n\n\n<li><strong>Les travaux<\/strong>&nbsp;:\n<ul class=\"wp-block-list\">\n<li>R\u00e9alis\u00e9s par un <strong>entrepreneur agr\u00e9\u00e9<\/strong> inscrit \u00e0 la Banque-Carrefour des Entreprises.<\/li>\n\n\n\n<li>L&rsquo;<strong>entrepreneur doit disposer des acc\u00e8s \u00e0 la profession requis<\/strong> (chauffage central, gaz, biomasse).<\/li>\n\n\n\n<li>Les <strong>travaux doivent \u00eatre recommand\u00e9s dans le rapport d\u2019audit<\/strong> (sauf exceptions).<\/li>\n\n\n\n<li>La demande de prime doit \u00eatre introduite <strong>dans les 8 mois suivant l&rsquo;enregistrement du rapport d&rsquo;audit logement (audit obligatoire avant travaux).&nbsp;<\/strong><\/li>\n\n\n\n<li><strong>P\u00e9riode d\u2019\u00e9ligibilit\u00e9 des travaux<\/strong>\u202f: les travaux doivent \u00eatre finalis\u00e9s <strong>avant le 30 septembre 2026<\/strong>.<\/li>\n\n\n\n<li><strong>Conditions techniques<\/strong>\u202f: les po\u00eales biomasse doivent \u00eatre <strong>\u00e9ligibles \u00e0 la liste officielle.<\/strong><br><\/li>\n<\/ul>\n<\/li>\n\n\n\n<li><strong>Si le logement est lou\u00e9<\/strong>&nbsp;:\n<ul class=\"wp-block-list\">\n<li>Louer avec un&nbsp;<strong>bail enregistr\u00e9<\/strong>&nbsp;pendant au moins&nbsp;<strong>5 ans<\/strong>&nbsp;(respectant la grille des loyers).<\/li>\n\n\n\n<li>Ou le mettre \u00e0 disposition d\u2019une&nbsp;<strong>AIS, SLSP ou APL<\/strong>&nbsp;pour&nbsp;<strong>9 ans minimum<\/strong>.<\/li>\n<\/ul>\n<\/li>\n<\/ul>\n\n\n\n<p><strong>Attention<\/strong> !<\/p>\n\n\n\n<p><strong>Secteurs exclus<\/strong>\u202f: le logement doit \u00eatre <strong>situ\u00e9 en Wallonie, <\/strong>la prime ne s\u2019applique pas aux <strong>logements situ\u00e9s en Communaut\u00e9 germanophone<\/strong>.<\/p>\n\n\n\n                <div class='bobex-cta-block' style='\n            --button-bg-color: #e13c0e;\n            --button-text-color: #ffffff;\n            --banner-bg-color: #aad4e6;\n            --arrow-main-bg-color: #aad4e6;\n            --arrow-secondary-bg-color: #e5f2f7;\n            --banner-title-color: #10375e;\n            --arrow-title-color: #10375e;\n            --banner-text-color: #545454;\n            --arrow-text-color: #545454;         \n            --invert-range: 0deg;\n        '>\n                    <div class='cta-banner'>\n                        <div class='h3'>Testez votre \u00e9ligibilit\u00e9 pour b\u00e9n\u00e9ficier d&rsquo;une prime Habitation !<\/div>\n                        <div class='text-color'>Alors remplissez rapidement ce formulaire. C&rsquo;est totalement gratuit et sans engagement !<\/div>\n                        <span>\n                            <img src='https:\/\/www.bobex.be\/wp-uploads\/sites\/2\/arrow-cta-box.png' alt='arrow' class='img-color'\/>\n                            <a class='cta-button-rounded' href=\"#ppp\">Demander un devis<\/a>\n                        <\/span>   \n                    <\/div>\n                <\/div>\n\n\n<h2 class=\"wp-block-heading\"><span class=\"ez-toc-section\" id=\"Comment_obtenir_la_prime_pour_un_poele_a_granules_en_Belgique\"><\/span>Comment obtenir la prime pour un po\u00eale \u00e0 granul\u00e9s en Belgique ?<span class=\"ez-toc-section-end\"><\/span><\/h2>\n\n\n\n<p>La proc\u00e9dure pour la demande de primes de ce syst\u00e8me de chauffage s\u2019effectue en quelques \u00e9tapes tr\u00e8s simples :<\/p>\n\n\n\n<div class=\"wp-block-bobex-vertical-steps bobex-vertical-step-main-wrapper\" style=\"background-color:#e5f2f7\">\n                <div style=\"\n            --title-color:#10375e;\n            --content-color:#5c5c5c\n        \" class=\"bobex-vertical-steps-block--container-div\">\n                    <div class=\"bobex-vertical-steps-block-main-div\">\n                        <div class=\"bobex-vertical-steps-block-number-container\">\n                            <div class=\"bobex-vertical-steps-block-number-area \">\n                                <div class=\"bobex-vertical-steps-number\">1<\/div>\n                            <\/div>\n                        <\/div>\n                        <div class=\"bobex-vertical-steps-block-content-area\">\n                            <h3 class=\"bobex-block-vertical-step-title\"><span class=\"ez-toc-section\" id=\"%E2%9C%85_Faire_realiser_vos_travaux_sans_oublier_laudit_logement_au_prealable\"><\/span>\u2705 <strong><strong>Faire r\u00e9aliser vos travaux<\/strong><\/strong> (sans oublier l&rsquo;audit logement au pr\u00e9alable)<span class=\"ez-toc-section-end\"><\/span><\/h3>\n                            <p class=\"bobex-block-vertical-step-content\"><\/p>\n                            <div>\n<div class=\"wp-block-bobex-vertical-step\">\n<ul class=\"wp-block-list\">\n<li><strong>Choisir un professionnel qualifi\u00e9<\/strong>&nbsp;: L&rsquo;auditeur doit \u00eatre certifi\u00e9 par la R\u00e9gion et les travaux doivent \u00eatre effectu\u00e9s par un entrepreneur inscrit \u00e0 la Banque-Carrefour des Entreprises, disposant des acc\u00e8s \u00e0 la profession n\u00e9cessaires.<\/li>\n<\/ul>\n\n\n\n<ul class=\"wp-block-list\">\n<li><strong>Dates importantes \u00e0 respecter<\/strong>&nbsp;:<br><br>&#8211; Si vous demandez plusieurs primes pour diff\u00e9rents appareils, les factures doivent dater de&nbsp;<strong>moins de 2 ans<\/strong>&nbsp;par rapport \u00e0 la derni\u00e8re facture finale.<br>&#8211; Toutes les factures doivent \u00eatre post\u00e9rieures au&nbsp;<strong>1er mai 2022<\/strong>.<\/li>\n<\/ul>\n<\/div>\n<\/div>\n                        <\/div>\n                    <\/div>\n                <\/div>\n                \n\n\n                <div style=\"\n            --title-color:#10375e;\n            --content-color:#5c5c5c\n        \" class=\"bobex-vertical-steps-block--container-div\">\n                    <div class=\"bobex-vertical-steps-block-main-div\">\n                        <div class=\"bobex-vertical-steps-block-number-container\">\n                            <div class=\"bobex-vertical-steps-block-number-area \">\n                                <div class=\"bobex-vertical-steps-number\">2<\/div>\n                            <\/div>\n                        <\/div>\n                        <div class=\"bobex-vertical-steps-block-content-area\">\n                            <h3 class=\"bobex-block-vertical-step-title\"><span class=\"ez-toc-section\" id=\"%E2%9C%85_Introduire_votre_demande_de_prime\"><\/span>\u2705 <strong><strong>Introduire votre demande de prime<\/strong><\/strong><span class=\"ez-toc-section-end\"><\/span><\/h3>\n                            <p class=\"bobex-block-vertical-step-content\"><\/p>\n                            <div>\n<div class=\"wp-block-bobex-vertical-step\">\n<ul class=\"wp-block-list\">\n<li><strong>D\u00e9lai pour la demande<\/strong>&nbsp;: Vous devez envoyer votre formulaire (en ligne ou par voie postale) de demande, compl\u00e9t\u00e9 et sign\u00e9, dans les&nbsp;<strong>8 mois<\/strong>&nbsp;qui suivent la facture finale des travaux.<\/li>\n<\/ul>\n\n\n\n<ul class=\"wp-block-list\">\n<li><strong>Comment envoyer votre demande<\/strong>&nbsp;: soit En ligne via le formulaire pr\u00e9vu (disponible dans la section Formulaires) soit par voie postale, \u00e0 l\u2019adresse indiqu\u00e9e sur le formulaire PDF.<\/li>\n<\/ul>\n<\/div>\n<\/div>\n                        <\/div>\n                    <\/div>\n                <\/div>\n                \n\n\n                <div style=\"\n            --title-color:#10375e;\n            --content-color:#5c5c5c\n        \" class=\"bobex-vertical-steps-block--container-div\">\n                    <div class=\"bobex-vertical-steps-block-main-div\">\n                        <div class=\"bobex-vertical-steps-block-number-container\">\n                            <div class=\"bobex-vertical-steps-block-number-area \">\n                                <div class=\"bobex-vertical-steps-number\">3<\/div>\n                            <\/div>\n                        <\/div>\n                        <div class=\"bobex-vertical-steps-block-content-area\">\n                            <h3 class=\"bobex-block-vertical-step-title\"><span class=\"ez-toc-section\" id=\"%E2%9C%85_Reception_et_traitement_de_votre_demande\"><\/span>\u2705 <strong><strong>R\u00e9ception et traitement de votre demande<\/strong><\/strong><span class=\"ez-toc-section-end\"><\/span><\/h3>\n                            <p class=\"bobex-block-vertical-step-content\"><\/p>\n                            <div>\n<div class=\"wp-block-bobex-vertical-step\">\n<ul class=\"wp-block-list\">\n<li>Une fois votre demande envoy\u00e9e, vous recevrez un&nbsp;<strong>accus\u00e9 de r\u00e9ception<\/strong>&nbsp;dans un d\u00e9lai de&nbsp;<strong>30 jours<\/strong>. Si ce n\u2019est pas le cas, contactez le&nbsp;<strong>1718<\/strong>&nbsp;pour un suivi.<\/li>\n<\/ul>\n\n\n\n<ul class=\"wp-block-list\">\n<li><strong>Analyse de votre dossier<\/strong>&nbsp;: Si votre dossier est complet, l\u2019administration vous versera la prime.<br>Si des informations manquent, vous aurez&nbsp;<strong>60 jours<\/strong>&nbsp;pour fournir les documents compl\u00e9mentaires demand\u00e9s.<\/li>\n<\/ul>\n<\/div>\n<\/div>\n                        <\/div>\n                    <\/div>\n                <\/div>\n                \n\n\n                <div style=\"\n            --title-color:#10375e;\n            --content-color:#5c5c5c\n        \" class=\"bobex-vertical-steps-block--container-div\">\n                    <div class=\"bobex-vertical-steps-block-main-div\">\n                        <div class=\"bobex-vertical-steps-block-number-container\">\n                            <div class=\"bobex-vertical-steps-block-number-area \">\n                                <div class=\"bobex-vertical-steps-number\">4<\/div>\n                            <\/div>\n                        <\/div>\n                        <div class=\"bobex-vertical-steps-block-content-area\">\n                            <h3 class=\"bobex-block-vertical-step-title\"><span class=\"ez-toc-section\" id=\"%E2%9C%85_Controle_eventuel_apres_versement\"><\/span>\u2705 <strong><strong>Contr\u00f4le \u00e9ventuel apr\u00e8s versement<\/strong><\/strong><span class=\"ez-toc-section-end\"><\/span><\/h3>\n                            <p class=\"bobex-block-vertical-step-content\"><\/p>\n                            <div>\n<div class=\"wp-block-bobex-vertical-step\">\n<p>L\u2019administration se r\u00e9serve le droit de v\u00e9rifier l\u2019authenticit\u00e9 des informations fournies dans un d\u00e9lai de&nbsp;<strong>cinq ans<\/strong>&nbsp;apr\u00e8s le paiement de la prime.<\/p>\n<\/div>\n<\/div>\n                        <\/div>\n                    <\/div>\n                <\/div>\n                <\/div>\n\n                    <script type=\"application\/ld+json\">\n                        {\"@context\":\"https:\\\/\\\/schema.org\",\"@type\":\"Itemlist\",\"itemListElement\":[\"\\u2705 <strong><strong>Faire r\\u00e9aliser vos travaux<\\\/strong><\\\/strong> (sans oublier l'audit logement au pr\\u00e9alable)\",\"\\u2705 <strong><strong>Introduire votre demande de prime<\\\/strong><\\\/strong>\",\"\\u2705 <strong><strong>R\\u00e9ception et traitement de votre demande<\\\/strong><\\\/strong>\",\"\\u2705 <strong><strong>Contr\\u00f4le \\u00e9ventuel apr\\u00e8s versement<\\\/strong><\\\/strong>\"],\"itemListOrder\":\"Ascending\",\"name\":\"Vertical steps: Prime pour po\\u00eale \\u00e0 pellets en R\\u00e9gion wallonne : Montants 2026\"}\n                    <\/script>\n                \n\n\n<h2 class=\"wp-block-heading\"><span class=\"ez-toc-section\" id=\"Ameliorez_votre_consommation_denergie_en_Belgique_demandez_vos_devis_pour_un_poele_a_pellets\"><\/span>Am\u00e9liorez votre consommation d&rsquo;\u00e9nergie en Belgique : demandez vos devis pour un po\u00eale \u00e0 pellets<span class=\"ez-toc-section-end\"><\/span><\/h2>\n\n\n\n<p>Vous \u00eates \u00e9ligible et vous voulez profiter des primes pour l\u2019achat et l\u2019installation d\u2019un po\u00eale \u00e0 pellets. N\u2019h\u00e9sitez plus ! En compl\u00e9tant ce formulaire en ligne ci-dessous, vous pouvez recevoir jusqu\u2019\u00e0<strong> 5 devis gratuits des meilleurs entrepreneurs de votre r\u00e9gion<\/strong>. Il n\u2019est jamais trop tard pour effectuer une mise \u00e0 jour afin de b\u00e9n\u00e9ficier d\u2019une \u00e9nergie plus propre pour un rendement adapt\u00e9 \u00e0 votre situation.<\/p>\n\n\n<div id=\"ppp\" class=\"bob-form-wrapper\" data-ajax_url=\"https:\/\/www.bobex.be\/fr-be\/wp-admin\/admin-ajax.php\" data-fa_a=\"\" data-fa_b=\"\"><div class=\"loader\" aria-hidden=\"true\"><\/div>    <div>\n        <div class=\"row mx-auto mb-2\" style=\"max-width: 900px;\">\n            <div class=\"col-md-4\"><i class=\"mr-1 fas fa-check\" style=\"color:green;\"><\/i>Devis gratuits et rapides<\/div>\n            <div class=\"col-md-4\"><i class=\"mr-1 fas fa-check\" style=\"color:green;\"><\/i>Sans engagement et obligation<\/div>\n            <div class=\"col-md-4\"><i class=\"mr-1 fas fa-check\" style=\"color:green;\"><\/i>Professionnels agr\u00e9\u00e9s<\/div>\n        <\/div>\n    <\/div><div id=\"form-69f5114bedd3a\" class=\"bob-form-container\" style=\"background-color: white; font-family: Roboto, sans-serif !important; font-size: 16px !important; color: #545454; box-shadow: 0 2px 10px rgba(0,0,0,0.1); --font_title: Poppins; --font_size_title: 20px; --title_bg_color: #175da6; --copyright_color: #fde8e1; --box_upload_color: #e5f2f7; padding:unset;\" data-form-type=\"inline\" data-form-id=\"69f5114bedd3a\"><style>#form-69f5114bedd3a .bob-form-inline-question.even {\n  background-color: #e5f2f7;\n}\n#form-69f5114bedd3a .single_multiple.multiple_button {\n  background-color: #e5f2f7 !important;\n}\n#form-69f5114bedd3a .bob-form-inline-question--hidden {\n  display: none;\n}<\/style><div class=\"form-questions\"><form id=\"bob-form\" class=\"bob-form bob-form-tag\" method=\"post\" action=\"https:\/\/www.bobex.be\/fr-be\/wp-admin\/admin-ajax.php?action=bobex-form-validation\">    <div class=\"form-title\">\n        Formulez votre demande\n        <div class=\"form-title-info-line\">\n            R\u00e9pondez \u00e0 quelques questions et entrez en contact avec des sp\u00e9cialistes fiables. Nous vous demandons vos coordonn\u00e9es afin de s\u00e9lectionner les professionnels actifs dans votre r\u00e9gion.\n        <\/div>\n    <\/div><div class=\"form-questions bob-form-inline-question\"><div class=\"row\"><div class=\"question col-md-4\"><label>1*. Quel type de chauffage avez-vous actuellement?<\/label><\/div><div class=\"answer col-md-8\"><div class=\"bob-form-radio d-flex\"><input type=\"radio\" class=\"inline-radio\" id=\"69f5114bedd3a-input-0-1\" data-unique-id=\"69f5114bedd3a\" name=\"XML_extra_radio\" value=\"1\"  required=\"required\"><label for=\"69f5114bedd3a-input-0-1\">Gaz<\/label><\/div><div class=\"bob-form-radio d-flex\"><input type=\"radio\" class=\"inline-radio\" id=\"69f5114bedd3a-input-0-2\" data-unique-id=\"69f5114bedd3a\" name=\"XML_extra_radio\" value=\"2\"  required=\"required\"><label for=\"69f5114bedd3a-input-0-2\">Mazout<\/label><\/div><div class=\"bob-form-radio d-flex\"><input type=\"radio\" class=\"inline-radio\" id=\"69f5114bedd3a-input-0-3\" data-unique-id=\"69f5114bedd3a\" name=\"XML_extra_radio\" value=\"3\"  required=\"required\"><label for=\"69f5114bedd3a-input-0-3\">Electrique<\/label><\/div><div class=\"bob-form-radio d-flex\"><input type=\"radio\" class=\"inline-radio\" id=\"69f5114bedd3a-input-0-4\" data-unique-id=\"69f5114bedd3a\" name=\"XML_extra_radio\" value=\"4\"  required=\"required\"><label for=\"69f5114bedd3a-input-0-4\">Autre ou pas encore de chauffage<\/label><\/div><\/div><\/div><\/div><div class=\"form-questions bob-form-inline-question even\"><div class=\"row\"><div class=\"question col-md-4\"><label>2*. Comment est votre isolation?<\/label><\/div><div class=\"answer col-md-8\"><div class=\"bob-form-radio d-flex\"><input type=\"radio\" class=\"inline-radio\" id=\"69f5114bedd3a-input-1-1\" data-unique-id=\"69f5114bedd3a\" name=\"XML_extra_radio2\" value=\"1\"  required=\"required\"><label for=\"69f5114bedd3a-input-1-1\">Tr\u00e8s bonne isolation<\/label><\/div><div class=\"bob-form-radio d-flex\"><input type=\"radio\" class=\"inline-radio\" id=\"69f5114bedd3a-input-1-2\" data-unique-id=\"69f5114bedd3a\" name=\"XML_extra_radio2\" value=\"2\"  required=\"required\"><label for=\"69f5114bedd3a-input-1-2\">Isolation moyenne<\/label><\/div><div class=\"bob-form-radio d-flex\"><input type=\"radio\" class=\"inline-radio\" id=\"69f5114bedd3a-input-1-3\" data-unique-id=\"69f5114bedd3a\" name=\"XML_extra_radio2\" value=\"3\"  required=\"required\"><label for=\"69f5114bedd3a-input-1-3\">Peu ou pas d&rsquo;isolation<\/label><\/div><\/div><\/div><\/div><div class=\"form-questions bob-form-inline-question\"><div class=\"row\"><div class=\"question col-md-4\"><label>3*. Quand voulez-vous l&rsquo;installation de la chaudi\u00e8re \u00e0 pellets ou chauffage \u00e0 pellets?<\/label><\/div><div class=\"answer col-md-8\"><div class=\"bob-form-radio d-flex\"><input type=\"radio\" class=\"inline-radio\" id=\"69f5114bedd3a-input-2-1\" data-unique-id=\"69f5114bedd3a\" name=\"XML_extra_radio3\" value=\"1\"  required=\"required\"><label for=\"69f5114bedd3a-input-2-1\">Le plus rapidement possible, sous le mois<\/label><\/div><div class=\"bob-form-radio d-flex\"><input type=\"radio\" class=\"inline-radio\" id=\"69f5114bedd3a-input-2-2\" data-unique-id=\"69f5114bedd3a\" name=\"XML_extra_radio3\" value=\"2\"  required=\"required\"><label for=\"69f5114bedd3a-input-2-2\">Dans 1 \u00e0 3 mois<\/label><\/div><div class=\"bob-form-radio d-flex\"><input type=\"radio\" class=\"inline-radio\" id=\"69f5114bedd3a-input-2-3\" data-unique-id=\"69f5114bedd3a\" name=\"XML_extra_radio3\" value=\"3\"  required=\"required\"><label for=\"69f5114bedd3a-input-2-3\">Dans 4 \u00e0 6 mois<\/label><\/div><div class=\"bob-form-radio d-flex\"><input type=\"radio\" class=\"inline-radio\" id=\"69f5114bedd3a-input-2-4\" data-unique-id=\"69f5114bedd3a\" name=\"XML_extra_radio3\" value=\"4\"  required=\"required\"><label for=\"69f5114bedd3a-input-2-4\">Dans 7 \u00e0 12 mois<\/label><\/div><\/div><\/div><\/div><div class=\"form-questions bob-form-inline-question even\"><div class=\"d-flex flex-column\"><label class=\"question\" for=\"69f5114bedd3a-input-3\">4. Description de votre projet<\/label><textarea class=\"bob-form-input\" name=\"XML_remarks\" id=\"69f5114bedd3a-input-3\" data-unique-id=\"69f5114bedd3a\"><\/textarea><\/div><\/div><div class=\"bob-inline-form bob-form-tag upload-box mb-3\">\n                    <div class=\"row\">\n                        <div class=\"col-md-12 mb-2 question\">Ajouter des photos ou des pi\u00e8ces jointes (en Option)<\/div>\n                        <div class=\"col-md-12\">\n                            <div class=\"box__input\" style=\"background-color: #e5f2f7;\"\n                                 ondrop=\"drop(event)\"\n                                 ondragover=\"allowDrop(event)\"\n                                 ondragleave=\"removeDropFx(event)\"\n                                >\n                                <input type=\"file\"\n                                       class=\"file__input\"\n                                       name=\"attachments[]\"\n                                       id=\"attachments\"\n                                       multiple=\"multiple\"\n                                       accept=\"image\/jpeg, image\/png, image\/gif, application\/pdf\"\n                                       data-multiple-caption=\"{count} files selected\">\n                                <div>\n                                    <label for=\"attachments\"><strong>S\u00e9lectionnez un fichier <\/strong>ou glissez-le ici<\/label>\n                                    <span class=\"box__button bobex-round-cta m-1 py-1\"\n                                          style=\"mix-blend-mode: luminosity\">\n                                        <i class=\"fas fa-cloud-upload-alt text-white\"><\/i>\n                                        T\u00e9l\u00e9charger\n                                    <\/span>\n                                <\/div>\n            \n                                <div class=\"row preview_wrapper m-0\"><\/div>\n                            <\/div>\n            \n                            <div class=\"box__uploading\">Uploading\u2026<\/div>\n                            <div class=\"box__success\">Done!<\/div>\n                            <div class=\"box__error\">Error! <span><\/span>.<\/div>\n                        <\/div>\n                    <\/div>\n                <\/div>    <div class=\"form-title\">\n        Vos donn\u00e9es\n    <\/div><div class=\"bob-form-contact-data\" style=\"padding: 20px\"><div class=\"row lead-info\"><div class=\"col-md-6 mb-3\">  <div class=\"form-group\">    <input value=\"\" type=\"text\" class=\"form-control\" id=\"firstName\" name=\"firstName\" placeholder=\"Pr\u00e9nom\" required>    <div class=\"valid-feedback\">Enchant\u00e9 !<\/div>    <div class=\"invalid-feedback\">Veuillez indiquer votre pr\u00e9nom<\/div>  <\/div><\/div><div class=\"col-md-6 mb-3\">  <div class=\"form-group\">    <input value=\"\" type=\"text\" class=\"form-control\" id=\"lastName\" name=\"lastName\" placeholder=\"Nom\" required>    <div class=\"valid-feedback\">Sympa<\/div>    <div class=\"invalid-feedback\">Veuillez indiquer votre nom de famille<\/div>  <\/div><\/div><div class=\"col-md-12 mb-3\">  <div class=\"form-group\">    <input value=\"\" type=\"email\" class=\"form-control\" id=\"email\" name=\"email\" placeholder=\"E-mail\" required style=\"max-width: unset;\">    <div class=\"valid-feedback\">C&rsquo;est tout bon<\/div>    <div class=\"invalid-feedback\">Veuillez indiquer une adresse e-mail valide<\/div>  <\/div><\/div><div class=\"col-md-12 mb-3\">  <div class=\"form-group\">    <input value=\"\" type=\"tel\" class=\"form-control\" id=\"phone\" name=\"phone\" placeholder=\"T\u00e9l\u00e9phone\" required style=\"max-width: unset;\">    <div class=\"valid-feedback\">Parfait<\/div>    <div class=\"invalid-feedback\">Veuillez indiquer un num\u00e9ro de t\u00e9l\u00e9phone valide<\/div>  <\/div><\/div><div class=\"col-md-12 mb-3\">  <div class=\"form-group\">    <input value=\"\" type=\"text\" class=\"form-control\" id=\"companyAddress\" name=\"companyAddress\" placeholder=\"Adresse\" required style=\"max-width: unset;\">    <div class=\"valid-feedback\">C&rsquo;est not\u00e9<\/div>    <div class=\"invalid-feedback\">Veuillez indiquer une adresse valide<\/div>  <\/div><\/div><div class=\"col-md-6 mb-3\">  <div class=\"form-group\">    <input value=\"\" type=\"text\" class=\"form-control\" id=\"companyPostalCode\" name=\"companyPostalCode\" placeholder=\"Code postal\" required>    <div class=\"valid-feedback\">Excellent !<\/div>    <div class=\"invalid-feedback\">Veuillez indiquer un code postal valide<\/div>  <\/div><\/div><div class=\"col-md-6 mb-3\">  <div class=\"form-group\">    <input value=\"\" type=\"text\" class=\"form-control\" id=\"companyCity\" name=\"companyCity\" placeholder=\"Ville\" required>    <div class=\"valid-feedback\">Bien jou\u00e9<\/div>    <div class=\"invalid-feedback\">Veuillez indiquer une ville valide<\/div>  <\/div><\/div><div class=\"d-flex mt-3\"><input name=\"promoOptin\" value=\"true\" id=\"promoOptin\" type=\"checkbox\" class=\"me-2\" style=\"width: unset\"><label for=\"promoOptin\">Je souhaite rester inform\u00e9 de ma demande et recevoir des conseils pratiques (fortement recommand\u00e9 !) <\/label><\/div><\/div><\/div><input type=\"hidden\" class=\"session_var\" name=\"newform\" value=\"true\"><input type=\"hidden\" class=\"session_var\" name=\"lead-validation-nonce\" value=\"b093144bd6\"><input type=\"hidden\" class=\"session_var\" name=\"aff\" value=\"minisite\"><input type=\"hidden\" class=\"session_var\" name=\"utm_source\" value=\"https:\/\/www.bobex.be\/fr-be\/wp-json\/v2\/content\/72029\"><input type=\"hidden\" class=\"session_var\" name=\"bobx\" value=\"\"><input type=\"hidden\" class=\"session_var\" name=\"sessionType\" value=\"B2C\"><input type=\"hidden\" class=\"session_var\" name=\"utm_medium\" value=\"web\"><input type=\"hidden\" class=\"session_var\" name=\"utm_campaign\" value=\"search\"><input type=\"hidden\" class=\"session_var\" name=\"rem_source\" value=\"https:\/\/www.bobex.be\/fr-be\/poele-a-pellets\/primes-wallonie\/\"><input type=\"hidden\" class=\"session_var\" name=\"pixel_id\" value=\"-1\"><input type=\"hidden\" class=\"session_var\" name=\"tabo_id\" value=\"-1\"><input type=\"hidden\" class=\"session_var\" name=\"click_id\" value=\"-1\"><input type=\"hidden\" class=\"session_var\" name=\"gclid\" value=\"-1\"><input type=\"hidden\" class=\"session_var\" name=\"msclkid\" value=\"-1\"><input type=\"hidden\" class=\"session_var\" name=\"past_aff\" value=\"bobex\"><input type=\"hidden\" class=\"session_var\" name=\"redirectTo\" value=\"BE\"><input type=\"hidden\" class=\"session_var\" name=\"is_type_id\" value=\"true\"><input type=\"hidden\" class=\"session_var\" name=\"typeid\" value=\"11969\"><input type=\"hidden\" class=\"session_var\" name=\"companyType\" value=\"label.companytype.consumer\"><input type=\"hidden\" class=\"session_var\" name=\"input_names\" value=\"XML_extra_radio,XML_extra_radio2,XML_extra_radio3,XML_remarks\"><input type=\"hidden\" class=\"form_context\" value=\"BE\"><img decoding=\"async\" class=\"bobex-pixel\" src=\"\" alt=\"\" style=\"display:none\" \/>    <div class=\"bob-form-submit d-flex justify-content-center\">\n        <button type=\"submit\" class=\"form-submit\" style=\"background-color: #F1653A; color: white; border: none !important; border-radius: 5px !important; font-family: Roboto, sans-serif; font-size: 16px;\">\n            Demander un devis\n        <\/button>\n    <\/div>    <div class=\"bob-inline-form form-footer\" style=\"border-radius: 0 0 10px 10px\">\n        <div class=\"bob-form-privacy-text\">\n            <div style=\"float:left;\"><i class=\"fa fa-lock\"><\/i><\/div>\n            <div class=\"ms-2\">\n                <div style='padding-left: 15px;font-size: 0.8em !important;z-index: 10;'><b>Nous respectons votre vie priv\u00e9e<\/b><br> Conform\u00e9ment \u00e0 la loi du 8\/12\/1992 relative \u00e0 la protection de la vie priv\u00e9e, vous disposez d&rsquo;un droit d&rsquo;acc\u00e8s et de rectification \u00e0 vos donn\u00e9es. Pour en savoir plus, consultez notre <span class=\"link_ob\" data-link=\"aHR0cHM6Ly93d3cuYm9iZXguYmUvZnItYmUvcHJvdGVjdGlvbi1kZS1sYS12aWUtcHJpdmVlLw==\" target=\"_blank\">charte sur la vie priv\u00e9e<\/span>.<\/div>\n                \n            <\/div>\n        <\/div>\n    <\/div><\/form><\/div><div class=\"multiple_mini hidden\" data-lead_id=\"\"><p class=\"multiple-title\">Merci d&rsquo;avoir pris le temps de remplir ce formulaire<\/p><p>Nous vous contacterons d\u00e8s que possible pour vous orienter vers le meilleur sp\u00e9cialiste correspondant \u00e0 votre demande.<\/p><div class=\"multiple_wrapper\"><div class=\"loader\"><\/div><p class=\"multiple-title\">Vous cherchez d&rsquo;autres services ?<\/p><p class=\"multiple_text\">Vous souhaitez comparer d&rsquo;autres devis ou explorer d&rsquo;autres services ? Faites-le nous savoir et nous vous mettrons rapidement en relation<\/p><div class=\"multiple_container\"><div class=\"single_multiple multiple_button\" data-typeid=\"30044\"><i class=\"fa-3x cat icon-30044\"><\/i><span class=\"multiple_name\">Chauffe-eau solaire<\/span><\/div><div class=\"single_multiple multiple_button\" data-typeid=\"11364\"><i class=\"fa-3x cat icon-11364\"><\/i><span class=\"multiple_name\">Panneaux solaires<\/span><\/div><div class=\"single_multiple multiple_button\" data-typeid=\"11428\"><i class=\"fa-3x cat icon-11428\"><\/i><span class=\"multiple_name\">Pompe \u00e0 chaleur<\/span><\/div><div class=\"single_multiple multiple_button\" data-typeid=\"11426\"><i class=\"fa-3x cat icon-11426\"><\/i><span class=\"multiple_name\">Chaudi\u00e8re \u00e0 condensation<\/span><\/div><div class=\"single_multiple multiple_button\" data-typeid=\"11986\"><i class=\"fa-3x cat icon-11986\"><\/i><span class=\"multiple_name\">Travaux r\u00e9novation de fa\u00e7ades<\/span><\/div><div class=\"single_multiple multiple_button\" data-typeid=\"11997\"><i class=\"fa-3x cat icon-11997\"><\/i><span class=\"multiple_name\">Chemin\u00e9e<\/span><\/div><\/div><\/div><\/div><\/div><\/div>","protected":false},"featured_media":184380,"parent":0,"template":"","meta":{"business":"44377","footnotes":""},"class_list":["post-72029","content","type-content","status-publish","has-post-thumbnail","hentry"],"_links":{"self":[{"href":"https:\/\/www.bobex.be\/fr-be\/wp-json\/wp\/v2\/content\/72029","targetHints":{"allow":["GET"]}}],"collection":[{"href":"https:\/\/www.bobex.be\/fr-be\/wp-json\/wp\/v2\/content"}],"about":[{"href":"https:\/\/www.bobex.be\/fr-be\/wp-json\/wp\/v2\/types\/content"}],"version-history":[{"count":9,"href":"https:\/\/www.bobex.be\/fr-be\/wp-json\/wp\/v2\/content\/72029\/revisions"}],"predecessor-version":[{"id":204186,"href":"https:\/\/www.bobex.be\/fr-be\/wp-json\/wp\/v2\/content\/72029\/revisions\/204186"}],"wp:featuredmedia":[{"embeddable":true,"href":"https:\/\/www.bobex.be\/fr-be\/wp-json\/wp\/v2\/media\/184380"}],"wp:attachment":[{"href":"https:\/\/www.bobex.be\/fr-be\/wp-json\/wp\/v2\/media?parent=72029"}],"curies":[{"name":"wp","href":"https:\/\/api.w.org\/{rel}","templated":true}]}}