{"id":59308,"date":"2021-10-28T12:16:35","date_gmt":"2021-10-28T12:16:35","guid":{"rendered":"https:\/\/www.bobex.be\/fr-be\/?post_type=content&#038;p=59308"},"modified":"2025-10-23T12:33:48","modified_gmt":"2025-10-23T12:33:48","slug":"flandre","status":"publish","type":"content","link":"https:\/\/www.bobex.be\/fr-be\/panneaux-solaires\/installateur\/flandre\/","title":{"rendered":"Les panneaux solaires en Flandre en 2026 : primes, tarifs et infos"},"content":{"rendered":"\n<div id=\"ez-toc-container\" class=\"ez-toc-v2_0_82_2 counter-hierarchy ez-toc-counter ez-toc-grey ez-toc-container-direction\">\n<div class=\"ez-toc-title-container\">\n<p class=\"ez-toc-title\" style=\"cursor:inherit\">Sommaire<\/p>\n<span class=\"ez-toc-title-toggle\"><a href=\"#\" class=\"ez-toc-pull-right ez-toc-btn ez-toc-btn-xs ez-toc-btn-default ez-toc-toggle\" aria-label=\"Toggle Table of Content\"><span class=\"ez-toc-js-icon-con\"><span class=\"\"><span class=\"eztoc-hide\" style=\"display:none;\">Toggle<\/span><span class=\"ez-toc-icon-toggle-span\"><svg style=\"fill: #999;color:#999\" xmlns=\"http:\/\/www.w3.org\/2000\/svg\" class=\"list-377408\" width=\"20px\" height=\"20px\" viewBox=\"0 0 24 24\" fill=\"none\"><path d=\"M6 6H4v2h2V6zm14 0H8v2h12V6zM4 11h2v2H4v-2zm16 0H8v2h12v-2zM4 16h2v2H4v-2zm16 0H8v2h12v-2z\" fill=\"currentColor\"><\/path><\/svg><svg style=\"fill: #999;color:#999\" class=\"arrow-unsorted-368013\" xmlns=\"http:\/\/www.w3.org\/2000\/svg\" width=\"10px\" height=\"10px\" viewBox=\"0 0 24 24\" version=\"1.2\" baseProfile=\"tiny\"><path d=\"M18.2 9.3l-6.2-6.3-6.2 6.3c-.2.2-.3.4-.3.7s.1.5.3.7c.2.2.4.3.7.3h11c.3 0 .5-.1.7-.3.2-.2.3-.5.3-.7s-.1-.5-.3-.7zM5.8 14.7l6.2 6.3 6.2-6.3c.2-.2.3-.5.3-.7s-.1-.5-.3-.7c-.2-.2-.4-.3-.7-.3h-11c-.3 0-.5.1-.7.3-.2.2-.3.5-.3.7s.1.5.3.7z\"\/><\/svg><\/span><\/span><\/span><\/a><\/span><\/div>\n<nav><ul class='ez-toc-list ez-toc-list-level-1 eztoc-toggle-hide-by-default' ><li class='ez-toc-page-1 ez-toc-heading-level-2'><a class=\"ez-toc-link ez-toc-heading-1\" href=\"https:\/\/www.bobex.be\/fr-be\/panneaux-solaires\/installateur\/flandre\/#Tableau_recapitulatif_des_primes_panneaux_solaires_en_Flandre\" >Tableau r\u00e9capitulatif des primes panneaux solaires en Flandre<\/a><\/li><li class='ez-toc-page-1 ez-toc-heading-level-2'><a class=\"ez-toc-link ez-toc-heading-2\" href=\"https:\/\/www.bobex.be\/fr-be\/panneaux-solaires\/installateur\/flandre\/#Fin_de_la_prime_Fluvius_en_2024\" >Fin de la prime Fluvius en 2024<\/a><\/li><li class='ez-toc-page-1 ez-toc-heading-level-2'><a class=\"ez-toc-link ez-toc-heading-3\" href=\"https:\/\/www.bobex.be\/fr-be\/panneaux-solaires\/installateur\/flandre\/#Les_subventions_qui_ne_sont_plus_dactualite_depuis_2021\" >Les subventions qui ne sont plus d\u2019actualit\u00e9 depuis 2021<\/a><ul class='ez-toc-list-level-3' ><li class='ez-toc-heading-level-3'><a class=\"ez-toc-link ez-toc-heading-4\" href=\"https:\/\/www.bobex.be\/fr-be\/panneaux-solaires\/installateur\/flandre\/#Tarif_prosumer\" >Tarif prosumer<\/a><\/li><li class='ez-toc-page-1 ez-toc-heading-level-3'><a class=\"ez-toc-link ez-toc-heading-5\" href=\"https:\/\/www.bobex.be\/fr-be\/panneaux-solaires\/installateur\/flandre\/#Compteur_inverse\" >Compteur invers\u00e9<\/a><\/li><\/ul><\/li><li class='ez-toc-page-1 ez-toc-heading-level-2'><a class=\"ez-toc-link ez-toc-heading-6\" href=\"https:\/\/www.bobex.be\/fr-be\/panneaux-solaires\/installateur\/flandre\/#Les_nouvelles_primes_panneaux_solaires_en_2026\" >Les nouvelles primes panneaux solaires en 2026<\/a><ul class='ez-toc-list-level-3' ><li class='ez-toc-heading-level-3'><a class=\"ez-toc-link ez-toc-heading-7\" href=\"https:\/\/www.bobex.be\/fr-be\/panneaux-solaires\/installateur\/flandre\/#Le_tarif_dinjection\" >Le tarif d\u2019injection<\/a><\/li><li class='ez-toc-page-1 ez-toc-heading-level-3'><a class=\"ez-toc-link ez-toc-heading-8\" href=\"https:\/\/www.bobex.be\/fr-be\/panneaux-solaires\/installateur\/flandre\/#Le_tarif_dynamique\" >Le tarif dynamique&nbsp;<\/a><\/li><\/ul><\/li><li class='ez-toc-page-1 ez-toc-heading-level-2'><a class=\"ez-toc-link ez-toc-heading-9\" href=\"https:\/\/www.bobex.be\/fr-be\/panneaux-solaires\/installateur\/flandre\/#Les_autres_aides_disponibles_en_Flandre\" >Les autres aides disponibles en Flandre<\/a><ul class='ez-toc-list-level-3' ><li class='ez-toc-heading-level-3'><a class=\"ez-toc-link ez-toc-heading-10\" href=\"https:\/\/www.bobex.be\/fr-be\/panneaux-solaires\/installateur\/flandre\/#Prime_de_compensation\" >Prime de compensation<\/a><\/li><li class='ez-toc-page-1 ez-toc-heading-level-3'><a class=\"ez-toc-link ez-toc-heading-11\" href=\"https:\/\/www.bobex.be\/fr-be\/panneaux-solaires\/installateur\/flandre\/#Prime_dinvestissement_retroactive\" >Prime d\u2019investissement r\u00e9troactive<\/a><\/li><li class='ez-toc-page-1 ez-toc-heading-level-3'><a class=\"ez-toc-link ez-toc-heading-12\" href=\"https:\/\/www.bobex.be\/fr-be\/panneaux-solaires\/installateur\/flandre\/#Taux_de_TVA_reduit\" >Taux de TVA r\u00e9duit<\/a><\/li><li class='ez-toc-page-1 ez-toc-heading-level-3'><a class=\"ez-toc-link ez-toc-heading-13\" href=\"https:\/\/www.bobex.be\/fr-be\/panneaux-solaires\/installateur\/flandre\/#Primes_des_gestionnaires_et_primes_locales\" >Primes des gestionnaires et primes locales<\/a><\/li><\/ul><\/li><li class='ez-toc-page-1 ez-toc-heading-level-2'><a class=\"ez-toc-link ez-toc-heading-14\" href=\"https:\/\/www.bobex.be\/fr-be\/panneaux-solaires\/installateur\/flandre\/#Est-ce_possible_dinstaller_des_panneaux_solaires_gratuits_en_Flandre\" >Est-ce possible d&rsquo;installer des panneaux solaires gratuits en Flandre ?<\/a><\/li><li class='ez-toc-page-1 ez-toc-heading-level-2'><a class=\"ez-toc-link ez-toc-heading-15\" href=\"https:\/\/www.bobex.be\/fr-be\/panneaux-solaires\/installateur\/flandre\/#Quelles_sont_les_primes_dans_les_autres_regions\" >Quelles sont les primes dans les autres r\u00e9gions ?<\/a><ul class='ez-toc-list-level-3' ><li class='ez-toc-heading-level-3'><a class=\"ez-toc-link ez-toc-heading-16\" href=\"https:\/\/www.bobex.be\/fr-be\/panneaux-solaires\/installateur\/flandre\/#Primes_a_Bruxelles\" >Primes \u00e0 Bruxelles<\/a><\/li><li class='ez-toc-page-1 ez-toc-heading-level-3'><a class=\"ez-toc-link ez-toc-heading-17\" href=\"https:\/\/www.bobex.be\/fr-be\/panneaux-solaires\/installateur\/flandre\/#Primes_en_Wallonie\" >Primes en Wallonie<\/a><\/li><\/ul><\/li><li class='ez-toc-page-1 ez-toc-heading-level-2'><a class=\"ez-toc-link ez-toc-heading-18\" href=\"https:\/\/www.bobex.be\/fr-be\/panneaux-solaires\/installateur\/flandre\/#Quelles_primes_pour_linstallation_de_panneaux_solaires_chez_vous\" >Quelles primes pour l\u2019installation de panneaux solaires chez vous ?<\/a><ul class='ez-toc-list-level-3' ><li class='ez-toc-heading-level-3'><a class=\"ez-toc-link ez-toc-heading-19\" href=\"https:\/\/www.bobex.be\/fr-be\/panneaux-solaires\/installateur\/flandre\/#Quel_est_le_prix_de_8_panneaux_solaires\" >Quel est le prix de 8 panneaux solaires ?<\/a><\/li><li class='ez-toc-page-1 ez-toc-heading-level-3'><a class=\"ez-toc-link ez-toc-heading-20\" href=\"https:\/\/www.bobex.be\/fr-be\/panneaux-solaires\/installateur\/flandre\/#Quel_est_le_cout_dune_installation_photovoltaique\" >Quel est le co\u00fbt d&rsquo;une installation photovolta\u00efque ?<\/a><\/li><li class='ez-toc-page-1 ez-toc-heading-level-3'><a class=\"ez-toc-link ez-toc-heading-21\" href=\"https:\/\/www.bobex.be\/fr-be\/panneaux-solaires\/installateur\/flandre\/#Comment_calculer_le_tarif_prosumer_en_flandre\" >Comment calculer le tarif prosumer en flandre ?<\/a><\/li><\/ul><\/li><\/ul><\/nav><\/div>\n<h2 class=\"wp-block-heading\"><span class=\"ez-toc-section\" id=\"Tableau_recapitulatif_des_primes_panneaux_solaires_en_Flandre\"><\/span>Tableau r\u00e9capitulatif des primes panneaux solaires en Flandre<span class=\"ez-toc-section-end\"><\/span><\/h2>\n\n\n\n<p>Pour vous aider \u00e0 y voir plus clair, voici un tableau r\u00e9capitulatif des aides financi\u00e8res dont vous pouvez b\u00e9n\u00e9ficier en Flandre en 2026 pour l\u2019installation de vos panneaux photovolta\u00efques.&nbsp;<\/p>\n\n\n\n            <div class='bobex-table-wrapper' style='\n            --bobex-table-dark-row-color: #D1E8F2;\n        '>\n                <table class='' data-columns='2'>\n                    <thead style='\n            --bobex-table-header-background-color: #10375E;\n            --bobex-table-header-text-color: #FFFFFF;\n        '><th>Prime<\/th><th>Valeur de la prime<\/th><\/thead><tr><td>Tarif d\u2019injection<\/td><td>D\u00e9termin\u00e9 en fonction de la quantit\u00e9 de kWc implant\u00e9e et utilis\u00e9e<\/td><\/tr><tr><td>Prime compensation<\/td><td>Permet d\u2019atteindre le rendement de 5%<\/td><\/tr><tr><td>Prime d\u2019investissement r\u00e9troactive<\/td><td>1 136 \u20ac<\/td><\/tr><tr><td>Taux de TVA r\u00e9duit<\/td><td>TVA \u00e0 6%\u00a0<\/td><\/tr><tr><td>Primes locales et primes des gestionnaires<\/td><td>Montant variable en fonction des villes, communes et gestionnaires.\u00a0<\/td><\/tr>\n                <\/table>\n            <\/div>\n        \n\n\n<h2 class=\"wp-block-heading\"><span class=\"ez-toc-section\" id=\"Fin_de_la_prime_Fluvius_en_2024\"><\/span>Fin de la prime Fluvius en 2024<span class=\"ez-toc-section-end\"><\/span><\/h2>\n\n\n\n<p>Le r\u00e9seau de distribution d&rsquo;\u00e9nergie Fluvius, proposait une prime de maximum 750\u20ac aux habitations qui \u00e9taient raccord\u00e9es au  r\u00e9seau Fluvius depuis au moins le 31 d\u00e9cembre 2013. Elle n&rsquo;est toutefois <strong>plus d&rsquo;actualit\u00e9 depuis le 1 avril 2024<\/strong>, car le prix des panneaux solaires, \u00e0 l&rsquo;heure actuelle, est plus accessible qu&rsquo;avant.&nbsp;<\/p>\n\n\n\n<p><strong>N.B.<\/strong> : M\u00eame si la prime Fluvius est supprim\u00e9e, vos panneaux seront rentabilis\u00e9s assez rapidement et vous pourrez \u00e9conomiser sans souci.<\/p>\n\n\n\n<h2 class=\"wp-block-heading\"><span class=\"ez-toc-section\" id=\"Les_subventions_qui_ne_sont_plus_dactualite_depuis_2021\"><\/span>Les subventions qui ne sont plus d\u2019actualit\u00e9 depuis 2021<span class=\"ez-toc-section-end\"><\/span><\/h2>\n\n\n\n<p>Depuis le d\u00e9but de l\u2019ann\u00e9e 2021, certains changements ont \u00e9t\u00e9 faits en ce qui concerne les primes et aides financi\u00e8res pour les panneaux solaires en R\u00e9gion flamande. 2021 marque ainsi la fin du tarif prosumer et du syst\u00e8me du compteur invers\u00e9.&nbsp;<\/p>\n\n\n\n<figure class=\"wp-block-image size-large\"><img decoding=\"async\" width=\"1024\" height=\"538\" src=\"https:\/\/www.bobex.be\/wp-uploads\/sites\/2\/Femme-bureau-panneau-solaire-1-1024x538.jpg\" alt=\"femme analysant une maquette de maison avec des panneaux solaires \" class=\"wp-image-163883\"\/><\/figure>\n\n\n\n<h3 class=\"wp-block-heading\"><span class=\"ez-toc-section\" id=\"Tarif_prosumer\"><\/span>Tarif prosumer<span class=\"ez-toc-section-end\"><\/span><\/h3>\n\n\n\n<p>Le <a href=\"https:\/\/www.bobex.be\/fr-be\/panneaux-solaires\/prix\/tarif-prosumer\/\" target=\"_blank\" rel=\"noreferrer noopener\">tarif prosumer <\/a>est une sorte de contribution annuelle que doivent payer tous les propri\u00e9taires de panneaux photovolta\u00efques en Flandre pour compenser l\u2019utilisation du r\u00e9seau de distribution \u00e9lectrique. Le montant de ce tarif est d\u00e9termin\u00e9 par la quantit\u00e9 d\u2019\u00e9nergie pr\u00e9lev\u00e9e par l\u2019installation.<\/p>\n\n\n\n<p>Depuis le d\u00e9but de l\u2019ann\u00e9e 2021, la Cour constitutionnelle a d\u00e9cid\u00e9 de <strong>supprimer<\/strong> ce tarif prosumer ainsi que le syst\u00e8me du compteur qui tourne \u00e0 l\u2019envers qui accompagne g\u00e9n\u00e9ralement ce tarif. Dor\u00e9navant, les propri\u00e9taires d\u2019une installation solaire payent pour leur consommation r\u00e9elle.&nbsp;<\/p>\n\n\n\n<h3 class=\"wp-block-heading\"><span class=\"ez-toc-section\" id=\"Compteur_inverse\"><\/span>Compteur invers\u00e9<span class=\"ez-toc-section-end\"><\/span><\/h3>\n\n\n\n<p>Le <strong>compteur invers\u00e9<\/strong> ou compteur qui tourne \u00e0 l\u2019envers est un syst\u00e8me qui permettait d&rsquo;inverser le compteur d\u2019\u00e9nergie du logement. De ce fait, la production de l\u2019installation solaire devient sup\u00e9rieure \u00e0 la consommation du foyer ce qui rend les panneaux solaires plus rentables.&nbsp;<\/p>\n\n\n\n<p>\u00c0 pr\u00e9sent, suite \u00e0 la d\u00e9cision de la Cour constitutionnelle, le compteur invers\u00e9 doit \u00eatre remplac\u00e9 par un compteur num\u00e9rique. Il est cependant possible d\u2019introduire une demande de remplacement d\u2019un ancien compteur. Le gouvernement flamand propose une compensation financi\u00e8re pour l\u2019am\u00e9nagement d\u2019un compteur bidirectionnel et pour assurer le rendement moyen \u00e0 <strong>5%<\/strong> de panneaux. Cette demande de prime devra \u00eatre introduite avant le <strong>1er janvier 2029<\/strong>.&nbsp;&nbsp;<\/p>\n\n\n<div class='bobex-cta-block' style='\n            --button-bg-color: #e13c0e;\n            --button-text-color: #ffffff;\n            --banner-bg-color: #aad4e6;\n            --arrow-main-bg-color: #aad4e6;\n            --arrow-secondary-bg-color: #e5f2f7;\n            --banner-title-color: #10375e;\n            --arrow-title-color: #10375e;\n            --banner-text-color: #545454;\n            --arrow-text-color: #545454;         \n            --invert-range: 0deg;\n        '><a class='cta-button-rounded' href='#ppp'>Installez des panneaux solaires en Flandre<\/a><\/div>\n\n\n<h2 class=\"wp-block-heading\"><span class=\"ez-toc-section\" id=\"Les_nouvelles_primes_panneaux_solaires_en_2026\"><\/span>Les nouvelles primes panneaux solaires en 2026<span class=\"ez-toc-section-end\"><\/span><\/h2>\n\n\n\n<p>Cependant, pour encourager la population \u00e0 investir dans l\u2019\u00e9nergie solaire, le gouvernement flamand introduit de nouvelles aides financi\u00e8res en compl\u00e9ments des anciennes subventions d\u00e9j\u00e0 existantes. Ainsi, les futurs propri\u00e9taires de panneaux solaires pourront b\u00e9n\u00e9ficier d\u2019une nouvelle prime ainsi que d\u2019un nouveau tarif d\u2019injection.&nbsp;<\/p>\n\n\n\n<h3 class=\"wp-block-heading\"><span class=\"ez-toc-section\" id=\"Le_tarif_dinjection\"><\/span>Le tarif d\u2019injection<span class=\"ez-toc-section-end\"><\/span><\/h3>\n\n\n\n<p>Le <a href=\"https:\/\/www.bobex.be\/fr-be\/panneaux-solaires\/prix\/tarif-prosumer\/injection\/\">tarif d\u2019injection<\/a> marque l\u2019arr\u00eat d\u00e9finitif du principe du compteur invers\u00e9 en Flandre. Cette tarification constitue une valorisation de l\u2019injection solaire par les propri\u00e9taires de panneaux. Cela signifie que le surplus d\u2019\u00e9nergie que vous implant\u00e9 dans le r\u00e9seau vous rapportera un certain montant appel\u00e9 le tarif d\u2019injection.&nbsp;<\/p>\n\n\n\n<p>Pour pouvoir b\u00e9n\u00e9ficier de cette aide financi\u00e8re, il suffit d\u2019\u00eatre d\u00e9tenteur de panneaux photovolta\u00efques et d\u2019un <strong>compteur digital<\/strong>. Ainsi, le compteur intelligent calcule la diff\u00e9rence r\u00e9elle entre la quantit\u00e9 de kWc que vous consommez et celle que vous injectez.&nbsp; Ce tarif \u00e9tant bas\u00e9 sur la puissance de l\u2019installation et de son utilisation, plus vous autoconsommez, plus vos panneaux sont rentables.<\/p>\n\n\n\n<figure class=\"wp-block-image size-large\"><img decoding=\"async\" width=\"1024\" height=\"538\" src=\"https:\/\/www.bobex.be\/wp-uploads\/sites\/2\/Pieces-sur-panneau-solaire-1-1024x538.jpg\" alt=\"Pi\u00e8ces pos\u00e9es sur un panneau solaire avec coucher de soleil\" class=\"wp-image-163877\"\/><\/figure>\n\n\n\n<h3 class=\"wp-block-heading\"><span class=\"ez-toc-section\" id=\"Le_tarif_dynamique\"><\/span>Le tarif dynamique&nbsp;<span class=\"ez-toc-section-end\"><\/span><\/h3>\n\n\n\n<p>Si vous \u00eates souscrit \u00e0 ce type de tarif, il faudra favoriser l&rsquo;autoconsommation, car dans certains cas, l&rsquo;injection dans le r\u00e9seau vous co\u00fbtera de l&rsquo;argent.&nbsp;<\/p>\n\n\n\n<h2 class=\"wp-block-heading\"><span class=\"ez-toc-section\" id=\"Les_autres_aides_disponibles_en_Flandre\"><\/span>Les autres aides disponibles en Flandre<span class=\"ez-toc-section-end\"><\/span><\/h2>\n\n\n\n<p>Outre ces quelques changements, la Flandre propose \u00e9galement d\u2019autres aides financi\u00e8res toujours effectives. Ainsi, vous pourrez aussi b\u00e9n\u00e9ficier de certaines aides et d\u2019un taux de TVA r\u00e9duit.&nbsp;<\/p>\n\n\n\n<h3 class=\"wp-block-heading\"><span class=\"ez-toc-section\" id=\"Prime_de_compensation\"><\/span>Prime de compensation<span class=\"ez-toc-section-end\"><\/span><\/h3>\n\n\n\n<p>Suite \u00e0 la suppression du syst\u00e8me du compteur qui tourne \u00e0 l\u2019envers, une compensation a \u00e9t\u00e9 mise en place par le gouvernement en Flandre. Cette prime permet aux propri\u00e9taires de panneaux depuis, avant 2021 de garantir le <strong>rendement de 5%<\/strong>. Pour d\u00e9terminer la valeur exacte de cette prime de compensation, il faut se baser sur les points suivants :<\/p>\n\n\n\n<ul class=\"wp-block-list\">\n<li>Une production annuelle moyenne de 3 600 kWh<\/li>\n\n\n\n<li>Une autoconsommation d\u2019environ 36%<\/li>\n\n\n\n<li>Une capacit\u00e9 de pointe d\u2019une moyenne de 4 kWc<\/li>\n\n\n\n<li>Une capacit\u00e9 de l\u2019onduleur de 3,6 kilovoltamp\u00e8re environ<\/li>\n<\/ul>\n\n\n\n<p>Ainsi, selon la puissance de l\u2019installation solaire, la prime d\u00e9terminera un montant fixe par kWc. D\u2019autres crit\u00e8res tels que le co\u00fbt de l\u2019investissement ou d\u2019autres avantages dont vous auriez d\u00e9j\u00e0 b\u00e9n\u00e9fici\u00e9 entrent \u00e9galement en compte dans le calcul de la valeur de la prime.&nbsp;<\/p>\n\n\n\n<h3 class=\"wp-block-heading\"><span class=\"ez-toc-section\" id=\"Prime_dinvestissement_retroactive\"><\/span>Prime d\u2019investissement r\u00e9troactive<span class=\"ez-toc-section-end\"><\/span><\/h3>\n\n\n\n<p>Une prime d\u2019investissement r\u00e9troactive d\u2019une valeur totale de <strong>1 136 \u20ac <\/strong>est propos\u00e9e par le gouvernement flamand suite \u00e0 l\u2019avis positif du Conseil d\u2019\u00c9tat. Si vous poss\u00e9dez d\u00e9j\u00e0 un compteur digital, il faudra attendre au moins l\u2019automne 2021 pour pouvoir introduire la demande de prime.&nbsp; Toutefois, si vous ne disposez pas encore d\u2019un compteur num\u00e9rique, il faudra attendre six mois apr\u00e8s l\u2019installation de celui-ci pour demander la prime d\u2019investissement. Cette aide ne sera effective que<strong> jusqu\u2019\u00e0 la fin de 2025<\/strong>, ne tardez donc pas trop.&nbsp;<\/p>\n\n\n\n<h3 class=\"wp-block-heading\"><span class=\"ez-toc-section\" id=\"Taux_de_TVA_reduit\"><\/span>Taux de TVA r\u00e9duit<span class=\"ez-toc-section-end\"><\/span><\/h3>\n\n\n\n<p>En Flandre, il est possible de b\u00e9n\u00e9ficier d\u2019un taux de TVA r\u00e9duit pour diff\u00e9rents types de travaux qui apportent une am\u00e9lioration durable au logement. C\u2019est notamment le cas pour les installations d\u2019isolation, de pompes \u00e0 chaleur et de <a href=\"https:\/\/www.bobex.be\/fr-be\/panneaux-solaires\/\">panneaux solaires<\/a>.&nbsp;<\/p>\n\n\n\n<p>Pour pouvoir en profiter, il suffit de faire installer des panneaux photovolta\u00efques par une entreprise agr\u00e9\u00e9e sur une maison d\u2019au moins 10 ans utilis\u00e9e \u00e0 des fins priv\u00e9es. En remplissant ces conditions, le taux de TVA pour les travaux sera r\u00e9duit \u00e0<strong> 6% <\/strong>au lieu de <strong>21%<\/strong>.&nbsp;<\/p>\n\n\n\n<h3 class=\"wp-block-heading\"><span class=\"ez-toc-section\" id=\"Primes_des_gestionnaires_et_primes_locales\"><\/span>Primes des gestionnaires et primes locales<span class=\"ez-toc-section-end\"><\/span><\/h3>\n\n\n\n<p>Dans certaines villes et communes, certaines subventions locales sont mises \u00e0 disposition. Cependant, ces subventions locales ne sont pas octroy\u00e9es partout et sont difficilement estimables. N\u2019h\u00e9sitez donc pas \u00e0 vous renseigner aupr\u00e8s de votre commune afin d\u2019avoir toutes les informations dont vous avez besoin.&nbsp;<\/p>\n\n\n<div class='bobex-cta-block' style='\n            --button-bg-color: #e13c0e;\n            --button-text-color: #ffffff;\n            --banner-bg-color: #aad4e6;\n            --arrow-main-bg-color: #aad4e6;\n            --arrow-secondary-bg-color: #e5f2f7;\n            --banner-title-color: #10375e;\n            --arrow-title-color: #10375e;\n            --banner-text-color: #545454;\n            --arrow-text-color: #545454;         \n            --invert-range: 0deg;\n        '><a class='cta-button-rounded' href='#ppp'>Comparez gratuitement les devis en ligne<\/a><\/div>\n\n\n            <div class=\"bobex-highlight-global-div\" style=\"\n            --line-color: #17518d;\n            --bg-color: #e5f2f7;\n            --content-color:#10375e;\n            --title-color: #10375e;\n        \">\n                    <div class=\"bobex-highlight-block__border\">\n                        <div class=\"bobex--block_highlight_content-area\">\n                            <p class=\"bobex-block-highlight-title\">Taxe pour l&rsquo;installation de panneaux photovolta\u00efques en Flandre<\/p>\n                            <p class=\"bobex-block-highlight-content\">\n                            \t<div>\n<div class=\"wp-block-bobex-highlight\">\n<p>Il n&rsquo;existe pas de taxe pour l&rsquo;installation de panneaux photovolta\u00efques en Flandre.<\/p>\n<\/div>\n<\/div>\n                            <\/p>\n                        <\/div>\n                    <\/div>\n            <\/div>\n        \n\n\n<h2 class=\"wp-block-heading\"><span class=\"ez-toc-section\" id=\"Est-ce_possible_dinstaller_des_panneaux_solaires_gratuits_en_Flandre\"><\/span>Est-ce possible d&rsquo;installer des panneaux solaires gratuits en Flandre ?<span class=\"ez-toc-section-end\"><\/span><\/h2>\n\n\n\n<p><strong>Oui<\/strong>. Gr\u00e2ce \u00e0 Energy Vision, il est possible d&rsquo;installer des panneaux solaires gratuitement en Flandre si vous \u00eates propri\u00e9taire d&rsquo;une maison ou d&rsquo;un appartement.&nbsp;<\/p>\n\n\n\n<p>Cette offre de panneaux solaires a diff\u00e9rents avantages et inconv\u00e9nients :&nbsp;<\/p>\n\n\n\n            <div style='\n            --title-color:green;\n            --content-color:black\n        ' class='bobex-pros-block--container-div'>\n                <div class='bobex-pros-block-main-div'>\n                    <div class='bobex-pros-block-plus-container'>\n                        <div class='bobex-pros-block-plus-area'>\n                            <div class='bobex-pros-plus'>\n                                <svg\n                                    style='color: var(--title-color); width: 20px; height: 20px;'\n                                    width='20px'\n                                    height='20px'\n                                    viewBox='0 0 24 24'\n                                    xmlns='http:\/\/www.w3.org\/2000\/svg'\n                                >\n                                    <path d='M12,5a1,1,0,0,1,1,1v5h5a1,1,0,0,1,0,2H13v5a1,1,0,0,1-2,0V13H6a1,1,0,0,1,0-2h5V6A1,1,0,0,1,12,5Z' fill='currentColor'\/>\n                                <\/svg>\n                            <\/div>\n                        <\/div>\n                    <\/div>\n                    <div class='bobex-pros-block-content-area'>\n                        <p class='bobex-block-pros-title'>Les m\u00e9nages r\u00e9alisent de belles \u00e9conomies.\u00a0<\/p>\n                        <p class='bobex-block-pros-content'><\/p>\n                        <div>\n<div class=\"wp-block-bobex-pros\">\n<p><\/p>\n<\/div>\n<\/div>\n                    <\/div>\n                <\/div>\n            <\/div>\n        \n\n\n            <div style='\n            --title-color:green;\n            --content-color:black\n        ' class='bobex-pros-block--container-div'>\n                <div class='bobex-pros-block-main-div'>\n                    <div class='bobex-pros-block-plus-container'>\n                        <div class='bobex-pros-block-plus-area'>\n                            <div class='bobex-pros-plus'>\n                                <svg\n                                    style='color: var(--title-color); width: 20px; height: 20px;'\n                                    width='20px'\n                                    height='20px'\n                                    viewBox='0 0 24 24'\n                                    xmlns='http:\/\/www.w3.org\/2000\/svg'\n                                >\n                                    <path d='M12,5a1,1,0,0,1,1,1v5h5a1,1,0,0,1,0,2H13v5a1,1,0,0,1-2,0V13H6a1,1,0,0,1,0-2h5V6A1,1,0,0,1,12,5Z' fill='currentColor'\/>\n                                <\/svg>\n                            <\/div>\n                        <\/div>\n                    <\/div>\n                    <div class='bobex-pros-block-content-area'>\n                        <p class='bobex-block-pros-title'>Les panneaux sont offerts, ce qui reste tr\u00e8s avantageux.<\/p>\n                        <p class='bobex-block-pros-content'><\/p>\n                        <div>\n<div class=\"wp-block-bobex-pros\">\n<p><\/p>\n<\/div>\n<\/div>\n                    <\/div>\n                <\/div>\n            <\/div>\n        \n\n\n            <div style='\n            --title-color:red;\n            --content-color:black\n        ' class='bobex-cons-block--container-div'>\n                <div class='bobex-cons-block-main-div'>\n                    <div class='bobex-cons-block-plus-container'>\n                        <div class='bobex-cons-block-plus-area'>\n                            <div class='bobex-cons-plus'>\n                                <svg\n                                    style='color: var(--title-color); width: 20px; height: 20px;'\n                                    width='20px'\n                                    height='20px'\n                                    viewBox='0 0 24 24'\n                                    xmlns='http:\/\/www.w3.org\/2000\/svg'\n                                >\n                                    <path d='M19,13H5a1,1,0,0,1,0-2H19a1,1,0,0,1,0,2Z' fill='currentColor'\/>\n                                <\/svg>\n                            <\/div>\n                        <\/div>\n                    <\/div>\n                    <div class='bobex-cons-block-content-area'>\n                        <p class='bobex-block-cons-title'>Les choix dans le type, la marque et le professionnel qui vient installer les panneaux sont limit\u00e9s.\u00a0<\/p>\n                        <p class='bobex-block-cons-content'><\/p>\n                        <div>\n<div class=\"wp-block-bobex-cons\">\n<p><\/p>\n<\/div>\n<\/div>\n                    <\/div>\n                <\/div>\n            <\/div>\n        \n\n\n            <div style='\n            --title-color:red;\n            --content-color:black\n        ' class='bobex-cons-block--container-div'>\n                <div class='bobex-cons-block-main-div'>\n                    <div class='bobex-cons-block-plus-container'>\n                        <div class='bobex-cons-block-plus-area'>\n                            <div class='bobex-cons-plus'>\n                                <svg\n                                    style='color: var(--title-color); width: 20px; height: 20px;'\n                                    width='20px'\n                                    height='20px'\n                                    viewBox='0 0 24 24'\n                                    xmlns='http:\/\/www.w3.org\/2000\/svg'\n                                >\n                                    <path d='M19,13H5a1,1,0,0,1,0-2H19a1,1,0,0,1,0,2Z' fill='currentColor'\/>\n                                <\/svg>\n                            <\/div>\n                        <\/div>\n                    <\/div>\n                    <div class='bobex-cons-block-content-area'>\n                        <p class='bobex-block-cons-title'>Il y a des contraintes quant aux contrats. En effet, g\u00e9n\u00e9ralement, il faut signer pour un contrat de 15 \u00e0 20 ans avec Energy Vision.<\/p>\n                        <p class='bobex-block-cons-content'><\/p>\n                        <div>\n<div class=\"wp-block-bobex-cons\">\n<p>Pour b\u00e9n\u00e9ficier de ce programme, il suffit de s&rsquo;inscrire en ligne via leur site web, r\u00e9pondre aux crit\u00e8res d&rsquo;\u00e9ligibilit\u00e9 et il faut fournir quelques documents (factures d&rsquo;\u00e9lectricit\u00e9, par exemple).<\/p>\n<\/div>\n<\/div>\n                    <\/div>\n                <\/div>\n            <\/div>\n        \n\n\n<h2 class=\"wp-block-heading\"><span class=\"ez-toc-section\" id=\"Quelles_sont_les_primes_dans_les_autres_regions\"><\/span>Quelles sont les primes dans les autres r\u00e9gions ?<span class=\"ez-toc-section-end\"><\/span><\/h2>\n\n\n\n<h3 class=\"wp-block-heading\"><span class=\"ez-toc-section\" id=\"Primes_a_Bruxelles\"><\/span>Primes \u00e0 Bruxelles<span class=\"ez-toc-section-end\"><\/span><\/h3>\n\n\n\n<p>A <a href=\"https:\/\/www.bobex.be\/fr-be\/panneaux-solaires\/bruxelles\/\">Bruxelles<\/a>, il existe 2 primes pour les panneaux solaires :&nbsp;<\/p>\n\n\n\n<ul class=\"wp-block-list\">\n<li><strong>Les certificats verts<\/strong> : c&rsquo;est une prime qui est octroy\u00e9e aux particuliers et aux entreprises. Gr\u00e2ce \u00e0 un contrat de rachat, vos fournisseurs peuvent acheter vos CV entre <strong>65 et 95 \u20ac<\/strong>. Si votre installation est inf\u00e9rieure \u00e0 5 kWc, vous pouvez obtenir<strong> 1,9 CV par mWh <\/strong>que vous produisez.Si elle est sup\u00e9rieure, vous pouvez obtenir <strong>1,8 CV par mWh<\/strong>.<\/li>\n\n\n\n<li><strong>Les primes communales<\/strong> : Certaines communes octroient des primes et le montant octroy\u00e9 d\u00e9pend du revenu du demandeur et de ses cohabitants. La prime ne peut pas d\u00e9passer <strong>30 %<\/strong>&nbsp; de la facture finale.<\/li>\n<\/ul>\n\n\n\n<h3 class=\"wp-block-heading\"><span class=\"ez-toc-section\" id=\"Primes_en_Wallonie\"><\/span>Primes en Wallonie<span class=\"ez-toc-section-end\"><\/span><\/h3>\n\n\n\n<p>En 2026,<strong> il n&rsquo;existe plus <\/strong>de primes pour les panneaux solaires en Wallonie.<\/p>\n\n\n\n<h2 class=\"wp-block-heading\"><span class=\"ez-toc-section\" id=\"Quelles_primes_pour_linstallation_de_panneaux_solaires_chez_vous\"><\/span>Quelles primes pour l\u2019installation de panneaux solaires chez vous ?<span class=\"ez-toc-section-end\"><\/span><\/h2>\n\n\n\n<p>Vous souhaitez <a href=\"https:\/\/www.bobex.be\/fr-be\/panneaux-solaires\/installateur\/\" target=\"_blank\" rel=\"noreferrer noopener\">installer des panneaux solaires<\/a> chez vous ? Gr\u00e2ce au formulaire ci-dessous, obtenez des devis pour l\u2019installation de panneaux photovolta\u00efques pour votre habitation. Ainsi, vous serez mis en contact avec un professionnel de l\u2019\u00e9nergie solaire qui saura r\u00e9pondre \u00e0 toutes vos questions et vous aider dans vos d\u00e9marches.&nbsp;<\/p>\n\n\n<div id=\"ppp\" class=\"bob-form-wrapper\" data-ajax_url=\"https:\/\/www.bobex.be\/fr-be\/wp-admin\/admin-ajax.php\" data-fa_a=\"\" data-fa_b=\"\"><div class=\"loader\" aria-hidden=\"true\"><\/div>    <div>\n        <div class=\"row mx-auto mb-2\" style=\"max-width: 900px;\">\n            <div class=\"col-md-4\"><i class=\"mr-1 fas fa-check\" style=\"color:green;\"><\/i>Devis gratuits et rapides<\/div>\n            <div class=\"col-md-4\"><i class=\"mr-1 fas fa-check\" style=\"color:green;\"><\/i>Sans engagement et obligation<\/div>\n            <div class=\"col-md-4\"><i class=\"mr-1 fas fa-check\" style=\"color:green;\"><\/i>Professionnels agr\u00e9\u00e9s<\/div>\n        <\/div>\n    <\/div><div id=\"form-69f2c7ce23ec4\" class=\"bob-form-container\" style=\"background-color: white; font-family: Roboto, sans-serif !important; font-size: 16px !important; color: #545454; box-shadow: 0 2px 10px rgba(0,0,0,0.1); --font_title: Poppins; --font_size_title: 20px; --title_bg_color: #175da6; --copyright_color: #fde8e1; --box_upload_color: #e5f2f7; padding:unset;\" data-form-type=\"inline\" data-form-id=\"69f2c7ce23ec4\"><style>#form-69f2c7ce23ec4 .bob-form-inline-question.even {\n  background-color: #e5f2f7;\n}\n#form-69f2c7ce23ec4 .single_multiple.multiple_button {\n  background-color: #e5f2f7 !important;\n}\n#form-69f2c7ce23ec4 .bob-form-inline-question--hidden {\n  display: none;\n}<\/style><div class=\"form-questions\"><form id=\"bob-form\" class=\"bob-form bob-form-tag\" method=\"post\" action=\"https:\/\/www.bobex.be\/fr-be\/wp-admin\/admin-ajax.php?action=bobex-form-validation\">    <div class=\"form-title\">\n        Formulez votre demande\n        <div class=\"form-title-info-line\">\n            R\u00e9pondez \u00e0 quelques questions et entrez en contact avec des sp\u00e9cialistes fiables. Nous vous demandons vos coordonn\u00e9es afin de s\u00e9lectionner les professionnels actifs dans votre r\u00e9gion.\n        <\/div>\n    <\/div><div class=\"form-questions bob-form-inline-question\"><div class=\"row\"><div class=\"question col-md-4\"><label>1*. Quelle est votre consommation d&rsquo;\u00e9lectricit\u00e9 annuelle (estim\u00e9e)?<\/label><\/div><div class=\"answer col-md-8\"><div class=\"bob-form-radio d-flex\"><input type=\"radio\" class=\"inline-radio\" id=\"69f2c7ce23ec4-input-0-1\" data-unique-id=\"69f2c7ce23ec4\" name=\"XML_extra_radio\" value=\"1\"  required=\"required\"><label for=\"69f2c7ce23ec4-input-0-1\">Moins de 3.000 kWh (1 personne)<\/label><\/div><div class=\"bob-form-radio d-flex\"><input type=\"radio\" class=\"inline-radio\" id=\"69f2c7ce23ec4-input-0-2\" data-unique-id=\"69f2c7ce23ec4\" name=\"XML_extra_radio\" value=\"2\"  required=\"required\"><label for=\"69f2c7ce23ec4-input-0-2\">3.000-4.000 kWh (2-3 personnes)<\/label><\/div><div class=\"bob-form-radio d-flex\"><input type=\"radio\" class=\"inline-radio\" id=\"69f2c7ce23ec4-input-0-3\" data-unique-id=\"69f2c7ce23ec4\" name=\"XML_extra_radio\" value=\"3\"  required=\"required\"><label for=\"69f2c7ce23ec4-input-0-3\">4.000-5.000 kWh (3-4 personnes )<\/label><\/div><div class=\"bob-form-radio d-flex\"><input type=\"radio\" class=\"inline-radio\" id=\"69f2c7ce23ec4-input-0-4\" data-unique-id=\"69f2c7ce23ec4\" name=\"XML_extra_radio\" value=\"4\"  required=\"required\"><label for=\"69f2c7ce23ec4-input-0-4\">5.000-6.000 kWh (4-5 personnes )<\/label><\/div><div class=\"bob-form-radio d-flex\"><input type=\"radio\" class=\"inline-radio\" id=\"69f2c7ce23ec4-input-0-5\" data-unique-id=\"69f2c7ce23ec4\" name=\"XML_extra_radio\" value=\"5\"  required=\"required\"><label for=\"69f2c7ce23ec4-input-0-5\">Plus de 6.000 kWh (piscine, pompe \u00e0 chaleur, &#8230;)<\/label><\/div><\/div><\/div><\/div><div class=\"form-questions bob-form-inline-question even\"><div class=\"row\"><div class=\"question col-md-4\"><label>2*. O\u00f9 voulez-vous installer les panneaux solaires?<\/label><\/div><div class=\"answer col-md-8\"><div class=\"bob-form-radio d-flex\"><input type=\"radio\" class=\"inline-radio\" id=\"69f2c7ce23ec4-input-1-1\" data-unique-id=\"69f2c7ce23ec4\" name=\"XML_extra_radio2\" value=\"1\"  required=\"required\"><label for=\"69f2c7ce23ec4-input-1-1\">Sur un toit inclin\u00e9<\/label><\/div><div class=\"bob-form-radio d-flex\"><input type=\"radio\" class=\"inline-radio\" id=\"69f2c7ce23ec4-input-1-2\" data-unique-id=\"69f2c7ce23ec4\" name=\"XML_extra_radio2\" value=\"2\"  required=\"required\"><label for=\"69f2c7ce23ec4-input-1-2\">Sur un toit plat<\/label><\/div><div class=\"bob-form-radio d-flex\"><input type=\"radio\" class=\"inline-radio\" id=\"69f2c7ce23ec4-input-1-3\" data-unique-id=\"69f2c7ce23ec4\" name=\"XML_extra_radio2\" value=\"3\"  required=\"required\"><label for=\"69f2c7ce23ec4-input-1-3\">A un autre endroit (ex.: au sol)<\/label><\/div><\/div><\/div><\/div><div class=\"form-questions bob-form-inline-question\"><div class=\"row\"><div class=\"question col-md-4\"><label>3*. Etes-vous aussi int\u00e9ress\u00e9 par une batterie domestique?<\/label><\/div><div class=\"answer col-md-8\"><div class=\"bob-form-radio d-flex\"><input type=\"radio\" class=\"inline-radio\" id=\"69f2c7ce23ec4-input-2-1\" data-unique-id=\"69f2c7ce23ec4\" name=\"XML_extra_radio3\" value=\"1\"  required=\"required\"><label for=\"69f2c7ce23ec4-input-2-1\">Oui<\/label><\/div><div class=\"bob-form-radio d-flex\"><input type=\"radio\" class=\"inline-radio\" id=\"69f2c7ce23ec4-input-2-2\" data-unique-id=\"69f2c7ce23ec4\" name=\"XML_extra_radio3\" value=\"2\"  required=\"required\"><label for=\"69f2c7ce23ec4-input-2-2\">Non<\/label><\/div><\/div><\/div><\/div><div class=\"form-questions bob-form-inline-question even\"><div class=\"row\"><div class=\"question col-md-4\"><label>4*. Quand d\u00e9sirez-vous faire rendez-vous (n\u00e9cessaire pour les mesures et le devis)?<\/label><\/div><div class=\"answer col-md-8\"><div class=\"bob-form-radio d-flex\"><input type=\"radio\" class=\"inline-radio\" id=\"69f2c7ce23ec4-input-3-1\" data-unique-id=\"69f2c7ce23ec4\" name=\"XML_extra_radio4\" value=\"1\"  required=\"required\"><label for=\"69f2c7ce23ec4-input-3-1\">Le matin<\/label><\/div><div class=\"bob-form-radio d-flex\"><input type=\"radio\" class=\"inline-radio\" id=\"69f2c7ce23ec4-input-3-2\" data-unique-id=\"69f2c7ce23ec4\" name=\"XML_extra_radio4\" value=\"2\"  required=\"required\"><label for=\"69f2c7ce23ec4-input-3-2\">L&rsquo;apr\u00e8s-midi<\/label><\/div><div class=\"bob-form-radio d-flex\"><input type=\"radio\" class=\"inline-radio\" id=\"69f2c7ce23ec4-input-3-3\" data-unique-id=\"69f2c7ce23ec4\" name=\"XML_extra_radio4\" value=\"3\"  required=\"required\"><label for=\"69f2c7ce23ec4-input-3-3\">En soir\u00e9e (apr\u00e8s 17h)<\/label><\/div><div class=\"bob-form-radio d-flex\"><input type=\"radio\" class=\"inline-radio\" id=\"69f2c7ce23ec4-input-3-4\" data-unique-id=\"69f2c7ce23ec4\" name=\"XML_extra_radio4\" value=\"4\"  required=\"required\"><label for=\"69f2c7ce23ec4-input-3-4\">A un autre moment (\u00e0 convenir)<\/label><\/div><div class=\"bob-form-radio d-flex\"><input type=\"radio\" class=\"inline-radio\" id=\"69f2c7ce23ec4-input-3-5\" data-unique-id=\"69f2c7ce23ec4\" name=\"XML_extra_radio4\" value=\"5\"  required=\"required\"><label for=\"69f2c7ce23ec4-input-3-5\">Je ne d\u00e9sire pas de rendez-vous<\/label><\/div><\/div><\/div><\/div><div class=\"form-questions bob-form-inline-question\"><div class=\"row\"><div class=\"question col-md-4\"><label>5*. Pour quel type de b\u00e2timent d\u00e9sirez-vous des panneaux solaires?<\/label><\/div><div class=\"answer col-md-8\"><div class=\"bob-form-radio d-flex\"><input type=\"radio\" class=\"inline-radio\" id=\"69f2c7ce23ec4-input-4-1\" data-unique-id=\"69f2c7ce23ec4\" name=\"XML_extra_radio5\" value=\"1\"  required=\"required\"><label for=\"69f2c7ce23ec4-input-4-1\">Propri\u00e9t\u00e9 priv\u00e9e<\/label><\/div><div class=\"bob-form-radio d-flex\"><input type=\"radio\" class=\"inline-radio\" id=\"69f2c7ce23ec4-input-4-2\" data-unique-id=\"69f2c7ce23ec4\" name=\"XML_extra_radio5\" value=\"2\"  required=\"required\"><label for=\"69f2c7ce23ec4-input-4-2\">Immeuble commercial ou industriel<\/label><\/div><\/div><\/div><\/div><div class=\"form-questions bob-form-inline-question even\"><div class=\"d-flex flex-column\"><label class=\"question\" for=\"69f2c7ce23ec4-input-5\">6. Description de votre projet<\/label><textarea class=\"bob-form-input\" name=\"XML_remarks\" id=\"69f2c7ce23ec4-input-5\" data-unique-id=\"69f2c7ce23ec4\"><\/textarea><\/div><\/div><div class=\"bob-inline-form bob-form-tag upload-box mb-3\">\n                    <div class=\"row\">\n                        <div class=\"col-md-12 mb-2 question\">Ajouter des photos ou des pi\u00e8ces jointes (en Option)<\/div>\n                        <div class=\"col-md-12\">\n                            <div class=\"box__input\" style=\"background-color: #e5f2f7;\"\n                                 ondrop=\"drop(event)\"\n                                 ondragover=\"allowDrop(event)\"\n                                 ondragleave=\"removeDropFx(event)\"\n                                >\n                                <input type=\"file\"\n                                       class=\"file__input\"\n                                       name=\"attachments[]\"\n                                       id=\"attachments\"\n                                       multiple=\"multiple\"\n                                       accept=\"image\/jpeg, image\/png, image\/gif, application\/pdf\"\n                                       data-multiple-caption=\"{count} files selected\">\n                                <div>\n                                    <label for=\"attachments\"><strong>S\u00e9lectionnez un fichier <\/strong>ou glissez-le ici<\/label>\n                                    <span class=\"box__button bobex-round-cta m-1 py-1\"\n                                          style=\"mix-blend-mode: luminosity\">\n                                        <i class=\"fas fa-cloud-upload-alt text-white\"><\/i>\n                                        T\u00e9l\u00e9charger\n                                    <\/span>\n                                <\/div>\n            \n                                <div class=\"row preview_wrapper m-0\"><\/div>\n                            <\/div>\n            \n                            <div class=\"box__uploading\">Uploading\u2026<\/div>\n                            <div class=\"box__success\">Done!<\/div>\n                            <div class=\"box__error\">Error! <span><\/span>.<\/div>\n                        <\/div>\n                    <\/div>\n                <\/div>    <div class=\"form-title\">\n        Vos donn\u00e9es\n    <\/div><div class=\"bob-form-contact-data\" style=\"padding: 20px\"><div class=\"row lead-info\"><div class=\"col-md-6 mb-3\">  <div class=\"form-group\">    <input value=\"\" type=\"text\" class=\"form-control\" id=\"firstName\" name=\"firstName\" placeholder=\"Pr\u00e9nom\" required>    <div class=\"valid-feedback\">Enchant\u00e9 !<\/div>    <div class=\"invalid-feedback\">Veuillez indiquer votre pr\u00e9nom<\/div>  <\/div><\/div><div class=\"col-md-6 mb-3\">  <div class=\"form-group\">    <input value=\"\" type=\"text\" class=\"form-control\" id=\"lastName\" name=\"lastName\" placeholder=\"Nom\" required>    <div class=\"valid-feedback\">Sympa<\/div>    <div class=\"invalid-feedback\">Veuillez indiquer votre nom de famille<\/div>  <\/div><\/div><div class=\"col-md-12 mb-3\">  <div class=\"form-group\">    <input value=\"\" type=\"email\" class=\"form-control\" id=\"email\" name=\"email\" placeholder=\"E-mail\" required style=\"max-width: unset;\">    <div class=\"valid-feedback\">C&rsquo;est tout bon<\/div>    <div class=\"invalid-feedback\">Veuillez indiquer une adresse e-mail valide<\/div>  <\/div><\/div><div class=\"col-md-12 mb-3\">  <div class=\"form-group\">    <input value=\"\" type=\"tel\" class=\"form-control\" id=\"phone\" name=\"phone\" placeholder=\"T\u00e9l\u00e9phone\" required style=\"max-width: unset;\">    <div class=\"valid-feedback\">Parfait<\/div>    <div class=\"invalid-feedback\">Veuillez indiquer un num\u00e9ro de t\u00e9l\u00e9phone valide<\/div>  <\/div><\/div><div class=\"col-md-12 mb-3\">  <div class=\"form-group\">    <input value=\"\" type=\"text\" class=\"form-control\" id=\"companyAddress\" name=\"companyAddress\" placeholder=\"Adresse\" required style=\"max-width: unset;\">    <div class=\"valid-feedback\">C&rsquo;est not\u00e9<\/div>    <div class=\"invalid-feedback\">Veuillez indiquer une adresse valide<\/div>  <\/div><\/div><div class=\"col-md-6 mb-3\">  <div class=\"form-group\">    <input value=\"\" type=\"text\" class=\"form-control\" id=\"companyPostalCode\" name=\"companyPostalCode\" placeholder=\"Code postal\" required>    <div class=\"valid-feedback\">Excellent !<\/div>    <div class=\"invalid-feedback\">Veuillez indiquer un code postal valide<\/div>  <\/div><\/div><div class=\"col-md-6 mb-3\">  <div class=\"form-group\">    <input value=\"\" type=\"text\" class=\"form-control\" id=\"companyCity\" name=\"companyCity\" placeholder=\"Ville\" required>    <div class=\"valid-feedback\">Bien jou\u00e9<\/div>    <div class=\"invalid-feedback\">Veuillez indiquer une ville valide<\/div>  <\/div><\/div><div class=\"d-flex mt-3\"><input name=\"promoOptin\" value=\"true\" id=\"promoOptin\" type=\"checkbox\" class=\"me-2\" style=\"width: unset\"><label for=\"promoOptin\">Je souhaite rester inform\u00e9 de ma demande et recevoir des conseils pratiques (fortement recommand\u00e9 !) <\/label><\/div><\/div><\/div><input type=\"hidden\" class=\"session_var\" name=\"newform\" value=\"true\"><input type=\"hidden\" class=\"session_var\" name=\"lead-validation-nonce\" value=\"403e45eda1\"><input type=\"hidden\" class=\"session_var\" name=\"aff\" value=\"minisite\"><input type=\"hidden\" class=\"session_var\" name=\"utm_source\" value=\"https:\/\/www.bobex.be\/fr-be\/wp-json\/v2\/content\/59308\"><input type=\"hidden\" class=\"session_var\" name=\"bobx\" value=\"\"><input type=\"hidden\" class=\"session_var\" name=\"sessionType\" value=\"B2C\"><input type=\"hidden\" class=\"session_var\" name=\"utm_medium\" value=\"web\"><input type=\"hidden\" class=\"session_var\" name=\"utm_campaign\" value=\"search\"><input type=\"hidden\" class=\"session_var\" name=\"rem_source\" value=\"https:\/\/www.bobex.be\/fr-be\/panneaux-solaires\/installateur\/flandre\/\"><input type=\"hidden\" class=\"session_var\" name=\"pixel_id\" value=\"-1\"><input type=\"hidden\" class=\"session_var\" name=\"tabo_id\" value=\"-1\"><input type=\"hidden\" class=\"session_var\" name=\"click_id\" value=\"-1\"><input type=\"hidden\" class=\"session_var\" name=\"gclid\" value=\"-1\"><input type=\"hidden\" class=\"session_var\" name=\"msclkid\" value=\"-1\"><input type=\"hidden\" class=\"session_var\" name=\"past_aff\" value=\"bobex\"><input type=\"hidden\" class=\"session_var\" name=\"redirectTo\" value=\"BE\"><input type=\"hidden\" class=\"session_var\" name=\"is_type_id\" value=\"true\"><input type=\"hidden\" class=\"session_var\" name=\"typeid\" value=\"11364\"><input type=\"hidden\" class=\"session_var\" name=\"companyType\" value=\"label.companytype.consumer\"><input type=\"hidden\" class=\"session_var\" name=\"input_names\" value=\"XML_extra_radio,XML_extra_radio2,XML_extra_radio3,XML_extra_radio4,XML_extra_radio5,XML_remarks\"><input type=\"hidden\" class=\"form_context\" value=\"BE\"><img decoding=\"async\" class=\"bobex-pixel\" src=\"\" alt=\"\" style=\"display:none\" \/>    <div class=\"bob-form-submit d-flex justify-content-center\">\n        <button type=\"submit\" class=\"form-submit\" style=\"background-color: #F1653A; color: white; border: none !important; border-radius: 5px !important; font-family: Roboto, sans-serif; font-size: 16px;\">\n            Demander un devis\n        <\/button>\n    <\/div>    <div class=\"bob-inline-form form-footer\" style=\"border-radius: 0 0 10px 10px\">\n        <div class=\"bob-form-privacy-text\">\n            <div style=\"float:left;\"><i class=\"fa fa-lock\"><\/i><\/div>\n            <div class=\"ms-2\">\n                <div style='padding-left: 15px;font-size: 0.8em !important;z-index: 10;'><b>Nous respectons votre vie priv\u00e9e<\/b><br> Conform\u00e9ment \u00e0 la loi du 8\/12\/1992 relative \u00e0 la protection de la vie priv\u00e9e, vous disposez d&rsquo;un droit d&rsquo;acc\u00e8s et de rectification \u00e0 vos donn\u00e9es. Pour en savoir plus, consultez notre <span class=\"link_ob\" data-link=\"aHR0cHM6Ly93d3cuYm9iZXguYmUvZnItYmUvcHJvdGVjdGlvbi1kZS1sYS12aWUtcHJpdmVlLw==\" target=\"_blank\">charte sur la vie priv\u00e9e<\/span>.<\/div>\n                \n            <\/div>\n        <\/div>\n    <\/div><\/form><\/div><div class=\"multiple_mini hidden\" data-lead_id=\"\"><p class=\"multiple-title\">Merci d&rsquo;avoir pris le temps de remplir ce formulaire<\/p><p>Nous vous contacterons d\u00e8s que possible pour vous orienter vers le meilleur sp\u00e9cialiste correspondant \u00e0 votre demande.<\/p><div class=\"multiple_wrapper\"><div class=\"loader\"><\/div><p class=\"multiple-title\">Vous cherchez d&rsquo;autres services ?<\/p><p class=\"multiple_text\">Vous souhaitez comparer d&rsquo;autres devis ou explorer d&rsquo;autres services ? Faites-le nous savoir et nous vous mettrons rapidement en relation<\/p><div class=\"multiple_container\"><div class=\"single_multiple multiple_button\" data-typeid=\"11428\"><i class=\"fa-3x cat icon-11428\"><\/i><span class=\"multiple_name\">Pompe \u00e0 chaleur<\/span><\/div><div class=\"single_multiple multiple_button\" data-typeid=\"11426\"><i class=\"fa-3x cat icon-11426\"><\/i><span class=\"multiple_name\">Chaudi\u00e8re \u00e0 condensation<\/span><\/div><div class=\"single_multiple multiple_button\" data-typeid=\"30044\"><i class=\"fa-3x cat icon-30044\"><\/i><span class=\"multiple_name\">Chauffe-eau solaire<\/span><\/div><div class=\"single_multiple multiple_button\" data-typeid=\"100131\"><i class=\"fa-3x fad fa-fire\"><\/i><span class=\"multiple_name\">Chaudi\u00e8re \u00e0 pellets, chauffage \u00e0 pellets<\/span><\/div><div class=\"single_multiple multiple_button\" data-typeid=\"11452\"><i class=\"fa-3x fad fa-door-closed\"><\/i><span class=\"multiple_name\">Ch\u00e2ssis, portes et fen\u00eatres<\/span><\/div><div class=\"single_multiple multiple_button\" data-typeid=\"100053\"><i class=\"fa-3x fad fa-battery-bolt\"><\/i><span class=\"multiple_name\">Batterie domestique<\/span><\/div><div class=\"single_multiple hidden multiple_button\" data-typeid=\"100061\"><i class=\"fa-3x fad fa-charging-station\"><\/i><span class=\"multiple_name\">Bornes de recharge<\/span><\/div><div class=\"single_multiple hidden multiple_button\" data-typeid=\"11461\"><i class=\"fa-3x cat icon-11461\"><\/i><span class=\"multiple_name\">Traitement de l&rsquo;humidit\u00e9<\/span><\/div><div class=\"single_multiple hidden multiple_button\" data-typeid=\"11962\"><i class=\"fa-3x cat icon-11962\"><\/i><span class=\"multiple_name\">Travaux de toiture<\/span><\/div><div class=\"single_multiple hidden multiple_button\" data-typeid=\"30002\"><i class=\"fa-3x cat icon-30002\"><\/i><span class=\"multiple_name\">Isolation du toit<\/span><\/div><\/div><\/div><\/div><\/div><\/div>\n\n\n<div class=\"wp-block-bobex-frequently-asked-questions bobex-faq-main-wrapper\">\n            <div class=\"bobex-simple-question-answer-block\">\n                <div class=\"bobex-simple-question-answer-block__question\" style=\"background-color: #63b0d1!important; color: white!important;\">\n                    <h3 style=\"color: white!important; margin:unset; font-size:1.2rem;\" class=\"bobex-simple-question-answer-block__question__content\"><span class=\"ez-toc-section\" id=\"Quel_est_le_prix_de_8_panneaux_solaires\"><\/span>Quel est le prix de 8 panneaux solaires ?<span class=\"ez-toc-section-end\"><\/span><\/h3>\n                    <div class=\"bobex-simple-question-answer-block__question__toggle\">+<\/div>\n                <\/div>\n                <div class=\"bobex-simple-question-answer-block__answer\" style=\"background-color: !important; color: black!important;\">\n                    <div class=\"bobex-simple-question-answer-block__answer__content\">Les prix des panneaux solaires varient fortement en fonction du type de panneaux solaires. L&rsquo;on va estimer que le prix pour 7-8 panneaux solaires dans un foyer o\u00f9 la consommation annuelle est de 2500kWh s&rsquo;\u00e9l\u00e8ve de <strong>4 100 \u20ac \u00e0 7 300 \u20ac<\/strong>.<\/div>\n                    <div>\n<div class=\"wp-block-bobex-simple-question-answer\"><\/div>\n<\/div>\n                <\/div>\n            <\/div>\n        \n\n\n            <div class=\"bobex-simple-question-answer-block\">\n                <div class=\"bobex-simple-question-answer-block__question\" style=\"background-color: #63b0d1!important; color: white!important;\">\n                    <h3 style=\"color: white!important; margin:unset; font-size:1.2rem;\" class=\"bobex-simple-question-answer-block__question__content\"><span class=\"ez-toc-section\" id=\"Quel_est_le_cout_dune_installation_photovoltaique\"><\/span>Quel est le co\u00fbt d&rsquo;une installation photovolta\u00efque ?<span class=\"ez-toc-section-end\"><\/span><\/h3>\n                    <div class=\"bobex-simple-question-answer-block__question__toggle\">+<\/div>\n                <\/div>\n                <div class=\"bobex-simple-question-answer-block__answer\" style=\"background-color: !important; color: black!important;\">\n                    <div class=\"bobex-simple-question-answer-block__answer__content\">Le co\u00fbt va varier en fonction de la puissance et du nombre de personne dans votre foyer, mais l&rsquo;on estime qu&rsquo;un W cr\u00eate co\u00fbte entre <strong>1,3 \u20ac et 1,5 \u20ac<\/strong>. C&rsquo;est-\u00e0-dire qu&rsquo;un syst\u00e8me de 5kWc co\u00fbte en moyenne<strong> 10 000<\/strong> <strong>\u20ac<\/strong>.<\/div>\n                    <div>\n<div class=\"wp-block-bobex-simple-question-answer\"><\/div>\n<\/div>\n                <\/div>\n            <\/div>\n        \n\n\n            <div class=\"bobex-simple-question-answer-block\">\n                <div class=\"bobex-simple-question-answer-block__question\" style=\"background-color: #63b0d1!important; color: white!important;\">\n                    <h3 style=\"color: white!important; margin:unset; font-size:1.2rem;\" class=\"bobex-simple-question-answer-block__question__content\"><span class=\"ez-toc-section\" id=\"Comment_calculer_le_tarif_prosumer_en_flandre\"><\/span>Comment calculer le tarif prosumer en flandre ?<span class=\"ez-toc-section-end\"><\/span><\/h3>\n                    <div class=\"bobex-simple-question-answer-block__question__toggle\">+<\/div>\n                <\/div>\n                <div class=\"bobex-simple-question-answer-block__answer\" style=\"background-color: !important; color: black!important;\">\n                    <div class=\"bobex-simple-question-answer-block__answer__content\">Voici la formule n\u00e9cessaire afin de calculer votre tarif prosumer : <strong>Tarif de votre gestionnaire de r\u00e9seau x Puissance total de votre installation, exprim\u00e9e en kWe<\/strong><\/div>\n                    <div>\n<div class=\"wp-block-bobex-simple-question-answer\"><\/div>\n<\/div>\n                <\/div>\n            <\/div>\n        <\/div>\n\n                    <script type=\"application\/ld+json\">\n                        {\"@context\":\"https:\\\/\\\/schema.org\",\"@type\":\"FAQPage\",\"mainEntity\":[{\"@type\":\"Question\",\"name\":\"Quel est le prix de 8 panneaux solaires ?\",\"acceptedAnswer\":{\"@type\":\"Answer\",\"text\":\"Les prix des panneaux solaires varient fortement en fonction du type de panneaux solaires. L'on va estimer que le prix pour 7-8 panneaux solaires dans un foyer o\\u00f9 la consommation annuelle est de 2500kWh s'\\u00e9l\\u00e8ve de <strong>4 100 \\u20ac \\u00e0 7 300 \\u20ac<\\\/strong>.\"}},{\"@type\":\"Question\",\"name\":\"Quel est le co\\u00fbt d'une installation photovolta\\u00efque ?\",\"acceptedAnswer\":{\"@type\":\"Answer\",\"text\":\"Le co\\u00fbt va varier en fonction de la puissance et du nombre de personne dans votre foyer, mais l'on estime qu'un W cr\\u00eate co\\u00fbte entre <strong>1,3 \\u20ac et 1,5 \\u20ac<\\\/strong>. C'est-\\u00e0-dire qu'un syst\\u00e8me de 5kWc co\\u00fbte en moyenne<strong> 10 000<\\\/strong> <strong>\\u20ac<\\\/strong>.\"}},{\"@type\":\"Question\",\"name\":\"Comment calculer le tarif prosumer en flandre ?\",\"acceptedAnswer\":{\"@type\":\"Answer\",\"text\":\"Voici la formule n\\u00e9cessaire afin de calculer votre tarif prosumer : <strong>Tarif de votre gestionnaire de r\\u00e9seau x Puissance total de votre installation, exprim\\u00e9e en kWe<\\\/strong>\"}}]}\n                    <\/script>\n                ","protected":false},"featured_media":0,"parent":59218,"template":"","meta":{"business":"43564","footnotes":""},"class_list":["post-59308","content","type-content","status-publish","hentry"],"_links":{"self":[{"href":"https:\/\/www.bobex.be\/fr-be\/wp-json\/wp\/v2\/content\/59308","targetHints":{"allow":["GET"]}}],"collection":[{"href":"https:\/\/www.bobex.be\/fr-be\/wp-json\/wp\/v2\/content"}],"about":[{"href":"https:\/\/www.bobex.be\/fr-be\/wp-json\/wp\/v2\/types\/content"}],"version-history":[{"count":9,"href":"https:\/\/www.bobex.be\/fr-be\/wp-json\/wp\/v2\/content\/59308\/revisions"}],"predecessor-version":[{"id":222999,"href":"https:\/\/www.bobex.be\/fr-be\/wp-json\/wp\/v2\/content\/59308\/revisions\/222999"}],"up":[{"embeddable":true,"href":"https:\/\/www.bobex.be\/fr-be\/wp-json\/wp\/v2\/content\/59218"}],"wp:attachment":[{"href":"https:\/\/www.bobex.be\/fr-be\/wp-json\/wp\/v2\/media?parent=59308"}],"curies":[{"name":"wp","href":"https:\/\/api.w.org\/{rel}","templated":true}]}}