{"id":47515,"date":"2021-09-03T14:33:38","date_gmt":"2021-09-03T14:33:38","guid":{"rendered":"https:\/\/www.bobex.be\/fr-be\/chassis-portes-et-fenetres\/prime-chassis\/"},"modified":"2025-11-03T15:14:06","modified_gmt":"2025-11-03T15:14:06","slug":"prime-chassis","status":"publish","type":"content","link":"https:\/\/www.bobex.be\/fr-be\/chassis-portes-et-fenetres\/prime-chassis\/","title":{"rendered":"Prime ch\u00e2ssis en Belgique : Montants et conditions en 2026"},"content":{"rendered":"\n<div id=\"ez-toc-container\" class=\"ez-toc-v2_0_82_2 counter-hierarchy ez-toc-counter ez-toc-grey ez-toc-container-direction\">\n<div class=\"ez-toc-title-container\">\n<p class=\"ez-toc-title\" style=\"cursor:inherit\">Sommaire<\/p>\n<span class=\"ez-toc-title-toggle\"><a href=\"#\" class=\"ez-toc-pull-right ez-toc-btn ez-toc-btn-xs ez-toc-btn-default ez-toc-toggle\" aria-label=\"Toggle Table of Content\"><span class=\"ez-toc-js-icon-con\"><span class=\"\"><span class=\"eztoc-hide\" style=\"display:none;\">Toggle<\/span><span class=\"ez-toc-icon-toggle-span\"><svg style=\"fill: #999;color:#999\" xmlns=\"http:\/\/www.w3.org\/2000\/svg\" class=\"list-377408\" width=\"20px\" height=\"20px\" viewBox=\"0 0 24 24\" fill=\"none\"><path d=\"M6 6H4v2h2V6zm14 0H8v2h12V6zM4 11h2v2H4v-2zm16 0H8v2h12v-2zM4 16h2v2H4v-2zm16 0H8v2h12v-2z\" fill=\"currentColor\"><\/path><\/svg><svg style=\"fill: #999;color:#999\" class=\"arrow-unsorted-368013\" xmlns=\"http:\/\/www.w3.org\/2000\/svg\" width=\"10px\" height=\"10px\" viewBox=\"0 0 24 24\" version=\"1.2\" baseProfile=\"tiny\"><path d=\"M18.2 9.3l-6.2-6.3-6.2 6.3c-.2.2-.3.4-.3.7s.1.5.3.7c.2.2.4.3.7.3h11c.3 0 .5-.1.7-.3.2-.2.3-.5.3-.7s-.1-.5-.3-.7zM5.8 14.7l6.2 6.3 6.2-6.3c.2-.2.3-.5.3-.7s-.1-.5-.3-.7c-.2-.2-.4-.3-.7-.3h-11c-.3 0-.5.1-.7.3-.2.2-.3.5-.3.7s.1.5.3.7z\"\/><\/svg><\/span><\/span><\/span><\/a><\/span><\/div>\n<nav><ul class='ez-toc-list ez-toc-list-level-1 eztoc-toggle-hide-by-default' ><li class='ez-toc-page-1 ez-toc-heading-level-2'><a class=\"ez-toc-link ez-toc-heading-1\" href=\"https:\/\/www.bobex.be\/fr-be\/chassis-portes-et-fenetres\/prime-chassis\/#Primes_en_2026_focus_region_par_region\" >Primes en 2026 : focus r\u00e9gion par r\u00e9gion<\/a><\/li><li class='ez-toc-page-1 ez-toc-heading-level-2'><a class=\"ez-toc-link ez-toc-heading-2\" href=\"https:\/\/www.bobex.be\/fr-be\/chassis-portes-et-fenetres\/prime-chassis\/#Quest-ce_quune_prime_chassis\" >Qu\u2019est-ce qu\u2019une prime ch\u00e2ssis ?<\/a><\/li><li class='ez-toc-page-1 ez-toc-heading-level-2'><a class=\"ez-toc-link ez-toc-heading-3\" href=\"https:\/\/www.bobex.be\/fr-be\/chassis-portes-et-fenetres\/prime-chassis\/#Quel_est_le_montant_de_la_prime_pour_le_remplacement_des_fenetres_et_chassis_en_region_wallonne_Bruxelles_et_en_Flandre\" >Quel est le montant de la prime pour le remplacement des fen\u00eatres et ch\u00e2ssis en r\u00e9gion wallonne, Bruxelles et en Flandre ?<\/a><ul class='ez-toc-list-level-3' ><li class='ez-toc-heading-level-3'><a class=\"ez-toc-link ez-toc-heading-4\" href=\"https:\/\/www.bobex.be\/fr-be\/chassis-portes-et-fenetres\/prime-chassis\/#La_prime_chassis_octroyee_par_la_region_bruxelloise\" >La prime ch\u00e2ssis octroy\u00e9e par la r\u00e9gion bruxelloise<\/a><ul class='ez-toc-list-level-4' ><li class='ez-toc-heading-level-4'><a class=\"ez-toc-link ez-toc-heading-5\" href=\"https:\/\/www.bobex.be\/fr-be\/chassis-portes-et-fenetres\/prime-chassis\/#A_Bruxelles_les_primes_Energie_Renovation_Embellissement_de_facade_deviennent_les_primes_Renolution\" >\u00c0 Bruxelles, les primes \u00c9nergie, R\u00e9novation &amp; Embellissement de fa\u00e7ade deviennent les primes&nbsp;R\u00e9nolution<\/a><\/li><\/ul><\/li><li class='ez-toc-page-1 ez-toc-heading-level-3'><a class=\"ez-toc-link ez-toc-heading-6\" href=\"https:\/\/www.bobex.be\/fr-be\/chassis-portes-et-fenetres\/prime-chassis\/#Quelles_sont_les_primes_chassis_proposees_par_la_region_wallonne\" >Quelles sont les primes ch\u00e2ssis propos\u00e9es par la r\u00e9gion wallonne ?<\/a><ul class='ez-toc-list-level-4' ><li class='ez-toc-heading-level-4'><a class=\"ez-toc-link ez-toc-heading-7\" href=\"https:\/\/www.bobex.be\/fr-be\/chassis-portes-et-fenetres\/prime-chassis\/#Systeme_daide_pour_les_travaux_de_renovation_avec_audit_Logement_demande_de_prime_Habitation_de_la_region_wallonne\" >Syst\u00e8me d\u2019aide pour les travaux de r\u00e9novation avec audit Logement : demande de&nbsp;prime Habitation de la r\u00e9gion wallonne<\/a><\/li><li class='ez-toc-page-1 ez-toc-heading-level-4'><a class=\"ez-toc-link ez-toc-heading-8\" href=\"https:\/\/www.bobex.be\/fr-be\/chassis-portes-et-fenetres\/prime-chassis\/#Recapitulatif_du_calcul_du_montant_de_la_prime_Habitation_pour_le_remplacement_des_chassis\" >R\u00e9capitulatif du calcul du montant de la prime Habitation pour le remplacement des ch\u00e2ssis<\/a><\/li><li class='ez-toc-page-1 ez-toc-heading-level-4'><a class=\"ez-toc-link ez-toc-heading-9\" href=\"https:\/\/www.bobex.be\/fr-be\/chassis-portes-et-fenetres\/prime-chassis\/#Quelles_sont_les_conditions_pour_obtenir_la_prime_chassis_en_Wallonnie\" >Quelles sont les conditions pour obtenir la prime ch\u00e2ssis en Wallonnie ?<\/a><ul class='ez-toc-list-level-5' ><li class='ez-toc-heading-level-5'><a class=\"ez-toc-link ez-toc-heading-10\" href=\"https:\/\/www.bobex.be\/fr-be\/chassis-portes-et-fenetres\/prime-chassis\/#Conditions_pour_vous\" >Conditions pour vous<\/a><\/li><li class='ez-toc-page-1 ez-toc-heading-level-5'><a class=\"ez-toc-link ez-toc-heading-11\" href=\"https:\/\/www.bobex.be\/fr-be\/chassis-portes-et-fenetres\/prime-chassis\/#Conditions_pour_votre_habitation\" >Conditions pour votre habitation<\/a><\/li><li class='ez-toc-page-1 ez-toc-heading-level-5'><a class=\"ez-toc-link ez-toc-heading-12\" href=\"https:\/\/www.bobex.be\/fr-be\/chassis-portes-et-fenetres\/prime-chassis\/#Conditions_a_realiser_pour_la_renovation\" >Conditions \u00e0 r\u00e9aliser pour la r\u00e9novation<\/a><\/li><\/ul><\/li><\/ul><\/li><li class='ez-toc-page-1 ez-toc-heading-level-3'><a class=\"ez-toc-link ez-toc-heading-13\" href=\"https:\/\/www.bobex.be\/fr-be\/chassis-portes-et-fenetres\/prime-chassis\/#Et_en_Flandre_Quelles_primes_a_la_renovation_en_2026\" >Et en Flandre ? Quelles primes \u00e0 la r\u00e9novation en 2026 ?<\/a><ul class='ez-toc-list-level-4' ><li class='ez-toc-heading-level-4'><a class=\"ez-toc-link ez-toc-heading-14\" href=\"https:\/\/www.bobex.be\/fr-be\/chassis-portes-et-fenetres\/prime-chassis\/#Mijn_VerbouwPremie_le_systeme_de_prime_unique_flamand\" >Mijn VerbouwPremie : le syst\u00e8me de prime unique flamand<\/a><\/li><li class='ez-toc-page-1 ez-toc-heading-level-4'><a class=\"ez-toc-link ez-toc-heading-15\" href=\"https:\/\/www.bobex.be\/fr-be\/chassis-portes-et-fenetres\/prime-chassis\/#Quel_est_le_montant_de_la_prime_flamande_pour_les_fenetres_et_portes\" >Quel est le montant de la prime flamande pour les fen\u00eatres et portes ?<\/a><\/li><\/ul><\/li><\/ul><\/li><li class='ez-toc-page-1 ez-toc-heading-level-2'><a class=\"ez-toc-link ez-toc-heading-16\" href=\"https:\/\/www.bobex.be\/fr-be\/chassis-portes-et-fenetres\/prime-chassis\/#Quelle_prime_peut-on_obtenir_pour_changer_ses_chassis_en_Belgique\" >Quelle prime peut-on obtenir pour changer ses ch\u00e2ssis en Belgique ?<\/a><ul class='ez-toc-list-level-3' ><li class='ez-toc-heading-level-3'><a class=\"ez-toc-link ez-toc-heading-17\" href=\"https:\/\/www.bobex.be\/fr-be\/chassis-portes-et-fenetres\/prime-chassis\/#Quelles_sont_les_conditions\" >Quelles sont les conditions ?<\/a><\/li><\/ul><\/li><li class='ez-toc-page-1 ez-toc-heading-level-2'><a class=\"ez-toc-link ez-toc-heading-18\" href=\"https:\/\/www.bobex.be\/fr-be\/chassis-portes-et-fenetres\/prime-chassis\/#A_la_recherche_dun_professionnel_pour_effectuer_vos_travaux_de_renovation_de_chassis\" >\u00c0 la recherche d\u2019un professionnel pour effectuer vos travaux de r\u00e9novation de ch\u00e2ssis ?<\/a><\/li><\/ul><\/nav><\/div>\n<h2 class=\"wp-block-heading\"><span class=\"ez-toc-section\" id=\"Primes_en_2026_focus_region_par_region\"><\/span>Primes en 2026 : focus r\u00e9gion par r\u00e9gion<span class=\"ez-toc-section-end\"><\/span><\/h2>\n\n\n\n<figure class=\"wp-block-image size-large\"><img decoding=\"async\" width=\"1024\" height=\"538\" src=\"https:\/\/www.bobex.be\/wp-uploads\/sites\/2\/oiture-3-1024x538.jpg\" alt=\"Homme installant une fen\u00eatre moderne en aluminium dans un appartement lumineux, portant une salopette de travail et un t-shirt blanc\" class=\"wp-image-202881\"\/><\/figure>\n\n\n\n<p><em>Article mis \u00e0 jour le 06\/07\/2025<\/em><\/p>\n\n\n\n<p>En&nbsp;<strong>Flandre<\/strong>, les&nbsp;<strong>primes \u00e0 la r\u00e9novation MijnVerbouwPremie<\/strong>&nbsp;sont disponibles et les&nbsp;<strong>montants ont \u00e9t\u00e9 revus<\/strong>&nbsp;pour l\u2019ann\u00e9e&nbsp;<strong>2025<\/strong>.<\/p>\n\n\n\n<p>\u00c0&nbsp;<strong>Bruxelles<\/strong>, les&nbsp;<strong>primes RENOLUTION<\/strong>&nbsp;sont pour l\u2019instant&nbsp;<strong>suspendues<\/strong>. Les&nbsp;<strong>Bruxellois doivent attendre<\/strong>&nbsp;une d\u00e9cision du&nbsp;<strong>nouveau gouvernement<\/strong>&nbsp;sur le syst\u00e8me de primes 2025.&nbsp;<strong>Aucune demande de prime<\/strong>&nbsp;avec une&nbsp;<strong>facture dat\u00e9e de 2025<\/strong> ne peut \u00eatre introduite. Si votre facture est&nbsp;<strong>dat\u00e9e de 2024<\/strong>, vous pourrez introduire une demande de&nbsp;<strong>prime RENOLUTION<\/strong>&nbsp;si vous r\u00e9pondez aux&nbsp;<strong>conditions d\u2019\u00e9ligibilit\u00e9<\/strong>.<\/p>\n\n\n\n<p>En&nbsp;<strong>Wallonie<\/strong>, un&nbsp;<strong>r\u00e9gime de soutien temporaire<\/strong>&nbsp;de&nbsp;<strong>primes \u00e0 la r\u00e9novation \u00e9nerg\u00e9tique<\/strong>&nbsp;est entr\u00e9 en vigueur le&nbsp;<strong>14 f\u00e9vrier 2025<\/strong>, jusqu\u2019au&nbsp;<strong>30 septembre 2026<\/strong>. Ce&nbsp;<strong>r\u00e9gime transitoire<\/strong>&nbsp;restera applicable en attendant l\u2019entr\u00e9e en vigueur d\u2019un&nbsp;<strong>nouveau cadre<\/strong>&nbsp;pr\u00e9vu \u00e0 partir du&nbsp;<strong>1er octobre 2026<\/strong>. Si votre facture&nbsp;<strong>date d\u2019avant cette date<\/strong>, vous pouvez toujours introduire une demande&nbsp;<strong>avant le 28 f\u00e9vrier 2025<\/strong>.<\/p>\n\n\n\n<h2 class=\"wp-block-heading\"><span class=\"ez-toc-section\" id=\"Quest-ce_quune_prime_chassis\"><\/span>Qu\u2019est-ce qu\u2019une prime ch\u00e2ssis ?<span class=\"ez-toc-section-end\"><\/span><\/h2>\n\n\n\n<p>Les<strong>&nbsp;ch\u00e2ssis<\/strong>&nbsp;jouent un r\u00f4le primordial dans la bonne&nbsp;<strong>isolation&nbsp;<\/strong>thermique&nbsp;et acoustique de la maison, c\u2019est pourquoi il est important de les choisir avec soin. En fonction des<strong>&nbsp;r\u00e9gions<\/strong>, vous recevez une&nbsp;<strong>prime \u00e9nergie<\/strong>&nbsp;lorsque vous installez des&nbsp;<strong>ch\u00e2ssis performants<\/strong>.<\/p>\n\n\n\n<p>Une prime ch\u00e2ssis vous est accord\u00e9e lorsque vous d\u00e9cidez de<strong>&nbsp;faire remplacer vos ch\u00e2ssis&nbsp;<\/strong>afin de&nbsp;<strong>consommer moins d\u2019\u00e9nergie<\/strong>. Pour vos projets de&nbsp;<strong>r\u00e9novation de vos menuiseries<\/strong>, vous b\u00e9n\u00e9ficiez d\u2019une&nbsp;<strong>aide financi\u00e8re<\/strong>&nbsp;pour soutenir cet investissement, car le remplacement des ch\u00e2ssis co\u00fbte entre 100 et 1.000 \u20ac par m\u00b2 (pour un passage du simple au double vitrage). Si vous voulez en savoir plus sur le co\u00fbt de l\u2019investissement, lisez notre article sur&nbsp;le prix des ch\u00e2ssis au m\u00b2.<\/p>\n\n\n\n<p>Cela concerne g\u00e9n\u00e9ralement les<strong>&nbsp;ch\u00e2ssis de fen\u00eatres<\/strong>, mais \u00e9galement parfois les&nbsp;<strong>portes d\u2019entr\u00e9e<\/strong>&nbsp;ou les<strong>&nbsp;baies vitr\u00e9es.&nbsp;<\/strong>Quand vous choisissez un mat\u00e9riau bien isolant comme le PVC, le m\u00e9tal ou le&nbsp;<a href=\"https:\/\/www.bobex.be\/fr-be\/chassis-portes-et-fenetres\/chassis-en-bois\/\" target=\"_blank\" rel=\"noreferrer noopener\">bois<\/a>, la r\u00e9gion vous soutient.<\/p>\n\n\n\n<p>Le but est de vous&nbsp;<strong>soutenir&nbsp;<\/strong>dans vos travaux&nbsp;<strong>de r\u00e9novation&nbsp;<\/strong>pour vous encourager \u00e0&nbsp;<strong>r\u00e9duire l\u2019empreinte carbone&nbsp;<\/strong>de votre foyer<strong>.&nbsp;<\/strong>De nos jours, le double vitrage \u00e0 haut rendement est directement pos\u00e9 dans les nouvelles constructions, mais cela n\u2019\u00e9tait pas le cas avant, o\u00f9 le simple vitrage \u00e9tait de mise.<\/p>\n\n\n\n<p>En Belgique, le&nbsp;<strong>montant de votre prime<\/strong>&nbsp;varie&nbsp;<strong>en fonction de vos revenus,&nbsp;<\/strong>c\u2019est-\u00e0-dire du revenu de r\u00e9f\u00e9rence de votre m\u00e9nage. En fonction de celui-ci, vous appartenez \u00e0 une certaine cat\u00e9gorie qui d\u00e9finira le montant que vous pouvez toucher. \u00c0 savoir&nbsp;que le&nbsp;<strong>montant total de la prime est plafonn\u00e9 \u00e0 70\u202f% du montant de la facture<\/strong>.<\/p>\n\n\n<div class='bobex-cta-block' style='\n            --button-bg-color: #e13c0e;\n            --button-text-color: #ffffff;\n            --banner-bg-color: #aad4e6;\n            --arrow-main-bg-color: #aad4e6;\n            --arrow-secondary-bg-color: #e5f2f7;\n            --banner-title-color: #10375e;\n            --arrow-title-color: #10375e;\n            --banner-text-color: #545454;\n            --arrow-text-color: #545454;         \n            --invert-range: 0deg;\n        '><a class='cta-button-rounded' href='#ppp'>Besoin de nouveaux ch\u00e2ssis ? Recevez un devis gratuit sans engagement.<\/a><\/div>\n\n\n<h2 class=\"wp-block-heading\"><span class=\"ez-toc-section\" id=\"Quel_est_le_montant_de_la_prime_pour_le_remplacement_des_fenetres_et_chassis_en_region_wallonne_Bruxelles_et_en_Flandre\"><\/span>Quel est le montant de la prime pour le remplacement des fen\u00eatres et ch\u00e2ssis en r\u00e9gion wallonne, Bruxelles et en Flandre ?<span class=\"ez-toc-section-end\"><\/span><\/h2>\n\n\n\n<p>En Belgique, les travaux de r\u00e9novation des Belges sont soutenus par les&nbsp;<strong>diff\u00e9rentes r\u00e9gions<\/strong>.&nbsp;<br>Ainsi,&nbsp;<strong>chaque r\u00e9gion a d\u00e9velopp\u00e9 son ou ses propres syst\u00e8mes d\u2019aides<\/strong>&nbsp;pour booster la r\u00e9novation des logements pr\u00e9sents sur leur territoire.<\/p>\n\n\n\n<p>Les&nbsp;<strong>types&nbsp;<\/strong>de travaux soutenus, le&nbsp;<strong>montant&nbsp;<\/strong>des primes ainsi que les&nbsp;<strong>conditions&nbsp;<\/strong>d\u2019octroi varient d\u2019une r\u00e9gion \u00e0 une autre.<\/p>\n\n\n\n<p>Dans la suite de cet article, nous allons nous concentrer sur les&nbsp;<strong>primes accord\u00e9es par la r\u00e9gion de Bruxelles-Capitale<\/strong>, par la&nbsp;<strong>r\u00e9gion wallonne&nbsp;<\/strong>ainsi que par la&nbsp;<strong>r\u00e9gion flamande<\/strong>&nbsp;concernant le&nbsp;<a href=\"https:\/\/www.bobex.be\/fr-be\/chassis-portes-et-fenetres\/remplacement-fenetres\/\" target=\"_blank\" rel=\"noreferrer noopener\">remplacement ou l\u2019installation de nouveaux ch\u00e2ssis<\/a>.<\/p>\n\n\n\n<h3 class=\"wp-block-heading\"><span class=\"ez-toc-section\" id=\"La_prime_chassis_octroyee_par_la_region_bruxelloise\"><\/span>La prime ch\u00e2ssis octroy\u00e9e par la r\u00e9gion bruxelloise<span class=\"ez-toc-section-end\"><\/span><\/h3>\n\n\n\n<figure class=\"wp-block-image size-large\"><img decoding=\"async\" width=\"1024\" height=\"538\" src=\"https:\/\/www.bobex.be\/wp-uploads\/sites\/2\/oiture-5-1024x538.jpg\" alt=\"Installateur appliquant du mastic autour d\u2019un ch\u00e2ssis de fen\u00eatre en PVC, \u00e9quip\u00e9 d\u2019une ceinture \u00e0 outils, dans un appartement en cours de r\u00e9novation\" class=\"wp-image-202920\"\/><\/figure>\n\n\n\n<p>Depuis le mois de&nbsp;<strong>janvier 2022<\/strong>, les primes \u00e9nergie, r\u00e9novation et embellissement de fa\u00e7ades ont \u00e9t\u00e9 fusionn\u00e9es pour former plus qu\u2019un syst\u00e8me de primes unique \u00e0 Bruxelles :&nbsp;<strong><em>les primes R\u00e9nolution!<\/em><\/strong>&nbsp;Ci-dessous, vous pouvez trouver les montants et conditions appliqu\u00e9s en 2024.<\/p>\n\n\n\n<p>Pour conna\u00eetre les primes appliqu\u00e9es au travaux effectu\u00e9s en %YEAR%%, il faut&nbsp;<strong>attendre la d\u00e9cision du nouveau gouvernement Bruxellois<\/strong>.<\/p>\n\n\n\n<h4 class=\"wp-block-heading\"><span class=\"ez-toc-section\" id=\"A_Bruxelles_les_primes_Energie_Renovation_Embellissement_de_facade_deviennent_les_primes_Renolution\"><\/span>\u00c0 Bruxelles, les primes \u00c9nergie, R\u00e9novation &amp; Embellissement de fa\u00e7ade deviennent les primes&nbsp;<em>R\u00e9nolution<\/em><span class=\"ez-toc-section-end\"><\/span><\/h4>\n\n\n\n<p><em>Les montants indiqu\u00e9s ci-dessous sont susceptibles de changer selon les d\u00e9cisions du nouveau gouvernement bruxellois.<\/em><\/p>\n\n\n\n<p>Ces primes concernent de nombreux types de travaux de r\u00e9novation diff\u00e9rents dont, notamment :<\/p>\n\n\n\n<ul class=\"wp-block-list\">\n<li>L\u2019installation de nouveaux ch\u00e2ssis : pour des activit\u00e9s de type placement ou remplacement de portes et fen\u00eatre (<a href=\"https:\/\/renolution.brussels\/fr\/aidesfinancieres\/g1-portes-et-fenetres-exterieures-placement-et-remplacement-de-portes-et-fenetres\" target=\"_blank\" rel=\"noreferrer noopener nofollow\">prime G1<\/a>)<\/li>\n\n\n\n<li>La r\u00e9paration et l\u2019adaptation de fen\u00eatre (<a href=\"https:\/\/renolution.brussels\/fr\/aidesfinancieres\/g2-portes-et-fenetres-exterieures-reparation-et-adaptation-de-fenetre\" target=\"_blank\" rel=\"noreferrer noopener nofollow\">prime G2<\/a>)<\/li>\n<\/ul>\n\n\n\n<p>Ainsi, pour l\u2019<strong>installation de nouveaux ch\u00e2ssis<\/strong>&nbsp;chez vous, le montant de la prime&nbsp;<em>R\u00e9nolution&nbsp;<\/em>variera entre<strong>&nbsp;40 et 140 \u20ac\/m\u00b2<\/strong>&nbsp;de ch\u00e2ssis si vous respectez certaines conditions d\u00e9taill\u00e9es ci-dessous. Le montant exact est calcul\u00e9 en fonction de la<strong>cat\u00e9gorie de revenus<\/strong>&nbsp;de votre foyer et de la composition de celui-ci.<\/p>\n\n\n\n<p>Si vous devez plut\u00f4t<strong>&nbsp;r\u00e9parer ou adapter vos fen\u00eatres,<\/strong>&nbsp;le montant de la prime Renolution variera entre&nbsp;<strong>130&nbsp;<\/strong>\u20ac<strong>&nbsp;et 260 \u20ac \/m\u00b2<\/strong>&nbsp;de fen\u00eatre r\u00e9par\u00e9e ou adapt\u00e9e.<\/p>\n\n\n\n<h3 class=\"wp-block-heading\"><span class=\"ez-toc-section\" id=\"Quelles_sont_les_primes_chassis_proposees_par_la_region_wallonne\"><\/span>Quelles sont les primes ch\u00e2ssis propos\u00e9es par la r\u00e9gion wallonne ?<span class=\"ez-toc-section-end\"><\/span><\/h3>\n\n\n\n<p>En Wallonie,&nbsp;<strong>les demandes de prime pour les ch\u00e2ssis doivent d\u00e9sormais obligatoirement passer par l\u2019audit logement<\/strong>.&nbsp;<strong>La prime Petits travaux &amp; Toiture<\/strong>, qui permettait d\u2019obtenir une aide sans audit, a \u00e9t\u00e9&nbsp;<strong>supprim\u00e9e depuis le 14 f\u00e9vrier 2025<\/strong>. Il n\u2019est donc plus possible de demander une prime ch\u00e2ssis sans rapport d&rsquo;audit.<\/p>\n\n\n\n<p>Actuellement,&nbsp;<strong>la seule prime accessible pour ce type de travaux est la Prime Habitation<\/strong>, qui n\u00e9cessite&nbsp;<strong>un audit logement pr\u00e9alable<\/strong>&nbsp;(sauf pour les travaux limit\u00e9s \u00e0 la toiture\/combles).<\/p>\n\n\n\n<h4 class=\"wp-block-heading\"><span class=\"ez-toc-section\" id=\"Systeme_daide_pour_les_travaux_de_renovation_avec_audit_Logement_demande_de_prime_Habitation_de_la_region_wallonne\"><\/span>Syst\u00e8me d\u2019aide pour les travaux de r\u00e9novation avec audit Logement : demande de&nbsp;prime Habitation de la r\u00e9gion wallonne<span class=\"ez-toc-section-end\"><\/span><\/h4>\n\n\n\n<p>S\u2019il s\u2019agit de&nbsp;<strong>gros travaux de r\u00e9novation<\/strong>&nbsp;(r\u00e9novation profonde du logement d\u2019un m\u00e9nage), le gouvernement wallon impose aux m\u00e9nages qui veulent b\u00e9n\u00e9ficier de primes, de faire appel \u00e0 un&nbsp;<strong>auditeur agr\u00e9e.&nbsp;<\/strong><\/p>\n\n\n\n<p>L\u2019auditeur offrira alors au m\u00e9nage concern\u00e9, un r<strong>apport complet de la qualit\u00e9 \u00e9nerg\u00e9tique du b\u00e2timent<\/strong>,&nbsp;<strong>identifiera&nbsp;<\/strong>les \u00e9ventuels&nbsp;<strong>probl\u00e8mes&nbsp;<\/strong>du logement actuel (humidit\u00e9, isolation, \u00e9lectricit\u00e9,\u2026) et proposera un&nbsp;<strong>plan d\u2019action clair.&nbsp;<\/strong><\/p>\n\n\n\n<p>Pour b\u00e9n\u00e9ficier des primes Habitation, le m\u00e9nage devra ainsi, dans un premier temps,&nbsp;<strong>faire venir un auditeur<\/strong>&nbsp;et, dans un second temps, le m\u00e9nage pourra choisir les travaux qu\u2019il souhaite r\u00e9aliser parmi la liste des recommandations reprise dans l\u2019audit logement.<\/p>\n\n\n\n<p>Le montant des aides accord\u00e9es par la r\u00e9gion wallonne varie en fonction de la cat\u00e9gorie du m\u00e9nage. Pour le remplacement des menuiseries et des vitrages ext\u00e9rieurs, la r\u00e9gion wallonne offre une prime allant de 65 \u20ac\/m\u00b2 \u00e0 390 \u20ac\/m\u00b2 de fen\u00eatre remplac\u00e9e.<\/p>\n\n\n\n                <div class='bobex-cta-block' style='\n            --button-bg-color: #e13c0e;\n            --button-text-color: #ffffff;\n            --banner-bg-color: #aad4e6;\n            --arrow-main-bg-color: #aad4e6;\n            --arrow-secondary-bg-color: #e5f2f7;\n            --banner-title-color: #10375e;\n            --arrow-title-color: #10375e;\n            --banner-text-color: #545454;\n            --arrow-text-color: #545454;         \n            --invert-range: 0deg;\n        '>\n                    <div class='cta-arrow-text d-flex d-lg-none'>\n                        <a class='cta-button-rounded' href='#ppp'>Demander un devis<\/a>\n                    <\/div>\n                    <div class='d-none d-lg-flex flex-no-wrap'>\n                        <div class=\"col-7 cta-arrow-text d-flex text-color\">\n                            <div class=\"m-auto\">\n                                <div class=\"h3\">Demandez votre devis gratuit d\u00e8s maintenant et donnez vie \u00e0 votre projet de ch\u00e2ssis !<\/div>\n                                <div class='text-color'>Demandez vos devis ici !<\/div>\n                            <\/div>\n                        <\/div>\n                        <div class='cta-arrow-link col-5'>\n                            <a class='cta-button-rounded' href=\"#ppp\">Demander un devis<\/a>\n                        <\/div>\n                    <\/div>\n                <\/div>\n\n\n<h4 class=\"wp-block-heading\"><span class=\"ez-toc-section\" id=\"Recapitulatif_du_calcul_du_montant_de_la_prime_Habitation_pour_le_remplacement_des_chassis\"><\/span>R\u00e9capitulatif du calcul du montant de la prime Habitation pour le remplacement des ch\u00e2ssis<span class=\"ez-toc-section-end\"><\/span><\/h4>\n\n\n\n<p>Pour conna\u00eetre votre cat\u00e9gorie de revenus et estimer le montant de votre prime Habitation, additionnez les revenus globalement imposables de l\u2019ensemble du m\u00e9nage pour l\u2019ann\u00e9e qui pr\u00e9c\u00e8de votre demande (ex. : revenus 2024 pour une demande en 2025).<\/p>\n\n\n\n<p>Vous pouvez d\u00e9duire de ce montant<strong>&nbsp;5.000 \u20ac<\/strong>&nbsp;par&nbsp;<strong>enfant \u00e0 charge<\/strong>. Vous pouvez \u00e9galement d\u00e9duire&nbsp;<strong>5.000 \u20ac<\/strong>&nbsp;si une <strong>personne en situation de handicap<\/strong>&nbsp;fait partie de votre m\u00e9nage et est reconnue par le Service Public F\u00e9d\u00e9ral (SPF). Enfin, si une&nbsp;<strong>personne de plus de 60 ans est domicili\u00e9e&nbsp;<\/strong>chez vous, vous pourrez d\u00e9duire ce m\u00eame montant de la somme de vos revenus.<\/p>\n\n\n\n            <div class='bobex-table-wrapper' style='\n            --bobex-table-dark-row-color: #D1E8F2;\n        '>\n                <table class='' data-columns='3'>\n                    <thead style='\n            --bobex-table-header-background-color: #10375E;\n            --bobex-table-header-text-color: #FFFFFF;\n        '><th>Cat\u00e9gorie de revenus<\/th><th>Revenu de r\u00e9f\u00e9rence<\/th><th>Calcul de la prime allou\u00e9e<\/th><\/thead><tr><td>R1<\/td><td>Plus petit ou \u00e9gal \u00e0 26.900 \u20ac<\/td><td>156 \u20ac par m\u00b2 de fen\u00eatre remplac\u00e9e<\/td><\/tr><tr><td>R2<\/td><td>De 26.900,01 \u00e0 38.300\u20ac<\/td><td>104 \u20ac par m\u00b2 de fen\u00eatre remplac\u00e9e<\/td><\/tr><tr><td>R3<\/td><td>De 38.300,01 \u00e0 50.600\u20ac<\/td><td>78 \u20ac par m\u00b2 de fen\u00eatre remplac\u00e9e<\/td><\/tr><tr><td>R4<\/td><td>De 50.600,01 \u00e0 114.400\u20ac<\/td><td>52 \u20ac par m\u00b2 de fen\u00eatre remplac\u00e9e<\/td><\/tr><tr><td>R5 (montant de base)<\/td><td>Au-dessus de 114.400\u20ac<\/td><td>Plus de prime<\/td><\/tr>\n                <\/table>\n            <\/div>\n        \n\n\n<h4 class=\"wp-block-heading\"><span class=\"ez-toc-section\" id=\"Quelles_sont_les_conditions_pour_obtenir_la_prime_chassis_en_Wallonnie\"><\/span>Quelles sont les conditions pour obtenir la prime ch\u00e2ssis en Wallonnie ?<span class=\"ez-toc-section-end\"><\/span><\/h4>\n\n\n\n<p>Afin d\u2019\u00eatre \u00e9ligible pour la&nbsp;<a href=\"https:\/\/www.bobex.be\/fr-be\/chassis-portes-et-fenetres\/prime-chassis-region-wallonne\/\">prime ch\u00e2ssis en Wallonie<\/a>, il faut pouvoir respecter certains crit\u00e8res, en ce qui concerne votre situation, votre habitation et la r\u00e9alisation de vos travaux de r\u00e9novation de ch\u00e2ssis :<\/p>\n\n\n\n<h5 class=\"wp-block-heading\"><span class=\"ez-toc-section\" id=\"Conditions_pour_vous\"><\/span>Conditions pour vous<span class=\"ez-toc-section-end\"><\/span><\/h5>\n\n\n\n<ul class=\"wp-block-list\">\n<li><strong>\u00catre majeur :&nbsp;<\/strong>au moins 18 ans ou mineur \u00e9mancip\u00e9.<\/li>\n\n\n\n<li><strong>Avoir un droit r\u00e9el de faire des travaux de r\u00e9novation&nbsp;<\/strong>sur le bien (propri\u00e9taire, nu-propri\u00e9taire, usufruitier, ou association de copropri\u00e9taires ou repr\u00e9sentant d\u2019une copropri\u00e9t\u00e9 indivise).<\/li>\n\n\n\n<li>Il est n\u00e9cessaire d&rsquo;\u00eatre enregistr\u00e9 sur le registre de la population ou le registre des \u00e9trangers.<\/li>\n<\/ul>\n\n\n\n<h5 class=\"wp-block-heading\"><span class=\"ez-toc-section\" id=\"Conditions_pour_votre_habitation\"><\/span>Conditions pour votre habitation<span class=\"ez-toc-section-end\"><\/span><\/h5>\n\n\n\n<ul class=\"wp-block-list\">\n<li><strong>\u00catre localis\u00e9e&nbsp;<\/strong>sur le sol Wallon (sauf Communaut\u00e9 germanophone)<\/li>\n\n\n\n<li>Avoir \u00e9t\u00e9 construite&nbsp;<strong>il y a plus de 15 ans&nbsp;<\/strong><\/li>\n\n\n\n<li>L\u2019objectif du b\u00e2timent est le&nbsp;<strong>logement<\/strong>.<\/li>\n\n\n\n<li>Avoir du&nbsp;<strong>simple vitrage&nbsp;<\/strong>ou ne pas suivre les normes d\u2019<strong>\u00e9tanch\u00e9it\u00e9&nbsp;<\/strong>pr\u00e9conis\u00e9es par la&nbsp;<strong>r\u00e9glementation wallonne<\/strong>.<\/li>\n<\/ul>\n\n\n\n<h5 class=\"wp-block-heading\"><span class=\"ez-toc-section\" id=\"Conditions_a_realiser_pour_la_renovation\"><\/span>Conditions \u00e0 r\u00e9aliser pour la r\u00e9novation<span class=\"ez-toc-section-end\"><\/span><\/h5>\n\n\n\n<ul class=\"wp-block-list\">\n<li>R\u00e9aliser un&nbsp;<strong>audit \u00e9nerg\u00e9tique&nbsp;<\/strong>avant les travaux, remboursable dans le montant de la prime.<\/li>\n\n\n\n<li>Cet audit \u00e9nerg\u00e9tique donne la marche \u00e0 suivre pour les travaux.<\/li>\n\n\n\n<li>La demande de prime audit doit \u00eatre r\u00e9alis\u00e9e dans les 8 mois qui suivent son enregistrement<\/li>\n\n\n\n<li>Les travaux doivent \u00eatre r\u00e9alis\u00e9s dans les 8 ans qui suivent la date de l\u2019enregistrement du rapport d\u2019audit.<\/li>\n\n\n\n<li>Il faut commencer les travaux avant de recevoir l\u2019argent de la prime (mais apr\u00e8s avoir re\u00e7u l\u2019auditeur et le rapport d\u2019audit!).<\/li>\n\n\n\n<li>Prendre des photos du chantier en travaux pour prouver qu\u2019il y a bien eu une r\u00e9novation.<\/li>\n\n\n\n<li>Employer un entrepreneur agr\u00e9\u00e9 par la Banque Carrefour des Entreprises.<\/li>\n<\/ul>\n\n\n\n<p><strong>Mon Espace Wallonie<\/strong>&nbsp;est le seul canal officiel pour introduire votre demande. Rendez-vous sur la plateforme via ce<a href=\"https:\/\/www.wallonie.be\/fr\/demarches\/obtenir-une-prime-pour-son-habitation-partir-du-14-fevrier-2025\" target=\"_blank\" rel=\"noreferrer noopener\">&nbsp;lien<\/a>. Vous pourrez y g\u00e9rer vos d\u00e9marches administratives en toute s\u00e9curit\u00e9.<\/p>\n\n\n\n<h3 class=\"wp-block-heading\"><span class=\"ez-toc-section\" id=\"Et_en_Flandre_Quelles_primes_a_la_renovation_en_2026\"><\/span>Et en Flandre ? Quelles primes \u00e0 la r\u00e9novation en 2026 ?<span class=\"ez-toc-section-end\"><\/span><\/h3>\n\n\n\n<figure class=\"wp-block-image size-large\"><img decoding=\"async\" width=\"1024\" height=\"538\" src=\"https:\/\/www.bobex.be\/wp-uploads\/sites\/2\/oiture-4-1024x538.jpg\" alt=\"echnicien installant un double vitrage dans un cadre de fen\u00eatre en PVC, portant des gants de protection et une casquette, en milieu r\u00e9sidentiel lumineux\" class=\"wp-image-202893\"\/><\/figure>\n\n\n\n<p>En Flandre, la r\u00e9gion a \u00e9galement r\u00e9form\u00e9 son syst\u00e8me de primes \u00e0 la r\u00e9novation r\u00e9cemment. Depuis octobre 2022, la prime \u00e0 la r\u00e9novation et la prime \u00e9nergie ont fusionn\u00e9 en un syst\u00e8me de prime unique :&nbsp;<strong>\u201cMijn VerbouwPremie\u201d<\/strong>.<\/p>\n\n\n\n<h4 class=\"wp-block-heading\"><span class=\"ez-toc-section\" id=\"Mijn_VerbouwPremie_le_systeme_de_prime_unique_flamand\"><\/span>Mijn VerbouwPremie : le syst\u00e8me de prime unique flamand<span class=\"ez-toc-section-end\"><\/span><\/h4>\n\n\n\n<p>Tout comme \u00e0 Bruxelles et en Wallonie, les primes sont accord\u00e9es en fonction du type de travaux r\u00e9alis\u00e9s et de la cat\u00e9gorie de revenu du m\u00e9nage.<\/p>\n\n\n\n            <div class=\"bobex-highlight-global-div\" style=\"\n            --line-color: #17518d;\n            --bg-color: #e5f2f7;\n            --content-color:#10375e;\n            --title-color: #10375e;\n        \">\n                    <div class=\"bobex-highlight-block__border\">\n                        <div class=\"bobex--block_highlight_content-area\">\n                            <p class=\"bobex-block-highlight-title\"><strong>\ud83d\udd04 Nouveaut\u00e9s Flandre (d\u00e8s 1er\u202fjuillet\u202f2025)<\/strong><br>Le gouvernement flamand a augment\u00e9 le nombre de cat\u00e9gories de revenus, passant de 3 \u00e0 4. Cela impacte les plafonds et pourcentages des primes\u202f:<\/p>\n                            <p class=\"bobex-block-highlight-content\">\n                            \t<div>\n<div class=\"wp-block-bobex-highlight\">\n<p><\/p>\n<\/div>\n<\/div>\n                            <\/p>\n                        <\/div>\n                    <\/div>\n            <\/div>\n        \n\n\n<p>Les<strong>&nbsp;cat\u00e9gories de travaux<\/strong>&nbsp;soutenus par la<strong>&nbsp;prime flamande&nbsp;<\/strong>sont les suivantes :<\/p>\n\n\n\n<ul class=\"wp-block-list\">\n<li>Isolation et r\u00e9novation de toiture<\/li>\n\n\n\n<li>Isolation et r\u00e9novation des murs ext\u00e9rieurs<\/li>\n\n\n\n<li>Isolation et r\u00e9novation du sol<\/li>\n\n\n\n<li>Placement et remplacement des vitrages et menuiseries ext\u00e9rieurs (fen\u00eatres et portes)<\/li>\n\n\n\n<li>R\u00e9novation int\u00e9rieur (murs, plafonds, escalier)<\/li>\n\n\n\n<li>Production d\u2019\u00e9nergie renouvelable via chauffe-eau solaire, pompe \u00e0 chaleur (PAC)<\/li>\n\n\n\n<li>Travaux d\u2019\u00e9lectricit\u00e9 et plomberie<\/li>\n<\/ul>\n\n\n\n<h4 class=\"wp-block-heading\"><span class=\"ez-toc-section\" id=\"Quel_est_le_montant_de_la_prime_flamande_pour_les_fenetres_et_portes\"><\/span>Quel est le montant de la prime flamande pour les fen\u00eatres et portes ?<span class=\"ez-toc-section-end\"><\/span><\/h4>\n\n\n\n            <div class='bobex-table-wrapper' style='\n            --bobex-table-dark-row-color: #D1E8F2;\n        '>\n                <table class='' data-columns='3'>\n                    <thead style='\n            --bobex-table-header-background-color: #10375E;\n            --bobex-table-header-text-color: #FFFFFF;\n        '><th>Cat\u00e9gorie de revenus<\/th><th>Revenu de r\u00e9f\u00e9rence<\/th><th><strong>Montant de la prime (ex. fen\u00eatres\/portes)<\/strong><\/th><\/thead><tr><td><strong>Cat\u00e9gorie 1 \u2013 Revenus tr\u00e8s faibles<\/strong><\/td><td>C\u00e9libataire :<br>\u2264 42 340 \u20ac<br>C\u00e9libataire avec 1 personne \u00e0 charge ou couple sans personne \u00e0 charge :<br>Revenus sup\u00e9rieur \u00e0 \u2264 59 270 \u20ac<br><br><em>Par personne \u00e0 charge suppl\u00e9mentaire<\/em><br>4.170 \u20ac \u00e0 ajouter.<br><\/td><td><strong>Jusqu\u2019\u00e0 50 %<\/strong> de la facture (plafond sp\u00e9cifique \u00e0 chaque travaux)<\/td><\/tr><tr><td><strong>Cat\u00e9gorie 2 \u2013 Revenus bas<\/strong><\/td><td>C\u00e9libataire :<br>42 340 \u20ac et \u2264 53 880 \u20ac<br><br>C\u00e9libataire avec 1 personne \u00e0 charge ou couple sans personne \u00e0 charge :<br>Revenus inf\u00e9rieurs ou \u00e9gaux \u00e0 > 59 270 \u20ac et \u2264 76 980 \u20ac<br><br><em>Par personne \u00e0 charge suppl\u00e9mentaire<\/em><br>4.170 \u20ac \u00e0 ajouter.<\/td><td><strong>35 % du montant de la facture HTVA<\/strong>\u00a0(prime de maximum 5.500 \u20ac)<\/td><\/tr><tr><td><strong>Cat\u00e9gorie 3 \u2013 Revenus moyens<\/strong><\/td><td>C\u00e9libataire : > 53 880 \u20ac<br>C\u00e9libataire avec une personne \u00e0 charge : > 76 980 \u20ac<\/td><td><strong>Jusqu\u2019\u00e0 25 %<\/strong> de la facture<\/td><\/tr><tr><td>Cat\u00e9gorie 4 \u2013 Revenus \u00e9lev\u00e9s<\/td><td>\/\/<\/td><td><br>Montant <strong>fixe au m\u00b2<\/strong> (ex. 8 \u20ac\/m\u00b2 pour les fen\u00eatres), max. <strong>40 %<\/strong><\/td><\/tr>\n                <\/table>\n            <\/div>\n        \n\n\n<h2 class=\"wp-block-heading\"><span class=\"ez-toc-section\" id=\"Quelle_prime_peut-on_obtenir_pour_changer_ses_chassis_en_Belgique\"><\/span>Quelle prime peut-on obtenir pour changer ses ch\u00e2ssis en Belgique ?<span class=\"ez-toc-section-end\"><\/span><\/h2>\n\n\n\n<p>Les montants pour 2025 n\u2019ont pas encore \u00e9t\u00e9 annonc\u00e9s. Nous attendons toujours la formation du gouvernement bruxellois pour prendre des d\u00e9cisions relatives aux primes<\/p>\n\n\n\n<p>Le montant exact de la prime que vous pourrez recevoir de la r\u00e9gion bruxelloise va d\u00e9pendre de :<\/p>\n\n\n\n<ul class=\"wp-block-list\">\n<li>Votre cat\u00e9gorie de revenu : cat\u00e9gorie I, II ou III<\/li>\n\n\n\n<li>Du type de travaux \u00e0 effectuer : placement ou r\u00e9paration de ch\u00e2ssis<\/li>\n\n\n\n<li>Du mat\u00e9riau des ch\u00e2ssis : pvc, bois, m\u00e9tal<\/li>\n<\/ul>\n\n\n\n<p>Retrouvez dans le tableau ci-dessous les diff\u00e9rents montants des primes li\u00e9es aux ch\u00e2ssis \u00e0 Bruxelles.<\/p>\n\n\n\n            <div class='bobex-table-wrapper' style='\n            --bobex-table-dark-row-color: #D1E8F2;\n        '>\n                <table class='' data-columns='5'>\n                    <thead style='\n            --bobex-table-header-background-color: #10375E;\n            --bobex-table-header-text-color: #FFFFFF;\n        '><th>Cat\u00e9gorie de revenus<\/th><th>Revenu d\u2019une personne seule de plus de 35 ans<\/th><th>Revenu d\u2019un couple avec 4 personne \u00e0 charge<\/th><th>Prime G1<br>Placement et remplacement de portes et fen\u00eatres<\/th><th>Prime G2<br>R\u00e9paration et adaptation de portes et fen\u00eatres<\/th><\/thead><tr><td>Cat\u00e9gorie I.\u00a0<br>(revenus de base ou par d\u00e9faut)<\/td><td>Plus de 90.800 \u20ac \/ an<\/td><td>Plus de 100.800 \u20ac\/an<\/td><td>Si les nouveaux ch\u00e2ssis sont en\u00a0<strong>bois\u00a0<\/strong>:\u00a0<br><strong>100 \u20ac\/m\u00b2<\/strong>Si les nouveaux ch\u00e2ssis sont en\u00a0<strong>PVC\u00a0<\/strong>ou\u00a0<strong>m\u00e9tal\u00a0<\/strong>:\u00a0<br><strong>40 \u20ac\/m\u00b2<\/strong><\/td><td><strong>130 \u20ac\/m\u00b2<\/strong>\u00a0de fen\u00eatres<\/td><\/tr><tr><td>Cat\u00e9gorie II. (revenus moyens)<\/td><td>Entre 48.000 \u20ac et 90.800 \u20ac \/ an<\/td><td>De 58.000 \u20ac\/an \u00e0 100.800 \u20ac\/an<\/td><td>Si les nouveaux ch\u00e2ssis sont en\u00a0<strong>bois\u00a0<\/strong>:\u00a0<strong>120 \u20ac\/m\u00b2<\/strong>Si les nouveaux ch\u00e2ssis sont en\u00a0<strong>PVC\u00a0<\/strong>ou\u00a0<strong>m\u00e9tal\u00a0<\/strong>:\u00a0<br><strong>50 \u20ac\/m\u00b2<\/strong><\/td><td><strong>220 \u20ac\/m\u00b2<\/strong>\u00a0de fen\u00eatres<\/td><\/tr><tr><td>Cat\u00e9gorie III. (valable pour les petits revenus)<\/td><td>Moins de 48.000\u20ac\/an<\/td><td>Moins de 58.000 \u20ac\/an<\/td><td>Si les nouveaux ch\u00e2ssis sont en\u00a0<strong>bois\u00a0<\/strong>:<br><strong>140 \u20ac\/m\u00b2<\/strong><br><br>Si les nouveaux ch\u00e2ssis sont en\u00a0<strong>PVC\u00a0<\/strong>ou\u00a0<strong>m\u00e9tal\u00a0<\/strong>:<br><strong>55 \u20ac\/m\u00b2<\/strong><\/td><td><strong>260 \u20ac\/m\u00b2<\/strong>\u00a0de fen\u00eatres<\/td><\/tr>\n                <\/table>\n            <\/div>\n        \n\n\n<p><strong>BON PLAN :<\/strong>&nbsp;<strong>Augmentez encore le montant de votre prime gr\u00e2ce aux primes Bonus<\/strong>&nbsp;!<\/p>\n\n\n\n<ul class=\"wp-block-list\">\n<li><strong>Bonus portes et fen\u00eatres durables<\/strong><\/li>\n<\/ul>\n\n\n\n<p>Pour la prime G1, vous pourrez b\u00e9n\u00e9ficier de&nbsp;<strong>100 \u20ac\/m\u00b2 de prime suppl\u00e9mentaire&nbsp;<\/strong>si vous optez pour le placement de portes et\/ou de fen\u00eatres en&nbsp;<strong>bois durable<\/strong>&nbsp;(label FSC ou PEFC) ou<strong>&nbsp;issu du r\u00e9emploi\/recyclage<\/strong>.<\/p>\n\n\n\n<ul class=\"wp-block-list\">\n<li><strong>Bonus portes et fen\u00eatres acoustiques<\/strong><\/li>\n<\/ul>\n\n\n\n<p>Pour la prime G1 et G2, vous pouvez b\u00e9n\u00e9ficier d\u2019un<strong>&nbsp;bonus de 35 \u20ac suppl\u00e9mentaire<\/strong>&nbsp;par m\u00b2 si vous d\u00e9cidez d\u2019installer des fen\u00eatres avec un<strong>&nbsp;vitrage acoustique<\/strong>&nbsp;(double vitrage asym\u00e9trique ou en verre feuillet\u00e9)<\/p>\n\n\n\n<h3 class=\"wp-block-heading\"><span class=\"ez-toc-section\" id=\"Quelles_sont_les_conditions\"><\/span>Quelles sont les conditions ?<span class=\"ez-toc-section-end\"><\/span><\/h3>\n\n\n\n<p>Comme pour la Wallonie, il existe des conditions pr\u00e9alables \u00e0 remplir pour pouvoir b\u00e9n\u00e9ficier de la&nbsp;<a href=\"https:\/\/www.bobex.be\/fr-be\/chassis-portes-et-fenetres\/prime-chassis-bruxelles\/\" target=\"_blank\" rel=\"noreferrer noopener\">prime qui concerne la r\u00e9novation de ch\u00e2ssis \u00e0 Bruxelles<\/a>&nbsp;:<\/p>\n\n\n\n<ul class=\"wp-block-list\">\n<li>Le bien doit se trouver dans la r\u00e9gion de&nbsp;<strong>Bruxelles-Capitale.<\/strong><\/li>\n\n\n\n<li>Il faut exercer un droit r\u00e9el sur l\u2019habitation (propri\u00e9taire, usufruitier, \u2026).<\/li>\n\n\n\n<li>Le b\u00e2timent doit dater d\u2019au moins&nbsp;<strong>10 ans<\/strong>.<\/li>\n\n\n\n<li>La demande de prime doit \u00eatre introduite dans les&nbsp;<strong>12 mois<\/strong>&nbsp;qui suivent la r\u00e9ception de la derni\u00e8re facture.<\/li>\n\n\n\n<li>Valable pour un logement ou b\u00e2timent \u00e0 destination commerciale.<\/li>\n\n\n\n<li>Les travaux doivent \u00eatre r\u00e9alis\u00e9s par un professionnel inscrit \u00e0 la BCE.<\/li>\n\n\n\n<li>Le montant de la prime peut couvrir jusqu\u2019\u00e0 70 % de la facture (plafond de 50.000 \u20ac pour les maisons unifamiliales et appartement).<\/li>\n\n\n\n<li>Conditions techniques pour la prime G1 :&nbsp;<br>Ug des nouveaux ch\u00e2ssis inf\u00e9rieur ou \u00e9gal \u00e0 1,1 W\/m\u00b2K<br>Uw global (ch\u00e2ssis, vitrage, etc.) inf\u00e9rieur ou \u00e9gal \u00e0 1,5 W\/m\u00b2K.<br>Pour un placement ou remplacement d\u2019une porte ext\u00e9rieur : Ud inf\u00e9rieur ou \u00e9gal \u00e0 2,0 W\/m\u00b2K<\/li>\n\n\n\n<li>Une prime est octroy\u00e9e pour le placement de nouvelles portes et ch\u00e2ssis en m\u00e9tal ou en PVC que s\u2019il s\u2019agit d\u2019un remplacement \u00e0 l\u2019identique.<\/li>\n<\/ul>\n\n\n\n<p>Si&nbsp;<strong>au moins 20 % du montant des travaux est pay\u00e9 avant le 14 f\u00e9vrier 2025&nbsp;<\/strong><strong>et<\/strong>&nbsp;si la&nbsp;<strong>demande compl\u00e8te est introduite avant le 28 f\u00e9vrier 2025 \u00e0 23h59<\/strong>, alors&nbsp;<strong>l\u2019ancien r\u00e9gime peut s\u2019appliquer<\/strong>.<\/p>\n\n\n\n            <div class=\"bobex-lightblock-maindiv\" style=\"\n            --content-color:#5c5c5c;\n        \">\n                <div class=\"bobex-tip-light-block__icon-area\">\n                    <div class=\"bobex-tip-light-icon-container\">\n                        <img decoding=\"async\" src=\"https:\/\/www.bobex.be\/fr-be\/wp-content\/plugins\/bobex-blocks\/img\/advice.png \" alt=\"advice-icon\" class=\"bobex-tip-light-block__tipsBlueLogo\"\/>\n                    <\/div>\n                <\/div>\n                <div class=\"bobex-tip-light-block__content-area\">\n                    <p class=\"bobex-block-tips-content\"><\/p>\n                    <div>\n<div class=\"wp-block-bobex-advice-light\">\n<p>Les montants des primes ont \u00e9t\u00e9&nbsp;<strong>r\u00e9duits en moyenne de 60 %<\/strong>&nbsp;par rapport \u00e0 l\u2019ancien r\u00e9gime. Il est donc essentiel de bien consulter les nouvelles conditions avant d\u2019entamer vos travaux.<\/p>\n<\/div>\n<\/div>\n                <\/div>\n            <\/div>\n        \n\n\n<h2 class=\"wp-block-heading\"><span class=\"ez-toc-section\" id=\"A_la_recherche_dun_professionnel_pour_effectuer_vos_travaux_de_renovation_de_chassis\"><\/span>\u00c0 la recherche d\u2019un professionnel pour effectuer vos travaux de r\u00e9novation de ch\u00e2ssis ?<span class=\"ez-toc-section-end\"><\/span><\/h2>\n\n\n\n<p>Remplissez ce formulaire, nous vous mettrons gratuitement en contact avec des sp\u00e9cialistes de la r\u00e9novation de ch\u00e2ssis et vous recevrez jusqu\u2019\u00e0 5 devis sans aucune obligation derri\u00e8re. Elle n\u2019est pas simple la vie ?<\/p>\n\n\n<div id=\"ppp\" class=\"bob-form-wrapper\" data-ajax_url=\"https:\/\/www.bobex.be\/fr-be\/wp-admin\/admin-ajax.php\" data-fa_a=\"\" data-fa_b=\"\"><div class=\"loader\" aria-hidden=\"true\"><\/div>    <div>\n        <div class=\"row mx-auto mb-2\" style=\"max-width: 900px;\">\n            <div class=\"col-md-4\"><i class=\"mr-1 fas fa-check\" style=\"color:green;\"><\/i>Devis gratuits et rapides<\/div>\n            <div class=\"col-md-4\"><i class=\"mr-1 fas fa-check\" style=\"color:green;\"><\/i>Sans engagement et obligation<\/div>\n            <div class=\"col-md-4\"><i class=\"mr-1 fas fa-check\" style=\"color:green;\"><\/i>Professionnels agr\u00e9\u00e9s<\/div>\n        <\/div>\n    <\/div><div id=\"form-69f25cabc6ce8\" class=\"bob-form-container\" style=\"background-color: white; font-family: Roboto, sans-serif !important; font-size: 16px !important; color: #545454; box-shadow: 0 2px 10px rgba(0,0,0,0.1); --font_title: Poppins; --font_size_title: 20px; --title_bg_color: #175da6; --copyright_color: #fde8e1; --box_upload_color: #e5f2f7; padding:unset;\" data-form-type=\"inline\" data-form-id=\"69f25cabc6ce8\"><style>#form-69f25cabc6ce8 .bob-form-inline-question.even {\n  background-color: #e5f2f7;\n}\n#form-69f25cabc6ce8 .single_multiple.multiple_button {\n  background-color: #e5f2f7 !important;\n}\n#form-69f25cabc6ce8 .bob-form-inline-question--hidden {\n  display: none;\n}<\/style><div class=\"form-questions\"><form id=\"bob-form\" class=\"bob-form bob-form-tag\" method=\"post\" action=\"https:\/\/www.bobex.be\/fr-be\/wp-admin\/admin-ajax.php?action=bobex-form-validation\">    <div class=\"form-title\">\n        Formulez votre demande\n        <div class=\"form-title-info-line\">\n            R\u00e9pondez \u00e0 quelques questions et entrez en contact avec des sp\u00e9cialistes fiables. Nous vous demandons vos coordonn\u00e9es afin de s\u00e9lectionner les professionnels actifs dans votre r\u00e9gion.\n        <\/div>\n    <\/div><div class=\"form-questions bob-form-inline-question\"><div class=\"row\"><div class=\"question col-md-4\"><label>1*. Que d\u00e9sirez-vous installer ou remplacer?<\/label><\/div><div class=\"answer col-md-8\"><div class=\"bob-form-radio d-flex\"><input type=\"radio\" class=\"inline-radio\" id=\"69f25cabc6ce8-input-0-1\" data-unique-id=\"69f25cabc6ce8\" name=\"XML_extra_radio\" value=\"1\"  required=\"required\"><label for=\"69f25cabc6ce8-input-0-1\">Des fen\u00eatres (ch\u00e2ssis)<\/label><\/div><div class=\"bob-form-radio d-flex\"><input type=\"radio\" class=\"inline-radio\" id=\"69f25cabc6ce8-input-0-2\" data-unique-id=\"69f25cabc6ce8\" name=\"XML_extra_radio\" value=\"2\"  required=\"required\"><label for=\"69f25cabc6ce8-input-0-2\">Des portes<\/label><\/div><div class=\"bob-form-radio d-flex\"><input type=\"radio\" class=\"inline-radio\" id=\"69f25cabc6ce8-input-0-3\" data-unique-id=\"69f25cabc6ce8\" name=\"XML_extra_radio\" value=\"3\"  required=\"required\"><label for=\"69f25cabc6ce8-input-0-3\">Des fen\u00eatres et des portes<\/label><\/div><\/div><\/div><\/div><div class=\"form-questions bob-form-inline-question even\"><div class=\"row\"><div class=\"question col-md-4\"><label>2*. Quel type de fen\u00eatres (ou portes) d\u00e9sirez-vous?<\/label><\/div><div class=\"answer col-md-8\"><div class=\"bob-form-radio d-flex\"><input type=\"radio\" class=\"inline-radio\" id=\"69f25cabc6ce8-input-1-1\" data-unique-id=\"69f25cabc6ce8\" name=\"XML_extra_radio2\" value=\"1\"  required=\"required\"><label for=\"69f25cabc6ce8-input-1-1\">Fen\u00eatres (ou portes) en PVC<\/label><\/div><div class=\"bob-form-radio d-flex\"><input type=\"radio\" class=\"inline-radio\" id=\"69f25cabc6ce8-input-1-2\" data-unique-id=\"69f25cabc6ce8\" name=\"XML_extra_radio2\" value=\"2\"  required=\"required\"><label for=\"69f25cabc6ce8-input-1-2\">Fen\u00eatres (ou portes) en aluminium<\/label><\/div><div class=\"bob-form-radio d-flex\"><input type=\"radio\" class=\"inline-radio\" id=\"69f25cabc6ce8-input-1-3\" data-unique-id=\"69f25cabc6ce8\" name=\"XML_extra_radio2\" value=\"3\"  required=\"required\"><label for=\"69f25cabc6ce8-input-1-3\">Fen\u00eatres (ou portes) en bois<\/label><\/div><div class=\"bob-form-radio d-flex\"><input type=\"radio\" class=\"inline-radio\" id=\"69f25cabc6ce8-input-1-4\" data-unique-id=\"69f25cabc6ce8\" name=\"XML_extra_radio2\" value=\"4\"  required=\"required\"><label for=\"69f25cabc6ce8-input-1-4\">Je ne sais pas, conseillez-moi<\/label><\/div><\/div><\/div><\/div><div class=\"form-questions bob-form-inline-question\"><div class=\"row\"><div class=\"question col-md-4\"><label>3*. Combien de fen\u00eatres (ou portes) voulez-vous?<\/label><\/div><div class=\"answer col-md-8\"><div class=\"bob-form-radio d-flex\"><input type=\"radio\" class=\"inline-radio\" id=\"69f25cabc6ce8-input-2-1\" data-unique-id=\"69f25cabc6ce8\" name=\"XML_extra_radio3\" value=\"1\"  required=\"required\"><label for=\"69f25cabc6ce8-input-2-1\">1 ou 2<\/label><\/div><div class=\"bob-form-radio d-flex\"><input type=\"radio\" class=\"inline-radio\" id=\"69f25cabc6ce8-input-2-2\" data-unique-id=\"69f25cabc6ce8\" name=\"XML_extra_radio3\" value=\"2\"  required=\"required\"><label for=\"69f25cabc6ce8-input-2-2\">3 ou 4<\/label><\/div><div class=\"bob-form-radio d-flex\"><input type=\"radio\" class=\"inline-radio\" id=\"69f25cabc6ce8-input-2-3\" data-unique-id=\"69f25cabc6ce8\" name=\"XML_extra_radio3\" value=\"3\"  required=\"required\"><label for=\"69f25cabc6ce8-input-2-3\">5 \u00e0 9<\/label><\/div><div class=\"bob-form-radio d-flex\"><input type=\"radio\" class=\"inline-radio\" id=\"69f25cabc6ce8-input-2-4\" data-unique-id=\"69f25cabc6ce8\" name=\"XML_extra_radio3\" value=\"4\"  required=\"required\"><label for=\"69f25cabc6ce8-input-2-4\">10 \u00e0 15<\/label><\/div><div class=\"bob-form-radio d-flex\"><input type=\"radio\" class=\"inline-radio\" id=\"69f25cabc6ce8-input-2-5\" data-unique-id=\"69f25cabc6ce8\" name=\"XML_extra_radio3\" value=\"5\"  required=\"required\"><label for=\"69f25cabc6ce8-input-2-5\">Plus de 15<\/label><\/div><\/div><\/div><\/div><div class=\"form-questions bob-form-inline-question even\"><div class=\"d-flex flex-column\"><label class=\"question\" for=\"69f25cabc6ce8-input-3\">4. Description de votre projet<\/label><textarea class=\"bob-form-input\" name=\"XML_remarks\" id=\"69f25cabc6ce8-input-3\" data-unique-id=\"69f25cabc6ce8\"><\/textarea><\/div><\/div><div class=\"bob-inline-form bob-form-tag upload-box mb-3\">\n                    <div class=\"row\">\n                        <div class=\"col-md-12 mb-2 question\">Ajouter des photos ou des pi\u00e8ces jointes (en Option)<\/div>\n                        <div class=\"col-md-12\">\n                            <div class=\"box__input\" style=\"background-color: #e5f2f7;\"\n                                 ondrop=\"drop(event)\"\n                                 ondragover=\"allowDrop(event)\"\n                                 ondragleave=\"removeDropFx(event)\"\n                                >\n                                <input type=\"file\"\n                                       class=\"file__input\"\n                                       name=\"attachments[]\"\n                                       id=\"attachments\"\n                                       multiple=\"multiple\"\n                                       accept=\"image\/jpeg, image\/png, image\/gif, application\/pdf\"\n                                       data-multiple-caption=\"{count} files selected\">\n                                <div>\n                                    <label for=\"attachments\"><strong>S\u00e9lectionnez un fichier <\/strong>ou glissez-le ici<\/label>\n                                    <span class=\"box__button bobex-round-cta m-1 py-1\"\n                                          style=\"mix-blend-mode: luminosity\">\n                                        <i class=\"fas fa-cloud-upload-alt text-white\"><\/i>\n                                        T\u00e9l\u00e9charger\n                                    <\/span>\n                                <\/div>\n            \n                                <div class=\"row preview_wrapper m-0\"><\/div>\n                            <\/div>\n            \n                            <div class=\"box__uploading\">Uploading\u2026<\/div>\n                            <div class=\"box__success\">Done!<\/div>\n                            <div class=\"box__error\">Error! <span><\/span>.<\/div>\n                        <\/div>\n                    <\/div>\n                <\/div>    <div class=\"form-title\">\n        Vos donn\u00e9es\n    <\/div><div class=\"bob-form-contact-data\" style=\"padding: 20px\"><div class=\"row lead-info\"><div class=\"col-md-6 mb-3\">  <div class=\"form-group\">    <input value=\"\" type=\"text\" class=\"form-control\" id=\"firstName\" name=\"firstName\" placeholder=\"Pr\u00e9nom\" required>    <div class=\"valid-feedback\">Enchant\u00e9 !<\/div>    <div class=\"invalid-feedback\">Veuillez indiquer votre pr\u00e9nom<\/div>  <\/div><\/div><div class=\"col-md-6 mb-3\">  <div class=\"form-group\">    <input value=\"\" type=\"text\" class=\"form-control\" id=\"lastName\" name=\"lastName\" placeholder=\"Nom\" required>    <div class=\"valid-feedback\">Sympa<\/div>    <div class=\"invalid-feedback\">Veuillez indiquer votre nom de famille<\/div>  <\/div><\/div><div class=\"col-md-12 mb-3\">  <div class=\"form-group\">    <input value=\"\" type=\"email\" class=\"form-control\" id=\"email\" name=\"email\" placeholder=\"E-mail\" required style=\"max-width: unset;\">    <div class=\"valid-feedback\">C&rsquo;est tout bon<\/div>    <div class=\"invalid-feedback\">Veuillez indiquer une adresse e-mail valide<\/div>  <\/div><\/div><div class=\"col-md-12 mb-3\">  <div class=\"form-group\">    <input value=\"\" type=\"tel\" class=\"form-control\" id=\"phone\" name=\"phone\" placeholder=\"T\u00e9l\u00e9phone\" required style=\"max-width: unset;\">    <div class=\"valid-feedback\">Parfait<\/div>    <div class=\"invalid-feedback\">Veuillez indiquer un num\u00e9ro de t\u00e9l\u00e9phone valide<\/div>  <\/div><\/div><div class=\"col-md-12 mb-3\">  <div class=\"form-group\">    <input value=\"\" type=\"text\" class=\"form-control\" id=\"companyAddress\" name=\"companyAddress\" placeholder=\"Adresse\" required style=\"max-width: unset;\">    <div class=\"valid-feedback\">C&rsquo;est not\u00e9<\/div>    <div class=\"invalid-feedback\">Veuillez indiquer une adresse valide<\/div>  <\/div><\/div><div class=\"col-md-6 mb-3\">  <div class=\"form-group\">    <input value=\"\" type=\"text\" class=\"form-control\" id=\"companyPostalCode\" name=\"companyPostalCode\" placeholder=\"Code postal\" required>    <div class=\"valid-feedback\">Excellent !<\/div>    <div class=\"invalid-feedback\">Veuillez indiquer un code postal valide<\/div>  <\/div><\/div><div class=\"col-md-6 mb-3\">  <div class=\"form-group\">    <input value=\"\" type=\"text\" class=\"form-control\" id=\"companyCity\" name=\"companyCity\" placeholder=\"Ville\" required>    <div class=\"valid-feedback\">Bien jou\u00e9<\/div>    <div class=\"invalid-feedback\">Veuillez indiquer une ville valide<\/div>  <\/div><\/div><div class=\"d-flex mt-3\"><input name=\"promoOptin\" value=\"true\" id=\"promoOptin\" type=\"checkbox\" class=\"me-2\" style=\"width: unset\"><label for=\"promoOptin\">Je souhaite rester inform\u00e9 de ma demande et recevoir des conseils pratiques (fortement recommand\u00e9 !) <\/label><\/div><\/div><\/div><input type=\"hidden\" class=\"session_var\" name=\"newform\" value=\"true\"><input type=\"hidden\" class=\"session_var\" name=\"lead-validation-nonce\" value=\"24cd3332a7\"><input type=\"hidden\" class=\"session_var\" name=\"aff\" value=\"minisite\"><input type=\"hidden\" class=\"session_var\" name=\"utm_source\" value=\"https:\/\/www.bobex.be\/fr-be\/wp-json\/v2\/content\/47515\"><input type=\"hidden\" class=\"session_var\" name=\"bobx\" value=\"\"><input type=\"hidden\" class=\"session_var\" name=\"sessionType\" value=\"B2C\"><input type=\"hidden\" class=\"session_var\" name=\"utm_medium\" value=\"web\"><input type=\"hidden\" class=\"session_var\" name=\"utm_campaign\" value=\"search\"><input type=\"hidden\" class=\"session_var\" name=\"rem_source\" value=\"https:\/\/www.bobex.be\/fr-be\/chassis-portes-et-fenetres\/prime-chassis\/\"><input type=\"hidden\" class=\"session_var\" name=\"pixel_id\" value=\"-1\"><input type=\"hidden\" class=\"session_var\" name=\"tabo_id\" value=\"-1\"><input type=\"hidden\" class=\"session_var\" name=\"click_id\" value=\"-1\"><input type=\"hidden\" class=\"session_var\" name=\"gclid\" value=\"-1\"><input type=\"hidden\" class=\"session_var\" name=\"msclkid\" value=\"-1\"><input type=\"hidden\" class=\"session_var\" name=\"past_aff\" value=\"bobex\"><input type=\"hidden\" class=\"session_var\" name=\"redirectTo\" value=\"BE\"><input type=\"hidden\" class=\"session_var\" name=\"is_type_id\" value=\"true\"><input type=\"hidden\" class=\"session_var\" name=\"typeid\" value=\"11452\"><input type=\"hidden\" class=\"session_var\" name=\"companyType\" value=\"label.companytype.consumer\"><input type=\"hidden\" class=\"session_var\" name=\"input_names\" value=\"XML_extra_radio,XML_extra_radio2,XML_extra_radio3,XML_remarks\"><input type=\"hidden\" class=\"form_context\" value=\"BE\"><img decoding=\"async\" class=\"bobex-pixel\" src=\"\" alt=\"\" style=\"display:none\" \/>    <div class=\"bob-form-submit d-flex justify-content-center\">\n        <button type=\"submit\" class=\"form-submit\" style=\"background-color: #F1653A; color: white; border: none !important; border-radius: 5px !important; font-family: Roboto, sans-serif; font-size: 16px;\">\n            Demander un devis\n        <\/button>\n    <\/div>    <div class=\"bob-inline-form form-footer\" style=\"border-radius: 0 0 10px 10px\">\n        <div class=\"bob-form-privacy-text\">\n            <div style=\"float:left;\"><i class=\"fa fa-lock\"><\/i><\/div>\n            <div class=\"ms-2\">\n                <div style='padding-left: 15px;font-size: 0.8em !important;z-index: 10;'><b>Nous respectons votre vie priv\u00e9e<\/b><br> Conform\u00e9ment \u00e0 la loi du 8\/12\/1992 relative \u00e0 la protection de la vie priv\u00e9e, vous disposez d&rsquo;un droit d&rsquo;acc\u00e8s et de rectification \u00e0 vos donn\u00e9es. Pour en savoir plus, consultez notre <span class=\"link_ob\" data-link=\"aHR0cHM6Ly93d3cuYm9iZXguYmUvZnItYmUvcHJvdGVjdGlvbi1kZS1sYS12aWUtcHJpdmVlLw==\" target=\"_blank\">charte sur la vie priv\u00e9e<\/span>.<\/div>\n                \n            <\/div>\n        <\/div>\n    <\/div><\/form><\/div><div class=\"multiple_mini hidden\" data-lead_id=\"\"><p class=\"multiple-title\">Merci d&rsquo;avoir pris le temps de remplir ce formulaire<\/p><p>Nous vous contacterons d\u00e8s que possible pour vous orienter vers le meilleur sp\u00e9cialiste correspondant \u00e0 votre demande.<\/p><div class=\"multiple_wrapper\"><div class=\"loader\"><\/div><p class=\"multiple-title\">Vous cherchez d&rsquo;autres services ?<\/p><p class=\"multiple_text\">Vous souhaitez comparer d&rsquo;autres devis ou explorer d&rsquo;autres services ? Faites-le nous savoir et nous vous mettrons rapidement en relation<\/p><div class=\"multiple_container\"><div class=\"single_multiple multiple_button\" data-typeid=\"11984\"><i class=\"fa-3x cat icon-11984\"><\/i><span class=\"multiple_name\">V\u00e9randa, pergola, orangerie<\/span><\/div><div class=\"single_multiple multiple_button\" data-typeid=\"11972\"><i class=\"fa-3x cat icon-11972\"><\/i><span class=\"multiple_name\">Portails<\/span><\/div><div class=\"single_multiple multiple_button\" data-typeid=\"11461\"><i class=\"fa-3x cat icon-11461\"><\/i><span class=\"multiple_name\">Traitement de l&rsquo;humidit\u00e9<\/span><\/div><div class=\"single_multiple multiple_button\" data-typeid=\"11427\"><i class=\"fa-3x cat icon-11427\"><\/i><span class=\"multiple_name\">Isolation<\/span><\/div><div class=\"single_multiple multiple_button\" data-typeid=\"11364\"><i class=\"fa-3x cat icon-11364\"><\/i><span class=\"multiple_name\">Panneaux solaires<\/span><\/div><div class=\"single_multiple multiple_button\" data-typeid=\"11406\"><i class=\"fa-3x cat icon-11406\"><\/i><span class=\"multiple_name\">Syst\u00e8me d&rsquo;alarme<\/span><\/div><div class=\"single_multiple hidden multiple_button\" data-typeid=\"100048\"><i class=\"fa-3x fad fa-window-frame\"><\/i><span class=\"multiple_name\">Moustiquaires<\/span><\/div><div class=\"single_multiple hidden multiple_button\" data-typeid=\"11962\"><i class=\"fa-3x cat icon-11962\"><\/i><span class=\"multiple_name\">Travaux de toiture<\/span><\/div><div class=\"single_multiple hidden multiple_button\" data-typeid=\"11986\"><i class=\"fa-3x cat icon-11986\"><\/i><span class=\"multiple_name\">Travaux r\u00e9novation de fa\u00e7ades<\/span><\/div><div class=\"single_multiple hidden multiple_button\" data-typeid=\"11982\"><i class=\"fa-3x cat icon-11982\"><\/i><span class=\"multiple_name\">Adoucisseur d&rsquo;eau<\/span><\/div><\/div><\/div><\/div><\/div><\/div>","protected":false},"featured_media":0,"parent":0,"template":"","meta":{"business":"44176","footnotes":""},"class_list":["post-47515","content","type-content","status-publish","hentry"],"_links":{"self":[{"href":"https:\/\/www.bobex.be\/fr-be\/wp-json\/wp\/v2\/content\/47515","targetHints":{"allow":["GET"]}}],"collection":[{"href":"https:\/\/www.bobex.be\/fr-be\/wp-json\/wp\/v2\/content"}],"about":[{"href":"https:\/\/www.bobex.be\/fr-be\/wp-json\/wp\/v2\/types\/content"}],"version-history":[{"count":9,"href":"https:\/\/www.bobex.be\/fr-be\/wp-json\/wp\/v2\/content\/47515\/revisions"}],"predecessor-version":[{"id":228333,"href":"https:\/\/www.bobex.be\/fr-be\/wp-json\/wp\/v2\/content\/47515\/revisions\/228333"}],"wp:attachment":[{"href":"https:\/\/www.bobex.be\/fr-be\/wp-json\/wp\/v2\/media?parent=47515"}],"curies":[{"name":"wp","href":"https:\/\/api.w.org\/{rel}","templated":true}]}}