{"id":47500,"date":"2021-09-03T14:33:27","date_gmt":"2021-09-03T14:33:27","guid":{"rendered":"https:\/\/www.bobex.be\/fr-be\/chaudiere-a-condensation\/primes-chaudiere-a-condensation\/"},"modified":"2025-07-11T13:18:49","modified_gmt":"2025-07-11T13:18:49","slug":"primes-chaudiere-a-condensation","status":"publish","type":"content","link":"https:\/\/www.bobex.be\/fr-be\/chaudiere\/primes-chaudiere-a-condensation\/","title":{"rendered":"Quelle prime pour une chaudi\u00e8re \u00e0 condensation en 2026 ?"},"content":{"rendered":"\n            <div style=\"\n            --icon-bg-color: #17518d ;\n            --maskUrl:url( https:\/\/www.bobex.be\/fr-be\/wp-content\/plugins\/bobex-blocks\/img\/mask.svg );\n            --title-color:#10375e;\n            --bg-color: #d1e8f2;\n            --content-color:#5c5c5c\n        \" class=\"bobex-block-maindiv\" >\n                    <div class=\"bobex-tip-block__icon-area\">\n                        <img decoding=\"async\" src=\"https:\/\/www.bobex.be\/fr-be\/wp-content\/plugins\/bobex-blocks\/img\/advice.png\" alt=\"adive-icon\" class=\"bobex-tip-block__tipsLogo\"\/>\n                    <\/div>\n                    <div class=\"bobex-tip-block__content-area p-2\">\n                        <p class=\"bobex-block-tips-title\">Les primes en 2026<\/p>\n                        <p class=\"bobex-block-tips-content\"><\/p>\n                        <div>\n<div class=\"wp-block-bobex-advice\">\n<p><em>Article mis \u00e0 jour le 11\/07\/2025<\/em><\/p>\n\n\n\n<p><strong>\u00c0 Bruxelles<\/strong>, les aides RENOLUTION sont temporairement suspendues. Les Bruxellois doivent attendre la d\u00e9cision du nouveau gouvernement concernant le syst\u00e8me de primes pour 2026. Par cons\u00e9quent, aucune demande de prime accompagn\u00e9e d&rsquo;une facture dat\u00e9e de 2026 ne sera accept\u00e9e. Toutefois, si votre facture date de 2024, vous pourrez d\u00e9poser une demande de prime RENOLUTION, \u00e0 condition de satisfaire aux crit\u00e8res d\u2019\u00e9ligibilit\u00e9.<\/p>\n\n\n\n<p><strong>En Wallonie,<\/strong> un r\u00e9gime de soutien temporaire est en vigueur du 14 f\u00e9vrier 2026 au 30 septembre 2026, avec des montants de primes r\u00e9duits en moyenne de 60 %.<\/p>\n\n\n\n<p><strong>En Flandre<\/strong>, la prime de r\u00e9novation MijnVerbouwPremie reste accessible, avec des montants r\u00e9vis\u00e9s pour 2026.<br><br><strong>En Communaut\u00e9 germanophone, les aides \u00e0 la r\u00e9novation\u00a0<\/strong>rel\u00e8vent d\u2019un r\u00e9gime sp\u00e9cifique, diff\u00e9rent de celui de la Wallonie.<\/p>\n<\/div>\n<\/div>\n                    <\/div>\n            <\/div>\n        \n\n<div id=\"ez-toc-container\" class=\"ez-toc-v2_0_82_2 counter-hierarchy ez-toc-counter ez-toc-grey ez-toc-container-direction\">\n<div class=\"ez-toc-title-container\">\n<p class=\"ez-toc-title\" style=\"cursor:inherit\">Sommaire<\/p>\n<span class=\"ez-toc-title-toggle\"><a href=\"#\" class=\"ez-toc-pull-right ez-toc-btn ez-toc-btn-xs ez-toc-btn-default ez-toc-toggle\" aria-label=\"Toggle Table of Content\"><span class=\"ez-toc-js-icon-con\"><span class=\"\"><span class=\"eztoc-hide\" style=\"display:none;\">Toggle<\/span><span class=\"ez-toc-icon-toggle-span\"><svg style=\"fill: #999;color:#999\" xmlns=\"http:\/\/www.w3.org\/2000\/svg\" class=\"list-377408\" width=\"20px\" height=\"20px\" viewBox=\"0 0 24 24\" fill=\"none\"><path d=\"M6 6H4v2h2V6zm14 0H8v2h12V6zM4 11h2v2H4v-2zm16 0H8v2h12v-2zM4 16h2v2H4v-2zm16 0H8v2h12v-2z\" fill=\"currentColor\"><\/path><\/svg><svg style=\"fill: #999;color:#999\" class=\"arrow-unsorted-368013\" xmlns=\"http:\/\/www.w3.org\/2000\/svg\" width=\"10px\" height=\"10px\" viewBox=\"0 0 24 24\" version=\"1.2\" baseProfile=\"tiny\"><path d=\"M18.2 9.3l-6.2-6.3-6.2 6.3c-.2.2-.3.4-.3.7s.1.5.3.7c.2.2.4.3.7.3h11c.3 0 .5-.1.7-.3.2-.2.3-.5.3-.7s-.1-.5-.3-.7zM5.8 14.7l6.2 6.3 6.2-6.3c.2-.2.3-.5.3-.7s-.1-.5-.3-.7c-.2-.2-.4-.3-.7-.3h-11c-.3 0-.5.1-.7.3-.2.2-.3.5-.3.7s.1.5.3.7z\"\/><\/svg><\/span><\/span><\/span><\/a><\/span><\/div>\n<nav><ul class='ez-toc-list ez-toc-list-level-1 eztoc-toggle-hide-by-default' ><li class='ez-toc-page-1 ez-toc-heading-level-2'><a class=\"ez-toc-link ez-toc-heading-1\" href=\"https:\/\/www.bobex.be\/fr-be\/chaudiere\/primes-chaudiere-a-condensation\/#Quelles_sont_les_aides_disponibles_pour_changer_de_chaudiere_gaz_en_2026_en_Belgique\" >Quelles sont les aides disponibles&nbsp;pour&nbsp;changer&nbsp;de chaudi\u00e8re&nbsp;gaz&nbsp;en&nbsp;2026 en Belgique ?<\/a><\/li><li class='ez-toc-page-1 ez-toc-heading-level-2'><a class=\"ez-toc-link ez-toc-heading-2\" href=\"https:\/\/www.bobex.be\/fr-be\/chaudiere\/primes-chaudiere-a-condensation\/#Quelle_prime_pour_linstallation_dune_chaudiere_gaz_a_condensation_en_region_bruxelloise\" >Quelle prime pour l&rsquo;installation d&rsquo;une chaudi\u00e8re gaz \u00e0 condensation en r\u00e9gion bruxelloise&nbsp;?<\/a><ul class='ez-toc-list-level-3' ><li class='ez-toc-heading-level-3'><a class=\"ez-toc-link ez-toc-heading-3\" href=\"https:\/\/www.bobex.be\/fr-be\/chaudiere\/primes-chaudiere-a-condensation\/#Conditions_deligibilite_de_la_prime_Gasbe\" >Conditions d\u2019\u00e9ligibilit\u00e9 de la prime Gas.be<\/a><\/li><li class='ez-toc-page-1 ez-toc-heading-level-3'><a class=\"ez-toc-link ez-toc-heading-4\" href=\"https:\/\/www.bobex.be\/fr-be\/chaudiere\/primes-chaudiere-a-condensation\/#Procedure_a_suivre_et_documents_a_rendre_pour_obtenir_la_prime_Gasbe\" >Proc\u00e9dure \u00e0 suivre et documents \u00e0 rendre pour obtenir la prime Gas.be<\/a><\/li><\/ul><\/li><li class='ez-toc-page-1 ez-toc-heading-level-2'><a class=\"ez-toc-link ez-toc-heading-5\" href=\"https:\/\/www.bobex.be\/fr-be\/chaudiere\/primes-chaudiere-a-condensation\/#Fin_de_la_prime_pour_la_chaudiere_a_condensation_en_region_wallonne\" >Fin de la prime pour la chaudi\u00e8re \u00e0 condensation en r\u00e9gion wallonne<\/a><ul class='ez-toc-list-level-3' ><li class='ez-toc-heading-level-3'><a class=\"ez-toc-link ez-toc-heading-6\" href=\"https:\/\/www.bobex.be\/fr-be\/chaudiere\/primes-chaudiere-a-condensation\/#Aides_financieres_octroyes_par_Ores_etou_Resa_en_Wallonie_transition_de_chaudiere_fioul_a_gaz_ou_gaz_a_condensation\" >Aides financi\u00e8res octroy\u00e9s par Ores et\/ou Resa en Wallonie : transition de chaudi\u00e8re fioul \u00e0 gaz ou gaz \u00e0 condensation\u00a0<\/a><\/li><\/ul><\/li><li class='ez-toc-page-1 ez-toc-heading-level-2'><a class=\"ez-toc-link ez-toc-heading-7\" href=\"https:\/\/www.bobex.be\/fr-be\/chaudiere\/primes-chaudiere-a-condensation\/#Quelle_prime_en_Flandre_pour_linstallation_dune_chaudiere_a_condensation\" >Quelle prime en Flandre pour l\u2019installation d\u2019une chaudi\u00e8re \u00e0 condensation ?<\/a><\/li><li class='ez-toc-page-1 ez-toc-heading-level-2'><a class=\"ez-toc-link ez-toc-heading-8\" href=\"https:\/\/www.bobex.be\/fr-be\/chaudiere\/primes-chaudiere-a-condensation\/#La_prime_Gasbe\" >La prime Gas.be<\/a><\/li><li class='ez-toc-page-1 ez-toc-heading-level-2'><a class=\"ez-toc-link ez-toc-heading-9\" href=\"https:\/\/www.bobex.be\/fr-be\/chaudiere\/primes-chaudiere-a-condensation\/#Les_autres_aides_a_prendre_en_compte\" >Les autres aides \u00e0 prendre en compte<\/a><ul class='ez-toc-list-level-3' ><li class='ez-toc-heading-level-3'><a class=\"ez-toc-link ez-toc-heading-10\" href=\"https:\/\/www.bobex.be\/fr-be\/chaudiere\/primes-chaudiere-a-condensation\/#%E2%9E%A1%EF%B8%8F_En_Wallonie_les_prets_a_taux_zero_de_la_Societe_wallonne_du_credit_social_SWCS\" >\u27a1\ufe0f En Wallonie : les pr\u00eats \u00e0 taux z\u00e9ro de la Soci\u00e9t\u00e9 wallonne du cr\u00e9dit social (SWCS)&nbsp;<\/a><\/li><li class='ez-toc-page-1 ez-toc-heading-level-3'><a class=\"ez-toc-link ez-toc-heading-11\" href=\"https:\/\/www.bobex.be\/fr-be\/chaudiere\/primes-chaudiere-a-condensation\/#%E2%9E%A1%EF%B8%8F_Le_pret_vert_bruxellois_ECORENO\" >\u27a1\ufe0f Le pr\u00eat vert bruxellois : ECORENO&nbsp;<\/a><\/li><\/ul><\/li><li class='ez-toc-page-1 ez-toc-heading-level-2'><a class=\"ez-toc-link ez-toc-heading-12\" href=\"https:\/\/www.bobex.be\/fr-be\/chaudiere\/primes-chaudiere-a-condensation\/#Trouvez_un_installateur_qualifie_pres_de_chez_vous\" >Trouvez un installateur qualifi\u00e9, pr\u00e8s de chez vous<\/a><\/li><li class='ez-toc-page-1 ez-toc-heading-level-2'><a class=\"ez-toc-link ez-toc-heading-13\" href=\"https:\/\/www.bobex.be\/fr-be\/chaudiere\/primes-chaudiere-a-condensation\/#Quelques_renseignements_supplementaires\" >Quelques renseignements suppl\u00e9mentaires&nbsp;<\/a><ul class='ez-toc-list-level-3' ><li class='ez-toc-heading-level-3'><a class=\"ez-toc-link ez-toc-heading-14\" href=\"https:\/\/www.bobex.be\/fr-be\/chaudiere\/primes-chaudiere-a-condensation\/#Est-il_possible_de_faire_une_demande_de_prime_pour_une_nouvelle_chaudiere_a_condensation_en_Flandre\" >Est-il possible de faire une demande de prime pour une nouvelle chaudi\u00e8re \u00e0 condensation en Flandre ?<\/a><\/li><li class='ez-toc-page-1 ez-toc-heading-level-3'><a class=\"ez-toc-link ez-toc-heading-15\" href=\"https:\/\/www.bobex.be\/fr-be\/chaudiere\/primes-chaudiere-a-condensation\/#Est-il_encore_possible_dinstaller_une_chaudiere_au_mazout_dans_son_habitation\" >Est-il encore possible d&rsquo;installer une chaudi\u00e8re au mazout dans son habitation ?<\/a><\/li><li class='ez-toc-page-1 ez-toc-heading-level-3'><a class=\"ez-toc-link ez-toc-heading-16\" href=\"https:\/\/www.bobex.be\/fr-be\/chaudiere\/primes-chaudiere-a-condensation\/#Quel_est_le_montant_de_la_prime_energie_pour_linstallation_dune_pompe_a_chaleur_et_dun_poele_a_pellets_en_Wallonie_en_2026\" >Quel est le montant de \u00a0la prime \u00e9nergie pour l\u2019installation d\u2019une pompe \u00e0 chaleur et d\u2019un po\u00eale \u00e0 pellets en Wallonie en 2026  ?<\/a><\/li><li class='ez-toc-page-1 ez-toc-heading-level-3'><a class=\"ez-toc-link ez-toc-heading-17\" href=\"https:\/\/www.bobex.be\/fr-be\/chaudiere\/primes-chaudiere-a-condensation\/#Quelle_prime_pour_le_changement_et_remplacement_dune_chaudiere_a_gaz_en_Wallonie\" >Quelle prime pour le changement et remplacement d&rsquo;une chaudi\u00e8re \u00e0 gaz en Wallonie ?\u00a0<\/a><\/li><\/ul><\/li><\/ul><\/nav><\/div>\n\n\n\n\n<h2 class=\"wp-block-heading\"><span class=\"ez-toc-section\" id=\"Quelles_sont_les_aides_disponibles_pour_changer_de_chaudiere_gaz_en_2026_en_Belgique\"><\/span>Quelles sont les aides disponibles&nbsp;pour&nbsp;changer&nbsp;de chaudi\u00e8re&nbsp;gaz&nbsp;en&nbsp;2026 en Belgique ?<span class=\"ez-toc-section-end\"><\/span><\/h2>\n\n\n\n<p>Vous souhaitez changer de chaudi\u00e8re et installer une chaudi\u00e8re \u00e0 condensation ? <br>Sachez qu&rsquo;il existe des aides financi\u00e8res pour soutenir votre investissement ! <\/p>\n\n\n\n<p>D\u00e9couvrez dans ce tableau, ainsi que dans la suite de cet article, les diff\u00e9rentes primes disponibles en Belgique. <\/p>\n\n\n\n<p>Les montants des diff\u00e9rentes primes d\u00e9pendent de la cat\u00e9gorie de revenus du m\u00e9nage ainsi que d&rsquo;autres facteurs comme le nombre de personnes \u00e0 charge du m\u00e9nage, le type d&rsquo;appareil de production de chaleur install\u00e9, le syst\u00e8me pr\u00e9sent auparavent,&#8230;<\/p>\n\n\n\n            <div class='bobex-table-wrapper' style='\n            --bobex-table-dark-row-color: #D1E8F2;\n        '>\n                <table class='' data-columns='2'>\n                    <thead style='\n            --bobex-table-header-background-color: #10375E;\n            --bobex-table-header-text-color: #FFFFFF;\n        '><th>R\u00e9gion<\/th><th>Primes disponibles<\/th><\/thead><tr><td>Bruxelles<\/td><td>\u2705<strong> <span style=\"text-decoration: underline\">Prime Gas.be<\/span> <\/strong>: entre<strong> 500 \u20ac et 2.500 \u20ac maximum par appareil<\/strong><br><br>\u274c <strong><span style=\"text-decoration: underline\">Prime de la r\u00e9gion bruxelloise<\/span> (RENOLUTION<\/strong>) : aucune prime disponible depuis 2022 <\/td><\/tr><tr><td>Wallonie<\/td><td>\u2705<strong><span style=\"text-decoration: underline\">Prime Ores et RESA<\/span><\/strong> : Prime de <strong>400 \u20ac <\/strong>si vous d\u00e9cidez de passer au gaz naturel en installant votre chaudi\u00e8re \u00e0 condensation + <strong>Raccordement gratuit au r\u00e9seau<\/strong> <br>Valeur totale avec la prime : jusqu&rsquo;\u00e0 1.400 \u20ac.<br><br>\u274c <strong><span style=\"text-decoration: underline\">Prime de la r\u00e9gion Wallonne<\/span><\/strong> (Prime Habitation) : aucune prime disponible <\/td><\/tr><tr><td>Flandre<\/td><td><br>\u274c<strong>Prime Fluvius<\/strong> : aucune prime disponible depuis 2022<br><br>\u274c<strong>Prime de la r\u00e9gion flamande<\/strong> (Mijn VerbouwPremie) : vous pouviez encore introduire une demande de prime<strong> jusqu&rsquo;au 31\/10\/2024<\/strong> pour une <strong>chaudi\u00e8re \u00e0 condensation install\u00e9e avant le 01\/11\/2023<\/strong>.<br>Depuis, il n&rsquo;y a plus de prime pour la chaudi\u00e8re \u00e0 condensation en Flandre.<\/td><\/tr>\n                <\/table>\n            <\/div>\n        \n\n\n            <div class=\"bobex-highlight-global-div\" style=\"\n            --line-color: #17518d;\n            --bg-color: #e5f2f7;\n            --content-color:#10375e;\n            --title-color: #10375e;\n        \">\n                    <div class=\"bobex-highlight-block__border\">\n                        <div class=\"bobex--block_highlight_content-area\">\n                            <p class=\"bobex-block-highlight-title\">TVA : fin du taux r\u00e9duit \u00e0 6 % pour l\u2019installation de chaudi\u00e8res \u00e0 condensation depuis le 1er juillet 2026 !\u00a0 <\/p>\n                            <p class=\"bobex-block-highlight-content\">\n                            \t<div>\n<div class=\"wp-block-bobex-highlight\">\n<p>Depuis le 1er juillet 2026, la TVA \u00e0 taux r\u00e9duit de 6 % ne s\u2019applique plus pour l\u2019installation de chaudi\u00e8res \u00e0 gaz ou mazout, y compris les chaudi\u00e8res \u00e0 condensation.<\/p>\n\n\n\n<p>D\u00e9sormais, tous les travaux d\u2019installation sont factur\u00e9s au taux plein de&nbsp;<strong>21 %<\/strong>, quel que soit l\u2019\u00e2ge de votre logement ou votre situation.<\/p>\n\n\n\n<p>Si vous pensiez b\u00e9n\u00e9ficier d\u2019une r\u00e9duction de TVA pour changer votre chaudi\u00e8re, cette opportunit\u00e9 est malheureusement termin\u00e9e.<\/p>\n\n\n\n<p>Cette mesure concerne toutes les installations r\u00e9alis\u00e9es par des professionnels sur le territoire belge.&nbsp;<\/p>\n<\/div>\n<\/div>\n                            <\/p>\n                        <\/div>\n                    <\/div>\n            <\/div>\n        \n\n\n<h2 class=\"wp-block-heading\"><span class=\"ez-toc-section\" id=\"Quelle_prime_pour_linstallation_dune_chaudiere_gaz_a_condensation_en_region_bruxelloise\"><\/span>Quelle prime pour l&rsquo;installation d&rsquo;une chaudi\u00e8re gaz \u00e0 condensation en r\u00e9gion bruxelloise&nbsp;?<span class=\"ez-toc-section-end\"><\/span><\/h2>\n\n\n\n<p><strong>La r\u00e9gion de Bruxelles-capitale &nbsp;n\u2019octroie plus de prime pour l\u2019installation d\u2019une chaudi\u00e8re \u00e0 condensation.<\/strong><\/p>\n\n\n\n<p>Cependant, Gas.be octroie une<strong>&nbsp;prime pouvant aller jusqu\u2019\u00e0 2.500 \u20ac<\/strong>&nbsp;pour le remplacement d\u2019un appareil au gaz naturel par un appareil au gaz moins \u00e9nergivore.<\/p>\n\n\n\n<h3 class=\"wp-block-heading\"><span class=\"ez-toc-section\" id=\"Conditions_deligibilite_de_la_prime_Gasbe\"><\/span>Conditions d\u2019\u00e9ligibilit\u00e9 de la prime Gas.be<span class=\"ez-toc-section-end\"><\/span><\/h3>\n\n\n\n<p><br>Pour pouvoir pr\u00e9tendre \u00e0 cette prime, il faut respecter ces diff\u00e9rentes conditions : <\/p>\n\n\n\n<ul class=\"wp-block-list\">\n<li>L&rsquo;appareil \u00e0 remplacer est un appareil de chauffage central, un radiateur individuel  ou un chauffe-eau fonctionnant au gaz naturel et<strong> install\u00e9 il y a plus de 20 ans.<\/strong><\/li>\n\n\n\n<li>Vous souhaitez le remplacer par une<strong> chaudi\u00e8re \u00e0 condensation<\/strong> (ou une pompe \u00e0 chaleur gaz, un g\u00e9n\u00e9rateur d&rsquo;air chaud \u00e0 condensation, une pompe \u00e0 chaleur hybride ou un micro cog\u00e9n\u00e9ration au gaz) fonctionnant au gaz naturel et agr\u00e9\u00e9 CE pour le march\u00e9 belge.<\/li>\n\n\n\n<li>Vous \u00eates <strong>propri\u00e9taire du bien<\/strong> (ou propri\u00e9taire bailleur), personne physique ou moral, domicili\u00e9 en Belgique ou ayant un si\u00e8ge social en Belgique.<\/li>\n\n\n\n<li>L&rsquo;appareil doit \u00eatre install\u00e9 par un<strong> installateur certifi\u00e9 CERGA <\/strong>ou si l&rsquo;installation est effectu\u00e9e par un tiers, un contr\u00f4leur accr\u00e9dit\u00e9 doit attester l&rsquo;installation.<\/li>\n<\/ul>\n\n\n\n<p>Le montant de la prime de Gas.be pour l&rsquo;installation d&rsquo;une chaudi\u00e8re \u00e0 condensation s&rsquo;\u00e9l\u00e8ve \u00e0<strong> 500 \u20ac <\/strong>pour un appareil <strong>allant jusqu&rsquo;\u00e0 70 kW.<\/strong> Pass\u00e9 les 70 kW, un <strong>bonus de 5 euros <\/strong>est ajout\u00e9 par kW suppl\u00e9mentaire avec un <strong>plafond <\/strong>fix\u00e9 \u00e0 <strong>2.500 \u20ac par appareil.<\/strong><\/p>\n\n\n\n<p><span style=\"text-decoration: underline\">Bon \u00e0 savoir<\/span> : les primes sont accord\u00e9es<strong> jusqu&rsquo;\u00e0 l&rsquo;\u00e9puisement du budget disponible <\/strong>fix\u00e9 pour chaque territoire desservi par un gestionnaire de r\u00e9seau de distribution.<br>La prime de Gas.be est cumulable avec d&rsquo;autres primes.<\/p>\n\n\n\n<h3 class=\"wp-block-heading\"><span class=\"ez-toc-section\" id=\"Procedure_a_suivre_et_documents_a_rendre_pour_obtenir_la_prime_Gasbe\"><\/span>Proc\u00e9dure \u00e0 suivre et documents \u00e0 rendre pour obtenir la prime Gas.be<span class=\"ez-toc-section-end\"><\/span><\/h3>\n\n\n\n<p>Une fois que vos travaux sont termin\u00e9s, voici la <strong>proc\u00e9dure \u00e0 suivre <\/strong>pour obtenir les <strong>subventions<\/strong> :&nbsp;<\/p>\n\n\n\n<p>La demande de prime doit \u00eatre introduite <strong>en ligne<\/strong> sur le site <a href=\"https:\/\/www.prime.gas.be\/\" data-type=\"URL\" data-id=\"https:\/\/www.prime.gas.be\/\" target=\"_blank\" rel=\"noreferrer noopener\">prime.gas.be<\/a>. <br><br>Le demandeur devra compl\u00e9ter le formulaire de demande de prime en ligne et y ajouter :<\/p>\n\n\n\n<div class=\"wp-block-columns is-layout-flex wp-container-core-columns-is-layout-9d6595d7 wp-block-columns-is-layout-flex\">\n<div class=\"wp-block-column is-layout-flow wp-block-column-is-layout-flow\" style=\"flex-basis:33.33%\"><div class=\"wp-block-image\">\n<figure class=\"aligncenter size-full\"><img decoding=\"async\" width=\"1000\" height=\"550\" src=\"https:\/\/www.bobex.be\/wp-uploads\/sites\/2\/prime-chaudiere-a-condensation-2021.jpg\" alt=\"prime chaudi\u00e8re \u00e0 condensation 2021\" class=\"wp-image-70021\"\/><\/figure>\n<\/div><\/div>\n\n\n\n<div class=\"wp-block-column is-layout-flow wp-block-column-is-layout-flow\" style=\"flex-basis:66.66%\">\n<ul class=\"wp-block-list\">\n<li>Une photo en situation de l&rsquo;appareil faisant l&rsquo;objet de la demande de prime<\/li>\n\n\n\n<li>Une photo de l&rsquo;ancien appareil<\/li>\n\n\n\n<li>Une photo de la plaque signal\u00e9tique, de la facture ou des documents prouvant l&rsquo;\u00e2ge de l&rsquo;appareil (min. 20 ans)<\/li>\n\n\n\n<li>La facture de l&rsquo;installateur adress\u00e9e au nom du donneur <\/li>\n\n\n\n<li>Une attestation du contr\u00f4leur accr\u00e9dit\u00e9 BELAC si l&rsquo;installateur n&rsquo;est pas agr\u00e9\u00e9 CERGA<\/li>\n<\/ul>\n<\/div>\n<\/div>\n\n\n<div class='bobex-cta-block' style='\n            --button-bg-color: #e13c0e;\n            --button-text-color: #ffffff;\n            --banner-bg-color: #aad4e6;\n            --arrow-main-bg-color: #aad4e6;\n            --arrow-secondary-bg-color: #e5f2f7;\n            --banner-title-color: #10375e;\n            --arrow-title-color: #10375e;\n            --banner-text-color: #545454;\n            --arrow-text-color: #545454;         \n            --invert-range: 0deg;\n        '><a class='cta-button-rounded' href='#ppp'>Comparez gratuitement les devis en ligne<\/a><\/div>\n\n\n<h2 class=\"wp-block-heading\"><span class=\"ez-toc-section\" id=\"Fin_de_la_prime_pour_la_chaudiere_a_condensation_en_region_wallonne\"><\/span>Fin de la prime pour la chaudi\u00e8re \u00e0 condensation en r\u00e9gion wallonne<span class=\"ez-toc-section-end\"><\/span><\/h2>\n\n\n\n<p><\/p>\n\n\n\n<p>En\u00a0<strong>R\u00e9gion wallonne<\/strong>, il n\u2019y a plus de\u00a0<strong>prime\u00a0<\/strong>r\u00e9gionale (prime chauffage) pour l\u2019installation d\u2019une\u00a0<strong>chaudi\u00e8re \u00e0 condensation au gaz<\/strong>. Par contre, il est possible d\u2019obtenir des<strong>\u00a0subventions<\/strong>\u00a0qui vous aideront dans l\u2019achat d\u2019appareils plus respectueux de l\u2019environnement (<a href=\"https:\/\/energie.wallonie.be\/fr\/primes-temporaires-appareil-de-chauffage-et-d-eau-chaude-sanitaire-a-partir-du-1er-juillet-2023.html?IDC=10442\" target=\"_blank\" rel=\"noreferrer noopener nofollow\">Prime Habitation<\/a>) comme l\u2019installation d\u2019une pompe \u00e0 chaleur, d\u2019une chaudi\u00e8re biomasse, d\u2019un po\u00eale \u00e0 pellets, d\u2019un chauffe-eau solaire,\u2026<\/p>\n\n\n\n<p>Cependant, avant de b\u00e9n\u00e9ficier de ces aides, la r\u00e9alisation d\u2019un&nbsp;<strong>audit \u00e9nerg\u00e9tique<\/strong>&nbsp;est d\u00e9sormais obligatoire.Cet audit doit \u00eatre effectu\u00e9 par un&nbsp;<strong>auditeur agr\u00e9\u00e9<\/strong>, un professionnel certifi\u00e9 capable d\u2019\u00e9valuer la performance \u00e9nerg\u00e9tique de votre logement et de vous conseiller sur les travaux les plus efficaces \u00e0 r\u00e9aliser.<\/p>\n\n\n\n<p>L\u2019auditeur r\u00e9alise un diagnostic complet et remet un rapport d\u00e9taill\u00e9 qui servira de base \u00e0 votre demande de subvention. Ce rapport doit respecter certaines&nbsp;<strong>conditions g\u00e9n\u00e9rales<\/strong>&nbsp;d\u00e9finies par la R\u00e9gion wallonne, notamment en mati\u00e8re de contenu et de m\u00e9thodologie.<\/p>\n\n\n\n<p>Pour constituer votre dossier, vous devrez fournir ce rapport d\u2019audit ainsi que d\u2019autres documents administratifs (comme les devis des travaux envisag\u00e9s, preuves de propri\u00e9t\u00e9, etc.).&nbsp;Une fois le dossier complet soumis, une&nbsp;<strong>d\u00e9cision d\u2019octroi<\/strong>vous sera communiqu\u00e9e, indiquant le montant et les conditions de la prime accord\u00e9e.<\/p>\n\n\n\n<p>Pour de plus amples informations sur les&nbsp;<strong>primes disponibles<\/strong>&nbsp;pour l\u2019installation d\u2019une nouvelle chaudi\u00e8re, les&nbsp;<strong>conditions d\u2019\u00e9ligibilit\u00e9<\/strong>&nbsp;et les diff\u00e9rentes proc\u00e9dures \u00e0 suivre, rendez-vous sur notre article \u201c<a href=\"https:\/\/www.bobex.be\/fr-be\/chaudiere\/primes\/\" target=\"_blank\" rel=\"noreferrer noopener\">Primes pour les chaudi\u00e8res<\/a>\u201d en Wallonie et \u00e0 Bruxelles-capitale.<\/p>\n\n\n\n            <div class=\"bobex-highlight-global-div\" style=\"\n            --line-color: #17518d;\n            --bg-color: #e5f2f7;\n            --content-color:#10375e;\n            --title-color: #10375e;\n        \">\n                    <div class=\"bobex-highlight-block__border\">\n                        <div class=\"bobex--block_highlight_content-area\">\n                            <h3 class=\"bobex-block-highlight-title\"><span class=\"ez-toc-section\" id=\"Aides_financieres_octroyes_par_Ores_etou_Resa_en_Wallonie_transition_de_chaudiere_fioul_a_gaz_ou_gaz_a_condensation\"><\/span>Aides financi\u00e8res octroy\u00e9s par Ores et\/ou Resa en Wallonie : transition de chaudi\u00e8re fioul \u00e0 gaz ou gaz \u00e0 condensation\u00a0<span class=\"ez-toc-section-end\"><\/span><\/h3>\n                            <p class=\"bobex-block-highlight-content\">\n                            \t<div>\n<div class=\"wp-block-bobex-highlight\">\n<p>Sachez que les gestionnaires de r\u00e9seau wallons\u00a0<strong><a href=\"https:\/\/www.ores.be\/particuliers-et-professionnels\/nouveau-raccordement-gaz-naturel\" target=\"_blank\" rel=\"noreferrer noopener nofollow\">Ores<\/a>\u00a0et\u00a0<\/strong><a href=\"https:\/\/www.resa.be\/fr\/nos-services\/les-primes\/\" target=\"_blank\" rel=\"noreferrer noopener nofollow\"><strong>Resa<\/strong>\u00a0<\/a>offrent \u00e9galement des primes dans le cas o\u00f9 vous d\u00e9cidez de remplacer votre ancien syst\u00e8me de chauffage au mazout par un syst\u00e8me au gaz ou de remplacer votre ancienne chaudi\u00e8re au gaz par une chaudi\u00e8re \u00e0 condensation ou pompe \u00e0 chaleur hybride au gaz.<\/p>\n\n\n\n<p>Concr\u00e8tement, vous pouvez b\u00e9n\u00e9ficier :<\/p>\n\n\n\n<ul class=\"wp-block-list\">\n<li><strong>D\u2019une prime fixe de 400 \u20ac<\/strong>&nbsp;pour le remplacement de votre installation de chauffage existante par un syst\u00e8me au gaz naturel, \u00e0 condition que la puissance cumul\u00e9e soit inf\u00e9rieure \u00e0 70 kW et que le logement soit de type r\u00e9sidentiel ou assimil\u00e9.<\/li>\n\n\n\n<li><strong>D\u2019un raccordement gratuit au r\u00e9seau de gaz naturel<\/strong>, d\u2019une valeur d\u2019environ 1.000 \u20ac HTVA, sous r\u00e9serve des conditions l\u00e9gales et techniques.<\/li>\n<\/ul>\n\n\n\n<p>Ces aides peuvent donc repr\u00e9senter un soutien total d\u2019environ&nbsp;<strong>1.400 \u20ac<\/strong>&nbsp;pour votre projet.<\/p>\n\n\n\n<p>Attention : Si votre logement n\u2019est pas encore raccord\u00e9 au r\u00e9seau, la commande du raccordement doit avoir \u00e9t\u00e9 accept\u00e9e entre le 1er avril 2017 et le 30 juin 2024, avec mise en service du compteur dans les 12 mois. &nbsp;<\/p>\n\n\n\n<p><\/p>\n<\/div>\n<\/div>\n                            <\/p>\n                        <\/div>\n                    <\/div>\n            <\/div>\n        \n\n\n                <div class='bobex-cta-block' style='\n            --button-bg-color: #e13c0e;\n            --button-text-color: #ffffff;\n            --banner-bg-color: #aad4e6;\n            --arrow-main-bg-color: #aad4e6;\n            --arrow-secondary-bg-color: #e5f2f7;\n            --banner-title-color: #10375e;\n            --arrow-title-color: #10375e;\n            --banner-text-color: #545454;\n            --arrow-text-color: #545454;         \n            --invert-range: 0deg;\n        '>\n                    <div class='cta-arrow-text d-flex d-lg-none'>\n                        <a class='cta-button-rounded' href='#ppp'>Demander un devis<\/a>\n                    <\/div>\n                    <div class='d-none d-lg-flex flex-no-wrap'>\n                        <div class=\"col-7 cta-arrow-text d-flex text-color\">\n                            <div class=\"m-auto\">\n                                <div class=\"h3\">Vous cherchez un sp\u00e9cialiste ?<\/div>\n                                <div class='text-color'>Demandez vos devis ici !<\/div>\n                            <\/div>\n                        <\/div>\n                        <div class='cta-arrow-link col-5'>\n                            <a class='cta-button-rounded' href=\"#ppp\">Demander un devis<\/a>\n                        <\/div>\n                    <\/div>\n                <\/div>\n\n\n<h2 class=\"wp-block-heading\"><span class=\"ez-toc-section\" id=\"Quelle_prime_en_Flandre_pour_linstallation_dune_chaudiere_a_condensation\"><\/span>Quelle prime en Flandre pour l\u2019installation d\u2019une chaudi\u00e8re \u00e0 condensation ?<span class=\"ez-toc-section-end\"><\/span><\/h2>\n\n\n\n<p><strong>Depuis le 1er novembre 2023, les primes pour l\u2019installation de chaudi\u00e8res \u00e0 condensation au gaz ne sont plus accord\u00e9es en Flandre.<\/strong> Vous pouviez encore faire une demande jusqu\u2019au 31 octobre 2024, mais aujourd\u2019hui,<strong> cette aide n\u2019est plus disponible<\/strong>.<\/p>\n\n\n\n<p>Cependant, comme \u00e0 Bruxelles-capitale et en Wallonie, il est toujours possible de b\u00e9n\u00e9ficier de subventions pour installer des syst\u00e8mes plus \u00e9cologiques : <strong>pompe \u00e0 chaleur, chaudi\u00e8re biomasse, po\u00eale \u00e0 pellets, chauffe-eau solaire, etc<\/strong>. Ces solutions sont encourag\u00e9es pour remplacer les chaudi\u00e8res classiques par des alternatives plus respectueuses de l\u2019environnement.<\/p>\n\n\n\n<p>C\u2019est pr\u00e9cis\u00e9ment ce que finance d\u00e9sormais\u00a0<strong>la prime Mijnverbouwpremie,<\/strong>\u00a0qui soutient la r\u00e9novation \u00e9nerg\u00e9tique durable.<\/p>\n\n\n\n<h2 class=\"wp-block-heading\"><span class=\"ez-toc-section\" id=\"La_prime_Gasbe\"><\/span>La prime Gas.be<span class=\"ez-toc-section-end\"><\/span><\/h2>\n\n\n\n<p><strong>Gas.be<\/strong> r\u00e9unit les gestionnaires de r\u00e9seau de distribution actifs en Belgique. L\u2019entit\u00e9 propose diff\u00e9rentes <strong>primes \u00e9nerg\u00e9tiques <\/strong>dont l\u2019une est destin\u00e9e \u00e0 toute personne voulant remplacer son ancienne chaudi\u00e8re contre une nouvelle chaudi\u00e8re \u00e0 gaz.&nbsp;<\/p>\n\n\n\n<figure class=\"wp-block-image size-full\"><img decoding=\"async\" width=\"1000\" height=\"550\" src=\"https:\/\/www.bobex.be\/wp-uploads\/sites\/2\/prime-chaudiere-region-wallonne.jpg\" alt=\"prime chaudi\u00e8re r\u00e9gion wallonne\" class=\"wp-image-70081\"\/><\/figure>\n\n\n\n<p>Si votre chaudi\u00e8re est \u00e2g\u00e9e de <strong>plus de 20 ans<\/strong> et que vous d\u00e9sirez la remplacer par une chaudi\u00e8re \u00e0 condensation, alors vous aurez droit \u00e0 une <strong>prime <\/strong>qui peut aller <strong>jusqu\u2019\u00e0 500 euros.<\/strong> La puissance maximale de votre nouveau dispositif ne doit pas exc\u00e9der les 70 kW. Au-del\u00e0 des 70 kW, un suppl\u00e9ment de <strong>5 \u20ac par kW<\/strong> sera accord\u00e9 (<strong>plafonn\u00e9 \u00e0 2500 euros<\/strong> par dispositif).&nbsp;<\/p>\n\n\n\n<p>Quelles sont les conditions d&rsquo;\u00e9ligibilit\u00e9 ? <\/p>\n\n\n\n<p>Pour b\u00e9n\u00e9ficier de la prime Gas.be en 2026, il faut respecter plusieurs crit\u00e8res officiels :<\/p>\n\n\n\n<ul class=\"wp-block-list\">\n<li><strong>Anciennet\u00e9 de l\u2019appareil :<\/strong> L\u2019appareil \u00e0 remplacer doit \u00eatre \u00e2g\u00e9 d\u2019au moins 20 ans.<\/li>\n\n\n\n<li><strong>Type d\u2019appareil remplac\u00e9 :<\/strong> Il doit s\u2019agir d\u2019un appareil de chauffage central fonctionnant au gaz naturel, tel qu\u2019un radiateur individuel, un chauffe-eau ou une chaudi\u00e8re.<\/li>\n\n\n\n<li><strong>Nouveau dispositif :<\/strong> Le nouvel appareil doit \u00eatre une chaudi\u00e8re \u00e0 condensation (ou une solution \u00e9quivalente) fonctionnant au gaz naturel, certifi\u00e9e CE pour le march\u00e9 belge.<\/li>\n\n\n\n<li><strong>Installation professionnelle :<\/strong> L\u2019<a href=\"https:\/\/www.bobex.be\/fr-be\/chaudiere\/chaudiere-condensation\/installation\/\" data-type=\"content\" data-id=\"176568\" target=\"_blank\" rel=\"noreferrer noopener\">installation<\/a> doit \u00eatre r\u00e9alis\u00e9e par un professionnel certifi\u00e9 CERGA, ou par un installateur valid\u00e9 par un contr\u00f4leur accr\u00e9dit\u00e9 si le professionnel n\u2019est pas certifi\u00e9.<\/li>\n<\/ul>\n\n\n\n<h2 class=\"wp-block-heading\"><span class=\"ez-toc-section\" id=\"Les_autres_aides_a_prendre_en_compte\"><\/span>Les autres aides \u00e0 prendre en compte<span class=\"ez-toc-section-end\"><\/span><\/h2>\n\n\n\n<p>Comme nous l\u2019avons vu, les aides pour l\u2019installation d\u2019une chaudi\u00e8re \u00e0 condensation sont d\u00e9sormais tr\u00e8s limit\u00e9es. En revanche, pour les alternatives plus \u00e9cologiques,  comme la pompe \u00e0 chaleur, la chaudi\u00e8re biomasse ou le chauffe-eau solaire, d\u2019autres aides financi\u00e8res existent encore en Belgique pour vous accompagner dans vos travaux et am\u00e9liorer l\u2019efficacit\u00e9 \u00e9nerg\u00e9tique de votre logement.<\/p>\n\n\n\n<h3 class=\"wp-block-heading\"><span class=\"ez-toc-section\" id=\"%E2%9E%A1%EF%B8%8F_En_Wallonie_les_prets_a_taux_zero_de_la_Societe_wallonne_du_credit_social_SWCS\"><\/span>\u27a1\ufe0f En Wallonie : les pr\u00eats \u00e0 taux z\u00e9ro de la Soci\u00e9t\u00e9 wallonne du cr\u00e9dit social (SWCS)&nbsp;<span class=\"ez-toc-section-end\"><\/span><\/h3>\n\n\n\n<p>La Wallonie propose diff\u00e9rents pr\u00eats \u00e0 temp\u00e9ramen<strong>t \u00e0 taux z\u00e9ro<\/strong>, destin\u00e9s aux propri\u00e9taires de logements de plus de 15 ans, sous conditions de revenus et de situation familiale. Ces pr\u00eats, comme le&nbsp;<em>R\u00e9nopack<\/em>, le&nbsp;<em>R\u00e9nopack SWCS<\/em>&nbsp;ou le&nbsp;<em>R\u00e9nopr\u00eat<\/em>, permettent de financer une large gamme de travaux : isolation, mise en conformit\u00e9 \u00e9lectrique ou de chauffage, remplacement de chaudi\u00e8re, adaptation au handicap, s\u00e9curisation du logement, etc.<\/p>\n\n\n\n<p>Pour en b\u00e9n\u00e9ficier, il faut notamment :<\/p>\n\n\n\n<ul class=\"wp-block-list\">\n<li>\u00catre propri\u00e9taire d\u2019un logement situ\u00e9 en Wallonie et \u00e2g\u00e9 de plus de 15 ans.<\/li>\n\n\n\n<li>Avoir des revenus annuels inf\u00e9rieurs \u00e0 environ 114.400 \u20ac.<\/li>\n\n\n\n<li>\u00catre capable de rembourser le pr\u00eat avant 86 ans.<\/li>\n\n\n\n<li>Faire r\u00e9aliser les travaux par un entrepreneur reconnu.<\/li>\n\n\n\n<li>D\u00e9marrer les travaux uniquement apr\u00e8s signature du pr\u00eat.<\/li>\n<\/ul>\n\n\n\n<p>Le montant financ\u00e9 peut aller de 1.000 \u00e0 60.000 \u20ac, selon la nature des travaux et la formule choisie.<\/p>\n\n\n\n<h3 class=\"wp-block-heading\"><span class=\"ez-toc-section\" id=\"%E2%9E%A1%EF%B8%8F_Le_pret_vert_bruxellois_ECORENO\"><\/span>\u27a1\ufe0f Le pr\u00eat vert bruxellois : ECORENO&nbsp;<span class=\"ez-toc-section-end\"><\/span><\/h3>\n\n\n\n<p>Dans la R\u00e9gion bruxelloise, le cr\u00e9dit ECORENO est une solution de financement \u00e0 taux pr\u00e9f\u00e9rentiel (entre 1,5 % et 2,5 %) accessible aux propri\u00e9taires, futurs propri\u00e9taires et locataires. Il peut couvri<strong>r jusqu\u2019\u00e0 25.000 \u20ac <\/strong>pour des travaux am\u00e9liorant la s\u00e9curit\u00e9, la salubrit\u00e9 et la performance \u00e9nerg\u00e9tique de votre logement : isolation, ventilation, nouvelle installation de chauffage, panneaux photovolta\u00efques, pompe \u00e0 chaleur, chauffe-eau solaire, etc.<\/p>\n\n\n\n<p>\u00c0 noter que ce cr\u00e9dit est actuellement suspendu temporairement. Il est conseill\u00e9 de consulter le site officiel de Bruxelles Environnement pour suivre l\u2019\u00e9volution de cette mesure.&nbsp;<\/p>\n\n\n\n<h2 class=\"wp-block-heading\"><span class=\"ez-toc-section\" id=\"Trouvez_un_installateur_qualifie_pres_de_chez_vous\"><\/span>Trouvez un installateur qualifi\u00e9, pr\u00e8s de chez vous<span class=\"ez-toc-section-end\"><\/span><\/h2>\n\n\n\n<p>Vous souhaitez avoir plus d&rsquo;informations concernant les primes et prix des chaudi\u00e8res \u00e0 condensation ? Gr\u00e2ce \u00e0 notre formulaire en ligne, vous recevrez des conseils personnalis\u00e9s d\u2019installateurs agr\u00e9\u00e9s. Demander jusqu\u2019\u00e0 <strong>5 devis gratuitement et sans engagement <\/strong>\u00e0 des professionnels de votre r\u00e9gion.&nbsp;<\/p>\n\n\n<div id=\"ppp\" class=\"bob-form-wrapper\" data-ajax_url=\"https:\/\/www.bobex.be\/fr-be\/wp-admin\/admin-ajax.php\" data-fa_a=\"\" data-fa_b=\"\"><div class=\"loader\" aria-hidden=\"true\"><\/div>    <div>\n        <div class=\"row mx-auto mb-2\" style=\"max-width: 900px;\">\n            <div class=\"col-md-4\"><i class=\"mr-1 fas fa-check\" style=\"color:green;\"><\/i>Devis gratuits et rapides<\/div>\n            <div class=\"col-md-4\"><i class=\"mr-1 fas fa-check\" style=\"color:green;\"><\/i>Sans engagement et obligation<\/div>\n            <div class=\"col-md-4\"><i class=\"mr-1 fas fa-check\" style=\"color:green;\"><\/i>Professionnels agr\u00e9\u00e9s<\/div>\n        <\/div>\n    <\/div><div id=\"form-69f4cf184f6a9\" class=\"bob-form-container\" style=\"background-color: white; font-family: Roboto, sans-serif !important; font-size: 16px !important; color: #545454; box-shadow: 0 2px 10px rgba(0,0,0,0.1); --font_title: Poppins; --font_size_title: 20px; --title_bg_color: #175da6; --copyright_color: #fde8e1; --box_upload_color: #e5f2f7; padding:unset;\" data-form-type=\"inline\" data-form-id=\"69f4cf184f6a9\"><style>#form-69f4cf184f6a9 .bob-form-inline-question.even {\n  background-color: #e5f2f7;\n}\n#form-69f4cf184f6a9 .single_multiple.multiple_button {\n  background-color: #e5f2f7 !important;\n}\n#form-69f4cf184f6a9 .bob-form-inline-question--hidden {\n  display: none;\n}<\/style><div class=\"form-questions\"><form id=\"bob-form\" class=\"bob-form bob-form-tag\" method=\"post\" action=\"https:\/\/www.bobex.be\/fr-be\/wp-admin\/admin-ajax.php?action=bobex-form-validation\">    <div class=\"form-title\">\n        Formulez votre demande\n        <div class=\"form-title-info-line\">\n            R\u00e9pondez \u00e0 quelques questions et entrez en contact avec des sp\u00e9cialistes fiables. Nous vous demandons vos coordonn\u00e9es afin de s\u00e9lectionner les professionnels actifs dans votre r\u00e9gion.\n        <\/div>\n    <\/div><div class=\"form-questions bob-form-inline-question\"><div class=\"row\"><div class=\"question col-md-4\"><label>1*. Pourquoi d\u00e9sirez-vous recevoir des devis?<\/label><\/div><div class=\"answer col-md-8\"><div class=\"bob-form-radio d-flex\"><input type=\"radio\" class=\"inline-radio\" id=\"69f4cf184f6a9-input-0-1\" data-unique-id=\"69f4cf184f6a9\" name=\"XML_extra_radio\" value=\"1\"  required=\"required\"><label for=\"69f4cf184f6a9-input-0-1\">Remplacer une chaudi\u00e8re existante<\/label><\/div><div class=\"bob-form-radio d-flex\"><input type=\"radio\" class=\"inline-radio\" id=\"69f4cf184f6a9-input-0-2\" data-unique-id=\"69f4cf184f6a9\" name=\"XML_extra_radio\" value=\"2\"  required=\"required\"><label for=\"69f4cf184f6a9-input-0-2\">Chaudi\u00e8re pour une nouvelle construction<\/label><\/div><div class=\"bob-form-radio d-flex\"><input type=\"radio\" class=\"inline-radio\" id=\"69f4cf184f6a9-input-0-3\" data-unique-id=\"69f4cf184f6a9\" name=\"XML_extra_radio\" value=\"3\"  required=\"required\"><label for=\"69f4cf184f6a9-input-0-3\">R\u00e9paration d&rsquo;une chaudi\u00e8re<\/label><\/div><div class=\"bob-form-radio d-flex\"><input type=\"radio\" class=\"inline-radio\" id=\"69f4cf184f6a9-input-0-4\" data-unique-id=\"69f4cf184f6a9\" name=\"XML_extra_radio\" value=\"4\"  required=\"required\"><label for=\"69f4cf184f6a9-input-0-4\">Entretien d&rsquo;une chaudi\u00e8re<\/label><\/div><\/div><\/div><\/div><div class=\"form-questions bob-form-inline-question even\"><div class=\"row\"><div class=\"question col-md-4\"><label>2*. Il s&rsquo;agit de quel type de chaudi\u00e8re?<\/label><\/div><div class=\"answer col-md-8\"><div class=\"bob-form-radio d-flex\"><input type=\"radio\" class=\"inline-radio\" id=\"69f4cf184f6a9-input-1-1\" data-unique-id=\"69f4cf184f6a9\" name=\"XML_extra_radio2\" value=\"1\"  required=\"required\"><label for=\"69f4cf184f6a9-input-1-1\">Chaudi\u00e8re au gaz<\/label><\/div><div class=\"bob-form-radio d-flex\"><input type=\"radio\" class=\"inline-radio\" id=\"69f4cf184f6a9-input-1-2\" data-unique-id=\"69f4cf184f6a9\" name=\"XML_extra_radio2\" value=\"2\"  required=\"required\"><label for=\"69f4cf184f6a9-input-1-2\">Chaudi\u00e8re au mazout<\/label><\/div><div class=\"bob-form-radio d-flex\"><input type=\"radio\" class=\"inline-radio\" id=\"69f4cf184f6a9-input-1-3\" data-unique-id=\"69f4cf184f6a9\" name=\"XML_extra_radio2\" value=\"3\"  required=\"required\"><label for=\"69f4cf184f6a9-input-1-3\">Autre solution<\/label><\/div><\/div><\/div><\/div><div class=\"form-questions bob-form-inline-question\"><div class=\"row\"><div class=\"question col-md-4\"><label>3*. Quand d\u00e9sirez-vous d\u00e9buter l&rsquo;installation ou effectuer les travaux?<\/label><\/div><div class=\"answer col-md-8\"><div class=\"bob-form-radio d-flex\"><input type=\"radio\" class=\"inline-radio\" id=\"69f4cf184f6a9-input-2-1\" data-unique-id=\"69f4cf184f6a9\" name=\"XML_extra_radio3\" value=\"1\"  required=\"required\"><label for=\"69f4cf184f6a9-input-2-1\">Le plus rapidement possible<\/label><\/div><div class=\"bob-form-radio d-flex\"><input type=\"radio\" class=\"inline-radio\" id=\"69f4cf184f6a9-input-2-2\" data-unique-id=\"69f4cf184f6a9\" name=\"XML_extra_radio3\" value=\"2\"  required=\"required\"><label for=\"69f4cf184f6a9-input-2-2\">1 \u00e0 3 mois<\/label><\/div><div class=\"bob-form-radio d-flex\"><input type=\"radio\" class=\"inline-radio\" id=\"69f4cf184f6a9-input-2-3\" data-unique-id=\"69f4cf184f6a9\" name=\"XML_extra_radio3\" value=\"3\"  required=\"required\"><label for=\"69f4cf184f6a9-input-2-3\">Dans 3 \u00e0 6 mois<\/label><\/div><div class=\"bob-form-radio d-flex\"><input type=\"radio\" class=\"inline-radio\" id=\"69f4cf184f6a9-input-2-4\" data-unique-id=\"69f4cf184f6a9\" name=\"XML_extra_radio3\" value=\"4\"  required=\"required\"><label for=\"69f4cf184f6a9-input-2-4\">Dans 6 \u00e0 12 mois<\/label><\/div><\/div><\/div><\/div><div class=\"form-questions bob-form-inline-question even\"><div class=\"d-flex flex-column\"><label class=\"question\" for=\"69f4cf184f6a9-input-3\">4. Description de votre projet<\/label><textarea class=\"bob-form-input\" name=\"XML_remarks\" id=\"69f4cf184f6a9-input-3\" data-unique-id=\"69f4cf184f6a9\"><\/textarea><\/div><\/div><div class=\"bob-inline-form bob-form-tag upload-box mb-3\">\n                    <div class=\"row\">\n                        <div class=\"col-md-12 mb-2 question\">Ajouter des photos ou des pi\u00e8ces jointes (en Option)<\/div>\n                        <div class=\"col-md-12\">\n                            <div class=\"box__input\" style=\"background-color: #e5f2f7;\"\n                                 ondrop=\"drop(event)\"\n                                 ondragover=\"allowDrop(event)\"\n                                 ondragleave=\"removeDropFx(event)\"\n                                >\n                                <input type=\"file\"\n                                       class=\"file__input\"\n                                       name=\"attachments[]\"\n                                       id=\"attachments\"\n                                       multiple=\"multiple\"\n                                       accept=\"image\/jpeg, image\/png, image\/gif, application\/pdf\"\n                                       data-multiple-caption=\"{count} files selected\">\n                                <div>\n                                    <label for=\"attachments\"><strong>S\u00e9lectionnez un fichier <\/strong>ou glissez-le ici<\/label>\n                                    <span class=\"box__button bobex-round-cta m-1 py-1\"\n                                          style=\"mix-blend-mode: luminosity\">\n                                        <i class=\"fas fa-cloud-upload-alt text-white\"><\/i>\n                                        T\u00e9l\u00e9charger\n                                    <\/span>\n                                <\/div>\n            \n                                <div class=\"row preview_wrapper m-0\"><\/div>\n                            <\/div>\n            \n                            <div class=\"box__uploading\">Uploading\u2026<\/div>\n                            <div class=\"box__success\">Done!<\/div>\n                            <div class=\"box__error\">Error! <span><\/span>.<\/div>\n                        <\/div>\n                    <\/div>\n                <\/div>    <div class=\"form-title\">\n        Vos donn\u00e9es\n    <\/div><div class=\"bob-form-contact-data\" style=\"padding: 20px\"><div class=\"row lead-info\"><div class=\"col-md-6 mb-3\">  <div class=\"form-group\">    <input value=\"\" type=\"text\" class=\"form-control\" id=\"firstName\" name=\"firstName\" placeholder=\"Pr\u00e9nom\" required>    <div class=\"valid-feedback\">Enchant\u00e9 !<\/div>    <div class=\"invalid-feedback\">Veuillez indiquer votre pr\u00e9nom<\/div>  <\/div><\/div><div class=\"col-md-6 mb-3\">  <div class=\"form-group\">    <input value=\"\" type=\"text\" class=\"form-control\" id=\"lastName\" name=\"lastName\" placeholder=\"Nom\" required>    <div class=\"valid-feedback\">Sympa<\/div>    <div class=\"invalid-feedback\">Veuillez indiquer votre nom de famille<\/div>  <\/div><\/div><div class=\"col-md-12 mb-3\">  <div class=\"form-group\">    <input value=\"\" type=\"email\" class=\"form-control\" id=\"email\" name=\"email\" placeholder=\"E-mail\" required style=\"max-width: unset;\">    <div class=\"valid-feedback\">C&rsquo;est tout bon<\/div>    <div class=\"invalid-feedback\">Veuillez indiquer une adresse e-mail valide<\/div>  <\/div><\/div><div class=\"col-md-12 mb-3\">  <div class=\"form-group\">    <input value=\"\" type=\"tel\" class=\"form-control\" id=\"phone\" name=\"phone\" placeholder=\"T\u00e9l\u00e9phone\" required style=\"max-width: unset;\">    <div class=\"valid-feedback\">Parfait<\/div>    <div class=\"invalid-feedback\">Veuillez indiquer un num\u00e9ro de t\u00e9l\u00e9phone valide<\/div>  <\/div><\/div><div class=\"col-md-12 mb-3\">  <div class=\"form-group\">    <input value=\"\" type=\"text\" class=\"form-control\" id=\"companyAddress\" name=\"companyAddress\" placeholder=\"Adresse\" required style=\"max-width: unset;\">    <div class=\"valid-feedback\">C&rsquo;est not\u00e9<\/div>    <div class=\"invalid-feedback\">Veuillez indiquer une adresse valide<\/div>  <\/div><\/div><div class=\"col-md-6 mb-3\">  <div class=\"form-group\">    <input value=\"\" type=\"text\" class=\"form-control\" id=\"companyPostalCode\" name=\"companyPostalCode\" placeholder=\"Code postal\" required>    <div class=\"valid-feedback\">Excellent !<\/div>    <div class=\"invalid-feedback\">Veuillez indiquer un code postal valide<\/div>  <\/div><\/div><div class=\"col-md-6 mb-3\">  <div class=\"form-group\">    <input value=\"\" type=\"text\" class=\"form-control\" id=\"companyCity\" name=\"companyCity\" placeholder=\"Ville\" required>    <div class=\"valid-feedback\">Bien jou\u00e9<\/div>    <div class=\"invalid-feedback\">Veuillez indiquer une ville valide<\/div>  <\/div><\/div><div class=\"d-flex mt-3\"><input name=\"promoOptin\" value=\"true\" id=\"promoOptin\" type=\"checkbox\" class=\"me-2\" style=\"width: unset\"><label for=\"promoOptin\">Je souhaite rester inform\u00e9 de ma demande et recevoir des conseils pratiques (fortement recommand\u00e9 !) <\/label><\/div><\/div><\/div><input type=\"hidden\" class=\"session_var\" name=\"newform\" value=\"true\"><input type=\"hidden\" class=\"session_var\" name=\"lead-validation-nonce\" value=\"b093144bd6\"><input type=\"hidden\" class=\"session_var\" name=\"aff\" value=\"minisite\"><input type=\"hidden\" class=\"session_var\" name=\"utm_source\" value=\"https:\/\/www.bobex.be\/fr-be\/wp-json\/v2\/content\/47500\"><input type=\"hidden\" class=\"session_var\" name=\"bobx\" value=\"\"><input type=\"hidden\" class=\"session_var\" name=\"sessionType\" value=\"B2C\"><input type=\"hidden\" class=\"session_var\" name=\"utm_medium\" value=\"web\"><input type=\"hidden\" class=\"session_var\" name=\"utm_campaign\" value=\"search\"><input type=\"hidden\" class=\"session_var\" name=\"rem_source\" value=\"https:\/\/www.bobex.be\/fr-be\/chaudiere\/primes-chaudiere-a-condensation\/\"><input type=\"hidden\" class=\"session_var\" name=\"pixel_id\" value=\"-1\"><input type=\"hidden\" class=\"session_var\" name=\"tabo_id\" value=\"-1\"><input type=\"hidden\" class=\"session_var\" name=\"click_id\" value=\"-1\"><input type=\"hidden\" class=\"session_var\" name=\"gclid\" value=\"-1\"><input type=\"hidden\" class=\"session_var\" name=\"msclkid\" value=\"-1\"><input type=\"hidden\" class=\"session_var\" name=\"past_aff\" value=\"bobex\"><input type=\"hidden\" class=\"session_var\" name=\"redirectTo\" value=\"BE\"><input type=\"hidden\" class=\"session_var\" name=\"is_type_id\" value=\"true\"><input type=\"hidden\" class=\"session_var\" name=\"typeid\" value=\"11426\"><input type=\"hidden\" class=\"session_var\" name=\"companyType\" value=\"label.companytype.consumer\"><input type=\"hidden\" class=\"session_var\" name=\"input_names\" value=\"XML_extra_radio,XML_extra_radio2,XML_extra_radio3,XML_remarks\"><input type=\"hidden\" class=\"form_context\" value=\"BE\"><img decoding=\"async\" class=\"bobex-pixel\" src=\"\" alt=\"\" style=\"display:none\" \/>    <div class=\"bob-form-submit d-flex justify-content-center\">\n        <button type=\"submit\" class=\"form-submit\" style=\"background-color: #F1653A; color: white; border: none !important; border-radius: 5px !important; font-family: Roboto, sans-serif; font-size: 16px;\">\n            Demander un devis\n        <\/button>\n    <\/div>    <div class=\"bob-inline-form form-footer\" style=\"border-radius: 0 0 10px 10px\">\n        <div class=\"bob-form-privacy-text\">\n            <div style=\"float:left;\"><i class=\"fa fa-lock\"><\/i><\/div>\n            <div class=\"ms-2\">\n                <div style='padding-left: 15px;font-size: 0.8em !important;z-index: 10;'><b>Nous respectons votre vie priv\u00e9e<\/b><br> Conform\u00e9ment \u00e0 la loi du 8\/12\/1992 relative \u00e0 la protection de la vie priv\u00e9e, vous disposez d&rsquo;un droit d&rsquo;acc\u00e8s et de rectification \u00e0 vos donn\u00e9es. Pour en savoir plus, consultez notre <span class=\"link_ob\" data-link=\"aHR0cHM6Ly93d3cuYm9iZXguYmUvZnItYmUvcHJvdGVjdGlvbi1kZS1sYS12aWUtcHJpdmVlLw==\" target=\"_blank\">charte sur la vie priv\u00e9e<\/span>.<\/div>\n                \n            <\/div>\n        <\/div>\n    <\/div><\/form><\/div><div class=\"multiple_mini hidden\" data-lead_id=\"\"><p class=\"multiple-title\">Merci d&rsquo;avoir pris le temps de remplir ce formulaire<\/p><p>Nous vous contacterons d\u00e8s que possible pour vous orienter vers le meilleur sp\u00e9cialiste correspondant \u00e0 votre demande.<\/p><div class=\"multiple_wrapper\"><div class=\"loader\"><\/div><p class=\"multiple-title\">Vous cherchez d&rsquo;autres services ?<\/p><p class=\"multiple_text\">Vous souhaitez comparer d&rsquo;autres devis ou explorer d&rsquo;autres services ? Faites-le nous savoir et nous vous mettrons rapidement en relation<\/p><div class=\"multiple_container\"><div class=\"single_multiple multiple_button\" data-typeid=\"11364\"><i class=\"fa-3x cat icon-11364\"><\/i><span class=\"multiple_name\">Panneaux solaires<\/span><\/div><div class=\"single_multiple multiple_button\" data-typeid=\"11427\"><i class=\"fa-3x cat icon-11427\"><\/i><span class=\"multiple_name\">Isolation<\/span><\/div><div class=\"single_multiple multiple_button\" data-typeid=\"11453\"><i class=\"fa-3x cat icon-11453\"><\/i><span class=\"multiple_name\">Syst\u00e8me de ventilation<\/span><\/div><div class=\"single_multiple multiple_button\" data-typeid=\"11452\"><i class=\"fa-3x fad fa-door-closed\"><\/i><span class=\"multiple_name\">Ch\u00e2ssis, portes et fen\u00eatres<\/span><\/div><div class=\"single_multiple multiple_button\" data-typeid=\"11428\"><i class=\"fa-3x cat icon-11428\"><\/i><span class=\"multiple_name\">Pompe \u00e0 chaleur<\/span><\/div><div class=\"single_multiple multiple_button\" data-typeid=\"11962\"><i class=\"fa-3x cat icon-11962\"><\/i><span class=\"multiple_name\">Travaux de toiture<\/span><\/div><\/div><\/div><\/div><\/div><\/div>\n\n\n<h2 class=\"wp-block-heading\"><span class=\"ez-toc-section\" id=\"Quelques_renseignements_supplementaires\"><\/span>Quelques renseignements suppl\u00e9mentaires&nbsp;<span class=\"ez-toc-section-end\"><\/span><\/h2>\n\n\n\n<p>Vous souhaitez am\u00e9liorer les performances \u00e9nerg\u00e9tiques de votre habitation en rempla\u00e7ant votre chaudi\u00e8re ? Vous vous posez encore des questions sur les diff\u00e9rents mod\u00e8les disponibles sur le march\u00e9 ou sur les primes disponibles ? D\u00e9couvrez quelques questions que d&rsquo;autres clients se sont d\u00e9j\u00e0 pos\u00e9es.<\/p>\n\n\n\n<div class=\"wp-block-bobex-frequently-asked-questions bobex-faq-main-wrapper\">\n            <div class=\"bobex-simple-question-answer-block\">\n                <div class=\"bobex-simple-question-answer-block__question\" style=\"background-color: #63b0d1!important; color: white!important;\">\n                    <h3 style=\"color: white!important; margin:unset; font-size:1.2rem;\" class=\"bobex-simple-question-answer-block__question__content\"><span class=\"ez-toc-section\" id=\"Est-il_possible_de_faire_une_demande_de_prime_pour_une_nouvelle_chaudiere_a_condensation_en_Flandre\"><\/span>Est-il possible de faire une demande de prime pour une nouvelle chaudi\u00e8re \u00e0 condensation en Flandre ?<span class=\"ez-toc-section-end\"><\/span><\/h3>\n                    <div class=\"bobex-simple-question-answer-block__question__toggle\">+<\/div>\n                <\/div>\n                <div class=\"bobex-simple-question-answer-block__answer\" style=\"background-color: !important; color: black!important;\">\n                    <div class=\"bobex-simple-question-answer-block__answer__content\">Non, depuis le 1er novembre 2023, les primes pour l\u2019installation de chaudi\u00e8res \u00e0 condensation au gaz ont \u00e9t\u00e9 supprim\u00e9es en Flandre. Il \u00e9tait possible d\u2019introduire une demande jusqu\u2019au 31 octobre 2024, mais d\u00e9sormais <strong>cette aide n\u2019existe plus.<\/strong><\/div>\n                    <div>\n<div class=\"wp-block-bobex-simple-question-answer\"><\/div>\n<\/div>\n                <\/div>\n            <\/div>\n        \n\n\n            <div class=\"bobex-simple-question-answer-block\">\n                <div class=\"bobex-simple-question-answer-block__question\" style=\"background-color: #63b0d1!important; color: white!important;\">\n                    <h3 style=\"color: white!important; margin:unset; font-size:1.2rem;\" class=\"bobex-simple-question-answer-block__question__content\"><span class=\"ez-toc-section\" id=\"Est-il_encore_possible_dinstaller_une_chaudiere_au_mazout_dans_son_habitation\"><\/span>Est-il encore possible d&rsquo;installer une chaudi\u00e8re au mazout dans son habitation ?<span class=\"ez-toc-section-end\"><\/span><\/h3>\n                    <div class=\"bobex-simple-question-answer-block__question__toggle\">+<\/div>\n                <\/div>\n                <div class=\"bobex-simple-question-answer-block__answer\" style=\"background-color: !important; color: black!important;\">\n                    <div class=\"bobex-simple-question-answer-block__answer__content\">En Wallonie, l\u2019installation de chaudi\u00e8res au mazout sera interdite \u00e0 partir du 1er janvier 2026 pour les b\u00e2timents existants, et d\u00e8s maintenant pour les nouvelles constructions. \u00c0 Bruxelles, cette interdiction est en vigueur depuis le 1er juin 2023. En Flandre, l\u2019installation est interdite dans les nouvelles constructions depuis le 1er janvier 2022, mais reste possible pour remplacer une chaudi\u00e8re au mazout existante uniquement si le b\u00e2timent n\u2019est pas raccord\u00e9 au gaz naturel.\u00a0<\/div>\n                    <div>\n<div class=\"wp-block-bobex-simple-question-answer\"><\/div>\n<\/div>\n                <\/div>\n            <\/div>\n        \n\n\n            <div class=\"bobex-simple-question-answer-block\">\n                <div class=\"bobex-simple-question-answer-block__question\" style=\"background-color: #63b0d1!important; color: white!important;\">\n                    <h3 style=\"color: white!important; margin:unset; font-size:1.2rem;\" class=\"bobex-simple-question-answer-block__question__content\"><span class=\"ez-toc-section\" id=\"Quel_est_le_montant_de_la_prime_energie_pour_linstallation_dune_pompe_a_chaleur_et_dun_poele_a_pellets_en_Wallonie_en_2026\"><\/span><strong>Quel est le montant de \u00a0la prime \u00e9nergie pour l\u2019installation d\u2019une pompe \u00e0 chaleur et d\u2019un po\u00eale \u00e0 pellets en Wallonie en 2026<\/strong> <strong> ?<\/strong><span class=\"ez-toc-section-end\"><\/span><\/h3>\n                    <div class=\"bobex-simple-question-answer-block__question__toggle\">+<\/div>\n                <\/div>\n                <div class=\"bobex-simple-question-answer-block__answer\" style=\"background-color: !important; color: black!important;\">\n                    <div class=\"bobex-simple-question-answer-block__answer__content\">Ces aides font partie des Primes Habitation et n\u00e9cessitent un audit \u00e9nerg\u00e9tique obligatoire avant travaux.<br>&#8211; Po\u00eale \u00e0 pellets ou po\u00eale \u00e0 bois biomasse local : base de 160 \u20ac<br>&#8211; Pompe \u00e0 chaleur pour la production exclusive d\u2019eau chaude sanitaire : base de 280 \u20ac<br>&#8211; Pompe \u00e0 chaleur pour le chauffage ou combin\u00e9e : base de 600 \u20ac<br>Ces montants sont \u00e0 multiplier selon votre cat\u00e9gorie de revenu pour d\u00e9terminer la prime finale.<\/div>\n                    <div>\n<div class=\"wp-block-bobex-simple-question-answer\"><\/div>\n<\/div>\n                <\/div>\n            <\/div>\n        \n\n\n            <div class=\"bobex-simple-question-answer-block\">\n                <div class=\"bobex-simple-question-answer-block__question\" style=\"background-color: #63b0d1!important; color: white!important;\">\n                    <h3 style=\"color: white!important; margin:unset; font-size:1.2rem;\" class=\"bobex-simple-question-answer-block__question__content\"><span class=\"ez-toc-section\" id=\"Quelle_prime_pour_le_changement_et_remplacement_dune_chaudiere_a_gaz_en_Wallonie\"><\/span>Quelle prime pour le changement et remplacement d&rsquo;une chaudi\u00e8re \u00e0 gaz en Wallonie ?\u00a0<span class=\"ez-toc-section-end\"><\/span><\/h3>\n                    <div class=\"bobex-simple-question-answer-block__question__toggle\">+<\/div>\n                <\/div>\n                <div class=\"bobex-simple-question-answer-block__answer\" style=\"background-color: !important; color: black!important;\">\n                    <div class=\"bobex-simple-question-answer-block__answer__content\"><strong>Depuis novembre 2023, il n\u2019existe plus de prime sp\u00e9cifique pour l\u2019installation de chaudi\u00e8res \u00e0 condensation au gaz en Wallonie.<\/strong> En revanche, il est possible d\u2019obtenir des primes pour installer des alternatives plus \u00e9cologiques, comme une pompe \u00e0 chaleur ou une chaudi\u00e8re biomasse, via les Primes Habitation.<\/div>\n                    <div>\n<div class=\"wp-block-bobex-simple-question-answer\"><\/div>\n<\/div>\n                <\/div>\n            <\/div>\n        <\/div>\n\n                    <script type=\"application\/ld+json\">\n                        {\"@context\":\"https:\\\/\\\/schema.org\",\"@type\":\"FAQPage\",\"mainEntity\":[{\"@type\":\"Question\",\"name\":\"Est-il possible de faire une demande de prime pour une nouvelle chaudi\\u00e8re \\u00e0 condensation en Flandre ?\",\"acceptedAnswer\":{\"@type\":\"Answer\",\"text\":\"Non, depuis le 1er novembre 2023, les primes pour l\\u2019installation de chaudi\\u00e8res \\u00e0 condensation au gaz ont \\u00e9t\\u00e9 supprim\\u00e9es en Flandre. Il \\u00e9tait possible d\\u2019introduire une demande jusqu\\u2019au 31 octobre 2024, mais d\\u00e9sormais <strong>cette aide n\\u2019existe plus.<\\\/strong>\"}},{\"@type\":\"Question\",\"name\":\"Est-il encore possible d'installer une chaudi\\u00e8re au mazout dans son habitation ?\",\"acceptedAnswer\":{\"@type\":\"Answer\",\"text\":\"En Wallonie, l\\u2019installation de chaudi\\u00e8res au mazout sera interdite \\u00e0 partir du 1er janvier 2026 pour les b\\u00e2timents existants, et d\\u00e8s maintenant pour les nouvelles constructions. \\u00c0 Bruxelles, cette interdiction est en vigueur depuis le 1er juin 2023. En Flandre, l\\u2019installation est interdite dans les nouvelles constructions depuis le 1er janvier 2022, mais reste possible pour remplacer une chaudi\\u00e8re au mazout existante uniquement si le b\\u00e2timent n\\u2019est pas raccord\\u00e9 au gaz naturel.\\u00a0\"}},{\"@type\":\"Question\",\"name\":\"<strong>Quel est le montant de \\u00a0la prime \\u00e9nergie pour l\\u2019installation d\\u2019une pompe \\u00e0 chaleur et d\\u2019un po\\u00eale \\u00e0 pellets en Wallonie en 2026<\\\/strong> <strong> ?<\\\/strong>\",\"acceptedAnswer\":{\"@type\":\"Answer\",\"text\":\"Ces aides font partie des Primes Habitation et n\\u00e9cessitent un audit \\u00e9nerg\\u00e9tique obligatoire avant travaux.<br>- Po\\u00eale \\u00e0 pellets ou po\\u00eale \\u00e0 bois biomasse local : base de 160 \\u20ac<br>- Pompe \\u00e0 chaleur pour la production exclusive d\\u2019eau chaude sanitaire : base de 280 \\u20ac<br>- Pompe \\u00e0 chaleur pour le chauffage ou combin\\u00e9e : base de 600 \\u20ac<br>Ces montants sont \\u00e0 multiplier selon votre cat\\u00e9gorie de revenu pour d\\u00e9terminer la prime finale.\"}},{\"@type\":\"Question\",\"name\":\"Quelle prime pour le changement et remplacement d'une chaudi\\u00e8re \\u00e0 gaz en Wallonie ?\\u00a0\",\"acceptedAnswer\":{\"@type\":\"Answer\",\"text\":\"<strong>Depuis novembre 2023, il n\\u2019existe plus de prime sp\\u00e9cifique pour l\\u2019installation de chaudi\\u00e8res \\u00e0 condensation au gaz en Wallonie.<\\\/strong> En revanche, il est possible d\\u2019obtenir des primes pour installer des alternatives plus \\u00e9cologiques, comme une pompe \\u00e0 chaleur ou une chaudi\\u00e8re biomasse, via les Primes Habitation.\"}}]}\n                    <\/script>\n                ","protected":false},"featured_media":0,"parent":0,"template":"","meta":{"business":"43987","footnotes":""},"class_list":["post-47500","content","type-content","status-publish","hentry"],"_links":{"self":[{"href":"https:\/\/www.bobex.be\/fr-be\/wp-json\/wp\/v2\/content\/47500","targetHints":{"allow":["GET"]}}],"collection":[{"href":"https:\/\/www.bobex.be\/fr-be\/wp-json\/wp\/v2\/content"}],"about":[{"href":"https:\/\/www.bobex.be\/fr-be\/wp-json\/wp\/v2\/types\/content"}],"version-history":[{"count":9,"href":"https:\/\/www.bobex.be\/fr-be\/wp-json\/wp\/v2\/content\/47500\/revisions"}],"predecessor-version":[{"id":204335,"href":"https:\/\/www.bobex.be\/fr-be\/wp-json\/wp\/v2\/content\/47500\/revisions\/204335"}],"wp:attachment":[{"href":"https:\/\/www.bobex.be\/fr-be\/wp-json\/wp\/v2\/media?parent=47500"}],"curies":[{"name":"wp","href":"https:\/\/api.w.org\/{rel}","templated":true}]}}