{"id":213558,"date":"2025-08-25T12:36:21","date_gmt":"2025-08-25T12:36:21","guid":{"rendered":"https:\/\/www.bobex.be\/fr-be\/?post_type=content&#038;p=213558"},"modified":"2025-09-15T08:33:37","modified_gmt":"2025-09-15T08:33:37","slug":"toiture","status":"publish","type":"content","link":"https:\/\/www.bobex.be\/fr-be\/enlevement-de-lamiante\/amiante-dans-la-maison\/toiture\/","title":{"rendered":"Une toiture en amiante : comment la reconna\u00eetre et l&rsquo;enlever ?"},"content":{"rendered":"\n<div id=\"ez-toc-container\" class=\"ez-toc-v2_0_82_2 counter-hierarchy ez-toc-counter ez-toc-grey ez-toc-container-direction\">\n<div class=\"ez-toc-title-container\">\n<p class=\"ez-toc-title\" style=\"cursor:inherit\">Sommaire<\/p>\n<span class=\"ez-toc-title-toggle\"><a href=\"#\" class=\"ez-toc-pull-right ez-toc-btn ez-toc-btn-xs ez-toc-btn-default ez-toc-toggle\" aria-label=\"Toggle Table of Content\"><span class=\"ez-toc-js-icon-con\"><span class=\"\"><span class=\"eztoc-hide\" style=\"display:none;\">Toggle<\/span><span class=\"ez-toc-icon-toggle-span\"><svg style=\"fill: #999;color:#999\" xmlns=\"http:\/\/www.w3.org\/2000\/svg\" class=\"list-377408\" width=\"20px\" height=\"20px\" viewBox=\"0 0 24 24\" fill=\"none\"><path d=\"M6 6H4v2h2V6zm14 0H8v2h12V6zM4 11h2v2H4v-2zm16 0H8v2h12v-2zM4 16h2v2H4v-2zm16 0H8v2h12v-2z\" fill=\"currentColor\"><\/path><\/svg><svg style=\"fill: #999;color:#999\" class=\"arrow-unsorted-368013\" xmlns=\"http:\/\/www.w3.org\/2000\/svg\" width=\"10px\" height=\"10px\" viewBox=\"0 0 24 24\" version=\"1.2\" baseProfile=\"tiny\"><path d=\"M18.2 9.3l-6.2-6.3-6.2 6.3c-.2.2-.3.4-.3.7s.1.5.3.7c.2.2.4.3.7.3h11c.3 0 .5-.1.7-.3.2-.2.3-.5.3-.7s-.1-.5-.3-.7zM5.8 14.7l6.2 6.3 6.2-6.3c.2-.2.3-.5.3-.7s-.1-.5-.3-.7c-.2-.2-.4-.3-.7-.3h-11c-.3 0-.5.1-.7.3-.2.2-.3.5-.3.7s.1.5.3.7z\"\/><\/svg><\/span><\/span><\/span><\/a><\/span><\/div>\n<nav><ul class='ez-toc-list ez-toc-list-level-1 eztoc-toggle-hide-by-default' ><li class='ez-toc-page-1 ez-toc-heading-level-2'><a class=\"ez-toc-link ez-toc-heading-1\" href=\"https:\/\/www.bobex.be\/fr-be\/enlevement-de-lamiante\/amiante-dans-la-maison\/toiture\/#Quest-ce_que_lamiante\" >Qu\u2019est-ce que l\u2019amiante ?<\/a><\/li><li class='ez-toc-page-1 ez-toc-heading-level-2'><a class=\"ez-toc-link ez-toc-heading-2\" href=\"https:\/\/www.bobex.be\/fr-be\/enlevement-de-lamiante\/amiante-dans-la-maison\/toiture\/#Est-il_dangereux_davoir_un_toit_en_amiante\" >Est-il dangereux d&rsquo;avoir un toit en amiante ?<\/a><\/li><li class='ez-toc-page-1 ez-toc-heading-level-2'><a class=\"ez-toc-link ez-toc-heading-3\" href=\"https:\/\/www.bobex.be\/fr-be\/enlevement-de-lamiante\/amiante-dans-la-maison\/toiture\/#Comment_savoir_si_ma_toiture_contient_de_lamiante\" >Comment savoir si ma toiture contient de l\u2019amiante ?<\/a><ul class='ez-toc-list-level-3' ><li class='ez-toc-heading-level-3'><a class=\"ez-toc-link ez-toc-heading-4\" href=\"https:\/\/www.bobex.be\/fr-be\/enlevement-de-lamiante\/amiante-dans-la-maison\/toiture\/#Comment_reconnaitre_une_toiture_en_fibrociment_amiante\" >Comment reconna\u00eetre une toiture en fibrociment amiant\u00e9 ?&nbsp;<\/a><ul class='ez-toc-list-level-4' ><li class='ez-toc-heading-level-4'><a class=\"ez-toc-link ez-toc-heading-5\" href=\"https:\/\/www.bobex.be\/fr-be\/enlevement-de-lamiante\/amiante-dans-la-maison\/toiture\/#1%EF%B8%8F%E2%83%A3_Observez_attentivement_la_structure_le_type_et_la_composition_du_materiau\" >1\ufe0f\u20e3 Observez attentivement la structure, le type et la composition du mat\u00e9riau<\/a><\/li><li class='ez-toc-page-1 ez-toc-heading-level-4'><a class=\"ez-toc-link ez-toc-heading-6\" href=\"https:\/\/www.bobex.be\/fr-be\/enlevement-de-lamiante\/amiante-dans-la-maison\/toiture\/#2%EF%B8%8F%E2%83%A3_Linspection_professionnelle_avant_tout\" >2\ufe0f\u20e3 L\u2019inspection professionnelle avant tout !&nbsp;<\/a><\/li><li class='ez-toc-page-1 ez-toc-heading-level-4'><a class=\"ez-toc-link ez-toc-heading-7\" href=\"https:\/\/www.bobex.be\/fr-be\/enlevement-de-lamiante\/amiante-dans-la-maison\/toiture\/#3%EF%B8%8F%E2%83%A3_Eternit_et_amiante_ce_quil_faut_savoir_sur_votre_toiture\" >3\ufe0f\u20e3 Eternit et amiante : ce qu\u2019il faut savoir sur votre toiture<\/a><\/li><\/ul><\/li><\/ul><\/li><li class='ez-toc-page-1 ez-toc-heading-level-2'><a class=\"ez-toc-link ez-toc-heading-8\" href=\"https:\/\/www.bobex.be\/fr-be\/enlevement-de-lamiante\/amiante-dans-la-maison\/toiture\/#Est-il_obligatoire_denlever_lamiante_dune_toiture\" >Est-il obligatoire d&rsquo;enlever l&rsquo;amiante d&rsquo;une toiture ?<\/a><\/li><li class='ez-toc-page-1 ez-toc-heading-level-2'><a class=\"ez-toc-link ez-toc-heading-9\" href=\"https:\/\/www.bobex.be\/fr-be\/enlevement-de-lamiante\/amiante-dans-la-maison\/toiture\/#Peut-on_vendre_une_maison_avec_un_toit_en_amiante_La_reglementation_en_Belgique\" >Peut-on vendre une maison avec un toit en amiante ? La r\u00e9glementation en Belgique&nbsp;<\/a><ul class='ez-toc-list-level-3' ><li class='ez-toc-heading-level-3'><a class=\"ez-toc-link ez-toc-heading-10\" href=\"https:\/\/www.bobex.be\/fr-be\/enlevement-de-lamiante\/amiante-dans-la-maison\/toiture\/#Informer_lacheteur\" >Informer l\u2019acheteur<\/a><\/li><li class='ez-toc-page-1 ez-toc-heading-level-3'><a class=\"ez-toc-link ez-toc-heading-11\" href=\"https:\/\/www.bobex.be\/fr-be\/enlevement-de-lamiante\/amiante-dans-la-maison\/toiture\/#Faire_realiser_un_diagnostic_amiante_en_Flandre\" >Faire r\u00e9aliser un diagnostic amiante (en Flandre)<\/a><\/li><li class='ez-toc-page-1 ez-toc-heading-level-3'><a class=\"ez-toc-link ez-toc-heading-12\" href=\"https:\/\/www.bobex.be\/fr-be\/enlevement-de-lamiante\/amiante-dans-la-maison\/toiture\/#Impact_sur_le_prix_de_vente\" >Impact sur le prix de vente<\/a><\/li><li class='ez-toc-page-1 ez-toc-heading-level-3'><a class=\"ez-toc-link ez-toc-heading-13\" href=\"https:\/\/www.bobex.be\/fr-be\/enlevement-de-lamiante\/amiante-dans-la-maison\/toiture\/#Desamiantage_avant_vente\" >D\u00e9samiantage avant vente ?<\/a><\/li><\/ul><\/li><li class='ez-toc-page-1 ez-toc-heading-level-2'><a class=\"ez-toc-link ez-toc-heading-14\" href=\"https:\/\/www.bobex.be\/fr-be\/enlevement-de-lamiante\/amiante-dans-la-maison\/toiture\/#Combien_coute_le_retrait_dune_toiture_en_amiante\" >Combien co\u00fbte le retrait d\u2019une toiture en amiante ?<\/a><ul class='ez-toc-list-level-3' ><li class='ez-toc-heading-level-3'><a class=\"ez-toc-link ez-toc-heading-15\" href=\"https:\/\/www.bobex.be\/fr-be\/enlevement-de-lamiante\/amiante-dans-la-maison\/toiture\/#Quelles_primes_et_aides_financieres_disponible_pour_enlever_amiante\" >Quelles primes et aides financi\u00e8res disponible pour enlever amiante ?&nbsp;<\/a><ul class='ez-toc-list-level-4' ><li class='ez-toc-heading-level-4'><a class=\"ez-toc-link ez-toc-heading-16\" href=\"https:\/\/www.bobex.be\/fr-be\/enlevement-de-lamiante\/amiante-dans-la-maison\/toiture\/#%F0%9F%93%8DBruxelles_patience_pour_2025\" >\ud83d\udccdBruxelles : patience pour 2025<\/a><\/li><li class='ez-toc-page-1 ez-toc-heading-level-4'><a class=\"ez-toc-link ez-toc-heading-17\" href=\"https:\/\/www.bobex.be\/fr-be\/enlevement-de-lamiante\/amiante-dans-la-maison\/toiture\/#%F0%9F%93%8DFlandre_des_aides_bien_concretes\" >\ud83d\udccdFlandre : des aides bien concr\u00e8tes<\/a><\/li><li class='ez-toc-page-1 ez-toc-heading-level-4'><a class=\"ez-toc-link ez-toc-heading-18\" href=\"https:\/\/www.bobex.be\/fr-be\/enlevement-de-lamiante\/amiante-dans-la-maison\/toiture\/#%F0%9F%93%8D_Wallonie_aucune_aide_specifique_pour_le_moment\" >\ud83d\udccd Wallonie : aucune aide sp\u00e9cifique pour le moment<\/a><\/li><\/ul><\/li><\/ul><\/li><li class='ez-toc-page-1 ez-toc-heading-level-2'><a class=\"ez-toc-link ez-toc-heading-19\" href=\"https:\/\/www.bobex.be\/fr-be\/enlevement-de-lamiante\/amiante-dans-la-maison\/toiture\/#Peut-on_isoler_un_toit_contenant_de_lamiante_ou_installer_des_panneaux_solaires_dessus\" >Peut-on isoler un toit contenant de l\u2019amiante ou installer des panneaux solaires dessus ?<\/a><\/li><li class='ez-toc-page-1 ez-toc-heading-level-2'><a class=\"ez-toc-link ez-toc-heading-20\" href=\"https:\/\/www.bobex.be\/fr-be\/enlevement-de-lamiante\/amiante-dans-la-maison\/toiture\/#Demoussage_et_nettoyage_des_ardoises_en_amiante_pourquoi_cest_interdit\" >D\u00e9moussage et nettoyage des ardoises en amiante : pourquoi c\u2019est interdit ?<\/a><ul class='ez-toc-list-level-3' ><li class='ez-toc-heading-level-3'><a class=\"ez-toc-link ez-toc-heading-21\" href=\"https:\/\/www.bobex.be\/fr-be\/enlevement-de-lamiante\/amiante-dans-la-maison\/toiture\/#Ce_que_la_loi_dit\" >Ce que la loi dit<\/a><\/li><li class='ez-toc-page-1 ez-toc-heading-level-3'><a class=\"ez-toc-link ez-toc-heading-22\" href=\"https:\/\/www.bobex.be\/fr-be\/enlevement-de-lamiante\/amiante-dans-la-maison\/toiture\/#Quelles_sont_les_alternatives\" >Quelles sont les alternatives ?<\/a><\/li><\/ul><\/li><li class='ez-toc-page-1 ez-toc-heading-level-2'><a class=\"ez-toc-link ez-toc-heading-23\" href=\"https:\/\/www.bobex.be\/fr-be\/enlevement-de-lamiante\/amiante-dans-la-maison\/toiture\/#Desamiantage_remplacer_la_toiture_de_votre_maison_%E2%80%93_Demandez_conseil_et_comparez_des_devis_gratuits\" >D\u00e9samiantage : remplacer la toiture de votre maison &#8211; Demandez conseil et comparez des devis gratuits !<\/a><\/li><\/ul><\/nav><\/div>\n<h2 class=\"wp-block-heading\"><span class=\"ez-toc-section\" id=\"Quest-ce_que_lamiante\"><\/span>Qu\u2019est-ce que l\u2019amiante ?<span class=\"ez-toc-section-end\"><\/span><\/h2>\n\n\n\n<p>L\u2019amiante est un min\u00e9ral naturel compos\u00e9 de<strong> fibres tr\u00e8s fines et r\u00e9sistantes.<\/strong> Pendant des d\u00e9cennies, il a \u00e9t\u00e9 utilis\u00e9 dans la construction pour ses propri\u00e9t\u00e9s uniques : il est solide, durable, l\u00e9ger et r\u00e9sistant \u00e0 la chaleur, au feu et \u00e0 l\u2019humidit\u00e9.<\/p>\n\n\n\n<p>Dans les b\u00e2timents anciens, on retrouve l\u2019amiante sous diff\u00e9rentes formes. Le&nbsp;<strong>fibrociment amiant\u00e9<\/strong>, par exemple, a \u00e9t\u00e9 largement utilis\u00e9 pour les plaques de toiture, les fa\u00e7ades ou les conduits. On le trouve aussi dans certains panneaux, tuiles et isolants thermiques. Ces mat\u00e9riaux combinent l\u00e9g\u00e8ret\u00e9 et robustesse, ce qui les rendait parfaits pour les toitures ou les installations n\u00e9cessitant r\u00e9sistance et long\u00e9vit\u00e9.<\/p>\n\n\n\n<p>L\u2019amiante peut se pr\u00e9senter en fibres int\u00e9gr\u00e9es dans le ciment ou le pl\u00e2tre, en plaques ou en feuilles, ou m\u00eame en fils tiss\u00e9s. Ces fibres sont invisibles \u00e0 l\u2019\u0153il nu, et donnent souvent au mat\u00e9riau une texture rugueuse ou granuleuse. C\u2019est cette combinaison de solidit\u00e9 et de l\u00e9g\u00e8ret\u00e9 qui explique pourquoi l\u2019amiante a \u00e9t\u00e9 si largement utilis\u00e9 <strong>jusqu\u2019\u00e0 la fin des ann\u00e9es 1980<\/strong>.<\/p>\n\n\n\n<h2 class=\"wp-block-heading\"><span class=\"ez-toc-section\" id=\"Est-il_dangereux_davoir_un_toit_en_amiante\"><\/span>Est-il dangereux d&rsquo;avoir un toit en amiante ?<span class=\"ez-toc-section-end\"><\/span><\/h2>\n\n\n\n<p>Un toit en <a href=\"https:\/\/www.bobex.be\/fr-be\/enlevement-de-lamiante\/amiante-ciment\/\" target=\"_blank\" rel=\"noreferrer noopener\">amiante-ciment<\/a> n\u2019est pas automatiquement dangereux. En r\u00e9alit\u00e9,&nbsp;<strong>le risque d\u00e9pend surtout de l\u2019\u00e9tat du mat\u00e9riau<\/strong>. L\u2019amiante est constitu\u00e9 de fibres microscopiques, invisibles \u00e0 l\u2019\u0153il nu. Tant que le mat\u00e9riau reste solide et intact, ces fibres restent pi\u00e9g\u00e9es et ne pr\u00e9sentent que tr\u00e8s peu de danger.<\/p>\n\n\n\n<figure class=\"wp-block-image size-full\"><img decoding=\"async\" width=\"1024\" height=\"538\" src=\"https:\/\/www.bobex.be\/wp-uploads\/sites\/2\/Travaux-dinventaire-damiante.jpg\" alt=\"expert qui enl\u00e8ve amiante d'une toiture \" class=\"wp-image-212469\"\/><\/figure>\n\n\n\n<p>Le probl\u00e8me survient lorsque le toit vieillit, se fissure, ou est ab\u00eem\u00e9 par les intemp\u00e9ries. Dans ce cas, des fibres peuvent se lib\u00e9rer dans l\u2019air et \u00eatre inhal\u00e9es.<\/p>\n\n\n\n<p>C\u2019est cette exposition \u00e0 l&rsquo;amiante qui est la source des risques pour la sant\u00e9 \u00e0 long terme. Parmi les maladies les plus connues : l\u2019<strong>asbestose<\/strong>, qui provoque une fibrose pulmonaire et des difficult\u00e9s respiratoires ; le&nbsp;<strong>m\u00e9soth\u00e9liome<\/strong>, un cancer rare mais tr\u00e8s agressif touchant la pl\u00e8vre ou le p\u00e9ritoine ; et les&nbsp;<strong>cancers du poumon<\/strong>, dont le risque augmente avec la dur\u00e9e d\u2019exposition \u00e0 l&rsquo;amiante. M\u00eame de faibles quantit\u00e9s inhal\u00e9es r\u00e9guli\u00e8rement peuvent donc pr\u00e9senter un danger s\u00e9rieux.<\/p>\n\n\n\n<p>Tous les toits en amiante ne se valent pas :<\/p>\n\n\n\n<ul class=\"wp-block-list\">\n<li><strong>Fibrociment amiant\u00e9 intact<\/strong>&nbsp;: relativement s\u00fbr, m\u00eame apr\u00e8s plusieurs d\u00e9cennies.<\/li>\n\n\n\n<li><strong>Toits ab\u00eem\u00e9s ou effrit\u00e9s<\/strong>&nbsp;: tr\u00e8s risqu\u00e9s, car les fibres peuvent facilement se d\u00e9tacher.<\/li>\n\n\n\n<li><strong>Manipulation ou r\u00e9novation non professionnelle<\/strong>&nbsp;: chaque per\u00e7age, grattage ou cassure peut lib\u00e9rer des fibres dangereuses.<\/li>\n<\/ul>\n\n\n\n<p>En pratique, il est donc crucial de&nbsp;<strong>ne jamais toucher ou percer votre toit vous-m\u00eame<\/strong>, m\u00eame pour un petit bricolage. L\u2019amiante peut sembler inoffensif quand il est solide, mais un geste mal contr\u00f4l\u00e9 peut suffire \u00e0 cr\u00e9er un danger.<\/p>\n\n\n\n            <div class=\"bobex-lightblock-maindiv\" style=\"\n            --content-color:#5c5c5c;\n        \">\n                <div class=\"bobex-tip-light-block__icon-area\">\n                    <div class=\"bobex-tip-light-icon-container\">\n                        <img decoding=\"async\" src=\"https:\/\/www.bobex.be\/fr-be\/wp-content\/plugins\/bobex-blocks\/img\/advice.png \" alt=\"advice-icon\" class=\"bobex-tip-light-block__tipsBlueLogo\"\/>\n                    <\/div>\n                <\/div>\n                <div class=\"bobex-tip-light-block__content-area\">\n                    <p class=\"bobex-block-tips-content\"><\/p>\n                    <div>\n<div class=\"wp-block-bobex-advice-light\">\n<p><strong>Conseil pratique<\/strong>&nbsp;: observez r\u00e9guli\u00e8rement votre toit, surtout si votre habitation date d\u2019avant les ann\u00e9es 1990. Rep\u00e9rez les fissures, l\u2019usure du mat\u00e9riau ou tout signe d\u2019effritement. Si vous constatez un probl\u00e8me, contactez imm\u00e9diatement un professionnel agr\u00e9\u00e9 pour \u00e9valuer la situation.<\/p>\n<\/div>\n<\/div>\n                <\/div>\n            <\/div>\n        \n\n\n<h2 class=\"wp-block-heading\"><span class=\"ez-toc-section\" id=\"Comment_savoir_si_ma_toiture_contient_de_lamiante\"><\/span>Comment savoir si ma toiture contient de l\u2019amiante ?<span class=\"ez-toc-section-end\"><\/span><\/h2>\n\n\n\n<p>Par le pass\u00e9, l\u2019amiante a \u00e9t\u00e9 largement utilis\u00e9 dans les mat\u00e9riaux de toiture et d\u2019isolation. Il est donc crucial de savoir si votre toiture en contient, car l\u2019exposition aux <a href=\"https:\/\/www.bobex.be\/fr-be\/enlevement-de-lamiante\/dangers-amiante\/\" target=\"_blank\" rel=\"noreferrer noopener\">fibres d\u2019amiante est dangereuse<\/a> et peut provoquer de graves probl\u00e8mes de sant\u00e9. Mais comment le d\u00e9terminer ? Plusieurs indicateurs permettent de suspecter la pr\u00e9sence d\u2019amiante dans une toiture.<\/p>\n\n\n\n<ul class=\"wp-block-list\">\n<li>L\u2019<strong>ann\u00e9e de construction du b\u00e2timent<\/strong>&nbsp;constitue un premier indice : en effet, les mat\u00e9riaux contenant de l\u2019amiante ont \u00e9t\u00e9 utilis\u00e9s jusqu\u2019aux ann\u00e9es 1990. Si votre maison est ancienne, il y a de fortes chances que votre toiture en contienne encore.<br><\/li>\n\n\n\n<li>Une&nbsp;<strong>inspection visuelle<\/strong>&nbsp;peut \u00e9galement apporter des indications, par exemple si vous observez des plaques ondul\u00e9es, des ardoises, des tuiles ou du roofing \u00e0 structure en fibrociment. Toutefois, seule une expertise approfondie permet de confirmer la pr\u00e9sence d\u2019amiante.<\/li>\n<\/ul>\n\n\n\n<p>Cette v\u00e9rification doit \u00eatre effectu\u00e9e par une&nbsp;<strong><a href=\"https:\/\/www.bobex.be\/fr-be\/enlevement-de-lamiante\/societe-desamiantage\/\" target=\"_blank\" rel=\"noreferrer noopener\">soci\u00e9t\u00e9 sp\u00e9cialis\u00e9e dans l\u2019amiante<\/a><\/strong>, qui pr\u00e9l\u00e8ve des \u00e9chantillons et les analyse en laboratoire. Les r\u00e9sultats font l\u2019objet d\u2019un rapport d\u00e9taill\u00e9 indiquant si de l\u2019amiante est pr\u00e9sent et quelles mesures doivent \u00eatre prises.<\/p>\n\n\n\n                <div class='bobex-cta-block' style='\n            --button-bg-color: #e13c0e;\n            --button-text-color: #ffffff;\n            --banner-bg-color: #aad4e6;\n            --arrow-main-bg-color: #aad4e6;\n            --arrow-secondary-bg-color: #e5f2f7;\n            --banner-title-color: #10375e;\n            --arrow-title-color: #10375e;\n            --banner-text-color: #545454;\n            --arrow-text-color: #545454;         \n            --invert-range: 0deg;\n        '>\n                    <div class='cta-banner'>\n                        <div class='h3'>L\u2019amiante est un danger silencieux pour votre sant\u00e9<\/div>\n                        <div class='text-color'>Inhaler des fibres d\u2019amiante peut provoquer de graves maladies respiratoires, m\u00eame des ann\u00e9es apr\u00e8s l\u2019exposition. Ne prenez aucun risque inutile : faites appel \u00e0 un professionnel certifi\u00e9 pour le retirer en toute s\u00e9curit\u00e9.<\/div>\n                        <span>\n                            <img src='https:\/\/www.bobex.be\/wp-uploads\/sites\/2\/arrow-cta-box.png' alt='arrow' class='img-color'\/>\n                            <a class='cta-button-rounded' href=\"#ppp\">Demandez votre devis gratuit pour \u00e9liminer l\u2019amiante en toute s\u00e9curit\u00e9<\/a>\n                        <\/span>   \n                    <\/div>\n                <\/div>\n\n\n<h3 class=\"wp-block-heading\"><span class=\"ez-toc-section\" id=\"Comment_reconnaitre_une_toiture_en_fibrociment_amiante\"><\/span>Comment reconna\u00eetre une toiture en fibrociment amiant\u00e9 ?&nbsp;<span class=\"ez-toc-section-end\"><\/span><\/h3>\n\n\n\n<p>Identifier un toit contenant de l\u2019amiante n\u2019est pas \u00e9vident, car les fibres sont invisibles \u00e0 l\u2019\u0153il nu. Une simple inspection visuelle ne suffit donc pas \u00e0 donner une certitude, mais certains d\u00e9tails peuvent mettre sur la piste.<\/p>\n\n\n\n<h4 class=\"wp-block-heading\"><span class=\"ez-toc-section\" id=\"1%EF%B8%8F%E2%83%A3_Observez_attentivement_la_structure_le_type_et_la_composition_du_materiau\"><\/span>1\ufe0f\u20e3 Observez attentivement la structure, le type et la composition du mat\u00e9riau <span class=\"ez-toc-section-end\"><\/span><\/h4>\n\n\n\n<ul class=\"wp-block-list\">\n<li>Les plaques ondul\u00e9es en fibrociment contenant de l\u2019amiante sont souvent&nbsp;<strong>grises ou brun\u00e2tres<\/strong>.<\/li>\n\n\n\n<li>L\u2019int\u00e9rieur pr\u00e9sente g\u00e9n\u00e9ralement une&nbsp;<strong>texture fibreuse<\/strong>&nbsp;caract\u00e9ristique.<\/li>\n<\/ul>\n\n\n\n<h4 class=\"wp-block-heading\"><span class=\"ez-toc-section\" id=\"2%EF%B8%8F%E2%83%A3_Linspection_professionnelle_avant_tout\"><\/span>2\ufe0f\u20e3 L\u2019inspection professionnelle avant tout !&nbsp;<span class=\"ez-toc-section-end\"><\/span><\/h4>\n\n\n\n<p>Cependant, il est essentiel de rappeler que m\u00eame des professionnels exp\u00e9riment\u00e9s ne peuvent pas toujours confirmer la pr\u00e9sence d\u2019amiante \u00e0 l\u2019\u0153il nu. La seule mani\u00e8re fiable est de faire appel \u00e0 un&nbsp;<strong>expert agr\u00e9\u00e9 en amiante<\/strong>.<\/p>\n\n\n\n<p>Ce sp\u00e9cialiste pr\u00e9l\u00e8vera des \u00e9chantillons pour les analyser en laboratoire et pourra \u00e9galement r\u00e9aliser des mesures compl\u00e9mentaires, comme un&nbsp;<strong>test infrarouge avec d\u00e9tecteur d\u2019amiante<\/strong>&nbsp;ou une&nbsp;<strong>analyse de l\u2019air<\/strong>, afin de confirmer ou d\u2019exclure tout risque.<\/p>\n\n\n\n<h4 class=\"wp-block-heading\"><span class=\"ez-toc-section\" id=\"3%EF%B8%8F%E2%83%A3_Eternit_et_amiante_ce_quil_faut_savoir_sur_votre_toiture\"><\/span>3\ufe0f\u20e3 Eternit et amiante : ce qu\u2019il faut savoir sur votre toiture<span class=\"ez-toc-section-end\"><\/span><\/h4>\n\n\n\n<p>Pour reconna\u00eetre la pr\u00e9sence d\u2019amiante dans votre toiture, un point tr\u00e8s important est de&nbsp;<strong>v\u00e9rifier la marque du fabricant<\/strong>. Certaines marques ont \u00e9t\u00e9 historiquement connues pour utiliser de l\u2019amiante dans leurs produits, et Eternit est la plus r\u00e9pandue en Belgique lorsqu\u2019il s\u2019agit de plaques ondul\u00e9es, d\u2019ardoises ou de sous-toitures en fibrociment. Pendant des d\u00e9cennies, l\u2019entreprise a int\u00e9gr\u00e9 de l\u2019amiante dans ses produits afin d\u2019am\u00e9liorer leur solidit\u00e9, leur r\u00e9sistance au feu et leur durabilit\u00e9.<\/p>\n\n\n\n<p>Concr\u00e8tement, cela signifie que la grande majorit\u00e9 des toitures et sous-toitures Eternit install\u00e9es&nbsp;<strong>avant 1998<\/strong>&nbsp;contiennent de l\u2019amiante. Ces mat\u00e9riaux \u00e9taient largement utilis\u00e9s aussi bien pour les habitations que pour les b\u00e2timents agricoles ou industriels.<\/p>\n\n\n\n<p>Depuis la fin des ann\u00e9es 1990, la r\u00e9glementation a \u00e9volu\u00e9 et Eternit a cess\u00e9 d\u2019int\u00e9grer de l\u2019amiante dans ses produits. Les versions r\u00e9centes, souvent appel\u00e9es&nbsp;<strong>Eternit sans amiante<\/strong>&nbsp;ou&nbsp;<strong>fibrociment nouvelle g\u00e9n\u00e9ration<\/strong>, ne pr\u00e9sentent donc plus de risque.<\/p>\n\n\n\n<p>Un point tr\u00e8s important \u00e0 retenir :&nbsp;<strong>si vous voyez la mention \u00ab NT \u00bb sur vos plaques Eternit, cela signifie qu\u2019elles contiennent de l\u2019amiante<\/strong>.<\/p>\n\n\n\n<p>\u26a0\ufe0f Toutefois, pour les&nbsp;<strong>maisons anciennes<\/strong>&nbsp;ou les d\u00e9pendances construites avant cette p\u00e9riode, il est tr\u00e8s probable que les plaques Eternit en toiture ou en sous-toiture renferment encore de l\u2019amiante. Une&nbsp;<strong>analyse r\u00e9alis\u00e9e par un expert agr\u00e9\u00e9<\/strong>reste indispensable pour en avoir la certitude et envisager les mesures \u00e0 prendre (retrait ou confinement).<\/p>\n\n\n\n<h2 class=\"wp-block-heading\"><span class=\"ez-toc-section\" id=\"Est-il_obligatoire_denlever_lamiante_dune_toiture\"><\/span>Est-il obligatoire d&rsquo;enlever l&rsquo;amiante d&rsquo;une toiture ?<span class=\"ez-toc-section-end\"><\/span><\/h2>\n\n\n\n<p>La r\u00e9ponse n\u2019est pas totalement simple : tout d\u00e9pend de l\u2019\u00e9tat de votre toit et des travaux que vous envisagez.<\/p>\n\n\n\n<p>Si votre toiture en fibrociment amiant\u00e9 est&nbsp;<strong>intacte et en bon \u00e9tat<\/strong>, vous&nbsp;<strong>n\u2019\u00eates pas oblig\u00e9 de la retirer imm\u00e9diatement<\/strong>. Les fibres restent solidement enferm\u00e9es dans le mat\u00e9riau, et tant que rien n\u2019est cass\u00e9 ou ab\u00eem\u00e9, le risque d\u2019exposition est tr\u00e8s faible.<\/p>\n\n\n\n<p>En revanche, le retrait devient&nbsp;<strong>obligatoire<\/strong>&nbsp;d\u00e8s que :<\/p>\n\n\n\n<ul class=\"wp-block-list\">\n<li>Le toit est&nbsp;<strong>endommag\u00e9 ou fissur\u00e9<\/strong>.<\/li>\n\n\n\n<li>Vous pr\u00e9voyez des&nbsp;<strong>travaux de r\u00e9novation<\/strong>&nbsp;qui touchent le mat\u00e9riau (pose de panneaux solaires, modification de la structure, etc.).<\/li>\n<\/ul>\n\n\n\n<blockquote class=\"wp-block-quote is-layout-flow wp-block-quote-is-layout-flow\">\n<p>\u00c0 ce moment-l\u00e0, manipuler ou <a href=\"https:\/\/www.bobex.be\/fr-be\/enlevement-de-lamiante\/enlever-amiante-soi-meme\/\" target=\"_blank\" rel=\"noreferrer noopener\">retirer l\u2019amiante soi-m\u00eame<\/a> serait dangereux et la l\u00e9gislation &nbsp;impose de confier l\u2019op\u00e9ration \u00e0 des professionnels qualifi\u00e9s.<\/p>\n<\/blockquote>\n\n\n\n<p>La l\u00e9gislation belge impose \u00e9galement :<\/p>\n\n\n\n<ul class=\"wp-block-list\">\n<li><strong>En r\u00e9gion flamande<\/strong>, tous les toits en amiante-ciment doivent \u00eatre remplac\u00e9s&nbsp;<strong>avant 2034<\/strong>.<\/li>\n\n\n\n<li>\u00c0&nbsp;<strong>Bruxelles<\/strong>&nbsp;et en&nbsp;<strong>Wallonie<\/strong>, le retrait est exig\u00e9 d\u00e8s qu\u2019un projet de r\u00e9novation risque de lib\u00e9rer des fibres.<\/li>\n<\/ul>\n\n\n\n            <div class=\"bobex-highlight-global-div\" style=\"\n            --line-color: #17518d;\n            --bg-color: #e5f2f7;\n            --content-color:#10375e;\n            --title-color: #10375e;\n        \">\n                    <div class=\"bobex-highlight-block__border\">\n                        <div class=\"bobex--block_highlight_content-area\">\n                            <p class=\"bobex-block-highlight-title\"><\/p>\n                            <p class=\"bobex-block-highlight-content\">\n                            \t<div>\n<div class=\"wp-block-bobex-highlight\">\n<p>\ud83d\udca1&nbsp;<strong>&nbsp;<\/strong>&nbsp;Confier le retrait \u00e0 une entreprise sp\u00e9cialis\u00e9e garantit non seulement votre s\u00e9curit\u00e9, mais aussi la conformit\u00e9 avec la l\u00e9gislation. Ces experts savent comment prot\u00e9ger l\u2019air ambiant, manipuler l\u2019amiante et \u00e9liminer les d\u00e9chets en toute s\u00e9curit\u00e9.<\/p>\n\n\n<div class='bobex-cta-block' style='\n            --button-bg-color: #e13c0e;\n            --button-text-color: #ffffff;\n            --banner-bg-color: #aad4e6;\n            --arrow-main-bg-color: #aad4e6;\n            --arrow-secondary-bg-color: #e5f2f7;\n            --banner-title-color: #10375e;\n            --arrow-title-color: #10375e;\n            --banner-text-color: #545454;\n            --arrow-text-color: #545454;         \n            --invert-range: 0deg;\n        '><a class='cta-button-rounded' href='#ppp'>Confiez le d\u00e9samiantage de votre maison \u00e0 un professionnel<\/a><\/div><\/div>\n<\/div>\n                            <\/p>\n                        <\/div>\n                    <\/div>\n            <\/div>\n        \n\n\n<h2 class=\"wp-block-heading\"><span class=\"ez-toc-section\" id=\"Peut-on_vendre_une_maison_avec_un_toit_en_amiante_La_reglementation_en_Belgique\"><\/span>Peut-on vendre une maison avec un toit en amiante ? La r\u00e9glementation en Belgique&nbsp;<span class=\"ez-toc-section-end\"><\/span><\/h2>\n\n\n\n<p>Oui, c\u2019est possible, mais il y a des r\u00e8gles \u00e0 conna\u00eetre. La transparence et la s\u00e9curit\u00e9 sont essentielles pour \u00e9viter les probl\u00e8mes. Voici tout ce qu\u2019il faut savoir.<\/p>\n\n\n\n<div class=\"wp-block-bobex-vertical-steps bobex-vertical-step-main-wrapper\" style=\"background-color:#e5f2f7\">\n                <div style=\"\n            --title-color:#10375e;\n            --content-color:#5c5c5c\n        \" class=\"bobex-vertical-steps-block--container-div\">\n                    <div class=\"bobex-vertical-steps-block-main-div\">\n                        <div class=\"bobex-vertical-steps-block-number-container\">\n                            <div class=\"bobex-vertical-steps-block-number-area \">\n                                <div class=\"bobex-vertical-steps-number\">1<\/div>\n                            <\/div>\n                        <\/div>\n                        <div class=\"bobex-vertical-steps-block-content-area\">\n                            <h3 class=\"bobex-block-vertical-step-title\"><span class=\"ez-toc-section\" id=\"Informer_lacheteur\"><\/span>Informer l\u2019acheteur<span class=\"ez-toc-section-end\"><\/span><\/h3>\n                            <p class=\"bobex-block-vertical-step-content\"><\/p>\n                            <div>\n<div class=\"wp-block-bobex-vertical-step\">\n<div class=\"wp-block-group is-nowrap is-layout-flex wp-container-core-group-is-layout-ad2f72ca wp-block-group-is-layout-flex\">\n<ul class=\"wp-block-list\">\n<li>La loi impose de&nbsp;<strong>pr\u00e9venir l\u2019acheteur<\/strong>&nbsp;si la maison contient de l\u2019amiante.<\/li>\n\n\n\n<li>Cette information doit appara\u00eetre d\u00e8s l\u2019avant-contrat ou le compromis de vente.<\/li>\n\n\n\n<li>Ne pas le faire peut \u00eatre consid\u00e9r\u00e9 comme un&nbsp;<strong>vice cach\u00e9<\/strong>, avec des risques de poursuites.<\/li>\n<\/ul>\n<\/div>\n<\/div>\n<\/div>\n                        <\/div>\n                    <\/div>\n                <\/div>\n                \n\n\n                <div style=\"\n            --title-color:#10375e;\n            --content-color:#5c5c5c\n        \" class=\"bobex-vertical-steps-block--container-div\">\n                    <div class=\"bobex-vertical-steps-block-main-div\">\n                        <div class=\"bobex-vertical-steps-block-number-container\">\n                            <div class=\"bobex-vertical-steps-block-number-area \">\n                                <div class=\"bobex-vertical-steps-number\">2<\/div>\n                            <\/div>\n                        <\/div>\n                        <div class=\"bobex-vertical-steps-block-content-area\">\n                            <h3 class=\"bobex-block-vertical-step-title\"><span class=\"ez-toc-section\" id=\"Faire_realiser_un_diagnostic_amiante_en_Flandre\"><\/span>Faire r\u00e9aliser un diagnostic amiante (en Flandre)<span class=\"ez-toc-section-end\"><\/span><\/h3>\n                            <p class=\"bobex-block-vertical-step-content\"><\/p>\n                            <div>\n<div class=\"wp-block-bobex-vertical-step\">\n<ul class=\"wp-block-list\">\n<li>Depuis 2022, pour les maisons en&nbsp;<strong>Flandre<\/strong>&nbsp;construites avant 2001, un&nbsp;<strong>diagnostic amiante est obligatoire<\/strong>.<\/li>\n\n\n\n<li>Ce diagnostic doit \u00eatre r\u00e9alis\u00e9 par un&nbsp;<strong>professionnel certifi\u00e9<\/strong>.<\/li>\n\n\n\n<li>Le rapport doit \u00eatre annex\u00e9 au compromis de vente.<\/li>\n<\/ul>\n\n\n\n<p><\/p>\n<\/div>\n<\/div>\n                        <\/div>\n                    <\/div>\n                <\/div>\n                \n\n\n                <div style=\"\n            --title-color:#10375e;\n            --content-color:#5c5c5c\n        \" class=\"bobex-vertical-steps-block--container-div\">\n                    <div class=\"bobex-vertical-steps-block-main-div\">\n                        <div class=\"bobex-vertical-steps-block-number-container\">\n                            <div class=\"bobex-vertical-steps-block-number-area \">\n                                <div class=\"bobex-vertical-steps-number\">3<\/div>\n                            <\/div>\n                        <\/div>\n                        <div class=\"bobex-vertical-steps-block-content-area\">\n                            <h3 class=\"bobex-block-vertical-step-title\"><span class=\"ez-toc-section\" id=\"Impact_sur_le_prix_de_vente\"><\/span>Impact sur le prix de vente<span class=\"ez-toc-section-end\"><\/span><\/h3>\n                            <p class=\"bobex-block-vertical-step-content\"><\/p>\n                            <div>\n<div class=\"wp-block-bobex-vertical-step\">\n<p><\/p>\n\n\n\n<ul class=\"wp-block-list\">\n<li>La pr\u00e9sence d\u2019amiante peut&nbsp;<strong>faire baisser le prix<\/strong>.<\/li>\n\n\n\n<li>Les acheteurs tiennent compte du co\u00fbt potentiel de <a href=\"https:\/\/www.bobex.be\/fr-be\/enlevement-de-lamiante\/\" target=\"_blank\" rel=\"noreferrer noopener\">d\u00e9samiantage<\/a>.<\/li>\n\n\n\n<li>Il est conseill\u00e9 de&nbsp;<strong>pr\u00e9parer un devis estimatif<\/strong>&nbsp;des travaux pour guider la n\u00e9gociation.<\/li>\n<\/ul>\n<\/div>\n<\/div>\n                        <\/div>\n                    <\/div>\n                <\/div>\n                \n\n\n                <div style=\"\n            --title-color:#10375e;\n            --content-color:#5c5c5c\n        \" class=\"bobex-vertical-steps-block--container-div\">\n                    <div class=\"bobex-vertical-steps-block-main-div\">\n                        <div class=\"bobex-vertical-steps-block-number-container\">\n                            <div class=\"bobex-vertical-steps-block-number-area \">\n                                <div class=\"bobex-vertical-steps-number\">4<\/div>\n                            <\/div>\n                        <\/div>\n                        <div class=\"bobex-vertical-steps-block-content-area\">\n                            <h3 class=\"bobex-block-vertical-step-title\"><span class=\"ez-toc-section\" id=\"Desamiantage_avant_vente\"><\/span>D\u00e9samiantage avant vente ?<span class=\"ez-toc-section-end\"><\/span><\/h3>\n                            <p class=\"bobex-block-vertical-step-content\"><\/p>\n                            <div>\n<div class=\"wp-block-bobex-vertical-step\">\n<ul class=\"wp-block-list\">\n<li>Dans certains cas, il peut \u00eatre&nbsp;<strong>n\u00e9cessaire de retirer l\u2019amiante<\/strong>&nbsp;avant de vendre.<\/li>\n\n\n\n<li>Cela d\u00e9pend du type de toiture et de l\u2019\u00e9tat du mat\u00e9riau.<\/li>\n\n\n\n<li>Un professionnel agr\u00e9\u00e9 pourra vous conseiller sur la meilleure solution :&nbsp;<strong>retrait complet ou confinement s\u00e9curis\u00e9<\/strong>.<\/li>\n<\/ul>\n\n\n\n<p>\ud83d\udca1&nbsp;<strong>Astuce<\/strong>&nbsp;: faire appel \u00e0 un entrepreneur pour un devis et un plan de d\u00e9samiantage peut acc\u00e9l\u00e9rer la vente et rassurer l\u2019acheteur.<\/p>\n<\/div>\n<\/div>\n                        <\/div>\n                    <\/div>\n                <\/div>\n                <\/div>\n\n                    <script type=\"application\/ld+json\">\n                        {\"@context\":\"https:\\\/\\\/schema.org\",\"@type\":\"Itemlist\",\"itemListElement\":[\"Informer l\\u2019acheteur\",\"Faire r\\u00e9aliser un diagnostic amiante (en Flandre)\",\"Impact sur le prix de vente\",\"D\\u00e9samiantage avant vente ?\"],\"itemListOrder\":\"Ascending\",\"name\":\"Vertical steps: Une toiture en amiante : comment la reconna\\u00eetre et l'enlever ?\"}\n                    <\/script>\n                \n\n\n<h2 class=\"wp-block-heading\"><span class=\"ez-toc-section\" id=\"Combien_coute_le_retrait_dune_toiture_en_amiante\"><\/span>Combien co\u00fbte le retrait d\u2019une toiture en amiante ?<span class=\"ez-toc-section-end\"><\/span><\/h2>\n\n\n\n<p>Le <a href=\"https:\/\/www.bobex.be\/fr-be\/enlevement-de-lamiante\/prix-desamiantage\/\" target=\"_blank\" rel=\"noreferrer noopener\">prix du d\u00e9samiantage<\/a> de toiture peut varier, en fonction de plusieurs facteurs comme la superficie de la toiture et la quantit\u00e9 d\u2019amiante pr\u00e9sente.<br><\/p>\n\n\n\n<ul class=\"wp-block-list\">\n<li>Pour le retrait d\u2019une toiture en amiante, on compte un prix moyen de&nbsp;<strong>10 \u00e0 20 euros par m\u00e8tre carr\u00e9 (TVA comprise)<\/strong>.<\/li>\n\n\n\n<li>Il faut \u00e9galement tenir compte de frais suppl\u00e9mentaires pour l\u2019\u00e9vacuation des d\u00e9chets amiant\u00e9s, qui co\u00fbtent environ&nbsp;<strong>140 euros par tonne<\/strong>.<\/li>\n<\/ul>\n\n\n\n<p>Le d\u00e9montage d\u2019une toiture en amiante est une t\u00e2che&nbsp;<strong>intensive et dangereuse<\/strong>. Il n\u00e9cessite la prise de mesures de pr\u00e9caution, ainsi que l\u2019utilisation d\u2019un \u00e9l\u00e9vateur et d\u2019une benne afin de descendre le mat\u00e9riau contenant de l\u2019amiante de mani\u00e8re correcte et s\u00e9curis\u00e9e.&nbsp;De plus, des v\u00eatements de protection et des masques respiratoires sont n\u00e9cessaires pour ex\u00e9cuter les travaux de mani\u00e8re responsable.<\/p>\n\n\n\n<h3 class=\"wp-block-heading\"><span class=\"ez-toc-section\" id=\"Quelles_primes_et_aides_financieres_disponible_pour_enlever_amiante\"><\/span>Quelles primes et aides financi\u00e8res disponible pour enlever amiante ?&nbsp;<span class=\"ez-toc-section-end\"><\/span><\/h3>\n\n\n\n<p>Le co\u00fbt du d\u00e9samiantage peut vite grimper, mais bonne nouvelle : selon la r\u00e9gion o\u00f9 vous habitez, des aides et <a href=\"https:\/\/www.bobex.be\/fr-be\/enlevement-de-lamiante\/primes-desamiantage\/\" target=\"_blank\" rel=\"noreferrer noopener\">primes pour le d\u00e9samiantage<\/a> existent pour all\u00e9ger la facture. Voici un tour d\u2019horizon complet, clair et pratique.<\/p>\n\n\n\n<h4 class=\"wp-block-heading\"><span class=\"ez-toc-section\" id=\"%F0%9F%93%8DBruxelles_patience_pour_2025\"><\/span>\ud83d\udccdBruxelles : patience pour 2025<span class=\"ez-toc-section-end\"><\/span><\/h4>\n\n\n\n<p>\u00c0 Bruxelles, les choses sont actuellement en suspens. Les&nbsp;<strong>primes RENOLUTION<\/strong>&nbsp;sont suspendues en attendant la d\u00e9cision du nouveau gouvernement sur le syst\u00e8me de primes pour 2025.<br>\u27a1\ufe0f Concr\u00e8tement, il n\u2019y a&nbsp;<strong>aucune aide financi\u00e8re disponible pour le d\u00e9samiantage pour l\u2019instant<\/strong>. Il faudra surveiller les annonces officielles pour savoir quand les primes seront r\u00e9activ\u00e9es.&nbsp;<\/p>\n\n\n\n<h4 class=\"wp-block-heading\"><span class=\"ez-toc-section\" id=\"%F0%9F%93%8DFlandre_des_aides_bien_concretes\"><\/span>\ud83d\udccdFlandre : des aides bien concr\u00e8tes<span class=\"ez-toc-section-end\"><\/span><\/h4>\n\n\n\n<p>La Flandre se montre beaucoup plus proactive. Depuis le 1er janvier 2021, plusieurs subventions sont disponibles pour aider les propri\u00e9taires \u00e0 retirer l\u2019amiante en toute s\u00e9curit\u00e9, \u00e0 condition que le b\u00e2timent ait \u00e9t\u00e9 construit&nbsp;<strong>avant 2001<\/strong>.<\/p>\n\n\n\n<p>Voici les options principales :<\/p>\n\n\n\n<ul class=\"wp-block-list\">\n<li><strong>Prime de d\u00e9samiantage<\/strong>&nbsp;: 8 \u20ac par m\u00b2.<\/li>\n\n\n\n<li><strong>Combinaison avec isolation<\/strong>&nbsp;: si vous isolez \u00e9galement le toit ou le plancher du grenier, vous pouvez ajouter 4 \u20ac par m\u00b2, soit un total de&nbsp;<strong>12 \u20ac par m\u00b2<\/strong>.<\/li>\n\n\n\n<li><strong>Mijn VerbouwPremie<\/strong>&nbsp;: une prime globale qui regroupe toutes les primes \u00e9nerg\u00e9tiques et de r\u00e9novation. Le d\u00e9samiantage n\u2019est pas ind\u00e9pendant mais peut \u00eatre combin\u00e9 avec d\u2019autres travaux (isolation des murs, r\u00e9novation de la toiture ou des sols).<\/li>\n\n\n\n<li><strong>Prime Fluvius pour d\u00e9samiantage + panneaux solaires<\/strong>&nbsp;: pour les b\u00e2timents non r\u00e9sidentiels, non chauff\u00e9s et contenant de l\u2019amiante. Montant : 12 \u20ac par m\u00b2, limit\u00e9 \u00e0 100 % du co\u00fbt du d\u00e9samiantage et de l\u2019\u00e9vacuation. Les panneaux solaires doivent couvrir au moins 10 % de la surface du toit d\u00e9samiant\u00e9.<\/li>\n\n\n\n<li><strong>Mijn VerbouwLening<\/strong>&nbsp;: un pr\u00eat r\u00e9novation sans int\u00e9r\u00eat pour couvrir les frais de d\u00e9samiantage, d\u2019isolation ou de r\u00e9novation de votre maison. Montants empruntables : 1.250 \u00e0 60.000 \u20ac, avec une dur\u00e9e maximale de 25 ans.<\/li>\n<\/ul>\n\n\n\n<p>Tous les travaux doivent \u00eatre r\u00e9alis\u00e9s par des professionnels agr\u00e9\u00e9s. Vous pouvez aussi v\u00e9rifier si votre&nbsp;<strong>commune propose une aide locale<\/strong>. Certaines villes comme Gand offrent par exemple jusqu\u2019\u00e0 50 % du co\u00fbt pour un d\u00e9samiantage collectif organis\u00e9 par des sp\u00e9cialistes.<\/p>\n\n\n\n<h4 class=\"wp-block-heading\"><span class=\"ez-toc-section\" id=\"%F0%9F%93%8D_Wallonie_aucune_aide_specifique_pour_le_moment\"><\/span>\ud83d\udccd Wallonie : aucune aide sp\u00e9cifique pour le moment<span class=\"ez-toc-section-end\"><\/span><\/h4>\n\n\n\n<p>En Wallonie, il n\u2019existe actuellement&nbsp;<strong>aucune prime r\u00e9gionale sp\u00e9cifique pour le d\u00e9samiantage<\/strong>. Il faudra donc pr\u00e9voir le budget int\u00e9gralement ou se tourner vers des aides communales ponctuelles, si disponibles.<\/p>\n\n\n\n<h2 class=\"wp-block-heading\"><span class=\"ez-toc-section\" id=\"Peut-on_isoler_un_toit_contenant_de_lamiante_ou_installer_des_panneaux_solaires_dessus\"><\/span>Peut-on isoler un toit contenant de l\u2019amiante ou installer des panneaux solaires dessus ?<span class=\"ez-toc-section-end\"><\/span><\/h2>\n\n\n\n<p>Si votre toiture contient de l\u2019amiante, il y a des r\u00e8glementations strictes \u00e0 respecter avant de penser \u00e0 y ajouter quoi que ce soit. Isoler le toit ou y poser des <a href=\"https:\/\/www.bobex.be\/fr-be\/enlevement-de-lamiante\/panneau-solaire-sur-toit-amiante\/\" target=\"_blank\" rel=\"noreferrer noopener\">panneaux solaires sur un toit en amiante<\/a>&nbsp;<strong>n\u2019est pas possible tant que l\u2019amiante n\u2019a pas \u00e9t\u00e9 retir\u00e9<\/strong>.<\/p>\n\n\n\n<figure class=\"wp-block-image size-full\"><img decoding=\"async\" width=\"1200\" height=\"630\" src=\"https:\/\/www.bobex.be\/wp-uploads\/sites\/2\/Professionnel-installant-panneaux-solaires-sur-centrale-solaire.jpg\" alt=\"professionale installant panneaux solaires\" class=\"wp-image-163867\"\/><\/figure>\n\n\n\n<p>Pourquoi ? Parce que manipuler l\u2019amiante, m\u00eame s\u2019il est dans des plaques solides (non friables), peut lib\u00e9rer des fibres invisibles dans l\u2019air. Ces fibres sont dangereuses et peuvent causer des maladies graves sur le long terme.<\/p>\n\n\n\n<p>Voici ce qu\u2019il faut savoir :<\/p>\n\n\n\n<ul class=\"wp-block-list\">\n<li><strong>D\u00e9samiantage obligatoire avant tout projet<\/strong>&nbsp;: Que ce soit pour l\u2019isolation ou pour installer des panneaux solaires, il faut d\u2019abord confier le retrait de l\u2019<a href=\"https:\/\/www.bobex.be\/fr-be\/enlevement-de-lamiante\/amiante-dans-la-maison\/\" target=\"_blank\" rel=\"noreferrer noopener\">amiante dans votre maison<\/a> \u00e0 des professionnels agr\u00e9\u00e9s.<\/li>\n\n\n\n<li><strong>Pas de bricolage<\/strong>&nbsp;: Tenter de percer, visser ou manipuler des plaques contenant de l\u2019amiante soi-m\u00eame est fortement d\u00e9conseill\u00e9, m\u00eame si elles semblent intactes.<\/li>\n\n\n\n<li><strong>Solutions alternatives limit\u00e9es<\/strong>&nbsp;: Dans certains cas, il existe des syst\u00e8mes de fixation sp\u00e9cifiques pour panneaux solaires qui n\u2019endommagent pas le toit, mais cela doit \u00eatre valid\u00e9 par un expert et reste rare.<\/li>\n\n\n\n<li><strong>S\u00e9curit\u00e9 avant tout<\/strong>&nbsp;: Faire appel \u00e0 un professionnel garantit non seulement votre s\u00e9curit\u00e9, mais aussi le respect des normes l\u00e9gales en vigueur en Belgique.<\/li>\n<\/ul>\n\n\n\n<h2 class=\"wp-block-heading\"><span class=\"ez-toc-section\" id=\"Demoussage_et_nettoyage_des_ardoises_en_amiante_pourquoi_cest_interdit\"><\/span>D\u00e9moussage et nettoyage des ardoises en amiante : pourquoi c\u2019est interdit ?<span class=\"ez-toc-section-end\"><\/span><\/h2>\n\n\n\n<p>Si votre toit contient de l\u2019amiante, il peut \u00eatre tentant de le nettoyer ou de le d\u00e9mousser pour l\u2019entretien. Mais en Belgique,&nbsp;<strong>cette pratique est strictement interdite.&nbsp;<\/strong>M\u00eame un simple nettoyage peut lib\u00e9rer de la poussi\u00e8re d\u2019amiante dans l\u2019air, invisibles mais extr\u00eamement dangereuses pour la sant\u00e9.<\/p>\n\n\n\n<figure class=\"wp-block-image size-full\"><img decoding=\"async\" width=\"1200\" height=\"630\" src=\"https:\/\/www.bobex.be\/wp-uploads\/sites\/2\/Demoussage-toiture-a-haute-pression.jpg\" alt=\"homme accroupis sur une toiture et entrain de la travailler\" class=\"wp-image-167616\"\/><\/figure>\n\n\n\n<p>Les toitures en amiante-ciment (plaques ondul\u00e9es, ardoises, etc.) sont courantes dans les constructions avant 2001. Les fibres d\u2019amiante peuvent se d\u00e9tacher si le mat\u00e9riau est ab\u00eem\u00e9 ou manipul\u00e9 de mani\u00e8re inappropri\u00e9e. Ces fibres inhal\u00e9es peuvent provoquer des maladies graves comme l\u2019asbestose ou le m\u00e9soth\u00e9liome.<\/p>\n\n\n\n<h3 class=\"wp-block-heading\"><span class=\"ez-toc-section\" id=\"Ce_que_la_loi_dit\"><\/span>Ce que la loi dit<span class=\"ez-toc-section-end\"><\/span><\/h3>\n\n\n\n<ul class=\"wp-block-list\">\n<li>Le Code du bien-\u00eatre au travail et l\u2019arr\u00eat\u00e9 royal du 16 mars 2006 interdisent l\u2019usage de nettoyeurs haute pression, outils abrasifs ou meuleuses sur les mat\u00e9riaux contenant de l\u2019amiante.<\/li>\n\n\n\n<li>Cette interdiction s\u2019applique \u00e0 tous, particuliers et professionnels.<\/li>\n<\/ul>\n\n\n\n<h3 class=\"wp-block-heading\"><span class=\"ez-toc-section\" id=\"Quelles_sont_les_alternatives\"><\/span>Quelles sont les alternatives ?<span class=\"ez-toc-section-end\"><\/span><\/h3>\n\n\n\n<ul class=\"wp-block-list\">\n<li>Ne tentez jamais de d\u00e9mousser ou de nettoyer vous-m\u00eame votre toiture en amiante.<\/li>\n\n\n\n<li>Faites appel \u00e0 un professionnel agr\u00e9\u00e9 pour \u00e9valuer l\u2019\u00e9tat de la toiture.<\/li>\n\n\n\n<li>Si n\u00e9cessaire, pr\u00e9voyez son remplacement par un mat\u00e9riau s\u00fbr, en respectant les normes de s\u00e9curit\u00e9.<\/li>\n<\/ul>\n\n\n\n<h2 class=\"wp-block-heading\"><span class=\"ez-toc-section\" id=\"Desamiantage_remplacer_la_toiture_de_votre_maison_%E2%80%93_Demandez_conseil_et_comparez_des_devis_gratuits\"><\/span>D\u00e9samiantage : remplacer la toiture de votre maison &#8211; Demandez conseil et comparez des devis gratuits !<span class=\"ez-toc-section-end\"><\/span><\/h2>\n\n\n\n<p>Pourquoi vaut-il mieux faire appel \u00e0 un professionnel pour le d\u00e9samiantage ?<br>La r\u00e9ponse est simple :&nbsp;<strong>s\u00e9curit\u00e9 et tranquillit\u00e9 d\u2019esprit<\/strong>.<br>L\u2019amiante est un mat\u00e9riau dangereux, et son retrait correct exige des connaissances sp\u00e9cialis\u00e9es ainsi qu\u2019un \u00e9quipement adapt\u00e9.<\/p>\n\n\n\n<p>De plus, demander et comparer des devis aupr\u00e8s de plusieurs couvreurs exp\u00e9riment\u00e9s vous permet de comparer les prix et de r\u00e9aliser de potentielles \u00e9conomies.<br>Il est important d\u2019investir dans des services de haute qualit\u00e9, mais en m\u00eame temps, il est judicieux de rechercher un bon&nbsp;<strong>rapport qualit\u00e9-prix<\/strong>.<\/p>\n\n\n\n<p>En sollicitant plusieurs devis et en les comparant attentivement, vous pouvez non seulement trouver le&nbsp;<strong>meilleur prix<\/strong>, mais aussi \u00e9valuer l\u2019<strong>expertise<\/strong>&nbsp;et l\u2019<strong>exp\u00e9rience<\/strong>&nbsp;de diff\u00e9rents professionnels.<\/p>\n\n\n\n<p>\ud83d\udc49 Demandez d\u00e8s aujourd\u2019hui conseil et comparez gratuitement des devis pour le d\u00e9samiantage, afin de remplacer votre toiture en toute confiance et cr\u00e9er un environnement de vie s\u00fbr.<\/p>\n\n\n<div id=\"ppp\" class=\"bob-form-wrapper\" data-ajax_url=\"https:\/\/www.bobex.be\/fr-be\/wp-admin\/admin-ajax.php\" data-fa_a=\"\" data-fa_b=\"\"><div class=\"loader\" aria-hidden=\"true\"><\/div>    <div>\n        <div class=\"row mx-auto mb-2\" style=\"max-width: 900px;\">\n            <div class=\"col-md-4\"><i class=\"mr-1 fas fa-check\" style=\"color:green;\"><\/i>Devis gratuits et rapides<\/div>\n            <div class=\"col-md-4\"><i class=\"mr-1 fas fa-check\" style=\"color:green;\"><\/i>Sans engagement et obligation<\/div>\n            <div class=\"col-md-4\"><i class=\"mr-1 fas fa-check\" style=\"color:green;\"><\/i>Professionnels agr\u00e9\u00e9s<\/div>\n        <\/div>\n    <\/div><div id=\"form-69f23a1454d5f\" class=\"bob-form-container\" style=\"background-color: white; font-family: Roboto, sans-serif !important; font-size: 16px !important; color: #545454; box-shadow: 0 2px 10px rgba(0,0,0,0.1); --font_title: Poppins; --font_size_title: 20px; --title_bg_color: #175da6; --copyright_color: #fde8e1; --box_upload_color: #e5f2f7; padding:unset;\" data-form-type=\"inline\" data-form-id=\"69f23a1454d5f\"><style>#form-69f23a1454d5f .bob-form-inline-question.even {\n  background-color: #e5f2f7;\n}\n#form-69f23a1454d5f .single_multiple.multiple_button {\n  background-color: #e5f2f7 !important;\n}\n#form-69f23a1454d5f .bob-form-inline-question--hidden {\n  display: none;\n}<\/style><div class=\"form-questions\"><form id=\"bob-form\" class=\"bob-form bob-form-tag\" method=\"post\" action=\"https:\/\/www.bobex.be\/fr-be\/wp-admin\/admin-ajax.php?action=bobex-form-validation\">    <div class=\"form-title\">\n        Formulez votre demande\n        <div class=\"form-title-info-line\">\n            R\u00e9pondez \u00e0 quelques questions et entrez en contact avec des sp\u00e9cialistes fiables. Nous vous demandons vos coordonn\u00e9es afin de s\u00e9lectionner les professionnels actifs dans votre r\u00e9gion.\n        <\/div>\n    <\/div><div class=\"form-questions bob-form-inline-question\"><div class=\"row\"><div class=\"question col-md-4\"><label>1*. De quel type de b\u00e2timent s&rsquo;agit-il ?<\/label><\/div><div class=\"answer col-md-8\"><div class=\"bob-form-radio d-flex\"><input type=\"radio\" class=\"inline-radio\" id=\"69f23a1454d5f-input-0-1\" data-unique-id=\"69f23a1454d5f\" name=\"XML_extra_radio2\" value=\"1\"  required=\"required\"><label for=\"69f23a1454d5f-input-0-1\">Maison individuelle<\/label><\/div><div class=\"bob-form-radio d-flex\"><input type=\"radio\" class=\"inline-radio\" id=\"69f23a1454d5f-input-0-2\" data-unique-id=\"69f23a1454d5f\" name=\"XML_extra_radio2\" value=\"2\"  required=\"required\"><label for=\"69f23a1454d5f-input-0-2\">Maison jumel\u00e9e \/ 3 fa\u00e7ades<\/label><\/div><div class=\"bob-form-radio d-flex\"><input type=\"radio\" class=\"inline-radio\" id=\"69f23a1454d5f-input-0-3\" data-unique-id=\"69f23a1454d5f\" name=\"XML_extra_radio2\" value=\"3\"  required=\"required\"><label for=\"69f23a1454d5f-input-0-3\">Maison mitoyenne \/ 2 fa\u00e7ades<\/label><\/div><div class=\"bob-form-radio d-flex\"><input type=\"radio\" class=\"inline-radio\" id=\"69f23a1454d5f-input-0-4\" data-unique-id=\"69f23a1454d5f\" name=\"XML_extra_radio2\" value=\"4\"  required=\"required\"><label for=\"69f23a1454d5f-input-0-4\">Appartement<\/label><\/div><div class=\"bob-form-radio d-flex\"><input type=\"radio\" class=\"inline-radio\" id=\"69f23a1454d5f-input-0-5\" data-unique-id=\"69f23a1454d5f\" name=\"XML_extra_radio2\" value=\"5\"  required=\"required\"><label for=\"69f23a1454d5f-input-0-5\">Immeuble commercial ou bureau<\/label><\/div><div class=\"bob-form-radio d-flex\"><input type=\"radio\" class=\"inline-radio\" id=\"69f23a1454d5f-input-0-6\" data-unique-id=\"69f23a1454d5f\" name=\"XML_extra_radio2\" value=\"6\"  required=\"required\"><label for=\"69f23a1454d5f-input-0-6\">Autre<\/label><\/div><\/div><\/div><\/div><div class=\"form-questions bob-form-inline-question even\"><div class=\"row\"><div class=\"question col-md-4\"><label>2*. O\u00f9 se situe l&#039;amiante dans le b\u00e2timent ?<\/label><\/div><div class=\"answer col-md-8\"><div class=\"bob-form-checkbox d-flex\"><input type=\"checkbox\" class=\"inline-checkbox bob-form-input\" id=\"69f23a1454d5f-input-1-1\" data-unique-id=\"69f23a1454d5f\" name=\"XML_extra_check[]\" value=\"1\"  required=\"required\" onclick=\"checkboxTurnChecked(this)\"><label for=\"69f23a1454d5f-input-1-1\">Toiture (tuiles, ardoises, fibrociment)<\/label><\/div><div class=\"bob-form-checkbox d-flex\"><input type=\"checkbox\" class=\"inline-checkbox bob-form-input\" id=\"69f23a1454d5f-input-1-2\" data-unique-id=\"69f23a1454d5f\" name=\"XML_extra_check[]\" value=\"2\"  required=\"required\" onclick=\"checkboxTurnChecked(this)\"><label for=\"69f23a1454d5f-input-1-2\">Isolation des murs ou plafonds<\/label><\/div><div class=\"bob-form-checkbox d-flex\"><input type=\"checkbox\" class=\"inline-checkbox bob-form-input\" id=\"69f23a1454d5f-input-1-3\" data-unique-id=\"69f23a1454d5f\" name=\"XML_extra_check[]\" value=\"3\"  required=\"required\" onclick=\"checkboxTurnChecked(this)\"><label for=\"69f23a1454d5f-input-1-3\">Sols<\/label><\/div><div class=\"bob-form-checkbox d-flex\"><input type=\"checkbox\" class=\"inline-checkbox bob-form-input\" id=\"69f23a1454d5f-input-1-4\" data-unique-id=\"69f23a1454d5f\" name=\"XML_extra_check[]\" value=\"4\"  required=\"required\" onclick=\"checkboxTurnChecked(this)\"><label for=\"69f23a1454d5f-input-1-4\">Tuyauteries (gaines, calorifugeage)<\/label><\/div><div class=\"bob-form-checkbox d-flex\"><input type=\"checkbox\" class=\"inline-checkbox bob-form-input\" id=\"69f23a1454d5f-input-1-5\" data-unique-id=\"69f23a1454d5f\" name=\"XML_extra_check[]\" value=\"5\"  required=\"required\" onclick=\"checkboxTurnChecked(this)\"><label for=\"69f23a1454d5f-input-1-5\">Enduits, cr\u00e9pis ou peintures<\/label><\/div><div class=\"bob-form-checkbox d-flex\"><input type=\"checkbox\" class=\"inline-checkbox bob-form-input\" id=\"69f23a1454d5f-input-1-6\" data-unique-id=\"69f23a1454d5f\" name=\"XML_extra_check[]\" value=\"6\"  required=\"required\" onclick=\"checkboxTurnChecked(this)\"><label for=\"69f23a1454d5f-input-1-6\">Cloisons ou faux plafonds<\/label><\/div><div class=\"bob-form-checkbox d-flex\"><input type=\"checkbox\" class=\"inline-checkbox bob-form-input\" id=\"69f23a1454d5f-input-1-7\" data-unique-id=\"69f23a1454d5f\" name=\"XML_extra_check[]\" value=\"7\"  required=\"required\" onclick=\"checkboxTurnChecked(this)\"><label for=\"69f23a1454d5f-input-1-7\">Autre (\u00e0 pr\u00e9ciser)<\/label><\/div><\/div><\/div><\/div><div class=\"form-questions bob-form-inline-question\"><div class=\"row\"><div class=\"question col-md-4\"><label>3*. Quelle est l&rsquo;ann\u00e9e de construction du b\u00e2timent ?<\/label><\/div><div class=\"answer col-md-8\"><div class=\"bob-form-radio d-flex\"><input type=\"radio\" class=\"inline-radio\" id=\"69f23a1454d5f-input-2-1\" data-unique-id=\"69f23a1454d5f\" name=\"XML_extra_radio3\" value=\"1\"  required=\"required\"><label for=\"69f23a1454d5f-input-2-1\">Avant 1945<\/label><\/div><div class=\"bob-form-radio d-flex\"><input type=\"radio\" class=\"inline-radio\" id=\"69f23a1454d5f-input-2-2\" data-unique-id=\"69f23a1454d5f\" name=\"XML_extra_radio3\" value=\"2\"  required=\"required\"><label for=\"69f23a1454d5f-input-2-2\">1945-1998 (la plupart des cas)<\/label><\/div><div class=\"bob-form-radio d-flex\"><input type=\"radio\" class=\"inline-radio\" id=\"69f23a1454d5f-input-2-3\" data-unique-id=\"69f23a1454d5f\" name=\"XML_extra_radio3\" value=\"3\"  required=\"required\"><label for=\"69f23a1454d5f-input-2-3\">Apr\u00e8s 1998<\/label><\/div><\/div><\/div><\/div><div class=\"form-questions bob-form-inline-question even\"><div class=\"row\"><div class=\"question col-md-4\"><label>4*. Quand souhaitez-vous ce service ?<\/label><\/div><div class=\"answer col-md-8\"><div class=\"bob-form-radio d-flex\"><input type=\"radio\" class=\"inline-radio\" id=\"69f23a1454d5f-input-3-1\" data-unique-id=\"69f23a1454d5f\" name=\"XML_extra_radio4\" value=\"1\"  required=\"required\"><label for=\"69f23a1454d5f-input-3-1\">D\u00e8s que possible, dans un d\u00e9lai de 2 mois<\/label><\/div><div class=\"bob-form-radio d-flex\"><input type=\"radio\" class=\"inline-radio\" id=\"69f23a1454d5f-input-3-2\" data-unique-id=\"69f23a1454d5f\" name=\"XML_extra_radio4\" value=\"2\"  required=\"required\"><label for=\"69f23a1454d5f-input-3-2\">Dans un d\u00e9lai de 2 \u00e0 4 mois<\/label><\/div><div class=\"bob-form-radio d-flex\"><input type=\"radio\" class=\"inline-radio\" id=\"69f23a1454d5f-input-3-3\" data-unique-id=\"69f23a1454d5f\" name=\"XML_extra_radio4\" value=\"3\"  required=\"required\"><label for=\"69f23a1454d5f-input-3-3\">Dans un d\u00e9lai de 4 \u00e0 6 mois<\/label><\/div><\/div><\/div><\/div><div class=\"form-questions bob-form-inline-question\"><div class=\"d-flex flex-column\"><label class=\"question\" for=\"69f23a1454d5f-input-4\">5. Information compl\u00e9mentaire<\/label><textarea class=\"bob-form-input\" name=\"XML_remarks\" id=\"69f23a1454d5f-input-4\" data-unique-id=\"69f23a1454d5f\"><\/textarea><\/div><\/div><div class=\"bob-inline-form bob-form-tag upload-box mb-3\">\n                    <div class=\"row\">\n                        <div class=\"col-md-12 mb-2 question\">Ajouter des photos ou des pi\u00e8ces jointes (en Option)<\/div>\n                        <div class=\"col-md-12\">\n                            <div class=\"box__input\" style=\"background-color: #e5f2f7;\"\n                                 ondrop=\"drop(event)\"\n                                 ondragover=\"allowDrop(event)\"\n                                 ondragleave=\"removeDropFx(event)\"\n                                >\n                                <input type=\"file\"\n                                       class=\"file__input\"\n                                       name=\"attachments[]\"\n                                       id=\"attachments\"\n                                       multiple=\"multiple\"\n                                       accept=\"image\/jpeg, image\/png, image\/gif, application\/pdf\"\n                                       data-multiple-caption=\"{count} files selected\">\n                                <div>\n                                    <label for=\"attachments\"><strong>S\u00e9lectionnez un fichier <\/strong>ou glissez-le ici<\/label>\n                                    <span class=\"box__button bobex-round-cta m-1 py-1\"\n                                          style=\"mix-blend-mode: luminosity\">\n                                        <i class=\"fas fa-cloud-upload-alt text-white\"><\/i>\n                                        T\u00e9l\u00e9charger\n                                    <\/span>\n                                <\/div>\n            \n                                <div class=\"row preview_wrapper m-0\"><\/div>\n                            <\/div>\n            \n                            <div class=\"box__uploading\">Uploading\u2026<\/div>\n                            <div class=\"box__success\">Done!<\/div>\n                            <div class=\"box__error\">Error! <span><\/span>.<\/div>\n                        <\/div>\n                    <\/div>\n                <\/div>    <div class=\"form-title\">\n        Vos donn\u00e9es\n    <\/div><div class=\"bob-form-contact-data\" style=\"padding: 20px\"><div class=\"row lead-info\"><div class=\"col-md-6 mb-3\">  <div class=\"form-group\">    <input value=\"\" type=\"text\" class=\"form-control\" id=\"firstName\" name=\"firstName\" placeholder=\"Pr\u00e9nom\" required>    <div class=\"valid-feedback\">Enchant\u00e9 !<\/div>    <div class=\"invalid-feedback\">Veuillez indiquer votre pr\u00e9nom<\/div>  <\/div><\/div><div class=\"col-md-6 mb-3\">  <div class=\"form-group\">    <input value=\"\" type=\"text\" class=\"form-control\" id=\"lastName\" name=\"lastName\" placeholder=\"Nom\" required>    <div class=\"valid-feedback\">Sympa<\/div>    <div class=\"invalid-feedback\">Veuillez indiquer votre nom de famille<\/div>  <\/div><\/div><div class=\"col-md-12 mb-3\">  <div class=\"form-group\">    <input value=\"\" type=\"email\" class=\"form-control\" id=\"email\" name=\"email\" placeholder=\"E-mail\" required style=\"max-width: unset;\">    <div class=\"valid-feedback\">C&rsquo;est tout bon<\/div>    <div class=\"invalid-feedback\">Veuillez indiquer une adresse e-mail valide<\/div>  <\/div><\/div><div class=\"col-md-12 mb-3\">  <div class=\"form-group\">    <input value=\"\" type=\"tel\" class=\"form-control\" id=\"phone\" name=\"phone\" placeholder=\"T\u00e9l\u00e9phone\" required style=\"max-width: unset;\">    <div class=\"valid-feedback\">Parfait<\/div>    <div class=\"invalid-feedback\">Veuillez indiquer un num\u00e9ro de t\u00e9l\u00e9phone valide<\/div>  <\/div><\/div><div class=\"col-md-12 mb-3\">  <div class=\"form-group\">    <input value=\"\" type=\"text\" class=\"form-control\" id=\"companyAddress\" name=\"companyAddress\" placeholder=\"Adresse\" required style=\"max-width: unset;\">    <div class=\"valid-feedback\">C&rsquo;est not\u00e9<\/div>    <div class=\"invalid-feedback\">Veuillez indiquer une adresse valide<\/div>  <\/div><\/div><div class=\"col-md-6 mb-3\">  <div class=\"form-group\">    <input value=\"\" type=\"text\" class=\"form-control\" id=\"companyPostalCode\" name=\"companyPostalCode\" placeholder=\"Code postal\" required>    <div class=\"valid-feedback\">Excellent !<\/div>    <div class=\"invalid-feedback\">Veuillez indiquer un code postal valide<\/div>  <\/div><\/div><div class=\"col-md-6 mb-3\">  <div class=\"form-group\">    <input value=\"\" type=\"text\" class=\"form-control\" id=\"companyCity\" name=\"companyCity\" placeholder=\"Ville\" required>    <div class=\"valid-feedback\">Bien jou\u00e9<\/div>    <div class=\"invalid-feedback\">Veuillez indiquer une ville valide<\/div>  <\/div><\/div><div class=\"d-flex mt-3\"><input name=\"promoOptin\" value=\"true\" id=\"promoOptin\" type=\"checkbox\" class=\"me-2\" style=\"width: unset\"><label for=\"promoOptin\">Je souhaite rester inform\u00e9 de ma demande et recevoir des conseils pratiques (fortement recommand\u00e9 !) <\/label><\/div><\/div><\/div><input type=\"hidden\" class=\"session_var\" name=\"newform\" value=\"true\"><input type=\"hidden\" class=\"session_var\" name=\"lead-validation-nonce\" value=\"24cd3332a7\"><input type=\"hidden\" class=\"session_var\" name=\"aff\" value=\"minisite\"><input type=\"hidden\" class=\"session_var\" name=\"utm_source\" value=\"https:\/\/www.bobex.be\/fr-be\/wp-json\/v2\/content\/213558\"><input type=\"hidden\" class=\"session_var\" name=\"bobx\" value=\"\"><input type=\"hidden\" class=\"session_var\" name=\"sessionType\" value=\"B2C\"><input type=\"hidden\" class=\"session_var\" name=\"utm_medium\" value=\"web\"><input type=\"hidden\" class=\"session_var\" name=\"utm_campaign\" value=\"search\"><input type=\"hidden\" class=\"session_var\" name=\"rem_source\" value=\"https:\/\/www.bobex.be\/fr-be\/enlevement-de-lamiante\/amiante-dans-la-maison\/toiture\/\"><input type=\"hidden\" class=\"session_var\" name=\"pixel_id\" value=\"-1\"><input type=\"hidden\" class=\"session_var\" name=\"tabo_id\" value=\"-1\"><input type=\"hidden\" class=\"session_var\" name=\"click_id\" value=\"-1\"><input type=\"hidden\" class=\"session_var\" name=\"gclid\" value=\"-1\"><input type=\"hidden\" class=\"session_var\" name=\"msclkid\" value=\"-1\"><input type=\"hidden\" class=\"session_var\" name=\"past_aff\" value=\"bobex\"><input type=\"hidden\" class=\"session_var\" name=\"redirectTo\" value=\"BE\"><input type=\"hidden\" class=\"session_var\" name=\"is_type_id\" value=\"true\"><input type=\"hidden\" class=\"session_var\" name=\"typeid\" value=\"100045\"><input type=\"hidden\" class=\"session_var\" name=\"companyType\" value=\"label.companytype.consumer\"><input type=\"hidden\" class=\"session_var\" name=\"input_names\" value=\"XML_extra_radio2,XML_extra_check,XML_extra_radio3,XML_extra_radio4,XML_remarks\"><input type=\"hidden\" class=\"form_context\" value=\"BE\"><img decoding=\"async\" class=\"bobex-pixel\" src=\"\" alt=\"\" style=\"display:none\" \/>    <div class=\"bob-form-submit d-flex justify-content-center\">\n        <button type=\"submit\" class=\"form-submit\" style=\"background-color: #F1653A; color: white; border: none !important; border-radius: 5px !important; font-family: Roboto, sans-serif; font-size: 16px;\">\n            Demander un devis\n        <\/button>\n    <\/div>    <div class=\"bob-inline-form form-footer\" style=\"border-radius: 0 0 10px 10px\">\n        <div class=\"bob-form-privacy-text\">\n            <div style=\"float:left;\"><i class=\"fa fa-lock\"><\/i><\/div>\n            <div class=\"ms-2\">\n                <div style='padding-left: 15px;font-size: 0.8em !important;z-index: 10;'><b>Nous respectons votre vie priv\u00e9e<\/b><br> Conform\u00e9ment \u00e0 la loi du 8\/12\/1992 relative \u00e0 la protection de la vie priv\u00e9e, vous disposez d&rsquo;un droit d&rsquo;acc\u00e8s et de rectification \u00e0 vos donn\u00e9es. Pour en savoir plus, consultez notre <span class=\"link_ob\" data-link=\"aHR0cHM6Ly93d3cuYm9iZXguYmUvZnItYmUvcHJvdGVjdGlvbi1kZS1sYS12aWUtcHJpdmVlLw==\" target=\"_blank\">charte sur la vie priv\u00e9e<\/span>.<\/div>\n                \n            <\/div>\n        <\/div>\n    <\/div><\/form><\/div><div class=\"multiple_mini hidden\" data-lead_id=\"\"><p class=\"multiple-title\">Merci d&rsquo;avoir pris le temps de remplir ce formulaire<\/p><p>Nous vous contacterons d\u00e8s que possible pour vous orienter vers le meilleur sp\u00e9cialiste correspondant \u00e0 votre demande.<\/p><div class=\"multiple_wrapper\"><div class=\"loader\"><\/div><p class=\"multiple-title\">Vous cherchez d&rsquo;autres services ?<\/p><p class=\"multiple_text\">Vous souhaitez comparer d&rsquo;autres devis ou explorer d&rsquo;autres services ? Faites-le nous savoir et nous vous mettrons rapidement en relation<\/p><div class=\"multiple_container\"><div class=\"single_multiple multiple_button\" data-typeid=\"12005\"><i class=\"fa-3x cat icon-12005\"><\/i><span class=\"multiple_name\">R\u00e9novation totale (entrepreneurs)<\/span><\/div><div class=\"single_multiple multiple_button\" data-typeid=\"11962\"><i class=\"fa-3x cat icon-11962\"><\/i><span class=\"multiple_name\">Travaux de toiture<\/span><\/div><div class=\"single_multiple multiple_button\" data-typeid=\"11427\"><i class=\"fa-3x cat icon-11427\"><\/i><span class=\"multiple_name\">Isolation<\/span><\/div><div class=\"single_multiple multiple_button\" data-typeid=\"11406\"><i class=\"fa-3x cat icon-11406\"><\/i><span class=\"multiple_name\">Syst\u00e8me d&rsquo;alarme<\/span><\/div><div class=\"single_multiple multiple_button\" data-typeid=\"30007\"><i class=\"fa-3x cat icon-30007\"><\/i><span class=\"multiple_name\">Chauffage central<\/span><\/div><div class=\"single_multiple multiple_button\" data-typeid=\"100015\"><i class=\"fa-3x cat icon-100015\"><\/i><span class=\"multiple_name\">D\u00e9capage, sablage<\/span><\/div><\/div><\/div><\/div><\/div><\/div>","protected":false},"featured_media":0,"parent":212082,"template":"","meta":{"business":"46648","footnotes":""},"class_list":["post-213558","content","type-content","status-publish","hentry"],"_links":{"self":[{"href":"https:\/\/www.bobex.be\/fr-be\/wp-json\/wp\/v2\/content\/213558","targetHints":{"allow":["GET"]}}],"collection":[{"href":"https:\/\/www.bobex.be\/fr-be\/wp-json\/wp\/v2\/content"}],"about":[{"href":"https:\/\/www.bobex.be\/fr-be\/wp-json\/wp\/v2\/types\/content"}],"version-history":[{"count":8,"href":"https:\/\/www.bobex.be\/fr-be\/wp-json\/wp\/v2\/content\/213558\/revisions"}],"predecessor-version":[{"id":217719,"href":"https:\/\/www.bobex.be\/fr-be\/wp-json\/wp\/v2\/content\/213558\/revisions\/217719"}],"up":[{"embeddable":true,"href":"https:\/\/www.bobex.be\/fr-be\/wp-json\/wp\/v2\/content\/212082"}],"wp:attachment":[{"href":"https:\/\/www.bobex.be\/fr-be\/wp-json\/wp\/v2\/media?parent=213558"}],"curies":[{"name":"wp","href":"https:\/\/api.w.org\/{rel}","templated":true}]}}