{"id":212976,"date":"2025-08-22T09:33:55","date_gmt":"2025-08-22T09:33:55","guid":{"rendered":"https:\/\/www.bobex.be\/fr-be\/?post_type=content&#038;p=212976"},"modified":"2025-09-15T08:32:40","modified_gmt":"2025-09-15T08:32:40","slug":"plafonds-en-amiante","status":"publish","type":"content","link":"https:\/\/www.bobex.be\/fr-be\/enlevement-de-lamiante\/amiante-dans-la-maison\/plafonds-en-amiante\/","title":{"rendered":"Plafond contenant de l\u2019amiante : types, dangers, d\u00e9tection et solutions de retrait"},"content":{"rendered":"\n<div id=\"ez-toc-container\" class=\"ez-toc-v2_0_82_2 counter-hierarchy ez-toc-counter ez-toc-grey ez-toc-container-direction\">\n<div class=\"ez-toc-title-container\">\n<p class=\"ez-toc-title\" style=\"cursor:inherit\">Sommaire<\/p>\n<span class=\"ez-toc-title-toggle\"><a href=\"#\" class=\"ez-toc-pull-right ez-toc-btn ez-toc-btn-xs ez-toc-btn-default ez-toc-toggle\" aria-label=\"Toggle Table of Content\"><span class=\"ez-toc-js-icon-con\"><span class=\"\"><span class=\"eztoc-hide\" style=\"display:none;\">Toggle<\/span><span class=\"ez-toc-icon-toggle-span\"><svg style=\"fill: #999;color:#999\" xmlns=\"http:\/\/www.w3.org\/2000\/svg\" class=\"list-377408\" width=\"20px\" height=\"20px\" viewBox=\"0 0 24 24\" fill=\"none\"><path d=\"M6 6H4v2h2V6zm14 0H8v2h12V6zM4 11h2v2H4v-2zm16 0H8v2h12v-2zM4 16h2v2H4v-2zm16 0H8v2h12v-2z\" fill=\"currentColor\"><\/path><\/svg><svg style=\"fill: #999;color:#999\" class=\"arrow-unsorted-368013\" xmlns=\"http:\/\/www.w3.org\/2000\/svg\" width=\"10px\" height=\"10px\" viewBox=\"0 0 24 24\" version=\"1.2\" baseProfile=\"tiny\"><path d=\"M18.2 9.3l-6.2-6.3-6.2 6.3c-.2.2-.3.4-.3.7s.1.5.3.7c.2.2.4.3.7.3h11c.3 0 .5-.1.7-.3.2-.2.3-.5.3-.7s-.1-.5-.3-.7zM5.8 14.7l6.2 6.3 6.2-6.3c.2-.2.3-.5.3-.7s-.1-.5-.3-.7c-.2-.2-.4-.3-.7-.3h-11c-.3 0-.5.1-.7.3-.2.2-.3.5-.3.7s.1.5.3.7z\"\/><\/svg><\/span><\/span><\/span><\/a><\/span><\/div>\n<nav><ul class='ez-toc-list ez-toc-list-level-1 eztoc-toggle-hide-by-default' ><li class='ez-toc-page-1 ez-toc-heading-level-2'><a class=\"ez-toc-link ez-toc-heading-1\" href=\"https:\/\/www.bobex.be\/fr-be\/enlevement-de-lamiante\/amiante-dans-la-maison\/plafonds-en-amiante\/#Types_de_plafonds_en_amiante_dans_la_maison\" >Types de plafonds en amiante dans la maison<\/a><ul class='ez-toc-list-level-3' ><li class='ez-toc-heading-level-3'><a class=\"ez-toc-link ez-toc-heading-2\" href=\"https:\/\/www.bobex.be\/fr-be\/enlevement-de-lamiante\/amiante-dans-la-maison\/plafonds-en-amiante\/#Les_plaques_de_plafond_en_amiante\" >Les plaques de plafond en amiante<\/a><ul class='ez-toc-list-level-4' ><li class='ez-toc-heading-level-4'><a class=\"ez-toc-link ez-toc-heading-3\" href=\"https:\/\/www.bobex.be\/fr-be\/enlevement-de-lamiante\/amiante-dans-la-maison\/plafonds-en-amiante\/#Plaques_en_softboard\" >Plaques en softboard<\/a><\/li><li class='ez-toc-page-1 ez-toc-heading-level-4'><a class=\"ez-toc-link ez-toc-heading-4\" href=\"https:\/\/www.bobex.be\/fr-be\/enlevement-de-lamiante\/amiante-dans-la-maison\/plafonds-en-amiante\/#Plaques_en_hardboard\" >Plaques en hardboard<\/a><\/li><\/ul><\/li><li class='ez-toc-page-1 ez-toc-heading-level-3'><a class=\"ez-toc-link ez-toc-heading-5\" href=\"https:\/\/www.bobex.be\/fr-be\/enlevement-de-lamiante\/amiante-dans-la-maison\/plafonds-en-amiante\/#Plafond_en_platre_contenant_des_fibres_damiante\" >Plafond en pl\u00e2tre contenant des fibres d\u2019amiante<\/a><\/li><\/ul><\/li><li class='ez-toc-page-1 ez-toc-heading-level-2'><a class=\"ez-toc-link ez-toc-heading-6\" href=\"https:\/\/www.bobex.be\/fr-be\/enlevement-de-lamiante\/amiante-dans-la-maison\/plafonds-en-amiante\/#Est-ce_grave_et_dangereux_davoir_de_lamiante_chez_soi\" >Est-ce grave et dangereux d&rsquo;avoir de l&rsquo;amiante chez soi ?&nbsp;<\/a><\/li><li class='ez-toc-page-1 ez-toc-heading-level-2'><a class=\"ez-toc-link ez-toc-heading-7\" href=\"https:\/\/www.bobex.be\/fr-be\/enlevement-de-lamiante\/amiante-dans-la-maison\/plafonds-en-amiante\/#Ou_se_trouve_lamiante_sous_un_faux_plafond\" >O\u00f9 se trouve l\u2019amiante sous un faux plafond ?<\/a><\/li><li class='ez-toc-page-1 ez-toc-heading-level-2'><a class=\"ez-toc-link ez-toc-heading-8\" href=\"https:\/\/www.bobex.be\/fr-be\/enlevement-de-lamiante\/amiante-dans-la-maison\/plafonds-en-amiante\/#Comment_savoir_si_mon_plafond_contient_de_lamiante\" >Comment savoir si mon plafond contient de l&rsquo;amiante ?&nbsp;<\/a><ul class='ez-toc-list-level-3' ><li class='ez-toc-heading-level-3'><a class=\"ez-toc-link ez-toc-heading-9\" href=\"https:\/\/www.bobex.be\/fr-be\/enlevement-de-lamiante\/amiante-dans-la-maison\/plafonds-en-amiante\/#1%EF%B8%8F%E2%83%A3_Examiner_lage_et_le_type_de_construction\" >1\ufe0f\u20e3 Examiner l\u2019\u00e2ge et le type de construction<\/a><\/li><li class='ez-toc-page-1 ez-toc-heading-level-3'><a class=\"ez-toc-link ez-toc-heading-10\" href=\"https:\/\/www.bobex.be\/fr-be\/enlevement-de-lamiante\/amiante-dans-la-maison\/plafonds-en-amiante\/#2%EF%B8%8F%E2%83%A3_Observation_visuelle_des_materiaux\" >2\ufe0f\u20e3 Observation visuelle des mat\u00e9riaux<\/a><\/li><li class='ez-toc-page-1 ez-toc-heading-level-3'><a class=\"ez-toc-link ez-toc-heading-11\" href=\"https:\/\/www.bobex.be\/fr-be\/enlevement-de-lamiante\/amiante-dans-la-maison\/plafonds-en-amiante\/#3%EF%B8%8F%E2%83%A3_Verifier_les_documents_de_construction\" >3\ufe0f\u20e3 V\u00e9rifier les documents de construction<\/a><\/li><li class='ez-toc-page-1 ez-toc-heading-level-3'><a class=\"ez-toc-link ez-toc-heading-12\" href=\"https:\/\/www.bobex.be\/fr-be\/enlevement-de-lamiante\/amiante-dans-la-maison\/plafonds-en-amiante\/#4%EF%B8%8F%E2%83%A3_Evaluer_la_necessite_dun_retrait_ou_dun_confinement\" >4\ufe0f\u20e3  \u00c9valuer la n\u00e9cessit\u00e9 d\u2019un retrait ou d\u2019un confinement<\/a><\/li><\/ul><\/li><li class='ez-toc-page-1 ez-toc-heading-level-2'><a class=\"ez-toc-link ez-toc-heading-13\" href=\"https:\/\/www.bobex.be\/fr-be\/enlevement-de-lamiante\/amiante-dans-la-maison\/plafonds-en-amiante\/#Comment_enlever_et_traiter_un_plafond_contenant_de_lamiante\" >Comment enlever et traiter un plafond contenant de l&rsquo;amiante ?&nbsp;<\/a><ul class='ez-toc-list-level-3' ><li class='ez-toc-heading-level-3'><a class=\"ez-toc-link ez-toc-heading-14\" href=\"https:\/\/www.bobex.be\/fr-be\/enlevement-de-lamiante\/amiante-dans-la-maison\/plafonds-en-amiante\/#Cout_dun_professionnel_agree_pour_le_retrait_de_lamiante\" >Co\u00fbt d\u2019un professionnel agr\u00e9\u00e9 pour le retrait de l\u2019amiante<\/a><\/li><\/ul><\/li><li class='ez-toc-page-1 ez-toc-heading-level-2'><a class=\"ez-toc-link ez-toc-heading-15\" href=\"https:\/\/www.bobex.be\/fr-be\/enlevement-de-lamiante\/amiante-dans-la-maison\/plafonds-en-amiante\/#Vous_souhaitez_desamianter_votre_habitation_Nous_vous_mettons_en_contact_avec_des_specialistes\" >Vous souhaitez d\u00e9samianter votre habitation ? Nous vous mettons en contact avec des sp\u00e9cialistes !<\/a><\/li><li class='ez-toc-page-1 ez-toc-heading-level-2'><a class=\"ez-toc-link ez-toc-heading-16\" href=\"https:\/\/www.bobex.be\/fr-be\/enlevement-de-lamiante\/amiante-dans-la-maison\/plafonds-en-amiante\/#FAQ_Amiante_dans_les_plafonds_questions_frequentes\" >FAQ : Amiante dans les plafonds : questions fr\u00e9quentes<\/a><ul class='ez-toc-list-level-3' ><li class='ez-toc-heading-level-3'><a class=\"ez-toc-link ez-toc-heading-17\" href=\"https:\/\/www.bobex.be\/fr-be\/enlevement-de-lamiante\/amiante-dans-la-maison\/plafonds-en-amiante\/#Le_flocage_de_plafond_est-il_dangereux\" >Le flocage de plafond est-il dangereux ?<\/a><\/li><li class='ez-toc-page-1 ez-toc-heading-level-3'><a class=\"ez-toc-link ez-toc-heading-18\" href=\"https:\/\/www.bobex.be\/fr-be\/enlevement-de-lamiante\/amiante-dans-la-maison\/plafonds-en-amiante\/#Comment_reconnaitre_un_faux_plafond_et_evaluer_le_danger_de_lamiante\" >Comment reconna\u00eetre un faux plafond et \u00e9valuer le danger de l\u2019amiante ?<\/a><\/li><li class='ez-toc-page-1 ez-toc-heading-level-3'><a class=\"ez-toc-link ez-toc-heading-19\" href=\"https:\/\/www.bobex.be\/fr-be\/enlevement-de-lamiante\/amiante-dans-la-maison\/plafonds-en-amiante\/#Les_dalles_et_lisolation_de_plafond_peuvent-elles_contenir_de_lamiante\" >Les dalles et l\u2019isolation de plafond peuvent-elles contenir de l\u2019amiante ?<\/a><\/li><\/ul><\/li><\/ul><\/nav><\/div>\n<h2 class=\"wp-block-heading\"><span class=\"ez-toc-section\" id=\"Types_de_plafonds_en_amiante_dans_la_maison\"><\/span>Types de plafonds en amiante dans la maison<span class=\"ez-toc-section-end\"><\/span><\/h2>\n\n\n\n<p>Les plafonds en amiante-ciment ont \u00e9t\u00e9 largement utilis\u00e9s dans les habitations et les b\u00e2timents commerciaux construits avant les ann\u00e9es 1990. Leur popularit\u00e9 s\u2019explique par les&nbsp;<strong>propri\u00e9t\u00e9s int\u00e9ressantes de l\u2019amiante<\/strong>, notamment sa&nbsp;<strong>r\u00e9sistance au feu<\/strong>, sa&nbsp;<strong>durabilit\u00e9<\/strong>&nbsp;et ses&nbsp;<strong>capacit\u00e9s d\u2019isolation phonique<\/strong>. Ces caract\u00e9ristiques en faisaient un mat\u00e9riau id\u00e9al pour les plafonds, mais elles pr\u00e9sentent aujourd\u2019hui des risques pour la sant\u00e9 si le mat\u00e9riau est d\u00e9t\u00e9rior\u00e9 ou manipul\u00e9.<\/p>\n\n\n\n<p>On peut distinguer diff\u00e9rents types de plafonds en amiante que l\u2019on rencontre dans les maisons et les locaux commerciaux.<\/p>\n\n\n\n<h3 class=\"wp-block-heading\"><span class=\"ez-toc-section\" id=\"Les_plaques_de_plafond_en_amiante\"><\/span>Les plaques de plafond en amiante<span class=\"ez-toc-section-end\"><\/span><\/h3>\n\n\n\n<p>Les plaques de plafond en amiante se reconnaissent gr\u00e2ce \u00e0 plusieurs&nbsp;<strong>signes caract\u00e9ristiques<\/strong>&nbsp;:<\/p>\n\n\n\n<ul class=\"wp-block-list\">\n<li><strong>Couleur<\/strong>&nbsp;: elles vont g\u00e9n\u00e9ralement du&nbsp;<strong>brun clair au jaune<\/strong>, parfois avec des nuances plus sombres selon l\u2019\u00e2ge et l\u2019exposition \u00e0 la lumi\u00e8re.<\/li>\n\n\n\n<li><strong>Texture<\/strong>&nbsp;: elles pr\u00e9sentent souvent une&nbsp;<strong>structure fibreuse ou granuleuse<\/strong>, parfois rugueuse au toucher.<\/li>\n<\/ul>\n\n\n\n<p>Ces caract\u00e9ristiques permettent d\u2019identifier visuellement un mat\u00e9riau susceptible de contenir de l\u2019amiante-ciment, mais&nbsp;<strong>une analyse et test par des entrepreneurs qualifi\u00e9s est n\u00e9cessaire&nbsp;<\/strong>pour confirmer sa pr\u00e9sence.<\/p>\n\n\n\n            <div class=\"bobex-highlight-global-div\" style=\"\n            --line-color: #17518d;\n            --bg-color: #e5f2f7;\n            --content-color:#10375e;\n            --title-color: #10375e;\n        \">\n                    <div class=\"bobex-highlight-block__border\">\n                        <div class=\"bobex--block_highlight_content-area\">\n                            <h4 class=\"bobex-block-highlight-title\"><span class=\"ez-toc-section\" id=\"Plaques_en_softboard\"><\/span>Plaques en softboard<span class=\"ez-toc-section-end\"><\/span><\/h4>\n                            <p class=\"bobex-block-highlight-content\">\n                            \t<div>\n<div class=\"wp-block-bobex-highlight\">\n<p>Les plaques en&nbsp;<strong>softboard<\/strong>&nbsp;ont \u00e9t\u00e9 particuli\u00e8rement populaires comme type de plafond en amiante-ciment, notamment dans les&nbsp;<strong>commerces<\/strong>&nbsp;et certains b\u00e2timents publics. Elles \u00e9taient appr\u00e9ci\u00e9es pour :<\/p>\n\n\n\n<ul class=\"wp-block-list\">\n<li>Leur&nbsp;<strong>durabilit\u00e9<\/strong>&nbsp;et leur long\u00e9vit\u00e9<\/li>\n\n\n\n<li>Leur&nbsp;<strong>capacit\u00e9 \u00e0 isoler le bruit<\/strong><\/li>\n\n\n\n<li>La&nbsp;<strong>stabilit\u00e9<\/strong>&nbsp;qu\u2019elles offraient pour les installations fixes<\/li>\n<\/ul>\n\n\n\n<p>Leur surface se distinguait souvent par un&nbsp;<strong>motif alv\u00e9ol\u00e9<\/strong>&nbsp;reconnaissable, ce qui leur donnait un aspect esth\u00e9tique et distinctif.<\/p>\n\n\n\n<p>Cependant, ces plaques ont \u00e9t\u00e9 progressivement identifi\u00e9es comme&nbsp;<strong>contenant de l\u2019amiante<\/strong>, ce qui a conduit&nbsp;<strong>\u00e0 l\u2019interdiction de leur usage<\/strong>&nbsp;dans la construction.<\/p>\n<\/div>\n<\/div>\n                            <\/p>\n                        <\/div>\n                    <\/div>\n            <\/div>\n        \n\n\n            <div class=\"bobex-highlight-global-div\" style=\"\n            --line-color: #17518d;\n            --bg-color: #e5f2f7;\n            --content-color:#10375e;\n            --title-color: #10375e;\n        \">\n                    <div class=\"bobex-highlight-block__border\">\n                        <div class=\"bobex--block_highlight_content-area\">\n                            <h4 class=\"bobex-block-highlight-title\"><span class=\"ez-toc-section\" id=\"Plaques_en_hardboard\"><\/span>Plaques en hardboard<span class=\"ez-toc-section-end\"><\/span><\/h4>\n                            <p class=\"bobex-block-highlight-content\">\n                            \t<div>\n<div class=\"wp-block-bobex-highlight\">\n<p>Les plaques en&nbsp;<strong>hardboard<\/strong>&nbsp;sont fr\u00e9quemment utilis\u00e9es dans les&nbsp;<strong>garages, remises ou autres espaces utilitaires<\/strong>&nbsp;o\u00f9 une finition durable est n\u00e9cessaire. Elles sont g\u00e9n\u00e9ralement fabriqu\u00e9es \u00e0 partir de&nbsp;<strong>fibres de bois et de r\u00e9sines<\/strong>, mais certaines plaques anciennes peuvent \u00e9galement&nbsp;<strong>contenir de l\u2019amiante<\/strong>, notamment celles produites avant les ann\u00e9es 1990.<\/p>\n\n\n\n<p>La pr\u00e9sence d\u2019amiante dans ces plaques peut&nbsp;<strong>pr\u00e9senter un risque pour la sant\u00e9<\/strong>&nbsp;si elles sont perc\u00e9es, ponc\u00e9es ou retir\u00e9es sans pr\u00e9caution. Il est donc fortement recommand\u00e9 de&nbsp;<strong>consulter un professionnel<\/strong>&nbsp;pour toute v\u00e9rification ou manipulation de ces plaques.<\/p>\n\n\n\n<p>Heureusement, les plaques en hardboard modernes sont&nbsp;<strong>exemptes d\u2019amiante<\/strong>, offrent une bonne durabilit\u00e9 et constituent une&nbsp;<strong>solution s\u00fbre et esth\u00e9tique<\/strong>&nbsp;pour les plafonds, m\u00eame dans les pi\u00e8ces \u00e0 forte fr\u00e9quentation.<\/p>\n<\/div>\n<\/div>\n                            <\/p>\n                        <\/div>\n                    <\/div>\n            <\/div>\n        \n\n\n<h3 class=\"wp-block-heading\"><span class=\"ez-toc-section\" id=\"Plafond_en_platre_contenant_des_fibres_damiante\"><\/span>Plafond en pl\u00e2tre contenant des fibres d\u2019amiante<span class=\"ez-toc-section-end\"><\/span><\/h3>\n\n\n\n<p>Outre les plaques de plafond, l\u2019amiante a \u00e9galement \u00e9t\u00e9 largement utilis\u00e9 dans les&nbsp;<strong>rev\u00eatements en pl\u00e2tre<\/strong>&nbsp;des maisons et des b\u00e2timents anciens. Les fibres d\u2019amiante \u00e9taient incorpor\u00e9es dans le pl\u00e2tre pour&nbsp;<strong>renforcer sa solidit\u00e9<\/strong>, am\u00e9liorer sa&nbsp;<strong>r\u00e9sistance au feu<\/strong>&nbsp;et prolonger la durabilit\u00e9 des surfaces.<\/p>\n\n\n\n<p>Le pl\u00e2tre contenant de l\u2019amiante se retrouve principalement sur&nbsp;<strong>les plafonds et parfois les murs<\/strong>, mais il pouvait \u00e9galement servir de couche de finition sur des toits ou dans des combles. Dans certaines constructions, les fibres \u00e9taient m\u00eame utilis\u00e9es comme&nbsp;<strong>rev\u00eatement ou \u00ab coating \u00bb<\/strong>&nbsp;pour rendre le pl\u00e2tre plus r\u00e9sistant \u00e0 la chaleur et au feu, limitant ainsi les risques d\u2019incendie.<\/p>\n\n\n\n<h2 class=\"wp-block-heading\"><span class=\"ez-toc-section\" id=\"Est-ce_grave_et_dangereux_davoir_de_lamiante_chez_soi\"><\/span>Est-ce grave et dangereux d&rsquo;avoir de l&rsquo;amiante chez soi ?&nbsp;<span class=\"ez-toc-section-end\"><\/span><\/h2>\n\n\n\n<p>La pr\u00e9sence <a href=\"https:\/\/www.bobex.be\/fr-be\/enlevement-de-lamiante\/amiante-dans-la-maison\/\" target=\"_blank\" rel=\"noreferrer noopener\">d\u2019amiante dans une maison&nbsp;<\/a><strong>peut repr\u00e9senter un risque s\u00e9rieux pour la sant\u00e9<\/strong>, mais l\u2019ampleur du <a href=\"https:\/\/www.bobex.be\/fr-be\/enlevement-de-lamiante\/dangers-amiante\/\" target=\"_blank\" rel=\"noreferrer noopener\">danger de l&rsquo;amiante<\/a> d\u00e9pend du&nbsp;<strong>type d\u2019amiante<\/strong>&nbsp;et de l\u2019\u00e9tat (bon ou mauvais) du mat\u00e9riau.<\/p>\n\n\n\n<div class=\"wp-block-bobex-vertical-steps bobex-vertical-step-main-wrapper\" style=\"background-color:#e5f2f7\">\n                <div style=\"\n            --title-color:#10375e;\n            --content-color:#5c5c5c\n        \" class=\"bobex-vertical-steps-block--container-div\">\n                    <div class=\"bobex-vertical-steps-block-main-div\">\n                        <div class=\"bobex-vertical-steps-block-number-container\">\n                            <div class=\"bobex-vertical-steps-block-number-area \">\n                                <div class=\"bobex-vertical-steps-number\">1<\/div>\n                            <\/div>\n                        <\/div>\n                        <div class=\"bobex-vertical-steps-block-content-area\">\n                            <p class=\"bobex-block-vertical-step-title\"><strong>Amiante li\u00e9 vs amiante non li\u00e9<\/strong><\/p>\n                            <p class=\"bobex-block-vertical-step-content\"><\/p>\n                            <div>\n<div class=\"wp-block-bobex-vertical-step\">\n<ul class=\"wp-block-list\">\n<li>L\u2019<strong>amiante li\u00e9<\/strong>&nbsp;se retrouve dans des mat\u00e9riaux comme le&nbsp;<strong>pl\u00e2tre, les plaques de plafond ou les panneaux de hardboard<\/strong>. Dans ce type de mat\u00e9riau, les fibres sont&nbsp;<strong>solidement emprisonn\u00e9es<\/strong>, ce qui limite leur lib\u00e9ration dans l\u2019air. Tant que le mat\u00e9riau reste intact et non endommag\u00e9, le risque d\u2019exposition au particules et poussi\u00e8res d&rsquo;amiante est faible.<\/li>\n\n\n\n<li>L\u2019<strong>amiante non li\u00e9<\/strong>&nbsp;ou friable, comme l\u2019<strong>amiante projet\u00e9<\/strong>, pr\u00e9sente un danger beaucoup plus \u00e9lev\u00e9. Il peut se d\u00e9tacher facilement, lib\u00e9rant des fibres dans l\u2019air m\u00eame au moindre contact. L\u2019amiante projet\u00e9 \u00e9tait souvent utilis\u00e9 pour l\u2019isolation, le rebouchage de fissures ou la protection contre le feu, et se retrouve parfois sur des plafonds, conduits ou combles.<\/li>\n\n\n\n<li><\/li>\n<\/ul>\n<\/div>\n<\/div>\n                        <\/div>\n                    <\/div>\n                <\/div>\n                \n\n\n                <div style=\"\n            --title-color:#10375e;\n            --content-color:#5c5c5c\n        \" class=\"bobex-vertical-steps-block--container-div\">\n                    <div class=\"bobex-vertical-steps-block-main-div\">\n                        <div class=\"bobex-vertical-steps-block-number-container\">\n                            <div class=\"bobex-vertical-steps-block-number-area \">\n                                <div class=\"bobex-vertical-steps-number\">2<\/div>\n                            <\/div>\n                        <\/div>\n                        <div class=\"bobex-vertical-steps-block-content-area\">\n                            <p class=\"bobex-block-vertical-step-title\"><strong> Risques pour la sant\u00e9<\/strong><\/p>\n                            <p class=\"bobex-block-vertical-step-content\"><\/p>\n                            <div>\n<div class=\"wp-block-bobex-vertical-step\">\n<p>Lorsque des fibres d\u2019amiante sont&nbsp;inhal\u00e9es, elles peuvent p\u00e9n\u00e9trer profond\u00e9ment dans les poumons et provoquer des maladies graves : <\/p>\n\n\n\n<ul class=\"wp-block-list\">\n<li><strong>Cancers du poumon<\/strong><\/li>\n\n\n\n<li><strong>Asbestose<\/strong>&nbsp;(fibrose pulmonaire)<\/li>\n\n\n\n<li><strong>M\u00e9soth\u00e9liome<\/strong><\/li>\n<\/ul>\n\n\n\n<p>Le risque est donc particuli\u00e8rement \u00e9lev\u00e9 avec l\u2019amiante&nbsp;<strong>friable ou projet\u00e9<\/strong>, tandis que les mat\u00e9riaux&nbsp;<strong>li\u00e9s et intacts<\/strong>&nbsp;sont moins dangereux.<\/p>\n<\/div>\n<\/div>\n                        <\/div>\n                    <\/div>\n                <\/div>\n                \n\n\n                <div style=\"\n            --title-color:#10375e;\n            --content-color:#5c5c5c\n        \" class=\"bobex-vertical-steps-block--container-div\">\n                    <div class=\"bobex-vertical-steps-block-main-div\">\n                        <div class=\"bobex-vertical-steps-block-number-container\">\n                            <div class=\"bobex-vertical-steps-block-number-area \">\n                                <div class=\"bobex-vertical-steps-number\">3<\/div>\n                            <\/div>\n                        <\/div>\n                        <div class=\"bobex-vertical-steps-block-content-area\">\n                            <p class=\"bobex-block-vertical-step-title\"><strong>Comment g\u00e9rer l\u2019amiante chez soi<\/strong><\/p>\n                            <p class=\"bobex-block-vertical-step-content\"><\/p>\n                            <div>\n<div class=\"wp-block-bobex-vertical-step\">\n<p>Pour minimiser les risques :<\/p>\n\n\n\n<ul class=\"wp-block-list\">\n<li><strong>Ne pas toucher ni percer<\/strong>&nbsp;les mat\u00e9riaux susceptibles de contenir de l\u2019amiante<\/li>\n\n\n\n<li><strong>Faire contr\u00f4ler<\/strong>&nbsp;par un professionnel pour identifier le type et l\u2019\u00e9tat du mat\u00e9riau<\/li>\n\n\n\n<li><strong>Confier le retrait<\/strong>&nbsp;de l\u2019amiante non li\u00e9 ou endommag\u00e9 en faisant appel des professionnels et agr\u00e9\u00e9e<\/li>\n<\/ul>\n<\/div>\n<\/div>\n                        <\/div>\n                    <\/div>\n                <\/div>\n                <\/div>\n\n                    <script type=\"application\/ld+json\">\n                        {\"@context\":\"https:\\\/\\\/schema.org\",\"@type\":\"Itemlist\",\"itemListElement\":[\"<strong>Amiante li\\u00e9 vs amiante non li\\u00e9<\\\/strong>\",\"<strong> Risques pour la sant\\u00e9<\\\/strong>\",\"<strong>Comment g\\u00e9rer l\\u2019amiante chez soi<\\\/strong>\"],\"itemListOrder\":\"Ascending\",\"name\":\"Vertical steps: Plafond contenant de l\\u2019amiante : types, dangers, d\\u00e9tection et solutions de retrait\"}\n                    <\/script>\n                \n\n<div class='bobex-cta-block' style='\n            --button-bg-color: #e13c0e;\n            --button-text-color: #ffffff;\n            --banner-bg-color: #aad4e6;\n            --arrow-main-bg-color: #aad4e6;\n            --arrow-secondary-bg-color: #e5f2f7;\n            --banner-title-color: #10375e;\n            --arrow-title-color: #10375e;\n            --banner-text-color: #545454;\n            --arrow-text-color: #545454;         \n            --invert-range: 0deg;\n        '><a class='cta-button-rounded' href='#ppp'>Prot\u00e9gez votre sant\u00e9 : faites intervenir un expert !<\/a><\/div>\n\n\n<h2 class=\"wp-block-heading\"><span class=\"ez-toc-section\" id=\"Ou_se_trouve_lamiante_sous_un_faux_plafond\"><\/span>O\u00f9 se trouve l\u2019amiante sous un faux plafond ?<span class=\"ez-toc-section-end\"><\/span><\/h2>\n\n\n\n<p>L\u2019amiante se retrouve fr\u00e9quemment&nbsp;<strong>sous les faux plafonds<\/strong>, utilis\u00e9s pour abaisser ou&nbsp;<strong>niveler les surfaces<\/strong>&nbsp;dans les habitations et certains b\u00e2timents anciens. Ces faux plafonds \u00e9taient souvent fabriqu\u00e9s \u00e0 partir de&nbsp;<strong>plaques contenant du pl\u00e2tre renforc\u00e9 d\u2019amiante<\/strong>, ce qui permettait de combiner solidit\u00e9 et r\u00e9sistance au feu.<\/p>\n\n\n\n<figure class=\"wp-block-image size-full\"><img decoding=\"async\" width=\"1000\" height=\"550\" src=\"https:\/\/www.bobex.be\/wp-uploads\/sites\/2\/Isolation-acoustique-faux-plafond-min.jpg\" alt=\"Structure m\u00e9tallique n\u00e9cessaire au maintient d'un faux plafond\" class=\"wp-image-104512\"\/><\/figure>\n\n\n\n<p>Dans de nombreux cas, il s\u2019agit de&nbsp;<strong>plaques de type Pical<\/strong>, reconnaissables par leur texture fragile et leur aspect presque&nbsp;<strong>cartonn\u00e9<\/strong>. Ces plaques peuvent contenir jusqu\u2019\u00e0&nbsp;<strong>30 % d\u2019amiante<\/strong>, ce qui repr\u00e9sente une quantit\u00e9 significative si elles sont endommag\u00e9es ou manipul\u00e9es de mani\u00e8re inappropri\u00e9e.<\/p>\n\n\n\n<p>Les faux plafonds en amiante \u00e9taient utilis\u00e9s dans diff\u00e9rentes pi\u00e8ces, notamment :<\/p>\n\n\n\n<ul class=\"wp-block-list\">\n<li>Les&nbsp;<strong>combles et greniers<\/strong>&nbsp;pour l\u2019isolation thermique et acoustique<\/li>\n\n\n\n<li>Les&nbsp;<strong>pi\u00e8ces \u00e0 vivre ou bureaux<\/strong>&nbsp;pour abaisser le plafond et cacher les installations \u00e9lectriques ou de ventilation<\/li>\n\n\n\n<li>Les&nbsp;<strong>locaux techniques<\/strong>, comme les chaufferies, o\u00f9 la r\u00e9sistance au feu \u00e9tait un crit\u00e8re important<\/li>\n<\/ul>\n\n\n\n<p>Le principal danger r\u00e9side dans le fait que ces plaques sont&nbsp;<strong>fragiles<\/strong>. Si elles sont perc\u00e9es, cass\u00e9es ou ponc\u00e9es, les&nbsp;<strong>fibres d\u2019amiante<\/strong>&nbsp;peuvent se lib\u00e9rer dans l\u2019air et repr\u00e9senter un risque pour la sant\u00e9. C\u2019est pourquoi&nbsp;<strong>tout retrait ou intervention sur un faux plafond contenant de l\u2019amiante doit \u00eatre confi\u00e9 \u00e0 un professionnel<\/strong>&nbsp;agr\u00e9\u00e9, qui saura manipuler et \u00e9liminer les plaques en toute s\u00e9curit\u00e9.<\/p>\n\n\n\n<h2 class=\"wp-block-heading\"><span class=\"ez-toc-section\" id=\"Comment_savoir_si_mon_plafond_contient_de_lamiante\"><\/span>Comment savoir si mon plafond contient de l&rsquo;amiante ?&nbsp;<span class=\"ez-toc-section-end\"><\/span><\/h2>\n\n\n\n<p>Identifier la pr\u00e9sence d\u2019amiante dans un plafond n\u2019est pas toujours simple, car le mat\u00e9riau peut ressembler \u00e0 d\u2019autres produits plus modernes et s\u00fbrs. Plusieurs \u00e9tapes permettent toutefois d\u2019\u00e9valuer la probabilit\u00e9 que votre plafond contienne de l\u2019amiante, et de proc\u00e9der \u00e0 un&nbsp;<strong>diagnostic fiable<\/strong>&nbsp;:<\/p>\n\n\n\n<h3 class=\"wp-block-heading\"><span class=\"ez-toc-section\" id=\"1%EF%B8%8F%E2%83%A3_Examiner_lage_et_le_type_de_construction\"><\/span>1\ufe0f\u20e3 Examiner l\u2019\u00e2ge et le type de construction<span class=\"ez-toc-section-end\"><\/span><\/h3>\n\n\n\n<p>L\u2019amiante a \u00e9t\u00e9 largement utilis\u00e9 dans les b\u00e2timents construits avant&nbsp;<strong>1990<\/strong>, voire jusqu\u2019au d\u00e9but des ann\u00e9es 2000 dans certains mat\u00e9riaux sp\u00e9cifiques. Si votre maison ou vos locaux datent de cette p\u00e9riode, il est plus probable que le plafond contienne des mat\u00e9riaux amiant\u00e9s, surtout :<\/p>\n\n\n\n<ul class=\"wp-block-list\">\n<li><strong>Plaques de plafond<\/strong>&nbsp;(softboard, hardboard, Pical)<\/li>\n\n\n\n<li><strong>Faux plafonds en pl\u00e2tre ou en panneaux<\/strong><\/li>\n\n\n\n<li><strong>Amiante projet\u00e9 ou pl\u00e2tre renforc\u00e9<\/strong><\/li>\n<\/ul>\n\n\n\n<p>L\u2019\u00e2ge du b\u00e2timent est donc un premier indicateur important.<\/p>\n\n\n\n<h3 class=\"wp-block-heading\"><span class=\"ez-toc-section\" id=\"2%EF%B8%8F%E2%83%A3_Observation_visuelle_des_materiaux\"><\/span>2\ufe0f\u20e3 Observation visuelle des mat\u00e9riaux<span class=\"ez-toc-section-end\"><\/span><\/h3>\n\n\n\n<p>Certains signes peuvent indiquer la pr\u00e9sence d\u2019amiante, bien qu\u2019ils ne soient&nbsp;<strong>pas suffisants pour confirmer<\/strong>&nbsp;la pr\u00e9sence du mat\u00e9riau :<\/p>\n\n\n\n<ul class=\"wp-block-list\">\n<li><strong>Couleur<\/strong>&nbsp;: brun clair, jaune ou gris\u00e2tre<\/li>\n\n\n\n<li><strong>Texture<\/strong>&nbsp;: fibreuse, granuleuse ou l\u00e9g\u00e8rement rugueuse<\/li>\n\n\n\n<li><strong>\u00c9tat<\/strong>&nbsp;: fragile, friable ou avec un aspect de mousse (dans le cas de l\u2019amiante projet\u00e9)<\/li>\n\n\n\n<li><strong>Motifs sp\u00e9cifiques<\/strong>&nbsp;: plaques alv\u00e9ol\u00e9es ou cartonn\u00e9es, souvent pr\u00e9sentes dans les softboard ou Pical<\/li>\n<\/ul>\n\n\n\n<p>L\u2019amiante projet\u00e9 se distingue souvent par son&nbsp;<strong>aspect laineux ou mousseux<\/strong>&nbsp;appliqu\u00e9 sur les plafonds, les conduits ou les murs.<\/p>\n\n\n\n<p>Cependant,&nbsp;<strong>l\u2019inspection visuelle seule n\u2019est pas suffisante<\/strong>&nbsp;: de nombreux mat\u00e9riaux modernes imitent l\u2019apparence de l\u2019amiante.<\/p>\n\n\n\n<h3 class=\"wp-block-heading\"><span class=\"ez-toc-section\" id=\"3%EF%B8%8F%E2%83%A3_Verifier_les_documents_de_construction\"><\/span>3\ufe0f\u20e3 V\u00e9rifier les documents de construction<span class=\"ez-toc-section-end\"><\/span><\/h3>\n\n\n\n<p>Les anciens&nbsp;<strong>plans et factures<\/strong>&nbsp;de construction ou de r\u00e9novation peuvent parfois indiquer l\u2019usage de mat\u00e9riaux contenant de l\u2019amiante. Les archives de l\u2019entreprise ayant r\u00e9alis\u00e9 les travaux ou de la mairie peuvent \u00e9galement fournir des informations sur les mat\u00e9riaux utilis\u00e9s.&nbsp;<\/p>\n\n\n\n<h3 class=\"wp-block-heading\"><span class=\"ez-toc-section\" id=\"4%EF%B8%8F%E2%83%A3_Evaluer_la_necessite_dun_retrait_ou_dun_confinement\"><\/span>4\ufe0f\u20e3  \u00c9valuer la n\u00e9cessit\u00e9 d\u2019un retrait ou d\u2019un confinement<span class=\"ez-toc-section-end\"><\/span><\/h3>\n\n\n\n<p>Une fois la pr\u00e9sence d\u2019amiante confirm\u00e9e :<\/p>\n\n\n\n<ul class=\"wp-block-list\">\n<li>Si le mat\u00e9riau est&nbsp;<strong>intact et li\u00e9<\/strong>, il peut \u00eatre laiss\u00e9 en place, \u00e9ventuellement&nbsp;<strong>confin\u00e9<\/strong>&nbsp;pour \u00e9viter toute lib\u00e9ration de fibres<\/li>\n\n\n\n<li>Si le mat\u00e9riau est&nbsp;<strong>friable ou endommag\u00e9<\/strong>, le retrait doit \u00eatre confi\u00e9 \u00e0 une&nbsp;<strong>entreprise sp\u00e9cialis\u00e9e<\/strong>&nbsp;afin d\u2019assurer la s\u00e9curit\u00e9 des occupants et le respect des r\u00e9glementations. <\/li>\n<\/ul>\n\n\n\n                <div class='bobex-cta-block' style='\n            --button-bg-color: #e13c0e;\n            --button-text-color: #ffffff;\n            --banner-bg-color: #aad4e6;\n            --arrow-main-bg-color: #aad4e6;\n            --arrow-secondary-bg-color: #e5f2f7;\n            --banner-title-color: #10375e;\n            --arrow-title-color: #10375e;\n            --banner-text-color: #545454;\n            --arrow-text-color: #545454;         \n            --invert-range: 0deg;\n        '>\n                    <div class='cta-arrow-text d-flex d-lg-none'>\n                        <a class='cta-button-rounded' href='https:\/\/www.bobex.be\/fr-be\/isolation-murs\/'>Demander un devis<\/a>\n                    <\/div>\n                    <div class='d-none d-lg-flex flex-no-wrap'>\n                        <div class=\"col-7 cta-arrow-text d-flex text-color\">\n                            <div class=\"m-auto\">\n                                <div class=\"h3\">Vous cherchez un sp\u00e9cialiste ?<\/div>\n                                <div class='text-color'>Le meilleur professionnel vous attend !<\/div>\n                            <\/div>\n                        <\/div>\n                        <div class='cta-arrow-link col-5'>\n                            <a class='cta-button-rounded' href=\"https:\/\/www.bobex.be\/fr-be\/isolation-murs\/\">Demander un devis<\/a>\n                        <\/div>\n                    <\/div>\n                <\/div>\n\n\n<h2 class=\"wp-block-heading\"><span class=\"ez-toc-section\" id=\"Comment_enlever_et_traiter_un_plafond_contenant_de_lamiante\"><\/span>Comment enlever et traiter un plafond contenant de l&rsquo;amiante ?&nbsp;<span class=\"ez-toc-section-end\"><\/span><\/h2>\n\n\n\n<p>Pour le retrait de tout mat\u00e9riau contenant de l\u2019amiante, il est&nbsp;<strong>toujours recommand\u00e9 de faire appel \u00e0 un professionnel<\/strong>. Cependant, dans le cas de&nbsp;<strong>plaques viss\u00e9es<\/strong>&nbsp;(par exemple quelques plaques de plafond ou un rebord de fen\u00eatre) ou de&nbsp;<strong><a href=\"https:\/\/www.bobex.be\/fr-be\/enlevement-de-lamiante\/amiante-dans-la-maison\/revetement-sol\/\" target=\"_blank\" rel=\"noreferrer noopener\">rev\u00eatements de sol en amiante<\/a> ou carreaux d\u00e9tach\u00e9s<\/strong>, il est possible, sous des&nbsp;<strong>conditions strictes<\/strong>, de les retirer soi-m\u00eame. Ainsi, les fibres d\u2019amiante ne se lib\u00e8rent pas et ne pr\u00e9sentent donc pas de danger pour votre sant\u00e9 ou celle des autres.<\/p>\n\n\n\n<p>Dans ces cas, les mat\u00e9riaux sont peu susceptibles de lib\u00e9rer des fibres, et leur retrait peut se faire sans danger si l\u2019on respecte des mesures de s\u00e9curit\u00e9 rigoureuses, telles que :<\/p>\n\n\n\n<ul class=\"wp-block-list\">\n<li><strong>Porter un \u00e9quipement de protection individuelle<\/strong>&nbsp;complet (masque FFP3, gants, combinaison jetable)<\/li>\n\n\n\n<li><strong>Humidifier l\u00e9g\u00e8rement les surfaces<\/strong>&nbsp;pour limiter la dispersion de poussi\u00e8re<\/li>\n\n\n\n<li><strong>Envelopper les plaques ou d\u00e9chets<\/strong>&nbsp;dans un film plastique \u00e9tanche avant transport<\/li>\n\n\n\n<li><strong>\u00c9liminer correctement les d\u00e9chets<\/strong>&nbsp;selon la r\u00e9glementation locale<\/li>\n<\/ul>\n\n\n\n<p>En revanche, les&nbsp;<strong>plaques clou\u00e9es ou coll\u00e9es<\/strong>&nbsp;qui n\u00e9cessitent d\u2019\u00eatre d\u00e9coll\u00e9es&nbsp;<strong>ne doivent pas \u00eatre retir\u00e9es soi-m\u00eame<\/strong>. Si ces plaques sont endommag\u00e9es, des fibres d\u2019amiante peuvent se lib\u00e9rer, ce qui peut \u00eatre dangereux lorsqu\u2019elles sont inhal\u00e9es et, \u00e0 long terme, provoquer des maladies pulmonaires ou des cancers.<\/p>\n\n\n\n<p>Pour ces mat\u00e9riaux, la&nbsp;<strong>proc\u00e9dure professionnelle<\/strong>&nbsp;inclut :<\/p>\n\n\n\n<ul class=\"wp-block-list\">\n<li>L\u2019\u00e9tablissement d\u2019un&nbsp;<strong>plan de retrait s\u00e9curis\u00e9<\/strong><\/li>\n\n\n\n<li>Le confinement de la zone de travail avec des b\u00e2ches et un syst\u00e8me de filtration de l\u2019air<\/li>\n\n\n\n<li>L\u2019utilisation d\u2019<strong>outils sp\u00e9ciaux<\/strong>&nbsp;pour d\u00e9coller ou retirer les plaques sans dispersion de fibres<\/li>\n\n\n\n<li>La&nbsp;<strong>collecte et le transport<\/strong>&nbsp;des d\u00e9chets vers des centres agr\u00e9\u00e9s pour \u00e9limination<\/li>\n<\/ul>\n\n\n\n<p>Le <a href=\"https:\/\/www.bobex.be\/fr-be\/enlevement-de-lamiante\/\" target=\"_blank\" rel=\"noreferrer noopener\">d\u00e9samiantage<\/a>&nbsp;<strong>ne doit pas \u00eatre improvis\u00e9<\/strong>. M\u00eame pour des plaques viss\u00e9es ou des mat\u00e9riaux d\u00e9tachables, il est crucial de respecter les&nbsp;<strong>mesures de s\u00e9curit\u00e9<\/strong>, de prot\u00e9ger la zone et de traiter les d\u00e9chets correctement. Pour tout plafond coll\u00e9 ou friable,&nbsp;<strong>l\u2019intervention d\u2019un professionnel agr\u00e9\u00e9 reste indispensable<\/strong>&nbsp;pour garantir la s\u00e9curit\u00e9 des occupants et la conformit\u00e9 avec la r\u00e9glementation.<\/p>\n\n\n\n            <div style=\"\n            --icon-bg-color: #17518d ;\n            --maskUrl:url( https:\/\/www.bobex.be\/fr-be\/wp-content\/plugins\/bobex-blocks\/img\/mask.svg );\n            --title-color:#10375e;\n            --bg-color: #d1e8f2;\n            --content-color:#5c5c5c\n        \" class=\"bobex-block-maindiv\" >\n                <div class=\"bobex-tip-block__icon-area\">\n                    <img decoding=\"async\" src=\"https:\/\/www.bobex.be\/fr-be\/wp-content\/plugins\/bobex-blocks\/img\/price.png\" alt=\"adive-icon\" class=\"bobex-tip-block__tipsLogo\"\/>\n                <\/div>\n                <div class=\"bobex-tip-block__content-area\">\n                    <h3 class=\"bobex-block-tips-title\"><span class=\"ez-toc-section\" id=\"Cout_dun_professionnel_agree_pour_le_retrait_de_lamiante\"><\/span>Co\u00fbt d\u2019un professionnel agr\u00e9\u00e9 pour le retrait de l\u2019amiante<span class=\"ez-toc-section-end\"><\/span><\/h3>\n                    <p class=\"bobex-block-tips-content\"><\/p>\n                    <div>\n<div class=\"wp-block-bobex-price\">\n<p>Le retrait d\u2019amiante projet\u00e9 dans une pi\u00e8ce est souvent co\u00fbteux et peut atteindre&nbsp;<strong>10 000 \u20ac ou plus<\/strong>. Ce prix \u00e9lev\u00e9 s\u2019explique par la n\u00e9cessit\u00e9 de r\u00e9aliser un&nbsp;<strong>inventaire de l\u2019amiante<\/strong>, le&nbsp;<strong>retrait effectif<\/strong>&nbsp;et l\u2019<strong>\u00e9limination des d\u00e9chets d\u2019amiante<\/strong>, un processus tr\u00e8s&nbsp;<strong>consommateur en main-d\u2019\u0153uvre<\/strong>.<\/p>\n\n\n\n<p>Si l\u2019amiante projet\u00e9 n\u2019a \u00e9t\u00e9 utilis\u00e9 qu\u2019\u00e0 un&nbsp;<strong>endroit pr\u00e9cis<\/strong>, comme un conduit d\u2019a\u00e9ration ou une autre petite zone, un budget d\u2019environ&nbsp;<strong>2 000 \u20ac<\/strong>&nbsp;peut suffire.<\/p>\n\n\n\n<p>Il est important de noter que ces montants ne sont que&nbsp;<strong>des prix indicatifs<\/strong>&nbsp;bas\u00e9s sur les co\u00fbts moyens. Il est donc recommand\u00e9 de&nbsp;<strong>demander plusieurs devis<\/strong>&nbsp;et de&nbsp;<strong>comparer les prix<\/strong>&nbsp;pour r\u00e9duire les co\u00fbts et garantir un retrait&nbsp;<strong>s\u00fbr et professionnel<\/strong>.<\/p>\n\n\n\n<p>Les&nbsp;<strong>professionnels agr\u00e9\u00e9s en d\u00e9samiantage<\/strong>&nbsp;connaissent la l\u00e9gislation et la r\u00e9glementation en mati\u00e8re de retrait de l\u2019amiante dans les habitations et ma\u00eetrisent des m\u00e9thodes qui garantissent la&nbsp;<strong>s\u00e9curit\u00e9 et la sant\u00e9<\/strong>&nbsp;de tous.<\/p>\n<\/div>\n<\/div>\n                <\/div>\n            <\/div>\n        \n\n\n<h2 class=\"wp-block-heading\"><span class=\"ez-toc-section\" id=\"Vous_souhaitez_desamianter_votre_habitation_Nous_vous_mettons_en_contact_avec_des_specialistes\"><\/span>Vous souhaitez d\u00e9samianter votre habitation ? Nous vous mettons en contact avec des sp\u00e9cialistes !<span class=\"ez-toc-section-end\"><\/span><\/h2>\n\n\n\n<p><strong>Remplissez gratuitement notre formulaire en ligne pour recevoir et comparer plusieurs devis de professionnels sp\u00e9cialis\u00e9s en d\u00e9samiantage.<\/strong> En quelques clics, vous acc\u00e9dez \u00e0 des offres personnalis\u00e9es, propos\u00e9es par des experts certifi\u00e9s pr\u00e8s de chez vous. C\u2019est simple, rapide et sans engagement \u2014 l\u2019id\u00e9al pour faire le bon choix en toute confiance !<\/p>\n\n\n<div id=\"ppp\" class=\"bob-form-wrapper\" data-ajax_url=\"https:\/\/www.bobex.be\/fr-be\/wp-admin\/admin-ajax.php\" data-fa_a=\"\" data-fa_b=\"\"><div class=\"loader\" aria-hidden=\"true\"><\/div>    <div>\n        <div class=\"row mx-auto mb-2\" style=\"max-width: 900px;\">\n            <div class=\"col-md-4\"><i class=\"mr-1 fas fa-check\" style=\"color:green;\"><\/i>Devis gratuits et rapides<\/div>\n            <div class=\"col-md-4\"><i class=\"mr-1 fas fa-check\" style=\"color:green;\"><\/i>Sans engagement et obligation<\/div>\n            <div class=\"col-md-4\"><i class=\"mr-1 fas fa-check\" style=\"color:green;\"><\/i>Professionnels agr\u00e9\u00e9s<\/div>\n        <\/div>\n    <\/div><div id=\"form-69f239e64ee98\" class=\"bob-form-container\" style=\"background-color: white; font-family: Roboto, sans-serif !important; font-size: 16px !important; color: #545454; box-shadow: 0 2px 10px rgba(0,0,0,0.1); --font_title: Poppins; --font_size_title: 20px; --title_bg_color: #175da6; --copyright_color: #fde8e1; --box_upload_color: #e5f2f7; padding:unset;\" data-form-type=\"inline\" data-form-id=\"69f239e64ee98\"><style>#form-69f239e64ee98 .bob-form-inline-question.even {\n  background-color: #e5f2f7;\n}\n#form-69f239e64ee98 .single_multiple.multiple_button {\n  background-color: #e5f2f7 !important;\n}\n#form-69f239e64ee98 .bob-form-inline-question--hidden {\n  display: none;\n}<\/style><div class=\"form-questions\"><form id=\"bob-form\" class=\"bob-form bob-form-tag\" method=\"post\" action=\"https:\/\/www.bobex.be\/fr-be\/wp-admin\/admin-ajax.php?action=bobex-form-validation\">    <div class=\"form-title\">\n        Formulez votre demande\n        <div class=\"form-title-info-line\">\n            R\u00e9pondez \u00e0 quelques questions et entrez en contact avec des sp\u00e9cialistes fiables. Nous vous demandons vos coordonn\u00e9es afin de s\u00e9lectionner les professionnels actifs dans votre r\u00e9gion.\n        <\/div>\n    <\/div><div class=\"form-questions bob-form-inline-question\"><div class=\"row\"><div class=\"question col-md-4\"><label>1*. De quel type de b\u00e2timent s&rsquo;agit-il ?<\/label><\/div><div class=\"answer col-md-8\"><div class=\"bob-form-radio d-flex\"><input type=\"radio\" class=\"inline-radio\" id=\"69f239e64ee98-input-0-1\" data-unique-id=\"69f239e64ee98\" name=\"XML_extra_radio2\" value=\"1\"  required=\"required\"><label for=\"69f239e64ee98-input-0-1\">Maison individuelle<\/label><\/div><div class=\"bob-form-radio d-flex\"><input type=\"radio\" class=\"inline-radio\" id=\"69f239e64ee98-input-0-2\" data-unique-id=\"69f239e64ee98\" name=\"XML_extra_radio2\" value=\"2\"  required=\"required\"><label for=\"69f239e64ee98-input-0-2\">Maison jumel\u00e9e \/ 3 fa\u00e7ades<\/label><\/div><div class=\"bob-form-radio d-flex\"><input type=\"radio\" class=\"inline-radio\" id=\"69f239e64ee98-input-0-3\" data-unique-id=\"69f239e64ee98\" name=\"XML_extra_radio2\" value=\"3\"  required=\"required\"><label for=\"69f239e64ee98-input-0-3\">Maison mitoyenne \/ 2 fa\u00e7ades<\/label><\/div><div class=\"bob-form-radio d-flex\"><input type=\"radio\" class=\"inline-radio\" id=\"69f239e64ee98-input-0-4\" data-unique-id=\"69f239e64ee98\" name=\"XML_extra_radio2\" value=\"4\"  required=\"required\"><label for=\"69f239e64ee98-input-0-4\">Appartement<\/label><\/div><div class=\"bob-form-radio d-flex\"><input type=\"radio\" class=\"inline-radio\" id=\"69f239e64ee98-input-0-5\" data-unique-id=\"69f239e64ee98\" name=\"XML_extra_radio2\" value=\"5\"  required=\"required\"><label for=\"69f239e64ee98-input-0-5\">Immeuble commercial ou bureau<\/label><\/div><div class=\"bob-form-radio d-flex\"><input type=\"radio\" class=\"inline-radio\" id=\"69f239e64ee98-input-0-6\" data-unique-id=\"69f239e64ee98\" name=\"XML_extra_radio2\" value=\"6\"  required=\"required\"><label for=\"69f239e64ee98-input-0-6\">Autre<\/label><\/div><\/div><\/div><\/div><div class=\"form-questions bob-form-inline-question even\"><div class=\"row\"><div class=\"question col-md-4\"><label>2*. O\u00f9 se situe l&#039;amiante dans le b\u00e2timent ?<\/label><\/div><div class=\"answer col-md-8\"><div class=\"bob-form-checkbox d-flex\"><input type=\"checkbox\" class=\"inline-checkbox bob-form-input\" id=\"69f239e64ee98-input-1-1\" data-unique-id=\"69f239e64ee98\" name=\"XML_extra_check[]\" value=\"1\"  required=\"required\" onclick=\"checkboxTurnChecked(this)\"><label for=\"69f239e64ee98-input-1-1\">Toiture (tuiles, ardoises, fibrociment)<\/label><\/div><div class=\"bob-form-checkbox d-flex\"><input type=\"checkbox\" class=\"inline-checkbox bob-form-input\" id=\"69f239e64ee98-input-1-2\" data-unique-id=\"69f239e64ee98\" name=\"XML_extra_check[]\" value=\"2\"  required=\"required\" onclick=\"checkboxTurnChecked(this)\"><label for=\"69f239e64ee98-input-1-2\">Isolation des murs ou plafonds<\/label><\/div><div class=\"bob-form-checkbox d-flex\"><input type=\"checkbox\" class=\"inline-checkbox bob-form-input\" id=\"69f239e64ee98-input-1-3\" data-unique-id=\"69f239e64ee98\" name=\"XML_extra_check[]\" value=\"3\"  required=\"required\" onclick=\"checkboxTurnChecked(this)\"><label for=\"69f239e64ee98-input-1-3\">Sols<\/label><\/div><div class=\"bob-form-checkbox d-flex\"><input type=\"checkbox\" class=\"inline-checkbox bob-form-input\" id=\"69f239e64ee98-input-1-4\" data-unique-id=\"69f239e64ee98\" name=\"XML_extra_check[]\" value=\"4\"  required=\"required\" onclick=\"checkboxTurnChecked(this)\"><label for=\"69f239e64ee98-input-1-4\">Tuyauteries (gaines, calorifugeage)<\/label><\/div><div class=\"bob-form-checkbox d-flex\"><input type=\"checkbox\" class=\"inline-checkbox bob-form-input\" id=\"69f239e64ee98-input-1-5\" data-unique-id=\"69f239e64ee98\" name=\"XML_extra_check[]\" value=\"5\"  required=\"required\" onclick=\"checkboxTurnChecked(this)\"><label for=\"69f239e64ee98-input-1-5\">Enduits, cr\u00e9pis ou peintures<\/label><\/div><div class=\"bob-form-checkbox d-flex\"><input type=\"checkbox\" class=\"inline-checkbox bob-form-input\" id=\"69f239e64ee98-input-1-6\" data-unique-id=\"69f239e64ee98\" name=\"XML_extra_check[]\" value=\"6\"  required=\"required\" onclick=\"checkboxTurnChecked(this)\"><label for=\"69f239e64ee98-input-1-6\">Cloisons ou faux plafonds<\/label><\/div><div class=\"bob-form-checkbox d-flex\"><input type=\"checkbox\" class=\"inline-checkbox bob-form-input\" id=\"69f239e64ee98-input-1-7\" data-unique-id=\"69f239e64ee98\" name=\"XML_extra_check[]\" value=\"7\"  required=\"required\" onclick=\"checkboxTurnChecked(this)\"><label for=\"69f239e64ee98-input-1-7\">Autre (\u00e0 pr\u00e9ciser)<\/label><\/div><\/div><\/div><\/div><div class=\"form-questions bob-form-inline-question\"><div class=\"row\"><div class=\"question col-md-4\"><label>3*. Quelle est l&rsquo;ann\u00e9e de construction du b\u00e2timent ?<\/label><\/div><div class=\"answer col-md-8\"><div class=\"bob-form-radio d-flex\"><input type=\"radio\" class=\"inline-radio\" id=\"69f239e64ee98-input-2-1\" data-unique-id=\"69f239e64ee98\" name=\"XML_extra_radio3\" value=\"1\"  required=\"required\"><label for=\"69f239e64ee98-input-2-1\">Avant 1945<\/label><\/div><div class=\"bob-form-radio d-flex\"><input type=\"radio\" class=\"inline-radio\" id=\"69f239e64ee98-input-2-2\" data-unique-id=\"69f239e64ee98\" name=\"XML_extra_radio3\" value=\"2\"  required=\"required\"><label for=\"69f239e64ee98-input-2-2\">1945-1998 (la plupart des cas)<\/label><\/div><div class=\"bob-form-radio d-flex\"><input type=\"radio\" class=\"inline-radio\" id=\"69f239e64ee98-input-2-3\" data-unique-id=\"69f239e64ee98\" name=\"XML_extra_radio3\" value=\"3\"  required=\"required\"><label for=\"69f239e64ee98-input-2-3\">Apr\u00e8s 1998<\/label><\/div><\/div><\/div><\/div><div class=\"form-questions bob-form-inline-question even\"><div class=\"row\"><div class=\"question col-md-4\"><label>4*. Quand souhaitez-vous ce service ?<\/label><\/div><div class=\"answer col-md-8\"><div class=\"bob-form-radio d-flex\"><input type=\"radio\" class=\"inline-radio\" id=\"69f239e64ee98-input-3-1\" data-unique-id=\"69f239e64ee98\" name=\"XML_extra_radio4\" value=\"1\"  required=\"required\"><label for=\"69f239e64ee98-input-3-1\">D\u00e8s que possible, dans un d\u00e9lai de 2 mois<\/label><\/div><div class=\"bob-form-radio d-flex\"><input type=\"radio\" class=\"inline-radio\" id=\"69f239e64ee98-input-3-2\" data-unique-id=\"69f239e64ee98\" name=\"XML_extra_radio4\" value=\"2\"  required=\"required\"><label for=\"69f239e64ee98-input-3-2\">Dans un d\u00e9lai de 2 \u00e0 4 mois<\/label><\/div><div class=\"bob-form-radio d-flex\"><input type=\"radio\" class=\"inline-radio\" id=\"69f239e64ee98-input-3-3\" data-unique-id=\"69f239e64ee98\" name=\"XML_extra_radio4\" value=\"3\"  required=\"required\"><label for=\"69f239e64ee98-input-3-3\">Dans un d\u00e9lai de 4 \u00e0 6 mois<\/label><\/div><\/div><\/div><\/div><div class=\"form-questions bob-form-inline-question\"><div class=\"d-flex flex-column\"><label class=\"question\" for=\"69f239e64ee98-input-4\">5. Information compl\u00e9mentaire<\/label><textarea class=\"bob-form-input\" name=\"XML_remarks\" id=\"69f239e64ee98-input-4\" data-unique-id=\"69f239e64ee98\"><\/textarea><\/div><\/div><div class=\"bob-inline-form bob-form-tag upload-box mb-3\">\n                    <div class=\"row\">\n                        <div class=\"col-md-12 mb-2 question\">Ajouter des photos ou des pi\u00e8ces jointes (en Option)<\/div>\n                        <div class=\"col-md-12\">\n                            <div class=\"box__input\" style=\"background-color: #e5f2f7;\"\n                                 ondrop=\"drop(event)\"\n                                 ondragover=\"allowDrop(event)\"\n                                 ondragleave=\"removeDropFx(event)\"\n                                >\n                                <input type=\"file\"\n                                       class=\"file__input\"\n                                       name=\"attachments[]\"\n                                       id=\"attachments\"\n                                       multiple=\"multiple\"\n                                       accept=\"image\/jpeg, image\/png, image\/gif, application\/pdf\"\n                                       data-multiple-caption=\"{count} files selected\">\n                                <div>\n                                    <label for=\"attachments\"><strong>S\u00e9lectionnez un fichier <\/strong>ou glissez-le ici<\/label>\n                                    <span class=\"box__button bobex-round-cta m-1 py-1\"\n                                          style=\"mix-blend-mode: luminosity\">\n                                        <i class=\"fas fa-cloud-upload-alt text-white\"><\/i>\n                                        T\u00e9l\u00e9charger\n                                    <\/span>\n                                <\/div>\n            \n                                <div class=\"row preview_wrapper m-0\"><\/div>\n                            <\/div>\n            \n                            <div class=\"box__uploading\">Uploading\u2026<\/div>\n                            <div class=\"box__success\">Done!<\/div>\n                            <div class=\"box__error\">Error! <span><\/span>.<\/div>\n                        <\/div>\n                    <\/div>\n                <\/div>    <div class=\"form-title\">\n        Vos donn\u00e9es\n    <\/div><div class=\"bob-form-contact-data\" style=\"padding: 20px\"><div class=\"row lead-info\"><div class=\"col-md-6 mb-3\">  <div class=\"form-group\">    <input value=\"\" type=\"text\" class=\"form-control\" id=\"firstName\" name=\"firstName\" placeholder=\"Pr\u00e9nom\" required>    <div class=\"valid-feedback\">Enchant\u00e9 !<\/div>    <div class=\"invalid-feedback\">Veuillez indiquer votre pr\u00e9nom<\/div>  <\/div><\/div><div class=\"col-md-6 mb-3\">  <div class=\"form-group\">    <input value=\"\" type=\"text\" class=\"form-control\" id=\"lastName\" name=\"lastName\" placeholder=\"Nom\" required>    <div class=\"valid-feedback\">Sympa<\/div>    <div class=\"invalid-feedback\">Veuillez indiquer votre nom de famille<\/div>  <\/div><\/div><div class=\"col-md-12 mb-3\">  <div class=\"form-group\">    <input value=\"\" type=\"email\" class=\"form-control\" id=\"email\" name=\"email\" placeholder=\"E-mail\" required style=\"max-width: unset;\">    <div class=\"valid-feedback\">C&rsquo;est tout bon<\/div>    <div class=\"invalid-feedback\">Veuillez indiquer une adresse e-mail valide<\/div>  <\/div><\/div><div class=\"col-md-12 mb-3\">  <div class=\"form-group\">    <input value=\"\" type=\"tel\" class=\"form-control\" id=\"phone\" name=\"phone\" placeholder=\"T\u00e9l\u00e9phone\" required style=\"max-width: unset;\">    <div class=\"valid-feedback\">Parfait<\/div>    <div class=\"invalid-feedback\">Veuillez indiquer un num\u00e9ro de t\u00e9l\u00e9phone valide<\/div>  <\/div><\/div><div class=\"col-md-12 mb-3\">  <div class=\"form-group\">    <input value=\"\" type=\"text\" class=\"form-control\" id=\"companyAddress\" name=\"companyAddress\" placeholder=\"Adresse\" required style=\"max-width: unset;\">    <div class=\"valid-feedback\">C&rsquo;est not\u00e9<\/div>    <div class=\"invalid-feedback\">Veuillez indiquer une adresse valide<\/div>  <\/div><\/div><div class=\"col-md-6 mb-3\">  <div class=\"form-group\">    <input value=\"\" type=\"text\" class=\"form-control\" id=\"companyPostalCode\" name=\"companyPostalCode\" placeholder=\"Code postal\" required>    <div class=\"valid-feedback\">Excellent !<\/div>    <div class=\"invalid-feedback\">Veuillez indiquer un code postal valide<\/div>  <\/div><\/div><div class=\"col-md-6 mb-3\">  <div class=\"form-group\">    <input value=\"\" type=\"text\" class=\"form-control\" id=\"companyCity\" name=\"companyCity\" placeholder=\"Ville\" required>    <div class=\"valid-feedback\">Bien jou\u00e9<\/div>    <div class=\"invalid-feedback\">Veuillez indiquer une ville valide<\/div>  <\/div><\/div><div class=\"d-flex mt-3\"><input name=\"promoOptin\" value=\"true\" id=\"promoOptin\" type=\"checkbox\" class=\"me-2\" style=\"width: unset\"><label for=\"promoOptin\">Je souhaite rester inform\u00e9 de ma demande et recevoir des conseils pratiques (fortement recommand\u00e9 !) <\/label><\/div><\/div><\/div><input type=\"hidden\" class=\"session_var\" name=\"newform\" value=\"true\"><input type=\"hidden\" class=\"session_var\" name=\"lead-validation-nonce\" value=\"24cd3332a7\"><input type=\"hidden\" class=\"session_var\" name=\"aff\" value=\"minisite\"><input type=\"hidden\" class=\"session_var\" name=\"utm_source\" value=\"https:\/\/www.bobex.be\/fr-be\/wp-json\/v2\/content\/212976\"><input type=\"hidden\" class=\"session_var\" name=\"bobx\" value=\"\"><input type=\"hidden\" class=\"session_var\" name=\"sessionType\" value=\"B2C\"><input type=\"hidden\" class=\"session_var\" name=\"utm_medium\" value=\"web\"><input type=\"hidden\" class=\"session_var\" name=\"utm_campaign\" value=\"search\"><input type=\"hidden\" class=\"session_var\" name=\"rem_source\" value=\"https:\/\/www.bobex.be\/fr-be\/enlevement-de-lamiante\/amiante-dans-la-maison\/plafonds-en-amiante\/\"><input type=\"hidden\" class=\"session_var\" name=\"pixel_id\" value=\"-1\"><input type=\"hidden\" class=\"session_var\" name=\"tabo_id\" value=\"-1\"><input type=\"hidden\" class=\"session_var\" name=\"click_id\" value=\"-1\"><input type=\"hidden\" class=\"session_var\" name=\"gclid\" value=\"-1\"><input type=\"hidden\" class=\"session_var\" name=\"msclkid\" value=\"-1\"><input type=\"hidden\" class=\"session_var\" name=\"past_aff\" value=\"bobex\"><input type=\"hidden\" class=\"session_var\" name=\"redirectTo\" value=\"BE\"><input type=\"hidden\" class=\"session_var\" name=\"is_type_id\" value=\"true\"><input type=\"hidden\" class=\"session_var\" name=\"typeid\" value=\"100045\"><input type=\"hidden\" class=\"session_var\" name=\"companyType\" value=\"label.companytype.consumer\"><input type=\"hidden\" class=\"session_var\" name=\"input_names\" value=\"XML_extra_radio2,XML_extra_check,XML_extra_radio3,XML_extra_radio4,XML_remarks\"><input type=\"hidden\" class=\"form_context\" value=\"BE\"><img decoding=\"async\" class=\"bobex-pixel\" src=\"\" alt=\"\" style=\"display:none\" \/>    <div class=\"bob-form-submit d-flex justify-content-center\">\n        <button type=\"submit\" class=\"form-submit\" style=\"background-color: #F1653A; color: white; border: none !important; border-radius: 5px !important; font-family: Roboto, sans-serif; font-size: 16px;\">\n            Demander un devis\n        <\/button>\n    <\/div>    <div class=\"bob-inline-form form-footer\" style=\"border-radius: 0 0 10px 10px\">\n        <div class=\"bob-form-privacy-text\">\n            <div style=\"float:left;\"><i class=\"fa fa-lock\"><\/i><\/div>\n            <div class=\"ms-2\">\n                <div style='padding-left: 15px;font-size: 0.8em !important;z-index: 10;'><b>Nous respectons votre vie priv\u00e9e<\/b><br> Conform\u00e9ment \u00e0 la loi du 8\/12\/1992 relative \u00e0 la protection de la vie priv\u00e9e, vous disposez d&rsquo;un droit d&rsquo;acc\u00e8s et de rectification \u00e0 vos donn\u00e9es. Pour en savoir plus, consultez notre <span class=\"link_ob\" data-link=\"aHR0cHM6Ly93d3cuYm9iZXguYmUvZnItYmUvcHJvdGVjdGlvbi1kZS1sYS12aWUtcHJpdmVlLw==\" target=\"_blank\">charte sur la vie priv\u00e9e<\/span>.<\/div>\n                \n            <\/div>\n        <\/div>\n    <\/div><\/form><\/div><div class=\"multiple_mini hidden\" data-lead_id=\"\"><p class=\"multiple-title\">Merci d&rsquo;avoir pris le temps de remplir ce formulaire<\/p><p>Nous vous contacterons d\u00e8s que possible pour vous orienter vers le meilleur sp\u00e9cialiste correspondant \u00e0 votre demande.<\/p><div class=\"multiple_wrapper\"><div class=\"loader\"><\/div><p class=\"multiple-title\">Vous cherchez d&rsquo;autres services ?<\/p><p class=\"multiple_text\">Vous souhaitez comparer d&rsquo;autres devis ou explorer d&rsquo;autres services ? Faites-le nous savoir et nous vous mettrons rapidement en relation<\/p><div class=\"multiple_container\"><div class=\"single_multiple multiple_button\" data-typeid=\"12005\"><i class=\"fa-3x cat icon-12005\"><\/i><span class=\"multiple_name\">R\u00e9novation totale (entrepreneurs)<\/span><\/div><div class=\"single_multiple multiple_button\" data-typeid=\"11962\"><i class=\"fa-3x cat icon-11962\"><\/i><span class=\"multiple_name\">Travaux de toiture<\/span><\/div><div class=\"single_multiple multiple_button\" data-typeid=\"11427\"><i class=\"fa-3x cat icon-11427\"><\/i><span class=\"multiple_name\">Isolation<\/span><\/div><div class=\"single_multiple multiple_button\" data-typeid=\"11406\"><i class=\"fa-3x cat icon-11406\"><\/i><span class=\"multiple_name\">Syst\u00e8me d&rsquo;alarme<\/span><\/div><div class=\"single_multiple multiple_button\" data-typeid=\"30007\"><i class=\"fa-3x cat icon-30007\"><\/i><span class=\"multiple_name\">Chauffage central<\/span><\/div><div class=\"single_multiple multiple_button\" data-typeid=\"100015\"><i class=\"fa-3x cat icon-100015\"><\/i><span class=\"multiple_name\">D\u00e9capage, sablage<\/span><\/div><\/div><\/div><\/div><\/div><\/div>\n\n\n<h2 class=\"wp-block-heading\"><span class=\"ez-toc-section\" id=\"FAQ_Amiante_dans_les_plafonds_questions_frequentes\"><\/span>FAQ : Amiante dans les plafonds : questions fr\u00e9quentes<span class=\"ez-toc-section-end\"><\/span><\/h2>\n\n\n\n<p>D\u00e9couvrez les r\u00e9ponses aux questions les plus courantes sur l\u2019amiante dans les plafonds, ses risques et la mani\u00e8re de l\u2019identifier.<\/p>\n\n\n\n<div class=\"wp-block-bobex-frequently-asked-questions bobex-faq-main-wrapper\">\n            <div class=\"bobex-simple-question-answer-block\">\n                <div class=\"bobex-simple-question-answer-block__question\" style=\"background-color: #63b0d1!important; color: white!important;\">\n                    <h3 style=\"color: white!important; margin:unset; font-size:1.2rem;\" class=\"bobex-simple-question-answer-block__question__content\"><span class=\"ez-toc-section\" id=\"Le_flocage_de_plafond_est-il_dangereux\"><\/span>Le flocage de plafond est-il dangereux ?<span class=\"ez-toc-section-end\"><\/span><\/h3>\n                    <div class=\"bobex-simple-question-answer-block__question__toggle\">+<\/div>\n                <\/div>\n                <div class=\"bobex-simple-question-answer-block__answer\" style=\"background-color: !important; color: black!important;\">\n                    <div class=\"bobex-simple-question-answer-block__answer__content\">Le\u00a0<strong>flocage<\/strong>\u00a0est un rev\u00eatement projet\u00e9 sur les plafonds pour\u00a0<strong>isolation ou protection contre le feu<\/strong>. Le\u00a0<strong>flocage de plafond\u00a0<\/strong>peut \u00eatre dangereux s\u2019il contient de l\u2019<strong>amiante projet\u00e9<\/strong>, car ce type de flocage est friable et lib\u00e8re facilement des fibres dans l\u2019air. L\u2019inhalation de ces fibres est un risque s\u00e9rieux pour la sant\u00e9. Si votre plafond est ancien et en flocage,\u00a0<strong>\u00e9vitez tout contact<\/strong>\u00a0et faites appel \u00e0 un professionnel pour l\u2019inspection ou le retrait.<\/div>\n                    <div>\n<div class=\"wp-block-bobex-simple-question-answer\"><\/div>\n<\/div>\n                <\/div>\n            <\/div>\n        \n\n\n            <div class=\"bobex-simple-question-answer-block\">\n                <div class=\"bobex-simple-question-answer-block__question\" style=\"background-color: #63b0d1!important; color: white!important;\">\n                    <h3 style=\"color: white!important; margin:unset; font-size:1.2rem;\" class=\"bobex-simple-question-answer-block__question__content\"><span class=\"ez-toc-section\" id=\"Comment_reconnaitre_un_faux_plafond_et_evaluer_le_danger_de_lamiante\"><\/span>Comment reconna\u00eetre un faux plafond et \u00e9valuer le danger de l\u2019amiante ?<span class=\"ez-toc-section-end\"><\/span><\/h3>\n                    <div class=\"bobex-simple-question-answer-block__question__toggle\">+<\/div>\n                <\/div>\n                <div class=\"bobex-simple-question-answer-block__answer\" style=\"background-color: !important; color: black!important;\">\n                    <div class=\"bobex-simple-question-answer-block__answer__content\">Il n\u2019est pas toujours facile de savoir si un faux plafond contient de l\u2019amiante. Pour l\u2019identifier, il faut observer :<br>La\u00a0<strong>texture<\/strong>\u00a0: plaques cartonn\u00e9es, fibreuses ou granuleuses<br>La\u00a0<strong>couleur<\/strong>\u00a0: brun clair, jaune ou gris<br>La\u00a0<strong>fragilit\u00e9<\/strong>\u00a0: plaques friables ou mousseuses<br>Cependant, la seule\u00a0<strong>inspection visuelle n\u2019est pas suffisante<\/strong>. Un professionnel agr\u00e9\u00e9 peut pr\u00e9lever un \u00e9chantillon et r\u00e9aliser un\u00a0<strong>diagnostic amiante<\/strong>\u00a0pour d\u00e9terminer si le plafond est dangereux et quelles mesures prendre.<\/div>\n                    <div>\n<div class=\"wp-block-bobex-simple-question-answer\"><\/div>\n<\/div>\n                <\/div>\n            <\/div>\n        \n\n\n            <div class=\"bobex-simple-question-answer-block\">\n                <div class=\"bobex-simple-question-answer-block__question\" style=\"background-color: #63b0d1!important; color: white!important;\">\n                    <h3 style=\"color: white!important; margin:unset; font-size:1.2rem;\" class=\"bobex-simple-question-answer-block__question__content\"><span class=\"ez-toc-section\" id=\"Les_dalles_et_lisolation_de_plafond_peuvent-elles_contenir_de_lamiante\"><\/span>Les dalles et l\u2019isolation de plafond peuvent-elles contenir de l\u2019amiante ?<span class=\"ez-toc-section-end\"><\/span><\/h3>\n                    <div class=\"bobex-simple-question-answer-block__question__toggle\">+<\/div>\n                <\/div>\n                <div class=\"bobex-simple-question-answer-block__answer\" style=\"background-color: !important; color: black!important;\">\n                    <div class=\"bobex-simple-question-answer-block__answer__content\">Oui, certaines\u00a0<strong>dalles de plafond<\/strong>, plaques de pl\u00e2tre ou mat\u00e9riaux d\u2019<strong>isolation thermique et acoustique<\/strong>\u00a0utilis\u00e9s avant les ann\u00e9es 1990 peuvent contenir de l\u2019amiante. Ces dalles de plafond peuvent \u00eatre pr\u00e9sents dans les\u00a0<strong>combles, les faux plafonds ou les locaux techniques<\/strong>. Si ces dalles de plafond \u00a0sont endommag\u00e9es ou manipul\u00e9es sans pr\u00e9caution, elles peuvent lib\u00e9rer des\u00a0<strong>fibres d\u2019amiante<\/strong>, dangereuses pour la sant\u00e9.\u00a0<\/div>\n                    <div>\n<div class=\"wp-block-bobex-simple-question-answer\"><\/div>\n<\/div>\n                <\/div>\n            <\/div>\n        <\/div>\n\n                    <script type=\"application\/ld+json\">\n                        {\"@context\":\"https:\\\/\\\/schema.org\",\"@type\":\"FAQPage\",\"mainEntity\":[{\"@type\":\"Question\",\"name\":\"Le flocage de plafond est-il dangereux ?\",\"acceptedAnswer\":{\"@type\":\"Answer\",\"text\":\"Le\\u00a0<strong>flocage<\\\/strong>\\u00a0est un rev\\u00eatement projet\\u00e9 sur les plafonds pour\\u00a0<strong>isolation ou protection contre le feu<\\\/strong>. Le\\u00a0<strong>flocage de plafond\\u00a0<\\\/strong>peut \\u00eatre dangereux s\\u2019il contient de l\\u2019<strong>amiante projet\\u00e9<\\\/strong>, car ce type de flocage est friable et lib\\u00e8re facilement des fibres dans l\\u2019air. L\\u2019inhalation de ces fibres est un risque s\\u00e9rieux pour la sant\\u00e9. Si votre plafond est ancien et en flocage,\\u00a0<strong>\\u00e9vitez tout contact<\\\/strong>\\u00a0et faites appel \\u00e0 un professionnel pour l\\u2019inspection ou le retrait.\"}},{\"@type\":\"Question\",\"name\":\"Comment reconna\\u00eetre un faux plafond et \\u00e9valuer le danger de l\\u2019amiante ?\",\"acceptedAnswer\":{\"@type\":\"Answer\",\"text\":\"Il n\\u2019est pas toujours facile de savoir si un faux plafond contient de l\\u2019amiante. Pour l\\u2019identifier, il faut observer :<br>La\\u00a0<strong>texture<\\\/strong>\\u00a0: plaques cartonn\\u00e9es, fibreuses ou granuleuses<br>La\\u00a0<strong>couleur<\\\/strong>\\u00a0: brun clair, jaune ou gris<br>La\\u00a0<strong>fragilit\\u00e9<\\\/strong>\\u00a0: plaques friables ou mousseuses<br>Cependant, la seule\\u00a0<strong>inspection visuelle n\\u2019est pas suffisante<\\\/strong>. Un professionnel agr\\u00e9\\u00e9 peut pr\\u00e9lever un \\u00e9chantillon et r\\u00e9aliser un\\u00a0<strong>diagnostic amiante<\\\/strong>\\u00a0pour d\\u00e9terminer si le plafond est dangereux et quelles mesures prendre.\"}},{\"@type\":\"Question\",\"name\":\"Les dalles et l\\u2019isolation de plafond peuvent-elles contenir de l\\u2019amiante ?\",\"acceptedAnswer\":{\"@type\":\"Answer\",\"text\":\"Oui, certaines\\u00a0<strong>dalles de plafond<\\\/strong>, plaques de pl\\u00e2tre ou mat\\u00e9riaux d\\u2019<strong>isolation thermique et acoustique<\\\/strong>\\u00a0utilis\\u00e9s avant les ann\\u00e9es 1990 peuvent contenir de l\\u2019amiante. Ces dalles de plafond peuvent \\u00eatre pr\\u00e9sents dans les\\u00a0<strong>combles, les faux plafonds ou les locaux techniques<\\\/strong>. Si ces dalles de plafond \\u00a0sont endommag\\u00e9es ou manipul\\u00e9es sans pr\\u00e9caution, elles peuvent lib\\u00e9rer des\\u00a0<strong>fibres d\\u2019amiante<\\\/strong>, dangereuses pour la sant\\u00e9.\\u00a0\"}}]}\n                    <\/script>\n                ","protected":false},"featured_media":0,"parent":212082,"template":"","meta":{"business":"46648","footnotes":""},"class_list":["post-212976","content","type-content","status-publish","hentry"],"_links":{"self":[{"href":"https:\/\/www.bobex.be\/fr-be\/wp-json\/wp\/v2\/content\/212976","targetHints":{"allow":["GET"]}}],"collection":[{"href":"https:\/\/www.bobex.be\/fr-be\/wp-json\/wp\/v2\/content"}],"about":[{"href":"https:\/\/www.bobex.be\/fr-be\/wp-json\/wp\/v2\/types\/content"}],"version-history":[{"count":8,"href":"https:\/\/www.bobex.be\/fr-be\/wp-json\/wp\/v2\/content\/212976\/revisions"}],"predecessor-version":[{"id":217758,"href":"https:\/\/www.bobex.be\/fr-be\/wp-json\/wp\/v2\/content\/212976\/revisions\/217758"}],"up":[{"embeddable":true,"href":"https:\/\/www.bobex.be\/fr-be\/wp-json\/wp\/v2\/content\/212082"}],"wp:attachment":[{"href":"https:\/\/www.bobex.be\/fr-be\/wp-json\/wp\/v2\/media?parent=212976"}],"curies":[{"name":"wp","href":"https:\/\/api.w.org\/{rel}","templated":true}]}}