{"id":212115,"date":"2025-08-20T12:47:23","date_gmt":"2025-08-20T12:47:23","guid":{"rendered":"https:\/\/www.bobex.be\/fr-be\/?post_type=content&#038;p=212115"},"modified":"2025-08-20T12:54:17","modified_gmt":"2025-08-20T12:54:17","slug":"reglementation-amiante","status":"publish","type":"content","link":"https:\/\/www.bobex.be\/fr-be\/enlevement-de-lamiante\/reglementation-amiante\/","title":{"rendered":"Quelles sont les r\u00e9glementations et obligations sur l&rsquo;amiante en Belgique ?"},"content":{"rendered":"\n<div id=\"ez-toc-container\" class=\"ez-toc-v2_0_82_2 counter-hierarchy ez-toc-counter ez-toc-grey ez-toc-container-direction\">\n<div class=\"ez-toc-title-container\">\n<p class=\"ez-toc-title\" style=\"cursor:inherit\">Sommaire<\/p>\n<span class=\"ez-toc-title-toggle\"><a href=\"#\" class=\"ez-toc-pull-right ez-toc-btn ez-toc-btn-xs ez-toc-btn-default ez-toc-toggle\" aria-label=\"Toggle Table of Content\"><span class=\"ez-toc-js-icon-con\"><span class=\"\"><span class=\"eztoc-hide\" style=\"display:none;\">Toggle<\/span><span class=\"ez-toc-icon-toggle-span\"><svg style=\"fill: #999;color:#999\" xmlns=\"http:\/\/www.w3.org\/2000\/svg\" class=\"list-377408\" width=\"20px\" height=\"20px\" viewBox=\"0 0 24 24\" fill=\"none\"><path d=\"M6 6H4v2h2V6zm14 0H8v2h12V6zM4 11h2v2H4v-2zm16 0H8v2h12v-2zM4 16h2v2H4v-2zm16 0H8v2h12v-2z\" fill=\"currentColor\"><\/path><\/svg><svg style=\"fill: #999;color:#999\" class=\"arrow-unsorted-368013\" xmlns=\"http:\/\/www.w3.org\/2000\/svg\" width=\"10px\" height=\"10px\" viewBox=\"0 0 24 24\" version=\"1.2\" baseProfile=\"tiny\"><path d=\"M18.2 9.3l-6.2-6.3-6.2 6.3c-.2.2-.3.4-.3.7s.1.5.3.7c.2.2.4.3.7.3h11c.3 0 .5-.1.7-.3.2-.2.3-.5.3-.7s-.1-.5-.3-.7zM5.8 14.7l6.2 6.3 6.2-6.3c.2-.2.3-.5.3-.7s-.1-.5-.3-.7c-.2-.2-.4-.3-.7-.3h-11c-.3 0-.5.1-.7.3-.2.2-.3.5-.3.7s.1.5.3.7z\"\/><\/svg><\/span><\/span><\/span><\/a><\/span><\/div>\n<nav><ul class='ez-toc-list ez-toc-list-level-1 eztoc-toggle-hide-by-default' ><li class='ez-toc-page-1 ez-toc-heading-level-2'><a class=\"ez-toc-link ez-toc-heading-1\" href=\"https:\/\/www.bobex.be\/fr-be\/enlevement-de-lamiante\/reglementation-amiante\/#Quelles_sont_les_reglementations_les_plus_recentes_en_matiere_de_desamiantage_dun_batiment_en_Belgique\" >Quelles sont les r\u00e9glementations les plus r\u00e9centes en mati\u00e8re de d\u00e9samiantage d&rsquo;un b\u00e2timent en Belgique ?<\/a><ul class='ez-toc-list-level-3' ><li class='ez-toc-heading-level-3'><a class=\"ez-toc-link ez-toc-heading-2\" href=\"https:\/\/www.bobex.be\/fr-be\/enlevement-de-lamiante\/reglementation-amiante\/#1_Region_flamande\" >1. R\u00e9gion flamande<\/a><\/li><li class='ez-toc-page-1 ez-toc-heading-level-3'><a class=\"ez-toc-link ez-toc-heading-3\" href=\"https:\/\/www.bobex.be\/fr-be\/enlevement-de-lamiante\/reglementation-amiante\/#2_Region_wallonne\" >2. R\u00e9gion wallonne<\/a><\/li><li class='ez-toc-page-1 ez-toc-heading-level-3'><a class=\"ez-toc-link ez-toc-heading-4\" href=\"https:\/\/www.bobex.be\/fr-be\/enlevement-de-lamiante\/reglementation-amiante\/#3_Region_de_Bruxelles-Capitale\" >3. R\u00e9gion de Bruxelles-Capitale<\/a><\/li><\/ul><\/li><li class='ez-toc-page-1 ez-toc-heading-level-2'><a class=\"ez-toc-link ez-toc-heading-5\" href=\"https:\/\/www.bobex.be\/fr-be\/enlevement-de-lamiante\/reglementation-amiante\/#Quand_lamiante_a-t-il_ete_interdit_dans_les_maisons_en_Belgique\" >Quand l&rsquo;amiante a-t-il \u00e9t\u00e9 interdit dans les maisons en Belgique ?<\/a><\/li><li class='ez-toc-page-1 ez-toc-heading-level-2'><a class=\"ez-toc-link ez-toc-heading-6\" href=\"https:\/\/www.bobex.be\/fr-be\/enlevement-de-lamiante\/reglementation-amiante\/#Linventaire_de_lamiante_est-il_une_obligation\" >L&rsquo;inventaire de l&rsquo;amiante est-il une obligation ?<\/a><\/li><li class='ez-toc-page-1 ez-toc-heading-level-2'><a class=\"ez-toc-link ez-toc-heading-7\" href=\"https:\/\/www.bobex.be\/fr-be\/enlevement-de-lamiante\/reglementation-amiante\/#Dans_quel_cas_un_certificat_damiante_est-il_obligatoire\" >Dans quel cas un certificat d&rsquo;amiante est-il obligatoire ?<\/a><\/li><li class='ez-toc-page-1 ez-toc-heading-level-2'><a class=\"ez-toc-link ez-toc-heading-8\" href=\"https:\/\/www.bobex.be\/fr-be\/enlevement-de-lamiante\/reglementation-amiante\/#Quelles_sont_les_reglementations_pour_lelimination_de_lamiante_concernant_les_particuliers_et_les_professionnels\" >Quelles sont les r\u00e9glementations pour l&rsquo;\u00e9limination de l&rsquo;amiante concernant les particuliers et les professionnels ?<\/a><ul class='ez-toc-list-level-3' ><li class='ez-toc-heading-level-3'><a class=\"ez-toc-link ez-toc-heading-9\" href=\"https:\/\/www.bobex.be\/fr-be\/enlevement-de-lamiante\/reglementation-amiante\/#Ce_quun_particulier_peut_eliminer_lui-meme_regles_du_parc_de_recyclage\" >Ce qu&rsquo;un particulier peut \u00e9liminer lui-m\u00eame : r\u00e8gles du parc de recyclage<\/a><\/li><li class='ez-toc-page-1 ez-toc-heading-level-3'><a class=\"ez-toc-link ez-toc-heading-10\" href=\"https:\/\/www.bobex.be\/fr-be\/enlevement-de-lamiante\/reglementation-amiante\/#Par_un_entrepreneur_agree_pour_eviter_tout_danger\" >Par un entrepreneur agr\u00e9\u00e9 pour \u00e9viter tout danger<\/a><ul class='ez-toc-list-level-4' ><li class='ez-toc-heading-level-4'><a class=\"ez-toc-link ez-toc-heading-11\" href=\"https:\/\/www.bobex.be\/fr-be\/enlevement-de-lamiante\/reglementation-amiante\/#Reglementation_sur_la_longueur_des_fibres_damiante\" >R\u00e9glementation sur la longueur des fibres d&rsquo;amiante<\/a><\/li><\/ul><\/li><li class='ez-toc-page-1 ez-toc-heading-level-3'><a class=\"ez-toc-link ez-toc-heading-12\" href=\"https:\/\/www.bobex.be\/fr-be\/enlevement-de-lamiante\/reglementation-amiante\/#Obligations_pour_les_employeurs\" >Obligations pour les employeurs<\/a><\/li><\/ul><\/li><li class='ez-toc-page-1 ez-toc-heading-level-2'><a class=\"ez-toc-link ez-toc-heading-13\" href=\"https:\/\/www.bobex.be\/fr-be\/enlevement-de-lamiante\/reglementation-amiante\/#Elimination_de_lamiante_le_faire_soi-meme_ou_le_faire_faire\" >\u00c9limination de l&rsquo;amiante : le faire soi-m\u00eame ou le faire faire ?<\/a><ul class='ez-toc-list-level-3' ><li class='ez-toc-heading-level-3'><a class=\"ez-toc-link ez-toc-heading-14\" href=\"https:\/\/www.bobex.be\/fr-be\/enlevement-de-lamiante\/reglementation-amiante\/#Pouvez-vous_desamianter_vous-meme_ou_avez-vous_besoin_dun_permis\" >Pouvez-vous d\u00e9samianter vous-m\u00eame ou avez-vous besoin d&rsquo;un permis ?<\/a><\/li><\/ul><\/li><li class='ez-toc-page-1 ez-toc-heading-level-2'><a class=\"ez-toc-link ez-toc-heading-15\" href=\"https:\/\/www.bobex.be\/fr-be\/enlevement-de-lamiante\/reglementation-amiante\/#Faites_appel_a_un_desamianteur_agree_Nous_vous_mettons_gratuitement_en_contact_avec_des_specialistes\" >Faites appel \u00e0 un d\u00e9samianteur agr\u00e9\u00e9. Nous vous mettons gratuitement en contact avec des sp\u00e9cialistes !<\/a><\/li><li class='ez-toc-page-1 ez-toc-heading-level-2'><a class=\"ez-toc-link ez-toc-heading-16\" href=\"https:\/\/www.bobex.be\/fr-be\/enlevement-de-lamiante\/reglementation-amiante\/#FAQ_Vos_questions_sur_le_desamiantage_en_Belgique\" >FAQ : Vos questions sur le d\u00e9samiantage en Belgique<\/a><ul class='ez-toc-list-level-3' ><li class='ez-toc-heading-level-3'><a class=\"ez-toc-link ez-toc-heading-17\" href=\"https:\/\/www.bobex.be\/fr-be\/enlevement-de-lamiante\/reglementation-amiante\/#En_quelle_annee_la_Belgique_souhaite-t-elle_etre_debarrassee_de_lamiante\" >En quelle ann\u00e9e la Belgique souhaite-t-elle \u00eatre d\u00e9barrass\u00e9e de l&rsquo;amiante ?<\/a><\/li><li class='ez-toc-page-1 ez-toc-heading-level-3'><a class=\"ez-toc-link ez-toc-heading-18\" href=\"https:\/\/www.bobex.be\/fr-be\/enlevement-de-lamiante\/reglementation-amiante\/#Est-il_obligatoire_denlever_lamiante_dune_toiture\" >Est-il obligatoire d&rsquo;enlever l&rsquo;amiante d&rsquo;une toiture ?\u00a0<\/a><\/li><li class='ez-toc-page-1 ez-toc-heading-level-3'><a class=\"ez-toc-link ez-toc-heading-19\" href=\"https:\/\/www.bobex.be\/fr-be\/enlevement-de-lamiante\/reglementation-amiante\/#Pouvez-vous_beneficier_dune_prime_ou_dune_subvention_pour_le_retrait_de_lamiante\" >Pouvez-vous b\u00e9n\u00e9ficier d&rsquo;une prime ou d&rsquo;une subvention pour le retrait de l&rsquo;amiante ?<\/a><\/li><li class='ez-toc-page-1 ez-toc-heading-level-3'><a class=\"ez-toc-link ez-toc-heading-20\" href=\"https:\/\/www.bobex.be\/fr-be\/enlevement-de-lamiante\/reglementation-amiante\/#Linterdiction_de_lamiante_en_Belgique_sapplique-t-elle_aussi_aux_renovations\" >L\u2019interdiction de l\u2019amiante en Belgique s\u2019applique-t-elle aussi aux r\u00e9novations ?<\/a><\/li><\/ul><\/li><\/ul><\/nav><\/div>\n<h2 class=\"wp-block-heading\"><span class=\"ez-toc-section\" id=\"Quelles_sont_les_reglementations_les_plus_recentes_en_matiere_de_desamiantage_dun_batiment_en_Belgique\"><\/span>Quelles sont les r\u00e9glementations les plus r\u00e9centes en mati\u00e8re de d\u00e9samiantage d&rsquo;un b\u00e2timent en Belgique ?<span class=\"ez-toc-section-end\"><\/span><\/h2>\n\n\n\n<p>En Belgique, vous n&rsquo;\u00eates g\u00e9n\u00e9ralement pas tenu de faire d\u00e9samianter votre b\u00e2timent, sauf si l&rsquo;amiante est en <strong>tr\u00e8s mauvais \u00e9tat<\/strong>.<\/p>\n\n\n\n<p>Les autorit\u00e9s r\u00e9gionales ont le pouvoir d&rsquo;\u00e9tablir des r\u00e8glements en mati\u00e8re d&rsquo;environnement et de construction. Ces r\u00e8gles peuvent varier d&rsquo;une r\u00e9gion \u00e0 l&rsquo;autre. Il est donc important de v\u00e9rifier <strong>quelles lois ou base r\u00e9glementaire s&rsquo;appliquent \u00e0 votre situation<\/strong>.<\/p>\n\n\n\n<p>Cela permet de garantir la s\u00e9curit\u00e9 de vos activit\u00e9s, de prot\u00e9ger la sant\u00e9 des travailleurs contre les risques li\u00e9s \u00e0 l&rsquo;amiante et vous aidera \u00e0 mieux comprendre toutes les exigences et les obligations en mati\u00e8re d&rsquo;amiante.<\/p>\n\n\n\n<p>La l\u00e9gislation relative \u00e0 l&rsquo;amiante est surtout <strong>r\u00e9gionale<\/strong>, bien que certaines lois f\u00e9d\u00e9rales, comme le code du bien-\u00eatre au travail avec l\u2019arr\u00eat\u00e9 royal sur l&rsquo;amiante, ont pour but but d&rsquo;encadrer l\u2019utilisation de l&rsquo;amiante sur le lieu de travail.<\/p>\n\n\n\n<h3 class=\"wp-block-heading\"><span class=\"ez-toc-section\" id=\"1_Region_flamande\"><\/span>1. R\u00e9gion flamande<span class=\"ez-toc-section-end\"><\/span><\/h3>\n\n\n\n<p>Si vous effectuez des travaux dans votre habitation en Flandre, vous \u00eates <strong>tenu d&rsquo;\u00e9liminer tous les mat\u00e9riaux contenant de l&rsquo;amiante<\/strong>, qu&rsquo;ils soient <strong>endommag\u00e9s ou non<\/strong>.&nbsp;<\/p>\n\n\n\n<p>En 2018, le plan d&rsquo;action pour l&rsquo;\u00e9limination de l&rsquo;amiante est entr\u00e9 en vigueur. L&rsquo;objectif de ce plan d&rsquo;action est de r\u00e9duire rapidement la pr\u00e9sence d&rsquo;amiante afin de cr\u00e9er, \u00e0 court et long terme une Flandre \u00ab\u00a0asbestos-free\u00a0\u00bb. Il comprend notamment la sensibilisation, le soutien financier, l&rsquo;application et le contr\u00f4le de l&rsquo;amiante.<\/p>\n\n\n\n<p>Un <strong>inventaire de l&rsquo;amiante<\/strong> \u00e9tabli par l&rsquo;Office Public Flamand pour la Gestion des D\u00e9chets (OVAM) sera obligatoire pour chaque b\u00e2timent <strong>\u00e0 partir de 2032<\/strong>. D\u2019ici 2040, le gouvernement souhaite garantir un environnement s\u00fbr, maintenir le bien-\u00eatre des habitants et assurer une pr\u00e9sence d\u2019agents canc\u00e9rig\u00e8nes la plus basse possible.<\/p>\n\n\n\n<p>En Flandre, chaque plan de suivi de d\u00e9molition, anciennement appel\u00e9 inventaire de d\u00e9molition, doit contenir un inventaire destructif de l&rsquo;amiante. L&rsquo;OVAM impose un plan de suivi de d\u00e9molition pour les b\u00e2timents non r\u00e9sidentiels d&rsquo;une superficie sup\u00e9rieure \u00e0 1.000 m\u00b2 et les b\u00e2timents r\u00e9sidentiels d&rsquo;une superficie sup\u00e9rieure \u00e0 5.000 m\u00b2.<\/p>\n\n\n\n<p><strong>Le d\u00e9cret sur les mat\u00e9riaux<\/strong> concerne la gestion durable des mat\u00e9riaux. Il traite de l&rsquo;\u00e9limination et de la r\u00e9duction des d\u00e9chets, mais aussi de la r\u00e9utilisation et du recyclage. Les points suivants ne sont <strong>pas autoris\u00e9s<\/strong> selon le d\u00e9cret sur l&rsquo;amiante :<\/p>\n\n\n\n<ul class=\"wp-block-list\">\n<li>R\u00e9utiliser des mat\u00e9riaux contenant de l&rsquo;amiante pendant les travaux.<\/li>\n\n\n\n<li>Laisser en place des mat\u00e9riaux contenant de l&rsquo;amiante \u00e0 risque.<\/li>\n\n\n\n<li>R\u00e9aliser des constructions sur un toit ou une fa\u00e7ade en amiante (cela vaut \u00e9galement pour les panneaux solaires).<\/li>\n\n\n\n<li>Nettoyer ou d\u00e9mousser un toit ou une fa\u00e7ade en amiante-ciment ou en amiante.<\/li>\n<\/ul>\n\n\n\n            <div style=\"\n            --icon-bg-color: #17518d ;\n            --maskUrl:url( https:\/\/www.bobex.be\/fr-be\/wp-content\/plugins\/bobex-blocks\/img\/mask.svg );\n            --title-color:#10375e;\n            --bg-color: #d1e8f2;\n            --content-color:#5c5c5c\n        \" class=\"bobex-block-maindiv\" >\n                    <div class=\"bobex-tip-block__icon-area\">\n                        <img decoding=\"async\" src=\"https:\/\/www.bobex.be\/fr-be\/wp-content\/plugins\/bobex-blocks\/img\/advice.png\" alt=\"adive-icon\" class=\"bobex-tip-block__tipsLogo\"\/>\n                    <\/div>\n                    <div class=\"bobex-tip-block__content-area p-2\">\n                        <p class=\"bobex-block-tips-title\">Vous vendez une maison en Flandre ?<\/p>\n                        <p class=\"bobex-block-tips-content\"><\/p>\n                        <div>\n<div class=\"wp-block-bobex-advice\">\n<p> Il est aujourd&rsquo;hui obligatoire de faire \u00e9tablir un <strong>certificat d&rsquo;amiante<\/strong> si votre maison a \u00e9t\u00e9 construite avant 2001 ou si la demande de permis de construire date d&rsquo;avant 2001. Cette mesure vise \u00e0 prot\u00e9ger le bien-\u00eatre et la sant\u00e9 des citoyens.<\/p>\n<\/div>\n<\/div>\n                    <\/div>\n            <\/div>\n        \n\n\n<figure class=\"wp-block-image size-large\"><img decoding=\"async\" width=\"1024\" height=\"538\" src=\"https:\/\/www.bobex.be\/wp-uploads\/sites\/2\/chantier-amiante-1024x538.jpg\" alt=\"Panneau de danger, car zone d'enl\u00e8vement d'amiante.\" class=\"wp-image-212184\"\/><\/figure>\n\n\n\n<p>Une loi compl\u00e9mentaire a \u00e9t\u00e9 approuv\u00e9e en 2007. Elle permet au bourgmestre de prendre des mesures dans sa commune sur la base de ses propres constatations.<\/p>\n\n\n\n<h3 class=\"wp-block-heading\"><span class=\"ez-toc-section\" id=\"2_Region_wallonne\"><\/span>2. R\u00e9gion wallonne<span class=\"ez-toc-section-end\"><\/span><\/h3>\n\n\n\n<p>Tout comme en Flandre, la l\u00e9gislation f\u00e9d\u00e9rale relative \u00e0 l&rsquo;amiante s&rsquo;applique aussi en Wallonie. La Wallonie <strong>ne dispose pas encore d&rsquo;une r\u00e9glementation r\u00e9gionale distincte<\/strong> en mati\u00e8re d&rsquo;amiante. Elle devrait toutefois suivre le plan flamand visant r\u00e9duire la totalit\u00e9 d&rsquo;amiante et \u00e0 garantir un environnement de vie s\u00fbr d&rsquo;ici \u00e0 2040.<\/p>\n\n\n\n<p>Il existe tout de m\u00eame quelques <strong>obligations r\u00e9gionales sp\u00e9cifiques<\/strong> concernant la gestion des risques et l&rsquo;\u00e9limination de l&rsquo;amiante. Notamment :<\/p>\n\n\n\n<ul class=\"wp-block-list\">\n<li>Lors de la mise sur le march\u00e9 d&rsquo;un bien immobilier, la r\u00e9alisation d&rsquo;un inventaire amiante est fortement recommand\u00e9e, bien que non-obligatoire.<\/li>\n\n\n\n<li>L&rsquo;utilisation d&#8217;emballages r\u00e9glementaires est n\u00e9cessaire pour le transport et l&rsquo;\u00e9limination des d\u00e9chets amiant\u00e9s.<\/li>\n\n\n\n<li>L&rsquo;utilisation d&rsquo;un nettoyeur \u00e0 haute pression est interdite sur un toit contenant de l&rsquo;amiante.<\/li>\n<\/ul>\n\n\n\n<h3 class=\"wp-block-heading\"><span class=\"ez-toc-section\" id=\"3_Region_de_Bruxelles-Capitale\"><\/span>3. R\u00e9gion de Bruxelles-Capitale<span class=\"ez-toc-section-end\"><\/span><\/h3>\n\n\n\n<p>Vous souhaitez effectuer des travaux dans la R\u00e9gion de Bruxelles-Capitale ? Dans ce cas, un <strong>inventaire de l&rsquo;amiante<\/strong> est obligatoire pour les b\u00e2timents de plus de 500 m\u00b2. Cette obligation s&rsquo;applique uniquement aux b\u00e2timents dont le permis de construire a \u00e9t\u00e9 d\u00e9livr\u00e9 avant le 30 septembre 1998.<\/p>\n\n\n\n<p>Si vous effectuez des travaux dans un b\u00e2timent se trouvant dans la R\u00e9gion de Bruxelles-Capitale, quelle que soit sa superficie, vous \u00eates tenu&nbsp;<strong>d&rsquo;\u00e9liminer tous les mat\u00e9riaux contenant de l&rsquo;amiante qui ne peuvent \u00eatre conserv\u00e9s intacts<\/strong>. Cela s&rsquo;applique principalement \u00e0 la d\u00e9molition totale ou partielle d&rsquo;un b\u00e2timent, mais aussi \u00e0 d&rsquo;autres travaux, comme la pose de panneaux solaires.<\/p>\n\n\n\n<p>Pour l&rsquo;enl\u00e8vement ou l&rsquo;encapsulation de l&rsquo;amiante lors d&rsquo;une r\u00e9novation ou d&rsquo;une d\u00e9molition, vous devez obtenir un <strong>permis environnemental <\/strong>et<strong> r\u00e9aliser un inventaire de l&rsquo;amiante<\/strong>. Vous devez en faire la demande aupr\u00e8s de votre commune et de Bruxelles Environnement.&nbsp;<\/p>\n\n\n\n            <div class=\"bobex-lightblock-maindiv\" style=\"\n            --content-color:#5c5c5c;\n        \">\n                <div class=\"bobex-tip-light-block__icon-area\">\n                    <div class=\"bobex-tip-light-icon-container\">\n                        <img decoding=\"async\" src=\"https:\/\/www.bobex.be\/fr-be\/wp-content\/plugins\/bobex-blocks\/img\/advice.png \" alt=\"advice-icon\" class=\"bobex-tip-light-block__tipsBlueLogo\"\/>\n                    <\/div>\n                <\/div>\n                <div class=\"bobex-tip-light-block__content-area\">\n                    <p class=\"bobex-block-tips-content\"><\/p>\n                    <div>\n<div class=\"wp-block-bobex-advice-light\">\n<p>Il est interdit de nettoyer des toitures amiant\u00e9es avec un nettoyeur haute pression, comme en Wallonie.<\/p>\n\n\n<div class='bobex-cta-block' style='\n            --button-bg-color: #e13c0e;\n            --button-text-color: #ffffff;\n            --banner-bg-color: #aad4e6;\n            --arrow-main-bg-color: #aad4e6;\n            --arrow-secondary-bg-color: #e5f2f7;\n            --banner-title-color: #10375e;\n            --arrow-title-color: #10375e;\n            --banner-text-color: #545454;\n            --arrow-text-color: #545454;         \n            --invert-range: 0deg;\n        '><a class='cta-button-rounded' href='#ppp'>Faites appel \u00e0 un specialiste pour vous travaux de d\u00e9samiantage<\/a><\/div><\/div>\n<\/div>\n                <\/div>\n            <\/div>\n        \n\n\n<h2 class=\"wp-block-heading\"><span class=\"ez-toc-section\" id=\"Quand_lamiante_a-t-il_ete_interdit_dans_les_maisons_en_Belgique\"><\/span>Quand l&rsquo;amiante a-t-il \u00e9t\u00e9 interdit dans les maisons en Belgique ?<span class=\"ez-toc-section-end\"><\/span><\/h2>\n\n\n\n<p>L&rsquo;interdiction de l&rsquo;amiante est en vigueur <strong>depuis 2001<\/strong>. Si votre habitation a \u00e9t\u00e9 construite avant 2001, il est probable que de l&rsquo;amiante ait \u00e9t\u00e9 utilis\u00e9 dans le b\u00e2timent. C&rsquo;est pourquoi, en Flandre, il est obligatoire de faire \u00e9tablir un <strong>certificat d&rsquo;amiante<\/strong> bas\u00e9 sur un inventaire de l&rsquo;amiante lors de la vente de ces b\u00e2timents.<\/p>\n\n\n\n<h2 class=\"wp-block-heading\"><span class=\"ez-toc-section\" id=\"Linventaire_de_lamiante_est-il_une_obligation\"><\/span>L&rsquo;inventaire de l&rsquo;amiante est-il une obligation ?<span class=\"ez-toc-section-end\"><\/span><\/h2>\n\n\n\n<p>Cela d\u00e9pend des r\u00e9gions. En Wallonie, l&rsquo;inventaire de l&rsquo;amiante <strong>n&rsquo;est pas obligatoire<\/strong> mais simplement recommand\u00e9 lors de la vente d&rsquo;un bien immobilier.<\/p>\n\n\n\n<p>En R\u00e9gion de Bruxelles-Capitale, cet inventaire est obligatoire dans le cas d&rsquo;une d\u00e9molition ou transformation d&rsquo;un b\u00e2timent de plus de 500 m\u00b2 ou sur les chantiers d&rsquo;enl\u00e8vement et d&rsquo;encapsulation de l&rsquo;amiante.<\/p>\n\n\n\n<p>En Flandre cependant, un inventaire de l&rsquo;amiante est non seulement obligatoire lors de la vente d&rsquo;une maison, mais il existe \u00e9galement d&rsquo;autres situations dans lesquelles un&nbsp;<strong>inventaire est obligatoire<\/strong> :<\/p>\n\n\n\n<ul class=\"wp-block-list\">\n<li>Lors de travaux de construction ou de r\u00e9novation&nbsp;pouvant exposer les travailleurs aux risques de l\u2019amiante dans l\u2019air.<\/li>\n\n\n\n<li>Travaux de d\u00e9molition de constructions pr\u00e9sentant un risque d&rsquo;exposition \u00e0 l&rsquo;amiante.<\/li>\n\n\n\n<li>Tous les autres travaux pr\u00e9sentant un risque d&rsquo;exposition \u00e0 l&rsquo;amiante.<\/li>\n<\/ul>\n\n\n\n            <div class=\"bobex-highlight-global-div\" style=\"\n            --line-color: #17518d;\n            --bg-color: #e5f2f7;\n            --content-color:#10375e;\n            --title-color: #10375e;\n        \">\n                    <div class=\"bobex-highlight-block__border\">\n                        <div class=\"bobex--block_highlight_content-area\">\n                            <p class=\"bobex-block-highlight-title\"><\/p>\n                            <p class=\"bobex-block-highlight-content\">\n                            \t<div>\n<div class=\"wp-block-bobex-highlight\">\n<p>Il existe des inventaires <strong>destructifs et non destructifs<\/strong>. L&rsquo;inventaire destructif est \u00e9tabli lors de travaux d&rsquo;entretien ou de r\u00e9novation ou lorsqu&rsquo;un b\u00e2timent doit \u00eatre d\u00e9moli. Il d\u00e9crit tous les mat\u00e9riaux contenant de l&rsquo;amiante. L&rsquo;\u00e9tablissement de cet inventaire n\u00e9cessite une approche destructive. L&rsquo;inventaire non destructif ne d\u00e9crit que les sources d&rsquo;amiante directement observables.<\/p>\n<\/div>\n<\/div>\n                            <\/p>\n                        <\/div>\n                    <\/div>\n            <\/div>\n        \n\n\n<h2 class=\"wp-block-heading\"><span class=\"ez-toc-section\" id=\"Dans_quel_cas_un_certificat_damiante_est-il_obligatoire\"><\/span>Dans quel cas un certificat d&rsquo;amiante est-il obligatoire ?<span class=\"ez-toc-section-end\"><\/span><\/h2>\n\n\n\n<p>Si vous vendez un b\u00e2timent construit avant 2001 en Flandre, un&nbsp;<strong><a href=\"https:\/\/www.bobex.be\/fr-be\/enlevement-de-lamiante\/certificat-amiante\/\" target=\"_blank\" rel=\"noreferrer noopener\">certificat d&rsquo;amiante<\/a> valide<\/strong> est obligatoire depuis 2022. Ce document n\u00e9cessite un <strong>inventaire non destructif<\/strong>. Apr\u00e8s l&rsquo;inventaire, l&rsquo;OVAM d\u00e9livre un certificat d&rsquo;amiante unique. Un certificat d&rsquo;amiante standard est valable&nbsp;<strong>10 ans<\/strong> ou jusqu&rsquo;\u00e0 ce qu&rsquo;un nouveau certificat soit \u00e9tabli. Le certificat est ajout\u00e9 au passeport \u00e9nerg\u00e9tique du logement.<\/p>\n\n\n\n<p>Le certificat indique quels mat\u00e9riaux ou \u00e9l\u00e9ments du b\u00e2timent contiennent de l&rsquo;amiante, quel est l&rsquo;\u00e9tat de l&rsquo;amiante et comment il peut \u00eatre \u00e9limin\u00e9 ou g\u00e9r\u00e9. La pr\u00e9sentation de tels certificats n&rsquo;est pas obligatoire pour la location d&rsquo;un b\u00e2timent. <\/p>\n\n\n\n            <div class=\"bobex-highlight-global-div\" style=\"\n            --line-color: #17518d;\n            --bg-color: #e5f2f7;\n            --content-color:#10375e;\n            --title-color: #10375e;\n        \">\n                    <div class=\"bobex-highlight-block__border\">\n                        <div class=\"bobex--block_highlight_content-area\">\n                            <p class=\"bobex-block-highlight-title\">\u26a0\ufe0f Vous \u00eates en possession d&rsquo;un certificat ? Dans ce cas, vous \u00eates tenu d&rsquo;en fournir une copie au locataire.<\/p>\n                            <p class=\"bobex-block-highlight-content\">\n                            \t<div>\n<div class=\"wp-block-bobex-highlight\">\n<p>\u00c0 partir de 2032, un certificat d&rsquo;amiante sera obligatoire pour toute construction construite avant 2001, m\u00eame sans vente.<\/p>\n<\/div>\n<\/div>\n                            <\/p>\n                        <\/div>\n                    <\/div>\n            <\/div>\n        \n\n\n<figure class=\"wp-block-image size-large\"><img decoding=\"async\" width=\"1024\" height=\"538\" src=\"https:\/\/www.bobex.be\/wp-uploads\/sites\/2\/travaux-amiante-1024x538.jpg\" alt=\"Professionnel faisant des travaux sur une toiture contenant de l'amiante\" class=\"wp-image-212187\"\/><\/figure>\n\n\n\n<h2 class=\"wp-block-heading\"><span class=\"ez-toc-section\" id=\"Quelles_sont_les_reglementations_pour_lelimination_de_lamiante_concernant_les_particuliers_et_les_professionnels\"><\/span>Quelles sont les r\u00e9glementations pour l&rsquo;\u00e9limination de l&rsquo;amiante concernant les particuliers et les professionnels ?<span class=\"ez-toc-section-end\"><\/span><\/h2>\n\n\n\n<p>L&rsquo;\u00e9limination s\u00fbre et responsable est un \u00e9l\u00e9ment important de la gestion de ce mat\u00e9riau dangereux. La question se pose souvent de savoir si vous pouvez <a href=\"https:\/\/www.bobex.be\/fr-be\/enlevement-de-lamiante\/enlever-amiante-soi-meme\/\" target=\"_blank\" rel=\"noreferrer noopener\"><strong>\u00e9liminer vous-m\u00eame<\/strong> l&rsquo;amiante<\/a>. Ou vaut-il mieux faire appel \u00e0 un<strong>e <a href=\"https:\/\/www.bobex.be\/fr-be\/enlevement-de-lamiante\/societe-desamiantage\/\" target=\"_blank\" rel=\"noreferrer noopener\">soci\u00e9t\u00e9 de d\u00e9samiantage<\/a><\/strong> ?<\/p>\n\n\n\n<h3 class=\"wp-block-heading\"><span class=\"ez-toc-section\" id=\"Ce_quun_particulier_peut_eliminer_lui-meme_regles_du_parc_de_recyclage\"><\/span>Ce qu&rsquo;un particulier peut \u00e9liminer lui-m\u00eame : r\u00e8gles du parc de recyclage<span class=\"ez-toc-section-end\"><\/span><\/h3>\n\n\n\n<p>La politique en mati\u00e8re d&rsquo;\u00e9limination de l&rsquo;amiante peut varier selon les r\u00e9gions et les r\u00e9glementations locales. En g\u00e9n\u00e9ral, vous pouvez apporter vous-m\u00eame de petites quantit\u00e9s de d\u00e9chets d&rsquo;amiante solides au parc de recyclage. Il est pr\u00e9f\u00e9rable de contacter au pr\u00e9alable votre parc de recyclage ou <a href=\"https:\/\/www.bobex.be\/fr-be\/enlevement-de-lamiante\/recyparc-amiante\/\" target=\"_blank\" rel=\"noreferrer noopener\">Recyparc<\/a>. Ils vous informeront de leur politique et de leurs proc\u00e9dures.<\/p>\n\n\n\n<h3 class=\"wp-block-heading\"><span class=\"ez-toc-section\" id=\"Par_un_entrepreneur_agree_pour_eviter_tout_danger\"><\/span>Par un entrepreneur agr\u00e9\u00e9 pour \u00e9viter tout danger<span class=\"ez-toc-section-end\"><\/span><\/h3>\n\n\n\n<p>Pour les activit\u00e9s \u00e0 risque, les grandes quantit\u00e9s d&rsquo;amiante ou l&rsquo;amiante non solide, comme les fibres ou les mat\u00e9riaux endommag\u00e9s, il est n\u00e9cessaire de faire appel \u00e0 des professionnels du d\u00e9samiantage poss\u00e9dant le titre de sp\u00e9cialiste agr\u00e9\u00e9. Ils savent comment \u00e9liminer ces d\u00e9chets de mani\u00e8re s\u00fbre et responsable.<\/p>\n\n\n\n<h4 class=\"wp-block-heading\"><span class=\"ez-toc-section\" id=\"Reglementation_sur_la_longueur_des_fibres_damiante\"><\/span>R\u00e9glementation sur la longueur des fibres d&rsquo;amiante<span class=\"ez-toc-section-end\"><\/span><\/h4>\n\n\n\n<p>La l\u00e9gislation sur l\u2019amiante prend en compte la longueur des fibres pour d\u00e9finir les niveaux de risque et les m\u00e9thodes de traitement. Les mat\u00e9riaux lib\u00e9rant <strong>des fibres longues<\/strong> n\u00e9cessitent <strong>l\u2019intervention d\u2019entrepreneurs agr\u00e9\u00e9s<\/strong> et le respect de protocoles stricts, afin de prot\u00e9ger la sant\u00e9 du public et des travailleurs du secteur de la construction.<\/p>\n\n\n\n<p>En effet, plus les fibres sont longues et fines, plus elles se dispersent facilement dans l\u2019air lors des travaux. Les fibres courtes sont g\u00e9n\u00e9ralement moins dangereuses car elles sont rapidement expuls\u00e9es ou d\u00e9grad\u00e9es par le corps. En revanche, les fibres longues ont une dur\u00e9e de vie beaucoup plus longue dans les poumons et peuvent provoquer des irritations chroniques et des l\u00e9sions cellulaires.<\/p>\n\n\n\n                <div class='bobex-cta-block' style='\n            --button-bg-color: #e13c0e;\n            --button-text-color: #ffffff;\n            --banner-bg-color: #aad4e6;\n            --arrow-main-bg-color: #aad4e6;\n            --arrow-secondary-bg-color: #e5f2f7;\n            --banner-title-color: #10375e;\n            --arrow-title-color: #10375e;\n            --banner-text-color: #545454;\n            --arrow-text-color: #545454;         \n            --invert-range: 0deg;\n        '>\n                    <div class='cta-banner'>\n                        <div class='h3'>Recevez des conseils de sp\u00e9cialistes de l&rsquo;amiante<\/div>\n                        <div class='text-color'>Remplissez le formulaire gratuitement et prenez contact avec des professionnels agr\u00e9\u00e9s !<\/div>\n                        <span>\n                            <img src='https:\/\/www.bobex.be\/wp-uploads\/sites\/2\/arrow-cta-box.png' alt='arrow' class='img-color'\/>\n                            <a class='cta-button-rounded' href=\"#bob-form\">Remplir le formulaire<\/a>\n                        <\/span>   \n                    <\/div>\n                <\/div>\n\n\n<h3 class=\"wp-block-heading\"><span class=\"ez-toc-section\" id=\"Obligations_pour_les_employeurs\"><\/span>Obligations pour les employeurs<span class=\"ez-toc-section-end\"><\/span><\/h3>\n\n\n\n<p>Le \u00ab\u00a0Service Public F\u00e9d\u00e9ral Emploi, Travail et Concertation sociale\u00a0\u00bb demande \u00e0 ce qu&rsquo;un <strong>inventaire non destructif<\/strong> de l&rsquo;amiante soit r\u00e9alis\u00e9 dans les b\u00e2timents de l&rsquo;entreprise o\u00f9 travaillent le employ\u00e9s. Cette obligation vise \u00e0 prot\u00e9ger les travailleurs contre les risques li\u00e9s \u00e0 l&rsquo;amiante et \u00e0 garantir un lieu de travail s\u00fbr.<\/p>\n\n\n\n<p>En effet, les employeurs et les propri\u00e9taires doivent tout faire pour prot\u00e9ger leurs travailleurs contre les risques en limitant l\u2019amiante dans l\u2019air et en s&rsquo;assurant que l&rsquo;exposition aux agents canc\u00e9rig\u00e8nes soit la plus basse possible.<\/p>\n\n\n\n<p>En cas de pr\u00e9sence d&rsquo;amiante, l&#8217;employeur doit faire \u00e9tablir <strong>un plan de gestion<\/strong>. Ce plan comprend des mesures pr\u00e9ventives et techniques ainsi qu&rsquo;un plan de travail. Tant que l&rsquo;amiante n&rsquo;est pas \u00e9limin\u00e9 du lieu de travail, un contr\u00f4le annuel est obligatoire.<\/p>\n\n\n\n<figure class=\"wp-block-image size-large\"><img decoding=\"async\" width=\"1024\" height=\"538\" src=\"https:\/\/www.bobex.be\/wp-uploads\/sites\/2\/amiante-chantier-1024x538.jpg\" alt=\"Panneau de danger pr\u00e9venant d'un chantier ou se trouve de l'amiante en train d'\u00eatre enlev\u00e9.\" class=\"wp-image-212190\"\/><\/figure>\n\n\n\n<h2 class=\"wp-block-heading\"><span class=\"ez-toc-section\" id=\"Elimination_de_lamiante_le_faire_soi-meme_ou_le_faire_faire\"><\/span>\u00c9limination de l&rsquo;amiante : le faire soi-m\u00eame ou le faire faire ?<span class=\"ez-toc-section-end\"><\/span><\/h2>\n\n\n\n<p>L&rsquo;amiante est un mat\u00e9riau dangereux et l&rsquo;exposition \u00e0 l&rsquo;amiante comporte des <strong>risques et<a href=\"https:\/\/www.bobex.be\/fr-be\/enlevement-de-lamiante\/dangers-amiante\/\" target=\"_blank\" rel=\"noreferrer noopener\"> dangers pour la sant\u00e9<\/a><\/strong>. C&rsquo;est pourquoi elle doit \u00eatre la plus basse possible. Les travaux de <a href=\"https:\/\/www.bobex.be\/fr-be\/enlevement-de-lamiante\/\" target=\"_blank\" rel=\"noreferrer noopener\">d\u00e9samiantage<\/a> n\u00e9cessitent donc des connaissances, une expertise et des mesures de pr\u00e9caution, afin de limiter&nbsp;<strong>l\u2019amiante dans l\u2019air et les agents canc\u00e9rig\u00e8nes<\/strong>.<\/p>\n\n\n\n<h3 class=\"wp-block-heading\"><span class=\"ez-toc-section\" id=\"Pouvez-vous_desamianter_vous-meme_ou_avez-vous_besoin_dun_permis\"><\/span>Pouvez-vous d\u00e9samianter vous-m\u00eame ou avez-vous besoin d&rsquo;un permis ?<span class=\"ez-toc-section-end\"><\/span><\/h3>\n\n\n\n<p>Vous pouvez d\u00e9samianter vous-m\u00eame si le mat\u00e9riau contenant de l&rsquo;amiante peut \u00eatre facilement retir\u00e9. Il est pr\u00e9f\u00e9rable de respecter les <strong>conditions<\/strong> suivantes :<\/p>\n\n\n\n<ul class=\"wp-block-list\">\n<li>Amiante non endommag\u00e9, fortement agglom\u00e9r\u00e9, sans fibres libres visibles et dont l&rsquo;enl\u00e8vement ne changera rien \u00e0 cet \u00e9tat.<\/li>\n\n\n\n<li>Amiante endommag\u00e9, fortement agglom\u00e9r\u00e9 ou pr\u00e9sentant des fibres libres visibles, mais situ\u00e9 \u00e0 l&rsquo;ext\u00e9rieur et loin de toute pr\u00e9sence humaine. L\u00e0 encore, l&rsquo;enl\u00e8vement ne doit rien changer \u00e0 l&rsquo;\u00e9tat du mat\u00e9riau.<\/li>\n\n\n\n<li>Certains mat\u00e9riaux contenant de l&rsquo;amiante, tels que les cordons en amiante, les mat\u00e9riaux d&rsquo;\u00e9tanch\u00e9it\u00e9 et les plaquettes de frein.<\/li>\n\n\n\n<li>Vous devez utiliser un masque anti-poussi\u00e8re de type P3 ou un masque anti-poussi\u00e8re \u00e9quivalent.<\/li>\n\n\n\n<li>Les outils m\u00e9caniques \u00e0 grande vitesse, les compresseurs d&rsquo;air et le nettoyage \u00e0 haute pression sont interdits.<\/li>\n<\/ul>\n\n\n\n<p><strong>Toutes les autres applications ne peuvent \u00eatre retir\u00e9es que par une entreprise sp\u00e9cialis\u00e9e.<\/strong><\/p>\n\n\n\n<h2 class=\"wp-block-heading\"><span class=\"ez-toc-section\" id=\"Faites_appel_a_un_desamianteur_agree_Nous_vous_mettons_gratuitement_en_contact_avec_des_specialistes\"><\/span>Faites appel \u00e0 un d\u00e9samianteur agr\u00e9\u00e9. Nous vous mettons gratuitement en contact avec des sp\u00e9cialistes !<span class=\"ez-toc-section-end\"><\/span><\/h2>\n\n\n\n<p>Les d\u00e9samianteurs ou entrepreneurs agr\u00e9\u00e9s disposent d&rsquo;un <strong>certificat pour le d\u00e9samiantage<\/strong>. Ce titre est d\u00e9livr\u00e9 par les autorit\u00e9s comp\u00e9tentes, par exemple les instances publiques r\u00e9gionales.<\/p>\n\n\n\n<p>Il est important de travailler avec des employeurs et entrepreneurs qui disposent des certificats et titres appropri\u00e9s. Des r\u00e8gles plus d\u00e9taill\u00e9es stipulent qu&rsquo;un d\u00e9samianteur agr\u00e9\u00e9 doit suivre chaque ann\u00e9e une formation compl\u00e9mentaire dans le cadre de la protection contre l&rsquo;amiante et de l&rsquo;information sur l&rsquo;amiante.<\/p>\n\n\n\n<p>Votre sant\u00e9 et votre s\u00e9curit\u00e9 sont primordiales. Prot\u00e9gez-vous contre les dangers cach\u00e9s de l&rsquo;amiante. Faites confiance \u00e0 l&rsquo;expertise et \u00e0 l&rsquo;exp\u00e9rience d&rsquo;experts agr\u00e9\u00e9s en amiante pour faire enlever votre amiante. Ils vous garantissent la tranquillit\u00e9 d&rsquo;esprit et un environnement sain.<\/p>\n\n\n\n<p>Remplissez le formulaire ci-dessous et comparez gratuitement une ou plusieurs offres d&rsquo;entreprises de d\u00e9samiantage agr\u00e9\u00e9es.<\/p>\n\n\n<div id=\"ppp\" class=\"bob-form-wrapper\" data-ajax_url=\"https:\/\/www.bobex.be\/fr-be\/wp-admin\/admin-ajax.php\" data-fa_a=\"\" data-fa_b=\"\"><div class=\"loader\" aria-hidden=\"true\"><\/div>    <div>\n        <div class=\"row mx-auto mb-2\" style=\"max-width: 900px;\">\n            <div class=\"col-md-4\"><i class=\"mr-1 fas fa-check\" style=\"color:green;\"><\/i>Devis gratuits et rapides<\/div>\n            <div class=\"col-md-4\"><i class=\"mr-1 fas fa-check\" style=\"color:green;\"><\/i>Sans engagement et obligation<\/div>\n            <div class=\"col-md-4\"><i class=\"mr-1 fas fa-check\" style=\"color:green;\"><\/i>Professionnels agr\u00e9\u00e9s<\/div>\n        <\/div>\n    <\/div><div id=\"form-69f2289f03260\" class=\"bob-form-container\" style=\"background-color: white; font-family: Roboto, sans-serif !important; font-size: 16px !important; color: #545454; box-shadow: 0 2px 10px rgba(0,0,0,0.1); --font_title: Poppins; --font_size_title: 20px; --title_bg_color: #175da6; --copyright_color: #fde8e1; --box_upload_color: #e5f2f7; padding:unset;\" data-form-type=\"inline\" data-form-id=\"69f2289f03260\"><style>#form-69f2289f03260 .bob-form-inline-question.even {\n  background-color: #e5f2f7;\n}\n#form-69f2289f03260 .single_multiple.multiple_button {\n  background-color: #e5f2f7 !important;\n}\n#form-69f2289f03260 .bob-form-inline-question--hidden {\n  display: none;\n}<\/style><div class=\"form-questions\"><form id=\"bob-form\" class=\"bob-form bob-form-tag\" method=\"post\" action=\"https:\/\/www.bobex.be\/fr-be\/wp-admin\/admin-ajax.php?action=bobex-form-validation\">    <div class=\"form-title\">\n        Formulez votre demande\n        <div class=\"form-title-info-line\">\n            R\u00e9pondez \u00e0 quelques questions et entrez en contact avec des sp\u00e9cialistes fiables. Nous vous demandons vos coordonn\u00e9es afin de s\u00e9lectionner les professionnels actifs dans votre r\u00e9gion.\n        <\/div>\n    <\/div><div class=\"form-questions bob-form-inline-question\"><div class=\"row\"><div class=\"question col-md-4\"><label>1*. De quel type de b\u00e2timent s&rsquo;agit-il ?<\/label><\/div><div class=\"answer col-md-8\"><div class=\"bob-form-radio d-flex\"><input type=\"radio\" class=\"inline-radio\" id=\"69f2289f03260-input-0-1\" data-unique-id=\"69f2289f03260\" name=\"XML_extra_radio2\" value=\"1\"  required=\"required\"><label for=\"69f2289f03260-input-0-1\">Maison individuelle<\/label><\/div><div class=\"bob-form-radio d-flex\"><input type=\"radio\" class=\"inline-radio\" id=\"69f2289f03260-input-0-2\" data-unique-id=\"69f2289f03260\" name=\"XML_extra_radio2\" value=\"2\"  required=\"required\"><label for=\"69f2289f03260-input-0-2\">Maison jumel\u00e9e \/ 3 fa\u00e7ades<\/label><\/div><div class=\"bob-form-radio d-flex\"><input type=\"radio\" class=\"inline-radio\" id=\"69f2289f03260-input-0-3\" data-unique-id=\"69f2289f03260\" name=\"XML_extra_radio2\" value=\"3\"  required=\"required\"><label for=\"69f2289f03260-input-0-3\">Maison mitoyenne \/ 2 fa\u00e7ades<\/label><\/div><div class=\"bob-form-radio d-flex\"><input type=\"radio\" class=\"inline-radio\" id=\"69f2289f03260-input-0-4\" data-unique-id=\"69f2289f03260\" name=\"XML_extra_radio2\" value=\"4\"  required=\"required\"><label for=\"69f2289f03260-input-0-4\">Appartement<\/label><\/div><div class=\"bob-form-radio d-flex\"><input type=\"radio\" class=\"inline-radio\" id=\"69f2289f03260-input-0-5\" data-unique-id=\"69f2289f03260\" name=\"XML_extra_radio2\" value=\"5\"  required=\"required\"><label for=\"69f2289f03260-input-0-5\">Immeuble commercial ou bureau<\/label><\/div><div class=\"bob-form-radio d-flex\"><input type=\"radio\" class=\"inline-radio\" id=\"69f2289f03260-input-0-6\" data-unique-id=\"69f2289f03260\" name=\"XML_extra_radio2\" value=\"6\"  required=\"required\"><label for=\"69f2289f03260-input-0-6\">Autre<\/label><\/div><\/div><\/div><\/div><div class=\"form-questions bob-form-inline-question even\"><div class=\"row\"><div class=\"question col-md-4\"><label>2*. O\u00f9 se situe l&#039;amiante dans le b\u00e2timent ?<\/label><\/div><div class=\"answer col-md-8\"><div class=\"bob-form-checkbox d-flex\"><input type=\"checkbox\" class=\"inline-checkbox bob-form-input\" id=\"69f2289f03260-input-1-1\" data-unique-id=\"69f2289f03260\" name=\"XML_extra_check[]\" value=\"1\"  required=\"required\" onclick=\"checkboxTurnChecked(this)\"><label for=\"69f2289f03260-input-1-1\">Toiture (tuiles, ardoises, fibrociment)<\/label><\/div><div class=\"bob-form-checkbox d-flex\"><input type=\"checkbox\" class=\"inline-checkbox bob-form-input\" id=\"69f2289f03260-input-1-2\" data-unique-id=\"69f2289f03260\" name=\"XML_extra_check[]\" value=\"2\"  required=\"required\" onclick=\"checkboxTurnChecked(this)\"><label for=\"69f2289f03260-input-1-2\">Isolation des murs ou plafonds<\/label><\/div><div class=\"bob-form-checkbox d-flex\"><input type=\"checkbox\" class=\"inline-checkbox bob-form-input\" id=\"69f2289f03260-input-1-3\" data-unique-id=\"69f2289f03260\" name=\"XML_extra_check[]\" value=\"3\"  required=\"required\" onclick=\"checkboxTurnChecked(this)\"><label for=\"69f2289f03260-input-1-3\">Sols<\/label><\/div><div class=\"bob-form-checkbox d-flex\"><input type=\"checkbox\" class=\"inline-checkbox bob-form-input\" id=\"69f2289f03260-input-1-4\" data-unique-id=\"69f2289f03260\" name=\"XML_extra_check[]\" value=\"4\"  required=\"required\" onclick=\"checkboxTurnChecked(this)\"><label for=\"69f2289f03260-input-1-4\">Tuyauteries (gaines, calorifugeage)<\/label><\/div><div class=\"bob-form-checkbox d-flex\"><input type=\"checkbox\" class=\"inline-checkbox bob-form-input\" id=\"69f2289f03260-input-1-5\" data-unique-id=\"69f2289f03260\" name=\"XML_extra_check[]\" value=\"5\"  required=\"required\" onclick=\"checkboxTurnChecked(this)\"><label for=\"69f2289f03260-input-1-5\">Enduits, cr\u00e9pis ou peintures<\/label><\/div><div class=\"bob-form-checkbox d-flex\"><input type=\"checkbox\" class=\"inline-checkbox bob-form-input\" id=\"69f2289f03260-input-1-6\" data-unique-id=\"69f2289f03260\" name=\"XML_extra_check[]\" value=\"6\"  required=\"required\" onclick=\"checkboxTurnChecked(this)\"><label for=\"69f2289f03260-input-1-6\">Cloisons ou faux plafonds<\/label><\/div><div class=\"bob-form-checkbox d-flex\"><input type=\"checkbox\" class=\"inline-checkbox bob-form-input\" id=\"69f2289f03260-input-1-7\" data-unique-id=\"69f2289f03260\" name=\"XML_extra_check[]\" value=\"7\"  required=\"required\" onclick=\"checkboxTurnChecked(this)\"><label for=\"69f2289f03260-input-1-7\">Autre (\u00e0 pr\u00e9ciser)<\/label><\/div><\/div><\/div><\/div><div class=\"form-questions bob-form-inline-question\"><div class=\"row\"><div class=\"question col-md-4\"><label>3*. Quelle est l&rsquo;ann\u00e9e de construction du b\u00e2timent ?<\/label><\/div><div class=\"answer col-md-8\"><div class=\"bob-form-radio d-flex\"><input type=\"radio\" class=\"inline-radio\" id=\"69f2289f03260-input-2-1\" data-unique-id=\"69f2289f03260\" name=\"XML_extra_radio3\" value=\"1\"  required=\"required\"><label for=\"69f2289f03260-input-2-1\">Avant 1945<\/label><\/div><div class=\"bob-form-radio d-flex\"><input type=\"radio\" class=\"inline-radio\" id=\"69f2289f03260-input-2-2\" data-unique-id=\"69f2289f03260\" name=\"XML_extra_radio3\" value=\"2\"  required=\"required\"><label for=\"69f2289f03260-input-2-2\">1945-1998 (la plupart des cas)<\/label><\/div><div class=\"bob-form-radio d-flex\"><input type=\"radio\" class=\"inline-radio\" id=\"69f2289f03260-input-2-3\" data-unique-id=\"69f2289f03260\" name=\"XML_extra_radio3\" value=\"3\"  required=\"required\"><label for=\"69f2289f03260-input-2-3\">Apr\u00e8s 1998<\/label><\/div><\/div><\/div><\/div><div class=\"form-questions bob-form-inline-question even\"><div class=\"row\"><div class=\"question col-md-4\"><label>4*. Quand souhaitez-vous ce service ?<\/label><\/div><div class=\"answer col-md-8\"><div class=\"bob-form-radio d-flex\"><input type=\"radio\" class=\"inline-radio\" id=\"69f2289f03260-input-3-1\" data-unique-id=\"69f2289f03260\" name=\"XML_extra_radio4\" value=\"1\"  required=\"required\"><label for=\"69f2289f03260-input-3-1\">D\u00e8s que possible, dans un d\u00e9lai de 2 mois<\/label><\/div><div class=\"bob-form-radio d-flex\"><input type=\"radio\" class=\"inline-radio\" id=\"69f2289f03260-input-3-2\" data-unique-id=\"69f2289f03260\" name=\"XML_extra_radio4\" value=\"2\"  required=\"required\"><label for=\"69f2289f03260-input-3-2\">Dans un d\u00e9lai de 2 \u00e0 4 mois<\/label><\/div><div class=\"bob-form-radio d-flex\"><input type=\"radio\" class=\"inline-radio\" id=\"69f2289f03260-input-3-3\" data-unique-id=\"69f2289f03260\" name=\"XML_extra_radio4\" value=\"3\"  required=\"required\"><label for=\"69f2289f03260-input-3-3\">Dans un d\u00e9lai de 4 \u00e0 6 mois<\/label><\/div><\/div><\/div><\/div><div class=\"form-questions bob-form-inline-question\"><div class=\"d-flex flex-column\"><label class=\"question\" for=\"69f2289f03260-input-4\">5. Information compl\u00e9mentaire<\/label><textarea class=\"bob-form-input\" name=\"XML_remarks\" id=\"69f2289f03260-input-4\" data-unique-id=\"69f2289f03260\"><\/textarea><\/div><\/div><div class=\"bob-inline-form bob-form-tag upload-box mb-3\">\n                    <div class=\"row\">\n                        <div class=\"col-md-12 mb-2 question\">Ajouter des photos ou des pi\u00e8ces jointes (en Option)<\/div>\n                        <div class=\"col-md-12\">\n                            <div class=\"box__input\" style=\"background-color: #e5f2f7;\"\n                                 ondrop=\"drop(event)\"\n                                 ondragover=\"allowDrop(event)\"\n                                 ondragleave=\"removeDropFx(event)\"\n                                >\n                                <input type=\"file\"\n                                       class=\"file__input\"\n                                       name=\"attachments[]\"\n                                       id=\"attachments\"\n                                       multiple=\"multiple\"\n                                       accept=\"image\/jpeg, image\/png, image\/gif, application\/pdf\"\n                                       data-multiple-caption=\"{count} files selected\">\n                                <div>\n                                    <label for=\"attachments\"><strong>S\u00e9lectionnez un fichier <\/strong>ou glissez-le ici<\/label>\n                                    <span class=\"box__button bobex-round-cta m-1 py-1\"\n                                          style=\"mix-blend-mode: luminosity\">\n                                        <i class=\"fas fa-cloud-upload-alt text-white\"><\/i>\n                                        T\u00e9l\u00e9charger\n                                    <\/span>\n                                <\/div>\n            \n                                <div class=\"row preview_wrapper m-0\"><\/div>\n                            <\/div>\n            \n                            <div class=\"box__uploading\">Uploading\u2026<\/div>\n                            <div class=\"box__success\">Done!<\/div>\n                            <div class=\"box__error\">Error! <span><\/span>.<\/div>\n                        <\/div>\n                    <\/div>\n                <\/div>    <div class=\"form-title\">\n        Vos donn\u00e9es\n    <\/div><div class=\"bob-form-contact-data\" style=\"padding: 20px\"><div class=\"row lead-info\"><div class=\"col-md-6 mb-3\">  <div class=\"form-group\">    <input value=\"\" type=\"text\" class=\"form-control\" id=\"firstName\" name=\"firstName\" placeholder=\"Pr\u00e9nom\" required>    <div class=\"valid-feedback\">Enchant\u00e9 !<\/div>    <div class=\"invalid-feedback\">Veuillez indiquer votre pr\u00e9nom<\/div>  <\/div><\/div><div class=\"col-md-6 mb-3\">  <div class=\"form-group\">    <input value=\"\" type=\"text\" class=\"form-control\" id=\"lastName\" name=\"lastName\" placeholder=\"Nom\" required>    <div class=\"valid-feedback\">Sympa<\/div>    <div class=\"invalid-feedback\">Veuillez indiquer votre nom de famille<\/div>  <\/div><\/div><div class=\"col-md-12 mb-3\">  <div class=\"form-group\">    <input value=\"\" type=\"email\" class=\"form-control\" id=\"email\" name=\"email\" placeholder=\"E-mail\" required style=\"max-width: unset;\">    <div class=\"valid-feedback\">C&rsquo;est tout bon<\/div>    <div class=\"invalid-feedback\">Veuillez indiquer une adresse e-mail valide<\/div>  <\/div><\/div><div class=\"col-md-12 mb-3\">  <div class=\"form-group\">    <input value=\"\" type=\"tel\" class=\"form-control\" id=\"phone\" name=\"phone\" placeholder=\"T\u00e9l\u00e9phone\" required style=\"max-width: unset;\">    <div class=\"valid-feedback\">Parfait<\/div>    <div class=\"invalid-feedback\">Veuillez indiquer un num\u00e9ro de t\u00e9l\u00e9phone valide<\/div>  <\/div><\/div><div class=\"col-md-12 mb-3\">  <div class=\"form-group\">    <input value=\"\" type=\"text\" class=\"form-control\" id=\"companyAddress\" name=\"companyAddress\" placeholder=\"Adresse\" required style=\"max-width: unset;\">    <div class=\"valid-feedback\">C&rsquo;est not\u00e9<\/div>    <div class=\"invalid-feedback\">Veuillez indiquer une adresse valide<\/div>  <\/div><\/div><div class=\"col-md-6 mb-3\">  <div class=\"form-group\">    <input value=\"\" type=\"text\" class=\"form-control\" id=\"companyPostalCode\" name=\"companyPostalCode\" placeholder=\"Code postal\" required>    <div class=\"valid-feedback\">Excellent !<\/div>    <div class=\"invalid-feedback\">Veuillez indiquer un code postal valide<\/div>  <\/div><\/div><div class=\"col-md-6 mb-3\">  <div class=\"form-group\">    <input value=\"\" type=\"text\" class=\"form-control\" id=\"companyCity\" name=\"companyCity\" placeholder=\"Ville\" required>    <div class=\"valid-feedback\">Bien jou\u00e9<\/div>    <div class=\"invalid-feedback\">Veuillez indiquer une ville valide<\/div>  <\/div><\/div><div class=\"d-flex mt-3\"><input name=\"promoOptin\" value=\"true\" id=\"promoOptin\" type=\"checkbox\" class=\"me-2\" style=\"width: unset\"><label for=\"promoOptin\">Je souhaite rester inform\u00e9 de ma demande et recevoir des conseils pratiques (fortement recommand\u00e9 !) <\/label><\/div><\/div><\/div><input type=\"hidden\" class=\"session_var\" name=\"newform\" value=\"true\"><input type=\"hidden\" class=\"session_var\" name=\"lead-validation-nonce\" value=\"24cd3332a7\"><input type=\"hidden\" class=\"session_var\" name=\"aff\" value=\"minisite\"><input type=\"hidden\" class=\"session_var\" name=\"utm_source\" value=\"https:\/\/www.bobex.be\/fr-be\/wp-json\/v2\/content\/212115\"><input type=\"hidden\" class=\"session_var\" name=\"bobx\" value=\"\"><input type=\"hidden\" class=\"session_var\" name=\"sessionType\" value=\"B2C\"><input type=\"hidden\" class=\"session_var\" name=\"utm_medium\" value=\"web\"><input type=\"hidden\" class=\"session_var\" name=\"utm_campaign\" value=\"search\"><input type=\"hidden\" class=\"session_var\" name=\"rem_source\" value=\"https:\/\/www.bobex.be\/fr-be\/enlevement-de-lamiante\/reglementation-amiante\/\"><input type=\"hidden\" class=\"session_var\" name=\"pixel_id\" value=\"-1\"><input type=\"hidden\" class=\"session_var\" name=\"tabo_id\" value=\"-1\"><input type=\"hidden\" class=\"session_var\" name=\"click_id\" value=\"-1\"><input type=\"hidden\" class=\"session_var\" name=\"gclid\" value=\"-1\"><input type=\"hidden\" class=\"session_var\" name=\"msclkid\" value=\"-1\"><input type=\"hidden\" class=\"session_var\" name=\"past_aff\" value=\"bobex\"><input type=\"hidden\" class=\"session_var\" name=\"redirectTo\" value=\"BE\"><input type=\"hidden\" class=\"session_var\" name=\"is_type_id\" value=\"true\"><input type=\"hidden\" class=\"session_var\" name=\"typeid\" value=\"100045\"><input type=\"hidden\" class=\"session_var\" name=\"companyType\" value=\"label.companytype.consumer\"><input type=\"hidden\" class=\"session_var\" name=\"input_names\" value=\"XML_extra_radio2,XML_extra_check,XML_extra_radio3,XML_extra_radio4,XML_remarks\"><input type=\"hidden\" class=\"form_context\" value=\"BE\"><img decoding=\"async\" class=\"bobex-pixel\" src=\"\" alt=\"\" style=\"display:none\" \/>    <div class=\"bob-form-submit d-flex justify-content-center\">\n        <button type=\"submit\" class=\"form-submit\" style=\"background-color: #F1653A; color: white; border: none !important; border-radius: 5px !important; font-family: Roboto, sans-serif; font-size: 16px;\">\n            Demander un devis\n        <\/button>\n    <\/div>    <div class=\"bob-inline-form form-footer\" style=\"border-radius: 0 0 10px 10px\">\n        <div class=\"bob-form-privacy-text\">\n            <div style=\"float:left;\"><i class=\"fa fa-lock\"><\/i><\/div>\n            <div class=\"ms-2\">\n                <div style='padding-left: 15px;font-size: 0.8em !important;z-index: 10;'><b>Nous respectons votre vie priv\u00e9e<\/b><br> Conform\u00e9ment \u00e0 la loi du 8\/12\/1992 relative \u00e0 la protection de la vie priv\u00e9e, vous disposez d&rsquo;un droit d&rsquo;acc\u00e8s et de rectification \u00e0 vos donn\u00e9es. Pour en savoir plus, consultez notre <span class=\"link_ob\" data-link=\"aHR0cHM6Ly93d3cuYm9iZXguYmUvZnItYmUvcHJvdGVjdGlvbi1kZS1sYS12aWUtcHJpdmVlLw==\" target=\"_blank\">charte sur la vie priv\u00e9e<\/span>.<\/div>\n                \n            <\/div>\n        <\/div>\n    <\/div><\/form><\/div><div class=\"multiple_mini hidden\" data-lead_id=\"\"><p class=\"multiple-title\">Merci d&rsquo;avoir pris le temps de remplir ce formulaire<\/p><p>Nous vous contacterons d\u00e8s que possible pour vous orienter vers le meilleur sp\u00e9cialiste correspondant \u00e0 votre demande.<\/p><div class=\"multiple_wrapper\"><div class=\"loader\"><\/div><p class=\"multiple-title\">Vous cherchez d&rsquo;autres services ?<\/p><p class=\"multiple_text\">Vous souhaitez comparer d&rsquo;autres devis ou explorer d&rsquo;autres services ? Faites-le nous savoir et nous vous mettrons rapidement en relation<\/p><div class=\"multiple_container\"><div class=\"single_multiple multiple_button\" data-typeid=\"12005\"><i class=\"fa-3x cat icon-12005\"><\/i><span class=\"multiple_name\">R\u00e9novation totale (entrepreneurs)<\/span><\/div><div class=\"single_multiple multiple_button\" data-typeid=\"11962\"><i class=\"fa-3x cat icon-11962\"><\/i><span class=\"multiple_name\">Travaux de toiture<\/span><\/div><div class=\"single_multiple multiple_button\" data-typeid=\"11427\"><i class=\"fa-3x cat icon-11427\"><\/i><span class=\"multiple_name\">Isolation<\/span><\/div><div class=\"single_multiple multiple_button\" data-typeid=\"11406\"><i class=\"fa-3x cat icon-11406\"><\/i><span class=\"multiple_name\">Syst\u00e8me d&rsquo;alarme<\/span><\/div><div class=\"single_multiple multiple_button\" data-typeid=\"30007\"><i class=\"fa-3x cat icon-30007\"><\/i><span class=\"multiple_name\">Chauffage central<\/span><\/div><div class=\"single_multiple multiple_button\" data-typeid=\"100015\"><i class=\"fa-3x cat icon-100015\"><\/i><span class=\"multiple_name\">D\u00e9capage, sablage<\/span><\/div><\/div><\/div><\/div><\/div><\/div>\n\n\n<h2 class=\"wp-block-heading\"><span class=\"ez-toc-section\" id=\"FAQ_Vos_questions_sur_le_desamiantage_en_Belgique\"><\/span>FAQ : Vos questions sur le d\u00e9samiantage en Belgique<span class=\"ez-toc-section-end\"><\/span><\/h2>\n\n\n\n<p>Vous avez encore des questions sur le d\u00e9samiantage ou les obligations et r\u00e9glementations sur l&rsquo;amiante en Belgique ? Nous y r\u00e9pondons ci-dessous dans notre FAQ !<\/p>\n\n\n\n<div class=\"wp-block-bobex-frequently-asked-questions bobex-faq-main-wrapper\">\n            <div class=\"bobex-simple-question-answer-block\">\n                <div class=\"bobex-simple-question-answer-block__question\" style=\"background-color: #63b0d1!important; color: white!important;\">\n                    <h3 style=\"color: white!important; margin:unset; font-size:1.2rem;\" class=\"bobex-simple-question-answer-block__question__content\"><span class=\"ez-toc-section\" id=\"En_quelle_annee_la_Belgique_souhaite-t-elle_etre_debarrassee_de_lamiante\"><\/span>En quelle ann\u00e9e la Belgique souhaite-t-elle \u00eatre d\u00e9barrass\u00e9e de l&rsquo;amiante ?<span class=\"ez-toc-section-end\"><\/span><\/h3>\n                    <div class=\"bobex-simple-question-answer-block__question__toggle\">+<\/div>\n                <\/div>\n                <div class=\"bobex-simple-question-answer-block__answer\" style=\"background-color: !important; color: black!important;\">\n                    <div class=\"bobex-simple-question-answer-block__answer__content\">La Belgique n&rsquo;a pas encore fix\u00e9 d&rsquo;objectif pr\u00e9cis pour se d\u00e9barrasser compl\u00e8tement de l&rsquo;amiante. Cependant, d&rsquo;ici 2032, toutes les applications \u00e0 risque li\u00e9es \u00e0 l&rsquo;amiante devront avoir \u00e9t\u00e9 \u00e9limin\u00e9es des habitations flamandes. D&rsquo;ici 2040, le gouvernement flamand souhaite rendre notre environnement de vie s\u00fbr en mati\u00e8re d&rsquo;amiante.<\/div>\n                    <div>\n<div class=\"wp-block-bobex-simple-question-answer\"><\/div>\n<\/div>\n                <\/div>\n            <\/div>\n        \n\n\n            <div class=\"bobex-simple-question-answer-block\">\n                <div class=\"bobex-simple-question-answer-block__question\" style=\"background-color: #63b0d1!important; color: white!important;\">\n                    <h3 style=\"color: white!important; margin:unset; font-size:1.2rem;\" class=\"bobex-simple-question-answer-block__question__content\"><span class=\"ez-toc-section\" id=\"Est-il_obligatoire_denlever_lamiante_dune_toiture\"><\/span>Est-il obligatoire d&rsquo;enlever l&rsquo;amiante d&rsquo;une toiture ?\u00a0<span class=\"ez-toc-section-end\"><\/span><\/h3>\n                    <div class=\"bobex-simple-question-answer-block__question__toggle\">+<\/div>\n                <\/div>\n                <div class=\"bobex-simple-question-answer-block__answer\" style=\"background-color: !important; color: black!important;\">\n                    <div class=\"bobex-simple-question-answer-block__answer__content\">Il n&rsquo;est pas obligatoire de faire enlever l&rsquo;amiante. Tant que votre toit est en bon \u00e9tat, vous n&rsquo;\u00eates pas oblig\u00e9 de le faire r\u00e9nover. Par contre, si la transformation d&rsquo;une toiture ou des travaux de r\u00e9paration sont r\u00e9alis\u00e9s, vous devez faire enlever l&rsquo;amiante. Le co\u00fbt de l&rsquo;enl\u00e8vement de l&rsquo;amiante ne cesse toutefois d&rsquo;augmenter. Il peut donc \u00eatre int\u00e9ressant de le faire le plus rapidement possible.<\/div>\n                    <div>\n<div class=\"wp-block-bobex-simple-question-answer\"><\/div>\n<\/div>\n                <\/div>\n            <\/div>\n        \n\n\n            <div class=\"bobex-simple-question-answer-block\">\n                <div class=\"bobex-simple-question-answer-block__question\" style=\"background-color: #63b0d1!important; color: white!important;\">\n                    <h3 style=\"color: white!important; margin:unset; font-size:1.2rem;\" class=\"bobex-simple-question-answer-block__question__content\"><span class=\"ez-toc-section\" id=\"Pouvez-vous_beneficier_dune_prime_ou_dune_subvention_pour_le_retrait_de_lamiante\"><\/span>Pouvez-vous b\u00e9n\u00e9ficier d&rsquo;une prime ou d&rsquo;une subvention pour le retrait de l&rsquo;amiante ?<span class=\"ez-toc-section-end\"><\/span><\/h3>\n                    <div class=\"bobex-simple-question-answer-block__question__toggle\">+<\/div>\n                <\/div>\n                <div class=\"bobex-simple-question-answer-block__answer\" style=\"background-color: !important; color: black!important;\">\n                    <div class=\"bobex-simple-question-answer-block__answer__content\">Vous faites remplacer un toit ou une fa\u00e7ade ext\u00e9rieure contenant de l&rsquo;amiante en Flandre ? Vous pouvez alors b\u00e9n\u00e9ficier de la prime \u00ab Mijn Verbouwpremie \u00bb.<\/div>\n                    <div>\n<div class=\"wp-block-bobex-simple-question-answer\"><\/div>\n<\/div>\n                <\/div>\n            <\/div>\n        \n\n\n            <div class=\"bobex-simple-question-answer-block\">\n                <div class=\"bobex-simple-question-answer-block__question\" style=\"background-color: #63b0d1!important; color: white!important;\">\n                    <h3 style=\"color: white!important; margin:unset; font-size:1.2rem;\" class=\"bobex-simple-question-answer-block__question__content\"><span class=\"ez-toc-section\" id=\"Linterdiction_de_lamiante_en_Belgique_sapplique-t-elle_aussi_aux_renovations\"><\/span>L\u2019interdiction de l\u2019amiante en Belgique s\u2019applique-t-elle aussi aux r\u00e9novations ?<span class=\"ez-toc-section-end\"><\/span><\/h3>\n                    <div class=\"bobex-simple-question-answer-block__question__toggle\">+<\/div>\n                <\/div>\n                <div class=\"bobex-simple-question-answer-block__answer\" style=\"background-color: !important; color: black!important;\">\n                    <div class=\"bobex-simple-question-answer-block__answer__content\">Oui. Lors de r\u00e9novations ou d\u00e9molitions, il est interdit de r\u00e9utiliser ou de conserver en place des mat\u00e9riaux contenant de l\u2019amiante qui repr\u00e9sentent un risque. Ces mat\u00e9riaux doivent \u00eatre \u00e9limin\u00e9s par des m\u00e9thodes s\u00e9curis\u00e9es, souvent via un entrepreneur agr\u00e9\u00e9.<\/div>\n                    <div>\n<div class=\"wp-block-bobex-simple-question-answer\"><\/div>\n<\/div>\n                <\/div>\n            <\/div>\n        <\/div>\n\n                    <script type=\"application\/ld+json\">\n                        {\"@context\":\"https:\\\/\\\/schema.org\",\"@type\":\"FAQPage\",\"mainEntity\":[{\"@type\":\"Question\",\"name\":\"En quelle ann\\u00e9e la Belgique souhaite-t-elle \\u00eatre d\\u00e9barrass\\u00e9e de l'amiante ?\",\"acceptedAnswer\":{\"@type\":\"Answer\",\"text\":\"La Belgique n'a pas encore fix\\u00e9 d'objectif pr\\u00e9cis pour se d\\u00e9barrasser compl\\u00e8tement de l'amiante. Cependant, d'ici 2032, toutes les applications \\u00e0 risque li\\u00e9es \\u00e0 l'amiante devront avoir \\u00e9t\\u00e9 \\u00e9limin\\u00e9es des habitations flamandes. D'ici 2040, le gouvernement flamand souhaite rendre notre environnement de vie s\\u00fbr en mati\\u00e8re d'amiante.\"}},{\"@type\":\"Question\",\"name\":\"Est-il obligatoire d'enlever l'amiante d'une toiture ?\\u00a0\",\"acceptedAnswer\":{\"@type\":\"Answer\",\"text\":\"Il n'est pas obligatoire de faire enlever l'amiante. Tant que votre toit est en bon \\u00e9tat, vous n'\\u00eates pas oblig\\u00e9 de le faire r\\u00e9nover. Par contre, si la transformation d'une toiture ou des travaux de r\\u00e9paration sont r\\u00e9alis\\u00e9s, vous devez faire enlever l'amiante. Le co\\u00fbt de l'enl\\u00e8vement de l'amiante ne cesse toutefois d'augmenter. Il peut donc \\u00eatre int\\u00e9ressant de le faire le plus rapidement possible.\"}},{\"@type\":\"Question\",\"name\":\"Pouvez-vous b\\u00e9n\\u00e9ficier d'une prime ou d'une subvention pour le retrait de l'amiante ?\",\"acceptedAnswer\":{\"@type\":\"Answer\",\"text\":\"Vous faites remplacer un toit ou une fa\\u00e7ade ext\\u00e9rieure contenant de l'amiante en Flandre ? Vous pouvez alors b\\u00e9n\\u00e9ficier de la prime \\u00ab Mijn Verbouwpremie \\u00bb.\"}},{\"@type\":\"Question\",\"name\":\"L\\u2019interdiction de l\\u2019amiante en Belgique s\\u2019applique-t-elle aussi aux r\\u00e9novations ?\",\"acceptedAnswer\":{\"@type\":\"Answer\",\"text\":\"Oui. Lors de r\\u00e9novations ou d\\u00e9molitions, il est interdit de r\\u00e9utiliser ou de conserver en place des mat\\u00e9riaux contenant de l\\u2019amiante qui repr\\u00e9sentent un risque. Ces mat\\u00e9riaux doivent \\u00eatre \\u00e9limin\\u00e9s par des m\\u00e9thodes s\\u00e9curis\\u00e9es, souvent via un entrepreneur agr\\u00e9\\u00e9.\"}}]}\n                    <\/script>\n                \n\n\n<p><\/p>\n","protected":false},"featured_media":0,"parent":0,"template":"","meta":{"business":"46648","footnotes":""},"class_list":["post-212115","content","type-content","status-publish","hentry"],"_links":{"self":[{"href":"https:\/\/www.bobex.be\/fr-be\/wp-json\/wp\/v2\/content\/212115","targetHints":{"allow":["GET"]}}],"collection":[{"href":"https:\/\/www.bobex.be\/fr-be\/wp-json\/wp\/v2\/content"}],"about":[{"href":"https:\/\/www.bobex.be\/fr-be\/wp-json\/wp\/v2\/types\/content"}],"version-history":[{"count":6,"href":"https:\/\/www.bobex.be\/fr-be\/wp-json\/wp\/v2\/content\/212115\/revisions"}],"predecessor-version":[{"id":212589,"href":"https:\/\/www.bobex.be\/fr-be\/wp-json\/wp\/v2\/content\/212115\/revisions\/212589"}],"wp:attachment":[{"href":"https:\/\/www.bobex.be\/fr-be\/wp-json\/wp\/v2\/media?parent=212115"}],"curies":[{"name":"wp","href":"https:\/\/api.w.org\/{rel}","templated":true}]}}