{"id":212001,"date":"2025-08-25T14:17:07","date_gmt":"2025-08-25T14:17:07","guid":{"rendered":"https:\/\/www.bobex.be\/fr-be\/?post_type=content&#038;p=212001"},"modified":"2025-09-15T08:28:26","modified_gmt":"2025-09-15T08:28:26","slug":"panneau-solaire-sur-toit-amiante","status":"publish","type":"content","link":"https:\/\/www.bobex.be\/fr-be\/enlevement-de-lamiante\/panneau-solaire-sur-toit-amiante\/","title":{"rendered":"Panneaux solaires sur un toit en amiante : que dit la l\u00e9gislation ?\u00a0"},"content":{"rendered":"\n<div id=\"ez-toc-container\" class=\"ez-toc-v2_0_82_2 counter-hierarchy ez-toc-counter ez-toc-grey ez-toc-container-direction\">\n<div class=\"ez-toc-title-container\">\n<p class=\"ez-toc-title\" style=\"cursor:inherit\">Sommaire<\/p>\n<span class=\"ez-toc-title-toggle\"><a href=\"#\" class=\"ez-toc-pull-right ez-toc-btn ez-toc-btn-xs ez-toc-btn-default ez-toc-toggle\" aria-label=\"Toggle Table of Content\"><span class=\"ez-toc-js-icon-con\"><span class=\"\"><span class=\"eztoc-hide\" style=\"display:none;\">Toggle<\/span><span class=\"ez-toc-icon-toggle-span\"><svg style=\"fill: #999;color:#999\" xmlns=\"http:\/\/www.w3.org\/2000\/svg\" class=\"list-377408\" width=\"20px\" height=\"20px\" viewBox=\"0 0 24 24\" fill=\"none\"><path d=\"M6 6H4v2h2V6zm14 0H8v2h12V6zM4 11h2v2H4v-2zm16 0H8v2h12v-2zM4 16h2v2H4v-2zm16 0H8v2h12v-2z\" fill=\"currentColor\"><\/path><\/svg><svg style=\"fill: #999;color:#999\" class=\"arrow-unsorted-368013\" xmlns=\"http:\/\/www.w3.org\/2000\/svg\" width=\"10px\" height=\"10px\" viewBox=\"0 0 24 24\" version=\"1.2\" baseProfile=\"tiny\"><path d=\"M18.2 9.3l-6.2-6.3-6.2 6.3c-.2.2-.3.4-.3.7s.1.5.3.7c.2.2.4.3.7.3h11c.3 0 .5-.1.7-.3.2-.2.3-.5.3-.7s-.1-.5-.3-.7zM5.8 14.7l6.2 6.3 6.2-6.3c.2-.2.3-.5.3-.7s-.1-.5-.3-.7c-.2-.2-.4-.3-.7-.3h-11c-.3 0-.5.1-.7.3-.2.2-.3.5-.3.7s.1.5.3.7z\"\/><\/svg><\/span><\/span><\/span><\/a><\/span><\/div>\n<nav><ul class='ez-toc-list ez-toc-list-level-1 eztoc-toggle-hide-by-default' ><li class='ez-toc-page-1 ez-toc-heading-level-2'><a class=\"ez-toc-link ez-toc-heading-1\" href=\"https:\/\/www.bobex.be\/fr-be\/enlevement-de-lamiante\/panneau-solaire-sur-toit-amiante\/#Est-il_possible_dinstaller_des_panneaux_solaires_sur_un_toit_en_amiante\" >Est-il possible d&rsquo;installer des panneaux solaires sur un toit en amiante ?<\/a><ul class='ez-toc-list-level-3' ><li class='ez-toc-heading-level-3'><a class=\"ez-toc-link ez-toc-heading-2\" href=\"https:\/\/www.bobex.be\/fr-be\/enlevement-de-lamiante\/panneau-solaire-sur-toit-amiante\/#Amiante_dans_la_toiture_ou_dans_le_sous-toit_quelle_difference_au_niveau_de_la_reglementation%E2%80%AF\" >Amiante dans la toiture ou dans le sous-toit : quelle diff\u00e9rence au niveau de la r\u00e9glementation\u202f?<\/a><\/li><li class='ez-toc-page-1 ez-toc-heading-level-3'><a class=\"ez-toc-link ez-toc-heading-3\" href=\"https:\/\/www.bobex.be\/fr-be\/enlevement-de-lamiante\/panneau-solaire-sur-toit-amiante\/#Installer_des_panneaux_solaires_sur_un_toit_en_amiante_qui_est_responsable%E2%80%AF\" >Installer des panneaux solaires sur un toit en amiante : qui est responsable\u202f?\u00a0<\/a><\/li><li class='ez-toc-page-1 ez-toc-heading-level-3'><a class=\"ez-toc-link ez-toc-heading-4\" href=\"https:\/\/www.bobex.be\/fr-be\/enlevement-de-lamiante\/panneau-solaire-sur-toit-amiante\/#Installer_des_panneaux_solaires_sur_une_couverture_de_toit\" >Installer des panneaux solaires sur une couverture de toit ? \u00a0<\/a><\/li><\/ul><\/li><li class='ez-toc-page-1 ez-toc-heading-level-2'><a class=\"ez-toc-link ez-toc-heading-5\" href=\"https:\/\/www.bobex.be\/fr-be\/enlevement-de-lamiante\/panneau-solaire-sur-toit-amiante\/#Quest-ce_que_lamiante\" >Qu\u2019est-ce que l\u2019amiante ?<\/a><ul class='ez-toc-list-level-3' ><li class='ez-toc-heading-level-3'><a class=\"ez-toc-link ez-toc-heading-6\" href=\"https:\/\/www.bobex.be\/fr-be\/enlevement-de-lamiante\/panneau-solaire-sur-toit-amiante\/#Fibrociment_Eternit_des_fixations_anciennes_a_risque\" >Fibrociment Eternit : des fixations anciennes \u00e0 risque<\/a><\/li><li class='ez-toc-page-1 ez-toc-heading-level-3'><a class=\"ez-toc-link ez-toc-heading-7\" href=\"https:\/\/www.bobex.be\/fr-be\/enlevement-de-lamiante\/panneau-solaire-sur-toit-amiante\/#Quelle_est_la_duree_de_vie_dune_toiture_en_fibro-ciment_amiante\" >Quelle est la dur\u00e9e de vie d&rsquo;une toiture en fibro-ciment amiante ?<\/a><\/li><li class='ez-toc-page-1 ez-toc-heading-level-3'><a class=\"ez-toc-link ez-toc-heading-8\" href=\"https:\/\/www.bobex.be\/fr-be\/enlevement-de-lamiante\/panneau-solaire-sur-toit-amiante\/#Peut-on_conserver_une_toiture_en_amiante_en_Belgique\" >Peut-on conserver une toiture en amiante en Belgique ?<\/a><\/li><\/ul><\/li><li class='ez-toc-page-1 ez-toc-heading-level-2'><a class=\"ez-toc-link ez-toc-heading-9\" href=\"https:\/\/www.bobex.be\/fr-be\/enlevement-de-lamiante\/panneau-solaire-sur-toit-amiante\/#Combien_coute_le_remplacement_dun_toit_en_amiante%E2%80%AF\" >Combien co\u00fbte le remplacement d\u2019un toit en amiante\u202f?<\/a><ul class='ez-toc-list-level-3' ><li class='ez-toc-heading-level-3'><a class=\"ez-toc-link ez-toc-heading-10\" href=\"https:\/\/www.bobex.be\/fr-be\/enlevement-de-lamiante\/panneau-solaire-sur-toit-amiante\/#Quelles_primes_pour_le_retrait_damiante%E2%80%AF\" >Quelles primes pour le retrait d\u2019amiante\u202f?<\/a><\/li><\/ul><\/li><li class='ez-toc-page-1 ez-toc-heading-level-2'><a class=\"ez-toc-link ez-toc-heading-11\" href=\"https:\/\/www.bobex.be\/fr-be\/enlevement-de-lamiante\/panneau-solaire-sur-toit-amiante\/#Besoin_de_plus_dinformations%E2%80%AF_Demandez_gratuitement_conseil_a_des_experts_pour_le_desamiantage\" >Besoin de plus d\u2019informations\u202f? Demandez gratuitement conseil \u00e0 des experts pour le d\u00e9samiantage<\/a><\/li><\/ul><\/nav><\/div>\n<h2 class=\"wp-block-heading\"><span class=\"ez-toc-section\" id=\"Est-il_possible_dinstaller_des_panneaux_solaires_sur_un_toit_en_amiante\"><\/span>Est-il possible d&rsquo;installer des panneaux solaires sur un toit en amiante ?<span class=\"ez-toc-section-end\"><\/span><\/h2>\n\n\n\n<p><strong>L\u2019installation de panneaux photovolta\u00efques<\/strong> <strong>sur un toit contenant de l\u2019amiante est g\u00e9n\u00e9ralement interdite. <\/strong><a href=\"https:\/\/www.bobex.be\/fr-be\/enlevement-de-lamiante\/dangers-amiante\/\" target=\"_blank\" rel=\"noreferrer noopener\">L\u2019amiante est dangereux<\/a> qui peut nuire \u00e0 la sant\u00e9 en cas d\u2019exposition. Il est donc recommand\u00e9 de faire retirer le <a href=\"https:\/\/www.bobex.be\/fr-be\/enlevement-de-lamiante\/amiante-dans-la-maison\/toiture\/\" target=\"_blank\" rel=\"noreferrer noopener\">toiture en amiante <\/a>avant de poser des panneaux solaires.<\/p>\n\n\n\n<figure class=\"wp-block-image size-full\"><img decoding=\"async\" width=\"1200\" height=\"630\" src=\"https:\/\/www.bobex.be\/wp-uploads\/sites\/2\/Professionnel-installant-panneaux-solaires-sur-centrale-solaire.jpg\" alt=\"professionale installant panneaux solaires\" class=\"wp-image-163867\"\/><\/figure>\n\n\n\n<p>Il est important de consulter la r\u00e9glementation et les directives en vigueur concernant l\u2019\u00e9limination de l\u2019amiante dans votre r\u00e9gion et de faire appel \u00e0 une <a href=\"https:\/\/www.bobex.be\/fr-be\/enlevement-de-lamiante\/societe-desamiantage\/\" target=\"_blank\" rel=\"noreferrer noopener\">soci\u00e9t\u00e9 sp\u00e9cialis\u00e9e pour d\u00e9samiantage<\/a> en toute s\u00e9curit\u00e9. Vous garantissez la s\u00e9curit\u00e9 de tous tout en profitant des avantages de l\u2019\u00e9nergie solaire.<\/p>\n\n\n\n            <div class=\"bobex-highlight-global-div\" style=\"\n            --line-color: #17518d;\n            --bg-color: #e5f2f7;\n            --content-color:#10375e;\n            --title-color: #10375e;\n        \">\n                    <div class=\"bobex-highlight-block__border\">\n                        <div class=\"bobex--block_highlight_content-area\">\n                            <h3 class=\"bobex-block-highlight-title\"><span class=\"ez-toc-section\" id=\"Amiante_dans_la_toiture_ou_dans_le_sous-toit_quelle_difference_au_niveau_de_la_reglementation%E2%80%AF\"><\/span>Amiante dans la toiture ou dans le sous-toit : quelle diff\u00e9rence au niveau de la r\u00e9glementation\u202f?<span class=\"ez-toc-section-end\"><\/span><\/h3>\n                            <p class=\"bobex-block-highlight-content\">\n                            \t<div>\n<div class=\"wp-block-bobex-highlight\">\n<p>La <a href=\"https:\/\/www.bobex.be\/fr-be\/enlevement-de-lamiante\/reglementation-amiante\/\" target=\"_blank\" rel=\"noreferrer noopener\">r\u00e9glementation concernant l\u2019amiante<\/a> diff\u00e8re selon qu\u2019il se trouve dans le toit (ardoises, tuiles, plaques ondul\u00e9es, roofing) ou dans le sous-toit. Toutefois, toute manipulation de l\u2019amiante est toujours interdite, quel que soit son emplacement.<\/p>\n\n\n\n<p>Il est essentiel de respecter les r\u00e8gles et directives sp\u00e9cifiques relatives au d\u00e9samiantage. M\u00eame si le risque semble faible, des particules provenant du sous-toit peuvent se retrouver dans votre grenier, ce qu\u2019il faut \u00e9viter pour votre s\u00e9curit\u00e9.<\/p>\n<\/div>\n<\/div>\n                            <\/p>\n                        <\/div>\n                    <\/div>\n            <\/div>\n        \n\n\n            <div class=\"bobex-highlight-global-div\" style=\"\n            --line-color: #17518d;\n            --bg-color: #e5f2f7;\n            --content-color:#10375e;\n            --title-color: #10375e;\n        \">\n                    <div class=\"bobex-highlight-block__border\">\n                        <div class=\"bobex--block_highlight_content-area\">\n                            <h3 class=\"bobex-block-highlight-title\"><span class=\"ez-toc-section\" id=\"Installer_des_panneaux_solaires_sur_un_toit_en_amiante_qui_est_responsable%E2%80%AF\"><\/span>Installer des panneaux solaires sur un toit en amiante : qui est responsable\u202f?\u00a0<span class=\"ez-toc-section-end\"><\/span><\/h3>\n                            <p class=\"bobex-block-highlight-content\">\n                            \t<div>\n<div class=\"wp-block-bobex-highlight\">\n<p>Malgr\u00e9 ce risque, certaines personnes choisissent quand m\u00eame d\u2019installer des panneaux solaires. Dans ce cas, il est important de consid\u00e9rer la responsabilit\u00e9. Dans une relation contractuelle entre un professionnel et un particulier, la responsabilit\u00e9 incombe g\u00e9n\u00e9ralement au professionnel.<\/p>\n\n\n\n<p>Le professionnel doit ma\u00eetriser son m\u00e9tier et agir selon les r\u00e8gles de l\u2019art, ce qui n\u2019est pas le cas du consommateur. Il est cependant important de ne pas signer de documents limitant la responsabilit\u00e9 du professionnel.<\/p>\n\n\n\n<p>Il est toujours conseill\u00e9 de rester vigilant et de prendre des pr\u00e9cautions pour votre s\u00e9curit\u00e9 et celle de votre entourage, m\u00eame si la responsabilit\u00e9 incombe au professionnel.<\/p>\n<\/div>\n<\/div>\n                            <\/p>\n                        <\/div>\n                    <\/div>\n            <\/div>\n        \n\n\n            <div class=\"bobex-highlight-global-div\" style=\"\n            --line-color: #17518d;\n            --bg-color: #e5f2f7;\n            --content-color:#10375e;\n            --title-color: #10375e;\n        \">\n                    <div class=\"bobex-highlight-block__border\">\n                        <div class=\"bobex--block_highlight_content-area\">\n                            <h3 class=\"bobex-block-highlight-title\"><span class=\"ez-toc-section\" id=\"Installer_des_panneaux_solaires_sur_une_couverture_de_toit\"><\/span>Installer des panneaux solaires sur une couverture de toit ? \u00a0<span class=\"ez-toc-section-end\"><\/span><\/h3>\n                            <p class=\"bobex-block-highlight-content\">\n                            \t<div>\n<div class=\"wp-block-bobex-highlight\">\n<p>Un toit de recouvrement est un syst\u00e8me de couverture plac\u00e9 sur un toit existant. Les panneaux solaires peuvent y \u00eatre parfaitement install\u00e9s, car ce type de toiture peut supporter leur poids.<\/p>\n\n\n\n<p>Cependant, il est important de noter qu\u2019un toit de recouvrement ne peut pas \u00eatre pos\u00e9 sur un toit contenant de l\u2019amiante. L\u2019amiante doit \u00eatre retir\u00e9 avant l\u2019installation d\u2019un toit de recouvrement.<\/p>\n<\/div>\n<\/div>\n                            <\/p>\n                        <\/div>\n                    <\/div>\n            <\/div>\n        \n\n<div class='bobex-cta-block' style='\n            --button-bg-color: #e13c0e;\n            --button-text-color: #ffffff;\n            --banner-bg-color: #aad4e6;\n            --arrow-main-bg-color: #aad4e6;\n            --arrow-secondary-bg-color: #e5f2f7;\n            --banner-title-color: #10375e;\n            --arrow-title-color: #10375e;\n            --banner-text-color: #545454;\n            --arrow-text-color: #545454;         \n            --invert-range: 0deg;\n        '><a class='cta-button-rounded' href='https:\/\/www.bobex.be\/fr-be\/enlevement-de-lamiante\/enlevement-de-lamiante-devis\/'>Contacter un sp\u00e9cialiste en d\u00e9samiantage<\/a><\/div>\n\n\n<h2 class=\"wp-block-heading\"><span class=\"ez-toc-section\" id=\"Quest-ce_que_lamiante\"><\/span>Qu\u2019est-ce que l\u2019amiante ?<span class=\"ez-toc-section-end\"><\/span><\/h2>\n\n\n\n<p><strong>L\u2019amiante est un mat\u00e9riau min\u00e9ral fibreux <\/strong>qui a longtemps \u00e9t\u00e9 utilis\u00e9 dans la construction pour ses qualit\u00e9s isolantes, sa r\u00e9sistance au feu et son faible co\u00fbt. On le retrouve notamment dans les toitures, les plaques de fa\u00e7ade, les conduits ou encore certains rev\u00eatements de sol.<\/p>\n\n\n\n<figure class=\"wp-block-image size-full\"><img decoding=\"async\" width=\"1200\" height=\"630\" src=\"https:\/\/www.bobex.be\/wp-uploads\/sites\/2\/travaux-amiante.jpg\" alt=\"d\u00e9samiantage d'une toiture\" class=\"wp-image-212187\"\/><\/figure>\n\n\n\n<p>Cependant, il est aujourd\u2019hui reconnu comme une substance extr\u00eamement dangereuse pour la sant\u00e9 : lorsqu\u2019il est ab\u00eem\u00e9 ou manipul\u00e9, il lib\u00e8re des fibres microscopiques qui, une fois inhal\u00e9es, peuvent provoquer de graves maladies respiratoires (asbestose, cancer du poumon, m\u00e9soth\u00e9liome). C\u2019est pourquoi l\u2019utilisation de l\u2019amiante est<strong> totalement interdite en Europe depuis 2005, <\/strong>et un plan d\u2019\u00e9radication progressive est en place pour les b\u00e2timents qui en contiennent encore.<\/p>\n\n\n\n<h3 class=\"wp-block-heading\"><span class=\"ez-toc-section\" id=\"Fibrociment_Eternit_des_fixations_anciennes_a_risque\"><\/span>Fibrociment Eternit : des fixations anciennes \u00e0 risque<span class=\"ez-toc-section-end\"><\/span><\/h3>\n\n\n\n<p>Un des usages les plus r\u00e9pandus de l\u2019amiante fut l\u2019int\u00e9gration dans le fibrociment, notamment commercialis\u00e9 sous la marque&nbsp;<strong>Eternit<\/strong>. Ces plaques ondul\u00e9es ou ardoises synth\u00e9tiques \u00e9taient tr\u00e8s utilis\u00e9es comme mat\u00e9riaux de toiture jusque dans les ann\u00e9es 90.<\/p>\n\n\n\n<p>M\u00eame si ces toitures paraissent solides, elles contiennent des fibres d\u2019amiante li\u00e9es au ciment. Tant qu\u2019elles restent intactes, le risque d\u2019exposition est limit\u00e9. Mais avec le temps, les intemp\u00e9ries ou lors de travaux (per\u00e7age, sciage, remplacement), ces plaques peuvent lib\u00e9rer des particules dangereuses.<\/p>\n\n\n\n<p>&nbsp;C\u2019est pr\u00e9cis\u00e9ment ce type de situation qui pose probl\u00e8me lorsqu\u2019on envisage d\u2019installer des panneaux solaires sur une toiture contenant du fibrociment amiant\u00e9 : le risque de d\u00e9gradation du mat\u00e9riau est \u00e9lev\u00e9 et la l\u00e9gislation l\u2019encadre strictement.<\/p>\n\n\n\n<h3 class=\"wp-block-heading\"><span class=\"ez-toc-section\" id=\"Quelle_est_la_duree_de_vie_dune_toiture_en_fibro-ciment_amiante\"><\/span>Quelle est la dur\u00e9e de vie d&rsquo;une toiture en fibro-ciment amiante ?<span class=\"ez-toc-section-end\"><\/span><\/h3>\n\n\n\n<p>Une toiture en fibrociment contenant de l\u2019amiante poss\u00e8de, en th\u00e9orie, une dur\u00e9e de vie<strong> d\u2019environ 30 \u00e0 50 ans.<\/strong> Ces plaques \u00e9taient con\u00e7ues pour \u00eatre r\u00e9sistantes aux intemp\u00e9ries et n\u00e9cessitaient peu d\u2019entretien.<\/p>\n\n\n\n<p>Cependant, avec le temps, le fibrociment vieillit : les pluies acides, le gel, le soleil et la pollution fragilisent la structure. La surface devient poreuse, des mousses peuvent s\u2019y d\u00e9velopper et, surtout, les plaques risquent de se fissurer. Or, c\u2019est pr\u00e9cis\u00e9ment lors de la d\u00e9gradation m\u00e9canique que les fibres d\u2019amiante peuvent se lib\u00e9rer dans l\u2019air et <strong>pr\u00e9senter un danger et risque pour la sant\u00e9.<\/strong><\/p>\n\n\n\n<p>\ud83d\udc49 Concr\u00e8tement, si ta toiture en fibrociment amiante date d\u2019avant les ann\u00e9es 1990, il est fort probable qu\u2019elle ait d\u00e9j\u00e0 atteint ou d\u00e9pass\u00e9 sa dur\u00e9e de vie pr\u00e9vue. Dans ce cas, un diagnostic par un professionnel agr\u00e9\u00e9 est indispensable pour \u00e9valuer l\u2019\u00e9tat des plaques et d\u00e9terminer si un retrait complet est n\u00e9cessaire.<\/p>\n\n\n\n<h3 class=\"wp-block-heading\"><span class=\"ez-toc-section\" id=\"Peut-on_conserver_une_toiture_en_amiante_en_Belgique\"><\/span>Peut-on conserver une toiture en amiante en Belgique ?<span class=\"ez-toc-section-end\"><\/span><\/h3>\n\n\n\n<p>En Belgique, <strong>le <a href=\"https:\/\/www.bobex.be\/fr-be\/enlevement-de-lamiante\/\" target=\"_blank\" rel=\"noreferrer noopener\">d\u00e9samiantage<\/a> n\u2019est obligatoire que si les structures sont endommag\u00e9es ou risquent de l\u2019\u00eatre lors de futurs travaux. Si elles sont en bon \u00e9tat, les fibres ne se lib\u00e8rent pas dans l\u2019air et ne repr\u00e9sentent pas de danger imm\u00e9diat.<\/strong><\/p>\n\n\n\n<p>Pour la vente ou la location d\u2019un bien, certaines obligations s\u2019appliquent : en Flandre, les b\u00e2timents construits avant 2001 avec plus de 20 m\u00b2 de surface doivent \u00eatre accompagn\u00e9s d\u2019un&nbsp;<strong>certificat mentionnant la pr\u00e9sence \u00e9ventuelle d\u2019<\/strong><a href=\"https:\/\/www.bobex.be\/fr-be\/enlevement-de-lamiante\/amiante-dans-la-maison\/\" target=\"_blank\" rel=\"noreferrer noopener\"><strong>amiante<\/strong> dans la maison<\/a>. \u00c0 Bruxelles et en Wallonie, ce certificat d&rsquo;amiante n\u2019est pas encore obligatoire, mais la mesure pourrait \u00eatre adopt\u00e9e prochainement.<\/p>\n\n\n\n<p>Si un diagnostic a d\u00e9j\u00e0 \u00e9t\u00e9 r\u00e9alis\u00e9, il doit \u00eatre communiqu\u00e9 \u00e0 l\u2019acheteur ou au locataire. En revanche, si la toiture est en mauvais \u00e9tat et constitue un danger, l\u2019acheteur peut consid\u00e9rer cela comme un&nbsp;<strong>vice cach\u00e9<\/strong>&nbsp;et engager une action en justice.<\/p>\n\n\n\n<h2 class=\"wp-block-heading\"><span class=\"ez-toc-section\" id=\"Combien_coute_le_remplacement_dun_toit_en_amiante%E2%80%AF\"><\/span>Combien co\u00fbte le remplacement d\u2019un toit en amiante\u202f?<span class=\"ez-toc-section-end\"><\/span><\/h2>\n\n\n\n<p>Pour retirer un toit en amiante, il faut compter en moyenne&nbsp;<strong>entre 10 et 15\u202f\u20ac par m\u00b2 (TVA incluse).<\/strong>&nbsp;<br>\u00c0 cela s\u2019ajoutent des frais pour l\u2019\u00e9vacuation des mat\u00e9riaux contenant de l\u2019amiante, avec un prix moyen de&nbsp;<strong>140\u202f\u20ac par tonne.<\/strong><\/p>\n\n\n\n<p>Si vous souhaitez obtenir un conseil et un prix sur mesure, vous pouvez demander gratuitement des devis aupr\u00e8s de professionnels sp\u00e9cialis\u00e9s via la page de devis. Des pr\u00e9cautions doivent \u00eatre prises, comme le port de v\u00eatements de protection et de masques respiratoires.<\/p>\n\n\n\n<p>De plus, il est n\u00e9cessaire de pr\u00e9voir une grue et un conteneur pour \u00e9vacuer l\u2019amiante en toute s\u00e9curit\u00e9. Ces travaux suppl\u00e9mentaires se refl\u00e8tent dans le co\u00fbt total.<\/p>\n\n\n\n                <div class='bobex-cta-block' style='\n            --button-bg-color: #e13c0e;\n            --button-text-color: #ffffff;\n            --banner-bg-color: #aad4e6;\n            --arrow-main-bg-color: #aad4e6;\n            --arrow-secondary-bg-color: #e5f2f7;\n            --banner-title-color: #10375e;\n            --arrow-title-color: #10375e;\n            --banner-text-color: #545454;\n            --arrow-text-color: #545454;         \n            --invert-range: 0deg;\n        '>\n                    <div class='cta-arrow-text d-flex d-lg-none'>\n                        <a class='cta-button-rounded' href='#ppp'>Je remplis le formulaire<\/a>\n                    <\/div>\n                    <div class='d-none d-lg-flex flex-no-wrap'>\n                        <div class=\"col-7 cta-arrow-text d-flex text-color\">\n                            <div class=\"m-auto\">\n                                <div class=\"h3\">Nous vous mettons en contact avec des sp\u00e9cialistes<\/div>\n                                <div class='text-color'>Comparez les devis gratuitement<\/div>\n                            <\/div>\n                        <\/div>\n                        <div class='cta-arrow-link col-5'>\n                            <a class='cta-button-rounded' href=\"#ppp\">Je remplis le formulaire<\/a>\n                        <\/div>\n                    <\/div>\n                <\/div>\n\n\n<h3 class=\"wp-block-heading\"><span class=\"ez-toc-section\" id=\"Quelles_primes_pour_le_retrait_damiante%E2%80%AF\"><\/span>Quelles primes pour le retrait d\u2019amiante\u202f?<span class=\"ez-toc-section-end\"><\/span><\/h3>\n\n\n\n<p>Outre la&nbsp;<em>Mijn VerbouwPremie<\/em>, d\u2019autres primes existent pour les travaux de toiture et d\u2019isolation. Parmi elles, la prime de label EPC Fluvius pour l\u2019isolation de toit\u202f: vous pouvez en b\u00e9n\u00e9ficier si vous avez r\u00e9alis\u00e9 des travaux d\u2019\u00e9conomie d\u2019\u00e9nergie, comme l\u2019isolation de toit, avec une facture finale depuis 2021.<\/p>\n\n\n\n<p>En 2023, une subvention sous forme de pr\u00eat \u00e0 taux r\u00e9duit est \u00e9galement disponible. Par exemple, si vous achetez un logement ou un appartement avec une faible performance \u00e9nerg\u00e9tique et que vous le r\u00e9novez enti\u00e8rement dans les 5 ans, vous pouvez obtenir une subvention de la banque en compl\u00e9ment de votre pr\u00eat hypoth\u00e9caire.<\/p>\n\n\n\n<p>Enfin, il existe la <a href=\"https:\/\/www.bobex.be\/fr-be\/enlevement-de-lamiante\/primes-desamiantage\/\" target=\"_blank\" rel=\"noreferrer noopener\">prime pour le retrait d\u2019amiante<\/a> en lien avec l\u2019installation de panneaux solaires. Si vous souhaitez installer des panneaux sur un b\u00e2timent annexe non chauff\u00e9 avec une toiture en amiante, vous devez obligatoirement retirer l\u2019amiante dans le but de b\u00e9n\u00e9ficier des aides financi\u00e8res Fluvius pour panneaux solaires.<\/p>\n\n\n\n<p>La prime pour le retrait d\u2019amiante s\u2019\u00e9l\u00e8ve \u00e0 12\u202f\u20ac par m\u00b2 (hors TVA) et vous pouvez r\u00e9cup\u00e9rer jusqu\u2019\u00e0 50\u202f% du montant total de la facture incluant le retrait et l\u2019\u00e9vacuation de l\u2019amiante.<\/p>\n\n\n\n<h2 class=\"wp-block-heading\"><span class=\"ez-toc-section\" id=\"Besoin_de_plus_dinformations%E2%80%AF_Demandez_gratuitement_conseil_a_des_experts_pour_le_desamiantage\"><\/span>Besoin de plus d\u2019informations\u202f? Demandez gratuitement conseil \u00e0 des experts pour le d\u00e9samiantage<span class=\"ez-toc-section-end\"><\/span><\/h2>\n\n\n\n<p>L\u2019amiante est une substance dangereuse qui, si elle est mal manipul\u00e9e, peut provoquer de graves probl\u00e8mes de sant\u00e9, comme des maladies pulmonaires ou le cancer. Les experts en retrait d\u2019amiante disposent des connaissances, de la formation et de l\u2019exp\u00e9rience n\u00e9cessaires pour manipuler l\u2019amiante de mani\u00e8re s\u00fbre et contr\u00f4l\u00e9e. Ils connaissent la r\u00e9glementation sp\u00e9cifique et suivent des protocoles stricts pour minimiser la dispersion des fibres d\u2019amiante.<\/p>\n\n\n\n<p><strong>Demander gratuitement des conseils \u00e0 ces professionnels offre des informations pr\u00e9cieuses sur votre situation et les \u00e9tapes n\u00e9cessaires pour un retrait d\u2019amiante s\u00e9curis\u00e9.<\/strong><\/p>\n\n\n<div id=\"ppp\" class=\"bob-form-wrapper\" data-ajax_url=\"https:\/\/www.bobex.be\/fr-be\/wp-admin\/admin-ajax.php\" data-fa_a=\"\" data-fa_b=\"\"><div class=\"loader\" aria-hidden=\"true\"><\/div>    <div>\n        <div class=\"row mx-auto mb-2\" style=\"max-width: 900px;\">\n            <div class=\"col-md-4\"><i class=\"mr-1 fas fa-check\" style=\"color:green;\"><\/i>Devis gratuits et rapides<\/div>\n            <div class=\"col-md-4\"><i class=\"mr-1 fas fa-check\" style=\"color:green;\"><\/i>Sans engagement et obligation<\/div>\n            <div class=\"col-md-4\"><i class=\"mr-1 fas fa-check\" style=\"color:green;\"><\/i>Professionnels agr\u00e9\u00e9s<\/div>\n        <\/div>\n    <\/div><div id=\"form-69f22b2f42ceb\" class=\"bob-form-container\" style=\"background-color: white; font-family: Roboto, sans-serif !important; font-size: 16px !important; color: #545454; box-shadow: 0 2px 10px rgba(0,0,0,0.1); --font_title: Poppins; --font_size_title: 20px; --title_bg_color: #175da6; --copyright_color: #fde8e1; --box_upload_color: #e5f2f7; padding:unset;\" data-form-type=\"inline\" data-form-id=\"69f22b2f42ceb\"><style>#form-69f22b2f42ceb .bob-form-inline-question.even {\n  background-color: #e5f2f7;\n}\n#form-69f22b2f42ceb .single_multiple.multiple_button {\n  background-color: #e5f2f7 !important;\n}\n#form-69f22b2f42ceb .bob-form-inline-question--hidden {\n  display: none;\n}<\/style><div class=\"form-questions\"><form id=\"bob-form\" class=\"bob-form bob-form-tag\" method=\"post\" action=\"https:\/\/www.bobex.be\/fr-be\/wp-admin\/admin-ajax.php?action=bobex-form-validation\">    <div class=\"form-title\">\n        Formulez votre demande\n        <div class=\"form-title-info-line\">\n            R\u00e9pondez \u00e0 quelques questions et entrez en contact avec des sp\u00e9cialistes fiables. Nous vous demandons vos coordonn\u00e9es afin de s\u00e9lectionner les professionnels actifs dans votre r\u00e9gion.\n        <\/div>\n    <\/div><div class=\"form-questions bob-form-inline-question\"><div class=\"row\"><div class=\"question col-md-4\"><label>1*. De quel type de b\u00e2timent s&rsquo;agit-il ?<\/label><\/div><div class=\"answer col-md-8\"><div class=\"bob-form-radio d-flex\"><input type=\"radio\" class=\"inline-radio\" id=\"69f22b2f42ceb-input-0-1\" data-unique-id=\"69f22b2f42ceb\" name=\"XML_extra_radio2\" value=\"1\"  required=\"required\"><label for=\"69f22b2f42ceb-input-0-1\">Maison individuelle<\/label><\/div><div class=\"bob-form-radio d-flex\"><input type=\"radio\" class=\"inline-radio\" id=\"69f22b2f42ceb-input-0-2\" data-unique-id=\"69f22b2f42ceb\" name=\"XML_extra_radio2\" value=\"2\"  required=\"required\"><label for=\"69f22b2f42ceb-input-0-2\">Maison jumel\u00e9e \/ 3 fa\u00e7ades<\/label><\/div><div class=\"bob-form-radio d-flex\"><input type=\"radio\" class=\"inline-radio\" id=\"69f22b2f42ceb-input-0-3\" data-unique-id=\"69f22b2f42ceb\" name=\"XML_extra_radio2\" value=\"3\"  required=\"required\"><label for=\"69f22b2f42ceb-input-0-3\">Maison mitoyenne \/ 2 fa\u00e7ades<\/label><\/div><div class=\"bob-form-radio d-flex\"><input type=\"radio\" class=\"inline-radio\" id=\"69f22b2f42ceb-input-0-4\" data-unique-id=\"69f22b2f42ceb\" name=\"XML_extra_radio2\" value=\"4\"  required=\"required\"><label for=\"69f22b2f42ceb-input-0-4\">Appartement<\/label><\/div><div class=\"bob-form-radio d-flex\"><input type=\"radio\" class=\"inline-radio\" id=\"69f22b2f42ceb-input-0-5\" data-unique-id=\"69f22b2f42ceb\" name=\"XML_extra_radio2\" value=\"5\"  required=\"required\"><label for=\"69f22b2f42ceb-input-0-5\">Immeuble commercial ou bureau<\/label><\/div><div class=\"bob-form-radio d-flex\"><input type=\"radio\" class=\"inline-radio\" id=\"69f22b2f42ceb-input-0-6\" data-unique-id=\"69f22b2f42ceb\" name=\"XML_extra_radio2\" value=\"6\"  required=\"required\"><label for=\"69f22b2f42ceb-input-0-6\">Autre<\/label><\/div><\/div><\/div><\/div><div class=\"form-questions bob-form-inline-question even\"><div class=\"row\"><div class=\"question col-md-4\"><label>2*. O\u00f9 se situe l&#039;amiante dans le b\u00e2timent ?<\/label><\/div><div class=\"answer col-md-8\"><div class=\"bob-form-checkbox d-flex\"><input type=\"checkbox\" class=\"inline-checkbox bob-form-input\" id=\"69f22b2f42ceb-input-1-1\" data-unique-id=\"69f22b2f42ceb\" name=\"XML_extra_check[]\" value=\"1\"  required=\"required\" onclick=\"checkboxTurnChecked(this)\"><label for=\"69f22b2f42ceb-input-1-1\">Toiture (tuiles, ardoises, fibrociment)<\/label><\/div><div class=\"bob-form-checkbox d-flex\"><input type=\"checkbox\" class=\"inline-checkbox bob-form-input\" id=\"69f22b2f42ceb-input-1-2\" data-unique-id=\"69f22b2f42ceb\" name=\"XML_extra_check[]\" value=\"2\"  required=\"required\" onclick=\"checkboxTurnChecked(this)\"><label for=\"69f22b2f42ceb-input-1-2\">Isolation des murs ou plafonds<\/label><\/div><div class=\"bob-form-checkbox d-flex\"><input type=\"checkbox\" class=\"inline-checkbox bob-form-input\" id=\"69f22b2f42ceb-input-1-3\" data-unique-id=\"69f22b2f42ceb\" name=\"XML_extra_check[]\" value=\"3\"  required=\"required\" onclick=\"checkboxTurnChecked(this)\"><label for=\"69f22b2f42ceb-input-1-3\">Sols<\/label><\/div><div class=\"bob-form-checkbox d-flex\"><input type=\"checkbox\" class=\"inline-checkbox bob-form-input\" id=\"69f22b2f42ceb-input-1-4\" data-unique-id=\"69f22b2f42ceb\" name=\"XML_extra_check[]\" value=\"4\"  required=\"required\" onclick=\"checkboxTurnChecked(this)\"><label for=\"69f22b2f42ceb-input-1-4\">Tuyauteries (gaines, calorifugeage)<\/label><\/div><div class=\"bob-form-checkbox d-flex\"><input type=\"checkbox\" class=\"inline-checkbox bob-form-input\" id=\"69f22b2f42ceb-input-1-5\" data-unique-id=\"69f22b2f42ceb\" name=\"XML_extra_check[]\" value=\"5\"  required=\"required\" onclick=\"checkboxTurnChecked(this)\"><label for=\"69f22b2f42ceb-input-1-5\">Enduits, cr\u00e9pis ou peintures<\/label><\/div><div class=\"bob-form-checkbox d-flex\"><input type=\"checkbox\" class=\"inline-checkbox bob-form-input\" id=\"69f22b2f42ceb-input-1-6\" data-unique-id=\"69f22b2f42ceb\" name=\"XML_extra_check[]\" value=\"6\"  required=\"required\" onclick=\"checkboxTurnChecked(this)\"><label for=\"69f22b2f42ceb-input-1-6\">Cloisons ou faux plafonds<\/label><\/div><div class=\"bob-form-checkbox d-flex\"><input type=\"checkbox\" class=\"inline-checkbox bob-form-input\" id=\"69f22b2f42ceb-input-1-7\" data-unique-id=\"69f22b2f42ceb\" name=\"XML_extra_check[]\" value=\"7\"  required=\"required\" onclick=\"checkboxTurnChecked(this)\"><label for=\"69f22b2f42ceb-input-1-7\">Autre (\u00e0 pr\u00e9ciser)<\/label><\/div><\/div><\/div><\/div><div class=\"form-questions bob-form-inline-question\"><div class=\"row\"><div class=\"question col-md-4\"><label>3*. Quelle est l&rsquo;ann\u00e9e de construction du b\u00e2timent ?<\/label><\/div><div class=\"answer col-md-8\"><div class=\"bob-form-radio d-flex\"><input type=\"radio\" class=\"inline-radio\" id=\"69f22b2f42ceb-input-2-1\" data-unique-id=\"69f22b2f42ceb\" name=\"XML_extra_radio3\" value=\"1\"  required=\"required\"><label for=\"69f22b2f42ceb-input-2-1\">Avant 1945<\/label><\/div><div class=\"bob-form-radio d-flex\"><input type=\"radio\" class=\"inline-radio\" id=\"69f22b2f42ceb-input-2-2\" data-unique-id=\"69f22b2f42ceb\" name=\"XML_extra_radio3\" value=\"2\"  required=\"required\"><label for=\"69f22b2f42ceb-input-2-2\">1945-1998 (la plupart des cas)<\/label><\/div><div class=\"bob-form-radio d-flex\"><input type=\"radio\" class=\"inline-radio\" id=\"69f22b2f42ceb-input-2-3\" data-unique-id=\"69f22b2f42ceb\" name=\"XML_extra_radio3\" value=\"3\"  required=\"required\"><label for=\"69f22b2f42ceb-input-2-3\">Apr\u00e8s 1998<\/label><\/div><\/div><\/div><\/div><div class=\"form-questions bob-form-inline-question even\"><div class=\"row\"><div class=\"question col-md-4\"><label>4*. Quand souhaitez-vous ce service ?<\/label><\/div><div class=\"answer col-md-8\"><div class=\"bob-form-radio d-flex\"><input type=\"radio\" class=\"inline-radio\" id=\"69f22b2f42ceb-input-3-1\" data-unique-id=\"69f22b2f42ceb\" name=\"XML_extra_radio4\" value=\"1\"  required=\"required\"><label for=\"69f22b2f42ceb-input-3-1\">D\u00e8s que possible, dans un d\u00e9lai de 2 mois<\/label><\/div><div class=\"bob-form-radio d-flex\"><input type=\"radio\" class=\"inline-radio\" id=\"69f22b2f42ceb-input-3-2\" data-unique-id=\"69f22b2f42ceb\" name=\"XML_extra_radio4\" value=\"2\"  required=\"required\"><label for=\"69f22b2f42ceb-input-3-2\">Dans un d\u00e9lai de 2 \u00e0 4 mois<\/label><\/div><div class=\"bob-form-radio d-flex\"><input type=\"radio\" class=\"inline-radio\" id=\"69f22b2f42ceb-input-3-3\" data-unique-id=\"69f22b2f42ceb\" name=\"XML_extra_radio4\" value=\"3\"  required=\"required\"><label for=\"69f22b2f42ceb-input-3-3\">Dans un d\u00e9lai de 4 \u00e0 6 mois<\/label><\/div><\/div><\/div><\/div><div class=\"form-questions bob-form-inline-question\"><div class=\"d-flex flex-column\"><label class=\"question\" for=\"69f22b2f42ceb-input-4\">5. Information compl\u00e9mentaire<\/label><textarea class=\"bob-form-input\" name=\"XML_remarks\" id=\"69f22b2f42ceb-input-4\" data-unique-id=\"69f22b2f42ceb\"><\/textarea><\/div><\/div><div class=\"bob-inline-form bob-form-tag upload-box mb-3\">\n                    <div class=\"row\">\n                        <div class=\"col-md-12 mb-2 question\">Ajouter des photos ou des pi\u00e8ces jointes (en Option)<\/div>\n                        <div class=\"col-md-12\">\n                            <div class=\"box__input\" style=\"background-color: #e5f2f7;\"\n                                 ondrop=\"drop(event)\"\n                                 ondragover=\"allowDrop(event)\"\n                                 ondragleave=\"removeDropFx(event)\"\n                                >\n                                <input type=\"file\"\n                                       class=\"file__input\"\n                                       name=\"attachments[]\"\n                                       id=\"attachments\"\n                                       multiple=\"multiple\"\n                                       accept=\"image\/jpeg, image\/png, image\/gif, application\/pdf\"\n                                       data-multiple-caption=\"{count} files selected\">\n                                <div>\n                                    <label for=\"attachments\"><strong>S\u00e9lectionnez un fichier <\/strong>ou glissez-le ici<\/label>\n                                    <span class=\"box__button bobex-round-cta m-1 py-1\"\n                                          style=\"mix-blend-mode: luminosity\">\n                                        <i class=\"fas fa-cloud-upload-alt text-white\"><\/i>\n                                        T\u00e9l\u00e9charger\n                                    <\/span>\n                                <\/div>\n            \n                                <div class=\"row preview_wrapper m-0\"><\/div>\n                            <\/div>\n            \n                            <div class=\"box__uploading\">Uploading\u2026<\/div>\n                            <div class=\"box__success\">Done!<\/div>\n                            <div class=\"box__error\">Error! <span><\/span>.<\/div>\n                        <\/div>\n                    <\/div>\n                <\/div>    <div class=\"form-title\">\n        Vos donn\u00e9es\n    <\/div><div class=\"bob-form-contact-data\" style=\"padding: 20px\"><div class=\"row lead-info\"><div class=\"col-md-6 mb-3\">  <div class=\"form-group\">    <input value=\"\" type=\"text\" class=\"form-control\" id=\"firstName\" name=\"firstName\" placeholder=\"Pr\u00e9nom\" required>    <div class=\"valid-feedback\">Enchant\u00e9 !<\/div>    <div class=\"invalid-feedback\">Veuillez indiquer votre pr\u00e9nom<\/div>  <\/div><\/div><div class=\"col-md-6 mb-3\">  <div class=\"form-group\">    <input value=\"\" type=\"text\" class=\"form-control\" id=\"lastName\" name=\"lastName\" placeholder=\"Nom\" required>    <div class=\"valid-feedback\">Sympa<\/div>    <div class=\"invalid-feedback\">Veuillez indiquer votre nom de famille<\/div>  <\/div><\/div><div class=\"col-md-12 mb-3\">  <div class=\"form-group\">    <input value=\"\" type=\"email\" class=\"form-control\" id=\"email\" name=\"email\" placeholder=\"E-mail\" required style=\"max-width: unset;\">    <div class=\"valid-feedback\">C&rsquo;est tout bon<\/div>    <div class=\"invalid-feedback\">Veuillez indiquer une adresse e-mail valide<\/div>  <\/div><\/div><div class=\"col-md-12 mb-3\">  <div class=\"form-group\">    <input value=\"\" type=\"tel\" class=\"form-control\" id=\"phone\" name=\"phone\" placeholder=\"T\u00e9l\u00e9phone\" required style=\"max-width: unset;\">    <div class=\"valid-feedback\">Parfait<\/div>    <div class=\"invalid-feedback\">Veuillez indiquer un num\u00e9ro de t\u00e9l\u00e9phone valide<\/div>  <\/div><\/div><div class=\"col-md-12 mb-3\">  <div class=\"form-group\">    <input value=\"\" type=\"text\" class=\"form-control\" id=\"companyAddress\" name=\"companyAddress\" placeholder=\"Adresse\" required style=\"max-width: unset;\">    <div class=\"valid-feedback\">C&rsquo;est not\u00e9<\/div>    <div class=\"invalid-feedback\">Veuillez indiquer une adresse valide<\/div>  <\/div><\/div><div class=\"col-md-6 mb-3\">  <div class=\"form-group\">    <input value=\"\" type=\"text\" class=\"form-control\" id=\"companyPostalCode\" name=\"companyPostalCode\" placeholder=\"Code postal\" required>    <div class=\"valid-feedback\">Excellent !<\/div>    <div class=\"invalid-feedback\">Veuillez indiquer un code postal valide<\/div>  <\/div><\/div><div class=\"col-md-6 mb-3\">  <div class=\"form-group\">    <input value=\"\" type=\"text\" class=\"form-control\" id=\"companyCity\" name=\"companyCity\" placeholder=\"Ville\" required>    <div class=\"valid-feedback\">Bien jou\u00e9<\/div>    <div class=\"invalid-feedback\">Veuillez indiquer une ville valide<\/div>  <\/div><\/div><div class=\"d-flex mt-3\"><input name=\"promoOptin\" value=\"true\" id=\"promoOptin\" type=\"checkbox\" class=\"me-2\" style=\"width: unset\"><label for=\"promoOptin\">Je souhaite rester inform\u00e9 de ma demande et recevoir des conseils pratiques (fortement recommand\u00e9 !) <\/label><\/div><\/div><\/div><input type=\"hidden\" class=\"session_var\" name=\"newform\" value=\"true\"><input type=\"hidden\" class=\"session_var\" name=\"lead-validation-nonce\" value=\"24cd3332a7\"><input type=\"hidden\" class=\"session_var\" name=\"aff\" value=\"minisite\"><input type=\"hidden\" class=\"session_var\" name=\"utm_source\" value=\"https:\/\/www.bobex.be\/fr-be\/wp-json\/v2\/content\/212001\"><input type=\"hidden\" class=\"session_var\" name=\"bobx\" value=\"\"><input type=\"hidden\" class=\"session_var\" name=\"sessionType\" value=\"B2C\"><input type=\"hidden\" class=\"session_var\" name=\"utm_medium\" value=\"web\"><input type=\"hidden\" class=\"session_var\" name=\"utm_campaign\" value=\"search\"><input type=\"hidden\" class=\"session_var\" name=\"rem_source\" value=\"https:\/\/www.bobex.be\/fr-be\/enlevement-de-lamiante\/panneau-solaire-sur-toit-amiante\/\"><input type=\"hidden\" class=\"session_var\" name=\"pixel_id\" value=\"-1\"><input type=\"hidden\" class=\"session_var\" name=\"tabo_id\" value=\"-1\"><input type=\"hidden\" class=\"session_var\" name=\"click_id\" value=\"-1\"><input type=\"hidden\" class=\"session_var\" name=\"gclid\" value=\"-1\"><input type=\"hidden\" class=\"session_var\" name=\"msclkid\" value=\"-1\"><input type=\"hidden\" class=\"session_var\" name=\"past_aff\" value=\"bobex\"><input type=\"hidden\" class=\"session_var\" name=\"redirectTo\" value=\"BE\"><input type=\"hidden\" class=\"session_var\" name=\"is_type_id\" value=\"true\"><input type=\"hidden\" class=\"session_var\" name=\"typeid\" value=\"100045\"><input type=\"hidden\" class=\"session_var\" name=\"companyType\" value=\"label.companytype.consumer\"><input type=\"hidden\" class=\"session_var\" name=\"input_names\" value=\"XML_extra_radio2,XML_extra_check,XML_extra_radio3,XML_extra_radio4,XML_remarks\"><input type=\"hidden\" class=\"form_context\" value=\"BE\"><img decoding=\"async\" class=\"bobex-pixel\" src=\"\" alt=\"\" style=\"display:none\" \/>    <div class=\"bob-form-submit d-flex justify-content-center\">\n        <button type=\"submit\" class=\"form-submit\" style=\"background-color: #F1653A; color: white; border: none !important; border-radius: 5px !important; font-family: Roboto, sans-serif; font-size: 16px;\">\n            Demander un devis\n        <\/button>\n    <\/div>    <div class=\"bob-inline-form form-footer\" style=\"border-radius: 0 0 10px 10px\">\n        <div class=\"bob-form-privacy-text\">\n            <div style=\"float:left;\"><i class=\"fa fa-lock\"><\/i><\/div>\n            <div class=\"ms-2\">\n                <div style='padding-left: 15px;font-size: 0.8em !important;z-index: 10;'><b>Nous respectons votre vie priv\u00e9e<\/b><br> Conform\u00e9ment \u00e0 la loi du 8\/12\/1992 relative \u00e0 la protection de la vie priv\u00e9e, vous disposez d&rsquo;un droit d&rsquo;acc\u00e8s et de rectification \u00e0 vos donn\u00e9es. Pour en savoir plus, consultez notre <span class=\"link_ob\" data-link=\"aHR0cHM6Ly93d3cuYm9iZXguYmUvZnItYmUvcHJvdGVjdGlvbi1kZS1sYS12aWUtcHJpdmVlLw==\" target=\"_blank\">charte sur la vie priv\u00e9e<\/span>.<\/div>\n                \n            <\/div>\n        <\/div>\n    <\/div><\/form><\/div><div class=\"multiple_mini hidden\" data-lead_id=\"\"><p class=\"multiple-title\">Merci d&rsquo;avoir pris le temps de remplir ce formulaire<\/p><p>Nous vous contacterons d\u00e8s que possible pour vous orienter vers le meilleur sp\u00e9cialiste correspondant \u00e0 votre demande.<\/p><div class=\"multiple_wrapper\"><div class=\"loader\"><\/div><p class=\"multiple-title\">Vous cherchez d&rsquo;autres services ?<\/p><p class=\"multiple_text\">Vous souhaitez comparer d&rsquo;autres devis ou explorer d&rsquo;autres services ? Faites-le nous savoir et nous vous mettrons rapidement en relation<\/p><div class=\"multiple_container\"><div class=\"single_multiple multiple_button\" data-typeid=\"12005\"><i class=\"fa-3x cat icon-12005\"><\/i><span class=\"multiple_name\">R\u00e9novation totale (entrepreneurs)<\/span><\/div><div class=\"single_multiple multiple_button\" data-typeid=\"11962\"><i class=\"fa-3x cat icon-11962\"><\/i><span class=\"multiple_name\">Travaux de toiture<\/span><\/div><div class=\"single_multiple multiple_button\" data-typeid=\"11427\"><i class=\"fa-3x cat icon-11427\"><\/i><span class=\"multiple_name\">Isolation<\/span><\/div><div class=\"single_multiple multiple_button\" data-typeid=\"11406\"><i class=\"fa-3x cat icon-11406\"><\/i><span class=\"multiple_name\">Syst\u00e8me d&rsquo;alarme<\/span><\/div><div class=\"single_multiple multiple_button\" data-typeid=\"30007\"><i class=\"fa-3x cat icon-30007\"><\/i><span class=\"multiple_name\">Chauffage central<\/span><\/div><div class=\"single_multiple multiple_button\" data-typeid=\"100015\"><i class=\"fa-3x cat icon-100015\"><\/i><span class=\"multiple_name\">D\u00e9capage, sablage<\/span><\/div><\/div><\/div><\/div><\/div><\/div>","protected":false},"featured_media":0,"parent":0,"template":"","meta":{"business":"46648","footnotes":""},"class_list":["post-212001","content","type-content","status-publish","hentry"],"_links":{"self":[{"href":"https:\/\/www.bobex.be\/fr-be\/wp-json\/wp\/v2\/content\/212001","targetHints":{"allow":["GET"]}}],"collection":[{"href":"https:\/\/www.bobex.be\/fr-be\/wp-json\/wp\/v2\/content"}],"about":[{"href":"https:\/\/www.bobex.be\/fr-be\/wp-json\/wp\/v2\/types\/content"}],"version-history":[{"count":4,"href":"https:\/\/www.bobex.be\/fr-be\/wp-json\/wp\/v2\/content\/212001\/revisions"}],"predecessor-version":[{"id":217749,"href":"https:\/\/www.bobex.be\/fr-be\/wp-json\/wp\/v2\/content\/212001\/revisions\/217749"}],"wp:attachment":[{"href":"https:\/\/www.bobex.be\/fr-be\/wp-json\/wp\/v2\/media?parent=212001"}],"curies":[{"name":"wp","href":"https:\/\/api.w.org\/{rel}","templated":true}]}}