{"id":211755,"date":"2025-08-19T15:02:03","date_gmt":"2025-08-19T15:02:03","guid":{"rendered":"https:\/\/www.bobex.be\/fr-be\/?post_type=content&#038;p=211755"},"modified":"2025-09-23T13:03:37","modified_gmt":"2025-09-23T13:03:37","slug":"recyparc-amiante","status":"publish","type":"content","link":"https:\/\/www.bobex.be\/fr-be\/enlevement-de-lamiante\/recyparc-amiante\/","title":{"rendered":"Recyparc amiante : parc \u00e0 conteneurs pour amiante, prix et options d&rsquo;\u00e9vacuation"},"content":{"rendered":"\n<div id=\"ez-toc-container\" class=\"ez-toc-v2_0_82_2 counter-hierarchy ez-toc-counter ez-toc-grey ez-toc-container-direction\">\n<div class=\"ez-toc-title-container\">\n<p class=\"ez-toc-title\" style=\"cursor:inherit\">Sommaire<\/p>\n<span class=\"ez-toc-title-toggle\"><a href=\"#\" class=\"ez-toc-pull-right ez-toc-btn ez-toc-btn-xs ez-toc-btn-default ez-toc-toggle\" aria-label=\"Toggle Table of Content\"><span class=\"ez-toc-js-icon-con\"><span class=\"\"><span class=\"eztoc-hide\" style=\"display:none;\">Toggle<\/span><span class=\"ez-toc-icon-toggle-span\"><svg style=\"fill: #999;color:#999\" xmlns=\"http:\/\/www.w3.org\/2000\/svg\" class=\"list-377408\" width=\"20px\" height=\"20px\" viewBox=\"0 0 24 24\" fill=\"none\"><path d=\"M6 6H4v2h2V6zm14 0H8v2h12V6zM4 11h2v2H4v-2zm16 0H8v2h12v-2zM4 16h2v2H4v-2zm16 0H8v2h12v-2z\" fill=\"currentColor\"><\/path><\/svg><svg style=\"fill: #999;color:#999\" class=\"arrow-unsorted-368013\" xmlns=\"http:\/\/www.w3.org\/2000\/svg\" width=\"10px\" height=\"10px\" viewBox=\"0 0 24 24\" version=\"1.2\" baseProfile=\"tiny\"><path d=\"M18.2 9.3l-6.2-6.3-6.2 6.3c-.2.2-.3.4-.3.7s.1.5.3.7c.2.2.4.3.7.3h11c.3 0 .5-.1.7-.3.2-.2.3-.5.3-.7s-.1-.5-.3-.7zM5.8 14.7l6.2 6.3 6.2-6.3c.2-.2.3-.5.3-.7s-.1-.5-.3-.7c-.2-.2-.4-.3-.7-.3h-11c-.3 0-.5.1-.7.3-.2.2-.3.5-.3.7s.1.5.3.7z\"\/><\/svg><\/span><\/span><\/span><\/a><\/span><\/div>\n<nav><ul class='ez-toc-list ez-toc-list-level-1 eztoc-toggle-hide-by-default' ><li class='ez-toc-page-1 ez-toc-heading-level-2'><a class=\"ez-toc-link ez-toc-heading-1\" href=\"https:\/\/www.bobex.be\/fr-be\/enlevement-de-lamiante\/recyparc-amiante\/#Ou_puis-je_deposer_de_lamiante_en_Belgique\" >O\u00f9 puis-je d\u00e9poser de l&rsquo;amiante en Belgique ?<\/a><ul class='ez-toc-list-level-3' ><li class='ez-toc-heading-level-3'><a class=\"ez-toc-link ez-toc-heading-2\" href=\"https:\/\/www.bobex.be\/fr-be\/enlevement-de-lamiante\/recyparc-amiante\/#Quantite_de_dechets_damiante\" >Quantit\u00e9 de d\u00e9chets d\u2019amiante<\/a><\/li><li class='ez-toc-page-1 ez-toc-heading-level-3'><a class=\"ez-toc-link ez-toc-heading-3\" href=\"https:\/\/www.bobex.be\/fr-be\/enlevement-de-lamiante\/recyparc-amiante\/#Emballage_obligatoire_sacs\" >Emballage obligatoire (sacs)<\/a><\/li><\/ul><\/li><li class='ez-toc-page-1 ez-toc-heading-level-2'><a class=\"ez-toc-link ez-toc-heading-4\" href=\"https:\/\/www.bobex.be\/fr-be\/enlevement-de-lamiante\/recyparc-amiante\/#Combien_coute_lapport_damiante_lie_au_parc_a_conteneurs\" >Combien co\u00fbte l\u2019apport d\u2019amiante li\u00e9 au parc \u00e0 conteneurs ?<\/a><\/li><li class='ez-toc-page-1 ez-toc-heading-level-2'><a class=\"ez-toc-link ez-toc-heading-5\" href=\"https:\/\/www.bobex.be\/fr-be\/enlevement-de-lamiante\/recyparc-amiante\/#Qui_peut_evacuer_ou_collecter_vos_dechets_damiante\" >Qui peut \u00e9vacuer ou collecter vos d\u00e9chets d\u2019amiante ?<\/a><ul class='ez-toc-list-level-3' ><li class='ez-toc-heading-level-3'><a class=\"ez-toc-link ez-toc-heading-6\" href=\"https:\/\/www.bobex.be\/fr-be\/enlevement-de-lamiante\/recyparc-amiante\/#Option_1_Par_un_collecteur_agree_damiante\" >Option 1 : Par un collecteur agr\u00e9\u00e9 d\u2019amiante<\/a><\/li><li class='ez-toc-page-1 ez-toc-heading-level-3'><a class=\"ez-toc-link ez-toc-heading-7\" href=\"https:\/\/www.bobex.be\/fr-be\/enlevement-de-lamiante\/recyparc-amiante\/#Option_2_Par_la_commune\" >Option 2 : Par la commune<\/a><\/li><li class='ez-toc-page-1 ez-toc-heading-level-3'><a class=\"ez-toc-link ez-toc-heading-8\" href=\"https:\/\/www.bobex.be\/fr-be\/enlevement-de-lamiante\/recyparc-amiante\/#Option_3_Par_un_entrepreneur_ou_un_desamianteur_agree\" >Option 3 : Par un entrepreneur ou un d\u00e9samianteur agr\u00e9\u00e9<\/a><\/li><\/ul><\/li><li class='ez-toc-page-1 ez-toc-heading-level-2'><a class=\"ez-toc-link ez-toc-heading-9\" href=\"https:\/\/www.bobex.be\/fr-be\/enlevement-de-lamiante\/recyparc-amiante\/#Que_faire_avec_des_plaques_ou_ardoises_en_ciment_sans_amiante\" >Que faire avec des plaques ou ardoises en ciment sans amiante ?<\/a><\/li><li class='ez-toc-page-1 ez-toc-heading-level-2'><a class=\"ez-toc-link ez-toc-heading-10\" href=\"https:\/\/www.bobex.be\/fr-be\/enlevement-de-lamiante\/recyparc-amiante\/#Precautions_specifiques_a_prendre_pour_le_transport_de_lamiante_vers_le_parc_a_conteneurs\" >Pr\u00e9cautions sp\u00e9cifiques \u00e0 prendre pour le transport de l\u2019amiante vers le parc \u00e0 conteneurs<\/a><\/li><li class='ez-toc-page-1 ez-toc-heading-level-2'><a class=\"ez-toc-link ez-toc-heading-11\" href=\"https:\/\/www.bobex.be\/fr-be\/enlevement-de-lamiante\/recyparc-amiante\/#Evacuer_lamiante_vous-meme_ou_via_un_pro_Demandez_un_devis_gratuit\" >\u00c9vacuer l\u2019amiante vous-m\u00eame ou via un pro ? Demandez un devis gratuit.<\/a><\/li><li class='ez-toc-page-1 ez-toc-heading-level-2'><a class=\"ez-toc-link ez-toc-heading-12\" href=\"https:\/\/www.bobex.be\/fr-be\/enlevement-de-lamiante\/recyparc-amiante\/#Vos_questions_sur_les_parcs_a_conteneurs_damiante\" >Vos questions sur les parcs \u00e0 conteneurs d&rsquo;amiante<\/a><ul class='ez-toc-list-level-3' ><li class='ez-toc-heading-level-3'><a class=\"ez-toc-link ez-toc-heading-13\" href=\"https:\/\/www.bobex.be\/fr-be\/enlevement-de-lamiante\/recyparc-amiante\/#Qui_reprend_lamiante_gratuitement_Quelle_quantite_peut-on_apporter_gratuitement_au_parc_a_conteneurs\" >Qui reprend l&rsquo;amiante gratuitement ? Quelle quantit\u00e9 peut-on apporter gratuitement au parc \u00e0 conteneurs ?<\/a><\/li><li class='ez-toc-page-1 ez-toc-heading-level-3'><a class=\"ez-toc-link ez-toc-heading-14\" href=\"https:\/\/www.bobex.be\/fr-be\/enlevement-de-lamiante\/recyparc-amiante\/#Puis-je_aller_dans_tous_les_recyparcs_pour_deposer_de_lamiante\" >Puis-je aller dans tous les recyparcs pour d\u00e9poser de l&rsquo;amiante ?<\/a><\/li><li class='ez-toc-page-1 ez-toc-heading-level-3'><a class=\"ez-toc-link ez-toc-heading-15\" href=\"https:\/\/www.bobex.be\/fr-be\/enlevement-de-lamiante\/recyparc-amiante\/#Comment_emballer_lamiante_pour_le_parc_a_conteneurs\" >Comment emballer l\u2019amiante pour le parc \u00e0 conteneurs ?<\/a><\/li><\/ul><\/li><\/ul><\/nav><\/div>\n<h2 class=\"wp-block-heading\"><span class=\"ez-toc-section\" id=\"Ou_puis-je_deposer_de_lamiante_en_Belgique\"><\/span>O\u00f9 puis-je d\u00e9poser de l&rsquo;amiante en Belgique ?<span class=\"ez-toc-section-end\"><\/span><\/h2>\n\n\n\n<figure class=\"wp-block-image size-full\"><img decoding=\"async\" width=\"1024\" height=\"538\" src=\"https:\/\/www.bobex.be\/wp-uploads\/sites\/2\/Dechets-damiante-en-tas.jpg\" alt=\"Tas de d\u00e9chets d'amiante collect\u00e9s dans un parc\" class=\"wp-image-212292\"\/><\/figure>\n\n\n\n<p>Les mat\u00e9riaux contenant de l\u2019<a href=\"https:\/\/www.bobex.be\/fr-be\/enlevement-de-lamiante\/enlever-amiante-soi-meme\/\" target=\"_blank\" rel=\"noreferrer noopener\">amiante que vous avez retir\u00e9s&nbsp;<strong>vous-m\u00eame<\/strong><\/a>&nbsp;peuvent \u00e9galement \u00eatre apport\u00e9s par vos soins au&nbsp;<strong>parc \u00e0 conteneurs<\/strong>. En aucun cas, ces mat\u00e9riaux ne peuvent \u00eatre r\u00e9utilis\u00e9s : m\u00eame s\u2019ils semblent encore en bon \u00e9tat, l\u2019amiante reste une&nbsp;<strong>substance dangereuse<\/strong>&nbsp;qui pr\u00e9sente des risques pour la sant\u00e9.<\/p>\n\n\n\n            <div class=\"bobex-highlight-global-div\" style=\"\n            --line-color: #17518d;\n            --bg-color: #e5f2f7;\n            --content-color:#10375e;\n            --title-color: #10375e;\n        \">\n                    <div class=\"bobex-highlight-block__border\">\n                        <div class=\"bobex--block_highlight_content-area\">\n                            <p class=\"bobex-block-highlight-title\">\u00c0 savoir :<\/p>\n                            <p class=\"bobex-block-highlight-content\">\n                            \t<div>\n<div class=\"wp-block-bobex-highlight\">\n<p>En tant que&nbsp;<strong>particulier<\/strong>, vous ne pouvez pas d\u00e9poser tous les types de mat\u00e9riaux contenant de l\u2019amiante au parc \u00e0 conteneurs. Seul l\u2019amiante&nbsp;<strong>li\u00e9 (ou amiante-ciment)<\/strong>&nbsp;peut \u00eatre apport\u00e9 au parc \u00e0 conteneurs ou de recyclage. Dans ce cas, les&nbsp;<strong>fibres<\/strong>&nbsp;sont solidement emprisonn\u00e9es dans le mat\u00e9riau, ce qui&nbsp;<strong>limite<\/strong>&nbsp;le&nbsp;<strong>risque d\u2019inhalation<\/strong>. Vous pouvez vous-m\u00eame \u00e9vacuer les formes suivantes d\u2019amiante li\u00e9 : <\/p>\n<\/div>\n<\/div>\n                            <\/p>\n                        <\/div>\n                    <\/div>\n            <\/div>\n        \n\n\n<ul class=\"wp-block-list\">\n<li>Anciennes plaques ondul\u00e9es<\/li>\n\n\n\n<li>Plaques de sous-toiture<\/li>\n\n\n\n<li>Ardoises en amiante<\/li>\n\n\n\n<li>Ardoises de toiture et de fa\u00e7ade (plaques plates, rectangulaires, de couleur bleu\u00e2tre)<\/li>\n\n\n\n<li>Conduites de gaz, d\u2019eau et d\u2019\u00e9gouttage<\/li>\n\n\n\n<li>Goutti\u00e8res ou descentes pluviales (structure fibreuse sur les cassures grises)<\/li>\n\n\n\n<li>Plaques planes de fa\u00e7ade ou cloisons int\u00e9rieures (pouvant \u00eatre color\u00e9es ou non en surface)<\/li>\n\n\n\n<li>Bacs \u00e0 fleurs<\/li>\n\n\n\n<li>Chemin\u00e9es<\/li>\n\n\n\n<li>Eternit<\/li>\n\n\n\n<li>Menuiserite<\/li>\n<\/ul>\n\n\n\n<p>En revanche, l\u2019amiante&nbsp;<strong>friable ou non li\u00e9<\/strong>&nbsp;ne peut pas \u00eatre \u00e9vacu\u00e9 par vos propres moyens. Les formes suivantes d\u2019amiante friable&nbsp;<strong>ne peuvent pas<\/strong>&nbsp;\u00eatre d\u00e9pos\u00e9es au parc \u00e0 conteneurs ou de recyclage :<\/p>\n\n\n\n<ul class=\"wp-block-list\">\n<li>Amiante projet\u00e9 (flocage)<\/li>\n\n\n\n<li>Corde en amiante<\/li>\n\n\n\n<li>Enduit contenant de l\u2019amiante<\/li>\n\n\n\n<li>Carton en amiante<\/li>\n\n\n\n<li>Plaques isolantes<\/li>\n\n\n\n<li>Dalles de chaudi\u00e8res, carton d\u2019amiante, pl\u00e2tre isolant\u2026<\/li>\n<\/ul>\n\n\n\n            <div class=\"bobex-lightblock-maindiv\" style=\"\n            --content-color:#5c5c5c;\n        \">\n                <div class=\"bobex-tip-light-block__icon-area\">\n                    <div class=\"bobex-tip-light-icon-container\">\n                        <img decoding=\"async\" src=\"https:\/\/www.bobex.be\/fr-be\/wp-content\/plugins\/bobex-blocks\/img\/advice.png \" alt=\"advice-icon\" class=\"bobex-tip-light-block__tipsBlueLogo\"\/>\n                    <\/div>\n                <\/div>\n                <div class=\"bobex-tip-light-block__content-area\">\n                    <p class=\"bobex-block-tips-content\"><\/p>\n                    <div>\n<div class=\"wp-block-bobex-advice-light\">\n<p><strong>Vous apportez vous-m\u00eame vos mat\u00e9riaux contenant de l\u2019amiante au parc \u00e0 conteneurs ou de recyclage.&nbsp;<\/strong>Pensez alors \u00e0 emporter \u00e9galement les v\u00eatements et les \u00e9quipements de protection que vous avez utilis\u00e9s. Ils peuvent en effet contenir des fibres d\u2019amiante nocives.<\/p>\n<\/div>\n<\/div>\n                <\/div>\n            <\/div>\n        \n\n\n<h3 class=\"wp-block-heading\"><span class=\"ez-toc-section\" id=\"Quantite_de_dechets_damiante\"><\/span>Quantit\u00e9 de d\u00e9chets d\u2019amiante<span class=\"ez-toc-section-end\"><\/span><\/h3>\n\n\n\n<p>Lorsque vous effectuez un <a href=\"https:\/\/www.bobex.be\/fr-be\/enlevement-de-lamiante\/\" target=\"_blank\" rel=\"noreferrer noopener\">d\u00e9samiantage<\/a> et \u00e9vacuez&nbsp;<strong>vous-m\u00eame<\/strong>&nbsp;des mat\u00e9riaux contenant de l\u2019amiante, il est conseill\u00e9 de vous renseigner \u00e0 l\u2019avance aupr\u00e8s de votre&nbsp;<strong>intercommunale&nbsp;<\/strong>de gestion des d\u00e9chets ou du service environnement pour conna\u00eetre la quantit\u00e9 autoris\u00e9e. La plupart du temps, une limite est fix\u00e9e sur la&nbsp;<strong>quantit\u00e9 de d\u00e9chets d\u2019amiante<\/strong>&nbsp;que vous pouvez d\u00e9poser. Le parc \u00e0 conteneurs est toutefois tenu d\u2019accepter gratuitement une quantit\u00e9 minimale :<\/p>\n\n\n\n<ul class=\"wp-block-list\">\n<li><strong>200 kg par m\u00e9nage et par an<\/strong>, ou<\/li>\n\n\n\n<li><strong>1 m\u00b3 par m\u00e9nage et par an<\/strong>, ou<\/li>\n\n\n\n<li><strong>10 plaques en amiante-ciment par m\u00e9nage et par an<\/strong>.<\/li>\n<\/ul>\n\n\n\n<p>Pour des quantit\u00e9s plus importantes, le parc peut appliquer un tarif.<\/p>\n\n\n\n<p>Points importants \u00e0 respecter :<\/p>\n\n\n\n<ul class=\"wp-block-list\">\n<li>Les&nbsp;<strong>d\u00e9chets<\/strong>&nbsp;<strong>d\u2019amiante<\/strong>&nbsp;doivent \u00eatre&nbsp;<strong>s\u00e9par\u00e9s<\/strong>&nbsp;des autres&nbsp;<strong>d\u00e9chets<\/strong>&nbsp;de&nbsp;<strong>construction<\/strong>&nbsp;et de d\u00e9molition.<\/li>\n\n\n\n<li>Le parc de recyclage n\u2019accepte pas les&nbsp;<strong>cordons<\/strong>&nbsp;en&nbsp;<strong>amiante<\/strong>&nbsp;provenant des anciens po\u00eales. Il est essentiel de fixer ces cordons avec de l\u2019eau ou un produit fixateur, de les emballer ensuite dans un double sac en plastique, puis de les remettre \u00e0 un&nbsp;<strong>collecteur<\/strong>&nbsp;<strong>agr\u00e9\u00e9<\/strong>&nbsp;d\u2019amiante.<\/li>\n<\/ul>\n\n\n\n<h3 class=\"wp-block-heading\"><span class=\"ez-toc-section\" id=\"Emballage_obligatoire_sacs\"><\/span>Emballage obligatoire (sacs)<span class=\"ez-toc-section-end\"><\/span><\/h3>\n\n\n\n<p>Il est obligatoire d\u2019emballer les d\u00e9chets d\u2019amiante li\u00e9 (amiante-ciment) avant de les apporter vous-m\u00eame au parc \u00e0 conteneurs. Cela permet d\u2019\u00e9viter la formation de poussi\u00e8res et\/ou les cassures pendant le transport. Assurez-vous d\u2019utiliser un emballage suffisamment grand. Les emballages autoris\u00e9s sont :<\/p>\n\n\n\n<ul class=\"wp-block-list\">\n<li>Un&nbsp;<strong>sac plastique \u00e0 double paroi et transparent<\/strong><\/li>\n\n\n\n<li>Un&nbsp;<strong>sac translucide sp\u00e9cial amiante<\/strong><\/li>\n\n\n\n<li>Une&nbsp;<strong>b\u00e2che sp\u00e9ciale amiante<\/strong><\/li>\n<\/ul>\n\n\n\n<p>La plupart des parcs de recyclage proposent&nbsp;<strong>gratuitement<\/strong>&nbsp;ou \u00e0&nbsp;<strong>prix<\/strong>&nbsp;<strong>r\u00e9duit<\/strong>&nbsp;des sacs et films sp\u00e9ciaux pour l\u2019amiante. On en trouve \u00e9galement dans les magasins de mat\u00e9riaux de construction et les meilleures enseignes de bricolage.<\/p>\n\n\n\n<p><strong>Prix indicatifs :<\/strong><\/p>\n\n\n\n<ul class=\"wp-block-list\">\n<li><strong>Sac amiante petit format (1 m x 1,2 m)<\/strong>&nbsp;: 1,50 \u20ac<\/li>\n\n\n\n<li><strong>Sac amiante grand format (2,2 m x 1,2 m)<\/strong>&nbsp;: 2,50 \u20ac (permet de mettre \u00b1 2 \u00e0 3 plaques ondul\u00e9es, contre 1 plaque dans un petit sac)<\/li>\n\n\n\n<li><strong>Big bag sp\u00e9cial amiante (90 cm x 90 cm x 110 cm, max. 1.000 kg)<\/strong>&nbsp;: environ 100 \u20ac<\/li>\n<\/ul>\n\n\n\n                <div class='bobex-cta-block' style='\n            --button-bg-color: #e13c0e;\n            --button-text-color: #ffffff;\n            --banner-bg-color: #aad4e6;\n            --arrow-main-bg-color: #aad4e6;\n            --arrow-secondary-bg-color: #e5f2f7;\n            --banner-title-color: #10375e;\n            --arrow-title-color: #10375e;\n            --banner-text-color: #545454;\n            --arrow-text-color: #545454;         \n            --invert-range: 0deg;\n        '>\n                    <div class='cta-arrow-text d-flex d-lg-none'>\n                        <a class='cta-button-rounded' href='#ppp'>Demander un devis de d\u00e9samiantage<\/a>\n                    <\/div>\n                    <div class='d-none d-lg-flex flex-no-wrap'>\n                        <div class=\"col-7 cta-arrow-text d-flex text-color\">\n                            <div class=\"m-auto\">\n                                <div class=\"h3\">L\u2019amiante doit \u00eatre manipul\u00e9 avec pr\u00e9caution !<\/div>\n                                <div class='text-color'>Faites appel \u00e0 des sp\u00e9cialistes<\/div>\n                            <\/div>\n                        <\/div>\n                        <div class='cta-arrow-link col-5'>\n                            <a class='cta-button-rounded' href=\"#ppp\">Demander un devis de d\u00e9samiantage<\/a>\n                        <\/div>\n                    <\/div>\n                <\/div>\n\n\n<h2 class=\"wp-block-heading\"><span class=\"ez-toc-section\" id=\"Combien_coute_lapport_damiante_lie_au_parc_a_conteneurs\"><\/span>Combien co\u00fbte l\u2019apport d\u2019amiante li\u00e9 au parc \u00e0 conteneurs ?<span class=\"ez-toc-section-end\"><\/span><\/h2>\n\n\n\n<p>Le&nbsp;<strong>co\u00fbt de l\u2019\u00e9vacuation de l\u2019amiante li\u00e9 (amiante-ciment)<\/strong>&nbsp;vers le parc \u00e0 conteneurs varie selon la commune.<\/p>\n\n\n\n<ul class=\"wp-block-list\">\n<li>Dans certains parcs de recyclage, les mat\u00e9riaux contenant de l\u2019amiante sont accept\u00e9s&nbsp;<strong>gratuitement<\/strong>, jusqu\u2019\u00e0 un maximum de&nbsp;<strong>200 kg<\/strong>&nbsp;ou&nbsp;<strong>1 m\u00b3<\/strong>&nbsp;par m\u00e9nage.<br>Pour emballer 200 kg d\u2019amiante li\u00e9, il faut pr\u00e9voir environ&nbsp;<strong>20 sacs<\/strong>, dont le prix doit aussi \u00eatre pris en compte.<\/li>\n\n\n\n<li>Dans d\u2019autres parcs, ou si vous d\u00e9passez les quantit\u00e9s gratuites, un tarif est appliqu\u00e9 correspondant \u00e0 celui des d\u00e9chets s\u00e9lectifs.<br>Le prix se situe en moyenne entre&nbsp;<strong>0,30 \u20ac et 0,80 \u20ac par kilogramme<\/strong>&nbsp;de mat\u00e9riaux contenant de l\u2019amiante.<\/li>\n<\/ul>\n\n\n\n            <div class=\"bobex-lightblock-maindiv\" style=\"\n            --content-color:#5c5c5c;\n        \">\n                <div class=\"bobex-tip-light-block__icon-area\">\n                    <div class=\"bobex-tip-light-icon-container\">\n                        <img decoding=\"async\" src=\"https:\/\/www.bobex.be\/fr-be\/wp-content\/plugins\/bobex-blocks\/img\/advice.png \" alt=\"advice-icon\" class=\"bobex-tip-light-block__tipsBlueLogo\"\/>\n                    <\/div>\n                <\/div>\n                <div class=\"bobex-tip-light-block__content-area\">\n                    <p class=\"bobex-block-tips-content\"><\/p>\n                    <div>\n<div class=\"wp-block-bobex-advice-light\">\n<p>Les plaques d\u2019amiante-ciment sont lourdes. Le poids total augmente donc rapidement.<br>Une plaque ondul\u00e9e en amiante de&nbsp;<strong>3 m\u00e8tres de long sur 1 m\u00e8tre de large<\/strong>&nbsp;p\u00e8se facilement&nbsp;<strong>45 kilogrammes<\/strong>.<\/p>\n<\/div>\n<\/div>\n                <\/div>\n            <\/div>\n        \n\n\n<h2 class=\"wp-block-heading\"><span class=\"ez-toc-section\" id=\"Qui_peut_evacuer_ou_collecter_vos_dechets_damiante\"><\/span>Qui peut \u00e9vacuer ou collecter vos d\u00e9chets d\u2019amiante ?<span class=\"ez-toc-section-end\"><\/span><\/h2>\n\n\n\n<figure class=\"wp-block-image size-full\"><img decoding=\"async\" width=\"1200\" height=\"630\" src=\"https:\/\/www.bobex.be\/wp-uploads\/sites\/2\/Parc-a-conteneur-pour-amiante.jpg\" alt=\"Image prise du ciel d'un parc \u00e0 conteneurs pour amiante\" class=\"wp-image-212310\"\/><\/figure>\n\n\n\n<p>Vous pouvez apporter vos d\u00e9chets d\u2019amiante vous-m\u00eame au parc \u00e0 conteneurs, mais il existe aussi d\u2019autres services qui peuvent s\u2019en charger. Comme nous avons d\u00e9j\u00e0 expliqu\u00e9 la proc\u00e9dure pour le parc \u00e0 conteneurs, voici&nbsp;<strong>trois autres options<\/strong>:<\/p>\n\n\n\n<h3 class=\"wp-block-heading\"><span class=\"ez-toc-section\" id=\"Option_1_Par_un_collecteur_agree_damiante\"><\/span>Option 1 : Par un collecteur agr\u00e9\u00e9 d\u2019amiante<span class=\"ez-toc-section-end\"><\/span><\/h3>\n\n\n\n<p>Si vous avez retir\u00e9 vous-m\u00eame une grande quantit\u00e9 d\u2019amiante, il peut \u00eatre pratique de faire appel \u00e0 un&nbsp;<strong>collecteur agr\u00e9\u00e9<\/strong>.<\/p>\n\n\n\n<ul class=\"wp-block-list\">\n<li>Vous pouvez facilement introduire une demande via l\u2019outil en ligne disponible sur le site web de l\u2019<strong>OVAM<\/strong>&nbsp;(autorit\u00e9 flamande).<\/li>\n\n\n\n<li>Un collecteur viendra alors chercher vos d\u00e9chets d\u2019amiante et les transportera vers une installation de traitement agr\u00e9\u00e9e.<\/li>\n\n\n\n<li>L\u2019amiante est emball\u00e9 dans un&nbsp;<strong>big bag<\/strong>&nbsp;(sac blanc solide, r\u00e9sistant aux d\u00e9chirures, et herm\u00e9tiquement refermable).<\/li>\n\n\n\n<li>Pour chaque transport de d\u00e9chets, un&nbsp;<strong>formulaire d\u2019identification<\/strong>&nbsp;doit obligatoirement \u00eatre pr\u00e9sent.<\/li>\n<\/ul>\n\n\n\n<h3 class=\"wp-block-heading\"><span class=\"ez-toc-section\" id=\"Option_2_Par_la_commune\"><\/span>Option 2 : Par la commune<span class=\"ez-toc-section-end\"><\/span><\/h3>\n\n\n\n<p>La plupart des villes et communes organisent un&nbsp;<strong>projet de collecte \u00e0 domicile<\/strong>&nbsp;(appel\u00e9 \u00ab projet de collecte \u00e0 la source \u00bb).<\/p>\n\n\n\n<ul class=\"wp-block-list\">\n<li>Ce service permet de faire enlever l\u2019amiante-ciment \u00e0 domicile, \u00e0 moindre co\u00fbt.<\/li>\n\n\n\n<li>L\u2019op\u00e9ration est financ\u00e9e gr\u00e2ce aux&nbsp;<strong>subventions de l\u2019OVAM<\/strong>.<\/li>\n\n\n\n<li>Les mat\u00e9riaux contenant de l\u2019amiante sont emball\u00e9s dans des&nbsp;<strong>sacs sp\u00e9ciaux<\/strong>&nbsp;ou dans des&nbsp;<strong>conteneurs \u00e9quip\u00e9s d\u2019un big bag<\/strong>.<\/li>\n\n\n\n<li>Vous pouvez vous renseigner aupr\u00e8s de votre&nbsp;<strong>intercommunale de d\u00e9chets, du service environnement ou de votre commune<\/strong>&nbsp;pour savoir si un tel projet est en cours.<\/li>\n<\/ul>\n\n\n\n            <div class=\"bobex-lightblock-maindiv\" style=\"\n            --content-color:#5c5c5c;\n        \">\n                <div class=\"bobex-tip-light-block__icon-area\">\n                    <div class=\"bobex-tip-light-icon-container\">\n                        <img decoding=\"async\" src=\"https:\/\/www.bobex.be\/fr-be\/wp-content\/plugins\/bobex-blocks\/img\/advice.png \" alt=\"advice-icon\" class=\"bobex-tip-light-block__tipsBlueLogo\"\/>\n                    <\/div>\n                <\/div>\n                <div class=\"bobex-tip-light-block__content-area\">\n                    <p class=\"bobex-block-tips-content\"><\/p>\n                    <div>\n<div class=\"wp-block-bobex-advice-light\">\n<p>La collecte \u00e0 domicile concerne uniquement les applications en&nbsp;<strong>amiante li\u00e9 (amiante-ciment)<\/strong>. Peu importe qui a retir\u00e9 le mat\u00e9riau. Les plaques ou ardoises sans amiante ne peuvent pas \u00eatre \u00e9vacu\u00e9es via ce projet, car cela est exclu par les r\u00e8gles de subvention.<\/p>\n<\/div>\n<\/div>\n                <\/div>\n            <\/div>\n        \n\n\n<h3 class=\"wp-block-heading\"><span class=\"ez-toc-section\" id=\"Option_3_Par_un_entrepreneur_ou_un_desamianteur_agree\"><\/span>Option 3 : Par un entrepreneur ou un d\u00e9samianteur agr\u00e9\u00e9<span class=\"ez-toc-section-end\"><\/span><\/h3>\n\n\n\n<p>Si vous avez fait enlever l\u2019amiante par u<strong>ne <a href=\"https:\/\/www.bobex.be\/fr-be\/enlevement-de-lamiante\/societe-desamiantage\/\" target=\"_blank\" rel=\"noreferrer noopener\">soci\u00e9t\u00e9 de d\u00e9samiantage<\/a><\/strong>&nbsp;ou un&nbsp;<strong>d\u00e9samianteur agr\u00e9\u00e9<\/strong>, c\u2019est lui qui se charge \u00e9galement de l\u2019<strong>\u00e9vacuation, du traitement et de l\u2019\u00e9limination<\/strong>&nbsp;corrects des d\u00e9chets d\u2019amiante.<\/p>\n\n\n\n            <div class=\"bobex-lightblock-maindiv\" style=\"\n            --content-color:#5c5c5c;\n        \">\n                <div class=\"bobex-tip-light-block__icon-area\">\n                    <div class=\"bobex-tip-light-icon-container\">\n                        <img decoding=\"async\" src=\"https:\/\/www.bobex.be\/fr-be\/wp-content\/plugins\/bobex-blocks\/img\/advice.png \" alt=\"advice-icon\" class=\"bobex-tip-light-block__tipsBlueLogo\"\/>\n                    <\/div>\n                <\/div>\n                <div class=\"bobex-tip-light-block__content-area\">\n                    <p class=\"bobex-block-tips-content\"><\/p>\n                    <div>\n<div class=\"wp-block-bobex-advice-light\">\n<p>Demandez \u00e0 l\u2019entrepreneur ou au d\u00e9samianteur agr\u00e9\u00e9 une copie du&nbsp;<strong>formulaire d\u2019identification des d\u00e9chets sign\u00e9<\/strong>&nbsp;ou de tout autre&nbsp;<strong>attestation de remise<\/strong>&nbsp;mentionnant le lieu d\u2019origine et de d\u00e9p\u00f4t.<\/p>\n<\/div>\n<\/div>\n                <\/div>\n            <\/div>\n        \n\n\n                <div class='bobex-cta-block' style='\n            --button-bg-color: #e13c0e;\n            --button-text-color: #ffffff;\n            --banner-bg-color: #aad4e6;\n            --arrow-main-bg-color: #aad4e6;\n            --arrow-secondary-bg-color: #e5f2f7;\n            --banner-title-color: #10375e;\n            --arrow-title-color: #10375e;\n            --banner-text-color: #545454;\n            --arrow-text-color: #545454;         \n            --invert-range: 0deg;\n        '>\n                    <div class='cta-banner'>\n                        <div class='h3'>Besoin d\u2019\u00e9vacuer de l\u2019amiante ? Comparez gratuitement les prix des sp\u00e9cialistes pr\u00e8s de chez vous !<\/div>\n                        <div class='text-color'>Alors remplissez rapidement ce formulaire. C&rsquo;est totalement gratuit et sans engagement !<\/div>\n                        <span>\n                            <img src='https:\/\/www.bobex.be\/wp-uploads\/sites\/2\/arrow-cta-box.png' alt='arrow' class='img-color'\/>\n                            <a class='cta-button-rounded' href=\"#ppp\">Demander un devis<\/a>\n                        <\/span>   \n                    <\/div>\n                <\/div>\n\n\n<h2 class=\"wp-block-heading\"><span class=\"ez-toc-section\" id=\"Que_faire_avec_des_plaques_ou_ardoises_en_ciment_sans_amiante\"><\/span>Que faire avec des plaques ou ardoises en ciment sans amiante ?<span class=\"ez-toc-section-end\"><\/span><\/h2>\n\n\n\n<p>Les plaques ou ardoises en ciment&nbsp;<strong>sans amiante<\/strong>&nbsp;doivent \u00eatre emball\u00e9es dans une&nbsp;<strong>b\u00e2che de construction<\/strong>&nbsp;avant d\u2019\u00eatre d\u00e9pos\u00e9es au parc de recyclage ou au parc \u00e0 conteneurs.<\/p>\n\n\n\n<h2 class=\"wp-block-heading\"><span class=\"ez-toc-section\" id=\"Precautions_specifiques_a_prendre_pour_le_transport_de_lamiante_vers_le_parc_a_conteneurs\"><\/span>Pr\u00e9cautions sp\u00e9cifiques \u00e0 prendre pour le transport de l\u2019amiante vers le parc \u00e0 conteneurs<span class=\"ez-toc-section-end\"><\/span><\/h2>\n\n\n\n<p>Comme l\u2019<a href=\"https:\/\/www.bobex.be\/fr-be\/enlevement-de-lamiante\/dangers-amiante\/\" target=\"_blank\" rel=\"noreferrer noopener\">amiante est dangereux<\/a> pour la sant\u00e9, il est essentiel de transporter les mat\u00e9riaux qui en contiennent avec pr\u00e9caution. Voici quelques mesures \u00e0 respecter :<\/p>\n\n\n\n<ul class=\"wp-block-list\">\n<li><strong>Humidifiez<\/strong>&nbsp;les mat\u00e9riaux contenant de l\u2019amiante avant de partir. Cela r\u00e9duit la formation de poussi\u00e8re et emp\u00eache les fibres d\u2019amiante de se disperser pendant le transport.<\/li>\n\n\n\n<li><strong>Emballez soigneusement<\/strong>&nbsp;les d\u00e9chets d\u2019amiante, de pr\u00e9f\u00e9rence dans des sacs sp\u00e9ciaux disponibles au parc \u00e0 conteneurs, avec d\u2019autres \u00e9quipements de protection utiles pour l\u2019emballage. Vous pouvez \u00e9galement utiliser des&nbsp;<strong>big bags<\/strong>, de la&nbsp;<strong>b\u00e2che transparente de chantier<\/strong>, des&nbsp;<strong>sacs plastiques doubles<\/strong>&nbsp;ou des&nbsp;<strong>sacs herm\u00e9tiques<\/strong>.<\/li>\n\n\n\n<li><strong>S\u00e9parez<\/strong>&nbsp;les d\u00e9chets d\u2019amiante des autres gravats et d\u00e9chets de construction. Au parc de recyclage, ils sont plac\u00e9s dans des conteneurs sp\u00e9ciaux.<\/li>\n\n\n\n<li><strong>Annoncez-vous<\/strong>&nbsp;avant de d\u00e9poser vos mat\u00e9riaux contenant de l\u2019amiante et n\u2019oubliez pas de demander un&nbsp;<strong>re\u00e7u attestant de la remise r\u00e9glementaire<\/strong>.<\/li>\n\n\n\n<li><strong>Transportez tous les d\u00e9chets en une seule fois.<\/strong>&nbsp;Pour r\u00e9duire au minimum le risque de dispersion de fibres d\u2019amiante, il est obligatoire d\u2019\u00e9vacuer tout le mat\u00e9riel en une seule tourn\u00e9e.<\/li>\n<\/ul>\n\n\n\n<blockquote class=\"wp-block-quote is-layout-flow wp-block-quote-is-layout-flow\">\n<h2 class=\"wp-block-heading\"><span class=\"ez-toc-section\" id=\"Evacuer_lamiante_vous-meme_ou_via_un_pro_Demandez_un_devis_gratuit\"><\/span><strong>\u00c9vacuer l\u2019amiante vous-m\u00eame ou via un pro ? Demandez un devis gratuit.<\/strong><span class=\"ez-toc-section-end\"><\/span><\/h2>\n<\/blockquote>\n\n\n\n<p>Souhaitez-vous \u00e9vacuer de l\u2019amiante de mani\u00e8re&nbsp;<strong>s\u00fbre et conforme<\/strong>&nbsp;vers le parc \u00e0 conteneurs ou un autre point de collecte ? Ou avez-vous besoin d\u2019<strong>informations et de conseils sur mesure<\/strong>&nbsp;concernant le retrait de l\u2019amiante ?<br>Remplissez le formulaire de devis ci-dessous et entrez en contact avec des sp\u00e9cialistes agr\u00e9\u00e9s de l\u2019amiante.<\/p>\n\n\n\n<p>En demandant des devis&nbsp;<strong>gratuits et sans engagement<\/strong>, vous pouvez comparer facilement les&nbsp;<strong>tarifs et services<\/strong>&nbsp;des entreprises sp\u00e9cialis\u00e9es. Vous trouverez ainsi le d\u00e9samianteur qui correspond le mieux \u00e0 vos besoins, votre situation et votre budget.<\/p>\n\n\n<div id=\"ppp\" class=\"bob-form-wrapper\" data-ajax_url=\"https:\/\/www.bobex.be\/fr-be\/wp-admin\/admin-ajax.php\" data-fa_a=\"\" data-fa_b=\"\"><div class=\"loader\" aria-hidden=\"true\"><\/div>    <div>\n        <div class=\"row mx-auto mb-2\" style=\"max-width: 900px;\">\n            <div class=\"col-md-4\"><i class=\"mr-1 fas fa-check\" style=\"color:green;\"><\/i>Devis gratuits et rapides<\/div>\n            <div class=\"col-md-4\"><i class=\"mr-1 fas fa-check\" style=\"color:green;\"><\/i>Sans engagement et obligation<\/div>\n            <div class=\"col-md-4\"><i class=\"mr-1 fas fa-check\" style=\"color:green;\"><\/i>Professionnels agr\u00e9\u00e9s<\/div>\n        <\/div>\n    <\/div><div id=\"form-69f228b33907d\" class=\"bob-form-container\" style=\"background-color: white; font-family: Roboto, sans-serif !important; font-size: 16px !important; color: #545454; box-shadow: 0 2px 10px rgba(0,0,0,0.1); --font_title: Poppins; --font_size_title: 20px; --title_bg_color: #175da6; --copyright_color: #fde8e1; --box_upload_color: #e5f2f7; padding:unset;\" data-form-type=\"inline\" data-form-id=\"69f228b33907d\"><style>#form-69f228b33907d .bob-form-inline-question.even {\n  background-color: #e5f2f7;\n}\n#form-69f228b33907d .single_multiple.multiple_button {\n  background-color: #e5f2f7 !important;\n}\n#form-69f228b33907d .bob-form-inline-question--hidden {\n  display: none;\n}<\/style><div class=\"form-questions\"><form id=\"bob-form\" class=\"bob-form bob-form-tag\" method=\"post\" action=\"https:\/\/www.bobex.be\/fr-be\/wp-admin\/admin-ajax.php?action=bobex-form-validation\">    <div class=\"form-title\">\n        Formulez votre demande\n        <div class=\"form-title-info-line\">\n            R\u00e9pondez \u00e0 quelques questions et entrez en contact avec des sp\u00e9cialistes fiables. Nous vous demandons vos coordonn\u00e9es afin de s\u00e9lectionner les professionnels actifs dans votre r\u00e9gion.\n        <\/div>\n    <\/div><div class=\"form-questions bob-form-inline-question\"><div class=\"row\"><div class=\"question col-md-4\"><label>1*. De quel type de b\u00e2timent s&rsquo;agit-il ?<\/label><\/div><div class=\"answer col-md-8\"><div class=\"bob-form-radio d-flex\"><input type=\"radio\" class=\"inline-radio\" id=\"69f228b33907d-input-0-1\" data-unique-id=\"69f228b33907d\" name=\"XML_extra_radio2\" value=\"1\"  required=\"required\"><label for=\"69f228b33907d-input-0-1\">Maison individuelle<\/label><\/div><div class=\"bob-form-radio d-flex\"><input type=\"radio\" class=\"inline-radio\" id=\"69f228b33907d-input-0-2\" data-unique-id=\"69f228b33907d\" name=\"XML_extra_radio2\" value=\"2\"  required=\"required\"><label for=\"69f228b33907d-input-0-2\">Maison jumel\u00e9e \/ 3 fa\u00e7ades<\/label><\/div><div class=\"bob-form-radio d-flex\"><input type=\"radio\" class=\"inline-radio\" id=\"69f228b33907d-input-0-3\" data-unique-id=\"69f228b33907d\" name=\"XML_extra_radio2\" value=\"3\"  required=\"required\"><label for=\"69f228b33907d-input-0-3\">Maison mitoyenne \/ 2 fa\u00e7ades<\/label><\/div><div class=\"bob-form-radio d-flex\"><input type=\"radio\" class=\"inline-radio\" id=\"69f228b33907d-input-0-4\" data-unique-id=\"69f228b33907d\" name=\"XML_extra_radio2\" value=\"4\"  required=\"required\"><label for=\"69f228b33907d-input-0-4\">Appartement<\/label><\/div><div class=\"bob-form-radio d-flex\"><input type=\"radio\" class=\"inline-radio\" id=\"69f228b33907d-input-0-5\" data-unique-id=\"69f228b33907d\" name=\"XML_extra_radio2\" value=\"5\"  required=\"required\"><label for=\"69f228b33907d-input-0-5\">Immeuble commercial ou bureau<\/label><\/div><div class=\"bob-form-radio d-flex\"><input type=\"radio\" class=\"inline-radio\" id=\"69f228b33907d-input-0-6\" data-unique-id=\"69f228b33907d\" name=\"XML_extra_radio2\" value=\"6\"  required=\"required\"><label for=\"69f228b33907d-input-0-6\">Autre<\/label><\/div><\/div><\/div><\/div><div class=\"form-questions bob-form-inline-question even\"><div class=\"row\"><div class=\"question col-md-4\"><label>2*. O\u00f9 se situe l&#039;amiante dans le b\u00e2timent ?<\/label><\/div><div class=\"answer col-md-8\"><div class=\"bob-form-checkbox d-flex\"><input type=\"checkbox\" class=\"inline-checkbox bob-form-input\" id=\"69f228b33907d-input-1-1\" data-unique-id=\"69f228b33907d\" name=\"XML_extra_check[]\" value=\"1\"  required=\"required\" onclick=\"checkboxTurnChecked(this)\"><label for=\"69f228b33907d-input-1-1\">Toiture (tuiles, ardoises, fibrociment)<\/label><\/div><div class=\"bob-form-checkbox d-flex\"><input type=\"checkbox\" class=\"inline-checkbox bob-form-input\" id=\"69f228b33907d-input-1-2\" data-unique-id=\"69f228b33907d\" name=\"XML_extra_check[]\" value=\"2\"  required=\"required\" onclick=\"checkboxTurnChecked(this)\"><label for=\"69f228b33907d-input-1-2\">Isolation des murs ou plafonds<\/label><\/div><div class=\"bob-form-checkbox d-flex\"><input type=\"checkbox\" class=\"inline-checkbox bob-form-input\" id=\"69f228b33907d-input-1-3\" data-unique-id=\"69f228b33907d\" name=\"XML_extra_check[]\" value=\"3\"  required=\"required\" onclick=\"checkboxTurnChecked(this)\"><label for=\"69f228b33907d-input-1-3\">Sols<\/label><\/div><div class=\"bob-form-checkbox d-flex\"><input type=\"checkbox\" class=\"inline-checkbox bob-form-input\" id=\"69f228b33907d-input-1-4\" data-unique-id=\"69f228b33907d\" name=\"XML_extra_check[]\" value=\"4\"  required=\"required\" onclick=\"checkboxTurnChecked(this)\"><label for=\"69f228b33907d-input-1-4\">Tuyauteries (gaines, calorifugeage)<\/label><\/div><div class=\"bob-form-checkbox d-flex\"><input type=\"checkbox\" class=\"inline-checkbox bob-form-input\" id=\"69f228b33907d-input-1-5\" data-unique-id=\"69f228b33907d\" name=\"XML_extra_check[]\" value=\"5\"  required=\"required\" onclick=\"checkboxTurnChecked(this)\"><label for=\"69f228b33907d-input-1-5\">Enduits, cr\u00e9pis ou peintures<\/label><\/div><div class=\"bob-form-checkbox d-flex\"><input type=\"checkbox\" class=\"inline-checkbox bob-form-input\" id=\"69f228b33907d-input-1-6\" data-unique-id=\"69f228b33907d\" name=\"XML_extra_check[]\" value=\"6\"  required=\"required\" onclick=\"checkboxTurnChecked(this)\"><label for=\"69f228b33907d-input-1-6\">Cloisons ou faux plafonds<\/label><\/div><div class=\"bob-form-checkbox d-flex\"><input type=\"checkbox\" class=\"inline-checkbox bob-form-input\" id=\"69f228b33907d-input-1-7\" data-unique-id=\"69f228b33907d\" name=\"XML_extra_check[]\" value=\"7\"  required=\"required\" onclick=\"checkboxTurnChecked(this)\"><label for=\"69f228b33907d-input-1-7\">Autre (\u00e0 pr\u00e9ciser)<\/label><\/div><\/div><\/div><\/div><div class=\"form-questions bob-form-inline-question\"><div class=\"row\"><div class=\"question col-md-4\"><label>3*. Quelle est l&rsquo;ann\u00e9e de construction du b\u00e2timent ?<\/label><\/div><div class=\"answer col-md-8\"><div class=\"bob-form-radio d-flex\"><input type=\"radio\" class=\"inline-radio\" id=\"69f228b33907d-input-2-1\" data-unique-id=\"69f228b33907d\" name=\"XML_extra_radio3\" value=\"1\"  required=\"required\"><label for=\"69f228b33907d-input-2-1\">Avant 1945<\/label><\/div><div class=\"bob-form-radio d-flex\"><input type=\"radio\" class=\"inline-radio\" id=\"69f228b33907d-input-2-2\" data-unique-id=\"69f228b33907d\" name=\"XML_extra_radio3\" value=\"2\"  required=\"required\"><label for=\"69f228b33907d-input-2-2\">1945-1998 (la plupart des cas)<\/label><\/div><div class=\"bob-form-radio d-flex\"><input type=\"radio\" class=\"inline-radio\" id=\"69f228b33907d-input-2-3\" data-unique-id=\"69f228b33907d\" name=\"XML_extra_radio3\" value=\"3\"  required=\"required\"><label for=\"69f228b33907d-input-2-3\">Apr\u00e8s 1998<\/label><\/div><\/div><\/div><\/div><div class=\"form-questions bob-form-inline-question even\"><div class=\"row\"><div class=\"question col-md-4\"><label>4*. Quand souhaitez-vous ce service ?<\/label><\/div><div class=\"answer col-md-8\"><div class=\"bob-form-radio d-flex\"><input type=\"radio\" class=\"inline-radio\" id=\"69f228b33907d-input-3-1\" data-unique-id=\"69f228b33907d\" name=\"XML_extra_radio4\" value=\"1\"  required=\"required\"><label for=\"69f228b33907d-input-3-1\">D\u00e8s que possible, dans un d\u00e9lai de 2 mois<\/label><\/div><div class=\"bob-form-radio d-flex\"><input type=\"radio\" class=\"inline-radio\" id=\"69f228b33907d-input-3-2\" data-unique-id=\"69f228b33907d\" name=\"XML_extra_radio4\" value=\"2\"  required=\"required\"><label for=\"69f228b33907d-input-3-2\">Dans un d\u00e9lai de 2 \u00e0 4 mois<\/label><\/div><div class=\"bob-form-radio d-flex\"><input type=\"radio\" class=\"inline-radio\" id=\"69f228b33907d-input-3-3\" data-unique-id=\"69f228b33907d\" name=\"XML_extra_radio4\" value=\"3\"  required=\"required\"><label for=\"69f228b33907d-input-3-3\">Dans un d\u00e9lai de 4 \u00e0 6 mois<\/label><\/div><\/div><\/div><\/div><div class=\"form-questions bob-form-inline-question\"><div class=\"d-flex flex-column\"><label class=\"question\" for=\"69f228b33907d-input-4\">5. Information compl\u00e9mentaire<\/label><textarea class=\"bob-form-input\" name=\"XML_remarks\" id=\"69f228b33907d-input-4\" data-unique-id=\"69f228b33907d\"><\/textarea><\/div><\/div><div class=\"bob-inline-form bob-form-tag upload-box mb-3\">\n                    <div class=\"row\">\n                        <div class=\"col-md-12 mb-2 question\">Ajouter des photos ou des pi\u00e8ces jointes (en Option)<\/div>\n                        <div class=\"col-md-12\">\n                            <div class=\"box__input\" style=\"background-color: #e5f2f7;\"\n                                 ondrop=\"drop(event)\"\n                                 ondragover=\"allowDrop(event)\"\n                                 ondragleave=\"removeDropFx(event)\"\n                                >\n                                <input type=\"file\"\n                                       class=\"file__input\"\n                                       name=\"attachments[]\"\n                                       id=\"attachments\"\n                                       multiple=\"multiple\"\n                                       accept=\"image\/jpeg, image\/png, image\/gif, application\/pdf\"\n                                       data-multiple-caption=\"{count} files selected\">\n                                <div>\n                                    <label for=\"attachments\"><strong>S\u00e9lectionnez un fichier <\/strong>ou glissez-le ici<\/label>\n                                    <span class=\"box__button bobex-round-cta m-1 py-1\"\n                                          style=\"mix-blend-mode: luminosity\">\n                                        <i class=\"fas fa-cloud-upload-alt text-white\"><\/i>\n                                        T\u00e9l\u00e9charger\n                                    <\/span>\n                                <\/div>\n            \n                                <div class=\"row preview_wrapper m-0\"><\/div>\n                            <\/div>\n            \n                            <div class=\"box__uploading\">Uploading\u2026<\/div>\n                            <div class=\"box__success\">Done!<\/div>\n                            <div class=\"box__error\">Error! <span><\/span>.<\/div>\n                        <\/div>\n                    <\/div>\n                <\/div>    <div class=\"form-title\">\n        Vos donn\u00e9es\n    <\/div><div class=\"bob-form-contact-data\" style=\"padding: 20px\"><div class=\"row lead-info\"><div class=\"col-md-6 mb-3\">  <div class=\"form-group\">    <input value=\"\" type=\"text\" class=\"form-control\" id=\"firstName\" name=\"firstName\" placeholder=\"Pr\u00e9nom\" required>    <div class=\"valid-feedback\">Enchant\u00e9 !<\/div>    <div class=\"invalid-feedback\">Veuillez indiquer votre pr\u00e9nom<\/div>  <\/div><\/div><div class=\"col-md-6 mb-3\">  <div class=\"form-group\">    <input value=\"\" type=\"text\" class=\"form-control\" id=\"lastName\" name=\"lastName\" placeholder=\"Nom\" required>    <div class=\"valid-feedback\">Sympa<\/div>    <div class=\"invalid-feedback\">Veuillez indiquer votre nom de famille<\/div>  <\/div><\/div><div class=\"col-md-12 mb-3\">  <div class=\"form-group\">    <input value=\"\" type=\"email\" class=\"form-control\" id=\"email\" name=\"email\" placeholder=\"E-mail\" required style=\"max-width: unset;\">    <div class=\"valid-feedback\">C&rsquo;est tout bon<\/div>    <div class=\"invalid-feedback\">Veuillez indiquer une adresse e-mail valide<\/div>  <\/div><\/div><div class=\"col-md-12 mb-3\">  <div class=\"form-group\">    <input value=\"\" type=\"tel\" class=\"form-control\" id=\"phone\" name=\"phone\" placeholder=\"T\u00e9l\u00e9phone\" required style=\"max-width: unset;\">    <div class=\"valid-feedback\">Parfait<\/div>    <div class=\"invalid-feedback\">Veuillez indiquer un num\u00e9ro de t\u00e9l\u00e9phone valide<\/div>  <\/div><\/div><div class=\"col-md-12 mb-3\">  <div class=\"form-group\">    <input value=\"\" type=\"text\" class=\"form-control\" id=\"companyAddress\" name=\"companyAddress\" placeholder=\"Adresse\" required style=\"max-width: unset;\">    <div class=\"valid-feedback\">C&rsquo;est not\u00e9<\/div>    <div class=\"invalid-feedback\">Veuillez indiquer une adresse valide<\/div>  <\/div><\/div><div class=\"col-md-6 mb-3\">  <div class=\"form-group\">    <input value=\"\" type=\"text\" class=\"form-control\" id=\"companyPostalCode\" name=\"companyPostalCode\" placeholder=\"Code postal\" required>    <div class=\"valid-feedback\">Excellent !<\/div>    <div class=\"invalid-feedback\">Veuillez indiquer un code postal valide<\/div>  <\/div><\/div><div class=\"col-md-6 mb-3\">  <div class=\"form-group\">    <input value=\"\" type=\"text\" class=\"form-control\" id=\"companyCity\" name=\"companyCity\" placeholder=\"Ville\" required>    <div class=\"valid-feedback\">Bien jou\u00e9<\/div>    <div class=\"invalid-feedback\">Veuillez indiquer une ville valide<\/div>  <\/div><\/div><div class=\"d-flex mt-3\"><input name=\"promoOptin\" value=\"true\" id=\"promoOptin\" type=\"checkbox\" class=\"me-2\" style=\"width: unset\"><label for=\"promoOptin\">Je souhaite rester inform\u00e9 de ma demande et recevoir des conseils pratiques (fortement recommand\u00e9 !) <\/label><\/div><\/div><\/div><input type=\"hidden\" class=\"session_var\" name=\"newform\" value=\"true\"><input type=\"hidden\" class=\"session_var\" name=\"lead-validation-nonce\" value=\"24cd3332a7\"><input type=\"hidden\" class=\"session_var\" name=\"aff\" value=\"minisite\"><input type=\"hidden\" class=\"session_var\" name=\"utm_source\" value=\"https:\/\/www.bobex.be\/fr-be\/wp-json\/v2\/content\/211755\"><input type=\"hidden\" class=\"session_var\" name=\"bobx\" value=\"\"><input type=\"hidden\" class=\"session_var\" name=\"sessionType\" value=\"B2C\"><input type=\"hidden\" class=\"session_var\" name=\"utm_medium\" value=\"web\"><input type=\"hidden\" class=\"session_var\" name=\"utm_campaign\" value=\"search\"><input type=\"hidden\" class=\"session_var\" name=\"rem_source\" value=\"https:\/\/www.bobex.be\/fr-be\/enlevement-de-lamiante\/recyparc-amiante\/\"><input type=\"hidden\" class=\"session_var\" name=\"pixel_id\" value=\"-1\"><input type=\"hidden\" class=\"session_var\" name=\"tabo_id\" value=\"-1\"><input type=\"hidden\" class=\"session_var\" name=\"click_id\" value=\"-1\"><input type=\"hidden\" class=\"session_var\" name=\"gclid\" value=\"-1\"><input type=\"hidden\" class=\"session_var\" name=\"msclkid\" value=\"-1\"><input type=\"hidden\" class=\"session_var\" name=\"past_aff\" value=\"bobex\"><input type=\"hidden\" class=\"session_var\" name=\"redirectTo\" value=\"BE\"><input type=\"hidden\" class=\"session_var\" name=\"is_type_id\" value=\"true\"><input type=\"hidden\" class=\"session_var\" name=\"typeid\" value=\"100045\"><input type=\"hidden\" class=\"session_var\" name=\"companyType\" value=\"label.companytype.consumer\"><input type=\"hidden\" class=\"session_var\" name=\"input_names\" value=\"XML_extra_radio2,XML_extra_check,XML_extra_radio3,XML_extra_radio4,XML_remarks\"><input type=\"hidden\" class=\"form_context\" value=\"BE\"><img decoding=\"async\" class=\"bobex-pixel\" src=\"\" alt=\"\" style=\"display:none\" \/>    <div class=\"bob-form-submit d-flex justify-content-center\">\n        <button type=\"submit\" class=\"form-submit\" style=\"background-color: #F1653A; color: white; border: none !important; border-radius: 5px !important; font-family: Roboto, sans-serif; font-size: 16px;\">\n            Demander un devis\n        <\/button>\n    <\/div>    <div class=\"bob-inline-form form-footer\" style=\"border-radius: 0 0 10px 10px\">\n        <div class=\"bob-form-privacy-text\">\n            <div style=\"float:left;\"><i class=\"fa fa-lock\"><\/i><\/div>\n            <div class=\"ms-2\">\n                <div style='padding-left: 15px;font-size: 0.8em !important;z-index: 10;'><b>Nous respectons votre vie priv\u00e9e<\/b><br> Conform\u00e9ment \u00e0 la loi du 8\/12\/1992 relative \u00e0 la protection de la vie priv\u00e9e, vous disposez d&rsquo;un droit d&rsquo;acc\u00e8s et de rectification \u00e0 vos donn\u00e9es. Pour en savoir plus, consultez notre <span class=\"link_ob\" data-link=\"aHR0cHM6Ly93d3cuYm9iZXguYmUvZnItYmUvcHJvdGVjdGlvbi1kZS1sYS12aWUtcHJpdmVlLw==\" target=\"_blank\">charte sur la vie priv\u00e9e<\/span>.<\/div>\n                \n            <\/div>\n        <\/div>\n    <\/div><\/form><\/div><div class=\"multiple_mini hidden\" data-lead_id=\"\"><p class=\"multiple-title\">Merci d&rsquo;avoir pris le temps de remplir ce formulaire<\/p><p>Nous vous contacterons d\u00e8s que possible pour vous orienter vers le meilleur sp\u00e9cialiste correspondant \u00e0 votre demande.<\/p><div class=\"multiple_wrapper\"><div class=\"loader\"><\/div><p class=\"multiple-title\">Vous cherchez d&rsquo;autres services ?<\/p><p class=\"multiple_text\">Vous souhaitez comparer d&rsquo;autres devis ou explorer d&rsquo;autres services ? Faites-le nous savoir et nous vous mettrons rapidement en relation<\/p><div class=\"multiple_container\"><div class=\"single_multiple multiple_button\" data-typeid=\"12005\"><i class=\"fa-3x cat icon-12005\"><\/i><span class=\"multiple_name\">R\u00e9novation totale (entrepreneurs)<\/span><\/div><div class=\"single_multiple multiple_button\" data-typeid=\"11962\"><i class=\"fa-3x cat icon-11962\"><\/i><span class=\"multiple_name\">Travaux de toiture<\/span><\/div><div class=\"single_multiple multiple_button\" data-typeid=\"11427\"><i class=\"fa-3x cat icon-11427\"><\/i><span class=\"multiple_name\">Isolation<\/span><\/div><div class=\"single_multiple multiple_button\" data-typeid=\"11406\"><i class=\"fa-3x cat icon-11406\"><\/i><span class=\"multiple_name\">Syst\u00e8me d&rsquo;alarme<\/span><\/div><div class=\"single_multiple multiple_button\" data-typeid=\"30007\"><i class=\"fa-3x cat icon-30007\"><\/i><span class=\"multiple_name\">Chauffage central<\/span><\/div><div class=\"single_multiple multiple_button\" data-typeid=\"100015\"><i class=\"fa-3x cat icon-100015\"><\/i><span class=\"multiple_name\">D\u00e9capage, sablage<\/span><\/div><\/div><\/div><\/div><\/div><\/div>\n\n\n<h2 class=\"wp-block-heading\"><span class=\"ez-toc-section\" id=\"Vos_questions_sur_les_parcs_a_conteneurs_damiante\"><\/span>Vos questions sur les parcs \u00e0 conteneurs d&rsquo;amiante<span class=\"ez-toc-section-end\"><\/span><\/h2>\n\n\n\n<p>Vous vous demandez combien co\u00fbte l\u2019\u00e9vacuation de l\u2019amiante et comment la r\u00e9aliser en toute s\u00e9curit\u00e9 ? Cette FAQ rassemble les r\u00e9ponses aux questions les plus fr\u00e9quentes.<\/p>\n\n\n\n<div class=\"wp-block-bobex-frequently-asked-questions bobex-faq-main-wrapper\">\n            <div class=\"bobex-simple-question-answer-block\">\n                <div class=\"bobex-simple-question-answer-block__question\" style=\"background-color: #63b0d1!important; color: white!important;\">\n                    <h3 style=\"color: white!important; margin:unset; font-size:1.2rem;\" class=\"bobex-simple-question-answer-block__question__content\"><span class=\"ez-toc-section\" id=\"Qui_reprend_lamiante_gratuitement_Quelle_quantite_peut-on_apporter_gratuitement_au_parc_a_conteneurs\"><\/span><strong>Qui reprend l&rsquo;amiante gratuitement ? Quelle quantit\u00e9 peut-on apporter gratuitement au parc \u00e0 conteneurs ?<\/strong><span class=\"ez-toc-section-end\"><\/span><\/h3>\n                    <div class=\"bobex-simple-question-answer-block__question__toggle\">+<\/div>\n                <\/div>\n                <div class=\"bobex-simple-question-answer-block__answer\" style=\"background-color: !important; color: black!important;\">\n                    <div class=\"bobex-simple-question-answer-block__answer__content\">Chaque parc \u00e0 conteneurs doit accepter gratuitement une\u00a0<strong>quantit\u00e9 minimale d\u2019amiante<\/strong>. Cette quantit\u00e9 correspond \u00e0 :<br><br>&#8211; <strong>200 kilogrammes par m\u00e9nage et par an<\/strong>, ou<br>&#8211; <strong>1 m\u00b3 par m\u00e9nage et par an<\/strong>, ou<br><strong>&#8211; 10 plaques en amiante-ciment par m\u00e9nage et par an<\/strong>.<\/div>\n                    <div>\n<div class=\"wp-block-bobex-simple-question-answer\"><\/div>\n<\/div>\n                <\/div>\n            <\/div>\n        \n\n\n            <div class=\"bobex-simple-question-answer-block\">\n                <div class=\"bobex-simple-question-answer-block__question\" style=\"background-color: #63b0d1!important; color: white!important;\">\n                    <h3 style=\"color: white!important; margin:unset; font-size:1.2rem;\" class=\"bobex-simple-question-answer-block__question__content\"><span class=\"ez-toc-section\" id=\"Puis-je_aller_dans_tous_les_recyparcs_pour_deposer_de_lamiante\"><\/span>Puis-je aller dans tous les recyparcs pour d\u00e9poser de l&rsquo;amiante ?<span class=\"ez-toc-section-end\"><\/span><\/h3>\n                    <div class=\"bobex-simple-question-answer-block__question__toggle\">+<\/div>\n                <\/div>\n                <div class=\"bobex-simple-question-answer-block__answer\" style=\"background-color: !important; color: black!important;\">\n                    <div class=\"bobex-simple-question-answer-block__answer__content\">Non, tous les recyparcs n\u2019acceptent pas l\u2019amiante. Seuls certains parcs disposent de conteneurs sp\u00e9cifiques pour l\u2019<strong>amiante li\u00e9 (amiante-ciment)<\/strong>. Il est donc conseill\u00e9 de v\u00e9rifier au pr\u00e9alable aupr\u00e8s de votre\u00a0<strong>intercommunale de d\u00e9chets<\/strong>\u00a0ou de votre\u00a0<strong>commune<\/strong>\u00a0si votre recyparc accepte ce type de d\u00e9chets et sous quelles conditions.<\/div>\n                    <div>\n<div class=\"wp-block-bobex-simple-question-answer\"><\/div>\n<\/div>\n                <\/div>\n            <\/div>\n        \n\n\n            <div class=\"bobex-simple-question-answer-block\">\n                <div class=\"bobex-simple-question-answer-block__question\" style=\"background-color: #63b0d1!important; color: white!important;\">\n                    <h3 style=\"color: white!important; margin:unset; font-size:1.2rem;\" class=\"bobex-simple-question-answer-block__question__content\"><span class=\"ez-toc-section\" id=\"Comment_emballer_lamiante_pour_le_parc_a_conteneurs\"><\/span>Comment emballer l\u2019amiante pour le parc \u00e0 conteneurs ?<span class=\"ez-toc-section-end\"><\/span><\/h3>\n                    <div class=\"bobex-simple-question-answer-block__question__toggle\">+<\/div>\n                <\/div>\n                <div class=\"bobex-simple-question-answer-block__answer\" style=\"background-color: !important; color: black!important;\">\n                    <div class=\"bobex-simple-question-answer-block__answer__content\">Vous pouvez emballer l\u2019amiante de mani\u00e8re herm\u00e9tique dans un\u00a0<strong>double sac plastique transparent<\/strong>, un\u00a0<strong>sac sp\u00e9cial amiante translucide<\/strong>\u00a0ou une\u00a0<strong>b\u00e2che sp\u00e9ciale amiante<\/strong>.\u00a0La plupart des parcs \u00e0 conteneurs proposent ces sacs et b\u00e2ches gratuitement ou \u00e0 prix r\u00e9duit.<\/div>\n                    <div>\n<div class=\"wp-block-bobex-simple-question-answer\"><\/div>\n<\/div>\n                <\/div>\n            <\/div>\n        <\/div>\n\n                    <script type=\"application\/ld+json\">\n                        {\"@context\":\"https:\\\/\\\/schema.org\",\"@type\":\"FAQPage\",\"mainEntity\":[{\"@type\":\"Question\",\"name\":\"<strong>Qui reprend l'amiante gratuitement ? Quelle quantit\\u00e9 peut-on apporter gratuitement au parc \\u00e0 conteneurs ?<\\\/strong>\",\"acceptedAnswer\":{\"@type\":\"Answer\",\"text\":\"Chaque parc \\u00e0 conteneurs doit accepter gratuitement une\\u00a0<strong>quantit\\u00e9 minimale d\\u2019amiante<\\\/strong>. Cette quantit\\u00e9 correspond \\u00e0 :<br><br>- <strong>200 kilogrammes par m\\u00e9nage et par an<\\\/strong>, ou<br>- <strong>1 m\\u00b3 par m\\u00e9nage et par an<\\\/strong>, ou<br><strong>- 10 plaques en amiante-ciment par m\\u00e9nage et par an<\\\/strong>.\"}},{\"@type\":\"Question\",\"name\":\"Puis-je aller dans tous les recyparcs pour d\\u00e9poser de l'amiante ?\",\"acceptedAnswer\":{\"@type\":\"Answer\",\"text\":\"Non, tous les recyparcs n\\u2019acceptent pas l\\u2019amiante. Seuls certains parcs disposent de conteneurs sp\\u00e9cifiques pour l\\u2019<strong>amiante li\\u00e9 (amiante-ciment)<\\\/strong>. Il est donc conseill\\u00e9 de v\\u00e9rifier au pr\\u00e9alable aupr\\u00e8s de votre\\u00a0<strong>intercommunale de d\\u00e9chets<\\\/strong>\\u00a0ou de votre\\u00a0<strong>commune<\\\/strong>\\u00a0si votre recyparc accepte ce type de d\\u00e9chets et sous quelles conditions.\"}},{\"@type\":\"Question\",\"name\":\"Comment emballer l\\u2019amiante pour le parc \\u00e0 conteneurs ?\",\"acceptedAnswer\":{\"@type\":\"Answer\",\"text\":\"Vous pouvez emballer l\\u2019amiante de mani\\u00e8re herm\\u00e9tique dans un\\u00a0<strong>double sac plastique transparent<\\\/strong>, un\\u00a0<strong>sac sp\\u00e9cial amiante translucide<\\\/strong>\\u00a0ou une\\u00a0<strong>b\\u00e2che sp\\u00e9ciale amiante<\\\/strong>.\\u00a0La plupart des parcs \\u00e0 conteneurs proposent ces sacs et b\\u00e2ches gratuitement ou \\u00e0 prix r\\u00e9duit.\"}}]}\n                    <\/script>\n                ","protected":false},"featured_media":0,"parent":0,"template":"","meta":{"business":"46648","footnotes":""},"class_list":["post-211755","content","type-content","status-publish","hentry"],"_links":{"self":[{"href":"https:\/\/www.bobex.be\/fr-be\/wp-json\/wp\/v2\/content\/211755","targetHints":{"allow":["GET"]}}],"collection":[{"href":"https:\/\/www.bobex.be\/fr-be\/wp-json\/wp\/v2\/content"}],"about":[{"href":"https:\/\/www.bobex.be\/fr-be\/wp-json\/wp\/v2\/types\/content"}],"version-history":[{"count":8,"href":"https:\/\/www.bobex.be\/fr-be\/wp-json\/wp\/v2\/content\/211755\/revisions"}],"predecessor-version":[{"id":220848,"href":"https:\/\/www.bobex.be\/fr-be\/wp-json\/wp\/v2\/content\/211755\/revisions\/220848"}],"wp:attachment":[{"href":"https:\/\/www.bobex.be\/fr-be\/wp-json\/wp\/v2\/media?parent=211755"}],"curies":[{"name":"wp","href":"https:\/\/api.w.org\/{rel}","templated":true}]}}