{"id":211692,"date":"2025-08-19T14:43:00","date_gmt":"2025-08-19T14:43:00","guid":{"rendered":"https:\/\/www.bobex.be\/fr-be\/?post_type=content&#038;p=211692"},"modified":"2026-01-12T15:16:51","modified_gmt":"2026-01-12T15:16:51","slug":"dangers-amiante","status":"publish","type":"content","link":"https:\/\/www.bobex.be\/fr-be\/enlevement-de-lamiante\/dangers-amiante\/","title":{"rendered":"Quels sont les dangers de l&rsquo;amiante ? Maladies, impact sur l\u2019esp\u00e9rance de vie"},"content":{"rendered":"\n<div id=\"ez-toc-container\" class=\"ez-toc-v2_0_82_2 counter-hierarchy ez-toc-counter ez-toc-grey ez-toc-container-direction\">\n<div class=\"ez-toc-title-container\">\n<p class=\"ez-toc-title\" style=\"cursor:inherit\">Sommaire<\/p>\n<span class=\"ez-toc-title-toggle\"><a href=\"#\" class=\"ez-toc-pull-right ez-toc-btn ez-toc-btn-xs ez-toc-btn-default ez-toc-toggle\" aria-label=\"Toggle Table of Content\"><span class=\"ez-toc-js-icon-con\"><span class=\"\"><span class=\"eztoc-hide\" style=\"display:none;\">Toggle<\/span><span class=\"ez-toc-icon-toggle-span\"><svg style=\"fill: #999;color:#999\" xmlns=\"http:\/\/www.w3.org\/2000\/svg\" class=\"list-377408\" width=\"20px\" height=\"20px\" viewBox=\"0 0 24 24\" fill=\"none\"><path d=\"M6 6H4v2h2V6zm14 0H8v2h12V6zM4 11h2v2H4v-2zm16 0H8v2h12v-2zM4 16h2v2H4v-2zm16 0H8v2h12v-2z\" fill=\"currentColor\"><\/path><\/svg><svg style=\"fill: #999;color:#999\" class=\"arrow-unsorted-368013\" xmlns=\"http:\/\/www.w3.org\/2000\/svg\" width=\"10px\" height=\"10px\" viewBox=\"0 0 24 24\" version=\"1.2\" baseProfile=\"tiny\"><path d=\"M18.2 9.3l-6.2-6.3-6.2 6.3c-.2.2-.3.4-.3.7s.1.5.3.7c.2.2.4.3.7.3h11c.3 0 .5-.1.7-.3.2-.2.3-.5.3-.7s-.1-.5-.3-.7zM5.8 14.7l6.2 6.3 6.2-6.3c.2-.2.3-.5.3-.7s-.1-.5-.3-.7c-.2-.2-.4-.3-.7-.3h-11c-.3 0-.5.1-.7.3-.2.2-.3.5-.3.7s.1.5.3.7z\"\/><\/svg><\/span><\/span><\/span><\/a><\/span><\/div>\n<nav><ul class='ez-toc-list ez-toc-list-level-1 eztoc-toggle-hide-by-default' ><li class='ez-toc-page-1 ez-toc-heading-level-2'><a class=\"ez-toc-link ez-toc-heading-1\" href=\"https:\/\/www.bobex.be\/fr-be\/enlevement-de-lamiante\/dangers-amiante\/#Definition_cest_quoi_lamiante\" >D\u00e9finition : c&rsquo;est quoi l&rsquo;amiante ?<\/a><\/li><li class='ez-toc-page-1 ez-toc-heading-level-2'><a class=\"ez-toc-link ez-toc-heading-2\" href=\"https:\/\/www.bobex.be\/fr-be\/enlevement-de-lamiante\/dangers-amiante\/#Pourquoi_lamiante_est-elle_interdite_dans_la_construction_en_Belgique\" >Pourquoi l\u2019amiante est-elle interdite dans la construction en Belgique ?<\/a><\/li><li class='ez-toc-page-1 ez-toc-heading-level-2'><a class=\"ez-toc-link ez-toc-heading-3\" href=\"https:\/\/www.bobex.be\/fr-be\/enlevement-de-lamiante\/dangers-amiante\/#Quels_sont_les_risques_pour_la_sante\" >Quels sont les risques pour la sant\u00e9 ?<\/a><\/li><li class='ez-toc-page-1 ez-toc-heading-level-2'><a class=\"ez-toc-link ez-toc-heading-4\" href=\"https:\/\/www.bobex.be\/fr-be\/enlevement-de-lamiante\/dangers-amiante\/#Est-il_dangereux_de_vivre_dans_une_maison_avec_de_lamiante_dans_les_murs\" >Est-il dangereux de vivre dans une maison avec de l&rsquo;amiante dans les murs ?<\/a><\/li><li class='ez-toc-page-1 ez-toc-heading-level-2'><a class=\"ez-toc-link ez-toc-heading-5\" href=\"https:\/\/www.bobex.be\/fr-be\/enlevement-de-lamiante\/dangers-amiante\/#Quels_sont_les_risques_de_tomber_malade_a_cause_de_lamiante\" >Quels sont les risques de tomber malade \u00e0 cause de l\u2019amiante ?<\/a><\/li><li class='ez-toc-page-1 ez-toc-heading-level-2'><a class=\"ez-toc-link ez-toc-heading-6\" href=\"https:\/\/www.bobex.be\/fr-be\/enlevement-de-lamiante\/dangers-amiante\/#Quels_sont_les_premiers_symptomes_lies_a_lexposition_courte_a_lamiante\" >Quels sont les premiers sympt\u00f4mes li\u00e9s \u00e0 l&rsquo;exposition courte \u00e0 l&rsquo;amiante ?<\/a><\/li><li class='ez-toc-page-1 ez-toc-heading-level-2'><a class=\"ez-toc-link ez-toc-heading-7\" href=\"https:\/\/www.bobex.be\/fr-be\/enlevement-de-lamiante\/dangers-amiante\/#Comment_les_fibres_damiante_se_liberent-elles\" >Comment les fibres d\u2019amiante se lib\u00e8rent-elles ?<\/a><ul class='ez-toc-list-level-3' ><li class='ez-toc-heading-level-3'><a class=\"ez-toc-link ez-toc-heading-8\" href=\"https:\/\/www.bobex.be\/fr-be\/enlevement-de-lamiante\/dangers-amiante\/#Ou_trouve-t-on_de_lamiante_dans_un_appartement\" >O\u00f9 trouve-t-on de l\u2019amiante dans un appartement ?<\/a><\/li><li class='ez-toc-page-1 ez-toc-heading-level-3'><a class=\"ez-toc-link ez-toc-heading-9\" href=\"https:\/\/www.bobex.be\/fr-be\/enlevement-de-lamiante\/dangers-amiante\/#Combien_de_temps_lamiante_reste-t-il_en_suspension_dans_lair_exterieur_Et_apres_son_retrait\" >Combien de temps l\u2019amiante reste-t-il en suspension dans l\u2019air ext\u00e9rieur ? Et apr\u00e8s son retrait ?<\/a><\/li><li class='ez-toc-page-1 ez-toc-heading-level-3'><a class=\"ez-toc-link ez-toc-heading-10\" href=\"https:\/\/www.bobex.be\/fr-be\/enlevement-de-lamiante\/dangers-amiante\/#Jusquou_peuvent_se_disperser_les_fibres_damiante\" >Jusqu\u2019o\u00f9 peuvent se disperser les fibres d\u2019amiante ?<\/a><\/li><\/ul><\/li><li class='ez-toc-page-1 ez-toc-heading-level-2'><a class=\"ez-toc-link ez-toc-heading-11\" href=\"https:\/\/www.bobex.be\/fr-be\/enlevement-de-lamiante\/dangers-amiante\/#Les_maladies_liees_a_lamiante_peuvent-elles_etre_soignees\" >Les maladies li\u00e9es \u00e0 l\u2019amiante peuvent-elles \u00eatre soign\u00e9es ?<\/a><\/li><li class='ez-toc-page-1 ez-toc-heading-level-2'><a class=\"ez-toc-link ez-toc-heading-12\" href=\"https:\/\/www.bobex.be\/fr-be\/enlevement-de-lamiante\/dangers-amiante\/#Quand_doit-on_enlever_de_lamiante\" >Quand doit-on enlever de l&rsquo;amiante ?<\/a><\/li><li class='ez-toc-page-1 ez-toc-heading-level-2'><a class=\"ez-toc-link ez-toc-heading-13\" href=\"https:\/\/www.bobex.be\/fr-be\/enlevement-de-lamiante\/dangers-amiante\/#Comment_eliminer_la_poussiere_damiante\" >Comment \u00e9liminer la poussi\u00e8re d&rsquo;amiante ?<\/a><\/li><li class='ez-toc-page-1 ez-toc-heading-level-2'><a class=\"ez-toc-link ez-toc-heading-14\" href=\"https:\/\/www.bobex.be\/fr-be\/enlevement-de-lamiante\/dangers-amiante\/#Quel_est_le_prix_pour_enlever_de_lamiante\" >Quel est le prix pour enlever de l&rsquo;amiante ?<\/a><\/li><li class='ez-toc-page-1 ez-toc-heading-level-2'><a class=\"ez-toc-link ez-toc-heading-15\" href=\"https:\/\/www.bobex.be\/fr-be\/enlevement-de-lamiante\/dangers-amiante\/#Contactez_un_desamianteur_pour_obtenir_des_informations_personnalisees\" >Contactez un d\u00e9samianteur pour obtenir des informations personnalis\u00e9es.<\/a><\/li><\/ul><\/nav><\/div>\n<h2 class=\"wp-block-heading\"><span class=\"ez-toc-section\" id=\"Definition_cest_quoi_lamiante\"><\/span>D\u00e9finition : c&rsquo;est quoi l&rsquo;amiante ?<span class=\"ez-toc-section-end\"><\/span><\/h2>\n\n\n\n<p>L\u2019amiante est un&nbsp;<strong>min\u00e9ral naturel fibreux<\/strong>&nbsp;qui a \u00e9t\u00e9 largement utilis\u00e9 dans la <strong>construction<\/strong> et l\u2019industrie pour ses propri\u00e9t\u00e9s remarquables : il r\u00e9siste \u00e0 la chaleur, au feu, aux produits chimiques et \u00e0 l\u2019usure, tout en \u00e9tant isolant et peu co\u00fbteux.<\/p>\n\n\n\n<p>On le trouvait par exemple dans les&nbsp;<strong>plaques de toiture<\/strong>, les&nbsp;<strong>isolations thermiques et acoustiques<\/strong>, les&nbsp;<strong>rev\u00eatements de sol<\/strong>, les&nbsp;<strong>flocages<\/strong>, ou encore certains&nbsp;<strong>produits industriels<\/strong>.<\/p>\n\n\n\n<p>Son <strong>principal danger<\/strong> vient du fait que ses fibres,&nbsp;<strong>tr\u00e8s fines et invisibles \u00e0 l\u2019\u0153il nu<\/strong>, peuvent se d\u00e9tacher et rester en suspension dans l\u2019air pendant longtemps. Suite \u00e0 l&rsquo;inhalation d&rsquo;une forte concentration d&rsquo;amiante, elles peuvent s\u2019accumuler dans les <strong>poumons<\/strong> et provoquer, apr\u00e8s plusieurs ann\u00e9es ou d\u00e9cennies, des&nbsp;<strong>maladies graves<\/strong>&nbsp;comme le m\u00e9soth\u00e9liome, le cancer du poumon ou <strong>l\u2019asbestose<\/strong>.<\/p>\n\n\n\n<h2 class=\"wp-block-heading\"><span class=\"ez-toc-section\" id=\"Pourquoi_lamiante_est-elle_interdite_dans_la_construction_en_Belgique\"><\/span>Pourquoi l\u2019amiante est-elle interdite dans la construction en Belgique ?<span class=\"ez-toc-section-end\"><\/span><\/h2>\n\n\n\n<figure class=\"wp-block-image size-full\"><img decoding=\"async\" width=\"1200\" height=\"630\" src=\"https:\/\/www.bobex.be\/wp-uploads\/sites\/2\/Desamiantage-toit.jpg\" alt=\"2 hommes en train de d\u00e9samianter le toit d'un b\u00e2timent. \" class=\"wp-image-211463\" \/><\/figure>\n\n\n\n<p>Respirer des&nbsp;<strong>fibres d\u2019amiante<\/strong>&nbsp;peut provoquer de nombreuses&nbsp;<strong>maladies graves<\/strong>, voire&nbsp;<strong>mortelles<\/strong>. Ces fines particules atteignent vos&nbsp;<strong>voies respiratoires<\/strong>&nbsp;et vos&nbsp;<strong>alv\u00e9oles pulmonaires<\/strong>, o\u00f9 elles sont capt\u00e9es par les&nbsp;<strong>macrophages<\/strong>. Les macrophages prot\u00e8gent normalement l\u2019organisme en d\u00e9truisant les&nbsp;<strong>cellules<\/strong>&nbsp;et&nbsp;<strong>bact\u00e9ries \u00e9trang\u00e8res<\/strong>.<\/p>\n\n\n\n<p>L\u2019<strong>amiante<\/strong>&nbsp;fait exception : les macrophages ne peuvent pas&nbsp;<strong>d\u00e9grader<\/strong>&nbsp;les fibres les plus fines, tandis que les fibres plus \u00e9paisses ne sont pas absorb\u00e9es et continuent de circuler dans les&nbsp;<strong>tissus<\/strong>. Ainsi, l\u2019amiante peut aussi causer des&nbsp;<strong>l\u00e9sions<\/strong>&nbsp;dans des parties du corps \u00e9loign\u00e9es des&nbsp;<strong>poumons<\/strong>.<\/p>\n\n\n\n<h2 class=\"wp-block-heading\"><span class=\"ez-toc-section\" id=\"Quels_sont_les_risques_pour_la_sante\"><\/span>Quels sont les risques pour la sant\u00e9 ?<span class=\"ez-toc-section-end\"><\/span><\/h2>\n\n\n\n<p>Une exposition r\u00e9guli\u00e8re aux fibres d\u2019amiante augmente fortement le risque de d\u00e9velopper, entre autres, un <strong>m\u00e9soth\u00e9liome<\/strong>, un&nbsp;<strong>cancer du poumon<\/strong>, un&nbsp;<strong>cancer de la pl\u00e8vre<\/strong>&nbsp;ou du&nbsp;<strong>p\u00e9ritoine<\/strong>. L\u2019amiante peut \u00e9galement provoquer l\u2019<strong>asbestose<\/strong>&nbsp;(une forme de&nbsp;<strong>pneumoconiose<\/strong>), ainsi que des&nbsp;<strong>fibroses<\/strong>&nbsp;et des&nbsp;<strong>inflammations<\/strong>&nbsp;de la pl\u00e8vre.<\/p>\n\n\n\n<p>En plus de ses effets sur la&nbsp;<strong>sant\u00e9<\/strong>, l\u2019amiante pr\u00e9sente un danger particulier en raison de la&nbsp;<strong>latence tr\u00e8s longue<\/strong>&nbsp;de ses maladies : les&nbsp;<strong>sympt\u00f4mes<\/strong>&nbsp;peuvent appara\u00eetre 20 \u00e0 40 ans apr\u00e8s l\u2019<strong>exposition<\/strong>, ce qui complique le&nbsp;<strong>diagnostic<\/strong>&nbsp;et retarde la <strong>prise en charge<\/strong>. Ce caract\u00e8re&nbsp;<strong>silencieux<\/strong>, associ\u00e9 \u00e0 l\u2019<strong>impossibilit\u00e9<\/strong>&nbsp;pour l\u2019organisme d\u2019<strong>\u00e9liminer<\/strong>&nbsp;naturellement les fibres inhal\u00e9es, explique pourquoi son utilisation est aujourd\u2019hui&nbsp;<strong>strictement interdite<\/strong>&nbsp;dans la&nbsp;<strong>construction<\/strong>&nbsp;en&nbsp;<strong>Belgique<\/strong>&nbsp;et dans de nombreux autres&nbsp;<strong>pays<\/strong>.<\/p>\n\n\n<div class='bobex-cta-block' style='\n            --button-bg-color: #e13c0e;\n            --button-text-color: #ffffff;\n            --banner-bg-color: #aad4e6;\n            --arrow-main-bg-color: #aad4e6;\n            --arrow-secondary-bg-color: #e5f2f7;\n            --banner-title-color: #10375e;\n            --arrow-title-color: #10375e;\n            --banner-text-color: #545454;\n            --arrow-text-color: #545454;         \n            --invert-range: 0deg;\n        '><a class='cta-button-rounded' href='#ppp'>Et si vous \u00e9liminiez le risque d\u2019amiante aujourd\u2019hui ?<\/a><\/div>\n\n\n<h2 class=\"wp-block-heading\"><span class=\"ez-toc-section\" id=\"Est-il_dangereux_de_vivre_dans_une_maison_avec_de_lamiante_dans_les_murs\"><\/span>Est-il dangereux de vivre dans une maison avec de l&rsquo;amiante dans les murs ? <span class=\"ez-toc-section-end\"><\/span><\/h2>\n\n\n\n<p>Inhaler des&nbsp;<strong>fibres d\u2019amiante<\/strong>&nbsp;ne provoque pas imm\u00e9diatement de&nbsp;<strong>maladies<\/strong>. Il peut s\u2019\u00e9couler de nombreuses&nbsp;<strong>ann\u00e9es<\/strong>, parfois plusieurs&nbsp;<strong>d\u00e9cennies<\/strong>, avant que les effets d\u2019une&nbsp;<strong>exposition<\/strong>&nbsp;ne se manifestent sous forme de&nbsp;<strong>pathologies<\/strong>. C\u2019est pourquoi il n\u2019est pas toujours facile de prouver qu\u2019une maladie est directement&nbsp;<strong>li\u00e9e \u00e0 l\u2019amiante<\/strong>.<\/p>\n\n\n\n<p>Seule l\u2019<strong>inhalation<\/strong>&nbsp;des fibres pr\u00e9sente un&nbsp;<strong>risque av\u00e9r\u00e9<\/strong>. Un&nbsp;<strong>contact<\/strong>&nbsp;avec la&nbsp;<strong>peau<\/strong>&nbsp;ou m\u00eame l\u2019<strong>ingestion<\/strong>&nbsp;de fibres d\u2019amiante ne serait pas consid\u00e9r\u00e9 comme&nbsp;<strong>dangereux<\/strong>. Toutefois, il est recommand\u00e9 d\u2019\u00e9viter toute ingestion et de&nbsp;<strong>laver soigneusement<\/strong>&nbsp;la peau apr\u00e8s tout contact avec de l\u2019amiante, afin d\u2019emp\u00eacher les fibres de se&nbsp;<strong>disperser dans l\u2019air<\/strong>&nbsp;et d\u2019\u00eatre&nbsp;<strong>inhal\u00e9es<\/strong>.<\/p>\n\n\n\n<p>Vivre dans une&nbsp;<strong>maison<\/strong>&nbsp;contenant de l\u2019amiante n\u2019est pas forc\u00e9ment&nbsp;<strong>dangereux<\/strong>&nbsp;si le&nbsp;<strong>mat\u00e9riau<\/strong>&nbsp;est en&nbsp;<strong>bon \u00e9tat<\/strong>&nbsp;et qu\u2019il n\u2019est pas&nbsp;<strong>manipul\u00e9<\/strong>. Tant que les fibres restent&nbsp;<strong>solidement fix\u00e9es<\/strong>&nbsp;et ne sont pas&nbsp;<strong>lib\u00e9r\u00e9es<\/strong>&nbsp;dans l\u2019air, le&nbsp;<strong>risque<\/strong>&nbsp;est faible. En revanche, toute&nbsp;<strong>d\u00e9t\u00e9rioration<\/strong>,&nbsp;<strong>usure naturelle<\/strong>&nbsp;ou&nbsp;<strong>travaux<\/strong>&nbsp;susceptibles d\u2019<strong>endommager<\/strong>&nbsp;l\u2019amiante peuvent lib\u00e9rer des fibres <strong>invisibles<\/strong>&nbsp;et&nbsp;<strong>dangereuses<\/strong>. C\u2019est pourquoi il est essentiel de faire&nbsp;<strong>\u00e9valuer r\u00e9guli\u00e8rement<\/strong>&nbsp;l\u2019\u00e9tat des&nbsp;<strong>mat\u00e9riaux<\/strong>&nbsp;par un <strong>professionnel<\/strong>&nbsp;et, si n\u00e9cessaire, de pr\u00e9voir leur&nbsp;<strong>retrait s\u00e9curis\u00e9<\/strong>.<\/p>\n\n\n\n<h2 class=\"wp-block-heading\"><span class=\"ez-toc-section\" id=\"Quels_sont_les_risques_de_tomber_malade_a_cause_de_lamiante\"><\/span>Quels sont les risques de tomber malade \u00e0 cause de l\u2019amiante ? <span class=\"ez-toc-section-end\"><\/span><\/h2>\n\n\n\n<figure class=\"wp-block-image size-full\"><img decoding=\"async\" width=\"1024\" height=\"538\" src=\"https:\/\/www.bobex.be\/wp-uploads\/sites\/2\/Dechets-damiante-en-tas.jpg\" alt=\"D\u00e9chets d'amiante r\u00e9colt\u00e9s dans un parc\" class=\"wp-image-212292\" \/><\/figure>\n\n\n\n<p>Nous&nbsp;<strong>inhalons<\/strong>&nbsp;chaque jour de&nbsp;<strong>petites quantit\u00e9s<\/strong>&nbsp;de&nbsp;<strong>fibres d\u2019amiante<\/strong>&nbsp;pr\u00e9sentes dans l\u2019<strong>air<\/strong>. Cela, en soi, n\u2019est pas <strong>dangereux<\/strong>. M\u00eame&nbsp;<strong>respirer<\/strong>&nbsp;une&nbsp;<strong>grande quantit\u00e9<\/strong>&nbsp;d\u2019<strong>amiante<\/strong>&nbsp;de mani\u00e8re&nbsp;<strong>ponctuelle<\/strong>&nbsp;n\u2019est g\u00e9n\u00e9ralement pas une raison de <strong>paniquer<\/strong>. Le&nbsp;<strong>risque<\/strong>&nbsp;d\u00e9pend surtout de la&nbsp;<strong>quantit\u00e9 totale<\/strong>&nbsp;de&nbsp;<strong>fibres inhal\u00e9es<\/strong>&nbsp;tout au long de la&nbsp;<strong>vie<\/strong>. Plusieurs <strong>facteurs<\/strong>influencent la&nbsp;<strong>probabilit\u00e9<\/strong>&nbsp;de&nbsp;<strong>d\u00e9velopper<\/strong>&nbsp;une&nbsp;<strong>maladie<\/strong>&nbsp;li\u00e9e \u00e0 l\u2019<strong>amiante<\/strong>. :<\/p>\n\n\n\n<ul class=\"wp-block-list\">\n<li><strong>La quantit\u00e9<\/strong>&nbsp;de fibres inhal\u00e9es.<\/li>\n\n\n\n<li><strong>La fr\u00e9quence<\/strong>&nbsp;d\u2019exposition.<\/li>\n\n\n\n<li><strong>La pr\u00e9disposition g\u00e9n\u00e9tique<\/strong>.<\/li>\n\n\n\n<li><strong>L\u2019\u00e9tat de sant\u00e9 g\u00e9n\u00e9ral<\/strong>.<\/li>\n\n\n\n<li><strong>Le tabagisme<\/strong>.<\/li>\n<\/ul>\n\n\n\n<p>Les&nbsp;<strong>pathologies<\/strong>&nbsp;associ\u00e9es \u00e0 l\u2019<strong>amiante<\/strong>&nbsp;sont principalement&nbsp;<strong>diagnostiqu\u00e9es<\/strong>&nbsp;chez des&nbsp;<strong>personnes<\/strong>&nbsp;exer\u00e7ant ou ayant exerc\u00e9 des&nbsp;<strong>m\u00e9tiers \u00e0 forte exposition<\/strong>, comme les&nbsp;<strong>ouvriers du b\u00e2timent<\/strong>, les&nbsp;<strong>m\u00e9caniciens automobiles<\/strong>, les&nbsp;<strong>travailleurs<\/strong>&nbsp;de la&nbsp;<strong>construction navale<\/strong>&nbsp;ou les&nbsp;<strong>menuisiers<\/strong>.<\/p>\n\n\n\n<p>Il peut s\u2019\u00e9couler jusqu\u2019\u00e0&nbsp;<strong>40 ans<\/strong>&nbsp;avant qu\u2019une&nbsp;<strong>maladie<\/strong>&nbsp;li\u00e9e \u00e0 l\u2019<strong>amiante<\/strong>&nbsp;ne se&nbsp;<strong>manifeste<\/strong>. \u00c9tant donn\u00e9 que les&nbsp;<strong>mesures de s\u00e9curit\u00e9<\/strong>&nbsp;actuelles concernant la&nbsp;<strong>manipulation<\/strong>&nbsp;de l\u2019<strong>amiante<\/strong>&nbsp;n\u2019ont \u00e9t\u00e9 mises en place qu\u2019\u00e0 partir de&nbsp;<strong>2001<\/strong>, les&nbsp;<strong>cas recens\u00e9s<\/strong>concernent surtout des&nbsp;<strong>personnes expos\u00e9es<\/strong>&nbsp;par le&nbsp;<strong>pass\u00e9<\/strong>, souvent dans des&nbsp;<strong>conditions<\/strong>&nbsp;sans&nbsp;<strong>pr\u00e9caution<\/strong>, ce qui entra\u00eenait l\u2019<strong>inhalation r\u00e9guli\u00e8re<\/strong>&nbsp;de&nbsp;<strong>grandes quantit\u00e9s<\/strong>&nbsp;de&nbsp;<strong>fibres<\/strong>.<\/p>\n\n\n\n<h2 class=\"wp-block-heading\"><span class=\"ez-toc-section\" id=\"Quels_sont_les_premiers_symptomes_lies_a_lexposition_courte_a_lamiante\"><\/span>Quels sont les premiers sympt\u00f4mes li\u00e9s \u00e0 l&rsquo;exposition courte \u00e0 l&rsquo;amiante ?<span class=\"ez-toc-section-end\"><\/span><\/h2>\n\n\n\n<figure class=\"wp-block-image size-full\"><img decoding=\"async\" width=\"1200\" height=\"630\" src=\"https:\/\/www.bobex.be\/wp-uploads\/sites\/2\/Poumon-atteint-de-bacterie-a-cause-de-lamiante.jpg\" alt=\"Paumon infect\u00e9 \u00e0 cause de l'amiante\" class=\"wp-image-212298\" \/><\/figure>\n\n\n\n<p>Les premiers sympt\u00f4mes possibles d\u2019une exposition \u00e0 l\u2019amiante apparaissent souvent apr\u00e8s plusieurs ann\u00e9es et peuvent inclure :<\/p>\n\n\n\n<ul class=\"wp-block-list\">\n<li><strong>Toux persistante<\/strong><\/li>\n\n\n\n<li><strong>Essoufflement inhabituel<\/strong><\/li>\n\n\n\n<li><strong>Douleur ou oppression thoracique<\/strong><\/li>\n\n\n\n<li><strong>Sifflements respiratoires<\/strong><\/li>\n\n\n\n<li><strong>Fatigue inexpliqu\u00e9e<\/strong><\/li>\n<\/ul>\n\n\n\n<p>Dans certains cas, des&nbsp;<strong>inflammations et \u00e9paississement de la pl\u00e8vre<\/strong>&nbsp;ou de l\u00e9gers troubles respiratoires peuvent survenir plus t\u00f4t, surtout si les personnes victimes de l&rsquo;amiante sont d\u00e9j\u00e0 fragiles ou souffrent d\u2019une maladie pulmonaire pr\u00e9existante. Ces signes ne sont pas sp\u00e9cifiques \u00e0 l\u2019amiante, mais en cas d\u2019ant\u00e9c\u00e9dents d\u2019exposition, m\u00eame de courte dur\u00e9e, ils justifient une&nbsp;<strong>consultation m\u00e9dicale rapide<\/strong>&nbsp;et, si n\u00e9cessaire, un&nbsp;<strong>suivi respiratoire r\u00e9gulier<\/strong>.<\/p>\n\n\n\n                <div class='bobex-cta-block' style='\n            --button-bg-color: #e13c0e;\n            --button-text-color: #ffffff;\n            --banner-bg-color: #aad4e6;\n            --arrow-main-bg-color: #aad4e6;\n            --arrow-secondary-bg-color: #e5f2f7;\n            --banner-title-color: #10375e;\n            --arrow-title-color: #10375e;\n            --banner-text-color: #545454;\n            --arrow-text-color: #545454;         \n            --invert-range: 0deg;\n        '>\n                    <div class='cta-arrow-text d-flex d-lg-none'>\n                        <a class='cta-button-rounded' href='#ppp'>Demander un devis<\/a>\n                    <\/div>\n                    <div class='d-none d-lg-flex flex-no-wrap'>\n                        <div class=\"col-7 cta-arrow-text d-flex text-color\">\n                            <div class=\"m-auto\">\n                                <div class=\"h3\">Faites v\u00e9rifier la pr\u00e9sence d\u2019amiante avant qu\u2019il ne soit trop tard<\/div>\n                                <div class='text-color'>Demandez vos devis ici !<\/div>\n                            <\/div>\n                        <\/div>\n                        <div class='cta-arrow-link col-5'>\n                            <a class='cta-button-rounded' href=\"#ppp\">Demander un devis<\/a>\n                        <\/div>\n                    <\/div>\n                <\/div>\n\n\n<h2 class=\"wp-block-heading\"><span class=\"ez-toc-section\" id=\"Comment_les_fibres_damiante_se_liberent-elles\"><\/span>Comment les fibres d\u2019amiante se lib\u00e8rent-elles ? <span class=\"ez-toc-section-end\"><\/span><\/h2>\n\n\n\n<p>L\u2019amiante peut se lib\u00e9rer de diff\u00e9rentes mani\u00e8res :<\/p>\n\n\n\n<ul class=\"wp-block-list\">\n<li><strong>Travaux sur des mat\u00e9riaux contenant de l\u2019amiante<\/strong>.<\/li>\n\n\n\n<li><strong>D\u00e9molition<\/strong>&nbsp;de b\u00e2timents renfermant de tels mat\u00e9riaux.<\/li>\n\n\n\n<li><strong>Retrait<\/strong>&nbsp;d\u2019\u00e9l\u00e9ments amiant\u00e9s.<\/li>\n\n\n\n<li><strong>Incendie<\/strong>&nbsp;ou br\u00fblage de mat\u00e9riaux contenant de l\u2019amiante.<\/li>\n<\/ul>\n\n\n\n<p>Comme vous le voyez, <strong>l\u2019amiante<\/strong> ne se lib\u00e8re pas uniquement lors de son retrait. C\u2019est pourquoi il est recommand\u00e9 de faire enlever pr\u00e9ventivement les mat\u00e9riaux amiant\u00e9s, afin d\u2019\u00e9viter que des <strong>fibres<\/strong> ne se dispersent accidentellement lors de travaux de construction ou de d\u00e9molition, ou en cas <strong>d\u2019incendie<\/strong>. Si vous devez retirer de <strong>l\u2019amiante<\/strong>, faites toujours appel \u00e0  une <a href=\"https:\/\/www.bobex.be\/fr-be\/enlevement-de-lamiante\/societe-desamiantage\/\" target=\"_blank\" rel=\"noreferrer noopener\">soci\u00e9t\u00e9 de d\u00e9samiantage<\/a> qui travaille avec des <strong>d\u00e9samianteurs agr\u00e9\u00e9s<\/strong>.<\/p>\n\n\n\n<h3 class=\"wp-block-heading\"><span class=\"ez-toc-section\" id=\"Ou_trouve-t-on_de_lamiante_dans_un_appartement\"><\/span>O\u00f9 trouve-t-on de l\u2019amiante dans un appartement ?<span class=\"ez-toc-section-end\"><\/span><\/h3>\n\n\n\n<p>Tant que les&nbsp;<strong>fibres d\u2019amiante<\/strong>&nbsp;ne sont pas&nbsp;<strong>lib\u00e9r\u00e9es<\/strong>, l\u2019<strong>amiante<\/strong>&nbsp;n\u2019est th\u00e9oriquement pas&nbsp;<strong>dangereuse<\/strong>. Le probl\u00e8me est qu\u2019il est&nbsp;<strong>impossible<\/strong>&nbsp;de d\u00e9terminer \u00e0 l\u2019<strong>\u0153il nu<\/strong>&nbsp;si ces&nbsp;<strong>particules microscopiques<\/strong>&nbsp;sont pr\u00e9sentes dans l\u2019<strong>air<\/strong>.<\/p>\n\n\n\n<p>Le&nbsp;<strong>risque d\u2019inhalation<\/strong>&nbsp;est particuli\u00e8rement&nbsp;<strong>\u00e9lev\u00e9<\/strong>&nbsp;avec les&nbsp;<strong>mat\u00e9riaux<\/strong>&nbsp;contenant de l\u2019<strong>amiante non li\u00e9<\/strong>, c\u2019est-\u00e0-dire lorsque les&nbsp;<strong>fibres<\/strong>&nbsp;ne sont pas&nbsp;<strong>fix\u00e9es<\/strong>&nbsp;dans la&nbsp;<strong>matrice<\/strong>&nbsp;du&nbsp;<strong>mat\u00e9riau<\/strong>&nbsp;et peuvent donc se&nbsp;<strong>lib\u00e9rer facilement<\/strong>. On retrouve ce type d\u2019<strong>amiante<\/strong>&nbsp;surtout dans les&nbsp;<strong>isolations projet\u00e9es<\/strong>&nbsp;(<em>flocages<\/em>), les&nbsp;<strong>anciens carreaux en vinyle<\/strong>, les&nbsp;<strong>cordons en amiante<\/strong>et certains&nbsp;<strong>emballages<\/strong>.<\/p>\n\n\n\n<p>L\u2019<strong>amiante li\u00e9<\/strong>&nbsp;(o\u00f9 les&nbsp;<strong>fibres<\/strong>&nbsp;sont&nbsp;<strong>int\u00e9gr\u00e9es<\/strong>&nbsp;dans un&nbsp;<strong>mat\u00e9riau solide<\/strong>&nbsp;comme le&nbsp;<strong>ciment<\/strong>&nbsp;ou le&nbsp;<strong>plastique<\/strong>) a \u00e9t\u00e9 utilis\u00e9 de <strong>nombreuses fa\u00e7ons<\/strong>. On le retrouve notamment dans les&nbsp;<strong>plaques ondul\u00e9es<\/strong>, les&nbsp;<strong>toitures<\/strong>, les&nbsp;<strong>rev\u00eatements de sol<\/strong>&nbsp;ou encore l\u2019<strong>imitation marbre<\/strong>. Depuis&nbsp;<strong>1998<\/strong>, la&nbsp;<strong>production<\/strong>&nbsp;de ces&nbsp;<strong>mat\u00e9riaux<\/strong>&nbsp;est&nbsp;<strong>interdite<\/strong>, et depuis&nbsp;<strong>2001<\/strong>, ils ne sont plus utilis\u00e9s dans la&nbsp;<strong>construction<\/strong>. Pour savoir avec&nbsp;<strong>certitude<\/strong>&nbsp;si un&nbsp;<strong>mat\u00e9riau<\/strong>&nbsp;contient ou non de l\u2019<strong>amiante<\/strong>, il est n\u00e9cessaire de faire appel \u00e0 un&nbsp;<strong>expert agr\u00e9\u00e9<\/strong>&nbsp;ou \u00e0 un&nbsp;<strong>bureau d\u2019inventaire d\u2019amiante<\/strong>.<\/p>\n\n\n\n<h3 class=\"wp-block-heading\"><span class=\"ez-toc-section\" id=\"Combien_de_temps_lamiante_reste-t-il_en_suspension_dans_lair_exterieur_Et_apres_son_retrait\"><\/span>Combien de temps l\u2019amiante reste-t-il en suspension dans l\u2019air ext\u00e9rieur ? Et apr\u00e8s son retrait ?<span class=\"ez-toc-section-end\"><\/span><\/h3>\n\n\n\n<p>L\u2019<strong>amiante<\/strong>&nbsp;peut rester en&nbsp;<strong>suspension<\/strong>&nbsp;dans l\u2019<strong>air<\/strong>&nbsp;pendant des&nbsp;<strong>semaines<\/strong>, des&nbsp;<strong>mois<\/strong>, voire des&nbsp;<strong>ann\u00e9es<\/strong>. C\u2019est pr\u00e9cis\u00e9ment pour cette raison qu\u2019il faut&nbsp;<strong>confier<\/strong>&nbsp;son&nbsp;<strong>retrait<\/strong>&nbsp;\u00e0 un&nbsp;<strong>professionnel<\/strong>. Celui-ci utilise des&nbsp;<strong>techniques adapt\u00e9es<\/strong>, notamment des&nbsp;<strong>mesures<\/strong>&nbsp;de la&nbsp;<strong>qualit\u00e9 de l\u2019air<\/strong>&nbsp;afin de&nbsp;<strong>limiter<\/strong>&nbsp;au maximum la&nbsp;<strong>lib\u00e9ration<\/strong>&nbsp;de&nbsp;<strong>fibres<\/strong>&nbsp;lors de l\u2019<strong>op\u00e9ration<\/strong>.<\/p>\n\n\n\n<h3 class=\"wp-block-heading\"><span class=\"ez-toc-section\" id=\"Jusquou_peuvent_se_disperser_les_fibres_damiante\"><\/span>Jusqu\u2019o\u00f9 peuvent se disperser les fibres d\u2019amiante ?<span class=\"ez-toc-section-end\"><\/span><\/h3>\n\n\n\n<p>Les <strong>fibres d\u2019amiante<\/strong> peuvent, par exemple lors d\u2019un incendie, se disperser jusqu\u2019\u00e0&nbsp;<strong>500 m\u00e8tres<\/strong>. Faire retirer l\u2019amiante par un professionnel permet donc de <strong>prot\u00e9ger<\/strong> non seulement votre sant\u00e9, mais aussi celle des personnes autour de vous.<\/p>\n\n\n\n<h2 class=\"wp-block-heading\"><span class=\"ez-toc-section\" id=\"Les_maladies_liees_a_lamiante_peuvent-elles_etre_soignees\"><\/span>Les maladies li\u00e9es \u00e0 l\u2019amiante peuvent-elles \u00eatre soign\u00e9es ?<span class=\"ez-toc-section-end\"><\/span><\/h2>\n\n\n\n<p>L\u2019<strong>amiante<\/strong>&nbsp;ne peut pas se&nbsp;<strong>\u00ab soigner \u00bb<\/strong>&nbsp;ni&nbsp;<strong>dispara\u00eetre naturellement<\/strong>, car il s\u2019agit d\u2019un&nbsp;<strong>min\u00e9ral<\/strong>&nbsp;tr\u00e8s&nbsp;<strong>r\u00e9sistant<\/strong>&nbsp;qui ne se<strong> d\u00e9compose<\/strong>&nbsp;pas avec le&nbsp;<strong>temps<\/strong>. Une fois pr\u00e9sent dans un&nbsp;<strong>mat\u00e9riau<\/strong>, il conserve ses&nbsp;<strong>propri\u00e9t\u00e9s dangereuses<\/strong>&nbsp;pendant des <strong>d\u00e9cennies<\/strong>, voire des&nbsp;<strong>si\u00e8cles<\/strong>. Il n\u2019existe pas de&nbsp;<strong>produit<\/strong>&nbsp;ou de&nbsp;<strong>traitement<\/strong>&nbsp;capable de le rendre&nbsp;<strong>inoffensif<\/strong>&nbsp;sur place : pour <strong>supprimer<\/strong>&nbsp;le&nbsp;<strong>risque<\/strong>, il faut l\u2019<strong>\u00e9liminer<\/strong>&nbsp;ou le&nbsp;<strong>rendre inaccessible<\/strong>&nbsp;afin qu\u2019<strong>aucune fibre<\/strong>&nbsp;ne puisse se&nbsp;<strong>lib\u00e9rer<\/strong>&nbsp;dans l\u2019<strong>air<\/strong>.<\/p>\n\n\n\n<h2 class=\"wp-block-heading\"><span class=\"ez-toc-section\" id=\"Quand_doit-on_enlever_de_lamiante\"><\/span>Quand doit-on enlever de l&rsquo;amiante ?<span class=\"ez-toc-section-end\"><\/span><\/h2>\n\n\n\n<p>On doit envisager un <a href=\"https:\/\/www.bobex.be\/fr-be\/enlevement-de-lamiante\/\" target=\"_blank\" rel=\"noreferrer noopener\">d\u00e9samiantage<\/a> dans plusieurs situations pr\u00e9cises :<\/p>\n\n\n\n<ul class=\"wp-block-list\">\n<li><strong>Mat\u00e9riau d\u00e9t\u00e9rior\u00e9 ou friable<\/strong>&nbsp;: fissures, \u00e9clats, usure, ou tout signe montrant que les fibres peuvent se lib\u00e9rer dans l\u2019air.<\/li>\n\n\n\n<li><strong>Travaux pr\u00e9vus<\/strong>&nbsp;: r\u00e9novation, agrandissement, per\u00e7age, pon\u00e7age, d\u00e9coupe ou d\u00e9molition susceptibles d\u2019endommager le mat\u00e9riau.<\/li>\n\n\n\n<li><strong>Obligation l\u00e9gale<\/strong>&nbsp;: dans certaines r\u00e9gions, la loi impose le retrait ou la gestion s\u00e9curis\u00e9e de l\u2019amiante, notamment lors de la vente ou de la transformation d\u2019un b\u00e2timent.<\/li>\n\n\n\n<li><strong>Localisation \u00e0 risque<\/strong>&nbsp;: zones soumises aux intemp\u00e9ries (toiture, bardage ext\u00e9rieur) ou \u00e0 des passages fr\u00e9quents, o\u00f9 l\u2019usure m\u00e9canique ou climatique augmente la lib\u00e9ration de fibres.<\/li>\n\n\n\n<li><strong>Pr\u00e9sence d\u2019amiante non li\u00e9 (friable)<\/strong>&nbsp;: comme dans les flocages, calorifugeages ou vieux rev\u00eatements de sol, o\u00f9 les fibres sont facilement lib\u00e9rables.<\/li>\n<\/ul>\n\n\n\n            <div class=\"bobex-lightblock-maindiv\" style=\"\n            --content-color:#5c5c5c;\n        \">\n                <div class=\"bobex-tip-light-block__icon-area\">\n                    <div class=\"bobex-tip-light-icon-container\">\n                        <img decoding=\"async\" src=\"https:\/\/www.bobex.be\/fr-be\/wp-content\/plugins\/bobex-blocks\/img\/advice.png \" alt=\"advice-icon\" class=\"bobex-tip-light-block__tipsBlueLogo\"\/>\n                    <\/div>\n                <\/div>\n                <div class=\"bobex-tip-light-block__content-area\">\n                    <p class=\"bobex-block-tips-content\"><\/p>\n                    <div>\n<div class=\"wp-block-bobex-advice-light\">\n<p>Si l\u2019amiante est en bon \u00e9tat, solidement fix\u00e9 et non expos\u00e9 \u00e0 des contraintes m\u00e9caniques, il peut parfois rester en place, \u00e0 condition d\u2019\u00eatre&nbsp;<strong>inspect\u00e9 r\u00e9guli\u00e8rement<\/strong>&nbsp;par un professionnel et de ne pas y toucher. Cependant, le retrait pr\u00e9ventif reste la solution la plus s\u00fbre pour \u00e9liminer tout risque futur.<\/p>\n<\/div>\n<\/div>\n                <\/div>\n            <\/div>\n        \n\n\n<h2 class=\"wp-block-heading\"><span class=\"ez-toc-section\" id=\"Comment_eliminer_la_poussiere_damiante\"><\/span>Comment \u00e9liminer la poussi\u00e8re d&rsquo;amiante ?<span class=\"ez-toc-section-end\"><\/span><\/h2>\n\n\n\n<figure class=\"wp-block-image size-full\"><img decoding=\"async\" width=\"1024\" height=\"538\" src=\"https:\/\/www.bobex.be\/wp-uploads\/sites\/2\/Toiture-en-amiante.jpg\" alt=\"Toiture en amiante \" class=\"wp-image-212295\" \/><\/figure>\n\n\n\n<p>L\u2019\u00e9limination de la poussi\u00e8re d\u2019amiante doit toujours \u00eatre effectu\u00e9e par un professionnel qualifi\u00e9, car elle pr\u00e9sente un risque grave pour la sant\u00e9. Voici les bonnes pratiques recommand\u00e9es :<\/p>\n\n\n\n<ul class=\"wp-block-list\">\n<li><strong>Ne jamais balayer, aspirer avec un aspirateur domestique ou souffler la poussi\u00e8re<\/strong>, car cela disperse les fibres dans l\u2019air.<\/li>\n\n\n\n<li><strong>Utiliser un aspirateur \u00e9quip\u00e9 d\u2019un filtre HEPA<\/strong>&nbsp;(sp\u00e9cial amiante) r\u00e9serv\u00e9 aux professionnels.<\/li>\n\n\n\n<li><strong>Humidifier l\u00e9g\u00e8rement la poussi\u00e8re<\/strong>&nbsp;avec un pulv\u00e9risateur d\u2019eau pour \u00e9viter qu\u2019elle ne se disperse.<\/li>\n\n\n\n<li><strong>Porter un \u00e9quipement de protection adapt\u00e9<\/strong>&nbsp;: masque respiratoire P3, gants, combinaison jetable.<\/li>\n\n\n\n<li><strong>Ramasser avec des lingettes humides<\/strong>&nbsp;ou un chiffon jetable, puis placer les d\u00e9chets dans un sac homologu\u00e9 pour d\u00e9chets amiant\u00e9s.<\/li>\n\n\n\n<li><strong>\u00c9vacuer les d\u00e9chets<\/strong> dans un <a href=\"https:\/\/www.bobex.be\/fr-be\/enlevement-de-lamiante\/recyparc-amiante\/\" target=\"_blank\" rel=\"noreferrer noopener\">recyparc pour amiante <\/a>ou&nbsp;vers un centre agr\u00e9\u00e9 pour le traitement de l\u2019amiante.<\/li>\n<\/ul>\n\n\n\n<p>M\u00eame pour une petite quantit\u00e9 de poussi\u00e8re, il est fortement conseill\u00e9 de&nbsp;<strong>faire appel \u00e0 un d\u00e9samianteur agr\u00e9\u00e9<\/strong>, car l\u2019inhalation de fibres peut avoir des effets irr\u00e9versibles.<\/p>\n\n\n\n                <div class='bobex-cta-block' style='\n            --button-bg-color: #e13c0e;\n            --button-text-color: #ffffff;\n            --banner-bg-color: #aad4e6;\n            --arrow-main-bg-color: #aad4e6;\n            --arrow-secondary-bg-color: #e5f2f7;\n            --banner-title-color: #10375e;\n            --arrow-title-color: #10375e;\n            --banner-text-color: #545454;\n            --arrow-text-color: #545454;         \n            --invert-range: 0deg;\n        '>\n                    <div class='cta-banner'>\n                        <div class='h3'>Prot\u00e9gez votre sant\u00e9 et celle de votre famille<\/div>\n                        <div class='text-color'>Alors remplissez rapidement ce formulaire. C&rsquo;est totalement gratuit et sans engagement !<\/div>\n                        <span>\n                            <img src='https:\/\/www.bobex.be\/wp-uploads\/sites\/2\/arrow-cta-box.png' alt='arrow' class='img-color'\/>\n                            <a class='cta-button-rounded' href=\"#ppp\">Demander un devis<\/a>\n                        <\/span>   \n                    <\/div>\n                <\/div>\n\n\n<h2 class=\"wp-block-heading\"><span class=\"ez-toc-section\" id=\"Quel_est_le_prix_pour_enlever_de_lamiante\"><\/span>Quel est le prix pour enlever de l&rsquo;amiante ?<span class=\"ez-toc-section-end\"><\/span><\/h2>\n\n\n\n<p>En\u00a0<strong>Belgique<\/strong>, le\u00a0<strong>co\u00fbt<\/strong>\u00a0pour\u00a0<strong>enlever<\/strong>\u00a0de l\u2019<strong>amiante<\/strong>\u00a0en\u00a02026 varie selon la\u00a0<strong>surface<\/strong>\u00a0et la\u00a0<strong>complexit\u00e9<\/strong>\u00a0des\u00a0<strong>travaux<\/strong>. En moyenne, une\u00a0<strong>intervention r\u00e9sidentielle standard<\/strong>\u00a0se situe autour de\u00a0<strong>1.800 \u20ac<\/strong>, mais le\u00a0<a href=\"https:\/\/www.bobex.be\/fr-be\/enlevement-de-lamiante\/prix-desamiantage\/\" target=\"_blank\" rel=\"noreferrer noopener\"><strong>prix<\/strong> du d\u00e9samiantage<\/a>\u00a0peut \u00eatre plus\u00a0<strong>bas<\/strong>\u00a0ou nettement plus <strong>\u00e9lev\u00e9<\/strong>\u00a0selon le\u00a0<strong>type de mat\u00e9riau<\/strong>, l\u2019<strong>accessibilit\u00e9<\/strong>\u00a0et la\u00a0<strong>quantit\u00e9<\/strong>\u00a0\u00e0\u00a0<strong>traiter<\/strong>.<\/p>\n\n\n\n<h2 class=\"wp-block-heading\"><span class=\"ez-toc-section\" id=\"Contactez_un_desamianteur_pour_obtenir_des_informations_personnalisees\"><\/span>Contactez un d\u00e9samianteur pour obtenir des informations personnalis\u00e9es.<span class=\"ez-toc-section-end\"><\/span><\/h2>\n\n\n\n<p>L\u2019<strong>exposition<\/strong>&nbsp;\u00e0 l\u2019<strong>amiante<\/strong>&nbsp;peut provoquer de nombreuses&nbsp;<strong>maladies graves<\/strong>. C\u2019est pourquoi il est&nbsp;<strong>essentiel<\/strong>&nbsp;de&nbsp;<strong>confier<\/strong>&nbsp;le<strong> retrait<\/strong>&nbsp;de l\u2019<strong>amiante<\/strong>, l\u2019<strong>\u00e9vacuation<\/strong>&nbsp;des&nbsp;<strong>d\u00e9chets amiant\u00e9s<\/strong>&nbsp;et m\u00eame les&nbsp;<strong>tests de d\u00e9tection<\/strong>&nbsp;\u00e0 un&nbsp;<strong>professionnel<\/strong>. Celui-ci pourra&nbsp;<strong>d\u00e9terminer<\/strong>&nbsp;si un&nbsp;<strong>mat\u00e9riau<\/strong>&nbsp;contient de l\u2019<strong>amiante<\/strong>&nbsp;et s\u2019<strong>assurera<\/strong>&nbsp;qu\u2019il soit&nbsp;<strong>retir\u00e9<\/strong>&nbsp;et&nbsp;<strong>\u00e9limin\u00e9<\/strong>&nbsp;de mani\u00e8re&nbsp;<strong>s\u00e9curis\u00e9e<\/strong>.<\/p>\n\n\n\n<p>Vous souhaitez r\u00e9aliser un&nbsp;<strong>inventaire amiante<\/strong>&nbsp;ou recherchez un&nbsp;<strong>d\u00e9samianteur<\/strong>&nbsp;? Remplissez simplement le formulaire ci-dessous. Vous recevrez gratuitement et sans aucun engagement des conseils personnalis\u00e9s et des devis adapt\u00e9s \u00e0 votre situation. Vous trouverez ainsi rapidement et facilement une solution s\u00fbre.<\/p>\n\n\n<div id=\"ppp\" class=\"bob-form-wrapper\" data-ajax_url=\"https:\/\/www.bobex.be\/fr-be\/wp-admin\/admin-ajax.php\" data-fa_a=\"\" data-fa_b=\"\"><div class=\"loader\" aria-hidden=\"true\"><\/div>    <div>\n        <div class=\"row mx-auto mb-2\" style=\"max-width: 900px;\">\n            <div class=\"col-md-4\"><i class=\"mr-1 fas fa-check\" style=\"color:green;\"><\/i>Devis gratuits et rapides<\/div>\n            <div class=\"col-md-4\"><i class=\"mr-1 fas fa-check\" style=\"color:green;\"><\/i>Sans engagement et obligation<\/div>\n            <div class=\"col-md-4\"><i class=\"mr-1 fas fa-check\" style=\"color:green;\"><\/i>Professionnels agr\u00e9\u00e9s<\/div>\n        <\/div>\n    <\/div><div id=\"form-69f225b8b5529\" class=\"bob-form-container\" style=\"background-color: white; font-family: Roboto, sans-serif !important; font-size: 16px !important; color: #545454; box-shadow: 0 2px 10px rgba(0,0,0,0.1); --font_title: Poppins; --font_size_title: 20px; --title_bg_color: #175da6; --copyright_color: #fde8e1; --box_upload_color: #e5f2f7; padding:unset;\" data-form-type=\"inline\" data-form-id=\"69f225b8b5529\"><style>#form-69f225b8b5529 .bob-form-inline-question.even {\n  background-color: #e5f2f7;\n}\n#form-69f225b8b5529 .single_multiple.multiple_button {\n  background-color: #e5f2f7 !important;\n}\n#form-69f225b8b5529 .bob-form-inline-question--hidden {\n  display: none;\n}<\/style><div class=\"form-questions\"><form id=\"bob-form\" class=\"bob-form bob-form-tag\" method=\"post\" action=\"https:\/\/www.bobex.be\/fr-be\/wp-admin\/admin-ajax.php?action=bobex-form-validation\">    <div class=\"form-title\">\n        Formulez votre demande\n        <div class=\"form-title-info-line\">\n            R\u00e9pondez \u00e0 quelques questions et entrez en contact avec des sp\u00e9cialistes fiables. Nous vous demandons vos coordonn\u00e9es afin de s\u00e9lectionner les professionnels actifs dans votre r\u00e9gion.\n        <\/div>\n    <\/div><div class=\"form-questions bob-form-inline-question\"><div class=\"row\"><div class=\"question col-md-4\"><label>1*. De quel type de b\u00e2timent s&rsquo;agit-il ?<\/label><\/div><div class=\"answer col-md-8\"><div class=\"bob-form-radio d-flex\"><input type=\"radio\" class=\"inline-radio\" id=\"69f225b8b5529-input-0-1\" data-unique-id=\"69f225b8b5529\" name=\"XML_extra_radio2\" value=\"1\"  required=\"required\"><label for=\"69f225b8b5529-input-0-1\">Maison individuelle<\/label><\/div><div class=\"bob-form-radio d-flex\"><input type=\"radio\" class=\"inline-radio\" id=\"69f225b8b5529-input-0-2\" data-unique-id=\"69f225b8b5529\" name=\"XML_extra_radio2\" value=\"2\"  required=\"required\"><label for=\"69f225b8b5529-input-0-2\">Maison jumel\u00e9e \/ 3 fa\u00e7ades<\/label><\/div><div class=\"bob-form-radio d-flex\"><input type=\"radio\" class=\"inline-radio\" id=\"69f225b8b5529-input-0-3\" data-unique-id=\"69f225b8b5529\" name=\"XML_extra_radio2\" value=\"3\"  required=\"required\"><label for=\"69f225b8b5529-input-0-3\">Maison mitoyenne \/ 2 fa\u00e7ades<\/label><\/div><div class=\"bob-form-radio d-flex\"><input type=\"radio\" class=\"inline-radio\" id=\"69f225b8b5529-input-0-4\" data-unique-id=\"69f225b8b5529\" name=\"XML_extra_radio2\" value=\"4\"  required=\"required\"><label for=\"69f225b8b5529-input-0-4\">Appartement<\/label><\/div><div class=\"bob-form-radio d-flex\"><input type=\"radio\" class=\"inline-radio\" id=\"69f225b8b5529-input-0-5\" data-unique-id=\"69f225b8b5529\" name=\"XML_extra_radio2\" value=\"5\"  required=\"required\"><label for=\"69f225b8b5529-input-0-5\">Immeuble commercial ou bureau<\/label><\/div><div class=\"bob-form-radio d-flex\"><input type=\"radio\" class=\"inline-radio\" id=\"69f225b8b5529-input-0-6\" data-unique-id=\"69f225b8b5529\" name=\"XML_extra_radio2\" value=\"6\"  required=\"required\"><label for=\"69f225b8b5529-input-0-6\">Autre<\/label><\/div><\/div><\/div><\/div><div class=\"form-questions bob-form-inline-question even\"><div class=\"row\"><div class=\"question col-md-4\"><label>2*. O\u00f9 se situe l&#039;amiante dans le b\u00e2timent ?<\/label><\/div><div class=\"answer col-md-8\"><div class=\"bob-form-checkbox d-flex\"><input type=\"checkbox\" class=\"inline-checkbox bob-form-input\" id=\"69f225b8b5529-input-1-1\" data-unique-id=\"69f225b8b5529\" name=\"XML_extra_check[]\" value=\"1\"  required=\"required\" onclick=\"checkboxTurnChecked(this)\"><label for=\"69f225b8b5529-input-1-1\">Toiture (tuiles, ardoises, fibrociment)<\/label><\/div><div class=\"bob-form-checkbox d-flex\"><input type=\"checkbox\" class=\"inline-checkbox bob-form-input\" id=\"69f225b8b5529-input-1-2\" data-unique-id=\"69f225b8b5529\" name=\"XML_extra_check[]\" value=\"2\"  required=\"required\" onclick=\"checkboxTurnChecked(this)\"><label for=\"69f225b8b5529-input-1-2\">Isolation des murs ou plafonds<\/label><\/div><div class=\"bob-form-checkbox d-flex\"><input type=\"checkbox\" class=\"inline-checkbox bob-form-input\" id=\"69f225b8b5529-input-1-3\" data-unique-id=\"69f225b8b5529\" name=\"XML_extra_check[]\" value=\"3\"  required=\"required\" onclick=\"checkboxTurnChecked(this)\"><label for=\"69f225b8b5529-input-1-3\">Sols<\/label><\/div><div class=\"bob-form-checkbox d-flex\"><input type=\"checkbox\" class=\"inline-checkbox bob-form-input\" id=\"69f225b8b5529-input-1-4\" data-unique-id=\"69f225b8b5529\" name=\"XML_extra_check[]\" value=\"4\"  required=\"required\" onclick=\"checkboxTurnChecked(this)\"><label for=\"69f225b8b5529-input-1-4\">Tuyauteries (gaines, calorifugeage)<\/label><\/div><div class=\"bob-form-checkbox d-flex\"><input type=\"checkbox\" class=\"inline-checkbox bob-form-input\" id=\"69f225b8b5529-input-1-5\" data-unique-id=\"69f225b8b5529\" name=\"XML_extra_check[]\" value=\"5\"  required=\"required\" onclick=\"checkboxTurnChecked(this)\"><label for=\"69f225b8b5529-input-1-5\">Enduits, cr\u00e9pis ou peintures<\/label><\/div><div class=\"bob-form-checkbox d-flex\"><input type=\"checkbox\" class=\"inline-checkbox bob-form-input\" id=\"69f225b8b5529-input-1-6\" data-unique-id=\"69f225b8b5529\" name=\"XML_extra_check[]\" value=\"6\"  required=\"required\" onclick=\"checkboxTurnChecked(this)\"><label for=\"69f225b8b5529-input-1-6\">Cloisons ou faux plafonds<\/label><\/div><div class=\"bob-form-checkbox d-flex\"><input type=\"checkbox\" class=\"inline-checkbox bob-form-input\" id=\"69f225b8b5529-input-1-7\" data-unique-id=\"69f225b8b5529\" name=\"XML_extra_check[]\" value=\"7\"  required=\"required\" onclick=\"checkboxTurnChecked(this)\"><label for=\"69f225b8b5529-input-1-7\">Autre (\u00e0 pr\u00e9ciser)<\/label><\/div><\/div><\/div><\/div><div class=\"form-questions bob-form-inline-question\"><div class=\"row\"><div class=\"question col-md-4\"><label>3*. Quelle est l&rsquo;ann\u00e9e de construction du b\u00e2timent ?<\/label><\/div><div class=\"answer col-md-8\"><div class=\"bob-form-radio d-flex\"><input type=\"radio\" class=\"inline-radio\" id=\"69f225b8b5529-input-2-1\" data-unique-id=\"69f225b8b5529\" name=\"XML_extra_radio3\" value=\"1\"  required=\"required\"><label for=\"69f225b8b5529-input-2-1\">Avant 1945<\/label><\/div><div class=\"bob-form-radio d-flex\"><input type=\"radio\" class=\"inline-radio\" id=\"69f225b8b5529-input-2-2\" data-unique-id=\"69f225b8b5529\" name=\"XML_extra_radio3\" value=\"2\"  required=\"required\"><label for=\"69f225b8b5529-input-2-2\">1945-1998 (la plupart des cas)<\/label><\/div><div class=\"bob-form-radio d-flex\"><input type=\"radio\" class=\"inline-radio\" id=\"69f225b8b5529-input-2-3\" data-unique-id=\"69f225b8b5529\" name=\"XML_extra_radio3\" value=\"3\"  required=\"required\"><label for=\"69f225b8b5529-input-2-3\">Apr\u00e8s 1998<\/label><\/div><\/div><\/div><\/div><div class=\"form-questions bob-form-inline-question even\"><div class=\"row\"><div class=\"question col-md-4\"><label>4*. Quand souhaitez-vous ce service ?<\/label><\/div><div class=\"answer col-md-8\"><div class=\"bob-form-radio d-flex\"><input type=\"radio\" class=\"inline-radio\" id=\"69f225b8b5529-input-3-1\" data-unique-id=\"69f225b8b5529\" name=\"XML_extra_radio4\" value=\"1\"  required=\"required\"><label for=\"69f225b8b5529-input-3-1\">D\u00e8s que possible, dans un d\u00e9lai de 2 mois<\/label><\/div><div class=\"bob-form-radio d-flex\"><input type=\"radio\" class=\"inline-radio\" id=\"69f225b8b5529-input-3-2\" data-unique-id=\"69f225b8b5529\" name=\"XML_extra_radio4\" value=\"2\"  required=\"required\"><label for=\"69f225b8b5529-input-3-2\">Dans un d\u00e9lai de 2 \u00e0 4 mois<\/label><\/div><div class=\"bob-form-radio d-flex\"><input type=\"radio\" class=\"inline-radio\" id=\"69f225b8b5529-input-3-3\" data-unique-id=\"69f225b8b5529\" name=\"XML_extra_radio4\" value=\"3\"  required=\"required\"><label for=\"69f225b8b5529-input-3-3\">Dans un d\u00e9lai de 4 \u00e0 6 mois<\/label><\/div><\/div><\/div><\/div><div class=\"form-questions bob-form-inline-question\"><div class=\"d-flex flex-column\"><label class=\"question\" for=\"69f225b8b5529-input-4\">5. Information compl\u00e9mentaire<\/label><textarea class=\"bob-form-input\" name=\"XML_remarks\" id=\"69f225b8b5529-input-4\" data-unique-id=\"69f225b8b5529\"><\/textarea><\/div><\/div><div class=\"bob-inline-form bob-form-tag upload-box mb-3\">\n                    <div class=\"row\">\n                        <div class=\"col-md-12 mb-2 question\">Ajouter des photos ou des pi\u00e8ces jointes (en Option)<\/div>\n                        <div class=\"col-md-12\">\n                            <div class=\"box__input\" style=\"background-color: #e5f2f7;\"\n                                 ondrop=\"drop(event)\"\n                                 ondragover=\"allowDrop(event)\"\n                                 ondragleave=\"removeDropFx(event)\"\n                                >\n                                <input type=\"file\"\n                                       class=\"file__input\"\n                                       name=\"attachments[]\"\n                                       id=\"attachments\"\n                                       multiple=\"multiple\"\n                                       accept=\"image\/jpeg, image\/png, image\/gif, application\/pdf\"\n                                       data-multiple-caption=\"{count} files selected\">\n                                <div>\n                                    <label for=\"attachments\"><strong>S\u00e9lectionnez un fichier <\/strong>ou glissez-le ici<\/label>\n                                    <span class=\"box__button bobex-round-cta m-1 py-1\"\n                                          style=\"mix-blend-mode: luminosity\">\n                                        <i class=\"fas fa-cloud-upload-alt text-white\"><\/i>\n                                        T\u00e9l\u00e9charger\n                                    <\/span>\n                                <\/div>\n            \n                                <div class=\"row preview_wrapper m-0\"><\/div>\n                            <\/div>\n            \n                            <div class=\"box__uploading\">Uploading\u2026<\/div>\n                            <div class=\"box__success\">Done!<\/div>\n                            <div class=\"box__error\">Error! <span><\/span>.<\/div>\n                        <\/div>\n                    <\/div>\n                <\/div>    <div class=\"form-title\">\n        Vos donn\u00e9es\n    <\/div><div class=\"bob-form-contact-data\" style=\"padding: 20px\"><div class=\"row lead-info\"><div class=\"col-md-6 mb-3\">  <div class=\"form-group\">    <input value=\"\" type=\"text\" class=\"form-control\" id=\"firstName\" name=\"firstName\" placeholder=\"Pr\u00e9nom\" required>    <div class=\"valid-feedback\">Enchant\u00e9 !<\/div>    <div class=\"invalid-feedback\">Veuillez indiquer votre pr\u00e9nom<\/div>  <\/div><\/div><div class=\"col-md-6 mb-3\">  <div class=\"form-group\">    <input value=\"\" type=\"text\" class=\"form-control\" id=\"lastName\" name=\"lastName\" placeholder=\"Nom\" required>    <div class=\"valid-feedback\">Sympa<\/div>    <div class=\"invalid-feedback\">Veuillez indiquer votre nom de famille<\/div>  <\/div><\/div><div class=\"col-md-12 mb-3\">  <div class=\"form-group\">    <input value=\"\" type=\"email\" class=\"form-control\" id=\"email\" name=\"email\" placeholder=\"E-mail\" required style=\"max-width: unset;\">    <div class=\"valid-feedback\">C&rsquo;est tout bon<\/div>    <div class=\"invalid-feedback\">Veuillez indiquer une adresse e-mail valide<\/div>  <\/div><\/div><div class=\"col-md-12 mb-3\">  <div class=\"form-group\">    <input value=\"\" type=\"tel\" class=\"form-control\" id=\"phone\" name=\"phone\" placeholder=\"T\u00e9l\u00e9phone\" required style=\"max-width: unset;\">    <div class=\"valid-feedback\">Parfait<\/div>    <div class=\"invalid-feedback\">Veuillez indiquer un num\u00e9ro de t\u00e9l\u00e9phone valide<\/div>  <\/div><\/div><div class=\"col-md-12 mb-3\">  <div class=\"form-group\">    <input value=\"\" type=\"text\" class=\"form-control\" id=\"companyAddress\" name=\"companyAddress\" placeholder=\"Adresse\" required style=\"max-width: unset;\">    <div class=\"valid-feedback\">C&rsquo;est not\u00e9<\/div>    <div class=\"invalid-feedback\">Veuillez indiquer une adresse valide<\/div>  <\/div><\/div><div class=\"col-md-6 mb-3\">  <div class=\"form-group\">    <input value=\"\" type=\"text\" class=\"form-control\" id=\"companyPostalCode\" name=\"companyPostalCode\" placeholder=\"Code postal\" required>    <div class=\"valid-feedback\">Excellent !<\/div>    <div class=\"invalid-feedback\">Veuillez indiquer un code postal valide<\/div>  <\/div><\/div><div class=\"col-md-6 mb-3\">  <div class=\"form-group\">    <input value=\"\" type=\"text\" class=\"form-control\" id=\"companyCity\" name=\"companyCity\" placeholder=\"Ville\" required>    <div class=\"valid-feedback\">Bien jou\u00e9<\/div>    <div class=\"invalid-feedback\">Veuillez indiquer une ville valide<\/div>  <\/div><\/div><div class=\"d-flex mt-3\"><input name=\"promoOptin\" value=\"true\" id=\"promoOptin\" type=\"checkbox\" class=\"me-2\" style=\"width: unset\"><label for=\"promoOptin\">Je souhaite rester inform\u00e9 de ma demande et recevoir des conseils pratiques (fortement recommand\u00e9 !) <\/label><\/div><\/div><\/div><input type=\"hidden\" class=\"session_var\" name=\"newform\" value=\"true\"><input type=\"hidden\" class=\"session_var\" name=\"lead-validation-nonce\" value=\"24cd3332a7\"><input type=\"hidden\" class=\"session_var\" name=\"aff\" value=\"minisite\"><input type=\"hidden\" class=\"session_var\" name=\"utm_source\" value=\"https:\/\/www.bobex.be\/fr-be\/wp-json\/v2\/content\/211692\"><input type=\"hidden\" class=\"session_var\" name=\"bobx\" value=\"\"><input type=\"hidden\" class=\"session_var\" name=\"sessionType\" value=\"B2C\"><input type=\"hidden\" class=\"session_var\" name=\"utm_medium\" value=\"web\"><input type=\"hidden\" class=\"session_var\" name=\"utm_campaign\" value=\"search\"><input type=\"hidden\" class=\"session_var\" name=\"rem_source\" value=\"https:\/\/www.bobex.be\/fr-be\/enlevement-de-lamiante\/dangers-amiante\/\"><input type=\"hidden\" class=\"session_var\" name=\"pixel_id\" value=\"-1\"><input type=\"hidden\" class=\"session_var\" name=\"tabo_id\" value=\"-1\"><input type=\"hidden\" class=\"session_var\" name=\"click_id\" value=\"-1\"><input type=\"hidden\" class=\"session_var\" name=\"gclid\" value=\"-1\"><input type=\"hidden\" class=\"session_var\" name=\"msclkid\" value=\"-1\"><input type=\"hidden\" class=\"session_var\" name=\"past_aff\" value=\"bobex\"><input type=\"hidden\" class=\"session_var\" name=\"redirectTo\" value=\"BE\"><input type=\"hidden\" class=\"session_var\" name=\"is_type_id\" value=\"true\"><input type=\"hidden\" class=\"session_var\" name=\"typeid\" value=\"100045\"><input type=\"hidden\" class=\"session_var\" name=\"companyType\" value=\"label.companytype.consumer\"><input type=\"hidden\" class=\"session_var\" name=\"input_names\" value=\"XML_extra_radio2,XML_extra_check,XML_extra_radio3,XML_extra_radio4,XML_remarks\"><input type=\"hidden\" class=\"form_context\" value=\"BE\"><img decoding=\"async\" class=\"bobex-pixel\" src=\"\" alt=\"\" style=\"display:none\" \/>    <div class=\"bob-form-submit d-flex justify-content-center\">\n        <button type=\"submit\" class=\"form-submit\" style=\"background-color: #F1653A; color: white; border: none !important; border-radius: 5px !important; font-family: Roboto, sans-serif; font-size: 16px;\">\n            Demander un devis\n        <\/button>\n    <\/div>    <div class=\"bob-inline-form form-footer\" style=\"border-radius: 0 0 10px 10px\">\n        <div class=\"bob-form-privacy-text\">\n            <div style=\"float:left;\"><i class=\"fa fa-lock\"><\/i><\/div>\n            <div class=\"ms-2\">\n                <div style='padding-left: 15px;font-size: 0.8em !important;z-index: 10;'><b>Nous respectons votre vie priv\u00e9e<\/b><br> Conform\u00e9ment \u00e0 la loi du 8\/12\/1992 relative \u00e0 la protection de la vie priv\u00e9e, vous disposez d&rsquo;un droit d&rsquo;acc\u00e8s et de rectification \u00e0 vos donn\u00e9es. Pour en savoir plus, consultez notre <span class=\"link_ob\" data-link=\"aHR0cHM6Ly93d3cuYm9iZXguYmUvZnItYmUvcHJvdGVjdGlvbi1kZS1sYS12aWUtcHJpdmVlLw==\" target=\"_blank\">charte sur la vie priv\u00e9e<\/span>.<\/div>\n                \n            <\/div>\n        <\/div>\n    <\/div><\/form><\/div><div class=\"multiple_mini hidden\" data-lead_id=\"\"><p class=\"multiple-title\">Merci d&rsquo;avoir pris le temps de remplir ce formulaire<\/p><p>Nous vous contacterons d\u00e8s que possible pour vous orienter vers le meilleur sp\u00e9cialiste correspondant \u00e0 votre demande.<\/p><div class=\"multiple_wrapper\"><div class=\"loader\"><\/div><p class=\"multiple-title\">Vous cherchez d&rsquo;autres services ?<\/p><p class=\"multiple_text\">Vous souhaitez comparer d&rsquo;autres devis ou explorer d&rsquo;autres services ? Faites-le nous savoir et nous vous mettrons rapidement en relation<\/p><div class=\"multiple_container\"><div class=\"single_multiple multiple_button\" data-typeid=\"12005\"><i class=\"fa-3x cat icon-12005\"><\/i><span class=\"multiple_name\">R\u00e9novation totale (entrepreneurs)<\/span><\/div><div class=\"single_multiple multiple_button\" data-typeid=\"11962\"><i class=\"fa-3x cat icon-11962\"><\/i><span class=\"multiple_name\">Travaux de toiture<\/span><\/div><div class=\"single_multiple multiple_button\" data-typeid=\"11427\"><i class=\"fa-3x cat icon-11427\"><\/i><span class=\"multiple_name\">Isolation<\/span><\/div><div class=\"single_multiple multiple_button\" data-typeid=\"11406\"><i class=\"fa-3x cat icon-11406\"><\/i><span class=\"multiple_name\">Syst\u00e8me d&rsquo;alarme<\/span><\/div><div class=\"single_multiple multiple_button\" data-typeid=\"30007\"><i class=\"fa-3x cat icon-30007\"><\/i><span class=\"multiple_name\">Chauffage central<\/span><\/div><div class=\"single_multiple multiple_button\" data-typeid=\"100015\"><i class=\"fa-3x cat icon-100015\"><\/i><span class=\"multiple_name\">D\u00e9capage, sablage<\/span><\/div><\/div><\/div><\/div><\/div><\/div>","protected":false},"featured_media":0,"parent":0,"template":"","meta":{"business":"46648","footnotes":""},"class_list":["post-211692","content","type-content","status-publish","hentry"],"_links":{"self":[{"href":"https:\/\/www.bobex.be\/fr-be\/wp-json\/wp\/v2\/content\/211692","targetHints":{"allow":["GET"]}}],"collection":[{"href":"https:\/\/www.bobex.be\/fr-be\/wp-json\/wp\/v2\/content"}],"about":[{"href":"https:\/\/www.bobex.be\/fr-be\/wp-json\/wp\/v2\/types\/content"}],"version-history":[{"count":9,"href":"https:\/\/www.bobex.be\/fr-be\/wp-json\/wp\/v2\/content\/211692\/revisions"}],"predecessor-version":[{"id":235279,"href":"https:\/\/www.bobex.be\/fr-be\/wp-json\/wp\/v2\/content\/211692\/revisions\/235279"}],"wp:attachment":[{"href":"https:\/\/www.bobex.be\/fr-be\/wp-json\/wp\/v2\/media?parent=211692"}],"curies":[{"name":"wp","href":"https:\/\/api.w.org\/{rel}","templated":true}]}}