{"id":211361,"date":"2025-08-14T08:10:56","date_gmt":"2025-08-14T08:10:56","guid":{"rendered":"https:\/\/www.bobex.be\/fr-be\/?post_type=content&#038;p=211361"},"modified":"2025-09-23T12:50:12","modified_gmt":"2025-09-23T12:50:12","slug":"primes-desamiantage","status":"publish","type":"content","link":"https:\/\/www.bobex.be\/fr-be\/enlevement-de-lamiante\/primes-desamiantage\/","title":{"rendered":"Primes de d\u00e9samiantage : quelles aides financi\u00e8res en Belgique ?"},"content":{"rendered":"\n<div id=\"ez-toc-container\" class=\"ez-toc-v2_0_82_2 counter-hierarchy ez-toc-counter ez-toc-grey ez-toc-container-direction\">\n<div class=\"ez-toc-title-container\">\n<p class=\"ez-toc-title\" style=\"cursor:inherit\">Sommaire<\/p>\n<span class=\"ez-toc-title-toggle\"><a href=\"#\" class=\"ez-toc-pull-right ez-toc-btn ez-toc-btn-xs ez-toc-btn-default ez-toc-toggle\" aria-label=\"Toggle Table of Content\"><span class=\"ez-toc-js-icon-con\"><span class=\"\"><span class=\"eztoc-hide\" style=\"display:none;\">Toggle<\/span><span class=\"ez-toc-icon-toggle-span\"><svg style=\"fill: #999;color:#999\" xmlns=\"http:\/\/www.w3.org\/2000\/svg\" class=\"list-377408\" width=\"20px\" height=\"20px\" viewBox=\"0 0 24 24\" fill=\"none\"><path d=\"M6 6H4v2h2V6zm14 0H8v2h12V6zM4 11h2v2H4v-2zm16 0H8v2h12v-2zM4 16h2v2H4v-2zm16 0H8v2h12v-2z\" fill=\"currentColor\"><\/path><\/svg><svg style=\"fill: #999;color:#999\" class=\"arrow-unsorted-368013\" xmlns=\"http:\/\/www.w3.org\/2000\/svg\" width=\"10px\" height=\"10px\" viewBox=\"0 0 24 24\" version=\"1.2\" baseProfile=\"tiny\"><path d=\"M18.2 9.3l-6.2-6.3-6.2 6.3c-.2.2-.3.4-.3.7s.1.5.3.7c.2.2.4.3.7.3h11c.3 0 .5-.1.7-.3.2-.2.3-.5.3-.7s-.1-.5-.3-.7zM5.8 14.7l6.2 6.3 6.2-6.3c.2-.2.3-.5.3-.7s-.1-.5-.3-.7c-.2-.2-.4-.3-.7-.3h-11c-.3 0-.5.1-.7.3-.2.2-.3.5-.3.7s.1.5.3.7z\"\/><\/svg><\/span><\/span><\/span><\/a><\/span><\/div>\n<nav><ul class='ez-toc-list ez-toc-list-level-1 eztoc-toggle-hide-by-default' ><li class='ez-toc-page-1 ez-toc-heading-level-2'><a class=\"ez-toc-link ez-toc-heading-1\" href=\"https:\/\/www.bobex.be\/fr-be\/enlevement-de-lamiante\/primes-desamiantage\/#Comprendre_les_primes_disponibles_en_Belgique_pour_lenlevement_de_lamiante\" >Comprendre les primes disponibles en Belgique pour l\u2019enl\u00e8vement de l\u2019amiante<\/a><ul class='ez-toc-list-level-3' ><li class='ez-toc-heading-level-3'><a class=\"ez-toc-link ez-toc-heading-2\" href=\"https:\/\/www.bobex.be\/fr-be\/enlevement-de-lamiante\/primes-desamiantage\/#Quelles_aides_existent_pour_le_desamiantage_en_Flandre_en_2026\" >Quelles aides existent pour le d\u00e9samiantage en Flandre en 2026 ?&nbsp;<\/a><ul class='ez-toc-list-level-4' ><li class='ez-toc-heading-level-4'><a class=\"ez-toc-link ez-toc-heading-3\" href=\"https:\/\/www.bobex.be\/fr-be\/enlevement-de-lamiante\/primes-desamiantage\/#Mijn_VerbouwPremie\" >Mijn VerbouwPremie<\/a><\/li><li class='ez-toc-page-1 ez-toc-heading-level-4'><a class=\"ez-toc-link ez-toc-heading-4\" href=\"https:\/\/www.bobex.be\/fr-be\/enlevement-de-lamiante\/primes-desamiantage\/#Mijn_VerbouwLening\" >Mijn VerbouwLening<\/a><\/li><li class='ez-toc-page-1 ez-toc-heading-level-4'><a class=\"ez-toc-link ez-toc-heading-5\" href=\"https:\/\/www.bobex.be\/fr-be\/enlevement-de-lamiante\/primes-desamiantage\/#Existe-t-il_des_aides_communales_pour_le_desamiantage\" >Existe-t-il des aides communales pour le d\u00e9samiantage ?<\/a><\/li><\/ul><\/li><li class='ez-toc-page-1 ez-toc-heading-level-3'><a class=\"ez-toc-link ez-toc-heading-6\" href=\"https:\/\/www.bobex.be\/fr-be\/enlevement-de-lamiante\/primes-desamiantage\/#Qui_peut_demander_une_prime_pour_le_desamiantage_en_Flandre\" >Qui peut demander une prime pour le d\u00e9samiantage en Flandre ?<\/a><ul class='ez-toc-list-level-4' ><li class='ez-toc-heading-level-4'><a class=\"ez-toc-link ez-toc-heading-7\" href=\"https:\/\/www.bobex.be\/fr-be\/enlevement-de-lamiante\/primes-desamiantage\/#1_Particuliers\" >1. Particuliers<\/a><\/li><li class='ez-toc-page-1 ez-toc-heading-level-4'><a class=\"ez-toc-link ez-toc-heading-8\" href=\"https:\/\/www.bobex.be\/fr-be\/enlevement-de-lamiante\/primes-desamiantage\/#2_Entreprises_horticoles_et_agricoles\" >2. Entreprises horticoles et agricoles<\/a><\/li><li class='ez-toc-page-1 ez-toc-heading-level-4'><a class=\"ez-toc-link ez-toc-heading-9\" href=\"https:\/\/www.bobex.be\/fr-be\/enlevement-de-lamiante\/primes-desamiantage\/#3_Associations_de_jeunesse_reconnues\" >3. Associations de jeunesse reconnues<\/a><\/li><li class='ez-toc-page-1 ez-toc-heading-level-4'><a class=\"ez-toc-link ez-toc-heading-10\" href=\"https:\/\/www.bobex.be\/fr-be\/enlevement-de-lamiante\/primes-desamiantage\/#4_Ecoles_entreprises_et_etablissements_de_soins\" >4. \u00c9coles, entreprises et \u00e9tablissements de soins<\/a><\/li><\/ul><\/li><li class='ez-toc-page-1 ez-toc-heading-level-3'><a class=\"ez-toc-link ez-toc-heading-11\" href=\"https:\/\/www.bobex.be\/fr-be\/enlevement-de-lamiante\/primes-desamiantage\/#Quelles_aides_existent_pour_le_desamiantage_a_Bruxelles\" >Quelles aides existent pour le d\u00e9samiantage \u00e0 Bruxelles ?<\/a><\/li><li class='ez-toc-page-1 ez-toc-heading-level-3'><a class=\"ez-toc-link ez-toc-heading-12\" href=\"https:\/\/www.bobex.be\/fr-be\/enlevement-de-lamiante\/primes-desamiantage\/#Quelles_aides_existent_pour_le_desamiantage_en_Wallonie\" >Quelles aides existent pour le d\u00e9samiantage en Wallonie ?<\/a><\/li><\/ul><\/li><li class='ez-toc-page-1 ez-toc-heading-level-2'><a class=\"ez-toc-link ez-toc-heading-13\" href=\"https:\/\/www.bobex.be\/fr-be\/enlevement-de-lamiante\/primes-desamiantage\/#Vous_souhaitez_en_savoir_plus_Demandez_conseil_a_des_specialistes_de_lamiante\" >Vous souhaitez en savoir plus ? Demandez conseil \u00e0 des sp\u00e9cialistes de l&rsquo;amiante<\/a><\/li><li class='ez-toc-page-1 ez-toc-heading-level-2'><a class=\"ez-toc-link ez-toc-heading-14\" href=\"https:\/\/www.bobex.be\/fr-be\/enlevement-de-lamiante\/primes-desamiantage\/#FAQ_nous_repondons_a_vos_questions\" >FAQ : nous r\u00e9pondons \u00e0 vos questions !<\/a><ul class='ez-toc-list-level-3' ><li class='ez-toc-heading-level-3'><a class=\"ez-toc-link ez-toc-heading-15\" href=\"https:\/\/www.bobex.be\/fr-be\/enlevement-de-lamiante\/primes-desamiantage\/#Est-il_possible_de_beneficier_dun_desamiantage_gratuit\" >Est-il possible de b\u00e9n\u00e9ficier d&rsquo;un d\u00e9samiantage gratuit ?<\/a><\/li><li class='ez-toc-page-1 ez-toc-heading-level-3'><a class=\"ez-toc-link ez-toc-heading-16\" href=\"https:\/\/www.bobex.be\/fr-be\/enlevement-de-lamiante\/primes-desamiantage\/#Ou_demander_une_prime_pour_le_desamiantage_en_Flandre\" >O\u00f9 demander une prime pour le d\u00e9samiantage en Flandre ?<\/a><\/li><li class='ez-toc-page-1 ez-toc-heading-level-3'><a class=\"ez-toc-link ez-toc-heading-17\" href=\"https:\/\/www.bobex.be\/fr-be\/enlevement-de-lamiante\/primes-desamiantage\/#Combien_coute_le_desamiantage_de_200_m%C2%B2_de_plaques_damiante_ou_de_toles_ondulees\" >Combien co\u00fbte le d\u00e9samiantage de 200 m\u00b2 de plaques d&rsquo;amiante ou de t\u00f4les ondul\u00e9es ?<\/a><\/li><li class='ez-toc-page-1 ez-toc-heading-level-3'><a class=\"ez-toc-link ez-toc-heading-18\" href=\"https:\/\/www.bobex.be\/fr-be\/enlevement-de-lamiante\/primes-desamiantage\/#Faut-il_retirer_lamiante_de_la_toiture_ou_non\" >Faut-il retirer l&rsquo;amiante de la toiture ou non ?<\/a><\/li><\/ul><\/li><\/ul><\/nav><\/div>\n<h2 class=\"wp-block-heading\"><span class=\"ez-toc-section\" id=\"Comprendre_les_primes_disponibles_en_Belgique_pour_lenlevement_de_lamiante\"><\/span>Comprendre les primes disponibles en Belgique pour l\u2019enl\u00e8vement de l\u2019amiante<span class=\"ez-toc-section-end\"><\/span><\/h2>\n\n\n\n<p>En Belgique, les aides financi\u00e8res pour le d\u00e9samiantage varient fortement selon les r\u00e9gions. Voici un aper\u00e7u clair des dispositifs disponibles ou envisag\u00e9s en Flandre, \u00e0 Bruxelles et en Wallonie.<\/p>\n\n\n\n<h3 class=\"wp-block-heading\"><span class=\"ez-toc-section\" id=\"Quelles_aides_existent_pour_le_desamiantage_en_Flandre_en_2026\"><\/span>Quelles aides existent pour le d\u00e9samiantage en Flandre en 2026 ?&nbsp;<span class=\"ez-toc-section-end\"><\/span><\/h3>\n\n\n\n            <div class=\"bobex-highlight-global-div\" style=\"\n            --line-color: #17518d;\n            --bg-color: #e5f2f7;\n            --content-color:#10375e;\n            --title-color: #10375e;\n        \">\n                    <div class=\"bobex-highlight-block__border\">\n                        <div class=\"bobex--block_highlight_content-area\">\n                            <p class=\"bobex-block-highlight-title\"><\/p>\n                            <p class=\"bobex-block-highlight-content\">\n                            \t<div>\n<div class=\"wp-block-bobex-highlight\">\n<p>Depuis le 1er janvier 2021, le gouvernement flamand propose une <strong>prime pour le d\u00e9samiantage<\/strong>, mais <strong>attention<\/strong> : elle est <strong>strictement conditionn\u00e9e<\/strong>. Vous ne pouvez y pr\u00e9tendre <strong>que si vous combinez le retrait de l\u2019amiante avec des travaux d\u2019isolation<\/strong>, comme l\u2019isolation de la toiture ou des murs ext\u00e9rieurs.<br>Si vous souhaitez <strong>uniquement retirer l\u2019amiante sans isoler<\/strong>, vous <strong>n\u2019avez droit \u00e0 aucune prime<\/strong>.<\/p>\n<\/div>\n<\/div>\n                            <\/p>\n                        <\/div>\n                    <\/div>\n            <\/div>\n        \n\n\n<p>Concr\u00e8tement, la prime s\u2019\u00e9l\u00e8ve \u00e0 <strong>8 euros par m\u00e8tre carr\u00e9<\/strong> pour le retrait de l\u2019amiante, \u00e0 condition que votre b\u00e2timent ait \u00e9t\u00e9 construit <strong>avant 2001<\/strong>. Cette aide peut \u00eatre <strong>compl\u00e9t\u00e9e par 4 \u20ac\/m\u00b2 pour l\u2019isolation du toit ou du plancher du grenier<\/strong>, soit <strong>un total de 12 \u20ac\/m\u00b2<\/strong> si les deux travaux sont r\u00e9alis\u00e9s ensemble.<\/p>\n\n\n\n<p>D\u2019autres aides peuvent \u00e9galement exister selon votre profil ou votre commune. Vous trouverez ci-dessous un aper\u00e7u des options disponibles pour limiter les co\u00fbts li\u00e9s au d\u00e9samiantage.<\/p>\n\n\n\n<h4 class=\"wp-block-heading\"><span class=\"ez-toc-section\" id=\"Mijn_VerbouwPremie\"><\/span>Mijn VerbouwPremie<span class=\"ez-toc-section-end\"><\/span><\/h4>\n\n\n\n<p>La prime \u00ab <strong>Mijn VerbouwPremie<\/strong> \u00bb est une prime unique qui regroupe toutes les primes \u00e9nerg\u00e9tiques et la prime de r\u00e9novation globale. Il n&rsquo;existe pas de prime distincte pour le <a href=\"https:\/\/www.bobex.be\/fr-be\/enlevement-de-lamiante\/\">d\u00e9samiantage<\/a>. Vous devez la <strong>combiner avec la pose d&rsquo;une isolation<\/strong>.<\/p>\n\n\n\n            <div class=\"bobex-highlight-global-div\" style=\"\n            --line-color: #17518d;\n            --bg-color: #e5f2f7;\n            --content-color:#10375e;\n            --title-color: #10375e;\n        \">\n                    <div class=\"bobex-highlight-block__border\">\n                        <div class=\"bobex--block_highlight_content-area\">\n                            <p class=\"bobex-block-highlight-title\"><strong>\u00c0 noter :<\/strong> La <strong>prime Fluvius pour panneaux solaires n\u2019est plus d\u2019actualit\u00e9 depuis 2024<\/strong>. Elle n\u2019entre donc plus en ligne de compte pour des travaux combin\u00e9s avec le d\u00e9samiantage.<\/p>\n                            <p class=\"bobex-block-highlight-content\">\n                            \t<div>\n<div class=\"wp-block-bobex-highlight\">\n<p><\/p>\n<\/div>\n<\/div>\n                            <\/p>\n                        <\/div>\n                    <\/div>\n            <\/div>\n        \n\n\n<p>Les travaux de r\u00e9novation avec lesquels vous pouvez combiner la prime sont <strong>les travaux de toiture, la r\u00e9novation des murs ext\u00e9rieurs et la r\u00e9novation des sols<\/strong>. Ces travaux doivent \u00eatre associ\u00e9s \u00e0 <strong>la pose d&rsquo;une isolation<\/strong>. Pour les travaux de toiture, vous pouvez choisir d&rsquo;isoler le toit ou le plancher du grenier.<\/p>\n\n\n\n<p>Vous devez pour cela remplir les <strong>conditions<\/strong> suivantes :<\/p>\n\n\n\n<ul class=\"wp-block-list\">\n<li>Le logement doit \u00eatre situ\u00e9 dans la <strong>R\u00e9gion flamande<\/strong> et avoir au moins <strong>15 ans<\/strong>. Vous pouvez utiliser la prime pour la r\u00e9novation ou la r\u00e9alisation d&rsquo;un nouveau logement par r\u00e9affectation. Si vous d\u00e9molissez ou reconstruisez enti\u00e8rement un b\u00e2timent, vous n&rsquo;avez pas droit \u00e0 la prime \u00ab Mijn VerbouwPremie \u00bb.<\/li>\n\n\n\n<li>Le <strong>prix total<\/strong> de d\u00e9samiantage doit \u00eatre d&rsquo;au moins <strong>1.000 euros<\/strong>. Le montant maximal d\u00e9pend du type de travaux.<\/li>\n\n\n\n<li>Les factures ne doivent pas dater de <strong>plus de deux ans<\/strong> au moment o\u00f9 vous introduisez votre demande de prime.<br>\n<ul class=\"wp-block-list\">\n<li>Les travaux d&rsquo;isolation du toit et de d\u00e9samiantage peuvent \u00eatre espac\u00e9s de <strong>24 mois<\/strong> maximum, s&rsquo;ils ont \u00e9t\u00e9 r\u00e9alis\u00e9s <strong>avant le 12 d\u00e9cembre 2023<\/strong>. \u00c0 partir de 2024, ils pourront \u00eatre espac\u00e9s de deux ans.<\/li>\n<\/ul>\n<\/li>\n\n\n\n<li>Tous les travaux (r\u00e9novation, isolation et d\u00e9samiantage) doivent \u00eatre r\u00e9alis\u00e9s par un <strong>sp\u00e9cialiste<\/strong> ou <a href=\"https:\/\/www.bobex.be\/fr-be\/enlevement-de-lamiante\/societe-desamiantage\/\" target=\"_blank\" rel=\"noreferrer noopener\">une soci\u00e9t\u00e9 de d\u00e9samiantage<\/a>.<\/li>\n<\/ul>\n\n\n\n<p>Vous pouvez facilement demander la prime Mijn VerbouwPremie <strong>en ligne<\/strong>.<\/p>\n\n\n\n            <div class=\"bobex-highlight-global-div\" style=\"\n            --line-color: #17518d;\n            --bg-color: #e5f2f7;\n            --content-color:#10375e;\n            --title-color: #10375e;\n        \">\n                    <div class=\"bobex-highlight-block__border\">\n                        <div class=\"bobex--block_highlight_content-area\">\n                            <p class=\"bobex-block-highlight-title\">Attention !<\/p>\n                            <p class=\"bobex-block-highlight-content\">\n                            \t<div>\n<div class=\"wp-block-bobex-highlight\">\n<p>Le <strong>montant de la prime<\/strong> de 8 euros par m\u00e8tre carr\u00e9 pour le d\u00e9samiantage combin\u00e9 \u00e0 l&rsquo;isolation des murs et\/ou du toit sera maintenu en 2024. Selon les nouvelles directives du gouvernement flamand, les factures seront \u00e9ligibles \u00e0 la prime <strong>jusqu&rsquo;\u00e0 fin 2025<\/strong>.<\/p>\n\n\n<div class='bobex-cta-block' style='\n            --button-bg-color: #e13c0e;\n            --button-text-color: #ffffff;\n            --banner-bg-color: #aad4e6;\n            --arrow-main-bg-color: #aad4e6;\n            --arrow-secondary-bg-color: #e5f2f7;\n            --banner-title-color: #10375e;\n            --arrow-title-color: #10375e;\n            --banner-text-color: #545454;\n            --arrow-text-color: #545454;         \n            --invert-range: 0deg;\n        '><a class='cta-button-rounded' href='#ppp'>Je veux \u00eatre en contact avec un specialiste de l&rsquo;amiante<\/a><\/div><\/div>\n<\/div>\n                            <\/p>\n                        <\/div>\n                    <\/div>\n            <\/div>\n        \n\n\n<figure class=\"wp-block-image size-full\"><img decoding=\"async\" width=\"1200\" height=\"630\" src=\"https:\/\/www.bobex.be\/wp-uploads\/sites\/2\/Travaux-desamiantage.jpg\" alt=\"Travaux de d\u00e9samiantage d'un toit par des professionnels en combinaison blanche.\" class=\"wp-image-211457\"\/><\/figure>\n\n\n\n<h4 class=\"wp-block-heading\"><span class=\"ez-toc-section\" id=\"Mijn_VerbouwLening\"><\/span>Mijn VerbouwLening<span class=\"ez-toc-section-end\"><\/span><\/h4>\n\n\n\n<p>Depuis septembre 2022, vous pouvez faire appel au pr\u00eat \u00ab\u00a0<strong>Mijn VerbouwLening<\/strong>\u00ab\u00a0. Il s&rsquo;agit d&rsquo;un <strong>cr\u00e9dit r\u00e9novation sans int\u00e9r\u00eat<\/strong> que vous pouvez demander lorsque vous souhaitez am\u00e9liorer la qualit\u00e9, le bien-\u00eatre et la performance \u00e9nerg\u00e9tique de votre logement. Vous pouvez ainsi couvrir les frais li\u00e9s, par exemple, au d\u00e9samiantage, tout en am\u00e9liroant l&rsquo;efficacit\u00e9 \u00e9nerg\u00e9tique de votre logement.<\/p>\n\n\n\n<p>Vous pouvez demander le pr\u00eat Mijn VerbouwLening pour <strong>toutes les cat\u00e9gories de travaux couverts par la prime Mijn VerbouwPremie<\/strong> : travaux de toiture, r\u00e9novation des murs ext\u00e9rieurs et isolation des sols.<\/p>\n\n\n\n<p>Chaque type de travaux a son propre montant maximal que vous pouvez emprunter. Par exemple, pour la r\u00e9novation d&rsquo;un toit et de murs ext\u00e9rieurs et la r\u00e9novation de sols et de fondations, le montant emprunt\u00e9 ne peut d\u00e9passer le montant total de la facture.<\/p>\n\n\n\n<p>Le pr\u00eat est accord\u00e9 par \u00ab\u00a0l&rsquo;Energiehuis\u00a0\u00bb. Vous pouvez <strong>emprunter entre 1.250 et 60.000 euros<\/strong>. La <strong>dur\u00e9e de remboursement<\/strong> ne peut <strong>exc\u00e9der 25 ans<\/strong>. Tant que le taux d&rsquo;int\u00e9r\u00eat l\u00e9gal reste inf\u00e9rieur \u00e0 3 %, le pr\u00eat est sans int\u00e9r\u00eat. D\u00e8s que le taux d&rsquo;int\u00e9r\u00eat l\u00e9gal annuel d\u00e9passe 3 %, le taux d&rsquo;int\u00e9r\u00eat augmente.<\/p>\n\n\n\n<p>Vous devez remplir les <strong>conditions<\/strong> suivantes :<\/p>\n\n\n\n<ul class=\"wp-block-list\">\n<li>La maison ou l&rsquo;appartement doit avoir <strong>au moins 15 ans<\/strong> et \u00eatre situ\u00e9 dans la <strong>R\u00e9gion flamande<\/strong>.<\/li>\n\n\n\n<li>Si vous souhaitez demander un pr\u00eat pour le d\u00e9samiantage, vous devez remplir les m\u00eames conditions que celles de la prime \u00e0 la r\u00e9novation.<\/li>\n\n\n\n<li>Plusieurs groupes cibles peuvent demander le pr\u00eat.<\/li>\n\n\n\n<li>La <a href=\"https:\/\/www.bobex.be\/fr-be\/enlevement-de-lamiante\/amiante-dans-la-maison\/\" target=\"_blank\" rel=\"noreferrer noopener\">maison contenant de l&rsquo;amiante<\/a> pour lequel vous faites la demande doit \u00eatre votre <strong>domicile<\/strong>.&nbsp;<\/li>\n<\/ul>\n\n\n\n<p>Vous pouvez demander le pr\u00eat via l&rsquo;Energiehuis de votre commune <strong>jusqu&rsquo;\u00e0 fin 2026<\/strong>.<\/p>\n\n\n\n<p>Vous pouvez demander \u00e0 la fois une prime \u00e0 la r\u00e9novation et un pr\u00eat \u00e0 la r\u00e9novation. Vous devez toutefois mentionner dans votre demande si vous avez d\u00e9j\u00e0 contract\u00e9 un pr\u00eat pour votre r\u00e9novation.<\/p>\n\n\n\n<h4 class=\"wp-block-heading\"><span class=\"ez-toc-section\" id=\"Existe-t-il_des_aides_communales_pour_le_desamiantage\"><\/span>Existe-t-il des aides communales pour le d\u00e9samiantage ?<span class=\"ez-toc-section-end\"><\/span><\/h4>\n\n\n\n<p>Dans certaines communes, des <strong>aides locales compl\u00e9mentaires<\/strong> peuvent \u00eatre propos\u00e9es pour le retrait de l\u2019amiante, souvent en lien avec une r\u00e9novation \u00e9nerg\u00e9tique globale.<br>Par exemple, la commune de <strong>Wezembeek-Oppem<\/strong> applique la <strong><em>Mijn VerbouwPremie<\/em> avec une majoration de 8 \u20ac\/m\u00b2<\/strong> si le d\u00e9samiantage est effectu\u00e9 en combinaison avec l\u2019isolation de la toiture ou des murs.<\/p>\n\n\n\n<p><br>Il est donc conseill\u00e9 de <strong>consulter le site web de votre commune<\/strong> ou de <strong>contacter le service urbanisme ou environnement<\/strong> pour savoir si une prime locale est disponible.<\/p>\n\n\n\n<figure class=\"wp-block-image size-full\"><img decoding=\"async\" width=\"1200\" height=\"630\" src=\"https:\/\/www.bobex.be\/wp-uploads\/sites\/2\/Travaux-de-desamiantage.jpg\" alt=\"Professionnels r\u00e9alisant le d\u00e9samiantage d'un toit.\" class=\"wp-image-211460\"\/><\/figure>\n\n\n\n<h3 class=\"wp-block-heading\"><span class=\"ez-toc-section\" id=\"Qui_peut_demander_une_prime_pour_le_desamiantage_en_Flandre\"><\/span>Qui peut demander une prime pour le d\u00e9samiantage en Flandre ?<span class=\"ez-toc-section-end\"><\/span><\/h3>\n\n\n\n<p>\u00c9tant donn\u00e9 que la mise en s\u00e9curit\u00e9 des b\u00e2timents contenant de l&rsquo;amiante entra\u00eene des co\u00fbts importants, le gouvernement flamand a d\u00e9cid\u00e9 de mettre en place <strong>des subventions et des mesures<\/strong>. <strong>Plusieurs groupes cibles<\/strong> peuvent en b\u00e9n\u00e9ficier. Nous en abordons quatre ci-dessous : les particuliers, les entreprises horticoles et agricoles, les associations de jeunesse et les \u00e9coles agr\u00e9\u00e9es, les entreprises et les \u00e9tablissements de soins.<\/p>\n\n\n\n<h4 class=\"wp-block-heading\"><span class=\"ez-toc-section\" id=\"1_Particuliers\"><\/span>1. Particuliers<span class=\"ez-toc-section-end\"><\/span><\/h4>\n\n\n\n<p>La <strong>prime pour le d\u00e9samiantage<\/strong> destin\u00e9e aux particuliers s&rsquo;\u00e9l\u00e8ve \u00e0 <strong>8 euros par m\u00e8tre carr\u00e9<\/strong>. <\/p>\n\n\n\n<p><strong>Qui est \u00e9ligible ?<\/strong><\/p>\n\n\n\n<p>Les particuliers \u00e9ligibles sont :<\/p>\n\n\n\n<ul class=\"wp-block-list\">\n<li>Les particuliers qui <strong>isolent leur fa\u00e7ade<\/strong> (les murs creux sont pris en compte) et <strong>enl\u00e8vent le rev\u00eatement de fa\u00e7ade<\/strong> <strong>contenant de<\/strong> <strong>l&rsquo;amiante<\/strong>.<\/li>\n\n\n\n<li>Les particuliers qui <strong>isolent leur toiture<\/strong> et <strong>enl\u00e8vent les ardoises en amiante<\/strong> et\/ou <strong>la sous-toiture contenant de l&rsquo;amiante<\/strong>.<\/li>\n\n\n\n<li>Les particuliers qui poss\u00e8dent <strong>un b\u00e2timent r\u00e9sidentiel ou non r\u00e9sidentiel<\/strong>.<\/li>\n<\/ul>\n\n\n\n<p>Cette prime peut \u00eatre combin\u00e9e avec la subvention pour l&rsquo;isolation du toit et du plancher du grenier, qui s&rsquo;\u00e9l\u00e8ve \u00e0 <strong>4 euros par m\u00e8tre carr\u00e9<\/strong>. Pour l&rsquo;isolation de votre toit et l&rsquo;\u00e9limination de votre toiture en amiante, vous recevez donc des primes de <strong>12 euros par m\u00e8tre carr\u00e9<\/strong>.<\/p>\n\n\n\n<p><strong>Conditions<\/strong> : <\/p>\n\n\n\n<p>Si vous ne souhaitez pas installer d&rsquo;isolation et que vous souhaitez uniquement retirer votre toiture ou votre rev\u00eatement de fa\u00e7ade contenant de l&rsquo;amiante, vous pouvez demander une aide financi\u00e8re \u00e0 l&rsquo;OVAM. Vous devez alors remplir les <strong>conditions<\/strong> suivantes :<\/p>\n\n\n\n<ul class=\"wp-block-list\">\n<li>Les travaux doivent \u00eatre effectu\u00e9s par un expert en amiante et garantir la mise en conformit\u00e9 avec les normes de s\u00e9curit\u00e9 en vigueur. L&rsquo;entrepreneur professionnel est tenu de respecter le code de bonne pratique de l&rsquo;OVAM.&nbsp;<\/li>\n\n\n\n<li>Le retrait du toit en amiante et l&rsquo;isolation du toit doivent \u00eatre effectu\u00e9s dans <strong>un d\u00e9lai de 12 mois<\/strong>.<\/li>\n\n\n\n<li>La facture doit contenir les informations suivantes : la date d&rsquo;ex\u00e9cution, la surface totale, le co\u00fbt total et le poids par type de mat\u00e9riau contenant de l&rsquo;amiante.&nbsp;<\/li>\n<\/ul>\n\n\n\n<p>Il n&rsquo;y a pas de limite de revenu maximale pour pouvoir pr\u00e9tendre \u00e0 la prime pour le retrait de l&rsquo;amiante.<\/p>\n\n\n\n                <div class='bobex-cta-block' style='\n            --button-bg-color: #e13c0e;\n            --button-text-color: #ffffff;\n            --banner-bg-color: #aad4e6;\n            --arrow-main-bg-color: #aad4e6;\n            --arrow-secondary-bg-color: #e5f2f7;\n            --banner-title-color: #10375e;\n            --arrow-title-color: #10375e;\n            --banner-text-color: #545454;\n            --arrow-text-color: #545454;         \n            --invert-range: 0deg;\n        '>\n                    <div class='cta-banner'>\n                        <div class='h3'>Vous souhaitez en savoir plus sur les primes pour le d\u00e9samiantage ?\u00a0<\/div>\n                        <div class='text-color'>Recevez gratuitement et sans engagement des devis personnalis\u00e9s de sp\u00e9cialistes de l&rsquo;amiante. <\/div>\n                        <span>\n                            <img src='https:\/\/www.bobex.be\/wp-uploads\/sites\/2\/arrow-cta-box.png' alt='arrow' class='img-color'\/>\n                            <a class='cta-button-rounded' href=\"#ppp\">Recevez des conseils et des devis gratuits<\/a>\n                        <\/span>   \n                    <\/div>\n                <\/div>\n\n\n<h4 class=\"wp-block-heading\"><span class=\"ez-toc-section\" id=\"2_Entreprises_horticoles_et_agricoles\"><\/span>2. Entreprises horticoles et agricoles<span class=\"ez-toc-section-end\"><\/span><\/h4>\n\n\n\n<p>Depuis fin septembre 2021, <strong>les entreprises horticoles et agricoles<\/strong> peuvent \u00e9galement demander une prime pour le d\u00e9samiantage.<\/p>\n\n\n\n<p><strong>Qui est \u00e9ligible ?<\/strong><\/p>\n\n\n\n<p><strong>Tous les agriculteurs et horticulteurs disposant d&rsquo;un num\u00e9ro d&rsquo;exploitation agricole<\/strong> peuvent faire retirer les mat\u00e9riaux contenant de l&rsquo;amiante de leurs toitures via le <strong>protocole sectoriel pour les agriculteurs et horticulteurs<\/strong>.<\/p>\n\n\n\n<p>Gr\u00e2ce au <strong>VLIF du Fonds d&rsquo;investissement flamand<\/strong>, ils peuvent demander une subvention pour la r\u00e9novation des toitures en amiante des \u00e9tables, hangars, entrep\u00f4ts, etc. Le VLIF collabore avec l&rsquo;OVAM pour soutenir les agriculteurs et les horticulteurs.<\/p>\n\n\n\n<p>Les \u00e9l\u00e9ments suivants ne sont <strong>pas \u00e9ligibles<\/strong> :<\/p>\n\n\n\n<ul class=\"wp-block-list\">\n<li>\u00c9l\u00e9ments de fa\u00e7ade&nbsp;<\/li>\n\n\n\n<li>Poutres de soutien<\/li>\n\n\n\n<li>Cloisons et murs&nbsp;<\/li>\n\n\n\n<li>\u00ab\u00a0Panneaux sandwich\u00a0\u00bb<\/li>\n\n\n\n<li>\u00c9l\u00e9ments de construction similaires \u00e0 ceux mentionn\u00e9s ci-dessus&nbsp;<\/li>\n<\/ul>\n\n\n\n<p>Avec le protocole sectoriel, les organisations sectorielles telles que Boerenbond, Algemeen Boerensyndicaat ou ABS et le Vlaams Agrarisch Centrum ou VAC souhaitent \u00e9liminer le plus rapidement possible les toitures en amiante dans les exploitations agricoles et horticoles. 25 % de toutes les toitures en amiante en Flandre appartiennent au secteur agricole et horticole.<\/p>\n\n\n\n<p><strong>Conditions<\/strong><\/p>\n\n\n\n<p>&nbsp;Les secteurs horticole et agricole doivent remplir les <strong>conditions<\/strong> suivantes pour pouvoir demander les primes ou les subventions :<\/p>\n\n\n\n<ul class=\"wp-block-list\">\n<li>Le retrait de l&rsquo;amiante et le remplacement de la couverture de toiture sont \u00e9ligibles \u00e0 une subvention. Les travaux de d\u00e9molition et les frais d&rsquo;\u00e9vacuation de l&rsquo;amiante ne le sont pas.&nbsp;<\/li>\n\n\n\n<li>L&rsquo;entreprise agricole ou horticole doit disposer <strong>d&rsquo;un num\u00e9ro agricole, d&rsquo;un num\u00e9ro d&rsquo;entreprise <\/strong>(de la Banque-carrefour)<strong> et d&rsquo;un num\u00e9ro d&rsquo;exploitation<\/strong>. La demande doit clairement indiquer quelle partie du toit sera retir\u00e9e et o\u00f9 le collecteur doit placer le conteneur.&nbsp;<\/li>\n\n\n\n<li>La <strong>preuve d&rsquo;une \u00e9limination l\u00e9gale<\/strong> <strong>par un sp\u00e9cialiste de l&rsquo;amiante<\/strong> est obligatoire.&nbsp;<\/li>\n\n\n\n<li>Le VLIF rembourse au<strong> maximum 30 % des frais<\/strong>.<\/li>\n<\/ul>\n\n\n\n<figure class=\"wp-block-image size-full\"><img decoding=\"async\" width=\"1200\" height=\"630\" src=\"https:\/\/www.bobex.be\/wp-uploads\/sites\/2\/Desamiantage-toit.jpg\" alt=\"Travaux de d\u00e9samiantage d'un toit par des professionnels en combinaison.\" class=\"wp-image-211463\"\/><\/figure>\n\n\n\n<h4 class=\"wp-block-heading\"><span class=\"ez-toc-section\" id=\"3_Associations_de_jeunesse_reconnues\"><\/span>3. Associations de jeunesse reconnues<span class=\"ez-toc-section-end\"><\/span><\/h4>\n\n\n\n<p>Les locaux destin\u00e9s aux jeunes peuvent \u00e9galement contenir de l&rsquo;amiante. <strong>Le d\u00e9samiantage des<\/strong> <strong>associations de jeunesse<\/strong> est assur\u00e9 par les administrations locales qui organisent des projets de d\u00e9mant\u00e8lement de l&rsquo;amiante.<\/p>\n\n\n\n<p><strong>Qui peut en b\u00e9n\u00e9ficier ?<\/strong><\/p>\n\n\n\n<p><strong>Toutes les associations de jeunesse reconnues localement<\/strong> peuvent participer au projet local de d\u00e9samiantage. Cela concerne les organisations suivantes :<\/p>\n\n\n\n<ul class=\"wp-block-list\">\n<li>Mouvements de jeunesse<\/li>\n\n\n\n<li>Maisons de jeunes&nbsp;<\/li>\n\n\n\n<li>Aires de jeux&nbsp;<\/li>\n\n\n\n<li>Organisations de vacances et de camps pour enfants et jeunes&nbsp;<\/li>\n\n\n\n<li>Diff\u00e9rentes formes d&rsquo;activit\u00e9s pour les jeunes telles que le travail social aupr\u00e8s des jeunes, les associations culturelles et artistiques pour les jeunes, les associations qui fournissent des informations sur ou pour les jeunes, les associations de jeunesse qui se concentrent sur la participation des enfants et des jeunes, etc.<\/li>\n<\/ul>\n\n\n\n<p><strong>Conditions<\/strong> :<\/p>\n\n\n\n<p>En tant qu&rsquo;organisation de jeunesse, la proc\u00e9dure n&rsquo;est pas trop compliqu\u00e9e. Vous devez remplir un <strong>formulaire d&rsquo;inscription<\/strong>. Ces informations seront ensuite transmises \u00e0 l&rsquo;administration locale qui m\u00e8ne un projet local sur l&rsquo;amiante dans votre r\u00e9gion. Enfin, l&rsquo;administration locale vous contactera pour discuter des plans.<\/p>\n\n\n\n<p>En tant qu&rsquo;association de jeunesse, vous devez remplir les <strong>conditions<\/strong> suivantes :<\/p>\n\n\n\n<ul class=\"wp-block-list\">\n<li>D\u00e9signez une <strong>personne de contact<\/strong> qui suivra le projet.&nbsp;<\/li>\n\n\n\n<li>Indiquez sur le formulaire d&rsquo;inscription <strong>l&rsquo;adresse compl\u00e8te<\/strong> de votre local, <strong>le propri\u00e9taire<\/strong> de votre local (s&rsquo;agit-il de votre propre organisation, de la commune, d&rsquo;une fabrique d&rsquo;\u00e9glise ou d&rsquo;une autre personne ?) et une <strong>estimation du nombre de m\u00e8tres carr\u00e9s de plaques ou d&rsquo;ardoises en amiante<\/strong> que vous souhaitez faire enlever.&nbsp;<\/li>\n\n\n\n<li>Fournissez une <strong>preuve<\/strong> attestant que vous \u00eates une <strong>association de jeunesse agr\u00e9\u00e9e<\/strong> et que vous proposez des activit\u00e9s pour les jeunes jusqu&rsquo;\u00e0 30 ans.<\/li>\n\n\n\n<li>Le b\u00e2timent doit avoir \u00e9t\u00e9 construit <strong>avant 2001<\/strong>.<\/li>\n\n\n\n<li>Le b\u00e2timent doit \u00eatre utilis\u00e9 <strong>au moins une fois par mois<\/strong> <strong>pour les activit\u00e9s<\/strong> des membres de l&rsquo;association (sportive) de jeunesse.<\/li>\n<\/ul>\n\n\n\n<h4 class=\"wp-block-heading\"><span class=\"ez-toc-section\" id=\"4_Ecoles_entreprises_et_etablissements_de_soins\"><\/span>4. \u00c9coles, entreprises et \u00e9tablissements de soins<span class=\"ez-toc-section-end\"><\/span><\/h4>\n\n\n\n<p>En tant <strong>qu&rsquo;\u00e9cole, entreprise ou \u00e9tablissement de soins<\/strong>, vous b\u00e9n\u00e9ficiez du soutien et des subventions de <strong>l&rsquo;OVAM<\/strong> (Soci\u00e9t\u00e9 publique flamande de gestion des d\u00e9chets). Cette organisation vise \u00e0 assurer une gestion durable des d\u00e9chets et des mat\u00e9riaux afin de garantir la bonne qualit\u00e9 des sols en Flandre.<\/p>\n\n\n\n<p><strong>Mesures de soutien<\/strong> : <\/p>\n\n\n\n<p>Le gouvernement flamand a mis en place les <strong>mesures de soutien<\/strong> suivantes pour les \u00e9coles, les entreprises et les \u00e9tablissements de soins :<\/p>\n\n\n\n<ul class=\"wp-block-list\">\n<li><strong>Subventions pour la collecte d&rsquo;amiante-ciment<\/strong> pour les PME (locales) ainsi que les exploitations agricoles et horticoles.<\/li>\n\n\n\n<li><strong>Des incitations \u00e0 investir dans des b\u00e2timents vacants ou n\u00e9glig\u00e9s<\/strong>. L&rsquo;Agence pour l&rsquo;innovation et l&rsquo;entrepreneuriat et le portail d&rsquo;information \u00ab Ondernemen \u00bb donnent un aper\u00e7u de toutes les subventions destin\u00e9es aux entreprises.<\/li>\n\n\n\n<li>Les <strong>\u00e9coles<\/strong> de Flandre peuvent faire <strong>financer int\u00e9gralement<\/strong> l&rsquo;inventaire de l&rsquo;amiante.&nbsp;<\/li>\n\n\n\n<li>L&rsquo;OVAM offre \u00e9galement un soutien financier pour le d\u00e9samiantage : <strong>50 % des co\u00fbts sont couverts<\/strong>.&nbsp;<\/li>\n\n\n\n<li>L&rsquo;OVAM propose \u00e9galement <strong>une formation gratuite sur les \u00ab op\u00e9rations simples \u00bb<\/strong> pour <strong>le personnel technique d&rsquo;entretien des \u00e9coles<\/strong>. \u00c0 l&rsquo;issue de ces cours, les employ\u00e9s acqui\u00e8rent des connaissances de base sur l&rsquo;amiante et ses diff\u00e9rentes applications. Ils sont en outre autoris\u00e9s \u00e0 d\u00e9samianter eux-m\u00eames sur la base de leur nouveau certificat valide.&nbsp;<\/li>\n\n\n\n<li><strong>Les administrations locales<\/strong> organisent des projets de d\u00e9mant\u00e8lement de l&rsquo;amiante. V\u00e9rifiez toujours si votre commune organise quelque chose et si votre \u00e9cole, entreprise ou \u00e9tablissement de soins est \u00e9ligible.<\/li>\n<\/ul>\n\n\n\n                <div class='bobex-cta-block' style='\n            --button-bg-color: #e13c0e;\n            --button-text-color: #ffffff;\n            --banner-bg-color: #aad4e6;\n            --arrow-main-bg-color: #aad4e6;\n            --arrow-secondary-bg-color: #e5f2f7;\n            --banner-title-color: #10375e;\n            --arrow-title-color: #10375e;\n            --banner-text-color: #545454;\n            --arrow-text-color: #545454;         \n            --invert-range: 0deg;\n        '>\n                    <div class='cta-banner'>\n                        <div class='h3'>Vous souhaitez obtenir des conseils personnalis\u00e9s d&rsquo;un sp\u00e9cialiste de l&rsquo;amiante ?\u00a0<\/div>\n                        <div class='text-color'>Demandez ici des conseils et des devis personnalis\u00e9s gratuits et sans engagement.\u00a0<\/div>\n                        <span>\n                            <img src='https:\/\/www.bobex.be\/wp-uploads\/sites\/2\/arrow-cta-box.png' alt='arrow' class='img-color'\/>\n                            <a class='cta-button-rounded' href=\"#ppp\">Recevez des devis gratuits<\/a>\n                        <\/span>   \n                    <\/div>\n                <\/div>\n\n\n<h3 class=\"wp-block-heading\"><span class=\"ez-toc-section\" id=\"Quelles_aides_existent_pour_le_desamiantage_a_Bruxelles\"><\/span>Quelles aides existent pour le d\u00e9samiantage \u00e0 Bruxelles ?<span class=\"ez-toc-section-end\"><\/span><\/h3>\n\n\n\n<p>\u00c0 ce jour, <strong>il n\u2019existe pas de prime sp\u00e9cifique au d\u00e9samiantage \u00e0 Bruxelles<\/strong>. Toutefois, certaines aides \u00e0 la r\u00e9novation \u00e9nerg\u00e9tique peuvent couvrir indirectement des travaux de r\u00e9novation en lien avec la s\u00e9curit\u00e9 du logement. Aucune majoration n\u2019est actuellement pr\u00e9vue pour le retrait de l\u2019amiante, mais <strong>des \u00e9volutions r\u00e9glementaires sont possibles<\/strong> dans les prochaines ann\u00e9es.<\/p>\n\n\n\n<p>Si vous \u00eates bruxellois, il est conseill\u00e9 de consulter r\u00e9guli\u00e8rement le site <strong><a href=\"https:\/\/renolution.brussels\/fr\" target=\"_blank\" rel=\"noreferrer noopener nofollow\">renolution.brussels<\/a><\/strong> pour suivre les annonces en mati\u00e8re d\u2019aides \u00e0 la r\u00e9novation.<\/p>\n\n\n\n<h3 class=\"wp-block-heading\"><span class=\"ez-toc-section\" id=\"Quelles_aides_existent_pour_le_desamiantage_en_Wallonie\"><\/span>Quelles aides existent pour le d\u00e9samiantage en Wallonie ?<span class=\"ez-toc-section-end\"><\/span><\/h3>\n\n\n\n<p>En Wallonie, <strong>aucune aide financi\u00e8re sp\u00e9cifique<\/strong> n\u2019est pr\u00e9vue pour le retrait de l\u2019amiante. Certaines aides \u00e0 la r\u00e9novation \u00e9nerg\u00e9tique peuvent parfois inclure des travaux d\u2019am\u00e9lioration de l\u2019enveloppe du b\u00e2timent, mais <strong>le d\u00e9samiantage seul n\u2019est pas couvert<\/strong>.<br>Des discussions sont en cours au niveau r\u00e9gional sur la gestion de l\u2019amiante dans les b\u00e2timents anciens. D\u2019ici quelques ann\u00e9es, il est possible que <strong>des incitants voient le jour<\/strong>, \u00e0 l\u2019image du mod\u00e8le flamand.<br>En attendant, vous pouvez contacter votre commune ou le <strong>guichet \u00c9nergie Wallonie<\/strong> pour v\u00e9rifier les aides disponibles.<\/p>\n\n\n\n<h2 class=\"wp-block-heading\"><span class=\"ez-toc-section\" id=\"Vous_souhaitez_en_savoir_plus_Demandez_conseil_a_des_specialistes_de_lamiante\"><\/span>Vous souhaitez en savoir plus ? Demandez conseil \u00e0 des sp\u00e9cialistes de l&rsquo;amiante<span class=\"ez-toc-section-end\"><\/span><\/h2>\n\n\n\n<p>Vous souhaitez en savoir plus sur <strong>les diff\u00e9rentes primes et mesures d&rsquo;aide (financi\u00e8re) pour le d\u00e9samiantage <\/strong>? Ou vous souhaitez b\u00e9n\u00e9ficier de <strong>conseils personnalis\u00e9s<\/strong> prodigu\u00e9s par des sp\u00e9cialistes de l&rsquo;amiante ?<\/p>\n\n\n\n<p>Remplissez le formulaire de devis ci-dessous. Vous serez ainsi mis en contact avec des entreprises de d\u00e9samiantage agr\u00e9\u00e9es de votre r\u00e9gion. Elles vous aideront \u00e0 faire le choix le mieux adapt\u00e9 \u00e0 votre situation.<\/p>\n\n\n<div id=\"ppp\" class=\"bob-form-wrapper\" data-ajax_url=\"https:\/\/www.bobex.be\/fr-be\/wp-admin\/admin-ajax.php\" data-fa_a=\"\" data-fa_b=\"\"><div class=\"loader\" aria-hidden=\"true\"><\/div>    <div>\n        <div class=\"row mx-auto mb-2\" style=\"max-width: 900px;\">\n            <div class=\"col-md-4\"><i class=\"mr-1 fas fa-check\" style=\"color:green;\"><\/i>Devis gratuits et rapides<\/div>\n            <div class=\"col-md-4\"><i class=\"mr-1 fas fa-check\" style=\"color:green;\"><\/i>Sans engagement et obligation<\/div>\n            <div class=\"col-md-4\"><i class=\"mr-1 fas fa-check\" style=\"color:green;\"><\/i>Professionnels agr\u00e9\u00e9s<\/div>\n        <\/div>\n    <\/div><div id=\"form-69f22b2225a67\" class=\"bob-form-container\" style=\"background-color: white; font-family: Roboto, sans-serif !important; font-size: 16px !important; color: #545454; box-shadow: 0 2px 10px rgba(0,0,0,0.1); --font_title: Poppins; --font_size_title: 20px; --title_bg_color: #175da6; --copyright_color: #fde8e1; --box_upload_color: #e5f2f7; padding:unset;\" data-form-type=\"inline\" data-form-id=\"69f22b2225a67\"><style>#form-69f22b2225a67 .bob-form-inline-question.even {\n  background-color: #e5f2f7;\n}\n#form-69f22b2225a67 .single_multiple.multiple_button {\n  background-color: #e5f2f7 !important;\n}\n#form-69f22b2225a67 .bob-form-inline-question--hidden {\n  display: none;\n}<\/style><div class=\"form-questions\"><form id=\"bob-form\" class=\"bob-form bob-form-tag\" method=\"post\" action=\"https:\/\/www.bobex.be\/fr-be\/wp-admin\/admin-ajax.php?action=bobex-form-validation\">    <div class=\"form-title\">\n        Formulez votre demande\n        <div class=\"form-title-info-line\">\n            R\u00e9pondez \u00e0 quelques questions et entrez en contact avec des sp\u00e9cialistes fiables. Nous vous demandons vos coordonn\u00e9es afin de s\u00e9lectionner les professionnels actifs dans votre r\u00e9gion.\n        <\/div>\n    <\/div><div class=\"form-questions bob-form-inline-question\"><div class=\"row\"><div class=\"question col-md-4\"><label>1*. De quel type de b\u00e2timent s&rsquo;agit-il ?<\/label><\/div><div class=\"answer col-md-8\"><div class=\"bob-form-radio d-flex\"><input type=\"radio\" class=\"inline-radio\" id=\"69f22b2225a67-input-0-1\" data-unique-id=\"69f22b2225a67\" name=\"XML_extra_radio2\" value=\"1\"  required=\"required\"><label for=\"69f22b2225a67-input-0-1\">Maison individuelle<\/label><\/div><div class=\"bob-form-radio d-flex\"><input type=\"radio\" class=\"inline-radio\" id=\"69f22b2225a67-input-0-2\" data-unique-id=\"69f22b2225a67\" name=\"XML_extra_radio2\" value=\"2\"  required=\"required\"><label for=\"69f22b2225a67-input-0-2\">Maison jumel\u00e9e \/ 3 fa\u00e7ades<\/label><\/div><div class=\"bob-form-radio d-flex\"><input type=\"radio\" class=\"inline-radio\" id=\"69f22b2225a67-input-0-3\" data-unique-id=\"69f22b2225a67\" name=\"XML_extra_radio2\" value=\"3\"  required=\"required\"><label for=\"69f22b2225a67-input-0-3\">Maison mitoyenne \/ 2 fa\u00e7ades<\/label><\/div><div class=\"bob-form-radio d-flex\"><input type=\"radio\" class=\"inline-radio\" id=\"69f22b2225a67-input-0-4\" data-unique-id=\"69f22b2225a67\" name=\"XML_extra_radio2\" value=\"4\"  required=\"required\"><label for=\"69f22b2225a67-input-0-4\">Appartement<\/label><\/div><div class=\"bob-form-radio d-flex\"><input type=\"radio\" class=\"inline-radio\" id=\"69f22b2225a67-input-0-5\" data-unique-id=\"69f22b2225a67\" name=\"XML_extra_radio2\" value=\"5\"  required=\"required\"><label for=\"69f22b2225a67-input-0-5\">Immeuble commercial ou bureau<\/label><\/div><div class=\"bob-form-radio d-flex\"><input type=\"radio\" class=\"inline-radio\" id=\"69f22b2225a67-input-0-6\" data-unique-id=\"69f22b2225a67\" name=\"XML_extra_radio2\" value=\"6\"  required=\"required\"><label for=\"69f22b2225a67-input-0-6\">Autre<\/label><\/div><\/div><\/div><\/div><div class=\"form-questions bob-form-inline-question even\"><div class=\"row\"><div class=\"question col-md-4\"><label>2*. O\u00f9 se situe l&#039;amiante dans le b\u00e2timent ?<\/label><\/div><div class=\"answer col-md-8\"><div class=\"bob-form-checkbox d-flex\"><input type=\"checkbox\" class=\"inline-checkbox bob-form-input\" id=\"69f22b2225a67-input-1-1\" data-unique-id=\"69f22b2225a67\" name=\"XML_extra_check[]\" value=\"1\"  required=\"required\" onclick=\"checkboxTurnChecked(this)\"><label for=\"69f22b2225a67-input-1-1\">Toiture (tuiles, ardoises, fibrociment)<\/label><\/div><div class=\"bob-form-checkbox d-flex\"><input type=\"checkbox\" class=\"inline-checkbox bob-form-input\" id=\"69f22b2225a67-input-1-2\" data-unique-id=\"69f22b2225a67\" name=\"XML_extra_check[]\" value=\"2\"  required=\"required\" onclick=\"checkboxTurnChecked(this)\"><label for=\"69f22b2225a67-input-1-2\">Isolation des murs ou plafonds<\/label><\/div><div class=\"bob-form-checkbox d-flex\"><input type=\"checkbox\" class=\"inline-checkbox bob-form-input\" id=\"69f22b2225a67-input-1-3\" data-unique-id=\"69f22b2225a67\" name=\"XML_extra_check[]\" value=\"3\"  required=\"required\" onclick=\"checkboxTurnChecked(this)\"><label for=\"69f22b2225a67-input-1-3\">Sols<\/label><\/div><div class=\"bob-form-checkbox d-flex\"><input type=\"checkbox\" class=\"inline-checkbox bob-form-input\" id=\"69f22b2225a67-input-1-4\" data-unique-id=\"69f22b2225a67\" name=\"XML_extra_check[]\" value=\"4\"  required=\"required\" onclick=\"checkboxTurnChecked(this)\"><label for=\"69f22b2225a67-input-1-4\">Tuyauteries (gaines, calorifugeage)<\/label><\/div><div class=\"bob-form-checkbox d-flex\"><input type=\"checkbox\" class=\"inline-checkbox bob-form-input\" id=\"69f22b2225a67-input-1-5\" data-unique-id=\"69f22b2225a67\" name=\"XML_extra_check[]\" value=\"5\"  required=\"required\" onclick=\"checkboxTurnChecked(this)\"><label for=\"69f22b2225a67-input-1-5\">Enduits, cr\u00e9pis ou peintures<\/label><\/div><div class=\"bob-form-checkbox d-flex\"><input type=\"checkbox\" class=\"inline-checkbox bob-form-input\" id=\"69f22b2225a67-input-1-6\" data-unique-id=\"69f22b2225a67\" name=\"XML_extra_check[]\" value=\"6\"  required=\"required\" onclick=\"checkboxTurnChecked(this)\"><label for=\"69f22b2225a67-input-1-6\">Cloisons ou faux plafonds<\/label><\/div><div class=\"bob-form-checkbox d-flex\"><input type=\"checkbox\" class=\"inline-checkbox bob-form-input\" id=\"69f22b2225a67-input-1-7\" data-unique-id=\"69f22b2225a67\" name=\"XML_extra_check[]\" value=\"7\"  required=\"required\" onclick=\"checkboxTurnChecked(this)\"><label for=\"69f22b2225a67-input-1-7\">Autre (\u00e0 pr\u00e9ciser)<\/label><\/div><\/div><\/div><\/div><div class=\"form-questions bob-form-inline-question\"><div class=\"row\"><div class=\"question col-md-4\"><label>3*. Quelle est l&rsquo;ann\u00e9e de construction du b\u00e2timent ?<\/label><\/div><div class=\"answer col-md-8\"><div class=\"bob-form-radio d-flex\"><input type=\"radio\" class=\"inline-radio\" id=\"69f22b2225a67-input-2-1\" data-unique-id=\"69f22b2225a67\" name=\"XML_extra_radio3\" value=\"1\"  required=\"required\"><label for=\"69f22b2225a67-input-2-1\">Avant 1945<\/label><\/div><div class=\"bob-form-radio d-flex\"><input type=\"radio\" class=\"inline-radio\" id=\"69f22b2225a67-input-2-2\" data-unique-id=\"69f22b2225a67\" name=\"XML_extra_radio3\" value=\"2\"  required=\"required\"><label for=\"69f22b2225a67-input-2-2\">1945-1998 (la plupart des cas)<\/label><\/div><div class=\"bob-form-radio d-flex\"><input type=\"radio\" class=\"inline-radio\" id=\"69f22b2225a67-input-2-3\" data-unique-id=\"69f22b2225a67\" name=\"XML_extra_radio3\" value=\"3\"  required=\"required\"><label for=\"69f22b2225a67-input-2-3\">Apr\u00e8s 1998<\/label><\/div><\/div><\/div><\/div><div class=\"form-questions bob-form-inline-question even\"><div class=\"row\"><div class=\"question col-md-4\"><label>4*. Quand souhaitez-vous ce service ?<\/label><\/div><div class=\"answer col-md-8\"><div class=\"bob-form-radio d-flex\"><input type=\"radio\" class=\"inline-radio\" id=\"69f22b2225a67-input-3-1\" data-unique-id=\"69f22b2225a67\" name=\"XML_extra_radio4\" value=\"1\"  required=\"required\"><label for=\"69f22b2225a67-input-3-1\">D\u00e8s que possible, dans un d\u00e9lai de 2 mois<\/label><\/div><div class=\"bob-form-radio d-flex\"><input type=\"radio\" class=\"inline-radio\" id=\"69f22b2225a67-input-3-2\" data-unique-id=\"69f22b2225a67\" name=\"XML_extra_radio4\" value=\"2\"  required=\"required\"><label for=\"69f22b2225a67-input-3-2\">Dans un d\u00e9lai de 2 \u00e0 4 mois<\/label><\/div><div class=\"bob-form-radio d-flex\"><input type=\"radio\" class=\"inline-radio\" id=\"69f22b2225a67-input-3-3\" data-unique-id=\"69f22b2225a67\" name=\"XML_extra_radio4\" value=\"3\"  required=\"required\"><label for=\"69f22b2225a67-input-3-3\">Dans un d\u00e9lai de 4 \u00e0 6 mois<\/label><\/div><\/div><\/div><\/div><div class=\"form-questions bob-form-inline-question\"><div class=\"d-flex flex-column\"><label class=\"question\" for=\"69f22b2225a67-input-4\">5. Information compl\u00e9mentaire<\/label><textarea class=\"bob-form-input\" name=\"XML_remarks\" id=\"69f22b2225a67-input-4\" data-unique-id=\"69f22b2225a67\"><\/textarea><\/div><\/div><div class=\"bob-inline-form bob-form-tag upload-box mb-3\">\n                    <div class=\"row\">\n                        <div class=\"col-md-12 mb-2 question\">Ajouter des photos ou des pi\u00e8ces jointes (en Option)<\/div>\n                        <div class=\"col-md-12\">\n                            <div class=\"box__input\" style=\"background-color: #e5f2f7;\"\n                                 ondrop=\"drop(event)\"\n                                 ondragover=\"allowDrop(event)\"\n                                 ondragleave=\"removeDropFx(event)\"\n                                >\n                                <input type=\"file\"\n                                       class=\"file__input\"\n                                       name=\"attachments[]\"\n                                       id=\"attachments\"\n                                       multiple=\"multiple\"\n                                       accept=\"image\/jpeg, image\/png, image\/gif, application\/pdf\"\n                                       data-multiple-caption=\"{count} files selected\">\n                                <div>\n                                    <label for=\"attachments\"><strong>S\u00e9lectionnez un fichier <\/strong>ou glissez-le ici<\/label>\n                                    <span class=\"box__button bobex-round-cta m-1 py-1\"\n                                          style=\"mix-blend-mode: luminosity\">\n                                        <i class=\"fas fa-cloud-upload-alt text-white\"><\/i>\n                                        T\u00e9l\u00e9charger\n                                    <\/span>\n                                <\/div>\n            \n                                <div class=\"row preview_wrapper m-0\"><\/div>\n                            <\/div>\n            \n                            <div class=\"box__uploading\">Uploading\u2026<\/div>\n                            <div class=\"box__success\">Done!<\/div>\n                            <div class=\"box__error\">Error! <span><\/span>.<\/div>\n                        <\/div>\n                    <\/div>\n                <\/div>    <div class=\"form-title\">\n        Vos donn\u00e9es\n    <\/div><div class=\"bob-form-contact-data\" style=\"padding: 20px\"><div class=\"row lead-info\"><div class=\"col-md-6 mb-3\">  <div class=\"form-group\">    <input value=\"\" type=\"text\" class=\"form-control\" id=\"firstName\" name=\"firstName\" placeholder=\"Pr\u00e9nom\" required>    <div class=\"valid-feedback\">Enchant\u00e9 !<\/div>    <div class=\"invalid-feedback\">Veuillez indiquer votre pr\u00e9nom<\/div>  <\/div><\/div><div class=\"col-md-6 mb-3\">  <div class=\"form-group\">    <input value=\"\" type=\"text\" class=\"form-control\" id=\"lastName\" name=\"lastName\" placeholder=\"Nom\" required>    <div class=\"valid-feedback\">Sympa<\/div>    <div class=\"invalid-feedback\">Veuillez indiquer votre nom de famille<\/div>  <\/div><\/div><div class=\"col-md-12 mb-3\">  <div class=\"form-group\">    <input value=\"\" type=\"email\" class=\"form-control\" id=\"email\" name=\"email\" placeholder=\"E-mail\" required style=\"max-width: unset;\">    <div class=\"valid-feedback\">C&rsquo;est tout bon<\/div>    <div class=\"invalid-feedback\">Veuillez indiquer une adresse e-mail valide<\/div>  <\/div><\/div><div class=\"col-md-12 mb-3\">  <div class=\"form-group\">    <input value=\"\" type=\"tel\" class=\"form-control\" id=\"phone\" name=\"phone\" placeholder=\"T\u00e9l\u00e9phone\" required style=\"max-width: unset;\">    <div class=\"valid-feedback\">Parfait<\/div>    <div class=\"invalid-feedback\">Veuillez indiquer un num\u00e9ro de t\u00e9l\u00e9phone valide<\/div>  <\/div><\/div><div class=\"col-md-12 mb-3\">  <div class=\"form-group\">    <input value=\"\" type=\"text\" class=\"form-control\" id=\"companyAddress\" name=\"companyAddress\" placeholder=\"Adresse\" required style=\"max-width: unset;\">    <div class=\"valid-feedback\">C&rsquo;est not\u00e9<\/div>    <div class=\"invalid-feedback\">Veuillez indiquer une adresse valide<\/div>  <\/div><\/div><div class=\"col-md-6 mb-3\">  <div class=\"form-group\">    <input value=\"\" type=\"text\" class=\"form-control\" id=\"companyPostalCode\" name=\"companyPostalCode\" placeholder=\"Code postal\" required>    <div class=\"valid-feedback\">Excellent !<\/div>    <div class=\"invalid-feedback\">Veuillez indiquer un code postal valide<\/div>  <\/div><\/div><div class=\"col-md-6 mb-3\">  <div class=\"form-group\">    <input value=\"\" type=\"text\" class=\"form-control\" id=\"companyCity\" name=\"companyCity\" placeholder=\"Ville\" required>    <div class=\"valid-feedback\">Bien jou\u00e9<\/div>    <div class=\"invalid-feedback\">Veuillez indiquer une ville valide<\/div>  <\/div><\/div><div class=\"d-flex mt-3\"><input name=\"promoOptin\" value=\"true\" id=\"promoOptin\" type=\"checkbox\" class=\"me-2\" style=\"width: unset\"><label for=\"promoOptin\">Je souhaite rester inform\u00e9 de ma demande et recevoir des conseils pratiques (fortement recommand\u00e9 !) <\/label><\/div><\/div><\/div><input type=\"hidden\" class=\"session_var\" name=\"newform\" value=\"true\"><input type=\"hidden\" class=\"session_var\" name=\"lead-validation-nonce\" value=\"24cd3332a7\"><input type=\"hidden\" class=\"session_var\" name=\"aff\" value=\"minisite\"><input type=\"hidden\" class=\"session_var\" name=\"utm_source\" value=\"https:\/\/www.bobex.be\/fr-be\/wp-json\/v2\/content\/211361\"><input type=\"hidden\" class=\"session_var\" name=\"bobx\" value=\"\"><input type=\"hidden\" class=\"session_var\" name=\"sessionType\" value=\"B2C\"><input type=\"hidden\" class=\"session_var\" name=\"utm_medium\" value=\"web\"><input type=\"hidden\" class=\"session_var\" name=\"utm_campaign\" value=\"search\"><input type=\"hidden\" class=\"session_var\" name=\"rem_source\" value=\"https:\/\/www.bobex.be\/fr-be\/enlevement-de-lamiante\/primes-desamiantage\/\"><input type=\"hidden\" class=\"session_var\" name=\"pixel_id\" value=\"-1\"><input type=\"hidden\" class=\"session_var\" name=\"tabo_id\" value=\"-1\"><input type=\"hidden\" class=\"session_var\" name=\"click_id\" value=\"-1\"><input type=\"hidden\" class=\"session_var\" name=\"gclid\" value=\"-1\"><input type=\"hidden\" class=\"session_var\" name=\"msclkid\" value=\"-1\"><input type=\"hidden\" class=\"session_var\" name=\"past_aff\" value=\"bobex\"><input type=\"hidden\" class=\"session_var\" name=\"redirectTo\" value=\"BE\"><input type=\"hidden\" class=\"session_var\" name=\"is_type_id\" value=\"true\"><input type=\"hidden\" class=\"session_var\" name=\"typeid\" value=\"100045\"><input type=\"hidden\" class=\"session_var\" name=\"companyType\" value=\"label.companytype.consumer\"><input type=\"hidden\" class=\"session_var\" name=\"input_names\" value=\"XML_extra_radio2,XML_extra_check,XML_extra_radio3,XML_extra_radio4,XML_remarks\"><input type=\"hidden\" class=\"form_context\" value=\"BE\"><img decoding=\"async\" class=\"bobex-pixel\" src=\"\" alt=\"\" style=\"display:none\" \/>    <div class=\"bob-form-submit d-flex justify-content-center\">\n        <button type=\"submit\" class=\"form-submit\" style=\"background-color: #F1653A; color: white; border: none !important; border-radius: 5px !important; font-family: Roboto, sans-serif; font-size: 16px;\">\n            Demander un devis\n        <\/button>\n    <\/div>    <div class=\"bob-inline-form form-footer\" style=\"border-radius: 0 0 10px 10px\">\n        <div class=\"bob-form-privacy-text\">\n            <div style=\"float:left;\"><i class=\"fa fa-lock\"><\/i><\/div>\n            <div class=\"ms-2\">\n                <div style='padding-left: 15px;font-size: 0.8em !important;z-index: 10;'><b>Nous respectons votre vie priv\u00e9e<\/b><br> Conform\u00e9ment \u00e0 la loi du 8\/12\/1992 relative \u00e0 la protection de la vie priv\u00e9e, vous disposez d&rsquo;un droit d&rsquo;acc\u00e8s et de rectification \u00e0 vos donn\u00e9es. Pour en savoir plus, consultez notre <span class=\"link_ob\" data-link=\"aHR0cHM6Ly93d3cuYm9iZXguYmUvZnItYmUvcHJvdGVjdGlvbi1kZS1sYS12aWUtcHJpdmVlLw==\" target=\"_blank\">charte sur la vie priv\u00e9e<\/span>.<\/div>\n                \n            <\/div>\n        <\/div>\n    <\/div><\/form><\/div><div class=\"multiple_mini hidden\" data-lead_id=\"\"><p class=\"multiple-title\">Merci d&rsquo;avoir pris le temps de remplir ce formulaire<\/p><p>Nous vous contacterons d\u00e8s que possible pour vous orienter vers le meilleur sp\u00e9cialiste correspondant \u00e0 votre demande.<\/p><div class=\"multiple_wrapper\"><div class=\"loader\"><\/div><p class=\"multiple-title\">Vous cherchez d&rsquo;autres services ?<\/p><p class=\"multiple_text\">Vous souhaitez comparer d&rsquo;autres devis ou explorer d&rsquo;autres services ? Faites-le nous savoir et nous vous mettrons rapidement en relation<\/p><div class=\"multiple_container\"><div class=\"single_multiple multiple_button\" data-typeid=\"12005\"><i class=\"fa-3x cat icon-12005\"><\/i><span class=\"multiple_name\">R\u00e9novation totale (entrepreneurs)<\/span><\/div><div class=\"single_multiple multiple_button\" data-typeid=\"11962\"><i class=\"fa-3x cat icon-11962\"><\/i><span class=\"multiple_name\">Travaux de toiture<\/span><\/div><div class=\"single_multiple multiple_button\" data-typeid=\"11427\"><i class=\"fa-3x cat icon-11427\"><\/i><span class=\"multiple_name\">Isolation<\/span><\/div><div class=\"single_multiple multiple_button\" data-typeid=\"11406\"><i class=\"fa-3x cat icon-11406\"><\/i><span class=\"multiple_name\">Syst\u00e8me d&rsquo;alarme<\/span><\/div><div class=\"single_multiple multiple_button\" data-typeid=\"30007\"><i class=\"fa-3x cat icon-30007\"><\/i><span class=\"multiple_name\">Chauffage central<\/span><\/div><div class=\"single_multiple multiple_button\" data-typeid=\"100015\"><i class=\"fa-3x cat icon-100015\"><\/i><span class=\"multiple_name\">D\u00e9capage, sablage<\/span><\/div><\/div><\/div><\/div><\/div><\/div>\n\n\n<h2 class=\"wp-block-heading\"><span class=\"ez-toc-section\" id=\"FAQ_nous_repondons_a_vos_questions\"><\/span>FAQ : nous r\u00e9pondons \u00e0 vos questions !<span class=\"ez-toc-section-end\"><\/span><\/h2>\n\n\n\n<p>Vous vous posez encore quelques questions sur les primes pour le d\u00e9samiantage et leurs conditions ? Nous y r\u00e9pondons ci-dessous !<\/p>\n\n\n\n<div class=\"wp-block-bobex-frequently-asked-questions bobex-faq-main-wrapper\">\n            <div class=\"bobex-simple-question-answer-block\">\n                <div class=\"bobex-simple-question-answer-block__question\" style=\"background-color: #63b0d1!important; color: white!important;\">\n                    <h3 style=\"color: white!important; margin:unset; font-size:1.2rem;\" class=\"bobex-simple-question-answer-block__question__content\"><span class=\"ez-toc-section\" id=\"Est-il_possible_de_beneficier_dun_desamiantage_gratuit\"><\/span>Est-il possible de b\u00e9n\u00e9ficier d&rsquo;un d\u00e9samiantage gratuit ?<span class=\"ez-toc-section-end\"><\/span><\/h3>\n                    <div class=\"bobex-simple-question-answer-block__question__toggle\">+<\/div>\n                <\/div>\n                <div class=\"bobex-simple-question-answer-block__answer\" style=\"background-color: !important; color: black!important;\">\n                    <div class=\"bobex-simple-question-answer-block__answer__content\">Non, le d\u00e9samiantage n&rsquo;est pas gratuit. Sous certaines conditions, des groupes cibles sp\u00e9cifiques peuvent toutefois demander une prime par m\u00e8tre carr\u00e9. Il est \u00e9galement possible que votre administration locale organise un projet de d\u00e9samiantage auquel vous pouvez participer.\u00a0<\/div>\n                    <div>\n<div class=\"wp-block-bobex-simple-question-answer\"><\/div>\n<\/div>\n                <\/div>\n            <\/div>\n        \n\n\n            <div class=\"bobex-simple-question-answer-block\">\n                <div class=\"bobex-simple-question-answer-block__question\" style=\"background-color: #63b0d1!important; color: white!important;\">\n                    <h3 style=\"color: white!important; margin:unset; font-size:1.2rem;\" class=\"bobex-simple-question-answer-block__question__content\"><span class=\"ez-toc-section\" id=\"Ou_demander_une_prime_pour_le_desamiantage_en_Flandre\"><\/span>O\u00f9 demander une prime pour le d\u00e9samiantage en Flandre ?<span class=\"ez-toc-section-end\"><\/span><\/h3>\n                    <div class=\"bobex-simple-question-answer-block__question__toggle\">+<\/div>\n                <\/div>\n                <div class=\"bobex-simple-question-answer-block__answer\" style=\"background-color: !important; color: black!important;\">\n                    <div class=\"bobex-simple-question-answer-block__answer__content\">Depuis le 1er janvier 2021, le gouvernement flamand pr\u00e9voit des primes pour le d\u00e9samiantage, entre autres, des maisons, des \u00e9coles, des entreprises, des \u00e9tablissements de soins, etc. Vous pouvez demander cette prime aupr\u00e8s du gestionnaire de r\u00e9seau Fluvius. Veuillez noter que vous devez remplir certaines conditions pour pouvoir b\u00e9n\u00e9ficier de la prime.\u00a0<\/div>\n                    <div>\n<div class=\"wp-block-bobex-simple-question-answer\"><\/div>\n<\/div>\n                <\/div>\n            <\/div>\n        \n\n\n            <div class=\"bobex-simple-question-answer-block\">\n                <div class=\"bobex-simple-question-answer-block__question\" style=\"background-color: #63b0d1!important; color: white!important;\">\n                    <h3 style=\"color: white!important; margin:unset; font-size:1.2rem;\" class=\"bobex-simple-question-answer-block__question__content\"><span class=\"ez-toc-section\" id=\"Combien_coute_le_desamiantage_de_200_m%C2%B2_de_plaques_damiante_ou_de_toles_ondulees\"><\/span>Combien co\u00fbte le d\u00e9samiantage de 200 m\u00b2 de plaques d&rsquo;amiante ou de t\u00f4les ondul\u00e9es ?<span class=\"ez-toc-section-end\"><\/span><\/h3>\n                    <div class=\"bobex-simple-question-answer-block__question__toggle\">+<\/div>\n                <\/div>\n                <div class=\"bobex-simple-question-answer-block__answer\" style=\"background-color: !important; color: black!important;\">\n                    <div class=\"bobex-simple-question-answer-block__answer__content\">Le co\u00fbt du retrait des plaques (ondul\u00e9es) contenant de l&rsquo;amiante d\u00e9pend de la taille des plaques. Au-del\u00e0 de 100 m\u00b2, vous payez entre 13 et 14 euros par m\u00b2. Pour 200 m\u00b2, vous payez donc entre 2.600 et 2.800 euros.\u00a0<\/div>\n                    <div>\n<div class=\"wp-block-bobex-simple-question-answer\"><\/div>\n<\/div>\n                <\/div>\n            <\/div>\n        \n\n\n            <div class=\"bobex-simple-question-answer-block\">\n                <div class=\"bobex-simple-question-answer-block__question\" style=\"background-color: #63b0d1!important; color: white!important;\">\n                    <h3 style=\"color: white!important; margin:unset; font-size:1.2rem;\" class=\"bobex-simple-question-answer-block__question__content\"><span class=\"ez-toc-section\" id=\"Faut-il_retirer_lamiante_de_la_toiture_ou_non\"><\/span>Faut-il retirer l&rsquo;amiante de la toiture ou non ?<span class=\"ez-toc-section-end\"><\/span><\/h3>\n                    <div class=\"bobex-simple-question-answer-block__question__toggle\">+<\/div>\n                <\/div>\n                <div class=\"bobex-simple-question-answer-block__answer\" style=\"background-color: !important; color: black!important;\">\n                    <div class=\"bobex-simple-question-answer-block__answer__content\">L&rsquo;<a href=\"https:\/\/www.bobex.be\/fr-be\/enlevement-de-lamiante\/dangers-amiante\/\" target=\"_blank\" rel=\"noreferrer noopener\">amiante est dangereux<\/a> pour la sant\u00e9. Il est donc important de l&rsquo;enlever de votre toiture et d&rsquo;autres endroits potentiels. Il y a de fortes chances que votre maison contienne de l&rsquo;amiante si elle a \u00e9t\u00e9 construite ou r\u00e9nov\u00e9e avant 2001.\u00a0<\/div>\n                    <div>\n<div class=\"wp-block-bobex-simple-question-answer\"><\/div>\n<\/div>\n                <\/div>\n            <\/div>\n        <\/div>\n\n                    <script type=\"application\/ld+json\">\n                        {\"@context\":\"https:\\\/\\\/schema.org\",\"@type\":\"FAQPage\",\"mainEntity\":[{\"@type\":\"Question\",\"name\":\"Est-il possible de b\\u00e9n\\u00e9ficier d'un d\\u00e9samiantage gratuit ?\",\"acceptedAnswer\":{\"@type\":\"Answer\",\"text\":\"Non, le d\\u00e9samiantage n'est pas gratuit. Sous certaines conditions, des groupes cibles sp\\u00e9cifiques peuvent toutefois demander une prime par m\\u00e8tre carr\\u00e9. Il est \\u00e9galement possible que votre administration locale organise un projet de d\\u00e9samiantage auquel vous pouvez participer.\\u00a0\"}},{\"@type\":\"Question\",\"name\":\"O\\u00f9 demander une prime pour le d\\u00e9samiantage en Flandre ?\",\"acceptedAnswer\":{\"@type\":\"Answer\",\"text\":\"Depuis le 1er janvier 2021, le gouvernement flamand pr\\u00e9voit des primes pour le d\\u00e9samiantage, entre autres, des maisons, des \\u00e9coles, des entreprises, des \\u00e9tablissements de soins, etc. Vous pouvez demander cette prime aupr\\u00e8s du gestionnaire de r\\u00e9seau Fluvius. Veuillez noter que vous devez remplir certaines conditions pour pouvoir b\\u00e9n\\u00e9ficier de la prime.\\u00a0\"}},{\"@type\":\"Question\",\"name\":\"Combien co\\u00fbte le d\\u00e9samiantage de 200 m\\u00b2 de plaques d'amiante ou de t\\u00f4les ondul\\u00e9es ?\",\"acceptedAnswer\":{\"@type\":\"Answer\",\"text\":\"Le co\\u00fbt du retrait des plaques (ondul\\u00e9es) contenant de l'amiante d\\u00e9pend de la taille des plaques. Au-del\\u00e0 de 100 m\\u00b2, vous payez entre 13 et 14 euros par m\\u00b2. Pour 200 m\\u00b2, vous payez donc entre 2.600 et 2.800 euros.\\u00a0\"}},{\"@type\":\"Question\",\"name\":\"Faut-il retirer l'amiante de la toiture ou non ?\",\"acceptedAnswer\":{\"@type\":\"Answer\",\"text\":\"L'<a href=\\\"https:\\\/\\\/www.bobex.be\\\/fr-be\\\/enlevement-de-lamiante\\\/dangers-amiante\\\/\\\" target=\\\"_blank\\\" rel=\\\"noreferrer noopener\\\">amiante est dangereux<\\\/a> pour la sant\\u00e9. Il est donc important de l'enlever de votre toiture et d'autres endroits potentiels. Il y a de fortes chances que votre maison contienne de l'amiante si elle a \\u00e9t\\u00e9 construite ou r\\u00e9nov\\u00e9e avant 2001.\\u00a0\"}}]}\n                    <\/script>\n                ","protected":false},"featured_media":0,"parent":0,"template":"","meta":{"business":"46648","footnotes":""},"class_list":["post-211361","content","type-content","status-publish","hentry"],"_links":{"self":[{"href":"https:\/\/www.bobex.be\/fr-be\/wp-json\/wp\/v2\/content\/211361","targetHints":{"allow":["GET"]}}],"collection":[{"href":"https:\/\/www.bobex.be\/fr-be\/wp-json\/wp\/v2\/content"}],"about":[{"href":"https:\/\/www.bobex.be\/fr-be\/wp-json\/wp\/v2\/types\/content"}],"version-history":[{"count":8,"href":"https:\/\/www.bobex.be\/fr-be\/wp-json\/wp\/v2\/content\/211361\/revisions"}],"predecessor-version":[{"id":220803,"href":"https:\/\/www.bobex.be\/fr-be\/wp-json\/wp\/v2\/content\/211361\/revisions\/220803"}],"wp:attachment":[{"href":"https:\/\/www.bobex.be\/fr-be\/wp-json\/wp\/v2\/media?parent=211361"}],"curies":[{"name":"wp","href":"https:\/\/api.w.org\/{rel}","templated":true}]}}