{"id":197308,"date":"2025-05-15T11:46:53","date_gmt":"2025-05-15T11:46:53","guid":{"rendered":"https:\/\/www.bobex.be\/fr-be\/?post_type=content&#038;p=197308"},"modified":"2026-01-19T16:08:46","modified_gmt":"2026-01-19T16:08:46","slug":"climatisation-dans-les-combles","status":"publish","type":"content","link":"https:\/\/www.bobex.be\/fr-be\/air-conditionne\/installation\/climatisation-dans-les-combles\/","title":{"rendered":"Climatisation sous toiture : solutions et conseils pour bien choisir"},"content":{"rendered":"\n<div id=\"ez-toc-container\" class=\"ez-toc-v2_0_82_2 counter-hierarchy ez-toc-counter ez-toc-grey ez-toc-container-direction\">\n<div class=\"ez-toc-title-container\">\n<p class=\"ez-toc-title\" style=\"cursor:inherit\">Sommaire<\/p>\n<span class=\"ez-toc-title-toggle\"><a href=\"#\" class=\"ez-toc-pull-right ez-toc-btn ez-toc-btn-xs ez-toc-btn-default ez-toc-toggle\" aria-label=\"Toggle Table of Content\"><span class=\"ez-toc-js-icon-con\"><span class=\"\"><span class=\"eztoc-hide\" style=\"display:none;\">Toggle<\/span><span class=\"ez-toc-icon-toggle-span\"><svg style=\"fill: #999;color:#999\" xmlns=\"http:\/\/www.w3.org\/2000\/svg\" class=\"list-377408\" width=\"20px\" height=\"20px\" viewBox=\"0 0 24 24\" fill=\"none\"><path d=\"M6 6H4v2h2V6zm14 0H8v2h12V6zM4 11h2v2H4v-2zm16 0H8v2h12v-2zM4 16h2v2H4v-2zm16 0H8v2h12v-2z\" fill=\"currentColor\"><\/path><\/svg><svg style=\"fill: #999;color:#999\" class=\"arrow-unsorted-368013\" xmlns=\"http:\/\/www.w3.org\/2000\/svg\" width=\"10px\" height=\"10px\" viewBox=\"0 0 24 24\" version=\"1.2\" baseProfile=\"tiny\"><path d=\"M18.2 9.3l-6.2-6.3-6.2 6.3c-.2.2-.3.4-.3.7s.1.5.3.7c.2.2.4.3.7.3h11c.3 0 .5-.1.7-.3.2-.2.3-.5.3-.7s-.1-.5-.3-.7zM5.8 14.7l6.2 6.3 6.2-6.3c.2-.2.3-.5.3-.7s-.1-.5-.3-.7c-.2-.2-.4-.3-.7-.3h-11c-.3 0-.5.1-.7.3-.2.2-.3.5-.3.7s.1.5.3.7z\"\/><\/svg><\/span><\/span><\/span><\/a><\/span><\/div>\n<nav><ul class='ez-toc-list ez-toc-list-level-1 eztoc-toggle-hide-by-default' ><li class='ez-toc-page-1 ez-toc-heading-level-2'><a class=\"ez-toc-link ez-toc-heading-1\" href=\"https:\/\/www.bobex.be\/fr-be\/air-conditionne\/installation\/climatisation-dans-les-combles\/#Quelle_climatisation_convient_pour_les_combles\" >Quelle climatisation convient pour les combles ?<\/a><ul class='ez-toc-list-level-3' ><li class='ez-toc-heading-level-3'><a class=\"ez-toc-link ez-toc-heading-2\" href=\"https:\/\/www.bobex.be\/fr-be\/air-conditionne\/installation\/climatisation-dans-les-combles\/#Installer_une_climatisation_avec_unite_exterieure_dans_les_combles_ou_grenier\" >Installer une climatisation avec unit\u00e9 ext\u00e9rieure dans les combles ou grenier&nbsp;<\/a><ul class='ez-toc-list-level-4' ><li class='ez-toc-heading-level-4'><a class=\"ez-toc-link ez-toc-heading-3\" href=\"https:\/\/www.bobex.be\/fr-be\/air-conditionne\/installation\/climatisation-dans-les-combles\/#Climatisation_mono-split_pour_rafraichir_les_combles\" >Climatisation mono-split pour rafra\u00eechir les combles<\/a><\/li><li class='ez-toc-page-1 ez-toc-heading-level-4'><a class=\"ez-toc-link ez-toc-heading-4\" href=\"https:\/\/www.bobex.be\/fr-be\/air-conditionne\/installation\/climatisation-dans-les-combles\/#Climatisation_multi-split_pour_rafraichir_toute_la_maison_ou_plusieurs_pieces\" >Climatisation multi-split pour rafra\u00eechir toute la maison ou plusieurs pi\u00e8ces<\/a><\/li><li class='ez-toc-page-1 ez-toc-heading-level-4'><a class=\"ez-toc-link ez-toc-heading-5\" href=\"https:\/\/www.bobex.be\/fr-be\/air-conditionne\/installation\/climatisation-dans-les-combles\/#Climatisation_centrale_pour_rafraichir_tout_le_batiment\" >Climatisation centrale pour rafra\u00eechir tout le b\u00e2timent<\/a><\/li><li class='ez-toc-page-1 ez-toc-heading-level-4'><a class=\"ez-toc-link ez-toc-heading-6\" href=\"https:\/\/www.bobex.be\/fr-be\/air-conditionne\/installation\/climatisation-dans-les-combles\/#Clim_reversible_ideale_pour_les_greniers_et_combles_amenages\" >Clim r\u00e9versible : id\u00e9ale pour les greniers et combles am\u00e9nag\u00e9s<\/a><\/li><\/ul><\/li><li class='ez-toc-page-1 ez-toc-heading-level-3'><a class=\"ez-toc-link ez-toc-heading-7\" href=\"https:\/\/www.bobex.be\/fr-be\/air-conditionne\/installation\/climatisation-dans-les-combles\/#Installer_un_climatiseur_sans_unite_exterieure_sous_la_toiture\" >Installer un climatiseur sans unit\u00e9 ext\u00e9rieure sous la toiture<\/a><ul class='ez-toc-list-level-4' ><li class='ez-toc-heading-level-4'><a class=\"ez-toc-link ez-toc-heading-8\" href=\"https:\/\/www.bobex.be\/fr-be\/air-conditionne\/installation\/climatisation-dans-les-combles\/#Climatiseur_monobloc_ou_fixe\" >Climatiseur monobloc ou fixe&nbsp;<\/a><\/li><li class='ez-toc-page-1 ez-toc-heading-level-4'><a class=\"ez-toc-link ez-toc-heading-9\" href=\"https:\/\/www.bobex.be\/fr-be\/air-conditionne\/installation\/climatisation-dans-les-combles\/#Climatiseur_mobile\" >Climatiseur mobile<\/a><\/li><\/ul><\/li><\/ul><\/li><li class='ez-toc-page-1 ez-toc-heading-level-2'><a class=\"ez-toc-link ez-toc-heading-10\" href=\"https:\/\/www.bobex.be\/fr-be\/air-conditionne\/installation\/climatisation-dans-les-combles\/#Quelle_est_la_meilleure_option_pour_votre_grenier_une_climatisation_avec_ou_sans_unite_exterieure\" >Quelle est la meilleure option pour votre grenier : une climatisation avec ou sans unit\u00e9 ext\u00e9rieure ?<\/a><\/li><li class='ez-toc-page-1 ez-toc-heading-level-2'><a class=\"ez-toc-link ez-toc-heading-11\" href=\"https:\/\/www.bobex.be\/fr-be\/air-conditionne\/installation\/climatisation-dans-les-combles\/#Cout_des_differents_types_de_climatisation_pour_les_combles\" >Co\u00fbt des diff\u00e9rents types de climatisation pour les combles<\/a><\/li><li class='ez-toc-page-1 ez-toc-heading-level-2'><a class=\"ez-toc-link ez-toc-heading-12\" href=\"https:\/\/www.bobex.be\/fr-be\/air-conditionne\/installation\/climatisation-dans-les-combles\/#Pourquoi_les_combles_sous_un_toit_en_pente_deviennent_vite_trop_chauds_ou_trop_froids\" >Pourquoi les combles sous un toit en pente deviennent vite trop chauds ou trop froids ?<\/a><ul class='ez-toc-list-level-3' ><li class='ez-toc-heading-level-3'><a class=\"ez-toc-link ez-toc-heading-13\" href=\"https:\/\/www.bobex.be\/fr-be\/air-conditionne\/installation\/climatisation-dans-les-combles\/#Les_risques_dune_chaleur_excessive_ou_dun_manque_de_ventilation_dans_les_combles\" >Les risques d\u2019une chaleur excessive ou d\u2019un manque de ventilation dans les combles<\/a><\/li><\/ul><\/li><li class='ez-toc-page-1 ez-toc-heading-level-2'><a class=\"ez-toc-link ez-toc-heading-14\" href=\"https:\/\/www.bobex.be\/fr-be\/air-conditionne\/installation\/climatisation-dans-les-combles\/#Ou_installer_les_unites_exterieures_dun_climatiseur\" >O\u00f9 installer les unit\u00e9s ext\u00e9rieures d&rsquo;un climatiseur ?<\/a><\/li><li class='ez-toc-page-1 ez-toc-heading-level-2'><a class=\"ez-toc-link ez-toc-heading-15\" href=\"https:\/\/www.bobex.be\/fr-be\/air-conditionne\/installation\/climatisation-dans-les-combles\/#Conseil_pensez_aussi_a_une_meilleure_isolation_des_combles\" >Conseil : pensez aussi \u00e0 une meilleure isolation des combles<\/a><\/li><li class='ez-toc-page-1 ez-toc-heading-level-2'><a class=\"ez-toc-link ez-toc-heading-16\" href=\"https:\/\/www.bobex.be\/fr-be\/air-conditionne\/installation\/climatisation-dans-les-combles\/#A_la_recherche_du_systeme_de_climatisation_ideal_Comparez_les_options_et_les_prix_personnalises\" >\u00c0 la recherche du syst\u00e8me de climatisation id\u00e9al ? Comparez les options et les prix personnalis\u00e9s<\/a><\/li><li class='ez-toc-page-1 ez-toc-heading-level-2'><a class=\"ez-toc-link ez-toc-heading-17\" href=\"https:\/\/www.bobex.be\/fr-be\/air-conditionne\/installation\/climatisation-dans-les-combles\/#Vos_questions_frequentes_sur_les_systemes_de_climatisation\" >Vos questions fr\u00e9quentes sur les syst\u00e8mes de climatisation<\/a><ul class='ez-toc-list-level-3' ><li class='ez-toc-heading-level-3'><a class=\"ez-toc-link ez-toc-heading-18\" href=\"https:\/\/www.bobex.be\/fr-be\/air-conditionne\/installation\/climatisation-dans-les-combles\/#Puis-je_placer_lunite_exterieure_de_ma_clim_dans_le_garage\" >Puis-je placer l&rsquo;unit\u00e9 ext\u00e9rieure de ma clim dans le garage ?<\/a><\/li><li class='ez-toc-page-1 ez-toc-heading-level-3'><a class=\"ez-toc-link ez-toc-heading-19\" href=\"https:\/\/www.bobex.be\/fr-be\/air-conditionne\/installation\/climatisation-dans-les-combles\/#Quel_type_de_climatiseur_installer_dans_une_chambre_avec_velux\" >Quel type de climatiseur installer dans une chambre avec velux ?<\/a><\/li><li class='ez-toc-page-1 ez-toc-heading-level-3'><a class=\"ez-toc-link ez-toc-heading-20\" href=\"https:\/\/www.bobex.be\/fr-be\/air-conditionne\/installation\/climatisation-dans-les-combles\/#Existe-t-il_des_aides_financieres_ou_des_primes_pour_linstallation_dun_climatiseur\" >Existe-t-il des aides financi\u00e8res ou des primes pour l&rsquo;installation d&rsquo;un climatiseur ?<\/a><\/li><li class='ez-toc-page-1 ez-toc-heading-level-3'><a class=\"ez-toc-link ez-toc-heading-21\" href=\"https:\/\/www.bobex.be\/fr-be\/air-conditionne\/installation\/climatisation-dans-les-combles\/#Comment_reduire_la_chaleur_sur_les_toits_et_peut-on_installer_un_climatiseur_sur_ceux-ci\" >Comment r\u00e9duire la chaleur sur les toits et peut-on installer un climatiseur sur ceux-ci\u00a0?<\/a><\/li><li class='ez-toc-page-1 ez-toc-heading-level-3'><a class=\"ez-toc-link ez-toc-heading-22\" href=\"https:\/\/www.bobex.be\/fr-be\/air-conditionne\/installation\/climatisation-dans-les-combles\/#Ou_ne_doit-on_pas_placer_une_unite_de_condensation_exterieure\" >O\u00f9 ne doit-on pas placer une unit\u00e9 de condensation ext\u00e9rieure ?<\/a><\/li><\/ul><\/li><\/ul><\/nav><\/div>\n<h2 class=\"wp-block-heading\"><span class=\"ez-toc-section\" id=\"Quelle_climatisation_convient_pour_les_combles\"><\/span><strong>Quelle climatisation convient pour les combles ?<\/strong><span class=\"ez-toc-section-end\"><\/span><\/h2>\n\n\n\n<p>Il existe plusieurs types d&rsquo;<a href=\"https:\/\/www.bobex.be\/fr-be\/air-conditionne\/\" target=\"_blank\" rel=\"noreferrer noopener\">air conditionn\u00e9<\/a> que vous pouvez installer dans un grenier, m\u00eame sous un toit inclin\u00e9. En principe, vous avez le choix entre <strong>cinq types de <\/strong><a href=\"https:\/\/www.bobex.be\/fr-be\/air-conditionne\/systeme-de-climatisation\/\" target=\"_blank\" rel=\"noreferrer noopener\"><strong>syst\u00e8mes<\/strong> de climatisation<\/a> adapt\u00e9s aux combles : <strong>deux syst\u00e8mes sans unit\u00e9 ext\u00e9rieure<\/strong> et <strong>trois syst\u00e8mes avec unit\u00e9 ext\u00e9rieure<\/strong>.<\/p>\n\n\n\n<h3 class=\"wp-block-heading\"><span class=\"ez-toc-section\" id=\"Installer_une_climatisation_avec_unite_exterieure_dans_les_combles_ou_grenier\"><\/span>Installer une climatisation avec unit\u00e9 ext\u00e9rieure dans les combles ou grenier&nbsp;<span class=\"ez-toc-section-end\"><\/span><\/h3>\n\n\n\n<p>Il existe 3 syst\u00e8mes de climatisation avec unit\u00e9 ext\u00e9rieure :<\/p>\n\n\n\n<h4 class=\"wp-block-heading\"><span class=\"ez-toc-section\" id=\"Climatisation_mono-split_pour_rafraichir_les_combles\"><\/span>Climatisation mono-split pour rafra\u00eechir les combles<span class=\"ez-toc-section-end\"><\/span><\/h4>\n\n\n\n<p>Un syst\u00e8me de climatisation mono-split se compose d\u2019une unit\u00e9 ext\u00e9rieure et d\u2019une unit\u00e9 int\u00e9rieure. L\u2019unit\u00e9 int\u00e9rieure peut \u00eatre install\u00e9e, par exemple, au plafond du grenier. Elle est reli\u00e9e \u00e0 l\u2019unit\u00e9 ext\u00e9rieure, qui se place \u00e0 l\u2019ext\u00e9rieur des combles, sur un toit plat ou en pente.<\/p>\n\n\n\n<p>Ce syst\u00e8me permet de <strong>rafra\u00eechir ou chauffer uniquement la pi\u00e8ce sous toit<\/strong>.<\/p>\n\n\n\n<h4 class=\"wp-block-heading\"><span class=\"ez-toc-section\" id=\"Climatisation_multi-split_pour_rafraichir_toute_la_maison_ou_plusieurs_pieces\"><\/span>Climatisation multi-split pour rafra\u00eechir toute la maison ou plusieurs pi\u00e8ces<span class=\"ez-toc-section-end\"><\/span><\/h4>\n\n\n\n<p>Le <a href=\"https:\/\/www.bobex.be\/fr-be\/air-conditionne\/installation\/climatisation-pour-plusieurs-pieces\/\" target=\"_blank\" rel=\"noreferrer noopener\">syst\u00e8me multi-split<\/a> comprend une unit\u00e9 ext\u00e9rieure et plusieurs unit\u00e9s int\u00e9rieures (en g\u00e9n\u00e9ral 2 \u00e0 5). Une seule unit\u00e9 ext\u00e9rieure peut climatiser plusieurs pi\u00e8ces en m\u00eame temps.<\/p>\n\n\n\n<p>Avec ce syst\u00e8me, vous pouvez donc non seulement climatiser les combles, mais aussi <a href=\"https:\/\/www.bobex.be\/fr-be\/air-conditionne\/installation\/climatisation-chambre\/\" target=\"_blank\" rel=\"noreferrer noopener\">climatiser <strong>d\u2019autres chambres<\/strong><\/a><strong> de la maison<\/strong>.<\/p>\n\n\n\n<p>Id\u00e9al si :<\/p>\n\n\n\n<ul class=\"wp-block-list\">\n<li>D\u2019autres espaces de la maison deviennent \u00e9galement trop chauds<\/li>\n\n\n\n<li>Vous cherchez une source de chauffage alternative<\/li>\n\n\n\n<li>Vous souhaitez am\u00e9liorer la ventilation int\u00e9rieure<\/li>\n<\/ul>\n\n\n\n<h4 class=\"wp-block-heading\"><span class=\"ez-toc-section\" id=\"Climatisation_centrale_pour_rafraichir_tout_le_batiment\"><\/span>Climatisation centrale pour rafra\u00eechir tout le b\u00e2timent<span class=\"ez-toc-section-end\"><\/span><\/h4>\n\n\n\n<p>Une climatisation centrale fonctionne \u00e9galement avec une seule unit\u00e9 ext\u00e9rieure, mais elle diffuse l\u2019air frais (ou chaud) via un r\u00e9seau de gaines de ventilation. Ce type de syst\u00e8me est principalement adapt\u00e9 aux <strong>grands b\u00e2timents ou appartements<\/strong>.<\/p>\n\n\n\n<p>La climatisation centrale est <strong>suffisamment puissante<\/strong> pour rafra\u00eechir et chauffer rapidement chaque pi\u00e8ce de la maison. Cependant, elle <strong>consomme davantage d\u2019\u00e9nergie<\/strong> pour fonctionner efficacement, et les <strong>co\u00fbts d\u2019installation peuvent \u00eatre assez \u00e9lev\u00e9s<\/strong>.<\/p>\n\n\n\n<h4 class=\"wp-block-heading\"><span class=\"ez-toc-section\" id=\"Clim_reversible_ideale_pour_les_greniers_et_combles_amenages\"><\/span>Clim r\u00e9versible : id\u00e9ale pour les greniers et combles am\u00e9nag\u00e9s<span class=\"ez-toc-section-end\"><\/span><\/h4>\n\n\n\n<p>Une <a href=\"https:\/\/www.bobex.be\/fr-be\/air-conditionne\/choisir\/chauffage-au-sol-ou-clim-reversible\/\" target=\"_blank\" rel=\"noreferrer noopener\">climatisation r\u00e9versible<\/a>, en plus de pouvoir refroidir une pi\u00e8ce, peut aussi la r\u00e9chauffer, ce qui est id\u00e9al pour adapter la temp\u00e9rature de votre grenier ou de vos combles, que ce soit en \u00e9t\u00e9 ou en hiver.<\/p>\n\n\n\n<figure class=\"wp-block-image size-full\"><img decoding=\"async\" width=\"1200\" height=\"630\" src=\"https:\/\/www.bobex.be\/wp-uploads\/sites\/2\/climatisation-toit.jpg\" alt=\"Chambre spacieuse au sous-sol mansard\u00e9e d'une maison individuelle avec lucarnes, parquet en ch\u00eane, climatisation au plafond et radiateurs en aluminium\" class=\"wp-image-198148\"\/><\/figure>\n\n\n\n<h3 class=\"wp-block-heading\"><span class=\"ez-toc-section\" id=\"Installer_un_climatiseur_sans_unite_exterieure_sous_la_toiture\"><\/span>Installer un climatiseur sans unit\u00e9 ext\u00e9rieure sous la toiture<span class=\"ez-toc-section-end\"><\/span><\/h3>\n\n\n\n<p>Il n\u2019est pas toujours possible ou souhaitable d\u2019installer un syst\u00e8me de climatisation avec unit\u00e9 ext\u00e9rieure dans les combles. Heureusement, il existe d\u2019autres solutions. Ces <strong>deux types de climatiseurs<\/strong> fonctionnent <strong>sans unit\u00e9 ext\u00e9rieure<\/strong> :<\/p>\n\n\n\n<h4 class=\"wp-block-heading\"><span class=\"ez-toc-section\" id=\"Climatiseur_monobloc_ou_fixe\"><\/span>Climatiseur monobloc ou fixe&nbsp;<span class=\"ez-toc-section-end\"><\/span><\/h4>\n\n\n\n<p>Un climatiseur monobloc est un appareil unique qui assure \u00e0 la fois les fonctions de l\u2019unit\u00e9 int\u00e9rieure et de l\u2019unit\u00e9 ext\u00e9rieure. Il est install\u00e9 de fa\u00e7on fixe, par exemple dans les combles.<\/p>\n\n\n\n<p>En plus de l\u2019unit\u00e9 principale, le syst\u00e8me comporte <strong>deux grilles murales<\/strong>. Le monobloc aspire l\u2019air chaud \u00e0 l\u2019aide d\u2019un ventilateur. Un \u00e9changeur thermique contenant un fluide frigorig\u00e8ne capte la chaleur et refroidit l\u2019air, qui est ensuite souffl\u00e9 dans la pi\u00e8ce sous forme d\u2019air frais.<\/p>\n\n\n\n<p>L\u2019exc\u00e8s de chaleur est \u00e9vacu\u00e9 via les grilles murales. C\u2019est pourquoi un climatiseur monobloc est <strong>toujours install\u00e9 contre un mur ext\u00e9rieur<\/strong> \u2013 par exemple, au niveau du plafond des combles.<\/p>\n\n\n\n<p>Ce type de climatiseur peut \u00eatre tr\u00e8s bruyant et causer des nuisances sonores consid\u00e9rables, ce n&rsquo;est donc pas forc\u00e9ment le meilleur choix.<\/p>\n\n\n\n<h4 class=\"wp-block-heading\"><span class=\"ez-toc-section\" id=\"Climatiseur_mobile\"><\/span>Climatiseur mobile<span class=\"ez-toc-section-end\"><\/span><\/h4>\n\n\n\n<p>Une derni\u00e8re solution est le <strong>climatiseur mobile<\/strong>. Comme le climatiseur monobloc, un climatiseur mobile est compos\u00e9 d\u2019une seule unit\u00e9. Cependant, cette unit\u00e9 n\u2019est pas fix\u00e9e, elle est <strong>d\u00e9pla\u00e7able<\/strong>. Vous n\u2019avez donc pas besoin d\u2019installer de grilles de ventilation dans les combles.<\/p>\n\n\n\n<p>Souvent, un climatiseur mobile est \u00e9quip\u00e9 d\u2019un tuyau ou d\u2019un conduit qui \u00e9vacue l\u2019air chaud \u00e0 l\u2019ext\u00e9rieur. Ce tuyau peut \u00eatre <strong>pass\u00e9 par la fen\u00eatre<\/strong> pour permettre \u00e0 l\u2019air chaud de s\u2019\u00e9chapper.<\/p>\n\n\n\n<p>Il existe plusieurs syst\u00e8mes sur le march\u00e9 qui permettent de <strong>s\u00e9curiser le tuyau d\u2019\u00e9vacuation<\/strong> et la <strong>fen\u00eatre ouverte<\/strong>, afin d\u2019emp\u00eacher l\u2019entr\u00e9e d\u2019insectes et la circulation de l\u2019air chaud \u00e0 l\u2019int\u00e9rieur.<\/p>\n\n\n\n                <div class='bobex-cta-block' style='\n            --button-bg-color: #e13c0e;\n            --button-text-color: #ffffff;\n            --banner-bg-color: #aad4e6;\n            --arrow-main-bg-color: #aad4e6;\n            --arrow-secondary-bg-color: #e5f2f7;\n            --banner-title-color: #10375e;\n            --arrow-title-color: #10375e;\n            --banner-text-color: #545454;\n            --arrow-text-color: #545454;         \n            --invert-range: 0deg;\n        '>\n                    <div class='cta-banner'>\n                        <div class='h3'>Vous souhaitez climatiser votre grenier ?<\/div>\n                        <div class='text-color'>Trouvez le syst\u00e8me de climatisation id\u00e9al au meilleur prix.<\/div>\n                        <span>\n                            <img src='https:\/\/www.bobex.be\/wp-uploads\/sites\/2\/arrow-cta-box.png' alt='arrow' class='img-color'\/>\n                            <a class='cta-button-rounded' href=\"#ppp\">Demander un devis<\/a>\n                        <\/span>   \n                    <\/div>\n                <\/div>\n\n\n<h2 class=\"wp-block-heading\"><span class=\"ez-toc-section\" id=\"Quelle_est_la_meilleure_option_pour_votre_grenier_une_climatisation_avec_ou_sans_unite_exterieure\"><\/span>Quelle est la meilleure option pour votre grenier : une climatisation avec ou sans unit\u00e9 ext\u00e9rieure ?<span class=\"ez-toc-section-end\"><\/span><\/h2>\n\n\n\n<p><strong>Une climatisation sans unit\u00e9 ext\u00e9rieure est pr\u00e9f\u00e9rable si :<\/strong><\/p>\n\n\n\n<ul class=\"wp-block-list\">\n<li>Vous recherchez une solution <strong>compacte et discr\u00e8te<\/strong>. Les syst\u00e8mes mobiles et monoblocs sont plus petits et ont un <strong>impact minimal<\/strong> sur l\u2019apparence de la fa\u00e7ade ou du toit.<\/li>\n\n\n\n<li>Vous souhaitez <strong>rafra\u00eechir une petite pi\u00e8ce<\/strong>.<\/li>\n\n\n\n<li>Vous ne souhaitez pas investir dans une <strong>installation de climatisation complexe<\/strong>.<\/li>\n\n\n\n<li>Il est <strong>impossible d\u2019installer une unit\u00e9 ext\u00e9rieure<\/strong> chez vous.<\/li>\n<\/ul>\n\n\n\n<p><strong>Une climatisation avec unit\u00e9 ext\u00e9rieure est pr\u00e9f\u00e9rable&nbsp; :<\/strong><\/p>\n\n\n\n<p>Vous pr\u00e9f\u00e9rez une solution <strong>plus silencieuse<\/strong> (les climatiseurs monoblocs et mobiles sont g\u00e9n\u00e9ralement plus bruyants).<\/p>\n\n\n\n<p>Elle <strong>fonctionne plus efficacement<\/strong>.<\/p>\n\n\n\n<p>Les syst\u00e8mes avec unit\u00e9 ext\u00e9rieure consomment g\u00e9n\u00e9ralement <strong>moins d\u2019\u00e9nergie<\/strong>.<\/p>\n\n\n\n<p>Vous voulez avoir la possibilit\u00e9 de <strong>rafra\u00eechir et de chauffer non seulement les combles, mais aussi le reste de la maison<\/strong> avec votre syst\u00e8me de climatisation.<\/p>\n\n\n\n<figure class=\"wp-block-image size-full\"><img decoding=\"async\" width=\"1200\" height=\"630\" src=\"https:\/\/www.bobex.be\/wp-uploads\/sites\/2\/Toit-climatisation.jpg\" alt=\"Chambre mansard\u00e9e simple et confortable avec grand lit, mur bleu et table de chevet en bois\" class=\"wp-image-198154\"\/><\/figure>\n\n\n\n<h2 class=\"wp-block-heading\"><span class=\"ez-toc-section\" id=\"Cout_des_differents_types_de_climatisation_pour_les_combles\"><\/span>Co\u00fbt des diff\u00e9rents types de climatisation pour les combles<span class=\"ez-toc-section-end\"><\/span><\/h2>\n\n\n\n<p>Le<a href=\"https:\/\/www.bobex.be\/fr-be\/air-conditionne\/prix\/\" target=\"_blank\" rel=\"noreferrer noopener nofollow\"> co\u00fbt d\u2019un syst\u00e8me de climatisation<\/a> peut varier en fonction du type choisi, de la taille de l\u2019espace \u00e0 climatiser, ainsi que des caract\u00e9ristiques sp\u00e9cifiques du mod\u00e8le. Voici un aper\u00e7u des co\u00fbts associ\u00e9s aux diff\u00e9rents types de climatisation pour les combles :<\/p>\n\n\n\n<h2 class=\"wp-block-heading\"><span class=\"ez-toc-section\" id=\"Pourquoi_les_combles_sous_un_toit_en_pente_deviennent_vite_trop_chauds_ou_trop_froids\"><\/span><strong>Pourquoi les combles sous un toit en pente deviennent vite trop chauds ou trop froids<\/strong> ?<span class=\"ez-toc-section-end\"><\/span><\/h2>\n\n\n\n<p>Votre grenier, en particulier s\u2019il se trouve sous un toit inclin\u00e9, est tr\u00e8s sensible aux variations de temp\u00e9rature. Lors des chaudes journ\u00e9es d\u2019\u00e9t\u00e9, il peut y faire insupportablement chaud. En effet, le toit capte beaucoup de rayonnement solaire. \u00c0 l\u2019inverse, en hiver, le grenier devient souvent une pi\u00e8ce glaciale.<\/p>\n\n\n\n<h3 class=\"wp-block-heading\"><span class=\"ez-toc-section\" id=\"Les_risques_dune_chaleur_excessive_ou_dun_manque_de_ventilation_dans_les_combles\"><\/span>Les risques d\u2019une chaleur excessive ou d\u2019un manque de ventilation dans les combles<span class=\"ez-toc-section-end\"><\/span><\/h3>\n\n\n\n<p>Utilisez-vous le grenier comme chambre ou bureau ? Dans ce cas, ces temp\u00e9ratures extr\u00eames sont loin d\u2019\u00eatre confortables. Une chaleur excessive dans le grenier peut d\u2019ailleurs entra\u00eener bien plus qu\u2019un simple inconfort.<\/p>\n\n\n\n<p>Si la temp\u00e9rature est trop \u00e9lev\u00e9e et que la pi\u00e8ce est mal ventil\u00e9e, cela peut provoquer un manque d\u2019oxyg\u00e8ne, entra\u00eenant fatigue et maux de t\u00eate. Dans une chambre trop chaude et pauvre en oxyg\u00e8ne, il est aussi difficile de bien dormir.<\/p>\n\n\n\n                <div class='bobex-cta-block' style='\n            --button-bg-color: #e13c0e;\n            --button-text-color: #ffffff;\n            --banner-bg-color: #aad4e6;\n            --arrow-main-bg-color: #aad4e6;\n            --arrow-secondary-bg-color: #e5f2f7;\n            --banner-title-color: #10375e;\n            --arrow-title-color: #10375e;\n            --banner-text-color: #545454;\n            --arrow-text-color: #545454;         \n            --invert-range: 0deg;\n        '>\n                    <div class='cta-banner'>\n                        <div class='h3'>Ne payez pas plus que n\u00e9cessaire pour votre climatisation !<\/div>\n                        <div class='text-color'>Comparez des devis personnalis\u00e9s, sans engagement, et r\u00e9alisez des \u00e9conomies.<\/div>\n                        <span>\n                            <img src='https:\/\/www.bobex.be\/wp-uploads\/sites\/2\/arrow-cta-box.png' alt='arrow' class='img-color'\/>\n                            <a class='cta-button-rounded' href=\"#ppp\">Comparer les offres gratuitement<\/a>\n                        <\/span>   \n                    <\/div>\n                <\/div>\n\n\n<h2 class=\"wp-block-heading\"><span class=\"ez-toc-section\" id=\"Ou_installer_les_unites_exterieures_dun_climatiseur\"><\/span>O\u00f9 installer les unit\u00e9s ext\u00e9rieures d&rsquo;un climatiseur ?<span class=\"ez-toc-section-end\"><\/span><\/h2>\n\n\n\n<p>Le lieu d\u2019installation des unit\u00e9s ext\u00e9rieures d\u2019un climatiseur est essentiel. En effet, elles doivent \u00eatre :<\/p>\n\n\n\n<ul class=\"wp-block-list\">\n<li>prot\u00e9g\u00e9es du soleil, de la pluie et du vent&nbsp;<\/li>\n\n\n\n<li>\u00e9loign\u00e9es des arbres pour \u00e9viter que des feuilles ne bouchent l\u2019a\u00e9ration<\/li>\n<\/ul>\n\n\n\n<p>Pour choisir le meilleur emplacement pour installer les unit\u00e9s ext\u00e9rieures de votre climatiseur, nous vous recommandons de faire appel \u00e0 un installateur expert dans le domaine.&nbsp;<\/p>\n\n\n\n<h2 class=\"wp-block-heading\"><span class=\"ez-toc-section\" id=\"Conseil_pensez_aussi_a_une_meilleure_isolation_des_combles\"><\/span><strong>Conseil : pensez aussi \u00e0 une meilleure isolation des combles<\/strong><span class=\"ez-toc-section-end\"><\/span><\/h2>\n\n\n\n<p>Avec un syst\u00e8me de climatisation, vous apportez une <strong>temp\u00e9rature agr\u00e9able<\/strong> dans les combles et assurez un <strong>apport d\u2019air frais<\/strong>. Cependant, il est \u00e9galement important de mettre l\u2019accent sur une <strong>bonne isolation des combles<\/strong>.<\/p>\n\n\n\n<p>D\u2019une part, vous <strong>limitez la chaleur et le froid<\/strong> dans les combles en veillant \u00e0 une isolation efficace. D\u2019autre part, une <strong>bonne isolation du toit<\/strong> permet \u00e0 votre syst\u00e8me de climatisation de mieux fonctionner et de <strong>consommer moins d\u2019\u00e9nergie<\/strong> pour atteindre et maintenir la temp\u00e9rature id\u00e9ale.<\/p>\n\n\n\n<p>Avec une bonne isolation du toit, vous pouvez \u00e9galement <strong>r\u00e9duire les co\u00fbts<\/strong> de votre syst\u00e8me de climatisation. Vous pourrez alors opter pour un mod\u00e8le <strong>moins puissant<\/strong>, qui co\u00fbte moins cher et consomme encore moins d\u2019\u00e9nergie.<\/p>\n\n\n\n<p>&#8212; Nous vous recommandons d&rsquo;effectuer un bilan thermique avant l&rsquo;<a href=\"https:\/\/www.bobex.be\/fr-be\/air-conditionne\/installation\/\" target=\"_blank\" rel=\"noreferrer noopener\">installation d&rsquo;un syst\u00e8me de climatisation<\/a>, pour \u00e9valuer le r\u00e9el besoin de votre logement.<\/p>\n\n\n\n<h2 class=\"wp-block-heading\"><span class=\"ez-toc-section\" id=\"A_la_recherche_du_systeme_de_climatisation_ideal_Comparez_les_options_et_les_prix_personnalises\"><\/span><strong>\u00c0 la recherche du syst\u00e8me de climatisation id\u00e9al ? Comparez les options et les prix personnalis\u00e9s<\/strong><span class=\"ez-toc-section-end\"><\/span><\/h2>\n\n\n\n<p>Vous souffrez d\u2019un <strong>manque d\u2019oxyg\u00e8ne<\/strong> dans les combles ? Vous cherchez une alternative \u00e0 un <strong>ventilateur d\u00e9cevant<\/strong> install\u00e9 au plafond des combles ? Et vous en avez assez de <strong>ne pas dormir pendant la chaleur<\/strong> la nuit, ou de <strong>ne rien accomplir dans votre bureau sous les combles<\/strong> pendant la journ\u00e9e ? Remplissez le formulaire ci-dessous.<\/p>\n\n\n\n<p>Vous recevrez gratuitement <strong>un ou plusieurs devis sans engagement<\/strong> pour des syst\u00e8mes de climatisation adapt\u00e9s \u00e0 votre situation, ainsi que des conseils d\u2019experts. Ainsi, vous trouverez la solution id\u00e9ale pour vos combles, tout en restant dans votre budget.<\/p>\n\n\n<div id=\"ppp\" class=\"bob-form-wrapper\" data-ajax_url=\"https:\/\/www.bobex.be\/fr-be\/wp-admin\/admin-ajax.php\" data-fa_a=\"\" data-fa_b=\"\"><div class=\"loader\" aria-hidden=\"true\"><\/div>    <div>\n        <div class=\"row mx-auto mb-2\" style=\"max-width: 900px;\">\n            <div class=\"col-md-4\"><i class=\"mr-1 fas fa-check\" style=\"color:green;\"><\/i>Devis gratuits et rapides<\/div>\n            <div class=\"col-md-4\"><i class=\"mr-1 fas fa-check\" style=\"color:green;\"><\/i>Sans engagement et obligation<\/div>\n            <div class=\"col-md-4\"><i class=\"mr-1 fas fa-check\" style=\"color:green;\"><\/i>Professionnels agr\u00e9\u00e9s<\/div>\n        <\/div>\n    <\/div><div id=\"form-69f0f70565673\" class=\"bob-form-container\" style=\"background-color: white; font-family: Roboto, sans-serif !important; font-size: 16px !important; color: #545454; box-shadow: 0 2px 10px rgba(0,0,0,0.1); --font_title: Poppins; --font_size_title: 20px; --title_bg_color: #175da6; --copyright_color: #fde8e1; --box_upload_color: #e5f2f7; padding:unset;\" data-form-type=\"inline\" data-form-id=\"69f0f70565673\"><style>#form-69f0f70565673 .bob-form-inline-question.even {\n  background-color: #e5f2f7;\n}\n#form-69f0f70565673 .single_multiple.multiple_button {\n  background-color: #e5f2f7 !important;\n}\n#form-69f0f70565673 .bob-form-inline-question--hidden {\n  display: none;\n}<\/style><div class=\"form-questions\"><form id=\"bob-form\" class=\"bob-form bob-form-tag\" method=\"post\" action=\"https:\/\/www.bobex.be\/fr-be\/wp-admin\/admin-ajax.php?action=bobex-form-validation\">    <div class=\"form-title\">\n        Formulez votre demande\n        <div class=\"form-title-info-line\">\n            R\u00e9pondez \u00e0 quelques questions et entrez en contact avec des sp\u00e9cialistes fiables. Nous vous demandons vos coordonn\u00e9es afin de s\u00e9lectionner les professionnels actifs dans votre r\u00e9gion.\n        <\/div>\n    <\/div><div class=\"form-questions bob-form-inline-question\"><div class=\"row\"><div class=\"question col-md-4\"><label>1*. Dans combien de pi\u00e8ces souhaitez-vous installer l&rsquo;air conditionn\u00e9 ?<\/label><\/div><div class=\"answer col-md-8\"><div class=\"bob-form-radio d-flex\"><input type=\"radio\" class=\"inline-radio\" id=\"69f0f70565673-input-0-1\" data-unique-id=\"69f0f70565673\" name=\"XML_extra_radio\" value=\"1\"  required=\"required\"><label for=\"69f0f70565673-input-0-1\">Dans une pi\u00e8ce<\/label><\/div><div class=\"bob-form-radio d-flex\"><input type=\"radio\" class=\"inline-radio\" id=\"69f0f70565673-input-0-2\" data-unique-id=\"69f0f70565673\" name=\"XML_extra_radio\" value=\"2\"  required=\"required\"><label for=\"69f0f70565673-input-0-2\">Dans 2 pi\u00e8ces<\/label><\/div><div class=\"bob-form-radio d-flex\"><input type=\"radio\" class=\"inline-radio\" id=\"69f0f70565673-input-0-3\" data-unique-id=\"69f0f70565673\" name=\"XML_extra_radio\" value=\"3\"  required=\"required\"><label for=\"69f0f70565673-input-0-3\">Dans 3 pi\u00e8ces<\/label><\/div><div class=\"bob-form-radio d-flex\"><input type=\"radio\" class=\"inline-radio\" id=\"69f0f70565673-input-0-4\" data-unique-id=\"69f0f70565673\" name=\"XML_extra_radio\" value=\"4\"  required=\"required\"><label for=\"69f0f70565673-input-0-4\">Dans 4 pi\u00e8ces ou plus<\/label><\/div><div class=\"bob-form-radio d-flex\"><input type=\"radio\" class=\"inline-radio\" id=\"69f0f70565673-input-0-5\" data-unique-id=\"69f0f70565673\" name=\"XML_extra_radio\" value=\"5\"  required=\"required\"><label for=\"69f0f70565673-input-0-5\">Je ne sais pas encore, conseillez-moi<\/label><\/div><\/div><\/div><\/div><div class=\"form-questions bob-form-inline-question even\"><div class=\"row\"><div class=\"question col-md-4\"><label>2*. Avez-vous une pr\u00e9f\u00e9rence pour un mod\u00e8le d&rsquo;air conditionn\u00e9 ?<\/label><\/div><div class=\"answer col-md-8\"><div class=\"bob-form-radio d-flex\"><input type=\"radio\" class=\"inline-radio\" id=\"69f0f70565673-input-1-1\" data-unique-id=\"69f0f70565673\" name=\"XML_extra_radio2\" value=\"1\"  required=\"required\"><label for=\"69f0f70565673-input-1-1\">Un mod\u00e8le mural (au mur, solution la plus compacte)<\/label><\/div><div class=\"bob-form-radio d-flex\"><input type=\"radio\" class=\"inline-radio\" id=\"69f0f70565673-input-1-2\" data-unique-id=\"69f0f70565673\" name=\"XML_extra_radio2\" value=\"2\"  required=\"required\"><label for=\"69f0f70565673-input-1-2\">Un mod\u00e8le console (par ex. sous une fen\u00eatre)<\/label><\/div><div class=\"bob-form-radio d-flex\"><input type=\"radio\" class=\"inline-radio\" id=\"69f0f70565673-input-1-3\" data-unique-id=\"69f0f70565673\" name=\"XML_extra_radio2\" value=\"3\"  required=\"required\"><label for=\"69f0f70565673-input-1-3\">Un mod\u00e8le encastr\u00e9 invisible (dans des faux plafonds ou des faux murs)<\/label><\/div><div class=\"bob-form-radio d-flex\"><input type=\"radio\" class=\"inline-radio\" id=\"69f0f70565673-input-1-4\" data-unique-id=\"69f0f70565673\" name=\"XML_extra_radio2\" value=\"4\"  required=\"required\"><label for=\"69f0f70565673-input-1-4\">Une combinaison de diff\u00e9rents mod\u00e8les<\/label><\/div><div class=\"bob-form-radio d-flex\"><input type=\"radio\" class=\"inline-radio\" id=\"69f0f70565673-input-1-5\" data-unique-id=\"69f0f70565673\" name=\"XML_extra_radio2\" value=\"5\"  required=\"required\"><label for=\"69f0f70565673-input-1-5\">Je ne sais pas encore, conseillez-moi<\/label><\/div><\/div><\/div><\/div><div class=\"form-questions bob-form-inline-question\"><div class=\"row\"><div class=\"question col-md-4\"><label>3*. Quel type d&rsquo;air conditionn\u00e9 souhaitez-vous ?<\/label><\/div><div class=\"answer col-md-8\"><div class=\"bob-form-radio d-flex\"><input type=\"radio\" class=\"inline-radio\" id=\"69f0f70565673-input-2-1\" data-unique-id=\"69f0f70565673\" name=\"XML_extra_radio3\" value=\"1\"  required=\"required\"><label for=\"69f0f70565673-input-2-1\">Air conditionn\u00e9 monosplit (1 unit\u00e9 int\u00e9rieure, 1 unit\u00e9 ext\u00e9rieure)<\/label><\/div><div class=\"bob-form-radio d-flex\"><input type=\"radio\" class=\"inline-radio\" id=\"69f0f70565673-input-2-2\" data-unique-id=\"69f0f70565673\" name=\"XML_extra_radio3\" value=\"2\"  required=\"required\"><label for=\"69f0f70565673-input-2-2\">Air conditionn\u00e9 multisplit (plusieurs unit\u00e9s int\u00e9rieures, 1 unit\u00e9 ext\u00e9rieure)<\/label><\/div><div class=\"bob-form-radio d-flex\"><input type=\"radio\" class=\"inline-radio\" id=\"69f0f70565673-input-2-3\" data-unique-id=\"69f0f70565673\" name=\"XML_extra_radio3\" value=\"3\"  required=\"required\"><label for=\"69f0f70565673-input-2-3\">Air conditionn\u00e9 mobile (1 unit\u00e9 int\u00e9rieure)<\/label><\/div><div class=\"bob-form-radio d-flex\"><input type=\"radio\" class=\"inline-radio\" id=\"69f0f70565673-input-2-4\" data-unique-id=\"69f0f70565673\" name=\"XML_extra_radio3\" value=\"4\"  required=\"required\"><label for=\"69f0f70565673-input-2-4\">Je ne sais pas encore, conseillez-moi<\/label><\/div><\/div><\/div><\/div><div class=\"form-questions bob-form-inline-question even\"><div class=\"row\"><div class=\"question col-md-4\"><label>4. Quand souhaitez-vous que le syst\u00e8me de climatisation soit install\u00e9 ?<\/label><\/div><div class=\"answer col-md-8\"><div class=\"bob-form-radio d-flex\"><input type=\"radio\" class=\"inline-radio\" id=\"69f0f70565673-input-3-1\" data-unique-id=\"69f0f70565673\" name=\"XML_extra_radio5\" value=\"1\"  ><label for=\"69f0f70565673-input-3-1\">Le plus rapidement possible, sous les 3 mois<\/label><\/div><div class=\"bob-form-radio d-flex\"><input type=\"radio\" class=\"inline-radio\" id=\"69f0f70565673-input-3-2\" data-unique-id=\"69f0f70565673\" name=\"XML_extra_radio5\" value=\"2\"  ><label for=\"69f0f70565673-input-3-2\">Dans les 3 \u00e0 6 mois<\/label><\/div><div class=\"bob-form-radio d-flex\"><input type=\"radio\" class=\"inline-radio\" id=\"69f0f70565673-input-3-3\" data-unique-id=\"69f0f70565673\" name=\"XML_extra_radio5\" value=\"3\"  ><label for=\"69f0f70565673-input-3-3\">Dans les 6 \u00e0 12 mois<\/label><\/div><\/div><\/div><\/div><div class=\"form-questions bob-form-inline-question\"><div class=\"d-flex flex-column\"><label class=\"question\" for=\"69f0f70565673-input-4\">5*. D\u00e9crivez votre projet de climatisation<\/label><textarea class=\"bob-form-input\" name=\"XML_remarks\" id=\"69f0f70565673-input-4\" data-unique-id=\"69f0f70565673\" required=\"required\"><\/textarea><\/div><\/div><div class=\"bob-inline-form bob-form-tag upload-box mb-3\">\n                    <div class=\"row\">\n                        <div class=\"col-md-12 mb-2 question\">Ajouter des photos ou des pi\u00e8ces jointes (en Option)<\/div>\n                        <div class=\"col-md-12\">\n                            <div class=\"box__input\" style=\"background-color: #e5f2f7;\"\n                                 ondrop=\"drop(event)\"\n                                 ondragover=\"allowDrop(event)\"\n                                 ondragleave=\"removeDropFx(event)\"\n                                >\n                                <input type=\"file\"\n                                       class=\"file__input\"\n                                       name=\"attachments[]\"\n                                       id=\"attachments\"\n                                       multiple=\"multiple\"\n                                       accept=\"image\/jpeg, image\/png, image\/gif, application\/pdf\"\n                                       data-multiple-caption=\"{count} files selected\">\n                                <div>\n                                    <label for=\"attachments\"><strong>S\u00e9lectionnez un fichier <\/strong>ou glissez-le ici<\/label>\n                                    <span class=\"box__button bobex-round-cta m-1 py-1\"\n                                          style=\"mix-blend-mode: luminosity\">\n                                        <i class=\"fas fa-cloud-upload-alt text-white\"><\/i>\n                                        T\u00e9l\u00e9charger\n                                    <\/span>\n                                <\/div>\n            \n                                <div class=\"row preview_wrapper m-0\"><\/div>\n                            <\/div>\n            \n                            <div class=\"box__uploading\">Uploading\u2026<\/div>\n                            <div class=\"box__success\">Done!<\/div>\n                            <div class=\"box__error\">Error! <span><\/span>.<\/div>\n                        <\/div>\n                    <\/div>\n                <\/div>    <div class=\"form-title\">\n        Vos donn\u00e9es\n    <\/div><div class=\"bob-form-contact-data\" style=\"padding: 20px\"><div class=\"row lead-info\"><div class=\"col-md-6 mb-3\">  <div class=\"form-group\">    <input value=\"\" type=\"text\" class=\"form-control\" id=\"firstName\" name=\"firstName\" placeholder=\"Pr\u00e9nom\" required>    <div class=\"valid-feedback\">Enchant\u00e9 !<\/div>    <div class=\"invalid-feedback\">Veuillez indiquer votre pr\u00e9nom<\/div>  <\/div><\/div><div class=\"col-md-6 mb-3\">  <div class=\"form-group\">    <input value=\"\" type=\"text\" class=\"form-control\" id=\"lastName\" name=\"lastName\" placeholder=\"Nom\" required>    <div class=\"valid-feedback\">Sympa<\/div>    <div class=\"invalid-feedback\">Veuillez indiquer votre nom de famille<\/div>  <\/div><\/div><div class=\"col-md-12 mb-3\">  <div class=\"form-group\">    <input value=\"\" type=\"email\" class=\"form-control\" id=\"email\" name=\"email\" placeholder=\"E-mail\" required style=\"max-width: unset;\">    <div class=\"valid-feedback\">C&rsquo;est tout bon<\/div>    <div class=\"invalid-feedback\">Veuillez indiquer une adresse e-mail valide<\/div>  <\/div><\/div><div class=\"col-md-12 mb-3\">  <div class=\"form-group\">    <input value=\"\" type=\"tel\" class=\"form-control\" id=\"phone\" name=\"phone\" placeholder=\"T\u00e9l\u00e9phone\" required style=\"max-width: unset;\">    <div class=\"valid-feedback\">Parfait<\/div>    <div class=\"invalid-feedback\">Veuillez indiquer un num\u00e9ro de t\u00e9l\u00e9phone valide<\/div>  <\/div><\/div><div class=\"col-md-12 mb-3\">  <div class=\"form-group\">    <input value=\"\" type=\"text\" class=\"form-control\" id=\"companyAddress\" name=\"companyAddress\" placeholder=\"Adresse\" required style=\"max-width: unset;\">    <div class=\"valid-feedback\">C&rsquo;est not\u00e9<\/div>    <div class=\"invalid-feedback\">Veuillez indiquer une adresse valide<\/div>  <\/div><\/div><div class=\"col-md-6 mb-3\">  <div class=\"form-group\">    <input value=\"\" type=\"text\" class=\"form-control\" id=\"companyPostalCode\" name=\"companyPostalCode\" placeholder=\"Code postal\" required>    <div class=\"valid-feedback\">Excellent !<\/div>    <div class=\"invalid-feedback\">Veuillez indiquer un code postal valide<\/div>  <\/div><\/div><div class=\"col-md-6 mb-3\">  <div class=\"form-group\">    <input value=\"\" type=\"text\" class=\"form-control\" id=\"companyCity\" name=\"companyCity\" placeholder=\"Ville\" required>    <div class=\"valid-feedback\">Bien jou\u00e9<\/div>    <div class=\"invalid-feedback\">Veuillez indiquer une ville valide<\/div>  <\/div><\/div><div class=\"d-flex mt-3\"><input name=\"promoOptin\" value=\"true\" id=\"promoOptin\" type=\"checkbox\" class=\"me-2\" style=\"width: unset\"><label for=\"promoOptin\">Je souhaite rester inform\u00e9 de ma demande et recevoir des conseils pratiques (fortement recommand\u00e9 !) <\/label><\/div><\/div><\/div><input type=\"hidden\" class=\"session_var\" name=\"newform\" value=\"true\"><input type=\"hidden\" class=\"session_var\" name=\"lead-validation-nonce\" value=\"326f411039\"><input type=\"hidden\" class=\"session_var\" name=\"aff\" value=\"minisite\"><input type=\"hidden\" class=\"session_var\" name=\"utm_source\" value=\"https:\/\/www.bobex.be\/fr-be\/wp-json\/v2\/content\/197308\"><input type=\"hidden\" class=\"session_var\" name=\"bobx\" value=\"\"><input type=\"hidden\" class=\"session_var\" name=\"sessionType\" value=\"B2C\"><input type=\"hidden\" class=\"session_var\" name=\"utm_medium\" value=\"web\"><input type=\"hidden\" class=\"session_var\" name=\"utm_campaign\" value=\"search\"><input type=\"hidden\" class=\"session_var\" name=\"rem_source\" value=\"https:\/\/www.bobex.be\/fr-be\/air-conditionne\/installation\/climatisation-dans-les-combles\/\"><input type=\"hidden\" class=\"session_var\" name=\"pixel_id\" value=\"-1\"><input type=\"hidden\" class=\"session_var\" name=\"tabo_id\" value=\"-1\"><input type=\"hidden\" class=\"session_var\" name=\"click_id\" value=\"-1\"><input type=\"hidden\" class=\"session_var\" name=\"gclid\" value=\"-1\"><input type=\"hidden\" class=\"session_var\" name=\"msclkid\" value=\"-1\"><input type=\"hidden\" class=\"session_var\" name=\"past_aff\" value=\"bobex\"><input type=\"hidden\" class=\"session_var\" name=\"redirectTo\" value=\"BE\"><input type=\"hidden\" class=\"session_var\" name=\"is_type_id\" value=\"true\"><input type=\"hidden\" class=\"session_var\" name=\"typeid\" value=\"11386\"><input type=\"hidden\" class=\"session_var\" name=\"companyType\" value=\"label.companytype.consumer\"><input type=\"hidden\" class=\"session_var\" name=\"input_names\" value=\"XML_extra_radio,XML_extra_radio2,XML_extra_radio3,XML_extra_radio5,XML_remarks\"><input type=\"hidden\" class=\"form_context\" value=\"BE\"><img decoding=\"async\" class=\"bobex-pixel\" src=\"\" alt=\"\" style=\"display:none\" \/>    <div class=\"bob-form-submit d-flex justify-content-center\">\n        <button type=\"submit\" class=\"form-submit\" style=\"background-color: #F1653A; color: white; border: none !important; border-radius: 5px !important; font-family: Roboto, sans-serif; font-size: 16px;\">\n            Demander un devis\n        <\/button>\n    <\/div>    <div class=\"bob-inline-form form-footer\" style=\"border-radius: 0 0 10px 10px\">\n        <div class=\"bob-form-privacy-text\">\n            <div style=\"float:left;\"><i class=\"fa fa-lock\"><\/i><\/div>\n            <div class=\"ms-2\">\n                <div style='padding-left: 15px;font-size: 0.8em !important;z-index: 10;'><b>Nous respectons votre vie priv\u00e9e<\/b><br> Conform\u00e9ment \u00e0 la loi du 8\/12\/1992 relative \u00e0 la protection de la vie priv\u00e9e, vous disposez d&rsquo;un droit d&rsquo;acc\u00e8s et de rectification \u00e0 vos donn\u00e9es. Pour en savoir plus, consultez notre <span class=\"link_ob\" data-link=\"aHR0cHM6Ly93d3cuYm9iZXguYmUvZnItYmUvcHJvdGVjdGlvbi1kZS1sYS12aWUtcHJpdmVlLw==\" target=\"_blank\">charte sur la vie priv\u00e9e<\/span>.<\/div>\n                \n            <\/div>\n        <\/div>\n    <\/div><\/form><\/div><div class=\"multiple_mini hidden\" data-lead_id=\"\"><p class=\"multiple-title\">Merci d&rsquo;avoir pris le temps de remplir ce formulaire<\/p><p>Nous vous contacterons d\u00e8s que possible pour vous orienter vers le meilleur sp\u00e9cialiste correspondant \u00e0 votre demande.<\/p><div class=\"multiple_wrapper\"><div class=\"loader\"><\/div><p class=\"multiple-title\">Vous cherchez d&rsquo;autres services ?<\/p><p class=\"multiple_text\">Vous souhaitez comparer d&rsquo;autres devis ou explorer d&rsquo;autres services ? Faites-le nous savoir et nous vous mettrons rapidement en relation<\/p><div class=\"multiple_container\"><div class=\"single_multiple multiple_button\" data-typeid=\"11364\"><i class=\"fa-3x cat icon-11364\"><\/i><span class=\"multiple_name\">Panneaux solaires<\/span><\/div><div class=\"single_multiple multiple_button\" data-typeid=\"11452\"><i class=\"fa-3x fad fa-door-closed\"><\/i><span class=\"multiple_name\">Ch\u00e2ssis, portes et fen\u00eatres<\/span><\/div><div class=\"single_multiple multiple_button\" data-typeid=\"11406\"><i class=\"fa-3x cat icon-11406\"><\/i><span class=\"multiple_name\">Syst\u00e8me d&rsquo;alarme<\/span><\/div><div class=\"single_multiple multiple_button\" data-typeid=\"11962\"><i class=\"fa-3x cat icon-11962\"><\/i><span class=\"multiple_name\">Travaux de toiture<\/span><\/div><div class=\"single_multiple multiple_button\" data-typeid=\"11972\"><i class=\"fa-3x cat icon-11972\"><\/i><span class=\"multiple_name\">Portails<\/span><\/div><div class=\"single_multiple multiple_button\" data-typeid=\"11427\"><i class=\"fa-3x cat icon-11427\"><\/i><span class=\"multiple_name\">Isolation<\/span><\/div><div class=\"single_multiple hidden multiple_button\" data-typeid=\"11428\"><i class=\"fa-3x cat icon-11428\"><\/i><span class=\"multiple_name\">Pompe \u00e0 chaleur<\/span><\/div><\/div><\/div><\/div><\/div><\/div>\n\n\n<h2 class=\"wp-block-heading\"><span class=\"ez-toc-section\" id=\"Vos_questions_frequentes_sur_les_systemes_de_climatisation\"><\/span>Vos questions fr\u00e9quentes sur les syst\u00e8mes de climatisation<span class=\"ez-toc-section-end\"><\/span><\/h2>\n\n\n\n<p>Voici les diff\u00e9rentes questions que vous pourriez vous poser auxquelles nous avons r\u00e9pondu :<\/p>\n\n\n\n<div class=\"wp-block-bobex-frequently-asked-questions bobex-faq-main-wrapper\">\n            <div class=\"bobex-simple-question-answer-block\">\n                <div class=\"bobex-simple-question-answer-block__question\" style=\"background-color: #63b0d1!important; color: white!important;\">\n                    <h3 style=\"color: white!important; margin:unset; font-size:1.2rem;\" class=\"bobex-simple-question-answer-block__question__content\"><span class=\"ez-toc-section\" id=\"Puis-je_placer_lunite_exterieure_de_ma_clim_dans_le_garage\"><\/span>Puis-je placer l&rsquo;unit\u00e9 ext\u00e9rieure de ma clim dans le garage ?<span class=\"ez-toc-section-end\"><\/span><\/h3>\n                    <div class=\"bobex-simple-question-answer-block__question__toggle\">+<\/div>\n                <\/div>\n                <div class=\"bobex-simple-question-answer-block__answer\" style=\"background-color: !important; color: black!important;\">\n                    <div class=\"bobex-simple-question-answer-block__answer__content\">Il n\u2019est pas recommand\u00e9 d\u2019installer l\u2019unit\u00e9 ext\u00e9rieure de votre climatisation dans votre garage, car celle-ci n\u00e9cessite une a\u00e9ration ad\u00e9quate dont elle ne peut pas b\u00e9n\u00e9ficier dans cet espace.<\/div>\n                    <div>\n<div class=\"wp-block-bobex-simple-question-answer\"><\/div>\n<\/div>\n                <\/div>\n            <\/div>\n        \n\n\n            <div class=\"bobex-simple-question-answer-block\">\n                <div class=\"bobex-simple-question-answer-block__question\" style=\"background-color: #63b0d1!important; color: white!important;\">\n                    <h3 style=\"color: white!important; margin:unset; font-size:1.2rem;\" class=\"bobex-simple-question-answer-block__question__content\"><span class=\"ez-toc-section\" id=\"Quel_type_de_climatiseur_installer_dans_une_chambre_avec_velux\"><\/span>Quel type de climatiseur installer dans une chambre avec velux ?<span class=\"ez-toc-section-end\"><\/span><\/h3>\n                    <div class=\"bobex-simple-question-answer-block__question__toggle\">+<\/div>\n                <\/div>\n                <div class=\"bobex-simple-question-answer-block__answer\" style=\"background-color: !important; color: black!important;\">\n                    <div class=\"bobex-simple-question-answer-block__answer__content\">Pour une chambre avec un Velux un climatiseur monospit ou multispit est parfaitement adapt\u00e9.<\/div>\n                    <div>\n<div class=\"wp-block-bobex-simple-question-answer\"><\/div>\n<\/div>\n                <\/div>\n            <\/div>\n        \n\n\n            <div class=\"bobex-simple-question-answer-block\">\n                <div class=\"bobex-simple-question-answer-block__question\" style=\"background-color: #63b0d1!important; color: white!important;\">\n                    <h3 style=\"color: white!important; margin:unset; font-size:1.2rem;\" class=\"bobex-simple-question-answer-block__question__content\"><span class=\"ez-toc-section\" id=\"Existe-t-il_des_aides_financieres_ou_des_primes_pour_linstallation_dun_climatiseur\"><\/span>Existe-t-il des aides financi\u00e8res ou des primes pour l&rsquo;installation d&rsquo;un climatiseur ?<span class=\"ez-toc-section-end\"><\/span><\/h3>\n                    <div class=\"bobex-simple-question-answer-block__question__toggle\">+<\/div>\n                <\/div>\n                <div class=\"bobex-simple-question-answer-block__answer\" style=\"background-color: !important; color: black!important;\">\n                    <div class=\"bobex-simple-question-answer-block__answer__content\">En Belgique, il existe en effet certaines primes pour l\u2019installation de syst\u00e8mes de pompe \u00e0 chaleur air-air, qui peuvent vous servir pour votre climatiseur, ce qui repr\u00e9sente un avantage non n\u00e9gligeable.<\/div>\n                    <div>\n<div class=\"wp-block-bobex-simple-question-answer\"><\/div>\n<\/div>\n                <\/div>\n            <\/div>\n        \n\n\n            <div class=\"bobex-simple-question-answer-block\">\n                <div class=\"bobex-simple-question-answer-block__question\" style=\"background-color: #63b0d1!important; color: white!important;\">\n                    <h3 style=\"color: white!important; margin:unset; font-size:1.2rem;\" class=\"bobex-simple-question-answer-block__question__content\"><span class=\"ez-toc-section\" id=\"Comment_reduire_la_chaleur_sur_les_toits_et_peut-on_installer_un_climatiseur_sur_ceux-ci\"><\/span><strong>Comment r\u00e9duire<\/strong> la <strong>chaleur<\/strong> sur les <strong>toits et peut-on installer un climatiseur sur ceux-ci<\/strong>\u00a0?<span class=\"ez-toc-section-end\"><\/span><\/h3>\n                    <div class=\"bobex-simple-question-answer-block__question__toggle\">+<\/div>\n                <\/div>\n                <div class=\"bobex-simple-question-answer-block__answer\" style=\"background-color: !important; color: black!important;\">\n                    <div class=\"bobex-simple-question-answer-block__answer__content\">L\u2019installation d\u2019un climatiseur sur votre toit est tout \u00e0 fait possible, et c\u2019est la mani\u00e8re la plus simple de r\u00e9duire la chaleur sous vos combles.La qualit\u00e9 de l\u2019isolation de votre toiture est aussi tr\u00e8s importante pour la gestion de la chaleur sous celle-ci.Si celle-ci est mal isol\u00e9e, il est recommand\u00e9, avant d\u2019envisager l\u2019installation et la mise en service d\u2019un climatiseur, d\u2019effectuer des travaux de r\u00e9novation pour am\u00e9liorer l\u2019isolation de votre toit.<\/div>\n                    <div>\n<div class=\"wp-block-bobex-simple-question-answer\"><\/div>\n<\/div>\n                <\/div>\n            <\/div>\n        \n\n\n            <div class=\"bobex-simple-question-answer-block\">\n                <div class=\"bobex-simple-question-answer-block__question\" style=\"background-color: #63b0d1!important; color: white!important;\">\n                    <h3 style=\"color: white!important; margin:unset; font-size:1.2rem;\" class=\"bobex-simple-question-answer-block__question__content\"><span class=\"ez-toc-section\" id=\"Ou_ne_doit-on_pas_placer_une_unite_de_condensation_exterieure\"><\/span><strong>O\u00f9<\/strong> ne <strong>doit-on<\/strong> pas <strong>placer<\/strong> une <strong>unit\u00e9<\/strong> de <strong>condensation ext\u00e9rieure<\/strong> ?<span class=\"ez-toc-section-end\"><\/span><\/h3>\n                    <div class=\"bobex-simple-question-answer-block__question__toggle\">+<\/div>\n                <\/div>\n                <div class=\"bobex-simple-question-answer-block__answer\" style=\"background-color: !important; color: black!important;\">\n                    <div class=\"bobex-simple-question-answer-block__answer__content\">Il ne faut surtout pas installer une unit\u00e9 de condensation ext\u00e9rieure dans un endroit mal ventil\u00e9, expos\u00e9 au soleil toute la journ\u00e9e surtout lors des p\u00e9riodes de canicules ou \u00e0 d\u2019autres conditions climatiques extr\u00eames. N&rsquo;oubliez de placer votre unit\u00e9 de condensation \u00e0 un endroit facile d&rsquo;acc\u00e8s.<\/div>\n                    <div>\n<div class=\"wp-block-bobex-simple-question-answer\"><\/div>\n<\/div>\n                <\/div>\n            <\/div>\n        <\/div>\n\n                    <script type=\"application\/ld+json\">\n                        {\"@context\":\"https:\\\/\\\/schema.org\",\"@type\":\"FAQPage\",\"mainEntity\":[{\"@type\":\"Question\",\"name\":\"Puis-je placer l'unit\\u00e9 ext\\u00e9rieure de ma clim dans le garage ?\",\"acceptedAnswer\":{\"@type\":\"Answer\",\"text\":\"Il n\\u2019est pas recommand\\u00e9 d\\u2019installer l\\u2019unit\\u00e9 ext\\u00e9rieure de votre climatisation dans votre garage, car celle-ci n\\u00e9cessite une a\\u00e9ration ad\\u00e9quate dont elle ne peut pas b\\u00e9n\\u00e9ficier dans cet espace.\"}},{\"@type\":\"Question\",\"name\":\"Quel type de climatiseur installer dans une chambre avec velux ?\",\"acceptedAnswer\":{\"@type\":\"Answer\",\"text\":\"Pour une chambre avec un Velux un climatiseur monospit ou multispit est parfaitement adapt\\u00e9.\"}},{\"@type\":\"Question\",\"name\":\"Existe-t-il des aides financi\\u00e8res ou des primes pour l'installation d'un climatiseur ?\",\"acceptedAnswer\":{\"@type\":\"Answer\",\"text\":\"En Belgique, il existe en effet certaines primes pour l\\u2019installation de syst\\u00e8mes de pompe \\u00e0 chaleur air-air, qui peuvent vous servir pour votre climatiseur, ce qui repr\\u00e9sente un avantage non n\\u00e9gligeable.\"}},{\"@type\":\"Question\",\"name\":\"<strong>Comment r\\u00e9duire<\\\/strong> la <strong>chaleur<\\\/strong> sur les <strong>toits et peut-on installer un climatiseur sur ceux-ci<\\\/strong>\\u00a0?\",\"acceptedAnswer\":{\"@type\":\"Answer\",\"text\":\"L\\u2019installation d\\u2019un climatiseur sur votre toit est tout \\u00e0 fait possible, et c\\u2019est la mani\\u00e8re la plus simple de r\\u00e9duire la chaleur sous vos combles.La qualit\\u00e9 de l\\u2019isolation de votre toiture est aussi tr\\u00e8s importante pour la gestion de la chaleur sous celle-ci.Si celle-ci est mal isol\\u00e9e, il est recommand\\u00e9, avant d\\u2019envisager l\\u2019installation et la mise en service d\\u2019un climatiseur, d\\u2019effectuer des travaux de r\\u00e9novation pour am\\u00e9liorer l\\u2019isolation de votre toit.\"}},{\"@type\":\"Question\",\"name\":\"<strong>O\\u00f9<\\\/strong> ne <strong>doit-on<\\\/strong> pas <strong>placer<\\\/strong> une <strong>unit\\u00e9<\\\/strong> de <strong>condensation ext\\u00e9rieure<\\\/strong> ?\",\"acceptedAnswer\":{\"@type\":\"Answer\",\"text\":\"Il ne faut surtout pas installer une unit\\u00e9 de condensation ext\\u00e9rieure dans un endroit mal ventil\\u00e9, expos\\u00e9 au soleil toute la journ\\u00e9e surtout lors des p\\u00e9riodes de canicules ou \\u00e0 d\\u2019autres conditions climatiques extr\\u00eames. N'oubliez de placer votre unit\\u00e9 de condensation \\u00e0 un endroit facile d'acc\\u00e8s.\"}}]}\n                    <\/script>\n                ","protected":false},"featured_media":0,"parent":166543,"template":"","meta":{"business":"43858","footnotes":""},"class_list":["post-197308","content","type-content","status-publish","hentry"],"_links":{"self":[{"href":"https:\/\/www.bobex.be\/fr-be\/wp-json\/wp\/v2\/content\/197308","targetHints":{"allow":["GET"]}}],"collection":[{"href":"https:\/\/www.bobex.be\/fr-be\/wp-json\/wp\/v2\/content"}],"about":[{"href":"https:\/\/www.bobex.be\/fr-be\/wp-json\/wp\/v2\/types\/content"}],"version-history":[{"count":9,"href":"https:\/\/www.bobex.be\/fr-be\/wp-json\/wp\/v2\/content\/197308\/revisions"}],"predecessor-version":[{"id":235492,"href":"https:\/\/www.bobex.be\/fr-be\/wp-json\/wp\/v2\/content\/197308\/revisions\/235492"}],"up":[{"embeddable":true,"href":"https:\/\/www.bobex.be\/fr-be\/wp-json\/wp\/v2\/content\/166543"}],"wp:attachment":[{"href":"https:\/\/www.bobex.be\/fr-be\/wp-json\/wp\/v2\/media?parent=197308"}],"curies":[{"name":"wp","href":"https:\/\/api.w.org\/{rel}","templated":true}]}}