{"id":197254,"date":"2025-05-16T07:56:13","date_gmt":"2025-05-16T07:56:13","guid":{"rendered":"https:\/\/www.bobex.be\/fr-be\/?post_type=content&#038;p=197254"},"modified":"2025-10-07T09:04:41","modified_gmt":"2025-10-07T09:04:41","slug":"temperature-ideale","status":"publish","type":"content","link":"https:\/\/www.bobex.be\/fr-be\/air-conditionne\/fonctionnement\/temperature-ideale\/","title":{"rendered":"A combien de degr\u00e9 mettre la clim \u00e0 la maison ?"},"content":{"rendered":"\n<div id=\"ez-toc-container\" class=\"ez-toc-v2_0_82_2 counter-hierarchy ez-toc-counter ez-toc-grey ez-toc-container-direction\">\n<div class=\"ez-toc-title-container\">\n<p class=\"ez-toc-title\" style=\"cursor:inherit\">Sommaire<\/p>\n<span class=\"ez-toc-title-toggle\"><a href=\"#\" class=\"ez-toc-pull-right ez-toc-btn ez-toc-btn-xs ez-toc-btn-default ez-toc-toggle\" aria-label=\"Toggle Table of Content\"><span class=\"ez-toc-js-icon-con\"><span class=\"\"><span class=\"eztoc-hide\" style=\"display:none;\">Toggle<\/span><span class=\"ez-toc-icon-toggle-span\"><svg style=\"fill: #999;color:#999\" xmlns=\"http:\/\/www.w3.org\/2000\/svg\" class=\"list-377408\" width=\"20px\" height=\"20px\" viewBox=\"0 0 24 24\" fill=\"none\"><path d=\"M6 6H4v2h2V6zm14 0H8v2h12V6zM4 11h2v2H4v-2zm16 0H8v2h12v-2zM4 16h2v2H4v-2zm16 0H8v2h12v-2z\" fill=\"currentColor\"><\/path><\/svg><svg style=\"fill: #999;color:#999\" class=\"arrow-unsorted-368013\" xmlns=\"http:\/\/www.w3.org\/2000\/svg\" width=\"10px\" height=\"10px\" viewBox=\"0 0 24 24\" version=\"1.2\" baseProfile=\"tiny\"><path d=\"M18.2 9.3l-6.2-6.3-6.2 6.3c-.2.2-.3.4-.3.7s.1.5.3.7c.2.2.4.3.7.3h11c.3 0 .5-.1.7-.3.2-.2.3-.5.3-.7s-.1-.5-.3-.7zM5.8 14.7l6.2 6.3 6.2-6.3c.2-.2.3-.5.3-.7s-.1-.5-.3-.7c-.2-.2-.4-.3-.7-.3h-11c-.3 0-.5.1-.7.3-.2.2-.3.5-.3.7s.1.5.3.7z\"\/><\/svg><\/span><\/span><\/span><\/a><\/span><\/div>\n<nav><ul class='ez-toc-list ez-toc-list-level-1 eztoc-toggle-hide-by-default' ><li class='ez-toc-page-1 ez-toc-heading-level-2'><a class=\"ez-toc-link ez-toc-heading-1\" href=\"https:\/\/www.bobex.be\/fr-be\/air-conditionne\/fonctionnement\/temperature-ideale\/#Quelle_temperature_ideale_a_regler_sur_votre_climatisation\" >Quelle temp\u00e9rature id\u00e9ale \u00e0 r\u00e9gler sur votre climatisation ?<\/a><ul class='ez-toc-list-level-3' ><li class='ez-toc-heading-level-3'><a class=\"ez-toc-link ez-toc-heading-2\" href=\"https:\/\/www.bobex.be\/fr-be\/air-conditionne\/fonctionnement\/temperature-ideale\/#Une_mauvaise_configuration_augmente_la_consommation_denergie\" >Une mauvaise configuration augmente la consommation d\u2019\u00e9nergie<\/a><\/li><li class='ez-toc-page-1 ez-toc-heading-level-3'><a class=\"ez-toc-link ez-toc-heading-3\" href=\"https:\/\/www.bobex.be\/fr-be\/air-conditionne\/fonctionnement\/temperature-ideale\/#Une_trop_grande_difference_de_temperature_entre_linterieur_et_lexterieur_est_mauvaise_pour_la_sante\" >Une trop grande diff\u00e9rence de temp\u00e9rature entre l\u2019int\u00e9rieur et l\u2019ext\u00e9rieur est mauvaise pour la sant\u00e9<\/a><\/li><\/ul><\/li><li class='ez-toc-page-1 ez-toc-heading-level-2'><a class=\"ez-toc-link ez-toc-heading-4\" href=\"https:\/\/www.bobex.be\/fr-be\/air-conditionne\/fonctionnement\/temperature-ideale\/#Quelle_est_la_meilleure_configuration_pour_votre_climatisation_a_la_maison\" >Quelle est la meilleure configuration pour votre climatisation \u00e0 la maison ?<\/a><ul class='ez-toc-list-level-3' ><li class='ez-toc-heading-level-3'><a class=\"ez-toc-link ez-toc-heading-5\" href=\"https:\/\/www.bobex.be\/fr-be\/air-conditionne\/fonctionnement\/temperature-ideale\/#Quelle_est_la_temperature_ideale_pour_chaque_piece_de_la_maison\" >Quelle est la temp\u00e9rature id\u00e9ale pour chaque pi\u00e8ce de la maison ?<\/a><ul class='ez-toc-list-level-4' ><li class='ez-toc-heading-level-4'><a class=\"ez-toc-link ez-toc-heading-6\" href=\"https:\/\/www.bobex.be\/fr-be\/air-conditionne\/fonctionnement\/temperature-ideale\/#Salon\" >Salon<\/a><\/li><li class='ez-toc-page-1 ez-toc-heading-level-4'><a class=\"ez-toc-link ez-toc-heading-7\" href=\"https:\/\/www.bobex.be\/fr-be\/air-conditionne\/fonctionnement\/temperature-ideale\/#Temperature_ideale_dans_la_chambre_a_coucher_pour_dormir\" >Temp\u00e9rature id\u00e9ale dans la chambre \u00e0 coucher pour dormir&nbsp;<\/a><\/li><li class='ez-toc-page-1 ez-toc-heading-level-4'><a class=\"ez-toc-link ez-toc-heading-8\" href=\"https:\/\/www.bobex.be\/fr-be\/air-conditionne\/fonctionnement\/temperature-ideale\/#Cuisine\" >Cuisine<\/a><\/li><li class='ez-toc-page-1 ez-toc-heading-level-4'><a class=\"ez-toc-link ez-toc-heading-9\" href=\"https:\/\/www.bobex.be\/fr-be\/air-conditionne\/fonctionnement\/temperature-ideale\/#Salle_de_bain\" >Salle de bain<\/a><\/li><li class='ez-toc-page-1 ez-toc-heading-level-4'><a class=\"ez-toc-link ez-toc-heading-10\" href=\"https:\/\/www.bobex.be\/fr-be\/air-conditionne\/fonctionnement\/temperature-ideale\/#Bureau_a_domicile\" >Bureau \u00e0 domicile<\/a><\/li><li class='ez-toc-page-1 ez-toc-heading-level-4'><a class=\"ez-toc-link ez-toc-heading-11\" href=\"https:\/\/www.bobex.be\/fr-be\/air-conditionne\/fonctionnement\/temperature-ideale\/#Chambres_damis_et_espaces_de_rangement\" >Chambres d\u2019amis et espaces de rangement<\/a><\/li><\/ul><\/li><\/ul><\/li><li class='ez-toc-page-1 ez-toc-heading-level-2'><a class=\"ez-toc-link ez-toc-heading-12\" href=\"https:\/\/www.bobex.be\/fr-be\/air-conditionne\/fonctionnement\/temperature-ideale\/#Quels_facteurs_influencent_la_temperature_ideale\" >Quels facteurs influencent la temp\u00e9rature id\u00e9ale ?<\/a><ul class='ez-toc-list-level-3' ><li class='ez-toc-heading-level-3'><a class=\"ez-toc-link ez-toc-heading-13\" href=\"https:\/\/www.bobex.be\/fr-be\/air-conditionne\/fonctionnement\/temperature-ideale\/#Le_taux_dhumidite\" >Le taux d\u2019humidit\u00e9<\/a><\/li><li class='ez-toc-page-1 ez-toc-heading-level-3'><a class=\"ez-toc-link ez-toc-heading-14\" href=\"https:\/\/www.bobex.be\/fr-be\/air-conditionne\/fonctionnement\/temperature-ideale\/#La_solution_la_plus_efficace_controler_lhumidite\" >La solution la plus efficace : contr\u00f4ler l\u2019humidit\u00e9<\/a><\/li><li class='ez-toc-page-1 ez-toc-heading-level-3'><a class=\"ez-toc-link ez-toc-heading-15\" href=\"https:\/\/www.bobex.be\/fr-be\/air-conditionne\/fonctionnement\/temperature-ideale\/#Les_activites_quotidiennes_dans_chaque_piece\" >Les activit\u00e9s quotidiennes dans chaque pi\u00e8ce<\/a><\/li><\/ul><\/li><li class='ez-toc-page-1 ez-toc-heading-level-2'><a class=\"ez-toc-link ez-toc-heading-16\" href=\"https:\/\/www.bobex.be\/fr-be\/air-conditionne\/fonctionnement\/temperature-ideale\/#Quelle_temperature_regler_pour_votre_climatisation_en_ete_et_en_hiver\" >Quelle temp\u00e9rature r\u00e9gler pour votre climatisation en \u00e9t\u00e9 et en hiver ?<\/a><\/li><li class='ez-toc-page-1 ez-toc-heading-level-2'><a class=\"ez-toc-link ez-toc-heading-17\" href=\"https:\/\/www.bobex.be\/fr-be\/air-conditionne\/fonctionnement\/temperature-ideale\/#Envie_de_recevoir_des_prix_et_des_conseils_personnalises_dexperts_en_climatisation\" >Envie de recevoir des prix et des conseils personnalis\u00e9s d\u2019experts en climatisation ?<\/a><\/li><li class='ez-toc-page-1 ez-toc-heading-level-2'><a class=\"ez-toc-link ez-toc-heading-18\" href=\"https:\/\/www.bobex.be\/fr-be\/air-conditionne\/fonctionnement\/temperature-ideale\/#Vous_avez_dautres_questions_sur_le_reglage_de_la_temperature_de_votre_climatisation\" >Vous avez d&rsquo;autres questions sur le r\u00e9glage de la temp\u00e9rature de votre climatisation ?<\/a><ul class='ez-toc-list-level-3' ><li class='ez-toc-heading-level-3'><a class=\"ez-toc-link ez-toc-heading-19\" href=\"https:\/\/www.bobex.be\/fr-be\/air-conditionne\/fonctionnement\/temperature-ideale\/#Pourquoi_faut-il_regler_la_climatisation_a_26_degres\" >Pourquoi faut-il r\u00e9gler la climatisation \u00e0 26 degr\u00e9s ?<\/a><\/li><li class='ez-toc-page-1 ez-toc-heading-level-3'><a class=\"ez-toc-link ez-toc-heading-20\" href=\"https:\/\/www.bobex.be\/fr-be\/air-conditionne\/fonctionnement\/temperature-ideale\/#Faut-il_differencier_la_temperature_jour_et_nuit\" >Faut-il diff\u00e9rencier la temp\u00e9rature jour et nuit ?<\/a><\/li><li class='ez-toc-page-1 ez-toc-heading-level-3'><a class=\"ez-toc-link ez-toc-heading-21\" href=\"https:\/\/www.bobex.be\/fr-be\/air-conditionne\/fonctionnement\/temperature-ideale\/#Comment_ajuster_la_clim_en_cas_dabsences_prolongees\" >Comment ajuster la clim en cas d\u2019absences prolong\u00e9es ?<\/a><\/li><\/ul><\/li><\/ul><\/nav><\/div>\n<h2 class=\"wp-block-heading\"><span class=\"ez-toc-section\" id=\"Quelle_temperature_ideale_a_regler_sur_votre_climatisation\"><\/span>Quelle temp\u00e9rature id\u00e9ale \u00e0 r\u00e9gler sur votre climatisation ?<span class=\"ez-toc-section-end\"><\/span><\/h2>\n\n\n\n<p>La <strong>temp\u00e9rature id\u00e9ale<\/strong> d&rsquo;un <a href=\"https:\/\/www.bobex.be\/fr-be\/air-conditionne\/\" target=\"_blank\" rel=\"noreferrer noopener\">air conditionn\u00e9<\/a> d\u00e9pend de <strong>plusieurs facteurs<\/strong>, et pas seulement de vos pr\u00e9f\u00e9rences personnelles.<br>Il est important de <strong>trouver un \u00e9quilibre<\/strong> et d&rsquo;adapter le<a href=\"https:\/\/www.bobex.be\/fr-be\/air-conditionne\/fonctionnement\/\" target=\"_blank\" rel=\"noreferrer noopener\"> fonctionnement de votre climatiseur<\/a> entre <strong>confort thermique<\/strong> et <strong>consommation d\u2019\u00e9nergie<\/strong>, afin de <strong>limiter vos co\u00fbts sans surcharger votre appareil<\/strong>.<\/p>\n\n\n\n<p>Un <strong>\u00e9cart trop important entre la temp\u00e9rature int\u00e9rieure et ext\u00e9rieure<\/strong> peut \u00e9galement \u00eatre <strong>mauvais pour votre sant\u00e9<\/strong>. D\u00e9couvrez ci-dessous comment \u00e9viter ce probl\u00e8me.<\/p>\n\n\n\n<h3 class=\"wp-block-heading\"><span class=\"ez-toc-section\" id=\"Une_mauvaise_configuration_augmente_la_consommation_denergie\"><\/span>Une mauvaise configuration augmente la consommation d\u2019\u00e9nergie<span class=\"ez-toc-section-end\"><\/span><\/h3>\n\n\n\n<p>M\u00eame si les climatiseurs modernes sont <strong>relativement \u00e9conomiques<\/strong>, un <strong>r\u00e9glage inadapt\u00e9<\/strong> peut <strong>faire grimper la consommation<\/strong>.<br>C\u2019est souvent le cas si vous <strong>r\u00e9glez votre climatisation trop bas en \u00e9t\u00e9<\/strong> ou <strong>trop haut en hiver<\/strong>.<\/p>\n\n\n\n<p>Plus la diff\u00e9rence est grande avec la temp\u00e9rature ext\u00e9rieure, <strong>plus l\u2019appareil doit travailler intens\u00e9ment<\/strong> pour atteindre et maintenir cette temp\u00e9rature.<\/p>\n\n\n\n<p>Un autre facteur est <strong>l\u2019isolation de votre logement<\/strong>. Une <strong>mauvaise isolation<\/strong> entra\u00eene des <strong>pertes de chaleur ou de fra\u00eecheur<\/strong>, ce qui <strong>oblige votre climatisation \u00e0 fonctionner en continu<\/strong>, augmentant ainsi <strong>votre consommation \u00e9nerg\u00e9tique<\/strong>.<\/p>\n\n\n\n            <div style=\"\n            --icon-bg-color: #17518d ;\n            --maskUrl:url( https:\/\/www.bobex.be\/fr-be\/wp-content\/plugins\/bobex-blocks\/img\/mask.svg );\n            --title-color:#10375e;\n            --bg-color: #d1e8f2;\n            --content-color:#5c5c5c\n        \" class=\"bobex-block-maindiv\" >\n                    <div class=\"bobex-tip-block__icon-area\">\n                        <img decoding=\"async\" src=\"https:\/\/www.bobex.be\/fr-be\/wp-content\/plugins\/bobex-blocks\/img\/advice.png\" alt=\"adive-icon\" class=\"bobex-tip-block__tipsLogo\"\/>\n                    <\/div>\n                    <div class=\"bobex-tip-block__content-area p-2\">\n                        <p class=\"bobex-block-tips-title\">Les climatiseurs mobiles gaspillent de l\u2019\u00e9nergie<\/p>\n                        <p class=\"bobex-block-tips-content\"><\/p>\n                        <div>\n<div class=\"wp-block-bobex-advice\">\n<p>Les <strong>climatiseurs mobiles<\/strong> \u00e9quip\u00e9s d\u2019une <strong>gaine d\u2019\u00e9vacuation passant par une fen\u00eatre ou une porte entrouverte<\/strong> sont souvent <strong>tr\u00e8s \u00e9nergivores<\/strong>.<br>En effet, <strong>l\u2019air chaud ext\u00e9rieur<\/strong> entre en continu, for\u00e7ant l\u2019appareil \u00e0 <strong>travailler davantage<\/strong> pour maintenir la temp\u00e9rature souhait\u00e9e.<\/p>\n\n\n\n<p>Vous pouvez <strong>limiter ce probl\u00e8me<\/strong> en utilisant des <strong>kits d\u2019\u00e9tanch\u00e9it\u00e9<\/strong> adapt\u00e9s.<br>Cependant, la <strong>meilleure solution reste d\u2019investir dans une climatisation fixe<\/strong>, <strong>plus performante<\/strong> et <strong>\u00e9conome en \u00e9nergie<\/strong>.<\/p>\n<\/div>\n<\/div>\n                    <\/div>\n            <\/div>\n        \n\n\n<p>Enfin, une <strong>consommation d\u2019\u00e9nergie \u00e9lev\u00e9e<\/strong> peut aussi \u00eatre due \u00e0 un <strong>manque d\u2019entretien<\/strong> de votre climatisation.<br>Vous remarquez que votre appareil est <strong>moins performant<\/strong>, <strong>plus lent<\/strong>, ou que votre <strong>consommation augmente<\/strong> sans que vous l\u2019utilisiez davantage ?<br>Il est probablement <strong>temps de faire appel \u00e0 un sp\u00e9cialiste<\/strong> pour un <strong><a href=\"https:\/\/www.bobex.be\/fr-be\/air-conditionne\/entretien\/\" target=\"_blank\" rel=\"noreferrer noopener\">entretien complet<\/a><\/strong>.<\/p>\n\n\n\n<p>N\u2019oubliez pas de <strong>v\u00e9rifier r\u00e9guli\u00e8rement les filtres<\/strong>. Dans la plupart des cas, <strong>vous pouvez les remplacer vous-m\u00eame facilement<\/strong>, ce qui contribue \u00e0 <strong>maintenir les performances et \u00e0 limiter la consommation<\/strong>.<\/p>\n\n\n\n<figure class=\"wp-block-image size-full\"><img decoding=\"async\" width=\"1200\" height=\"630\" src=\"https:\/\/www.bobex.be\/wp-uploads\/sites\/2\/Reparateur-climatisation.jpg\" alt=\"Un homme en train de faire l'entretien d'un climatiseur mural\" class=\"wp-image-198262\"\/><\/figure>\n\n\n\n<h3 class=\"wp-block-heading\"><span class=\"ez-toc-section\" id=\"Une_trop_grande_difference_de_temperature_entre_linterieur_et_lexterieur_est_mauvaise_pour_la_sante\"><\/span>Une trop grande diff\u00e9rence de temp\u00e9rature entre l\u2019int\u00e9rieur et l\u2019ext\u00e9rieur est mauvaise pour la sant\u00e9<span class=\"ez-toc-section-end\"><\/span><\/h3>\n\n\n\n<p>Par forte chaleur, il est <strong>d\u00e9conseill\u00e9 de r\u00e9gler votre climatisation trop bas<\/strong>. De m\u00eame, en hiver, <strong>\u00e9vitez de chauffer excessivement<\/strong>.<\/p>\n\n\n\n<p>Au-del\u00e0 de la <strong>hausse des co\u00fbts \u00e9nerg\u00e9tiques<\/strong>, une <strong>diff\u00e9rence de temp\u00e9rature trop importante<\/strong> entre l\u2019int\u00e9rieur et l\u2019ext\u00e9rieur peut avoir des <strong>effets n\u00e9gatifs sur votre sant\u00e9<\/strong>.<br>La <strong>r\u00e8gle g\u00e9n\u00e9rale<\/strong> est de <strong>ne pas d\u00e9passer 6 \u00b0C d\u2019\u00e9cart<\/strong> par rapport \u00e0 la temp\u00e9rature ext\u00e9rieure en \u00e9t\u00e9.<\/p>\n\n\n\n<p>Par exemple, s\u2019il fait <strong>30 \u00b0C dehors<\/strong>, r\u00e9glez votre climatisation sur <strong>24 \u00b0C minimum<\/strong>.<br>En hiver, une temp\u00e9rature int\u00e9rieure entre <strong>18 et 21 \u00b0C<\/strong> est consid\u00e9r\u00e9e comme <strong>id\u00e9ale<\/strong> pour le <strong>confort et la sant\u00e9<\/strong>.<\/p>\n\n\n\n                <div class='bobex-cta-block' style='\n            --button-bg-color: #e13c0e;\n            --button-text-color: #ffffff;\n            --banner-bg-color: #aad4e6;\n            --arrow-main-bg-color: #aad4e6;\n            --arrow-secondary-bg-color: #e5f2f7;\n            --banner-title-color: #10375e;\n            --arrow-title-color: #10375e;\n            --banner-text-color: #545454;\n            --arrow-text-color: #545454;         \n            --invert-range: 0deg;\n        '>\n                    <div class='cta-arrow-text d-flex d-lg-none'>\n                        <a class='cta-button-rounded' href='#ppp'>Recevez des offres gratuit<\/a>\n                    <\/div>\n                    <div class='d-none d-lg-flex flex-no-wrap'>\n                        <div class=\"col-7 cta-arrow-text d-flex text-color\">\n                            <div class=\"m-auto\">\n                                <div class=\"h3\">Envie d\u2019un meilleur climat int\u00e9rieur ?<\/div>\n                                <div class='text-color'>Trouvez la climatisation adapt\u00e9e \u00e0 vos besoins et \u00e0 votre logement.<\/div>\n                            <\/div>\n                        <\/div>\n                        <div class='cta-arrow-link col-5'>\n                            <a class='cta-button-rounded' href=\"#ppp\">Recevez des offres gratuit<\/a>\n                        <\/div>\n                    <\/div>\n                <\/div>\n\n\n<h2 class=\"wp-block-heading\"><span class=\"ez-toc-section\" id=\"Quelle_est_la_meilleure_configuration_pour_votre_climatisation_a_la_maison\"><\/span>Quelle est la meilleure configuration pour votre climatisation \u00e0 la maison ?<span class=\"ez-toc-section-end\"><\/span><\/h2>\n\n\n\n<p>La <strong>temp\u00e9rature id\u00e9ale<\/strong> varie d\u2019une personne \u00e0 l\u2019autre. Cependant, il existe <strong>quelques recommandations<\/strong> et <strong>valeurs de r\u00e9f\u00e9rence<\/strong> qui vous aident \u00e0 cr\u00e9er un <strong>environnement int\u00e9rieur confortable et sain<\/strong>.<\/p>\n\n\n\n            <div class=\"bobex-lightblock-maindiv\" style=\"\n            --content-color:#5c5c5c;\n        \">\n                <div class=\"bobex-tip-light-block__icon-area\">\n                    <div class=\"bobex-tip-light-icon-container\">\n                        <img decoding=\"async\" src=\"https:\/\/www.bobex.be\/fr-be\/wp-content\/plugins\/bobex-blocks\/img\/advice.png \" alt=\"advice-icon\" class=\"bobex-tip-light-block__tipsBlueLogo\"\/>\n                    <\/div>\n                <\/div>\n                <div class=\"bobex-tip-light-block__content-area\">\n                    <p class=\"bobex-block-tips-content\"><\/p>\n                    <div>\n<div class=\"wp-block-bobex-advice-light\">\n<p>Soyez particuli\u00e8rement attentif aux <strong>personnes \u00e2g\u00e9es<\/strong> et aux <strong>b\u00e9b\u00e9s<\/strong> \u00e0 la maison. Ils sont <strong>plus sensibles aux \u00e9carts de temp\u00e9rature<\/strong> et peuvent <strong>tomber malades<\/strong> si l\u2019air int\u00e9rieur est <strong>trop chaud ou trop froid<\/strong>.&nbsp;<\/p>\n<\/div>\n<\/div>\n                <\/div>\n            <\/div>\n        \n\n\n<h3 class=\"wp-block-heading\"><span class=\"ez-toc-section\" id=\"Quelle_est_la_temperature_ideale_pour_chaque_piece_de_la_maison\"><\/span>Quelle est la temp\u00e9rature id\u00e9ale pour chaque pi\u00e8ce de la maison ?<span class=\"ez-toc-section-end\"><\/span><\/h3>\n\n\n\n<h4 class=\"wp-block-heading\"><span class=\"ez-toc-section\" id=\"Salon\"><\/span>Salon<span class=\"ez-toc-section-end\"><\/span><\/h4>\n\n\n\n<p>Pour votre <strong>salon<\/strong> ou votre <strong>bureau \u00e0 domicile<\/strong>, une temp\u00e9rature comprise entre <strong>18 et 21 \u00b0C<\/strong> est id\u00e9ale. Elle garantit un <strong>confort optimal<\/strong> sans consommer trop d\u2019\u00e9nergie.<br>En cas de forte chaleur, veillez \u00e0 <strong>ne pas d\u00e9passer 6 \u00b0C d\u2019\u00e9cart<\/strong> entre la temp\u00e9rature int\u00e9rieure et ext\u00e9rieure.<\/p>\n\n\n\n<h4 class=\"wp-block-heading\"><span class=\"ez-toc-section\" id=\"Temperature_ideale_dans_la_chambre_a_coucher_pour_dormir\"><\/span>Temp\u00e9rature id\u00e9ale dans la chambre \u00e0 coucher pour dormir&nbsp;<span class=\"ez-toc-section-end\"><\/span><\/h4>\n\n\n\n<p>Un <strong>environnement plus frais favorise le sommeil<\/strong>. Id\u00e9alement, la temp\u00e9rature dans la <strong>chambre<\/strong> se situe entre <strong>16 et 18 \u00b0C<\/strong>.<\/p>\n\n\n\n<h4 class=\"wp-block-heading\"><span class=\"ez-toc-section\" id=\"Cuisine\"><\/span>Cuisine<span class=\"ez-toc-section-end\"><\/span><\/h4>\n\n\n\n<p>La <strong>cuisine<\/strong> se r\u00e9chauffe vite \u00e0 cause des <strong>appareils de cuisson<\/strong>. Une temp\u00e9rature autour de <strong>20 \u00b0C<\/strong> est donc suffisante pour <strong>rester \u00e0 l\u2019aise<\/strong>.<\/p>\n\n\n\n<h4 class=\"wp-block-heading\"><span class=\"ez-toc-section\" id=\"Salle_de_bain\"><\/span>Salle de bain<span class=\"ez-toc-section-end\"><\/span><\/h4>\n\n\n\n<p>Dans la <strong>salle de bain<\/strong>, une temp\u00e9rature plus \u00e9lev\u00e9e est agr\u00e9able. Visez une temp\u00e9rature entre <strong>22 et 23 \u00b0C<\/strong> pour <strong>\u00e9viter les sensations de froid<\/strong> apr\u00e8s la douche.<\/p>\n\n\n\n<h4 class=\"wp-block-heading\"><span class=\"ez-toc-section\" id=\"Bureau_a_domicile\"><\/span>Bureau \u00e0 domicile<span class=\"ez-toc-section-end\"><\/span><\/h4>\n\n\n\n<p>Pour <strong>travailler efficacement<\/strong>, gardez votre <strong>bureau \u00e0 domicile agr\u00e9ablement frais<\/strong>. En \u00e9t\u00e9, une temp\u00e9rature entre <strong>21 et 23 \u00b0C<\/strong> est id\u00e9ale. En hiver, une temp\u00e9rature <strong>un peu plus basse<\/strong> peut convenir, selon vos pr\u00e9f\u00e9rences.<\/p>\n\n\n\n<h4 class=\"wp-block-heading\"><span class=\"ez-toc-section\" id=\"Chambres_damis_et_espaces_de_rangement\"><\/span>Chambres d\u2019amis et espaces de rangement<span class=\"ez-toc-section-end\"><\/span><\/h4>\n\n\n\n<p>Les <strong>pi\u00e8ces peu utilis\u00e9es<\/strong> comme les <strong>chambres d\u2019amis<\/strong> ou <strong>les d\u00e9barras<\/strong> n\u00e9cessitent <strong>moins de r\u00e9gulation thermique<\/strong>.<\/p>\n\n\n\n<p>Cependant, la <strong>temp\u00e9rature de ces espaces<\/strong> peut <strong>influencer la temp\u00e9rature des pi\u00e8ces voisines<\/strong> et le <strong>confort g\u00e9n\u00e9ral de votre habitation<\/strong>.<\/p>\n\n\n\n<figure class=\"wp-block-image size-full\"><img decoding=\"async\" width=\"1200\" height=\"628\" src=\"https:\/\/www.bobex.be\/wp-uploads\/sites\/2\/Jeune-couple-utilise-climatiseur.jpg\" alt=\"Un jeune couple en train de r\u00e9gler leur climatisation dans leur salon\" class=\"wp-image-167430\"\/><\/figure>\n\n\n\n            <div class=\"bobex-highlight-global-div\" style=\"\n            --line-color: #17518d;\n            --bg-color: #e5f2f7;\n            --content-color:#10375e;\n            --title-color: #10375e;\n        \">\n                    <div class=\"bobex-highlight-block__border\">\n                        <div class=\"bobex--block_highlight_content-area\">\n                            <p class=\"bobex-block-highlight-title\">Essayez de <strong>maintenir une temp\u00e9rature stable tout au long de la journ\u00e9e<\/strong>.<br>Cela permet de <strong>r\u00e9duire la <\/strong><a href=\"https:\/\/www.bobex.be\/fr-be\/air-conditionne\/consommation\/\" target=\"_blank\" rel=\"noreferrer noopener\"><strong>consommation d\u2019\u00e9nergie<\/strong> de votre air conditionn\u00e9<\/a> et d\u2019<strong>am\u00e9liorer la qualit\u00e9 de l\u2019air int\u00e9rieur<\/strong>.<\/p>\n                            <p class=\"bobex-block-highlight-content\">\n                            \t<div>\n<div class=\"wp-block-bobex-highlight\">\n<p><\/p>\n<\/div>\n<\/div>\n                            <\/p>\n                        <\/div>\n                    <\/div>\n            <\/div>\n        \n\n\n<h2 class=\"wp-block-heading\"><span class=\"ez-toc-section\" id=\"Quels_facteurs_influencent_la_temperature_ideale\"><\/span>Quels facteurs influencent la temp\u00e9rature id\u00e9ale ?<span class=\"ez-toc-section-end\"><\/span><\/h2>\n\n\n\n<p>Il se peut que la <strong>temp\u00e9rature per\u00e7ue<\/strong> soit <strong>diff\u00e9rente de celle indiqu\u00e9e par votre climatisation<\/strong>.<br>Voici quelques \u00e9l\u00e9ments qui peuvent influencer cette sensation.<\/p>\n\n\n\n<h3 class=\"wp-block-heading\"><span class=\"ez-toc-section\" id=\"Le_taux_dhumidite\"><\/span>Le taux d\u2019humidit\u00e9<span class=\"ez-toc-section-end\"><\/span><\/h3>\n\n\n\n<p>Le <strong>taux d\u2019humidit\u00e9<\/strong> a un <strong>impact direct<\/strong> sur la <strong>sensation de chaleur<\/strong> :<\/p>\n\n\n\n<ul class=\"wp-block-list\">\n<li>Une <strong>faible humidit\u00e9<\/strong> donne l\u2019impression d\u2019une pi\u00e8ce <strong>plus fra\u00eeche<\/strong>.<\/li>\n\n\n\n<li>Une <strong>humidit\u00e9 \u00e9lev\u00e9e<\/strong> rend l\u2019air <strong>plus lourd et \u00e9touffant<\/strong>, limitant la capacit\u00e9 du corps \u00e0 <strong>\u00e9vacuer la chaleur par la transpiration<\/strong>.<\/li>\n<\/ul>\n\n\n\n<p>Dans les <strong>pi\u00e8ces humides<\/strong>, il peut \u00eatre judicieux de <strong>baisser l\u00e9g\u00e8rement la temp\u00e9rature<\/strong> de votre climatisation pour retrouver une sensation de fra\u00eecheur.<\/p>\n\n\n\n<h3 class=\"wp-block-heading\"><span class=\"ez-toc-section\" id=\"La_solution_la_plus_efficace_controler_lhumidite\"><\/span>La solution la plus efficace : contr\u00f4ler l\u2019humidit\u00e9<span class=\"ez-toc-section-end\"><\/span><\/h3>\n\n\n\n<p>Un <strong>taux d\u2019humidit\u00e9 trop \u00e9lev\u00e9<\/strong> rend non seulement les pi\u00e8ces <strong>plus chaudes<\/strong>, mais <strong>favorise aussi la formation de moisissures<\/strong> sur les murs et les meubles.<br>Cela peut entra\u00eener des <strong>probl\u00e8mes de sant\u00e9<\/strong>, comme <strong>l\u2019asthme<\/strong> ou les <strong>allergies<\/strong>.<\/p>\n\n\n\n<p>Pour un <strong>confort optimal<\/strong>, il est donc conseill\u00e9 de <strong>garder le taux d\u2019humidit\u00e9 sous contr\u00f4le<\/strong> en compl\u00e9ment de la r\u00e9gulation de la temp\u00e9rature.ie\u00ebn.<\/p>\n\n\n\n            <div class=\"bobex-lightblock-maindiv\" style=\"\n            --content-color:#5c5c5c;\n        \">\n                <div class=\"bobex-tip-light-block__icon-area\">\n                    <div class=\"bobex-tip-light-icon-container\">\n                        <img decoding=\"async\" src=\"https:\/\/www.bobex.be\/fr-be\/wp-content\/plugins\/bobex-blocks\/img\/advice.png \" alt=\"advice-icon\" class=\"bobex-tip-light-block__tipsBlueLogo\"\/>\n                    <\/div>\n                <\/div>\n                <div class=\"bobex-tip-light-block__content-area\">\n                    <p class=\"bobex-block-tips-content\"><\/p>\n                    <div>\n<div class=\"wp-block-bobex-advice-light\">\n<p>Certains <a href=\"https:\/\/www.bobex.be\/fr-be\/air-conditionne\/systeme-de-climatisation\/\" target=\"_blank\" rel=\"noreferrer noopener\">syst\u00e8mes de climatisation<\/a> permettent \u00e9galement de <strong>r\u00e9guler le taux d\u2019humidit\u00e9 int\u00e9rieur<\/strong>.<br>Demandez conseil \u00e0 votre <a href=\"https:\/\/www.bobex.be\/fr-be\/air-conditionne\/installateur-de-climatisation\/\" target=\"_blank\" rel=\"noreferrer noopener\"><strong>installateur<\/strong> de climatiseurs<\/a> pour d\u00e9couvrir les <strong>options adapt\u00e9es \u00e0 votre logement<\/strong>.<\/p>\n<\/div>\n<\/div>\n                <\/div>\n            <\/div>\n        \n\n\n<h3 class=\"wp-block-heading\"><span class=\"ez-toc-section\" id=\"Les_activites_quotidiennes_dans_chaque_piece\"><\/span>Les activit\u00e9s quotidiennes dans chaque pi\u00e8ce<span class=\"ez-toc-section-end\"><\/span><\/h3>\n\n\n\n<p>Chaque pi\u00e8ce de la maison remplit une fonction sp\u00e9cifique, et <strong>les activit\u00e9s qui s\u2019y d\u00e9roulent influencent \u00e0 la fois la temp\u00e9rature et l\u2019humidit\u00e9<\/strong>.<\/p>\n\n\n\n<p>Par exemple, la <strong>cuisine<\/strong> se r\u00e9chauffe rapidement en raison de l\u2019<strong>utilisation du four, des plaques de cuisson ou de la bouilloire<\/strong>. La <strong>vapeur d\u2019eau<\/strong> g\u00e9n\u00e9r\u00e9e par la cuisson ou les appareils m\u00e9nagers <strong>augmente \u00e9galement l\u2019humidit\u00e9<\/strong>. C\u2019est le m\u00eame ph\u00e9nom\u00e8ne dans les <strong>buanderies<\/strong> lorsque vous lavez ou s\u00e9chez le linge.<\/p>\n\n\n\n<p>Dans la <strong>chambre \u00e0 coucher<\/strong>, l\u2019humidit\u00e9 peut \u00e9galement <strong>augmenter pendant la nuit<\/strong> \u00e0 cause de la <strong>respiration<\/strong> et de la <strong>transpiration<\/strong>, m\u00eame lorsque la temp\u00e9rature est plus fra\u00eeche. Ces facteurs <strong>\u00e9l\u00e9vent naturellement le taux d\u2019humidit\u00e9<\/strong>, ce qui peut influencer la sensation de confort.<\/p>\n\n\n\n                <div class='bobex-cta-block' style='\n            --button-bg-color: #e13c0e;\n            --button-text-color: #ffffff;\n            --banner-bg-color: #aad4e6;\n            --arrow-main-bg-color: #aad4e6;\n            --arrow-secondary-bg-color: #e5f2f7;\n            --banner-title-color: #10375e;\n            --arrow-title-color: #10375e;\n            --banner-text-color: #545454;\n            --arrow-text-color: #545454;         \n            --invert-range: 0deg;\n        '>\n                    <div class='cta-arrow-text d-flex d-lg-none'>\n                        <a class='cta-button-rounded' href='#ppp'>Recevoir des offres gratuitement<\/a>\n                    <\/div>\n                    <div class='d-none d-lg-flex flex-no-wrap'>\n                        <div class=\"col-7 cta-arrow-text d-flex text-color\">\n                            <div class=\"m-auto\">\n                                <div class=\"h3\">Ma\u00eetrisez votre confort int\u00e9rieur<\/div>\n                                <div class='text-color'>Recevez des conseils et comparez les meilleures offres pour votre climatisation.<\/div>\n                            <\/div>\n                        <\/div>\n                        <div class='cta-arrow-link col-5'>\n                            <a class='cta-button-rounded' href=\"#ppp\">Recevoir des offres gratuitement<\/a>\n                        <\/div>\n                    <\/div>\n                <\/div>\n\n\n<h2 class=\"wp-block-heading\"><span class=\"ez-toc-section\" id=\"Quelle_temperature_regler_pour_votre_climatisation_en_ete_et_en_hiver\"><\/span>Quelle temp\u00e9rature r\u00e9gler pour votre climatisation en \u00e9t\u00e9 et en hiver ?<span class=\"ez-toc-section-end\"><\/span><\/h2>\n\n\n\n<p>En \u00e9t\u00e9, le <strong>niveau de confort optimal<\/strong> se situe entre <strong>22 et 26 \u00b0C<\/strong>. Cette plage de temp\u00e9rature permet de <strong>garder les pi\u00e8ces fra\u00eeches<\/strong> tout en <strong>limitant la consommation d\u2019\u00e9nergie<\/strong> et en <strong>maintenant une ambiance agr\u00e9able<\/strong> dans la maison.<\/p>\n\n\n\n<p>Vous trouvez qu\u2019une temp\u00e9rature int\u00e9rieure de <strong>24 \u00b0C<\/strong> reste trop \u00e9lev\u00e9e lors d\u2019une <strong>journ\u00e9e d\u2019\u00e9t\u00e9 \u00e0 30 \u00b0C<\/strong> ?<br>\u00c9vitez de <strong>baisser encore la climatisation<\/strong> et optez plut\u00f4t pour <strong>des solutions compl\u00e9mentaires<\/strong>, comme <strong>utiliser un ventilateur<\/strong> ou <strong>appliquer un gant de toilette froid sur votre nuque<\/strong> pour vous rafra\u00eechir efficacement.<\/p>\n\n\n\n<p>En <strong>hiver<\/strong>, la temp\u00e9rature int\u00e9rieure id\u00e9ale se situe entre <strong>18 et 21 \u00b0C<\/strong>.<br>M\u00eame si vous pourriez \u00eatre tent\u00e9 de <strong>chauffer davantage<\/strong>, il est recommand\u00e9, pour des <strong>raisons de sant\u00e9<\/strong>, de <strong>ne pas d\u00e9passer cette plage de confort<\/strong>.<br>Un air trop chaud peut en effet <strong>ass\u00e9cher l\u2019air ambiant<\/strong> et <strong>provoquer une sensation d\u2019inconfort<\/strong>.<\/p>\n\n\n\n<h2 class=\"wp-block-heading\"><span class=\"ez-toc-section\" id=\"Envie_de_recevoir_des_prix_et_des_conseils_personnalises_dexperts_en_climatisation\"><\/span>Envie de recevoir des prix et des conseils personnalis\u00e9s d\u2019experts en climatisation ?<span class=\"ez-toc-section-end\"><\/span><\/h2>\n\n\n\n<p>Vous avez encore des questions sur <strong>la temp\u00e9rature id\u00e9ale<\/strong>, <strong>les r\u00e9glages optimaux<\/strong> ou <strong>les fonctionnalit\u00e9s de votre climatisation<\/strong>, comme <strong>le contr\u00f4le de l\u2019humidit\u00e9<\/strong> ? Vous souhaitez <strong>en savoir plus sur les co\u00fbts d\u2019installation<\/strong> ?<\/p>\n\n\n\n<p>Remplissez simplement le formulaire ci-dessous pour <strong>recevoir gratuitement des informations, des conseils et des devis personnalis\u00e9s sans engagement<\/strong>.<br>Vous obtiendrez ainsi <strong>des r\u00e9ponses rapides<\/strong> et une <strong>estimation claire<\/strong> adapt\u00e9e \u00e0 <strong>votre logement et votre budget<\/strong>, propos\u00e9e par des <strong>sp\u00e9cialistes pr\u00e8s de chez vous<\/strong>.<\/p>\n\n\n<div id=\"ppp\" class=\"bob-form-wrapper\" data-ajax_url=\"https:\/\/www.bobex.be\/fr-be\/wp-admin\/admin-ajax.php\" data-fa_a=\"\" data-fa_b=\"\"><div class=\"loader\" aria-hidden=\"true\"><\/div>    <div>\n        <div class=\"row mx-auto mb-2\" style=\"max-width: 900px;\">\n            <div class=\"col-md-4\"><i class=\"mr-1 fas fa-check\" style=\"color:green;\"><\/i>Devis gratuits et rapides<\/div>\n            <div class=\"col-md-4\"><i class=\"mr-1 fas fa-check\" style=\"color:green;\"><\/i>Sans engagement et obligation<\/div>\n            <div class=\"col-md-4\"><i class=\"mr-1 fas fa-check\" style=\"color:green;\"><\/i>Professionnels agr\u00e9\u00e9s<\/div>\n        <\/div>\n    <\/div><div id=\"form-69ec5781f0c22\" class=\"bob-form-container\" style=\"background-color: white; font-family: Roboto, sans-serif !important; font-size: 16px !important; color: #545454; box-shadow: 0 2px 10px rgba(0,0,0,0.1); --font_title: Poppins; --font_size_title: 20px; --title_bg_color: #175da6; --copyright_color: #fde8e1; --box_upload_color: #e5f2f7; padding:unset;\" data-form-type=\"inline\" data-form-id=\"69ec5781f0c22\"><style>#form-69ec5781f0c22 .bob-form-inline-question.even {\n  background-color: #e5f2f7;\n}\n#form-69ec5781f0c22 .single_multiple.multiple_button {\n  background-color: #e5f2f7 !important;\n}\n#form-69ec5781f0c22 .bob-form-inline-question--hidden {\n  display: none;\n}<\/style><div class=\"form-questions\"><form id=\"bob-form\" class=\"bob-form bob-form-tag\" method=\"post\" action=\"https:\/\/www.bobex.be\/fr-be\/wp-admin\/admin-ajax.php?action=bobex-form-validation\">    <div class=\"form-title\">\n        Formulez votre demande\n        <div class=\"form-title-info-line\">\n            R\u00e9pondez \u00e0 quelques questions et entrez en contact avec des sp\u00e9cialistes fiables. Nous vous demandons vos coordonn\u00e9es afin de s\u00e9lectionner les professionnels actifs dans votre r\u00e9gion.\n        <\/div>\n    <\/div><div class=\"form-questions bob-form-inline-question\"><div class=\"row\"><div class=\"question col-md-4\"><label>1*. Dans combien de pi\u00e8ces souhaitez-vous installer l&rsquo;air conditionn\u00e9 ?<\/label><\/div><div class=\"answer col-md-8\"><div class=\"bob-form-radio d-flex\"><input type=\"radio\" class=\"inline-radio\" id=\"69ec5781f0c22-input-0-1\" data-unique-id=\"69ec5781f0c22\" name=\"XML_extra_radio\" value=\"1\"  required=\"required\"><label for=\"69ec5781f0c22-input-0-1\">Dans une pi\u00e8ce<\/label><\/div><div class=\"bob-form-radio d-flex\"><input type=\"radio\" class=\"inline-radio\" id=\"69ec5781f0c22-input-0-2\" data-unique-id=\"69ec5781f0c22\" name=\"XML_extra_radio\" value=\"2\"  required=\"required\"><label for=\"69ec5781f0c22-input-0-2\">Dans 2 pi\u00e8ces<\/label><\/div><div class=\"bob-form-radio d-flex\"><input type=\"radio\" class=\"inline-radio\" id=\"69ec5781f0c22-input-0-3\" data-unique-id=\"69ec5781f0c22\" name=\"XML_extra_radio\" value=\"3\"  required=\"required\"><label for=\"69ec5781f0c22-input-0-3\">Dans 3 pi\u00e8ces<\/label><\/div><div class=\"bob-form-radio d-flex\"><input type=\"radio\" class=\"inline-radio\" id=\"69ec5781f0c22-input-0-4\" data-unique-id=\"69ec5781f0c22\" name=\"XML_extra_radio\" value=\"4\"  required=\"required\"><label for=\"69ec5781f0c22-input-0-4\">Dans 4 pi\u00e8ces ou plus<\/label><\/div><div class=\"bob-form-radio d-flex\"><input type=\"radio\" class=\"inline-radio\" id=\"69ec5781f0c22-input-0-5\" data-unique-id=\"69ec5781f0c22\" name=\"XML_extra_radio\" value=\"5\"  required=\"required\"><label for=\"69ec5781f0c22-input-0-5\">Je ne sais pas encore, conseillez-moi<\/label><\/div><\/div><\/div><\/div><div class=\"form-questions bob-form-inline-question even\"><div class=\"row\"><div class=\"question col-md-4\"><label>2*. Avez-vous une pr\u00e9f\u00e9rence pour un mod\u00e8le d&rsquo;air conditionn\u00e9 ?<\/label><\/div><div class=\"answer col-md-8\"><div class=\"bob-form-radio d-flex\"><input type=\"radio\" class=\"inline-radio\" id=\"69ec5781f0c22-input-1-1\" data-unique-id=\"69ec5781f0c22\" name=\"XML_extra_radio2\" value=\"1\"  required=\"required\"><label for=\"69ec5781f0c22-input-1-1\">Un mod\u00e8le mural (au mur, solution la plus compacte)<\/label><\/div><div class=\"bob-form-radio d-flex\"><input type=\"radio\" class=\"inline-radio\" id=\"69ec5781f0c22-input-1-2\" data-unique-id=\"69ec5781f0c22\" name=\"XML_extra_radio2\" value=\"2\"  required=\"required\"><label for=\"69ec5781f0c22-input-1-2\">Un mod\u00e8le console (par ex. sous une fen\u00eatre)<\/label><\/div><div class=\"bob-form-radio d-flex\"><input type=\"radio\" class=\"inline-radio\" id=\"69ec5781f0c22-input-1-3\" data-unique-id=\"69ec5781f0c22\" name=\"XML_extra_radio2\" value=\"3\"  required=\"required\"><label for=\"69ec5781f0c22-input-1-3\">Un mod\u00e8le encastr\u00e9 invisible (dans des faux plafonds ou des faux murs)<\/label><\/div><div class=\"bob-form-radio d-flex\"><input type=\"radio\" class=\"inline-radio\" id=\"69ec5781f0c22-input-1-4\" data-unique-id=\"69ec5781f0c22\" name=\"XML_extra_radio2\" value=\"4\"  required=\"required\"><label for=\"69ec5781f0c22-input-1-4\">Une combinaison de diff\u00e9rents mod\u00e8les<\/label><\/div><div class=\"bob-form-radio d-flex\"><input type=\"radio\" class=\"inline-radio\" id=\"69ec5781f0c22-input-1-5\" data-unique-id=\"69ec5781f0c22\" name=\"XML_extra_radio2\" value=\"5\"  required=\"required\"><label for=\"69ec5781f0c22-input-1-5\">Je ne sais pas encore, conseillez-moi<\/label><\/div><\/div><\/div><\/div><div class=\"form-questions bob-form-inline-question\"><div class=\"row\"><div class=\"question col-md-4\"><label>3*. Quel type d&rsquo;air conditionn\u00e9 souhaitez-vous ?<\/label><\/div><div class=\"answer col-md-8\"><div class=\"bob-form-radio d-flex\"><input type=\"radio\" class=\"inline-radio\" id=\"69ec5781f0c22-input-2-1\" data-unique-id=\"69ec5781f0c22\" name=\"XML_extra_radio3\" value=\"1\"  required=\"required\"><label for=\"69ec5781f0c22-input-2-1\">Air conditionn\u00e9 monosplit (1 unit\u00e9 int\u00e9rieure, 1 unit\u00e9 ext\u00e9rieure)<\/label><\/div><div class=\"bob-form-radio d-flex\"><input type=\"radio\" class=\"inline-radio\" id=\"69ec5781f0c22-input-2-2\" data-unique-id=\"69ec5781f0c22\" name=\"XML_extra_radio3\" value=\"2\"  required=\"required\"><label for=\"69ec5781f0c22-input-2-2\">Air conditionn\u00e9 multisplit (plusieurs unit\u00e9s int\u00e9rieures, 1 unit\u00e9 ext\u00e9rieure)<\/label><\/div><div class=\"bob-form-radio d-flex\"><input type=\"radio\" class=\"inline-radio\" id=\"69ec5781f0c22-input-2-3\" data-unique-id=\"69ec5781f0c22\" name=\"XML_extra_radio3\" value=\"3\"  required=\"required\"><label for=\"69ec5781f0c22-input-2-3\">Air conditionn\u00e9 mobile (1 unit\u00e9 int\u00e9rieure)<\/label><\/div><div class=\"bob-form-radio d-flex\"><input type=\"radio\" class=\"inline-radio\" id=\"69ec5781f0c22-input-2-4\" data-unique-id=\"69ec5781f0c22\" name=\"XML_extra_radio3\" value=\"4\"  required=\"required\"><label for=\"69ec5781f0c22-input-2-4\">Je ne sais pas encore, conseillez-moi<\/label><\/div><\/div><\/div><\/div><div class=\"form-questions bob-form-inline-question even\"><div class=\"row\"><div class=\"question col-md-4\"><label>4. Quand souhaitez-vous que le syst\u00e8me de climatisation soit install\u00e9 ?<\/label><\/div><div class=\"answer col-md-8\"><div class=\"bob-form-radio d-flex\"><input type=\"radio\" class=\"inline-radio\" id=\"69ec5781f0c22-input-3-1\" data-unique-id=\"69ec5781f0c22\" name=\"XML_extra_radio5\" value=\"1\"  ><label for=\"69ec5781f0c22-input-3-1\">Le plus rapidement possible, sous les 3 mois<\/label><\/div><div class=\"bob-form-radio d-flex\"><input type=\"radio\" class=\"inline-radio\" id=\"69ec5781f0c22-input-3-2\" data-unique-id=\"69ec5781f0c22\" name=\"XML_extra_radio5\" value=\"2\"  ><label for=\"69ec5781f0c22-input-3-2\">Dans les 3 \u00e0 6 mois<\/label><\/div><div class=\"bob-form-radio d-flex\"><input type=\"radio\" class=\"inline-radio\" id=\"69ec5781f0c22-input-3-3\" data-unique-id=\"69ec5781f0c22\" name=\"XML_extra_radio5\" value=\"3\"  ><label for=\"69ec5781f0c22-input-3-3\">Dans les 6 \u00e0 12 mois<\/label><\/div><\/div><\/div><\/div><div class=\"form-questions bob-form-inline-question\"><div class=\"d-flex flex-column\"><label class=\"question\" for=\"69ec5781f0c22-input-4\">5*. D\u00e9crivez votre projet de climatisation<\/label><textarea class=\"bob-form-input\" name=\"XML_remarks\" id=\"69ec5781f0c22-input-4\" data-unique-id=\"69ec5781f0c22\" required=\"required\"><\/textarea><\/div><\/div><div class=\"bob-inline-form bob-form-tag upload-box mb-3\">\n                    <div class=\"row\">\n                        <div class=\"col-md-12 mb-2 question\">Ajouter des photos ou des pi\u00e8ces jointes (en Option)<\/div>\n                        <div class=\"col-md-12\">\n                            <div class=\"box__input\" style=\"background-color: #e5f2f7;\"\n                                 ondrop=\"drop(event)\"\n                                 ondragover=\"allowDrop(event)\"\n                                 ondragleave=\"removeDropFx(event)\"\n                                >\n                                <input type=\"file\"\n                                       class=\"file__input\"\n                                       name=\"attachments[]\"\n                                       id=\"attachments\"\n                                       multiple=\"multiple\"\n                                       accept=\"image\/jpeg, image\/png, image\/gif, application\/pdf\"\n                                       data-multiple-caption=\"{count} files selected\">\n                                <div>\n                                    <label for=\"attachments\"><strong>S\u00e9lectionnez un fichier <\/strong>ou glissez-le ici<\/label>\n                                    <span class=\"box__button bobex-round-cta m-1 py-1\"\n                                          style=\"mix-blend-mode: luminosity\">\n                                        <i class=\"fas fa-cloud-upload-alt text-white\"><\/i>\n                                        T\u00e9l\u00e9charger\n                                    <\/span>\n                                <\/div>\n            \n                                <div class=\"row preview_wrapper m-0\"><\/div>\n                            <\/div>\n            \n                            <div class=\"box__uploading\">Uploading\u2026<\/div>\n                            <div class=\"box__success\">Done!<\/div>\n                            <div class=\"box__error\">Error! <span><\/span>.<\/div>\n                        <\/div>\n                    <\/div>\n                <\/div>    <div class=\"form-title\">\n        Vos donn\u00e9es\n    <\/div><div class=\"bob-form-contact-data\" style=\"padding: 20px\"><div class=\"row lead-info\"><div class=\"col-md-6 mb-3\">  <div class=\"form-group\">    <input value=\"\" type=\"text\" class=\"form-control\" id=\"firstName\" name=\"firstName\" placeholder=\"Pr\u00e9nom\" required>    <div class=\"valid-feedback\">Enchant\u00e9 !<\/div>    <div class=\"invalid-feedback\">Veuillez indiquer votre pr\u00e9nom<\/div>  <\/div><\/div><div class=\"col-md-6 mb-3\">  <div class=\"form-group\">    <input value=\"\" type=\"text\" class=\"form-control\" id=\"lastName\" name=\"lastName\" placeholder=\"Nom\" required>    <div class=\"valid-feedback\">Sympa<\/div>    <div class=\"invalid-feedback\">Veuillez indiquer votre nom de famille<\/div>  <\/div><\/div><div class=\"col-md-12 mb-3\">  <div class=\"form-group\">    <input value=\"\" type=\"email\" class=\"form-control\" id=\"email\" name=\"email\" placeholder=\"E-mail\" required style=\"max-width: unset;\">    <div class=\"valid-feedback\">C&rsquo;est tout bon<\/div>    <div class=\"invalid-feedback\">Veuillez indiquer une adresse e-mail valide<\/div>  <\/div><\/div><div class=\"col-md-12 mb-3\">  <div class=\"form-group\">    <input value=\"\" type=\"tel\" class=\"form-control\" id=\"phone\" name=\"phone\" placeholder=\"T\u00e9l\u00e9phone\" required style=\"max-width: unset;\">    <div class=\"valid-feedback\">Parfait<\/div>    <div class=\"invalid-feedback\">Veuillez indiquer un num\u00e9ro de t\u00e9l\u00e9phone valide<\/div>  <\/div><\/div><div class=\"col-md-12 mb-3\">  <div class=\"form-group\">    <input value=\"\" type=\"text\" class=\"form-control\" id=\"companyAddress\" name=\"companyAddress\" placeholder=\"Adresse\" required style=\"max-width: unset;\">    <div class=\"valid-feedback\">C&rsquo;est not\u00e9<\/div>    <div class=\"invalid-feedback\">Veuillez indiquer une adresse valide<\/div>  <\/div><\/div><div class=\"col-md-6 mb-3\">  <div class=\"form-group\">    <input value=\"\" type=\"text\" class=\"form-control\" id=\"companyPostalCode\" name=\"companyPostalCode\" placeholder=\"Code postal\" required>    <div class=\"valid-feedback\">Excellent !<\/div>    <div class=\"invalid-feedback\">Veuillez indiquer un code postal valide<\/div>  <\/div><\/div><div class=\"col-md-6 mb-3\">  <div class=\"form-group\">    <input value=\"\" type=\"text\" class=\"form-control\" id=\"companyCity\" name=\"companyCity\" placeholder=\"Ville\" required>    <div class=\"valid-feedback\">Bien jou\u00e9<\/div>    <div class=\"invalid-feedback\">Veuillez indiquer une ville valide<\/div>  <\/div><\/div><div class=\"d-flex mt-3\"><input name=\"promoOptin\" value=\"true\" id=\"promoOptin\" type=\"checkbox\" class=\"me-2\" style=\"width: unset\"><label for=\"promoOptin\">Je souhaite rester inform\u00e9 de ma demande et recevoir des conseils pratiques (fortement recommand\u00e9 !) <\/label><\/div><\/div><\/div><input type=\"hidden\" class=\"session_var\" name=\"newform\" value=\"true\"><input type=\"hidden\" class=\"session_var\" name=\"lead-validation-nonce\" value=\"7104c47c2a\"><input type=\"hidden\" class=\"session_var\" name=\"aff\" value=\"minisite\"><input type=\"hidden\" class=\"session_var\" name=\"utm_source\" value=\"https:\/\/www.bobex.be\/fr-be\/wp-json\/v2\/content\/197254\"><input type=\"hidden\" class=\"session_var\" name=\"bobx\" value=\"\"><input type=\"hidden\" class=\"session_var\" name=\"sessionType\" value=\"B2C\"><input type=\"hidden\" class=\"session_var\" name=\"utm_medium\" value=\"web\"><input type=\"hidden\" class=\"session_var\" name=\"utm_campaign\" value=\"search\"><input type=\"hidden\" class=\"session_var\" name=\"rem_source\" value=\"https:\/\/www.bobex.be\/fr-be\/air-conditionne\/fonctionnement\/temperature-ideale\/\"><input type=\"hidden\" class=\"session_var\" name=\"pixel_id\" value=\"-1\"><input type=\"hidden\" class=\"session_var\" name=\"tabo_id\" value=\"-1\"><input type=\"hidden\" class=\"session_var\" name=\"click_id\" value=\"-1\"><input type=\"hidden\" class=\"session_var\" name=\"gclid\" value=\"-1\"><input type=\"hidden\" class=\"session_var\" name=\"msclkid\" value=\"-1\"><input type=\"hidden\" class=\"session_var\" name=\"past_aff\" value=\"bobex\"><input type=\"hidden\" class=\"session_var\" name=\"redirectTo\" value=\"BE\"><input type=\"hidden\" class=\"session_var\" name=\"is_type_id\" value=\"true\"><input type=\"hidden\" class=\"session_var\" name=\"typeid\" value=\"11386\"><input type=\"hidden\" class=\"session_var\" name=\"companyType\" value=\"label.companytype.consumer\"><input type=\"hidden\" class=\"session_var\" name=\"input_names\" value=\"XML_extra_radio,XML_extra_radio2,XML_extra_radio3,XML_extra_radio5,XML_remarks\"><input type=\"hidden\" class=\"form_context\" value=\"BE\"><img decoding=\"async\" class=\"bobex-pixel\" src=\"\" alt=\"\" style=\"display:none\" \/>    <div class=\"bob-form-submit d-flex justify-content-center\">\n        <button type=\"submit\" class=\"form-submit\" style=\"background-color: #F1653A; color: white; border: none !important; border-radius: 5px !important; font-family: Roboto, sans-serif; font-size: 16px;\">\n            Demander un devis\n        <\/button>\n    <\/div>    <div class=\"bob-inline-form form-footer\" style=\"border-radius: 0 0 10px 10px\">\n        <div class=\"bob-form-privacy-text\">\n            <div style=\"float:left;\"><i class=\"fa fa-lock\"><\/i><\/div>\n            <div class=\"ms-2\">\n                <div style='padding-left: 15px;font-size: 0.8em !important;z-index: 10;'><b>Nous respectons votre vie priv\u00e9e<\/b><br> Conform\u00e9ment \u00e0 la loi du 8\/12\/1992 relative \u00e0 la protection de la vie priv\u00e9e, vous disposez d&rsquo;un droit d&rsquo;acc\u00e8s et de rectification \u00e0 vos donn\u00e9es. Pour en savoir plus, consultez notre <span class=\"link_ob\" data-link=\"aHR0cHM6Ly93d3cuYm9iZXguYmUvZnItYmUvcHJvdGVjdGlvbi1kZS1sYS12aWUtcHJpdmVlLw==\" target=\"_blank\">charte sur la vie priv\u00e9e<\/span>.<\/div>\n                \n            <\/div>\n        <\/div>\n    <\/div><\/form><\/div><div class=\"multiple_mini hidden\" data-lead_id=\"\"><p class=\"multiple-title\">Merci d&rsquo;avoir pris le temps de remplir ce formulaire<\/p><p>Nous vous contacterons d\u00e8s que possible pour vous orienter vers le meilleur sp\u00e9cialiste correspondant \u00e0 votre demande.<\/p><div class=\"multiple_wrapper\"><div class=\"loader\"><\/div><p class=\"multiple-title\">Vous cherchez d&rsquo;autres services ?<\/p><p class=\"multiple_text\">Vous souhaitez comparer d&rsquo;autres devis ou explorer d&rsquo;autres services ? Faites-le nous savoir et nous vous mettrons rapidement en relation<\/p><div class=\"multiple_container\"><div class=\"single_multiple multiple_button\" data-typeid=\"11364\"><i class=\"fa-3x cat icon-11364\"><\/i><span class=\"multiple_name\">Panneaux solaires<\/span><\/div><div class=\"single_multiple multiple_button\" data-typeid=\"11452\"><i class=\"fa-3x fad fa-door-closed\"><\/i><span class=\"multiple_name\">Ch\u00e2ssis, portes et fen\u00eatres<\/span><\/div><div class=\"single_multiple multiple_button\" data-typeid=\"11406\"><i class=\"fa-3x cat icon-11406\"><\/i><span class=\"multiple_name\">Syst\u00e8me d&rsquo;alarme<\/span><\/div><div class=\"single_multiple multiple_button\" data-typeid=\"11962\"><i class=\"fa-3x cat icon-11962\"><\/i><span class=\"multiple_name\">Travaux de toiture<\/span><\/div><div class=\"single_multiple multiple_button\" data-typeid=\"11972\"><i class=\"fa-3x cat icon-11972\"><\/i><span class=\"multiple_name\">Portails<\/span><\/div><div class=\"single_multiple multiple_button\" data-typeid=\"11427\"><i class=\"fa-3x cat icon-11427\"><\/i><span class=\"multiple_name\">Isolation<\/span><\/div><div class=\"single_multiple hidden multiple_button\" data-typeid=\"11428\"><i class=\"fa-3x cat icon-11428\"><\/i><span class=\"multiple_name\">Pompe \u00e0 chaleur<\/span><\/div><\/div><\/div><\/div><\/div><\/div>\n\n\n<h2 class=\"wp-block-heading\"><span class=\"ez-toc-section\" id=\"Vous_avez_dautres_questions_sur_le_reglage_de_la_temperature_de_votre_climatisation\"><\/span>Vous avez d&rsquo;autres questions sur le r\u00e9glage de la temp\u00e9rature de votre climatisation ?<span class=\"ez-toc-section-end\"><\/span><\/h2>\n\n\n\n<p>Ci-dessous, vous retrouverez nos r\u00e9ponses \u00e0 vos questions les plus fr\u00e9quentes sur les syst\u00e8mes de climatisation. <\/p>\n\n\n\n<div class=\"wp-block-bobex-frequently-asked-questions bobex-faq-main-wrapper\">\n            <div class=\"bobex-simple-question-answer-block\">\n                <div class=\"bobex-simple-question-answer-block__question\" style=\"background-color: #63b0d1!important; color: white!important;\">\n                    <h3 style=\"color: white!important; margin:unset; font-size:1.2rem;\" class=\"bobex-simple-question-answer-block__question__content\"><span class=\"ez-toc-section\" id=\"Pourquoi_faut-il_regler_la_climatisation_a_26_degres\"><\/span>Pourquoi faut-il r\u00e9gler la climatisation \u00e0 26 degr\u00e9s ?<span class=\"ez-toc-section-end\"><\/span><\/h3>\n                    <div class=\"bobex-simple-question-answer-block__question__toggle\">+<\/div>\n                <\/div>\n                <div class=\"bobex-simple-question-answer-block__answer\" style=\"background-color: !important; color: black!important;\">\n                    <div class=\"bobex-simple-question-answer-block__answer__content\"><strong>Pour \u00e9viter un choc thermique et une surconsommation, les experts recommandent de r\u00e9gler votre climatiseur entre 25\u202f\u00b0C et 27\u202f\u00b0C.<\/strong><br>En effet, un \u00e9cart de temp\u00e9rature trop important entre l\u2019int\u00e9rieur et l\u2019ext\u00e9rieur peut provoquer un choc thermique, source de maux de t\u00eate, de fatigue ou de troubles respiratoires.<\/div>\n                    <div>\n<div class=\"wp-block-bobex-simple-question-answer\"><\/div>\n<\/div>\n                <\/div>\n            <\/div>\n        \n\n\n            <div class=\"bobex-simple-question-answer-block\">\n                <div class=\"bobex-simple-question-answer-block__question\" style=\"background-color: #63b0d1!important; color: white!important;\">\n                    <h3 style=\"color: white!important; margin:unset; font-size:1.2rem;\" class=\"bobex-simple-question-answer-block__question__content\"><span class=\"ez-toc-section\" id=\"Faut-il_differencier_la_temperature_jour_et_nuit\"><\/span>Faut-il diff\u00e9rencier la temp\u00e9rature jour et nuit ?<span class=\"ez-toc-section-end\"><\/span><\/h3>\n                    <div class=\"bobex-simple-question-answer-block__question__toggle\">+<\/div>\n                <\/div>\n                <div class=\"bobex-simple-question-answer-block__answer\" style=\"background-color: !important; color: black!important;\">\n                    <div class=\"bobex-simple-question-answer-block__answer__content\"><strong>Selon les experts, la diff\u00e9rence de temp\u00e9rature entre le jour et la nuit ne doit pas \u00eatre trop importante.<\/strong><br>En effet, il est recommand\u00e9 de limiter l\u2019\u00e9cart de temp\u00e9rature \u00e0 <strong>2 \u00e0 3\u202f\u00b0C maximum<\/strong> entre la journ\u00e9e et la nuit pour \u00e9viter les d\u00e9sagr\u00e9ments li\u00e9s aux variations brutales (inconfort, troubles du sommeil, rhumes\u2026).<\/div>\n                    <div>\n<div class=\"wp-block-bobex-simple-question-answer\"><\/div>\n<\/div>\n                <\/div>\n            <\/div>\n        \n\n\n            <div class=\"bobex-simple-question-answer-block\">\n                <div class=\"bobex-simple-question-answer-block__question\" style=\"background-color: #63b0d1!important; color: white!important;\">\n                    <h3 style=\"color: white!important; margin:unset; font-size:1.2rem;\" class=\"bobex-simple-question-answer-block__question__content\"><span class=\"ez-toc-section\" id=\"Comment_ajuster_la_clim_en_cas_dabsences_prolongees\"><\/span>Comment ajuster la clim en cas d\u2019absences prolong\u00e9es ?<span class=\"ez-toc-section-end\"><\/span><\/h3>\n                    <div class=\"bobex-simple-question-answer-block__question__toggle\">+<\/div>\n                <\/div>\n                <div class=\"bobex-simple-question-answer-block__answer\" style=\"background-color: !important; color: black!important;\">\n                    <div class=\"bobex-simple-question-answer-block__answer__content\"><strong>Il est recommand\u00e9 de mettre son syst\u00e8me de climatisation en mode \u00ab\u00a0hors gel\u00a0\u00bb lors d&rsquo;une absence prolong\u00e9e.<\/strong><br>Ce mode permet de maintenir une temp\u00e9rature minimale dans le logement afin d\u2019\u00e9viter que les canalisations ne g\u00e8lent et que l\u2019humidit\u00e9 ne s\u2019installe. <br>Les experts conseillent de programmer le chauffage entre <strong>12 et 13\u202f\u00b0C<\/strong>, une temp\u00e9rature suffisante pour prot\u00e9ger votre habitation tout en limitant la consommation \u00e9nerg\u00e9tique pendant votre absence.<\/div>\n                    <div>\n<div class=\"wp-block-bobex-simple-question-answer\"><\/div>\n<\/div>\n                <\/div>\n            <\/div>\n        <\/div>\n\n                    <script type=\"application\/ld+json\">\n                        {\"@context\":\"https:\\\/\\\/schema.org\",\"@type\":\"FAQPage\",\"mainEntity\":[{\"@type\":\"Question\",\"name\":\"Pourquoi faut-il r\\u00e9gler la climatisation \\u00e0 26 degr\\u00e9s ?\",\"acceptedAnswer\":{\"@type\":\"Answer\",\"text\":\"<strong>Pour \\u00e9viter un choc thermique et une surconsommation, les experts recommandent de r\\u00e9gler votre climatiseur entre 25\\u202f\\u00b0C et 27\\u202f\\u00b0C.<\\\/strong><br>En effet, un \\u00e9cart de temp\\u00e9rature trop important entre l\\u2019int\\u00e9rieur et l\\u2019ext\\u00e9rieur peut provoquer un choc thermique, source de maux de t\\u00eate, de fatigue ou de troubles respiratoires.\"}},{\"@type\":\"Question\",\"name\":\"Faut-il diff\\u00e9rencier la temp\\u00e9rature jour et nuit ?\",\"acceptedAnswer\":{\"@type\":\"Answer\",\"text\":\"<strong>Selon les experts, la diff\\u00e9rence de temp\\u00e9rature entre le jour et la nuit ne doit pas \\u00eatre trop importante.<\\\/strong><br>En effet, il est recommand\\u00e9 de limiter l\\u2019\\u00e9cart de temp\\u00e9rature \\u00e0 <strong>2 \\u00e0 3\\u202f\\u00b0C maximum<\\\/strong> entre la journ\\u00e9e et la nuit pour \\u00e9viter les d\\u00e9sagr\\u00e9ments li\\u00e9s aux variations brutales (inconfort, troubles du sommeil, rhumes\\u2026).\"}},{\"@type\":\"Question\",\"name\":\"Comment ajuster la clim en cas d\\u2019absences prolong\\u00e9es ?\",\"acceptedAnswer\":{\"@type\":\"Answer\",\"text\":\"<strong>Il est recommand\\u00e9 de mettre son syst\\u00e8me de climatisation en mode \\\"hors gel\\\" lors d'une absence prolong\\u00e9e.<\\\/strong><br>Ce mode permet de maintenir une temp\\u00e9rature minimale dans le logement afin d\\u2019\\u00e9viter que les canalisations ne g\\u00e8lent et que l\\u2019humidit\\u00e9 ne s\\u2019installe. <br>Les experts conseillent de programmer le chauffage entre <strong>12 et 13\\u202f\\u00b0C<\\\/strong>, une temp\\u00e9rature suffisante pour prot\\u00e9ger votre habitation tout en limitant la consommation \\u00e9nerg\\u00e9tique pendant votre absence.\"}}]}\n                    <\/script>\n                ","protected":false},"featured_media":0,"parent":166811,"template":"","meta":{"business":"43858","footnotes":""},"class_list":["post-197254","content","type-content","status-publish","hentry"],"_links":{"self":[{"href":"https:\/\/www.bobex.be\/fr-be\/wp-json\/wp\/v2\/content\/197254","targetHints":{"allow":["GET"]}}],"collection":[{"href":"https:\/\/www.bobex.be\/fr-be\/wp-json\/wp\/v2\/content"}],"about":[{"href":"https:\/\/www.bobex.be\/fr-be\/wp-json\/wp\/v2\/types\/content"}],"version-history":[{"count":8,"href":"https:\/\/www.bobex.be\/fr-be\/wp-json\/wp\/v2\/content\/197254\/revisions"}],"predecessor-version":[{"id":223437,"href":"https:\/\/www.bobex.be\/fr-be\/wp-json\/wp\/v2\/content\/197254\/revisions\/223437"}],"up":[{"embeddable":true,"href":"https:\/\/www.bobex.be\/fr-be\/wp-json\/wp\/v2\/content\/166811"}],"wp:attachment":[{"href":"https:\/\/www.bobex.be\/fr-be\/wp-json\/wp\/v2\/media?parent=197254"}],"curies":[{"name":"wp","href":"https:\/\/api.w.org\/{rel}","templated":true}]}}