{"id":168198,"date":"2024-07-10T12:07:07","date_gmt":"2024-07-10T12:07:07","guid":{"rendered":"https:\/\/www.bobex.be\/fr-be\/?post_type=content&#038;p=168198"},"modified":"2025-04-03T08:34:10","modified_gmt":"2025-04-03T08:34:10","slug":"primes","status":"publish","type":"content","link":"https:\/\/www.bobex.be\/fr-be\/systeme-de-ventilation\/primes\/","title":{"rendered":"Vos primes pour les syst\u00e8mes de ventilation en Belgique en 2026"},"content":{"rendered":"\n<div id=\"ez-toc-container\" class=\"ez-toc-v2_0_82_2 counter-hierarchy ez-toc-counter ez-toc-grey ez-toc-container-direction\">\n<div class=\"ez-toc-title-container\">\n<p class=\"ez-toc-title\" style=\"cursor:inherit\">Sommaire<\/p>\n<span class=\"ez-toc-title-toggle\"><a href=\"#\" class=\"ez-toc-pull-right ez-toc-btn ez-toc-btn-xs ez-toc-btn-default ez-toc-toggle\" aria-label=\"Toggle Table of Content\"><span class=\"ez-toc-js-icon-con\"><span class=\"\"><span class=\"eztoc-hide\" style=\"display:none;\">Toggle<\/span><span class=\"ez-toc-icon-toggle-span\"><svg style=\"fill: #999;color:#999\" xmlns=\"http:\/\/www.w3.org\/2000\/svg\" class=\"list-377408\" width=\"20px\" height=\"20px\" viewBox=\"0 0 24 24\" fill=\"none\"><path d=\"M6 6H4v2h2V6zm14 0H8v2h12V6zM4 11h2v2H4v-2zm16 0H8v2h12v-2zM4 16h2v2H4v-2zm16 0H8v2h12v-2z\" fill=\"currentColor\"><\/path><\/svg><svg style=\"fill: #999;color:#999\" class=\"arrow-unsorted-368013\" xmlns=\"http:\/\/www.w3.org\/2000\/svg\" width=\"10px\" height=\"10px\" viewBox=\"0 0 24 24\" version=\"1.2\" baseProfile=\"tiny\"><path d=\"M18.2 9.3l-6.2-6.3-6.2 6.3c-.2.2-.3.4-.3.7s.1.5.3.7c.2.2.4.3.7.3h11c.3 0 .5-.1.7-.3.2-.2.3-.5.3-.7s-.1-.5-.3-.7zM5.8 14.7l6.2 6.3 6.2-6.3c.2-.2.3-.5.3-.7s-.1-.5-.3-.7c-.2-.2-.4-.3-.7-.3h-11c-.3 0-.5.1-.7.3-.2.2-.3.5-.3.7s.1.5.3.7z\"\/><\/svg><\/span><\/span><\/span><\/a><\/span><\/div>\n<nav><ul class='ez-toc-list ez-toc-list-level-1 eztoc-toggle-hide-by-default' ><li class='ez-toc-page-1 ez-toc-heading-level-2'><a class=\"ez-toc-link ez-toc-heading-1\" href=\"https:\/\/www.bobex.be\/fr-be\/systeme-de-ventilation\/primes\/#Pourquoi_recevoir_une_prime_pour_linstallation_dun_systeme_de_ventilation\" >Pourquoi recevoir une prime pour l&rsquo;installation d&rsquo;un syst\u00e8me de ventilation ?&nbsp;<\/a><\/li><li class='ez-toc-page-1 ez-toc-heading-level-2'><a class=\"ez-toc-link ez-toc-heading-2\" href=\"https:\/\/www.bobex.be\/fr-be\/systeme-de-ventilation\/primes\/#Les_primes_en_Region_Wallonne\" >Les primes en R\u00e9gion Wallonne&nbsp;<\/a><ul class='ez-toc-list-level-3' ><li class='ez-toc-heading-level-3'><a class=\"ez-toc-link ez-toc-heading-3\" href=\"https:\/\/www.bobex.be\/fr-be\/systeme-de-ventilation\/primes\/#Les_primes_Habitation_avec_audit_energetique\" >Les primes Habitation (avec audit \u00e9nerg\u00e9tique)&nbsp;<\/a><\/li><li class='ez-toc-page-1 ez-toc-heading-level-3'><a class=\"ez-toc-link ez-toc-heading-4\" href=\"https:\/\/www.bobex.be\/fr-be\/systeme-de-ventilation\/primes\/#Les_primes_sans_audit\" >Les primes sans audit&nbsp;<\/a><\/li><\/ul><\/li><li class='ez-toc-page-1 ez-toc-heading-level-2'><a class=\"ez-toc-link ez-toc-heading-5\" href=\"https:\/\/www.bobex.be\/fr-be\/systeme-de-ventilation\/primes\/#Les_primes_Renolution_a_Bruxelles_energie_renovation_facades\" >Les primes Renolution \u00e0 Bruxelles (\u00e9nergie, r\u00e9novation, fa\u00e7ades)<\/a><ul class='ez-toc-list-level-3' ><li class='ez-toc-heading-level-3'><a class=\"ez-toc-link ez-toc-heading-6\" href=\"https:\/\/www.bobex.be\/fr-be\/systeme-de-ventilation\/primes\/#Les_conditions_pour_obtenir_la_prime\" >Les conditions pour obtenir la prime<\/a><\/li><li class='ez-toc-page-1 ez-toc-heading-level-3'><a class=\"ez-toc-link ez-toc-heading-7\" href=\"https:\/\/www.bobex.be\/fr-be\/systeme-de-ventilation\/primes\/#A_quel_montant_sattendre\" >\u00c0 quel montant s&rsquo;attendre ?<\/a><\/li><li class='ez-toc-page-1 ez-toc-heading-level-3'><a class=\"ez-toc-link ez-toc-heading-8\" href=\"https:\/\/www.bobex.be\/fr-be\/systeme-de-ventilation\/primes\/#Quelle_prime_pour_une_VMC\" >Quelle prime pour une VMC ?<\/a><ul class='ez-toc-list-level-4' ><li class='ez-toc-heading-level-4'><a class=\"ez-toc-link ez-toc-heading-9\" href=\"https:\/\/www.bobex.be\/fr-be\/systeme-de-ventilation\/primes\/#Prime_ventilation_double_flux_Systeme_D\" >Prime ventilation double flux : Syst\u00e8me D&nbsp;<\/a><\/li><li class='ez-toc-page-1 ez-toc-heading-level-4'><a class=\"ez-toc-link ez-toc-heading-10\" href=\"https:\/\/www.bobex.be\/fr-be\/systeme-de-ventilation\/primes\/#Prime_ventilation_simple_flux_Systeme_C\" >Prime ventilation simple flux : Syst\u00e8me C<\/a><\/li><\/ul><\/li><li class='ez-toc-page-1 ez-toc-heading-level-3'><a class=\"ez-toc-link ez-toc-heading-11\" href=\"https:\/\/www.bobex.be\/fr-be\/systeme-de-ventilation\/primes\/#Impact_sur_le_revenu_cadastral\" >Impact sur le revenu cadastral<\/a><\/li><\/ul><\/li><li class='ez-toc-page-1 ez-toc-heading-level-2'><a class=\"ez-toc-link ez-toc-heading-12\" href=\"https:\/\/www.bobex.be\/fr-be\/systeme-de-ventilation\/primes\/#Les_primes_pour_la_ventilation_en_Flandre\" >Les primes pour la ventilation en Flandre<\/a><ul class='ez-toc-list-level-3' ><li class='ez-toc-heading-level-3'><a class=\"ez-toc-link ez-toc-heading-13\" href=\"https:\/\/www.bobex.be\/fr-be\/systeme-de-ventilation\/primes\/#Les_conditions_doctroi_de_la_prime_MijnVerbouwPremie\" >Les conditions d&rsquo;octroi de la prime MijnVerbouwPremie<\/a><\/li><li class='ez-toc-page-1 ez-toc-heading-level-3'><a class=\"ez-toc-link ez-toc-heading-14\" href=\"https:\/\/www.bobex.be\/fr-be\/systeme-de-ventilation\/primes\/#A_quel_montant_sattendre-2\" >\u00c0 quel montant s&rsquo;attendre ?<\/a><\/li><\/ul><\/li><li class='ez-toc-page-1 ez-toc-heading-level-2'><a class=\"ez-toc-link ez-toc-heading-15\" href=\"https:\/\/www.bobex.be\/fr-be\/systeme-de-ventilation\/primes\/#Comment_faire_une_demande_de_prime_en_Belgique\" >Comment faire une demande de prime en Belgique ?&nbsp;<\/a><\/li><li class='ez-toc-page-1 ez-toc-heading-level-2'><a class=\"ez-toc-link ez-toc-heading-16\" href=\"https:\/\/www.bobex.be\/fr-be\/systeme-de-ventilation\/primes\/#Les_autres_aides_disponibles_pour_linstallation_de_ventilation\" >Les autres aides disponibles pour l&rsquo;installation de ventilation<\/a><ul class='ez-toc-list-level-3' ><li class='ez-toc-heading-level-3'><a class=\"ez-toc-link ez-toc-heading-17\" href=\"https:\/\/www.bobex.be\/fr-be\/systeme-de-ventilation\/primes\/#Reduction_du_taux_de_TVA_a_6\" >R\u00e9duction du taux de TVA \u00e0 6%&nbsp;<\/a><\/li><li class='ez-toc-page-1 ez-toc-heading-level-3'><a class=\"ez-toc-link ez-toc-heading-18\" href=\"https:\/\/www.bobex.be\/fr-be\/systeme-de-ventilation\/primes\/#Pret_a_0_pour_les_travaux_de_renovation\" >Pr\u00eat \u00e0 0% pour les travaux de r\u00e9novation<\/a><\/li><\/ul><\/li><li class='ez-toc-page-1 ez-toc-heading-level-2'><a class=\"ez-toc-link ez-toc-heading-19\" href=\"https:\/\/www.bobex.be\/fr-be\/systeme-de-ventilation\/primes\/#Installez_un_systeme_de_ventilation_et_profitez_des_primes\" >Installez un syst\u00e8me de ventilation et profitez des primes !<\/a><\/li><li class='ez-toc-page-1 ez-toc-heading-level-2'><a class=\"ez-toc-link ez-toc-heading-20\" href=\"https:\/\/www.bobex.be\/fr-be\/systeme-de-ventilation\/primes\/#FAQ_3_questions_qui_reviennent_souvent\" >FAQ : 3 questions qui reviennent souvent&nbsp;<\/a><ul class='ez-toc-list-level-3' ><li class='ez-toc-heading-level-3'><a class=\"ez-toc-link ez-toc-heading-21\" href=\"https:\/\/www.bobex.be\/fr-be\/systeme-de-ventilation\/primes\/#Quelles_sont_les_primes_de_la_region_wallonne\" >Quelles sont les primes de la r\u00e9gion wallonne ?<\/a><\/li><li class='ez-toc-page-1 ez-toc-heading-level-3'><a class=\"ez-toc-link ez-toc-heading-22\" href=\"https:\/\/www.bobex.be\/fr-be\/systeme-de-ventilation\/primes\/#Quelles_sont_les_primes_pour_une_nouvelle_construction\" >Quelles sont les primes pour une nouvelle construction ?<\/a><\/li><li class='ez-toc-page-1 ez-toc-heading-level-3'><a class=\"ez-toc-link ez-toc-heading-23\" href=\"https:\/\/www.bobex.be\/fr-be\/systeme-de-ventilation\/primes\/#Comment_obtenir_une_prime_pour_vos_nouveaux_chassis\" >Comment obtenir une prime pour vos nouveaux ch\u00e2ssis ?<\/a><\/li><\/ul><\/li><\/ul><\/nav><\/div>\n<h2 class=\"wp-block-heading\"><span class=\"ez-toc-section\" id=\"Pourquoi_recevoir_une_prime_pour_linstallation_dun_systeme_de_ventilation\"><\/span>Pourquoi recevoir une prime pour l&rsquo;installation d&rsquo;un syst\u00e8me de ventilation ?&nbsp;<span class=\"ez-toc-section-end\"><\/span><\/h2>\n\n\n\n<p>Lorsque vous d\u00e9cidez de construire une maison ou que vous entreprenez des <strong>travaux de r\u00e9novation \u00e9nerg\u00e9tique<\/strong>, il est imp\u00e9ratif d&rsquo;installer un <strong>syst\u00e8me de ventilation m\u00e9canique efficace<\/strong>. En effet, lorsqu&rsquo;on d\u00e9cide de mieux isoler son logement, cela a un impact sur la qualit\u00e9 de l&rsquo;air en raison de la baisse d&rsquo;\u00e9change entre l&rsquo;air int\u00e9rieur et ext\u00e9rieur. Il convient d\u00e8s lors d&rsquo;installer un syst\u00e8me de ventilation m\u00e9canique qui permettra d&rsquo;extraire diff\u00e9rents polluants. C&rsquo;est la raison pour laquelle les r\u00e9gions octroient des <strong>primes pour l&rsquo;installation de ventilation m\u00e9canique<\/strong>.<\/p>\n\n\n\n<figure class=\"wp-block-image size-large\"><img decoding=\"async\" width=\"1024\" height=\"538\" src=\"https:\/\/www.bobex.be\/wp-uploads\/sites\/2\/Projet-de-renovation-1024x538.jpg\" alt=\"Casques de construction jaunes en perspective sur une table en bois. En arri\u00e8re plan, un ouvrier en chemise bleu qui avec une visseuse.\" class=\"wp-image-168207\" \/><\/figure>\n\n\n\n<h2 class=\"wp-block-heading\"><span class=\"ez-toc-section\" id=\"Les_primes_en_Region_Wallonne\"><\/span>Les primes en R\u00e9gion Wallonne&nbsp;<span class=\"ez-toc-section-end\"><\/span><\/h2>\n\n\n\n<p>Il existe <strong>deux<\/strong> <strong>types de primes diff\u00e9rents pour la r\u00e9gion wallonne<\/strong> pour l&rsquo;installation de ventilation, l&rsquo;un qui inclu un <strong>audit \u00e9nerg\u00e9tique<\/strong> (en vigueur depuis 2019), et l<strong>&lsquo;autre sans audit<\/strong> (en vigueur depuis 2022). Il est important de noter que <strong>depuis le 1er juillet 2023, les primes ont \u00e9t\u00e9 augment\u00e9es et le syst\u00e8me simplifi\u00e9<\/strong>.<\/p>\n\n\n\n<div class=\"wp-block-bobex-vertical-steps bobex-vertical-step-main-wrapper\" style=\"background-color:#e5f2f7\"><\/div>\n\n\n\n<h3 class=\"wp-block-heading\"><span class=\"ez-toc-section\" id=\"Les_primes_Habitation_avec_audit_energetique\"><\/span>Les primes Habitation (avec audit \u00e9nerg\u00e9tique)&nbsp;<span class=\"ez-toc-section-end\"><\/span><\/h3>\n\n\n\n<p>Lorsque des travaux sont entrepris pour son logement, il est possible d&rsquo;introduire une demande de <strong>prime d&rsquo;habitation <\/strong>aupr\u00e8s de la r\u00e9gion wallonne. Afin d&rsquo;\u00eatre \u00e9ligible \u00e0 cette derni\u00e8re, il faut <strong>imp\u00e9rativement<\/strong> solliciter la r\u00e9alisation d&rsquo;un audit aupr\u00e8s d&rsquo;un <strong>auditeur agr\u00e9\u00e9 <\/strong>afin qu&rsquo;il proc\u00e8de \u00e0 un audit \u00e9nerg\u00e9tique du logement. Ce dernier fera un <strong>inventaire<\/strong> des travaux \u00e0 r\u00e9aliser et leur donnera un ordre de priorit\u00e9 dans un rapport d&rsquo;audit.&nbsp;<\/p>\n\n\n\n<p>Plus concr\u00e8tement voici les \u00e9tapes \u00e0 suivre pour se voir octroyer des primes d&rsquo;habitation:<\/p>\n\n\n\n<ol class=\"wp-block-list\">\n<li><strong>Demande \u00e0 un auditeur agr\u00e9\u00e9 de la r\u00e9alisation d&rsquo;un audit \u00e9nerg\u00e9tique<\/strong> (v\u00e9rification de la qualit\u00e9 \u00e9nerg\u00e9tique globale du logement) : L&rsquo;auditeur fera une visite du logement et \u00e9mettra un avis sur les possibles am\u00e9liorations \u00e0 faire dans votre b\u00e2timent.<\/li>\n\n\n\n<li><strong>Demande de prime<\/strong> : Via le site <strong>wallonie.be<\/strong> il vous faudra remplir un formulaire afin de solliciter la prime (dans les 8 mois apr\u00e8s l&rsquo;enregistrement du rapport d&rsquo;audit).<\/li>\n\n\n\n<li><strong>Commencement des travaux<\/strong> : L&rsquo;enregistrement du rapport d&rsquo;audit par un <strong>auditeur agr\u00e9\u00e9<\/strong> est la condition n\u00e9cessaire pour pouvoir commencer les travaux. Veillez \u00e0 payer vos <strong>factures<\/strong> dans leur enti\u00e8ret\u00e9 pour pouvoir en b\u00e9n\u00e9ficier par la suite.<\/li>\n\n\n\n<li><strong>Demande des primes travaux \u00e0 l&rsquo;administration wallonne<\/strong> : Lorsque les travaux sont r\u00e9alis\u00e9s, envoyez un formulaire de demande de prime travaux (par voie postale ou sur wallonie.be) aupr\u00e8s de l&rsquo;administration wallonne avec tous les documents compl\u00e9t\u00e9s par <strong>l&rsquo;entrepreneur<\/strong> et prouvant la bonne r\u00e9alisation des travaux (copie des <strong>preuves<\/strong> et <strong>annexes techniques<\/strong>).<\/li>\n\n\n\n<li><strong>Admissibilit\u00e9 du dossier<\/strong> : Lorsque votre dossier sera complet, vous recevrez de l&rsquo;administration les primes dont le montant sera adapt\u00e9 \u00e0 votre <strong>situation financi\u00e8re<\/strong>.<\/li>\n<\/ol>\n\n\n\n<p>Lorsque vous avez fait appel \u00e0 <strong>plusieurs entreprises<\/strong> pour votre chantier, vous pouvez introduire vos demandes de primes d&rsquo;habitation \u00e0 l&rsquo;<strong>administration<\/strong> de fa\u00e7on <strong>s\u00e9par\u00e9e<\/strong>.<\/p>\n\n\n\n                <div class='bobex-cta-block' style='\n            --button-bg-color: #e13c0e;\n            --button-text-color: #ffffff;\n            --banner-bg-color: #aad4e6;\n            --arrow-main-bg-color: #aad4e6;\n            --arrow-secondary-bg-color: #e5f2f7;\n            --banner-title-color: #10375e;\n            --arrow-title-color: #10375e;\n            --banner-text-color: #545454;\n            --arrow-text-color: #545454;         \n            --invert-range: 0deg;\n        '>\n                    <div class='cta-arrow-text d-flex d-lg-none'>\n                        <a class='cta-button-rounded' href='#ppp'>Demander un devis <\/a>\n                    <\/div>\n                    <div class='d-none d-lg-flex flex-no-wrap'>\n                        <div class=\"col-7 cta-arrow-text d-flex text-color\">\n                            <div class=\"m-auto\">\n                                <div class=\"h3\">Besoin d\u2019informations sur les aides dans votre r\u00e9gion ?<\/div>\n                                <div class='text-color'>Remplissez ce formulaire !<\/div>\n                            <\/div>\n                        <\/div>\n                        <div class='cta-arrow-link col-5'>\n                            <a class='cta-button-rounded' href=\"#ppp\">Demander un devis <\/a>\n                        <\/div>\n                    <\/div>\n                <\/div>\n\n\n<p>Il est n\u00e9cessaire de r\u00e9pondre \u00e0 certaines <strong>conditions pour \u00eatre \u00e9ligibles<\/strong> \u00e0 l&rsquo;octroi de ces primes:<\/p>\n\n\n\n<div class=\"wp-block-bobex-vertical-steps bobex-vertical-step-main-wrapper\" style=\"background-color:#e5f2f7\">\n                <div style=\"\n            --title-color:#10375e;\n            --content-color:#5c5c5c\n        \" class=\"bobex-vertical-steps-block--container-div\">\n                    <div class=\"bobex-vertical-steps-block-main-div\">\n                        <div class=\"bobex-vertical-steps-block-number-container\">\n                            <div class=\"bobex-vertical-steps-block-number-area \">\n                                <div class=\"bobex-vertical-steps-number\">1<\/div>\n                            <\/div>\n                        <\/div>\n                        <div class=\"bobex-vertical-steps-block-content-area\">\n                            <p class=\"bobex-block-vertical-step-title\">\u00catre \u00e2g\u00e9 de 18 ans au moins (ou reconnu comme mineur \u00e9mancip\u00e9)<\/p>\n                            <p class=\"bobex-block-vertical-step-content\"><\/p>\n                            <div>\n<div class=\"wp-block-bobex-vertical-step\">\n<p><\/p>\n<\/div>\n<\/div>\n                        <\/div>\n                    <\/div>\n                <\/div>\n                \n\n\n                <div style=\"\n            --title-color:#10375e;\n            --content-color:#5c5c5c\n        \" class=\"bobex-vertical-steps-block--container-div\">\n                    <div class=\"bobex-vertical-steps-block-main-div\">\n                        <div class=\"bobex-vertical-steps-block-number-container\">\n                            <div class=\"bobex-vertical-steps-block-number-area \">\n                                <div class=\"bobex-vertical-steps-number\">2<\/div>\n                            <\/div>\n                        <\/div>\n                        <div class=\"bobex-vertical-steps-block-content-area\">\n                            <p class=\"bobex-block-vertical-step-title\">\u00catre titulaire d&rsquo;un droit r\u00e9el sur le logement (propri\u00e9taire, usufruitier, \u2026), y compris les propri\u00e9taires bailleurs (\u00e0 condition de respecter la grille indicative des loyers)<br><\/p>\n                            <p class=\"bobex-block-vertical-step-content\"><\/p>\n                            <div>\n<div class=\"wp-block-bobex-vertical-step\">\n<p><\/p>\n<\/div>\n<\/div>\n                        <\/div>\n                    <\/div>\n                <\/div>\n                \n\n\n                <div style=\"\n            --title-color:#10375e;\n            --content-color:#5c5c5c\n        \" class=\"bobex-vertical-steps-block--container-div\">\n                    <div class=\"bobex-vertical-steps-block-main-div\">\n                        <div class=\"bobex-vertical-steps-block-number-container\">\n                            <div class=\"bobex-vertical-steps-block-number-area \">\n                                <div class=\"bobex-vertical-steps-number\">3<\/div>\n                            <\/div>\n                        <\/div>\n                        <div class=\"bobex-vertical-steps-block-content-area\">\n                            <p class=\"bobex-block-vertical-step-title\">Ouverture aux associations de copropri\u00e9taires<\/p>\n                            <p class=\"bobex-block-vertical-step-content\"><\/p>\n                            <div>\n<div class=\"wp-block-bobex-vertical-step\">\n<p><\/p>\n<\/div>\n<\/div>\n                        <\/div>\n                    <\/div>\n                <\/div>\n                \n\n\n                <div style=\"\n            --title-color:#10375e;\n            --content-color:#5c5c5c\n        \" class=\"bobex-vertical-steps-block--container-div\">\n                    <div class=\"bobex-vertical-steps-block-main-div\">\n                        <div class=\"bobex-vertical-steps-block-number-container\">\n                            <div class=\"bobex-vertical-steps-block-number-area \">\n                                <div class=\"bobex-vertical-steps-number\">4<\/div>\n                            <\/div>\n                        <\/div>\n                        <div class=\"bobex-vertical-steps-block-content-area\">\n                            <p class=\"bobex-block-vertical-step-title\">Le logement doit avoir \u00e9t\u00e9 construit il y a au moins 15 ans et \u00eatre situ\u00e9 dans la r\u00e9gion wallonne<br><\/p>\n                            <p class=\"bobex-block-vertical-step-content\"><\/p>\n                            <div>\n<div class=\"wp-block-bobex-vertical-step\">\n<p><\/p>\n<\/div>\n<\/div>\n                        <\/div>\n                    <\/div>\n                <\/div>\n                \n\n\n                <div style=\"\n            --title-color:#10375e;\n            --content-color:#5c5c5c\n        \" class=\"bobex-vertical-steps-block--container-div\">\n                    <div class=\"bobex-vertical-steps-block-main-div\">\n                        <div class=\"bobex-vertical-steps-block-number-container\">\n                            <div class=\"bobex-vertical-steps-block-number-area \">\n                                <div class=\"bobex-vertical-steps-number\">5<\/div>\n                            <\/div>\n                        <\/div>\n                        <div class=\"bobex-vertical-steps-block-content-area\">\n                            <p class=\"bobex-block-vertical-step-title\">L&rsquo;entrepreneur en charge des travaux doit \u00eatre inscrit \u00e0 la Banque-carrefour des Entreprises (m\u00e9tiers ind\u00e9pendants dans les m\u00e9tiers de la construction)<\/p>\n                            <p class=\"bobex-block-vertical-step-content\"><\/p>\n                            <div>\n<div class=\"wp-block-bobex-vertical-step\">\n<p><\/p>\n<\/div>\n<\/div>\n                        <\/div>\n                    <\/div>\n                <\/div>\n                \n\n\n                <div style=\"\n            --title-color:#10375e;\n            --content-color:#5c5c5c\n        \" class=\"bobex-vertical-steps-block--container-div\">\n                    <div class=\"bobex-vertical-steps-block-main-div\">\n                        <div class=\"bobex-vertical-steps-block-number-container\">\n                            <div class=\"bobex-vertical-steps-block-number-area \">\n                                <div class=\"bobex-vertical-steps-number\">6<\/div>\n                            <\/div>\n                        <\/div>\n                        <div class=\"bobex-vertical-steps-block-content-area\">\n                            <p class=\"bobex-block-vertical-step-title\">Ne pas commencer les travaux avant la visite de l&rsquo;auditeur agr\u00e9\u00e9.<\/p>\n                            <p class=\"bobex-block-vertical-step-content\"><\/p>\n                            <div>\n<div class=\"wp-block-bobex-vertical-step\">\n<p><\/p>\n<\/div>\n<\/div>\n                        <\/div>\n                    <\/div>\n                <\/div>\n                \n\n\n                <div style=\"\n            --title-color:#10375e;\n            --content-color:#5c5c5c\n        \" class=\"bobex-vertical-steps-block--container-div\">\n                    <div class=\"bobex-vertical-steps-block-main-div\">\n                        <div class=\"bobex-vertical-steps-block-number-container\">\n                            <div class=\"bobex-vertical-steps-block-number-area \">\n                                <div class=\"bobex-vertical-steps-number\">7<\/div>\n                            <\/div>\n                        <\/div>\n                        <div class=\"bobex-vertical-steps-block-content-area\">\n                            <p class=\"bobex-block-vertical-step-title\">La date de la derni\u00e8re facture du dernier travail doit \u00eatre post\u00e9rieur au 1er juillet 2023<\/p>\n                            <p class=\"bobex-block-vertical-step-content\"><\/p>\n                            <div>\n<div class=\"wp-block-bobex-vertical-step\">\n<p><\/p>\n<\/div>\n<\/div>\n                        <\/div>\n                    <\/div>\n                <\/div>\n                <\/div>\n\n                    <script type=\"application\/ld+json\">\n                        {\"@context\":\"https:\\\/\\\/schema.org\",\"@type\":\"Itemlist\",\"itemListElement\":[\"\\u00catre \\u00e2g\\u00e9 de 18 ans au moins (ou reconnu comme mineur \\u00e9mancip\\u00e9)\",\"\\u00catre titulaire d'un droit r\\u00e9el sur le logement (propri\\u00e9taire, usufruitier, \\u2026), y compris les propri\\u00e9taires bailleurs (\\u00e0 condition de respecter la grille indicative des loyers)<br>\",\"Ouverture aux associations de copropri\\u00e9taires\",\"Le logement doit avoir \\u00e9t\\u00e9 construit il y a au moins 15 ans et \\u00eatre situ\\u00e9 dans la r\\u00e9gion wallonne<br>\",\"L'entrepreneur en charge des travaux doit \\u00eatre inscrit \\u00e0 la Banque-carrefour des Entreprises (m\\u00e9tiers ind\\u00e9pendants dans les m\\u00e9tiers de la construction)\",\"Ne pas commencer les travaux avant la visite de l'auditeur agr\\u00e9\\u00e9.\",\"La date de la derni\\u00e8re facture du dernier travail doit \\u00eatre post\\u00e9rieur au 1er juillet 2023\"],\"itemListOrder\":\"Ascending\",\"name\":\"Vertical steps: Vos primes pour les syst\\u00e8mes de ventilation en Belgique en 2026\"}\n                    <\/script>\n                \n\n\n<p><strong>Les montants indiqu\u00e9s varient en fonction des revenus du m\u00e9nage:<\/strong><\/p>\n\n\n\n<figure class=\"wp-block-table is-style-stripes\"><table><tbody><tr><td>&nbsp;<\/td><th><strong>Primes<\/strong><\/th><\/tr><tr><th><strong>VMC simple flux<\/strong><\/th><td>Entre 500 et 3000\u20ac<\/td><\/tr><tr><th><strong>VMC double flux<\/strong><\/th><td>Entre 1200 et 7200\u20ac<\/td><\/tr><\/tbody><\/table><\/figure>\n\n\n\n<h3 class=\"wp-block-heading\"><span class=\"ez-toc-section\" id=\"Les_primes_sans_audit\"><\/span>Les primes sans audit&nbsp;<span class=\"ez-toc-section-end\"><\/span><\/h3>\n\n\n\n<p>Le syst\u00e8me des primes simplifi\u00e9es permet de rendre plus accessible l&rsquo;octroi de certaines primes. Il ne sera donc plus n\u00e9cessaire de proc\u00e9der \u00e0 un audit \u00e9nerg\u00e9tique si vous souhaitez r\u00e9aliser des <strong>travaux de moins de 3000\u20ac par installation<\/strong>.<\/p>\n\n\n\n<p><strong>Montant des primes:<\/strong><\/p>\n\n\n\n<figure class=\"wp-block-table is-style-stripes\"><table><tbody><tr><td>&nbsp;<\/td><th><strong>Montant de r\u00e9f\u00e9rence<\/strong><\/th><\/tr><tr><th><strong>VMC simple flux centralis\u00e9e<\/strong><\/th><td>700\u20ac\/installation<\/td><\/tr><tr><th><strong>VMC simple flux d\u00e9centralis\u00e9e<\/strong><\/th><td>200\u20ac\/appareil<\/td><\/tr><tr><th><strong>VMC double flux centralis\u00e9e (avec r\u00e9cup\u00e9ration de chaleur)<\/strong><\/th><td>1700\u20ac\/installation<\/td><\/tr><tr><th><strong>VMC double flux d\u00e9centralis\u00e9e<\/strong><\/th><td>400\u20ac\/appareil<\/td><\/tr><\/tbody><\/table><\/figure>\n\n\n\n<p>Afin de pouvoir b\u00e9n\u00e9ficier de la prime, vous devez en faire la demande aupr\u00e8s du<strong> SPW Energie<\/strong>, en remplissant le formulaire \u00e9lectronique (possible aussi par E-mail ou courrier). Il convient de pr\u00e9ciser que <strong>le montant de la prime ne peut exc\u00e9der 80% du prix des travaux<\/strong>.<\/p>\n\n\n\n<h2 class=\"wp-block-heading\"><span class=\"ez-toc-section\" id=\"Les_primes_Renolution_a_Bruxelles_energie_renovation_facades\"><\/span>Les primes Renolution \u00e0 Bruxelles (\u00e9nergie, r\u00e9novation, fa\u00e7ades)<span class=\"ez-toc-section-end\"><\/span><\/h2>\n\n\n\n<p>Les primes \u00e0 la r\u00e9novation en R\u00e9gion de Bruxelles-Capitale, aussi appel\u00e9es primes Renolution, permettent de venir en aide aux <strong>particuliers ou aux professionnels<\/strong> lorsqu&rsquo;ils entreprennent des travaux de <strong>r\u00e9novation d&rsquo;un b\u00e2timent<\/strong>. Ces primes couvrent trois volets: <strong>l&rsquo;\u00e9nergie, la r\u00e9novation et l&#8217;embellissement de fa\u00e7ade<\/strong>.&nbsp;<\/p>\n\n\n\n<p>Le focus sera ici fait sur l&rsquo;installation d&rsquo;un<strong> syst\u00e8me de ventilation simple flux ou double flux<\/strong>, permettant le renouvellement de l&rsquo;air dans votre logement.<\/p>\n\n\n\n<h3 class=\"wp-block-heading\"><span class=\"ez-toc-section\" id=\"Les_conditions_pour_obtenir_la_prime\"><\/span>Les conditions pour obtenir la prime<span class=\"ez-toc-section-end\"><\/span><\/h3>\n\n\n\n<p><strong>Les conditions requises pour obtenir des primes Renolution sont les suivantes:&nbsp;<\/strong><\/p>\n\n\n\n<div class=\"wp-block-bobex-vertical-steps bobex-vertical-step-main-wrapper\" style=\"background-color:#e5f2f7\">\n                <div style=\"\n            --title-color:#10375e;\n            --content-color:#5c5c5c\n        \" class=\"bobex-vertical-steps-block--container-div\">\n                    <div class=\"bobex-vertical-steps-block-main-div\">\n                        <div class=\"bobex-vertical-steps-block-number-container\">\n                            <div class=\"bobex-vertical-steps-block-number-area \">\n                                <div class=\"bobex-vertical-steps-number\">1<\/div>\n                            <\/div>\n                        <\/div>\n                        <div class=\"bobex-vertical-steps-block-content-area\">\n                            <p class=\"bobex-block-vertical-step-title\">Prime disponible pour les personnes physiques ou morales<\/p>\n                            <p class=\"bobex-block-vertical-step-content\">\u00c0 la condition que la facture de l&rsquo;entrepreneur ayant r\u00e9alis\u00e9 les travaux soit adress\u00e9e \u00e0 la personne qui fait la demande de prime<\/p>\n                            <div>\n<div class=\"wp-block-bobex-vertical-step\">\n<p><\/p>\n<\/div>\n<\/div>\n                        <\/div>\n                    <\/div>\n                <\/div>\n                \n\n\n                <div style=\"\n            --title-color:#10375e;\n            --content-color:#5c5c5c\n        \" class=\"bobex-vertical-steps-block--container-div\">\n                    <div class=\"bobex-vertical-steps-block-main-div\">\n                        <div class=\"bobex-vertical-steps-block-number-container\">\n                            <div class=\"bobex-vertical-steps-block-number-area \">\n                                <div class=\"bobex-vertical-steps-number\">2<\/div>\n                            <\/div>\n                        <\/div>\n                        <div class=\"bobex-vertical-steps-block-content-area\">\n                            <p class=\"bobex-block-vertical-step-title\">Tous les b\u00e2timents situ\u00e9s en R\u00e9gion de Bruxelles Capitale<\/p>\n                            <p class=\"bobex-block-vertical-step-content\">\u00c0 la  condition qu&rsquo;ils aient \u00e9t\u00e9 construit au moins 10 ans avant l&rsquo;introduction de la demande de prime)<\/p>\n                            <div>\n<div class=\"wp-block-bobex-vertical-step\">\n<p><\/p>\n<\/div>\n<\/div>\n                        <\/div>\n                    <\/div>\n                <\/div>\n                \n\n\n                <div style=\"\n            --title-color:#10375e;\n            --content-color:#5c5c5c\n        \" class=\"bobex-vertical-steps-block--container-div\">\n                    <div class=\"bobex-vertical-steps-block-main-div\">\n                        <div class=\"bobex-vertical-steps-block-number-container\">\n                            <div class=\"bobex-vertical-steps-block-number-area \">\n                                <div class=\"bobex-vertical-steps-number\">3<\/div>\n                            <\/div>\n                        <\/div>\n                        <div class=\"bobex-vertical-steps-block-content-area\">\n                            <p class=\"bobex-block-vertical-step-title\">Tous les travaux doivent avoir \u00e9t\u00e9 r\u00e9alis\u00e9s par un professionnel inscrit \u00e0 la Banque-Carrefour des Entreprises<\/p>\n                            <p class=\"bobex-block-vertical-step-content\"><\/p>\n                            <div>\n<div class=\"wp-block-bobex-vertical-step\">\n<p><\/p>\n<\/div>\n<\/div>\n                        <\/div>\n                    <\/div>\n                <\/div>\n                \n\n\n                <div style=\"\n            --title-color:#10375e;\n            --content-color:#5c5c5c\n        \" class=\"bobex-vertical-steps-block--container-div\">\n                    <div class=\"bobex-vertical-steps-block-main-div\">\n                        <div class=\"bobex-vertical-steps-block-number-container\">\n                            <div class=\"bobex-vertical-steps-block-number-area \">\n                                <div class=\"bobex-vertical-steps-number\">4<\/div>\n                            <\/div>\n                        <\/div>\n                        <div class=\"bobex-vertical-steps-block-content-area\">\n                            <p class=\"bobex-block-vertical-step-title\">Le montant de la prime ne peut couvrir qu&rsquo;\u00e0 concurrence de 90% du montant des travaux<\/p>\n                            <p class=\"bobex-block-vertical-step-content\">Le seuil minimal du montant de travaux doit \u00eatre de 250\u20ac<\/p>\n                            <div>\n<div class=\"wp-block-bobex-vertical-step\">\n<p><\/p>\n<\/div>\n<\/div>\n                        <\/div>\n                    <\/div>\n                <\/div>\n                \n\n\n                <div style=\"\n            --title-color:#10375e;\n            --content-color:#5c5c5c\n        \" class=\"bobex-vertical-steps-block--container-div\">\n                    <div class=\"bobex-vertical-steps-block-main-div\">\n                        <div class=\"bobex-vertical-steps-block-number-container\">\n                            <div class=\"bobex-vertical-steps-block-number-area \">\n                                <div class=\"bobex-vertical-steps-number\">5<\/div>\n                            <\/div>\n                        <\/div>\n                        <div class=\"bobex-vertical-steps-block-content-area\">\n                            <p class=\"bobex-block-vertical-step-title\">Toutes les primes Renolution sont cumulables<\/p>\n                            <p class=\"bobex-block-vertical-step-content\"><\/p>\n                            <div>\n<div class=\"wp-block-bobex-vertical-step\">\n<p><\/p>\n<\/div>\n<\/div>\n                        <\/div>\n                    <\/div>\n                <\/div>\n                \n\n\n                <div style=\"\n            --title-color:#10375e;\n            --content-color:#5c5c5c\n        \" class=\"bobex-vertical-steps-block--container-div\">\n                    <div class=\"bobex-vertical-steps-block-main-div\">\n                        <div class=\"bobex-vertical-steps-block-number-container\">\n                            <div class=\"bobex-vertical-steps-block-number-area \">\n                                <div class=\"bobex-vertical-steps-number\">6<\/div>\n                            <\/div>\n                        <\/div>\n                        <div class=\"bobex-vertical-steps-block-content-area\">\n                            <p class=\"bobex-block-vertical-step-title\">La demande doit \u00eatre introduite via IRISbox<\/p>\n                            <p class=\"bobex-block-vertical-step-content\">Il s&rsquo;agit du guichet \u00e9lectronique de la R\u00e9gion de Bruxelles-Capitale <\/p>\n                            <div>\n<div class=\"wp-block-bobex-vertical-step\">\n<p><\/p>\n<\/div>\n<\/div>\n                        <\/div>\n                    <\/div>\n                <\/div>\n                \n\n\n                <div style=\"\n            --title-color:#10375e;\n            --content-color:#5c5c5c\n        \" class=\"bobex-vertical-steps-block--container-div\">\n                    <div class=\"bobex-vertical-steps-block-main-div\">\n                        <div class=\"bobex-vertical-steps-block-number-container\">\n                            <div class=\"bobex-vertical-steps-block-number-area \">\n                                <div class=\"bobex-vertical-steps-number\">7<\/div>\n                            <\/div>\n                        <\/div>\n                        <div class=\"bobex-vertical-steps-block-content-area\">\n                            <p class=\"bobex-block-vertical-step-title\">Le montant de la prime ne peut couvrir qu&rsquo;\u00e0 concurrence de 90% du montant des La demande doit \u00eatre introduite dans les 12 mois suivant la facture de solde<\/p>\n                            <p class=\"bobex-block-vertical-step-content\"><\/p>\n                            <div>\n<div class=\"wp-block-bobex-vertical-step\">\n<p><\/p>\n<\/div>\n<\/div>\n                        <\/div>\n                    <\/div>\n                <\/div>\n                <\/div>\n\n                    <script type=\"application\/ld+json\">\n                        {\"@context\":\"https:\\\/\\\/schema.org\",\"@type\":\"Itemlist\",\"itemListElement\":[\"Prime disponible pour les personnes physiques ou morales\",\"Tous les b\\u00e2timents situ\\u00e9s en R\\u00e9gion de Bruxelles Capitale\",\"Tous les travaux doivent avoir \\u00e9t\\u00e9 r\\u00e9alis\\u00e9s par un professionnel inscrit \\u00e0 la Banque-Carrefour des Entreprises\",\"Le montant de la prime ne peut couvrir qu'\\u00e0 concurrence de 90% du montant des travaux\",\"Toutes les primes Renolution sont cumulables\",\"La demande doit \\u00eatre introduite via IRISbox\",\"Le montant de la prime ne peut couvrir qu'\\u00e0 concurrence de 90% du montant des La demande doit \\u00eatre introduite dans les 12 mois suivant la facture de solde\"],\"itemListOrder\":\"Ascending\",\"name\":\"Vertical steps: Vos primes pour les syst\\u00e8mes de ventilation en Belgique en 2026\"}\n                    <\/script>\n                \n\n\n<h3 class=\"wp-block-heading\"><span class=\"ez-toc-section\" id=\"A_quel_montant_sattendre\"><\/span>\u00c0 quel montant s&rsquo;attendre ?<span class=\"ez-toc-section-end\"><\/span><\/h3>\n\n\n\n<p><strong>Concernant la prime syst\u00e8me D<\/strong>, cette derni\u00e8re est calcul\u00e9e en fonction des <strong>revenus du m\u00e9nage<\/strong>. Ces derniers sont divis\u00e9s en trois cat\u00e9gories: <strong>cat\u00e9gorie I<\/strong> (cat\u00e9gorie par d\u00e9faut), <strong>cat\u00e9gorie II<\/strong> (revenus moyens) et <strong>cat\u00e9gorie III <\/strong>(faibles revenus). Ces plafonds peuvent fluctuer selon divers crit\u00e8res, tels que votre <strong>\u00e2ge<\/strong>, le <strong>nombre de personnes \u00e0 charge<\/strong>, et la <strong>composition de votre m\u00e9nage<\/strong>.&nbsp;Il convient de <strong>v\u00e9rifier au pr\u00e9alable \u00e0 quelle cat\u00e9gorie de revenus vous appartenez<\/strong>. Par ailleurs, la prime est calcul\u00e9e par unit\u00e9 de <strong>logement individuel<\/strong>.<\/p>\n\n\n\n                <div class='bobex-cta-block' style='\n            --button-bg-color: #e13c0e;\n            --button-text-color: #ffffff;\n            --banner-bg-color: #aad4e6;\n            --arrow-main-bg-color: #aad4e6;\n            --arrow-secondary-bg-color: #e5f2f7;\n            --banner-title-color: #10375e;\n            --arrow-title-color: #10375e;\n            --banner-text-color: #545454;\n            --arrow-text-color: #545454;         \n            --invert-range: 0deg;\n        '>\n                    <div class='cta-arrow-text d-flex d-lg-none'>\n                        <a class='cta-button-rounded' href='#ppp'>Demander un devis<\/a>\n                    <\/div>\n                    <div class='d-none d-lg-flex flex-no-wrap'>\n                        <div class=\"col-7 cta-arrow-text d-flex text-color\">\n                            <div class=\"m-auto\">\n                                <div class=\"h3\">Vous pensez \u00e0 faire des r\u00e9novations et avez besoin d&rsquo;un entrepreneur ?<\/div>\n                                <div class='text-color'>Remplissez le formulaire et comparez gratuitement les meilleures offres  !<\/div>\n                            <\/div>\n                        <\/div>\n                        <div class='cta-arrow-link col-5'>\n                            <a class='cta-button-rounded' href=\"#ppp\">Demander un devis<\/a>\n                        <\/div>\n                    <\/div>\n                <\/div>\n\n\n<h3 class=\"wp-block-heading\"><span class=\"ez-toc-section\" id=\"Quelle_prime_pour_une_VMC\"><\/span>Quelle prime pour une VMC ?<span class=\"ez-toc-section-end\"><\/span><\/h3>\n\n\n\n<h4 class=\"wp-block-heading\"><span class=\"ez-toc-section\" id=\"Prime_ventilation_double_flux_Systeme_D\"><\/span>Prime ventilation double flux : Syst\u00e8me D&nbsp;<span class=\"ez-toc-section-end\"><\/span><\/h4>\n\n\n\n<figure class=\"wp-block-table is-style-stripes\"><table><tbody><tr><th><strong>Cat\u00e9gories<\/strong><\/th><th><strong>Primes<\/strong><\/th><\/tr><tr><td>Cat\u00e9gorie 1<\/td><td>3000\u20ac par logement individuel<\/td><\/tr><tr><td>Cat\u00e9gorie 2<\/td><td>3750\u20ac par logement individuel<\/td><\/tr><tr><td>Cat\u00e9gorie 3<\/td><td>4300\u20ac par logement individuel<\/td><\/tr><\/tbody><\/table><\/figure>\n\n\n\n<h4 class=\"wp-block-heading\"><span class=\"ez-toc-section\" id=\"Prime_ventilation_simple_flux_Systeme_C\"><\/span>Prime ventilation simple flux : Syst\u00e8me C<span class=\"ez-toc-section-end\"><\/span><\/h4>\n\n\n\n<figure class=\"wp-block-table is-style-stripes\"><table><tbody><tr><th><strong>Cat\u00e9gories<\/strong><\/th><th><strong>Primes<\/strong><\/th><\/tr><tr><td>Cat\u00e9gorie 1<\/td><td>1550\u20ac par logement individuel<\/td><\/tr><tr><td>Cat\u00e9gorie 2<\/td><td>1950\u20ac par logement individuel<\/td><\/tr><tr><td>Cat\u00e9gorie 3<\/td><td>2230\u20ac par logement individuel<\/td><\/tr><\/tbody><\/table><\/figure>\n\n\n\n<p>\u00c0 noter que la <strong>sp\u00e9cificit\u00e9<\/strong> de cette prime est ce que cette derni\u00e8re ne concerne que les <strong>b\u00e2timents r\u00e9sidentiels<\/strong> implant\u00e9s dans la <strong>R\u00e9gion de Bruxelles-Capitale<\/strong>.&nbsp;<\/p>\n\n\n\n<figure class=\"wp-block-image size-large\"><img decoding=\"async\" width=\"1024\" height=\"538\" src=\"https:\/\/www.bobex.be\/wp-uploads\/sites\/2\/Ventilation-1024x538.jpg\" alt=\"Ouvrier en salopette de chantier avec casquette orange et chemise \u00e0 carreaux qui pose un cylindre m\u00e9tallique dans la charpente\" class=\"wp-image-168219\" \/><\/figure>\n\n\n\n<h3 class=\"wp-block-heading\"><span class=\"ez-toc-section\" id=\"Impact_sur_le_revenu_cadastral\"><\/span>Impact sur le revenu cadastral<span class=\"ez-toc-section-end\"><\/span><\/h3>\n\n\n\n<p>Le revenu cadastral est r\u00e9\u00e9valu\u00e9 lorsque les r\u00e9novations entra\u00eenent des changements dans la surface habitable ou l&rsquo;enveloppe ext\u00e9rieure du b\u00e2timent, ou lorsqu&rsquo;elles augmentent de mani\u00e8re significative le confort du bien. Selon la <strong>circulaire n\u00b03\/2010<\/strong>, les travaux se limitant \u00e0 des <strong>investissements \u00e9conomiseurs d&rsquo;\u00e9nergie<\/strong> ne provoquent pas de <strong>r\u00e9\u00e9valuation du revenu cadastra<\/strong>l.<\/p>\n\n\n\n<p>L&rsquo;Administration responsable des Primes Renolution ne communique aucune information \u00e0 l&rsquo;Administration g\u00e9n\u00e9rale de la Documentation patrimoniale (SPF Finances). Il en est de la <strong>responsabilit\u00e9 du contribuable<\/strong> de d\u00e9clarer spontan\u00e9ment ces informations. Lorsqu&rsquo;une demande de <strong>permis d&rsquo;urbanisme<\/strong> est soumise, c&rsquo;est la <strong>commune<\/strong> qui doit informer le <strong>SPF Finances<\/strong>.<\/p>\n\n\n\n<h2 class=\"wp-block-heading\"><span class=\"ez-toc-section\" id=\"Les_primes_pour_la_ventilation_en_Flandre\"><\/span>Les primes pour la ventilation en Flandre<span class=\"ez-toc-section-end\"><\/span><\/h2>\n\n\n\n<p>Le gouvernement flamand a mis en place en <strong>2022<\/strong> un syst\u00e8me de <strong>guichet unique<\/strong> reprenant toutes les primes de r\u00e9novation et d&rsquo;\u00e9nergie disponibles: <strong>MijnVerbouwPremie.<\/strong><\/p>\n\n\n\n<p>Cette prime s&rsquo;applique aux <strong>maisons<\/strong>, aux <strong>appartements<\/strong> et \u00e0 tout autre <strong>b\u00e2timent<\/strong> implant\u00e9 dans la <strong>r\u00e9gion flamande<\/strong>.<\/p>\n\n\n\n<h3 class=\"wp-block-heading\"><span class=\"ez-toc-section\" id=\"Les_conditions_doctroi_de_la_prime_MijnVerbouwPremie\"><\/span>Les conditions d&rsquo;octroi de la prime MijnVerbouwPremie<span class=\"ez-toc-section-end\"><\/span><\/h3>\n\n\n\n<p><strong>MijnVerbouwPremie.be<\/strong> vise les <strong>propri\u00e9taires de maisons, appartements, immeubles ou b\u00e2timents non r\u00e9sidentiels <\/strong>souhaitant am\u00e9liorer l&rsquo;<strong>efficacit\u00e9 \u00e9nerg\u00e9tique<\/strong> de leur b\u00e2timent. Cette plateforme offre une aide financi\u00e8re pour divers travaux tels que : l&rsquo;isolation, la r\u00e9novation du syst\u00e8me \u00e9lectrique, la r\u00e9novation int\u00e9rieure, &#8230;<\/p>\n\n\n\n<p>Pour \u00eatre \u00e9ligible \u00e0 la prime, le b\u00e2timent doit avoir au moins <strong>15 ans<\/strong>. Toutefois, il existe une exception pour les investissements dans les <strong>\u00e9nergies renouvelables<\/strong>. Dans ce cas, le b\u00e2timent doit avoir au moins <strong>5 ans<\/strong>, et la prime concernera alors les <strong>installations de chauffage<\/strong> et de <strong>sanitaires durables<\/strong>.<\/p>\n\n\n\n<h3 class=\"wp-block-heading\"><span class=\"ez-toc-section\" id=\"A_quel_montant_sattendre-2\"><\/span>\u00c0 quel montant s&rsquo;attendre ?<span class=\"ez-toc-section-end\"><\/span><\/h3>\n\n\n\n<p>Les primes accord\u00e9es d\u00e9pendent du niveau de revenu des m\u00e9nages, r\u00e9partis en <strong>trois cat\u00e9gories<\/strong>. En <strong>2024<\/strong>, les taux de primes pour les foyers \u00e0 revenus bas et moyens restent <strong>inchang\u00e9s<\/strong>, mais en <strong>2025<\/strong>, ces taux seront <strong>r\u00e9duits<\/strong> \u00e0 <strong>35% <\/strong>et <strong>25%<\/strong> respectivement.<\/p>\n\n\n\n<figure class=\"wp-block-table is-style-stripes\"><table><tbody><tr><th><strong>Cat\u00e9gories<\/strong><\/th><th><strong>Montant<\/strong> <strong>maximum<\/strong><\/th><\/tr><tr><td>Revenus bas<\/td><td>50% des factures<\/td><\/tr><tr><td>Revenus moyens<\/td><td>35% des factures<\/td><\/tr><tr><td>Revenus hauts<\/td><td>Montant fix\u00e9 par m\u00e8tre carr\u00e9<\/td><\/tr><\/tbody><\/table><\/figure>\n\n\n\n<h2 class=\"wp-block-heading\"><span class=\"ez-toc-section\" id=\"Comment_faire_une_demande_de_prime_en_Belgique\"><\/span>Comment faire une demande de prime en Belgique ?&nbsp;<span class=\"ez-toc-section-end\"><\/span><\/h2>\n\n\n\n<p>Chaque r\u00e9gion a son mode de <strong>fonctionnement<\/strong> et ses <strong>sp\u00e9cificit\u00e9s<\/strong> pour l&rsquo;introduction d&rsquo;une demande de prime.<\/p>\n\n\n\n<p class=\"has-h-3-font-size\">Pour la R\u00e9gion wallonne :<\/p>\n\n\n\n<div class=\"wp-block-bobex-vertical-steps bobex-vertical-step-main-wrapper\" style=\"background-color:#e5f2f7\">\n                <div style=\"\n            --title-color:#10375e;\n            --content-color:#5c5c5c\n        \" class=\"bobex-vertical-steps-block--container-div\">\n                    <div class=\"bobex-vertical-steps-block-main-div\">\n                        <div class=\"bobex-vertical-steps-block-number-container\">\n                            <div class=\"bobex-vertical-steps-block-number-area \">\n                                <div class=\"bobex-vertical-steps-number\">1<\/div>\n                            <\/div>\n                        <\/div>\n                        <div class=\"bobex-vertical-steps-block-content-area\">\n                            <p class=\"bobex-block-vertical-step-title\">R\u00e9alisation d&rsquo;un audit \u00e9nerg\u00e9tique par un auditeur agr\u00e9\u00e9 (v\u00e9rification de la qualit\u00e9 \u00e9nerg\u00e9tique globale du logement)<\/p>\n                            <p class=\"bobex-block-vertical-step-content\">L&rsquo;auditeur fera une visite du logement et \u00e9mettra un avis sur les possibles am\u00e9liorations \u00e0 faire dans votre b\u00e2timent.<\/p>\n                            <div>\n<div class=\"wp-block-bobex-vertical-step\">\n<p><\/p>\n<\/div>\n<\/div>\n                        <\/div>\n                    <\/div>\n                <\/div>\n                \n\n\n                <div style=\"\n            --title-color:#10375e;\n            --content-color:#5c5c5c\n        \" class=\"bobex-vertical-steps-block--container-div\">\n                    <div class=\"bobex-vertical-steps-block-main-div\">\n                        <div class=\"bobex-vertical-steps-block-number-container\">\n                            <div class=\"bobex-vertical-steps-block-number-area \">\n                                <div class=\"bobex-vertical-steps-number\">2<\/div>\n                            <\/div>\n                        <\/div>\n                        <div class=\"bobex-vertical-steps-block-content-area\">\n                            <p class=\"bobex-block-vertical-step-title\">Demande de prime<\/p>\n                            <p class=\"bobex-block-vertical-step-content\">Via le site wallonie.be, ou par voie postale, il vous faudra remplir un formulaire afin de solliciter la prime (dans les 8 mois apr\u00e8s l&rsquo;enregistrement du rapport d&rsquo;audit).<\/p>\n                            <div>\n<div class=\"wp-block-bobex-vertical-step\">\n<p><\/p>\n<\/div>\n<\/div>\n                        <\/div>\n                    <\/div>\n                <\/div>\n                \n\n\n                <div style=\"\n            --title-color:#10375e;\n            --content-color:#5c5c5c\n        \" class=\"bobex-vertical-steps-block--container-div\">\n                    <div class=\"bobex-vertical-steps-block-main-div\">\n                        <div class=\"bobex-vertical-steps-block-number-container\">\n                            <div class=\"bobex-vertical-steps-block-number-area \">\n                                <div class=\"bobex-vertical-steps-number\">3<\/div>\n                            <\/div>\n                        <\/div>\n                        <div class=\"bobex-vertical-steps-block-content-area\">\n                            <p class=\"bobex-block-vertical-step-title\">Commencement des travaux<\/p>\n                            <p class=\"bobex-block-vertical-step-content\">L&rsquo;enregistrement du rapport d&rsquo;audit par un auditeur agr\u00e9\u00e9 est la condition n\u00e9cessaire pour pouvoir commencer les travaux. Veillez \u00e0 payer vos factures dans leur enti\u00e8ret\u00e9 pour pouvoir en b\u00e9n\u00e9ficier par la suite.<\/p>\n                            <div>\n<div class=\"wp-block-bobex-vertical-step\">\n<p><\/p>\n<\/div>\n<\/div>\n                        <\/div>\n                    <\/div>\n                <\/div>\n                \n\n\n                <div style=\"\n            --title-color:#10375e;\n            --content-color:#5c5c5c\n        \" class=\"bobex-vertical-steps-block--container-div\">\n                    <div class=\"bobex-vertical-steps-block-main-div\">\n                        <div class=\"bobex-vertical-steps-block-number-container\">\n                            <div class=\"bobex-vertical-steps-block-number-area \">\n                                <div class=\"bobex-vertical-steps-number\">4<\/div>\n                            <\/div>\n                        <\/div>\n                        <div class=\"bobex-vertical-steps-block-content-area\">\n                            <p class=\"bobex-block-vertical-step-title\">Demande des primes travaux \u00e0 l&rsquo;administration wallonne<\/p>\n                            <p class=\"bobex-block-vertical-step-content\">Lorsque les travaux sont r\u00e9alis\u00e9s, envoyez un formulaire de demande de prime travaux (par voie postale ou sur wallonie.be) aupr\u00e8s de l&rsquo;administration wallonne avec tous les documents compl\u00e9t\u00e9s par l&rsquo;entrepreneur et prouvant la bonne r\u00e9alisation des travaux (copie des preuves et annexes techniques)<\/p>\n                            <div>\n<div class=\"wp-block-bobex-vertical-step\">\n<p><\/p>\n<\/div>\n<\/div>\n                        <\/div>\n                    <\/div>\n                <\/div>\n                \n\n\n                <div style=\"\n            --title-color:#10375e;\n            --content-color:#5c5c5c\n        \" class=\"bobex-vertical-steps-block--container-div\">\n                    <div class=\"bobex-vertical-steps-block-main-div\">\n                        <div class=\"bobex-vertical-steps-block-number-container\">\n                            <div class=\"bobex-vertical-steps-block-number-area \">\n                                <div class=\"bobex-vertical-steps-number\">5<\/div>\n                            <\/div>\n                        <\/div>\n                        <div class=\"bobex-vertical-steps-block-content-area\">\n                            <p class=\"bobex-block-vertical-step-title\">Admissibilit\u00e9 du dossier<\/p>\n                            <p class=\"bobex-block-vertical-step-content\">Lorsque votre dossier sera complet, vous recevrez les primes dont le montant sera adapt\u00e9 \u00e0 votre situation financi\u00e8re.<\/p>\n                            <div>\n<div class=\"wp-block-bobex-vertical-step\">\n<p><\/p>\n<\/div>\n<\/div>\n                        <\/div>\n                    <\/div>\n                <\/div>\n                <\/div>\n\n                    <script type=\"application\/ld+json\">\n                        {\"@context\":\"https:\\\/\\\/schema.org\",\"@type\":\"Itemlist\",\"itemListElement\":[\"R\\u00e9alisation d'un audit \\u00e9nerg\\u00e9tique par un auditeur agr\\u00e9\\u00e9 (v\\u00e9rification de la qualit\\u00e9 \\u00e9nerg\\u00e9tique globale du logement)\",\"Demande de prime\",\"Commencement des travaux\",\"Demande des primes travaux \\u00e0 l'administration wallonne\",\"Admissibilit\\u00e9 du dossier\"],\"itemListOrder\":\"Ascending\",\"name\":\"Vertical steps: Vos primes pour les syst\\u00e8mes de ventilation en Belgique en 2026\"}\n                    <\/script>\n                \n\n\n<p>Lorsque vous avez fait appel \u00e0<strong> plusieurs entreprises<\/strong> pour votre chantier, vous pouvez introduire vos demandes de primes \u00e0 l&rsquo;administration de fa\u00e7on s\u00e9par\u00e9e. Veillez \u00e9galement \u00e0 vous renseigner aupr\u00e8s de votre <strong>auditeur<\/strong> si vous souhaitez r\u00e9aliser des <strong>travaux qui ne se trouvent pas dans le rapport d&rsquo;audit<\/strong>, ces derniers pourraient peut \u00eatre faire l&rsquo;objet d&rsquo;une <strong>prime<\/strong>.<\/p>\n\n\n\n<p class=\"has-h-3-font-size\">Pour la R\u00e9gion de Bruxelles-Capitale :<\/p>\n\n\n\n<div class=\"wp-block-bobex-vertical-steps bobex-vertical-step-main-wrapper\" style=\"background-color:#e5f2f7\">\n                <div style=\"\n            --title-color:#10375e;\n            --content-color:#5c5c5c\n        \" class=\"bobex-vertical-steps-block--container-div\">\n                    <div class=\"bobex-vertical-steps-block-main-div\">\n                        <div class=\"bobex-vertical-steps-block-number-container\">\n                            <div class=\"bobex-vertical-steps-block-number-area \">\n                                <div class=\"bobex-vertical-steps-number\">1<\/div>\n                            <\/div>\n                        <\/div>\n                        <div class=\"bobex-vertical-steps-block-content-area\">\n                            <p class=\"bobex-block-vertical-step-title\">Estimer le montant de la prime<\/p>\n                            <p class=\"bobex-block-vertical-step-content\">Utilisez le simulateur sur IRISbox, le portail \u00e9lectronique de la R\u00e9gion de Bruxelles-Capitale, pour calculer le montant de la prime.<\/p>\n                            <div>\n<div class=\"wp-block-bobex-vertical-step\">\n<p><\/p>\n<\/div>\n<\/div>\n                        <\/div>\n                    <\/div>\n                <\/div>\n                \n\n\n                <div style=\"\n            --title-color:#10375e;\n            --content-color:#5c5c5c\n        \" class=\"bobex-vertical-steps-block--container-div\">\n                    <div class=\"bobex-vertical-steps-block-main-div\">\n                        <div class=\"bobex-vertical-steps-block-number-container\">\n                            <div class=\"bobex-vertical-steps-block-number-area \">\n                                <div class=\"bobex-vertical-steps-number\">2<\/div>\n                            <\/div>\n                        <\/div>\n                        <div class=\"bobex-vertical-steps-block-content-area\">\n                            <p class=\"bobex-block-vertical-step-title\">Obtenir les attestations n\u00e9cessaire<\/p>\n                            <p class=\"bobex-block-vertical-step-content\">Faites remplir les attestations par l\u2019entreprise qui r\u00e9alise les travaux.<\/p>\n                            <div>\n<div class=\"wp-block-bobex-vertical-step\">\n<p><\/p>\n<\/div>\n<\/div>\n                        <\/div>\n                    <\/div>\n                <\/div>\n                \n\n\n                <div style=\"\n            --title-color:#10375e;\n            --content-color:#5c5c5c\n        \" class=\"bobex-vertical-steps-block--container-div\">\n                    <div class=\"bobex-vertical-steps-block-main-div\">\n                        <div class=\"bobex-vertical-steps-block-number-container\">\n                            <div class=\"bobex-vertical-steps-block-number-area \">\n                                <div class=\"bobex-vertical-steps-number\">3<\/div>\n                            <\/div>\n                        <\/div>\n                        <div class=\"bobex-vertical-steps-block-content-area\">\n                            <p class=\"bobex-block-vertical-step-title\">Soumettre votre demande en ligne<\/p>\n                            <p class=\"bobex-block-vertical-step-content\">\u00a0\u00a0 &#8211; Acc\u00e9dez \u00e0 IRISbox (guichet \u00e9lectronique) pour introduire votre demande.<br>\u00a0\u00a0 &#8211; Joignez tous les documents requis, y compris les attestations remplies.<br>\u00a0\u00a0 &#8211; Notez que toutes les demandes doivent obligatoirement \u00eatre soumises \u00e9lectroniquement.<\/p>\n                            <div>\n<div class=\"wp-block-bobex-vertical-step\">\n<p><\/p>\n<\/div>\n<\/div>\n                        <\/div>\n                    <\/div>\n                <\/div>\n                \n\n\n                <div style=\"\n            --title-color:#10375e;\n            --content-color:#5c5c5c\n        \" class=\"bobex-vertical-steps-block--container-div\">\n                    <div class=\"bobex-vertical-steps-block-main-div\">\n                        <div class=\"bobex-vertical-steps-block-number-container\">\n                            <div class=\"bobex-vertical-steps-block-number-area \">\n                                <div class=\"bobex-vertical-steps-number\">4<\/div>\n                            <\/div>\n                        <\/div>\n                        <div class=\"bobex-vertical-steps-block-content-area\">\n                            <p class=\"bobex-block-vertical-step-title\">La demande de des primes renolution doit \u00eatre faite dans les 12 mois apr\u00e8s la facture de solde<\/p>\n                            <p class=\"bobex-block-vertical-step-content\"><\/p>\n                            <div>\n<div class=\"wp-block-bobex-vertical-step\">\n<p><\/p>\n<\/div>\n<\/div>\n                        <\/div>\n                    <\/div>\n                <\/div>\n                \n\n\n                <div style=\"\n            --title-color:#10375e;\n            --content-color:#5c5c5c\n        \" class=\"bobex-vertical-steps-block--container-div\">\n                    <div class=\"bobex-vertical-steps-block-main-div\">\n                        <div class=\"bobex-vertical-steps-block-number-container\">\n                            <div class=\"bobex-vertical-steps-block-number-area \">\n                                <div class=\"bobex-vertical-steps-number\">5<\/div>\n                            <\/div>\n                        <\/div>\n                        <div class=\"bobex-vertical-steps-block-content-area\">\n                            <p class=\"bobex-block-vertical-step-title\">L&rsquo;administration donnera une r\u00e9ponse end\u00e9ans les 90 jours suivant l&rsquo;introduction du dossier<\/p>\n                            <p class=\"bobex-block-vertical-step-content\"><\/p>\n                            <div>\n<div class=\"wp-block-bobex-vertical-step\">\n<p><\/p>\n<\/div>\n<\/div>\n                        <\/div>\n                    <\/div>\n                <\/div>\n                <\/div>\n\n                    <script type=\"application\/ld+json\">\n                        {\"@context\":\"https:\\\/\\\/schema.org\",\"@type\":\"Itemlist\",\"itemListElement\":[\"Estimer le montant de la prime\",\"Obtenir les attestations n\\u00e9cessaire\",\"Soumettre votre demande en ligne\",\"La demande de des primes renolution doit \\u00eatre faite dans les 12 mois apr\\u00e8s la facture de solde\",\"L'administration donnera une r\\u00e9ponse end\\u00e9ans les 90 jours suivant l'introduction du dossier\"],\"itemListOrder\":\"Ascending\",\"name\":\"Vertical steps: Vos primes pour les syst\\u00e8mes de ventilation en Belgique en 2026\"}\n                    <\/script>\n                \n\n\n<p>Lorsque vous avez fait appel \u00e0 plusieurs entreprises pour votre chantier, vous pouvez introduire vos demandes de primes \u00e0 l&rsquo;administration de fa\u00e7on s\u00e9par\u00e9e.<\/p>\n\n\n\n<p class=\"has-h-3-font-size\">Pour la R\u00e9gion flamande :<\/p>\n\n\n\n<div class=\"wp-block-bobex-vertical-steps bobex-vertical-step-main-wrapper\" style=\"background-color:#e5f2f7\">\n                <div style=\"\n            --title-color:#10375e;\n            --content-color:#5c5c5c\n        \" class=\"bobex-vertical-steps-block--container-div\">\n                    <div class=\"bobex-vertical-steps-block-main-div\">\n                        <div class=\"bobex-vertical-steps-block-number-container\">\n                            <div class=\"bobex-vertical-steps-block-number-area \">\n                                <div class=\"bobex-vertical-steps-number\">1<\/div>\n                            <\/div>\n                        <\/div>\n                        <div class=\"bobex-vertical-steps-block-content-area\">\n                            <p class=\"bobex-block-vertical-step-title\">Rassembler les bons documents<\/p>\n                            <p class=\"bobex-block-vertical-step-content\">Assurez-vous d&rsquo;avoir toutes les factures, certificats et autres documents n\u00e9cessaires.<\/p>\n                            <div>\n<div class=\"wp-block-bobex-vertical-step\">\n<p><\/p>\n<\/div>\n<\/div>\n                        <\/div>\n                    <\/div>\n                <\/div>\n                \n\n\n                <div style=\"\n            --title-color:#10375e;\n            --content-color:#5c5c5c\n        \" class=\"bobex-vertical-steps-block--container-div\">\n                    <div class=\"bobex-vertical-steps-block-main-div\">\n                        <div class=\"bobex-vertical-steps-block-number-container\">\n                            <div class=\"bobex-vertical-steps-block-number-area \">\n                                <div class=\"bobex-vertical-steps-number\">2<\/div>\n                            <\/div>\n                        <\/div>\n                        <div class=\"bobex-vertical-steps-block-content-area\">\n                            <p class=\"bobex-block-vertical-step-title\">Faire la demande via le guichet en ligne<\/p>\n                            <p class=\"bobex-block-vertical-step-content\">Acc\u00e9dez \u00e0 Mijn Verbouw Premie.<\/p>\n                            <div>\n<div class=\"wp-block-bobex-vertical-step\">\n<p><\/p>\n<\/div>\n<\/div>\n                        <\/div>\n                    <\/div>\n                <\/div>\n                \n\n\n                <div style=\"\n            --title-color:#10375e;\n            --content-color:#5c5c5c\n        \" class=\"bobex-vertical-steps-block--container-div\">\n                    <div class=\"bobex-vertical-steps-block-main-div\">\n                        <div class=\"bobex-vertical-steps-block-number-container\">\n                            <div class=\"bobex-vertical-steps-block-number-area \">\n                                <div class=\"bobex-vertical-steps-number\">3<\/div>\n                            <\/div>\n                        <\/div>\n                        <div class=\"bobex-vertical-steps-block-content-area\">\n                            <p class=\"bobex-block-vertical-step-title\">Commencer une nouvelle demande<\/p>\n                            <p class=\"bobex-block-vertical-step-content\">Cliquez sur \u00ab\u00a0Commencer une nouvelle demande\u00a0\u00bb.<\/p>\n                            <div>\n<div class=\"wp-block-bobex-vertical-step\">\n<p><\/p>\n<\/div>\n<\/div>\n                        <\/div>\n                    <\/div>\n                <\/div>\n                \n\n\n                <div style=\"\n            --title-color:#10375e;\n            --content-color:#5c5c5c\n        \" class=\"bobex-vertical-steps-block--container-div\">\n                    <div class=\"bobex-vertical-steps-block-main-div\">\n                        <div class=\"bobex-vertical-steps-block-number-container\">\n                            <div class=\"bobex-vertical-steps-block-number-area \">\n                                <div class=\"bobex-vertical-steps-number\">4<\/div>\n                            <\/div>\n                        <\/div>\n                        <div class=\"bobex-vertical-steps-block-content-area\">\n                            <p class=\"bobex-block-vertical-step-title\">Compl\u00e9ter les donn\u00e9es demand\u00e9es<\/p>\n                            <p class=\"bobex-block-vertical-step-content\"><\/p>\n                            <div>\n<div class=\"wp-block-bobex-vertical-step\">\n<p><\/p>\n<\/div>\n<\/div>\n                        <\/div>\n                    <\/div>\n                <\/div>\n                \n\n\n                <div style=\"\n            --title-color:#10375e;\n            --content-color:#5c5c5c\n        \" class=\"bobex-vertical-steps-block--container-div\">\n                    <div class=\"bobex-vertical-steps-block-main-div\">\n                        <div class=\"bobex-vertical-steps-block-number-container\">\n                            <div class=\"bobex-vertical-steps-block-number-area \">\n                                <div class=\"bobex-vertical-steps-number\">5<\/div>\n                            <\/div>\n                        <\/div>\n                        <div class=\"bobex-vertical-steps-block-content-area\">\n                            <p class=\"bobex-block-vertical-step-title\">Joindre les documents<\/p>\n                            <p class=\"bobex-block-vertical-step-content\">T\u00e9l\u00e9chargez les factures, certificats et autres documents pertinents.<\/p>\n                            <div>\n<div class=\"wp-block-bobex-vertical-step\">\n<p><\/p>\n<\/div>\n<\/div>\n                        <\/div>\n                    <\/div>\n                <\/div>\n                \n\n\n                <div style=\"\n            --title-color:#10375e;\n            --content-color:#5c5c5c\n        \" class=\"bobex-vertical-steps-block--container-div\">\n                    <div class=\"bobex-vertical-steps-block-main-div\">\n                        <div class=\"bobex-vertical-steps-block-number-container\">\n                            <div class=\"bobex-vertical-steps-block-number-area \">\n                                <div class=\"bobex-vertical-steps-number\">6<\/div>\n                            <\/div>\n                        <\/div>\n                        <div class=\"bobex-vertical-steps-block-content-area\">\n                            <p class=\"bobex-block-vertical-step-title\">Indiquer vos modes de communication et de paiement:<\/p>\n                            <p class=\"bobex-block-vertical-step-content\">Sp\u00e9cifiez comment vous souhaitez \u00eatre contact\u00e9 et le mode de paiement.<\/p>\n                            <div>\n<div class=\"wp-block-bobex-vertical-step\">\n<p><\/p>\n<\/div>\n<\/div>\n                        <\/div>\n                    <\/div>\n                <\/div>\n                <\/div>\n\n                    <script type=\"application\/ld+json\">\n                        {\"@context\":\"https:\\\/\\\/schema.org\",\"@type\":\"Itemlist\",\"itemListElement\":[\"Rassembler les bons documents\",\"Faire la demande via le guichet en ligne\",\"Commencer une nouvelle demande\",\"Compl\\u00e9ter les donn\\u00e9es demand\\u00e9es\",\"Joindre les documents\",\"Indiquer vos modes de communication et de paiement:\"],\"itemListOrder\":\"Ascending\",\"name\":\"Vertical steps: Vos primes pour les syst\\u00e8mes de ventilation en Belgique en 2026\"}\n                    <\/script>\n                \n\n\n<h2 class=\"wp-block-heading\"><span class=\"ez-toc-section\" id=\"Les_autres_aides_disponibles_pour_linstallation_de_ventilation\"><\/span>Les autres aides disponibles pour l&rsquo;installation de ventilation<span class=\"ez-toc-section-end\"><\/span><\/h2>\n\n\n\n<p>Il est possible que certains travaux ne fassent pas l&rsquo;objet d&rsquo;une prime. Il convient d\u00e8s lors de se renseigner sur les autres possibilit\u00e9s d&rsquo;aides.<\/p>\n\n\n\n<p>Le syst\u00e8me de primes utilis\u00e9 dans la R\u00e9gion flamande se nomme le \u00ab\u00a0<strong>Pass Beno<\/strong>\u00ab\u00a0. Il n&rsquo;est pas possible de se voir octroyer cette prime si vous ne posez qu&rsquo;un syst\u00e8me de ventilation. En effet, il faut pouvoir combiner t<strong>rois mesures d&rsquo;\u00e9conomie d&rsquo;\u00e9nergie<\/strong> pour pouvoir b\u00e9n\u00e9ficier du bonus.<\/p>\n\n\n\n<p>En r\u00e9gion wallonne, il est possible d\u2019acc\u00e9der au financement <strong>R\u00e9nopack<\/strong> pour des<strong> travaux de r\u00e9novation<\/strong>. Il s\u2019agit d\u2019un <strong>pr\u00eat<\/strong> <strong>\u00e0 0% de minimum 1000\u20ac et jusqu\u2019\u00e0 un montant total maximum de 60 000\u20ac<\/strong>.<\/p>\n\n\n\n<h3 class=\"wp-block-heading\"><span class=\"ez-toc-section\" id=\"Reduction_du_taux_de_TVA_a_6\"><\/span>R\u00e9duction du taux de TVA \u00e0 6%&nbsp;<span class=\"ez-toc-section-end\"><\/span><\/h3>\n\n\n\n<p>Le gouvernement flamand propose un <strong>r\u00e9gime fiscal avantageux<\/strong> pour les <strong>travaux de d\u00e9molition<\/strong> et de <strong>reconstruction<\/strong> de logements. En effet, les travaux de d\u00e9molition et de reconstruction b\u00e9n\u00e9ficient d&rsquo;un <strong>taux de TVA r\u00e9duit \u00e0 6 %<\/strong>. Cette mesure s&rsquo;applique uniquement \u00e0 la <strong>d\u00e9molition<\/strong> d&rsquo;un b\u00e2timent et \u00e0 la <strong>reconstruction<\/strong> d&rsquo;un logement s<strong>ur la m\u00eame parcelle<\/strong>.<\/p>\n\n\n\n<h3 class=\"wp-block-heading\"><span class=\"ez-toc-section\" id=\"Pret_a_0_pour_les_travaux_de_renovation\"><\/span>Pr\u00eat \u00e0 0% pour les travaux de r\u00e9novation<span class=\"ez-toc-section-end\"><\/span><\/h3>\n\n\n\n<p><strong>Si vous \u00eates propri\u00e9taire d&rsquo;un logement de plus de 15 ans en Wallonie<\/strong> et que vous voulez <strong>r\u00e9duire votre consommation et vos factures \u00e9nerg\u00e9tiques<\/strong> ou <strong>s\u00e9curiser votre habitation<\/strong>, la Soci\u00e9t\u00e9 wallonne du cr\u00e9dit social <strong>(SWCS<\/strong>) propose des <strong>pr\u00eats \u00e0 0% pour vos travaux de r\u00e9novation<\/strong>. Il s&rsquo;agit du <strong>R\u00e9nopack<\/strong>, du<strong> R\u00e9nopack SWCS<\/strong> et du <strong>R\u00e9nopr\u00eat<\/strong>.&nbsp;<\/p>\n\n\n\n<figure class=\"wp-block-image size-large\"><img decoding=\"async\" width=\"1024\" height=\"538\" src=\"https:\/\/www.bobex.be\/wp-uploads\/sites\/2\/Financial-aid-1024x538.jpg\" alt=\"Table avec un carnet lign\u00e9 o\u00f9 il est \u00e9crit &quot;financial aid&quot;. Autour, il y a une loupe, un caddie avec des sous, une calculatrice, un cohonnet, une paire de lunette de vue et un caf\u00e9.\" class=\"wp-image-168222\" \/><\/figure>\n\n\n\n<h2 class=\"wp-block-heading\"><span class=\"ez-toc-section\" id=\"Installez_un_systeme_de_ventilation_et_profitez_des_primes\"><\/span>Installez un syst\u00e8me de ventilation et profitez des primes !<span class=\"ez-toc-section-end\"><\/span><\/h2>\n\n\n\n<p>En remplissant le formulaire, vous pouvez&nbsp; recevoir jusqu&rsquo;\u00e0 5 devis diff\u00e9rents de professionnels de votre r\u00e9gion.<\/p>\n\n\n<div id=\"ppp\" class=\"bob-form-wrapper\" data-ajax_url=\"https:\/\/www.bobex.be\/fr-be\/wp-admin\/admin-ajax.php\" data-fa_a=\"\" data-fa_b=\"\"><div class=\"loader\" aria-hidden=\"true\"><\/div>    <div>\n        <div class=\"row mx-auto mb-2\" style=\"max-width: 900px;\">\n            <div class=\"col-md-4\"><i class=\"mr-1 fas fa-check\" style=\"color:green;\"><\/i>Devis gratuits et rapides<\/div>\n            <div class=\"col-md-4\"><i class=\"mr-1 fas fa-check\" style=\"color:green;\"><\/i>Sans engagement et obligation<\/div>\n            <div class=\"col-md-4\"><i class=\"mr-1 fas fa-check\" style=\"color:green;\"><\/i>Professionnels agr\u00e9\u00e9s<\/div>\n        <\/div>\n    <\/div><div id=\"form-69f4acc860836\" class=\"bob-form-container\" style=\"background-color: white; font-family: Roboto, sans-serif !important; font-size: 16px !important; color: #545454; box-shadow: 0 2px 10px rgba(0,0,0,0.1); --font_title: Poppins; --font_size_title: 20px; --title_bg_color: #175da6; --copyright_color: #fde8e1; --box_upload_color: #e5f2f7; padding:unset;\" data-form-type=\"inline\" data-form-id=\"69f4acc860836\"><style>#form-69f4acc860836 .bob-form-inline-question.even {\n  background-color: #e5f2f7;\n}\n#form-69f4acc860836 .single_multiple.multiple_button {\n  background-color: #e5f2f7 !important;\n}\n#form-69f4acc860836 .bob-form-inline-question--hidden {\n  display: none;\n}<\/style><div class=\"form-questions\"><form id=\"bob-form\" class=\"bob-form bob-form-tag\" method=\"post\" action=\"https:\/\/www.bobex.be\/fr-be\/wp-admin\/admin-ajax.php?action=bobex-form-validation\">    <div class=\"form-title\">\n        Formulez votre demande\n        <div class=\"form-title-info-line\">\n            R\u00e9pondez \u00e0 quelques questions et entrez en contact avec des sp\u00e9cialistes fiables. Nous vous demandons vos coordonn\u00e9es afin de s\u00e9lectionner les professionnels actifs dans votre r\u00e9gion.\n        <\/div>\n    <\/div><div class=\"form-questions bob-form-inline-question\"><div class=\"row\"><div class=\"question col-md-4\"><label>1*. De quel type de projet s&rsquo;agit-il?<\/label><\/div><div class=\"answer col-md-8\"><div class=\"bob-form-radio d-flex\"><input type=\"radio\" class=\"inline-radio\" id=\"69f4acc860836-input-0-1\" data-unique-id=\"69f4acc860836\" name=\"XML_extra_radio\" value=\"1\"  required=\"required\"><label for=\"69f4acc860836-input-0-1\">Ventilation d&rsquo;une nouvelle construction<\/label><\/div><div class=\"bob-form-radio d-flex\"><input type=\"radio\" class=\"inline-radio\" id=\"69f4acc860836-input-0-2\" data-unique-id=\"69f4acc860836\" name=\"XML_extra_radio\" value=\"2\"  required=\"required\"><label for=\"69f4acc860836-input-0-2\">Ventilation d&rsquo;un b\u00e2timent existant (r\u00e9novation)<\/label><\/div><\/div><\/div><\/div><div class=\"form-questions bob-form-inline-question even\"><div class=\"row\"><div class=\"question col-md-4\"><label>2*. Quel type de syst\u00e8me de ventilation d\u00e9sirez-vous?<\/label><\/div><div class=\"answer col-md-8\"><div class=\"bob-form-radio d-flex\"><input type=\"radio\" class=\"inline-radio\" id=\"69f4acc860836-input-1-1\" data-unique-id=\"69f4acc860836\" name=\"XML_extra_radio2\" value=\"1\"  required=\"required\"><label for=\"69f4acc860836-input-1-1\">Arriv\u00e9e d&rsquo;air m\u00e9canique (Type B)<\/label><\/div><div class=\"bob-form-radio d-flex\"><input type=\"radio\" class=\"inline-radio\" id=\"69f4acc860836-input-1-2\" data-unique-id=\"69f4acc860836\" name=\"XML_extra_radio2\" value=\"2\"  required=\"required\"><label for=\"69f4acc860836-input-1-2\">Evacuation d&rsquo;air m\u00e9canique (Type C)<\/label><\/div><div class=\"bob-form-radio d-flex\"><input type=\"radio\" class=\"inline-radio\" id=\"69f4acc860836-input-1-3\" data-unique-id=\"69f4acc860836\" name=\"XML_extra_radio2\" value=\"3\"  required=\"required\"><label for=\"69f4acc860836-input-1-3\">Arriv\u00e9e + \u00e9vacuation d&rsquo;air m\u00e9canique (Type D)<\/label><\/div><div class=\"bob-form-radio d-flex\"><input type=\"radio\" class=\"inline-radio\" id=\"69f4acc860836-input-1-4\" data-unique-id=\"69f4acc860836\" name=\"XML_extra_radio2\" value=\"4\"  required=\"required\"><label for=\"69f4acc860836-input-1-4\">Pour les appartements ou bureaux (Type E)<\/label><\/div><div class=\"bob-form-radio d-flex\"><input type=\"radio\" class=\"inline-radio\" id=\"69f4acc860836-input-1-5\" data-unique-id=\"69f4acc860836\" name=\"XML_extra_radio2\" value=\"5\"  required=\"required\"><label for=\"69f4acc860836-input-1-5\">Je ne sais pas, conseillez-moi<\/label><\/div><\/div><\/div><\/div><div class=\"form-questions bob-form-inline-question\"><div class=\"d-flex flex-column\"><label class=\"question\" for=\"69f4acc860836-input-2\">3. Description de votre projet<\/label><textarea class=\"bob-form-input\" name=\"XML_remarks\" id=\"69f4acc860836-input-2\" data-unique-id=\"69f4acc860836\"><\/textarea><\/div><\/div><div class=\"bob-inline-form bob-form-tag upload-box mb-3\">\n                    <div class=\"row\">\n                        <div class=\"col-md-12 mb-2 question\">Ajouter des photos ou des pi\u00e8ces jointes (en Option)<\/div>\n                        <div class=\"col-md-12\">\n                            <div class=\"box__input\" style=\"background-color: #e5f2f7;\"\n                                 ondrop=\"drop(event)\"\n                                 ondragover=\"allowDrop(event)\"\n                                 ondragleave=\"removeDropFx(event)\"\n                                >\n                                <input type=\"file\"\n                                       class=\"file__input\"\n                                       name=\"attachments[]\"\n                                       id=\"attachments\"\n                                       multiple=\"multiple\"\n                                       accept=\"image\/jpeg, image\/png, image\/gif, application\/pdf\"\n                                       data-multiple-caption=\"{count} files selected\">\n                                <div>\n                                    <label for=\"attachments\"><strong>S\u00e9lectionnez un fichier <\/strong>ou glissez-le ici<\/label>\n                                    <span class=\"box__button bobex-round-cta m-1 py-1\"\n                                          style=\"mix-blend-mode: luminosity\">\n                                        <i class=\"fas fa-cloud-upload-alt text-white\"><\/i>\n                                        T\u00e9l\u00e9charger\n                                    <\/span>\n                                <\/div>\n            \n                                <div class=\"row preview_wrapper m-0\"><\/div>\n                            <\/div>\n            \n                            <div class=\"box__uploading\">Uploading\u2026<\/div>\n                            <div class=\"box__success\">Done!<\/div>\n                            <div class=\"box__error\">Error! <span><\/span>.<\/div>\n                        <\/div>\n                    <\/div>\n                <\/div>    <div class=\"form-title\">\n        Vos donn\u00e9es\n    <\/div><div class=\"bob-form-contact-data\" style=\"padding: 20px\"><div class=\"row lead-info\"><div class=\"col-md-6 mb-3\">  <div class=\"form-group\">    <input value=\"\" type=\"text\" class=\"form-control\" id=\"firstName\" name=\"firstName\" placeholder=\"Pr\u00e9nom\" required>    <div class=\"valid-feedback\">Enchant\u00e9 !<\/div>    <div class=\"invalid-feedback\">Veuillez indiquer votre pr\u00e9nom<\/div>  <\/div><\/div><div class=\"col-md-6 mb-3\">  <div class=\"form-group\">    <input value=\"\" type=\"text\" class=\"form-control\" id=\"lastName\" name=\"lastName\" placeholder=\"Nom\" required>    <div class=\"valid-feedback\">Sympa<\/div>    <div class=\"invalid-feedback\">Veuillez indiquer votre nom de famille<\/div>  <\/div><\/div><div class=\"col-md-12 mb-3\">  <div class=\"form-group\">    <input value=\"\" type=\"email\" class=\"form-control\" id=\"email\" name=\"email\" placeholder=\"E-mail\" required style=\"max-width: unset;\">    <div class=\"valid-feedback\">C&rsquo;est tout bon<\/div>    <div class=\"invalid-feedback\">Veuillez indiquer une adresse e-mail valide<\/div>  <\/div><\/div><div class=\"col-md-12 mb-3\">  <div class=\"form-group\">    <input value=\"\" type=\"tel\" class=\"form-control\" id=\"phone\" name=\"phone\" placeholder=\"T\u00e9l\u00e9phone\" required style=\"max-width: unset;\">    <div class=\"valid-feedback\">Parfait<\/div>    <div class=\"invalid-feedback\">Veuillez indiquer un num\u00e9ro de t\u00e9l\u00e9phone valide<\/div>  <\/div><\/div><div class=\"col-md-12 mb-3\">  <div class=\"form-group\">    <input value=\"\" type=\"text\" class=\"form-control\" id=\"companyAddress\" name=\"companyAddress\" placeholder=\"Adresse\" required style=\"max-width: unset;\">    <div class=\"valid-feedback\">C&rsquo;est not\u00e9<\/div>    <div class=\"invalid-feedback\">Veuillez indiquer une adresse valide<\/div>  <\/div><\/div><div class=\"col-md-6 mb-3\">  <div class=\"form-group\">    <input value=\"\" type=\"text\" class=\"form-control\" id=\"companyPostalCode\" name=\"companyPostalCode\" placeholder=\"Code postal\" required>    <div class=\"valid-feedback\">Excellent !<\/div>    <div class=\"invalid-feedback\">Veuillez indiquer un code postal valide<\/div>  <\/div><\/div><div class=\"col-md-6 mb-3\">  <div class=\"form-group\">    <input value=\"\" type=\"text\" class=\"form-control\" id=\"companyCity\" name=\"companyCity\" placeholder=\"Ville\" required>    <div class=\"valid-feedback\">Bien jou\u00e9<\/div>    <div class=\"invalid-feedback\">Veuillez indiquer une ville valide<\/div>  <\/div><\/div><div class=\"d-flex mt-3\"><input name=\"promoOptin\" value=\"true\" id=\"promoOptin\" type=\"checkbox\" class=\"me-2\" style=\"width: unset\"><label for=\"promoOptin\">Je souhaite rester inform\u00e9 de ma demande et recevoir des conseils pratiques (fortement recommand\u00e9 !) <\/label><\/div><\/div><\/div><input type=\"hidden\" class=\"session_var\" name=\"newform\" value=\"true\"><input type=\"hidden\" class=\"session_var\" name=\"lead-validation-nonce\" value=\"b093144bd6\"><input type=\"hidden\" class=\"session_var\" name=\"aff\" value=\"minisite\"><input type=\"hidden\" class=\"session_var\" name=\"utm_source\" value=\"https:\/\/www.bobex.be\/fr-be\/wp-json\/v2\/content\/168198\"><input type=\"hidden\" class=\"session_var\" name=\"bobx\" value=\"\"><input type=\"hidden\" class=\"session_var\" name=\"sessionType\" value=\"B2C\"><input type=\"hidden\" class=\"session_var\" name=\"utm_medium\" value=\"web\"><input type=\"hidden\" class=\"session_var\" name=\"utm_campaign\" value=\"search\"><input type=\"hidden\" class=\"session_var\" name=\"rem_source\" value=\"https:\/\/www.bobex.be\/fr-be\/systeme-de-ventilation\/primes\/\"><input type=\"hidden\" class=\"session_var\" name=\"pixel_id\" value=\"-1\"><input type=\"hidden\" class=\"session_var\" name=\"tabo_id\" value=\"-1\"><input type=\"hidden\" class=\"session_var\" name=\"click_id\" value=\"-1\"><input type=\"hidden\" class=\"session_var\" name=\"gclid\" value=\"-1\"><input type=\"hidden\" class=\"session_var\" name=\"msclkid\" value=\"-1\"><input type=\"hidden\" class=\"session_var\" name=\"past_aff\" value=\"bobex\"><input type=\"hidden\" class=\"session_var\" name=\"redirectTo\" value=\"BE\"><input type=\"hidden\" class=\"session_var\" name=\"is_type_id\" value=\"true\"><input type=\"hidden\" class=\"session_var\" name=\"typeid\" value=\"11453\"><input type=\"hidden\" class=\"session_var\" name=\"companyType\" value=\"label.companytype.consumer\"><input type=\"hidden\" class=\"session_var\" name=\"input_names\" value=\"XML_extra_radio,XML_extra_radio2,XML_remarks\"><input type=\"hidden\" class=\"form_context\" value=\"BE\"><img decoding=\"async\" class=\"bobex-pixel\" src=\"\" alt=\"\" style=\"display:none\" \/>    <div class=\"bob-form-submit d-flex justify-content-center\">\n        <button type=\"submit\" class=\"form-submit\" style=\"background-color: #F1653A; color: white; border: none !important; border-radius: 5px !important; font-family: Roboto, sans-serif; font-size: 16px;\">\n            Demander un devis\n        <\/button>\n    <\/div>    <div class=\"bob-inline-form form-footer\" style=\"border-radius: 0 0 10px 10px\">\n        <div class=\"bob-form-privacy-text\">\n            <div style=\"float:left;\"><i class=\"fa fa-lock\"><\/i><\/div>\n            <div class=\"ms-2\">\n                <div style='padding-left: 15px;font-size: 0.8em !important;z-index: 10;'><b>Nous respectons votre vie priv\u00e9e<\/b><br> Conform\u00e9ment \u00e0 la loi du 8\/12\/1992 relative \u00e0 la protection de la vie priv\u00e9e, vous disposez d&rsquo;un droit d&rsquo;acc\u00e8s et de rectification \u00e0 vos donn\u00e9es. Pour en savoir plus, consultez notre <span class=\"link_ob\" data-link=\"aHR0cHM6Ly93d3cuYm9iZXguYmUvZnItYmUvcHJvdGVjdGlvbi1kZS1sYS12aWUtcHJpdmVlLw==\" target=\"_blank\">charte sur la vie priv\u00e9e<\/span>.<\/div>\n                \n            <\/div>\n        <\/div>\n    <\/div><\/form><\/div><div class=\"multiple_mini hidden\" data-lead_id=\"\"><p class=\"multiple-title\">Merci d&rsquo;avoir pris le temps de remplir ce formulaire<\/p><p>Nous vous contacterons d\u00e8s que possible pour vous orienter vers le meilleur sp\u00e9cialiste correspondant \u00e0 votre demande.<\/p><div class=\"multiple_wrapper\"><div class=\"loader\"><\/div><p class=\"multiple-title\">Vous cherchez d&rsquo;autres services ?<\/p><p class=\"multiple_text\">Vous souhaitez comparer d&rsquo;autres devis ou explorer d&rsquo;autres services ? Faites-le nous savoir et nous vous mettrons rapidement en relation<\/p><div class=\"multiple_container\"><div class=\"single_multiple multiple_button\" data-typeid=\"11364\"><i class=\"fa-3x cat icon-11364\"><\/i><span class=\"multiple_name\">Panneaux solaires<\/span><\/div><div class=\"single_multiple multiple_button\" data-typeid=\"11452\"><i class=\"fa-3x fad fa-door-closed\"><\/i><span class=\"multiple_name\">Ch\u00e2ssis, portes et fen\u00eatres<\/span><\/div><div class=\"single_multiple multiple_button\" data-typeid=\"11461\"><i class=\"fa-3x cat icon-11461\"><\/i><span class=\"multiple_name\">Traitement de l&rsquo;humidit\u00e9<\/span><\/div><div class=\"single_multiple multiple_button\" data-typeid=\"11982\"><i class=\"fa-3x cat icon-11982\"><\/i><span class=\"multiple_name\">Adoucisseur d&rsquo;eau<\/span><\/div><div class=\"single_multiple multiple_button\" data-typeid=\"11386\"><i class=\"fa-3x cat icon-11386\"><\/i><span class=\"multiple_name\">Air conditionn\u00e9<\/span><\/div><div class=\"single_multiple multiple_button\" data-typeid=\"11984\"><i class=\"fa-3x cat icon-11984\"><\/i><span class=\"multiple_name\">V\u00e9randa, pergola, orangerie<\/span><\/div><div class=\"single_multiple hidden multiple_button\" data-typeid=\"100003\"><i class=\"fa-3x cat icon-100003\"><\/i><span class=\"multiple_name\">Stores solaires, shutters<\/span><\/div><\/div><\/div><\/div><\/div><\/div>\n\n\n<h2 class=\"wp-block-heading\"><span class=\"ez-toc-section\" id=\"FAQ_3_questions_qui_reviennent_souvent\"><\/span>FAQ : 3 questions qui reviennent souvent&nbsp;<span class=\"ez-toc-section-end\"><\/span><\/h2>\n\n\n\n<div class=\"wp-block-bobex-frequently-asked-questions bobex-faq-main-wrapper\">\n            <div class=\"bobex-simple-question-answer-block\">\n                <div class=\"bobex-simple-question-answer-block__question\" style=\"background-color: #63b0d1!important; color: white!important;\">\n                    <h3 style=\"color: white!important; margin:unset; font-size:1.2rem;\" class=\"bobex-simple-question-answer-block__question__content\"><span class=\"ez-toc-section\" id=\"Quelles_sont_les_primes_de_la_region_wallonne\"><\/span>Quelles sont les primes de la r\u00e9gion wallonne ?<span class=\"ez-toc-section-end\"><\/span><\/h3>\n                    <div class=\"bobex-simple-question-answer-block__question__toggle\">+<\/div>\n                <\/div>\n                <div class=\"bobex-simple-question-answer-block__answer\" style=\"background-color: !important; color: black!important;\">\n                    <div class=\"bobex-simple-question-answer-block__answer__content\">Il existe diff\u00e9rentes primes qui peuvent \u00eatre activ\u00e9es selon vos besoins.\u00a0<br>En <strong>R\u00e9gion wallonne,<\/strong> le syst\u00e8me actuel des primes habitation a \u00e9t\u00e9 instaur\u00e9 le 1er juin 2019. Pour en b\u00e9n\u00e9ficier, un audit logement par un auditeur agr\u00e9\u00e9 est n\u00e9cessaire.<br>De plus, pour pallier la hausse des prix de l\u2019\u00e9nergie et acc\u00e9l\u00e9rer la r\u00e9novation \u00e9nerg\u00e9tique, le gouvernement wallon a introduit des primes simplifi\u00e9es. Certaines, comme celle pour l\u2019isolation de la toiture, peuvent \u00eatre obtenues sans audit pr\u00e9alable.<\/div>\n                    <div>\n<div class=\"wp-block-bobex-simple-question-answer\"><\/div>\n<\/div>\n                <\/div>\n            <\/div>\n        \n\n\n            <div class=\"bobex-simple-question-answer-block\">\n                <div class=\"bobex-simple-question-answer-block__question\" style=\"background-color: #63b0d1!important; color: white!important;\">\n                    <h3 style=\"color: white!important; margin:unset; font-size:1.2rem;\" class=\"bobex-simple-question-answer-block__question__content\"><span class=\"ez-toc-section\" id=\"Quelles_sont_les_primes_pour_une_nouvelle_construction\"><\/span>Quelles sont les primes pour une nouvelle construction ?<span class=\"ez-toc-section-end\"><\/span><\/h3>\n                    <div class=\"bobex-simple-question-answer-block__question__toggle\">+<\/div>\n                <\/div>\n                <div class=\"bobex-simple-question-answer-block__answer\" style=\"background-color: !important; color: black!important;\">\n                    <div class=\"bobex-simple-question-answer-block__answer__content\">La plupart des primes sont octroy\u00e9es \u00e0 des constructions d\u00e9ja \u00e9tablies depuis un certain temps.<br>Concernant la r\u00e9gion wallonne, il est possible de solliciter une prime Toiture et petits travaux sans audit. Dans une logique d&rsquo;objectif durable, certaines r\u00e9gions octroient des primes pour des constructions \u00e9co\u00e9nerg\u00e9tiques.\u00a0<\/div>\n                    <div>\n<div class=\"wp-block-bobex-simple-question-answer\"><\/div>\n<\/div>\n                <\/div>\n            <\/div>\n        \n\n\n            <div class=\"bobex-simple-question-answer-block\">\n                <div class=\"bobex-simple-question-answer-block__question\" style=\"background-color: #63b0d1!important; color: white!important;\">\n                    <h3 style=\"color: white!important; margin:unset; font-size:1.2rem;\" class=\"bobex-simple-question-answer-block__question__content\"><span class=\"ez-toc-section\" id=\"Comment_obtenir_une_prime_pour_vos_nouveaux_chassis\"><\/span>Comment obtenir une prime pour vos nouveaux ch\u00e2ssis ?<span class=\"ez-toc-section-end\"><\/span><\/h3>\n                    <div class=\"bobex-simple-question-answer-block__question__toggle\">+<\/div>\n                <\/div>\n                <div class=\"bobex-simple-question-answer-block__answer\" style=\"background-color: !important; color: black!important;\">\n                    <div class=\"bobex-simple-question-answer-block__answer__content\"><strong>Chaque r\u00e9gion a d\u00e9velopp\u00e9 son ou ses propres syst\u00e8mes d\u2019aides<\/strong> pour amener \u00e0 la r\u00e9novation des logements pr\u00e9sents sur leur territoire.\u00a0 <br><br>Il y a\u00a0<strong>plusieurs conditions \u00e0 respecter pour \u00eatre \u00e9ligible \u00e0 la prime ch\u00e2ssis R\u00e9nolution\u00a0<\/strong>\u00e0 Bruxelles en 2023:\u00a0<br><br><strong>\u00catre propri\u00e9taire<\/strong>\u00a0du bien (logement comme magasin, etc.) situ\u00e9 \u00e0 Bruxelles<br><strong>Construction<\/strong>\u00a0(b\u00e2timent, immeuble, etc.) datant d\u2019au moins\u00a0<strong>10 ans<\/strong><br>Introduire la demande de prime dans les\u00a0<strong>12 mois<\/strong>\u00a0maximum qui suivent la derni\u00e8re facture.<br>Il faut que la valeur U (coefficient de transmission thermique) soit \u00e9quivalente \u00e0\u00a0<strong>1,1 W\/m\u00b2K<\/strong>\u00a0pour une nouvelle installation, ou\u00a0<strong>1,2 W\/m\u00b2K<\/strong>\u00a0pour un vitrage super isolant sur un ch\u00e2ssis pr\u00e9existant.<br>Dans le cas du placement ou du remplacement des portes ext\u00e9rieurs (fa\u00e7ade avant), le coefficient thermique de l\u2019ensemble Ud devra \u00eatre inf\u00e9rieur ou \u00e9gal \u00e0\u00a0<strong>2,0 W\/m\u00b2K<\/strong><br><br><strong>Concernant la prime ch\u00e2ssis en Wallonie, <\/strong>voici les conditions<strong>:\u00a0<\/strong><br><br>Construction du bien (habitation, logement, etc.) datant d\u2019au moins\u00a0<strong>15 ans<\/strong>.<br>Le bien doit \u00eatre situ\u00e9 dans la <strong>R\u00e9gion wallonne<\/strong>.<br><strong>\u00catre au minimum destin\u00e9 \u00e0 50 % \u00e0 du logement<\/strong><br><strong>Si le logement est mis en location\u00a0<\/strong>au moment de la demande ou dans les 24 mois qui suivent la demandent, il devra avoir au minimum soit un bail enregistr\u00e9 et respectant la grille indicative en terme de prix du loyer pendant minimum 5 ans, soit \u00eatre mis \u00e0 disposition d\u2019une Agence immobili\u00e8re sociale (AIS) ou soci\u00e9t\u00e9 de logement du service public pendant minimum 9 ans.\u00a0<br>Le coefficient de transmission thermique de l\u2019<strong>ensemble de la structure (ch\u00e2ssis + vitrage)<\/strong>\u00a0doit respecter un\u00a0<strong>Uw moy.<\/strong>\u00a0\u2264 1,5 W\/m\u00b2K\u00a0<br>Le vitrage doit avoir un\u00a0<strong>Ug\/Utp<\/strong>\u00a0\u2264 1,0 W\/m\u00b2K\u00a0<br>Les travaux doivent \u00eatre r\u00e9alis\u00e9s par un\u00a0<strong>entrepreneur<\/strong>\u00a0inscrit \u00e0 la BCE (Banque-Carrefour des Entreprises).<\/div>\n                    <div>\n<div class=\"wp-block-bobex-simple-question-answer\"><\/div>\n<\/div>\n                <\/div>\n            <\/div>\n        <\/div>\n\n                    <script type=\"application\/ld+json\">\n                        {\"@context\":\"https:\\\/\\\/schema.org\",\"@type\":\"FAQPage\",\"mainEntity\":[{\"@type\":\"Question\",\"name\":\"Quelles sont les primes de la r\\u00e9gion wallonne ?\",\"acceptedAnswer\":{\"@type\":\"Answer\",\"text\":\"Il existe diff\\u00e9rentes primes qui peuvent \\u00eatre activ\\u00e9es selon vos besoins.\\u00a0<br>En <strong>R\\u00e9gion wallonne,<\\\/strong> le syst\\u00e8me actuel des primes habitation a \\u00e9t\\u00e9 instaur\\u00e9 le 1er juin 2019. Pour en b\\u00e9n\\u00e9ficier, un audit logement par un auditeur agr\\u00e9\\u00e9 est n\\u00e9cessaire.<br>De plus, pour pallier la hausse des prix de l\\u2019\\u00e9nergie et acc\\u00e9l\\u00e9rer la r\\u00e9novation \\u00e9nerg\\u00e9tique, le gouvernement wallon a introduit des primes simplifi\\u00e9es. Certaines, comme celle pour l\\u2019isolation de la toiture, peuvent \\u00eatre obtenues sans audit pr\\u00e9alable.\"}},{\"@type\":\"Question\",\"name\":\"Quelles sont les primes pour une nouvelle construction ?\",\"acceptedAnswer\":{\"@type\":\"Answer\",\"text\":\"La plupart des primes sont octroy\\u00e9es \\u00e0 des constructions d\\u00e9ja \\u00e9tablies depuis un certain temps.<br>Concernant la r\\u00e9gion wallonne, il est possible de solliciter une prime Toiture et petits travaux sans audit. Dans une logique d'objectif durable, certaines r\\u00e9gions octroient des primes pour des constructions \\u00e9co\\u00e9nerg\\u00e9tiques.\\u00a0\"}},{\"@type\":\"Question\",\"name\":\"Comment obtenir une prime pour vos nouveaux ch\\u00e2ssis ?\",\"acceptedAnswer\":{\"@type\":\"Answer\",\"text\":\"<strong>Chaque r\\u00e9gion a d\\u00e9velopp\\u00e9 son ou ses propres syst\\u00e8mes d\\u2019aides<\\\/strong> pour amener \\u00e0 la r\\u00e9novation des logements pr\\u00e9sents sur leur territoire.\\u00a0 <br><br>Il y a\\u00a0<strong>plusieurs conditions \\u00e0 respecter pour \\u00eatre \\u00e9ligible \\u00e0 la prime ch\\u00e2ssis R\\u00e9nolution\\u00a0<\\\/strong>\\u00e0 Bruxelles en 2023:\\u00a0<br><br><strong>\\u00catre propri\\u00e9taire<\\\/strong>\\u00a0du bien (logement comme magasin, etc.) situ\\u00e9 \\u00e0 Bruxelles<br><strong>Construction<\\\/strong>\\u00a0(b\\u00e2timent, immeuble, etc.) datant d\\u2019au moins\\u00a0<strong>10 ans<\\\/strong><br>Introduire la demande de prime dans les\\u00a0<strong>12 mois<\\\/strong>\\u00a0maximum qui suivent la derni\\u00e8re facture.<br>Il faut que la valeur U (coefficient de transmission thermique) soit \\u00e9quivalente \\u00e0\\u00a0<strong>1,1 W\\\/m\\u00b2K<\\\/strong>\\u00a0pour une nouvelle installation, ou\\u00a0<strong>1,2 W\\\/m\\u00b2K<\\\/strong>\\u00a0pour un vitrage super isolant sur un ch\\u00e2ssis pr\\u00e9existant.<br>Dans le cas du placement ou du remplacement des portes ext\\u00e9rieurs (fa\\u00e7ade avant), le coefficient thermique de l\\u2019ensemble Ud devra \\u00eatre inf\\u00e9rieur ou \\u00e9gal \\u00e0\\u00a0<strong>2,0 W\\\/m\\u00b2K<\\\/strong><br><br><strong>Concernant la prime ch\\u00e2ssis en Wallonie, <\\\/strong>voici les conditions<strong>:\\u00a0<\\\/strong><br><br>Construction du bien (habitation, logement, etc.) datant d\\u2019au moins\\u00a0<strong>15 ans<\\\/strong>.<br>Le bien doit \\u00eatre situ\\u00e9 dans la <strong>R\\u00e9gion wallonne<\\\/strong>.<br><strong>\\u00catre au minimum destin\\u00e9 \\u00e0 50 % \\u00e0 du logement<\\\/strong><br><strong>Si le logement est mis en location\\u00a0<\\\/strong>au moment de la demande ou dans les 24 mois qui suivent la demandent, il devra avoir au minimum soit un bail enregistr\\u00e9 et respectant la grille indicative en terme de prix du loyer pendant minimum 5 ans, soit \\u00eatre mis \\u00e0 disposition d\\u2019une Agence immobili\\u00e8re sociale (AIS) ou soci\\u00e9t\\u00e9 de logement du service public pendant minimum 9 ans.\\u00a0<br>Le coefficient de transmission thermique de l\\u2019<strong>ensemble de la structure (ch\\u00e2ssis + vitrage)<\\\/strong>\\u00a0doit respecter un\\u00a0<strong>Uw moy.<\\\/strong>\\u00a0\\u2264 1,5 W\\\/m\\u00b2K\\u00a0<br>Le vitrage doit avoir un\\u00a0<strong>Ug\\\/Utp<\\\/strong>\\u00a0\\u2264 1,0 W\\\/m\\u00b2K\\u00a0<br>Les travaux doivent \\u00eatre r\\u00e9alis\\u00e9s par un\\u00a0<strong>entrepreneur<\\\/strong>\\u00a0inscrit \\u00e0 la BCE (Banque-Carrefour des Entreprises).\"}}]}\n                    <\/script>\n                ","protected":false},"featured_media":0,"parent":0,"template":"","meta":{"business":"44212","footnotes":""},"class_list":["post-168198","content","type-content","status-publish","hentry"],"_links":{"self":[{"href":"https:\/\/www.bobex.be\/fr-be\/wp-json\/wp\/v2\/content\/168198","targetHints":{"allow":["GET"]}}],"collection":[{"href":"https:\/\/www.bobex.be\/fr-be\/wp-json\/wp\/v2\/content"}],"about":[{"href":"https:\/\/www.bobex.be\/fr-be\/wp-json\/wp\/v2\/types\/content"}],"version-history":[{"count":8,"href":"https:\/\/www.bobex.be\/fr-be\/wp-json\/wp\/v2\/content\/168198\/revisions"}],"predecessor-version":[{"id":193503,"href":"https:\/\/www.bobex.be\/fr-be\/wp-json\/wp\/v2\/content\/168198\/revisions\/193503"}],"wp:attachment":[{"href":"https:\/\/www.bobex.be\/fr-be\/wp-json\/wp\/v2\/media?parent=168198"}],"curies":[{"name":"wp","href":"https:\/\/api.w.org\/{rel}","templated":true}]}}