{"id":153652,"date":"2024-01-04T13:18:54","date_gmt":"2024-01-04T13:18:54","guid":{"rendered":"https:\/\/www.bobex.be\/fr-be\/?post_type=content&#038;p=153652"},"modified":"2025-09-05T07:40:31","modified_gmt":"2025-09-05T07:40:31","slug":"subventions","status":"publish","type":"content","link":"https:\/\/www.bobex.be\/fr-be\/isolation-murs\/exterieurs\/subventions\/","title":{"rendered":"Quelles sont les primes disponibles pour l&rsquo;isolation de fa\u00e7ade en Belgique [2026] ?"},"content":{"rendered":"\n<p><strong><em>Article mis \u00e0 jour le 06\/07\/2025<\/em><\/strong><\/p>\n\n\n\n<div id=\"ez-toc-container\" class=\"ez-toc-v2_0_82_2 counter-hierarchy ez-toc-counter ez-toc-grey ez-toc-container-direction\">\n<div class=\"ez-toc-title-container\">\n<p class=\"ez-toc-title\" style=\"cursor:inherit\">Sommaire<\/p>\n<span class=\"ez-toc-title-toggle\"><a href=\"#\" class=\"ez-toc-pull-right ez-toc-btn ez-toc-btn-xs ez-toc-btn-default ez-toc-toggle\" aria-label=\"Toggle Table of Content\"><span class=\"ez-toc-js-icon-con\"><span class=\"\"><span class=\"eztoc-hide\" style=\"display:none;\">Toggle<\/span><span class=\"ez-toc-icon-toggle-span\"><svg style=\"fill: #999;color:#999\" xmlns=\"http:\/\/www.w3.org\/2000\/svg\" class=\"list-377408\" width=\"20px\" height=\"20px\" viewBox=\"0 0 24 24\" fill=\"none\"><path d=\"M6 6H4v2h2V6zm14 0H8v2h12V6zM4 11h2v2H4v-2zm16 0H8v2h12v-2zM4 16h2v2H4v-2zm16 0H8v2h12v-2z\" fill=\"currentColor\"><\/path><\/svg><svg style=\"fill: #999;color:#999\" class=\"arrow-unsorted-368013\" xmlns=\"http:\/\/www.w3.org\/2000\/svg\" width=\"10px\" height=\"10px\" viewBox=\"0 0 24 24\" version=\"1.2\" baseProfile=\"tiny\"><path d=\"M18.2 9.3l-6.2-6.3-6.2 6.3c-.2.2-.3.4-.3.7s.1.5.3.7c.2.2.4.3.7.3h11c.3 0 .5-.1.7-.3.2-.2.3-.5.3-.7s-.1-.5-.3-.7zM5.8 14.7l6.2 6.3 6.2-6.3c.2-.2.3-.5.3-.7s-.1-.5-.3-.7c-.2-.2-.4-.3-.7-.3h-11c-.3 0-.5.1-.7.3-.2.2-.3.5-.3.7s.1.5.3.7z\"\/><\/svg><\/span><\/span><\/span><\/a><\/span><\/div>\n<nav><ul class='ez-toc-list ez-toc-list-level-1 eztoc-toggle-hide-by-default' ><li class='ez-toc-page-1 ez-toc-heading-level-2'><a class=\"ez-toc-link ez-toc-heading-1\" href=\"https:\/\/www.bobex.be\/fr-be\/isolation-murs\/exterieurs\/subventions\/#Les_primes_de_la_region_wallonne_pour_lisolation_des_murs_exterieurs_de_votre_habitation_2026\" >Les primes de la r\u00e9gion wallonne pour l\u2019isolation des murs ext\u00e9rieurs de votre habitation [2026]<\/a><ul class='ez-toc-list-level-3' ><li class='ez-toc-heading-level-3'><a class=\"ez-toc-link ez-toc-heading-2\" href=\"https:\/\/www.bobex.be\/fr-be\/isolation-murs\/exterieurs\/subventions\/#Quel_est_le_montant_de_la_prime_disolation_des_murs_exterieurs_en_Wallonie_en_2026\" >Quel&nbsp;est le&nbsp;montant&nbsp;de la prime d&rsquo;isolation des murs ext\u00e9rieurs&nbsp;en&nbsp;Wallonie&nbsp;en&nbsp;2026&nbsp;?<\/a><ul class='ez-toc-list-level-4' ><li class='ez-toc-heading-level-4'><a class=\"ez-toc-link ez-toc-heading-3\" href=\"https:\/\/www.bobex.be\/fr-be\/isolation-murs\/exterieurs\/subventions\/#Quel_est_le_montant_de_la_prime_audit_logement_et_energetique_en_Wallonie\" >Quel est le montant de la prime audit logement et \u00e9nergetique en Wallonie ?<\/a><\/li><\/ul><\/li><li class='ez-toc-page-1 ez-toc-heading-level-3'><a class=\"ez-toc-link ez-toc-heading-4\" href=\"https:\/\/www.bobex.be\/fr-be\/isolation-murs\/exterieurs\/subventions\/#Quelles_sont_les_conditions_pour_obtenir_la_prime\" >Quelles sont les conditions pour obtenir la prime ?<\/a><\/li><li class='ez-toc-page-1 ez-toc-heading-level-3'><a class=\"ez-toc-link ez-toc-heading-5\" href=\"https:\/\/www.bobex.be\/fr-be\/isolation-murs\/exterieurs\/subventions\/#Comment_introduire_sa_demande_pour_une_prime_en_region_wallonne\" >Comment introduire sa demande pour une prime en r\u00e9gion wallonne ?<\/a><\/li><\/ul><\/li><li class='ez-toc-page-1 ez-toc-heading-level-2'><a class=\"ez-toc-link ez-toc-heading-6\" href=\"https:\/\/www.bobex.be\/fr-be\/isolation-murs\/exterieurs\/subventions\/#Les_primes_de_la_Region_de_Bruxelles-Capitale_pour_vos_travaux_de_renovation\" >Les primes de la R\u00e9gion de Bruxelles-Capitale pour vos travaux de r\u00e9novation<\/a><\/li><li class='ez-toc-page-1 ez-toc-heading-level-2'><a class=\"ez-toc-link ez-toc-heading-7\" href=\"https:\/\/www.bobex.be\/fr-be\/isolation-murs\/exterieurs\/subventions\/#Les_primes_de_la_Flandre\" >Les primes de la Flandre&nbsp;<\/a><\/li><li class='ez-toc-page-1 ez-toc-heading-level-2'><a class=\"ez-toc-link ez-toc-heading-8\" href=\"https:\/\/www.bobex.be\/fr-be\/isolation-murs\/exterieurs\/subventions\/#La_prime_de_la_region_wallonne_pour_lisolation_de_la_toiture_et_son_lien_avec_lisolation_des_murs\" >La prime de la r\u00e9gion wallonne pour l\u2019isolation de la toiture et son lien avec l\u2019isolation des murs<\/a><\/li><li class='ez-toc-page-1 ez-toc-heading-level-2'><a class=\"ez-toc-link ez-toc-heading-9\" href=\"https:\/\/www.bobex.be\/fr-be\/isolation-murs\/exterieurs\/subventions\/#Comprendre_le_principe_des_subventions_pour_lisolation\" >Comprendre le principe des subventions pour l\u2019isolation<\/a><\/li><li class='ez-toc-page-1 ez-toc-heading-level-2'><a class=\"ez-toc-link ez-toc-heading-10\" href=\"https:\/\/www.bobex.be\/fr-be\/isolation-murs\/exterieurs\/subventions\/#Les_benefices_energetiques_de_lisolation_des_facades_pour_votre_maison\" >Les b\u00e9n\u00e9fices \u00e9nerg\u00e9tiques de l\u2019isolation des fa\u00e7ades pour votre maison<\/a><ul class='ez-toc-list-level-3' ><li class='ez-toc-heading-level-3'><a class=\"ez-toc-link ez-toc-heading-11\" href=\"https:\/\/www.bobex.be\/fr-be\/isolation-murs\/exterieurs\/subventions\/#Limpact_sur_le_confort_interieur\" >L\u2019impact sur le confort int\u00e9rieur<\/a><\/li><li class='ez-toc-page-1 ez-toc-heading-level-3'><a class=\"ez-toc-link ez-toc-heading-12\" href=\"https:\/\/www.bobex.be\/fr-be\/isolation-murs\/exterieurs\/subventions\/#La_valorisation_du_bien_immobilier\" >La valorisation du bien immobilier<\/a><\/li><\/ul><\/li><li class='ez-toc-page-1 ez-toc-heading-level-2'><a class=\"ez-toc-link ez-toc-heading-13\" href=\"https:\/\/www.bobex.be\/fr-be\/isolation-murs\/exterieurs\/subventions\/#Faites_appel_a_un_professionnel_pour_realiser_vos_travaux_disolation\" >Faites appel \u00e0 un professionnel pour r\u00e9aliser vos travaux d\u2019isolation<\/a><\/li><li class='ez-toc-page-1 ez-toc-heading-level-2'><a class=\"ez-toc-link ez-toc-heading-14\" href=\"https:\/\/www.bobex.be\/fr-be\/isolation-murs\/exterieurs\/subventions\/#Nous_repondons_a_vos_questions\" >Nous r\u00e9pondons \u00e0 vos questions !<\/a><ul class='ez-toc-list-level-3' ><li class='ez-toc-heading-level-3'><a class=\"ez-toc-link ez-toc-heading-15\" href=\"https:\/\/www.bobex.be\/fr-be\/isolation-murs\/exterieurs\/subventions\/#Combien_coute_lisolation_dun_mur_exterieur\" >Combien co\u00fbte l&rsquo;isolation d&rsquo;un mur ext\u00e9rieur ?<\/a><\/li><li class='ez-toc-page-1 ez-toc-heading-level-3'><a class=\"ez-toc-link ez-toc-heading-16\" href=\"https:\/\/www.bobex.be\/fr-be\/isolation-murs\/exterieurs\/subventions\/#Quelle_est_la_subvention_versee_pour_la_renovation_des_facades_en_Belgique\" >Quelle est la subvention vers\u00e9e pour la r\u00e9novation des fa\u00e7ades en Belgique ?<\/a><\/li><li class='ez-toc-page-1 ez-toc-heading-level-3'><a class=\"ez-toc-link ez-toc-heading-17\" href=\"https:\/\/www.bobex.be\/fr-be\/isolation-murs\/exterieurs\/subventions\/#Quelle_est_la_meilleure_isolation_des_murs_par_lexterieur\" >Quelle est la meilleure isolation des murs par l&rsquo;ext\u00e9rieur ?<\/a><\/li><li class='ez-toc-page-1 ez-toc-heading-level-3'><a class=\"ez-toc-link ez-toc-heading-18\" href=\"https:\/\/www.bobex.be\/fr-be\/isolation-murs\/exterieurs\/subventions\/#Quelle_est_la_duree_de_vie_dune_isolation_par_lexterieur\" >Quelle est la dur\u00e9e de vie d&rsquo;une isolation par l&rsquo;ext\u00e9rieur ?<\/a><\/li><\/ul><\/li><\/ul><\/nav><\/div>\n<h2 class=\"wp-block-heading\"><span class=\"ez-toc-section\" id=\"Les_primes_de_la_region_wallonne_pour_lisolation_des_murs_exterieurs_de_votre_habitation_2026\"><\/span>Les primes de la r\u00e9gion wallonne pour l\u2019isolation des murs ext\u00e9rieurs de votre habitation [2026]<span class=\"ez-toc-section-end\"><\/span><\/h2>\n\n\n\n<p>Dans le cadre du&nbsp;<strong>programme Primes Habitation 2025<\/strong>, le r\u00e9gime de soutien temporaire, la R\u00e9gion wallonne met en place un syst\u00e8me de&nbsp;<strong>primes \u00e0 la r\u00e9novation \u00e9nerg\u00e9tique<\/strong>&nbsp;pour soutenir les m\u00e9nages souhaitant am\u00e9liorer la performance thermique de leur logement. En isolant vos murs ext\u00e9rieurs, vous r\u00e9duisez vos consommations d\u2019\u00e9nergie, diminuez vos factures et augmentez le confort de vie au quotidien tout en contribuant \u00e0 la transition \u00e9cologique<\/p>\n\n\n\n<h3 class=\"wp-block-heading\"><span class=\"ez-toc-section\" id=\"Quel_est_le_montant_de_la_prime_disolation_des_murs_exterieurs_en_Wallonie_en_2026\"><\/span>Quel&nbsp;est le&nbsp;montant&nbsp;de la prime d&rsquo;isolation des murs ext\u00e9rieurs&nbsp;en&nbsp;Wallonie&nbsp;en&nbsp;2026&nbsp;?<span class=\"ez-toc-section-end\"><\/span><\/h3>\n\n\n\n<p>En R\u00e9gion Wallonne, vous devez pr\u00e9alablement r\u00e9aliser un rapport d&rsquo;<strong>audit \u00e9nerg\u00e9tique&nbsp;<\/strong>afin de valider vos travaux et votre demande de prime. L&rsquo;auditeur recommendera un ordre de priorit\u00e9 pour effectuer les diff\u00e9rents travaux dans son rapport d&rsquo;audit mais celui-ci&nbsp;<strong>n&rsquo;est pas contraignant<\/strong>. Vous pouvez r\u00e9aliser vos travaux dans un ordre diff\u00e9rent ! N\u00e9anmoins, la mise en conformit\u00e9 des installations d&rsquo;\u00e9lectricit\u00e9 et de gaz doit \u00eatre r\u00e9alis\u00e9e en premier.<\/p>\n\n\n\n<p>La visite d&rsquo;un auditeur est obligatoire&nbsp;<strong>sauf<\/strong>&nbsp;pour les travaux&nbsp;<strong>d&rsquo;isolation thermique du toit et des combles ainsi que pour les travaux de toiture<\/strong>&nbsp;(charpente, couverture, goutti\u00e8res).<\/p>\n\n\n\n<figure class=\"wp-block-image size-large\"><img decoding=\"async\" width=\"1024\" height=\"536\" src=\"https:\/\/www.bobex.be\/wp-uploads\/sites\/2\/isolation-murs-exterieurs-1024x536.jpg\" alt=\"Homme qui pose une plaque d'isolant sur un mur ext\u00e9rieur\" class=\"wp-image-153152\"\/><\/figure>\n\n\n\n<h4 class=\"wp-block-heading\"><span class=\"ez-toc-section\" id=\"Quel_est_le_montant_de_la_prime_audit_logement_et_energetique_en_Wallonie\"><\/span>Quel est le montant de la prime audit logement et \u00e9nergetique en Wallonie ?<span class=\"ez-toc-section-end\"><\/span><\/h4>\n\n\n\n<p>Le\u00a0<strong>montant de base de la prime \u00ab\u00a0audit logement\u00a0\u00bb<\/strong>\u00a0est de\u00a0<strong>76 \u20ac<\/strong>\u00a0avec multiplicateur selon les revenus (x2 pour la cat\u00e9gorie R4 \u00e0 x6 pour la cat\u00e9gorie R1).\u00a0Une fois cet audit r\u00e9alis\u00e9, vous pouvez b\u00e9n\u00e9ficier\u00a0<strong>de 8,80 \u00e0 52,80\u20ac\/m2<\/strong>\u00a0pour l\u2019<a href=\"https:\/\/www.bobex.be\/fr-be\/isolation-murs\/exterieurs\/\" target=\"_blank\" rel=\"noreferrer noopener\">isolation de vos <strong>fa\u00e7ades ext\u00e9rieures<\/strong><\/a><strong><a href=\"https:\/\/www.bobex.be\/fr-be\/isolation-murs\/exterieurs\/\" data-type=\"link\" data-id=\"https:\/\/www.bobex.be\/fr-be\/isolation-murs\/exterieurs\/\" target=\"_blank\" rel=\"noreferrer noopener\"> <\/a><\/strong>avec la prime standard ou de\u00a0<strong>12 \u00e0 72\u20ac\/m2\u00a0<\/strong>si vous utilisez<strong>\u00a0un isolant naturel biosourc\u00e9 \u226570%<\/strong>.<\/p>\n\n\n\n<p>Le remboursement de vos travaux est plafonn\u00e9 \u00e0&nbsp;<strong>70 % du montant TVAC<\/strong>&nbsp;pour les cat\u00e9gories de revenus R1 et R2 et \u00e0&nbsp;<strong>50 %<\/strong>&nbsp;pour les cat\u00e9gories R3 et R4.<\/p>\n\n\n\n<p>Le calcul du revenu de r\u00e9f\u00e9rence peut \u00eatre ajust\u00e9 en fonction du nombre de&nbsp;<strong>personnes \u00e0 charge<\/strong>&nbsp;dans le m\u00e9nage.<\/p>\n\n\n\n<p>Pour faire une demande de primes, le coefficient de <strong>r\u00e9sistance thermique R<\/strong> doit obligatoirement \u00eatre&nbsp;<strong>\u2265 4,00 m\u00b2K\/W.<\/strong><\/p>\n\n\n\n<p>Ce r\u00e9gime est entr\u00e9 en vigueur le&nbsp;<strong>14 f\u00e9vrier 2025<\/strong>&nbsp;et est valable jusqu&rsquo;au&nbsp;<strong>30 septembre 2026<\/strong>.<\/p>\n\n\n\n<p>Il existe \u00e9galement des taux avantageux pour la r\u00e9alisation de vos travaux avec le <strong>R\u00e9nopack<\/strong>.<\/p>\n\n\n\n<h3 class=\"wp-block-heading\"><span class=\"ez-toc-section\" id=\"Quelles_sont_les_conditions_pour_obtenir_la_prime\"><\/span>Quelles sont les conditions pour obtenir la prime ?<span class=\"ez-toc-section-end\"><\/span><\/h3>\n\n\n\n<p>Afin de b\u00e9n\u00e9ficier de la&nbsp;<strong>prime<\/strong>, le demandeur doit :<\/p>\n\n\n\n<ul class=\"wp-block-list\">\n<li> \u00catre \u00e2g\u00e9 d\u2019au moins&nbsp;<strong>18 ans<\/strong>&nbsp;(ou \u00eatre&nbsp;<strong>mineur \u00e9mancip\u00e9<\/strong>) ;<\/li>\n\n\n\n<li> \u00catre inscrit au&nbsp;<strong>registre de la population<\/strong>&nbsp;ou des&nbsp;<strong>\u00e9trangers<\/strong>&nbsp;;<\/li>\n\n\n\n<li> Avoir un&nbsp;<strong>droit r\u00e9el sur le logement<\/strong>&nbsp;: \u00catre&nbsp;<strong>propri\u00e9taire<\/strong>&nbsp;(total ou partiel),&nbsp;<strong>usufruitier<\/strong>,&nbsp;<strong>nu-propri\u00e9taire<\/strong>\u2026 ou une&nbsp;<strong>association de copropri\u00e9taires<\/strong>.<\/li>\n<\/ul>\n\n\n\n<p>Dans le cas d\u2019une&nbsp;<strong>prime pour travaux<\/strong>&nbsp;(hors prime audit), il faut aussi s\u2019engager, dans les&nbsp;<strong>24 mois<\/strong>&nbsp;suivant la premi\u00e8re demande, \u00e0 :<\/p>\n\n\n\n<ul class=\"wp-block-list\">\n<li>Soit&nbsp;<strong>occuper le logement comme r\u00e9sidence principale<\/strong>&nbsp;pendant au moins&nbsp;<strong>5 ans<\/strong>&nbsp;;<\/li>\n\n\n\n<li>Soit le confier \u00e0 une&nbsp;<strong>agence immobili\u00e8re sociale<\/strong>&nbsp;ou un&nbsp;<strong>organisme agr\u00e9\u00e9<\/strong>&nbsp;pour une dur\u00e9e minimale de&nbsp;<strong>9 ans<\/strong>&nbsp;;<\/li>\n\n\n\n<li>Soit le mettre&nbsp;<strong>gratuitement \u00e0 disposition d\u2019un parent proche<\/strong>&nbsp;(jusqu\u2019au 2e degr\u00e9) pour une dur\u00e9e d\u2019au moins&nbsp;<strong>1 an<\/strong>&nbsp;;<\/li>\n\n\n\n<li>Soit le louer avec un&nbsp;<strong>bail enregistr\u00e9<\/strong>&nbsp;en respectant la&nbsp;<strong>grille des loyers<\/strong>&nbsp;pendant au moins&nbsp;<strong>5 ans<\/strong>.<\/li>\n<\/ul>\n\n\n\n<p><strong>Conditions li\u00e9es au b\u00e2timent :&nbsp;<\/strong><\/p>\n\n\n\n<p>Afin de b\u00e9n\u00e9ficier de la prime, le b\u00e2timent concern\u00e9 (logement) doit :<\/p>\n\n\n\n<ul class=\"wp-block-list\">\n<li>Se situer en&nbsp;<strong>R\u00e9gion wallonne<\/strong>&nbsp;(hors Communaut\u00e9 germanophone) ;<\/li>\n\n\n\n<li>Avoir \u00e9t\u00e9 construit il y a&nbsp;<strong>au moins 15 ans<\/strong>&nbsp;;<\/li>\n\n\n\n<li>\u00catre destin\u00e9&nbsp;<strong>principalement \u00e0 l\u2019habitation<\/strong>&nbsp;(plus de 50\u202f% de la surface).<\/li>\n<\/ul>\n\n\n\n<p><strong>Conditions li\u00e9es aux travaux d\u2019<a href=\"https:\/\/www.bobex.be\/fr-be\/isolation-murs\/\" target=\"_blank\" rel=\"noreferrer noopener\">isolation des murs<\/a> :<\/strong><\/p>\n\n\n\n<ul class=\"wp-block-list\">\n<li>Les travaux doivent \u00eatre effectu\u00e9s par un entrepreneur :\n<ul class=\"wp-block-list\">\n<li>Enregistr\u00e9 \u00e0 la Banque-Carrefour des Entreprises ;<\/li>\n\n\n\n<li>Et disposant de l\u2019acc\u00e8s \u00e0 la profession adapt\u00e9 (ex. : gros \u0153uvre, \u00e9tanch\u00e9it\u00e9, ass\u00e8chement des murs\u2026 selon les travaux).<\/li>\n<\/ul>\n<\/li>\n\n\n\n<li>L\u2019isolant utilis\u00e9 doit avoir un&nbsp;<strong>coefficient de r\u00e9sistance thermique (R) \u2265 4,00 m\u00b2K\/W<\/strong>.<\/li>\n\n\n\n<li>Les travaux doivent \u00eatre&nbsp;<strong>r\u00e9alis\u00e9s avant le 30 septembre 2026<\/strong>.<\/li>\n\n\n\n<li>Ils ne peuvent&nbsp;<strong>pas commencer avant l\u2019enregistrement du rapport d\u2019audit<\/strong>, sauf exceptions pr\u00e9vues.<\/li>\n\n\n\n<li>Des conditions sp\u00e9cifiques s\u2019appliquent \u00e9galement au&nbsp;<strong>remplacement des menuiseries ext\u00e9rieures<\/strong>, notamment en ce qui concerne les performances thermiques des ch\u00e2ssis et vitrages.<\/li>\n\n\n\n<li>Un&nbsp;<strong>permis d\u2019urbanisme<\/strong>&nbsp;peut \u00e9galement \u00eatre requis, selon la commune et la nature des travaux.<\/li>\n<\/ul>\n\n\n\n                <div class='bobex-cta-block' style='\n            --button-bg-color: #e13c0e;\n            --button-text-color: #ffffff;\n            --banner-bg-color: #aad4e6;\n            --arrow-main-bg-color: #aad4e6;\n            --arrow-secondary-bg-color: #e5f2f7;\n            --banner-title-color: #10375e;\n            --arrow-title-color: #10375e;\n            --banner-text-color: #545454;\n            --arrow-text-color: #545454;         \n            --invert-range: 0deg;\n        '>\n                    <div class='cta-banner'>\n                        <div class='h3'>Isoler vos murs ext\u00e9rieurs ? Recevez vos devis sans engagement<\/div>\n                        <div class='text-color'>Alors remplissez rapidement ce formulaire. C&rsquo;est totalement gratuit et sans engagement !<\/div>\n                        <span>\n                            <img src='https:\/\/www.bobex.be\/wp-uploads\/sites\/2\/arrow-cta-box.png' alt='arrow' class='img-color'\/>\n                            <a class='cta-button-rounded' href=\"#ppp\">Demander un devis<\/a>\n                        <\/span>   \n                    <\/div>\n                <\/div>\n\n\n<h3 class=\"wp-block-heading\"><span class=\"ez-toc-section\" id=\"Comment_introduire_sa_demande_pour_une_prime_en_region_wallonne\"><\/span>Comment introduire sa demande pour une prime en r\u00e9gion wallonne ?<span class=\"ez-toc-section-end\"><\/span><\/h3>\n\n\n\n<p>Pour faire une&nbsp;<strong>demande de prime wallonne<\/strong>, le processus se d\u00e9cline en plusieurs \u00e9tapes. Avant de commencer vos&nbsp;<strong>travaux d\u2019isolation<\/strong>, vous devez faire r\u00e9aliser un&nbsp;<strong>audit Logement<\/strong>&nbsp;par un&nbsp;<strong>auditeur agr\u00e9\u00e9<\/strong>&nbsp;en Wallonie. Celui-ci \u00e9tablira un&nbsp;<strong>rapport<\/strong>&nbsp;contenant des recommandations sur l\u2019<strong>ordre optimal des travaux<\/strong>, sans que celui-ci soit obligatoire. Une fois le rapport&nbsp;<strong>sign\u00e9 et enregistr\u00e9<\/strong>, vous pouvez&nbsp;<strong>entamer les travaux<\/strong>. Vous disposez ensuite de&nbsp;<strong>8 mois<\/strong>&nbsp;(et jusqu\u2019au&nbsp;<strong>30 septembre 2026 inclus<\/strong>) pour envoyer votre&nbsp;<strong>demande de prime \u00ab\u00a0audit Logement\u00a0\u00bb<\/strong>, en ligne ou par courrier \u00e0&nbsp;<strong>l&rsquo;administration wallonne<\/strong>.<\/p>\n\n\n\n<p>Une fois les travaux r\u00e9alis\u00e9s par un&nbsp;<strong>entrepreneur disposant des acc\u00e8s professionnels requis<\/strong>, vous devez constituer un&nbsp;<strong>dossier<\/strong>&nbsp;avec les&nbsp;<strong>documents n\u00e9cessaires<\/strong>&nbsp;:&nbsp;<strong>photos<\/strong>,&nbsp;<strong>annexes techniques<\/strong>&nbsp;et&nbsp;<strong>justificatifs<\/strong>, puis envoyer votre&nbsp;<strong>demande de prime \u00ab\u00a0Travaux\u00a0\u00bb<\/strong>. Vous recevrez un&nbsp;<strong>accus\u00e9 de r\u00e9ception dans les 15 jours<\/strong>, et la&nbsp;<strong>prime sera vers\u00e9e<\/strong>&nbsp;si le dossier est complet, ou \u00e0 compl\u00e9ter sous&nbsp;<strong>60 jours<\/strong>&nbsp;en cas de pi\u00e8ces manquantes.&nbsp;<strong>L\u2019administration<\/strong>&nbsp;peut effectuer un&nbsp;<strong>contr\u00f4le dans les cinq ans<\/strong>&nbsp;suivant le&nbsp;<strong>paiement de la prime<\/strong>.<\/p>\n\n\n\n<h2 class=\"wp-block-heading\"><span class=\"ez-toc-section\" id=\"Les_primes_de_la_Region_de_Bruxelles-Capitale_pour_vos_travaux_de_renovation\"><\/span><strong>Les primes de la R\u00e9gion de Bruxelles-Capitale pour vos travaux de r\u00e9novation<\/strong><span class=\"ez-toc-section-end\"><\/span><\/h2>\n\n\n\n<figure class=\"wp-block-image size-large\"><img decoding=\"async\" width=\"1024\" height=\"536\" src=\"https:\/\/www.bobex.be\/wp-uploads\/sites\/2\/isolation-maison-mur-exterieur-1024x536.jpg\" alt=\"maison en cours d'isolation ext\u00e9rieure avec des \u00e9chafaudages\" class=\"wp-image-153475\"\/><\/figure>\n\n\n\n<p>Depuis 2022, le <strong>gouvernement<\/strong> <strong>bruxellois<\/strong> a d\u00e9cid\u00e9 de simplifier la demande de primes en fusionnant les primes Energie, les primes \u00e0 la r\u00e9novation de l\u2019habitat et \u00e0 l\u2019embellissement des fa\u00e7ades sous&nbsp;<strong>les primes RENOLUTION<\/strong>. Vous devez d\u2019abord r\u00e9aliser vos travaux avant de faire la demande de prime.<\/p>\n\n\n\n<p>Pour faire une <strong>demande de primes<\/strong>, il vous suffit d\u2019introduire&nbsp;<strong>une seule demande pour toutes les primes<\/strong>&nbsp;que vous souhaitez demander dans la r\u00e9gion de Bruxelles-capitale.<\/p>\n\n\n\n<h2 class=\"wp-block-heading\"><span class=\"ez-toc-section\" id=\"Les_primes_de_la_Flandre\"><\/span>Les primes de la Flandre&nbsp;<span class=\"ez-toc-section-end\"><\/span><\/h2>\n\n\n\n<p>En Flandre, les travaux d\u2019isolation des murs ext\u00e9rieurs font partie du dispositif \u201cMijn VerbouwPremie\u201d qui regroupe 8 cat\u00e9gories de primes de r\u00e9novation. Les montants de la prime varient en fonction de votre cat\u00e9gorie de revenus.<\/p>\n\n\n\n            <div class=\"bobex-lightblock-maindiv\" style=\"\n            --content-color:#5c5c5c;\n        \">\n                <div class=\"bobex-tip-light-block__icon-area\">\n                    <div class=\"bobex-tip-light-icon-container\">\n                        <img decoding=\"async\" src=\"https:\/\/www.bobex.be\/fr-be\/wp-content\/plugins\/bobex-blocks\/img\/advice.png \" alt=\"advice-icon\" class=\"bobex-tip-light-block__tipsBlueLogo\"\/>\n                    <\/div>\n                <\/div>\n                <div class=\"bobex-tip-light-block__content-area\">\n                    <p class=\"bobex-block-tips-content\"><\/p>\n                    <div>\n<div class=\"wp-block-bobex-advice-light\">\n<p>Notez que les montants sp\u00e9cifiques varient en fonction du type d\u2019isolation et de la r\u00e9gion.<\/p>\n<\/div>\n<\/div>\n                <\/div>\n            <\/div>\n        \n\n\n                <div class='bobex-cta-block' style='\n            --button-bg-color: #e13c0e;\n            --button-text-color: #ffffff;\n            --banner-bg-color: #aad4e6;\n            --arrow-main-bg-color: #aad4e6;\n            --arrow-secondary-bg-color: #e5f2f7;\n            --banner-title-color: #10375e;\n            --arrow-title-color: #10375e;\n            --banner-text-color: #545454;\n            --arrow-text-color: #545454;         \n            --invert-range: 0deg;\n        '>\n                    <div class='cta-arrow-text d-flex d-lg-none'>\n                        <a class='cta-button-rounded' href='#ppp'>Demander un devis<\/a>\n                    <\/div>\n                    <div class='d-none d-lg-flex flex-no-wrap'>\n                        <div class=\"col-7 cta-arrow-text d-flex text-color\">\n                            <div class=\"m-auto\">\n                                <div class=\"h3\">Contribuez \u00e0 la transition \u00e9nerg\u00e9tique de votre logement<\/div>\n                                <div class='text-color'>Demandez vos devis ici !<\/div>\n                            <\/div>\n                        <\/div>\n                        <div class='cta-arrow-link col-5'>\n                            <a class='cta-button-rounded' href=\"#ppp\">Demander un devis<\/a>\n                        <\/div>\n                    <\/div>\n                <\/div>\n\n\n<h2 class=\"wp-block-heading\"><span class=\"ez-toc-section\" id=\"La_prime_de_la_region_wallonne_pour_lisolation_de_la_toiture_et_son_lien_avec_lisolation_des_murs\"><\/span>La prime de la r\u00e9gion wallonne pour l\u2019isolation de la toiture et son lien avec l\u2019isolation des murs<span class=\"ez-toc-section-end\"><\/span><\/h2>\n\n\n\n<p>L\u2019<strong>isolation de la toiture<\/strong>&nbsp;est \u00e9troitement li\u00e9e \u00e0 celle des&nbsp;<strong>murs<\/strong>. En effet, une bonne isolation de la toiture peut&nbsp;<strong>r\u00e9duire consid\u00e9rablement la d\u00e9perdition de chaleur<\/strong>&nbsp;par les murs. Ainsi, plusieurs&nbsp;<strong>aides financi\u00e8res<\/strong>&nbsp;existent pour soutenir \u00e0 la fois l\u2019isolation de la toiture et des murs.<\/p>\n\n\n\n<p>En&nbsp;<strong>Wallonie<\/strong>, par exemple, vous pouvez faire une demande de&nbsp;<strong>prime Toiture et petits travaux<\/strong>. Cette aide, accessible&nbsp;<strong>sans audit pr\u00e9alable<\/strong>, permet de financer la&nbsp;<strong>r\u00e9novation compl\u00e8te de votre toiture<\/strong>&nbsp;ou de r\u00e9aliser de&nbsp;<strong>petits travaux d\u2019isolation<\/strong>.<\/p>\n\n\n\n<p>En&nbsp;<strong>Belgique<\/strong>, le&nbsp;<strong>montant de la prime d\u2019isolation<\/strong>&nbsp;se compose d\u2019un&nbsp;<strong>tarif fixe de 0.15\u202f\u20ac par kWh \u00e9conomis\u00e9<\/strong>&nbsp;gr\u00e2ce \u00e0 vos travaux. Le montant de l\u2019aide peut varier en fonction de la&nbsp;<strong>surface \u00e0 isoler<\/strong>&nbsp;et de la&nbsp;<strong>cat\u00e9gorie de revenus<\/strong>&nbsp;\u00e0 laquelle vous appartenez.<\/p>\n\n\n\n<p>Pour maximiser l\u2019<strong>efficacit\u00e9 \u00e9nerg\u00e9tique<\/strong>&nbsp;de votre habitation, il est donc recommand\u00e9 de consid\u00e9rer \u00e0 la fois l\u2019isolation des&nbsp;<strong>murs<\/strong>&nbsp;et de la&nbsp;<strong>toiture<\/strong>. Ces deux types d\u2019isolation sont&nbsp;<strong>compl\u00e9mentaires<\/strong>&nbsp;et contribuent ensemble \u00e0 une&nbsp;<strong>meilleure performance thermique<\/strong>&nbsp;de votre logement.<\/p>\n\n\n\n            <div class=\"bobex-highlight-global-div\" style=\"\n            --line-color: #17518d;\n            --bg-color: #e5f2f7;\n            --content-color:#10375e;\n            --title-color: #10375e;\n        \">\n                    <div class=\"bobex-highlight-block__border\">\n                        <div class=\"bobex--block_highlight_content-area\">\n                            <p class=\"bobex-block-highlight-title\">\u00c0 noter que&#8230;<\/p>\n                            <p class=\"bobex-block-highlight-content\">\n                            \t<div>\n<div class=\"wp-block-bobex-highlight\">\n<p>Toutes les habitations de <strong>plus de 10 ans<\/strong> peuvent b\u00e9n\u00e9ficier d\u2019une r\u00e9duction du taux de&nbsp;<strong>TVA \u00e0 6%<\/strong>&nbsp;pour leurs travaux d\u2019isolation, tant que les travaux soient r\u00e9alis\u00e9s par un entrepreneur.<\/p>\n<\/div>\n<\/div>\n                            <\/p>\n                        <\/div>\n                    <\/div>\n            <\/div>\n        \n\n\n<h2 class=\"wp-block-heading\"><span class=\"ez-toc-section\" id=\"Comprendre_le_principe_des_subventions_pour_lisolation\"><\/span>Comprendre le principe des subventions pour l\u2019isolation<span class=\"ez-toc-section-end\"><\/span><\/h2>\n\n\n\n<p>Les <strong>subventions<\/strong> pour l\u2019isolation des murs ext\u00e9rieurs sont des&nbsp;<strong>aides financi\u00e8res<\/strong>&nbsp;offertes par diff\u00e9rents organismes publics pour encourager les travaux d\u2019isolation thermique. Le principe est simple : en am\u00e9liorant l\u2019efficacit\u00e9 \u00e9nerg\u00e9tique de votre maison, vous contribuez \u00e0&nbsp;<strong>la r\u00e9duction des \u00e9missions de gaz \u00e0 effet de serre et \u00e0 la lutte contre le r\u00e9chauffement climatique<\/strong>. En contrepartie, vous recevez une aide financi\u00e8re pour couvrir une partie des co\u00fbts de ces travaux.<\/p>\n\n\n\n<p>Diff\u00e9rents types de <strong>subventions<\/strong> existent, d\u00e9pendant de la r\u00e9gion o\u00f9 vous habitez, du type d\u2019isolation choisi et de votre situation financi\u00e8re. Par exemple, en Wallonie, des primes sont offertes sp\u00e9cifiquement pour l\u2019isolation des murs ext\u00e9rieurs. D\u2019autres aides sont \u00e9galement disponibles pour l\u2019isolation des murs creux ou int\u00e9rieurs.<\/p>\n\n\n\n<p>Il est \u00e9galement int\u00e9ressant de noter que certaines subventions sont accord\u00e9es en fonction&nbsp;<strong>de la performance de l\u2019isolation install\u00e9e, mesur\u00e9e par la valeur R<\/strong>. Cette valeur indique la r\u00e9sistance thermique d\u2019un mat\u00e9riau d\u2019une certaine \u00e9paisseur : plus elle est \u00e9lev\u00e9e, plus l\u2019isolation est efficace.<\/p>\n\n\n\n<p>Enfin, certaines subventions ont un plafond en fonction des d\u00e9penses \u00e9ligibles et de votre cat\u00e9gorie de revenus.<\/p>\n\n\n\n<h2 class=\"wp-block-heading\"><span class=\"ez-toc-section\" id=\"Les_benefices_energetiques_de_lisolation_des_facades_pour_votre_maison\"><\/span>Les b\u00e9n\u00e9fices \u00e9nerg\u00e9tiques de l\u2019isolation des fa\u00e7ades pour votre maison<span class=\"ez-toc-section-end\"><\/span><\/h2>\n\n\n\n<p>L\u2019isolation des fa\u00e7ades a des <strong>b\u00e9n\u00e9fices<\/strong> <strong>\u00e9nerg\u00e9tiques<\/strong> significatifs. En effet, une fa\u00e7ade mal isol\u00e9e peut causer jusqu\u2019\u00e0 25% de perte de chaleur d\u2019une maison. En am\u00e9liorant l\u2019isolation de vos murs ext\u00e9rieurs, vous pouvez&nbsp;<strong>r\u00e9duire consid\u00e9rablement votre consommation \u00e9nerg\u00e9tique<\/strong>&nbsp;et donc votre facture de chauffage.<\/p>\n\n\n\n            <div style='\n            --title-color:green;\n            --content-color:black\n        ' class='bobex-pros-block--container-div'>\n                <div class='bobex-pros-block-main-div'>\n                    <div class='bobex-pros-block-plus-container'>\n                        <div class='bobex-pros-block-plus-area'>\n                            <div class='bobex-pros-plus'>\n                                <svg\n                                    style='color: var(--title-color); width: 20px; height: 20px;'\n                                    width='20px'\n                                    height='20px'\n                                    viewBox='0 0 24 24'\n                                    xmlns='http:\/\/www.w3.org\/2000\/svg'\n                                >\n                                    <path d='M12,5a1,1,0,0,1,1,1v5h5a1,1,0,0,1,0,2H13v5a1,1,0,0,1-2,0V13H6a1,1,0,0,1,0-2h5V6A1,1,0,0,1,12,5Z' fill='currentColor'\/>\n                                <\/svg>\n                            <\/div>\n                        <\/div>\n                    <\/div>\n                    <div class='bobex-pros-block-content-area'>\n                        <p class='bobex-block-pros-title'>\u00c9conomies d\u2019\u00e9nergie<\/p>\n                        <p class='bobex-block-pros-content'><\/p>\n                        <div>\n<div class=\"wp-block-bobex-pros\">\n<p>L\u2019isolation des fa\u00e7ades r\u00e9duit les \u00e9changes thermiques entre l\u2019int\u00e9rieur et l\u2019ext\u00e9rieur de la maison, ce qui rend le chauffage et la climatisation plus efficaces.<\/p>\n<\/div>\n<\/div>\n                    <\/div>\n                <\/div>\n            <\/div>\n        \n\n\n            <div style='\n            --title-color:green;\n            --content-color:black\n        ' class='bobex-pros-block--container-div'>\n                <div class='bobex-pros-block-main-div'>\n                    <div class='bobex-pros-block-plus-container'>\n                        <div class='bobex-pros-block-plus-area'>\n                            <div class='bobex-pros-plus'>\n                                <svg\n                                    style='color: var(--title-color); width: 20px; height: 20px;'\n                                    width='20px'\n                                    height='20px'\n                                    viewBox='0 0 24 24'\n                                    xmlns='http:\/\/www.w3.org\/2000\/svg'\n                                >\n                                    <path d='M12,5a1,1,0,0,1,1,1v5h5a1,1,0,0,1,0,2H13v5a1,1,0,0,1-2,0V13H6a1,1,0,0,1,0-2h5V6A1,1,0,0,1,12,5Z' fill='currentColor'\/>\n                                <\/svg>\n                            <\/div>\n                        <\/div>\n                    <\/div>\n                    <div class='bobex-pros-block-content-area'>\n                        <p class='bobex-block-pros-title'>R\u00e9duction des \u00e9missions de CO2<\/p>\n                        <p class='bobex-block-pros-content'><\/p>\n                        <div>\n<div class=\"wp-block-bobex-pros\">\n<p>En diminuant votre consommation d\u2019\u00e9nergie, vous contribuez \u00e0 la r\u00e9duction des \u00e9missions de gaz \u00e0 effet de serre, responsables du r\u00e9chauffement climatique.<\/p>\n<\/div>\n<\/div>\n                    <\/div>\n                <\/div>\n            <\/div>\n        \n\n\n            <div style='\n            --title-color:green;\n            --content-color:black\n        ' class='bobex-pros-block--container-div'>\n                <div class='bobex-pros-block-main-div'>\n                    <div class='bobex-pros-block-plus-container'>\n                        <div class='bobex-pros-block-plus-area'>\n                            <div class='bobex-pros-plus'>\n                                <svg\n                                    style='color: var(--title-color); width: 20px; height: 20px;'\n                                    width='20px'\n                                    height='20px'\n                                    viewBox='0 0 24 24'\n                                    xmlns='http:\/\/www.w3.org\/2000\/svg'\n                                >\n                                    <path d='M12,5a1,1,0,0,1,1,1v5h5a1,1,0,0,1,0,2H13v5a1,1,0,0,1-2,0V13H6a1,1,0,0,1,0-2h5V6A1,1,0,0,1,12,5Z' fill='currentColor'\/>\n                                <\/svg>\n                            <\/div>\n                        <\/div>\n                    <\/div>\n                    <div class='bobex-pros-block-content-area'>\n                        <p class='bobex-block-pros-title'>Am\u00e9lioration de la performance \u00e9nerg\u00e9tique<\/p>\n                        <p class='bobex-block-pros-content'><\/p>\n                        <div>\n<div class=\"wp-block-bobex-pros\">\n<p>L\u2019isolation des fa\u00e7ades augmente la valeur R de votre maison, un indicateur de performance \u00e9nerg\u00e9tique. Plus cette valeur est \u00e9lev\u00e9e, plus votre maison est \u00e9conome en \u00e9nergie.<\/p>\n<\/div>\n<\/div>\n                    <\/div>\n                <\/div>\n            <\/div>\n        \n\n\n            <div style='\n            --title-color:green;\n            --content-color:black\n        ' class='bobex-pros-block--container-div'>\n                <div class='bobex-pros-block-main-div'>\n                    <div class='bobex-pros-block-plus-container'>\n                        <div class='bobex-pros-block-plus-area'>\n                            <div class='bobex-pros-plus'>\n                                <svg\n                                    style='color: var(--title-color); width: 20px; height: 20px;'\n                                    width='20px'\n                                    height='20px'\n                                    viewBox='0 0 24 24'\n                                    xmlns='http:\/\/www.w3.org\/2000\/svg'\n                                >\n                                    <path d='M12,5a1,1,0,0,1,1,1v5h5a1,1,0,0,1,0,2H13v5a1,1,0,0,1-2,0V13H6a1,1,0,0,1,0-2h5V6A1,1,0,0,1,12,5Z' fill='currentColor'\/>\n                                <\/svg>\n                            <\/div>\n                        <\/div>\n                    <\/div>\n                    <div class='bobex-pros-block-content-area'>\n                        <p class='bobex-block-pros-title'>Contribution \u00e0 la transition \u00e9nerg\u00e9tique<\/p>\n                        <p class='bobex-block-pros-content'><\/p>\n                        <div>\n<div class=\"wp-block-bobex-pros\">\n<p>En limitant la demande \u00e9nerg\u00e9tique, l\u2019isolation aide \u00e0 r\u00e9duire la d\u00e9pendance aux \u00e9nergies fossiles et soutient les objectifs climatiques r\u00e9gionaux et europ\u00e9ens.<\/p>\n<\/div>\n<\/div>\n                    <\/div>\n                <\/div>\n            <\/div>\n        \n\n\n            <div style='\n            --title-color:green;\n            --content-color:black\n        ' class='bobex-pros-block--container-div'>\n                <div class='bobex-pros-block-main-div'>\n                    <div class='bobex-pros-block-plus-container'>\n                        <div class='bobex-pros-block-plus-area'>\n                            <div class='bobex-pros-plus'>\n                                <svg\n                                    style='color: var(--title-color); width: 20px; height: 20px;'\n                                    width='20px'\n                                    height='20px'\n                                    viewBox='0 0 24 24'\n                                    xmlns='http:\/\/www.w3.org\/2000\/svg'\n                                >\n                                    <path d='M12,5a1,1,0,0,1,1,1v5h5a1,1,0,0,1,0,2H13v5a1,1,0,0,1-2,0V13H6a1,1,0,0,1,0-2h5V6A1,1,0,0,1,12,5Z' fill='currentColor'\/>\n                                <\/svg>\n                            <\/div>\n                        <\/div>\n                    <\/div>\n                    <div class='bobex-pros-block-content-area'>\n                        <p class='bobex-block-pros-title'>Optimisation du rendement des syst\u00e8mes de chauffage<\/p>\n                        <p class='bobex-block-pros-content'><\/p>\n                        <div>\n<div class=\"wp-block-bobex-pros\">\n<p>Une maison bien isol\u00e9e permet \u00e0 votre syst\u00e8me de chauffage de fonctionner de mani\u00e8re plus efficace et plus stable, sans surconsommation.<\/p>\n<\/div>\n<\/div>\n                    <\/div>\n                <\/div>\n            <\/div>\n        \n\n\n<p>De plus, de nombreuses&nbsp;<strong>aides<\/strong>&nbsp;et&nbsp;<strong>subventions<\/strong>&nbsp;sont disponibles pour encourager les&nbsp;<strong>travaux d\u2019isolation des fa\u00e7ades<\/strong>, rendant ces travaux plus&nbsp;<strong>accessibles financi\u00e8rement<\/strong>. Ces aides peuvent&nbsp;<strong>couvrir une partie significative des co\u00fbts<\/strong>, et sont souvent accord\u00e9es en fonction de la&nbsp;<strong>performance de l\u2019isolation install\u00e9e<\/strong>.<\/p>\n\n\n\n<h3 class=\"wp-block-heading\"><span class=\"ez-toc-section\" id=\"Limpact_sur_le_confort_interieur\"><\/span>L\u2019impact sur le confort int\u00e9rieur<span class=\"ez-toc-section-end\"><\/span><\/h3>\n\n\n\n<p>L\u2019isolation des murs ext\u00e9rieurs a une influence directe sur le confort int\u00e9rieur de votre logement. Une meilleure isolation signifie des murs qui restent moins froids, contribuant ainsi \u00e0 une&nbsp;<strong>temp\u00e9rature int\u00e9rieure plus homog\u00e8ne<\/strong>. Vous ressentirez moins de variations de temp\u00e9rature entre le centre de la pi\u00e8ce et les murs ext\u00e9rieurs.<\/p>\n\n\n\n<p>De plus, une bonne isolation r\u00e9duit les&nbsp;<strong>courants d\u2019air<\/strong>&nbsp;et les&nbsp;<strong>infiltrations d\u2019<\/strong><a href=\"https:\/\/www.bobex.be\/fr-be\/isolation-murs\/exterieurs\/mur-humide\/\" target=\"_blank\" rel=\"noreferrer noopener\"><strong>humidit\u00e9<\/strong> dans les murs \u00e9xt\u00e9rieurs<\/a>, contribuant \u00e0 un environnement int\u00e9rieur plus sain et plus agr\u00e9able.<\/p>\n\n\n\n<p>Enfin, une isolation efficace contribue \u00e0&nbsp;<strong>r\u00e9duire les nuisances sonores<\/strong>&nbsp;en provenance de l\u2019ext\u00e9rieur. Ainsi, vivre dans une maison bien isol\u00e9e est non seulement plus confortable sur le plan thermique, mais aussi plus calme et paisible.<\/p>\n\n\n\n<p>En somme, l\u2019impact de l\u2019isolation des murs ext\u00e9rieurs va bien au-del\u00e0 des \u00e9conomies d\u2019\u00e9nergie, il am\u00e9liore v\u00e9ritablement le&nbsp;<strong>confort de vie au quotidien<\/strong>.<\/p>\n\n\n\n<h3 class=\"wp-block-heading\"><span class=\"ez-toc-section\" id=\"La_valorisation_du_bien_immobilier\"><\/span>La valorisation du bien immobilier<span class=\"ez-toc-section-end\"><\/span><\/h3>\n\n\n\n<p>La&nbsp;<strong>valorisation<\/strong>&nbsp;de votre&nbsp;<strong>bien immobilier<\/strong>&nbsp;est un aspect souvent n\u00e9glig\u00e9 lors de l\u2019<strong>isolation des murs ext\u00e9rieurs<\/strong>. Pourtant, une isolation&nbsp;<strong>efficace<\/strong>&nbsp;peut&nbsp;<strong>augmenter la valeur<\/strong>&nbsp;de votre propri\u00e9t\u00e9. En effet, une maison bien isol\u00e9e offre un&nbsp;<strong>confort sup\u00e9rieur<\/strong>, une&nbsp;<strong>consommation \u00e9nerg\u00e9tique r\u00e9duite<\/strong>&nbsp;et un&nbsp;<strong>impact environnemental moindre<\/strong>. Ces facteurs sont de plus en plus pris en compte dans l\u2019<strong>\u00e9valuation immobili\u00e8re<\/strong>.<\/p>\n\n\n\n<p>De plus, une&nbsp;<strong>isolation ext\u00e9rieure<\/strong>&nbsp;peut&nbsp;<strong>am\u00e9liorer l\u2019apparence<\/strong>&nbsp;de votre maison, ajoutant ainsi \u00e0 son&nbsp;<strong>attrait esth\u00e9tique<\/strong>. Certains syst\u00e8mes d\u2019isolation permettent m\u00eame une&nbsp;<strong>r\u00e9novation de la fa\u00e7ade<\/strong>&nbsp;lors de leur installation.<\/p>\n\n\n\n<p>Enfin, il est \u00e0 noter que des crit\u00e8res tels que la&nbsp;<strong>performance \u00e9nerg\u00e9tique<\/strong>&nbsp;deviennent de plus en plus importants pour les&nbsp;<strong>acheteurs potentiels<\/strong>. Une maison bien isol\u00e9e peut donc se vendre plus&nbsp;<strong>rapidement<\/strong>&nbsp;et \u00e0 un&nbsp;<strong>prix plus \u00e9lev\u00e9<\/strong>.<\/p>\n\n\n\n<p>Voici quelques points cl\u00e9s de la valorisation d\u2019un bien gr\u00e2ce \u00e0 l\u2019isolation des murs ext\u00e9rieurs :<\/p>\n\n\n\n<ul class=\"wp-block-list\">\n<li><strong>Am\u00e9lioration du confort<\/strong>&nbsp;: Une bonne isolation r\u00e9duit les variations de temp\u00e9rature et les courants d\u2019air, rendant la maison plus confortable.<\/li>\n\n\n\n<li><strong>R\u00e9duction de la consommation d\u2019\u00e9nergie<\/strong>&nbsp;: En diminuant les besoins en chauffage et en climatisation, l\u2019isolation permet de r\u00e9duire significativement les factures d\u2019\u00e9nergie.<\/li>\n\n\n\n<li><strong>Impact environnemental<\/strong>&nbsp;: En consommant moins d\u2019\u00e9nergie, votre maison contribue \u00e0 la r\u00e9duction des \u00e9missions de gaz \u00e0 effet de serre.<\/li>\n\n\n\n<li><strong>Apparence de la maison<\/strong>&nbsp;: Une isolation ext\u00e9rieure peut \u00eatre l\u2019occasion de r\u00e9nover la fa\u00e7ade de votre maison, am\u00e9liorant ainsi son esth\u00e9tisme.<\/li>\n\n\n\n<li><strong>Attractivit\u00e9 pour les acheteurs<\/strong>&nbsp;: Les crit\u00e8res environnementaux et \u00e9nerg\u00e9tiques sont de plus en plus pris en compte par les acheteurs potentiels.<\/li>\n<\/ul>\n\n\n\n<h2 class=\"wp-block-heading\"><span class=\"ez-toc-section\" id=\"Faites_appel_a_un_professionnel_pour_realiser_vos_travaux_disolation\"><\/span>Faites appel \u00e0 un professionnel pour r\u00e9aliser vos travaux d\u2019isolation<span class=\"ez-toc-section-end\"><\/span><\/h2>\n\n\n\n<p>Pour <strong>b\u00e9n\u00e9ficier des primes<\/strong>, votre entrepreneur doit \u00eatre un professionnel enregistr\u00e9 \u00e0 la Banque Carrefour des Entreprises. Nous vous aidons \u00e0 trouver l\u2019expert qui vous convient, il vous suffit de remplir le formulaire ci-dessous pour recevoir jusqu\u2019\u00e0 5 devis gratuits et personnalis\u00e9s. Faites appel \u00e0 plusieurs entreprises et comparez leurs offres facilement !<\/p>\n\n\n<div id=\"ppp\" class=\"bob-form-wrapper\" data-ajax_url=\"https:\/\/www.bobex.be\/fr-be\/wp-admin\/admin-ajax.php\" data-fa_a=\"\" data-fa_b=\"\"><div class=\"loader\" aria-hidden=\"true\"><\/div>    <div>\n        <div class=\"row mx-auto mb-2\" style=\"max-width: 900px;\">\n            <div class=\"col-md-4\"><i class=\"mr-1 fas fa-check\" style=\"color:green;\"><\/i>Devis gratuits et rapides<\/div>\n            <div class=\"col-md-4\"><i class=\"mr-1 fas fa-check\" style=\"color:green;\"><\/i>Sans engagement et obligation<\/div>\n            <div class=\"col-md-4\"><i class=\"mr-1 fas fa-check\" style=\"color:green;\"><\/i>Professionnels agr\u00e9\u00e9s<\/div>\n        <\/div>\n    <\/div><div id=\"form-69f18662756ba\" class=\"bob-form-container\" style=\"background-color: white; font-family: Roboto, sans-serif !important; font-size: 16px !important; color: #545454; box-shadow: 0 2px 10px rgba(0,0,0,0.1); --font_title: Poppins; --font_size_title: 20px; --title_bg_color: #175da6; --copyright_color: #fde8e1; --box_upload_color: #e5f2f7; padding:unset;\" data-form-type=\"inline\" data-form-id=\"69f18662756ba\"><style>#form-69f18662756ba .bob-form-inline-question.even {\n  background-color: #e5f2f7;\n}\n#form-69f18662756ba .single_multiple.multiple_button {\n  background-color: #e5f2f7 !important;\n}\n#form-69f18662756ba .bob-form-inline-question--hidden {\n  display: none;\n}<\/style><div class=\"form-questions\"><form id=\"bob-form\" class=\"bob-form bob-form-tag\" method=\"post\" action=\"https:\/\/www.bobex.be\/fr-be\/wp-admin\/admin-ajax.php?action=bobex-form-validation\">    <div class=\"form-title\">\n        Formulez votre demande\n        <div class=\"form-title-info-line\">\n            R\u00e9pondez \u00e0 quelques questions et entrez en contact avec des sp\u00e9cialistes fiables. Nous vous demandons vos coordonn\u00e9es afin de s\u00e9lectionner les professionnels actifs dans votre r\u00e9gion.\n        <\/div>\n    <\/div><div class=\"form-questions bob-form-inline-question\"><div class=\"row\"><div class=\"question col-md-4\"><label>1*. Que voulez-vous isoler?<\/label><\/div><div class=\"answer col-md-8\"><div class=\"bob-form-checkbox d-flex\"><input type=\"checkbox\" class=\"inline-checkbox bob-form-input\" id=\"69f18662756ba-input-0-1\" data-unique-id=\"69f18662756ba\" name=\"XML_extra_check[]\" value=\"1\"  required=\"required\" onclick=\"checkboxTurnChecked(this)\"><label for=\"69f18662756ba-input-0-1\">Isolation int\u00e9rieure d&#039;un toit inclin\u00e9<\/label><\/div><div class=\"bob-form-checkbox d-flex\"><input type=\"checkbox\" class=\"inline-checkbox bob-form-input\" id=\"69f18662756ba-input-0-2\" data-unique-id=\"69f18662756ba\" name=\"XML_extra_check[]\" value=\"2\"  required=\"required\" onclick=\"checkboxTurnChecked(this)\"><label for=\"69f18662756ba-input-0-2\">Isolation ext\u00e9rieure d&#039;un toit inclin\u00e9<\/label><\/div><div class=\"bob-form-checkbox d-flex\"><input type=\"checkbox\" class=\"inline-checkbox bob-form-input\" id=\"69f18662756ba-input-0-3\" data-unique-id=\"69f18662756ba\" name=\"XML_extra_check[]\" value=\"3\"  required=\"required\" onclick=\"checkboxTurnChecked(this)\"><label for=\"69f18662756ba-input-0-3\">Isolation int\u00e9rieure d&#039;un toit plat<\/label><\/div><div class=\"bob-form-checkbox d-flex\"><input type=\"checkbox\" class=\"inline-checkbox bob-form-input\" id=\"69f18662756ba-input-0-4\" data-unique-id=\"69f18662756ba\" name=\"XML_extra_check[]\" value=\"4\"  required=\"required\" onclick=\"checkboxTurnChecked(this)\"><label for=\"69f18662756ba-input-0-4\">Isolation ext\u00e9rieure d&#039;un toit plat<\/label><\/div><div class=\"bob-form-checkbox d-flex\"><input type=\"checkbox\" class=\"inline-checkbox bob-form-input\" id=\"69f18662756ba-input-0-5\" data-unique-id=\"69f18662756ba\" name=\"XML_extra_check[]\" value=\"5\"  required=\"required\" onclick=\"checkboxTurnChecked(this)\"><label for=\"69f18662756ba-input-0-5\">Murs creux<\/label><\/div><div class=\"bob-form-checkbox d-flex\"><input type=\"checkbox\" class=\"inline-checkbox bob-form-input\" id=\"69f18662756ba-input-0-6\" data-unique-id=\"69f18662756ba\" name=\"XML_extra_check[]\" value=\"6\"  required=\"required\" onclick=\"checkboxTurnChecked(this)\"><label for=\"69f18662756ba-input-0-6\">Murs ext\u00e9rieurs<\/label><\/div><div class=\"bob-form-checkbox d-flex\"><input type=\"checkbox\" class=\"inline-checkbox bob-form-input\" id=\"69f18662756ba-input-0-7\" data-unique-id=\"69f18662756ba\" name=\"XML_extra_check[]\" value=\"7\"  required=\"required\" onclick=\"checkboxTurnChecked(this)\"><label for=\"69f18662756ba-input-0-7\">Murs int\u00e9rieurs<\/label><\/div><div class=\"bob-form-checkbox d-flex\"><input type=\"checkbox\" class=\"inline-checkbox bob-form-input\" id=\"69f18662756ba-input-0-8\" data-unique-id=\"69f18662756ba\" name=\"XML_extra_check[]\" value=\"8\"  required=\"required\" onclick=\"checkboxTurnChecked(this)\"><label for=\"69f18662756ba-input-0-8\">Sol<\/label><\/div><div class=\"bob-form-checkbox d-flex\"><input type=\"checkbox\" class=\"inline-checkbox bob-form-input\" id=\"69f18662756ba-input-0-9\" data-unique-id=\"69f18662756ba\" name=\"XML_extra_check[]\" value=\"9\"  required=\"required\" onclick=\"checkboxTurnChecked(this)\"><label for=\"69f18662756ba-input-0-9\">Isolation du vide ventil\u00e9<\/label><\/div><\/div><\/div><\/div><div class=\"form-questions bob-form-inline-question even\"><div class=\"row\"><div class=\"question col-md-4\"><label>2*. Quelle superficie devra \u00eatre isol\u00e9e (estimation)?<\/label><\/div><div class=\"answer col-md-8\"><div class=\"bob-form-radio d-flex\"><input type=\"radio\" class=\"inline-radio\" id=\"69f18662756ba-input-1-1\" data-unique-id=\"69f18662756ba\" name=\"XML_extra_radio2\" value=\"1\"  required=\"required\"><label for=\"69f18662756ba-input-1-1\">Moins de 20 m2<\/label><\/div><div class=\"bob-form-radio d-flex\"><input type=\"radio\" class=\"inline-radio\" id=\"69f18662756ba-input-1-2\" data-unique-id=\"69f18662756ba\" name=\"XML_extra_radio2\" value=\"2\"  required=\"required\"><label for=\"69f18662756ba-input-1-2\">Entre 20 et 50 m2<\/label><\/div><div class=\"bob-form-radio d-flex\"><input type=\"radio\" class=\"inline-radio\" id=\"69f18662756ba-input-1-3\" data-unique-id=\"69f18662756ba\" name=\"XML_extra_radio2\" value=\"3\"  required=\"required\"><label for=\"69f18662756ba-input-1-3\">Entre 50 et 100 m2<\/label><\/div><div class=\"bob-form-radio d-flex\"><input type=\"radio\" class=\"inline-radio\" id=\"69f18662756ba-input-1-4\" data-unique-id=\"69f18662756ba\" name=\"XML_extra_radio2\" value=\"4\"  required=\"required\"><label for=\"69f18662756ba-input-1-4\">Entre 100 et 200 m2<\/label><\/div><div class=\"bob-form-radio d-flex\"><input type=\"radio\" class=\"inline-radio\" id=\"69f18662756ba-input-1-5\" data-unique-id=\"69f18662756ba\" name=\"XML_extra_radio2\" value=\"5\"  required=\"required\"><label for=\"69f18662756ba-input-1-5\">Plus de 200 m2<\/label><\/div><\/div><\/div><\/div><div class=\"form-questions bob-form-inline-question\"><div class=\"row\"><div class=\"question col-md-4\"><label>3*. Quand d\u00e9sirez-vous d\u00e9buter l&rsquo;installation de l&rsquo;isolation?<\/label><\/div><div class=\"answer col-md-8\"><div class=\"bob-form-radio d-flex\"><input type=\"radio\" class=\"inline-radio\" id=\"69f18662756ba-input-2-1\" data-unique-id=\"69f18662756ba\" name=\"XML_extra_radio3\" value=\"1\"  required=\"required\"><label for=\"69f18662756ba-input-2-1\">Le plus rapidement possible, sous le mois<\/label><\/div><div class=\"bob-form-radio d-flex\"><input type=\"radio\" class=\"inline-radio\" id=\"69f18662756ba-input-2-2\" data-unique-id=\"69f18662756ba\" name=\"XML_extra_radio3\" value=\"2\"  required=\"required\"><label for=\"69f18662756ba-input-2-2\">Entre 1 et 3 mois<\/label><\/div><div class=\"bob-form-radio d-flex\"><input type=\"radio\" class=\"inline-radio\" id=\"69f18662756ba-input-2-3\" data-unique-id=\"69f18662756ba\" name=\"XML_extra_radio3\" value=\"3\"  required=\"required\"><label for=\"69f18662756ba-input-2-3\">Entre 4 et 6 mois<\/label><\/div><div class=\"bob-form-radio d-flex\"><input type=\"radio\" class=\"inline-radio\" id=\"69f18662756ba-input-2-4\" data-unique-id=\"69f18662756ba\" name=\"XML_extra_radio3\" value=\"4\"  required=\"required\"><label for=\"69f18662756ba-input-2-4\">Entre 7 et 12 mois<\/label><\/div><\/div><\/div><\/div><div class=\"form-questions bob-form-inline-question even\"><div class=\"row\"><div class=\"question col-md-4\"><label>4. Quel type de b\u00e2timent d\u00e9sirez-vous isoler?<\/label><\/div><div class=\"answer col-md-8\"><div class=\"bob-form-radio d-flex\"><input type=\"radio\" class=\"inline-radio\" id=\"69f18662756ba-input-3-1\" data-unique-id=\"69f18662756ba\" name=\"XML_extra_radio4\" value=\"1\"  ><label for=\"69f18662756ba-input-3-1\">Propri\u00e9t\u00e9 priv\u00e9e<\/label><\/div><div class=\"bob-form-radio d-flex\"><input type=\"radio\" class=\"inline-radio\" id=\"69f18662756ba-input-3-2\" data-unique-id=\"69f18662756ba\" name=\"XML_extra_radio4\" value=\"2\"  ><label for=\"69f18662756ba-input-3-2\">Immeuble commercial<\/label><\/div><\/div><\/div><\/div><div class=\"form-questions bob-form-inline-question\"><div class=\"d-flex flex-column\"><label class=\"question\" for=\"69f18662756ba-input-4\">5. Description de votre projet<\/label><textarea class=\"bob-form-input\" name=\"XML_remarks\" id=\"69f18662756ba-input-4\" data-unique-id=\"69f18662756ba\"><\/textarea><\/div><\/div><div class=\"bob-inline-form bob-form-tag upload-box mb-3\">\n                    <div class=\"row\">\n                        <div class=\"col-md-12 mb-2 question\">Ajouter des photos ou des pi\u00e8ces jointes (en Option)<\/div>\n                        <div class=\"col-md-12\">\n                            <div class=\"box__input\" style=\"background-color: #e5f2f7;\"\n                                 ondrop=\"drop(event)\"\n                                 ondragover=\"allowDrop(event)\"\n                                 ondragleave=\"removeDropFx(event)\"\n                                >\n                                <input type=\"file\"\n                                       class=\"file__input\"\n                                       name=\"attachments[]\"\n                                       id=\"attachments\"\n                                       multiple=\"multiple\"\n                                       accept=\"image\/jpeg, image\/png, image\/gif, application\/pdf\"\n                                       data-multiple-caption=\"{count} files selected\">\n                                <div>\n                                    <label for=\"attachments\"><strong>S\u00e9lectionnez un fichier <\/strong>ou glissez-le ici<\/label>\n                                    <span class=\"box__button bobex-round-cta m-1 py-1\"\n                                          style=\"mix-blend-mode: luminosity\">\n                                        <i class=\"fas fa-cloud-upload-alt text-white\"><\/i>\n                                        T\u00e9l\u00e9charger\n                                    <\/span>\n                                <\/div>\n            \n                                <div class=\"row preview_wrapper m-0\"><\/div>\n                            <\/div>\n            \n                            <div class=\"box__uploading\">Uploading\u2026<\/div>\n                            <div class=\"box__success\">Done!<\/div>\n                            <div class=\"box__error\">Error! <span><\/span>.<\/div>\n                        <\/div>\n                    <\/div>\n                <\/div>    <div class=\"form-title\">\n        Vos donn\u00e9es\n    <\/div><div class=\"bob-form-contact-data\" style=\"padding: 20px\"><div class=\"row lead-info\"><div class=\"col-md-6 mb-3\">  <div class=\"form-group\">    <input value=\"\" type=\"text\" class=\"form-control\" id=\"firstName\" name=\"firstName\" placeholder=\"Pr\u00e9nom\" required>    <div class=\"valid-feedback\">Enchant\u00e9 !<\/div>    <div class=\"invalid-feedback\">Veuillez indiquer votre pr\u00e9nom<\/div>  <\/div><\/div><div class=\"col-md-6 mb-3\">  <div class=\"form-group\">    <input value=\"\" type=\"text\" class=\"form-control\" id=\"lastName\" name=\"lastName\" placeholder=\"Nom\" required>    <div class=\"valid-feedback\">Sympa<\/div>    <div class=\"invalid-feedback\">Veuillez indiquer votre nom de famille<\/div>  <\/div><\/div><div class=\"col-md-12 mb-3\">  <div class=\"form-group\">    <input value=\"\" type=\"email\" class=\"form-control\" id=\"email\" name=\"email\" placeholder=\"E-mail\" required style=\"max-width: unset;\">    <div class=\"valid-feedback\">C&rsquo;est tout bon<\/div>    <div class=\"invalid-feedback\">Veuillez indiquer une adresse e-mail valide<\/div>  <\/div><\/div><div class=\"col-md-12 mb-3\">  <div class=\"form-group\">    <input value=\"\" type=\"tel\" class=\"form-control\" id=\"phone\" name=\"phone\" placeholder=\"T\u00e9l\u00e9phone\" required style=\"max-width: unset;\">    <div class=\"valid-feedback\">Parfait<\/div>    <div class=\"invalid-feedback\">Veuillez indiquer un num\u00e9ro de t\u00e9l\u00e9phone valide<\/div>  <\/div><\/div><div class=\"col-md-12 mb-3\">  <div class=\"form-group\">    <input value=\"\" type=\"text\" class=\"form-control\" id=\"companyAddress\" name=\"companyAddress\" placeholder=\"Adresse\" required style=\"max-width: unset;\">    <div class=\"valid-feedback\">C&rsquo;est not\u00e9<\/div>    <div class=\"invalid-feedback\">Veuillez indiquer une adresse valide<\/div>  <\/div><\/div><div class=\"col-md-6 mb-3\">  <div class=\"form-group\">    <input value=\"\" type=\"text\" class=\"form-control\" id=\"companyPostalCode\" name=\"companyPostalCode\" placeholder=\"Code postal\" required>    <div class=\"valid-feedback\">Excellent !<\/div>    <div class=\"invalid-feedback\">Veuillez indiquer un code postal valide<\/div>  <\/div><\/div><div class=\"col-md-6 mb-3\">  <div class=\"form-group\">    <input value=\"\" type=\"text\" class=\"form-control\" id=\"companyCity\" name=\"companyCity\" placeholder=\"Ville\" required>    <div class=\"valid-feedback\">Bien jou\u00e9<\/div>    <div class=\"invalid-feedback\">Veuillez indiquer une ville valide<\/div>  <\/div><\/div><div class=\"d-flex mt-3\"><input name=\"promoOptin\" value=\"true\" id=\"promoOptin\" type=\"checkbox\" class=\"me-2\" style=\"width: unset\"><label for=\"promoOptin\">Je souhaite rester inform\u00e9 de ma demande et recevoir des conseils pratiques (fortement recommand\u00e9 !) <\/label><\/div><\/div><\/div><input type=\"hidden\" class=\"session_var\" name=\"newform\" value=\"true\"><input type=\"hidden\" class=\"session_var\" name=\"lead-validation-nonce\" value=\"44fabf7d20\"><input type=\"hidden\" class=\"session_var\" name=\"aff\" value=\"minisite\"><input type=\"hidden\" class=\"session_var\" name=\"utm_source\" value=\"https:\/\/www.bobex.be\/fr-be\/wp-json\/v2\/content\/153652\"><input type=\"hidden\" class=\"session_var\" name=\"bobx\" value=\"\"><input type=\"hidden\" class=\"session_var\" name=\"sessionType\" value=\"B2C\"><input type=\"hidden\" class=\"session_var\" name=\"utm_medium\" value=\"web\"><input type=\"hidden\" class=\"session_var\" name=\"utm_campaign\" value=\"search\"><input type=\"hidden\" class=\"session_var\" name=\"rem_source\" value=\"https:\/\/www.bobex.be\/fr-be\/isolation-murs\/exterieurs\/subventions\/\"><input type=\"hidden\" class=\"session_var\" name=\"pixel_id\" value=\"-1\"><input type=\"hidden\" class=\"session_var\" name=\"tabo_id\" value=\"-1\"><input type=\"hidden\" class=\"session_var\" name=\"click_id\" value=\"-1\"><input type=\"hidden\" class=\"session_var\" name=\"gclid\" value=\"-1\"><input type=\"hidden\" class=\"session_var\" name=\"msclkid\" value=\"-1\"><input type=\"hidden\" class=\"session_var\" name=\"past_aff\" value=\"bobex\"><input type=\"hidden\" class=\"session_var\" name=\"redirectTo\" value=\"BE\"><input type=\"hidden\" class=\"session_var\" name=\"is_type_id\" value=\"true\"><input type=\"hidden\" class=\"session_var\" name=\"typeid\" value=\"11427\"><input type=\"hidden\" class=\"session_var\" name=\"companyType\" value=\"label.companytype.consumer\"><input type=\"hidden\" class=\"session_var\" name=\"input_names\" value=\"XML_extra_check,XML_extra_radio2,XML_extra_radio3,XML_extra_radio4,XML_remarks\"><input type=\"hidden\" class=\"form_context\" value=\"BE\"><img decoding=\"async\" class=\"bobex-pixel\" src=\"\" alt=\"\" style=\"display:none\" \/>    <div class=\"bob-form-submit d-flex justify-content-center\">\n        <button type=\"submit\" class=\"form-submit\" style=\"background-color: #F1653A; color: white; border: none !important; border-radius: 5px !important; font-family: Roboto, sans-serif; font-size: 16px;\">\n            Demander un devis\n        <\/button>\n    <\/div>    <div class=\"bob-inline-form form-footer\" style=\"border-radius: 0 0 10px 10px\">\n        <div class=\"bob-form-privacy-text\">\n            <div style=\"float:left;\"><i class=\"fa fa-lock\"><\/i><\/div>\n            <div class=\"ms-2\">\n                <div style='padding-left: 15px;font-size: 0.8em !important;z-index: 10;'><b>Nous respectons votre vie priv\u00e9e<\/b><br> Conform\u00e9ment \u00e0 la loi du 8\/12\/1992 relative \u00e0 la protection de la vie priv\u00e9e, vous disposez d&rsquo;un droit d&rsquo;acc\u00e8s et de rectification \u00e0 vos donn\u00e9es. Pour en savoir plus, consultez notre <span class=\"link_ob\" data-link=\"aHR0cHM6Ly93d3cuYm9iZXguYmUvZnItYmUvcHJvdGVjdGlvbi1kZS1sYS12aWUtcHJpdmVlLw==\" target=\"_blank\">charte sur la vie priv\u00e9e<\/span>.<\/div>\n                \n            <\/div>\n        <\/div>\n    <\/div><\/form><\/div><div class=\"multiple_mini hidden\" data-lead_id=\"\"><p class=\"multiple-title\">Merci d&rsquo;avoir pris le temps de remplir ce formulaire<\/p><p>Nous vous contacterons d\u00e8s que possible pour vous orienter vers le meilleur sp\u00e9cialiste correspondant \u00e0 votre demande.<\/p><div class=\"multiple_wrapper\"><div class=\"loader\"><\/div><p class=\"multiple-title\">Vous cherchez d&rsquo;autres services ?<\/p><p class=\"multiple_text\">Vous souhaitez comparer d&rsquo;autres devis ou explorer d&rsquo;autres services ? Faites-le nous savoir et nous vous mettrons rapidement en relation<\/p><div class=\"multiple_container\"><div class=\"single_multiple multiple_button\" data-typeid=\"11364\"><i class=\"fa-3x cat icon-11364\"><\/i><span class=\"multiple_name\">Panneaux solaires<\/span><\/div><div class=\"single_multiple multiple_button\" data-typeid=\"11428\"><i class=\"fa-3x cat icon-11428\"><\/i><span class=\"multiple_name\">Pompe \u00e0 chaleur<\/span><\/div><div class=\"single_multiple multiple_button\" data-typeid=\"11452\"><i class=\"fa-3x fad fa-door-closed\"><\/i><span class=\"multiple_name\">Ch\u00e2ssis, portes et fen\u00eatres<\/span><\/div><div class=\"single_multiple multiple_button\" data-typeid=\"11982\"><i class=\"fa-3x cat icon-11982\"><\/i><span class=\"multiple_name\">Adoucisseur d&rsquo;eau<\/span><\/div><div class=\"single_multiple multiple_button\" data-typeid=\"11962\"><i class=\"fa-3x cat icon-11962\"><\/i><span class=\"multiple_name\">Travaux de toiture<\/span><\/div><div class=\"single_multiple multiple_button\" data-typeid=\"11992\"><i class=\"fa-3x cat icon-11992\"><\/i><span class=\"multiple_name\">D\u00e9moussage toitures<\/span><\/div><div class=\"single_multiple hidden multiple_button\" data-typeid=\"11453\"><i class=\"fa-3x cat icon-11453\"><\/i><span class=\"multiple_name\">Syst\u00e8me de ventilation<\/span><\/div><div class=\"single_multiple hidden multiple_button\" data-typeid=\"11461\"><i class=\"fa-3x cat icon-11461\"><\/i><span class=\"multiple_name\">Traitement de l&rsquo;humidit\u00e9<\/span><\/div><\/div><\/div><\/div><\/div><\/div>\n\n\n<h2 class=\"wp-block-heading\"><span class=\"ez-toc-section\" id=\"Nous_repondons_a_vos_questions\"><\/span>Nous r\u00e9pondons \u00e0 vos questions !<span class=\"ez-toc-section-end\"><\/span><\/h2>\n\n\n\n<p>Vous avez besoin de plus d&rsquo;informations ? Voici les r\u00e9ponses aux questions les plus fr\u00e9quentes sur les subventions pour l&rsquo;isolation des murs ext\u00e9rieurs :<\/p>\n\n\n\n<div class=\"wp-block-bobex-frequently-asked-questions bobex-faq-main-wrapper\">\n            <div class=\"bobex-simple-question-answer-block\">\n                <div class=\"bobex-simple-question-answer-block__question\" style=\"background-color: #63b0d1!important; color: white!important;\">\n                    <h3 style=\"color: white!important; margin:unset; font-size:1.2rem;\" class=\"bobex-simple-question-answer-block__question__content\"><span class=\"ez-toc-section\" id=\"Combien_coute_lisolation_dun_mur_exterieur\"><\/span>Combien co\u00fbte l&rsquo;isolation d&rsquo;un mur ext\u00e9rieur ?<span class=\"ez-toc-section-end\"><\/span><\/h3>\n                    <div class=\"bobex-simple-question-answer-block__question__toggle\">+<\/div>\n                <\/div>\n                <div class=\"bobex-simple-question-answer-block__answer\" style=\"background-color: !important; color: black!important;\">\n                    <div class=\"bobex-simple-question-answer-block__answer__content\">En <strong>Belgique<\/strong>, le co\u00fbt de l&rsquo;isolation d&rsquo;un mur ext\u00e9rieur varie g\u00e9n\u00e9ralement entre 100 et 250\u202f\u20ac\/m\u00b2, selon la technique choisie, le type d&rsquo;isolant et la finition. Des <strong>primes<\/strong> <strong>r\u00e9gionales<\/strong> telles que la prime Habitation en Wallonie ou la prime R\u00e9nolution \u00e0 Bruxelles sont disponibles pour all\u00e9ger ces co\u00fbts.\u00a0<\/div>\n                    <div>\n<div class=\"wp-block-bobex-simple-question-answer\"><\/div>\n<\/div>\n                <\/div>\n            <\/div>\n        \n\n\n            <div class=\"bobex-simple-question-answer-block\">\n                <div class=\"bobex-simple-question-answer-block__question\" style=\"background-color: #63b0d1!important; color: white!important;\">\n                    <h3 style=\"color: white!important; margin:unset; font-size:1.2rem;\" class=\"bobex-simple-question-answer-block__question__content\"><span class=\"ez-toc-section\" id=\"Quelle_est_la_subvention_versee_pour_la_renovation_des_facades_en_Belgique\"><\/span><strong>Quelle est la subvention vers\u00e9e pour la r\u00e9novation des fa\u00e7ades en Belgique ?<\/strong><span class=\"ez-toc-section-end\"><\/span><\/h3>\n                    <div class=\"bobex-simple-question-answer-block__question__toggle\">+<\/div>\n                <\/div>\n                <div class=\"bobex-simple-question-answer-block__answer\" style=\"background-color: !important; color: black!important;\">\n                    <div class=\"bobex-simple-question-answer-block__answer__content\">Il s\u2019agit d\u2019une\u00a0<strong>prime \u00e0 la r\u00e9novation \u00e9nerg\u00e9tique<\/strong>, propos\u00e9e par chaque r\u00e9gion (Wallonie, Bruxelles, Flandre). Elle couvre notamment\u00a0<strong>l\u2019isolation des murs ext\u00e9rieurs<\/strong>. Le montant varie selon votre r\u00e9gion, vos revenus et le type de travaux r\u00e9alis\u00e9s, ,\u00a0<strong>appr\u00e9ci\u00e9s et valid\u00e9s par l\u2019administration comp\u00e9tente<\/strong>.<\/div>\n                    <div>\n<div class=\"wp-block-bobex-simple-question-answer\"><\/div>\n<\/div>\n                <\/div>\n            <\/div>\n        \n\n\n            <div class=\"bobex-simple-question-answer-block\">\n                <div class=\"bobex-simple-question-answer-block__question\" style=\"background-color: #63b0d1!important; color: white!important;\">\n                    <h3 style=\"color: white!important; margin:unset; font-size:1.2rem;\" class=\"bobex-simple-question-answer-block__question__content\"><span class=\"ez-toc-section\" id=\"Quelle_est_la_meilleure_isolation_des_murs_par_lexterieur\"><\/span>Quelle est la meilleure isolation des murs par l&rsquo;ext\u00e9rieur ?<span class=\"ez-toc-section-end\"><\/span><\/h3>\n                    <div class=\"bobex-simple-question-answer-block__question__toggle\">+<\/div>\n                <\/div>\n                <div class=\"bobex-simple-question-answer-block__answer\" style=\"background-color: !important; color: black!important;\">\n                    <div class=\"bobex-simple-question-answer-block__answer__content\">La meilleure isolation d\u00e9pend du type de fa\u00e7ade et de vos priorit\u00e9s (performance, budget, \u00e9cologie). Les plus courantes sont :<br><strong>Le polystyr\u00e8ne expans\u00e9 (PSE)<\/strong>\u00a0: tr\u00e8s utilis\u00e9 pour sa bonne performance thermique et son prix abordable.<br><strong>La laine de roche<\/strong>\u00a0: excellente en isolation thermique et acoustique, r\u00e9sistante au feu.<br><strong>La fibre de bois<\/strong>\u00a0: \u00e9cologique et tr\u00e8s performante, id\u00e9ale pour les maisons anciennes.<br>Pour un bon compromis entre efficacit\u00e9, durabilit\u00e9 et confort,\u00a0<strong>la laine de roche<\/strong>\u00a0ou\u00a0<strong>la fibre de bois<\/strong>\u00a0sont souvent recommand\u00e9es.<\/div>\n                    <div>\n<div class=\"wp-block-bobex-simple-question-answer\"><\/div>\n<\/div>\n                <\/div>\n            <\/div>\n        \n\n\n            <div class=\"bobex-simple-question-answer-block\">\n                <div class=\"bobex-simple-question-answer-block__question\" style=\"background-color: #63b0d1!important; color: white!important;\">\n                    <h3 style=\"color: white!important; margin:unset; font-size:1.2rem;\" class=\"bobex-simple-question-answer-block__question__content\"><span class=\"ez-toc-section\" id=\"Quelle_est_la_duree_de_vie_dune_isolation_par_lexterieur\"><\/span>Quelle est la dur\u00e9e de vie d&rsquo;une isolation par l&rsquo;ext\u00e9rieur ?<span class=\"ez-toc-section-end\"><\/span><\/h3>\n                    <div class=\"bobex-simple-question-answer-block__question__toggle\">+<\/div>\n                <\/div>\n                <div class=\"bobex-simple-question-answer-block__answer\" style=\"background-color: !important; color: black!important;\">\n                    <div class=\"bobex-simple-question-answer-block__answer__content\">La dur\u00e9e de vie d&rsquo;une isolation par l&rsquo;ext\u00e9rieur est g\u00e9n\u00e9ralement de\u00a0<strong>30 \u00e0 50 ans<\/strong>, voire plus si les mat\u00e9riaux sont de qualit\u00e9 et bien pos\u00e9s. Un bon entretien de la fa\u00e7ade (nettoyage, v\u00e9rification de l&rsquo;<a href=\"https:\/\/www.bobex.be\/fr-be\/isolation-murs\/exterieurs\/enduit-isolant\/\" target=\"_blank\" rel=\"noreferrer noopener\">enduit isolant<\/a> ou du bardage) permet de prolonger sa performance dans le temps.<\/div>\n                    <div>\n<div class=\"wp-block-bobex-simple-question-answer\"><\/div>\n<\/div>\n                <\/div>\n            <\/div>\n        <\/div>\n\n                    <script type=\"application\/ld+json\">\n                        {\"@context\":\"https:\\\/\\\/schema.org\",\"@type\":\"FAQPage\",\"mainEntity\":[{\"@type\":\"Question\",\"name\":\"Combien co\\u00fbte l'isolation d'un mur ext\\u00e9rieur ?\",\"acceptedAnswer\":{\"@type\":\"Answer\",\"text\":\"En <strong>Belgique<\\\/strong>, le co\\u00fbt de l'isolation d'un mur ext\\u00e9rieur varie g\\u00e9n\\u00e9ralement entre 100 et 250\\u202f\\u20ac\\\/m\\u00b2, selon la technique choisie, le type d'isolant et la finition. Des <strong>primes<\\\/strong> <strong>r\\u00e9gionales<\\\/strong> telles que la prime Habitation en Wallonie ou la prime R\\u00e9nolution \\u00e0 Bruxelles sont disponibles pour all\\u00e9ger ces co\\u00fbts.\\u00a0\"}},{\"@type\":\"Question\",\"name\":\"<strong>Quelle est la subvention vers\\u00e9e pour la r\\u00e9novation des fa\\u00e7ades en Belgique ?<\\\/strong>\",\"acceptedAnswer\":{\"@type\":\"Answer\",\"text\":\"Il s\\u2019agit d\\u2019une\\u00a0<strong>prime \\u00e0 la r\\u00e9novation \\u00e9nerg\\u00e9tique<\\\/strong>, propos\\u00e9e par chaque r\\u00e9gion (Wallonie, Bruxelles, Flandre). Elle couvre notamment\\u00a0<strong>l\\u2019isolation des murs ext\\u00e9rieurs<\\\/strong>. Le montant varie selon votre r\\u00e9gion, vos revenus et le type de travaux r\\u00e9alis\\u00e9s, ,\\u00a0<strong>appr\\u00e9ci\\u00e9s et valid\\u00e9s par l\\u2019administration comp\\u00e9tente<\\\/strong>.\"}},{\"@type\":\"Question\",\"name\":\"Quelle est la meilleure isolation des murs par l'ext\\u00e9rieur ?\",\"acceptedAnswer\":{\"@type\":\"Answer\",\"text\":\"La meilleure isolation d\\u00e9pend du type de fa\\u00e7ade et de vos priorit\\u00e9s (performance, budget, \\u00e9cologie). Les plus courantes sont :<br><strong>Le polystyr\\u00e8ne expans\\u00e9 (PSE)<\\\/strong>\\u00a0: tr\\u00e8s utilis\\u00e9 pour sa bonne performance thermique et son prix abordable.<br><strong>La laine de roche<\\\/strong>\\u00a0: excellente en isolation thermique et acoustique, r\\u00e9sistante au feu.<br><strong>La fibre de bois<\\\/strong>\\u00a0: \\u00e9cologique et tr\\u00e8s performante, id\\u00e9ale pour les maisons anciennes.<br>Pour un bon compromis entre efficacit\\u00e9, durabilit\\u00e9 et confort,\\u00a0<strong>la laine de roche<\\\/strong>\\u00a0ou\\u00a0<strong>la fibre de bois<\\\/strong>\\u00a0sont souvent recommand\\u00e9es.\"}},{\"@type\":\"Question\",\"name\":\"Quelle est la dur\\u00e9e de vie d'une isolation par l'ext\\u00e9rieur ?\",\"acceptedAnswer\":{\"@type\":\"Answer\",\"text\":\"La dur\\u00e9e de vie d'une isolation par l'ext\\u00e9rieur est g\\u00e9n\\u00e9ralement de\\u00a0<strong>30 \\u00e0 50 ans<\\\/strong>, voire plus si les mat\\u00e9riaux sont de qualit\\u00e9 et bien pos\\u00e9s. Un bon entretien de la fa\\u00e7ade (nettoyage, v\\u00e9rification de l'<a href=\\\"https:\\\/\\\/www.bobex.be\\\/fr-be\\\/isolation-murs\\\/exterieurs\\\/enduit-isolant\\\/\\\" target=\\\"_blank\\\" rel=\\\"noreferrer noopener\\\">enduit isolant<\\\/a> ou du bardage) permet de prolonger sa performance dans le temps.\"}}]}\n                    <\/script>\n                ","protected":false},"featured_media":0,"parent":152816,"template":"","meta":{"business":"150968","footnotes":""},"class_list":["post-153652","content","type-content","status-publish","hentry"],"_links":{"self":[{"href":"https:\/\/www.bobex.be\/fr-be\/wp-json\/wp\/v2\/content\/153652","targetHints":{"allow":["GET"]}}],"collection":[{"href":"https:\/\/www.bobex.be\/fr-be\/wp-json\/wp\/v2\/content"}],"about":[{"href":"https:\/\/www.bobex.be\/fr-be\/wp-json\/wp\/v2\/types\/content"}],"version-history":[{"count":9,"href":"https:\/\/www.bobex.be\/fr-be\/wp-json\/wp\/v2\/content\/153652\/revisions"}],"predecessor-version":[{"id":215898,"href":"https:\/\/www.bobex.be\/fr-be\/wp-json\/wp\/v2\/content\/153652\/revisions\/215898"}],"up":[{"embeddable":true,"href":"https:\/\/www.bobex.be\/fr-be\/wp-json\/wp\/v2\/content\/152816"}],"wp:attachment":[{"href":"https:\/\/www.bobex.be\/fr-be\/wp-json\/wp\/v2\/media?parent=153652"}],"curies":[{"name":"wp","href":"https:\/\/api.w.org\/{rel}","templated":true}]}}