{"id":149738,"date":"2023-10-31T12:39:45","date_gmt":"2023-10-31T12:39:45","guid":{"rendered":"https:\/\/www.bobex.be\/fr-be\/?post_type=content&#038;p=149738"},"modified":"2025-10-01T09:41:17","modified_gmt":"2025-10-01T09:41:17","slug":"vermiculite","status":"publish","type":"content","link":"https:\/\/www.bobex.be\/fr-be\/isolation\/types-d-isolants\/vermiculite\/","title":{"rendered":"Isolation en vermiculite : guide complet de cet isolant min\u00e9ral"},"content":{"rendered":"\n<div id=\"ez-toc-container\" class=\"ez-toc-v2_0_82_2 counter-hierarchy ez-toc-counter ez-toc-grey ez-toc-container-direction\">\n<div class=\"ez-toc-title-container\">\n<p class=\"ez-toc-title\" style=\"cursor:inherit\">Sommaire<\/p>\n<span class=\"ez-toc-title-toggle\"><a href=\"#\" class=\"ez-toc-pull-right ez-toc-btn ez-toc-btn-xs ez-toc-btn-default ez-toc-toggle\" aria-label=\"Toggle Table of Content\"><span class=\"ez-toc-js-icon-con\"><span class=\"\"><span class=\"eztoc-hide\" style=\"display:none;\">Toggle<\/span><span class=\"ez-toc-icon-toggle-span\"><svg style=\"fill: #999;color:#999\" xmlns=\"http:\/\/www.w3.org\/2000\/svg\" class=\"list-377408\" width=\"20px\" height=\"20px\" viewBox=\"0 0 24 24\" fill=\"none\"><path d=\"M6 6H4v2h2V6zm14 0H8v2h12V6zM4 11h2v2H4v-2zm16 0H8v2h12v-2zM4 16h2v2H4v-2zm16 0H8v2h12v-2z\" fill=\"currentColor\"><\/path><\/svg><svg style=\"fill: #999;color:#999\" class=\"arrow-unsorted-368013\" xmlns=\"http:\/\/www.w3.org\/2000\/svg\" width=\"10px\" height=\"10px\" viewBox=\"0 0 24 24\" version=\"1.2\" baseProfile=\"tiny\"><path d=\"M18.2 9.3l-6.2-6.3-6.2 6.3c-.2.2-.3.4-.3.7s.1.5.3.7c.2.2.4.3.7.3h11c.3 0 .5-.1.7-.3.2-.2.3-.5.3-.7s-.1-.5-.3-.7zM5.8 14.7l6.2 6.3 6.2-6.3c.2-.2.3-.5.3-.7s-.1-.5-.3-.7c-.2-.2-.4-.3-.7-.3h-11c-.3 0-.5.1-.7.3-.2.2-.3.5-.3.7s.1.5.3.7z\"\/><\/svg><\/span><\/span><\/span><\/a><\/span><\/div>\n<nav><ul class='ez-toc-list ez-toc-list-level-1 eztoc-toggle-hide-by-default' ><li class='ez-toc-page-1 ez-toc-heading-level-2'><a class=\"ez-toc-link ez-toc-heading-1\" href=\"https:\/\/www.bobex.be\/fr-be\/isolation\/types-d-isolants\/vermiculite\/#La_vermiculite_quest-ce_que_cest\" >La vermiculite, qu\u2019est-ce que c\u2019est ?<\/a><\/li><li class='ez-toc-page-1 ez-toc-heading-level-2'><a class=\"ez-toc-link ez-toc-heading-2\" href=\"https:\/\/www.bobex.be\/fr-be\/isolation\/types-d-isolants\/vermiculite\/#Quelle_est_la_difference_entre_la_perlite_et_la_vermiculite\" >Quelle est la diff\u00e9rence entre la perlite et la vermiculite ?<\/a><\/li><li class='ez-toc-page-1 ez-toc-heading-level-2'><a class=\"ez-toc-link ez-toc-heading-3\" href=\"https:\/\/www.bobex.be\/fr-be\/isolation\/types-d-isolants\/vermiculite\/#Quels_sont_les_avantages_de_la_vermiculite_en_tant_quisolant\" >Quels sont les avantages de la vermiculite en tant qu\u2019isolant ?<\/a><ul class='ez-toc-list-level-3' ><li class='ez-toc-heading-level-3'><a class=\"ez-toc-link ez-toc-heading-4\" href=\"https:\/\/www.bobex.be\/fr-be\/isolation\/types-d-isolants\/vermiculite\/#Cout_relativement_faible_de_lisolant_en_vermiculite\" >Co\u00fbt relativement faible de l\u2019isolant en vermiculite<\/a><\/li><li class='ez-toc-page-1 ez-toc-heading-level-3'><a class=\"ez-toc-link ez-toc-heading-5\" href=\"https:\/\/www.bobex.be\/fr-be\/isolation\/types-d-isolants\/vermiculite\/#Excellent_isolant_phonique\" >Excellent isolant phonique<\/a><\/li><li class='ez-toc-page-1 ez-toc-heading-level-3'><a class=\"ez-toc-link ez-toc-heading-6\" href=\"https:\/\/www.bobex.be\/fr-be\/isolation\/types-d-isolants\/vermiculite\/#Sans_danger_pour_la_sante\" >Sans danger pour la sant\u00e9<\/a><\/li><li class='ez-toc-page-1 ez-toc-heading-level-3'><a class=\"ez-toc-link ez-toc-heading-7\" href=\"https:\/\/www.bobex.be\/fr-be\/isolation\/types-d-isolants\/vermiculite\/#Un_isolant_resistant_au_feu_a_lhumidite_et_aux_insectes_et_rongeurs\" >Un isolant r\u00e9sistant au feu, \u00e0 l\u2019humidit\u00e9 et aux insectes et rongeurs<\/a><\/li><\/ul><\/li><li class='ez-toc-page-1 ez-toc-heading-level-2'><a class=\"ez-toc-link ez-toc-heading-8\" href=\"https:\/\/www.bobex.be\/fr-be\/isolation\/types-d-isolants\/vermiculite\/#Quels_sont_les_inconvenients_de_la_vermiculite\" >Quels sont les inconv\u00e9nients de la vermiculite ?<\/a><ul class='ez-toc-list-level-3' ><li class='ez-toc-heading-level-3'><a class=\"ez-toc-link ez-toc-heading-9\" href=\"https:\/\/www.bobex.be\/fr-be\/isolation\/types-d-isolants\/vermiculite\/#Est-ce_que_la_vermiculite_contient_toujours_de_lamiante\" >Est-ce que la vermiculite contient toujours de l\u2019amiante ?<\/a><ul class='ez-toc-list-level-4' ><li class='ez-toc-heading-level-4'><a class=\"ez-toc-link ez-toc-heading-10\" href=\"https:\/\/www.bobex.be\/fr-be\/isolation\/types-d-isolants\/vermiculite\/#Comment_savoir_si_un_isolant_en_vermiculite_est_contaminee_a_lamiante_ou_non\" >Comment savoir si un isolant en vermiculite est contamin\u00e9e \u00e0 l\u2019amiante ou non ?<\/a><\/li><\/ul><\/li><\/ul><\/li><li class='ez-toc-page-1 ez-toc-heading-level-2'><a class=\"ez-toc-link ez-toc-heading-11\" href=\"https:\/\/www.bobex.be\/fr-be\/isolation\/types-d-isolants\/vermiculite\/#Quel_est_le_prix_dune_isolation_en_vermiculite_en_Belgique\" >Quel est le prix d\u2019une isolation en vermiculite en Belgique ?<\/a><ul class='ez-toc-list-level-3' ><li class='ez-toc-heading-level-3'><a class=\"ez-toc-link ez-toc-heading-12\" href=\"https:\/\/www.bobex.be\/fr-be\/isolation\/types-d-isolants\/vermiculite\/#Cout_de_la_vermiculite_en_sac_granules_en_vrac\" >Co\u00fbt de la vermiculite en sac (granul\u00e9s en vrac)<\/a><\/li><li class='ez-toc-page-1 ez-toc-heading-level-3'><a class=\"ez-toc-link ez-toc-heading-13\" href=\"https:\/\/www.bobex.be\/fr-be\/isolation\/types-d-isolants\/vermiculite\/#Cout_de_la_vermiculite_en_panneaux\" >Co\u00fbt de la vermiculite en panneaux<\/a><\/li><\/ul><\/li><li class='ez-toc-page-1 ez-toc-heading-level-2'><a class=\"ez-toc-link ez-toc-heading-14\" href=\"https:\/\/www.bobex.be\/fr-be\/isolation\/types-d-isolants\/vermiculite\/#Quelles_sont_les_differentes_applications_de_la_vermiculite_en_tant_quisolant_thermique\" >Quelles sont les diff\u00e9rentes applications de la vermiculite en tant qu\u2019isolant thermique ?<\/a><ul class='ez-toc-list-level-3' ><li class='ez-toc-heading-level-3'><a class=\"ez-toc-link ez-toc-heading-15\" href=\"https:\/\/www.bobex.be\/fr-be\/isolation\/types-d-isolants\/vermiculite\/#La_vermiculite_pour_lisolation_des_planchers\" >La vermiculite pour l\u2019isolation des planchers<\/a><\/li><li class='ez-toc-page-1 ez-toc-heading-level-3'><a class=\"ez-toc-link ez-toc-heading-16\" href=\"https:\/\/www.bobex.be\/fr-be\/isolation\/types-d-isolants\/vermiculite\/#Lutilisation_de_la_vermiculite_pour_lisolation_des_conduits_de_cheminee\" >L\u2019utilisation de la vermiculite pour l\u2019isolation des conduits de chemin\u00e9e<\/a><\/li><li class='ez-toc-page-1 ez-toc-heading-level-3'><a class=\"ez-toc-link ez-toc-heading-17\" href=\"https:\/\/www.bobex.be\/fr-be\/isolation\/types-d-isolants\/vermiculite\/#La_vermiculite_pour_chape_isolante_et_sols\" >La vermiculite pour chape isolante et sols<\/a><\/li><\/ul><\/li><li class='ez-toc-page-1 ez-toc-heading-level-2'><a class=\"ez-toc-link ez-toc-heading-18\" href=\"https:\/\/www.bobex.be\/fr-be\/isolation\/types-d-isolants\/vermiculite\/#Faites_appel_a_un_specialiste_pour_isoler_votre_maison_et_vous_conseiller_au_mieux\" >Faites appel \u00e0 un sp\u00e9cialiste pour isoler votre maison et vous conseiller au mieux !<\/a><\/li><li class='ez-toc-page-1 ez-toc-heading-level-2'><a class=\"ez-toc-link ez-toc-heading-19\" href=\"https:\/\/www.bobex.be\/fr-be\/isolation\/types-d-isolants\/vermiculite\/#FAQ_Nous_repondons_a_vos_questions_sur_la_vermiculite\" >FAQ : Nous r\u00e9pondons \u00e0 vos questions sur la vermiculite<\/a><ul class='ez-toc-list-level-3' ><li class='ez-toc-heading-level-3'><a class=\"ez-toc-link ez-toc-heading-20\" href=\"https:\/\/www.bobex.be\/fr-be\/isolation\/types-d-isolants\/vermiculite\/#Lisolation_en_vermiculite_est-elle_efficace\" >L\u2019isolation en vermiculite est-elle efficace ?<\/a><\/li><li class='ez-toc-page-1 ez-toc-heading-level-3'><a class=\"ez-toc-link ez-toc-heading-21\" href=\"https:\/\/www.bobex.be\/fr-be\/isolation\/types-d-isolants\/vermiculite\/#Quelle_est_la_duree_de_vie_de_la_vermiculite\" >Quelle est la dur\u00e9e de vie de la vermiculite ?<\/a><\/li><li class='ez-toc-page-1 ez-toc-heading-level-3'><a class=\"ez-toc-link ez-toc-heading-22\" href=\"https:\/\/www.bobex.be\/fr-be\/isolation\/types-d-isolants\/vermiculite\/#Comment_se_deroule_la_fabrication_de_la_vermiculite_utilisee_comme_isolant\" >Comment se d\u00e9roule la fabrication de la vermiculite utilis\u00e9e comme isolant ?<\/a><\/li><\/ul><\/li><\/ul><\/nav><\/div>\n<h2 class=\"wp-block-heading\"><span class=\"ez-toc-section\" id=\"La_vermiculite_quest-ce_que_cest\"><\/span>La vermiculite, qu\u2019est-ce que c\u2019est ? <span class=\"ez-toc-section-end\"><\/span><\/h2>\n\n\n\n<p>La vermiculite est un isolant naturel <strong>polyvalent<\/strong>, proche de la famille des micas,&nbsp;utilis\u00e9 dans de nombreuses situations. Elle est populaire pour ses propri\u00e9t\u00e9s d\u2019<a href=\"https:\/\/www.bobex.be\/fr-be\/isolation\/\" target=\"_blank\" rel=\"noreferrer noopener\">isolation <strong>thermique<\/strong><\/a><strong> et acoustique<\/strong>, ainsi que pour sa <strong>durabilit\u00e9<\/strong>.<\/p>\n\n\n\n            <div class='bobex-table-wrapper' style='\n            --bobex-table-dark-row-color: #D1E8F2;\n        '>\n                <table class='double' data-columns='2'>\n                    <thead style='\n            --bobex-table-header-background-color: #10375E;\n            --bobex-table-header-text-color: #FFFFFF;\n        '><th><\/th><th><\/th><\/thead><tr><td><strong>Composition<\/strong><\/td><td>Silicate de magn\u00e9sium hydrat\u00e9<\/td><\/tr><tr><td><strong>Type d\u2019isolant<\/strong><\/td><td>Min\u00e9ral<\/td><\/tr><tr><td><strong>Isolant thermique<\/strong><\/td><td>Satisfaisant<\/td><\/tr><tr><td><strong>Conductivit\u00e9 thermique de l\u2019isolant (valeur lambda)<\/strong><\/td><td>0,06 \u2013 0,08 W\/mK (watt par m\u00e8tre kelvin)<\/td><\/tr><tr><td><strong>Isolant phonique \/ acoustique<\/strong><\/td><td>Bon<\/td><\/tr><tr><td><strong>Applications<\/strong><\/td><td>Cet isolant est g\u00e9n\u00e9ralement utilis\u00e9 pour l\u2019isolation acoustique, les toitures, les combles, les planchers, les parois verticales creuses, les enduits de murs,\u2026<\/td><\/tr><tr><td><strong>Dur\u00e9e de vie<\/strong><\/td><td>Presque illimit\u00e9e<\/td><\/tr><tr><td><strong>R\u00e9sistant \u00e0 l\u2019humidit\u00e9 ?<\/strong><\/td><td>Oui<\/td><\/tr><tr><td><strong>R\u00e9sistant au feu ?<\/strong><\/td><td>Oui<\/td><\/tr><tr><td><strong>Prix moyen<\/strong><\/td><td>15 \u2013 80 \u20ac\/m\u00b2 Hors TVA<\/td><\/tr><tr><td><strong>Mat\u00e9riau d\u2019isolation durable*?<\/strong><\/td><td>\u2705 La vermiculite est un mat\u00e9riau naturel et \u00e9cologique.<\/td><\/tr><tr><td><strong>Risques pour la sant\u00e9 humaine ?<\/strong><\/td><td>Non<\/td><\/tr>\n                <\/table>\n            <\/div>\n        \n\n\n            <div style=\"\n            --icon-bg-color: #17518d ;\n            --maskUrl:url( https:\/\/www.bobex.be\/fr-be\/wp-content\/plugins\/bobex-blocks\/img\/mask.svg );\n            --title-color:#10375e;\n            --bg-color: #d1e8f2;\n            --content-color:#5c5c5c\n        \" class=\"bobex-block-maindiv\" >\n                <div class=\"bobex-tip-block__icon-area\">\n                    <img decoding=\"async\" src=\"https:\/\/www.bobex.be\/fr-be\/wp-content\/plugins\/bobex-blocks\/img\/grants.png\" alt=\"adive-icon\" class=\"bobex-tip-block__tipsLogo\"\/>\n                <\/div>\n                <div class=\"bobex-tip-block__content-area\">\n                    <p class=\"bobex-block-tips-title\">Information int\u00e9ressante \u00e0 prendre en compte dans le cas des demandes de prime.<\/p>\n                    <p class=\"bobex-block-tips-content\"><\/p>\n                    <div>\n<div class=\"wp-block-bobex-grants\">\n<p>*La r\u00e9gion bruxelloise ainsi que la r\u00e9gion wallonne encouragent les citoyens \u00e0 se tourner vers des&nbsp;<strong>mat\u00e9riaux d\u2019isolation durable <\/strong>en offrant des <strong>primes<\/strong> plus g\u00e9n\u00e9reuses en cas d\u2019utilisation de mat\u00e9riaux qui ont un impact limit\u00e9 sur l\u2019environnement.<\/p>\n\n\n\n<p>\u00c0 Bruxelles, le \u2018Bonus mat\u00e9riau d\u2019isolation durable\u2019 s\u2019applique pour les mat\u00e9riaux naturels, compos\u00e9s d\u2019au moins<strong> 85 %<\/strong> de <strong>composants renouvelables<\/strong>. Ce bonus s\u2019\u00e9l\u00e8ve \u00e0 10 \u20ac suppl\u00e9mentaire de prime par m\u00b2 de surface isol\u00e9e (quel que soit la cat\u00e9gorie de revenus du m\u00e9nage).<\/p>\n\n\n\n<p>En Wallonie, le montant des primes est plus \u00e9lev\u00e9 pour les isolations thermiques r\u00e9alis\u00e9es \u00e0 partir d\u2019<a href=\"https:\/\/www.bobex.be\/fr-be\/isolation\/types-d-isolants\/naturel\/\" target=\"_blank\" rel=\"noreferrer noopener\">isolant biosourc\u00e9<\/a> doit \u00eatre sup\u00e9rieur ou \u00e9gale \u00e0 70%.<\/p>\n<\/div>\n<\/div>\n                <\/div>\n            <\/div>\n        \n\n\n<p>Remarque : <strong>les prix affich\u00e9s dans ce tableau<\/strong> sont donn\u00e9s uniquement \u00e0 titre indicatif et peuvent <strong>varier<\/strong> en fonction des prix des fournisseurs, des propri\u00e9t\u00e9s de l\u2019isolant choisi, des quantit\u00e9s achet\u00e9es,\u2026 Si vous voulez avoir une vue plus pr\u00e9cise sur le budget \u00e0 pr\u00e9voir, nous vous recommandons de faire une demande de devis en ligne.<\/p>\n\n\n\n                <div class='bobex-cta-block' style='\n            --button-bg-color: #e13c0e;\n            --button-text-color: #ffffff;\n            --banner-bg-color: #aad4e6;\n            --arrow-main-bg-color: #aad4e6;\n            --arrow-secondary-bg-color: #e5f2f7;\n            --banner-title-color: #10375e;\n            --arrow-title-color: #10375e;\n            --banner-text-color: #545454;\n            --arrow-text-color: #545454;         \n            --invert-range: 0deg;\n        '>\n                    <div class='cta-banner'>\n                        <div class='h3'>Prenez contact avec des professionnels pour la r\u00e9alisation de votre isolation en vermiculite<\/div>\n                        <div class='text-color'>Recevez vos devis gratuits et sans engagement !<\/div>\n                        <span>\n                            <img src='https:\/\/www.bobex.be\/wp-uploads\/sites\/2\/arrow-cta-box.png' alt='arrow' class='img-color'\/>\n                            <a class='cta-button-rounded' href=\"#ppp\">Remplir le formulaire<\/a>\n                        <\/span>   \n                    <\/div>\n                <\/div>\n\n\n<h2 class=\"wp-block-heading\"><span class=\"ez-toc-section\" id=\"Quelle_est_la_difference_entre_la_perlite_et_la_vermiculite\"><\/span>Quelle est la diff\u00e9rence entre la perlite et la vermiculite ? <span class=\"ez-toc-section-end\"><\/span><\/h2>\n\n\n\n<figure class=\"wp-block-image size-full\"><img decoding=\"async\" width=\"1200\" height=\"630\" src=\"https:\/\/www.bobex.be\/wp-uploads\/sites\/2\/vermiculite-perlite.jpg\" alt=\"Vrac de granul\u00e9s de perlite et de vermiculite\" class=\"wp-image-214056\"\/><\/figure>\n\n\n\n<p>La perlite et la vermiculite sont deux isolants avec des sp\u00e9cificit\u00e9s diff\u00e9rentes. La perlite a g\u00e9n\u00e9ralement une <strong>conductivit\u00e9 thermique<\/strong> un peu meilleure que la vermiculite, ce qui en fait un <a href=\"https:\/\/www.bobex.be\/fr-be\/isolation\/types-d-isolants\/meilleur-isolant-thermique\/\" target=\"_blank\" rel=\"noreferrer noopener\">meilleur isolant thermique<\/a>. Cependant, la vermiculite excelle dans l\u2019<strong>isolation phonique<\/strong>, ce qui permet de r\u00e9duire fortement les bruits ext\u00e9rieurs et a\u00e9riens. Le choix entre les deux d\u00e9pend de vos <strong>besoins sp\u00e9cifiques d\u2019isolation<\/strong>, si il s\u2019agit d\u2019isolation thermique ou acoustique.<\/p>\n\n\n\n<h2 class=\"wp-block-heading\"><span class=\"ez-toc-section\" id=\"Quels_sont_les_avantages_de_la_vermiculite_en_tant_quisolant\"><\/span>Quels sont les avantages de la vermiculite en tant qu\u2019isolant ?<span class=\"ez-toc-section-end\"><\/span><\/h2>\n\n\n\n<p>La vermiculite est un <a href=\"https:\/\/www.bobex.be\/fr-be\/isolation\/types-d-isolants\/laine-minerale\/\" target=\"_blank\" rel=\"noreferrer noopener\"><strong>isolant<\/strong> <strong>min\u00e9ral<\/strong><\/a> <strong>polyvalent<\/strong> qui pr\u00e9sente plusieurs avantages en mati\u00e8re d\u2019efficacit\u00e9 \u00e9nerg\u00e9tique, de confort et de s\u00e9curit\u00e9 dans les applications d\u2019isolation. Voici quelques-uns de ses principaux avantages :<\/p>\n\n\n\n<h3 class=\"wp-block-heading\"><span class=\"ez-toc-section\" id=\"Cout_relativement_faible_de_lisolant_en_vermiculite\"><\/span>Co\u00fbt relativement faible de l\u2019isolant en vermiculite<span class=\"ez-toc-section-end\"><\/span><\/h3>\n\n\n\n            <div style='\n            --title-color:green;\n            --content-color:black\n        ' class='bobex-pros-block--container-div'>\n                <div class='bobex-pros-block-main-div'>\n                    <div class='bobex-pros-block-plus-container'>\n                        <div class='bobex-pros-block-plus-area'>\n                            <div class='bobex-pros-plus'>\n                                <svg\n                                    style='color: var(--title-color); width: 20px; height: 20px;'\n                                    width='20px'\n                                    height='20px'\n                                    viewBox='0 0 24 24'\n                                    xmlns='http:\/\/www.w3.org\/2000\/svg'\n                                >\n                                    <path d='M12,5a1,1,0,0,1,1,1v5h5a1,1,0,0,1,0,2H13v5a1,1,0,0,1-2,0V13H6a1,1,0,0,1,0-2h5V6A1,1,0,0,1,12,5Z' fill='currentColor'\/>\n                                <\/svg>\n                            <\/div>\n                        <\/div>\n                    <\/div>\n                    <div class='bobex-pros-block-content-area'>\n                        <p class='bobex-block-pros-title'><\/p>\n                        <p class='bobex-block-pros-content'><\/p>\n                        <div>\n<div class=\"wp-block-bobex-pros\">\n<p>La vermiculite est un mat\u00e9riau d\u2019isolation&nbsp;<strong>abordable<\/strong> par rapport \u00e0 de nombreuses autres options sur le march\u00e9. Son prix comp\u00e9titif en fait un choix <strong>\u00e9conomique<\/strong> pour les projets d\u2019isolation, tout en offrant des performances thermiques et acoustiques ad\u00e9quates.<\/p>\n<\/div>\n<\/div>\n                    <\/div>\n                <\/div>\n            <\/div>\n        \n\n\n<h3 class=\"wp-block-heading\"><span class=\"ez-toc-section\" id=\"Excellent_isolant_phonique\"><\/span>Excellent isolant phonique<span class=\"ez-toc-section-end\"><\/span><\/h3>\n\n\n\n            <div style='\n            --title-color:green;\n            --content-color:black\n        ' class='bobex-pros-block--container-div'>\n                <div class='bobex-pros-block-main-div'>\n                    <div class='bobex-pros-block-plus-container'>\n                        <div class='bobex-pros-block-plus-area'>\n                            <div class='bobex-pros-plus'>\n                                <svg\n                                    style='color: var(--title-color); width: 20px; height: 20px;'\n                                    width='20px'\n                                    height='20px'\n                                    viewBox='0 0 24 24'\n                                    xmlns='http:\/\/www.w3.org\/2000\/svg'\n                                >\n                                    <path d='M12,5a1,1,0,0,1,1,1v5h5a1,1,0,0,1,0,2H13v5a1,1,0,0,1-2,0V13H6a1,1,0,0,1,0-2h5V6A1,1,0,0,1,12,5Z' fill='currentColor'\/>\n                                <\/svg>\n                            <\/div>\n                        <\/div>\n                    <\/div>\n                    <div class='bobex-pros-block-content-area'>\n                        <p class='bobex-block-pros-title'><\/p>\n                        <p class='bobex-block-pros-content'><\/p>\n                        <div>\n<div class=\"wp-block-bobex-pros\">\n<p>La structure en couches de la vermiculite lui donne d\u2019excellentes propri\u00e9t\u00e9s d\u2019<strong>isolation phonique<\/strong>. Elle r\u00e9duit efficacement la propagation des bruits d&rsquo;impacts et de la r\u00e9sonance dans les planchers, ce qui en fait un <strong>choix id\u00e9al<\/strong> pour l\u2019isolation acoustique des salles de cin\u00e9ma, des studios d\u2019enregistrement et des b\u00e2timents, notamment des murs mitoyens ou des plafonds entre les \u00e9tages.<\/p>\n<\/div>\n<\/div>\n                    <\/div>\n                <\/div>\n            <\/div>\n        \n\n\n<h3 class=\"wp-block-heading\"><span class=\"ez-toc-section\" id=\"Sans_danger_pour_la_sante\"><\/span>Sans danger pour la sant\u00e9<span class=\"ez-toc-section-end\"><\/span><\/h3>\n\n\n\n            <div style='\n            --title-color:green;\n            --content-color:black\n        ' class='bobex-pros-block--container-div'>\n                <div class='bobex-pros-block-main-div'>\n                    <div class='bobex-pros-block-plus-container'>\n                        <div class='bobex-pros-block-plus-area'>\n                            <div class='bobex-pros-plus'>\n                                <svg\n                                    style='color: var(--title-color); width: 20px; height: 20px;'\n                                    width='20px'\n                                    height='20px'\n                                    viewBox='0 0 24 24'\n                                    xmlns='http:\/\/www.w3.org\/2000\/svg'\n                                >\n                                    <path d='M12,5a1,1,0,0,1,1,1v5h5a1,1,0,0,1,0,2H13v5a1,1,0,0,1-2,0V13H6a1,1,0,0,1,0-2h5V6A1,1,0,0,1,12,5Z' fill='currentColor'\/>\n                                <\/svg>\n                            <\/div>\n                        <\/div>\n                    <\/div>\n                    <div class='bobex-pros-block-content-area'>\n                        <p class='bobex-block-pros-title'><\/p>\n                        <p class='bobex-block-pros-content'><\/p>\n                        <div>\n<div class=\"wp-block-bobex-pros\">\n<p>Contrairement \u00e0 certains isolants non naturels qui peuvent d\u00e9gager des produits chimiques nocifs, la vermiculite est un mat\u00e9riau naturel, qui ne pr\u00e9sente&nbsp;<strong>pas de risques pour la sant\u00e9<\/strong>. Elle ne contient pas de substances toxiques ou allerg\u00e8nes souvent associ\u00e9es \u00e0 d\u2019autres mat\u00e9riaux d\u2019isolation.<\/p>\n<\/div>\n<\/div>\n                    <\/div>\n                <\/div>\n            <\/div>\n        \n\n\n<h3 class=\"wp-block-heading\"><span class=\"ez-toc-section\" id=\"Un_isolant_resistant_au_feu_a_lhumidite_et_aux_insectes_et_rongeurs\"><\/span>Un isolant r\u00e9sistant au feu, \u00e0 l\u2019humidit\u00e9 et aux insectes et rongeurs<span class=\"ez-toc-section-end\"><\/span><\/h3>\n\n\n\n            <div style='\n            --title-color:green;\n            --content-color:black\n        ' class='bobex-pros-block--container-div'>\n                <div class='bobex-pros-block-main-div'>\n                    <div class='bobex-pros-block-plus-container'>\n                        <div class='bobex-pros-block-plus-area'>\n                            <div class='bobex-pros-plus'>\n                                <svg\n                                    style='color: var(--title-color); width: 20px; height: 20px;'\n                                    width='20px'\n                                    height='20px'\n                                    viewBox='0 0 24 24'\n                                    xmlns='http:\/\/www.w3.org\/2000\/svg'\n                                >\n                                    <path d='M12,5a1,1,0,0,1,1,1v5h5a1,1,0,0,1,0,2H13v5a1,1,0,0,1-2,0V13H6a1,1,0,0,1,0-2h5V6A1,1,0,0,1,12,5Z' fill='currentColor'\/>\n                                <\/svg>\n                            <\/div>\n                        <\/div>\n                    <\/div>\n                    <div class='bobex-pros-block-content-area'>\n                        <p class='bobex-block-pros-title'><\/p>\n                        <p class='bobex-block-pros-content'><\/p>\n                        <div>\n<div class=\"wp-block-bobex-pros\">\n<p>La vermiculite est naturellement&nbsp;<strong>r\u00e9sistante au feu<\/strong>, ce qui permet d\u2019\u00e9viter les cas d\u2019incendie des b\u00e2timents.<\/p>\n<\/div>\n<\/div>\n                    <\/div>\n                <\/div>\n            <\/div>\n        \n\n\n            <div style='\n            --title-color:green;\n            --content-color:black\n        ' class='bobex-pros-block--container-div'>\n                <div class='bobex-pros-block-main-div'>\n                    <div class='bobex-pros-block-plus-container'>\n                        <div class='bobex-pros-block-plus-area'>\n                            <div class='bobex-pros-plus'>\n                                <svg\n                                    style='color: var(--title-color); width: 20px; height: 20px;'\n                                    width='20px'\n                                    height='20px'\n                                    viewBox='0 0 24 24'\n                                    xmlns='http:\/\/www.w3.org\/2000\/svg'\n                                >\n                                    <path d='M12,5a1,1,0,0,1,1,1v5h5a1,1,0,0,1,0,2H13v5a1,1,0,0,1-2,0V13H6a1,1,0,0,1,0-2h5V6A1,1,0,0,1,12,5Z' fill='currentColor'\/>\n                                <\/svg>\n                            <\/div>\n                        <\/div>\n                    <\/div>\n                    <div class='bobex-pros-block-content-area'>\n                        <p class='bobex-block-pros-title'><\/p>\n                        <p class='bobex-block-pros-content'><\/p>\n                        <div>\n<div class=\"wp-block-bobex-pros\">\n<p>Elle n\u2019est pas affect\u00e9e par l\u2019<strong>humidit\u00e9<\/strong>, elle ne pourrira pas et ne perdra ses performances isolantes en cas d\u2019exposition \u00e0 l\u2019eau.<\/p>\n<\/div>\n<\/div>\n                    <\/div>\n                <\/div>\n            <\/div>\n        \n\n\n            <div style='\n            --title-color:green;\n            --content-color:black\n        ' class='bobex-pros-block--container-div'>\n                <div class='bobex-pros-block-main-div'>\n                    <div class='bobex-pros-block-plus-container'>\n                        <div class='bobex-pros-block-plus-area'>\n                            <div class='bobex-pros-plus'>\n                                <svg\n                                    style='color: var(--title-color); width: 20px; height: 20px;'\n                                    width='20px'\n                                    height='20px'\n                                    viewBox='0 0 24 24'\n                                    xmlns='http:\/\/www.w3.org\/2000\/svg'\n                                >\n                                    <path d='M12,5a1,1,0,0,1,1,1v5h5a1,1,0,0,1,0,2H13v5a1,1,0,0,1-2,0V13H6a1,1,0,0,1,0-2h5V6A1,1,0,0,1,12,5Z' fill='currentColor'\/>\n                                <\/svg>\n                            <\/div>\n                        <\/div>\n                    <\/div>\n                    <div class='bobex-pros-block-content-area'>\n                        <p class='bobex-block-pros-title'><\/p>\n                        <p class='bobex-block-pros-content'><\/p>\n                        <div>\n<div class=\"wp-block-bobex-pros\">\n<p>De plus, sa structure en couches offre une bonne&nbsp;<strong>protection contre les infestations<\/strong> d\u2019insectes et de rongeurs, ce qui en fait un <strong>choix durable<\/strong> pour l\u2019isolation.<\/p>\n<\/div>\n<\/div>\n                    <\/div>\n                <\/div>\n            <\/div>\n        \n\n\n<h2 class=\"wp-block-heading\"><span class=\"ez-toc-section\" id=\"Quels_sont_les_inconvenients_de_la_vermiculite\"><\/span>Quels sont les inconv\u00e9nients de la vermiculite ?<span class=\"ez-toc-section-end\"><\/span><\/h2>\n\n\n\n<p>La vermiculite, bien qu\u2019elle pr\u00e9sente de<strong> nombreux avantages<\/strong>, comporte aussi quelques inconv\u00e9nients dont il faut \u00eatre conscient.&nbsp;<\/p>\n\n\n\n            <div style='\n            --title-color:red;\n            --content-color:black\n        ' class='bobex-cons-block--container-div'>\n                <div class='bobex-cons-block-main-div'>\n                    <div class='bobex-cons-block-plus-container'>\n                        <div class='bobex-cons-block-plus-area'>\n                            <div class='bobex-cons-plus'>\n                                <svg\n                                    style='color: var(--title-color); width: 20px; height: 20px;'\n                                    width='20px'\n                                    height='20px'\n                                    viewBox='0 0 24 24'\n                                    xmlns='http:\/\/www.w3.org\/2000\/svg'\n                                >\n                                    <path d='M19,13H5a1,1,0,0,1,0-2H19a1,1,0,0,1,0,2Z' fill='currentColor'\/>\n                                <\/svg>\n                            <\/div>\n                        <\/div>\n                    <\/div>\n                    <div class='bobex-cons-block-content-area'>\n                        <p class='bobex-block-cons-title'><\/p>\n                        <p class='bobex-block-cons-content'><\/p>\n                        <div>\n<div class=\"wp-block-bobex-cons\">\n<p>La vermiculite est souvent&nbsp;<strong>combin\u00e9e<\/strong> \u00e0 d\u2019autres isolants car sa performance thermique est moyenne.<\/p>\n<\/div>\n<\/div>\n                    <\/div>\n                <\/div>\n            <\/div>\n        \n\n\n            <div style='\n            --title-color:red;\n            --content-color:black\n        ' class='bobex-cons-block--container-div'>\n                <div class='bobex-cons-block-main-div'>\n                    <div class='bobex-cons-block-plus-container'>\n                        <div class='bobex-cons-block-plus-area'>\n                            <div class='bobex-cons-plus'>\n                                <svg\n                                    style='color: var(--title-color); width: 20px; height: 20px;'\n                                    width='20px'\n                                    height='20px'\n                                    viewBox='0 0 24 24'\n                                    xmlns='http:\/\/www.w3.org\/2000\/svg'\n                                >\n                                    <path d='M19,13H5a1,1,0,0,1,0-2H19a1,1,0,0,1,0,2Z' fill='currentColor'\/>\n                                <\/svg>\n                            <\/div>\n                        <\/div>\n                    <\/div>\n                    <div class='bobex-cons-block-content-area'>\n                        <p class='bobex-block-cons-title'><\/p>\n                        <p class='bobex-block-cons-content'><\/p>\n                        <div>\n<div class=\"wp-block-bobex-cons\">\n<p>L\u2019un des autres principaux&nbsp;<strong>inconv\u00e9nients<\/strong> est l\u2019association de la vermiculite \u00e0 l\u2019amiante.<\/p>\n<\/div>\n<\/div>\n                    <\/div>\n                <\/div>\n            <\/div>\n        \n\n\n<figure class=\"wp-block-image size-full\"><img decoding=\"async\" width=\"1200\" height=\"630\" src=\"https:\/\/www.bobex.be\/wp-uploads\/sites\/2\/granules-vermiculite.jpg\" alt=\"Tas de granul\u00e9s de vermiculite en vrac\" class=\"wp-image-214059\"\/><\/figure>\n\n\n\n<h3 class=\"wp-block-heading\"><span class=\"ez-toc-section\" id=\"Est-ce_que_la_vermiculite_contient_toujours_de_lamiante\"><\/span>Est-ce que la vermiculite contient toujours de l\u2019amiante ?<span class=\"ez-toc-section-end\"><\/span><\/h3>\n\n\n\n<p>Avant, de nombreuses sources de vermiculite, en particulier celles provenant de certaines mines aux \u00c9tats-Unis, plus particuli\u00e8rement dans la mine de Libby, <strong>pouvaient contenir de l\u2019amiante<\/strong>. L\u2019amiante est un min\u00e9ral naturel qui peut causer des probl\u00e8mes de sant\u00e9 graves, comme des probl\u00e8mes pulmonaires comme le cancer du poumon. Il est donc essentiel de d\u00e9terminer si un isolant en vermiculite est contamin\u00e9 par l\u2019amiante.<\/p>\n\n\n\n<p>Aujourd\u2019hui, la vermiculite vendue est contr\u00f4l\u00e9e et <strong>ne contient pas d\u2019amiante<\/strong>. Les produits disponibles en sacs (granul\u00e9s de vermiculite) ou panneaux sont s\u00fbrs et conformes aux normes sanitaires.<\/p>\n\n\n\n<h4 class=\"wp-block-heading\"><span class=\"ez-toc-section\" id=\"Comment_savoir_si_un_isolant_en_vermiculite_est_contaminee_a_lamiante_ou_non\"><\/span>Comment savoir si un isolant en vermiculite est contamin\u00e9e \u00e0 l\u2019amiante ou non ?<span class=\"ez-toc-section-end\"><\/span><\/h4>\n\n\n\n<p>Bien que la vermiculite commercialis\u00e9e aujourd\u2019hui <strong>ne contienne plus d\u2019amiante<\/strong>, la meilleure m\u00e9thode pour d\u00e9terminer si un isolant en vermiculite est contamin\u00e9 par l\u2019amiante consiste \u00e0 faire r\u00e9aliser des <strong>tests en laboratoire<\/strong>. Il est important de faire <strong>appel \u00e0 un professionnel<\/strong> qualifi\u00e9 pour effectuer ces tests, car la manipulation de la vermiculite contamin\u00e9e peut pr\u00e9senter des dangers pour la sant\u00e9.<\/p>\n\n\n<div class='bobex-cta-block' style='\n            --button-bg-color: #e13c0e;\n            --button-text-color: #ffffff;\n            --banner-bg-color: #aad4e6;\n            --arrow-main-bg-color: #aad4e6;\n            --arrow-secondary-bg-color: #e5f2f7;\n            --banner-title-color: #10375e;\n            --arrow-title-color: #10375e;\n            --banner-text-color: #545454;\n            --arrow-text-color: #545454;         \n            --invert-range: 0deg;\n        '><a class='cta-button' href='#ppp'> Contactez un professionnel et testez votre vermiculite !<\/a><\/div>\n\n\n<h2 class=\"wp-block-heading\"><span class=\"ez-toc-section\" id=\"Quel_est_le_prix_dune_isolation_en_vermiculite_en_Belgique\"><\/span>Quel est le prix d\u2019une isolation en vermiculite en Belgique ?<span class=\"ez-toc-section-end\"><\/span><\/h2>\n\n\n\n            <div class='bobex-table-wrapper' style='\n            --bobex-table-dark-row-color: #D1E8F2;\n        '>\n                <table class='' data-columns='2'>\n                    <thead style='\n            --bobex-table-header-background-color: #10375E;\n            --bobex-table-header-text-color: #FFFFFF;\n        '><th>Format<\/th><th>Prix Moyen au m\u00b2<\/th><\/thead><tr><td>Vermiculite en Panneau<\/td><td>Entre 50 \u20ac et 80 \u20ac<\/td><\/tr><tr><td>Vermiculite en Vrac<\/td><td>Entre 15 \u20ac et 50 \u20ac<\/td><\/tr>\n                <\/table>\n            <\/div>\n        \n\n\n<h3 class=\"wp-block-heading\"><span class=\"ez-toc-section\" id=\"Cout_de_la_vermiculite_en_sac_granules_en_vrac\"><\/span>Co\u00fbt de la vermiculite en sac (granul\u00e9s en vrac)<span class=\"ez-toc-section-end\"><\/span><\/h3>\n\n\n\n            <div style=\"\n            --icon-bg-color: #17518d ;\n            --maskUrl:url( https:\/\/www.bobex.be\/fr-be\/wp-content\/plugins\/bobex-blocks\/img\/mask.svg );\n            --title-color:#10375e;\n            --bg-color: #d1e8f2;\n            --content-color:#5c5c5c\n        \" class=\"bobex-block-maindiv\" >\n                    <div class=\"bobex-tip-block__icon-area\">\n                        <img decoding=\"async\" src=\"https:\/\/www.bobex.be\/fr-be\/wp-content\/plugins\/bobex-blocks\/img\/savings.png\" alt=\"adive-icon\" class=\"bobex-tip-block__tipsLogo\"\/>\n                    <\/div>\n                    <div class=\"bobex-tip-block__content-area\">\n                        <p class=\"bobex-block-tips-title\">Entre 15 et 50\u20ac\/m2<\/p>\n                        <p class=\"bobex-block-tips-content\"><\/p>\n                        <div>\n<div class=\"wp-block-bobex-savings\">\n<p>Les grains de vermiculite sous forme d&rsquo;<a href=\"https:\/\/www.bobex.be\/fr-be\/isolation\/types-d-isolants\/en-vrac\/\" target=\"_blank\" rel=\"noreferrer noopener\">isolant en vrac<\/a> sont g\u00e9n\u00e9ralement <strong>moins chers<\/strong>&nbsp;que les panneaux. Les prix <strong>varient<\/strong> en fonction de la quantit\u00e9 achet\u00e9e, de la qualit\u00e9, du march\u00e9 de la construction et du fournisseur. En moyenne, le co\u00fbt des sacs de vermiculite en vrac se situe entre 15 et 50\u20ac\/m\u00b2.<\/p>\n<\/div>\n<\/div>\n                    <\/div>\n            <\/div>\n        \n\n\n<h3 class=\"wp-block-heading\"><span class=\"ez-toc-section\" id=\"Cout_de_la_vermiculite_en_panneaux\"><\/span>Co\u00fbt de la vermiculite en panneaux<span class=\"ez-toc-section-end\"><\/span><\/h3>\n\n\n\n            <div style=\"\n            --icon-bg-color: #17518d ;\n            --maskUrl:url( https:\/\/www.bobex.be\/fr-be\/wp-content\/plugins\/bobex-blocks\/img\/mask.svg );\n            --title-color:#10375e;\n            --bg-color: #d1e8f2;\n            --content-color:#5c5c5c\n        \" class=\"bobex-block-maindiv\" >\n                    <div class=\"bobex-tip-block__icon-area\">\n                        <img decoding=\"async\" src=\"https:\/\/www.bobex.be\/fr-be\/wp-content\/plugins\/bobex-blocks\/img\/savings.png\" alt=\"adive-icon\" class=\"bobex-tip-block__tipsLogo\"\/>\n                    <\/div>\n                    <div class=\"bobex-tip-block__content-area\">\n                        <p class=\"bobex-block-tips-title\">Entre 50 et 80\u20ac\/m2<\/p>\n                        <p class=\"bobex-block-tips-content\"><\/p>\n                        <div>\n<div class=\"wp-block-bobex-savings\">\n<p>Le prix de la vermiculite en panneau peut <strong>varier<\/strong> en fonction de l\u2019\u00e9paisseur des panneaux et de leur qualit\u00e9. En g\u00e9n\u00e9ral, vous pouvez vous attendre \u00e0 un co\u00fbt d\u2019environ 50 \u00e0 80\u20ac\/m\u00b2 pour des panneaux d\u2019isolant en vermiculite de qualit\u00e9 standard.<\/p>\n<\/div>\n<\/div>\n                    <\/div>\n            <\/div>\n        \n\n\n                <div class='bobex-cta-block' style='\n            --button-bg-color: #e13c0e;\n            --button-text-color: #ffffff;\n            --banner-bg-color: #aad4e6;\n            --arrow-main-bg-color: #aad4e6;\n            --arrow-secondary-bg-color: #e5f2f7;\n            --banner-title-color: #10375e;\n            --arrow-title-color: #10375e;\n            --banner-text-color: #545454;\n            --arrow-text-color: #545454;         \n            --invert-range: 0deg;\n        '>\n                    <div class='cta-arrow-text d-flex d-lg-none'>\n                        <a class='cta-button-rounded' href='#ppp'>Demander mes devis<\/a>\n                    <\/div>\n                    <div class='d-none d-lg-flex flex-no-wrap'>\n                        <div class=\"col-7 cta-arrow-text d-flex text-color\">\n                            <div class=\"m-auto\">\n                                <div class=\"h3\">Comparez les offres !<\/div>\n                                <div class='text-color'>Recevez des devis gratuitement et obtenez le meilleur prix pour vos travaux d&rsquo;isolation. <\/div>\n                            <\/div>\n                        <\/div>\n                        <div class='cta-arrow-link col-5'>\n                            <a class='cta-button-rounded' href=\"#ppp\">Demander mes devis<\/a>\n                        <\/div>\n                    <\/div>\n                <\/div>\n\n\n<h2 class=\"wp-block-heading\"><span class=\"ez-toc-section\" id=\"Quelles_sont_les_differentes_applications_de_la_vermiculite_en_tant_quisolant_thermique\"><\/span>Quelles sont les diff\u00e9rentes applications de la vermiculite en tant qu\u2019isolant thermique ?<span class=\"ez-toc-section-end\"><\/span><\/h2>\n\n\n\n<p>La vermiculite est un <a href=\"https:\/\/www.bobex.be\/fr-be\/isolation\/types-d-isolants\/\" target=\"_blank\" rel=\"noreferrer noopener\">mat\u00e9riau isolant<\/a> polyvalent qui trouve diff\u00e9rentes applications dans la maison. Voici quelques-unes de ces applications, expliqu\u00e9es en d\u00e9tail :<\/p>\n\n\n\n<h3 class=\"wp-block-heading\"><span class=\"ez-toc-section\" id=\"La_vermiculite_pour_lisolation_des_planchers\"><\/span>La vermiculite pour l\u2019isolation des planchers<span class=\"ez-toc-section-end\"><\/span><\/h3>\n\n\n\n<p>La vermiculite est g\u00e9n\u00e9ralement utilis\u00e9e pour l\u2019<strong>isolation des planchers<\/strong>, plus particuli\u00e8rement au niveau des combles et des planchers au-dessus des espaces non chauff\u00e9s. Elle est souvent <strong>m\u00e9lang\u00e9e<\/strong> \u00e0 d\u2019autres mat\u00e9riaux isolants, comme la <a href=\"https:\/\/www.bobex.be\/fr-be\/isolation\/types-d-isolants\/laine-de-roche\/\" target=\"_blank\" rel=\"noreferrer noopener\">laine de roche<\/a> ou de verre, pour former un m\u00e9lange isolant efficace. Ce m\u00e9lange est r\u00e9pandu entre les solives pour remplir l\u2019espace, cr\u00e9ant ainsi une <strong>barri\u00e8re thermique essentielle<\/strong>. Pour une isolation optimale, il est pr\u00e9f\u00e9rable de faire appel \u00e0 un professionnel pour garantir une installation correcte et une \u00e9paisseur ad\u00e9quate.<\/p>\n\n\n\n<figure class=\"wp-block-image size-full\"><img decoding=\"async\" width=\"1200\" height=\"630\" src=\"https:\/\/www.bobex.be\/wp-uploads\/sites\/2\/isolation-vermiculite.jpg\" alt=\"Granul\u00e9s de vermiculite en vrac remplissant toute l'image\" class=\"wp-image-214062\"\/><\/figure>\n\n\n\n<h3 class=\"wp-block-heading\"><span class=\"ez-toc-section\" id=\"Lutilisation_de_la_vermiculite_pour_lisolation_des_conduits_de_cheminee\"><\/span>L\u2019utilisation de la vermiculite pour l\u2019isolation des conduits de chemin\u00e9e<span class=\"ez-toc-section-end\"><\/span><\/h3>\n\n\n\n<p>La vermiculite est \u00e9galement utilis\u00e9e pour l\u2019<strong>isolation des conduits de chemin\u00e9e<\/strong>. Elle est m\u00e9lang\u00e9e \u00e0 de l\u2019eau pour former une p\u00e2te qui peut \u00eatre coul\u00e9e autour du conduit. L\u2019utilisation de la vermiculite dans cette application peut contribuer \u00e0 <strong>r\u00e9duire les pertes de chaleur<\/strong>, am\u00e9liorant ainsi les performances du chauffage au bois.<\/p>\n\n\n\n<h3 class=\"wp-block-heading\"><span class=\"ez-toc-section\" id=\"La_vermiculite_pour_chape_isolante_et_sols\"><\/span>La vermiculite pour chape isolante et sols<span class=\"ez-toc-section-end\"><\/span><\/h3>\n\n\n\n<p>La vermiculite peut \u00e9galement \u00eatre utilis\u00e9e pour la <strong>r\u00e9alisation de chapes isolantes<\/strong>, en particulier lorsqu\u2019il s\u2019agit d\u2019am\u00e9liorer l\u2019isolation thermique et acoustique des sols. M\u00e9lang\u00e9e \u00e0 du ciment et de l\u2019eau, elle forme une chape l\u00e9g\u00e8re et r\u00e9sistante qui peut \u00eatre appliqu\u00e9e directement sur une dalle brute avant la pose d\u2019un rev\u00eatement de sol.<\/p>\n\n\n\n<p>Cette solution permet non seulement de limiter les d\u00e9perditions de chaleur vers le bas, mais aussi de r\u00e9duire la propagation des bruits. Gr\u00e2ce \u00e0 sa l\u00e9g\u00e8ret\u00e9, la vermiculite est particuli\u00e8rement adapt\u00e9e aux r\u00e9novations, car elle n\u2019ajoute qu\u2019une charge limit\u00e9e aux structures existantes.&nbsp;<\/p>\n\n\n\n            <div style=\"\n            --icon-bg-color: #17518d ;\n            --maskUrl:url( https:\/\/www.bobex.be\/fr-be\/wp-content\/plugins\/bobex-blocks\/img\/mask.svg );\n            --title-color:#10375e;\n            --bg-color: #d1e8f2;\n            --content-color:#5c5c5c\n        \" class=\"bobex-block-maindiv\" >\n                    <div class=\"bobex-tip-block__icon-area\">\n                        <img decoding=\"async\" src=\"https:\/\/www.bobex.be\/fr-be\/wp-content\/plugins\/bobex-blocks\/img\/advice.png\" alt=\"adive-icon\" class=\"bobex-tip-block__tipsLogo\"\/>\n                    <\/div>\n                    <div class=\"bobex-tip-block__content-area p-2\">\n                        <p class=\"bobex-block-tips-title\"><\/p>\n                        <p class=\"bobex-block-tips-content\"><\/p>\n                        <div>\n<div class=\"wp-block-bobex-advice\">\n<p>Ces trois applications de la vermiculite en tant qu\u2019isolant thermique sont essentielles pour am\u00e9liorer l\u2019efficacit\u00e9 \u00e9nerg\u00e9tique d\u2019une maison et garantir votre confort thermique. Cependant, il est recommand\u00e9 de faire appel \u00e0 des professionnels exp\u00e9riment\u00e9s pour effectuer ces travaux d\u2019isolation, car une installation correcte est cruciale pour obtenir les avantages attendus.<\/p>\n<\/div>\n<\/div>\n                    <\/div>\n            <\/div>\n        \n\n\n<h2 class=\"wp-block-heading\"><span class=\"ez-toc-section\" id=\"Faites_appel_a_un_specialiste_pour_isoler_votre_maison_et_vous_conseiller_au_mieux\"><\/span>Faites appel \u00e0 un sp\u00e9cialiste pour isoler votre maison et vous conseiller au mieux ! <span class=\"ez-toc-section-end\"><\/span><\/h2>\n\n\n\n<p>Si vous \u00eates int\u00e9ress\u00e9 par l\u2019isolation en vermiculite ou tout autre projet de r\u00e9novation, n\u2019h\u00e9sitez pas \u00e0 nous contacter en remplissant simplement le formulaire ci-dessous. Nous vous offrons la possibilit\u00e9 d\u2019entrer en contact avec les meilleurs <strong>professionnels<\/strong> de l\u2019isolation et vous obtiendrez des <strong>devis gratuits <\/strong>pour vous accompagner dans la mise en oeuvre de vos travaux d\u2019isolation.<\/p>\n\n\n<div id=\"ppp\" class=\"bob-form-wrapper\" data-ajax_url=\"https:\/\/www.bobex.be\/fr-be\/wp-admin\/admin-ajax.php\" data-fa_a=\"\" data-fa_b=\"\"><div class=\"loader\" aria-hidden=\"true\"><\/div>    <div>\n        <div class=\"row mx-auto mb-2\" style=\"max-width: 900px;\">\n            <div class=\"col-md-4\"><i class=\"mr-1 fas fa-check\" style=\"color:green;\"><\/i>Devis gratuits et rapides<\/div>\n            <div class=\"col-md-4\"><i class=\"mr-1 fas fa-check\" style=\"color:green;\"><\/i>Sans engagement et obligation<\/div>\n            <div class=\"col-md-4\"><i class=\"mr-1 fas fa-check\" style=\"color:green;\"><\/i>Professionnels agr\u00e9\u00e9s<\/div>\n        <\/div>\n    <\/div><div id=\"form-69f4d9f481992\" class=\"bob-form-container\" style=\"background-color: white; font-family: Roboto, sans-serif !important; font-size: 16px !important; color: #545454; box-shadow: 0 2px 10px rgba(0,0,0,0.1); --font_title: Poppins; --font_size_title: 20px; --title_bg_color: #175da6; --copyright_color: #fde8e1; --box_upload_color: #e5f2f7; padding:unset;\" data-form-type=\"inline\" data-form-id=\"69f4d9f481992\"><style>#form-69f4d9f481992 .bob-form-inline-question.even {\n  background-color: #e5f2f7;\n}\n#form-69f4d9f481992 .single_multiple.multiple_button {\n  background-color: #e5f2f7 !important;\n}\n#form-69f4d9f481992 .bob-form-inline-question--hidden {\n  display: none;\n}<\/style><div class=\"form-questions\"><form id=\"bob-form\" class=\"bob-form bob-form-tag\" method=\"post\" action=\"https:\/\/www.bobex.be\/fr-be\/wp-admin\/admin-ajax.php?action=bobex-form-validation\">    <div class=\"form-title\">\n        Formulez votre demande\n        <div class=\"form-title-info-line\">\n            R\u00e9pondez \u00e0 quelques questions et entrez en contact avec des sp\u00e9cialistes fiables. Nous vous demandons vos coordonn\u00e9es afin de s\u00e9lectionner les professionnels actifs dans votre r\u00e9gion.\n        <\/div>\n    <\/div><div class=\"form-questions bob-form-inline-question\"><div class=\"row\"><div class=\"question col-md-4\"><label>1*. Que voulez-vous isoler?<\/label><\/div><div class=\"answer col-md-8\"><div class=\"bob-form-checkbox d-flex\"><input type=\"checkbox\" class=\"inline-checkbox bob-form-input\" id=\"69f4d9f481992-input-0-1\" data-unique-id=\"69f4d9f481992\" name=\"XML_extra_check[]\" value=\"1\"  required=\"required\" onclick=\"checkboxTurnChecked(this)\"><label for=\"69f4d9f481992-input-0-1\">Isolation int\u00e9rieure d&#039;un toit inclin\u00e9<\/label><\/div><div class=\"bob-form-checkbox d-flex\"><input type=\"checkbox\" class=\"inline-checkbox bob-form-input\" id=\"69f4d9f481992-input-0-2\" data-unique-id=\"69f4d9f481992\" name=\"XML_extra_check[]\" value=\"2\"  required=\"required\" onclick=\"checkboxTurnChecked(this)\"><label for=\"69f4d9f481992-input-0-2\">Isolation ext\u00e9rieure d&#039;un toit inclin\u00e9<\/label><\/div><div class=\"bob-form-checkbox d-flex\"><input type=\"checkbox\" class=\"inline-checkbox bob-form-input\" id=\"69f4d9f481992-input-0-3\" data-unique-id=\"69f4d9f481992\" name=\"XML_extra_check[]\" value=\"3\"  required=\"required\" onclick=\"checkboxTurnChecked(this)\"><label for=\"69f4d9f481992-input-0-3\">Isolation int\u00e9rieure d&#039;un toit plat<\/label><\/div><div class=\"bob-form-checkbox d-flex\"><input type=\"checkbox\" class=\"inline-checkbox bob-form-input\" id=\"69f4d9f481992-input-0-4\" data-unique-id=\"69f4d9f481992\" name=\"XML_extra_check[]\" value=\"4\"  required=\"required\" onclick=\"checkboxTurnChecked(this)\"><label for=\"69f4d9f481992-input-0-4\">Isolation ext\u00e9rieure d&#039;un toit plat<\/label><\/div><div class=\"bob-form-checkbox d-flex\"><input type=\"checkbox\" class=\"inline-checkbox bob-form-input\" id=\"69f4d9f481992-input-0-5\" data-unique-id=\"69f4d9f481992\" name=\"XML_extra_check[]\" value=\"5\"  required=\"required\" onclick=\"checkboxTurnChecked(this)\"><label for=\"69f4d9f481992-input-0-5\">Murs creux<\/label><\/div><div class=\"bob-form-checkbox d-flex\"><input type=\"checkbox\" class=\"inline-checkbox bob-form-input\" id=\"69f4d9f481992-input-0-6\" data-unique-id=\"69f4d9f481992\" name=\"XML_extra_check[]\" value=\"6\"  required=\"required\" onclick=\"checkboxTurnChecked(this)\"><label for=\"69f4d9f481992-input-0-6\">Murs ext\u00e9rieurs<\/label><\/div><div class=\"bob-form-checkbox d-flex\"><input type=\"checkbox\" class=\"inline-checkbox bob-form-input\" id=\"69f4d9f481992-input-0-7\" data-unique-id=\"69f4d9f481992\" name=\"XML_extra_check[]\" value=\"7\"  required=\"required\" onclick=\"checkboxTurnChecked(this)\"><label for=\"69f4d9f481992-input-0-7\">Murs int\u00e9rieurs<\/label><\/div><div class=\"bob-form-checkbox d-flex\"><input type=\"checkbox\" class=\"inline-checkbox bob-form-input\" id=\"69f4d9f481992-input-0-8\" data-unique-id=\"69f4d9f481992\" name=\"XML_extra_check[]\" value=\"8\"  required=\"required\" onclick=\"checkboxTurnChecked(this)\"><label for=\"69f4d9f481992-input-0-8\">Sol<\/label><\/div><div class=\"bob-form-checkbox d-flex\"><input type=\"checkbox\" class=\"inline-checkbox bob-form-input\" id=\"69f4d9f481992-input-0-9\" data-unique-id=\"69f4d9f481992\" name=\"XML_extra_check[]\" value=\"9\"  required=\"required\" onclick=\"checkboxTurnChecked(this)\"><label for=\"69f4d9f481992-input-0-9\">Isolation du vide ventil\u00e9<\/label><\/div><\/div><\/div><\/div><div class=\"form-questions bob-form-inline-question even\"><div class=\"row\"><div class=\"question col-md-4\"><label>2*. Quelle superficie devra \u00eatre isol\u00e9e (estimation)?<\/label><\/div><div class=\"answer col-md-8\"><div class=\"bob-form-radio d-flex\"><input type=\"radio\" class=\"inline-radio\" id=\"69f4d9f481992-input-1-1\" data-unique-id=\"69f4d9f481992\" name=\"XML_extra_radio2\" value=\"1\"  required=\"required\"><label for=\"69f4d9f481992-input-1-1\">Moins de 20 m2<\/label><\/div><div class=\"bob-form-radio d-flex\"><input type=\"radio\" class=\"inline-radio\" id=\"69f4d9f481992-input-1-2\" data-unique-id=\"69f4d9f481992\" name=\"XML_extra_radio2\" value=\"2\"  required=\"required\"><label for=\"69f4d9f481992-input-1-2\">Entre 20 et 50 m2<\/label><\/div><div class=\"bob-form-radio d-flex\"><input type=\"radio\" class=\"inline-radio\" id=\"69f4d9f481992-input-1-3\" data-unique-id=\"69f4d9f481992\" name=\"XML_extra_radio2\" value=\"3\"  required=\"required\"><label for=\"69f4d9f481992-input-1-3\">Entre 50 et 100 m2<\/label><\/div><div class=\"bob-form-radio d-flex\"><input type=\"radio\" class=\"inline-radio\" id=\"69f4d9f481992-input-1-4\" data-unique-id=\"69f4d9f481992\" name=\"XML_extra_radio2\" value=\"4\"  required=\"required\"><label for=\"69f4d9f481992-input-1-4\">Entre 100 et 200 m2<\/label><\/div><div class=\"bob-form-radio d-flex\"><input type=\"radio\" class=\"inline-radio\" id=\"69f4d9f481992-input-1-5\" data-unique-id=\"69f4d9f481992\" name=\"XML_extra_radio2\" value=\"5\"  required=\"required\"><label for=\"69f4d9f481992-input-1-5\">Plus de 200 m2<\/label><\/div><\/div><\/div><\/div><div class=\"form-questions bob-form-inline-question\"><div class=\"row\"><div class=\"question col-md-4\"><label>3*. Quand d\u00e9sirez-vous d\u00e9buter l&rsquo;installation de l&rsquo;isolation?<\/label><\/div><div class=\"answer col-md-8\"><div class=\"bob-form-radio d-flex\"><input type=\"radio\" class=\"inline-radio\" id=\"69f4d9f481992-input-2-1\" data-unique-id=\"69f4d9f481992\" name=\"XML_extra_radio3\" value=\"1\"  required=\"required\"><label for=\"69f4d9f481992-input-2-1\">Le plus rapidement possible, sous le mois<\/label><\/div><div class=\"bob-form-radio d-flex\"><input type=\"radio\" class=\"inline-radio\" id=\"69f4d9f481992-input-2-2\" data-unique-id=\"69f4d9f481992\" name=\"XML_extra_radio3\" value=\"2\"  required=\"required\"><label for=\"69f4d9f481992-input-2-2\">Entre 1 et 3 mois<\/label><\/div><div class=\"bob-form-radio d-flex\"><input type=\"radio\" class=\"inline-radio\" id=\"69f4d9f481992-input-2-3\" data-unique-id=\"69f4d9f481992\" name=\"XML_extra_radio3\" value=\"3\"  required=\"required\"><label for=\"69f4d9f481992-input-2-3\">Entre 4 et 6 mois<\/label><\/div><div class=\"bob-form-radio d-flex\"><input type=\"radio\" class=\"inline-radio\" id=\"69f4d9f481992-input-2-4\" data-unique-id=\"69f4d9f481992\" name=\"XML_extra_radio3\" value=\"4\"  required=\"required\"><label for=\"69f4d9f481992-input-2-4\">Entre 7 et 12 mois<\/label><\/div><\/div><\/div><\/div><div class=\"form-questions bob-form-inline-question even\"><div class=\"row\"><div class=\"question col-md-4\"><label>4. Quel type de b\u00e2timent d\u00e9sirez-vous isoler?<\/label><\/div><div class=\"answer col-md-8\"><div class=\"bob-form-radio d-flex\"><input type=\"radio\" class=\"inline-radio\" id=\"69f4d9f481992-input-3-1\" data-unique-id=\"69f4d9f481992\" name=\"XML_extra_radio4\" value=\"1\"  ><label for=\"69f4d9f481992-input-3-1\">Propri\u00e9t\u00e9 priv\u00e9e<\/label><\/div><div class=\"bob-form-radio d-flex\"><input type=\"radio\" class=\"inline-radio\" id=\"69f4d9f481992-input-3-2\" data-unique-id=\"69f4d9f481992\" name=\"XML_extra_radio4\" value=\"2\"  ><label for=\"69f4d9f481992-input-3-2\">Immeuble commercial<\/label><\/div><\/div><\/div><\/div><div class=\"form-questions bob-form-inline-question\"><div class=\"d-flex flex-column\"><label class=\"question\" for=\"69f4d9f481992-input-4\">5. Description de votre projet<\/label><textarea class=\"bob-form-input\" name=\"XML_remarks\" id=\"69f4d9f481992-input-4\" data-unique-id=\"69f4d9f481992\"><\/textarea><\/div><\/div><div class=\"bob-inline-form bob-form-tag upload-box mb-3\">\n                    <div class=\"row\">\n                        <div class=\"col-md-12 mb-2 question\">Ajouter des photos ou des pi\u00e8ces jointes (en Option)<\/div>\n                        <div class=\"col-md-12\">\n                            <div class=\"box__input\" style=\"background-color: #e5f2f7;\"\n                                 ondrop=\"drop(event)\"\n                                 ondragover=\"allowDrop(event)\"\n                                 ondragleave=\"removeDropFx(event)\"\n                                >\n                                <input type=\"file\"\n                                       class=\"file__input\"\n                                       name=\"attachments[]\"\n                                       id=\"attachments\"\n                                       multiple=\"multiple\"\n                                       accept=\"image\/jpeg, image\/png, image\/gif, application\/pdf\"\n                                       data-multiple-caption=\"{count} files selected\">\n                                <div>\n                                    <label for=\"attachments\"><strong>S\u00e9lectionnez un fichier <\/strong>ou glissez-le ici<\/label>\n                                    <span class=\"box__button bobex-round-cta m-1 py-1\"\n                                          style=\"mix-blend-mode: luminosity\">\n                                        <i class=\"fas fa-cloud-upload-alt text-white\"><\/i>\n                                        T\u00e9l\u00e9charger\n                                    <\/span>\n                                <\/div>\n            \n                                <div class=\"row preview_wrapper m-0\"><\/div>\n                            <\/div>\n            \n                            <div class=\"box__uploading\">Uploading\u2026<\/div>\n                            <div class=\"box__success\">Done!<\/div>\n                            <div class=\"box__error\">Error! <span><\/span>.<\/div>\n                        <\/div>\n                    <\/div>\n                <\/div>    <div class=\"form-title\">\n        Vos donn\u00e9es\n    <\/div><div class=\"bob-form-contact-data\" style=\"padding: 20px\"><div class=\"row lead-info\"><div class=\"col-md-6 mb-3\">  <div class=\"form-group\">    <input value=\"\" type=\"text\" class=\"form-control\" id=\"firstName\" name=\"firstName\" placeholder=\"Pr\u00e9nom\" required>    <div class=\"valid-feedback\">Enchant\u00e9 !<\/div>    <div class=\"invalid-feedback\">Veuillez indiquer votre pr\u00e9nom<\/div>  <\/div><\/div><div class=\"col-md-6 mb-3\">  <div class=\"form-group\">    <input value=\"\" type=\"text\" class=\"form-control\" id=\"lastName\" name=\"lastName\" placeholder=\"Nom\" required>    <div class=\"valid-feedback\">Sympa<\/div>    <div class=\"invalid-feedback\">Veuillez indiquer votre nom de famille<\/div>  <\/div><\/div><div class=\"col-md-12 mb-3\">  <div class=\"form-group\">    <input value=\"\" type=\"email\" class=\"form-control\" id=\"email\" name=\"email\" placeholder=\"E-mail\" required style=\"max-width: unset;\">    <div class=\"valid-feedback\">C&rsquo;est tout bon<\/div>    <div class=\"invalid-feedback\">Veuillez indiquer une adresse e-mail valide<\/div>  <\/div><\/div><div class=\"col-md-12 mb-3\">  <div class=\"form-group\">    <input value=\"\" type=\"tel\" class=\"form-control\" id=\"phone\" name=\"phone\" placeholder=\"T\u00e9l\u00e9phone\" required style=\"max-width: unset;\">    <div class=\"valid-feedback\">Parfait<\/div>    <div class=\"invalid-feedback\">Veuillez indiquer un num\u00e9ro de t\u00e9l\u00e9phone valide<\/div>  <\/div><\/div><div class=\"col-md-12 mb-3\">  <div class=\"form-group\">    <input value=\"\" type=\"text\" class=\"form-control\" id=\"companyAddress\" name=\"companyAddress\" placeholder=\"Adresse\" required style=\"max-width: unset;\">    <div class=\"valid-feedback\">C&rsquo;est not\u00e9<\/div>    <div class=\"invalid-feedback\">Veuillez indiquer une adresse valide<\/div>  <\/div><\/div><div class=\"col-md-6 mb-3\">  <div class=\"form-group\">    <input value=\"\" type=\"text\" class=\"form-control\" id=\"companyPostalCode\" name=\"companyPostalCode\" placeholder=\"Code postal\" required>    <div class=\"valid-feedback\">Excellent !<\/div>    <div class=\"invalid-feedback\">Veuillez indiquer un code postal valide<\/div>  <\/div><\/div><div class=\"col-md-6 mb-3\">  <div class=\"form-group\">    <input value=\"\" type=\"text\" class=\"form-control\" id=\"companyCity\" name=\"companyCity\" placeholder=\"Ville\" required>    <div class=\"valid-feedback\">Bien jou\u00e9<\/div>    <div class=\"invalid-feedback\">Veuillez indiquer une ville valide<\/div>  <\/div><\/div><div class=\"d-flex mt-3\"><input name=\"promoOptin\" value=\"true\" id=\"promoOptin\" type=\"checkbox\" class=\"me-2\" style=\"width: unset\"><label for=\"promoOptin\">Je souhaite rester inform\u00e9 de ma demande et recevoir des conseils pratiques (fortement recommand\u00e9 !) <\/label><\/div><\/div><\/div><input type=\"hidden\" class=\"session_var\" name=\"newform\" value=\"true\"><input type=\"hidden\" class=\"session_var\" name=\"lead-validation-nonce\" value=\"b093144bd6\"><input type=\"hidden\" class=\"session_var\" name=\"aff\" value=\"minisite\"><input type=\"hidden\" class=\"session_var\" name=\"utm_source\" value=\"https:\/\/www.bobex.be\/fr-be\/wp-json\/v2\/content\/149738\"><input type=\"hidden\" class=\"session_var\" name=\"bobx\" value=\"\"><input type=\"hidden\" class=\"session_var\" name=\"sessionType\" value=\"B2C\"><input type=\"hidden\" class=\"session_var\" name=\"utm_medium\" value=\"web\"><input type=\"hidden\" class=\"session_var\" name=\"utm_campaign\" value=\"search\"><input type=\"hidden\" class=\"session_var\" name=\"rem_source\" value=\"https:\/\/www.bobex.be\/fr-be\/isolation\/types-d-isolants\/vermiculite\/\"><input type=\"hidden\" class=\"session_var\" name=\"pixel_id\" value=\"-1\"><input type=\"hidden\" class=\"session_var\" name=\"tabo_id\" value=\"-1\"><input type=\"hidden\" class=\"session_var\" name=\"click_id\" value=\"-1\"><input type=\"hidden\" class=\"session_var\" name=\"gclid\" value=\"-1\"><input type=\"hidden\" class=\"session_var\" name=\"msclkid\" value=\"-1\"><input type=\"hidden\" class=\"session_var\" name=\"past_aff\" value=\"bobex\"><input type=\"hidden\" class=\"session_var\" name=\"redirectTo\" value=\"BE\"><input type=\"hidden\" class=\"session_var\" name=\"is_type_id\" value=\"true\"><input type=\"hidden\" class=\"session_var\" name=\"typeid\" value=\"11427\"><input type=\"hidden\" class=\"session_var\" name=\"companyType\" value=\"label.companytype.consumer\"><input type=\"hidden\" class=\"session_var\" name=\"input_names\" value=\"XML_extra_check,XML_extra_radio2,XML_extra_radio3,XML_extra_radio4,XML_remarks\"><input type=\"hidden\" class=\"form_context\" value=\"BE\"><img decoding=\"async\" class=\"bobex-pixel\" src=\"\" alt=\"\" style=\"display:none\" \/>    <div class=\"bob-form-submit d-flex justify-content-center\">\n        <button type=\"submit\" class=\"form-submit\" style=\"background-color: #F1653A; color: white; border: none !important; border-radius: 5px !important; font-family: Roboto, sans-serif; font-size: 16px;\">\n            Demander un devis\n        <\/button>\n    <\/div>    <div class=\"bob-inline-form form-footer\" style=\"border-radius: 0 0 10px 10px\">\n        <div class=\"bob-form-privacy-text\">\n            <div style=\"float:left;\"><i class=\"fa fa-lock\"><\/i><\/div>\n            <div class=\"ms-2\">\n                <div style='padding-left: 15px;font-size: 0.8em !important;z-index: 10;'><b>Nous respectons votre vie priv\u00e9e<\/b><br> Conform\u00e9ment \u00e0 la loi du 8\/12\/1992 relative \u00e0 la protection de la vie priv\u00e9e, vous disposez d&rsquo;un droit d&rsquo;acc\u00e8s et de rectification \u00e0 vos donn\u00e9es. Pour en savoir plus, consultez notre <span class=\"link_ob\" data-link=\"aHR0cHM6Ly93d3cuYm9iZXguYmUvZnItYmUvcHJvdGVjdGlvbi1kZS1sYS12aWUtcHJpdmVlLw==\" target=\"_blank\">charte sur la vie priv\u00e9e<\/span>.<\/div>\n                \n            <\/div>\n        <\/div>\n    <\/div><\/form><\/div><div class=\"multiple_mini hidden\" data-lead_id=\"\"><p class=\"multiple-title\">Merci d&rsquo;avoir pris le temps de remplir ce formulaire<\/p><p>Nous vous contacterons d\u00e8s que possible pour vous orienter vers le meilleur sp\u00e9cialiste correspondant \u00e0 votre demande.<\/p><div class=\"multiple_wrapper\"><div class=\"loader\"><\/div><p class=\"multiple-title\">Vous cherchez d&rsquo;autres services ?<\/p><p class=\"multiple_text\">Vous souhaitez comparer d&rsquo;autres devis ou explorer d&rsquo;autres services ? Faites-le nous savoir et nous vous mettrons rapidement en relation<\/p><div class=\"multiple_container\"><div class=\"single_multiple multiple_button\" data-typeid=\"11364\"><i class=\"fa-3x cat icon-11364\"><\/i><span class=\"multiple_name\">Panneaux solaires<\/span><\/div><div class=\"single_multiple multiple_button\" data-typeid=\"11428\"><i class=\"fa-3x cat icon-11428\"><\/i><span class=\"multiple_name\">Pompe \u00e0 chaleur<\/span><\/div><div class=\"single_multiple multiple_button\" data-typeid=\"11452\"><i class=\"fa-3x fad fa-door-closed\"><\/i><span class=\"multiple_name\">Ch\u00e2ssis, portes et fen\u00eatres<\/span><\/div><div class=\"single_multiple multiple_button\" data-typeid=\"11982\"><i class=\"fa-3x cat icon-11982\"><\/i><span class=\"multiple_name\">Adoucisseur d&rsquo;eau<\/span><\/div><div class=\"single_multiple multiple_button\" data-typeid=\"11962\"><i class=\"fa-3x cat icon-11962\"><\/i><span class=\"multiple_name\">Travaux de toiture<\/span><\/div><div class=\"single_multiple multiple_button\" data-typeid=\"11992\"><i class=\"fa-3x cat icon-11992\"><\/i><span class=\"multiple_name\">D\u00e9moussage toitures<\/span><\/div><div class=\"single_multiple hidden multiple_button\" data-typeid=\"11453\"><i class=\"fa-3x cat icon-11453\"><\/i><span class=\"multiple_name\">Syst\u00e8me de ventilation<\/span><\/div><div class=\"single_multiple hidden multiple_button\" data-typeid=\"11461\"><i class=\"fa-3x cat icon-11461\"><\/i><span class=\"multiple_name\">Traitement de l&rsquo;humidit\u00e9<\/span><\/div><\/div><\/div><\/div><\/div><\/div>\n\n\n<h2 class=\"wp-block-heading\"><span class=\"ez-toc-section\" id=\"FAQ_Nous_repondons_a_vos_questions_sur_la_vermiculite\"><\/span>FAQ : Nous r\u00e9pondons \u00e0 vos questions sur la vermiculite<span class=\"ez-toc-section-end\"><\/span><\/h2>\n\n\n\n<p>Notre foire aux questions vous permet d&rsquo;en apprendre encore plus sur l&rsquo;isolation avec vermiculite.<\/p>\n\n\n\n<div class=\"wp-block-bobex-frequently-asked-questions bobex-faq-main-wrapper\">\n            <div class=\"bobex-simple-question-answer-block\">\n                <div class=\"bobex-simple-question-answer-block__question\" style=\"background-color: #63b0d1!important; color: white!important;\">\n                    <h3 style=\"color: white!important; margin:unset; font-size:1.2rem;\" class=\"bobex-simple-question-answer-block__question__content\"><span class=\"ez-toc-section\" id=\"Lisolation_en_vermiculite_est-elle_efficace\"><\/span>L\u2019isolation en vermiculite est-elle efficace ?<span class=\"ez-toc-section-end\"><\/span><\/h3>\n                    <div class=\"bobex-simple-question-answer-block__question__toggle\">+<\/div>\n                <\/div>\n                <div class=\"bobex-simple-question-answer-block__answer\" style=\"background-color: !important; color: black!important;\">\n                    <div class=\"bobex-simple-question-answer-block__answer__content\">La vermiculite est un <strong>isolant correct<\/strong>, surtout appr\u00e9ci\u00e9e pour ses performances acoustiques et sa r\u00e9sistance au feu. Cependant, ses propri\u00e9t\u00e9s thermiques restent moins performantes que celles d\u2019isolants comme la laine de roche ou le polyur\u00e9thane, ce qui n\u00e9cessite souvent une \u00e9paisseur plus importante pour atteindre les standards actuels d\u2019efficacit\u00e9 \u00e9nerg\u00e9tique.<\/div>\n                    <div>\n<div class=\"wp-block-bobex-simple-question-answer\"><\/div>\n<\/div>\n                <\/div>\n            <\/div>\n        \n\n\n            <div class=\"bobex-simple-question-answer-block\">\n                <div class=\"bobex-simple-question-answer-block__question\" style=\"background-color: #63b0d1!important; color: white!important;\">\n                    <h3 style=\"color: white!important; margin:unset; font-size:1.2rem;\" class=\"bobex-simple-question-answer-block__question__content\"><span class=\"ez-toc-section\" id=\"Quelle_est_la_duree_de_vie_de_la_vermiculite\"><\/span>Quelle est la dur\u00e9e de vie de la vermiculite ?<span class=\"ez-toc-section-end\"><\/span><\/h3>\n                    <div class=\"bobex-simple-question-answer-block__question__toggle\">+<\/div>\n                <\/div>\n                <div class=\"bobex-simple-question-answer-block__answer\" style=\"background-color: !important; color: black!important;\">\n                    <div class=\"bobex-simple-question-answer-block__answer__content\">La vermiculite est un mat\u00e9riau min\u00e9ral imputrescible, qui ne craint ni l\u2019humidit\u00e9 ni les nuisibles. Sa dur\u00e9e de vie est donc <strong>pratiquement illimit\u00e9e<\/strong>, \u00e0 condition que la mise en \u0153uvre soit correcte et que la structure du b\u00e2timent reste en bon \u00e9tat.<\/div>\n                    <div>\n<div class=\"wp-block-bobex-simple-question-answer\"><\/div>\n<\/div>\n                <\/div>\n            <\/div>\n        \n\n\n            <div class=\"bobex-simple-question-answer-block\">\n                <div class=\"bobex-simple-question-answer-block__question\" style=\"background-color: #63b0d1!important; color: white!important;\">\n                    <h3 style=\"color: white!important; margin:unset; font-size:1.2rem;\" class=\"bobex-simple-question-answer-block__question__content\"><span class=\"ez-toc-section\" id=\"Comment_se_deroule_la_fabrication_de_la_vermiculite_utilisee_comme_isolant\"><\/span>Comment se d\u00e9roule la fabrication de la vermiculite utilis\u00e9e comme isolant ?<span class=\"ez-toc-section-end\"><\/span><\/h3>\n                    <div class=\"bobex-simple-question-answer-block__question__toggle\">+<\/div>\n                <\/div>\n                <div class=\"bobex-simple-question-answer-block__answer\" style=\"background-color: !important; color: black!important;\">\n                    <div class=\"bobex-simple-question-answer-block__answer__content\">La vermiculite est extraite sous forme de minerai brut, puis chauff\u00e9e \u00e0 temp\u00e9rature tr\u00e8s \u00e9lev\u00e9e. Ce traitement thermique provoque l\u2019expansion des paillettes min\u00e9rales, qui se transforment en granul\u00e9s l\u00e9gers et isolants.<\/div>\n                    <div>\n<div class=\"wp-block-bobex-simple-question-answer\"><\/div>\n<\/div>\n                <\/div>\n            <\/div>\n        <\/div>\n\n                    <script type=\"application\/ld+json\">\n                        {\"@context\":\"https:\\\/\\\/schema.org\",\"@type\":\"FAQPage\",\"mainEntity\":[{\"@type\":\"Question\",\"name\":\"L\\u2019isolation en vermiculite est-elle efficace ?\",\"acceptedAnswer\":{\"@type\":\"Answer\",\"text\":\"La vermiculite est un <strong>isolant correct<\\\/strong>, surtout appr\\u00e9ci\\u00e9e pour ses performances acoustiques et sa r\\u00e9sistance au feu. Cependant, ses propri\\u00e9t\\u00e9s thermiques restent moins performantes que celles d\\u2019isolants comme la laine de roche ou le polyur\\u00e9thane, ce qui n\\u00e9cessite souvent une \\u00e9paisseur plus importante pour atteindre les standards actuels d\\u2019efficacit\\u00e9 \\u00e9nerg\\u00e9tique.\"}},{\"@type\":\"Question\",\"name\":\"Quelle est la dur\\u00e9e de vie de la vermiculite ?\",\"acceptedAnswer\":{\"@type\":\"Answer\",\"text\":\"La vermiculite est un mat\\u00e9riau min\\u00e9ral imputrescible, qui ne craint ni l\\u2019humidit\\u00e9 ni les nuisibles. Sa dur\\u00e9e de vie est donc <strong>pratiquement illimit\\u00e9e<\\\/strong>, \\u00e0 condition que la mise en \\u0153uvre soit correcte et que la structure du b\\u00e2timent reste en bon \\u00e9tat.\"}},{\"@type\":\"Question\",\"name\":\"Comment se d\\u00e9roule la fabrication de la vermiculite utilis\\u00e9e comme isolant ?\",\"acceptedAnswer\":{\"@type\":\"Answer\",\"text\":\"La vermiculite est extraite sous forme de minerai brut, puis chauff\\u00e9e \\u00e0 temp\\u00e9rature tr\\u00e8s \\u00e9lev\\u00e9e. Ce traitement thermique provoque l\\u2019expansion des paillettes min\\u00e9rales, qui se transforment en granul\\u00e9s l\\u00e9gers et isolants.\"}}]}\n                    <\/script>\n                ","protected":false},"featured_media":0,"parent":145922,"template":"","meta":{"business":"44056","footnotes":""},"class_list":["post-149738","content","type-content","status-publish","hentry"],"_links":{"self":[{"href":"https:\/\/www.bobex.be\/fr-be\/wp-json\/wp\/v2\/content\/149738","targetHints":{"allow":["GET"]}}],"collection":[{"href":"https:\/\/www.bobex.be\/fr-be\/wp-json\/wp\/v2\/content"}],"about":[{"href":"https:\/\/www.bobex.be\/fr-be\/wp-json\/wp\/v2\/types\/content"}],"version-history":[{"count":9,"href":"https:\/\/www.bobex.be\/fr-be\/wp-json\/wp\/v2\/content\/149738\/revisions"}],"predecessor-version":[{"id":222375,"href":"https:\/\/www.bobex.be\/fr-be\/wp-json\/wp\/v2\/content\/149738\/revisions\/222375"}],"up":[{"embeddable":true,"href":"https:\/\/www.bobex.be\/fr-be\/wp-json\/wp\/v2\/content\/145922"}],"wp:attachment":[{"href":"https:\/\/www.bobex.be\/fr-be\/wp-json\/wp\/v2\/media?parent=149738"}],"curies":[{"name":"wp","href":"https:\/\/api.w.org\/{rel}","templated":true}]}}