{"id":148679,"date":"2023-10-25T08:39:03","date_gmt":"2023-10-25T08:39:03","guid":{"rendered":"https:\/\/www.bobex.be\/fr-be\/?post_type=content&#038;p=148679"},"modified":"2025-10-02T08:50:59","modified_gmt":"2025-10-02T08:50:59","slug":"garage","status":"publish","type":"content","link":"https:\/\/www.bobex.be\/fr-be\/isolation\/maison\/garage\/","title":{"rendered":"Isolation du garage : avantages, m\u00e9thodes et prix en 2026"},"content":{"rendered":"\n<div id=\"ez-toc-container\" class=\"ez-toc-v2_0_82_2 counter-hierarchy ez-toc-counter ez-toc-grey ez-toc-container-direction\">\n<div class=\"ez-toc-title-container\">\n<p class=\"ez-toc-title\" style=\"cursor:inherit\">Sommaire<\/p>\n<span class=\"ez-toc-title-toggle\"><a href=\"#\" class=\"ez-toc-pull-right ez-toc-btn ez-toc-btn-xs ez-toc-btn-default ez-toc-toggle\" aria-label=\"Toggle Table of Content\"><span class=\"ez-toc-js-icon-con\"><span class=\"\"><span class=\"eztoc-hide\" style=\"display:none;\">Toggle<\/span><span class=\"ez-toc-icon-toggle-span\"><svg style=\"fill: #999;color:#999\" xmlns=\"http:\/\/www.w3.org\/2000\/svg\" class=\"list-377408\" width=\"20px\" height=\"20px\" viewBox=\"0 0 24 24\" fill=\"none\"><path d=\"M6 6H4v2h2V6zm14 0H8v2h12V6zM4 11h2v2H4v-2zm16 0H8v2h12v-2zM4 16h2v2H4v-2zm16 0H8v2h12v-2z\" fill=\"currentColor\"><\/path><\/svg><svg style=\"fill: #999;color:#999\" class=\"arrow-unsorted-368013\" xmlns=\"http:\/\/www.w3.org\/2000\/svg\" width=\"10px\" height=\"10px\" viewBox=\"0 0 24 24\" version=\"1.2\" baseProfile=\"tiny\"><path d=\"M18.2 9.3l-6.2-6.3-6.2 6.3c-.2.2-.3.4-.3.7s.1.5.3.7c.2.2.4.3.7.3h11c.3 0 .5-.1.7-.3.2-.2.3-.5.3-.7s-.1-.5-.3-.7zM5.8 14.7l6.2 6.3 6.2-6.3c.2-.2.3-.5.3-.7s-.1-.5-.3-.7c-.2-.2-.4-.3-.7-.3h-11c-.3 0-.5.1-.7.3-.2.2-.3.5-.3.7s.1.5.3.7z\"\/><\/svg><\/span><\/span><\/span><\/a><\/span><\/div>\n<nav><ul class='ez-toc-list ez-toc-list-level-1 eztoc-toggle-hide-by-default' ><li class='ez-toc-page-1 ez-toc-heading-level-2'><a class=\"ez-toc-link ez-toc-heading-1\" href=\"https:\/\/www.bobex.be\/fr-be\/isolation\/maison\/garage\/#Pourquoi_est-ce_important_disoler_son_garage\" >Pourquoi est-ce important d\u2019isoler son garage ?<\/a><\/li><li class='ez-toc-page-1 ez-toc-heading-level-2'><a class=\"ez-toc-link ez-toc-heading-2\" href=\"https:\/\/www.bobex.be\/fr-be\/isolation\/maison\/garage\/#Dans_quel_cas_faut-il_isoler_un_garage\" >Dans quel cas faut-il isoler un garage ?<\/a><\/li><li class='ez-toc-page-1 ez-toc-heading-level-2'><a class=\"ez-toc-link ez-toc-heading-3\" href=\"https:\/\/www.bobex.be\/fr-be\/isolation\/maison\/garage\/#Comment_isoler_efficacement_son_garage\" >Comment isoler efficacement son garage ?<\/a><ul class='ez-toc-list-level-3' ><li class='ez-toc-heading-level-3'><a class=\"ez-toc-link ez-toc-heading-4\" href=\"https:\/\/www.bobex.be\/fr-be\/isolation\/maison\/garage\/#Isoler_la_porte_de_garage\" >Isoler la porte de garage<\/a><ul class='ez-toc-list-level-4' ><li class='ez-toc-heading-level-4'><a class=\"ez-toc-link ez-toc-heading-5\" href=\"https:\/\/www.bobex.be\/fr-be\/isolation\/maison\/garage\/#Isoler_une_porte_de_garage_basculante\" >Isoler une porte de garage basculante<\/a><\/li><li class='ez-toc-page-1 ez-toc-heading-level-4'><a class=\"ez-toc-link ez-toc-heading-6\" href=\"https:\/\/www.bobex.be\/fr-be\/isolation\/maison\/garage\/#Isoler_une_porte_de_garage_sectionnelle\" >Isoler une porte de garage sectionnelle<\/a><\/li><li class='ez-toc-page-1 ez-toc-heading-level-4'><a class=\"ez-toc-link ez-toc-heading-7\" href=\"https:\/\/www.bobex.be\/fr-be\/isolation\/maison\/garage\/#Quelle_isolation_choisir_pour_la_porte_de_garage\" >Quelle isolation choisir pour la porte de garage ?<\/a><\/li><\/ul><\/li><li class='ez-toc-page-1 ez-toc-heading-level-3'><a class=\"ez-toc-link ez-toc-heading-8\" href=\"https:\/\/www.bobex.be\/fr-be\/isolation\/maison\/garage\/#Isoler_le_plafond_ou_la_toiture_dun_garage\" >Isoler le plafond ou la toiture d\u2019un garage<\/a><ul class='ez-toc-list-level-4' ><li class='ez-toc-heading-level-4'><a class=\"ez-toc-link ez-toc-heading-9\" href=\"https:\/\/www.bobex.be\/fr-be\/isolation\/maison\/garage\/#Quelle_isolation_choisir_pour_le_plafond_dun_garage\" >Quelle isolation choisir pour le plafond d\u2019un garage ?<\/a><\/li><li class='ez-toc-page-1 ez-toc-heading-level-4'><a class=\"ez-toc-link ez-toc-heading-10\" href=\"https:\/\/www.bobex.be\/fr-be\/isolation\/maison\/garage\/#Quelle_epaisseur_disolant_faut-il_pour_le_plafond_dun_garage\" >Quelle \u00e9paisseur d\u2019isolant faut-il pour le plafond d\u2019un garage ?<\/a><\/li><\/ul><\/li><li class='ez-toc-page-1 ez-toc-heading-level-3'><a class=\"ez-toc-link ez-toc-heading-11\" href=\"https:\/\/www.bobex.be\/fr-be\/isolation\/maison\/garage\/#Isoler_le_sol_dun_garage\" >Isoler le sol d\u2019un garage<\/a><\/li><li class='ez-toc-page-1 ez-toc-heading-level-3'><a class=\"ez-toc-link ez-toc-heading-12\" href=\"https:\/\/www.bobex.be\/fr-be\/isolation\/maison\/garage\/#Isoler_les_murs_interieurs_ou_exterieurs_dun_garage\" >Isoler les murs int\u00e9rieurs ou ext\u00e9rieurs d\u2019un garage<\/a><ul class='ez-toc-list-level-4' ><li class='ez-toc-heading-level-4'><a class=\"ez-toc-link ez-toc-heading-13\" href=\"https:\/\/www.bobex.be\/fr-be\/isolation\/maison\/garage\/#Quelle_isolation_choisir_pour_les_murs_dun_garage\" >Quelle isolation choisir pour les murs d\u2019un garage ?<\/a><\/li><li class='ez-toc-page-1 ez-toc-heading-level-4'><a class=\"ez-toc-link ez-toc-heading-14\" href=\"https:\/\/www.bobex.be\/fr-be\/isolation\/maison\/garage\/#Quelle_epaisseur_disolant_pour_les_murs_dun_garage\" >Quelle \u00e9paisseur d\u2019isolant pour les murs d\u2019un garage ?<\/a><\/li><\/ul><\/li><\/ul><\/li><li class='ez-toc-page-1 ez-toc-heading-level-2'><a class=\"ez-toc-link ez-toc-heading-15\" href=\"https:\/\/www.bobex.be\/fr-be\/isolation\/maison\/garage\/#Quel_type_disolant_est_le_plus_performant_et_le_plus_adapte_pour_un_garage_Quel_coefficient_R_choisir\" >Quel type d\u2019isolant est le plus performant et le plus adapt\u00e9 pour un garage ? Quel coefficient R choisir ?<\/a><\/li><li class='ez-toc-page-1 ez-toc-heading-level-2'><a class=\"ez-toc-link ez-toc-heading-16\" href=\"https:\/\/www.bobex.be\/fr-be\/isolation\/maison\/garage\/#Quel_budget_prevoir_pour_isoler_un_garage\" >Quel budget pr\u00e9voir pour isoler un garage ?<\/a><ul class='ez-toc-list-level-3' ><li class='ez-toc-heading-level-3'><a class=\"ez-toc-link ez-toc-heading-17\" href=\"https:\/\/www.bobex.be\/fr-be\/isolation\/maison\/garage\/#Exemple_concret_quel_est_le_prix_pour_isoler_un_garage_de_20_m%C2%B2\" >Exemple concret : quel est le prix pour isoler un garage de 20 m\u00b2 ?<\/a><\/li><\/ul><\/li><li class='ez-toc-page-1 ez-toc-heading-level-2'><a class=\"ez-toc-link ez-toc-heading-18\" href=\"https:\/\/www.bobex.be\/fr-be\/isolation\/maison\/garage\/#Isoler_phoniquement_un_garage\" >Isoler phoniquement un garage<\/a><\/li><li class='ez-toc-page-1 ez-toc-heading-level-2'><a class=\"ez-toc-link ez-toc-heading-19\" href=\"https:\/\/www.bobex.be\/fr-be\/isolation\/maison\/garage\/#Comment_isoler_un_garage_soi-meme\" >Comment isoler un garage soi-m\u00eame ?<\/a><\/li><li class='ez-toc-page-1 ez-toc-heading-level-2'><a class=\"ez-toc-link ez-toc-heading-20\" href=\"https:\/\/www.bobex.be\/fr-be\/isolation\/maison\/garage\/#Quelles_sont_les_aides_disponibles_en_Belgique_pour_isoler_son_garage\" >Quelles sont les aides disponibles en Belgique pour isoler son garage ?<\/a><\/li><li class='ez-toc-page-1 ez-toc-heading-level-2'><a class=\"ez-toc-link ez-toc-heading-21\" href=\"https:\/\/www.bobex.be\/fr-be\/isolation\/maison\/garage\/#Faites_appel_a_un_professionnel_pour_isoler_votre_garage_Comparez_jusqua_5_devis_gratuitement\" >Faites appel \u00e0 un professionnel pour isoler votre garage ! Comparez jusqu\u2019\u00e0 5 devis gratuitement<\/a><\/li><li class='ez-toc-page-1 ez-toc-heading-level-2'><a class=\"ez-toc-link ez-toc-heading-22\" href=\"https:\/\/www.bobex.be\/fr-be\/isolation\/maison\/garage\/#FAQ_Vos_questions_sur_lisolation_des_garages\" >FAQ : Vos questions sur l&rsquo;isolation des garages&nbsp;<\/a><ul class='ez-toc-list-level-3' ><li class='ez-toc-heading-level-3'><a class=\"ez-toc-link ez-toc-heading-23\" href=\"https:\/\/www.bobex.be\/fr-be\/isolation\/maison\/garage\/#Comment_isoler_le_bas_dune_porte_de_garage_pour_eviter_les_pertes_de_chaleur\" >Comment isoler le bas d\u2019une porte de garage pour \u00e9viter les pertes de chaleur ?<\/a><\/li><li class='ez-toc-page-1 ez-toc-heading-level-3'><a class=\"ez-toc-link ez-toc-heading-24\" href=\"https:\/\/www.bobex.be\/fr-be\/isolation\/maison\/garage\/#Existe-t-il_des_plaques_a_coller_pour_isoler_les_murs_dun_garage\" >Existe-t-il des plaques \u00e0 coller pour isoler les murs d&rsquo;un garage ?<\/a><\/li><li class='ez-toc-page-1 ez-toc-heading-level-3'><a class=\"ez-toc-link ez-toc-heading-25\" href=\"https:\/\/www.bobex.be\/fr-be\/isolation\/maison\/garage\/#Faut-il_installer_une_porte_isolante_entre_le_garage_et_la_maison\" >Faut-il installer une porte isolante entre le garage et la maison ?\u00a0<\/a><\/li><li class='ez-toc-page-1 ez-toc-heading-level-3'><a class=\"ez-toc-link ez-toc-heading-26\" href=\"https:\/\/www.bobex.be\/fr-be\/isolation\/maison\/garage\/#Polystyrene_ou_plaque_de_polyurethane_quel_isolant_choisir_pour_le_plafond_dun_garage\" >Polystyr\u00e8ne ou plaque de polyur\u00e9thane : quel isolant choisir pour le plafond d\u2019un garage ?<\/a><\/li><\/ul><\/li><\/ul><\/nav><\/div>\n<h2 class=\"wp-block-heading\"><span class=\"ez-toc-section\" id=\"Pourquoi_est-ce_important_disoler_son_garage\"><\/span>Pourquoi est-ce important d\u2019isoler son garage ?<span class=\"ez-toc-section-end\"><\/span><\/h2>\n\n\n\n<p>L\u2019isolation d\u2019un garage n\u2019est pas la premi\u00e8re chose \u00e0 laquelle on pense quand on constate des pertes de chaleur dans son habitation. <\/p>\n\n\n\n<p>Outre le fait de vous permettre de r\u00e9duire votre consommation et vos factures d\u2019\u00e9nergie, une bonne <a href=\"https:\/\/www.bobex.be\/fr-be\/isolation\/maison\/\" target=\"_blank\" rel=\"noreferrer noopener\">isolation de votre maison<\/a> et donc de votre garage va vous apporter un&nbsp;<strong>confort de vie<\/strong> non n\u00e9gligeable. Que ce soit pour en faire un espace de rangement et de stockage, un atelier de bricolage ou m\u00eame une chambre d\u2019amis ou une salle de sport, l\u2019<a href=\"https:\/\/www.bobex.be\/fr-be\/isolation\/\" target=\"_blank\" rel=\"noreferrer noopener\">isolation thermique<\/a> de votre garage va aussi vous permettre d\u2019en faire une&nbsp;<strong>pi\u00e8ce \u00e0 vivre suppl\u00e9mentaire <\/strong>et d&rsquo;augmenter la surface habitable.&nbsp;<\/p>\n\n\n\n<figure class=\"wp-block-image size-full\"><img decoding=\"async\" width=\"1200\" height=\"628\" src=\"https:\/\/www.bobex.be\/wp-uploads\/sites\/2\/garages-maison.jpg\" alt=\"2 garages avec portes blanches devant une habitation\" class=\"wp-image-148712\"\/><\/figure>\n\n\n\n<h2 class=\"wp-block-heading\"><span class=\"ez-toc-section\" id=\"Dans_quel_cas_faut-il_isoler_un_garage\"><\/span>Dans quel cas faut-il isoler un garage ?<span class=\"ez-toc-section-end\"><\/span><\/h2>\n\n\n\n<p>L\u2019<strong>isolation de votre garage<\/strong> va essentiellement d\u00e9pendre de l\u2019<strong>utilisation<\/strong> que vous en faites. De fait, si celui-ci n\u2019a d\u2019utilit\u00e9 que pour y ranger votre voiture ou pour y stocker d\u2019anciennes affaires, l\u2019isoler n\u2019aura pas r\u00e9ellement d\u2019importance. De m\u00eame s\u2019il n\u2019est pas directement attel\u00e9 \u00e0 votre maison, sauf si vous envisagez d\u2019y passer beaucoup de temps.<\/p>\n\n\n\n<p>Dans le cas o\u00f9 le<strong> garage est attel\u00e9 \u00e0 votre habitation<\/strong>, r\u00e9aliser l\u2019isolation de celui-ci vous permettra d\u2019\u00e9viter des ponts thermiques et gardera votre maison au chaud.<\/p>\n\n\n\n<h2 class=\"wp-block-heading\"><span class=\"ez-toc-section\" id=\"Comment_isoler_efficacement_son_garage\"><\/span>Comment isoler efficacement son garage ?<span class=\"ez-toc-section-end\"><\/span><\/h2>\n\n\n\n<p>Il existe diff\u00e9rentes m\u00e9thodes pour r\u00e9aliser l\u2019isolation de votre garage. La technique pour laquelle vous allez opter va d\u00e9pendre du fait <strong>que votre garage soit un volume prot\u00e9g\u00e9 ou non<\/strong>.<\/p>\n\n\n\n<p>Un <strong>volume prot\u00e9g\u00e9<\/strong> repr\u00e9sente l\u2019ensemble des espaces que l\u2019on veut prot\u00e9ger des <a href=\"https:\/\/www.bobex.be\/fr-be\/isolation\/maison\/deperditions-thermiques\/\" target=\"_blank\" rel=\"noreferrer noopener\">d\u00e9perditions thermiques<\/a> vers l\u2019ext\u00e9rieur, le sol ou les espaces non chauff\u00e9s se trouvant \u00e0 proximit\u00e9.<\/p>\n\n\n\n                <div class='bobex-cta-block' style='\n            --button-bg-color: #e13c0e;\n            --button-text-color: #ffffff;\n            --banner-bg-color: #aad4e6;\n            --arrow-main-bg-color: #aad4e6;\n            --arrow-secondary-bg-color: #e5f2f7;\n            --banner-title-color: #10375e;\n            --arrow-title-color: #10375e;\n            --banner-text-color: #545454;\n            --arrow-text-color: #545454;         \n            --invert-range: 0deg;\n        '>\n                    <div class='cta-banner'>\n                        <div class='h3'>Votre garage \u00e0 besoin d&rsquo;\u00eatre isoler ?<\/div>\n                        <div class='text-color'>Prenez contact avec des professionnels et recevez jusqu&rsquo;a 5 devis gratuits sur mesure !<\/div>\n                        <span>\n                            <img src='https:\/\/www.bobex.be\/wp-uploads\/sites\/2\/arrow-cta-box.png' alt='arrow' class='img-color'\/>\n                            <a class='cta-button-rounded' href=\"#ppp\">Demander mes devis<\/a>\n                        <\/span>   \n                    <\/div>\n                <\/div>\n\n\n<h3 class=\"wp-block-heading\"><span class=\"ez-toc-section\" id=\"Isoler_la_porte_de_garage\"><\/span>Isoler la porte de garage<span class=\"ez-toc-section-end\"><\/span><\/h3>\n\n\n\n<p>Une porte de garage est l\u2019endroit le plus <strong>sensible aux variations de temp\u00e9rature<\/strong>. Il est donc n\u00e9cessaire d\u2019y pr\u00eater une attention particuli\u00e8re quand vous r\u00e9alisez l\u2019isolation de votre garage.<\/p>\n\n\n\n<h4 class=\"wp-block-heading\"><span class=\"ez-toc-section\" id=\"Isoler_une_porte_de_garage_basculante\"><\/span>Isoler une porte de garage basculante<span class=\"ez-toc-section-end\"><\/span><\/h4>\n\n\n\n<p>La porte basculante est compos\u00e9e d\u2019un panneau qui pivote vers le haut. Pour l\u2019isoler efficacement, il est conseill\u00e9 d\u2019utiliser des <strong>panneaux d\u2019isolants minces et l\u00e9gers<\/strong> pour ne pas trop alourdir la porte et bloquer le fonctionnement du syst\u00e8me d&rsquo;ouverture.<\/p>\n\n\n\n<p>Le polystyr\u00e8ne extrud\u00e9 ou le polyur\u00e9thane sont des isolants adapt\u00e9s. Ceux-ci se fixent directement sur la face int\u00e9rieure de la porte \u00e0 l\u2019aide d\u2019un adh\u00e9sif ou de bandes de fixation.<\/p>\n\n\n\n<h4 class=\"wp-block-heading\"><span class=\"ez-toc-section\" id=\"Isoler_une_porte_de_garage_sectionnelle\"><\/span>Isoler une porte de garage sectionnelle<span class=\"ez-toc-section-end\"><\/span><\/h4>\n\n\n\n<p>Les portes sectionnelles sont excellentes car g\u00e9n\u00e9ralement d\u00e9j\u00e0 isol\u00e9es. Elles sont compos\u00e9es d&rsquo;une <strong>double paroi<\/strong> avec une <strong>\u00e9paisseur d&rsquo;isolant<\/strong> entre les deux panneaux. Pour am\u00e9liorer son isolation, vous pouvez renforcer les joints d&rsquo;\u00e9tanch\u00e9it\u00e9 ou ajouter des panneaux isolants l\u00e9gers suppl\u00e9mentaires.<\/p>\n\n\n\n<figure class=\"wp-block-image size-full\"><img decoding=\"async\" width=\"1200\" height=\"630\" src=\"https:\/\/www.bobex.be\/wp-uploads\/sites\/2\/porte-garage-isolation.jpg\" alt=\"Homme en train de r\u00e9aliser des travaux d'isolation sur porte de garage\" class=\"wp-image-213678\"\/><\/figure>\n\n\n\n<h4 class=\"wp-block-heading\"><span class=\"ez-toc-section\" id=\"Quelle_isolation_choisir_pour_la_porte_de_garage\"><\/span>Quelle isolation choisir pour la porte de garage ?<span class=\"ez-toc-section-end\"><\/span><\/h4>\n\n\n\n<p>Pour isoler votre porte de garage, vous allez devoir prendre en compte son mat\u00e9riau de fabrication.<\/p>\n\n\n\n<p>La <strong>couche isolante<\/strong> utilis\u00e9e pour l\u2019isolation d\u2019une porte de garage doit \u00eatre <strong>la plus fine possible<\/strong> pour permettre son ouverture et sa fermeture. Les mat\u00e9riaux isolants tels que le <strong>polystyr\u00e8ne extrud\u00e9 (XPS)<\/strong>, le<strong> polystyr\u00e8ne expans\u00e9 (EPS)<\/strong> et le <strong>polyur\u00e9thane (PUR)<\/strong> sous forme de panneaux, sont les options \u00e0 privil\u00e9gier pour obtenir un r\u00e9sultat optimal.<\/p>\n\n\n\n<p>Vous pouvez aussi avoir recours \u00e0 un <strong>kit d\u2019isolation<\/strong> pour isoler votre porte de garage. Avec un co\u00fbt allant <strong>de 10 \u00e0 50\u20ac<\/strong>, vous pourrez vous en procurer dans un magasin de bricolage. Ils sont con\u00e7us pour s\u2019adapter aux dimensions d\u2019une porte de garage standard, c\u2019est-\u00e0-dire, une porte ayant comme dimensions 200x240cm.<\/p>\n\n\n\n<h3 class=\"wp-block-heading\"><span class=\"ez-toc-section\" id=\"Isoler_le_plafond_ou_la_toiture_dun_garage\"><\/span>Isoler le plafond ou la toiture d\u2019un garage<span class=\"ez-toc-section-end\"><\/span><\/h3>\n\n\n\n<p>Dans certains cas, comme si votre garage se trouve sous l\u2019une des pi\u00e8ces \u00e0 vivre dans votre habitation, l\u2019isolation du plafond de votre garage est n\u00e9cessaire pour <strong>am\u00e9liorer votre confort thermique<\/strong> au quotidien ainsi que pour \u00e9viter les d\u00e9perditions thermiques.<\/p>\n\n\n\n<p>Au niveau du mat\u00e9riau isolant \u00e0 utiliser, tout d\u00e9pendra des mat\u00e9riaux constituant la structure de votre garage. Si celle-ci est une <strong>charpente en bois<\/strong>, il sera pr\u00e9f\u00e9rable d\u2019avoir recours \u00e0 des <strong>isolants min\u00e9raux<\/strong> comme la laine de verre.<\/p>\n\n\n\n<h4 class=\"wp-block-heading\"><span class=\"ez-toc-section\" id=\"Quelle_isolation_choisir_pour_le_plafond_dun_garage\"><\/span>Quelle isolation choisir pour le plafond d\u2019un garage ?<span class=\"ez-toc-section-end\"><\/span><\/h4>\n\n\n\n<p>Si le plafond de votre garage est <strong>en b\u00e9ton ou en briques<\/strong>, les <strong>isolants synth\u00e9tiques<\/strong> sont recommand\u00e9s. Sous forme de plaques, le polyur\u00e9thane (PUR) ou le polystyr\u00e8ne extrud\u00e9 (XPS) seront id\u00e9als. Le li\u00e8ge peut aussi \u00eatre une alternative si vous pr\u00e9f\u00e9rez les isolants naturels.<\/p>\n\n\n\n<p>Vous pouvez aussi avoir recours \u00e0 l<strong>\u2018installation d\u2019un faux plafond<\/strong> pour isoler le plafond de votre garage. M\u00e9thode fr\u00e9quemment utilis\u00e9e, vous pourrez faire passer des canalisations ou autres \u00e9l\u00e9ments dans l\u2019espace s\u00e9parant le plafond d\u2019origine et le faux plafond.<\/p>\n\n\n\n<h4 class=\"wp-block-heading\"><span class=\"ez-toc-section\" id=\"Quelle_epaisseur_disolant_faut-il_pour_le_plafond_dun_garage\"><\/span>Quelle \u00e9paisseur d\u2019isolant faut-il pour le plafond d\u2019un garage ?<span class=\"ez-toc-section-end\"><\/span><\/h4>\n\n\n\n<p>L\u2019<a href=\"https:\/\/www.bobex.be\/fr-be\/isolation\/epaisseur-isolant\/\" target=\"_blank\" rel=\"noreferrer noopener\">\u00e9paisseur d\u2019isolant<\/a> \u00e0 poser sur le plafond d\u2019un garage <strong>d\u00e9pend de plusieurs facteurs<\/strong> : si c&rsquo;est un volume prot\u00e9g\u00e9 ou non, la position du garage par rapport aux pi\u00e8ces de vie, le type d\u2019isolant utilis\u00e9, etc.<\/p>\n\n\n\n<p>En r\u00e8gle g\u00e9n\u00e9rale :<\/p>\n\n\n\n<ul class=\"wp-block-list\">\n<li>Pour une <strong>bonne isolation thermique<\/strong>, il faut pr\u00e9voir <strong>entre 8 et 12 cm<\/strong> de panneaux rigides (polystyr\u00e8ne extrud\u00e9, polyur\u00e9thane, laine de bois compress\u00e9e\u2026).<\/li>\n\n\n\n<li>Si vous utilisez de la <strong>laine min\u00e9rale en rouleaux ou en panneaux<\/strong>, il est recommand\u00e9 de poser <strong>12 \u00e0 15 cm minimum<\/strong> pour obtenir une performance correcte.<\/li>\n\n\n\n<li>Le polyur\u00e9thane (PUR) est le plus performant : <strong>8 \u00e0 10 cm suffisent<\/strong> pour atteindre une isolation \u00e9quivalente \u00e0 12-14 cm de laine min\u00e9rale.<\/li>\n<\/ul>\n\n\n\n<figure class=\"wp-block-image size-full\"><img decoding=\"async\" width=\"1200\" height=\"628\" src=\"https:\/\/www.bobex.be\/wp-uploads\/sites\/2\/travaux-garage.jpg\" alt=\"Garage en travaux avec isolant sur le plafond\" class=\"wp-image-148721\"\/><\/figure>\n\n\n\n<h3 class=\"wp-block-heading\"><span class=\"ez-toc-section\" id=\"Isoler_le_sol_dun_garage\"><\/span>Isoler le sol d\u2019un garage<span class=\"ez-toc-section-end\"><\/span><\/h3>\n\n\n\n<p>Lorsque vous souhaitez isoler le sol de votre garage, 2 m\u00e9thodes s\u2019offrent \u00e0 vous : <strong>par le dessous<\/strong> et <strong>par le dessus<\/strong>.<\/p>\n\n\n\n<p>Pour isoler le sol de votre garage <strong>par le dessous<\/strong>, vous devrez passer par le plafond de votre vide sanitaire ou de votre cave, si l\u2019am\u00e9nagement de votre habitation le permet.<\/p>\n\n\n\n<p><strong>Isoler par le dessus<\/strong> n\u00e9cessitera des travaux plus cons\u00e9quents. De fait, il faudra enlever le rev\u00eatement pr\u00e9sent sur votre sol pour proc\u00e9der \u00e0 l\u2019isolation, ce qui repr\u00e9sente des travaux de d\u00e9molition.<\/p>\n\n\n\n<p>Si votre garage repose sur une dalle de b\u00e9ton existante, l\u2019isolation par le dessus n\u00e9cessitera la pose d\u2019un isolant avant la mise en place d\u2019un nouveau rev\u00eatement de sol.<\/p>\n\n\n\n<p>Quelle que soit la technique que vous choisissez, la <strong>pose d\u2019un nouveau rev\u00eatement<\/strong> au-dessous des panneaux isolants sera n\u00e9cessaire.<\/p>\n\n\n\n<p>Diff\u00e9rents mat\u00e9riaux isolants peuvent \u00eatre efficaces pour l\u2019isolation de votre garage : la <strong>laine de verre<\/strong>, la <strong>laine de roche<\/strong>, le <strong>polyur\u00e9thane<\/strong>, le <strong>polystyr\u00e8ne<\/strong>, le <strong>li\u00e8ge<\/strong> et la <strong>fibre de bois<\/strong>.<\/p>\n\n\n\n<p>Pour r\u00e9aliser l\u2019isolation du sol de votre garage, il est conseill\u00e9 de faire appel \u00e0 un professionnel agr\u00e9\u00e9 pour obtenir un r\u00e9sultat optimal. De plus, vous aurez alors acc\u00e8s aux diff\u00e9rentes aides financi\u00e8res propos\u00e9es par les trois r\u00e9gions belges.<\/p>\n\n\n\n                <div class='bobex-cta-block' style='\n            --button-bg-color: #e13c0e;\n            --button-text-color: #ffffff;\n            --banner-bg-color: #aad4e6;\n            --arrow-main-bg-color: #aad4e6;\n            --arrow-secondary-bg-color: #e5f2f7;\n            --banner-title-color: #10375e;\n            --arrow-title-color: #10375e;\n            --banner-text-color: #545454;\n            --arrow-text-color: #545454;         \n            --invert-range: 0deg;\n        '>\n                    <div class='cta-arrow-text d-flex d-lg-none'>\n                        <a class='cta-button-rounded' href='#ppp'>Remplir le formulaire<\/a>\n                    <\/div>\n                    <div class='d-none d-lg-flex flex-no-wrap'>\n                        <div class=\"col-7 cta-arrow-text d-flex text-color\">\n                            <div class=\"m-auto\">\n                                <div class=\"h3\">Vous souhaitez isoler votre garage ?<\/div>\n                                <div class='text-color'>Demandez vos devis et conseils sur mesure !<\/div>\n                            <\/div>\n                        <\/div>\n                        <div class='cta-arrow-link col-5'>\n                            <a class='cta-button-rounded' href=\"#ppp\">Remplir le formulaire<\/a>\n                        <\/div>\n                    <\/div>\n                <\/div>\n\n\n<h3 class=\"wp-block-heading\"><span class=\"ez-toc-section\" id=\"Isoler_les_murs_interieurs_ou_exterieurs_dun_garage\"><\/span>Isoler les murs int\u00e9rieurs ou ext\u00e9rieurs d\u2019un garage<span class=\"ez-toc-section-end\"><\/span><\/h3>\n\n\n\n<p>Si vous souhaitez faire l&rsquo;isolation des murs de votre garage, 2 techniques sont possibles : l\u2019<strong>isolation des murs int\u00e9rieurs<\/strong> ou l\u2019<strong>isolation des murs ext\u00e9rieurs<\/strong>.<\/p>\n\n\n\n<p>L\u2019i<strong>solation par l\u2019ext\u00e9rieur<\/strong> est id\u00e9ale si vous souhaitez conserver la superficie int\u00e9rieure de l\u2019espace dans votre garage intacte. Les travaux pour ce type d\u2019isolation n\u00e9cessitent des travaux plus importants que si vous optez pour l\u2019isolation par l\u2019int\u00e9rieur : il sera n\u00e9cessaire de poser un nouveau rev\u00eatement sur la fa\u00e7ade \u00e0 la suite de la pose de l\u2019isolant. Si vous r\u00e9alisez une r\u00e9novation de votre fa\u00e7ade, il s\u2019agit de la meilleure solution pour laquelle opter.<\/p>\n\n\n\n<h4 class=\"wp-block-heading\"><span class=\"ez-toc-section\" id=\"Quelle_isolation_choisir_pour_les_murs_dun_garage\"><\/span>Quelle isolation choisir pour les murs d\u2019un garage ?<span class=\"ez-toc-section-end\"><\/span><\/h4>\n\n\n\n<p>Vous pouvez aussi faire l&rsquo;isolation des murs de votre garage <strong>par l\u2019int\u00e9rieur<\/strong>. Pour ce faire, vous allez pouvoir soit :<\/p>\n\n\n\n<ul class=\"wp-block-list\">\n<li>Poser une <strong>structure m\u00e9tallique<\/strong> dans laquelle vous allez ins\u00e9rer des plaques de pl\u00e2tre ainsi que le mat\u00e9riau isolant.<\/li>\n\n\n\n<li>Poser un <strong>isolant<\/strong> comme de la laine de verre, de la laine de roche ou encore de la laine de mouton directement sur le mur et ensuite, poser des <strong>plaques de pl\u00e2tre<\/strong> par-dessus.<\/li>\n<\/ul>\n\n\n\n<h4 class=\"wp-block-heading\"><span class=\"ez-toc-section\" id=\"Quelle_epaisseur_disolant_pour_les_murs_dun_garage\"><\/span>Quelle \u00e9paisseur d\u2019isolant pour les murs d\u2019un garage ?<span class=\"ez-toc-section-end\"><\/span><\/h4>\n\n\n\n<p>L\u2019\u00e9paisseur d\u2019isolant \u00e0 pr\u00e9voir pour les murs d\u00e9pend de l\u2019usage du garage et de son emplacement par rapport \u00e0 la maison :<\/p>\n\n\n\n<ul class=\"wp-block-list\">\n<li><strong>Garage en contact avec la surface habitable de la maison<\/strong> : il est conseill\u00e9 de viser une bonne performance pour limiter les d\u00e9perditions thermiques vers la maison et diminuer vos factures d&rsquo;\u00e9nergie. Entre <strong>10 et 12 cm<\/strong> de panneaux isolants rigides en polystyr\u00e8ne, polyur\u00e9thane ou laine de bois ou <strong>12 \u00e0 15 cm<\/strong> de laine min\u00e9rale.<\/li>\n\n\n\n<li><strong>Garage ind\u00e9pendant<\/strong> : l\u2019isolation peut \u00eatre all\u00e9g\u00e9e, voire inutile, sauf si vous comptez l\u2019utiliser comme atelier ou pi\u00e8ce habitable.<\/li>\n<\/ul>\n\n\n\n<h2 class=\"wp-block-heading\"><span class=\"ez-toc-section\" id=\"Quel_type_disolant_est_le_plus_performant_et_le_plus_adapte_pour_un_garage_Quel_coefficient_R_choisir\"><\/span>Quel type d\u2019isolant est le plus performant et le plus adapt\u00e9 pour un garage ? Quel coefficient R choisir ?<span class=\"ez-toc-section-end\"><\/span><\/h2>\n\n\n\n<p>Le <a href=\"https:\/\/www.bobex.be\/fr-be\/isolation\/types-d-isolants\/\" target=\"_blank\" rel=\"noreferrer noopener\">type d&rsquo;isolant<\/a> que vous allez choisir pour votre garage va d\u00e9pendre de diff\u00e9rents facteurs. Tout d\u2019abord, les mat\u00e9riaux isolants que vous allez choisir vont d\u00e9pendre des mat\u00e9riaux constituant la structure de votre garage. Ensuite, cela va d\u00e9pendre de la surface que vous souhaitez isoler et de l&rsquo;usage que vous faites de votre garage.<\/p>\n\n\n\n<p>Les mat\u00e9riaux les mieux adapt\u00e9s et qui ont une bonne performance thermique pour l&rsquo;isolation d&rsquo;un garage sont le <strong>polyur\u00e9thane<\/strong>, le <strong>polystyr\u00e8ne extrud\u00e9<\/strong> et les <strong>laines min\u00e9rales<\/strong> (de verre ou de roche). Ils sont l\u00e9gers et r\u00e9sistants aux potentiels probl\u00e8mes d&rsquo;humidit\u00e9.&nbsp;<\/p>\n\n\n\n<p>Les mat\u00e9riaux synth\u00e9tiques sont un peu plus performants que les laines min\u00e9rales mais aussi <strong>plus on\u00e9reux<\/strong>. N\u00e9anmoins, leur meilleure performance pourrait compenser le prix de l&rsquo;isolation en r\u00e9duisant vos factures d&rsquo;\u00e9nergie sur le long terme.<\/p>\n\n\n\n<p>Pour un garage accol\u00e9 \u00e0 la maison, situ\u00e9 sous une pi\u00e8ce de vie ou faisant partie int\u00e9grante de la surface habitable, il est conseill\u00e9 de viser une <strong>r\u00e9sistance thermique (R) d\u2019au moins 3 \u00e0 4 m\u00b2.K\/W<\/strong> pour les murs et plafonds.<\/p>\n\n\n\n<h2 class=\"wp-block-heading\"><span class=\"ez-toc-section\" id=\"Quel_budget_prevoir_pour_isoler_un_garage\"><\/span>Quel budget pr\u00e9voir pour isoler un garage ?<span class=\"ez-toc-section-end\"><\/span><\/h2>\n\n\n\n<p>Le prix de l\u2019isolation de votre garage va d\u00e9pendre de la surface que vous souhaitez isoler mais aussi de l\u2019isolant que vous allez utiliser. Nous avons repris ci-dessous les tarifs auxquels vous pouvez vous attendre pour l\u2019isolation de votre garage en fonction de la surface.<\/p>\n\n\n\n            <div class='bobex-table-wrapper' style='\n            --bobex-table-dark-row-color: #D1E8F2;\n        '>\n                <table class='' data-columns='3'>\n                    <thead style='\n            --bobex-table-header-background-color: #10375E;\n            --bobex-table-header-text-color: #FFFFFF;\n        '><th>Partie du garage \u00e0 isoler<\/th><th>Technique d\u2019isolation<\/th><th>Prix au m\u00b2<\/th><\/thead><tr><td>Isoler le sol d\u2019un garage<\/td><td>Isolation par le dessus<\/td><td>Entre 20 et 35\u20ac<\/td><\/tr><tr><td><\/td><td>Isolation par le dessous<\/td><td>Entre 20 et 35\u20ac<\/td><\/tr><tr><td>Isoler les murs d\u2019un garage<\/td><td>Isolation interne<\/td><td>Entre 45 et 80\u20ac<\/td><\/tr><tr><td><\/td><td>Isolation externe<\/td><td>Entre 100 et 150\u20ac<\/td><\/tr><tr><td>Isoler le plafond d\u2019un garage<\/td><td><\/td><td>Entre 20 et 40\u20ac<\/td><\/tr><tr><td>Isoler la toiture d\u2019un garage<\/td><td><\/td><td>Entre 40 et 115\u20ac<\/td><\/tr>\n                <\/table>\n            <\/div>\n        \n\n\n            <div class=\"bobex-highlight-global-div\" style=\"\n            --line-color: #17518d;\n            --bg-color: #e5f2f7;\n            --content-color:#10375e;\n            --title-color: #10375e;\n        \">\n                    <div class=\"bobex-highlight-block__border\">\n                        <div class=\"bobex--block_highlight_content-area\">\n                            <h3 class=\"bobex-block-highlight-title\"><span class=\"ez-toc-section\" id=\"Exemple_concret_quel_est_le_prix_pour_isoler_un_garage_de_20_m%C2%B2\"><\/span>Exemple concret : quel est le prix pour isoler un garage de 20 m\u00b2 ?<span class=\"ez-toc-section-end\"><\/span><\/h3>\n                            <p class=\"bobex-block-highlight-content\">\n                            \t<div>\n<div class=\"wp-block-bobex-highlight\">\n<p>Le prix de l&rsquo;isolation d&rsquo;un <strong>garage de 20m\u00b2<\/strong> compte environ 500\u20ac pour isoler le sol. Pour le plafond, cela co\u00fbtera environ 600\u20ac ou 1.600\u20ac si vous isolez la toiture. Pour les murs, une isolation interne coutera environ 1.300\u20ac et une isolation externe 2.500\u20ac.<\/p>\n\n\n\n<p>En conclusion, le prix de l&rsquo;isolation compl\u00e8te du garage sera&nbsp;<strong>entre 2.400 et 4.600\u20ac<\/strong> selon vos choix.<\/p>\n\n\n<div class='bobex-cta-block' style='\n            --button-bg-color: #e13c0e;\n            --button-text-color: #ffffff;\n            --banner-bg-color: #aad4e6;\n            --arrow-main-bg-color: #aad4e6;\n            --arrow-secondary-bg-color: #e5f2f7;\n            --banner-title-color: #10375e;\n            --arrow-title-color: #10375e;\n            --banner-text-color: #545454;\n            --arrow-text-color: #545454;         \n            --invert-range: 0deg;\n        '><a class='cta-button' href='#ppp'>Demandez vos devis gratuits et comparez les offres !<\/a><\/div><\/div>\n<\/div>\n                            <\/p>\n                        <\/div>\n                    <\/div>\n            <\/div>\n        \n\n\n<h2 class=\"wp-block-heading\"><span class=\"ez-toc-section\" id=\"Isoler_phoniquement_un_garage\"><\/span>Isoler phoniquement un garage<span class=\"ez-toc-section-end\"><\/span><\/h2>\n\n\n\n<p>L&rsquo;<a href=\"https:\/\/www.bobex.be\/fr-be\/isolation\/phonique\/\" target=\"_blank\" rel=\"noreferrer noopener\">isolation phonique<\/a> d&rsquo;un garage est importante \u00e0 consid\u00e9rer car cette pi\u00e8ce constitue souvent l\u2019endroit id\u00e9al pour vous adonner \u00e0 des plaisirs tels que le bricolage ou la musique. Malheureusement, les bruits \u00e9manant de ces activit\u00e9s peuvent \u00eatre d\u00e9rangeants pour les autres personnes occupant le logement.&nbsp;<\/p>\n\n\n\n<p>Pour \u00e9viter que votre entourage ne soit d\u00e9rang\u00e9 par des bruits de visseuses ou par des bruits d\u2019instruments de musique, vous pouvez r\u00e9aliser une isolation acoustique en installant, sur vos murs, des&nbsp;<strong>plaques con\u00e7ues pour absorber les bruits<\/strong>. Ces plaques sont g\u00e9n\u00e9ralement en <strong>polyur\u00e9thane<\/strong>, en <strong>polyester <\/strong>ou encore en <strong>mousse de m\u00e9lamine<\/strong>.<\/p>\n\n\n\n<p>Cela vous prot\u00e9gera \u00e9galement des bruits parasites pouvant \u00e9maner de vos voisins.<\/p>\n\n\n\n<p>L\u2019<strong>isolation acoustique de votre porte de garage<\/strong> est essentielle, car elle laisse passer la plupart des bruits. Quelle que soit la pi\u00e8ce dans laquelle vous vous trouvez, la porte repr\u00e9sente le point faible de celle-ci. L\u2019importance des travaux d&rsquo;isolation acoustique qui vont \u00eatre mis en \u0153uvre d\u00e9pendra de l\u2019utilit\u00e9 que vous avez du lieu.<\/p>\n\n\n\n<figure class=\"wp-block-image size-full\"><img decoding=\"async\" width=\"1200\" height=\"630\" src=\"https:\/\/www.bobex.be\/wp-uploads\/sites\/2\/garage-isolation.jpg\" alt=\"Garage isol\u00e9 et emm\u00e9nag\u00e9 avec grande porte et \u00e9tag\u00e8res. \" class=\"wp-image-213681\"\/><\/figure>\n\n\n\n<h2 class=\"wp-block-heading\"><span class=\"ez-toc-section\" id=\"Comment_isoler_un_garage_soi-meme\"><\/span>Comment isoler un garage soi-m\u00eame ?<span class=\"ez-toc-section-end\"><\/span><\/h2>\n\n\n\n<p>M\u00eame s\u2019il est recommand\u00e9 de faire appel \u00e0 un professionnel pour garantir un r\u00e9sultat optimal, il est totalement possible d\u2019isoler son garage soi-m\u00eame. Afin de vous assurer une isolation r\u00e9alis\u00e9e dans les r\u00e8gles de l\u2019art, il est important de respecter quelques \u00e9tapes.<\/p>\n\n\n\n<p>Assurez-vous de choisir l\u2019isolant correspondant \u00e0 vos besoins pour que votre isolation soit optimale. Une mani\u00e8re simple de proc\u00e9der est d\u2019utiliser une <strong>ossature m\u00e9tallique<\/strong> dont vous allez combler les vides avec le mat\u00e9riau isolant de votre choix. Vous pourrez, une fois l\u2019isolant en place, fixer des plaques de pl\u00e2tre sur cette m\u00eame ossature m\u00e9tallique.<\/p>\n\n\n\n<h2 class=\"wp-block-heading\"><span class=\"ez-toc-section\" id=\"Quelles_sont_les_aides_disponibles_en_Belgique_pour_isoler_son_garage\"><\/span>Quelles sont les aides disponibles en Belgique pour isoler son garage ?<span class=\"ez-toc-section-end\"><\/span><\/h2>\n\n\n\n<p>Il existe des <a href=\"https:\/\/www.bobex.be\/fr-be\/isolation\/primes\/\" target=\"_blank\" rel=\"noreferrer noopener\">primes et aides financi\u00e8res<\/a> dont vous pouvez b\u00e9n\u00e9ficier lorsque vous effectuez une&nbsp;<strong>r\u00e9novation \u00e9nerg\u00e9tique <\/strong>de votre habitation. Pour en savoir plus sur les diff\u00e9rentes primes et les conditions d\u2019octroi des aides financi\u00e8res, vous pouvez vous renseigner aupr\u00e8s de l\u2019autorit\u00e9 comp\u00e9tente de votre r\u00e9gion ou faire appel \u00e0 un expert de l\u2019isolation.<\/p>\n\n\n\n<h2 class=\"wp-block-heading\"><span class=\"ez-toc-section\" id=\"Faites_appel_a_un_professionnel_pour_isoler_votre_garage_Comparez_jusqua_5_devis_gratuitement\"><\/span>Faites appel \u00e0 un professionnel pour isoler votre garage ! Comparez jusqu\u2019\u00e0 5 devis gratuitement<span class=\"ez-toc-section-end\"><\/span><\/h2>\n\n\n\n<p>Vous r\u00eavez d\u2019am\u00e9nager votre garage ? Faites appel \u00e0 un professionnel pour la r\u00e9alisation de l\u2019isolation de celui-ci ! En compl\u00e9tant notre formulaire disponible ci-dessous, vous recevrez jusqu\u2019\u00e0 5 devis gratuits de la part de professionnels qualifi\u00e9s, \u00e0 proximit\u00e9 de chez vous !<\/p>\n\n\n<div id=\"ppp\" class=\"bob-form-wrapper\" data-ajax_url=\"https:\/\/www.bobex.be\/fr-be\/wp-admin\/admin-ajax.php\" data-fa_a=\"\" data-fa_b=\"\"><div class=\"loader\" aria-hidden=\"true\"><\/div>    <div>\n        <div class=\"row mx-auto mb-2\" style=\"max-width: 900px;\">\n            <div class=\"col-md-4\"><i class=\"mr-1 fas fa-check\" style=\"color:green;\"><\/i>Devis gratuits et rapides<\/div>\n            <div class=\"col-md-4\"><i class=\"mr-1 fas fa-check\" style=\"color:green;\"><\/i>Sans engagement et obligation<\/div>\n            <div class=\"col-md-4\"><i class=\"mr-1 fas fa-check\" style=\"color:green;\"><\/i>Professionnels agr\u00e9\u00e9s<\/div>\n        <\/div>\n    <\/div><div id=\"form-69f4d7da9c191\" class=\"bob-form-container\" style=\"background-color: white; font-family: Roboto, sans-serif !important; font-size: 16px !important; color: #545454; box-shadow: 0 2px 10px rgba(0,0,0,0.1); --font_title: Poppins; --font_size_title: 20px; --title_bg_color: #175da6; --copyright_color: #fde8e1; --box_upload_color: #e5f2f7; padding:unset;\" data-form-type=\"inline\" data-form-id=\"69f4d7da9c191\"><style>#form-69f4d7da9c191 .bob-form-inline-question.even {\n  background-color: #e5f2f7;\n}\n#form-69f4d7da9c191 .single_multiple.multiple_button {\n  background-color: #e5f2f7 !important;\n}\n#form-69f4d7da9c191 .bob-form-inline-question--hidden {\n  display: none;\n}<\/style><div class=\"form-questions\"><form id=\"bob-form\" class=\"bob-form bob-form-tag\" method=\"post\" action=\"https:\/\/www.bobex.be\/fr-be\/wp-admin\/admin-ajax.php?action=bobex-form-validation\">    <div class=\"form-title\">\n        Formulez votre demande\n        <div class=\"form-title-info-line\">\n            R\u00e9pondez \u00e0 quelques questions et entrez en contact avec des sp\u00e9cialistes fiables. Nous vous demandons vos coordonn\u00e9es afin de s\u00e9lectionner les professionnels actifs dans votre r\u00e9gion.\n        <\/div>\n    <\/div><div class=\"form-questions bob-form-inline-question\"><div class=\"row\"><div class=\"question col-md-4\"><label>1*. Que voulez-vous isoler?<\/label><\/div><div class=\"answer col-md-8\"><div class=\"bob-form-checkbox d-flex\"><input type=\"checkbox\" class=\"inline-checkbox bob-form-input\" id=\"69f4d7da9c191-input-0-1\" data-unique-id=\"69f4d7da9c191\" name=\"XML_extra_check[]\" value=\"1\"  required=\"required\" onclick=\"checkboxTurnChecked(this)\"><label for=\"69f4d7da9c191-input-0-1\">Isolation int\u00e9rieure d&#039;un toit inclin\u00e9<\/label><\/div><div class=\"bob-form-checkbox d-flex\"><input type=\"checkbox\" class=\"inline-checkbox bob-form-input\" id=\"69f4d7da9c191-input-0-2\" data-unique-id=\"69f4d7da9c191\" name=\"XML_extra_check[]\" value=\"2\"  required=\"required\" onclick=\"checkboxTurnChecked(this)\"><label for=\"69f4d7da9c191-input-0-2\">Isolation ext\u00e9rieure d&#039;un toit inclin\u00e9<\/label><\/div><div class=\"bob-form-checkbox d-flex\"><input type=\"checkbox\" class=\"inline-checkbox bob-form-input\" id=\"69f4d7da9c191-input-0-3\" data-unique-id=\"69f4d7da9c191\" name=\"XML_extra_check[]\" value=\"3\"  required=\"required\" onclick=\"checkboxTurnChecked(this)\"><label for=\"69f4d7da9c191-input-0-3\">Isolation int\u00e9rieure d&#039;un toit plat<\/label><\/div><div class=\"bob-form-checkbox d-flex\"><input type=\"checkbox\" class=\"inline-checkbox bob-form-input\" id=\"69f4d7da9c191-input-0-4\" data-unique-id=\"69f4d7da9c191\" name=\"XML_extra_check[]\" value=\"4\"  required=\"required\" onclick=\"checkboxTurnChecked(this)\"><label for=\"69f4d7da9c191-input-0-4\">Isolation ext\u00e9rieure d&#039;un toit plat<\/label><\/div><div class=\"bob-form-checkbox d-flex\"><input type=\"checkbox\" class=\"inline-checkbox bob-form-input\" id=\"69f4d7da9c191-input-0-5\" data-unique-id=\"69f4d7da9c191\" name=\"XML_extra_check[]\" value=\"5\"  required=\"required\" onclick=\"checkboxTurnChecked(this)\"><label for=\"69f4d7da9c191-input-0-5\">Murs creux<\/label><\/div><div class=\"bob-form-checkbox d-flex\"><input type=\"checkbox\" class=\"inline-checkbox bob-form-input\" id=\"69f4d7da9c191-input-0-6\" data-unique-id=\"69f4d7da9c191\" name=\"XML_extra_check[]\" value=\"6\"  required=\"required\" onclick=\"checkboxTurnChecked(this)\"><label for=\"69f4d7da9c191-input-0-6\">Murs ext\u00e9rieurs<\/label><\/div><div class=\"bob-form-checkbox d-flex\"><input type=\"checkbox\" class=\"inline-checkbox bob-form-input\" id=\"69f4d7da9c191-input-0-7\" data-unique-id=\"69f4d7da9c191\" name=\"XML_extra_check[]\" value=\"7\"  required=\"required\" onclick=\"checkboxTurnChecked(this)\"><label for=\"69f4d7da9c191-input-0-7\">Murs int\u00e9rieurs<\/label><\/div><div class=\"bob-form-checkbox d-flex\"><input type=\"checkbox\" class=\"inline-checkbox bob-form-input\" id=\"69f4d7da9c191-input-0-8\" data-unique-id=\"69f4d7da9c191\" name=\"XML_extra_check[]\" value=\"8\"  required=\"required\" onclick=\"checkboxTurnChecked(this)\"><label for=\"69f4d7da9c191-input-0-8\">Sol<\/label><\/div><div class=\"bob-form-checkbox d-flex\"><input type=\"checkbox\" class=\"inline-checkbox bob-form-input\" id=\"69f4d7da9c191-input-0-9\" data-unique-id=\"69f4d7da9c191\" name=\"XML_extra_check[]\" value=\"9\"  required=\"required\" onclick=\"checkboxTurnChecked(this)\"><label for=\"69f4d7da9c191-input-0-9\">Isolation du vide ventil\u00e9<\/label><\/div><\/div><\/div><\/div><div class=\"form-questions bob-form-inline-question even\"><div class=\"row\"><div class=\"question col-md-4\"><label>2*. Quelle superficie devra \u00eatre isol\u00e9e (estimation)?<\/label><\/div><div class=\"answer col-md-8\"><div class=\"bob-form-radio d-flex\"><input type=\"radio\" class=\"inline-radio\" id=\"69f4d7da9c191-input-1-1\" data-unique-id=\"69f4d7da9c191\" name=\"XML_extra_radio2\" value=\"1\"  required=\"required\"><label for=\"69f4d7da9c191-input-1-1\">Moins de 20 m2<\/label><\/div><div class=\"bob-form-radio d-flex\"><input type=\"radio\" class=\"inline-radio\" id=\"69f4d7da9c191-input-1-2\" data-unique-id=\"69f4d7da9c191\" name=\"XML_extra_radio2\" value=\"2\"  required=\"required\"><label for=\"69f4d7da9c191-input-1-2\">Entre 20 et 50 m2<\/label><\/div><div class=\"bob-form-radio d-flex\"><input type=\"radio\" class=\"inline-radio\" id=\"69f4d7da9c191-input-1-3\" data-unique-id=\"69f4d7da9c191\" name=\"XML_extra_radio2\" value=\"3\"  required=\"required\"><label for=\"69f4d7da9c191-input-1-3\">Entre 50 et 100 m2<\/label><\/div><div class=\"bob-form-radio d-flex\"><input type=\"radio\" class=\"inline-radio\" id=\"69f4d7da9c191-input-1-4\" data-unique-id=\"69f4d7da9c191\" name=\"XML_extra_radio2\" value=\"4\"  required=\"required\"><label for=\"69f4d7da9c191-input-1-4\">Entre 100 et 200 m2<\/label><\/div><div class=\"bob-form-radio d-flex\"><input type=\"radio\" class=\"inline-radio\" id=\"69f4d7da9c191-input-1-5\" data-unique-id=\"69f4d7da9c191\" name=\"XML_extra_radio2\" value=\"5\"  required=\"required\"><label for=\"69f4d7da9c191-input-1-5\">Plus de 200 m2<\/label><\/div><\/div><\/div><\/div><div class=\"form-questions bob-form-inline-question\"><div class=\"row\"><div class=\"question col-md-4\"><label>3*. Quand d\u00e9sirez-vous d\u00e9buter l&rsquo;installation de l&rsquo;isolation?<\/label><\/div><div class=\"answer col-md-8\"><div class=\"bob-form-radio d-flex\"><input type=\"radio\" class=\"inline-radio\" id=\"69f4d7da9c191-input-2-1\" data-unique-id=\"69f4d7da9c191\" name=\"XML_extra_radio3\" value=\"1\"  required=\"required\"><label for=\"69f4d7da9c191-input-2-1\">Le plus rapidement possible, sous le mois<\/label><\/div><div class=\"bob-form-radio d-flex\"><input type=\"radio\" class=\"inline-radio\" id=\"69f4d7da9c191-input-2-2\" data-unique-id=\"69f4d7da9c191\" name=\"XML_extra_radio3\" value=\"2\"  required=\"required\"><label for=\"69f4d7da9c191-input-2-2\">Entre 1 et 3 mois<\/label><\/div><div class=\"bob-form-radio d-flex\"><input type=\"radio\" class=\"inline-radio\" id=\"69f4d7da9c191-input-2-3\" data-unique-id=\"69f4d7da9c191\" name=\"XML_extra_radio3\" value=\"3\"  required=\"required\"><label for=\"69f4d7da9c191-input-2-3\">Entre 4 et 6 mois<\/label><\/div><div class=\"bob-form-radio d-flex\"><input type=\"radio\" class=\"inline-radio\" id=\"69f4d7da9c191-input-2-4\" data-unique-id=\"69f4d7da9c191\" name=\"XML_extra_radio3\" value=\"4\"  required=\"required\"><label for=\"69f4d7da9c191-input-2-4\">Entre 7 et 12 mois<\/label><\/div><\/div><\/div><\/div><div class=\"form-questions bob-form-inline-question even\"><div class=\"row\"><div class=\"question col-md-4\"><label>4. Quel type de b\u00e2timent d\u00e9sirez-vous isoler?<\/label><\/div><div class=\"answer col-md-8\"><div class=\"bob-form-radio d-flex\"><input type=\"radio\" class=\"inline-radio\" id=\"69f4d7da9c191-input-3-1\" data-unique-id=\"69f4d7da9c191\" name=\"XML_extra_radio4\" value=\"1\"  ><label for=\"69f4d7da9c191-input-3-1\">Propri\u00e9t\u00e9 priv\u00e9e<\/label><\/div><div class=\"bob-form-radio d-flex\"><input type=\"radio\" class=\"inline-radio\" id=\"69f4d7da9c191-input-3-2\" data-unique-id=\"69f4d7da9c191\" name=\"XML_extra_radio4\" value=\"2\"  ><label for=\"69f4d7da9c191-input-3-2\">Immeuble commercial<\/label><\/div><\/div><\/div><\/div><div class=\"form-questions bob-form-inline-question\"><div class=\"d-flex flex-column\"><label class=\"question\" for=\"69f4d7da9c191-input-4\">5. Description de votre projet<\/label><textarea class=\"bob-form-input\" name=\"XML_remarks\" id=\"69f4d7da9c191-input-4\" data-unique-id=\"69f4d7da9c191\"><\/textarea><\/div><\/div><div class=\"bob-inline-form bob-form-tag upload-box mb-3\">\n                    <div class=\"row\">\n                        <div class=\"col-md-12 mb-2 question\">Ajouter des photos ou des pi\u00e8ces jointes (en Option)<\/div>\n                        <div class=\"col-md-12\">\n                            <div class=\"box__input\" style=\"background-color: #e5f2f7;\"\n                                 ondrop=\"drop(event)\"\n                                 ondragover=\"allowDrop(event)\"\n                                 ondragleave=\"removeDropFx(event)\"\n                                >\n                                <input type=\"file\"\n                                       class=\"file__input\"\n                                       name=\"attachments[]\"\n                                       id=\"attachments\"\n                                       multiple=\"multiple\"\n                                       accept=\"image\/jpeg, image\/png, image\/gif, application\/pdf\"\n                                       data-multiple-caption=\"{count} files selected\">\n                                <div>\n                                    <label for=\"attachments\"><strong>S\u00e9lectionnez un fichier <\/strong>ou glissez-le ici<\/label>\n                                    <span class=\"box__button bobex-round-cta m-1 py-1\"\n                                          style=\"mix-blend-mode: luminosity\">\n                                        <i class=\"fas fa-cloud-upload-alt text-white\"><\/i>\n                                        T\u00e9l\u00e9charger\n                                    <\/span>\n                                <\/div>\n            \n                                <div class=\"row preview_wrapper m-0\"><\/div>\n                            <\/div>\n            \n                            <div class=\"box__uploading\">Uploading\u2026<\/div>\n                            <div class=\"box__success\">Done!<\/div>\n                            <div class=\"box__error\">Error! <span><\/span>.<\/div>\n                        <\/div>\n                    <\/div>\n                <\/div>    <div class=\"form-title\">\n        Vos donn\u00e9es\n    <\/div><div class=\"bob-form-contact-data\" style=\"padding: 20px\"><div class=\"row lead-info\"><div class=\"col-md-6 mb-3\">  <div class=\"form-group\">    <input value=\"\" type=\"text\" class=\"form-control\" id=\"firstName\" name=\"firstName\" placeholder=\"Pr\u00e9nom\" required>    <div class=\"valid-feedback\">Enchant\u00e9 !<\/div>    <div class=\"invalid-feedback\">Veuillez indiquer votre pr\u00e9nom<\/div>  <\/div><\/div><div class=\"col-md-6 mb-3\">  <div class=\"form-group\">    <input value=\"\" type=\"text\" class=\"form-control\" id=\"lastName\" name=\"lastName\" placeholder=\"Nom\" required>    <div class=\"valid-feedback\">Sympa<\/div>    <div class=\"invalid-feedback\">Veuillez indiquer votre nom de famille<\/div>  <\/div><\/div><div class=\"col-md-12 mb-3\">  <div class=\"form-group\">    <input value=\"\" type=\"email\" class=\"form-control\" id=\"email\" name=\"email\" placeholder=\"E-mail\" required style=\"max-width: unset;\">    <div class=\"valid-feedback\">C&rsquo;est tout bon<\/div>    <div class=\"invalid-feedback\">Veuillez indiquer une adresse e-mail valide<\/div>  <\/div><\/div><div class=\"col-md-12 mb-3\">  <div class=\"form-group\">    <input value=\"\" type=\"tel\" class=\"form-control\" id=\"phone\" name=\"phone\" placeholder=\"T\u00e9l\u00e9phone\" required style=\"max-width: unset;\">    <div class=\"valid-feedback\">Parfait<\/div>    <div class=\"invalid-feedback\">Veuillez indiquer un num\u00e9ro de t\u00e9l\u00e9phone valide<\/div>  <\/div><\/div><div class=\"col-md-12 mb-3\">  <div class=\"form-group\">    <input value=\"\" type=\"text\" class=\"form-control\" id=\"companyAddress\" name=\"companyAddress\" placeholder=\"Adresse\" required style=\"max-width: unset;\">    <div class=\"valid-feedback\">C&rsquo;est not\u00e9<\/div>    <div class=\"invalid-feedback\">Veuillez indiquer une adresse valide<\/div>  <\/div><\/div><div class=\"col-md-6 mb-3\">  <div class=\"form-group\">    <input value=\"\" type=\"text\" class=\"form-control\" id=\"companyPostalCode\" name=\"companyPostalCode\" placeholder=\"Code postal\" required>    <div class=\"valid-feedback\">Excellent !<\/div>    <div class=\"invalid-feedback\">Veuillez indiquer un code postal valide<\/div>  <\/div><\/div><div class=\"col-md-6 mb-3\">  <div class=\"form-group\">    <input value=\"\" type=\"text\" class=\"form-control\" id=\"companyCity\" name=\"companyCity\" placeholder=\"Ville\" required>    <div class=\"valid-feedback\">Bien jou\u00e9<\/div>    <div class=\"invalid-feedback\">Veuillez indiquer une ville valide<\/div>  <\/div><\/div><div class=\"d-flex mt-3\"><input name=\"promoOptin\" value=\"true\" id=\"promoOptin\" type=\"checkbox\" class=\"me-2\" style=\"width: unset\"><label for=\"promoOptin\">Je souhaite rester inform\u00e9 de ma demande et recevoir des conseils pratiques (fortement recommand\u00e9 !) <\/label><\/div><\/div><\/div><input type=\"hidden\" class=\"session_var\" name=\"newform\" value=\"true\"><input type=\"hidden\" class=\"session_var\" name=\"lead-validation-nonce\" value=\"b093144bd6\"><input type=\"hidden\" class=\"session_var\" name=\"aff\" value=\"minisite\"><input type=\"hidden\" class=\"session_var\" name=\"utm_source\" value=\"https:\/\/www.bobex.be\/fr-be\/wp-json\/v2\/content\/148679\"><input type=\"hidden\" class=\"session_var\" name=\"bobx\" value=\"\"><input type=\"hidden\" class=\"session_var\" name=\"sessionType\" value=\"B2C\"><input type=\"hidden\" class=\"session_var\" name=\"utm_medium\" value=\"web\"><input type=\"hidden\" class=\"session_var\" name=\"utm_campaign\" value=\"search\"><input type=\"hidden\" class=\"session_var\" name=\"rem_source\" value=\"https:\/\/www.bobex.be\/fr-be\/isolation\/maison\/garage\/\"><input type=\"hidden\" class=\"session_var\" name=\"pixel_id\" value=\"-1\"><input type=\"hidden\" class=\"session_var\" name=\"tabo_id\" value=\"-1\"><input type=\"hidden\" class=\"session_var\" name=\"click_id\" value=\"-1\"><input type=\"hidden\" class=\"session_var\" name=\"gclid\" value=\"-1\"><input type=\"hidden\" class=\"session_var\" name=\"msclkid\" value=\"-1\"><input type=\"hidden\" class=\"session_var\" name=\"past_aff\" value=\"bobex\"><input type=\"hidden\" class=\"session_var\" name=\"redirectTo\" value=\"BE\"><input type=\"hidden\" class=\"session_var\" name=\"is_type_id\" value=\"true\"><input type=\"hidden\" class=\"session_var\" name=\"typeid\" value=\"11427\"><input type=\"hidden\" class=\"session_var\" name=\"companyType\" value=\"label.companytype.consumer\"><input type=\"hidden\" class=\"session_var\" name=\"input_names\" value=\"XML_extra_check,XML_extra_radio2,XML_extra_radio3,XML_extra_radio4,XML_remarks\"><input type=\"hidden\" class=\"form_context\" value=\"BE\"><img decoding=\"async\" class=\"bobex-pixel\" src=\"\" alt=\"\" style=\"display:none\" \/>    <div class=\"bob-form-submit d-flex justify-content-center\">\n        <button type=\"submit\" class=\"form-submit\" style=\"background-color: #F1653A; color: white; border: none !important; border-radius: 5px !important; font-family: Roboto, sans-serif; font-size: 16px;\">\n            Demander un devis\n        <\/button>\n    <\/div>    <div class=\"bob-inline-form form-footer\" style=\"border-radius: 0 0 10px 10px\">\n        <div class=\"bob-form-privacy-text\">\n            <div style=\"float:left;\"><i class=\"fa fa-lock\"><\/i><\/div>\n            <div class=\"ms-2\">\n                <div style='padding-left: 15px;font-size: 0.8em !important;z-index: 10;'><b>Nous respectons votre vie priv\u00e9e<\/b><br> Conform\u00e9ment \u00e0 la loi du 8\/12\/1992 relative \u00e0 la protection de la vie priv\u00e9e, vous disposez d&rsquo;un droit d&rsquo;acc\u00e8s et de rectification \u00e0 vos donn\u00e9es. Pour en savoir plus, consultez notre <span class=\"link_ob\" data-link=\"aHR0cHM6Ly93d3cuYm9iZXguYmUvZnItYmUvcHJvdGVjdGlvbi1kZS1sYS12aWUtcHJpdmVlLw==\" target=\"_blank\">charte sur la vie priv\u00e9e<\/span>.<\/div>\n                \n            <\/div>\n        <\/div>\n    <\/div><\/form><\/div><div class=\"multiple_mini hidden\" data-lead_id=\"\"><p class=\"multiple-title\">Merci d&rsquo;avoir pris le temps de remplir ce formulaire<\/p><p>Nous vous contacterons d\u00e8s que possible pour vous orienter vers le meilleur sp\u00e9cialiste correspondant \u00e0 votre demande.<\/p><div class=\"multiple_wrapper\"><div class=\"loader\"><\/div><p class=\"multiple-title\">Vous cherchez d&rsquo;autres services ?<\/p><p class=\"multiple_text\">Vous souhaitez comparer d&rsquo;autres devis ou explorer d&rsquo;autres services ? Faites-le nous savoir et nous vous mettrons rapidement en relation<\/p><div class=\"multiple_container\"><div class=\"single_multiple multiple_button\" data-typeid=\"11364\"><i class=\"fa-3x cat icon-11364\"><\/i><span class=\"multiple_name\">Panneaux solaires<\/span><\/div><div class=\"single_multiple multiple_button\" data-typeid=\"11428\"><i class=\"fa-3x cat icon-11428\"><\/i><span class=\"multiple_name\">Pompe \u00e0 chaleur<\/span><\/div><div class=\"single_multiple multiple_button\" data-typeid=\"11452\"><i class=\"fa-3x fad fa-door-closed\"><\/i><span class=\"multiple_name\">Ch\u00e2ssis, portes et fen\u00eatres<\/span><\/div><div class=\"single_multiple multiple_button\" data-typeid=\"11982\"><i class=\"fa-3x cat icon-11982\"><\/i><span class=\"multiple_name\">Adoucisseur d&rsquo;eau<\/span><\/div><div class=\"single_multiple multiple_button\" data-typeid=\"11962\"><i class=\"fa-3x cat icon-11962\"><\/i><span class=\"multiple_name\">Travaux de toiture<\/span><\/div><div class=\"single_multiple multiple_button\" data-typeid=\"11992\"><i class=\"fa-3x cat icon-11992\"><\/i><span class=\"multiple_name\">D\u00e9moussage toitures<\/span><\/div><div class=\"single_multiple hidden multiple_button\" data-typeid=\"11453\"><i class=\"fa-3x cat icon-11453\"><\/i><span class=\"multiple_name\">Syst\u00e8me de ventilation<\/span><\/div><div class=\"single_multiple hidden multiple_button\" data-typeid=\"11461\"><i class=\"fa-3x cat icon-11461\"><\/i><span class=\"multiple_name\">Traitement de l&rsquo;humidit\u00e9<\/span><\/div><\/div><\/div><\/div><\/div><\/div>\n\n\n<h2 class=\"wp-block-heading\"><span class=\"ez-toc-section\" id=\"FAQ_Vos_questions_sur_lisolation_des_garages\"><\/span>FAQ : Vos questions sur l&rsquo;isolation des garages&nbsp;<span class=\"ez-toc-section-end\"><\/span><\/h2>\n\n\n\n<p>Il vous reste des questions concernant l&rsquo;isolation de votre garage ? Nous r\u00e9pondons aux plus importantes ci-dessous. N&rsquo;h\u00e9sitez pas&nbsp; remplir le formulaire pour prendre contact avec un professionnel capable de r\u00e9pondre \u00e0 vos questions les plus pr\u00e9cises et personnelles \u00e0 votre projet !<\/p>\n\n\n\n<div class=\"wp-block-bobex-frequently-asked-questions bobex-faq-main-wrapper\">\n            <div class=\"bobex-simple-question-answer-block\">\n                <div class=\"bobex-simple-question-answer-block__question\" style=\"background-color: #63b0d1!important; color: white!important;\">\n                    <h3 style=\"color: white!important; margin:unset; font-size:1.2rem;\" class=\"bobex-simple-question-answer-block__question__content\"><span class=\"ez-toc-section\" id=\"Comment_isoler_le_bas_dune_porte_de_garage_pour_eviter_les_pertes_de_chaleur\"><\/span>Comment isoler le bas d\u2019une porte de garage pour \u00e9viter les pertes de chaleur ?<span class=\"ez-toc-section-end\"><\/span><\/h3>\n                    <div class=\"bobex-simple-question-answer-block__question__toggle\">+<\/div>\n                <\/div>\n                <div class=\"bobex-simple-question-answer-block__answer\" style=\"background-color: !important; color: black!important;\">\n                    <div class=\"bobex-simple-question-answer-block__answer__content\">Le bas de la porte de garage est l\u2019un des points les plus sensibles aux infiltrations d\u2019air froid. Pour limiter les d\u00e9perditions thermiques, vous pouvez installer un <strong>joint<\/strong>\u00a0ou un <strong>boudin isolant<\/strong> adapt\u00e9 \u00e0 la largeur de la porte. Ces solutions sont peu co\u00fbteuses et faciles \u00e0 poser. Elles permettent non seulement d\u2019\u00e9viter les courants d\u2019air, mais aussi d\u2019emp\u00eacher l\u2019humidit\u00e9 et la poussi\u00e8re de p\u00e9n\u00e9trer dans le garage.<\/div>\n                    <div>\n<div class=\"wp-block-bobex-simple-question-answer\"><\/div>\n<\/div>\n                <\/div>\n            <\/div>\n        \n\n\n            <div class=\"bobex-simple-question-answer-block\">\n                <div class=\"bobex-simple-question-answer-block__question\" style=\"background-color: #63b0d1!important; color: white!important;\">\n                    <h3 style=\"color: white!important; margin:unset; font-size:1.2rem;\" class=\"bobex-simple-question-answer-block__question__content\"><span class=\"ez-toc-section\" id=\"Existe-t-il_des_plaques_a_coller_pour_isoler_les_murs_dun_garage\"><\/span>Existe-t-il des plaques \u00e0 coller pour isoler les murs d&rsquo;un garage ?<span class=\"ez-toc-section-end\"><\/span><\/h3>\n                    <div class=\"bobex-simple-question-answer-block__question__toggle\">+<\/div>\n                <\/div>\n                <div class=\"bobex-simple-question-answer-block__answer\" style=\"background-color: !important; color: black!important;\">\n                    <div class=\"bobex-simple-question-answer-block__answer__content\">Oui, il existe des <strong>panneaux isolants rigides<\/strong> sp\u00e9cialement con\u00e7us pour \u00eatre coll\u00e9s directement sur les murs int\u00e9rieurs du garage. Ils sont g\u00e9n\u00e9ralement en <strong>polystyr\u00e8ne extrud\u00e9 (XPS)<\/strong>, en <strong>polyur\u00e9thane (PUR)<\/strong> ou en <strong>laine de bois compress\u00e9e<\/strong>. Ce type de produit est pratique car il ne n\u00e9cessite pas forc\u00e9ment de structure m\u00e9tallique ou de gros travaux. En quelques heures, vous pouvez am\u00e9liorer significativement l\u2019isolation thermique de votre garage tout en conservant un maximum d\u2019espace int\u00e9rieur.<\/div>\n                    <div>\n<div class=\"wp-block-bobex-simple-question-answer\"><\/div>\n<\/div>\n                <\/div>\n            <\/div>\n        \n\n\n            <div class=\"bobex-simple-question-answer-block\">\n                <div class=\"bobex-simple-question-answer-block__question\" style=\"background-color: #63b0d1!important; color: white!important;\">\n                    <h3 style=\"color: white!important; margin:unset; font-size:1.2rem;\" class=\"bobex-simple-question-answer-block__question__content\"><span class=\"ez-toc-section\" id=\"Faut-il_installer_une_porte_isolante_entre_le_garage_et_la_maison\"><\/span>Faut-il installer une porte isolante entre le garage et la maison ?\u00a0<span class=\"ez-toc-section-end\"><\/span><\/h3>\n                    <div class=\"bobex-simple-question-answer-block__question__toggle\">+<\/div>\n                <\/div>\n                <div class=\"bobex-simple-question-answer-block__answer\" style=\"background-color: !important; color: black!important;\">\n                    <div class=\"bobex-simple-question-answer-block__answer__content\">Oui, c\u2019est vivement recommand\u00e9 si votre garage est accol\u00e9 \u00e0 votre logement ou communique directement avec une pi\u00e8ce de vie. Une <strong>porte isolante<\/strong> \u00e9quip\u00e9e de <strong>joints \u00e9tanches<\/strong> permet d\u2019\u00e9viter les pertes de chaleur et les infiltrations d\u2019air froid. Elle contribue aussi \u00e0 r\u00e9duire les nuisances sonores.\u00a0<\/div>\n                    <div>\n<div class=\"wp-block-bobex-simple-question-answer\"><\/div>\n<\/div>\n                <\/div>\n            <\/div>\n        \n\n\n            <div class=\"bobex-simple-question-answer-block\">\n                <div class=\"bobex-simple-question-answer-block__question\" style=\"background-color: #63b0d1!important; color: white!important;\">\n                    <h3 style=\"color: white!important; margin:unset; font-size:1.2rem;\" class=\"bobex-simple-question-answer-block__question__content\"><span class=\"ez-toc-section\" id=\"Polystyrene_ou_plaque_de_polyurethane_quel_isolant_choisir_pour_le_plafond_dun_garage\"><\/span>Polystyr\u00e8ne ou plaque de polyur\u00e9thane : quel isolant choisir pour le plafond d\u2019un garage ?<span class=\"ez-toc-section-end\"><\/span><\/h3>\n                    <div class=\"bobex-simple-question-answer-block__question__toggle\">+<\/div>\n                <\/div>\n                <div class=\"bobex-simple-question-answer-block__answer\" style=\"background-color: !important; color: black!important;\">\n                    <div class=\"bobex-simple-question-answer-block__answer__content\">Les deux mat\u00e9riaux sont adapt\u00e9s mais pr\u00e9sentent des performances diff\u00e9rentes. Le <strong>polyur\u00e9thane\u00a0<\/strong>\u00a0est l\u2019isolant le plus performant : avec seulement <strong>8 \u00e0 10 cm d\u2019\u00e9paisseur<\/strong>, il permet d\u2019atteindre une excellente r\u00e9sistance thermique, id\u00e9ale si le garage est situ\u00e9 sous une pi\u00e8ce \u00e0 vivre. Le <strong>polystyr\u00e8ne extrud\u00e9<\/strong>\u00a0est une option plus \u00e9conomique et r\u00e9sistante \u00e0 l\u2019humidit\u00e9, mais il faudra pr\u00e9voir une <strong>\u00e9paisseur plus importante (10 \u00e0 12 cm)<\/strong> pour obtenir une performance \u00e9quivalente. Le choix d\u00e9pendra donc de votre budget, de la place disponible au plafond et du niveau d\u2019isolation recherch\u00e9.<\/div>\n                    <div>\n<div class=\"wp-block-bobex-simple-question-answer\"><\/div>\n<\/div>\n                <\/div>\n            <\/div>\n        <\/div>\n\n                    <script type=\"application\/ld+json\">\n                        {\"@context\":\"https:\\\/\\\/schema.org\",\"@type\":\"FAQPage\",\"mainEntity\":[{\"@type\":\"Question\",\"name\":\"Comment isoler le bas d\\u2019une porte de garage pour \\u00e9viter les pertes de chaleur ?\",\"acceptedAnswer\":{\"@type\":\"Answer\",\"text\":\"Le bas de la porte de garage est l\\u2019un des points les plus sensibles aux infiltrations d\\u2019air froid. Pour limiter les d\\u00e9perditions thermiques, vous pouvez installer un <strong>joint<\\\/strong>\\u00a0ou un <strong>boudin isolant<\\\/strong> adapt\\u00e9 \\u00e0 la largeur de la porte. Ces solutions sont peu co\\u00fbteuses et faciles \\u00e0 poser. Elles permettent non seulement d\\u2019\\u00e9viter les courants d\\u2019air, mais aussi d\\u2019emp\\u00eacher l\\u2019humidit\\u00e9 et la poussi\\u00e8re de p\\u00e9n\\u00e9trer dans le garage.\"}},{\"@type\":\"Question\",\"name\":\"Existe-t-il des plaques \\u00e0 coller pour isoler les murs d'un garage ?\",\"acceptedAnswer\":{\"@type\":\"Answer\",\"text\":\"Oui, il existe des <strong>panneaux isolants rigides<\\\/strong> sp\\u00e9cialement con\\u00e7us pour \\u00eatre coll\\u00e9s directement sur les murs int\\u00e9rieurs du garage. Ils sont g\\u00e9n\\u00e9ralement en <strong>polystyr\\u00e8ne extrud\\u00e9 (XPS)<\\\/strong>, en <strong>polyur\\u00e9thane (PUR)<\\\/strong> ou en <strong>laine de bois compress\\u00e9e<\\\/strong>. Ce type de produit est pratique car il ne n\\u00e9cessite pas forc\\u00e9ment de structure m\\u00e9tallique ou de gros travaux. En quelques heures, vous pouvez am\\u00e9liorer significativement l\\u2019isolation thermique de votre garage tout en conservant un maximum d\\u2019espace int\\u00e9rieur.\"}},{\"@type\":\"Question\",\"name\":\"Faut-il installer une porte isolante entre le garage et la maison ?\\u00a0\",\"acceptedAnswer\":{\"@type\":\"Answer\",\"text\":\"Oui, c\\u2019est vivement recommand\\u00e9 si votre garage est accol\\u00e9 \\u00e0 votre logement ou communique directement avec une pi\\u00e8ce de vie. Une <strong>porte isolante<\\\/strong> \\u00e9quip\\u00e9e de <strong>joints \\u00e9tanches<\\\/strong> permet d\\u2019\\u00e9viter les pertes de chaleur et les infiltrations d\\u2019air froid. Elle contribue aussi \\u00e0 r\\u00e9duire les nuisances sonores.\\u00a0\"}},{\"@type\":\"Question\",\"name\":\"Polystyr\\u00e8ne ou plaque de polyur\\u00e9thane : quel isolant choisir pour le plafond d\\u2019un garage ?\",\"acceptedAnswer\":{\"@type\":\"Answer\",\"text\":\"Les deux mat\\u00e9riaux sont adapt\\u00e9s mais pr\\u00e9sentent des performances diff\\u00e9rentes. Le <strong>polyur\\u00e9thane\\u00a0<\\\/strong>\\u00a0est l\\u2019isolant le plus performant : avec seulement <strong>8 \\u00e0 10 cm d\\u2019\\u00e9paisseur<\\\/strong>, il permet d\\u2019atteindre une excellente r\\u00e9sistance thermique, id\\u00e9ale si le garage est situ\\u00e9 sous une pi\\u00e8ce \\u00e0 vivre. Le <strong>polystyr\\u00e8ne extrud\\u00e9<\\\/strong>\\u00a0est une option plus \\u00e9conomique et r\\u00e9sistante \\u00e0 l\\u2019humidit\\u00e9, mais il faudra pr\\u00e9voir une <strong>\\u00e9paisseur plus importante (10 \\u00e0 12 cm)<\\\/strong> pour obtenir une performance \\u00e9quivalente. Le choix d\\u00e9pendra donc de votre budget, de la place disponible au plafond et du niveau d\\u2019isolation recherch\\u00e9.\"}}]}\n                    <\/script>\n                \n\n\n<p><\/p>\n","protected":false},"featured_media":0,"parent":149150,"template":"","meta":{"business":"44056","footnotes":""},"class_list":["post-148679","content","type-content","status-publish","hentry"],"_links":{"self":[{"href":"https:\/\/www.bobex.be\/fr-be\/wp-json\/wp\/v2\/content\/148679","targetHints":{"allow":["GET"]}}],"collection":[{"href":"https:\/\/www.bobex.be\/fr-be\/wp-json\/wp\/v2\/content"}],"about":[{"href":"https:\/\/www.bobex.be\/fr-be\/wp-json\/wp\/v2\/types\/content"}],"version-history":[{"count":8,"href":"https:\/\/www.bobex.be\/fr-be\/wp-json\/wp\/v2\/content\/148679\/revisions"}],"predecessor-version":[{"id":221385,"href":"https:\/\/www.bobex.be\/fr-be\/wp-json\/wp\/v2\/content\/148679\/revisions\/221385"}],"up":[{"embeddable":true,"href":"https:\/\/www.bobex.be\/fr-be\/wp-json\/wp\/v2\/content\/149150"}],"wp:attachment":[{"href":"https:\/\/www.bobex.be\/fr-be\/wp-json\/wp\/v2\/media?parent=148679"}],"curies":[{"name":"wp","href":"https:\/\/api.w.org\/{rel}","templated":true}]}}