{"id":146611,"date":"2023-09-27T10:21:59","date_gmt":"2023-09-27T10:21:59","guid":{"rendered":"https:\/\/www.bobex.be\/fr-be\/?post_type=content&#038;p=146611"},"modified":"2023-09-27T10:21:59","modified_gmt":"2023-09-27T10:21:59","slug":"dangers","status":"publish","type":"content","link":"https:\/\/www.bobex.be\/fr-be\/isolation\/types-d-isolants\/laine-de-verre\/dangers\/","title":{"rendered":"Laine de verre : les dangers potentiels pour votre sant\u00e9 et comment les \u00e9viter"},"content":{"rendered":"\n<div id=\"ez-toc-container\" class=\"ez-toc-v2_0_82_2 counter-hierarchy ez-toc-counter ez-toc-grey ez-toc-container-direction\">\n<div class=\"ez-toc-title-container\">\n<p class=\"ez-toc-title\" style=\"cursor:inherit\">Sommaire<\/p>\n<span class=\"ez-toc-title-toggle\"><a href=\"#\" class=\"ez-toc-pull-right ez-toc-btn ez-toc-btn-xs ez-toc-btn-default ez-toc-toggle\" aria-label=\"Toggle Table of Content\"><span class=\"ez-toc-js-icon-con\"><span class=\"\"><span class=\"eztoc-hide\" style=\"display:none;\">Toggle<\/span><span class=\"ez-toc-icon-toggle-span\"><svg style=\"fill: #999;color:#999\" xmlns=\"http:\/\/www.w3.org\/2000\/svg\" class=\"list-377408\" width=\"20px\" height=\"20px\" viewBox=\"0 0 24 24\" fill=\"none\"><path d=\"M6 6H4v2h2V6zm14 0H8v2h12V6zM4 11h2v2H4v-2zm16 0H8v2h12v-2zM4 16h2v2H4v-2zm16 0H8v2h12v-2z\" fill=\"currentColor\"><\/path><\/svg><svg style=\"fill: #999;color:#999\" class=\"arrow-unsorted-368013\" xmlns=\"http:\/\/www.w3.org\/2000\/svg\" width=\"10px\" height=\"10px\" viewBox=\"0 0 24 24\" version=\"1.2\" baseProfile=\"tiny\"><path d=\"M18.2 9.3l-6.2-6.3-6.2 6.3c-.2.2-.3.4-.3.7s.1.5.3.7c.2.2.4.3.7.3h11c.3 0 .5-.1.7-.3.2-.2.3-.5.3-.7s-.1-.5-.3-.7zM5.8 14.7l6.2 6.3 6.2-6.3c.2-.2.3-.5.3-.7s-.1-.5-.3-.7c-.2-.2-.4-.3-.7-.3h-11c-.3 0-.5.1-.7.3-.2.2-.3.5-.3.7s.1.5.3.7z\"\/><\/svg><\/span><\/span><\/span><\/a><\/span><\/div>\n<nav><ul class='ez-toc-list ez-toc-list-level-1 eztoc-toggle-hide-by-default' ><li class='ez-toc-page-1 ez-toc-heading-level-2'><a class=\"ez-toc-link ez-toc-heading-1\" href=\"https:\/\/www.bobex.be\/fr-be\/isolation\/types-d-isolants\/laine-de-verre\/dangers\/#Quels_sont_les_risques_lies_a_lutilisation_de_la_laine_de_verre_Est-ce_dangereux\" >Quels sont les risques li\u00e9s \u00e0 l&rsquo;utilisation de la laine de verre ? Est-ce dangereux ?<\/a><\/li><li class='ez-toc-page-1 ez-toc-heading-level-2'><a class=\"ez-toc-link ez-toc-heading-2\" href=\"https:\/\/www.bobex.be\/fr-be\/isolation\/types-d-isolants\/laine-de-verre\/dangers\/#Quelles_sont_les_precautions_a_prendre_lorsque_lon_utilise_la_laine_de_verre_dans_le_cas_dune_isolation\" >Quelles sont les pr\u00e9cautions \u00e0 prendre lorsque l&rsquo;on utilise la laine de verre dans le cas d&rsquo;une isolation ?<\/a><\/li><li class='ez-toc-page-1 ez-toc-heading-level-2'><a class=\"ez-toc-link ez-toc-heading-3\" href=\"https:\/\/www.bobex.be\/fr-be\/isolation\/types-d-isolants\/laine-de-verre\/dangers\/#La_laine_de_verre_peut-elle_causer_des_problemes_de_sante_comme_des_problemes_respiratoires_atteinte_aux_poumons_ou_des_allergies_peau_yeux%E2%80%A6\" >La laine de verre peut-elle causer des probl\u00e8mes de sant\u00e9 comme des probl\u00e8mes respiratoires (atteinte aux poumons) ou des allergies (peau, yeux,&#8230;) ?<\/a><\/li><li class='ez-toc-page-1 ez-toc-heading-level-2'><a class=\"ez-toc-link ez-toc-heading-4\" href=\"https:\/\/www.bobex.be\/fr-be\/isolation\/types-d-isolants\/laine-de-verre\/dangers\/#Quelles_sont_les_alternatives_a_lutilisation_de_la_laine_de_verre\" >Quelles sont les alternatives \u00e0 l&rsquo;utilisation de la laine de verre ?&nbsp;<\/a><\/li><li class='ez-toc-page-1 ez-toc-heading-level-2'><a class=\"ez-toc-link ez-toc-heading-5\" href=\"https:\/\/www.bobex.be\/fr-be\/isolation\/types-d-isolants\/laine-de-verre\/dangers\/#Envie_de_conseils_de_specialistes_pour_choisir_un_bon_isolant_Faites_appel_a_des_pros_pour_realiser_lisolation_de_votre_maison\" >Envie de conseils de sp\u00e9cialistes pour choisir un bon isolant ? Faites appel \u00e0 des pros pour r\u00e9aliser l&rsquo;isolation de votre maison !<\/a><\/li><li class='ez-toc-page-1 ez-toc-heading-level-2'><a class=\"ez-toc-link ez-toc-heading-6\" href=\"https:\/\/www.bobex.be\/fr-be\/isolation\/types-d-isolants\/laine-de-verre\/dangers\/#Le_top_5_des_questions_frequemment_posees_a_propos_de_la_laine_de_verre\" >Le top 5 des questions fr\u00e9quemment pos\u00e9es \u00e0 propos de la laine de verre<\/a><ul class='ez-toc-list-level-3' ><li class='ez-toc-heading-level-3'><a class=\"ez-toc-link ez-toc-heading-7\" href=\"https:\/\/www.bobex.be\/fr-be\/isolation\/types-d-isolants\/laine-de-verre\/dangers\/#Quelle_est_la_duree_de_vie_dune_laine_de_verre\" >Quelle est la dur\u00e9e de vie d&rsquo;une laine de verre ?<\/a><\/li><li class='ez-toc-page-1 ez-toc-heading-level-3'><a class=\"ez-toc-link ez-toc-heading-8\" href=\"https:\/\/www.bobex.be\/fr-be\/isolation\/types-d-isolants\/laine-de-verre\/dangers\/#Pourquoi_la_laine_de_verre_nest_pas_ecologique\" >Pourquoi la laine de verre n&rsquo;est pas \u00e9cologique ?<\/a><\/li><li class='ez-toc-page-1 ez-toc-heading-level-3'><a class=\"ez-toc-link ez-toc-heading-9\" href=\"https:\/\/www.bobex.be\/fr-be\/isolation\/types-d-isolants\/laine-de-verre\/dangers\/#Est-ce_quil_y_a_de_lamiante_dans_la_laine_de_verre\" >Est-ce qu&rsquo;il y a de l&rsquo;amiante dans la laine de verre ?<\/a><\/li><li class='ez-toc-page-1 ez-toc-heading-level-3'><a class=\"ez-toc-link ez-toc-heading-10\" href=\"https:\/\/www.bobex.be\/fr-be\/isolation\/types-d-isolants\/laine-de-verre\/dangers\/#Est-ce_quil_y_a_des_risques_pour_la_sante_si_on_respire_de_la_laine_de_verre\" >Est-ce qu&rsquo;il y a des risques pour la sant\u00e9 si on respire de la laine de verre ?<\/a><\/li><li class='ez-toc-page-1 ez-toc-heading-level-3'><a class=\"ez-toc-link ez-toc-heading-11\" href=\"https:\/\/www.bobex.be\/fr-be\/isolation\/types-d-isolants\/laine-de-verre\/dangers\/#Est-ce_quil_y_a_des_risques_a_manipuler_une_ancienne_isolation_en_laine_de_verre\" >Est-ce qu&rsquo;il y a des risques \u00e0 manipuler une ancienne isolation en laine de verre ?<\/a><\/li><\/ul><\/li><\/ul><\/nav><\/div>\n<h2 class=\"wp-block-heading\"><span class=\"ez-toc-section\" id=\"Quels_sont_les_risques_lies_a_lutilisation_de_la_laine_de_verre_Est-ce_dangereux\"><\/span>Quels sont les risques li\u00e9s \u00e0 l&rsquo;utilisation de la laine de verre ? Est-ce dangereux ?<span class=\"ez-toc-section-end\"><\/span><\/h2>\n\n\n\n<p>La laine de verre est un mat\u00e9riau d&rsquo;isolation couramment utilis\u00e9 dans les chantiers d&rsquo;isolation et les travaux de r\u00e9novation \u00e9nerg\u00e9tique. Appr\u00e9ci\u00e9e pour ses <strong>propri\u00e9t\u00e9s d&rsquo;isolation thermique et acoustique<\/strong>, elle est produite sous diff\u00e9rentes formes, telles que des flocons de laine, des panneaux rigides et des produits en laine.&nbsp;<\/p>\n\n\n\n<p>L&rsquo;utilisation de la laine de verre peut pr\u00e9senter <strong>certains risques pour la sant\u00e9<\/strong>, mais il est important de notifier que ces dangers sont g\u00e9n\u00e9ralement li\u00e9s \u00e0 une <strong>exposition inappropri\u00e9e ou prolong\u00e9e<\/strong> \u00e0 ce mat\u00e9riau et a une manipulation sans protections. Cette situation est plus fr\u00e9quente lorsqu&rsquo;on travaille avec de la laine de verre ancienne. <br><br>Voici quelques risques associ\u00e9s \u00e0 la laine de verre :<\/p>\n\n\n\n<ul class=\"wp-block-list\">\n<li><strong>Irritation cutan\u00e9e :<\/strong> la laine de verre est compos\u00e9e de fines fibres de verre qui peuvent irriter la peau, provoquant des d\u00e9mangeaisons, des rougeurs et des \u00e9ruptions cutan\u00e9es. Cela se produit g\u00e9n\u00e9ralement lorsqu&rsquo;il y a un contact direct avec la laine de verre sans protection ad\u00e9quate.<\/li>\n<\/ul>\n\n\n\n<ul class=\"wp-block-list\">\n<li><strong>Irritation des voies respiratoires <\/strong>: cela peut provoquer une toux, une congestion nasale et des maux de gorge. Une exposition prolong\u00e9e sans \u00e9quipement de protection peut augmenter ces risques.<\/li>\n<\/ul>\n\n\n\n<p>Malgr\u00e9 les inqui\u00e9tudes soulev\u00e9es par l&rsquo;amiante, il est important de noter que la laine de verre est un mat\u00e9riau de construction \u00e9prouv\u00e9 depuis plus de 80 ans, avec plus de 1000 \u00e9tudes confirmant sa <strong>non-toxicit\u00e9 pour la sant\u00e9<\/strong>. Il y a 20 ans, le Centre International de Recherche sur le Cancer (CIRC), affili\u00e9 \u00e0 l&rsquo;OMS, a d\u00e9j\u00e0 d\u00e9clar\u00e9 que l<strong>es laines de verre ne sont pas canc\u00e9rig\u00e8nes pour l&rsquo;homme.&nbsp;<\/strong><\/p>\n\n\n\n<figure class=\"wp-block-image size-large\"><img decoding=\"async\" width=\"1024\" height=\"538\" src=\"https:\/\/www.bobex.be\/wp-uploads\/sites\/2\/laine-1024x538.png\" alt=\"gros rouleau de laine de verre\" class=\"wp-image-146824\" \/><\/figure>\n\n\n\n<h2 class=\"wp-block-heading\"><span class=\"ez-toc-section\" id=\"Quelles_sont_les_precautions_a_prendre_lorsque_lon_utilise_la_laine_de_verre_dans_le_cas_dune_isolation\"><\/span>Quelles sont les pr\u00e9cautions \u00e0 prendre lorsque l&rsquo;on utilise la laine de verre dans le cas d&rsquo;une isolation ?<span class=\"ez-toc-section-end\"><\/span><\/h2>\n\n\n\n<p>Lorsque vous utilisez de la laine de verre pour l&rsquo;isolation, il est essentiel de prendre des <strong>pr\u00e9cautions<\/strong> pour minimiser les risques pour votre sant\u00e9. Voici les principales pr\u00e9cautions \u00e0 prendre :<\/p>\n\n\n\n<ul class=\"wp-block-list\">\n<li><strong>Qualit\u00e9 :<\/strong>\u00a0recherchez la certification de conformit\u00e9 aux normes de s\u00e9curit\u00e9. Certains fabricants, comme Isover, produisent des mat\u00e9riaux conformes aux r\u00e9glementations strictes en mati\u00e8re de s\u00e9curit\u00e9 et de qualit\u00e9.<\/li>\n<\/ul>\n\n\n\n<ul class=\"wp-block-list\">\n<li><strong>Manipulez le mat\u00e9riau avec pr\u00e9caution<\/strong> et portez un \u00e9quipement de protection complet, notamment des combinaisons \u00e0 manches longues, des gants \u00e9pais, un masque respiratoire et des lunettes de s\u00e9curit\u00e9.<\/li>\n<\/ul>\n\n\n\n<ul class=\"wp-block-list\">\n<li><strong>Assurez-vous d&rsquo;une ventilation ad\u00e9quate<\/strong> pour \u00e9viter l&rsquo;accumulation de poussi\u00e8re de verre dans l&rsquo;air<\/li>\n<\/ul>\n\n\n\n<ul class=\"wp-block-list\">\n<li><strong>Nettoyez-vous soigneusement<\/strong> apr\u00e8s le travail et rincez-vous \u00e0 l&rsquo;eau froide si besoin<\/li>\n<\/ul>\n\n\n\n<ul class=\"wp-block-list\">\n<li><strong>Faites appel \u00e0 des professionnels<\/strong> si n\u00e9cessaire <\/li>\n<\/ul>\n\n\n\n                <div class='bobex-cta-block' style='\n            --button-bg-color: #e13c0e;\n            --button-text-color: #ffffff;\n            --banner-bg-color: #aad4e6;\n            --arrow-main-bg-color: #aad4e6;\n            --arrow-secondary-bg-color: #e5f2f7;\n            --banner-title-color: #10375e;\n            --arrow-title-color: #10375e;\n            --banner-text-color: #545454;\n            --arrow-text-color: #545454;         \n            --invert-range: 0deg;\n        '>\n                    <div class='cta-arrow-text d-flex d-lg-none'>\n                        <a class='cta-button-rounded' href='#ppp'>Demander un devis<\/a>\n                    <\/div>\n                    <div class='d-none d-lg-flex flex-no-wrap'>\n                        <div class=\"col-7 cta-arrow-text d-flex text-color\">\n                            <div class=\"m-auto\">\n                                <div class=\"h3\">Optimisez votre isolation avec l&rsquo;expertise de professionnels !<\/div>\n                                <div class='text-color'> <\/div>\n                            <\/div>\n                        <\/div>\n                        <div class='cta-arrow-link col-5'>\n                            <a class='cta-button-rounded' href=\"#ppp\">Demander un devis<\/a>\n                        <\/div>\n                    <\/div>\n                <\/div>\n\n\n<h2 class=\"wp-block-heading\"><span class=\"ez-toc-section\" id=\"La_laine_de_verre_peut-elle_causer_des_problemes_de_sante_comme_des_problemes_respiratoires_atteinte_aux_poumons_ou_des_allergies_peau_yeux%E2%80%A6\"><\/span>La laine de verre peut-elle causer des probl\u00e8mes de sant\u00e9 comme des probl\u00e8mes respiratoires (atteinte aux poumons) ou des allergies (peau, yeux,&#8230;) ?<span class=\"ez-toc-section-end\"><\/span><\/h2>\n\n\n\n<p><strong>La laine de verre est sans risque pour la sant\u00e9 lorsqu&rsquo;elle est correctement install\u00e9e et que des pr\u00e9cautions sont prises. <\/strong>Elle est non allerg\u00e8ne, non toxique et r\u00e9sistante au feu. Les risques sont principalement li\u00e9s \u00e0 une exposition directe sans \u00e9quipement de protection, ce qui peut \u00eatre \u00e9vit\u00e9 en suivant les bonnes pratiques de s\u00e9curit\u00e9 lors de l&rsquo;installation.<\/p>\n\n\n\n<h2 class=\"wp-block-heading\"><span class=\"ez-toc-section\" id=\"Quelles_sont_les_alternatives_a_lutilisation_de_la_laine_de_verre\"><\/span>Quelles sont les alternatives \u00e0 l&rsquo;utilisation de la laine de verre ?&nbsp;<span class=\"ez-toc-section-end\"><\/span><\/h2>\n\n\n\n<p>Il existe plusieurs alternatives \u00e0 la laine de verre qui offrent des propri\u00e9t\u00e9s similaires en termes d&rsquo;isolation thermique et acoustique tout en \u00e9tant plus s\u00fbres et respectueuses de l&rsquo;environnement. Voici quelques-unes de ces alternatives :<\/p>\n\n\n\n<ul class=\"wp-block-list\">\n<li><strong>Laine de roche<\/strong> : proche de la laine de verre en termes de performance thermique et acoustique. Elle est \u00e9galement r\u00e9sistante au feu et ne contient pas de produits chimiques nocifs. C&rsquo;est une option populaire pour l&rsquo;isolation.<\/li>\n<\/ul>\n\n\n\n<ul class=\"wp-block-list\">\n<li><strong>Fibre de cellulose<\/strong> : fabriqu\u00e9e \u00e0 partir de papier recycl\u00e9, la fibre de cellulose est une alternative \u00e9cologique. Elle offre de bonnes performances thermiques et acoustiques tout en \u00e9tant non toxique et r\u00e9sistante au feu.<\/li>\n<\/ul>\n\n\n\n<ul class=\"wp-block-list\">\n<li><strong>Isolation en chanvre ou en lin<\/strong> : ces mat\u00e9riaux naturels offrent des propri\u00e9t\u00e9s d&rsquo;isolation thermique et acoustique tout en \u00e9tant respectueux de l&rsquo;environnement. Ils sont non allerg\u00e8nes et biod\u00e9gradables.<\/li>\n<\/ul>\n\n\n\n<ul class=\"wp-block-list\">\n<li><strong>Panneaux de li\u00e8ge<\/strong> : mat\u00e9riau naturel qui offre une isolation thermique et acoustique efficace. Il est \u00e9galement l\u00e9ger et renouvelable.<\/li>\n<\/ul>\n\n\n\n<ul class=\"wp-block-list\">\n<li><strong>Laine de mouton<\/strong> : option naturelle qui offre une bonne isolation thermique et acoustique. Elle est biocompatible et peut \u00eatre une option \u00e9cologique si elle est produite de mani\u00e8re durable.<\/li>\n<\/ul>\n\n\n\n<p>Lors du choix d&rsquo;une alternative aux flocons de laine, il est important de consid\u00e9rer vos <strong>besoins sp\u00e9cifiques<\/strong> en mati\u00e8re d&rsquo;isolation, le co\u00fbt, la disponibilit\u00e9 locale des mat\u00e9riaux, ainsi que leur impact sur l&rsquo;environnement. Chaque mat\u00e9riau a ses <strong>propres avantages et inconv\u00e9nients<\/strong>, il est donc recommand\u00e9 de faire des <strong>recherches approfondies<\/strong> et de <strong>consulter un professionnel<\/strong> de l&rsquo;isolation pour d\u00e9terminer la meilleure option pour votre projet.<\/p>\n\n\n\n<figure class=\"wp-block-image size-large\"><img decoding=\"async\" width=\"1024\" height=\"538\" src=\"https:\/\/www.bobex.be\/wp-uploads\/sites\/2\/degns-wordpress-1024x538.png\" alt=\"professionnel \u00e9quip\u00e9 d'un masque et de gants de protection, qui pose de la laine de verre sur un mur\" class=\"wp-image-146827\" \/><\/figure>\n\n\n\n<h2 class=\"wp-block-heading\"><span class=\"ez-toc-section\" id=\"Envie_de_conseils_de_specialistes_pour_choisir_un_bon_isolant_Faites_appel_a_des_pros_pour_realiser_lisolation_de_votre_maison\"><\/span>Envie de conseils de sp\u00e9cialistes pour choisir un bon isolant ? Faites appel \u00e0 des pros pour r\u00e9aliser l&rsquo;isolation de votre maison !<span class=\"ez-toc-section-end\"><\/span><\/h2>\n\n\n\n<p>Laissez les experts vous guider vers une isolation efficace et \u00e9co\u00e9nerg\u00e9tique ! Demandez des devis gratuits maintenant.&nbsp;<\/p>\n\n\n<div id=\"ppp\" class=\"bob-form-wrapper\" data-ajax_url=\"https:\/\/www.bobex.be\/fr-be\/wp-admin\/admin-ajax.php\" data-fa_a=\"\" data-fa_b=\"\"><div class=\"loader\" aria-hidden=\"true\"><\/div>    <div>\n        <div class=\"row mx-auto mb-2\" style=\"max-width: 900px;\">\n            <div class=\"col-md-4\"><i class=\"mr-1 fas fa-check\" style=\"color:green;\"><\/i>Devis gratuits et rapides<\/div>\n            <div class=\"col-md-4\"><i class=\"mr-1 fas fa-check\" style=\"color:green;\"><\/i>Sans engagement et obligation<\/div>\n            <div class=\"col-md-4\"><i class=\"mr-1 fas fa-check\" style=\"color:green;\"><\/i>Professionnels agr\u00e9\u00e9s<\/div>\n        <\/div>\n    <\/div><div id=\"form-69f4ef5338657\" class=\"bob-form-container\" style=\"background-color: white; font-family: Roboto, sans-serif !important; font-size: 16px !important; color: #545454; box-shadow: 0 2px 10px rgba(0,0,0,0.1); --font_title: Poppins; --font_size_title: 20px; --title_bg_color: #175da6; --copyright_color: #fde8e1; --box_upload_color: #e5f2f7; padding:unset;\" data-form-type=\"inline\" data-form-id=\"69f4ef5338657\"><style>#form-69f4ef5338657 .bob-form-inline-question.even {\n  background-color: #e5f2f7;\n}\n#form-69f4ef5338657 .single_multiple.multiple_button {\n  background-color: #e5f2f7 !important;\n}\n#form-69f4ef5338657 .bob-form-inline-question--hidden {\n  display: none;\n}<\/style><div class=\"form-questions\"><form id=\"bob-form\" class=\"bob-form bob-form-tag\" method=\"post\" action=\"https:\/\/www.bobex.be\/fr-be\/wp-admin\/admin-ajax.php?action=bobex-form-validation\">    <div class=\"form-title\">\n        Formulez votre demande\n        <div class=\"form-title-info-line\">\n            R\u00e9pondez \u00e0 quelques questions et entrez en contact avec des sp\u00e9cialistes fiables. Nous vous demandons vos coordonn\u00e9es afin de s\u00e9lectionner les professionnels actifs dans votre r\u00e9gion.\n        <\/div>\n    <\/div><div class=\"form-questions bob-form-inline-question\"><div class=\"row\"><div class=\"question col-md-4\"><label>1*. Que voulez-vous isoler?<\/label><\/div><div class=\"answer col-md-8\"><div class=\"bob-form-checkbox d-flex\"><input type=\"checkbox\" class=\"inline-checkbox bob-form-input\" id=\"69f4ef5338657-input-0-1\" data-unique-id=\"69f4ef5338657\" name=\"XML_extra_check[]\" value=\"1\"  required=\"required\" onclick=\"checkboxTurnChecked(this)\"><label for=\"69f4ef5338657-input-0-1\">Isolation int\u00e9rieure d&#039;un toit inclin\u00e9<\/label><\/div><div class=\"bob-form-checkbox d-flex\"><input type=\"checkbox\" class=\"inline-checkbox bob-form-input\" id=\"69f4ef5338657-input-0-2\" data-unique-id=\"69f4ef5338657\" name=\"XML_extra_check[]\" value=\"2\"  required=\"required\" onclick=\"checkboxTurnChecked(this)\"><label for=\"69f4ef5338657-input-0-2\">Isolation ext\u00e9rieure d&#039;un toit inclin\u00e9<\/label><\/div><div class=\"bob-form-checkbox d-flex\"><input type=\"checkbox\" class=\"inline-checkbox bob-form-input\" id=\"69f4ef5338657-input-0-3\" data-unique-id=\"69f4ef5338657\" name=\"XML_extra_check[]\" value=\"3\"  required=\"required\" onclick=\"checkboxTurnChecked(this)\"><label for=\"69f4ef5338657-input-0-3\">Isolation int\u00e9rieure d&#039;un toit plat<\/label><\/div><div class=\"bob-form-checkbox d-flex\"><input type=\"checkbox\" class=\"inline-checkbox bob-form-input\" id=\"69f4ef5338657-input-0-4\" data-unique-id=\"69f4ef5338657\" name=\"XML_extra_check[]\" value=\"4\"  required=\"required\" onclick=\"checkboxTurnChecked(this)\"><label for=\"69f4ef5338657-input-0-4\">Isolation ext\u00e9rieure d&#039;un toit plat<\/label><\/div><div class=\"bob-form-checkbox d-flex\"><input type=\"checkbox\" class=\"inline-checkbox bob-form-input\" id=\"69f4ef5338657-input-0-5\" data-unique-id=\"69f4ef5338657\" name=\"XML_extra_check[]\" value=\"5\"  required=\"required\" onclick=\"checkboxTurnChecked(this)\"><label for=\"69f4ef5338657-input-0-5\">Murs creux<\/label><\/div><div class=\"bob-form-checkbox d-flex\"><input type=\"checkbox\" class=\"inline-checkbox bob-form-input\" id=\"69f4ef5338657-input-0-6\" data-unique-id=\"69f4ef5338657\" name=\"XML_extra_check[]\" value=\"6\"  required=\"required\" onclick=\"checkboxTurnChecked(this)\"><label for=\"69f4ef5338657-input-0-6\">Murs ext\u00e9rieurs<\/label><\/div><div class=\"bob-form-checkbox d-flex\"><input type=\"checkbox\" class=\"inline-checkbox bob-form-input\" id=\"69f4ef5338657-input-0-7\" data-unique-id=\"69f4ef5338657\" name=\"XML_extra_check[]\" value=\"7\"  required=\"required\" onclick=\"checkboxTurnChecked(this)\"><label for=\"69f4ef5338657-input-0-7\">Murs int\u00e9rieurs<\/label><\/div><div class=\"bob-form-checkbox d-flex\"><input type=\"checkbox\" class=\"inline-checkbox bob-form-input\" id=\"69f4ef5338657-input-0-8\" data-unique-id=\"69f4ef5338657\" name=\"XML_extra_check[]\" value=\"8\"  required=\"required\" onclick=\"checkboxTurnChecked(this)\"><label for=\"69f4ef5338657-input-0-8\">Sol<\/label><\/div><div class=\"bob-form-checkbox d-flex\"><input type=\"checkbox\" class=\"inline-checkbox bob-form-input\" id=\"69f4ef5338657-input-0-9\" data-unique-id=\"69f4ef5338657\" name=\"XML_extra_check[]\" value=\"9\"  required=\"required\" onclick=\"checkboxTurnChecked(this)\"><label for=\"69f4ef5338657-input-0-9\">Isolation du vide ventil\u00e9<\/label><\/div><\/div><\/div><\/div><div class=\"form-questions bob-form-inline-question even\"><div class=\"row\"><div class=\"question col-md-4\"><label>2*. Quelle superficie devra \u00eatre isol\u00e9e (estimation)?<\/label><\/div><div class=\"answer col-md-8\"><div class=\"bob-form-radio d-flex\"><input type=\"radio\" class=\"inline-radio\" id=\"69f4ef5338657-input-1-1\" data-unique-id=\"69f4ef5338657\" name=\"XML_extra_radio2\" value=\"1\"  required=\"required\"><label for=\"69f4ef5338657-input-1-1\">Moins de 20 m2<\/label><\/div><div class=\"bob-form-radio d-flex\"><input type=\"radio\" class=\"inline-radio\" id=\"69f4ef5338657-input-1-2\" data-unique-id=\"69f4ef5338657\" name=\"XML_extra_radio2\" value=\"2\"  required=\"required\"><label for=\"69f4ef5338657-input-1-2\">Entre 20 et 50 m2<\/label><\/div><div class=\"bob-form-radio d-flex\"><input type=\"radio\" class=\"inline-radio\" id=\"69f4ef5338657-input-1-3\" data-unique-id=\"69f4ef5338657\" name=\"XML_extra_radio2\" value=\"3\"  required=\"required\"><label for=\"69f4ef5338657-input-1-3\">Entre 50 et 100 m2<\/label><\/div><div class=\"bob-form-radio d-flex\"><input type=\"radio\" class=\"inline-radio\" id=\"69f4ef5338657-input-1-4\" data-unique-id=\"69f4ef5338657\" name=\"XML_extra_radio2\" value=\"4\"  required=\"required\"><label for=\"69f4ef5338657-input-1-4\">Entre 100 et 200 m2<\/label><\/div><div class=\"bob-form-radio d-flex\"><input type=\"radio\" class=\"inline-radio\" id=\"69f4ef5338657-input-1-5\" data-unique-id=\"69f4ef5338657\" name=\"XML_extra_radio2\" value=\"5\"  required=\"required\"><label for=\"69f4ef5338657-input-1-5\">Plus de 200 m2<\/label><\/div><\/div><\/div><\/div><div class=\"form-questions bob-form-inline-question\"><div class=\"row\"><div class=\"question col-md-4\"><label>3*. Quand d\u00e9sirez-vous d\u00e9buter l&rsquo;installation de l&rsquo;isolation?<\/label><\/div><div class=\"answer col-md-8\"><div class=\"bob-form-radio d-flex\"><input type=\"radio\" class=\"inline-radio\" id=\"69f4ef5338657-input-2-1\" data-unique-id=\"69f4ef5338657\" name=\"XML_extra_radio3\" value=\"1\"  required=\"required\"><label for=\"69f4ef5338657-input-2-1\">Le plus rapidement possible, sous le mois<\/label><\/div><div class=\"bob-form-radio d-flex\"><input type=\"radio\" class=\"inline-radio\" id=\"69f4ef5338657-input-2-2\" data-unique-id=\"69f4ef5338657\" name=\"XML_extra_radio3\" value=\"2\"  required=\"required\"><label for=\"69f4ef5338657-input-2-2\">Entre 1 et 3 mois<\/label><\/div><div class=\"bob-form-radio d-flex\"><input type=\"radio\" class=\"inline-radio\" id=\"69f4ef5338657-input-2-3\" data-unique-id=\"69f4ef5338657\" name=\"XML_extra_radio3\" value=\"3\"  required=\"required\"><label for=\"69f4ef5338657-input-2-3\">Entre 4 et 6 mois<\/label><\/div><div class=\"bob-form-radio d-flex\"><input type=\"radio\" class=\"inline-radio\" id=\"69f4ef5338657-input-2-4\" data-unique-id=\"69f4ef5338657\" name=\"XML_extra_radio3\" value=\"4\"  required=\"required\"><label for=\"69f4ef5338657-input-2-4\">Entre 7 et 12 mois<\/label><\/div><\/div><\/div><\/div><div class=\"form-questions bob-form-inline-question even\"><div class=\"row\"><div class=\"question col-md-4\"><label>4. Quel type de b\u00e2timent d\u00e9sirez-vous isoler?<\/label><\/div><div class=\"answer col-md-8\"><div class=\"bob-form-radio d-flex\"><input type=\"radio\" class=\"inline-radio\" id=\"69f4ef5338657-input-3-1\" data-unique-id=\"69f4ef5338657\" name=\"XML_extra_radio4\" value=\"1\"  ><label for=\"69f4ef5338657-input-3-1\">Propri\u00e9t\u00e9 priv\u00e9e<\/label><\/div><div class=\"bob-form-radio d-flex\"><input type=\"radio\" class=\"inline-radio\" id=\"69f4ef5338657-input-3-2\" data-unique-id=\"69f4ef5338657\" name=\"XML_extra_radio4\" value=\"2\"  ><label for=\"69f4ef5338657-input-3-2\">Immeuble commercial<\/label><\/div><\/div><\/div><\/div><div class=\"form-questions bob-form-inline-question\"><div class=\"d-flex flex-column\"><label class=\"question\" for=\"69f4ef5338657-input-4\">5. Description de votre projet<\/label><textarea class=\"bob-form-input\" name=\"XML_remarks\" id=\"69f4ef5338657-input-4\" data-unique-id=\"69f4ef5338657\"><\/textarea><\/div><\/div><div class=\"bob-inline-form bob-form-tag upload-box mb-3\">\n                    <div class=\"row\">\n                        <div class=\"col-md-12 mb-2 question\">Ajouter des photos ou des pi\u00e8ces jointes (en Option)<\/div>\n                        <div class=\"col-md-12\">\n                            <div class=\"box__input\" style=\"background-color: #e5f2f7;\"\n                                 ondrop=\"drop(event)\"\n                                 ondragover=\"allowDrop(event)\"\n                                 ondragleave=\"removeDropFx(event)\"\n                                >\n                                <input type=\"file\"\n                                       class=\"file__input\"\n                                       name=\"attachments[]\"\n                                       id=\"attachments\"\n                                       multiple=\"multiple\"\n                                       accept=\"image\/jpeg, image\/png, image\/gif, application\/pdf\"\n                                       data-multiple-caption=\"{count} files selected\">\n                                <div>\n                                    <label for=\"attachments\"><strong>S\u00e9lectionnez un fichier <\/strong>ou glissez-le ici<\/label>\n                                    <span class=\"box__button bobex-round-cta m-1 py-1\"\n                                          style=\"mix-blend-mode: luminosity\">\n                                        <i class=\"fas fa-cloud-upload-alt text-white\"><\/i>\n                                        T\u00e9l\u00e9charger\n                                    <\/span>\n                                <\/div>\n            \n                                <div class=\"row preview_wrapper m-0\"><\/div>\n                            <\/div>\n            \n                            <div class=\"box__uploading\">Uploading\u2026<\/div>\n                            <div class=\"box__success\">Done!<\/div>\n                            <div class=\"box__error\">Error! <span><\/span>.<\/div>\n                        <\/div>\n                    <\/div>\n                <\/div>    <div class=\"form-title\">\n        Vos donn\u00e9es\n    <\/div><div class=\"bob-form-contact-data\" style=\"padding: 20px\"><div class=\"row lead-info\"><div class=\"col-md-6 mb-3\">  <div class=\"form-group\">    <input value=\"\" type=\"text\" class=\"form-control\" id=\"firstName\" name=\"firstName\" placeholder=\"Pr\u00e9nom\" required>    <div class=\"valid-feedback\">Enchant\u00e9 !<\/div>    <div class=\"invalid-feedback\">Veuillez indiquer votre pr\u00e9nom<\/div>  <\/div><\/div><div class=\"col-md-6 mb-3\">  <div class=\"form-group\">    <input value=\"\" type=\"text\" class=\"form-control\" id=\"lastName\" name=\"lastName\" placeholder=\"Nom\" required>    <div class=\"valid-feedback\">Sympa<\/div>    <div class=\"invalid-feedback\">Veuillez indiquer votre nom de famille<\/div>  <\/div><\/div><div class=\"col-md-12 mb-3\">  <div class=\"form-group\">    <input value=\"\" type=\"email\" class=\"form-control\" id=\"email\" name=\"email\" placeholder=\"E-mail\" required style=\"max-width: unset;\">    <div class=\"valid-feedback\">C&rsquo;est tout bon<\/div>    <div class=\"invalid-feedback\">Veuillez indiquer une adresse e-mail valide<\/div>  <\/div><\/div><div class=\"col-md-12 mb-3\">  <div class=\"form-group\">    <input value=\"\" type=\"tel\" class=\"form-control\" id=\"phone\" name=\"phone\" placeholder=\"T\u00e9l\u00e9phone\" required style=\"max-width: unset;\">    <div class=\"valid-feedback\">Parfait<\/div>    <div class=\"invalid-feedback\">Veuillez indiquer un num\u00e9ro de t\u00e9l\u00e9phone valide<\/div>  <\/div><\/div><div class=\"col-md-12 mb-3\">  <div class=\"form-group\">    <input value=\"\" type=\"text\" class=\"form-control\" id=\"companyAddress\" name=\"companyAddress\" placeholder=\"Adresse\" required style=\"max-width: unset;\">    <div class=\"valid-feedback\">C&rsquo;est not\u00e9<\/div>    <div class=\"invalid-feedback\">Veuillez indiquer une adresse valide<\/div>  <\/div><\/div><div class=\"col-md-6 mb-3\">  <div class=\"form-group\">    <input value=\"\" type=\"text\" class=\"form-control\" id=\"companyPostalCode\" name=\"companyPostalCode\" placeholder=\"Code postal\" required>    <div class=\"valid-feedback\">Excellent !<\/div>    <div class=\"invalid-feedback\">Veuillez indiquer un code postal valide<\/div>  <\/div><\/div><div class=\"col-md-6 mb-3\">  <div class=\"form-group\">    <input value=\"\" type=\"text\" class=\"form-control\" id=\"companyCity\" name=\"companyCity\" placeholder=\"Ville\" required>    <div class=\"valid-feedback\">Bien jou\u00e9<\/div>    <div class=\"invalid-feedback\">Veuillez indiquer une ville valide<\/div>  <\/div><\/div><div class=\"d-flex mt-3\"><input name=\"promoOptin\" value=\"true\" id=\"promoOptin\" type=\"checkbox\" class=\"me-2\" style=\"width: unset\"><label for=\"promoOptin\">Je souhaite rester inform\u00e9 de ma demande et recevoir des conseils pratiques (fortement recommand\u00e9 !) <\/label><\/div><\/div><\/div><input type=\"hidden\" class=\"session_var\" name=\"newform\" value=\"true\"><input type=\"hidden\" class=\"session_var\" name=\"lead-validation-nonce\" value=\"b093144bd6\"><input type=\"hidden\" class=\"session_var\" name=\"aff\" value=\"minisite\"><input type=\"hidden\" class=\"session_var\" name=\"utm_source\" value=\"https:\/\/www.bobex.be\/fr-be\/wp-json\/v2\/content\/146611\"><input type=\"hidden\" class=\"session_var\" name=\"bobx\" value=\"\"><input type=\"hidden\" class=\"session_var\" name=\"sessionType\" value=\"B2C\"><input type=\"hidden\" class=\"session_var\" name=\"utm_medium\" value=\"web\"><input type=\"hidden\" class=\"session_var\" name=\"utm_campaign\" value=\"search\"><input type=\"hidden\" class=\"session_var\" name=\"rem_source\" value=\"https:\/\/www.bobex.be\/fr-be\/isolation\/types-d-isolants\/laine-de-verre\/dangers\/\"><input type=\"hidden\" class=\"session_var\" name=\"pixel_id\" value=\"-1\"><input type=\"hidden\" class=\"session_var\" name=\"tabo_id\" value=\"-1\"><input type=\"hidden\" class=\"session_var\" name=\"click_id\" value=\"-1\"><input type=\"hidden\" class=\"session_var\" name=\"gclid\" value=\"-1\"><input type=\"hidden\" class=\"session_var\" name=\"msclkid\" value=\"-1\"><input type=\"hidden\" class=\"session_var\" name=\"past_aff\" value=\"bobex\"><input type=\"hidden\" class=\"session_var\" name=\"redirectTo\" value=\"BE\"><input type=\"hidden\" class=\"session_var\" name=\"is_type_id\" value=\"true\"><input type=\"hidden\" class=\"session_var\" name=\"typeid\" value=\"11427\"><input type=\"hidden\" class=\"session_var\" name=\"companyType\" value=\"label.companytype.consumer\"><input type=\"hidden\" class=\"session_var\" name=\"input_names\" value=\"XML_extra_check,XML_extra_radio2,XML_extra_radio3,XML_extra_radio4,XML_remarks\"><input type=\"hidden\" class=\"form_context\" value=\"BE\"><img decoding=\"async\" class=\"bobex-pixel\" src=\"\" alt=\"\" style=\"display:none\" \/>    <div class=\"bob-form-submit d-flex justify-content-center\">\n        <button type=\"submit\" class=\"form-submit\" style=\"background-color: #F1653A; color: white; border: none !important; border-radius: 5px !important; font-family: Roboto, sans-serif; font-size: 16px;\">\n            Demander un devis\n        <\/button>\n    <\/div>    <div class=\"bob-inline-form form-footer\" style=\"border-radius: 0 0 10px 10px\">\n        <div class=\"bob-form-privacy-text\">\n            <div style=\"float:left;\"><i class=\"fa fa-lock\"><\/i><\/div>\n            <div class=\"ms-2\">\n                <div style='padding-left: 15px;font-size: 0.8em !important;z-index: 10;'><b>Nous respectons votre vie priv\u00e9e<\/b><br> Conform\u00e9ment \u00e0 la loi du 8\/12\/1992 relative \u00e0 la protection de la vie priv\u00e9e, vous disposez d&rsquo;un droit d&rsquo;acc\u00e8s et de rectification \u00e0 vos donn\u00e9es. Pour en savoir plus, consultez notre <span class=\"link_ob\" data-link=\"aHR0cHM6Ly93d3cuYm9iZXguYmUvZnItYmUvcHJvdGVjdGlvbi1kZS1sYS12aWUtcHJpdmVlLw==\" target=\"_blank\">charte sur la vie priv\u00e9e<\/span>.<\/div>\n                \n            <\/div>\n        <\/div>\n    <\/div><\/form><\/div><div class=\"multiple_mini hidden\" data-lead_id=\"\"><p class=\"multiple-title\">Merci d&rsquo;avoir pris le temps de remplir ce formulaire<\/p><p>Nous vous contacterons d\u00e8s que possible pour vous orienter vers le meilleur sp\u00e9cialiste correspondant \u00e0 votre demande.<\/p><div class=\"multiple_wrapper\"><div class=\"loader\"><\/div><p class=\"multiple-title\">Vous cherchez d&rsquo;autres services ?<\/p><p class=\"multiple_text\">Vous souhaitez comparer d&rsquo;autres devis ou explorer d&rsquo;autres services ? Faites-le nous savoir et nous vous mettrons rapidement en relation<\/p><div class=\"multiple_container\"><div class=\"single_multiple multiple_button\" data-typeid=\"11364\"><i class=\"fa-3x cat icon-11364\"><\/i><span class=\"multiple_name\">Panneaux solaires<\/span><\/div><div class=\"single_multiple multiple_button\" data-typeid=\"11428\"><i class=\"fa-3x cat icon-11428\"><\/i><span class=\"multiple_name\">Pompe \u00e0 chaleur<\/span><\/div><div class=\"single_multiple multiple_button\" data-typeid=\"11452\"><i class=\"fa-3x fad fa-door-closed\"><\/i><span class=\"multiple_name\">Ch\u00e2ssis, portes et fen\u00eatres<\/span><\/div><div class=\"single_multiple multiple_button\" data-typeid=\"11982\"><i class=\"fa-3x cat icon-11982\"><\/i><span class=\"multiple_name\">Adoucisseur d&rsquo;eau<\/span><\/div><div class=\"single_multiple multiple_button\" data-typeid=\"11962\"><i class=\"fa-3x cat icon-11962\"><\/i><span class=\"multiple_name\">Travaux de toiture<\/span><\/div><div class=\"single_multiple multiple_button\" data-typeid=\"11992\"><i class=\"fa-3x cat icon-11992\"><\/i><span class=\"multiple_name\">D\u00e9moussage toitures<\/span><\/div><div class=\"single_multiple hidden multiple_button\" data-typeid=\"11453\"><i class=\"fa-3x cat icon-11453\"><\/i><span class=\"multiple_name\">Syst\u00e8me de ventilation<\/span><\/div><div class=\"single_multiple hidden multiple_button\" data-typeid=\"11461\"><i class=\"fa-3x cat icon-11461\"><\/i><span class=\"multiple_name\">Traitement de l&rsquo;humidit\u00e9<\/span><\/div><\/div><\/div><\/div><\/div><\/div>\n\n\n<h2 class=\"wp-block-heading\"><span class=\"ez-toc-section\" id=\"Le_top_5_des_questions_frequemment_posees_a_propos_de_la_laine_de_verre\"><\/span>Le top 5 des questions fr\u00e9quemment pos\u00e9es \u00e0 propos de la laine de verre<span class=\"ez-toc-section-end\"><\/span><\/h2>\n\n\n\n<div class=\"wp-block-bobex-frequently-asked-questions bobex-faq-main-wrapper\">\n            <div class=\"bobex-simple-question-answer-block\">\n                <div class=\"bobex-simple-question-answer-block__question\" style=\"background-color: #63b0d1!important; color: white!important;\">\n                    <h3 style=\"color: white!important; margin:unset; font-size:1.2rem;\" class=\"bobex-simple-question-answer-block__question__content\"><span class=\"ez-toc-section\" id=\"Quelle_est_la_duree_de_vie_dune_laine_de_verre\"><\/span>Quelle est la dur\u00e9e de vie d&rsquo;une laine de verre ?<span class=\"ez-toc-section-end\"><\/span><\/h3>\n                    <div class=\"bobex-simple-question-answer-block__question__toggle\">+<\/div>\n                <\/div>\n                <div class=\"bobex-simple-question-answer-block__answer\" style=\"background-color: !important; color: black!important;\">\n                    <div class=\"bobex-simple-question-answer-block__answer__content\">La laine de verre a g\u00e9n\u00e9ralement une dur\u00e9e de vie d&rsquo;environ 50 \u00e0 70 ans, voire plus, lorsqu&rsquo;elle est correctement install\u00e9e et entretenue.<\/div>\n                    <div><\/div>\n                <\/div>\n            <\/div>\n        \n\n\n            <div class=\"bobex-simple-question-answer-block\">\n                <div class=\"bobex-simple-question-answer-block__question\" style=\"background-color: #63b0d1!important; color: white!important;\">\n                    <h3 style=\"color: white!important; margin:unset; font-size:1.2rem;\" class=\"bobex-simple-question-answer-block__question__content\"><span class=\"ez-toc-section\" id=\"Pourquoi_la_laine_de_verre_nest_pas_ecologique\"><\/span>Pourquoi la laine de verre n&rsquo;est pas \u00e9cologique ?<span class=\"ez-toc-section-end\"><\/span><\/h3>\n                    <div class=\"bobex-simple-question-answer-block__question__toggle\">+<\/div>\n                <\/div>\n                <div class=\"bobex-simple-question-answer-block__answer\" style=\"background-color: !important; color: black!important;\">\n                    <div class=\"bobex-simple-question-answer-block__answer__content\">La laine de verre n&rsquo;est pas consid\u00e9r\u00e9e comme \u00e9cologique, principalement en raison de la grande quantit\u00e9 d&rsquo;\u00e9nergie n\u00e9cessaire pour sa fabrication et de la pr\u00e9sence de liants chimiques dans certains produits qui peuvent avoir un impact sur l&rsquo;environnement.<\/div>\n                    <div><\/div>\n                <\/div>\n            <\/div>\n        \n\n\n            <div class=\"bobex-simple-question-answer-block\">\n                <div class=\"bobex-simple-question-answer-block__question\" style=\"background-color: #63b0d1!important; color: white!important;\">\n                    <h3 style=\"color: white!important; margin:unset; font-size:1.2rem;\" class=\"bobex-simple-question-answer-block__question__content\"><span class=\"ez-toc-section\" id=\"Est-ce_quil_y_a_de_lamiante_dans_la_laine_de_verre\"><\/span>Est-ce qu&rsquo;il y a de l&rsquo;amiante dans la laine de verre ?<span class=\"ez-toc-section-end\"><\/span><\/h3>\n                    <div class=\"bobex-simple-question-answer-block__question__toggle\">+<\/div>\n                <\/div>\n                <div class=\"bobex-simple-question-answer-block__answer\" style=\"background-color: !important; color: black!important;\">\n                    <div class=\"bobex-simple-question-answer-block__answer__content\">Non, il n&rsquo;y a g\u00e9n\u00e9ralement pas d&rsquo;amiante dans les flocons de laine modernes, car l&rsquo;amiante a \u00e9t\u00e9 progressivement \u00e9limin\u00e9 de la production de mat\u00e9riaux de construction pour des raisons de sant\u00e9 publique.<\/div>\n                    <div><\/div>\n                <\/div>\n            <\/div>\n        \n\n\n            <div class=\"bobex-simple-question-answer-block\">\n                <div class=\"bobex-simple-question-answer-block__question\" style=\"background-color: #63b0d1!important; color: white!important;\">\n                    <h3 style=\"color: white!important; margin:unset; font-size:1.2rem;\" class=\"bobex-simple-question-answer-block__question__content\"><span class=\"ez-toc-section\" id=\"Est-ce_quil_y_a_des_risques_pour_la_sante_si_on_respire_de_la_laine_de_verre\"><\/span>Est-ce qu&rsquo;il y a des risques pour la sant\u00e9 si on respire de la laine de verre ?<span class=\"ez-toc-section-end\"><\/span><\/h3>\n                    <div class=\"bobex-simple-question-answer-block__question__toggle\">+<\/div>\n                <\/div>\n                <div class=\"bobex-simple-question-answer-block__answer\" style=\"background-color: !important; color: black!important;\">\n                    <div class=\"bobex-simple-question-answer-block__answer__content\">Oui, en cas d&rsquo;exposition prolong\u00e9e et non prot\u00e9g\u00e9e, inhaler des particules de laine de verre peut causer une irritation des voies respiratoires et des probl\u00e8mes de sant\u00e9, il est donc essentiel de prendre des pr\u00e9cautions lors de la manipulation de ce mat\u00e9riau.<\/div>\n                    <div><\/div>\n                <\/div>\n            <\/div>\n        \n\n\n            <div class=\"bobex-simple-question-answer-block\">\n                <div class=\"bobex-simple-question-answer-block__question\" style=\"background-color: #63b0d1!important; color: white!important;\">\n                    <h3 style=\"color: white!important; margin:unset; font-size:1.2rem;\" class=\"bobex-simple-question-answer-block__question__content\"><span class=\"ez-toc-section\" id=\"Est-ce_quil_y_a_des_risques_a_manipuler_une_ancienne_isolation_en_laine_de_verre\"><\/span>Est-ce qu&rsquo;il y a des risques \u00e0 manipuler une ancienne isolation en laine de verre ?<span class=\"ez-toc-section-end\"><\/span><\/h3>\n                    <div class=\"bobex-simple-question-answer-block__question__toggle\">+<\/div>\n                <\/div>\n                <div class=\"bobex-simple-question-answer-block__answer\" style=\"background-color: !important; color: black!important;\">\n                    <div class=\"bobex-simple-question-answer-block__answer__content\">Oui, manipuler une ancienne isolation en laine de verre peut pr\u00e9senter des risques potentiels pour la sant\u00e9 en raison de l&rsquo;exposition \u00e0 des fibres fines, il est donc important de prendre des pr\u00e9cautions appropri\u00e9es lors de la manipulation ou du retrait de cette isolation.<\/div>\n                    <div><\/div>\n                <\/div>\n            <\/div>\n        <\/div>\n\n                    <script type=\"application\/ld+json\">\n                        {\"@context\":\"https:\\\/\\\/schema.org\",\"@type\":\"FAQPage\",\"mainEntity\":[{\"@type\":\"Question\",\"name\":\"Quelle est la dur\\u00e9e de vie d'une laine de verre ?\",\"acceptedAnswer\":{\"@type\":\"Answer\",\"text\":\"La laine de verre a g\\u00e9n\\u00e9ralement une dur\\u00e9e de vie d'environ 50 \\u00e0 70 ans, voire plus, lorsqu'elle est correctement install\\u00e9e et entretenue.\"}},{\"@type\":\"Question\",\"name\":\"Pourquoi la laine de verre n'est pas \\u00e9cologique ?\",\"acceptedAnswer\":{\"@type\":\"Answer\",\"text\":\"La laine de verre n'est pas consid\\u00e9r\\u00e9e comme \\u00e9cologique, principalement en raison de la grande quantit\\u00e9 d'\\u00e9nergie n\\u00e9cessaire pour sa fabrication et de la pr\\u00e9sence de liants chimiques dans certains produits qui peuvent avoir un impact sur l'environnement.\"}},{\"@type\":\"Question\",\"name\":\"Est-ce qu'il y a de l'amiante dans la laine de verre ?\",\"acceptedAnswer\":{\"@type\":\"Answer\",\"text\":\"Non, il n'y a g\\u00e9n\\u00e9ralement pas d'amiante dans les flocons de laine modernes, car l'amiante a \\u00e9t\\u00e9 progressivement \\u00e9limin\\u00e9 de la production de mat\\u00e9riaux de construction pour des raisons de sant\\u00e9 publique.\"}},{\"@type\":\"Question\",\"name\":\"Est-ce qu'il y a des risques pour la sant\\u00e9 si on respire de la laine de verre ?\",\"acceptedAnswer\":{\"@type\":\"Answer\",\"text\":\"Oui, en cas d'exposition prolong\\u00e9e et non prot\\u00e9g\\u00e9e, inhaler des particules de laine de verre peut causer une irritation des voies respiratoires et des probl\\u00e8mes de sant\\u00e9, il est donc essentiel de prendre des pr\\u00e9cautions lors de la manipulation de ce mat\\u00e9riau.\"}},{\"@type\":\"Question\",\"name\":\"Est-ce qu'il y a des risques \\u00e0 manipuler une ancienne isolation en laine de verre ?\",\"acceptedAnswer\":{\"@type\":\"Answer\",\"text\":\"Oui, manipuler une ancienne isolation en laine de verre peut pr\\u00e9senter des risques potentiels pour la sant\\u00e9 en raison de l'exposition \\u00e0 des fibres fines, il est donc important de prendre des pr\\u00e9cautions appropri\\u00e9es lors de la manipulation ou du retrait de cette isolation.\"}}]}\n                    <\/script>\n                ","protected":false},"featured_media":0,"parent":145781,"template":"","meta":{"business":"44056","footnotes":""},"class_list":["post-146611","content","type-content","status-publish","hentry"],"_links":{"self":[{"href":"https:\/\/www.bobex.be\/fr-be\/wp-json\/wp\/v2\/content\/146611","targetHints":{"allow":["GET"]}}],"collection":[{"href":"https:\/\/www.bobex.be\/fr-be\/wp-json\/wp\/v2\/content"}],"about":[{"href":"https:\/\/www.bobex.be\/fr-be\/wp-json\/wp\/v2\/types\/content"}],"version-history":[{"count":8,"href":"https:\/\/www.bobex.be\/fr-be\/wp-json\/wp\/v2\/content\/146611\/revisions"}],"predecessor-version":[{"id":146890,"href":"https:\/\/www.bobex.be\/fr-be\/wp-json\/wp\/v2\/content\/146611\/revisions\/146890"}],"up":[{"embeddable":true,"href":"https:\/\/www.bobex.be\/fr-be\/wp-json\/wp\/v2\/content\/145781"}],"wp:attachment":[{"href":"https:\/\/www.bobex.be\/fr-be\/wp-json\/wp\/v2\/media?parent=146611"}],"curies":[{"name":"wp","href":"https:\/\/api.w.org\/{rel}","templated":true}]}}