{"id":146234,"date":"2023-09-25T09:20:16","date_gmt":"2023-09-25T09:20:16","guid":{"rendered":"https:\/\/www.bobex.be\/fr-be\/?post_type=content&#038;p=146234"},"modified":"2025-09-25T12:04:03","modified_gmt":"2025-09-25T12:04:03","slug":"laine-de-bois","status":"publish","type":"content","link":"https:\/\/www.bobex.be\/fr-be\/isolation\/types-d-isolants\/laine-de-bois\/","title":{"rendered":"Chaleur, confort et \u00e9cologie : d\u00e9couvrez l\u2019isolation en fibre de bois\u00a0"},"content":{"rendered":"\n<div id=\"ez-toc-container\" class=\"ez-toc-v2_0_82_2 counter-hierarchy ez-toc-counter ez-toc-grey ez-toc-container-direction\">\n<div class=\"ez-toc-title-container\">\n<p class=\"ez-toc-title\" style=\"cursor:inherit\">Sommaire<\/p>\n<span class=\"ez-toc-title-toggle\"><a href=\"#\" class=\"ez-toc-pull-right ez-toc-btn ez-toc-btn-xs ez-toc-btn-default ez-toc-toggle\" aria-label=\"Toggle Table of Content\"><span class=\"ez-toc-js-icon-con\"><span class=\"\"><span class=\"eztoc-hide\" style=\"display:none;\">Toggle<\/span><span class=\"ez-toc-icon-toggle-span\"><svg style=\"fill: #999;color:#999\" xmlns=\"http:\/\/www.w3.org\/2000\/svg\" class=\"list-377408\" width=\"20px\" height=\"20px\" viewBox=\"0 0 24 24\" fill=\"none\"><path d=\"M6 6H4v2h2V6zm14 0H8v2h12V6zM4 11h2v2H4v-2zm16 0H8v2h12v-2zM4 16h2v2H4v-2zm16 0H8v2h12v-2z\" fill=\"currentColor\"><\/path><\/svg><svg style=\"fill: #999;color:#999\" class=\"arrow-unsorted-368013\" xmlns=\"http:\/\/www.w3.org\/2000\/svg\" width=\"10px\" height=\"10px\" viewBox=\"0 0 24 24\" version=\"1.2\" baseProfile=\"tiny\"><path d=\"M18.2 9.3l-6.2-6.3-6.2 6.3c-.2.2-.3.4-.3.7s.1.5.3.7c.2.2.4.3.7.3h11c.3 0 .5-.1.7-.3.2-.2.3-.5.3-.7s-.1-.5-.3-.7zM5.8 14.7l6.2 6.3 6.2-6.3c.2-.2.3-.5.3-.7s-.1-.5-.3-.7c-.2-.2-.4-.3-.7-.3h-11c-.3 0-.5.1-.7.3-.2.2-.3.5-.3.7s.1.5.3.7z\"\/><\/svg><\/span><\/span><\/span><\/a><\/span><\/div>\n<nav><ul class='ez-toc-list ez-toc-list-level-1 eztoc-toggle-hide-by-default' ><li class='ez-toc-page-1 ez-toc-heading-level-2'><a class=\"ez-toc-link ez-toc-heading-1\" href=\"https:\/\/www.bobex.be\/fr-be\/isolation\/types-d-isolants\/laine-de-bois\/#La_fibre_de_bois_un_isolant_ecologique_dorigine_vegetal\" >La fibre de bois, un isolant \u00e9cologique d\u2019origine v\u00e9g\u00e9tal<\/a><ul class='ez-toc-list-level-3' ><li class='ez-toc-heading-level-3'><a class=\"ez-toc-link ez-toc-heading-2\" href=\"https:\/\/www.bobex.be\/fr-be\/isolation\/types-d-isolants\/laine-de-bois\/#Quelle_est_la_difference_entre_la_laine_de_bois_et_la_fibre_de_bois\" >Quelle est la diff\u00e9rence entre la laine de bois et la fibre de bois ?<\/a><\/li><\/ul><\/li><li class='ez-toc-page-1 ez-toc-heading-level-2'><a class=\"ez-toc-link ez-toc-heading-3\" href=\"https:\/\/www.bobex.be\/fr-be\/isolation\/types-d-isolants\/laine-de-bois\/#Quels_sont_les_avantages_et_les_inconvenients_dune_isolation_en_fibre_de_bois\" >Quels sont les avantages et les inconv\u00e9nients d\u2019une isolation en fibre de bois ?<\/a><ul class='ez-toc-list-level-3' ><li class='ez-toc-heading-level-3'><a class=\"ez-toc-link ez-toc-heading-4\" href=\"https:\/\/www.bobex.be\/fr-be\/isolation\/types-d-isolants\/laine-de-bois\/#Avantages\" >Avantages :<\/a><\/li><li class='ez-toc-page-1 ez-toc-heading-level-3'><a class=\"ez-toc-link ez-toc-heading-5\" href=\"https:\/\/www.bobex.be\/fr-be\/isolation\/types-d-isolants\/laine-de-bois\/#Inconvenients\" >Inconv\u00e9nients :<\/a><\/li><\/ul><\/li><li class='ez-toc-page-1 ez-toc-heading-level-2'><a class=\"ez-toc-link ez-toc-heading-6\" href=\"https:\/\/www.bobex.be\/fr-be\/isolation\/types-d-isolants\/laine-de-bois\/#Quelles_sont_les_differentes_formes_que_peut_prendre_la_fibre_de_bois\" >Quelles sont les diff\u00e9rentes formes que peut prendre la fibre de bois ?<\/a><\/li><li class='ez-toc-page-1 ez-toc-heading-level-2'><a class=\"ez-toc-link ez-toc-heading-7\" href=\"https:\/\/www.bobex.be\/fr-be\/isolation\/types-d-isolants\/laine-de-bois\/#Prix_au_m%C2%B2_de_lisolation_en_fibre_de_bois_combien_coute_vraiment_votre_projet\" >Prix au m\u00b2 de l\u2019isolation en fibre de bois : combien co\u00fbte vraiment votre projet ?<\/a><\/li><li class='ez-toc-page-1 ez-toc-heading-level-2'><a class=\"ez-toc-link ez-toc-heading-8\" href=\"https:\/\/www.bobex.be\/fr-be\/isolation\/types-d-isolants\/laine-de-bois\/#Fibre_de_bois_pour_lisolation_applications_et_conseils_pratiques\" >Fibre de bois pour l\u2019isolation : applications et conseils pratiques<\/a><ul class='ez-toc-list-level-3' ><li class='ez-toc-heading-level-3'><a class=\"ez-toc-link ez-toc-heading-9\" href=\"https:\/\/www.bobex.be\/fr-be\/isolation\/types-d-isolants\/laine-de-bois\/#Isolation_sous-toiture\" >Isolation sous-toiture&nbsp;<\/a><\/li><li class='ez-toc-page-1 ez-toc-heading-level-3'><a class=\"ez-toc-link ez-toc-heading-10\" href=\"https:\/\/www.bobex.be\/fr-be\/isolation\/types-d-isolants\/laine-de-bois\/#Isolant_ideal_pour_les_murs\" >Isolant id\u00e9al pour les murs<\/a><\/li><li class='ez-toc-page-1 ez-toc-heading-level-3'><a class=\"ez-toc-link ez-toc-heading-11\" href=\"https:\/\/www.bobex.be\/fr-be\/isolation\/types-d-isolants\/laine-de-bois\/#Utilisation_de_la_fibre_de_bois_pour_lisolation_dune_toiture_par_lexterieur_methode_sarking\" >Utilisation de la fibre de bois pour l\u2019isolation d\u2019une toiture (par l\u2019ext\u00e9rieur, m\u00e9thode sarking)<\/a><\/li><li class='ez-toc-page-1 ez-toc-heading-level-3'><a class=\"ez-toc-link ez-toc-heading-12\" href=\"https:\/\/www.bobex.be\/fr-be\/isolation\/types-d-isolants\/laine-de-bois\/#Isolation_du_sol\" >Isolation du sol&nbsp;<\/a><\/li><\/ul><\/li><li class='ez-toc-page-1 ez-toc-heading-level-2'><a class=\"ez-toc-link ez-toc-heading-13\" href=\"https:\/\/www.bobex.be\/fr-be\/isolation\/types-d-isolants\/laine-de-bois\/#Quelle_epaisseur_de_fibre_de_bois_pour_une_bonne_isolation\" >Quelle \u00e9paisseur de fibre de bois pour une bonne isolation ?<\/a><\/li><li class='ez-toc-page-1 ez-toc-heading-level-2'><a class=\"ez-toc-link ez-toc-heading-14\" href=\"https:\/\/www.bobex.be\/fr-be\/isolation\/types-d-isolants\/laine-de-bois\/#Comment_poser_une_isolation_en_fibre_de_bois_Nos_conseils\" >Comment poser une isolation en fibre de bois ? Nos conseils<\/a><\/li><li class='ez-toc-page-1 ez-toc-heading-level-2'><a class=\"ez-toc-link ez-toc-heading-15\" href=\"https:\/\/www.bobex.be\/fr-be\/isolation\/types-d-isolants\/laine-de-bois\/#Isolez_des_maintenant_votre_habitation_et_comparez_jusqua_5_devis_de_specialistes_en_isolation\" >Isolez d\u00e8s maintenant votre habitation et comparez jusqu\u2019\u00e0 5 devis de sp\u00e9cialistes en isolation<\/a><\/li><\/ul><\/nav><\/div>\n<h2 class=\"wp-block-heading\"><span class=\"ez-toc-section\" id=\"La_fibre_de_bois_un_isolant_ecologique_dorigine_vegetal\"><\/span>La fibre de bois, un isolant \u00e9cologique d\u2019origine v\u00e9g\u00e9tal<span class=\"ez-toc-section-end\"><\/span><\/h2>\n\n\n\n<p>La <strong>fibre de bois<\/strong>, est un <a href=\"https:\/\/www.bobex.be\/fr-be\/isolation\/types-d-isolants\/\" target=\"_blank\" rel=\"noreferrer noopener\">mat\u00e9riau isolant<\/a> <strong>naturel <\/strong>issu du traitement des fibres v\u00e9g\u00e9tales de bois. Ce mat\u00e9riau, r\u00e9put\u00e9 pour son caract\u00e8re <strong>\u00e9cologique<\/strong>, pr\u00e9sente des propri\u00e9t\u00e9s isolantes&nbsp;<strong>thermiques<\/strong> et <strong>acoustiques<\/strong> de haute qualit\u00e9.<\/p>\n\n\n\n<p>Il est largement utilis\u00e9 dans le domaine de l\u2019<a href=\"https:\/\/www.bobex.be\/fr-be\/isolation\/\" target=\"_blank\" rel=\"noreferrer noopener\">isolation<\/a> pour ses performances et sa contribution positive \u00e0 la&nbsp;<strong>durabilit\u00e9<\/strong> des projets de construction.<\/p>\n\n\n\n            <div class=\"bobex-highlight-global-div\" style=\"\n            --line-color: #17518d;\n            --bg-color: #e5f2f7;\n            --content-color:#10375e;\n            --title-color: #10375e;\n        \">\n                    <div class=\"bobex-highlight-block__border\">\n                        <div class=\"bobex--block_highlight_content-area\">\n                            <p class=\"bobex-block-highlight-title\">Utilisations et durabilit\u00e9<\/p>\n                            <p class=\"bobex-block-highlight-content\">\n                            \t<div>\n<div class=\"wp-block-bobex-highlight\">\n<p>La fibre de bois trouve une&nbsp;<strong>large application<\/strong> dans l\u2019isolation des combles, des murs, et des planchers. Gr\u00e2ce \u00e0 son origine v\u00e9g\u00e9tale, elle s\u2019inscrit dans une perspective \u00e9cologique en contribuant \u00e0 la <strong>r\u00e9duction de l\u2019empreinte carbone<\/strong>. De plus, elle affiche une dur\u00e9e de vie qui d\u00e9passe largement les 50 ans, garantissant ainsi une <strong>long\u00e9vit\u00e9<\/strong> <strong>exceptionnelle<\/strong>.<\/p>\n<\/div>\n<\/div>\n                            <\/p>\n                        <\/div>\n                    <\/div>\n            <\/div>\n        \n\n\n            <div class=\"bobex-highlight-global-div\" style=\"\n            --line-color: #17518d;\n            --bg-color: #e5f2f7;\n            --content-color:#10375e;\n            --title-color: #10375e;\n        \">\n                    <div class=\"bobex-highlight-block__border\">\n                        <div class=\"bobex--block_highlight_content-area\">\n                            <p class=\"bobex-block-highlight-title\">Performances thermiques et acoustiques<\/p>\n                            <p class=\"bobex-block-highlight-content\">\n                            \t<div>\n<div class=\"wp-block-bobex-highlight\">\n<p>Sur le plan thermique, la fibre de bois offre un pouvoir <strong>isolant<\/strong> <strong>remarquable<\/strong> qui la classe parmi les <a href=\"https:\/\/www.bobex.be\/fr-be\/isolation\/types-d-isolants\/meilleur-isolant-thermique\/\" target=\"_blank\" rel=\"noreferrer noopener\"><strong>meilleurs<\/strong> isolants thermiques<\/a>. Elle permet de <strong>r\u00e9guler<\/strong> efficacement<strong> la temp\u00e9rature<\/strong> int\u00e9rieure, r\u00e9duisant ainsi les besoins de chauffage ou de climatisation. Sur le front acoustique, elle joue \u00e9galement un r\u00f4le important en absorbant les bruits et en am\u00e9liorant la qualit\u00e9 de l\u2019<strong>isolation<\/strong> <strong>phonique<\/strong>.<\/p>\n<\/div>\n<\/div>\n                            <\/p>\n                        <\/div>\n                    <\/div>\n            <\/div>\n        \n\n\n<figure class=\"wp-block-image size-full\"><img decoding=\"async\" width=\"1200\" height=\"630\" src=\"https:\/\/www.bobex.be\/wp-uploads\/sites\/2\/isolation-toiture-interieure-fibre-de-bois.jpg\" alt=\"Isolation d'une toiture int\u00e9rieure avec panneaux de fibre de bois par un professionnel portant un casque jaune et des gants\" class=\"wp-image-215259\"\/><\/figure>\n\n\n\n<h3 class=\"wp-block-heading\"><span class=\"ez-toc-section\" id=\"Quelle_est_la_difference_entre_la_laine_de_bois_et_la_fibre_de_bois\"><\/span>Quelle est la diff\u00e9rence entre la laine de bois et la fibre de bois ?<span class=\"ez-toc-section-end\"><\/span><\/h3>\n\n\n\n<p>La laine de bois et la fibre de bois sont des termes souvent utilis\u00e9s de mani\u00e8re interchangeable, bien qu\u2019il y ait quelques <strong>nuances subtiles entre les deux,<\/strong> notamment le proc\u00e9d\u00e9 de fabrication.&nbsp;<\/p>\n\n\n\n            <div class=\"bobex-highlight-global-div\" style=\"\n            --line-color: #17518d;\n            --bg-color: #e5f2f7;\n            --content-color:#10375e;\n            --title-color: #10375e;\n        \">\n                    <div class=\"bobex-highlight-block__border\">\n                        <div class=\"bobex--block_highlight_content-area\">\n                            <p class=\"bobex-block-highlight-title\">Laine de bois<\/p>\n                            <p class=\"bobex-block-highlight-content\">\n                            \t<div>\n<div class=\"wp-block-bobex-highlight\">\n<p>La laine de bois s&rsquo;obtient par d\u00e9fibrage du bois. Ces copeaux de bois sont ensuite s\u00e9ch\u00e9es et trait\u00e9es. Elles peuvent alors s&rsquo;utiliser en vrac telles quelles dans le cas d&rsquo;une isolation par insufflation ou \u00eatre m\u00e9lang\u00e9es \u00e0 un liant naturel puis chauff\u00e9es pour former des panneaux souples ou semi-rigides. Les panneaux de laine de bois offrent une conductivit\u00e9 thermique d&rsquo;environ 0,039 W\/mK.<\/p>\n<\/div>\n<\/div>\n                            <\/p>\n                        <\/div>\n                    <\/div>\n            <\/div>\n        \n\n\n            <div class=\"bobex-highlight-global-div\" style=\"\n            --line-color: #17518d;\n            --bg-color: #e5f2f7;\n            --content-color:#10375e;\n            --title-color: #10375e;\n        \">\n                    <div class=\"bobex-highlight-block__border\">\n                        <div class=\"bobex--block_highlight_content-area\">\n                            <p class=\"bobex-block-highlight-title\">Fibre de bois<\/p>\n                            <p class=\"bobex-block-highlight-content\">\n                            \t<div>\n<div class=\"wp-block-bobex-highlight\">\n<p>La laine de bois obtenue apr\u00e8s le d\u00e9fibrage de chutes de bois est m\u00e9lang\u00e9e \u00e0 de l&rsquo;eau, avant d&rsquo;\u00eatre comprim\u00e9e sous forme de panneaux et pass\u00e9e au four. Ces panneaux de fibre de bois sont rigides et poss\u00e8dent une densit\u00e9 et une inertie plus importante que les panneaux de laine de bois. Leur conductivit\u00e9 se situe entre 0,041 et 0,051 W\/mK.&nbsp;<\/p>\n\n\n\n<p>Il existe une autre m\u00e9thode de fabrication de panneaux en fibre de bois : la m\u00e9thode s\u00e8che. Elle consiste \u00e0 m\u00e9langer les fibres de bois \u00e0 une colle sp\u00e9ciale \u00e0 la place de l&rsquo;eau. Cette p\u00e2te est alors compress\u00e9e et chauff\u00e9e pour parvenir \u00e0 des panneaux d&rsquo;isolation solides.&nbsp;<\/p>\n<\/div>\n<\/div>\n                            <\/p>\n                        <\/div>\n                    <\/div>\n            <\/div>\n        \n\n\n<h2 class=\"wp-block-heading\"><span class=\"ez-toc-section\" id=\"Quels_sont_les_avantages_et_les_inconvenients_dune_isolation_en_fibre_de_bois\"><\/span>Quels sont les avantages et les inconv\u00e9nients d\u2019une isolation en fibre de bois ?<span class=\"ez-toc-section-end\"><\/span><\/h2>\n\n\n\n<p>L\u2019isolation en fibre de bois pr\u00e9sente des <strong>avantages significatifs<\/strong>, mais aussi quelques inconv\u00e9nients \u00e0 prendre en consid\u00e9ration lors de son choix pour un projet de construction ou de r\u00e9novation.<\/p>\n\n\n\n<h3 class=\"wp-block-heading\"><span class=\"ez-toc-section\" id=\"Avantages\"><\/span>Avantages :<span class=\"ez-toc-section-end\"><\/span><\/h3>\n\n\n\n            <div style='\n            --title-color:green;\n            --content-color:black\n        ' class='bobex-pros-block--container-div'>\n                <div class='bobex-pros-block-main-div'>\n                    <div class='bobex-pros-block-plus-container'>\n                        <div class='bobex-pros-block-plus-area'>\n                            <div class='bobex-pros-plus'>\n                                <svg\n                                    style='color: var(--title-color); width: 20px; height: 20px;'\n                                    width='20px'\n                                    height='20px'\n                                    viewBox='0 0 24 24'\n                                    xmlns='http:\/\/www.w3.org\/2000\/svg'\n                                >\n                                    <path d='M12,5a1,1,0,0,1,1,1v5h5a1,1,0,0,1,0,2H13v5a1,1,0,0,1-2,0V13H6a1,1,0,0,1,0-2h5V6A1,1,0,0,1,12,5Z' fill='currentColor'\/>\n                                <\/svg>\n                            <\/div>\n                        <\/div>\n                    <\/div>\n                    <div class='bobex-pros-block-content-area'>\n                        <p class='bobex-block-pros-title'><strong>\u00c9cologie et durabilit\u00e9<\/strong><\/p>\n                        <p class='bobex-block-pros-content'><\/p>\n                        <div>\n<div class=\"wp-block-bobex-pros\">\n<p>La fibre de bois est un mat\u00e9riau biosourc\u00e9, fabriqu\u00e9 \u00e0 partir de fibres de bois recycl\u00e9es ou provenant de for\u00eats g\u00e9r\u00e9es de mani\u00e8re responsable. Elle contribue ainsi \u00e0 la r\u00e9duction de l\u2019empreinte carbone et au respect de l&rsquo;environnement.<\/p>\n<\/div>\n<\/div>\n                    <\/div>\n                <\/div>\n            <\/div>\n        \n\n\n            <div style='\n            --title-color:green;\n            --content-color:black\n        ' class='bobex-pros-block--container-div'>\n                <div class='bobex-pros-block-main-div'>\n                    <div class='bobex-pros-block-plus-container'>\n                        <div class='bobex-pros-block-plus-area'>\n                            <div class='bobex-pros-plus'>\n                                <svg\n                                    style='color: var(--title-color); width: 20px; height: 20px;'\n                                    width='20px'\n                                    height='20px'\n                                    viewBox='0 0 24 24'\n                                    xmlns='http:\/\/www.w3.org\/2000\/svg'\n                                >\n                                    <path d='M12,5a1,1,0,0,1,1,1v5h5a1,1,0,0,1,0,2H13v5a1,1,0,0,1-2,0V13H6a1,1,0,0,1,0-2h5V6A1,1,0,0,1,12,5Z' fill='currentColor'\/>\n                                <\/svg>\n                            <\/div>\n                        <\/div>\n                    <\/div>\n                    <div class='bobex-pros-block-content-area'>\n                        <p class='bobex-block-pros-title'><strong>Performances isolantes<\/strong><\/p>\n                        <p class='bobex-block-pros-content'><\/p>\n                        <div>\n<div class=\"wp-block-bobex-pros\">\n<p>La fibre de bois offre d\u2019excellentes propri\u00e9t\u00e9s thermiques, garantissant une isolation efficace, aussi bien en parois verticales qu&rsquo;en toiture.<\/p>\n<\/div>\n<\/div>\n                    <\/div>\n                <\/div>\n            <\/div>\n        \n\n\n            <div style='\n            --title-color:green;\n            --content-color:black\n        ' class='bobex-pros-block--container-div'>\n                <div class='bobex-pros-block-main-div'>\n                    <div class='bobex-pros-block-plus-container'>\n                        <div class='bobex-pros-block-plus-area'>\n                            <div class='bobex-pros-plus'>\n                                <svg\n                                    style='color: var(--title-color); width: 20px; height: 20px;'\n                                    width='20px'\n                                    height='20px'\n                                    viewBox='0 0 24 24'\n                                    xmlns='http:\/\/www.w3.org\/2000\/svg'\n                                >\n                                    <path d='M12,5a1,1,0,0,1,1,1v5h5a1,1,0,0,1,0,2H13v5a1,1,0,0,1-2,0V13H6a1,1,0,0,1,0-2h5V6A1,1,0,0,1,12,5Z' fill='currentColor'\/>\n                                <\/svg>\n                            <\/div>\n                        <\/div>\n                    <\/div>\n                    <div class='bobex-pros-block-content-area'>\n                        <p class='bobex-block-pros-title'><strong>Inertie thermique<\/strong><\/p>\n                        <p class='bobex-block-pros-content'><\/p>\n                        <div>\n<div class=\"wp-block-bobex-pros\">\n<p>Gr\u00e2ce \u00e0 sa forte densit\u00e9, la fibre de bois limite efficacement les surchauffes estivales tout en maintenant la chaleur en hiver.<\/p>\n<\/div>\n<\/div>\n                    <\/div>\n                <\/div>\n            <\/div>\n        \n\n\n            <div style='\n            --title-color:green;\n            --content-color:black\n        ' class='bobex-pros-block--container-div'>\n                <div class='bobex-pros-block-main-div'>\n                    <div class='bobex-pros-block-plus-container'>\n                        <div class='bobex-pros-block-plus-area'>\n                            <div class='bobex-pros-plus'>\n                                <svg\n                                    style='color: var(--title-color); width: 20px; height: 20px;'\n                                    width='20px'\n                                    height='20px'\n                                    viewBox='0 0 24 24'\n                                    xmlns='http:\/\/www.w3.org\/2000\/svg'\n                                >\n                                    <path d='M12,5a1,1,0,0,1,1,1v5h5a1,1,0,0,1,0,2H13v5a1,1,0,0,1-2,0V13H6a1,1,0,0,1,0-2h5V6A1,1,0,0,1,12,5Z' fill='currentColor'\/>\n                                <\/svg>\n                            <\/div>\n                        <\/div>\n                    <\/div>\n                    <div class='bobex-pros-block-content-area'>\n                        <p class='bobex-block-pros-title'><strong>R\u00e9gulation de l\u2019humidit\u00e9<\/strong><\/p>\n                        <p class='bobex-block-pros-content'><\/p>\n                        <div>\n<div class=\"wp-block-bobex-pros\">\n<p>Elle a la capacit\u00e9 d\u2019absorber et de lib\u00e9rer de l\u2019humidit\u00e9, aidant ainsi \u00e0 maintenir un environnement int\u00e9rieur sain en r\u00e9gulant le taux d\u2019humidit\u00e9.<\/p>\n<\/div>\n<\/div>\n                    <\/div>\n                <\/div>\n            <\/div>\n        \n\n\n            <div style='\n            --title-color:green;\n            --content-color:black\n        ' class='bobex-pros-block--container-div'>\n                <div class='bobex-pros-block-main-div'>\n                    <div class='bobex-pros-block-plus-container'>\n                        <div class='bobex-pros-block-plus-area'>\n                            <div class='bobex-pros-plus'>\n                                <svg\n                                    style='color: var(--title-color); width: 20px; height: 20px;'\n                                    width='20px'\n                                    height='20px'\n                                    viewBox='0 0 24 24'\n                                    xmlns='http:\/\/www.w3.org\/2000\/svg'\n                                >\n                                    <path d='M12,5a1,1,0,0,1,1,1v5h5a1,1,0,0,1,0,2H13v5a1,1,0,0,1-2,0V13H6a1,1,0,0,1,0-2h5V6A1,1,0,0,1,12,5Z' fill='currentColor'\/>\n                                <\/svg>\n                            <\/div>\n                        <\/div>\n                    <\/div>\n                    <div class='bobex-pros-block-content-area'>\n                        <p class='bobex-block-pros-title'><strong>Confort acoustique<\/strong><\/p>\n                        <p class='bobex-block-pros-content'><\/p>\n                        <div>\n<div class=\"wp-block-bobex-pros\">\n<p>Elle offre une bonne isolation phonique, r\u00e9duisant ainsi la propagation des bruits d&rsquo;impacts et a\u00e9riens \u00e0 l\u2019int\u00e9rieur et \u00e0 l\u2019ext\u00e9rieur de la structure.<\/p>\n<\/div>\n<\/div>\n                    <\/div>\n                <\/div>\n            <\/div>\n        \n\n\n            <div style='\n            --title-color:green;\n            --content-color:black\n        ' class='bobex-pros-block--container-div'>\n                <div class='bobex-pros-block-main-div'>\n                    <div class='bobex-pros-block-plus-container'>\n                        <div class='bobex-pros-block-plus-area'>\n                            <div class='bobex-pros-plus'>\n                                <svg\n                                    style='color: var(--title-color); width: 20px; height: 20px;'\n                                    width='20px'\n                                    height='20px'\n                                    viewBox='0 0 24 24'\n                                    xmlns='http:\/\/www.w3.org\/2000\/svg'\n                                >\n                                    <path d='M12,5a1,1,0,0,1,1,1v5h5a1,1,0,0,1,0,2H13v5a1,1,0,0,1-2,0V13H6a1,1,0,0,1,0-2h5V6A1,1,0,0,1,12,5Z' fill='currentColor'\/>\n                                <\/svg>\n                            <\/div>\n                        <\/div>\n                    <\/div>\n                    <div class='bobex-pros-block-content-area'>\n                        <p class='bobex-block-pros-title'><strong>Polyvalence<\/strong><\/p>\n                        <p class='bobex-block-pros-content'><\/p>\n                        <div>\n<div class=\"wp-block-bobex-pros\">\n<p>Disponible en panneaux rigides, elle est adapt\u00e9e aussi bien \u00e0 l\u2019isolation int\u00e9rieure qu\u2019\u00e0 l\u2019isolation thermique par l\u2019ext\u00e9rieur (ITE) et aux toitures (sarking).<\/p>\n<\/div>\n<\/div>\n                    <\/div>\n                <\/div>\n            <\/div>\n        \n\n\n<h3 class=\"wp-block-heading\"><span class=\"ez-toc-section\" id=\"Inconvenients\"><\/span>Inconv\u00e9nients :<span class=\"ez-toc-section-end\"><\/span><\/h3>\n\n\n\n            <div style='\n            --title-color:red;\n            --content-color:black\n        ' class='bobex-cons-block--container-div'>\n                <div class='bobex-cons-block-main-div'>\n                    <div class='bobex-cons-block-plus-container'>\n                        <div class='bobex-cons-block-plus-area'>\n                            <div class='bobex-cons-plus'>\n                                <svg\n                                    style='color: var(--title-color); width: 20px; height: 20px;'\n                                    width='20px'\n                                    height='20px'\n                                    viewBox='0 0 24 24'\n                                    xmlns='http:\/\/www.w3.org\/2000\/svg'\n                                >\n                                    <path d='M19,13H5a1,1,0,0,1,0-2H19a1,1,0,0,1,0,2Z' fill='currentColor'\/>\n                                <\/svg>\n                            <\/div>\n                        <\/div>\n                    <\/div>\n                    <div class='bobex-cons-block-content-area'>\n                        <p class='bobex-block-cons-title'><strong>Co\u00fbt plus \u00e9lev\u00e9<\/strong><\/p>\n                        <p class='bobex-block-cons-content'><\/p>\n                        <div>\n<div class=\"wp-block-bobex-cons\">\n<p>La fibre de bois peut \u00eatre plus co\u00fbteuse \u00e0 l\u2019achat que d\u2019autres isolants conventionnels (<a href=\"https:\/\/www.bobex.be\/fr-be\/isolation\/types-d-isolants\/laine-de-verre\/\" target=\"_blank\" rel=\"noreferrer noopener\">laine de verre<\/a>, polystyr\u00e8ne,&#8230;)<\/p>\n<\/div>\n<\/div>\n                    <\/div>\n                <\/div>\n            <\/div>\n        \n\n\n            <div style='\n            --title-color:red;\n            --content-color:black\n        ' class='bobex-cons-block--container-div'>\n                <div class='bobex-cons-block-main-div'>\n                    <div class='bobex-cons-block-plus-container'>\n                        <div class='bobex-cons-block-plus-area'>\n                            <div class='bobex-cons-plus'>\n                                <svg\n                                    style='color: var(--title-color); width: 20px; height: 20px;'\n                                    width='20px'\n                                    height='20px'\n                                    viewBox='0 0 24 24'\n                                    xmlns='http:\/\/www.w3.org\/2000\/svg'\n                                >\n                                    <path d='M19,13H5a1,1,0,0,1,0-2H19a1,1,0,0,1,0,2Z' fill='currentColor'\/>\n                                <\/svg>\n                            <\/div>\n                        <\/div>\n                    <\/div>\n                    <div class='bobex-cons-block-content-area'>\n                        <p class='bobex-block-cons-title'><strong>Sensibilit\u00e9 \u00e0 l\u2019humidit\u00e9<\/strong><\/p>\n                        <p class='bobex-block-cons-content'><\/p>\n                        <div>\n<div class=\"wp-block-bobex-cons\">\n<p>En cas de mauvaise mise en oeuvre ou d\u2019exposition prolong\u00e9e \u00e0 l\u2019humidit\u00e9, les performances de la fibre de bois peuvent \u00eatre affect\u00e9es. Une protection efficace contre l\u2019humidit\u00e9 est donc indispensable.<\/p>\n<\/div>\n<\/div>\n                    <\/div>\n                <\/div>\n            <\/div>\n        \n\n\n            <div style='\n            --title-color:red;\n            --content-color:black\n        ' class='bobex-cons-block--container-div'>\n                <div class='bobex-cons-block-main-div'>\n                    <div class='bobex-cons-block-plus-container'>\n                        <div class='bobex-cons-block-plus-area'>\n                            <div class='bobex-cons-plus'>\n                                <svg\n                                    style='color: var(--title-color); width: 20px; height: 20px;'\n                                    width='20px'\n                                    height='20px'\n                                    viewBox='0 0 24 24'\n                                    xmlns='http:\/\/www.w3.org\/2000\/svg'\n                                >\n                                    <path d='M19,13H5a1,1,0,0,1,0-2H19a1,1,0,0,1,0,2Z' fill='currentColor'\/>\n                                <\/svg>\n                            <\/div>\n                        <\/div>\n                    <\/div>\n                    <div class='bobex-cons-block-content-area'>\n                        <p class='bobex-block-cons-title'><strong>Poids<\/strong><\/p>\n                        <p class='bobex-block-cons-content'><\/p>\n                        <div>\n<div class=\"wp-block-bobex-cons\">\n<p>Sa densit\u00e9, avantageuse pour l\u2019inertie thermique, la rend plus lourde que d\u2019autres isolants. Cela peut n\u00e9cessiter une structure porteuse adapt\u00e9e.<\/p>\n<\/div>\n<\/div>\n                    <\/div>\n                <\/div>\n            <\/div>\n        \n\n\n            <div style='\n            --title-color:red;\n            --content-color:black\n        ' class='bobex-cons-block--container-div'>\n                <div class='bobex-cons-block-main-div'>\n                    <div class='bobex-cons-block-plus-container'>\n                        <div class='bobex-cons-block-plus-area'>\n                            <div class='bobex-cons-plus'>\n                                <svg\n                                    style='color: var(--title-color); width: 20px; height: 20px;'\n                                    width='20px'\n                                    height='20px'\n                                    viewBox='0 0 24 24'\n                                    xmlns='http:\/\/www.w3.org\/2000\/svg'\n                                >\n                                    <path d='M19,13H5a1,1,0,0,1,0-2H19a1,1,0,0,1,0,2Z' fill='currentColor'\/>\n                                <\/svg>\n                            <\/div>\n                        <\/div>\n                    <\/div>\n                    <div class='bobex-cons-block-content-area'>\n                        <p class='bobex-block-cons-title'><strong>Pose technique<\/strong><\/p>\n                        <p class='bobex-block-cons-content'><\/p>\n                        <div>\n<div class=\"wp-block-bobex-cons\">\n<p>L&rsquo;installation des panneaux de fibre de bois n\u00e9cessite des comp\u00e9tences sp\u00e9cifiques et une certaine pr\u00e9cision, notamment pour garantir une installation correcte et efficace.<\/p>\n<\/div>\n<\/div>\n                    <\/div>\n                <\/div>\n            <\/div>\n        \n\n\n            <div style='\n            --title-color:red;\n            --content-color:black\n        ' class='bobex-cons-block--container-div'>\n                <div class='bobex-cons-block-main-div'>\n                    <div class='bobex-cons-block-plus-container'>\n                        <div class='bobex-cons-block-plus-area'>\n                            <div class='bobex-cons-plus'>\n                                <svg\n                                    style='color: var(--title-color); width: 20px; height: 20px;'\n                                    width='20px'\n                                    height='20px'\n                                    viewBox='0 0 24 24'\n                                    xmlns='http:\/\/www.w3.org\/2000\/svg'\n                                >\n                                    <path d='M19,13H5a1,1,0,0,1,0-2H19a1,1,0,0,1,0,2Z' fill='currentColor'\/>\n                                <\/svg>\n                            <\/div>\n                        <\/div>\n                    <\/div>\n                    <div class='bobex-cons-block-content-area'>\n                        <p class='bobex-block-cons-title'><strong>Disponibilit\u00e9 locale <\/strong><\/p>\n                        <p class='bobex-block-cons-content'><\/p>\n                        <div>\n<div class=\"wp-block-bobex-cons\">\n<p>La disponibilit\u00e9 de la fibre de bois peut varier en fonction de la r\u00e9gion g\u00e9ographique, ce qui peut influencer son co\u00fbt et sa facilit\u00e9 d\u2019approvisionnement.<\/p>\n<\/div>\n<\/div>\n                    <\/div>\n                <\/div>\n            <\/div>\n        \n\n\n<p>En consid\u00e9rant ces avantages et inconv\u00e9nients, il est important de prendre en compte les <strong>besoins<\/strong> <strong>sp\u00e9cifiques<\/strong> du projet, le budget disponible et les conditions environnementales locales avant de choisir la fibre de bois comme mat\u00e9riau d\u2019isolation.<\/p>\n\n\n\n                <div class='bobex-cta-block' style='\n            --button-bg-color: #e13c0e;\n            --button-text-color: #ffffff;\n            --banner-bg-color: #aad4e6;\n            --arrow-main-bg-color: #aad4e6;\n            --arrow-secondary-bg-color: #e5f2f7;\n            --banner-title-color: #10375e;\n            --arrow-title-color: #10375e;\n            --banner-text-color: #545454;\n            --arrow-text-color: #545454;         \n            --invert-range: 0deg;\n        '>\n                    <div class='cta-banner'>\n                        <div class='h3'>Vous \u00eates int\u00e9r\u00e9ss\u00e9 par la fibre de bois pour votre projet d&rsquo;isolation ?<\/div>\n                        <div class='text-color'>Prenez contact avec des professionnels agr\u00e9\u00e9s et recevez vos devis gratuits sur mesure ! C&rsquo;est sans engagement ! <\/div>\n                        <span>\n                            <img src='https:\/\/www.bobex.be\/wp-uploads\/sites\/2\/arrow-cta-box.png' alt='arrow' class='img-color'\/>\n                            <a class='cta-button-rounded' href=\"#ppp\">Demandez mes devis\u00a0<\/a>\n                        <\/span>   \n                    <\/div>\n                <\/div>\n\n\n<h2 class=\"wp-block-heading\"><span class=\"ez-toc-section\" id=\"Quelles_sont_les_differentes_formes_que_peut_prendre_la_fibre_de_bois\"><\/span>Quelles sont les diff\u00e9rentes formes que peut prendre la fibre de bois ? <span class=\"ez-toc-section-end\"><\/span><\/h2>\n\n\n\n<p>Attention \u00e0 ne pas confondre la laine de bois et la fibre de bois. La <strong>fibre de bois<\/strong> ne se pr\u00e9sente que sous forme de <strong><a href=\"https:\/\/www.bobex.be\/fr-be\/isolation\/types-d-isolants\/panneau-isolant\/\" target=\"_blank\" rel=\"noreferrer noopener\">panneaux isolants<\/a> rigides<\/strong>. Ceux-ci sont extr\u00eamement efficaces et conviennent \u00e0 l&rsquo;isolation par l&rsquo;int\u00e9rieur <strong>ET<\/strong> par l&rsquo;ext\u00e9rieur des murs et toitures ainsi que des sols.<\/p>\n\n\n\n<p>La <strong>laine de bois<\/strong>, au contraire, est disponible sous plusieurs formes : <strong>panneaux souples, semi-rigides, et vrac<\/strong>. La laine de bois en vrac est tr\u00e8s pratique pour l&rsquo;isolation des combles perdus par soufflage. Les panneaux eux, sont g\u00e9n\u00e9ralement utilis\u00e9s pour isoler les murs et toitures par l&rsquo;int\u00e9rieur et peuvent \u00eatre accompagn\u00e9s d&rsquo;un autre mat\u00e9riau isolant plus dense pour maximiser l&rsquo;efficacit\u00e9 de l&rsquo;isolation.<\/p>\n\n\n\n<figure class=\"wp-block-image size-full\"><img decoding=\"async\" width=\"1200\" height=\"630\" src=\"https:\/\/www.bobex.be\/wp-uploads\/sites\/2\/laine-de-bois-isolation.jpg\" alt=\"Panneaux souples de laine de bois pour isolation, install\u00e9s par un professionnel \" class=\"wp-image-215265\"\/><\/figure>\n\n\n\n<p>Ces diff\u00e9rentes formes d&rsquo;isolant \u00e0 base de bois offrent une <strong>polyvalence consid\u00e9rable<\/strong>, ce qui permet de les adapter \u00e0 une gamme vari\u00e9e de besoins en isolation.<\/p>\n\n\n\n                <div class='bobex-cta-block' style='\n            --button-bg-color: #e13c0e;\n            --button-text-color: #ffffff;\n            --banner-bg-color: #aad4e6;\n            --arrow-main-bg-color: #aad4e6;\n            --arrow-secondary-bg-color: #e5f2f7;\n            --banner-title-color: #10375e;\n            --arrow-title-color: #10375e;\n            --banner-text-color: #545454;\n            --arrow-text-color: #545454;         \n            --invert-range: 0deg;\n        '>\n                    <div class='cta-arrow-text d-flex d-lg-none'>\n                        <a class='cta-button-rounded' href='#ppp'>Remplir le formulaire<\/a>\n                    <\/div>\n                    <div class='d-none d-lg-flex flex-no-wrap'>\n                        <div class=\"col-7 cta-arrow-text d-flex text-color\">\n                            <div class=\"m-auto\">\n                                <div class=\"h3\">Confus par tous ces types d&rsquo;isolants ? <\/div>\n                                <div class='text-color'>Recevez les conseils d&rsquo;un sp\u00e9cialiste !<\/div>\n                            <\/div>\n                        <\/div>\n                        <div class='cta-arrow-link col-5'>\n                            <a class='cta-button-rounded' href=\"#ppp\">Remplir le formulaire<\/a>\n                        <\/div>\n                    <\/div>\n                <\/div>\n\n\n<h2 class=\"wp-block-heading\"><span class=\"ez-toc-section\" id=\"Prix_au_m%C2%B2_de_lisolation_en_fibre_de_bois_combien_coute_vraiment_votre_projet\"><\/span>Prix au m\u00b2 de l\u2019isolation en fibre de bois : combien co\u00fbte vraiment votre projet ?<span class=\"ez-toc-section-end\"><\/span><\/h2>\n\n\n\n<p>Le prix au m\u00e8tre carr\u00e9 de la fibre de bois peut varier en fonction de<strong> plusieurs facteurs<\/strong>, notamment l\u2019\u00e9paisseur de l\u2019isolant, la marque, la forme sous laquelle il est vendu, la r\u00e9gion g\u00e9ographique, et les sp\u00e9cificit\u00e9s du projet. Voici une <strong>estimation<\/strong> des prix au m\u00e8tre carr\u00e9 de la fibre de bois pour diff\u00e9rentes \u00e9paisseurs de panneaux :<\/p>\n\n\n\n            <div class='bobex-table-wrapper' style='\n            --bobex-table-dark-row-color: #D1E8F2;\n        '>\n                <table class='' data-columns='2'>\n                    <thead style='\n            --bobex-table-header-background-color: #10375E;\n            --bobex-table-header-text-color: #FFFFFF;\n        '><th>Epaisseur des panneaux de fibre de bois<\/th><th>Prix au m\u00e8tre carr\u00e9 (TTC)<\/th><\/thead><tr><td>Entre 20 et 50 mm<\/td><td>Entre 10 et 20 \u20ac<\/td><\/tr><tr><td>Entre 50 et 80 mm<\/td><td>Entre 20 et 40 \u20ac<\/td><\/tr><tr><td>Entre 80 et 120 mm\u00a0<\/td><td>Entre 35 et 55 \u20ac<\/td><\/tr><tr><td>Entre 120 et 180 mm\u00a0<\/td><td>Entre 35 et 60 \u20ac<\/td><\/tr>\n                <\/table>\n            <\/div>\n        \n\n\n<p>Veuillez noter que&nbsp;<strong>ces prix sont indicatifs<\/strong> et peuvent varier en fonction de la qualit\u00e9 de la fibre de bois, de la r\u00e9gion, des promotions, et d\u2019autres facteurs. Il est recommand\u00e9 de <strong>demander des devis pr\u00e9cis<\/strong> \u00e0 des fournisseurs locaux ou des professionnels de la construction pour obtenir des prix sp\u00e9cifiques \u00e0 votre projet.<\/p>\n\n\n<div class='bobex-cta-block' style='\n            --button-bg-color: #e13c0e;\n            --button-text-color: #ffffff;\n            --banner-bg-color: #aad4e6;\n            --arrow-main-bg-color: #aad4e6;\n            --arrow-secondary-bg-color: #e5f2f7;\n            --banner-title-color: #10375e;\n            --arrow-title-color: #10375e;\n            --banner-text-color: #545454;\n            --arrow-text-color: #545454;         \n            --invert-range: 0deg;\n        '><a class='cta-button' href='#ppp'>Demandez vos devis gratuits !<\/a><\/div>\n\n\n<h2 class=\"wp-block-heading\"><span class=\"ez-toc-section\" id=\"Fibre_de_bois_pour_lisolation_applications_et_conseils_pratiques\"><\/span>Fibre de bois pour l\u2019isolation : applications et conseils pratiques<span class=\"ez-toc-section-end\"><\/span><\/h2>\n\n\n\n<p>La fibre de bois en panneaux rigides est un isolant \u00e9cologique et performant, particuli\u00e8rement appr\u00e9ci\u00e9 pour sa forte densit\u00e9 et son excellente inertie thermique. Gr\u00e2ce \u00e0 ses propri\u00e9t\u00e9s, elle peut \u00eatre utilis\u00e9e dans plusieurs applications afin d\u2019am\u00e9liorer l\u2019efficacit\u00e9 \u00e9nerg\u00e9tique, le confort thermique et acoustique d\u2019un b\u00e2timent.<\/p>\n\n\n\n<h3 class=\"wp-block-heading\"><span class=\"ez-toc-section\" id=\"Isolation_sous-toiture\"><\/span>Isolation sous-toiture&nbsp;<span class=\"ez-toc-section-end\"><\/span><\/h3>\n\n\n\n<p>Les panneaux rigides en fibre de bois sont souvent utilis\u00e9s comme<strong>&nbsp;isolant sous-toiture<\/strong>.&nbsp;Ils sont pos\u00e9s directement sur les chevrons et assurent une barri\u00e8re thermique continue.&nbsp;Leur rigidit\u00e9 renforce la structure de la toiture tout en r\u00e9duisant les ponts thermiques.&nbsp;En plus de l\u2019isolation, ils offrent une bonne protection acoustique contre les bruits ext\u00e9rieurs (pluie, circulation, etc.).<\/p>\n\n\n\n<h3 class=\"wp-block-heading\"><span class=\"ez-toc-section\" id=\"Isolant_ideal_pour_les_murs\"><\/span>Isolant id\u00e9al pour les murs<span class=\"ez-toc-section-end\"><\/span><\/h3>\n\n\n\n<p>La fibre de bois est \u00e9galement adapt\u00e9e \u00e0 l\u2019isolation des murs,&nbsp;aussi bien <strong>par l\u2019int\u00e9rieur<\/strong> que <strong>par l\u2019ext\u00e9rieur<\/strong>. Voici comment elle est utilis\u00e9e :<\/p>\n\n\n\n<ul class=\"wp-block-list\">\n<li><strong>Isolation int\u00e9rieure des murs :<\/strong> Bien que moins courante pour les panneaux rigides, elle reste possible. Les panneaux sont fix\u00e9s directement sur une ossature ou un mur existant, apportant une am\u00e9lioration thermique et acoustique.<\/li>\n\n\n\n<li><strong>Isolation ext\u00e9rieure des murs (ITE) :<\/strong> C\u2019est l\u2019un des usages les plus r\u00e9pandus. Les panneaux de fibre de bois sont install\u00e9s \u00e0 l\u2019ext\u00e9rieur de la fa\u00e7ade, formant une enveloppe thermique continue. Cette technique permet de limiter efficacement les ponts thermiques et am\u00e9liore la performance globale du b\u00e2timent.<\/li>\n<\/ul>\n\n\n\n<h3 class=\"wp-block-heading\"><span class=\"ez-toc-section\" id=\"Utilisation_de_la_fibre_de_bois_pour_lisolation_dune_toiture_par_lexterieur_methode_sarking\"><\/span>Utilisation de la fibre de bois pour l\u2019isolation d\u2019une toiture (par l\u2019ext\u00e9rieur, m\u00e9thode sarking)<span class=\"ez-toc-section-end\"><\/span><\/h3>\n\n\n\n<p>L\u2019isolation de la toiture par l\u2019ext\u00e9rieur, \u00e9galement connue sous le nom de m\u00e9thode \u201csarking\u201d, est une technique efficace pour am\u00e9liorer l\u2019isolation thermique de la toiture.<\/p>\n\n\n\n<p>La fibre de bois est adapt\u00e9e \u00e0 cette application :<\/p>\n\n\n\n<ul class=\"wp-block-list\">\n<li><strong>M\u00e9thode sarking :<\/strong> Dans cette m\u00e9thode, des panneaux rigides de fibre de bois sont install\u00e9s au-dessus des chevrons de la toiture, cr\u00e9ant ainsi une isolation continue. Cela permet de minimiser les pertes de chaleur par le toit et d\u2019am\u00e9liorer consid\u00e9rablement l\u2019efficacit\u00e9 \u00e9nerg\u00e9tique de la maison. Cette m\u00e9thode est particuli\u00e8rement adapt\u00e9e aux r\u00e9gions sujettes aux temp\u00e9ratures extr\u00eames.<\/li>\n<\/ul>\n\n\n\n<figure class=\"wp-block-image size-full\"><img decoding=\"async\" width=\"1200\" height=\"630\" src=\"https:\/\/www.bobex.be\/wp-uploads\/sites\/2\/toiture-exterieure-fibre-de-bois.jpg\" alt=\"Sch\u00e9ma du sarking, isolation ext\u00e9rieure de toiture avec de la fibre de bois\" class=\"wp-image-215268\"\/><\/figure>\n\n\n\n<h3 class=\"wp-block-heading\"><span class=\"ez-toc-section\" id=\"Isolation_du_sol\"><\/span>Isolation du sol&nbsp;<span class=\"ez-toc-section-end\"><\/span><\/h3>\n\n\n\n<p>La fibre de bois peut \u00e9galement \u00eatre utilis\u00e9e pour l\u2019<strong>isolation des sols<\/strong> :&nbsp;en pose flottante sous un plancher ou un parquet, les panneaux rigides r\u00e9duisent les d\u00e9perditions de chaleur vers les pi\u00e8ces non chauff\u00e9es (caves, vides sanitaires, garages).&nbsp;Ils am\u00e9liorent aussi le confort acoustique en limitant la transmission des bruits d\u2019impact.&nbsp;C\u2019est une solution \u00e9cologique pour renforcer l\u2019isolation globale d\u2019un b\u00e2timent tout en am\u00e9liorant la sensation de confort sous les pieds.<\/p>\n\n\n\n<p>Ces applications de la fibre de bois contribuent \u00e0 <strong>r\u00e9duire la consommation d\u2019\u00e9nergie<\/strong> d\u2019un b\u00e2timent, \u00e0 <strong>am\u00e9liorer le confort int\u00e9rieur <\/strong>et \u00e0 <strong>r\u00e9duire les \u00e9missions de gaz \u00e0 effet de serre<\/strong>. Cependant, il est essentiel de faire appel \u00e0 des professionnels qualifi\u00e9s pour une installation correcte et efficace de la fibre de bois dans ces diff\u00e9rentes applications.<\/p>\n\n\n<div class='bobex-cta-block' style='\n            --button-bg-color: #e13c0e;\n            --button-text-color: #ffffff;\n            --banner-bg-color: #aad4e6;\n            --arrow-main-bg-color: #aad4e6;\n            --arrow-secondary-bg-color: #e5f2f7;\n            --banner-title-color: #10375e;\n            --arrow-title-color: #10375e;\n            --banner-text-color: #545454;\n            --arrow-text-color: #545454;         \n            --invert-range: 0deg;\n        '><a class='cta-button-rounded' href='#ppp'>Faites appel \u00e0 un professionnel pour r\u00e9aliser vos travaux d&rsquo;isolation. Demandez vos devis gratuits !<\/a><\/div>\n\n\n<h2 class=\"wp-block-heading\"><span class=\"ez-toc-section\" id=\"Quelle_epaisseur_de_fibre_de_bois_pour_une_bonne_isolation\"><\/span>Quelle \u00e9paisseur de fibre de bois pour une bonne isolation ?<span class=\"ez-toc-section-end\"><\/span><\/h2>\n\n\n\n<p>Voici une estimation de l\u2019\u00e9paisseur recommand\u00e9e de la fibre de bois en fonction des diff\u00e9rentes applications et des performances thermiques vis\u00e9es (exprim\u00e9es en R en m\u00b2\u00b7K\/W).<\/p>\n\n\n\n            <div class='bobex-table-wrapper' style='\n            --bobex-table-dark-row-color: #D1E8F2;\n        '>\n                <table class='' data-columns='3'>\n                    <thead style='\n            --bobex-table-header-background-color: #10375E;\n            --bobex-table-header-text-color: #FFFFFF;\n        '><th>Application<\/th><th>Performance thermique vis\u00e9e (R en m\u00b2\u00b7K\/W)<\/th><th>\u00c9paisseur recommand\u00e9e de la fibre de bois (en cm)<\/th><\/thead><tr><td>Isolation des sols<\/td><td>3-4<\/td><td>12 \u00e0 16<\/td><\/tr><tr><td>Isolation sous-toiture<\/td><td>4-5<\/td><td>16 \u00e0 20<\/td><\/tr><tr><td>Toiture par l\u2019ext\u00e9rieur (sarking)<\/td><td>6-7<\/td><td>24 \u00e0 28<\/td><\/tr><tr><td>Isolation int\u00e9rieure des murs<\/td><td>3-4<\/td><td>12 \u00e0 16<\/td><\/tr><tr><td>Murs ITE (Isolation ext\u00e9rieure)<\/td><td>5-6<\/td><td>20 \u00e0 24<\/td><\/tr>\n                <\/table>\n            <\/div>\n        \n\n\n<p>Ces valeurs sont des <strong>estimations g\u00e9n\u00e9rales<\/strong> et peuvent varier en fonction de plusieurs facteurs, notamment la r\u00e9gion, le climat local et les r\u00e9glementations en vigueur. Il est donc recommand\u00e9 de <strong>consulter un professionnel qualifi\u00e9<\/strong> pour une \u00e9valuation pr\u00e9cise de vos besoins en isolation.<\/p>\n\n\n\n<h2 class=\"wp-block-heading\"><span class=\"ez-toc-section\" id=\"Comment_poser_une_isolation_en_fibre_de_bois_Nos_conseils\"><\/span>Comment poser une isolation en fibre de bois ? Nos conseils<span class=\"ez-toc-section-end\"><\/span><\/h2>\n\n\n\n<p>Poser une isolation en fibre de bois demande de suivre quelques \u00e9tapes importantes pour garantir une installation efficace. Voici nos conseils :<\/p>\n\n\n\n<ol class=\"wp-block-list\">\n<li><strong>Pr\u00e9paration&nbsp;<\/strong>:&nbsp;Assurez-vous que la zone \u00e0 isoler soit propre, s\u00e8che et exempte de tout mat\u00e9riau encombrant. Portez&nbsp;des v\u00eatements de protection appropri\u00e9s : combinaison, gants, lunettes de protection&#8230;&nbsp;<\/li>\n\n\n\n<li><strong>D\u00e9coupe des panneaux <\/strong>:&nbsp;Mesurez et d\u00e9coupez la fibre de bois pour qu\u2019elle s\u2019adapte parfaitement \u00e0 l\u2019espace \u00e0 isoler. Utilisez une scie adapt\u00e9e.<\/li>\n\n\n\n<li><strong>Mise en place <\/strong>: Posez les panneaux bord \u00e0 bord, sans laisser d\u2019espace entre eux, et fixez-les m\u00e9caniquement (chevilles, liteaux, vis sp\u00e9cifiques selon l\u2019application).<\/li>\n\n\n\n<li><strong>Protection contre l&rsquo;humidit\u00e9<\/strong> :&nbsp;Dans certains cas, un pare-vapeur peut \u00eatre ajout\u00e9 du c\u00f4t\u00e9 int\u00e9rieur de la paroi pour emp\u00eacher la condensation. Assurez-vous qu\u2019il soit correctement install\u00e9 et scell\u00e9.<\/li>\n\n\n\n<li><strong>Finitions<\/strong>:&nbsp;Une fois l\u2019isolation en place, vous pouvez ajouter un rev\u00eatement de finition selon les besoins. Cela peut \u00eatre un enduit, des plaques de pl\u00e2tre, etc.<\/li>\n<\/ol>\n\n\n\n<p>Il est recommand\u00e9 de consulter les instructions sp\u00e9cifiques du fabricant de l\u2019isolant, car celles-ci peuvent varier l\u00e9g\u00e8rement en fonction du type et de la marque de fibre de bois utilis\u00e9s. Si vous ne vous sentez pas \u00e0 l\u2019aise pour r\u00e9aliser cette installation vous-m\u00eame, il est conseill\u00e9 de <strong>faire appel \u00e0 un professionnel qualifi\u00e9 <\/strong>pour garantir une isolation efficace et s\u00e9curitaire.<\/p>\n\n\n\n<h2 class=\"wp-block-heading\"><span class=\"ez-toc-section\" id=\"Isolez_des_maintenant_votre_habitation_et_comparez_jusqua_5_devis_de_specialistes_en_isolation\"><\/span>Isolez d\u00e8s maintenant votre habitation et comparez jusqu\u2019\u00e0 5 devis de sp\u00e9cialistes en isolation<span class=\"ez-toc-section-end\"><\/span><\/h2>\n\n\n\n<p>Ressentez-vous des variations de temp\u00e9rature \u00e0 l\u2019int\u00e9rieur de votre maison ? Votre facture d\u2019\u00e9nergie vous semble-t-elle exorbitante ? En optant pour une isolation de qualit\u00e9, vous cr\u00e9ez un environnement thermiquement r\u00e9gul\u00e9, \u00e9t\u00e9 comme hiver.&nbsp;Recevez <strong>jusqu\u2019\u00e0 5 devis gratuits<\/strong> de sp\u00e9cialistes en isolation, comparez les offres et choisissez le <strong>professionnel id\u00e9al<\/strong> pour votre projet. <strong>Remplissez le formulaire<\/strong> ci-dessous gratuitement, sans aucun engagement de votre part.&nbsp;<\/p>\n\n\n<div id=\"ppp\" class=\"bob-form-wrapper\" data-ajax_url=\"https:\/\/www.bobex.be\/fr-be\/wp-admin\/admin-ajax.php\" data-fa_a=\"\" data-fa_b=\"\"><div class=\"loader\" aria-hidden=\"true\"><\/div>    <div>\n        <div class=\"row mx-auto mb-2\" style=\"max-width: 900px;\">\n            <div class=\"col-md-4\"><i class=\"mr-1 fas fa-check\" style=\"color:green;\"><\/i>Devis gratuits et rapides<\/div>\n            <div class=\"col-md-4\"><i class=\"mr-1 fas fa-check\" style=\"color:green;\"><\/i>Sans engagement et obligation<\/div>\n            <div class=\"col-md-4\"><i class=\"mr-1 fas fa-check\" style=\"color:green;\"><\/i>Professionnels agr\u00e9\u00e9s<\/div>\n        <\/div>\n    <\/div><div id=\"form-69f4d26339227\" class=\"bob-form-container\" style=\"background-color: white; font-family: Roboto, sans-serif !important; font-size: 16px !important; color: #545454; box-shadow: 0 2px 10px rgba(0,0,0,0.1); --font_title: Poppins; --font_size_title: 20px; --title_bg_color: #175da6; --copyright_color: #fde8e1; --box_upload_color: #e5f2f7; padding:unset;\" data-form-type=\"inline\" data-form-id=\"69f4d26339227\"><style>#form-69f4d26339227 .bob-form-inline-question.even {\n  background-color: #e5f2f7;\n}\n#form-69f4d26339227 .single_multiple.multiple_button {\n  background-color: #e5f2f7 !important;\n}\n#form-69f4d26339227 .bob-form-inline-question--hidden {\n  display: none;\n}<\/style><div class=\"form-questions\"><form id=\"bob-form\" class=\"bob-form bob-form-tag\" method=\"post\" action=\"https:\/\/www.bobex.be\/fr-be\/wp-admin\/admin-ajax.php?action=bobex-form-validation\">    <div class=\"form-title\">\n        Formulez votre demande\n        <div class=\"form-title-info-line\">\n            R\u00e9pondez \u00e0 quelques questions et entrez en contact avec des sp\u00e9cialistes fiables. Nous vous demandons vos coordonn\u00e9es afin de s\u00e9lectionner les professionnels actifs dans votre r\u00e9gion.\n        <\/div>\n    <\/div><div class=\"form-questions bob-form-inline-question\"><div class=\"row\"><div class=\"question col-md-4\"><label>1*. Que voulez-vous isoler?<\/label><\/div><div class=\"answer col-md-8\"><div class=\"bob-form-checkbox d-flex\"><input type=\"checkbox\" class=\"inline-checkbox bob-form-input\" id=\"69f4d26339227-input-0-1\" data-unique-id=\"69f4d26339227\" name=\"XML_extra_check[]\" value=\"1\"  required=\"required\" onclick=\"checkboxTurnChecked(this)\"><label for=\"69f4d26339227-input-0-1\">Isolation int\u00e9rieure d&#039;un toit inclin\u00e9<\/label><\/div><div class=\"bob-form-checkbox d-flex\"><input type=\"checkbox\" class=\"inline-checkbox bob-form-input\" id=\"69f4d26339227-input-0-2\" data-unique-id=\"69f4d26339227\" name=\"XML_extra_check[]\" value=\"2\"  required=\"required\" onclick=\"checkboxTurnChecked(this)\"><label for=\"69f4d26339227-input-0-2\">Isolation ext\u00e9rieure d&#039;un toit inclin\u00e9<\/label><\/div><div class=\"bob-form-checkbox d-flex\"><input type=\"checkbox\" class=\"inline-checkbox bob-form-input\" id=\"69f4d26339227-input-0-3\" data-unique-id=\"69f4d26339227\" name=\"XML_extra_check[]\" value=\"3\"  required=\"required\" onclick=\"checkboxTurnChecked(this)\"><label for=\"69f4d26339227-input-0-3\">Isolation int\u00e9rieure d&#039;un toit plat<\/label><\/div><div class=\"bob-form-checkbox d-flex\"><input type=\"checkbox\" class=\"inline-checkbox bob-form-input\" id=\"69f4d26339227-input-0-4\" data-unique-id=\"69f4d26339227\" name=\"XML_extra_check[]\" value=\"4\"  required=\"required\" onclick=\"checkboxTurnChecked(this)\"><label for=\"69f4d26339227-input-0-4\">Isolation ext\u00e9rieure d&#039;un toit plat<\/label><\/div><div class=\"bob-form-checkbox d-flex\"><input type=\"checkbox\" class=\"inline-checkbox bob-form-input\" id=\"69f4d26339227-input-0-5\" data-unique-id=\"69f4d26339227\" name=\"XML_extra_check[]\" value=\"5\"  required=\"required\" onclick=\"checkboxTurnChecked(this)\"><label for=\"69f4d26339227-input-0-5\">Murs creux<\/label><\/div><div class=\"bob-form-checkbox d-flex\"><input type=\"checkbox\" class=\"inline-checkbox bob-form-input\" id=\"69f4d26339227-input-0-6\" data-unique-id=\"69f4d26339227\" name=\"XML_extra_check[]\" value=\"6\"  required=\"required\" onclick=\"checkboxTurnChecked(this)\"><label for=\"69f4d26339227-input-0-6\">Murs ext\u00e9rieurs<\/label><\/div><div class=\"bob-form-checkbox d-flex\"><input type=\"checkbox\" class=\"inline-checkbox bob-form-input\" id=\"69f4d26339227-input-0-7\" data-unique-id=\"69f4d26339227\" name=\"XML_extra_check[]\" value=\"7\"  required=\"required\" onclick=\"checkboxTurnChecked(this)\"><label for=\"69f4d26339227-input-0-7\">Murs int\u00e9rieurs<\/label><\/div><div class=\"bob-form-checkbox d-flex\"><input type=\"checkbox\" class=\"inline-checkbox bob-form-input\" id=\"69f4d26339227-input-0-8\" data-unique-id=\"69f4d26339227\" name=\"XML_extra_check[]\" value=\"8\"  required=\"required\" onclick=\"checkboxTurnChecked(this)\"><label for=\"69f4d26339227-input-0-8\">Sol<\/label><\/div><div class=\"bob-form-checkbox d-flex\"><input type=\"checkbox\" class=\"inline-checkbox bob-form-input\" id=\"69f4d26339227-input-0-9\" data-unique-id=\"69f4d26339227\" name=\"XML_extra_check[]\" value=\"9\"  required=\"required\" onclick=\"checkboxTurnChecked(this)\"><label for=\"69f4d26339227-input-0-9\">Isolation du vide ventil\u00e9<\/label><\/div><\/div><\/div><\/div><div class=\"form-questions bob-form-inline-question even\"><div class=\"row\"><div class=\"question col-md-4\"><label>2*. Quelle superficie devra \u00eatre isol\u00e9e (estimation)?<\/label><\/div><div class=\"answer col-md-8\"><div class=\"bob-form-radio d-flex\"><input type=\"radio\" class=\"inline-radio\" id=\"69f4d26339227-input-1-1\" data-unique-id=\"69f4d26339227\" name=\"XML_extra_radio2\" value=\"1\"  required=\"required\"><label for=\"69f4d26339227-input-1-1\">Moins de 20 m2<\/label><\/div><div class=\"bob-form-radio d-flex\"><input type=\"radio\" class=\"inline-radio\" id=\"69f4d26339227-input-1-2\" data-unique-id=\"69f4d26339227\" name=\"XML_extra_radio2\" value=\"2\"  required=\"required\"><label for=\"69f4d26339227-input-1-2\">Entre 20 et 50 m2<\/label><\/div><div class=\"bob-form-radio d-flex\"><input type=\"radio\" class=\"inline-radio\" id=\"69f4d26339227-input-1-3\" data-unique-id=\"69f4d26339227\" name=\"XML_extra_radio2\" value=\"3\"  required=\"required\"><label for=\"69f4d26339227-input-1-3\">Entre 50 et 100 m2<\/label><\/div><div class=\"bob-form-radio d-flex\"><input type=\"radio\" class=\"inline-radio\" id=\"69f4d26339227-input-1-4\" data-unique-id=\"69f4d26339227\" name=\"XML_extra_radio2\" value=\"4\"  required=\"required\"><label for=\"69f4d26339227-input-1-4\">Entre 100 et 200 m2<\/label><\/div><div class=\"bob-form-radio d-flex\"><input type=\"radio\" class=\"inline-radio\" id=\"69f4d26339227-input-1-5\" data-unique-id=\"69f4d26339227\" name=\"XML_extra_radio2\" value=\"5\"  required=\"required\"><label for=\"69f4d26339227-input-1-5\">Plus de 200 m2<\/label><\/div><\/div><\/div><\/div><div class=\"form-questions bob-form-inline-question\"><div class=\"row\"><div class=\"question col-md-4\"><label>3*. Quand d\u00e9sirez-vous d\u00e9buter l&rsquo;installation de l&rsquo;isolation?<\/label><\/div><div class=\"answer col-md-8\"><div class=\"bob-form-radio d-flex\"><input type=\"radio\" class=\"inline-radio\" id=\"69f4d26339227-input-2-1\" data-unique-id=\"69f4d26339227\" name=\"XML_extra_radio3\" value=\"1\"  required=\"required\"><label for=\"69f4d26339227-input-2-1\">Le plus rapidement possible, sous le mois<\/label><\/div><div class=\"bob-form-radio d-flex\"><input type=\"radio\" class=\"inline-radio\" id=\"69f4d26339227-input-2-2\" data-unique-id=\"69f4d26339227\" name=\"XML_extra_radio3\" value=\"2\"  required=\"required\"><label for=\"69f4d26339227-input-2-2\">Entre 1 et 3 mois<\/label><\/div><div class=\"bob-form-radio d-flex\"><input type=\"radio\" class=\"inline-radio\" id=\"69f4d26339227-input-2-3\" data-unique-id=\"69f4d26339227\" name=\"XML_extra_radio3\" value=\"3\"  required=\"required\"><label for=\"69f4d26339227-input-2-3\">Entre 4 et 6 mois<\/label><\/div><div class=\"bob-form-radio d-flex\"><input type=\"radio\" class=\"inline-radio\" id=\"69f4d26339227-input-2-4\" data-unique-id=\"69f4d26339227\" name=\"XML_extra_radio3\" value=\"4\"  required=\"required\"><label for=\"69f4d26339227-input-2-4\">Entre 7 et 12 mois<\/label><\/div><\/div><\/div><\/div><div class=\"form-questions bob-form-inline-question even\"><div class=\"row\"><div class=\"question col-md-4\"><label>4. Quel type de b\u00e2timent d\u00e9sirez-vous isoler?<\/label><\/div><div class=\"answer col-md-8\"><div class=\"bob-form-radio d-flex\"><input type=\"radio\" class=\"inline-radio\" id=\"69f4d26339227-input-3-1\" data-unique-id=\"69f4d26339227\" name=\"XML_extra_radio4\" value=\"1\"  ><label for=\"69f4d26339227-input-3-1\">Propri\u00e9t\u00e9 priv\u00e9e<\/label><\/div><div class=\"bob-form-radio d-flex\"><input type=\"radio\" class=\"inline-radio\" id=\"69f4d26339227-input-3-2\" data-unique-id=\"69f4d26339227\" name=\"XML_extra_radio4\" value=\"2\"  ><label for=\"69f4d26339227-input-3-2\">Immeuble commercial<\/label><\/div><\/div><\/div><\/div><div class=\"form-questions bob-form-inline-question\"><div class=\"d-flex flex-column\"><label class=\"question\" for=\"69f4d26339227-input-4\">5. Description de votre projet<\/label><textarea class=\"bob-form-input\" name=\"XML_remarks\" id=\"69f4d26339227-input-4\" data-unique-id=\"69f4d26339227\"><\/textarea><\/div><\/div><div class=\"bob-inline-form bob-form-tag upload-box mb-3\">\n                    <div class=\"row\">\n                        <div class=\"col-md-12 mb-2 question\">Ajouter des photos ou des pi\u00e8ces jointes (en Option)<\/div>\n                        <div class=\"col-md-12\">\n                            <div class=\"box__input\" style=\"background-color: #e5f2f7;\"\n                                 ondrop=\"drop(event)\"\n                                 ondragover=\"allowDrop(event)\"\n                                 ondragleave=\"removeDropFx(event)\"\n                                >\n                                <input type=\"file\"\n                                       class=\"file__input\"\n                                       name=\"attachments[]\"\n                                       id=\"attachments\"\n                                       multiple=\"multiple\"\n                                       accept=\"image\/jpeg, image\/png, image\/gif, application\/pdf\"\n                                       data-multiple-caption=\"{count} files selected\">\n                                <div>\n                                    <label for=\"attachments\"><strong>S\u00e9lectionnez un fichier <\/strong>ou glissez-le ici<\/label>\n                                    <span class=\"box__button bobex-round-cta m-1 py-1\"\n                                          style=\"mix-blend-mode: luminosity\">\n                                        <i class=\"fas fa-cloud-upload-alt text-white\"><\/i>\n                                        T\u00e9l\u00e9charger\n                                    <\/span>\n                                <\/div>\n            \n                                <div class=\"row preview_wrapper m-0\"><\/div>\n                            <\/div>\n            \n                            <div class=\"box__uploading\">Uploading\u2026<\/div>\n                            <div class=\"box__success\">Done!<\/div>\n                            <div class=\"box__error\">Error! <span><\/span>.<\/div>\n                        <\/div>\n                    <\/div>\n                <\/div>    <div class=\"form-title\">\n        Vos donn\u00e9es\n    <\/div><div class=\"bob-form-contact-data\" style=\"padding: 20px\"><div class=\"row lead-info\"><div class=\"col-md-6 mb-3\">  <div class=\"form-group\">    <input value=\"\" type=\"text\" class=\"form-control\" id=\"firstName\" name=\"firstName\" placeholder=\"Pr\u00e9nom\" required>    <div class=\"valid-feedback\">Enchant\u00e9 !<\/div>    <div class=\"invalid-feedback\">Veuillez indiquer votre pr\u00e9nom<\/div>  <\/div><\/div><div class=\"col-md-6 mb-3\">  <div class=\"form-group\">    <input value=\"\" type=\"text\" class=\"form-control\" id=\"lastName\" name=\"lastName\" placeholder=\"Nom\" required>    <div class=\"valid-feedback\">Sympa<\/div>    <div class=\"invalid-feedback\">Veuillez indiquer votre nom de famille<\/div>  <\/div><\/div><div class=\"col-md-12 mb-3\">  <div class=\"form-group\">    <input value=\"\" type=\"email\" class=\"form-control\" id=\"email\" name=\"email\" placeholder=\"E-mail\" required style=\"max-width: unset;\">    <div class=\"valid-feedback\">C&rsquo;est tout bon<\/div>    <div class=\"invalid-feedback\">Veuillez indiquer une adresse e-mail valide<\/div>  <\/div><\/div><div class=\"col-md-12 mb-3\">  <div class=\"form-group\">    <input value=\"\" type=\"tel\" class=\"form-control\" id=\"phone\" name=\"phone\" placeholder=\"T\u00e9l\u00e9phone\" required style=\"max-width: unset;\">    <div class=\"valid-feedback\">Parfait<\/div>    <div class=\"invalid-feedback\">Veuillez indiquer un num\u00e9ro de t\u00e9l\u00e9phone valide<\/div>  <\/div><\/div><div class=\"col-md-12 mb-3\">  <div class=\"form-group\">    <input value=\"\" type=\"text\" class=\"form-control\" id=\"companyAddress\" name=\"companyAddress\" placeholder=\"Adresse\" required style=\"max-width: unset;\">    <div class=\"valid-feedback\">C&rsquo;est not\u00e9<\/div>    <div class=\"invalid-feedback\">Veuillez indiquer une adresse valide<\/div>  <\/div><\/div><div class=\"col-md-6 mb-3\">  <div class=\"form-group\">    <input value=\"\" type=\"text\" class=\"form-control\" id=\"companyPostalCode\" name=\"companyPostalCode\" placeholder=\"Code postal\" required>    <div class=\"valid-feedback\">Excellent !<\/div>    <div class=\"invalid-feedback\">Veuillez indiquer un code postal valide<\/div>  <\/div><\/div><div class=\"col-md-6 mb-3\">  <div class=\"form-group\">    <input value=\"\" type=\"text\" class=\"form-control\" id=\"companyCity\" name=\"companyCity\" placeholder=\"Ville\" required>    <div class=\"valid-feedback\">Bien jou\u00e9<\/div>    <div class=\"invalid-feedback\">Veuillez indiquer une ville valide<\/div>  <\/div><\/div><div class=\"d-flex mt-3\"><input name=\"promoOptin\" value=\"true\" id=\"promoOptin\" type=\"checkbox\" class=\"me-2\" style=\"width: unset\"><label for=\"promoOptin\">Je souhaite rester inform\u00e9 de ma demande et recevoir des conseils pratiques (fortement recommand\u00e9 !) <\/label><\/div><\/div><\/div><input type=\"hidden\" class=\"session_var\" name=\"newform\" value=\"true\"><input type=\"hidden\" class=\"session_var\" name=\"lead-validation-nonce\" value=\"b093144bd6\"><input type=\"hidden\" class=\"session_var\" name=\"aff\" value=\"minisite\"><input type=\"hidden\" class=\"session_var\" name=\"utm_source\" value=\"https:\/\/www.bobex.be\/fr-be\/wp-json\/v2\/content\/146234\"><input type=\"hidden\" class=\"session_var\" name=\"bobx\" value=\"\"><input type=\"hidden\" class=\"session_var\" name=\"sessionType\" value=\"B2C\"><input type=\"hidden\" class=\"session_var\" name=\"utm_medium\" value=\"web\"><input type=\"hidden\" class=\"session_var\" name=\"utm_campaign\" value=\"search\"><input type=\"hidden\" class=\"session_var\" name=\"rem_source\" value=\"https:\/\/www.bobex.be\/fr-be\/isolation\/types-d-isolants\/laine-de-bois\/\"><input type=\"hidden\" class=\"session_var\" name=\"pixel_id\" value=\"-1\"><input type=\"hidden\" class=\"session_var\" name=\"tabo_id\" value=\"-1\"><input type=\"hidden\" class=\"session_var\" name=\"click_id\" value=\"-1\"><input type=\"hidden\" class=\"session_var\" name=\"gclid\" value=\"-1\"><input type=\"hidden\" class=\"session_var\" name=\"msclkid\" value=\"-1\"><input type=\"hidden\" class=\"session_var\" name=\"past_aff\" value=\"bobex\"><input type=\"hidden\" class=\"session_var\" name=\"redirectTo\" value=\"BE\"><input type=\"hidden\" class=\"session_var\" name=\"is_type_id\" value=\"true\"><input type=\"hidden\" class=\"session_var\" name=\"typeid\" value=\"11427\"><input type=\"hidden\" class=\"session_var\" name=\"companyType\" value=\"label.companytype.consumer\"><input type=\"hidden\" class=\"session_var\" name=\"input_names\" value=\"XML_extra_check,XML_extra_radio2,XML_extra_radio3,XML_extra_radio4,XML_remarks\"><input type=\"hidden\" class=\"form_context\" value=\"BE\"><img decoding=\"async\" class=\"bobex-pixel\" src=\"\" alt=\"\" style=\"display:none\" \/>    <div class=\"bob-form-submit d-flex justify-content-center\">\n        <button type=\"submit\" class=\"form-submit\" style=\"background-color: #F1653A; color: white; border: none !important; border-radius: 5px !important; font-family: Roboto, sans-serif; font-size: 16px;\">\n            Demander un devis\n        <\/button>\n    <\/div>    <div class=\"bob-inline-form form-footer\" style=\"border-radius: 0 0 10px 10px\">\n        <div class=\"bob-form-privacy-text\">\n            <div style=\"float:left;\"><i class=\"fa fa-lock\"><\/i><\/div>\n            <div class=\"ms-2\">\n                <div style='padding-left: 15px;font-size: 0.8em !important;z-index: 10;'><b>Nous respectons votre vie priv\u00e9e<\/b><br> Conform\u00e9ment \u00e0 la loi du 8\/12\/1992 relative \u00e0 la protection de la vie priv\u00e9e, vous disposez d&rsquo;un droit d&rsquo;acc\u00e8s et de rectification \u00e0 vos donn\u00e9es. Pour en savoir plus, consultez notre <span class=\"link_ob\" data-link=\"aHR0cHM6Ly93d3cuYm9iZXguYmUvZnItYmUvcHJvdGVjdGlvbi1kZS1sYS12aWUtcHJpdmVlLw==\" target=\"_blank\">charte sur la vie priv\u00e9e<\/span>.<\/div>\n                \n            <\/div>\n        <\/div>\n    <\/div><\/form><\/div><div class=\"multiple_mini hidden\" data-lead_id=\"\"><p class=\"multiple-title\">Merci d&rsquo;avoir pris le temps de remplir ce formulaire<\/p><p>Nous vous contacterons d\u00e8s que possible pour vous orienter vers le meilleur sp\u00e9cialiste correspondant \u00e0 votre demande.<\/p><div class=\"multiple_wrapper\"><div class=\"loader\"><\/div><p class=\"multiple-title\">Vous cherchez d&rsquo;autres services ?<\/p><p class=\"multiple_text\">Vous souhaitez comparer d&rsquo;autres devis ou explorer d&rsquo;autres services ? Faites-le nous savoir et nous vous mettrons rapidement en relation<\/p><div class=\"multiple_container\"><div class=\"single_multiple multiple_button\" data-typeid=\"11364\"><i class=\"fa-3x cat icon-11364\"><\/i><span class=\"multiple_name\">Panneaux solaires<\/span><\/div><div class=\"single_multiple multiple_button\" data-typeid=\"11428\"><i class=\"fa-3x cat icon-11428\"><\/i><span class=\"multiple_name\">Pompe \u00e0 chaleur<\/span><\/div><div class=\"single_multiple multiple_button\" data-typeid=\"11452\"><i class=\"fa-3x fad fa-door-closed\"><\/i><span class=\"multiple_name\">Ch\u00e2ssis, portes et fen\u00eatres<\/span><\/div><div class=\"single_multiple multiple_button\" data-typeid=\"11982\"><i class=\"fa-3x cat icon-11982\"><\/i><span class=\"multiple_name\">Adoucisseur d&rsquo;eau<\/span><\/div><div class=\"single_multiple multiple_button\" data-typeid=\"11962\"><i class=\"fa-3x cat icon-11962\"><\/i><span class=\"multiple_name\">Travaux de toiture<\/span><\/div><div class=\"single_multiple multiple_button\" data-typeid=\"11992\"><i class=\"fa-3x cat icon-11992\"><\/i><span class=\"multiple_name\">D\u00e9moussage toitures<\/span><\/div><div class=\"single_multiple hidden multiple_button\" data-typeid=\"11453\"><i class=\"fa-3x cat icon-11453\"><\/i><span class=\"multiple_name\">Syst\u00e8me de ventilation<\/span><\/div><div class=\"single_multiple hidden multiple_button\" data-typeid=\"11461\"><i class=\"fa-3x cat icon-11461\"><\/i><span class=\"multiple_name\">Traitement de l&rsquo;humidit\u00e9<\/span><\/div><\/div><\/div><\/div><\/div><\/div>","protected":false},"featured_media":0,"parent":145922,"template":"","meta":{"business":"44056","footnotes":""},"class_list":["post-146234","content","type-content","status-publish","hentry"],"_links":{"self":[{"href":"https:\/\/www.bobex.be\/fr-be\/wp-json\/wp\/v2\/content\/146234","targetHints":{"allow":["GET"]}}],"collection":[{"href":"https:\/\/www.bobex.be\/fr-be\/wp-json\/wp\/v2\/content"}],"about":[{"href":"https:\/\/www.bobex.be\/fr-be\/wp-json\/wp\/v2\/types\/content"}],"version-history":[{"count":8,"href":"https:\/\/www.bobex.be\/fr-be\/wp-json\/wp\/v2\/content\/146234\/revisions"}],"predecessor-version":[{"id":221313,"href":"https:\/\/www.bobex.be\/fr-be\/wp-json\/wp\/v2\/content\/146234\/revisions\/221313"}],"up":[{"embeddable":true,"href":"https:\/\/www.bobex.be\/fr-be\/wp-json\/wp\/v2\/content\/145922"}],"wp:attachment":[{"href":"https:\/\/www.bobex.be\/fr-be\/wp-json\/wp\/v2\/media?parent=146234"}],"curies":[{"name":"wp","href":"https:\/\/api.w.org\/{rel}","templated":true}]}}