{"id":135758,"date":"2023-06-01T11:31:08","date_gmt":"2023-06-01T11:31:08","guid":{"rendered":"https:\/\/www.bobex.be\/fr-be\/veranda\/reparation\/remplacement-vitre\/"},"modified":"2025-02-07T12:45:42","modified_gmt":"2025-02-07T12:45:42","slug":"remplacement-vitre","status":"publish","type":"content","link":"https:\/\/www.bobex.be\/fr-be\/veranda\/reparation\/remplacement-vitre\/","title":{"rendered":"Quel est le co\u00fbt d&rsquo;un remplacement de vitre de v\u00e9randa ?"},"content":{"rendered":"\n<div id=\"ez-toc-container\" class=\"ez-toc-v2_0_82_2 counter-hierarchy ez-toc-counter ez-toc-grey ez-toc-container-direction\">\n<div class=\"ez-toc-title-container\">\n<p class=\"ez-toc-title\" style=\"cursor:inherit\">Sommaire<\/p>\n<span class=\"ez-toc-title-toggle\"><a href=\"#\" class=\"ez-toc-pull-right ez-toc-btn ez-toc-btn-xs ez-toc-btn-default ez-toc-toggle\" aria-label=\"Toggle Table of Content\"><span class=\"ez-toc-js-icon-con\"><span class=\"\"><span class=\"eztoc-hide\" style=\"display:none;\">Toggle<\/span><span class=\"ez-toc-icon-toggle-span\"><svg style=\"fill: #999;color:#999\" xmlns=\"http:\/\/www.w3.org\/2000\/svg\" class=\"list-377408\" width=\"20px\" height=\"20px\" viewBox=\"0 0 24 24\" fill=\"none\"><path d=\"M6 6H4v2h2V6zm14 0H8v2h12V6zM4 11h2v2H4v-2zm16 0H8v2h12v-2zM4 16h2v2H4v-2zm16 0H8v2h12v-2z\" fill=\"currentColor\"><\/path><\/svg><svg style=\"fill: #999;color:#999\" class=\"arrow-unsorted-368013\" xmlns=\"http:\/\/www.w3.org\/2000\/svg\" width=\"10px\" height=\"10px\" viewBox=\"0 0 24 24\" version=\"1.2\" baseProfile=\"tiny\"><path d=\"M18.2 9.3l-6.2-6.3-6.2 6.3c-.2.2-.3.4-.3.7s.1.5.3.7c.2.2.4.3.7.3h11c.3 0 .5-.1.7-.3.2-.2.3-.5.3-.7s-.1-.5-.3-.7zM5.8 14.7l6.2 6.3 6.2-6.3c.2-.2.3-.5.3-.7s-.1-.5-.3-.7c-.2-.2-.4-.3-.7-.3h-11c-.3 0-.5.1-.7.3-.2.2-.3.5-.3.7s.1.5.3.7z\"\/><\/svg><\/span><\/span><\/span><\/a><\/span><\/div>\n<nav><ul class='ez-toc-list ez-toc-list-level-1 eztoc-toggle-hide-by-default' ><li class='ez-toc-page-1 ez-toc-heading-level-2'><a class=\"ez-toc-link ez-toc-heading-1\" href=\"https:\/\/www.bobex.be\/fr-be\/veranda\/reparation\/remplacement-vitre\/#Pourquoi_remplacer_le_vitrage_de_sa_veranda\" >Pourquoi remplacer le vitrage de sa v\u00e9randa ?&nbsp;<\/a><ul class='ez-toc-list-level-3' ><li class='ez-toc-heading-level-3'><a class=\"ez-toc-link ez-toc-heading-2\" href=\"https:\/\/www.bobex.be\/fr-be\/veranda\/reparation\/remplacement-vitre\/#Garantir_et_ameliorer_lisolation_de_votre_veranda\" >Garantir et am\u00e9liorer l&rsquo;isolation de votre v\u00e9randa<\/a><\/li><li class='ez-toc-page-1 ez-toc-heading-level-3'><a class=\"ez-toc-link ez-toc-heading-3\" href=\"https:\/\/www.bobex.be\/fr-be\/veranda\/reparation\/remplacement-vitre\/#Renforcer_la_securite_de_votre_veranda\" >Renforcer la s\u00e9curit\u00e9 de votre v\u00e9randa&nbsp;<\/a><\/li><li class='ez-toc-page-1 ez-toc-heading-level-3'><a class=\"ez-toc-link ez-toc-heading-4\" href=\"https:\/\/www.bobex.be\/fr-be\/veranda\/reparation\/remplacement-vitre\/#Gagner_en_clarte_dans_la_piece\" >Gagner en clart\u00e9 dans la pi\u00e8ce&nbsp;<\/a><\/li><li class='ez-toc-page-1 ez-toc-heading-level-3'><a class=\"ez-toc-link ez-toc-heading-5\" href=\"https:\/\/www.bobex.be\/fr-be\/veranda\/reparation\/remplacement-vitre\/#Pourquoi_un_double_vitrage_se_fissure\" >Pourquoi un double vitrage se fissure ?<\/a><\/li><li class='ez-toc-page-1 ez-toc-heading-level-3'><a class=\"ez-toc-link ez-toc-heading-6\" href=\"https:\/\/www.bobex.be\/fr-be\/veranda\/reparation\/remplacement-vitre\/#Quel_professionnel_appeler_pour_changer_une_vitre\" >Quel professionnel appeler pour changer une vitre ?&nbsp;<\/a><\/li><li class='ez-toc-page-1 ez-toc-heading-level-3'><a class=\"ez-toc-link ez-toc-heading-7\" href=\"https:\/\/www.bobex.be\/fr-be\/veranda\/reparation\/remplacement-vitre\/#Remplacer_ou_renover\" >Remplacer ou r\u00e9nover ?&nbsp;<\/a><\/li><\/ul><\/li><li class='ez-toc-page-1 ez-toc-heading-level-2'><a class=\"ez-toc-link ez-toc-heading-8\" href=\"https:\/\/www.bobex.be\/fr-be\/veranda\/reparation\/remplacement-vitre\/#Quel_est_le_prix_du_changement_de_vitre_dune_veranda\" >Quel est le prix du changement de vitre d&rsquo;une v\u00e9randa ?<\/a><ul class='ez-toc-list-level-3' ><li class='ez-toc-heading-level-3'><a class=\"ez-toc-link ez-toc-heading-9\" href=\"https:\/\/www.bobex.be\/fr-be\/veranda\/reparation\/remplacement-vitre\/#Prix_dune_vitre_simple_vitrage\" >Prix d&rsquo;une vitre simple vitrage<\/a><\/li><li class='ez-toc-page-1 ez-toc-heading-level-3'><a class=\"ez-toc-link ez-toc-heading-10\" href=\"https:\/\/www.bobex.be\/fr-be\/veranda\/reparation\/remplacement-vitre\/#Quel_est_le_prix_dune_vitre_double_vitrage\" >Quel est le prix d\u2019une vitre double vitrage ?&nbsp;<\/a><\/li><li class='ez-toc-page-1 ez-toc-heading-level-3'><a class=\"ez-toc-link ez-toc-heading-11\" href=\"https:\/\/www.bobex.be\/fr-be\/veranda\/reparation\/remplacement-vitre\/#Prix_du_remplacement_dune_baie_vitree_de_veranda\" >Prix du remplacement d&rsquo;une baie vitr\u00e9e de v\u00e9randa<\/a><\/li><li class='ez-toc-page-1 ez-toc-heading-level-3'><a class=\"ez-toc-link ez-toc-heading-12\" href=\"https:\/\/www.bobex.be\/fr-be\/veranda\/reparation\/remplacement-vitre\/#Prix_de_la_pose_dune_baie_vitree\" >Prix de la pose d&rsquo;une baie vitr\u00e9e&nbsp;<\/a><\/li><li class='ez-toc-page-1 ez-toc-heading-level-3'><a class=\"ez-toc-link ez-toc-heading-13\" href=\"https:\/\/www.bobex.be\/fr-be\/veranda\/reparation\/remplacement-vitre\/#Prix_du_remplacement_dune_vitre_de_porte_ou_porte_dentree_de_veranda\" >Prix du remplacement d&rsquo;une vitre de porte ou porte d&rsquo;entr\u00e9e de v\u00e9randa&nbsp;<\/a><\/li><li class='ez-toc-page-1 ez-toc-heading-level-3'><a class=\"ez-toc-link ez-toc-heading-14\" href=\"https:\/\/www.bobex.be\/fr-be\/veranda\/reparation\/remplacement-vitre\/#Prix_dune_renovation_globale\" >Prix d&rsquo;une r\u00e9novation globale&nbsp;<\/a><\/li><li class='ez-toc-page-1 ez-toc-heading-level-3'><a class=\"ez-toc-link ez-toc-heading-15\" href=\"https:\/\/www.bobex.be\/fr-be\/veranda\/reparation\/remplacement-vitre\/#Comparatif_entre_une_vitre_en_verre_polycarbonate\" >Comparatif entre une vitre en verre\/ polycarbonate<\/a><\/li><\/ul><\/li><li class='ez-toc-page-1 ez-toc-heading-level-2'><a class=\"ez-toc-link ez-toc-heading-16\" href=\"https:\/\/www.bobex.be\/fr-be\/veranda\/reparation\/remplacement-vitre\/#Comment_remplacer_la_vitre_dune_veranda\" >Comment remplacer la vitre d&rsquo;une v\u00e9randa ?<\/a><ul class='ez-toc-list-level-3' ><li class='ez-toc-heading-level-3'><a class=\"ez-toc-link ez-toc-heading-17\" href=\"https:\/\/www.bobex.be\/fr-be\/veranda\/reparation\/remplacement-vitre\/#Comment_reparer_un_eclat_sur_une_vitre_double_vitrage\" >Comment r\u00e9parer un \u00e9clat sur une vitre double vitrage ?<\/a><\/li><li class='ez-toc-page-1 ez-toc-heading-level-3'><a class=\"ez-toc-link ez-toc-heading-18\" href=\"https:\/\/www.bobex.be\/fr-be\/veranda\/reparation\/remplacement-vitre\/#Comment_changer_une_vitre_de_veranda\" >Comment changer une vitre de v\u00e9randa ?<\/a><\/li><\/ul><\/li><li class='ez-toc-page-1 ez-toc-heading-level-2'><a class=\"ez-toc-link ez-toc-heading-19\" href=\"https:\/\/www.bobex.be\/fr-be\/veranda\/reparation\/remplacement-vitre\/#Peut-on_remplacer_ses_vitres_de_veranda_avec_son_assurance_habitation\" >Peut-on remplacer ses vitres de veranda avec son assurance habitation ?<\/a><\/li><li class='ez-toc-page-1 ez-toc-heading-level-2'><a class=\"ez-toc-link ez-toc-heading-20\" href=\"https:\/\/www.bobex.be\/fr-be\/veranda\/reparation\/remplacement-vitre\/#Trouvez_un_specialiste_en_renovation_de_veranda_pour_remplacer_votre_vitrage_ou_reparer_votre_vitre_cassee\" >Trouvez un sp\u00e9cialiste en r\u00e9novation de v\u00e9randa pour remplacer votre vitrage ou r\u00e9parer votre vitre cass\u00e9e !&nbsp;<\/a><\/li><\/ul><\/nav><\/div>\n<h2 class=\"wp-block-heading\"><span class=\"ez-toc-section\" id=\"Pourquoi_remplacer_le_vitrage_de_sa_veranda\"><\/span>Pourquoi remplacer le vitrage de sa v\u00e9randa ?&nbsp;<span class=\"ez-toc-section-end\"><\/span><\/h2>\n\n\n\n<p>Les <a href=\"https:\/\/www.bobex.be\/fr-be\/veranda\/\" target=\"_blank\" rel=\"noreferrer noopener\">v\u00e9randas<\/a> sont con\u00e7ues comme de <strong>v\u00e9ritables puits de lumi\u00e8re<\/strong> avec vue sur votre jardin. Les vitrages qui la composent sont donc les<strong> \u00e9l\u00e9ments principaux <\/strong>de cette <a href=\"https:\/\/www.bobex.be\/fr-be\/veranda\/amenagement\/\" target=\"_blank\" rel=\"noreferrer noopener\">pi\u00e8ce \u00e0 vivre<\/a> particuli\u00e8rement agr\u00e9able. S&rsquo;ils laissent entrer une belle luminosit\u00e9, les vitrages d&rsquo;une v\u00e9randa ont \u00e9galement d&rsquo;autres r\u00f4les, comme celui <strong>d&rsquo;isoler l&rsquo;int\u00e9rieur de l&rsquo;ext\u00e9rieur<\/strong>, et qui justifient de proc\u00e9der \u00e0 un remplacement lorsque n\u00e9cessaire.&nbsp;<\/p>\n\n\n\n<h3 class=\"wp-block-heading\"><span class=\"ez-toc-section\" id=\"Garantir_et_ameliorer_lisolation_de_votre_veranda\"><\/span>Garantir et am\u00e9liorer l&rsquo;isolation de votre v\u00e9randa<span class=\"ez-toc-section-end\"><\/span><\/h3>\n\n\n\n<p>\u00c0 l&rsquo;inverse des murs pleins, les vitres de votre v\u00e9randa, comme ceux de votre maison par ailleurs, sont de <strong>possibles points de faiblesse<\/strong> au niveau de <a href=\"https:\/\/www.bobex.be\/fr-be\/veranda\/reparation\/refaire-isolation-veranda\/\" target=\"_blank\" rel=\"noreferrer noopener\">l&rsquo;isolation thermique<\/a>. Pour garantir une isolation optimale, il ne doit pas avoir de br\u00e8ches dans ces ouvertures. D\u00e8s que vous constatez qu&rsquo;une des vitres de votre v\u00e9randa est cass\u00e9e, fissur\u00e9e, ou que vous sentez un courant d&rsquo;air venir de la vitre, il convient dans ce cas de la remplacer.&nbsp;<\/p>\n\n\n\n<h3 class=\"wp-block-heading\"><span class=\"ez-toc-section\" id=\"Renforcer_la_securite_de_votre_veranda\"><\/span>Renforcer la s\u00e9curit\u00e9 de votre v\u00e9randa&nbsp;<span class=\"ez-toc-section-end\"><\/span><\/h3>\n\n\n\n<p>Une vitre fissure, cass\u00e9e, ou m\u00eame manquante, peut \u00eatre une v\u00e9ritable \u00ab\u00a0porte ouverte\u00a0\u00bb au vandalisme et au cambriolage, la v\u00e9randa \u00e9tant <strong>fragilis\u00e9e<\/strong>. Les <strong>risques d&rsquo;intrusion et de bris de glace<\/strong> sont plus nombreux, surtout si votre v\u00e9randa ne pr\u00e9sente pas de <a href=\"https:\/\/www.bobex.be\/fr-be\/veranda\/amenagement\/protection-solaire\/\" target=\"_blank\" rel=\"noreferrer noopener\">syst\u00e8me de protection solaire<\/a>, comme des volets roulants par exemple.&nbsp;<\/p>\n\n\n\n<p>Il est recommand\u00e9 de remplacer une vitre cass\u00e9e<strong> le plus rapidement possible<\/strong> pour \u00e9viter ce type de d\u00e9sagr\u00e9ment : vous gagnerez ainsi en s\u00e9r\u00e9nit\u00e9 !&nbsp;<\/p>\n\n\n\n<h3 class=\"wp-block-heading\"><span class=\"ez-toc-section\" id=\"Gagner_en_clarte_dans_la_piece\"><\/span>Gagner en clart\u00e9 dans la pi\u00e8ce&nbsp;<span class=\"ez-toc-section-end\"><\/span><\/h3>\n\n\n\n<p>Avec les ann\u00e9es, le vitrage de votre v\u00e9randa peut <strong>subir des d\u00e9g\u00e2ts et des usures<\/strong> plus ou moins naturelles. Rayures, fissures, <a href=\"https:\/\/www.bobex.be\/fr-be\/veranda\/reparation\/probleme-condensation\/\">traces de condensation<\/a> : ce sont autant de d\u00e9sagr\u00e9ments qui g\u00e2chent la vue et font <strong>perdre de la clart\u00e9<\/strong> \u00e0 votre v\u00e9randa.&nbsp;<\/p>\n\n\n\n<p>Lorsqu&rsquo;un <strong>simple entretien <\/strong>ne vous permet plus de redonner de l&rsquo;\u00e9clat \u00e0 vos vitres, et ce, d&rsquo;autant plus si elles sont en <strong>mati\u00e8res synth\u00e9tiques<\/strong> comme le polycarbonate, c&rsquo;est qu&rsquo;il est s\u00fbrement temps de les faire remplacer par des neuves.&nbsp;<\/p>\n\n\n\n<figure class=\"wp-block-image size-full\"><img alt=\"reparation-vitre-veranda-1024x538-1-1.jpg\" decoding=\"async\" width=\"1024\" height=\"538\" src=\"https:\/\/www.bobex.be\/wp-uploads\/sites\/2\/reparation-vitre-veranda-1024x538-1-1.jpg\" alt=\"\" class=\"wp-image-156314\"\/><\/figure>\n\n\n\n<h3 class=\"wp-block-heading\"><span class=\"ez-toc-section\" id=\"Pourquoi_un_double_vitrage_se_fissure\"><\/span>Pourquoi un double vitrage se fissure ?<span class=\"ez-toc-section-end\"><\/span><\/h3>\n\n\n\n<p>Si la <strong>dur\u00e9e de vie d&rsquo;un double vitrage <\/strong>est d&rsquo;en moyenne <strong>25 \u00e0 35 ans<\/strong>, il se peut que vous constatiez des fissures sur votre double vitrage. Si l&rsquo;hypoth\u00e8se d&rsquo;un choc (volontaire ou involontaire) est la premi\u00e8re qui vous vienne \u00e0 l&rsquo;esprit, il se peut \u00e9galement que cela soit d\u00fb \u00e0 des <strong>variations de temp\u00e9rature trop importantes<\/strong>.&nbsp;<\/p>\n\n\n\n<p>Ce ph\u00e9nom\u00e8ne s&rsquo;appelle la \u00ab\u00a0casse thermique\u00a0\u00bb et survient lorsqu&rsquo;une partie de la vitre est expos\u00e9e au soleil et commence \u00e0 chauffer, tandis que le reste de la vitre reste au frais. Les couches de verre expos\u00e9es au soleil ne parviennent alors pas \u00e0<strong> se dilater correctement<\/strong>, et elles <strong>se fissurent<\/strong>.<\/p>\n\n\n\n<h3 class=\"wp-block-heading\"><span class=\"ez-toc-section\" id=\"Quel_professionnel_appeler_pour_changer_une_vitre\"><\/span>Quel professionnel appeler pour changer une vitre ?&nbsp;<span class=\"ez-toc-section-end\"><\/span><\/h3>\n\n\n\n<p>Si certains particuliers se lancent \u00e0 remplacer les vitres de leur v\u00e9randa par eux-m\u00eames, il est <strong>fortement recommand\u00e9 de faire appel \u00e0 un professionnel<\/strong>. En effet, changer une vitre, de v\u00e9randa comme de maison, est une<strong> manipulation d\u00e9licate<\/strong> qui n\u00e9cessite de savoir d\u00e9poser l&rsquo;ancienne vitre et de poser la nouvelle, sans oublier d&rsquo;\u00e9tape.&nbsp;<\/p>\n\n\n\n<p>Il faut veiller \u00e0 ce que <strong>tout soit bien install\u00e9<\/strong>, \u00e0 manipuler avec<strong> pr\u00e9caution et s\u00e9curit\u00e9<\/strong> le nouveau vitrage, et \u00e0 <strong>bien garantir l&rsquo;\u00e9tanch\u00e9it\u00e9 de la fen\u00eatre<\/strong>, porte ou baie vitr\u00e9e en veillant \u00e0 bien replacer, installer ou refaire les joints d&rsquo;\u00e9tanch\u00e9it\u00e9.&nbsp;<\/p>\n\n\n\n<p>Il est donc conseill\u00e9 de confier le remplacement de votre vitre \u00e0 des<strong> artisans vitriers<\/strong>, ou \u00e0 d\u00e9faut, au constructeur de votre v\u00e9randa (surtout si celle-ci est encore sous garantie).&nbsp;<\/p>\n\n\n\n                <div class='bobex-cta-block' style='\n            --button-bg-color: #e13c0e;\n            --button-text-color: #ffffff;\n            --banner-bg-color: #aad4e6;\n            --arrow-main-bg-color: #aad4e6;\n            --arrow-secondary-bg-color: #e5f2f7;\n            --banner-title-color: #10375e;\n            --arrow-title-color: #10375e;\n            --banner-text-color: #545454;\n            --arrow-text-color: #545454;         \n            --invert-range: 0deg;\n        '>\n                    <div class='cta-arrow-text d-flex d-lg-none'>\n                        <a class='cta-button-rounded' href='#ppp'>Demander un devis<\/a>\n                    <\/div>\n                    <div class='d-none d-lg-flex flex-no-wrap'>\n                        <div class=\"col-7 cta-arrow-text d-flex text-color\">\n                            <div class=\"m-auto\">\n                                <div class=\"h3\">Besoin de remplacer une vitre ?<\/div>\n                                <div class='text-color'>Trouvez le meilleur artisan !<\/div>\n                            <\/div>\n                        <\/div>\n                        <div class='cta-arrow-link col-5'>\n                            <a class='cta-button-rounded' href=\"#ppp\">Demander un devis<\/a>\n                        <\/div>\n                    <\/div>\n                <\/div>\n\n\n<h3 class=\"wp-block-heading\"><span class=\"ez-toc-section\" id=\"Remplacer_ou_renover\"><\/span>Remplacer ou r\u00e9nover ?&nbsp;<span class=\"ez-toc-section-end\"><\/span><\/h3>\n\n\n\n<p>Lorsque vous pensez changer une vitre de votre v\u00e9randa et demander \u00e0 l&rsquo;artisan vitrier un devis, il peut \u00eatre pertinent de vous poser la question de <strong>r\u00e9nover tout le vitrage <\/strong>de votre pi\u00e8ce, et non pas seulement les vitres endommag\u00e9es.&nbsp;<\/p>\n\n\n\n<p>Selon <strong>l&rsquo;anciennet\u00e9 de la v\u00e9randa<\/strong> et du type de vitres d\u00e9j\u00e0 install\u00e9, il pourrait \u00eatre avantageux en termes de performances \u00e9nerg\u00e9tiques<strong> d&rsquo;investir dans des mat\u00e9riaux plus isolants<\/strong> et plus r\u00e9sistants, comme le double vitrage renforc\u00e9.&nbsp;<\/p>\n\n\n\n<h2 class=\"wp-block-heading\"><span class=\"ez-toc-section\" id=\"Quel_est_le_prix_du_changement_de_vitre_dune_veranda\"><\/span>Quel est le prix du changement de vitre d&rsquo;une v\u00e9randa ?<span class=\"ez-toc-section-end\"><\/span><\/h2>\n\n\n\n<p>Le <strong>prix du changement de vitre de v\u00e9randa<\/strong> va d\u00e9pendre des mat\u00e9riaux choisis, de leur prix au m\u00e8tre carr\u00e9, du nombre de vitres \u00e0 remplacer, mais aussi de la superficie totale. Ces caract\u00e9ristiques vont influer \u00e9galement sur le <strong>co\u00fbt de la main-d&rsquo;\u0153uvre<\/strong>, calcul\u00e9 en fonction du nombre de jours pendant lesquels les vitriers sont mobilis\u00e9s ainsi que le nombre d&rsquo;ouvriers.&nbsp;<\/p>\n\n\n\n<p>En moyenne, le co\u00fbt de remplacement d&rsquo;une vitre est compris <strong>entre 60 \u20ac et 200 \u20ac le m\u00e8tre carr\u00e9<\/strong>. Pour <strong>estimer le budget \u00e0 investir<\/strong> dans ce remplacement, il est conseill\u00e9 de demander un devis complet qui inclura le co\u00fbt de la pose, celui des vitres, mais aussi les<strong> frais de d\u00e9placement<\/strong>. Notez que des majorations sont courantes lors de d\u00e9pannage en urgence ou de d\u00e9placement les jours f\u00e9ri\u00e9s.&nbsp;<\/p>\n\n\n\n<p><strong>Note <\/strong>: les tarifs des vitriers sont soit calcul\u00e9s au <strong>taux horaire<\/strong>, soit ils sont \u00e9tablis sur la base d&rsquo;un <strong>prix forfaitaire<\/strong>, qui est d&rsquo;autant plus int\u00e9ressant lorsque plusieurs vitres sont \u00e0 remplacer.&nbsp;<\/p>\n\n\n\n<h3 class=\"wp-block-heading\"><span class=\"ez-toc-section\" id=\"Prix_dune_vitre_simple_vitrage\"><\/span>Prix d&rsquo;une vitre simple vitrage<span class=\"ez-toc-section-end\"><\/span><\/h3>\n\n\n\n            <div style=\"\n            --icon-bg-color: #17518d ;\n            --maskUrl:url( https:\/\/www.bobex.be\/fr-be\/wp-content\/plugins\/bobex-blocks\/img\/mask.svg );\n            --title-color:#10375e;\n            --bg-color: #d1e8f2;\n            --content-color:#5c5c5c\n        \" class=\"bobex-block-maindiv\" >\n                <div class=\"bobex-tip-block__icon-area\">\n                    <img decoding=\"async\" src=\"https:\/\/www.bobex.be\/fr-be\/wp-content\/plugins\/bobex-blocks\/img\/grants.png\" alt=\"adive-icon\" class=\"bobex-tip-block__tipsLogo\"\/>\n                <\/div>\n                <div class=\"bobex-tip-block__content-area\">\n                    <p class=\"bobex-block-tips-title\">Simple vitrage <\/p>\n                    <p class=\"bobex-block-tips-content\">Le prix d&rsquo;un simple vitrage est en moyenne compris <strong>entre 60 \u20ac et 80 \u20ac le m\u00e8tre carr\u00e9<\/strong>. Il s&rsquo;agit de l&rsquo;option la moins ch\u00e8re apr\u00e8s les vitres en polycarbonate.<\/p>\n                    <div><\/div>\n                <\/div>\n            <\/div>\n        \n\n\n<h3 class=\"wp-block-heading\"><span class=\"ez-toc-section\" id=\"Quel_est_le_prix_dune_vitre_double_vitrage\"><\/span>Quel est le prix d\u2019une vitre double vitrage ?&nbsp;<span class=\"ez-toc-section-end\"><\/span><\/h3>\n\n\n\n            <div style=\"\n            --icon-bg-color: #17518d ;\n            --maskUrl:url( https:\/\/www.bobex.be\/fr-be\/wp-content\/plugins\/bobex-blocks\/img\/mask.svg );\n            --title-color:#10375e;\n            --bg-color: #d1e8f2;\n            --content-color:#5c5c5c\n        \" class=\"bobex-block-maindiv\" >\n                <div class=\"bobex-tip-block__icon-area\">\n                    <img decoding=\"async\" src=\"https:\/\/www.bobex.be\/fr-be\/wp-content\/plugins\/bobex-blocks\/img\/grants.png\" alt=\"adive-icon\" class=\"bobex-tip-block__tipsLogo\"\/>\n                <\/div>\n                <div class=\"bobex-tip-block__content-area\">\n                    <p class=\"bobex-block-tips-title\">Double vitrage <\/p>\n                    <p class=\"bobex-block-tips-content\">Le prix se situe entre <strong>80 \u20ac et 120 \u20ac le m\u00e8tre carr\u00e9. <\/strong>Attention, les prix peuvent \u00eatre plus \u00e9lev\u00e9s si vous optez pour une vitre sp\u00e9ciale, comme les <strong>vitres feuillet\u00e9es<\/strong> ou les <strong>vitres en verre tremp\u00e9<\/strong> (appel\u00e9es aussi vitre \u00ab\u00a0securit\u00a0\u00bb).<\/p>\n                    <div><\/div>\n                <\/div>\n            <\/div>\n        \n\n\n<h3 class=\"wp-block-heading\"><span class=\"ez-toc-section\" id=\"Prix_du_remplacement_dune_baie_vitree_de_veranda\"><\/span>Prix du remplacement d&rsquo;une baie vitr\u00e9e de v\u00e9randa<span class=\"ez-toc-section-end\"><\/span><\/h3>\n\n\n\n<p>Le prix du remplacement d&rsquo;une baie vitr\u00e9e varie consid\u00e9rablement selon le <strong>mat\u00e9riau de la baie<\/strong> (dans l&rsquo;ordre croissant de prix, le<a href=\"https:\/\/www.bobex.be\/fr-be\/veranda\/pvc\/\" target=\"_blank\" rel=\"noreferrer noopener\"> PVC<\/a>, l&rsquo;<a href=\"https:\/\/www.bobex.be\/fr-be\/veranda\/veranda-en-aluminium\/\" target=\"_blank\" rel=\"noreferrer noopener\">aluminium<\/a> ou le <a href=\"https:\/\/www.bobex.be\/fr-be\/veranda\/veranda-en-bois\/\" target=\"_blank\" rel=\"noreferrer noopener\">bois,<\/a> g\u00e9n\u00e9ralement le m\u00eame mat\u00e9riau que le reste de la v\u00e9randa), de <strong>sa taille <\/strong>(3, 4 ou encore 6 m\u00e8tres), mais aussi de<strong> son type d&rsquo;ouverture<\/strong> (coulissante, en accord\u00e9on&#8230;).&nbsp;<\/p>\n\n\n\n<p>Comptez ainsi <strong>entre 300 et 1.000 \u20ac<\/strong> pour une baie de 3 m\u00e8tres, <strong>entre 600 et 2.000 \u20ac<\/strong> pour une baie de 4 m\u00e8tres, et<strong> entre 1.000 \u20ac et 3.000 \u20ac<\/strong> pour une baie de 6 m\u00e8tres. Notez que vous pouvez tout \u00e0 fait <strong>faire r\u00e9aliser votre baie sur mesure<\/strong> si les dimensions des v\u00f4tres ne sont pas standards. Comptez dans ce cas <strong>entre 1.500 \u20ac et 3.000 \u20ac<\/strong>.&nbsp;<\/p>\n\n\n\n<figure class=\"wp-block-image size-large\"><img decoding=\"async\" width=\"1024\" height=\"538\" src=\"https:\/\/www.bobex.be\/wp-uploads\/sites\/2\/remplacement-vitre-veranda-1024x538.jpg\" alt=\"Deux vitriers remplacent une vitre de v\u00e9randa.\" class=\"wp-image-135770\"\/><\/figure>\n\n\n\n<h3 class=\"wp-block-heading\"><span class=\"ez-toc-section\" id=\"Prix_de_la_pose_dune_baie_vitree\"><\/span>Prix de la pose d&rsquo;une baie vitr\u00e9e&nbsp;<span class=\"ez-toc-section-end\"><\/span><\/h3>\n\n\n\n<p>Les prix ci-dessus prennent en compte <strong>le co\u00fbt de la pose <\/strong>de votre baie vitr\u00e9e. En moyenne, le co\u00fbt de la pose en elle-m\u00eame revient <strong>entre 80 \u20ac et 200 \u20ac<\/strong> selon les professionnels. Il peut donc \u00eatre int\u00e9ressant de comparer plusieurs devis, afin de trouver la meilleure option. Notez que des <strong>frais de d\u00e9placement <\/strong>peuvent s&rsquo;ajouter au co\u00fbt total du remplacement, selon votre zone g\u00e9ographique et celle de l&rsquo;artisan vitrier choisi.&nbsp;<\/p>\n\n\n\n<h3 class=\"wp-block-heading\"><span class=\"ez-toc-section\" id=\"Prix_du_remplacement_dune_vitre_de_porte_ou_porte_dentree_de_veranda\"><\/span>Prix du remplacement d&rsquo;une vitre de porte ou porte d&rsquo;entr\u00e9e de v\u00e9randa&nbsp;<span class=\"ez-toc-section-end\"><\/span><\/h3>\n\n\n\n<p>Le <a href=\"https:\/\/www.bobex.be\/fr-be\/chassis-portes-et-fenetres\/prix-remplacement-vitre-porte-fenetre\/#:~:text=Le%20prix%20de%20remplacement%20d,main%20d'%C5%93uvre%20compris).\" target=\"_blank\" rel=\"noreferrer noopener\">prix de remplacement d&rsquo;une vitre de porte<\/a> ou de porte fen\u00eatre est compris entre <strong>45 \u20ac et 150 \u20ac<\/strong> <strong>le m\u00e8tre carr\u00e9<\/strong> pour du simple vitrage et entre <strong>80 \u20ac et 120 \u20ac le m\u00e8tre carr\u00e9<\/strong> pour du double vitrage. Le prix sera le m\u00eame pour une porte d&rsquo;entr\u00e9e de v\u00e9randa, qui est le plus souvent \u00e9galement une porte fen\u00eatre.&nbsp;<\/p>\n\n\n\n<h3 class=\"wp-block-heading\"><span class=\"ez-toc-section\" id=\"Prix_dune_renovation_globale\"><\/span>Prix d&rsquo;une r\u00e9novation globale&nbsp;<span class=\"ez-toc-section-end\"><\/span><\/h3>\n\n\n\n<p>Selon <strong>l&rsquo;\u00e9tat d&rsquo;usure des vitres<\/strong> de votre v\u00e9randa, ou si vous souhaitez profiter de l&rsquo;op\u00e9ration de <a href=\"https:\/\/www.bobex.be\/fr-be\/veranda\/reparation\/\" target=\"_blank\" rel=\"noreferrer noopener\">r\u00e9paration<\/a> pour <strong>r\u00e9nover tout le vitrage<\/strong>, il peut \u00eatre int\u00e9ressant de faire remplacer toutes les vitres. C&rsquo;est l&rsquo;occasion d&rsquo;opter pour un ensemble <strong>plus haut de gamme <\/strong>et pour b\u00e9n\u00e9ficier d&rsquo;un meilleur rapport qualit\u00e9 prix en profitant d&rsquo;un <strong>tarif global<\/strong>.&nbsp;<\/p>\n\n\n\n<p>Pour le remplacement total de vos vitres de v\u00e9randa, il faut compter <strong>entre 60 \u20ac et 350 \u20ac le m\u00e8tre carr\u00e9<\/strong>. Dans le cadre d&rsquo;une r\u00e9novation, plus vous choisissez une vitre de qualit\u00e9 (double vitrage, double vitrage renforc\u00e9, verre \u00ab\u00a0securit\u00a0\u00bb), plus le <strong>prix au m\u00e8tre carr\u00e9 sera \u00e9lev\u00e9<\/strong>.&nbsp;<\/p>\n\n\n\n<h3 class=\"wp-block-heading\"><span class=\"ez-toc-section\" id=\"Comparatif_entre_une_vitre_en_verre_polycarbonate\"><\/span>Comparatif entre une vitre en verre\/ polycarbonate<span class=\"ez-toc-section-end\"><\/span><\/h3>\n\n\n\n<p>Pour les vitres et pour la <a rel=\"noreferrer noopener\" href=\"https:\/\/www.bobex.be\/fr-be\/veranda\/reparation\/changer-toit-veranda\/\" target=\"_blank\">toiture d&rsquo;une v\u00e9randa<\/a>, vous avez le choix entre le verre et le polycarbonate. Les diff\u00e9rences principales entre ces deux mati\u00e8res tiennent dans<strong> leurs performances d&rsquo;isolation<\/strong> ainsi que dans leur<strong> taux de transparence<\/strong>.&nbsp;<\/p>\n\n\n\n<p>Le <strong>verre <\/strong>est une mati\u00e8re <strong>plus on\u00e9reuse<\/strong>, <strong>transparente <\/strong>et id\u00e9ale et si vous souhaitez profiter d&rsquo;une tr\u00e8s belle luminosit\u00e9. Il est particuli\u00e8rement adapt\u00e9 aux orientations sud. En revanche, il est fortement recommand\u00e9 d&rsquo;opter pour un <strong>double vitrage<\/strong> et de veiller \u00e0 avoir une tr\u00e8s bonne isolation sur le reste de la v\u00e9randa. Pour profiter au mieux de votre v\u00e9randa, il est conseill\u00e9 d&rsquo;installer un syst\u00e8me de protection solaire pour vous prot\u00e9ger du soleil lorsqu&rsquo;il est au plus fort.&nbsp;<\/p>\n\n\n\n<p>Le <strong>polycarbonate <\/strong>peut \u00eatre install\u00e9 dans une v\u00e9randa expos\u00e9e au sud, mais ses panneaux sont<strong> plus translucides que transparents<\/strong>, ce qui <strong>r\u00e9duit l\u00e9g\u00e8rement la luminosit\u00e9<\/strong>. En revanche, cette mati\u00e8re <strong>l\u00e9g\u00e8re et moins on\u00e9reuse<\/strong> pr\u00e9sente des propri\u00e9t\u00e9s isolantes sup\u00e9rieures au verre, ce qui en fait un tr\u00e8s bon alli\u00e9 des v\u00e9randas expos\u00e9es au nord. Vous serez ainsi mieux prot\u00e9g\u00e9 du froid en hiver et des rayons UV l&rsquo;\u00e9t\u00e9.&nbsp;<\/p>\n\n\n\n<p>Le verre est <strong>plus sensible aux chocs<\/strong> ainsi qu&rsquo;aux salissures, mais le polycarbonate <strong>peut jaunir avec le temps <\/strong>(apr\u00e8s une dizaine d&rsquo;ann\u00e9es, en moyenne). Pour ce qui est de <strong>l&rsquo;isolation phonique<\/strong>, il est \u00e0 noter que les performances du verre sont meilleures en terme d&rsquo;acoustique que celles du verre.&nbsp;<\/p>\n\n\n\n<p>Concernant les prix, ils sont d&rsquo;environ <strong>50 \u20ac par m\u00e8tre carr\u00e9<\/strong> pour du verre en double vitrage, et de <strong>15 \u20ac le m\u00e8tre carr\u00e9<\/strong> pour du polycarbonate. Tout d\u00e9pendra donc des caract\u00e9ristiques de votre v\u00e9randa, de son exposition, de votre climat g\u00e9ographique ainsi que de l&rsquo;utilisation de votre v\u00e9randa.&nbsp;<\/p>\n\n\n\n<h2 class=\"wp-block-heading\"><span class=\"ez-toc-section\" id=\"Comment_remplacer_la_vitre_dune_veranda\"><\/span>Comment remplacer la vitre d&rsquo;une v\u00e9randa ?<span class=\"ez-toc-section-end\"><\/span><\/h2>\n\n\n\n<p>Vous avez une <strong>vitre \u00e0 remplacer<\/strong>, mais \u00e0 quels travaux devez-vous vous attendre ? Peut-on essayer de r\u00e9parer une vitre sans la changer ? Et s&rsquo;il le faut vraiment, comment proc\u00e8de-t-on au remplacement d&rsquo;une vitre ? En quoi consiste la man\u0153uvre ?&nbsp;<\/p>\n\n\n\n<h3 class=\"wp-block-heading\"><span class=\"ez-toc-section\" id=\"Comment_reparer_un_eclat_sur_une_vitre_double_vitrage\"><\/span>Comment r\u00e9parer un \u00e9clat sur une vitre double vitrage ?<span class=\"ez-toc-section-end\"><\/span><\/h3>\n\n\n\n<p>Si vous constatez une<strong> trace d&rsquo;impact <\/strong>ou un <strong>\u00e9clat manquant<\/strong> sur une de vos vitres en double vitrage, sachez qu&rsquo;il est possible de la r\u00e9parer. La r\u00e9paration d&rsquo;une vitre en double vitrage consiste en <strong>l&rsquo;injection d&rsquo;une r\u00e9sine polym\u00e8re<\/strong>, vendue seule ou en kit de r\u00e9paration.&nbsp;<\/p>\n\n\n\n<p>L&rsquo;objectif de cette r\u00e9paration est double : <strong>consolider la vitre<\/strong> qui a \u00e9t\u00e9 fragilis\u00e9e afin d&rsquo;\u00e9viter qu&rsquo;elle ne se fissure, et lui<strong> redonner un aspect esth\u00e9tique<\/strong> plus discret. Cette r\u00e9paration devrait vous permettre <strong>d&rsquo;\u00e9viter les probl\u00e8mes d&rsquo;\u00e9tanch\u00e9it\u00e9<\/strong>, mais il faut que cela soit bien effectu\u00e9 ! La premi\u00e8re \u00e9tape consiste \u00e0 \u00ab\u00a0nettoyer la plaie\u00a0\u00bb, c&rsquo;est-\u00e0-dire \u00e0 retirer de la zone d&rsquo;impact les tout petits \u00e9clats et les autres mati\u00e8res (graviers, cailloux&#8230;) puis \u00e0 nettoyer la vitre avec de l&rsquo;alcool \u00e0 90\u00b0.<\/p>\n\n\n\n<p>Le double vitrage a certaines sp\u00e9cificit\u00e9s et requiert donc un soin tout particulier : assurez-vous que le kit de r\u00e9paration que vous achetez soit <strong>adapt\u00e9 \u00e0 ce type de vitre<\/strong> et qu&rsquo;il vous fournisse de quoi <strong>d\u00e9pressuriser la zone d&rsquo;impact<\/strong> pour que l&rsquo;injection de r\u00e9sine se fasse sous pression. Dans tous les cas, suivez bien les instructions fournies avec le mat\u00e9riel de r\u00e9paration et pensez bien \u00e0 <strong>vous prot\u00e9ger les mains et les yeux<\/strong> avec des gants et des lunettes.&nbsp;<\/p>\n\n\n\n<p>Notez que cette r\u00e9paration concerne les<strong> petits impacts et \u00e9clats<\/strong> : si votre vitre est trop fragilis\u00e9e, il faudra penser \u00e0 la faire remplacer par une neuve. Les risques que votre vitre casse \u00e0 cause d&rsquo;intemp\u00e9ries ou d&rsquo;un autre choc peuvent \u00eatre assez \u00e9lev\u00e9s.&nbsp;<\/p>\n\n\n\n                <div class='bobex-cta-block' style='\n            --button-bg-color: #e13c0e;\n            --button-text-color: #ffffff;\n            --banner-bg-color: #aad4e6;\n            --arrow-main-bg-color: #aad4e6;\n            --arrow-secondary-bg-color: #e5f2f7;\n            --banner-title-color: #10375e;\n            --arrow-title-color: #10375e;\n            --banner-text-color: #545454;\n            --arrow-text-color: #545454;         \n            --invert-range: 0deg;\n        '>\n                    <div class='cta-banner'>\n                        <div class='h3'>Vous souhaitez faire remplacer les vitres de votre v\u00e9randa ? <\/div>\n                        <div class='text-color'>Remplissez le formulaire suivant et recevez jusqu&rsquo;\u00e0 5 devis gratuits et sans engagement !<\/div>\n                        <span>\n                            <img src='https:\/\/www.bobex.be\/wp-uploads\/sites\/2\/arrow-cta-box.png' alt='arrow' class='img-color'\/>\n                            <a class='cta-button-rounded' href=\"#ppp\">Demander un devis<\/a>\n                        <\/span>   \n                    <\/div>\n                <\/div>\n\n\n<h3 class=\"wp-block-heading\"><span class=\"ez-toc-section\" id=\"Comment_changer_une_vitre_de_veranda\"><\/span>Comment changer une vitre de v\u00e9randa ?<span class=\"ez-toc-section-end\"><\/span><\/h3>\n\n\n\n<p>Que vous proc\u00e9diez vous-m\u00eame au <strong>remplacement de votre vitre<\/strong>, ou que vous fassiez appel \u00e0 un professionnel, voici en quoi consiste l&rsquo;op\u00e9ration.&nbsp;<\/p>\n\n\n\n<p>Tout d&rsquo;abord, il faut <strong>prendre minutieusement les mesures de la vitre<\/strong> \u00e0 changer pour en commander une nouvelle. Ensuite, pour la manipulation en elle-m\u00eame, cela consiste \u00e0<strong> d\u00e9poser l&rsquo;ancienne vitre<\/strong> et \u00e0 <strong>retirer avec soin les diff\u00e9rents mastics<\/strong>. Pensez bien \u00e0 vous \u00e9quiper de gants pour cette \u00e9tape pour \u00e9viter tout risque de coupure.&nbsp;<\/p>\n\n\n\n<p>Ensuite, il faut <strong>remettre du mastic neuf <\/strong>dans les feuillures de la fen\u00eatre pour les pr\u00e9parer \u00e0 recevoir la nouvelle vitre, ce qui demande un certain savoir-faire. Placez la nouvelle vitre avec pr\u00e9caution et faites-la adh\u00e9rer aux mastics.&nbsp;<\/p>\n\n\n\n<p>Pour un r\u00e9sultat optimal et pour <strong>assurer la bonne \u00e9tanch\u00e9it\u00e9 de la fen\u00eatre<\/strong>, il ne reste plus qu&rsquo;\u00e0 <strong>refaire les joints <\/strong>correctement. Cette \u00e9tape est primordiale pour <strong>garantir l&rsquo;isolation thermique<\/strong>, mais aussi phonique de la pi\u00e8ce.&nbsp;<\/p>\n\n\n\n<h2 class=\"wp-block-heading\"><span class=\"ez-toc-section\" id=\"Peut-on_remplacer_ses_vitres_de_veranda_avec_son_assurance_habitation\"><\/span>Peut-on remplacer ses vitres de veranda avec son assurance habitation ? <span class=\"ez-toc-section-end\"><\/span><\/h2>\n\n\n\n<p>Au m\u00eame titre que votre maison, votre v\u00e9randa doit \u00eatre <strong>couverte par une assurance habitation<\/strong>, soit \u00e0 la souscription du contrat si votre v\u00e9randa est d&rsquo;origine, soit sous la forme d&rsquo;un avenant au contrat \u00e0 la construction de votre v\u00e9randa.<\/p>\n\n\n\n<p>L&rsquo;<a rel=\"noreferrer noopener\" href=\"https:\/\/www.bobex.be\/fr-be\/veranda\/assurance-veranda\/\" target=\"_blank\">assurance de votre v\u00e9randa<\/a> \u00e9tant une <strong>extension de votre assurance habitation<\/strong>, elle est en th\u00e9orie \u00e9galement <strong>multirisque<\/strong>, c&rsquo;est-\u00e0-dire que vous \u00eates couverts en cas d&rsquo;intemp\u00e9ries, d&rsquo;incendie, de d\u00e9g\u00e2ts des eaux&#8230; Si vous poss\u00e9dez une v\u00e9randa, il est d&rsquo;autant plus fortement recommand\u00e9 d&rsquo;\u00eatre <strong>assur\u00e9 contre les bris de glace <\/strong>et les actes de vandalisme auxquels votre v\u00e9randa, du fait de ses nombreuses ouvertures et vitres, est expos\u00e9e.&nbsp;<\/p>\n\n\n\n<p>Ainsi, si vous \u00eates bel et bien couvert en cas de bris de glace, il se peut que votre assurance puisse prendre en charge, en partie sinon totalement, <strong>vos frais de remplacement de vitres<\/strong>. Avant de valider un devis aupr\u00e8s d&rsquo;un artisan vitrier, vous pouvez vous en assurer au pr\u00e9alable aupr\u00e8s de votre <strong>compagnie d&rsquo;assurance habitation<\/strong> en la contactant ou bien en <strong>v\u00e9rifiant les clauses de votre contrat<\/strong>.&nbsp;<\/p>\n\n\n<p>[supplier type_id=30163 region_id=\u00a0\u00bb11&Prime;]<\/p>\n\n\n\n<h2 class=\"wp-block-heading\"><span class=\"ez-toc-section\" id=\"Trouvez_un_specialiste_en_renovation_de_veranda_pour_remplacer_votre_vitrage_ou_reparer_votre_vitre_cassee\"><\/span>Trouvez un sp\u00e9cialiste en r\u00e9novation de v\u00e9randa pour remplacer votre vitrage ou r\u00e9parer votre vitre cass\u00e9e !&nbsp;<span class=\"ez-toc-section-end\"><\/span><\/h2>\n\n\n\n<p>Vous souhaitez <strong>faire remplacer une ou plusieurs vitres<\/strong> de votre v\u00e9randa ? Remplissez le formulaire suivant et recevez <strong>jusqu&rsquo;\u00e0 5 devis gratuits<\/strong>, personnalis\u00e9s et sans engagement des meilleurs artisans vitriers de votre r\u00e9gion. Comparez les offres et choisissez celle qui convient le mieux \u00e0 votre projet en toute s\u00e9r\u00e9nit\u00e9 !<\/p>\n\n\n<div id=\"ppp\" class=\"bob-form-wrapper\" data-ajax_url=\"https:\/\/www.bobex.be\/fr-be\/wp-admin\/admin-ajax.php\" data-fa_a=\"\" data-fa_b=\"\"><div class=\"loader\" aria-hidden=\"true\"><\/div>    <div>\n        <div class=\"row mx-auto mb-2\" style=\"max-width: 900px;\">\n            <div class=\"col-md-4\"><i class=\"mr-1 fas fa-check\" style=\"color:green;\"><\/i>Devis gratuits et rapides<\/div>\n            <div class=\"col-md-4\"><i class=\"mr-1 fas fa-check\" style=\"color:green;\"><\/i>Sans engagement et obligation<\/div>\n            <div class=\"col-md-4\"><i class=\"mr-1 fas fa-check\" style=\"color:green;\"><\/i>Professionnels agr\u00e9\u00e9s<\/div>\n        <\/div>\n    <\/div><div id=\"form-69f7696b055e7\" class=\"bob-form-container\" style=\"background-color: white; font-family: Roboto, sans-serif !important; font-size: 16px !important; color: #545454; box-shadow: 0 2px 10px rgba(0,0,0,0.1); --font_title: Poppins; --font_size_title: 20px; --title_bg_color: #175da6; --copyright_color: #fde8e1; --box_upload_color: #e5f2f7; padding:unset;\" data-form-type=\"inline\" data-form-id=\"69f7696b055e7\"><style>#form-69f7696b055e7 .bob-form-inline-question.even {\n  background-color: #e5f2f7;\n}\n#form-69f7696b055e7 .single_multiple.multiple_button {\n  background-color: #e5f2f7 !important;\n}\n#form-69f7696b055e7 .bob-form-inline-question--hidden {\n  display: none;\n}<\/style><div class=\"form-questions\"><form id=\"bob-form\" class=\"bob-form bob-form-tag\" method=\"post\" action=\"https:\/\/www.bobex.be\/fr-be\/wp-admin\/admin-ajax.php?action=bobex-form-validation\">    <div class=\"form-title\">\n        Formulez votre demande\n        <div class=\"form-title-info-line\">\n            R\u00e9pondez \u00e0 quelques questions et entrez en contact avec des sp\u00e9cialistes fiables. Nous vous demandons vos coordonn\u00e9es afin de s\u00e9lectionner les professionnels actifs dans votre r\u00e9gion.\n        <\/div>\n    <\/div><div class=\"form-questions bob-form-inline-question\"><div class=\"row\"><div class=\"question col-md-4\"><label>1*. Quel type de vitrage souhaitez-vous ?<\/label><\/div><div class=\"answer col-md-8\"><div class=\"bob-form-radio d-flex\"><input type=\"radio\" class=\"inline-radio\" id=\"69f7696b055e7-input-0-1\" data-unique-id=\"69f7696b055e7\" name=\"XML_extra_radio\" value=\"1\"  required=\"required\"><label for=\"69f7696b055e7-input-0-1\">Double vitrage \u00e0 haut rendement (HR+\/HR++) \u2013 Le choix le plus courant pour l&rsquo;isolation<\/label><\/div><div class=\"bob-form-radio d-flex\"><input type=\"radio\" class=\"inline-radio\" id=\"69f7696b055e7-input-0-2\" data-unique-id=\"69f7696b055e7\" name=\"XML_extra_radio\" value=\"2\"  required=\"required\"><label for=\"69f7696b055e7-input-0-2\">Double vitrage (standard)<\/label><\/div><div class=\"bob-form-radio d-flex\"><input type=\"radio\" class=\"inline-radio\" id=\"69f7696b055e7-input-0-3\" data-unique-id=\"69f7696b055e7\" name=\"XML_extra_radio\" value=\"3\"  required=\"required\"><label for=\"69f7696b055e7-input-0-3\">Vitrage de contr\u00f4le solaire<\/label><\/div><div class=\"bob-form-radio d-flex\"><input type=\"radio\" class=\"inline-radio\" id=\"69f7696b055e7-input-0-4\" data-unique-id=\"69f7696b055e7\" name=\"XML_extra_radio\" value=\"4\"  required=\"required\"><label for=\"69f7696b055e7-input-0-4\">Je ne sais pas, je souhaite des conseils<\/label><\/div><\/div><\/div><\/div><div class=\"form-questions bob-form-inline-question even\"><div class=\"row\"><div class=\"question col-md-4\"><label>2*. De combien de vitrages s&rsquo;agit-il ?<\/label><\/div><div class=\"answer col-md-8\"><div class=\"bob-form-radio d-flex\"><input type=\"radio\" class=\"inline-radio\" id=\"69f7696b055e7-input-1-1\" data-unique-id=\"69f7696b055e7\" name=\"XML_extra_radio2\" value=\"1\"  required=\"required\"><label for=\"69f7696b055e7-input-1-1\">1 &#8211; 2<\/label><\/div><div class=\"bob-form-radio d-flex\"><input type=\"radio\" class=\"inline-radio\" id=\"69f7696b055e7-input-1-2\" data-unique-id=\"69f7696b055e7\" name=\"XML_extra_radio2\" value=\"2\"  required=\"required\"><label for=\"69f7696b055e7-input-1-2\">3 &#8211; 4<\/label><\/div><div class=\"bob-form-radio d-flex\"><input type=\"radio\" class=\"inline-radio\" id=\"69f7696b055e7-input-1-3\" data-unique-id=\"69f7696b055e7\" name=\"XML_extra_radio2\" value=\"3\"  required=\"required\"><label for=\"69f7696b055e7-input-1-3\">5 &#8211; 9<\/label><\/div><div class=\"bob-form-radio d-flex\"><input type=\"radio\" class=\"inline-radio\" id=\"69f7696b055e7-input-1-4\" data-unique-id=\"69f7696b055e7\" name=\"XML_extra_radio2\" value=\"4\"  required=\"required\"><label for=\"69f7696b055e7-input-1-4\">10 &#8211; 15<\/label><\/div><div class=\"bob-form-radio d-flex\"><input type=\"radio\" class=\"inline-radio\" id=\"69f7696b055e7-input-1-5\" data-unique-id=\"69f7696b055e7\" name=\"XML_extra_radio2\" value=\"5\"  required=\"required\"><label for=\"69f7696b055e7-input-1-5\">Plus de 15<\/label><\/div><\/div><\/div><\/div><div class=\"form-questions bob-form-inline-question\"><div class=\"row\"><div class=\"question col-md-4\"><label>3*. Quel type de ch\u00e2ssis avez-vous actuellement ?<\/label><\/div><div class=\"answer col-md-8\"><div class=\"bob-form-radio d-flex\"><input type=\"radio\" class=\"inline-radio\" id=\"69f7696b055e7-input-2-1\" data-unique-id=\"69f7696b055e7\" name=\"XML_extra_radio3\" value=\"1\"  required=\"required\"><label for=\"69f7696b055e7-input-2-1\">Ch\u00e2ssis en PVC<\/label><\/div><div class=\"bob-form-radio d-flex\"><input type=\"radio\" class=\"inline-radio\" id=\"69f7696b055e7-input-2-2\" data-unique-id=\"69f7696b055e7\" name=\"XML_extra_radio3\" value=\"2\"  required=\"required\"><label for=\"69f7696b055e7-input-2-2\">Ch\u00e2ssis en aluminium<\/label><\/div><div class=\"bob-form-radio d-flex\"><input type=\"radio\" class=\"inline-radio\" id=\"69f7696b055e7-input-2-3\" data-unique-id=\"69f7696b055e7\" name=\"XML_extra_radio3\" value=\"3\"  required=\"required\"><label for=\"69f7696b055e7-input-2-3\">Ch\u00e2ssis en bois<\/label><\/div><div class=\"bob-form-radio d-flex\"><input type=\"radio\" class=\"inline-radio\" id=\"69f7696b055e7-input-2-4\" data-unique-id=\"69f7696b055e7\" name=\"XML_extra_radio3\" value=\"4\"  required=\"required\"><label for=\"69f7696b055e7-input-2-4\">Autre ou aucun<\/label><\/div><\/div><\/div><\/div><div class=\"form-questions bob-form-inline-question even\"><div class=\"row\"><div class=\"question col-md-4\"><label>4*. Quel est le d\u00e9lai d&rsquo;ex\u00e9cution souhait\u00e9 ?<\/label><\/div><div class=\"answer col-md-8\"><div class=\"bob-form-radio d-flex\"><input type=\"radio\" class=\"inline-radio\" id=\"69f7696b055e7-input-3-1\" data-unique-id=\"69f7696b055e7\" name=\"XML_extra_radio4\" value=\"1\"  required=\"required\"><label for=\"69f7696b055e7-input-3-1\">D\u00e8s que possible<\/label><\/div><div class=\"bob-form-radio d-flex\"><input type=\"radio\" class=\"inline-radio\" id=\"69f7696b055e7-input-3-2\" data-unique-id=\"69f7696b055e7\" name=\"XML_extra_radio4\" value=\"2\"  required=\"required\"><label for=\"69f7696b055e7-input-3-2\">Dans les 3 mois<\/label><\/div><div class=\"bob-form-radio d-flex\"><input type=\"radio\" class=\"inline-radio\" id=\"69f7696b055e7-input-3-3\" data-unique-id=\"69f7696b055e7\" name=\"XML_extra_radio4\" value=\"3\"  required=\"required\"><label for=\"69f7696b055e7-input-3-3\">Dans les 6 mois<\/label><\/div><\/div><\/div><\/div><div class=\"form-questions bob-form-inline-question\"><div class=\"d-flex flex-column\"><label class=\"question\" for=\"69f7696b055e7-input-4\">5. Description de votre projet<\/label><textarea class=\"bob-form-input\" name=\"XML_remarks\" id=\"69f7696b055e7-input-4\" data-unique-id=\"69f7696b055e7\"><\/textarea><\/div><\/div><div class=\"bob-inline-form bob-form-tag upload-box mb-3\">\n                    <div class=\"row\">\n                        <div class=\"col-md-12 mb-2 question\">Ajouter des photos ou des pi\u00e8ces jointes (en Option)<\/div>\n                        <div class=\"col-md-12\">\n                            <div class=\"box__input\" style=\"background-color: #e5f2f7;\"\n                                 ondrop=\"drop(event)\"\n                                 ondragover=\"allowDrop(event)\"\n                                 ondragleave=\"removeDropFx(event)\"\n                                >\n                                <input type=\"file\"\n                                       class=\"file__input\"\n                                       name=\"attachments[]\"\n                                       id=\"attachments\"\n                                       multiple=\"multiple\"\n                                       accept=\"image\/jpeg, image\/png, image\/gif, application\/pdf\"\n                                       data-multiple-caption=\"{count} files selected\">\n                                <div>\n                                    <label for=\"attachments\"><strong>S\u00e9lectionnez un fichier <\/strong>ou glissez-le ici<\/label>\n                                    <span class=\"box__button bobex-round-cta m-1 py-1\"\n                                          style=\"mix-blend-mode: luminosity\">\n                                        <i class=\"fas fa-cloud-upload-alt text-white\"><\/i>\n                                        T\u00e9l\u00e9charger\n                                    <\/span>\n                                <\/div>\n            \n                                <div class=\"row preview_wrapper m-0\"><\/div>\n                            <\/div>\n            \n                            <div class=\"box__uploading\">Uploading\u2026<\/div>\n                            <div class=\"box__success\">Done!<\/div>\n                            <div class=\"box__error\">Error! <span><\/span>.<\/div>\n                        <\/div>\n                    <\/div>\n                <\/div>    <div class=\"form-title\">\n        Vos donn\u00e9es\n    <\/div><div class=\"bob-form-contact-data\" style=\"padding: 20px\"><div class=\"row lead-info\"><div class=\"col-md-6 mb-3\">  <div class=\"form-group\">    <input value=\"\" type=\"text\" class=\"form-control\" id=\"firstName\" name=\"firstName\" placeholder=\"Pr\u00e9nom\" required>    <div class=\"valid-feedback\">Enchant\u00e9 !<\/div>    <div class=\"invalid-feedback\">Veuillez indiquer votre pr\u00e9nom<\/div>  <\/div><\/div><div class=\"col-md-6 mb-3\">  <div class=\"form-group\">    <input value=\"\" type=\"text\" class=\"form-control\" id=\"lastName\" name=\"lastName\" placeholder=\"Nom\" required>    <div class=\"valid-feedback\">Sympa<\/div>    <div class=\"invalid-feedback\">Veuillez indiquer votre nom de famille<\/div>  <\/div><\/div><div class=\"col-md-12 mb-3\">  <div class=\"form-group\">    <input value=\"\" type=\"email\" class=\"form-control\" id=\"email\" name=\"email\" placeholder=\"E-mail\" required style=\"max-width: unset;\">    <div class=\"valid-feedback\">C&rsquo;est tout bon<\/div>    <div class=\"invalid-feedback\">Veuillez indiquer une adresse e-mail valide<\/div>  <\/div><\/div><div class=\"col-md-12 mb-3\">  <div class=\"form-group\">    <input value=\"\" type=\"tel\" class=\"form-control\" id=\"phone\" name=\"phone\" placeholder=\"T\u00e9l\u00e9phone\" required style=\"max-width: unset;\">    <div class=\"valid-feedback\">Parfait<\/div>    <div class=\"invalid-feedback\">Veuillez indiquer un num\u00e9ro de t\u00e9l\u00e9phone valide<\/div>  <\/div><\/div><div class=\"col-md-12 mb-3\">  <div class=\"form-group\">    <input value=\"\" type=\"text\" class=\"form-control\" id=\"companyAddress\" name=\"companyAddress\" placeholder=\"Adresse\" required style=\"max-width: unset;\">    <div class=\"valid-feedback\">C&rsquo;est not\u00e9<\/div>    <div class=\"invalid-feedback\">Veuillez indiquer une adresse valide<\/div>  <\/div><\/div><div class=\"col-md-6 mb-3\">  <div class=\"form-group\">    <input value=\"\" type=\"text\" class=\"form-control\" id=\"companyPostalCode\" name=\"companyPostalCode\" placeholder=\"Code postal\" required>    <div class=\"valid-feedback\">Excellent !<\/div>    <div class=\"invalid-feedback\">Veuillez indiquer un code postal valide<\/div>  <\/div><\/div><div class=\"col-md-6 mb-3\">  <div class=\"form-group\">    <input value=\"\" type=\"text\" class=\"form-control\" id=\"companyCity\" name=\"companyCity\" placeholder=\"Ville\" required>    <div class=\"valid-feedback\">Bien jou\u00e9<\/div>    <div class=\"invalid-feedback\">Veuillez indiquer une ville valide<\/div>  <\/div><\/div><div class=\"d-flex mt-3\"><input name=\"promoOptin\" value=\"true\" id=\"promoOptin\" type=\"checkbox\" class=\"me-2\" style=\"width: unset\"><label for=\"promoOptin\">Je souhaite rester inform\u00e9 de ma demande et recevoir des conseils pratiques (fortement recommand\u00e9 !) <\/label><\/div><\/div><\/div><input type=\"hidden\" class=\"session_var\" name=\"newform\" value=\"true\"><input type=\"hidden\" class=\"session_var\" name=\"lead-validation-nonce\" value=\"19a92da7f0\"><input type=\"hidden\" class=\"session_var\" name=\"aff\" value=\"minisite\"><input type=\"hidden\" class=\"session_var\" name=\"utm_source\" value=\"https:\/\/www.bobex.be\/fr-be\/wp-json\/v2\/content\/135758\"><input type=\"hidden\" class=\"session_var\" name=\"bobx\" value=\"\"><input type=\"hidden\" class=\"session_var\" name=\"sessionType\" value=\"B2C\"><input type=\"hidden\" class=\"session_var\" name=\"utm_medium\" value=\"web\"><input type=\"hidden\" class=\"session_var\" name=\"utm_campaign\" value=\"search\"><input type=\"hidden\" class=\"session_var\" name=\"rem_source\" value=\"https:\/\/www.bobex.be\/fr-be\/veranda\/reparation\/remplacement-vitre\/\"><input type=\"hidden\" class=\"session_var\" name=\"pixel_id\" value=\"-1\"><input type=\"hidden\" class=\"session_var\" name=\"tabo_id\" value=\"-1\"><input type=\"hidden\" class=\"session_var\" name=\"click_id\" value=\"-1\"><input type=\"hidden\" class=\"session_var\" name=\"gclid\" value=\"-1\"><input type=\"hidden\" class=\"session_var\" name=\"msclkid\" value=\"-1\"><input type=\"hidden\" class=\"session_var\" name=\"past_aff\" value=\"bobex\"><input type=\"hidden\" class=\"session_var\" name=\"redirectTo\" value=\"BE\"><input type=\"hidden\" class=\"session_var\" name=\"is_type_id\" value=\"true\"><input type=\"hidden\" class=\"session_var\" name=\"typeid\" value=\"100102\"><input type=\"hidden\" class=\"session_var\" name=\"companyType\" value=\"label.companytype.consumer\"><input type=\"hidden\" class=\"session_var\" name=\"input_names\" value=\"XML_extra_radio,XML_extra_radio2,XML_extra_radio3,XML_extra_radio4,XML_remarks\"><input type=\"hidden\" class=\"form_context\" value=\"BE\"><img decoding=\"async\" class=\"bobex-pixel\" src=\"\" alt=\"\" style=\"display:none\" \/>    <div class=\"bob-form-submit d-flex justify-content-center\">\n        <button type=\"submit\" class=\"form-submit\" style=\"background-color: #F1653A; color: white; border: none !important; border-radius: 5px !important; font-family: Roboto, sans-serif; font-size: 16px;\">\n            Demander un devis\n        <\/button>\n    <\/div>    <div class=\"bob-inline-form form-footer\" style=\"border-radius: 0 0 10px 10px\">\n        <div class=\"bob-form-privacy-text\">\n            <div style=\"float:left;\"><i class=\"fa fa-lock\"><\/i><\/div>\n            <div class=\"ms-2\">\n                <div style='padding-left: 15px;font-size: 0.8em !important;z-index: 10;'><b>Nous respectons votre vie priv\u00e9e<\/b><br> Conform\u00e9ment \u00e0 la loi du 8\/12\/1992 relative \u00e0 la protection de la vie priv\u00e9e, vous disposez d&rsquo;un droit d&rsquo;acc\u00e8s et de rectification \u00e0 vos donn\u00e9es. Pour en savoir plus, consultez notre <span class=\"link_ob\" data-link=\"aHR0cHM6Ly93d3cuYm9iZXguYmUvZnItYmUvcHJvdGVjdGlvbi1kZS1sYS12aWUtcHJpdmVlLw==\" target=\"_blank\">charte sur la vie priv\u00e9e<\/span>.<\/div>\n                \n            <\/div>\n        <\/div>\n    <\/div><\/form><\/div><div class=\"multiple_mini hidden\" data-lead_id=\"\"><p class=\"multiple-title\">Merci d&rsquo;avoir pris le temps de remplir ce formulaire<\/p><p>Nous vous contacterons d\u00e8s que possible pour vous orienter vers le meilleur sp\u00e9cialiste correspondant \u00e0 votre demande.<\/p><div class=\"multiple_wrapper\"><div class=\"loader\"><\/div><p class=\"multiple-title\">Vous cherchez d&rsquo;autres services ?<\/p><p class=\"multiple_text\">Vous souhaitez comparer d&rsquo;autres devis ou explorer d&rsquo;autres services ? Faites-le nous savoir et nous vous mettrons rapidement en relation<\/p><div class=\"multiple_container\"><div class=\"single_multiple multiple_button\" data-typeid=\"100003\"><i class=\"fa-3x cat icon-100003\"><\/i><span class=\"multiple_name\">Stores solaires, shutters<\/span><\/div><div class=\"single_multiple multiple_button\" data-typeid=\"100001\"><i class=\"fa-3x cat icon-100001\"><\/i><span class=\"multiple_name\">R\u00e9novation cuisine<\/span><\/div><\/div><\/div><\/div><\/div><\/div>","protected":false},"featured_media":0,"parent":134678,"template":"","meta":{"business":"45781","footnotes":""},"class_list":["post-135758","content","type-content","status-publish","hentry"],"_links":{"self":[{"href":"https:\/\/www.bobex.be\/fr-be\/wp-json\/wp\/v2\/content\/135758","targetHints":{"allow":["GET"]}}],"collection":[{"href":"https:\/\/www.bobex.be\/fr-be\/wp-json\/wp\/v2\/content"}],"about":[{"href":"https:\/\/www.bobex.be\/fr-be\/wp-json\/wp\/v2\/types\/content"}],"version-history":[{"count":7,"href":"https:\/\/www.bobex.be\/fr-be\/wp-json\/wp\/v2\/content\/135758\/revisions"}],"predecessor-version":[{"id":188028,"href":"https:\/\/www.bobex.be\/fr-be\/wp-json\/wp\/v2\/content\/135758\/revisions\/188028"}],"up":[{"embeddable":true,"href":"https:\/\/www.bobex.be\/fr-be\/wp-json\/wp\/v2\/content\/134678"}],"wp:attachment":[{"href":"https:\/\/www.bobex.be\/fr-be\/wp-json\/wp\/v2\/media?parent=135758"}],"curies":[{"name":"wp","href":"https:\/\/api.w.org\/{rel}","templated":true}]}}