{"id":134429,"date":"2023-05-08T08:05:36","date_gmt":"2023-05-08T08:05:36","guid":{"rendered":"https:\/\/www.bobex.be\/fr-be\/veranda\/assurance-veranda\/"},"modified":"2025-08-29T10:46:58","modified_gmt":"2025-08-29T10:46:58","slug":"assurance-veranda","status":"publish","type":"content","link":"https:\/\/www.bobex.be\/fr-be\/veranda\/assurance-veranda\/","title":{"rendered":"Quelle assurance pour ma v\u00e9randa ? Tout ce qu\u2019il faut savoir pour bien prot\u00e9ger votre bien"},"content":{"rendered":"\n<div id=\"ez-toc-container\" class=\"ez-toc-v2_0_82_2 counter-hierarchy ez-toc-counter ez-toc-grey ez-toc-container-direction\">\n<div class=\"ez-toc-title-container\">\n<p class=\"ez-toc-title\" style=\"cursor:inherit\">Sommaire<\/p>\n<span class=\"ez-toc-title-toggle\"><a href=\"#\" class=\"ez-toc-pull-right ez-toc-btn ez-toc-btn-xs ez-toc-btn-default ez-toc-toggle\" aria-label=\"Toggle Table of Content\"><span class=\"ez-toc-js-icon-con\"><span class=\"\"><span class=\"eztoc-hide\" style=\"display:none;\">Toggle<\/span><span class=\"ez-toc-icon-toggle-span\"><svg style=\"fill: #999;color:#999\" xmlns=\"http:\/\/www.w3.org\/2000\/svg\" class=\"list-377408\" width=\"20px\" height=\"20px\" viewBox=\"0 0 24 24\" fill=\"none\"><path d=\"M6 6H4v2h2V6zm14 0H8v2h12V6zM4 11h2v2H4v-2zm16 0H8v2h12v-2zM4 16h2v2H4v-2zm16 0H8v2h12v-2z\" fill=\"currentColor\"><\/path><\/svg><svg style=\"fill: #999;color:#999\" class=\"arrow-unsorted-368013\" xmlns=\"http:\/\/www.w3.org\/2000\/svg\" width=\"10px\" height=\"10px\" viewBox=\"0 0 24 24\" version=\"1.2\" baseProfile=\"tiny\"><path d=\"M18.2 9.3l-6.2-6.3-6.2 6.3c-.2.2-.3.4-.3.7s.1.5.3.7c.2.2.4.3.7.3h11c.3 0 .5-.1.7-.3.2-.2.3-.5.3-.7s-.1-.5-.3-.7zM5.8 14.7l6.2 6.3 6.2-6.3c.2-.2.3-.5.3-.7s-.1-.5-.3-.7c-.2-.2-.4-.3-.7-.3h-11c-.3 0-.5.1-.7.3-.2.2-.3.5-.3.7s.1.5.3.7z\"\/><\/svg><\/span><\/span><\/span><\/a><\/span><\/div>\n<nav><ul class='ez-toc-list ez-toc-list-level-1 eztoc-toggle-hide-by-default' ><li class='ez-toc-page-1 ez-toc-heading-level-2'><a class=\"ez-toc-link ez-toc-heading-1\" href=\"https:\/\/www.bobex.be\/fr-be\/veranda\/assurance-veranda\/#Pourquoi_assurer_une_veranda\" >Pourquoi assurer une v\u00e9randa ?&nbsp;<\/a><\/li><li class='ez-toc-page-1 ez-toc-heading-level-2'><a class=\"ez-toc-link ez-toc-heading-2\" href=\"https:\/\/www.bobex.be\/fr-be\/veranda\/assurance-veranda\/#Comment_assurer_sa_veranda_Quelle_assurance_prendre\" >Comment assurer sa v\u00e9randa ? Quelle assurance prendre ?<\/a><ul class='ez-toc-list-level-3' ><li class='ez-toc-heading-level-3'><a class=\"ez-toc-link ez-toc-heading-3\" href=\"https:\/\/www.bobex.be\/fr-be\/veranda\/assurance-veranda\/#Verifier_si_votre_assurance_habitation_couvre_les_extensions_de_maison\" >V\u00e9rifier si votre assurance habitation couvre les extensions de maison<\/a><\/li><li class='ez-toc-page-1 ez-toc-heading-level-3'><a class=\"ez-toc-link ez-toc-heading-4\" href=\"https:\/\/www.bobex.be\/fr-be\/veranda\/assurance-veranda\/#Declarer_la_construction_de_sa_veranda_a_son_assurance\" >D\u00e9clarer la construction de sa v\u00e9randa \u00e0 son assurance<\/a><\/li><\/ul><\/li><li class='ez-toc-page-1 ez-toc-heading-level-2'><a class=\"ez-toc-link ez-toc-heading-5\" href=\"https:\/\/www.bobex.be\/fr-be\/veranda\/assurance-veranda\/#Que_faire_en_cas_de_dommage_a_ma_veranda\" >Que faire en cas de dommage \u00e0 ma v\u00e9randa ?<\/a><ul class='ez-toc-list-level-3' ><li class='ez-toc-heading-level-3'><a class=\"ez-toc-link ez-toc-heading-6\" href=\"https:\/\/www.bobex.be\/fr-be\/veranda\/assurance-veranda\/#Tempete_grele_ma_veranda_est-elle_couverte_en_cas_de_conditions_climatiques_extremes\" >Temp\u00eate, gr\u00eale, ma v\u00e9randa est-elle couverte en cas de conditions climatiques extr\u00eames ?<\/a><\/li><li class='ez-toc-page-1 ez-toc-heading-level-3'><a class=\"ez-toc-link ez-toc-heading-7\" href=\"https:\/\/www.bobex.be\/fr-be\/veranda\/assurance-veranda\/#Est-ce_que_ma_veranda_est_couverte_en_cas_dinfiltration_deau\" >Est-ce que ma v\u00e9randa est couverte en cas d&rsquo;infiltration d&rsquo;eau ?&nbsp;<\/a><\/li><li class='ez-toc-page-1 ez-toc-heading-level-3'><a class=\"ez-toc-link ez-toc-heading-8\" href=\"https:\/\/www.bobex.be\/fr-be\/veranda\/assurance-veranda\/#Veranda_et_assurance_incendie_que_faut-il_savoir\" >V\u00e9randa et assurance incendie, que faut-il savoir ?<\/a><\/li><li class='ez-toc-page-1 ez-toc-heading-level-3'><a class=\"ez-toc-link ez-toc-heading-9\" href=\"https:\/\/www.bobex.be\/fr-be\/veranda\/assurance-veranda\/#Est-ce_que_ma_veranda_est_couverte_en_cas_de_bris_de_glace\" >Est-ce que ma v\u00e9randa est couverte en cas de bris de glace ?<\/a><\/li><li class='ez-toc-page-1 ez-toc-heading-level-3'><a class=\"ez-toc-link ez-toc-heading-10\" href=\"https:\/\/www.bobex.be\/fr-be\/veranda\/assurance-veranda\/#Veranda_Cambrioleur\" >V\u00e9randa &amp; Cambrioleur<\/a><\/li><\/ul><\/li><li class='ez-toc-page-1 ez-toc-heading-level-2'><a class=\"ez-toc-link ez-toc-heading-11\" href=\"https:\/\/www.bobex.be\/fr-be\/veranda\/assurance-veranda\/#Quel_est_le_prix_dune_assurance_veranda_habitation\" >Quel est le prix d\u2019une assurance v\u00e9randa \/ habitation ?<\/a><\/li><li class='ez-toc-page-1 ez-toc-heading-level-2'><a class=\"ez-toc-link ez-toc-heading-12\" href=\"https:\/\/www.bobex.be\/fr-be\/veranda\/assurance-veranda\/#Quest-ce_qui_est_couvert_par_une_assurance_habitation\" >Qu&rsquo;est-ce qui est couvert par une assurance habitation ?<\/a><ul class='ez-toc-list-level-3' ><li class='ez-toc-heading-level-3'><a class=\"ez-toc-link ez-toc-heading-13\" href=\"https:\/\/www.bobex.be\/fr-be\/veranda\/assurance-veranda\/#Quest-ce_quune_assurance_habitation_Definition\" >Qu&rsquo;est-ce qu&rsquo;une assurance habitation ? D\u00e9finition<\/a><\/li><li class='ez-toc-page-1 ez-toc-heading-level-3'><a class=\"ez-toc-link ez-toc-heading-14\" href=\"https:\/\/www.bobex.be\/fr-be\/veranda\/assurance-veranda\/#La_couverture_offerte_par_une_assurance_habitation\" >La couverture offerte par une assurance habitation<\/a><\/li><li class='ez-toc-page-1 ez-toc-heading-level-3'><a class=\"ez-toc-link ez-toc-heading-15\" href=\"https:\/\/www.bobex.be\/fr-be\/veranda\/assurance-veranda\/#Est-ce_que_lassurance_habitation_est_obligatoire_en_Belgique\" >Est-ce que l&rsquo;assurance habitation est obligatoire en Belgique ?<\/a><\/li><\/ul><\/li><li class='ez-toc-page-1 ez-toc-heading-level-2'><a class=\"ez-toc-link ez-toc-heading-16\" href=\"https:\/\/www.bobex.be\/fr-be\/veranda\/assurance-veranda\/#Vous_cherchez_un_specialiste_pour_votre_projet_veranda\" >Vous cherchez un sp\u00e9cialiste pour votre projet v\u00e9randa ?<\/a><\/li><li class='ez-toc-page-1 ez-toc-heading-level-2'><a class=\"ez-toc-link ez-toc-heading-17\" href=\"https:\/\/www.bobex.be\/fr-be\/veranda\/assurance-veranda\/#Quelques_informations_supplementaires_sur_les_assurances\" >Quelques informations suppl\u00e9mentaires sur les assurances<\/a><ul class='ez-toc-list-level-3' ><li class='ez-toc-heading-level-3'><a class=\"ez-toc-link ez-toc-heading-18\" href=\"https:\/\/www.bobex.be\/fr-be\/veranda\/assurance-veranda\/#Le_mobilier_dans_votre_veranda_est-il_assure\" >Le mobilier dans votre v\u00e9randa est-il assur\u00e9 ?<\/a><\/li><li class='ez-toc-page-1 ez-toc-heading-level-3'><a class=\"ez-toc-link ez-toc-heading-19\" href=\"https:\/\/www.bobex.be\/fr-be\/veranda\/assurance-veranda\/#Quand_faut-il_assurer_sa_maison\" >Quand faut-il assurer sa maison ?\u00a0<\/a><\/li><li class='ez-toc-page-1 ez-toc-heading-level-3'><a class=\"ez-toc-link ez-toc-heading-20\" href=\"https:\/\/www.bobex.be\/fr-be\/veranda\/assurance-veranda\/#Qui_doit_assurer_sa_maison\" >Qui doit assurer sa maison ?\u00a0<\/a><\/li><\/ul><\/li><\/ul><\/nav><\/div>\n<h2 class=\"wp-block-heading\"><span class=\"ez-toc-section\" id=\"Pourquoi_assurer_une_veranda\"><\/span>Pourquoi assurer une v\u00e9randa ?&nbsp;<span class=\"ez-toc-section-end\"><\/span><\/h2>\n\n\n\n<p>Au m\u00eame titre que le reste d&rsquo;une maison, la <a href=\"https:\/\/www.bobex.be\/fr-be\/veranda\/\">v\u00e9randa<\/a> peut subir des <strong>dommages volontaires et involontaires<\/strong>, comme des d\u00e9gradations en cas d&rsquo;intemp\u00e9ries, des fuites, des infiltrations d&rsquo;eau, ou encore des actes de malveillance.&nbsp;<\/p>\n\n\n\n            <div class=\"bobex-highlight-global-div\" style=\"\n            --line-color: #17518d;\n            --bg-color: #e5f2f7;\n            --content-color:#10375e;\n            --title-color: #10375e;\n        \">\n                    <div class=\"bobex-highlight-block__border\">\n                        <div class=\"bobex--block_highlight_content-area\">\n                            <p class=\"bobex-block-highlight-title\"><\/p>\n                            <p class=\"bobex-block-highlight-content\">Assurer explicitement votre v\u00e9randa permet de <strong>vous prot\u00e9ger contre ces possibles dommages<\/strong> et de <strong>couvrir les \u00e9ventuelles <a href=\"https:\/\/www.bobex.be\/fr-be\/veranda\/reparation\/\">r\u00e9parations<\/a><\/strong> n\u00e9cessaires qui en d\u00e9couleraient, qu&rsquo;il s&rsquo;agisse d&rsquo;un simple bris de glace ou d&rsquo;une catastrophe naturelle.\n                            \t<div><\/div>\n                            <\/p>\n                        <\/div>\n                    <\/div>\n            <\/div>\n        \n\n\n<h2 class=\"wp-block-heading\"><span class=\"ez-toc-section\" id=\"Comment_assurer_sa_veranda_Quelle_assurance_prendre\"><\/span>Comment assurer sa v\u00e9randa ? Quelle assurance prendre ?<span class=\"ez-toc-section-end\"><\/span><\/h2>\n\n\n\n<p>Une v\u00e9randa est consid\u00e9r\u00e9e comme une <strong>extension de maison<\/strong> et comme une pi\u00e8ce \u00e0 vivre \u00e0 part enti\u00e8re. En cela, elle doit \u00eatre <strong>couverte par l\u2019assurance multirisque habitation<\/strong>, une assurance pour les propri\u00e9taires comme pour les locataires. La v\u00e9randa n\u2019est pourtant <strong>pas forc\u00e9ment couverte<\/strong> par votre contrat, il vous faut donc proc\u00e9der \u00e0 quelques \u00e9tapes pour vous en assurer :<\/p>\n\n\n\n<h3 class=\"wp-block-heading\"><span class=\"ez-toc-section\" id=\"Verifier_si_votre_assurance_habitation_couvre_les_extensions_de_maison\"><\/span>V\u00e9rifier si votre assurance habitation couvre les extensions de maison<span class=\"ez-toc-section-end\"><\/span><\/h3>\n\n\n\n<p>Dans certains cas, les extensions de maison sont prises en charge dans votre contrat d\u2019assurance habitation. Cependant, selon les contrats et les assureurs, il se peut qu\u2019il y ait \u00e0 payer une <strong>prime suppl\u00e9mentaire<\/strong>, et ainsi \u00e0<strong> modifier votre contrat initial<\/strong>.<\/p>\n\n\n\n<p>Le premier r\u00e9flexe \u00e0 adopter lors de <strong>l\u2019\u00e9laboration de votre projet<\/strong> est donc de contacter votre assureur et de vous renseigner sur les <strong>conditions de votre contrat<\/strong>. Il s\u2019agit de savoir pour <strong>quelle superficie<\/strong> vous \u00eates couverts, contre <strong>quels \u00e9l\u00e9ments ou types de d\u00e9gradation<\/strong> ou encore si votre contrat stipule des<strong> clauses sp\u00e9cifiques<\/strong> que vous devez respecter, comme l\u2019ajout de d\u00e9tecteurs de fum\u00e9e, d\u2019un syst\u00e8me d\u2019alarme, etc.<\/p>\n\n\n\n<figure class=\"wp-block-image size-large\"><img decoding=\"async\" width=\"1024\" height=\"538\" src=\"https:\/\/www.bobex.be\/wp-uploads\/sites\/2\/assurance-habitation-veranda-1024x538.jpg\" alt=\"Une conseill\u00e8re en assurance face \u00e0 une cliente tient ses deux mains en toit au-dessus d'une maison miniature pos\u00e9e sur une table, \u00e0 c\u00f4t\u00e9 d'une calculatrice et de papiers. \" class=\"wp-image-134444\"\/><\/figure>\n\n\n\n<h3 class=\"wp-block-heading\"><span class=\"ez-toc-section\" id=\"Declarer_la_construction_de_sa_veranda_a_son_assurance\"><\/span>D\u00e9clarer la construction de sa v\u00e9randa \u00e0 son assurance<span class=\"ez-toc-section-end\"><\/span><\/h3>\n\n\n\n<p>En cas de<strong> construction d\u2019une nouvelle pi\u00e8ce comme une v\u00e9randa <\/strong>dans votre propri\u00e9t\u00e9, il faut pr\u00e9venir votre organisme assureur <strong>avant le d\u00e9but des travaux<\/strong>, pour \u00eatre s\u00fbr d\u2019\u00eatre couvert <strong>d\u00e8s le d\u00e9but du chantier <\/strong>en cas de sinistre ou d\u2019acte de malveillance.<\/p>\n\n\n\n<p>Le contrat d\u2019assurance habitation est toujours pass\u00e9 selon <strong>certaines conditions <\/strong>(nombre de pi\u00e8ces, superficie totale en m2 de la surface habitable\u2026) : s\u2019il y a le moindre changement, comme l\u2019ajout d\u2019une pi\u00e8ce suppl\u00e9mentaire, il faut en avertir l\u2019assureur et les conditions du contrat peuvent alors changer.<\/p>\n\n\n\n<p>Cette d\u00e9claration se fait sous la forme d\u2019un<strong> avenant \u00e0 votre contrat<\/strong>. Pour cela, vous devez <strong>prendre rendez-vous avec votre assurance<\/strong>, afin de faire le point sur les clauses existantes de votre contrat, les avenants n\u00e9cessaires \u00e0 y inclure, les d\u00e9tails de votre projet (notamment gr\u00e2ce \u00e0 la d\u00e9claration de travaux), les couvertures possibles, et enfin les conditions de votre contrat, comme les normes \u00e0 respecter pour vos choix de vitrages.<\/p>\n\n\n\n                <div class='bobex-cta-block' style='\n            --button-bg-color: #e13c0e;\n            --button-text-color: #ffffff;\n            --banner-bg-color: #aad4e6;\n            --arrow-main-bg-color: #aad4e6;\n            --arrow-secondary-bg-color: #e5f2f7;\n            --banner-title-color: #10375e;\n            --arrow-title-color: #10375e;\n            --banner-text-color: #545454;\n            --arrow-text-color: #545454;         \n            --invert-range: 0deg;\n        '>\n                    <div class='cta-arrow-text d-flex d-lg-none'>\n                        <a class='cta-button-rounded' href='#ppp'>Demander un devis<\/a>\n                    <\/div>\n                    <div class='d-none d-lg-flex flex-no-wrap'>\n                        <div class=\"col-7 cta-arrow-text d-flex text-color\">\n                            <div class=\"m-auto\">\n                                <div class=\"h3\">Vous avez besoin d&rsquo;accompagnement ?<\/div>\n                                <div class='text-color'>Trouvez les meilleurs prestataires !<\/div>\n                            <\/div>\n                        <\/div>\n                        <div class='cta-arrow-link col-5'>\n                            <a class='cta-button-rounded' href=\"#ppp\">Demander un devis<\/a>\n                        <\/div>\n                    <\/div>\n                <\/div>\n\n\n<h2 class=\"wp-block-heading\"><span class=\"ez-toc-section\" id=\"Que_faire_en_cas_de_dommage_a_ma_veranda\"><\/span>Que faire en cas de dommage \u00e0 ma v\u00e9randa ?<span class=\"ez-toc-section-end\"><\/span><\/h2>\n\n\n\n<p>Si la Belgique est bien connue pour ses <strong>jours de soleil radieux<\/strong> et ses beaux et longs \u00e9t\u00e9s, il se peut que des intemp\u00e9ries surviennent de temps \u00e0 autre\u2026 Temp\u00eates, gr\u00eale, neige, fortes pluies : votre maison, et donc votre v\u00e9randa, peuvent subir des dommages.<\/p>\n\n\n\n<p>Le p<strong>remier r\u00e9flexe<\/strong> \u00e0 adopter en cas de dommages caus\u00e9s \u00e0 votre v\u00e9randa, c\u2019est de <strong>contacter votre assureur<\/strong> pour <strong>d\u00e9clarer un sinistre<\/strong> et ouvrir un dossier, afin que cela soit pris en charge et qu\u2019un expert puisse, au besoin, venir constater et estimer les d\u00e9g\u00e2ts.<\/p>\n\n\n\n<h3 class=\"wp-block-heading\"><span class=\"ez-toc-section\" id=\"Tempete_grele_ma_veranda_est-elle_couverte_en_cas_de_conditions_climatiques_extremes\"><\/span>Temp\u00eate, gr\u00eale, ma v\u00e9randa est-elle couverte en cas de conditions climatiques extr\u00eames ?<span class=\"ez-toc-section-end\"><\/span><\/h3>\n\n\n\n<p>En <strong>incluant votre v\u00e9randa<\/strong> dans votre contrat d\u2019assurance habitation, celle-ci est<strong> couverte pour les m\u00eames risques<\/strong> que le reste de votre maison. Cela concerne les <strong>d\u00e9g\u00e2ts des eaux<\/strong>, mais aussi tous les d\u00e9g\u00e2ts caus\u00e9s par <strong>diverses intemp\u00e9ries<\/strong> : gr\u00eales, fortes pluies, temp\u00eates, grosses chutes de neige, mais aussi les <strong>catastrophes naturelles<\/strong>, comme les tremblements de terre, les inondations dues aux crues des cours d\u2019eau, ou les \u00e9tats de s\u00e9cheresse naturelle.<\/p>\n\n\n\n<p>En cas de dommages caus\u00e9s par les intemp\u00e9ries \u00e0 votre v\u00e9randa, il faut tout de suite <strong>pr\u00e9venir votre assureur et d\u00e9clarer le sinistre<\/strong>. \u00c0 d\u00e9faut de la visite d\u2019un expert, <strong>soyez exhaustifs dans vos d\u00e9clarations <\/strong>: quels \u00e9l\u00e9ments ont \u00e9t\u00e9 endommag\u00e9s ? Quels sont les biens qui exigent une r\u00e9paration, un remplacement, des travaux ? \u00c0 combien ceux-ci sont estim\u00e9s ?<\/p>\n\n\n\n<h3 class=\"wp-block-heading\"><span class=\"ez-toc-section\" id=\"Est-ce_que_ma_veranda_est_couverte_en_cas_dinfiltration_deau\"><\/span>Est-ce que ma v\u00e9randa est couverte en cas d&rsquo;infiltration d&rsquo;eau ?&nbsp;<span class=\"ez-toc-section-end\"><\/span><\/h3>\n\n\n\n<p>Une infiltration d&rsquo;eau dans votre v\u00e9randa peut \u00eatre caus\u00e9e par :<\/p>\n\n\n\n<ul class=\"wp-block-list\">\n<li>&nbsp;La v\u00e9tust\u00e9 de l&rsquo;installation<\/li>\n\n\n\n<li>Une mauvaise installation<\/li>\n\n\n\n<li>Des probl\u00e8mes d&rsquo;humidit\u00e9<\/li>\n\n\n\n<li>Des conditions m\u00e9t\u00e9orologiques extr\u00eames<\/li>\n<\/ul>\n\n\n\n<p>La prise en charge de d\u00e9g\u00e2ts d\u00fbs \u00e0 une infiltration d&rsquo;eau va d\u00e9pendre du type de contrat d&rsquo;assurance auquel vous avez souscrit mais aussi des raisons ayant caus\u00e9 cette infiltration.<\/p>\n\n\n\n<p>Habituellement, l&rsquo;assurance habitation couvre les d\u00e9g\u00e2ts li\u00e9s aux fuites d&rsquo;eau mais il est tout de m\u00eame recommand\u00e9 de v\u00e9rifier les clauses du contrat auquel vous avez souscrit pour \u00e9viter les mauvaises surprises.<\/p>\n\n\n\n<h3 class=\"wp-block-heading\"><span class=\"ez-toc-section\" id=\"Veranda_et_assurance_incendie_que_faut-il_savoir\"><\/span>V\u00e9randa et assurance incendie, que faut-il savoir ?<span class=\"ez-toc-section-end\"><\/span><\/h3>\n\n\n\n<p>De m\u00eame, si votre v\u00e9randa figure bien dans votre contrat d\u2019assurance habitation, elle est alors a minima couverte par<strong> l\u2019assurance multirisque <\/strong>qui inclut les risques d\u2019incendies. L\u00e9galement, il n\u2019est <strong>pas obligatoire d\u2019\u00eatre couvert<\/strong> en cas d\u2019incendie, mais il est <strong>fortement recommand\u00e9 <\/strong>de l\u2019\u00eatre !<\/p>\n\n\n\n<p>Cela couvrira les frais engendr\u00e9s par un incendie dans votre logement (et donc votre v\u00e9randa), mais cela vous prot\u00e9gera \u00e9galement si cet incendie cause <strong>des dommages aux tiers<\/strong>, comme \u00e0 un voisin, par exemple.<\/p>\n\n\n\n<p>De plus, l\u2019assurance habitation \u2013 appel\u00e9e \u00e9galement <strong>assurance incendie<\/strong> \u2013 peut \u00eatre <strong>exig\u00e9e par des tiers<\/strong>, tels que votre banque pour un pr\u00eat immobilier. Dans la majorit\u00e9 des cas, les propri\u00e9taires et locataires sont ainsi tenus d\u2019y souscrire, d\u2019une fa\u00e7on ou d\u2019une autre.<\/p>\n\n\n\n<p>Si vous subissez un<strong> d\u00e9part de feu ou un incendie<\/strong>, volontaire (malveillant) ou accidentel, vous devez<strong> le d\u00e9clarer \u00e0 votre assureur en tant que sinistre<\/strong>, et \u00eatre exhaustif dans votre d\u00e9claration pour estimer la hauteur des d\u00e9gradations et des pertes subies. Si jamais vous avez besoin d\u2019un relogement, temporaire ou non, l\u2019assurance pourra \u00e9galement intervenir.<\/p>\n\n\n\n<figure class=\"wp-block-image size-large\"><img decoding=\"async\" width=\"1024\" height=\"538\" src=\"https:\/\/www.bobex.be\/wp-uploads\/sites\/2\/assurance-veranda-incendie-1024x538.jpg\" alt=\"Zoom sur un d\u00e9tecteur de fum\u00e9e situ\u00e9e sur un plafond, avec de la fum\u00e9e qui arrive jusqu'\u00e0 lui. \" class=\"wp-image-134441\"\/><\/figure>\n\n\n\n<h3 class=\"wp-block-heading\"><span class=\"ez-toc-section\" id=\"Est-ce_que_ma_veranda_est_couverte_en_cas_de_bris_de_glace\"><\/span>Est-ce que ma v\u00e9randa est couverte en cas de bris de glace ?<span class=\"ez-toc-section-end\"><\/span><\/h3>\n\n\n\n<p>Dans un contrat d\u2019assurance habitation de base, le bris de glace n\u2019est<strong> pas forc\u00e9ment couvert <\/strong>par les clauses : selon les assureurs, il peut<strong> faire partie d\u2019une extension de garantie<\/strong>. Plus qu\u2019une nouvelle ouverture sur votre maison, votre v\u00e9randa est<strong> principalement compos\u00e9e de baies vitr\u00e9es<\/strong>, ce qui la rend<strong> plus vuln\u00e9rable aux bris de glace<\/strong>, qu\u2019ils soient <strong>accidentels <\/strong>(dus aux intemp\u00e9ries) ou qu\u2019ils r\u00e9sultent d\u2019<strong>actes de malveillance<\/strong>.<\/p>\n\n\n\n<p>En cas de bris de glace sur votre v\u00e9randa, le premier r\u00e9flexe est <strong>d\u2019informer votre assureur du sinistre<\/strong>, afin qu\u2019un dossier soit ouvert, et qu\u2019un expert puisse venir constater les d\u00e9g\u00e2ts. Si votre contrat d\u2019assurance habitation couvre les bris de glace, alors vous serez<strong> d\u00e9dommag\u00e9s de la valeur de vos vitres et des travaux de r\u00e9paration n\u00e9cessaires selon les plafonds d\u00e9finis<\/strong>. Selon les clauses de votre contrat, vous n\u2019aurez parfois qu\u2019une franchise \u00e0 payer de votre poche.<\/p>\n\n\n\n<p>En revanche, si votre assurance ne couvre pas les bris de glace, <strong>toutes les r\u00e9parations seront \u00e0 vos frais<\/strong>, et les d\u00e9g\u00e2ts \u00e9ventuels caus\u00e9s par la casse de vos vitres (une t\u00e9l\u00e9vision endommag\u00e9e, par exemple) ne vous seront pas rembours\u00e9s. Plus grave encore, si le bris de glace r\u00e9sulte d\u2019un acte de malveillance et que des objets ont \u00e9t\u00e9 vol\u00e9s, vous ne serez peut-\u00eatre pas couverts pour les pertes subies.<\/p>\n\n\n\n<h3 class=\"wp-block-heading\"><span class=\"ez-toc-section\" id=\"Veranda_Cambrioleur\"><\/span>V\u00e9randa &amp; Cambrioleur<span class=\"ez-toc-section-end\"><\/span><\/h3>\n\n\n\n<p>Votre v\u00e9randa est une <strong>nouvelle pi\u00e8ce de votre maison<\/strong> qui compte dans<strong> le calcul de la surface habitable<\/strong>, et donc de la <strong>surface \u00e0 couvrir et \u00e0 prot\u00e9ger<\/strong>, c\u2019est pourquoi elle doit \u00eatre d\u00e9clar\u00e9e sous forme d\u2019un avenant dans votre contrat d\u2019assurance habitation.<\/p>\n\n\n\n<p>La v\u00e9randa et ses nombreuses vitres sont une <strong>cible de choix des cambrioleurs<\/strong>, et pr\u00e9sentent donc un <strong>risque suppl\u00e9mentaire<\/strong>. Si un cambrioleur passe par votre v\u00e9randa pour entrer dans votre maison, sachez que si votre v\u00e9randa n\u2019est pas couverte par votre assurance habitation, alors <strong>toute perte et tout dommage occasionn\u00e9<\/strong> par ce cambriolage (y compris dans le reste de la maison) ne seront <strong>pas pris en charge<\/strong>.<\/p>\n\n\n\n<p>Pour vous couvrir en cas <strong>d\u2019intrusion et de vol<\/strong>, votre v\u00e9randa doit ainsi <strong>obligatoirement figurer sur votre contrat d\u2019assurance<\/strong>. Notez que votre assurance est en droit d\u2019exiger, en \u00e9changes de garanties, que vous <strong>preniez des dispositions particuli\u00e8res <\/strong>pour cette situation. Il peut s\u2019agir de l\u2019installation d\u2019un syst\u00e8me d\u2019alarme, de volets roulants pour prot\u00e9ger les vitres de votre v\u00e9randa, ou encore des verres aux normes sp\u00e9cifiques (<a>NBN-S23-002).<\/a><\/p>\n\n\n\n<h2 class=\"wp-block-heading\"><span class=\"ez-toc-section\" id=\"Quel_est_le_prix_dune_assurance_veranda_habitation\"><\/span>Quel est le prix d\u2019une assurance v\u00e9randa \/ habitation ?<span class=\"ez-toc-section-end\"><\/span><\/h2>\n\n\n\n<p>Le <strong>prix d\u2019une assurance habitation<\/strong> d\u00e9pend de <strong>nombreuses caract\u00e9ristiques<\/strong> telles que la superficie totale, le nombre de pi\u00e8ces et d\u2019\u00e9tages, la <strong>valeur totale estim\u00e9e du bien <\/strong>(y compris les \u00e9l\u00e9ments de mobilier), sa localisation g\u00e9ographique, la hauteur des franchises et, bien s\u00fbr, des garanties auxquelles vous souhaitez souscrire avec votre contrat d\u2019assurance.<\/p>\n\n\n\n<p>Avec la construction d\u2019une v\u00e9randa, vous <strong>augmentez de fait la surface totale habitable <\/strong>de votre bien : le montant de votre prime d\u2019assurance peut donc <strong>\u00e9voluer en cons\u00e9quence<\/strong>.<\/p>\n\n\n\n            <div style=\"\n            --icon-bg-color: #17518d ;\n            --maskUrl:url( https:\/\/www.bobex.be\/fr-be\/wp-content\/plugins\/bobex-blocks\/img\/mask.svg );\n            --title-color:#10375e;\n            --bg-color: #d1e8f2;\n            --content-color:#5c5c5c\n        \" class=\"bobex-block-maindiv\" >\n                <div class=\"bobex-tip-block__icon-area\">\n                    <img decoding=\"async\" src=\"https:\/\/www.bobex.be\/fr-be\/wp-content\/plugins\/bobex-blocks\/img\/price.png\" alt=\"adive-icon\" class=\"bobex-tip-block__tipsLogo\"\/>\n                <\/div>\n                <div class=\"bobex-tip-block__content-area\">\n                    <p class=\"bobex-block-tips-title\"><\/p>\n                    <p class=\"bobex-block-tips-content\">En moyenne, une assurance habitation multirisque co\u00fbte<strong> entre 30 \u20ac et 40 \u20ac par mois<\/strong>, soit entre <strong>350 \u20ac et 500 \u20ac par an<\/strong>. Par rapport \u00e0 la valeur totale de votre bien, cela correspond<strong> en moyenne \u00e0 un pourcentage de 0.05 \u00e0 2 %<\/strong>.<\/p>\n                    <div><\/div>\n                <\/div>\n            <\/div>\n        \n\n\n<h2 class=\"wp-block-heading\"><span class=\"ez-toc-section\" id=\"Quest-ce_qui_est_couvert_par_une_assurance_habitation\"><\/span>Qu&rsquo;est-ce qui est couvert par une assurance habitation ?<span class=\"ez-toc-section-end\"><\/span><\/h2>\n\n\n\n<p>Une assurance habitation, tout comme une assurance automobile, a pour objectif de <strong>vous pr\u00e9munir de frais importants<\/strong> ou de vous d\u00e9dommager pour toutes sortes d&rsquo;al\u00e9as et de <strong>mauvaises surprises<\/strong>. En fonction des plans propos\u00e9s par votre assureur, vous pouvez \u00eatre par\u00e9 \u00e0 toute \u00e9ventualit\u00e9 et ainsi dormir sur vos deux oreilles. Comment cela fonctionne-t-il ?&nbsp;<\/p>\n\n\n\n                <div class='bobex-cta-block' style='\n            --button-bg-color: #e13c0e;\n            --button-text-color: #ffffff;\n            --banner-bg-color: #aad4e6;\n            --arrow-main-bg-color: #aad4e6;\n            --arrow-secondary-bg-color: #e5f2f7;\n            --banner-title-color: #10375e;\n            --arrow-title-color: #10375e;\n            --banner-text-color: #545454;\n            --arrow-text-color: #545454;         \n            --invert-range: 0deg;\n        '>\n                    <div class='cta-banner'>\n                        <div class='h3'>Vous avez un projet de v\u00e9randa et souhaitez \u00eatre accompagn\u00e9 dans vos choix et d\u00e9marches ?<\/div>\n                        <div class='text-color'>Remplissez le formulaire suivant et obtenez les devis des meilleurs prestataires de votre r\u00e9gion !<\/div>\n                        <span>\n                            <img src='https:\/\/www.bobex.be\/wp-uploads\/sites\/2\/arrow-cta-box.png' alt='arrow' class='img-color'\/>\n                            <a class='cta-button-rounded' href=\"#ppp\">Demander un devis<\/a>\n                        <\/span>   \n                    <\/div>\n                <\/div>\n\n\n<h3 class=\"wp-block-heading\"><span class=\"ez-toc-section\" id=\"Quest-ce_quune_assurance_habitation_Definition\"><\/span>Qu&rsquo;est-ce qu&rsquo;une assurance habitation ? D\u00e9finition<span class=\"ez-toc-section-end\"><\/span><\/h3>\n\n\n\n<p>Une <strong>assurance habitation<\/strong> est un <strong>contrat pass\u00e9 avec un assureur <\/strong>qui estime votre bien et les divers dommages qu&rsquo;il pourrait subir. En<strong> \u00e9change d&rsquo;une prime d&rsquo;assurance<\/strong> pay\u00e9e par le particulier annuellement ou mensuellement, l&rsquo;assurance s&rsquo;engage \u00e0 couvrir,<strong> selon certaines conditions<\/strong>, montants, plafonds, et franchises, les frais de r\u00e9parations, de rachats ou de d\u00e9dommagement \u00e0 r\u00e9gler <strong>en cas d&rsquo;incident<\/strong>.&nbsp;<\/p>\n\n\n\n<p>Une assurance habitation couvre<strong> les d\u00e9g\u00e2ts subis par votre habitation <\/strong>(incendies, intemp\u00e9ries&#8230;) mais aussi <strong>ceux dont elle peut \u00eatre \u00e0 l&rsquo;origine<\/strong>, comme l&rsquo;incendie de la maison voisine, une tuile qui s&rsquo;envole de votre toit et heurte une voiture ou bien une personne, etc. Elle est en g\u00e9n\u00e9ral compl\u00e9t\u00e9e par ce qu&rsquo;on appelle la <strong>responsabilit\u00e9 civile<\/strong>, qui vous couvre en cas d&rsquo;incident ou de dommage caus\u00e9 \u00e0 un tiers, o\u00f9 que vous soyez.&nbsp;<\/p>\n\n\n\n<figure class=\"wp-block-image size-large\"><img decoding=\"async\" width=\"1024\" height=\"538\" src=\"https:\/\/www.bobex.be\/wp-uploads\/sites\/2\/assurance-veranda-intemperies-degats-1024x538.jpg\" alt=\"Vue du ciel, une maison et sa v\u00e9randa ont subi de lourds d\u00e9g\u00e2ts suite \u00e0 des intemp\u00e9ries.\" class=\"wp-image-157203\"\/><\/figure>\n\n\n\n<h3 class=\"wp-block-heading\"><span class=\"ez-toc-section\" id=\"La_couverture_offerte_par_une_assurance_habitation\"><\/span>La couverture offerte par une assurance habitation<span class=\"ez-toc-section-end\"><\/span><\/h3>\n\n\n\n<p>La couverture d&rsquo;une assurance habitation est dite <strong>multirisque<\/strong>, car elle vous prot\u00e8ge sur<strong> plusieurs cat\u00e9gories d&rsquo;incident<\/strong>. Il s&rsquo;agit de la couverture de base, qui vous couvre :&nbsp;<\/p>\n\n\n\n<ul class=\"wp-block-list\">\n<li>des incendies<\/li>\n\n\n\n<li>des explosions<\/li>\n\n\n\n<li>des d\u00e9g\u00e2ts des eaux<\/li>\n\n\n\n<li>des catastrophes naturelles<\/li>\n<\/ul>\n\n\n\n<p>Si vous le souhaitez, et selon votre situation personnelle (objets de valeur, zone jug\u00e9e \u00e0 risque&#8230;), vous pouvez <strong>opter pour des extensions de garantie<\/strong>, pour vous pr\u00e9munir par exemple des vols, ou encore des bris de glace. N&rsquo;h\u00e9sitez pas \u00e0 consulter nos dossiers sur l<a href=\"https:\/\/www.bobex.be\/fr-be\/assurance-incendie\/\" target=\"_blank\" rel=\"noreferrer noopener\">&lsquo;assurance habitation<\/a> si vous souhaitez en savoir plus.\u00a0<\/p>\n\n\n\n<h3 class=\"wp-block-heading\"><span class=\"ez-toc-section\" id=\"Est-ce_que_lassurance_habitation_est_obligatoire_en_Belgique\"><\/span>Est-ce que l&rsquo;assurance habitation est obligatoire en Belgique ?<span class=\"ez-toc-section-end\"><\/span><\/h3>\n\n\n\n<p>L\u00e9galement, l&rsquo;assurance habitation n&rsquo;est<strong> pas obligatoire en Belgique<\/strong>. N\u00e9anmoins, que vous soyez propri\u00e9taire ou locataire, il est <strong>tr\u00e8s fortement recommand\u00e9 <\/strong>d&rsquo;en souscrire une. En effet, l&rsquo;assurance habitation vous permet de <strong>compenser d&rsquo;\u00e9ventuelles pertes<\/strong> (d\u00e9gradation de mobilier, par exemple), de <strong>d\u00e9bloquer des fonds pour des r\u00e9parations impr\u00e9vues<\/strong> (un arbre abime votre toiture lors d&rsquo;une temp\u00eate), ou encore de <strong>vous aider \u00e0 payer les dommages caus\u00e9s \u00e0 autrui <\/strong>(si votre arbre tombe sur la maison voisine).&nbsp;<\/p>\n\n\n\n<p>Dans certains cas, notamment en location, votre propri\u00e9taire peut demander \u00e0 ce que vous soyez couverts des dommages que vous pourriez causer au bien, notamment en mati\u00e8re d&rsquo;incendie, ou d&rsquo;explosion. Si elle n&rsquo;est pas obligatoire l\u00e9galement, elle peut le devenir de fa\u00e7on <strong>contractuelle<\/strong>. De plus, certains organismes tiers peuvent exiger que vous <strong>souscriviez cette assurance<\/strong>, la banque qui g\u00e8re votre pr\u00eat par exemple.<\/p>\n\n\n\n            <div style=\"\n            --icon-bg-color: #17518d ;\n            --maskUrl:url( https:\/\/www.bobex.be\/fr-be\/wp-content\/plugins\/bobex-blocks\/img\/mask.svg );\n            --title-color:#10375e;\n            --bg-color: #d1e8f2;\n            --content-color:#5c5c5c\n        \" class=\"bobex-block-maindiv\" >\n                    <div class=\"bobex-tip-block__icon-area\">\n                        <img decoding=\"async\" src=\"https:\/\/www.bobex.be\/fr-be\/wp-content\/plugins\/bobex-blocks\/img\/advice.png\" alt=\"adive-icon\" class=\"bobex-tip-block__tipsLogo\"\/>\n                    <\/div>\n                    <div class=\"bobex-tip-block__content-area p-2\">\n                        <p class=\"bobex-block-tips-title\">D&rsquo;autres points d&rsquo;attention avant de construire une v\u00e9randa : <\/p>\n                        <p class=\"bobex-block-tips-content\">R\u00e9fl\u00e9chissez au type de mat\u00e9riau que vous souhaitez (<a href=\"https:\/\/www.bobex.be\/fr-be\/veranda\/veranda-en-bois\/\">bois<\/a>, <a href=\"https:\/\/www.bobex.be\/fr-be\/veranda\/veranda-en-aluminium\/\">alu<\/a>, <a href=\"https:\/\/www.bobex.be\/fr-be\/veranda\/pvc\/\">pvc<\/a>), au type de v\u00e9randa que vous souhaitez (<a href=\"https:\/\/www.bobex.be\/fr-be\/veranda\/retractable\/\">r\u00e9tractable<\/a>, vitr\u00e9e, &#8230;) ainsi qu&rsquo;\u00e0 son <a href=\"https:\/\/www.bobex.be\/fr-be\/veranda\/amenagement\/\">am\u00e9nagement<\/a> duquel d\u00e9coulera <a href=\"https:\/\/www.bobex.be\/fr-be\/veranda\/isoler-votre-veranda\/\">l&rsquo;isolation<\/a> n\u00e9cessaire ainsi que <a href=\"https:\/\/www.bobex.be\/fr-be\/veranda\/modeles\/\">le mod\u00e8le<\/a>.<br><br>Tous ces \u00e9l\u00e9ments feront varier <a href=\"https:\/\/www.bobex.be\/fr-be\/veranda\/prix-veranda\/\">le prix<\/a> total \u00e0 d\u00e9bourser.<\/p>\n                        <div><\/div>\n                    <\/div>\n            <\/div>\n        \n\n\n<h2 class=\"wp-block-heading\"><span class=\"ez-toc-section\" id=\"Vous_cherchez_un_specialiste_pour_votre_projet_veranda\"><\/span>Vous cherchez un sp\u00e9cialiste pour votre projet v\u00e9randa ?<span class=\"ez-toc-section-end\"><\/span><\/h2>\n\n\n\n<p>Vous avez un <strong>projet de construction de v\u00e9randa<\/strong> et souhaitez \u00eatre accompagn\u00e9 dans son \u00e9laboration ? Remplissez le formulaire suivant et obtenez<strong> jusqu&rsquo;\u00e0 5 devis,<\/strong> gratuits et sans engagement, des meilleurs professionnels de votre r\u00e9gion. Choisissez l&rsquo;option qui vous convient et cr\u00e9ez-vous l&rsquo;espace de d\u00e9tente de vos r\u00eaves !&nbsp;<\/p>\n\n\n\n<p>Bobex est une plateforme et ne vend pas de produits elle-m\u00eame. Notre r\u00f4le se limite \u00e0 r\u00e9unir les parties. Nous ne sommes pas des distributeurs d\u2019assurances. Nous nous contentons de fournir de l&rsquo;information sur les produits d&rsquo;assurances, les interm\u00e9diaires d&rsquo;assurances ou les soci\u00e9t\u00e9s d&rsquo;assurances, aux assur\u00e9s potentiels, et nous ne prenons aucune autre mesure pour les assister \u00e0 la conclusion d&rsquo;un contrat d&rsquo;assurance. (Loi du 4 avril 2017 relative aux assurances et r\u00e9assurances).<\/p>\n\n\n<div id=\"ppp\" class=\"bob-form-wrapper\" data-ajax_url=\"https:\/\/www.bobex.be\/fr-be\/wp-admin\/admin-ajax.php\" data-fa_a=\"\" data-fa_b=\"\"><div class=\"loader\" aria-hidden=\"true\"><\/div>    <div>\n        <div class=\"row mx-auto mb-2\" style=\"max-width: 900px;\">\n            <div class=\"col-md-4\"><i class=\"mr-1 fas fa-check\" style=\"color:green;\"><\/i>Devis gratuits et rapides<\/div>\n            <div class=\"col-md-4\"><i class=\"mr-1 fas fa-check\" style=\"color:green;\"><\/i>Sans engagement et obligation<\/div>\n            <div class=\"col-md-4\"><i class=\"mr-1 fas fa-check\" style=\"color:green;\"><\/i>Professionnels agr\u00e9\u00e9s<\/div>\n        <\/div>\n    <\/div><div id=\"form-69f171788ed49\" class=\"bob-form-container\" style=\"background-color: white; font-family: Roboto, sans-serif !important; font-size: 16px !important; color: #545454; box-shadow: 0 2px 10px rgba(0,0,0,0.1); --font_title: Poppins; --font_size_title: 20px; --title_bg_color: #175da6; --copyright_color: #fde8e1; --box_upload_color: #e5f2f7; padding:unset;\" data-form-type=\"inline\" data-form-id=\"69f171788ed49\"><style>#form-69f171788ed49 .bob-form-inline-question.even {\n  background-color: #e5f2f7;\n}\n#form-69f171788ed49 .single_multiple.multiple_button {\n  background-color: #e5f2f7 !important;\n}\n#form-69f171788ed49 .bob-form-inline-question--hidden {\n  display: none;\n}<\/style><div class=\"form-questions\"><form id=\"bob-form\" class=\"bob-form bob-form-tag\" method=\"post\" action=\"https:\/\/www.bobex.be\/fr-be\/wp-admin\/admin-ajax.php?action=bobex-form-validation\">    <div class=\"form-title\">\n        Formulez votre demande\n        <div class=\"form-title-info-line\">\n            R\u00e9pondez \u00e0 quelques questions et entrez en contact avec des sp\u00e9cialistes fiables. Nous vous demandons vos coordonn\u00e9es afin de s\u00e9lectionner les professionnels actifs dans votre r\u00e9gion.\n        <\/div>\n    <\/div><div class=\"form-questions bob-form-inline-question\"><div class=\"row\"><div class=\"question col-md-4\"><label>1*. Quel type de v\u00e9randa recherchez-vous?<\/label><\/div><div class=\"answer col-md-8\"><div class=\"bob-form-checkbox d-flex\"><input type=\"checkbox\" class=\"inline-checkbox bob-form-input\" id=\"69f171788ed49-input-0-1\" data-unique-id=\"69f171788ed49\" name=\"XML_extra_check[]\" value=\"1\"  required=\"required\" onclick=\"checkboxTurnChecked(this)\"><label for=\"69f171788ed49-input-0-1\">V\u00e9randa classique<\/label><\/div><div class=\"bob-form-checkbox d-flex\"><input type=\"checkbox\" class=\"inline-checkbox bob-form-input\" id=\"69f171788ed49-input-0-2\" data-unique-id=\"69f171788ed49\" name=\"XML_extra_check[]\" value=\"2\"  required=\"required\" onclick=\"checkboxTurnChecked(this)\"><label for=\"69f171788ed49-input-0-2\">V\u00e9randa \u00e0 vivre<\/label><\/div><div class=\"bob-form-checkbox d-flex\"><input type=\"checkbox\" class=\"inline-checkbox bob-form-input\" id=\"69f171788ed49-input-0-3\" data-unique-id=\"69f171788ed49\" name=\"XML_extra_check[]\" value=\"3\"  required=\"required\" onclick=\"checkboxTurnChecked(this)\"><label for=\"69f171788ed49-input-0-3\">Orangerie (jardin d&#039;hiver)<\/label><\/div><div class=\"bob-form-checkbox d-flex\"><input type=\"checkbox\" class=\"inline-checkbox bob-form-input\" id=\"69f171788ed49-input-0-4\" data-unique-id=\"69f171788ed49\" name=\"XML_extra_check[]\" value=\"4\"  required=\"required\" onclick=\"checkboxTurnChecked(this)\"><label for=\"69f171788ed49-input-0-4\">Horeca ou autre projet commercial<\/label><\/div><div class=\"bob-form-checkbox d-flex\"><input type=\"checkbox\" class=\"inline-checkbox bob-form-input\" id=\"69f171788ed49-input-0-5\" data-unique-id=\"69f171788ed49\" name=\"XML_extra_check[]\" value=\"5\"  required=\"required\" onclick=\"checkboxTurnChecked(this)\"><label for=\"69f171788ed49-input-0-5\">Autre \/ Je ne sais pas<\/label><\/div><\/div><\/div><\/div><div class=\"form-questions bob-form-inline-question even\"><div class=\"row\"><div class=\"question col-md-4\"><label>2*. Quel mat\u00e9riaux souhaitez vous?<\/label><\/div><div class=\"answer col-md-8\"><div class=\"bob-form-radio d-flex\"><input type=\"radio\" class=\"inline-radio\" id=\"69f171788ed49-input-1-1\" data-unique-id=\"69f171788ed49\" name=\"XML_extra_radio2\" value=\"1\"  required=\"required\"><label for=\"69f171788ed49-input-1-1\">Aluminium<\/label><\/div><div class=\"bob-form-radio d-flex\"><input type=\"radio\" class=\"inline-radio\" id=\"69f171788ed49-input-1-2\" data-unique-id=\"69f171788ed49\" name=\"XML_extra_radio2\" value=\"2\"  required=\"required\"><label for=\"69f171788ed49-input-1-2\">PVC<\/label><\/div><div class=\"bob-form-radio d-flex\"><input type=\"radio\" class=\"inline-radio\" id=\"69f171788ed49-input-1-3\" data-unique-id=\"69f171788ed49\" name=\"XML_extra_radio2\" value=\"3\"  required=\"required\"><label for=\"69f171788ed49-input-1-3\">Bois<\/label><\/div><div class=\"bob-form-radio d-flex\"><input type=\"radio\" class=\"inline-radio\" id=\"69f171788ed49-input-1-4\" data-unique-id=\"69f171788ed49\" name=\"XML_extra_radio2\" value=\"4\"  required=\"required\"><label for=\"69f171788ed49-input-1-4\">Je ne sais pas<\/label><\/div><\/div><\/div><\/div><div class=\"form-questions bob-form-inline-question\"><div class=\"row\"><div class=\"question col-md-4\"><label>3*. Quelle est la taille estim\u00e9e de la v\u00e9randa?<\/label><\/div><div class=\"answer col-md-8\"><div class=\"bob-form-radio d-flex\"><input type=\"radio\" class=\"inline-radio\" id=\"69f171788ed49-input-2-1\" data-unique-id=\"69f171788ed49\" name=\"XML_extra_radio3\" value=\"1\"  required=\"required\"><label for=\"69f171788ed49-input-2-1\">Moins de 10 m2<\/label><\/div><div class=\"bob-form-radio d-flex\"><input type=\"radio\" class=\"inline-radio\" id=\"69f171788ed49-input-2-2\" data-unique-id=\"69f171788ed49\" name=\"XML_extra_radio3\" value=\"2\"  required=\"required\"><label for=\"69f171788ed49-input-2-2\">Entre 10 et 25 m2<\/label><\/div><div class=\"bob-form-radio d-flex\"><input type=\"radio\" class=\"inline-radio\" id=\"69f171788ed49-input-2-3\" data-unique-id=\"69f171788ed49\" name=\"XML_extra_radio3\" value=\"3\"  required=\"required\"><label for=\"69f171788ed49-input-2-3\">Entre 25 et 50 m2<\/label><\/div><div class=\"bob-form-radio d-flex\"><input type=\"radio\" class=\"inline-radio\" id=\"69f171788ed49-input-2-4\" data-unique-id=\"69f171788ed49\" name=\"XML_extra_radio3\" value=\"4\"  required=\"required\"><label for=\"69f171788ed49-input-2-4\">Plus de 50 m2<\/label><\/div><div class=\"bob-form-radio d-flex\"><input type=\"radio\" class=\"inline-radio\" id=\"69f171788ed49-input-2-5\" data-unique-id=\"69f171788ed49\" name=\"XML_extra_radio3\" value=\"5\"  required=\"required\"><label for=\"69f171788ed49-input-2-5\">Je ne sais pas encore<\/label><\/div><\/div><\/div><\/div><div class=\"form-questions bob-form-inline-question even\"><div class=\"row\"><div class=\"question col-md-4\"><label>4. Quand d\u00e9sirez-vous d\u00e9buter l&rsquo;installation de la v\u00e9randa?<\/label><\/div><div class=\"answer col-md-8\"><div class=\"bob-form-radio d-flex\"><input type=\"radio\" class=\"inline-radio\" id=\"69f171788ed49-input-3-1\" data-unique-id=\"69f171788ed49\" name=\"XML_extra_radio4\" value=\"1\"  ><label for=\"69f171788ed49-input-3-1\">Dans 1 \u00e0 4 mois<\/label><\/div><div class=\"bob-form-radio d-flex\"><input type=\"radio\" class=\"inline-radio\" id=\"69f171788ed49-input-3-2\" data-unique-id=\"69f171788ed49\" name=\"XML_extra_radio4\" value=\"2\"  ><label for=\"69f171788ed49-input-3-2\">Dans 5 \u00e0 12 mois<\/label><\/div><div class=\"bob-form-radio d-flex\"><input type=\"radio\" class=\"inline-radio\" id=\"69f171788ed49-input-3-3\" data-unique-id=\"69f171788ed49\" name=\"XML_extra_radio4\" value=\"3\"  ><label for=\"69f171788ed49-input-3-3\">Dans 13 \u00e0 18 mois<\/label><\/div><\/div><\/div><\/div><div class=\"form-questions bob-form-inline-question\"><div class=\"d-flex flex-column\"><label class=\"question\" for=\"69f171788ed49-input-4\">5. Description de votre projet<\/label><textarea class=\"bob-form-input\" name=\"XML_remarks\" id=\"69f171788ed49-input-4\" data-unique-id=\"69f171788ed49\"><\/textarea><\/div><\/div><div class=\"bob-inline-form bob-form-tag upload-box mb-3\">\n                    <div class=\"row\">\n                        <div class=\"col-md-12 mb-2 question\">Ajouter des photos ou des pi\u00e8ces jointes (en Option)<\/div>\n                        <div class=\"col-md-12\">\n                            <div class=\"box__input\" style=\"background-color: #e5f2f7;\"\n                                 ondrop=\"drop(event)\"\n                                 ondragover=\"allowDrop(event)\"\n                                 ondragleave=\"removeDropFx(event)\"\n                                >\n                                <input type=\"file\"\n                                       class=\"file__input\"\n                                       name=\"attachments[]\"\n                                       id=\"attachments\"\n                                       multiple=\"multiple\"\n                                       accept=\"image\/jpeg, image\/png, image\/gif, application\/pdf\"\n                                       data-multiple-caption=\"{count} files selected\">\n                                <div>\n                                    <label for=\"attachments\"><strong>S\u00e9lectionnez un fichier <\/strong>ou glissez-le ici<\/label>\n                                    <span class=\"box__button bobex-round-cta m-1 py-1\"\n                                          style=\"mix-blend-mode: luminosity\">\n                                        <i class=\"fas fa-cloud-upload-alt text-white\"><\/i>\n                                        T\u00e9l\u00e9charger\n                                    <\/span>\n                                <\/div>\n            \n                                <div class=\"row preview_wrapper m-0\"><\/div>\n                            <\/div>\n            \n                            <div class=\"box__uploading\">Uploading\u2026<\/div>\n                            <div class=\"box__success\">Done!<\/div>\n                            <div class=\"box__error\">Error! <span><\/span>.<\/div>\n                        <\/div>\n                    <\/div>\n                <\/div>    <div class=\"form-title\">\n        Vos donn\u00e9es\n    <\/div><div class=\"bob-form-contact-data\" style=\"padding: 20px\"><div class=\"row lead-info\"><div class=\"col-md-6 mb-3\">  <div class=\"form-group\">    <input value=\"\" type=\"text\" class=\"form-control\" id=\"firstName\" name=\"firstName\" placeholder=\"Pr\u00e9nom\" required>    <div class=\"valid-feedback\">Enchant\u00e9 !<\/div>    <div class=\"invalid-feedback\">Veuillez indiquer votre pr\u00e9nom<\/div>  <\/div><\/div><div class=\"col-md-6 mb-3\">  <div class=\"form-group\">    <input value=\"\" type=\"text\" class=\"form-control\" id=\"lastName\" name=\"lastName\" placeholder=\"Nom\" required>    <div class=\"valid-feedback\">Sympa<\/div>    <div class=\"invalid-feedback\">Veuillez indiquer votre nom de famille<\/div>  <\/div><\/div><div class=\"col-md-12 mb-3\">  <div class=\"form-group\">    <input value=\"\" type=\"email\" class=\"form-control\" id=\"email\" name=\"email\" placeholder=\"E-mail\" required style=\"max-width: unset;\">    <div class=\"valid-feedback\">C&rsquo;est tout bon<\/div>    <div class=\"invalid-feedback\">Veuillez indiquer une adresse e-mail valide<\/div>  <\/div><\/div><div class=\"col-md-12 mb-3\">  <div class=\"form-group\">    <input value=\"\" type=\"tel\" class=\"form-control\" id=\"phone\" name=\"phone\" placeholder=\"T\u00e9l\u00e9phone\" required style=\"max-width: unset;\">    <div class=\"valid-feedback\">Parfait<\/div>    <div class=\"invalid-feedback\">Veuillez indiquer un num\u00e9ro de t\u00e9l\u00e9phone valide<\/div>  <\/div><\/div><div class=\"col-md-12 mb-3\">  <div class=\"form-group\">    <input value=\"\" type=\"text\" class=\"form-control\" id=\"companyAddress\" name=\"companyAddress\" placeholder=\"Adresse\" required style=\"max-width: unset;\">    <div class=\"valid-feedback\">C&rsquo;est not\u00e9<\/div>    <div class=\"invalid-feedback\">Veuillez indiquer une adresse valide<\/div>  <\/div><\/div><div class=\"col-md-6 mb-3\">  <div class=\"form-group\">    <input value=\"\" type=\"text\" class=\"form-control\" id=\"companyPostalCode\" name=\"companyPostalCode\" placeholder=\"Code postal\" required>    <div class=\"valid-feedback\">Excellent !<\/div>    <div class=\"invalid-feedback\">Veuillez indiquer un code postal valide<\/div>  <\/div><\/div><div class=\"col-md-6 mb-3\">  <div class=\"form-group\">    <input value=\"\" type=\"text\" class=\"form-control\" id=\"companyCity\" name=\"companyCity\" placeholder=\"Ville\" required>    <div class=\"valid-feedback\">Bien jou\u00e9<\/div>    <div class=\"invalid-feedback\">Veuillez indiquer une ville valide<\/div>  <\/div><\/div><div class=\"d-flex mt-3\"><input name=\"promoOptin\" value=\"true\" id=\"promoOptin\" type=\"checkbox\" class=\"me-2\" style=\"width: unset\"><label for=\"promoOptin\">Je souhaite rester inform\u00e9 de ma demande et recevoir des conseils pratiques (fortement recommand\u00e9 !) <\/label><\/div><\/div><\/div><input type=\"hidden\" class=\"session_var\" name=\"newform\" value=\"true\"><input type=\"hidden\" class=\"session_var\" name=\"lead-validation-nonce\" value=\"44fabf7d20\"><input type=\"hidden\" class=\"session_var\" name=\"aff\" value=\"minisite\"><input type=\"hidden\" class=\"session_var\" name=\"utm_source\" value=\"https:\/\/www.bobex.be\/fr-be\/wp-json\/v2\/content\/134429\"><input type=\"hidden\" class=\"session_var\" name=\"bobx\" value=\"\"><input type=\"hidden\" class=\"session_var\" name=\"sessionType\" value=\"B2C\"><input type=\"hidden\" class=\"session_var\" name=\"utm_medium\" value=\"web\"><input type=\"hidden\" class=\"session_var\" name=\"utm_campaign\" value=\"search\"><input type=\"hidden\" class=\"session_var\" name=\"rem_source\" value=\"https:\/\/www.bobex.be\/fr-be\/veranda\/assurance-veranda\/\"><input type=\"hidden\" class=\"session_var\" name=\"pixel_id\" value=\"-1\"><input type=\"hidden\" class=\"session_var\" name=\"tabo_id\" value=\"-1\"><input type=\"hidden\" class=\"session_var\" name=\"click_id\" value=\"-1\"><input type=\"hidden\" class=\"session_var\" name=\"gclid\" value=\"-1\"><input type=\"hidden\" class=\"session_var\" name=\"msclkid\" value=\"-1\"><input type=\"hidden\" class=\"session_var\" name=\"past_aff\" value=\"bobex\"><input type=\"hidden\" class=\"session_var\" name=\"redirectTo\" value=\"BE\"><input type=\"hidden\" class=\"session_var\" name=\"is_type_id\" value=\"true\"><input type=\"hidden\" class=\"session_var\" name=\"typeid\" value=\"30163\"><input type=\"hidden\" class=\"session_var\" name=\"companyType\" value=\"label.companytype.consumer\"><input type=\"hidden\" class=\"session_var\" name=\"input_names\" value=\"XML_extra_check,XML_extra_radio2,XML_extra_radio3,XML_extra_radio4,XML_remarks\"><input type=\"hidden\" class=\"form_context\" value=\"BE\"><img decoding=\"async\" class=\"bobex-pixel\" src=\"\" alt=\"\" style=\"display:none\" \/>    <div class=\"bob-form-submit d-flex justify-content-center\">\n        <button type=\"submit\" class=\"form-submit\" style=\"background-color: #F1653A; color: white; border: none !important; border-radius: 5px !important; font-family: Roboto, sans-serif; font-size: 16px;\">\n            Demander un devis\n        <\/button>\n    <\/div>    <div class=\"bob-inline-form form-footer\" style=\"border-radius: 0 0 10px 10px\">\n        <div class=\"bob-form-privacy-text\">\n            <div style=\"float:left;\"><i class=\"fa fa-lock\"><\/i><\/div>\n            <div class=\"ms-2\">\n                <div style='padding-left: 15px;font-size: 0.8em !important;z-index: 10;'><b>Nous respectons votre vie priv\u00e9e<\/b><br> Conform\u00e9ment \u00e0 la loi du 8\/12\/1992 relative \u00e0 la protection de la vie priv\u00e9e, vous disposez d&rsquo;un droit d&rsquo;acc\u00e8s et de rectification \u00e0 vos donn\u00e9es. Pour en savoir plus, consultez notre <span class=\"link_ob\" data-link=\"aHR0cHM6Ly93d3cuYm9iZXguYmUvZnItYmUvcHJvdGVjdGlvbi1kZS1sYS12aWUtcHJpdmVlLw==\" target=\"_blank\">charte sur la vie priv\u00e9e<\/span>.<\/div>\n                \n            <\/div>\n        <\/div>\n    <\/div><\/form><\/div><div class=\"multiple_mini hidden\" data-lead_id=\"\"><p class=\"multiple-title\">Merci d&rsquo;avoir pris le temps de remplir ce formulaire<\/p><p>Nous vous contacterons d\u00e8s que possible pour vous orienter vers le meilleur sp\u00e9cialiste correspondant \u00e0 votre demande.<\/p><div class=\"multiple_wrapper\"><div class=\"loader\"><\/div><p class=\"multiple-title\">Vous cherchez d&rsquo;autres services ?<\/p><p class=\"multiple_text\">Vous souhaitez comparer d&rsquo;autres devis ou explorer d&rsquo;autres services ? Faites-le nous savoir et nous vous mettrons rapidement en relation<\/p><div class=\"multiple_container\"><div class=\"single_multiple multiple_button\" data-typeid=\"11406\"><i class=\"fa-3x cat icon-11406\"><\/i><span class=\"multiple_name\">Syst\u00e8me d&rsquo;alarme<\/span><\/div><div class=\"single_multiple multiple_button\" data-typeid=\"100002\"><i class=\"fa-3x cat icon-100002\"><\/i><span class=\"multiple_name\">Architecte<\/span><\/div><div class=\"single_multiple multiple_button\" data-typeid=\"11997\"><i class=\"fa-3x cat icon-11997\"><\/i><span class=\"multiple_name\">Chemin\u00e9e<\/span><\/div><div class=\"single_multiple multiple_button\" data-typeid=\"11427\"><i class=\"fa-3x cat icon-11427\"><\/i><span class=\"multiple_name\">Isolation<\/span><\/div><div class=\"single_multiple multiple_button\" data-typeid=\"11364\"><i class=\"fa-3x cat icon-11364\"><\/i><span class=\"multiple_name\">Panneaux solaires<\/span><\/div><div class=\"single_multiple multiple_button\" data-typeid=\"30164\"><i class=\"fa-3x cat icon-30164\"><\/i><span class=\"multiple_name\">Pergola<\/span><\/div><div class=\"single_multiple hidden multiple_button\" data-typeid=\"11453\"><i class=\"fa-3x cat icon-11453\"><\/i><span class=\"multiple_name\">Syst\u00e8me de ventilation<\/span><\/div><div class=\"single_multiple hidden multiple_button\" data-typeid=\"30165\"><i class=\"fa-3x cat icon-30165\"><\/i><span class=\"multiple_name\">Carport<\/span><\/div><div class=\"single_multiple hidden multiple_button\" data-typeid=\"12003\"><i class=\"fa-3x cat icon-12003\"><\/i><span class=\"multiple_name\">Am\u00e9nagement du jardin<\/span><\/div><\/div><\/div><\/div><\/div><\/div>\n\n\n<h2 class=\"wp-block-heading\"><span class=\"ez-toc-section\" id=\"Quelques_informations_supplementaires_sur_les_assurances\"><\/span>Quelques informations suppl\u00e9mentaires sur les assurances<span class=\"ez-toc-section-end\"><\/span><\/h2>\n\n\n\n<p>Vous n&rsquo;avez pas encore trouv\u00e9 la r\u00e9ponse \u00e0 votre question ? Vous pourrez retrouver ci-dessous quelques questions suppl\u00e9mentaires pr\u00e9c\u00e9demment pos\u00e9es par d&rsquo;autres clients.&nbsp;<\/p>\n\n\n\n<div class=\"wp-block-bobex-frequently-asked-questions bobex-faq-main-wrapper\">\n            <div class=\"bobex-simple-question-answer-block\">\n                <div class=\"bobex-simple-question-answer-block__question\" style=\"background-color: #63b0d1!important; color: white!important;\">\n                    <h3 style=\"color: white!important; margin:unset; font-size:1.2rem;\" class=\"bobex-simple-question-answer-block__question__content\"><span class=\"ez-toc-section\" id=\"Le_mobilier_dans_votre_veranda_est-il_assure\"><\/span>Le mobilier dans votre v\u00e9randa est-il assur\u00e9 ?<span class=\"ez-toc-section-end\"><\/span><\/h3>\n                    <div class=\"bobex-simple-question-answer-block__question__toggle\">+<\/div>\n                <\/div>\n                <div class=\"bobex-simple-question-answer-block__answer\" style=\"background-color: !important; color: black!important;\">\n                    <div class=\"bobex-simple-question-answer-block__answer__content\">Comme dans votre habitation, il est important de penser \u00e0 <strong>assurer le mobilier <\/strong>qui se trouve dans votre v\u00e9randa.\u00a0 Si cela n&rsquo;est pas compris dans votre assurance, pensez \u00e0 ajouter une assurance sp\u00e9cifique pour le mobilier. Le montant de celle-ci sera calcul\u00e9 en fonction de la valeur de vos biens mobiliers.<\/div>\n                    <div><\/div>\n                <\/div>\n            <\/div>\n        \n\n\n            <div class=\"bobex-simple-question-answer-block\">\n                <div class=\"bobex-simple-question-answer-block__question\" style=\"background-color: #63b0d1!important; color: white!important;\">\n                    <h3 style=\"color: white!important; margin:unset; font-size:1.2rem;\" class=\"bobex-simple-question-answer-block__question__content\"><span class=\"ez-toc-section\" id=\"Quand_faut-il_assurer_sa_maison\"><\/span>Quand faut-il assurer sa maison ?\u00a0<span class=\"ez-toc-section-end\"><\/span><\/h3>\n                    <div class=\"bobex-simple-question-answer-block__question__toggle\">+<\/div>\n                <\/div>\n                <div class=\"bobex-simple-question-answer-block__answer\" style=\"background-color: !important; color: black!important;\">\n                    <div class=\"bobex-simple-question-answer-block__answer__content\">Assurer son habitation n&rsquo;est pas obligatoire. Lorsque vous r\u00e9alisez un pr\u00eat pour acheter votre bien, la banque peut obliger une souscription \u00e0 une assurance.<br>La souscription \u00e0 une assurance peut se faire \u00e0 diff\u00e9rents moments comme quand vous devenez locataire, lorsque vous devenez propri\u00e9taire du logement dans lequel vous habitez ou lorsque vous avez un logement \u00e9tudiant.<br>En cas de location, l&rsquo;assurance doit \u00eatre en cours de validit\u00e9 pour le premier jour du bail.<\/div>\n                    <div><\/div>\n                <\/div>\n            <\/div>\n        \n\n\n            <div class=\"bobex-simple-question-answer-block\">\n                <div class=\"bobex-simple-question-answer-block__question\" style=\"background-color: #63b0d1!important; color: white!important;\">\n                    <h3 style=\"color: white!important; margin:unset; font-size:1.2rem;\" class=\"bobex-simple-question-answer-block__question__content\"><span class=\"ez-toc-section\" id=\"Qui_doit_assurer_sa_maison\"><\/span>Qui doit assurer sa maison ?\u00a0<span class=\"ez-toc-section-end\"><\/span><\/h3>\n                    <div class=\"bobex-simple-question-answer-block__question__toggle\">+<\/div>\n                <\/div>\n                <div class=\"bobex-simple-question-answer-block__answer\" style=\"background-color: !important; color: black!important;\">\n                    <div class=\"bobex-simple-question-answer-block__answer__content\">La personne devant souscrire \u00e0 une assurance pour son habitation va changer en fonction de la r\u00e9gion dans laquelle vous habitez.<br>En<strong> r\u00e9gion bruxelloise<\/strong>, le propri\u00e9taire peut choisir s&rsquo;il souhaite assurer son bien ou non. En <strong>r\u00e9gion wallonne<\/strong>, l&rsquo;obligation d&rsquo;assurance ne s&rsquo;applique qu&rsquo;aux locataires. En<strong> r\u00e9gion flamande<\/strong>, les locataires ainsi que les propri\u00e9taires sont tenus de souscrire \u00e0 une assurance incendie et \u00e0 une assurance couvrant les d\u00e9g\u00e2ts des eaux.\u00a0<\/div>\n                    <div><\/div>\n                <\/div>\n            <\/div>\n        <\/div>\n\n                    <script type=\"application\/ld+json\">\n                        {\"@context\":\"https:\\\/\\\/schema.org\",\"@type\":\"FAQPage\",\"mainEntity\":[{\"@type\":\"Question\",\"name\":\"Le mobilier dans votre v\\u00e9randa est-il assur\\u00e9 ?\",\"acceptedAnswer\":{\"@type\":\"Answer\",\"text\":\"Comme dans votre habitation, il est important de penser \\u00e0 <strong>assurer le mobilier <\\\/strong>qui se trouve dans votre v\\u00e9randa.\\u00a0 Si cela n'est pas compris dans votre assurance, pensez \\u00e0 ajouter une assurance sp\\u00e9cifique pour le mobilier. Le montant de celle-ci sera calcul\\u00e9 en fonction de la valeur de vos biens mobiliers.\"}},{\"@type\":\"Question\",\"name\":\"Quand faut-il assurer sa maison ?\\u00a0\",\"acceptedAnswer\":{\"@type\":\"Answer\",\"text\":\"Assurer son habitation n'est pas obligatoire. Lorsque vous r\\u00e9alisez un pr\\u00eat pour acheter votre bien, la banque peut obliger une souscription \\u00e0 une assurance.<br>La souscription \\u00e0 une assurance peut se faire \\u00e0 diff\\u00e9rents moments comme quand vous devenez locataire, lorsque vous devenez propri\\u00e9taire du logement dans lequel vous habitez ou lorsque vous avez un logement \\u00e9tudiant.<br>En cas de location, l'assurance doit \\u00eatre en cours de validit\\u00e9 pour le premier jour du bail.\"}},{\"@type\":\"Question\",\"name\":\"Qui doit assurer sa maison ?\\u00a0\",\"acceptedAnswer\":{\"@type\":\"Answer\",\"text\":\"La personne devant souscrire \\u00e0 une assurance pour son habitation va changer en fonction de la r\\u00e9gion dans laquelle vous habitez.<br>En<strong> r\\u00e9gion bruxelloise<\\\/strong>, le propri\\u00e9taire peut choisir s'il souhaite assurer son bien ou non. En <strong>r\\u00e9gion wallonne<\\\/strong>, l'obligation d'assurance ne s'applique qu'aux locataires. En<strong> r\\u00e9gion flamande<\\\/strong>, les locataires ainsi que les propri\\u00e9taires sont tenus de souscrire \\u00e0 une assurance incendie et \\u00e0 une assurance couvrant les d\\u00e9g\\u00e2ts des eaux.\\u00a0\"}}]}\n                    <\/script>\n                ","protected":false},"featured_media":0,"parent":0,"template":"","meta":{"business":"45781","footnotes":""},"class_list":["post-134429","content","type-content","status-publish","hentry"],"_links":{"self":[{"href":"https:\/\/www.bobex.be\/fr-be\/wp-json\/wp\/v2\/content\/134429","targetHints":{"allow":["GET"]}}],"collection":[{"href":"https:\/\/www.bobex.be\/fr-be\/wp-json\/wp\/v2\/content"}],"about":[{"href":"https:\/\/www.bobex.be\/fr-be\/wp-json\/wp\/v2\/types\/content"}],"version-history":[{"count":8,"href":"https:\/\/www.bobex.be\/fr-be\/wp-json\/wp\/v2\/content\/134429\/revisions"}],"predecessor-version":[{"id":214317,"href":"https:\/\/www.bobex.be\/fr-be\/wp-json\/wp\/v2\/content\/134429\/revisions\/214317"}],"wp:attachment":[{"href":"https:\/\/www.bobex.be\/fr-be\/wp-json\/wp\/v2\/media?parent=134429"}],"curies":[{"name":"wp","href":"https:\/\/api.w.org\/{rel}","templated":true}]}}