{"id":132635,"date":"2023-04-19T16:01:46","date_gmt":"2023-04-19T16:01:46","guid":{"rendered":"https:\/\/www.bobex.be\/fr-be\/veranda\/fabricants-belgique\/veranclassic\/"},"modified":"2024-05-17T14:00:54","modified_gmt":"2024-05-17T14:00:54","slug":"veranclassic","status":"publish","type":"content","link":"https:\/\/www.bobex.be\/fr-be\/veranda\/fabricants-belgique\/veranclassic\/","title":{"rendered":"Veranclassic : 30 ans d&rsquo;expertise en v\u00e9randa, abris de jardin et pool house"},"content":{"rendered":"\n<div id=\"ez-toc-container\" class=\"ez-toc-v2_0_82_2 counter-hierarchy ez-toc-counter ez-toc-grey ez-toc-container-direction\">\n<div class=\"ez-toc-title-container\">\n<p class=\"ez-toc-title\" style=\"cursor:inherit\">Sommaire<\/p>\n<span class=\"ez-toc-title-toggle\"><a href=\"#\" class=\"ez-toc-pull-right ez-toc-btn ez-toc-btn-xs ez-toc-btn-default ez-toc-toggle\" aria-label=\"Toggle Table of Content\"><span class=\"ez-toc-js-icon-con\"><span class=\"\"><span class=\"eztoc-hide\" style=\"display:none;\">Toggle<\/span><span class=\"ez-toc-icon-toggle-span\"><svg style=\"fill: #999;color:#999\" xmlns=\"http:\/\/www.w3.org\/2000\/svg\" class=\"list-377408\" width=\"20px\" height=\"20px\" viewBox=\"0 0 24 24\" fill=\"none\"><path d=\"M6 6H4v2h2V6zm14 0H8v2h12V6zM4 11h2v2H4v-2zm16 0H8v2h12v-2zM4 16h2v2H4v-2zm16 0H8v2h12v-2z\" fill=\"currentColor\"><\/path><\/svg><svg style=\"fill: #999;color:#999\" class=\"arrow-unsorted-368013\" xmlns=\"http:\/\/www.w3.org\/2000\/svg\" width=\"10px\" height=\"10px\" viewBox=\"0 0 24 24\" version=\"1.2\" baseProfile=\"tiny\"><path d=\"M18.2 9.3l-6.2-6.3-6.2 6.3c-.2.2-.3.4-.3.7s.1.5.3.7c.2.2.4.3.7.3h11c.3 0 .5-.1.7-.3.2-.2.3-.5.3-.7s-.1-.5-.3-.7zM5.8 14.7l6.2 6.3 6.2-6.3c.2-.2.3-.5.3-.7s-.1-.5-.3-.7c-.2-.2-.4-.3-.7-.3h-11c-.3 0-.5.1-.7.3-.2.2-.3.5-.3.7s.1.5.3.7z\"\/><\/svg><\/span><\/span><\/span><\/a><\/span><\/div>\n<nav><ul class='ez-toc-list ez-toc-list-level-1 eztoc-toggle-hide-by-default' ><li class='ez-toc-page-1 ez-toc-heading-level-2'><a class=\"ez-toc-link ez-toc-heading-1\" href=\"https:\/\/www.bobex.be\/fr-be\/veranda\/fabricants-belgique\/veranclassic\/#De_Veranclassic_a_Ostyn_Home_Outdoor_Extensions\" >De Veranclassic \u00e0 Ostyn Home &amp; Outdoor Extensions<\/a><ul class='ez-toc-list-level-3' ><li class='ez-toc-heading-level-3'><a class=\"ez-toc-link ez-toc-heading-2\" href=\"https:\/\/www.bobex.be\/fr-be\/veranda\/fabricants-belgique\/veranclassic\/#En_2023_Veranclassic_et_Poolhouse_Plaza_sont_devenus_Ostyn_Home_Outdoor_Extensions\" >En 2023, Veranclassic et Poolhouse Plaza sont devenus&nbsp;Ostyn Home &amp; Outdoor Extensions<\/a><\/li><\/ul><\/li><li class='ez-toc-page-1 ez-toc-heading-level-2'><a class=\"ez-toc-link ez-toc-heading-3\" href=\"https:\/\/www.bobex.be\/fr-be\/veranda\/fabricants-belgique\/veranclassic\/#Les_services_proposes_par_VeranClassic_Ostyn_Home_Outdoor_Extensions\" >Les services propos\u00e9s par VeranClassic \/&nbsp;Ostyn Home &amp; Outdoor Extensions<\/a><ul class='ez-toc-list-level-3' ><li class='ez-toc-heading-level-3'><a class=\"ez-toc-link ez-toc-heading-4\" href=\"https:\/\/www.bobex.be\/fr-be\/veranda\/fabricants-belgique\/veranclassic\/#Les_verandas_et_pergolas_Veranclassic\" >Les v\u00e9randas et pergolas Veranclassic&nbsp;<\/a><\/li><li class='ez-toc-page-1 ez-toc-heading-level-3'><a class=\"ez-toc-link ez-toc-heading-5\" href=\"https:\/\/www.bobex.be\/fr-be\/veranda\/fabricants-belgique\/veranclassic\/#Les_pool_house_ou_abris_de_piscine_Veranclassic\" >Les pool house ou abris de piscine Veranclassic<\/a><\/li><li class='ez-toc-page-1 ez-toc-heading-level-3'><a class=\"ez-toc-link ez-toc-heading-6\" href=\"https:\/\/www.bobex.be\/fr-be\/veranda\/fabricants-belgique\/veranclassic\/#Labri_de_jardin_Veranclassic\" >L&rsquo;abri de jardin Veranclassic<\/a><\/li><li class='ez-toc-page-1 ez-toc-heading-level-3'><a class=\"ez-toc-link ez-toc-heading-7\" href=\"https:\/\/www.bobex.be\/fr-be\/veranda\/fabricants-belgique\/veranclassic\/#Les_carports_ou_garages_Veranclassic\" >Les carports ou garages Veranclassic&nbsp;<\/a><\/li><\/ul><\/li><li class='ez-toc-page-1 ez-toc-heading-level-2'><a class=\"ez-toc-link ez-toc-heading-8\" href=\"https:\/\/www.bobex.be\/fr-be\/veranda\/fabricants-belgique\/veranclassic\/#Quel_est_le_prix_des_verandas_Veranclassic_en_Belgique\" >Quel est le prix des v\u00e9randas Veranclassic en Belgique ?<\/a><\/li><li class='ez-toc-page-1 ez-toc-heading-level-2'><a class=\"ez-toc-link ez-toc-heading-9\" href=\"https:\/\/www.bobex.be\/fr-be\/veranda\/fabricants-belgique\/veranclassic\/#Lavis_de_Bobex_sur_les_verandas_VeranClassic\" >L&rsquo;avis de Bobex sur les v\u00e9randas VeranClassic&nbsp;<\/a><\/li><li class='ez-toc-page-1 ez-toc-heading-level-2'><a class=\"ez-toc-link ez-toc-heading-10\" href=\"https:\/\/www.bobex.be\/fr-be\/veranda\/fabricants-belgique\/veranclassic\/#Contact_et_adresse_du_showroom_Veranclassic_a_Dottignies_Hainaut\" >Contact et adresse du showroom Veranclassic \u00e0 Dottignies (Hainaut)<\/a><\/li><li class='ez-toc-page-1 ez-toc-heading-level-2'><a class=\"ez-toc-link ez-toc-heading-11\" href=\"https:\/\/www.bobex.be\/fr-be\/veranda\/fabricants-belgique\/veranclassic\/#Comparez_jusqua_5_specialistes_de_verandas_grace_a_Bobex_et_a_nos_devis_gratuits_et_sans_engagement\" >Comparez jusqu&rsquo;\u00e0 5 sp\u00e9cialistes de v\u00e9randas gr\u00e2ce \u00e0 Bobex et \u00e0 nos devis gratuits et sans engagement<\/a><\/li><\/ul><\/nav><\/div>\n<h2 class=\"wp-block-heading\"><span class=\"ez-toc-section\" id=\"De_Veranclassic_a_Ostyn_Home_Outdoor_Extensions\"><\/span>De Veranclassic \u00e0 Ostyn Home &amp; Outdoor Extensions<span class=\"ez-toc-section-end\"><\/span><\/h2>\n\n\n\n<p>Professionnel dans le domaine des v\u00e9randas et autres abris de jardin depuis <strong>1992<\/strong>, l&rsquo;expertise de la soci\u00e9t\u00e9 n&rsquo;est plus \u00e0 prouver.<\/p>\n\n\n\n<p>Veranclassic vous offre le plus grand showroom couvert de Belgique :&nbsp;<strong>+ de 3000m\u00b2<\/strong> sur lesquels vous pourrez d\u00e9couvrir leurs diff\u00e9rentes r\u00e9alisations. Pr\u00e9sent dans<strong> toute la Belgique<\/strong>, vous pouvez aussi faire appel \u00e0 la soci\u00e9t\u00e9 dans le<strong> nord de la France<\/strong>. Leurs collaborateurs sont <strong>disponibles 7j\/7<\/strong> pour r\u00e9pondre \u00e0 vos questions.<\/p>\n\n\n\n<h3 class=\"wp-block-heading\"><span class=\"ez-toc-section\" id=\"En_2023_Veranclassic_et_Poolhouse_Plaza_sont_devenus_Ostyn_Home_Outdoor_Extensions\"><\/span>En 2023, Veranclassic et Poolhouse Plaza sont devenus&nbsp;<strong>Ostyn Home &amp; Outdoor Extensions<\/strong><span class=\"ez-toc-section-end\"><\/span><\/h3>\n\n\n\n            <div class=\"bobex-highlight-global-div\" style=\"\n            --line-color: #17518d;\n            --bg-color: #e5f2f7;\n            --content-color:#10375e;\n            --title-color: #10375e;\n        \">\n                    <div class=\"bobex-highlight-block__border\">\n                        <div class=\"bobex--block_highlight_content-area\">\n                            <p class=\"bobex-block-highlight-title\">La qualit\u00e9 mise en avant<\/p>\n                            <p class=\"bobex-block-highlight-content\">La soci\u00e9t\u00e9 a d\u00e9cid\u00e9 de ce changement pour <strong>\u00e9carter les corr\u00e9lations <\/strong>pouvant exister entre leur ancien nom \u00ab\u00a0Veranclassic\u00a0\u00bb et les v\u00e9randas et abris de jardins de petites tailles. Avec ce changement de nom, ils esp\u00e8rent mettre en avant la qualit\u00e9 et l&rsquo;\u00e9l\u00e9gance des cr\u00e9ations qu&rsquo;ils proposent.\u00a0\n                            \t<div><\/div>\n                            <\/p>\n                        <\/div>\n                    <\/div>\n            <\/div>\n        \n\n\n            <div class=\"bobex-highlight-global-div\" style=\"\n            --line-color: #17518d;\n            --bg-color: #e5f2f7;\n            --content-color:#10375e;\n            --title-color: #10375e;\n        \">\n                    <div class=\"bobex-highlight-block__border\">\n                        <div class=\"bobex--block_highlight_content-area\">\n                            <p class=\"bobex-block-highlight-title\">Retour au racine de la soci\u00e9t\u00e9 m\u00e8re <\/p>\n                            <p class=\"bobex-block-highlight-content\">En effet, ce choix n&rsquo;a pas \u00e9t\u00e9 fait au hasard. Depuis toujours, la soci\u00e9t\u00e9 m\u00e8re s&rsquo;appelle <strong>Ostyn Facilities<\/strong>, du nom de son fondateur. Ce changement permet, par la m\u00eame occasion, de mettre en avant le caract\u00e8re familial pr\u00e9sent au sein de l&rsquo;entreprise.\n                            \t<div><\/div>\n                            <\/p>\n                        <\/div>\n                    <\/div>\n            <\/div>\n        \n\n<div class='bobex-cta-block' style='\n            --button-bg-color: #e13c0e;\n            --button-text-color: #ffffff;\n            --banner-bg-color: #aad4e6;\n            --arrow-main-bg-color: #aad4e6;\n            --arrow-secondary-bg-color: #e5f2f7;\n            --banner-title-color: #10375e;\n            --arrow-title-color: #10375e;\n            --banner-text-color: #545454;\n            --arrow-text-color: #545454;         \n            --invert-range: 0deg;\n        '><a class='cta-button-rounded' href='#ppp'>Vous souhaitez d\u00e9couvrir ce qu&rsquo;Ostyn Home peut vous proposer ?<\/a><\/div>\n\n\n<h2 class=\"wp-block-heading\"><span class=\"ez-toc-section\" id=\"Les_services_proposes_par_VeranClassic_Ostyn_Home_Outdoor_Extensions\"><\/span>Les services propos\u00e9s par VeranClassic \/&nbsp;<strong>Ostyn Home &amp; Outdoor Extensions<\/strong><span class=\"ez-toc-section-end\"><\/span><\/h2>\n\n\n\n<p>L&rsquo;entreprise vous propose un panel de services pour l&rsquo;am\u00e9nagement de vos espaces ext\u00e9rieurs. De la construction \u00e0 l&rsquo;installation, leurs \u00e9quipes s&rsquo;occupent de tout.<\/p>\n\n\n\n<h3 class=\"wp-block-heading\"><span class=\"ez-toc-section\" id=\"Les_verandas_et_pergolas_Veranclassic\"><\/span><strong>Les v\u00e9randas et pergolas Veranclassic&nbsp;<\/strong><span class=\"ez-toc-section-end\"><\/span><\/h3>\n\n\n\n<p>En <strong>bois <\/strong>ou en <strong>aluminium<\/strong>, les v\u00e9randas et pergolas Veranclassic sont r\u00e9alis\u00e9es sur-mesure. La soci\u00e9t\u00e9 \u00e9tant membre de la FNCV (F\u00e9d\u00e9ration Nationale des Constructeurs de V\u00e9randas), vous b\u00e9n\u00e9ficierez de <strong>10 ans de garantie<\/strong> lors de l&rsquo;achat d&rsquo;une v\u00e9randa chez eux.<\/p>\n\n\n\n<h3 class=\"wp-block-heading\"><span class=\"ez-toc-section\" id=\"Les_pool_house_ou_abris_de_piscine_Veranclassic\"><\/span><strong>Les pool house ou abris de piscine Veranclassic<\/strong><span class=\"ez-toc-section-end\"><\/span><\/h3>\n\n\n\n<p>Avec une pool house dans votre jardin, vous aurez une sensation de vacances en continu. Personnalisable selon vos envies, vous pourrez la transformer en un havre de paix o\u00f9 vous relaxer apr\u00e8s votre baignade ou opter pour un coin cuisine, alternative parfaite pour recevoir des convives et profiter de leur pr\u00e9sence.<\/p>\n\n\n\n<figure class=\"wp-block-image size-large\"><img decoding=\"async\" width=\"1024\" height=\"536\" src=\"https:\/\/www.bobex.be\/wp-uploads\/sites\/2\/veranda-cuisine-1024x536.jpg\" alt=\"pergola avec cuisine ext\u00e9rieure\" class=\"wp-image-132659\" \/><\/figure>\n\n\n\n<h3 class=\"wp-block-heading\"><span class=\"ez-toc-section\" id=\"Labri_de_jardin_Veranclassic\"><\/span><strong>L&rsquo;abri de jardin Veranclassic<\/strong><span class=\"ez-toc-section-end\"><\/span><\/h3>\n\n\n\n<p>Les abris de jardin propos\u00e9s par Veranclassic sont r\u00e9alis\u00e9s en<strong> bois de sapin rouge<\/strong> provenant de Norv\u00e8ge. Sa croissance lente permet d&rsquo;obtenir un bois plus r\u00e9sistant pour leurs cr\u00e9ations. L&#8217;emploi de ce mat\u00e9riau noble vous garantit une cr\u00e9ation r\u00e9sistante sur le long terme.<\/p>\n\n\n\n<h3 class=\"wp-block-heading\"><span class=\"ez-toc-section\" id=\"Les_carports_ou_garages_Veranclassic\"><\/span><strong>Les carports ou garages Veranclassic&nbsp;<\/strong><span class=\"ez-toc-section-end\"><\/span><\/h3>\n\n\n\n<p>L&rsquo;installation d&rsquo;un carport \u00e0 votre domicile est un excellent <strong>moyen pour prot\u00e9ger votre voiture<\/strong> des al\u00e9as li\u00e9s \u00e0 la m\u00e9t\u00e9o.&nbsp;En plus de prot\u00e9ger votre v\u00e9hicule des intemp\u00e9ries, c&rsquo;est un moyen de vous assurer une place de parking lorsque vous rentrez chez vous.<\/p>\n\n\n\n<figure class=\"wp-block-image size-large\"><img decoding=\"async\" width=\"1024\" height=\"536\" src=\"https:\/\/www.bobex.be\/wp-uploads\/sites\/2\/carport-bois-1024x536.jpg\" alt=\"carport en bois\" class=\"wp-image-132650\" \/><\/figure>\n\n\n\n<h2 class=\"wp-block-heading\"><span class=\"ez-toc-section\" id=\"Quel_est_le_prix_des_verandas_Veranclassic_en_Belgique\"><\/span>Quel est le prix des v\u00e9randas Veranclassic en Belgique ?<span class=\"ez-toc-section-end\"><\/span><\/h2>\n\n\n\n<p>Le prix d&rsquo;une v\u00e9randa varie en fonction de diff\u00e9rents crit\u00e8res comme la superficie, les mat\u00e9riaux de construction et les finitions. Si vous souhaitez une id\u00e9e plus pr\u00e9cise du prix que vous co\u00fbtera votre projet, pensez \u00e0 faire une demande de devis.&nbsp;<\/p>\n\n\n<div class='bobex-cta-block' style='\n            --button-bg-color: #e13c0e;\n            --button-text-color: #ffffff;\n            --banner-bg-color: #aad4e6;\n            --arrow-main-bg-color: #aad4e6;\n            --arrow-secondary-bg-color: #e5f2f7;\n            --banner-title-color: #10375e;\n            --arrow-title-color: #10375e;\n            --banner-text-color: #545454;\n            --arrow-text-color: #545454;         \n            --invert-range: 0deg;\n        '><a class='cta-button-rounded' href='https:\/\/www.bobex.be\/fr-be\/veranda\/prix-veranda\/'>Vous voulez conna\u00eetre le prix exact de votre future v\u00e9randa ?<\/a><\/div>\n\n\n<h2 class=\"wp-block-heading\"><span class=\"ez-toc-section\" id=\"Lavis_de_Bobex_sur_les_verandas_VeranClassic\"><\/span>L&rsquo;avis de Bobex sur les v\u00e9randas VeranClassic&nbsp;<span class=\"ez-toc-section-end\"><\/span><\/h2>\n\n\n\n<p>En faisant appel \u00e0 Veranclassic, vous avez la certitude que votre projet prendra vie comme vous l&rsquo;aviez imagin\u00e9. Ils comptabilisent d\u00e9j\u00e0 plus de&nbsp;<strong>14.000 clients satisfaits&nbsp;<\/strong>par leurs r\u00e9alisations et par leur professionnalisme.&nbsp;<\/p>\n\n\n\n<h2 class=\"wp-block-heading\"><span class=\"ez-toc-section\" id=\"Contact_et_adresse_du_showroom_Veranclassic_a_Dottignies_Hainaut\"><\/span>Contact et adresse du showroom Veranclassic \u00e0 Dottignies (Hainaut) <span class=\"ez-toc-section-end\"><\/span><\/h2>\n\n\n\n<ul class=\"wp-block-list\">\n<li>Ouvert du Lundi au Samedi (9h30 &#8211; 12h\/ 13h30 &#8211; 18h30). Le dimanche (14h &#8211; 18h30)<\/li>\n<\/ul>\n\n\n\n<ul class=\"wp-block-list\">\n<li>Vous pouvez d\u00e9couvrir leur spectaculaire showroom<strong> Avenue du Bois Jacquet, 1 &#8211; 7711 Dottignies<\/strong>. Ils vous accueillent du lundi au dimanche. Il est \u00e9galement possible de les joindre par t\u00e9l\u00e9phone au <strong>+32 56 84 38 48<\/strong>.&nbsp;<\/li>\n<\/ul>\n\n\n\n            <div style=\"\n            --icon-bg-color: #17518d ;\n            --maskUrl:url( https:\/\/www.bobex.be\/fr-be\/wp-content\/plugins\/bobex-blocks\/img\/mask.svg );\n            --title-color:#10375e;\n            --bg-color: #d1e8f2;\n            --content-color:#5c5c5c\n        \" class=\"bobex-block-maindiv\" >\n                    <div class=\"bobex-tip-block__icon-area\">\n                        <img decoding=\"async\" src=\"https:\/\/www.bobex.be\/fr-be\/wp-content\/plugins\/bobex-blocks\/img\/advice.png\" alt=\"adive-icon\" class=\"bobex-tip-block__tipsLogo\"\/>\n                    <\/div>\n                    <div class=\"bobex-tip-block__content-area p-2\">\n                        <p class=\"bobex-block-tips-title\">Envie de d\u00e9couvrir d&rsquo;autres fabricants de v\u00e9randas ?<\/p>\n                        <p class=\"bobex-block-tips-content\">Bonne nouvelle, la Belgique regorge d&rsquo;entreprises sp\u00e9cialis\u00e9es en v\u00e9randa ! <br>Profitez de l&rsquo;expertise de <a href=\"https:\/\/www.bobex.be\/fr-be\/veranda\/fabricants-belgique\/pauwels\/\">Veranda Pauwels<\/a>, des mod\u00e8les rustiques de <a href=\"https:\/\/www.bobex.be\/fr-be\/veranda\/fabricants-belgique\/verandas-vitralux\/\">Vitralux<\/a>, d&rsquo;une v\u00e9randa \u00e9conome en \u00e9nergie gr\u00e2ce \u00e0 <a href=\"https:\/\/www.bobex.be\/fr-be\/veranda\/fabricants-belgique\/willems\/\">Willems V\u00e9randa<\/a> ou encore des rois de l&rsquo;aluminium chez <a href=\"https:\/\/www.bobex.be\/fr-be\/veranda\/fabricants-belgique\/reynaers-aluminium\/\">Reynaers Aluminium<\/a> !<\/p>\n                        <div><\/div>\n                    <\/div>\n            <\/div>\n        \n\n\n<h2 class=\"wp-block-heading\"><span class=\"ez-toc-section\" id=\"Comparez_jusqua_5_specialistes_de_verandas_grace_a_Bobex_et_a_nos_devis_gratuits_et_sans_engagement\"><\/span>Comparez jusqu&rsquo;\u00e0 5 sp\u00e9cialistes de v\u00e9randas gr\u00e2ce \u00e0 Bobex et \u00e0 nos devis gratuits et sans engagement<span class=\"ez-toc-section-end\"><\/span><\/h2>\n\n\n\n<p>Afin de vous aider dans le choix du fabricant vers lequel vous tourner, nous vous proposons de recevoir jusqu&rsquo;\u00e0 5 devis gratuits de sp\u00e9cialistes dans le domaine de l&rsquo;am\u00e9nagement ext\u00e9rieur.&nbsp;<\/p>\n\n\n<div id=\"ppp\" class=\"bob-form-wrapper\" data-ajax_url=\"https:\/\/www.bobex.be\/fr-be\/wp-admin\/admin-ajax.php\" data-fa_a=\"\" data-fa_b=\"\"><div class=\"loader\" aria-hidden=\"true\"><\/div>    <div>\n        <div class=\"row mx-auto mb-2\" style=\"max-width: 900px;\">\n            <div class=\"col-md-4\"><i class=\"mr-1 fas fa-check\" style=\"color:green;\"><\/i>Devis gratuits et rapides<\/div>\n            <div class=\"col-md-4\"><i class=\"mr-1 fas fa-check\" style=\"color:green;\"><\/i>Sans engagement et obligation<\/div>\n            <div class=\"col-md-4\"><i class=\"mr-1 fas fa-check\" style=\"color:green;\"><\/i>Professionnels agr\u00e9\u00e9s<\/div>\n        <\/div>\n    <\/div><div id=\"form-69f1606b29b73\" class=\"bob-form-container\" style=\"background-color: white; font-family: Roboto, sans-serif !important; font-size: 16px !important; color: #545454; box-shadow: 0 2px 10px rgba(0,0,0,0.1); --font_title: Poppins; --font_size_title: 20px; --title_bg_color: #175da6; --copyright_color: #fde8e1; --box_upload_color: #e5f2f7; padding:unset;\" data-form-type=\"inline\" data-form-id=\"69f1606b29b73\"><style>#form-69f1606b29b73 .bob-form-inline-question.even {\n  background-color: #e5f2f7;\n}\n#form-69f1606b29b73 .single_multiple.multiple_button {\n  background-color: #e5f2f7 !important;\n}\n#form-69f1606b29b73 .bob-form-inline-question--hidden {\n  display: none;\n}<\/style><div class=\"form-questions\"><form id=\"bob-form\" class=\"bob-form bob-form-tag\" method=\"post\" action=\"https:\/\/www.bobex.be\/fr-be\/wp-admin\/admin-ajax.php?action=bobex-form-validation\">    <div class=\"form-title\">\n        Formulez votre demande\n        <div class=\"form-title-info-line\">\n            R\u00e9pondez \u00e0 quelques questions et entrez en contact avec des sp\u00e9cialistes fiables. Nous vous demandons vos coordonn\u00e9es afin de s\u00e9lectionner les professionnels actifs dans votre r\u00e9gion.\n        <\/div>\n    <\/div><div class=\"form-questions bob-form-inline-question\"><div class=\"row\"><div class=\"question col-md-4\"><label>1*. Quel type de v\u00e9randa recherchez-vous?<\/label><\/div><div class=\"answer col-md-8\"><div class=\"bob-form-checkbox d-flex\"><input type=\"checkbox\" class=\"inline-checkbox bob-form-input\" id=\"69f1606b29b73-input-0-1\" data-unique-id=\"69f1606b29b73\" name=\"XML_extra_check[]\" value=\"1\"  required=\"required\" onclick=\"checkboxTurnChecked(this)\"><label for=\"69f1606b29b73-input-0-1\">V\u00e9randa classique<\/label><\/div><div class=\"bob-form-checkbox d-flex\"><input type=\"checkbox\" class=\"inline-checkbox bob-form-input\" id=\"69f1606b29b73-input-0-2\" data-unique-id=\"69f1606b29b73\" name=\"XML_extra_check[]\" value=\"2\"  required=\"required\" onclick=\"checkboxTurnChecked(this)\"><label for=\"69f1606b29b73-input-0-2\">V\u00e9randa \u00e0 vivre<\/label><\/div><div class=\"bob-form-checkbox d-flex\"><input type=\"checkbox\" class=\"inline-checkbox bob-form-input\" id=\"69f1606b29b73-input-0-3\" data-unique-id=\"69f1606b29b73\" name=\"XML_extra_check[]\" value=\"3\"  required=\"required\" onclick=\"checkboxTurnChecked(this)\"><label for=\"69f1606b29b73-input-0-3\">Orangerie (jardin d&#039;hiver)<\/label><\/div><div class=\"bob-form-checkbox d-flex\"><input type=\"checkbox\" class=\"inline-checkbox bob-form-input\" id=\"69f1606b29b73-input-0-4\" data-unique-id=\"69f1606b29b73\" name=\"XML_extra_check[]\" value=\"4\"  required=\"required\" onclick=\"checkboxTurnChecked(this)\"><label for=\"69f1606b29b73-input-0-4\">Horeca ou autre projet commercial<\/label><\/div><div class=\"bob-form-checkbox d-flex\"><input type=\"checkbox\" class=\"inline-checkbox bob-form-input\" id=\"69f1606b29b73-input-0-5\" data-unique-id=\"69f1606b29b73\" name=\"XML_extra_check[]\" value=\"5\"  required=\"required\" onclick=\"checkboxTurnChecked(this)\"><label for=\"69f1606b29b73-input-0-5\">Autre \/ Je ne sais pas<\/label><\/div><\/div><\/div><\/div><div class=\"form-questions bob-form-inline-question even\"><div class=\"row\"><div class=\"question col-md-4\"><label>2*. Quel mat\u00e9riaux souhaitez vous?<\/label><\/div><div class=\"answer col-md-8\"><div class=\"bob-form-radio d-flex\"><input type=\"radio\" class=\"inline-radio\" id=\"69f1606b29b73-input-1-1\" data-unique-id=\"69f1606b29b73\" name=\"XML_extra_radio2\" value=\"1\"  required=\"required\"><label for=\"69f1606b29b73-input-1-1\">Aluminium<\/label><\/div><div class=\"bob-form-radio d-flex\"><input type=\"radio\" class=\"inline-radio\" id=\"69f1606b29b73-input-1-2\" data-unique-id=\"69f1606b29b73\" name=\"XML_extra_radio2\" value=\"2\"  required=\"required\"><label for=\"69f1606b29b73-input-1-2\">PVC<\/label><\/div><div class=\"bob-form-radio d-flex\"><input type=\"radio\" class=\"inline-radio\" id=\"69f1606b29b73-input-1-3\" data-unique-id=\"69f1606b29b73\" name=\"XML_extra_radio2\" value=\"3\"  required=\"required\"><label for=\"69f1606b29b73-input-1-3\">Bois<\/label><\/div><div class=\"bob-form-radio d-flex\"><input type=\"radio\" class=\"inline-radio\" id=\"69f1606b29b73-input-1-4\" data-unique-id=\"69f1606b29b73\" name=\"XML_extra_radio2\" value=\"4\"  required=\"required\"><label for=\"69f1606b29b73-input-1-4\">Je ne sais pas<\/label><\/div><\/div><\/div><\/div><div class=\"form-questions bob-form-inline-question\"><div class=\"row\"><div class=\"question col-md-4\"><label>3*. Quelle est la taille estim\u00e9e de la v\u00e9randa?<\/label><\/div><div class=\"answer col-md-8\"><div class=\"bob-form-radio d-flex\"><input type=\"radio\" class=\"inline-radio\" id=\"69f1606b29b73-input-2-1\" data-unique-id=\"69f1606b29b73\" name=\"XML_extra_radio3\" value=\"1\"  required=\"required\"><label for=\"69f1606b29b73-input-2-1\">Moins de 10 m2<\/label><\/div><div class=\"bob-form-radio d-flex\"><input type=\"radio\" class=\"inline-radio\" id=\"69f1606b29b73-input-2-2\" data-unique-id=\"69f1606b29b73\" name=\"XML_extra_radio3\" value=\"2\"  required=\"required\"><label for=\"69f1606b29b73-input-2-2\">Entre 10 et 25 m2<\/label><\/div><div class=\"bob-form-radio d-flex\"><input type=\"radio\" class=\"inline-radio\" id=\"69f1606b29b73-input-2-3\" data-unique-id=\"69f1606b29b73\" name=\"XML_extra_radio3\" value=\"3\"  required=\"required\"><label for=\"69f1606b29b73-input-2-3\">Entre 25 et 50 m2<\/label><\/div><div class=\"bob-form-radio d-flex\"><input type=\"radio\" class=\"inline-radio\" id=\"69f1606b29b73-input-2-4\" data-unique-id=\"69f1606b29b73\" name=\"XML_extra_radio3\" value=\"4\"  required=\"required\"><label for=\"69f1606b29b73-input-2-4\">Plus de 50 m2<\/label><\/div><div class=\"bob-form-radio d-flex\"><input type=\"radio\" class=\"inline-radio\" id=\"69f1606b29b73-input-2-5\" data-unique-id=\"69f1606b29b73\" name=\"XML_extra_radio3\" value=\"5\"  required=\"required\"><label for=\"69f1606b29b73-input-2-5\">Je ne sais pas encore<\/label><\/div><\/div><\/div><\/div><div class=\"form-questions bob-form-inline-question even\"><div class=\"row\"><div class=\"question col-md-4\"><label>4. Quand d\u00e9sirez-vous d\u00e9buter l&rsquo;installation de la v\u00e9randa?<\/label><\/div><div class=\"answer col-md-8\"><div class=\"bob-form-radio d-flex\"><input type=\"radio\" class=\"inline-radio\" id=\"69f1606b29b73-input-3-1\" data-unique-id=\"69f1606b29b73\" name=\"XML_extra_radio4\" value=\"1\"  ><label for=\"69f1606b29b73-input-3-1\">Dans 1 \u00e0 4 mois<\/label><\/div><div class=\"bob-form-radio d-flex\"><input type=\"radio\" class=\"inline-radio\" id=\"69f1606b29b73-input-3-2\" data-unique-id=\"69f1606b29b73\" name=\"XML_extra_radio4\" value=\"2\"  ><label for=\"69f1606b29b73-input-3-2\">Dans 5 \u00e0 12 mois<\/label><\/div><div class=\"bob-form-radio d-flex\"><input type=\"radio\" class=\"inline-radio\" id=\"69f1606b29b73-input-3-3\" data-unique-id=\"69f1606b29b73\" name=\"XML_extra_radio4\" value=\"3\"  ><label for=\"69f1606b29b73-input-3-3\">Dans 13 \u00e0 18 mois<\/label><\/div><\/div><\/div><\/div><div class=\"form-questions bob-form-inline-question\"><div class=\"d-flex flex-column\"><label class=\"question\" for=\"69f1606b29b73-input-4\">5. Description de votre projet<\/label><textarea class=\"bob-form-input\" name=\"XML_remarks\" id=\"69f1606b29b73-input-4\" data-unique-id=\"69f1606b29b73\"><\/textarea><\/div><\/div><div class=\"bob-inline-form bob-form-tag upload-box mb-3\">\n                    <div class=\"row\">\n                        <div class=\"col-md-12 mb-2 question\">Ajouter des photos ou des pi\u00e8ces jointes (en Option)<\/div>\n                        <div class=\"col-md-12\">\n                            <div class=\"box__input\" style=\"background-color: #e5f2f7;\"\n                                 ondrop=\"drop(event)\"\n                                 ondragover=\"allowDrop(event)\"\n                                 ondragleave=\"removeDropFx(event)\"\n                                >\n                                <input type=\"file\"\n                                       class=\"file__input\"\n                                       name=\"attachments[]\"\n                                       id=\"attachments\"\n                                       multiple=\"multiple\"\n                                       accept=\"image\/jpeg, image\/png, image\/gif, application\/pdf\"\n                                       data-multiple-caption=\"{count} files selected\">\n                                <div>\n                                    <label for=\"attachments\"><strong>S\u00e9lectionnez un fichier <\/strong>ou glissez-le ici<\/label>\n                                    <span class=\"box__button bobex-round-cta m-1 py-1\"\n                                          style=\"mix-blend-mode: luminosity\">\n                                        <i class=\"fas fa-cloud-upload-alt text-white\"><\/i>\n                                        T\u00e9l\u00e9charger\n                                    <\/span>\n                                <\/div>\n            \n                                <div class=\"row preview_wrapper m-0\"><\/div>\n                            <\/div>\n            \n                            <div class=\"box__uploading\">Uploading\u2026<\/div>\n                            <div class=\"box__success\">Done!<\/div>\n                            <div class=\"box__error\">Error! <span><\/span>.<\/div>\n                        <\/div>\n                    <\/div>\n                <\/div>    <div class=\"form-title\">\n        Vos donn\u00e9es\n    <\/div><div class=\"bob-form-contact-data\" style=\"padding: 20px\"><div class=\"row lead-info\"><div class=\"col-md-6 mb-3\">  <div class=\"form-group\">    <input value=\"\" type=\"text\" class=\"form-control\" id=\"firstName\" name=\"firstName\" placeholder=\"Pr\u00e9nom\" required>    <div class=\"valid-feedback\">Enchant\u00e9 !<\/div>    <div class=\"invalid-feedback\">Veuillez indiquer votre pr\u00e9nom<\/div>  <\/div><\/div><div class=\"col-md-6 mb-3\">  <div class=\"form-group\">    <input value=\"\" type=\"text\" class=\"form-control\" id=\"lastName\" name=\"lastName\" placeholder=\"Nom\" required>    <div class=\"valid-feedback\">Sympa<\/div>    <div class=\"invalid-feedback\">Veuillez indiquer votre nom de famille<\/div>  <\/div><\/div><div class=\"col-md-12 mb-3\">  <div class=\"form-group\">    <input value=\"\" type=\"email\" class=\"form-control\" id=\"email\" name=\"email\" placeholder=\"E-mail\" required style=\"max-width: unset;\">    <div class=\"valid-feedback\">C&rsquo;est tout bon<\/div>    <div class=\"invalid-feedback\">Veuillez indiquer une adresse e-mail valide<\/div>  <\/div><\/div><div class=\"col-md-12 mb-3\">  <div class=\"form-group\">    <input value=\"\" type=\"tel\" class=\"form-control\" id=\"phone\" name=\"phone\" placeholder=\"T\u00e9l\u00e9phone\" required style=\"max-width: unset;\">    <div class=\"valid-feedback\">Parfait<\/div>    <div class=\"invalid-feedback\">Veuillez indiquer un num\u00e9ro de t\u00e9l\u00e9phone valide<\/div>  <\/div><\/div><div class=\"col-md-12 mb-3\">  <div class=\"form-group\">    <input value=\"\" type=\"text\" class=\"form-control\" id=\"companyAddress\" name=\"companyAddress\" placeholder=\"Adresse\" required style=\"max-width: unset;\">    <div class=\"valid-feedback\">C&rsquo;est not\u00e9<\/div>    <div class=\"invalid-feedback\">Veuillez indiquer une adresse valide<\/div>  <\/div><\/div><div class=\"col-md-6 mb-3\">  <div class=\"form-group\">    <input value=\"\" type=\"text\" class=\"form-control\" id=\"companyPostalCode\" name=\"companyPostalCode\" placeholder=\"Code postal\" required>    <div class=\"valid-feedback\">Excellent !<\/div>    <div class=\"invalid-feedback\">Veuillez indiquer un code postal valide<\/div>  <\/div><\/div><div class=\"col-md-6 mb-3\">  <div class=\"form-group\">    <input value=\"\" type=\"text\" class=\"form-control\" id=\"companyCity\" name=\"companyCity\" placeholder=\"Ville\" required>    <div class=\"valid-feedback\">Bien jou\u00e9<\/div>    <div class=\"invalid-feedback\">Veuillez indiquer une ville valide<\/div>  <\/div><\/div><div class=\"d-flex mt-3\"><input name=\"promoOptin\" value=\"true\" id=\"promoOptin\" type=\"checkbox\" class=\"me-2\" style=\"width: unset\"><label for=\"promoOptin\">Je souhaite rester inform\u00e9 de ma demande et recevoir des conseils pratiques (fortement recommand\u00e9 !) <\/label><\/div><\/div><\/div><input type=\"hidden\" class=\"session_var\" name=\"newform\" value=\"true\"><input type=\"hidden\" class=\"session_var\" name=\"lead-validation-nonce\" value=\"44fabf7d20\"><input type=\"hidden\" class=\"session_var\" name=\"aff\" value=\"minisite\"><input type=\"hidden\" class=\"session_var\" name=\"utm_source\" value=\"https:\/\/www.bobex.be\/fr-be\/wp-json\/v2\/content\/132635\"><input type=\"hidden\" class=\"session_var\" name=\"bobx\" value=\"\"><input type=\"hidden\" class=\"session_var\" name=\"sessionType\" value=\"B2C\"><input type=\"hidden\" class=\"session_var\" name=\"utm_medium\" value=\"web\"><input type=\"hidden\" class=\"session_var\" name=\"utm_campaign\" value=\"search\"><input type=\"hidden\" class=\"session_var\" name=\"rem_source\" value=\"https:\/\/www.bobex.be\/fr-be\/veranda\/fabricants-belgique\/veranclassic\/\"><input type=\"hidden\" class=\"session_var\" name=\"pixel_id\" value=\"-1\"><input type=\"hidden\" class=\"session_var\" name=\"tabo_id\" value=\"-1\"><input type=\"hidden\" class=\"session_var\" name=\"click_id\" value=\"-1\"><input type=\"hidden\" class=\"session_var\" name=\"gclid\" value=\"-1\"><input type=\"hidden\" class=\"session_var\" name=\"msclkid\" value=\"-1\"><input type=\"hidden\" class=\"session_var\" name=\"past_aff\" value=\"bobex\"><input type=\"hidden\" class=\"session_var\" name=\"redirectTo\" value=\"BE\"><input type=\"hidden\" class=\"session_var\" name=\"is_type_id\" value=\"true\"><input type=\"hidden\" class=\"session_var\" name=\"typeid\" value=\"30163\"><input type=\"hidden\" class=\"session_var\" name=\"companyType\" value=\"label.companytype.consumer\"><input type=\"hidden\" class=\"session_var\" name=\"input_names\" value=\"XML_extra_check,XML_extra_radio2,XML_extra_radio3,XML_extra_radio4,XML_remarks\"><input type=\"hidden\" class=\"form_context\" value=\"BE\"><img decoding=\"async\" class=\"bobex-pixel\" src=\"\" alt=\"\" style=\"display:none\" \/>    <div class=\"bob-form-submit d-flex justify-content-center\">\n        <button type=\"submit\" class=\"form-submit\" style=\"background-color: #F1653A; color: white; border: none !important; border-radius: 5px !important; font-family: Roboto, sans-serif; font-size: 16px;\">\n            Demander un devis\n        <\/button>\n    <\/div>    <div class=\"bob-inline-form form-footer\" style=\"border-radius: 0 0 10px 10px\">\n        <div class=\"bob-form-privacy-text\">\n            <div style=\"float:left;\"><i class=\"fa fa-lock\"><\/i><\/div>\n            <div class=\"ms-2\">\n                <div style='padding-left: 15px;font-size: 0.8em !important;z-index: 10;'><b>Nous respectons votre vie priv\u00e9e<\/b><br> Conform\u00e9ment \u00e0 la loi du 8\/12\/1992 relative \u00e0 la protection de la vie priv\u00e9e, vous disposez d&rsquo;un droit d&rsquo;acc\u00e8s et de rectification \u00e0 vos donn\u00e9es. Pour en savoir plus, consultez notre <span class=\"link_ob\" data-link=\"aHR0cHM6Ly93d3cuYm9iZXguYmUvZnItYmUvcHJvdGVjdGlvbi1kZS1sYS12aWUtcHJpdmVlLw==\" target=\"_blank\">charte sur la vie priv\u00e9e<\/span>.<\/div>\n                \n            <\/div>\n        <\/div>\n    <\/div><\/form><\/div><div class=\"multiple_mini hidden\" data-lead_id=\"\"><p class=\"multiple-title\">Merci d&rsquo;avoir pris le temps de remplir ce formulaire<\/p><p>Nous vous contacterons d\u00e8s que possible pour vous orienter vers le meilleur sp\u00e9cialiste correspondant \u00e0 votre demande.<\/p><div class=\"multiple_wrapper\"><div class=\"loader\"><\/div><p class=\"multiple-title\">Vous cherchez d&rsquo;autres services ?<\/p><p class=\"multiple_text\">Vous souhaitez comparer d&rsquo;autres devis ou explorer d&rsquo;autres services ? Faites-le nous savoir et nous vous mettrons rapidement en relation<\/p><div class=\"multiple_container\"><div class=\"single_multiple multiple_button\" data-typeid=\"11406\"><i class=\"fa-3x cat icon-11406\"><\/i><span class=\"multiple_name\">Syst\u00e8me d&rsquo;alarme<\/span><\/div><div class=\"single_multiple multiple_button\" data-typeid=\"100002\"><i class=\"fa-3x cat icon-100002\"><\/i><span class=\"multiple_name\">Architecte<\/span><\/div><div class=\"single_multiple multiple_button\" data-typeid=\"11997\"><i class=\"fa-3x cat icon-11997\"><\/i><span class=\"multiple_name\">Chemin\u00e9e<\/span><\/div><div class=\"single_multiple multiple_button\" data-typeid=\"11427\"><i class=\"fa-3x cat icon-11427\"><\/i><span class=\"multiple_name\">Isolation<\/span><\/div><div class=\"single_multiple multiple_button\" data-typeid=\"11364\"><i class=\"fa-3x cat icon-11364\"><\/i><span class=\"multiple_name\">Panneaux solaires<\/span><\/div><div class=\"single_multiple multiple_button\" data-typeid=\"30164\"><i class=\"fa-3x cat icon-30164\"><\/i><span class=\"multiple_name\">Pergola<\/span><\/div><div class=\"single_multiple hidden multiple_button\" data-typeid=\"11453\"><i class=\"fa-3x cat icon-11453\"><\/i><span class=\"multiple_name\">Syst\u00e8me de ventilation<\/span><\/div><div class=\"single_multiple hidden multiple_button\" data-typeid=\"30165\"><i class=\"fa-3x cat icon-30165\"><\/i><span class=\"multiple_name\">Carport<\/span><\/div><div class=\"single_multiple hidden multiple_button\" data-typeid=\"12003\"><i class=\"fa-3x cat icon-12003\"><\/i><span class=\"multiple_name\">Am\u00e9nagement du jardin<\/span><\/div><\/div><\/div><\/div><\/div><\/div>","protected":false},"featured_media":0,"parent":131757,"template":"","meta":{"business":"45781","footnotes":""},"class_list":["post-132635","content","type-content","status-publish","hentry"],"_links":{"self":[{"href":"https:\/\/www.bobex.be\/fr-be\/wp-json\/wp\/v2\/content\/132635","targetHints":{"allow":["GET"]}}],"collection":[{"href":"https:\/\/www.bobex.be\/fr-be\/wp-json\/wp\/v2\/content"}],"about":[{"href":"https:\/\/www.bobex.be\/fr-be\/wp-json\/wp\/v2\/types\/content"}],"version-history":[{"count":8,"href":"https:\/\/www.bobex.be\/fr-be\/wp-json\/wp\/v2\/content\/132635\/revisions"}],"predecessor-version":[{"id":159297,"href":"https:\/\/www.bobex.be\/fr-be\/wp-json\/wp\/v2\/content\/132635\/revisions\/159297"}],"up":[{"embeddable":true,"href":"https:\/\/www.bobex.be\/fr-be\/wp-json\/wp\/v2\/content\/131757"}],"wp:attachment":[{"href":"https:\/\/www.bobex.be\/fr-be\/wp-json\/wp\/v2\/media?parent=132635"}],"curies":[{"name":"wp","href":"https:\/\/api.w.org\/{rel}","templated":true}]}}