{"id":111306,"date":"2022-09-23T06:59:31","date_gmt":"2022-09-23T06:59:31","guid":{"rendered":"https:\/\/www.bobex.be\/fr-be\/?post_type=content&#038;p=111306"},"modified":"2025-07-14T07:20:52","modified_gmt":"2025-07-14T07:20:52","slug":"remplacement-fenetre-pvc-prix","status":"publish","type":"content","link":"https:\/\/www.bobex.be\/fr-be\/chassis-portes-et-fenetres\/remplacement-fenetre-pvc-prix\/","title":{"rendered":"Remplacement fen\u00eatre PVC : prix et conseils"},"content":{"rendered":"\n            <div style=\"\n            --icon-bg-color: #17518d ;\n            --maskUrl:url( https:\/\/www.bobex.be\/fr-be\/wp-content\/plugins\/bobex-blocks\/img\/mask.svg );\n            --title-color:#10375e;\n            --bg-color: #d1e8f2;\n            --content-color:#5c5c5c\n        \" class=\"bobex-block-maindiv\" >\n                    <div class=\"bobex-tip-block__icon-area\">\n                        <img decoding=\"async\" src=\"https:\/\/www.bobex.be\/fr-be\/wp-content\/plugins\/bobex-blocks\/img\/advice.png\" alt=\"adive-icon\" class=\"bobex-tip-block__tipsLogo\"\/>\n                    <\/div>\n                    <div class=\"bobex-tip-block__content-area p-2\">\n                        <p class=\"bobex-block-tips-title\">Primes 2025 pour les diff\u00e9rentes r\u00e9gions<\/p>\n                        <p class=\"bobex-block-tips-content\"><\/p>\n                        <div>\n<div class=\"wp-block-bobex-advice\">\n<p>En <strong>Flandre<\/strong>\ud83d\udccd, les primes \u00e0 la r\u00e9novation MijnVerbouwPremie restent accessibles, avec des montants ajust\u00e9s pour 2025.<\/p>\n\n\n\n<p>\u00c0 <strong>Bruxelles<\/strong>\ud83d\udccd, les primes <strong>RENOLUTION <\/strong>sont actuellement suspendues. Les habitants doivent attendre la d\u00e9cision du nouveau gouvernement concernant le syst\u00e8me de primes pour 2025. Aucune demande ne peut \u00eatre introduite pour une facture dat\u00e9e de 2025. En revanche, si votre facture est de 2024 et que vous remplissez les conditions d\u2019\u00e9ligibilit\u00e9, vous pouvez encore soumettre une demande.<\/p>\n\n\n\n<p>En <strong>Wallonie<\/strong>\ud83d\udccd, un r\u00e9gime de soutien temporaire sera en place du <strong>14 f\u00e9vrier 2025<\/strong> au <strong>30 septembre 2026<\/strong>. Toutefois, les montants des primes ont \u00e9t\u00e9 r\u00e9duits d\u2019environ 60 %.<\/p>\n<\/div>\n<\/div>\n                    <\/div>\n            <\/div>\n        \n\n\n<div id=\"ez-toc-container\" class=\"ez-toc-v2_0_82_2 counter-hierarchy ez-toc-counter ez-toc-grey ez-toc-container-direction\">\n<div class=\"ez-toc-title-container\">\n<p class=\"ez-toc-title\" style=\"cursor:inherit\">Sommaire<\/p>\n<span class=\"ez-toc-title-toggle\"><a href=\"#\" class=\"ez-toc-pull-right ez-toc-btn ez-toc-btn-xs ez-toc-btn-default ez-toc-toggle\" aria-label=\"Toggle Table of Content\"><span class=\"ez-toc-js-icon-con\"><span class=\"\"><span class=\"eztoc-hide\" style=\"display:none;\">Toggle<\/span><span class=\"ez-toc-icon-toggle-span\"><svg style=\"fill: #999;color:#999\" xmlns=\"http:\/\/www.w3.org\/2000\/svg\" class=\"list-377408\" width=\"20px\" height=\"20px\" viewBox=\"0 0 24 24\" fill=\"none\"><path d=\"M6 6H4v2h2V6zm14 0H8v2h12V6zM4 11h2v2H4v-2zm16 0H8v2h12v-2zM4 16h2v2H4v-2zm16 0H8v2h12v-2z\" fill=\"currentColor\"><\/path><\/svg><svg style=\"fill: #999;color:#999\" class=\"arrow-unsorted-368013\" xmlns=\"http:\/\/www.w3.org\/2000\/svg\" width=\"10px\" height=\"10px\" viewBox=\"0 0 24 24\" version=\"1.2\" baseProfile=\"tiny\"><path d=\"M18.2 9.3l-6.2-6.3-6.2 6.3c-.2.2-.3.4-.3.7s.1.5.3.7c.2.2.4.3.7.3h11c.3 0 .5-.1.7-.3.2-.2.3-.5.3-.7s-.1-.5-.3-.7zM5.8 14.7l6.2 6.3 6.2-6.3c.2-.2.3-.5.3-.7s-.1-.5-.3-.7c-.2-.2-.4-.3-.7-.3h-11c-.3 0-.5.1-.7.3-.2.2-.3.5-.3.7s.1.5.3.7z\"\/><\/svg><\/span><\/span><\/span><\/a><\/span><\/div>\n<nav><ul class='ez-toc-list ez-toc-list-level-1 eztoc-toggle-hide-by-default' ><li class='ez-toc-page-1 ez-toc-heading-level-2'><a class=\"ez-toc-link ez-toc-heading-1\" href=\"https:\/\/www.bobex.be\/fr-be\/chassis-portes-et-fenetres\/remplacement-fenetre-pvc-prix\/#Pourquoi_changer_ses_fenetres\" >Pourquoi changer ses fen\u00eatres ?<\/a><\/li><li class='ez-toc-page-1 ez-toc-heading-level-2'><a class=\"ez-toc-link ez-toc-heading-2\" href=\"https:\/\/www.bobex.be\/fr-be\/chassis-portes-et-fenetres\/remplacement-fenetre-pvc-prix\/#Prix_du_remplacement_dune_fenetre\" >Prix du remplacement d\u2019une fen\u00eatre<\/a><ul class='ez-toc-list-level-3' ><li class='ez-toc-heading-level-3'><a class=\"ez-toc-link ez-toc-heading-3\" href=\"https:\/\/www.bobex.be\/fr-be\/chassis-portes-et-fenetres\/remplacement-fenetre-pvc-prix\/#Depose_totale\" >D\u00e9pose totale<\/a><\/li><li class='ez-toc-page-1 ez-toc-heading-level-3'><a class=\"ez-toc-link ez-toc-heading-4\" href=\"https:\/\/www.bobex.be\/fr-be\/chassis-portes-et-fenetres\/remplacement-fenetre-pvc-prix\/#Pose_en_renovation\" >Pose en r\u00e9novation<\/a><\/li><\/ul><\/li><li class='ez-toc-page-1 ez-toc-heading-level-2'><a class=\"ez-toc-link ez-toc-heading-5\" href=\"https:\/\/www.bobex.be\/fr-be\/chassis-portes-et-fenetres\/remplacement-fenetre-pvc-prix\/#Prix_des_fenetres_PVC\" >Prix des fen\u00eatres PVC<\/a><\/li><li class='ez-toc-page-1 ez-toc-heading-level-2'><a class=\"ez-toc-link ez-toc-heading-6\" href=\"https:\/\/www.bobex.be\/fr-be\/chassis-portes-et-fenetres\/remplacement-fenetre-pvc-prix\/#Prix_des_vitrages\" >Prix des vitrages<\/a><\/li><li class='ez-toc-page-1 ez-toc-heading-level-2'><a class=\"ez-toc-link ez-toc-heading-7\" href=\"https:\/\/www.bobex.be\/fr-be\/chassis-portes-et-fenetres\/remplacement-fenetre-pvc-prix\/#Avantages_des_chassis_en_PVC\" >Avantages des ch\u00e2ssis en PVC<\/a><\/li><li class='ez-toc-page-1 ez-toc-heading-level-2'><a class=\"ez-toc-link ez-toc-heading-8\" href=\"https:\/\/www.bobex.be\/fr-be\/chassis-portes-et-fenetres\/remplacement-fenetre-pvc-prix\/#Choisir_sa_fenetre\" >Choisir sa fen\u00eatre<\/a><\/li><li class='ez-toc-page-1 ez-toc-heading-level-2'><a class=\"ez-toc-link ez-toc-heading-9\" href=\"https:\/\/www.bobex.be\/fr-be\/chassis-portes-et-fenetres\/remplacement-fenetre-pvc-prix\/#Aides_et_primes\" >Aides et primes<\/a><\/li><li class='ez-toc-page-1 ez-toc-heading-level-2'><a class=\"ez-toc-link ez-toc-heading-10\" href=\"https:\/\/www.bobex.be\/fr-be\/chassis-portes-et-fenetres\/remplacement-fenetre-pvc-prix\/#Trouvez_des_professionnels_pour_le_remplacement_de_vos_fenetres_PVC_dans_votre_region_et_comparez_plusieurs_devis_gratuitement\" >Trouvez des professionnels pour le remplacement de vos fen\u00eatres PVC dans votre r\u00e9gion et comparez plusieurs devis gratuitement !&nbsp;<\/a><\/li><\/ul><\/nav><\/div>\n<h2 class=\"wp-block-heading\"><span class=\"ez-toc-section\" id=\"Pourquoi_changer_ses_fenetres\"><\/span>Pourquoi changer ses fen\u00eatres ?<span class=\"ez-toc-section-end\"><\/span><\/h2>\n\n\n\n<p>Plusieurs raisons peuvent expliquer le remplacement de vos fen\u00eatres :<\/p>\n\n\n\n<ul class=\"wp-block-list\">\n<li><strong>L\u2019esth\u00e9tisme<\/strong> : vous souhaitez apporter une nouvelle d\u00e9co \u00e0 votre maison, lui donner un design plus classique, contemporain ou moderne. Il serait donc judicieux de remplacer vos fen\u00eatres afin de les adapter \u00e0 votre nouvelle d\u00e9co.<\/li>\n<\/ul>\n\n\n\n<ul class=\"wp-block-list\">\n<li><strong>La mauvaise isolation thermique<\/strong> : elle se reconna\u00eet par des fen\u00eatres ab\u00eem\u00e9es par l\u2019humidit\u00e9, qui se ferment mal, des sensations de froid \u00e0 l&rsquo;int\u00e9rieur de votre maison m\u00eame lorsque vos fen\u00eatres sont ferm\u00e9es. Une fen\u00eatre mal isol\u00e9e peut occasionner pr\u00e8s de 70% de d\u00e9perdition de chaleur, entra\u00eenant ainsi une augmentation de votre facture \u00e9nerg\u00e9tique.<\/li>\n<\/ul>\n\n\n\n<ul class=\"wp-block-list\">\n<li><strong>La mauvaise isolation phonique<\/strong> : si votre maison est situ\u00e9e dans une zone bruyante, changer vos fen\u00eatres pour de nouvelles fen\u00eatres anti-bruit, vous apportera tout le confort n\u00e9cessaire.<\/li>\n<\/ul>\n\n\n\n<ul class=\"wp-block-list\">\n<li><strong>Les menuiseries<\/strong> : des menuiseries fortement ab\u00eem\u00e9es, en plus d\u2019\u00eatre inesth\u00e9tiques, vous exposent \u00e0 des probl\u00e8mes de d\u00e9perditions d\u2019\u00e9nergie et de cambriolages.<\/li>\n<\/ul>\n\n\n\n<ul class=\"wp-block-list\">\n<li><strong>Les raisons \u00e9conomiques<\/strong> : changer vos fen\u00eatres pour des fen\u00eatres plus performantes, vous permettra d\u2019\u00e9conomiser jusqu\u2019\u00e0 10% sur votre consommation \u00e9nerg\u00e9tique.&nbsp;<\/li>\n<\/ul>\n\n\n\n<figure class=\"wp-block-image size-full\"><img decoding=\"async\" width=\"1000\" height=\"550\" src=\"https:\/\/www.bobex.be\/wp-uploads\/sites\/2\/Remplacement-fenetre-PVC-1.jpg\" alt=\"Fen\u00eatre PVC donnant sur l'ext\u00e9rieur.\" class=\"wp-image-111451\"\/><\/figure>\n\n\n\n<h2 class=\"wp-block-heading\"><span class=\"ez-toc-section\" id=\"Prix_du_remplacement_dune_fenetre\"><\/span>Prix du remplacement d\u2019une fen\u00eatre<span class=\"ez-toc-section-end\"><\/span><\/h2>\n\n\n\n<p>Le prix du remplacement d\u2019une fen\u00eatre en PVC varie entre <strong>100 \u20ac<\/strong> et <strong>350 <strong>\u20ac<\/strong> <\/strong>sans compter la pose. Bien entendu, ce prix d\u00e9pend du type de m\u00e9thodes choisi. En effet, il existe deux types de m\u00e9thodes pour <a href=\"https:\/\/www.bobex.be\/fr-be\/chassis-portes-et-fenetres\/remplacement-fenetres\/\" data-type=\"URL\" data-id=\"https:\/\/www.bobex.be\/fr-be\/chassis-portes-et-fenetres\/remplacement-fenetres\/\" target=\"_blank\" rel=\"noreferrer noopener\">remplacer une fen\u00eatre<\/a> :<\/p>\n\n\n\n<h3 class=\"wp-block-heading\"><span class=\"ez-toc-section\" id=\"Depose_totale\"><\/span>D\u00e9pose totale<span class=\"ez-toc-section-end\"><\/span><\/h3>\n\n\n\n<p>Le prix d\u2019une d\u00e9pose totale varie entre <strong>150 \u20ac<\/strong> et <strong>350 <strong>\u20ac<\/strong>.<\/strong> Elle consiste \u00e0 d\u00e9monter l\u2019ensemble des \u00e9l\u00e9ments qui constituent la fen\u00eatre, \u00e0 savoir : les<strong> vantaux <\/strong>et le <strong>cadre dormant<\/strong>.<\/p>\n\n\n\n<p>Elle est g\u00e9n\u00e9ralement utilis\u00e9e pour le remplacement d&rsquo;une ancienne fen\u00eatre par une fen\u00eatre neuve, dans le but d&rsquo;obtenir une meilleure isolation thermique.<\/p>\n\n\n\n<p>Toutefois, ce type de pose est souvent long, ce qui entra\u00eene un co\u00fbt \u00e9lev\u00e9 pour la main d\u2019\u0153uvre.<\/p>\n\n\n\n<figure class=\"wp-block-image size-full\"><img decoding=\"async\" width=\"1000\" height=\"550\" src=\"https:\/\/www.bobex.be\/wp-uploads\/sites\/2\/Fenetre-en-PVC-2.jpg\" alt=\"Fen\u00eatre PVC pour appartement\" class=\"wp-image-102478\"\/><\/figure>\n\n\n\n<h3 class=\"wp-block-heading\"><span class=\"ez-toc-section\" id=\"Pose_en_renovation\"><\/span>Pose en r\u00e9novation<span class=\"ez-toc-section-end\"><\/span><\/h3>\n\n\n\n<p>Le prix d\u2019une <a href=\"https:\/\/www.bobex.be\/fr-be\/chassis-portes-et-fenetres\/changement-fenetre-renovation-ou-depose-totale\/\" data-type=\"link\" data-id=\"https:\/\/www.bobex.be\/fr-be\/chassis-portes-et-fenetres\/changement-fenetre-renovation-ou-depose-totale\/\" target=\"_blank\" rel=\"noreferrer noopener\">pose en r\u00e9novation<\/a> varie entre <strong>250<\/strong> <strong>\u20ac<\/strong> et <strong>400 <strong>\u20ac<\/strong><\/strong>. Ici, seuls les vantaux sont remplac\u00e9s. Le cadre de la fen\u00eatre quant \u00e0 lui est conserv\u00e9. La r\u00e9alisation de cette pose est simple et facile.<\/p>\n\n\n\n<p>Seulement, en conservant l\u2019ancien cadre, cette m\u00e9thode pr\u00e9sente certains inconv\u00e9nients tels que :<\/p>\n\n\n\n<ul class=\"wp-block-list\">\n<li><strong>La dur\u00e9e de vie de l\u2019ensemble de la fen\u00eatre est r\u00e9duite<\/strong>.<\/li>\n\n\n\n<li><strong>Les performances thermiques de la fen\u00eatre sont r\u00e9duites<\/strong>.<\/li>\n\n\n\n<li><strong>La superposition des cadres rend l\u2019encadrement \u00e9pais<\/strong>.<strong>&nbsp;<\/strong><\/li>\n<\/ul>\n\n\n\n            <div class='bobex-table-wrapper' style='\n            --bobex-table-dark-row-color: #D1E8F2;\n        '>\n                <table class='' data-columns='2'>\n                    <thead style='\n            --bobex-table-header-background-color: #10375E;\n            --bobex-table-header-text-color: #FFFFFF;\n        '><th>M\u00e9thode de remplacement de fen\u00eatre<\/th><th>Prix (fourniture exclue)                                               <\/th><\/thead><tr><td>D\u00e9pose totale + Remplacement<\/td><td>Entre 150 <strong>\u20ac<\/strong> et 500 <strong>\u20ac<\/strong><\/td><\/tr><tr><td>Pose en r\u00e9novation<\/td><td>Entre 200 <strong>\u20ac<\/strong> et 300 <strong>\u20ac<\/strong><\/td><\/tr>\n                <\/table>\n            <\/div>\n        \n\n\n<p>Ces tarifs sont donn\u00e9s \u00e0 titre indicatif. Il est pr\u00e9f\u00e9rable de faire appel \u00e0 un professionnel qui, sur base d\u2019un devis, vous conseillera sur le type de d\u00e9pose adapt\u00e9 \u00e0 votre situation. Il pourra \u00e9galement assurer la pose de votre nouvelle fen\u00eatre, vous offrant ainsi la garantie d\u2019un travail bien fait.<\/p>\n\n\n\n                <div class='bobex-cta-block' style='\n            --button-bg-color: #e13c0e;\n            --button-text-color: #ffffff;\n            --banner-bg-color: #aad4e6;\n            --arrow-main-bg-color: #aad4e6;\n            --arrow-secondary-bg-color: #e5f2f7;\n            --banner-title-color: #10375e;\n            --arrow-title-color: #10375e;\n            --banner-text-color: #545454;\n            --arrow-text-color: #545454;         \n            --invert-range: 0deg;\n        '>\n                    <div class='cta-banner'>\n                        <div class='h3'>Vous souhaitez recevoir des conseils personnalis\u00e9s et des devis sur mesure ?<\/div>\n                        <div class='text-color'>Remplacez vos fen\u00eatres, r\u00e9duisez vos factures ! Obtenez votre devis gratuit en un clic.<\/div>\n                        <span>\n                            <img src='https:\/\/www.bobex.be\/wp-uploads\/sites\/2\/arrow-cta-box.png' alt='arrow' class='img-color'\/>\n                            <a class='cta-button-rounded' href=\"#ppp\">Demander un devis<\/a>\n                        <\/span>   \n                    <\/div>\n                <\/div>\n\n\n<h2 class=\"wp-block-heading\"><span class=\"ez-toc-section\" id=\"Prix_des_fenetres_PVC\"><\/span>Prix des fen\u00eatres PVC<span class=\"ez-toc-section-end\"><\/span><\/h2>\n\n\n\n<p>Le prix moyen d\u2019une fen\u00eatre PVC varie entre <strong>90<\/strong> <strong>\u20ac<\/strong> et <strong>500 <strong>\u20ac<\/strong><\/strong>. Il varie principalement en fonction du<strong> nombre de vantaux<\/strong>, du <strong>type de vitrage<\/strong> et des <strong>dimensions <\/strong>exactes de votre fen\u00eatre.<\/p>\n\n\n\n<p>Le tableau ci-dessous vous donne une estimation du prix d\u2019une fen\u00eatre PVC en fonction de ses dimensions et son nombre de vantaux.<\/p>\n\n\n\n            <div class='bobex-table-wrapper' style='\n            --bobex-table-dark-row-color: #D1E8F2;\n        '>\n                <table class='' data-columns='2'>\n                    <thead style='\n            --bobex-table-header-background-color: #10375E;\n            --bobex-table-header-text-color: #FFFFFF;\n        '><th>Taille fen\u00eatre PVC<\/th><th>Prix                                                                                                        <\/th><\/thead><tr><td>Fen\u00eatre 1 vantail 75 x 60 cm<\/td><td>Entre <strong>90<\/strong> <strong><strong>\u20ac<\/strong><\/strong> et <strong>180<\/strong> <strong><strong>\u20ac<\/strong><\/strong><\/td><\/tr><tr><td>Fen\u00eatre 1 vantail 95 x 60 cm<\/td><td>Entre <strong>100<\/strong> <strong><strong>\u20ac<\/strong><\/strong> et <strong>200<\/strong> <strong><strong>\u20ac<\/strong><\/strong><\/td><\/tr><tr><td>Fen\u00eatre 2 vantaux 125 x 100 cm<\/td><td>Entre <strong>200<\/strong> <strong><strong>\u20ac<\/strong><\/strong> et <strong>350<\/strong> <strong><strong>\u20ac<\/strong><\/strong><\/td><\/tr><tr><td>Fen\u00eatre 2 vantaux 135 x 120 cm<\/td><td>Entre <strong>180<\/strong> <strong><strong>\u20ac<\/strong><\/strong> et <strong>350<\/strong> <strong><strong>\u20ac<\/strong><\/strong><\/td><\/tr><tr><td>Fen\u00eatre sur-mesure<\/td><td>Entre <strong>400<strong>\u20ac<\/strong><\/strong> et <strong>700<\/strong> <strong><strong>\u20ac<\/strong><\/strong><\/td><\/tr>\n                <\/table>\n            <\/div>\n        \n\n\n<p>Ces tarifs sont donn\u00e9s \u00e0 titre indicatif. N\u2019h\u00e9sitez pas \u00e0 faire appel \u00e0 un professionnel afin de conna\u00eetre le montant exact de vos nouvelles fen\u00eatres PVC.<\/p>\n\n\n\n                <div class='bobex-cta-block' style='\n            --button-bg-color: #e13c0e;\n            --button-text-color: #ffffff;\n            --banner-bg-color: #aad4e6;\n            --arrow-main-bg-color: #aad4e6;\n            --arrow-secondary-bg-color: #e5f2f7;\n            --banner-title-color: #10375e;\n            --arrow-title-color: #10375e;\n            --banner-text-color: #545454;\n            --arrow-text-color: #545454;         \n            --invert-range: 0deg;\n        '>\n                    <div class='cta-arrow-text d-flex d-lg-none'>\n                        <a class='cta-button-rounded' href='#ppp'>Demander un devis<\/a>\n                    <\/div>\n                    <div class='d-none d-lg-flex flex-no-wrap'>\n                        <div class=\"col-7 cta-arrow-text d-flex text-color\">\n                            <div class=\"m-auto\">\n                                <div class=\"h3\">Vous cherchez un sp\u00e9cialiste ?<\/div>\n                                <div class='text-color'>Isolation, esth\u00e9tique, \u00e9conomies : tout commence ici ! Faites une demande de devis gratuite d\u00e8s aujourd\u2019hui.<\/div>\n                            <\/div>\n                        <\/div>\n                        <div class='cta-arrow-link col-5'>\n                            <a class='cta-button-rounded' href=\"#ppp\">Demander un devis<\/a>\n                        <\/div>\n                    <\/div>\n                <\/div>\n\n\n<h2 class=\"wp-block-heading\"><span class=\"ez-toc-section\" id=\"Prix_des_vitrages\"><\/span>Prix des vitrages<span class=\"ez-toc-section-end\"><\/span><\/h2>\n\n\n\n<p>Le prix d\u2019un simple vitrage varie entre <strong>25<\/strong> <strong><strong>\u20ac<\/strong><\/strong> et <strong>60 <strong><strong>\u20ac<\/strong><\/strong><\/strong>. Cependant, il est de plus en plus rare sur le march\u00e9. Le double vitrage quant \u00e0 lui co\u00fbte entre <strong>50<\/strong> <strong><strong>\u20ac<\/strong><\/strong> et <strong>150 <strong><strong>\u20ac<\/strong><\/strong><\/strong>. Pour avoir un triple vitrage, il faut d\u00e9bourser entre <strong>140<\/strong> <strong><strong>\u20ac<\/strong><\/strong> \u00e0 <strong>300 <strong><strong>\u20ac<\/strong><\/strong><\/strong>.<\/p>\n\n\n\n<p>Le vitrage est un \u00e9l\u00e9ment majeur des fen\u00eatres PVC. Vous avez le choix entre le simple vitrage, le double vitrage et le triple vitrage.<\/p>\n\n\n\n<p>Retrouvez dans ce tableau le prix des diff\u00e9rents vitrages.<\/p>\n\n\n\n            <div class='bobex-table-wrapper' style='\n            --bobex-table-dark-row-color: #D1E8F2;\n        '>\n                <table class='' data-columns='2'>\n                    <thead style='\n            --bobex-table-header-background-color: #10375E;\n            --bobex-table-header-text-color: #FFFFFF;\n        '><th>Type de vitrage<\/th><th>Prix au m\u00b2                                                                                                              <\/th><\/thead><tr><td>Simple vitrage<\/td><td>Entre <strong>65<\/strong> <strong><strong><strong>\u20ac<\/strong><\/strong><\/strong> et <strong>80<\/strong> <strong><strong><strong>\u20ac<\/strong><\/strong><\/strong><\/td><\/tr><tr><td>Double vitrage<\/td><td>Entre <strong>70<\/strong> <strong><strong><strong>\u20ac<\/strong><\/strong><\/strong> et <strong>250<\/strong> <strong><strong><strong>\u20ac<\/strong><\/strong><\/strong><\/td><\/tr><tr><td>Triple vitrage<\/td><td>Entre <strong>200<\/strong> <strong><strong><strong>\u20ac<\/strong><\/strong><\/strong> et <strong>500<\/strong> <strong><strong><strong>\u20ac<\/strong><\/strong><\/strong><\/td><\/tr>\n                <\/table>\n            <\/div>\n        \n\n\n<p>Ces tarifs sont donn\u00e9s \u00e0 titre indicatif. Pour un devis pr\u00e9cis sur le type de vitrage qu\u2019il vous faut, pose inclue, vous devez faire appel \u00e0 un professionnel.&nbsp;<\/p>\n\n\n<div class='bobex-cta-block' style='\n            --button-bg-color: #e13c0e;\n            --button-text-color: #ffffff;\n            --banner-bg-color: #aad4e6;\n            --arrow-main-bg-color: #aad4e6;\n            --arrow-secondary-bg-color: #e5f2f7;\n            --banner-title-color: #10375e;\n            --arrow-title-color: #10375e;\n            --banner-text-color: #545454;\n            --arrow-text-color: #545454;         \n            --invert-range: 0deg;\n        '><a class='cta-button' href='#ppp'>Des fen\u00eatres PVC performantes et \u00e9l\u00e9gantes ! Demandez votre devis gratuit sans engagement.<\/a><\/div>\n\n\n<h2 class=\"wp-block-heading\"><span class=\"ez-toc-section\" id=\"Avantages_des_chassis_en_PVC\"><\/span>Avantages des ch\u00e2ssis en PVC<span class=\"ez-toc-section-end\"><\/span><\/h2>\n\n\n\n<p>\u00c0 l\u2019instar des autres mat\u00e9riaux (bois et aluminium), le PVC est tr\u00e8s appr\u00e9ci\u00e9 en menuiserie. Pour preuve, il repr\u00e9sente<strong> 50 %<\/strong> des ventes en Belgique. Il  offre plusieurs avantages \u00e0 vos ch\u00e2ssis :<\/p>\n\n\n\n<ul class=\"wp-block-list\">\n<li><strong>Il pr\u00e9sente de tr\u00e8s bonnes capacit\u00e9s d\u2019isolation.<\/strong><\/li>\n\n\n\n<li><strong>C\u2019est le mat\u00e9riau le moins cher du march\u00e9.<\/strong><\/li>\n\n\n\n<li><strong>Son entretien est simple et facile \u00e0 r\u00e9aliser.<\/strong><\/li>\n<\/ul>\n\n\n\n<h2 class=\"wp-block-heading\"><span class=\"ez-toc-section\" id=\"Choisir_sa_fenetre\"><\/span>Choisir sa fen\u00eatre<span class=\"ez-toc-section-end\"><\/span><\/h2>\n\n\n\n<p>Pour choisir votre nouvelle fen\u00eatre, vous devez tenir compte de certains \u00e9l\u00e9ments tels que :<\/p>\n\n\n\n<ul class=\"wp-block-list\">\n<li><strong>Le type d\u2019ouverture<\/strong> : fen\u00eatre coulissante, fixe ou battante.<\/li>\n\n\n\n<li><strong>Le type de vitrage<\/strong> : double ou triple vitrage. Le simple vitrage \u00e9tant d\u00e9conseill\u00e9.<\/li>\n\n\n\n<li><strong>La s\u00e9curit\u00e9<\/strong> : choisir entre un vitrage renforc\u00e9 anti-effraction ou un double vitrage simple.<\/li>\n\n\n\n<li><strong>La performance thermique<\/strong> : vitrage en entier ou divis\u00e9 en plusieurs carreaux.<\/li>\n\n\n\n<li><strong>La performance phonique<\/strong> : d\u00e9terminer l\u2019\u00e9paisseur de votre vitrage.<\/li>\n\n\n\n<li><strong>L\u2019exposition <\/strong>: d\u00e9terminer la direction nord ou sud de votre fen\u00eatre.&nbsp;<\/li>\n<\/ul>\n\n\n\n<figure class=\"wp-block-image size-full\"><img decoding=\"async\" width=\"1000\" height=\"550\" src=\"https:\/\/www.bobex.be\/wp-uploads\/sites\/2\/Changement-fenetre-renovation-ou-depose-totale-2-1.jpg\" alt=\"Remplacement fen\u00eatre PVC par un particulier.\" class=\"wp-image-108062\"\/><\/figure>\n\n\n\n<h2 class=\"wp-block-heading\"><span class=\"ez-toc-section\" id=\"Aides_et_primes\"><\/span>Aides et primes<span class=\"ez-toc-section-end\"><\/span><\/h2>\n\n\n\n<p>Il existe des <a href=\"https:\/\/www.bobex.be\/fr-be\/chassis-portes-et-fenetres\/prime-chassis\/\" target=\"_blank\" rel=\"noreferrer noopener\">aides et primes<\/a> octroy\u00e9es par le gouvernement pour les ch\u00e2ssis afin de vous aider dans vos travaux de r\u00e9novation.\u00a0<\/p>\n\n\n\n<p>\u00c0 Bruxelles \ud83d\udccd, le nouveau gouvernement n&rsquo;\u00e9tant pas encore form\u00e9, les montants des primes bruxelloises ne sont pas encore d\u00e9termin\u00e9es.<\/p>\n\n\n\n<p>En Flandre \ud83d\udccd Voici un&nbsp;<strong>tableau r\u00e9capitulatif des primes disponibles en Flandre <\/strong>:<\/p>\n\n\n\n            <div class='bobex-table-wrapper' style='\n            --bobex-table-dark-row-color: #D1E8F2;\n        '>\n                <table class='' data-columns='4'>\n                    <thead style='\n            --bobex-table-header-background-color: #10375E;\n            --bobex-table-header-text-color: #FFFFFF;\n        '><th>Cat\u00e9gorie de b\u00e9n\u00e9ficiaire<\/th><th>Montant de la prime<\/th><th>Facture \u00e9ligible<\/th><th>Condition de ventilation (remplacement menuiserie)<\/th><\/thead><tr><td>Cat\u00e9gorie 1 ou soci\u00e9t\u00e9 de logement<\/td><td>Jusqu\u2019\u00e0 50 % du montant HTVA (max. 5 250 \u20ac)<\/td><td>De 1.000 \u20ac \u00e0 10.500 \u20ac HTVA (au-del\u00e0 non pris en compte)<\/td><td>Obligatoire sinon pas de prime<\/td><\/tr><tr><td>Cat\u00e9gorie 3<\/td><td>Jusqu\u2019\u00e0 35 % du montant HTVA (max. 3.675 \u20ac)<\/td><td>De 1.000 \u20ac \u00e0 10.500 \u20ac HTVA (au-del\u00e0 non pris en compte)<\/td><td>Obligatoire sinon pas de prime<\/td><\/tr><tr><td>Cat\u00e9gorie 2<\/td><td>64 \u20ac\/m\u00b2 (max. 20 m\u00b2), max. 1.280 \u20ac et 25 % du montant HTVA<\/td><td>Min. 1.000 \u20ac HTVA<\/td><td>Obligatoire sinon pas de prime<\/td><\/tr><tr><td>Cat\u00e9gorie 4 ou investisseur<\/td><td>30 \u20ac\/m\u00b2 (max. 20 m\u00b2), max. 600 \u20ac et 20 % du montant HTVA<\/td><td>Min. 1.000 \u20ac HTVA<\/td><td>Obligatoire sinon pas de prime<\/td><\/tr>\n                <\/table>\n            <\/div>\n        \n\n\n<p><br><br>En Wallonie \ud83d\udccd, une prime ch\u00e2ssis de&nbsp;<strong>26 \u20ac\/m\u00b2<\/strong>&nbsp;est disponible pour le remplacement des menuiseries ext\u00e9rieures ou des vitrages dans le cadre de l\u2019installation d\u2019un double vitrage. Le montant accord\u00e9 d\u00e9pend des revenus du m\u00e9nage.<\/p>\n\n\n\n            <div class='bobex-table-wrapper' style='\n            --bobex-table-dark-row-color: #D1E8F2;\n        '>\n                <table class='' data-columns='3'>\n                    <thead style='\n            --bobex-table-header-background-color: #10375E;\n            --bobex-table-header-text-color: #FFFFFF;\n        '><th>Revenus<\/th><th>Majoration de la prime de base<\/th><th>Prime maximum                          <\/th><\/thead><tr><td>&lt; ou = \u00e0 <strong>26.900<\/strong> <strong>\u20ac<\/strong><\/td><td>Prime de base multipli\u00e9e par <strong>6<\/strong><\/td><td>26 \u20ac\/m\u00b2 * 6 \u27a1\ufe0f <strong>156 \u20ac\/m\u00b2<\/strong><\/td><\/tr><tr><td> entre <strong>26.900 \u20ac <\/strong>et<strong> 38.300 \u20ac<\/strong><\/td><td>Prime de base multipli\u00e9e par <strong>4<\/strong><\/td><td>26 \u20ac\/m\u00b2 * 4 \u27a1\ufe0f <strong>104<\/strong> <strong>\u20ac\/m\u00b2<\/strong><\/td><\/tr><tr><td>entre<strong> 38.300 \u20ac<\/strong> et <strong>50.600 \u20ac<\/strong><\/td><td>Prime de base multipli\u00e9e par <strong>3<\/strong><\/td><td>26 \u20ac\/m\u00b2 * 3 \u27a1\ufe0f <strong>78<\/strong> <strong>\u20ac\/m\u00b2<\/strong><\/td><\/tr><tr><td>entre <strong>50.600 \u20ac<\/strong> et <strong>114.400<\/strong>\u00a0<strong>\u20ac<\/strong><\/td><td>Prime de base multipli\u00e9e par <strong>2<\/strong><\/td><td>26 \u20ac\/m\u00b2 * 2 \u27a1\ufe0f <strong>52<\/strong> <strong>\u20ac\/m\u00b2<\/strong><\/td><\/tr>\n                <\/table>\n            <\/div>\n        \n\n\n<p>En compl\u00e9ment, une&nbsp;<strong>prime \u00ab\u00a0Audit logement\u00a0\u00bb<\/strong>&nbsp;de&nbsp;<strong>76 \u20ac<\/strong>&nbsp;est \u00e9galement propos\u00e9e pour couvrir une partie des frais li\u00e9s \u00e0 la visite d\u2019un auditeur. Vous pouvez \u00e9galement b\u00e9n\u00e9ficier d\u2019une r\u00e9duction de<strong> 6 % sur la TVA<\/strong> si vos travaux concernent une<strong> habitation \u00e2g\u00e9e de plus de 10 ans<\/strong>.<\/p>\n\n\n\n<h2 class=\"wp-block-heading\"><span class=\"ez-toc-section\" id=\"Trouvez_des_professionnels_pour_le_remplacement_de_vos_fenetres_PVC_dans_votre_region_et_comparez_plusieurs_devis_gratuitement\"><\/span>Trouvez des professionnels pour le remplacement de vos fen\u00eatres PVC dans votre r\u00e9gion et comparez plusieurs devis gratuitement !&nbsp;<span class=\"ez-toc-section-end\"><\/span><\/h2>\n\n\n\n<p>Vous souhaitez remplacer vos fen\u00eatres PVC ? Demandez des devis gratuits et sans engagement aupr\u00e8s des professionnels proches de chez vous. Vous pourrez ainsi comparer les prix et trouver la meilleure solution pour votre situation sp\u00e9cifique.<\/p>\n\n\n<div id=\"ppp\" class=\"bob-form-wrapper\" data-ajax_url=\"https:\/\/www.bobex.be\/fr-be\/wp-admin\/admin-ajax.php\" data-fa_a=\"\" data-fa_b=\"\"><div class=\"loader\" aria-hidden=\"true\"><\/div>    <div>\n        <div class=\"row mx-auto mb-2\" style=\"max-width: 900px;\">\n            <div class=\"col-md-4\"><i class=\"mr-1 fas fa-check\" style=\"color:green;\"><\/i>Devis gratuits et rapides<\/div>\n            <div class=\"col-md-4\"><i class=\"mr-1 fas fa-check\" style=\"color:green;\"><\/i>Sans engagement et obligation<\/div>\n            <div class=\"col-md-4\"><i class=\"mr-1 fas fa-check\" style=\"color:green;\"><\/i>Professionnels agr\u00e9\u00e9s<\/div>\n        <\/div>\n    <\/div><div id=\"form-69f2ac46d6a48\" class=\"bob-form-container\" style=\"background-color: white; font-family: Roboto, sans-serif !important; font-size: 16px !important; color: #545454; box-shadow: 0 2px 10px rgba(0,0,0,0.1); --font_title: Poppins; --font_size_title: 20px; --title_bg_color: #175da6; --copyright_color: #fde8e1; --box_upload_color: #e5f2f7; padding:unset;\" data-form-type=\"inline\" data-form-id=\"69f2ac46d6a48\"><style>#form-69f2ac46d6a48 .bob-form-inline-question.even {\n  background-color: #e5f2f7;\n}\n#form-69f2ac46d6a48 .single_multiple.multiple_button {\n  background-color: #e5f2f7 !important;\n}\n#form-69f2ac46d6a48 .bob-form-inline-question--hidden {\n  display: none;\n}<\/style><div class=\"form-questions\"><form id=\"bob-form\" class=\"bob-form bob-form-tag\" method=\"post\" action=\"https:\/\/www.bobex.be\/fr-be\/wp-admin\/admin-ajax.php?action=bobex-form-validation\">    <div class=\"form-title\">\n        Formulez votre demande\n        <div class=\"form-title-info-line\">\n            R\u00e9pondez \u00e0 quelques questions et entrez en contact avec des sp\u00e9cialistes fiables. Nous vous demandons vos coordonn\u00e9es afin de s\u00e9lectionner les professionnels actifs dans votre r\u00e9gion.\n        <\/div>\n    <\/div><div class=\"form-questions bob-form-inline-question\"><div class=\"row\"><div class=\"question col-md-4\"><label>1*. Que d\u00e9sirez-vous installer ou remplacer?<\/label><\/div><div class=\"answer col-md-8\"><div class=\"bob-form-radio d-flex\"><input type=\"radio\" class=\"inline-radio\" id=\"69f2ac46d6a48-input-0-1\" data-unique-id=\"69f2ac46d6a48\" name=\"XML_extra_radio\" value=\"1\"  required=\"required\"><label for=\"69f2ac46d6a48-input-0-1\">Des fen\u00eatres (ch\u00e2ssis)<\/label><\/div><div class=\"bob-form-radio d-flex\"><input type=\"radio\" class=\"inline-radio\" id=\"69f2ac46d6a48-input-0-2\" data-unique-id=\"69f2ac46d6a48\" name=\"XML_extra_radio\" value=\"2\"  required=\"required\"><label for=\"69f2ac46d6a48-input-0-2\">Des portes<\/label><\/div><div class=\"bob-form-radio d-flex\"><input type=\"radio\" class=\"inline-radio\" id=\"69f2ac46d6a48-input-0-3\" data-unique-id=\"69f2ac46d6a48\" name=\"XML_extra_radio\" value=\"3\"  required=\"required\"><label for=\"69f2ac46d6a48-input-0-3\">Des fen\u00eatres et des portes<\/label><\/div><\/div><\/div><\/div><div class=\"form-questions bob-form-inline-question even\"><div class=\"row\"><div class=\"question col-md-4\"><label>2*. Quel type de fen\u00eatres (ou portes) d\u00e9sirez-vous?<\/label><\/div><div class=\"answer col-md-8\"><div class=\"bob-form-radio d-flex\"><input type=\"radio\" class=\"inline-radio\" id=\"69f2ac46d6a48-input-1-1\" data-unique-id=\"69f2ac46d6a48\" name=\"XML_extra_radio2\" value=\"1\"  required=\"required\"><label for=\"69f2ac46d6a48-input-1-1\">Fen\u00eatres (ou portes) en PVC<\/label><\/div><div class=\"bob-form-radio d-flex\"><input type=\"radio\" class=\"inline-radio\" id=\"69f2ac46d6a48-input-1-2\" data-unique-id=\"69f2ac46d6a48\" name=\"XML_extra_radio2\" value=\"2\"  required=\"required\"><label for=\"69f2ac46d6a48-input-1-2\">Fen\u00eatres (ou portes) en aluminium<\/label><\/div><div class=\"bob-form-radio d-flex\"><input type=\"radio\" class=\"inline-radio\" id=\"69f2ac46d6a48-input-1-3\" data-unique-id=\"69f2ac46d6a48\" name=\"XML_extra_radio2\" value=\"3\"  required=\"required\"><label for=\"69f2ac46d6a48-input-1-3\">Fen\u00eatres (ou portes) en bois<\/label><\/div><div class=\"bob-form-radio d-flex\"><input type=\"radio\" class=\"inline-radio\" id=\"69f2ac46d6a48-input-1-4\" data-unique-id=\"69f2ac46d6a48\" name=\"XML_extra_radio2\" value=\"4\"  required=\"required\"><label for=\"69f2ac46d6a48-input-1-4\">Je ne sais pas, conseillez-moi<\/label><\/div><\/div><\/div><\/div><div class=\"form-questions bob-form-inline-question\"><div class=\"row\"><div class=\"question col-md-4\"><label>3*. Combien de fen\u00eatres (ou portes) voulez-vous?<\/label><\/div><div class=\"answer col-md-8\"><div class=\"bob-form-radio d-flex\"><input type=\"radio\" class=\"inline-radio\" id=\"69f2ac46d6a48-input-2-1\" data-unique-id=\"69f2ac46d6a48\" name=\"XML_extra_radio3\" value=\"1\"  required=\"required\"><label for=\"69f2ac46d6a48-input-2-1\">1 ou 2<\/label><\/div><div class=\"bob-form-radio d-flex\"><input type=\"radio\" class=\"inline-radio\" id=\"69f2ac46d6a48-input-2-2\" data-unique-id=\"69f2ac46d6a48\" name=\"XML_extra_radio3\" value=\"2\"  required=\"required\"><label for=\"69f2ac46d6a48-input-2-2\">3 ou 4<\/label><\/div><div class=\"bob-form-radio d-flex\"><input type=\"radio\" class=\"inline-radio\" id=\"69f2ac46d6a48-input-2-3\" data-unique-id=\"69f2ac46d6a48\" name=\"XML_extra_radio3\" value=\"3\"  required=\"required\"><label for=\"69f2ac46d6a48-input-2-3\">5 \u00e0 9<\/label><\/div><div class=\"bob-form-radio d-flex\"><input type=\"radio\" class=\"inline-radio\" id=\"69f2ac46d6a48-input-2-4\" data-unique-id=\"69f2ac46d6a48\" name=\"XML_extra_radio3\" value=\"4\"  required=\"required\"><label for=\"69f2ac46d6a48-input-2-4\">10 \u00e0 15<\/label><\/div><div class=\"bob-form-radio d-flex\"><input type=\"radio\" class=\"inline-radio\" id=\"69f2ac46d6a48-input-2-5\" data-unique-id=\"69f2ac46d6a48\" name=\"XML_extra_radio3\" value=\"5\"  required=\"required\"><label for=\"69f2ac46d6a48-input-2-5\">Plus de 15<\/label><\/div><\/div><\/div><\/div><div class=\"form-questions bob-form-inline-question even\"><div class=\"d-flex flex-column\"><label class=\"question\" for=\"69f2ac46d6a48-input-3\">4. Description de votre projet<\/label><textarea class=\"bob-form-input\" name=\"XML_remarks\" id=\"69f2ac46d6a48-input-3\" data-unique-id=\"69f2ac46d6a48\"><\/textarea><\/div><\/div><div class=\"bob-inline-form bob-form-tag upload-box mb-3\">\n                    <div class=\"row\">\n                        <div class=\"col-md-12 mb-2 question\">Ajouter des photos ou des pi\u00e8ces jointes (en Option)<\/div>\n                        <div class=\"col-md-12\">\n                            <div class=\"box__input\" style=\"background-color: #e5f2f7;\"\n                                 ondrop=\"drop(event)\"\n                                 ondragover=\"allowDrop(event)\"\n                                 ondragleave=\"removeDropFx(event)\"\n                                >\n                                <input type=\"file\"\n                                       class=\"file__input\"\n                                       name=\"attachments[]\"\n                                       id=\"attachments\"\n                                       multiple=\"multiple\"\n                                       accept=\"image\/jpeg, image\/png, image\/gif, application\/pdf\"\n                                       data-multiple-caption=\"{count} files selected\">\n                                <div>\n                                    <label for=\"attachments\"><strong>S\u00e9lectionnez un fichier <\/strong>ou glissez-le ici<\/label>\n                                    <span class=\"box__button bobex-round-cta m-1 py-1\"\n                                          style=\"mix-blend-mode: luminosity\">\n                                        <i class=\"fas fa-cloud-upload-alt text-white\"><\/i>\n                                        T\u00e9l\u00e9charger\n                                    <\/span>\n                                <\/div>\n            \n                                <div class=\"row preview_wrapper m-0\"><\/div>\n                            <\/div>\n            \n                            <div class=\"box__uploading\">Uploading\u2026<\/div>\n                            <div class=\"box__success\">Done!<\/div>\n                            <div class=\"box__error\">Error! <span><\/span>.<\/div>\n                        <\/div>\n                    <\/div>\n                <\/div>    <div class=\"form-title\">\n        Vos donn\u00e9es\n    <\/div><div class=\"bob-form-contact-data\" style=\"padding: 20px\"><div class=\"row lead-info\"><div class=\"col-md-6 mb-3\">  <div class=\"form-group\">    <input value=\"\" type=\"text\" class=\"form-control\" id=\"firstName\" name=\"firstName\" placeholder=\"Pr\u00e9nom\" required>    <div class=\"valid-feedback\">Enchant\u00e9 !<\/div>    <div class=\"invalid-feedback\">Veuillez indiquer votre pr\u00e9nom<\/div>  <\/div><\/div><div class=\"col-md-6 mb-3\">  <div class=\"form-group\">    <input value=\"\" type=\"text\" class=\"form-control\" id=\"lastName\" name=\"lastName\" placeholder=\"Nom\" required>    <div class=\"valid-feedback\">Sympa<\/div>    <div class=\"invalid-feedback\">Veuillez indiquer votre nom de famille<\/div>  <\/div><\/div><div class=\"col-md-12 mb-3\">  <div class=\"form-group\">    <input value=\"\" type=\"email\" class=\"form-control\" id=\"email\" name=\"email\" placeholder=\"E-mail\" required style=\"max-width: unset;\">    <div class=\"valid-feedback\">C&rsquo;est tout bon<\/div>    <div class=\"invalid-feedback\">Veuillez indiquer une adresse e-mail valide<\/div>  <\/div><\/div><div class=\"col-md-12 mb-3\">  <div class=\"form-group\">    <input value=\"\" type=\"tel\" class=\"form-control\" id=\"phone\" name=\"phone\" placeholder=\"T\u00e9l\u00e9phone\" required style=\"max-width: unset;\">    <div class=\"valid-feedback\">Parfait<\/div>    <div class=\"invalid-feedback\">Veuillez indiquer un num\u00e9ro de t\u00e9l\u00e9phone valide<\/div>  <\/div><\/div><div class=\"col-md-12 mb-3\">  <div class=\"form-group\">    <input value=\"\" type=\"text\" class=\"form-control\" id=\"companyAddress\" name=\"companyAddress\" placeholder=\"Adresse\" required style=\"max-width: unset;\">    <div class=\"valid-feedback\">C&rsquo;est not\u00e9<\/div>    <div class=\"invalid-feedback\">Veuillez indiquer une adresse valide<\/div>  <\/div><\/div><div class=\"col-md-6 mb-3\">  <div class=\"form-group\">    <input value=\"\" type=\"text\" class=\"form-control\" id=\"companyPostalCode\" name=\"companyPostalCode\" placeholder=\"Code postal\" required>    <div class=\"valid-feedback\">Excellent !<\/div>    <div class=\"invalid-feedback\">Veuillez indiquer un code postal valide<\/div>  <\/div><\/div><div class=\"col-md-6 mb-3\">  <div class=\"form-group\">    <input value=\"\" type=\"text\" class=\"form-control\" id=\"companyCity\" name=\"companyCity\" placeholder=\"Ville\" required>    <div class=\"valid-feedback\">Bien jou\u00e9<\/div>    <div class=\"invalid-feedback\">Veuillez indiquer une ville valide<\/div>  <\/div><\/div><div class=\"d-flex mt-3\"><input name=\"promoOptin\" value=\"true\" id=\"promoOptin\" type=\"checkbox\" class=\"me-2\" style=\"width: unset\"><label for=\"promoOptin\">Je souhaite rester inform\u00e9 de ma demande et recevoir des conseils pratiques (fortement recommand\u00e9 !) <\/label><\/div><\/div><\/div><input type=\"hidden\" class=\"session_var\" name=\"newform\" value=\"true\"><input type=\"hidden\" class=\"session_var\" name=\"lead-validation-nonce\" value=\"403e45eda1\"><input type=\"hidden\" class=\"session_var\" name=\"aff\" value=\"minisite\"><input type=\"hidden\" class=\"session_var\" name=\"utm_source\" value=\"https:\/\/www.bobex.be\/fr-be\/wp-json\/v2\/content\/111306\"><input type=\"hidden\" class=\"session_var\" name=\"bobx\" value=\"\"><input type=\"hidden\" class=\"session_var\" name=\"sessionType\" value=\"B2C\"><input type=\"hidden\" class=\"session_var\" name=\"utm_medium\" value=\"web\"><input type=\"hidden\" class=\"session_var\" name=\"utm_campaign\" value=\"search\"><input type=\"hidden\" class=\"session_var\" name=\"rem_source\" value=\"https:\/\/www.bobex.be\/fr-be\/chassis-portes-et-fenetres\/remplacement-fenetre-pvc-prix\/\"><input type=\"hidden\" class=\"session_var\" name=\"pixel_id\" value=\"-1\"><input type=\"hidden\" class=\"session_var\" name=\"tabo_id\" value=\"-1\"><input type=\"hidden\" class=\"session_var\" name=\"click_id\" value=\"-1\"><input type=\"hidden\" class=\"session_var\" name=\"gclid\" value=\"-1\"><input type=\"hidden\" class=\"session_var\" name=\"msclkid\" value=\"-1\"><input type=\"hidden\" class=\"session_var\" name=\"past_aff\" value=\"bobex\"><input type=\"hidden\" class=\"session_var\" name=\"redirectTo\" value=\"BE\"><input type=\"hidden\" class=\"session_var\" name=\"is_type_id\" value=\"true\"><input type=\"hidden\" class=\"session_var\" name=\"typeid\" value=\"11452\"><input type=\"hidden\" class=\"session_var\" name=\"companyType\" value=\"label.companytype.consumer\"><input type=\"hidden\" class=\"session_var\" name=\"input_names\" value=\"XML_extra_radio,XML_extra_radio2,XML_extra_radio3,XML_remarks\"><input type=\"hidden\" class=\"form_context\" value=\"BE\"><img decoding=\"async\" class=\"bobex-pixel\" src=\"\" alt=\"\" style=\"display:none\" \/>    <div class=\"bob-form-submit d-flex justify-content-center\">\n        <button type=\"submit\" class=\"form-submit\" style=\"background-color: #F1653A; color: white; border: none !important; border-radius: 5px !important; font-family: Roboto, sans-serif; font-size: 16px;\">\n            Demander un devis\n        <\/button>\n    <\/div>    <div class=\"bob-inline-form form-footer\" style=\"border-radius: 0 0 10px 10px\">\n        <div class=\"bob-form-privacy-text\">\n            <div style=\"float:left;\"><i class=\"fa fa-lock\"><\/i><\/div>\n            <div class=\"ms-2\">\n                <div style='padding-left: 15px;font-size: 0.8em !important;z-index: 10;'><b>Nous respectons votre vie priv\u00e9e<\/b><br> Conform\u00e9ment \u00e0 la loi du 8\/12\/1992 relative \u00e0 la protection de la vie priv\u00e9e, vous disposez d&rsquo;un droit d&rsquo;acc\u00e8s et de rectification \u00e0 vos donn\u00e9es. Pour en savoir plus, consultez notre <span class=\"link_ob\" data-link=\"aHR0cHM6Ly93d3cuYm9iZXguYmUvZnItYmUvcHJvdGVjdGlvbi1kZS1sYS12aWUtcHJpdmVlLw==\" target=\"_blank\">charte sur la vie priv\u00e9e<\/span>.<\/div>\n                \n            <\/div>\n        <\/div>\n    <\/div><\/form><\/div><div class=\"multiple_mini hidden\" data-lead_id=\"\"><p class=\"multiple-title\">Merci d&rsquo;avoir pris le temps de remplir ce formulaire<\/p><p>Nous vous contacterons d\u00e8s que possible pour vous orienter vers le meilleur sp\u00e9cialiste correspondant \u00e0 votre demande.<\/p><div class=\"multiple_wrapper\"><div class=\"loader\"><\/div><p class=\"multiple-title\">Vous cherchez d&rsquo;autres services ?<\/p><p class=\"multiple_text\">Vous souhaitez comparer d&rsquo;autres devis ou explorer d&rsquo;autres services ? Faites-le nous savoir et nous vous mettrons rapidement en relation<\/p><div class=\"multiple_container\"><div class=\"single_multiple multiple_button\" data-typeid=\"11984\"><i class=\"fa-3x cat icon-11984\"><\/i><span class=\"multiple_name\">V\u00e9randa, pergola, orangerie<\/span><\/div><div class=\"single_multiple multiple_button\" data-typeid=\"11972\"><i class=\"fa-3x cat icon-11972\"><\/i><span class=\"multiple_name\">Portails<\/span><\/div><div class=\"single_multiple multiple_button\" data-typeid=\"11461\"><i class=\"fa-3x cat icon-11461\"><\/i><span class=\"multiple_name\">Traitement de l&rsquo;humidit\u00e9<\/span><\/div><div class=\"single_multiple multiple_button\" data-typeid=\"11427\"><i class=\"fa-3x cat icon-11427\"><\/i><span class=\"multiple_name\">Isolation<\/span><\/div><div class=\"single_multiple multiple_button\" data-typeid=\"11364\"><i class=\"fa-3x cat icon-11364\"><\/i><span class=\"multiple_name\">Panneaux solaires<\/span><\/div><div class=\"single_multiple multiple_button\" data-typeid=\"11406\"><i class=\"fa-3x cat icon-11406\"><\/i><span class=\"multiple_name\">Syst\u00e8me d&rsquo;alarme<\/span><\/div><div class=\"single_multiple hidden multiple_button\" data-typeid=\"100048\"><i class=\"fa-3x fad fa-window-frame\"><\/i><span class=\"multiple_name\">Moustiquaires<\/span><\/div><div class=\"single_multiple hidden multiple_button\" data-typeid=\"11962\"><i class=\"fa-3x cat icon-11962\"><\/i><span class=\"multiple_name\">Travaux de toiture<\/span><\/div><div class=\"single_multiple hidden multiple_button\" data-typeid=\"11986\"><i class=\"fa-3x cat icon-11986\"><\/i><span class=\"multiple_name\">Travaux r\u00e9novation de fa\u00e7ades<\/span><\/div><div class=\"single_multiple hidden multiple_button\" data-typeid=\"11982\"><i class=\"fa-3x cat icon-11982\"><\/i><span class=\"multiple_name\">Adoucisseur d&rsquo;eau<\/span><\/div><\/div><\/div><\/div><\/div><\/div>","protected":false},"featured_media":0,"parent":0,"template":"","meta":{"business":"44176","footnotes":""},"class_list":["post-111306","content","type-content","status-publish","hentry"],"_links":{"self":[{"href":"https:\/\/www.bobex.be\/fr-be\/wp-json\/wp\/v2\/content\/111306","targetHints":{"allow":["GET"]}}],"collection":[{"href":"https:\/\/www.bobex.be\/fr-be\/wp-json\/wp\/v2\/content"}],"about":[{"href":"https:\/\/www.bobex.be\/fr-be\/wp-json\/wp\/v2\/types\/content"}],"version-history":[{"count":8,"href":"https:\/\/www.bobex.be\/fr-be\/wp-json\/wp\/v2\/content\/111306\/revisions"}],"predecessor-version":[{"id":204551,"href":"https:\/\/www.bobex.be\/fr-be\/wp-json\/wp\/v2\/content\/111306\/revisions\/204551"}],"wp:attachment":[{"href":"https:\/\/www.bobex.be\/fr-be\/wp-json\/wp\/v2\/media?parent=111306"}],"curies":[{"name":"wp","href":"https:\/\/api.w.org\/{rel}","templated":true}]}}