{"id":110523,"date":"2022-09-20T15:24:55","date_gmt":"2022-09-20T15:24:55","guid":{"rendered":"https:\/\/www.bobex.be\/fr-be\/?post_type=content&#038;p=110523"},"modified":"2026-01-19T15:50:50","modified_gmt":"2026-01-19T15:50:50","slug":"facteur-k","status":"publish","type":"content","link":"https:\/\/www.bobex.be\/fr-be\/panneaux-solaires\/prix\/certificats-verts\/facteur-k\/","title":{"rendered":"Le facteur K, \u00e0 quoi cela correspond ?"},"content":{"rendered":"\n<div id=\"ez-toc-container\" class=\"ez-toc-v2_0_82_2 counter-hierarchy ez-toc-counter ez-toc-grey ez-toc-container-direction\">\n<div class=\"ez-toc-title-container\">\n<p class=\"ez-toc-title\" style=\"cursor:inherit\">Sommaire<\/p>\n<span class=\"ez-toc-title-toggle\"><a href=\"#\" class=\"ez-toc-pull-right ez-toc-btn ez-toc-btn-xs ez-toc-btn-default ez-toc-toggle\" aria-label=\"Toggle Table of Content\"><span class=\"ez-toc-js-icon-con\"><span class=\"\"><span class=\"eztoc-hide\" style=\"display:none;\">Toggle<\/span><span class=\"ez-toc-icon-toggle-span\"><svg style=\"fill: #999;color:#999\" xmlns=\"http:\/\/www.w3.org\/2000\/svg\" class=\"list-377408\" width=\"20px\" height=\"20px\" viewBox=\"0 0 24 24\" fill=\"none\"><path d=\"M6 6H4v2h2V6zm14 0H8v2h12V6zM4 11h2v2H4v-2zm16 0H8v2h12v-2zM4 16h2v2H4v-2zm16 0H8v2h12v-2z\" fill=\"currentColor\"><\/path><\/svg><svg style=\"fill: #999;color:#999\" class=\"arrow-unsorted-368013\" xmlns=\"http:\/\/www.w3.org\/2000\/svg\" width=\"10px\" height=\"10px\" viewBox=\"0 0 24 24\" version=\"1.2\" baseProfile=\"tiny\"><path d=\"M18.2 9.3l-6.2-6.3-6.2 6.3c-.2.2-.3.4-.3.7s.1.5.3.7c.2.2.4.3.7.3h11c.3 0 .5-.1.7-.3.2-.2.3-.5.3-.7s-.1-.5-.3-.7zM5.8 14.7l6.2 6.3 6.2-6.3c.2-.2.3-.5.3-.7s-.1-.5-.3-.7c-.2-.2-.4-.3-.7-.3h-11c-.3 0-.5.1-.7.3-.2.2-.3.5-.3.7s.1.5.3.7z\"\/><\/svg><\/span><\/span><\/span><\/a><\/span><\/div>\n<nav><ul class='ez-toc-list ez-toc-list-level-1 eztoc-toggle-hide-by-default' ><li class='ez-toc-page-1 ez-toc-heading-level-2'><a class=\"ez-toc-link ez-toc-heading-1\" href=\"https:\/\/www.bobex.be\/fr-be\/panneaux-solaires\/prix\/certificats-verts\/facteur-k\/#Le_facteur_K_quest-ce_que_cest\" >Le facteur K, qu\u2019est-ce que c\u2019est ?&nbsp;<\/a><ul class='ez-toc-list-level-3' ><li class='ez-toc-heading-level-3'><a class=\"ez-toc-link ez-toc-heading-2\" href=\"https:\/\/www.bobex.be\/fr-be\/panneaux-solaires\/prix\/certificats-verts\/facteur-k\/#Comment_se_calcule_le_facteur_k\" >Comment se calcule le facteur k ?&nbsp;<\/a><\/li><\/ul><\/li><li class='ez-toc-page-1 ez-toc-heading-level-2'><a class=\"ez-toc-link ez-toc-heading-3\" href=\"https:\/\/www.bobex.be\/fr-be\/panneaux-solaires\/prix\/certificats-verts\/facteur-k\/#Etes-vous_concernes_par_la_revision_du_facteur_K\" >\u00cates-vous concern\u00e9s par la r\u00e9vision du facteur K ?<\/a><ul class='ez-toc-list-level-3' ><li class='ez-toc-heading-level-3'><a class=\"ez-toc-link ez-toc-heading-4\" href=\"https:\/\/www.bobex.be\/fr-be\/panneaux-solaires\/prix\/certificats-verts\/facteur-k\/#Ou_et_comment_trouver_le_formulaire_de_demande_de_revision_du_facteur_k\" >O\u00f9 et comment trouver le formulaire de demande de r\u00e9vision du facteur k ?&nbsp;<\/a><\/li><\/ul><\/li><li class='ez-toc-page-1 ez-toc-heading-level-2'><a class=\"ez-toc-link ez-toc-heading-5\" href=\"https:\/\/www.bobex.be\/fr-be\/panneaux-solaires\/prix\/certificats-verts\/facteur-k\/#Qui_a_droit_aux_certificats_verts_pour_ses_panneaux_photovoltaiques\" >Qui a droit aux certificats verts pour ses panneaux photovolta\u00efques ?&nbsp;<\/a><\/li><li class='ez-toc-page-1 ez-toc-heading-level-2'><a class=\"ez-toc-link ez-toc-heading-6\" href=\"https:\/\/www.bobex.be\/fr-be\/panneaux-solaires\/prix\/certificats-verts\/facteur-k\/#Comment_calculer_le_nombre_de_certificats_verts\" >Comment calculer le nombre de certificats verts ?&nbsp;<\/a><\/li><li class='ez-toc-page-1 ez-toc-heading-level-2'><a class=\"ez-toc-link ez-toc-heading-7\" href=\"https:\/\/www.bobex.be\/fr-be\/panneaux-solaires\/prix\/certificats-verts\/facteur-k\/#Trouvez_des_professionnels_pour_la_pose_de_votre_installation_photovoltaique_dans_votre_region_et_comparez_plusieurs_devis_gratuitement\" >Trouvez des professionnels pour la pose de votre installation photovolta\u00efque dans votre r\u00e9gion et comparez plusieurs devis gratuitement !<\/a><ul class='ez-toc-list-level-3' ><li class='ez-toc-heading-level-3'><a class=\"ez-toc-link ez-toc-heading-8\" href=\"https:\/\/www.bobex.be\/fr-be\/panneaux-solaires\/prix\/certificats-verts\/facteur-k\/#Que_signifie_le_facteur_k\" >Que signifie le facteur k ?<\/a><\/li><li class='ez-toc-page-1 ez-toc-heading-level-3'><a class=\"ez-toc-link ez-toc-heading-9\" href=\"https:\/\/www.bobex.be\/fr-be\/panneaux-solaires\/prix\/certificats-verts\/facteur-k\/#CWaPE_ou_SPW_pour_le_facteur_k\" >CWaPE ou SPW pour le facteur k ?\u00a0<\/a><\/li><li class='ez-toc-page-1 ez-toc-heading-level-3'><a class=\"ez-toc-link ez-toc-heading-10\" href=\"https:\/\/www.bobex.be\/fr-be\/panneaux-solaires\/prix\/certificats-verts\/facteur-k\/#Quest-ce_que_le_facteur_k_electricite\" >Qu&rsquo;est-ce que le facteur k \u00e9lectricit\u00e9 ?\u00a0<\/a><\/li><li class='ez-toc-page-1 ez-toc-heading-level-3'><a class=\"ez-toc-link ez-toc-heading-11\" href=\"https:\/\/www.bobex.be\/fr-be\/panneaux-solaires\/prix\/certificats-verts\/facteur-k\/#Quest-ce_que_ca_veut_dire_si_le_facteur_k_panneaux_solaires_est_refuse\" >Qu&rsquo;est-ce que \u00e7a veut dire si le facteur k panneaux solaires est refus\u00e9 ?\u00a0<\/a><\/li><li class='ez-toc-page-1 ez-toc-heading-level-3'><a class=\"ez-toc-link ez-toc-heading-12\" href=\"https:\/\/www.bobex.be\/fr-be\/panneaux-solaires\/prix\/certificats-verts\/facteur-k\/#Que_veut_dire_facteur_k_en_traitement\" >Que veut dire facteur k en traitement ?\u00a0<\/a><\/li><li class='ez-toc-page-1 ez-toc-heading-level-3'><a class=\"ez-toc-link ez-toc-heading-13\" href=\"https:\/\/www.bobex.be\/fr-be\/panneaux-solaires\/prix\/certificats-verts\/facteur-k\/#Certificat_vert_cv_10_ou_15_ans\" >Certificat vert (cv) 10 ou 15 ans ?<\/a><\/li><li class='ez-toc-page-1 ez-toc-heading-level-3'><a class=\"ez-toc-link ez-toc-heading-14\" href=\"https:\/\/www.bobex.be\/fr-be\/panneaux-solaires\/prix\/certificats-verts\/facteur-k\/#Quelles_sont_les_conditions_dapplications_pour_beneficier_de_certificat_vert\" >Quelles sont les conditions d\u2019applications pour b\u00e9n\u00e9ficier de certificat vert ?<\/a><\/li><li class='ez-toc-page-1 ez-toc-heading-level-3'><a class=\"ez-toc-link ez-toc-heading-15\" href=\"https:\/\/www.bobex.be\/fr-be\/panneaux-solaires\/prix\/certificats-verts\/facteur-k\/#Quen_est-il_des_certificats_verts_en_Wallonie_et_a_Bruxelles\" >Qu&rsquo;en est-il des certificats verts en Wallonie et \u00e0 Bruxelles ?\u00a0<\/a><\/li><li class='ez-toc-page-1 ez-toc-heading-level-3'><a class=\"ez-toc-link ez-toc-heading-16\" href=\"https:\/\/www.bobex.be\/fr-be\/panneaux-solaires\/prix\/certificats-verts\/facteur-k\/#Comment_contester_le_facteur_k\" >Comment contester le facteur k ?<\/a><\/li><li class='ez-toc-page-1 ez-toc-heading-level-3'><a class=\"ez-toc-link ez-toc-heading-17\" href=\"https:\/\/www.bobex.be\/fr-be\/panneaux-solaires\/prix\/certificats-verts\/facteur-k\/#Quand_est_la_fin_du_compteur_qui_tourne_a_lenvers_en_Wallonie\" >Quand est la fin du compteur qui tourne \u00e0 l&rsquo;envers en Wallonie ?\u00a0<\/a><\/li><\/ul><\/li><\/ul><\/nav><\/div>\n<h2 class=\"wp-block-heading\"><span class=\"ez-toc-section\" id=\"Le_facteur_K_quest-ce_que_cest\"><\/span>Le facteur K, qu\u2019est-ce que c\u2019est ?&nbsp;<span class=\"ez-toc-section-end\"><\/span><\/h2>\n\n\n\n<p>Initialement, le gouvernement Wallon distribuait des <a href=\"https:\/\/www.bobex.be\/fr-be\/panneaux-solaires\/prix\/certificats-verts\/\" target=\"_blank\" rel=\"noreferrer noopener\">certificats verts<\/a> pour encourager <strong>une installation de <a href=\"https:\/\/www.bobex.be\/fr-be\/panneaux-solaires\/\">panneaux solaires<\/a><\/strong> dans la r\u00e9gion et, par la m\u00eame occasion, faire une promotion de l\u2019\u00e9lectricit\u00e9 verte. Pour l\u2019installation de votre installation photovolta\u00efque, vous aviez la garantie de b\u00e9n\u00e9ficier de certificats verts pendant une p\u00e9riode de 15 ans.<\/p>\n\n\n\n<p>Vers le d\u00e9but des ann\u00e9es 2010, la r\u00e9gion change de cap et souhaite d\u00e9manteler cette mesure. Cela se passe pour les nouveaux contrats de certificats verts, mais aussi pour les contrats d\u00e9j\u00e0 \u00e9tablis ! Le facteur K est une r\u00e9vision qui permet au gouvernement Wallon <strong>une r\u00e9vision unilat\u00e9rale de votre contrat <\/strong>et donc de modifier le nombre de certificats verts \u00e0 attribuer.<\/p>\n\n\n\n<p>Plus concr\u00e8tement, le facteur K est un <strong>facteur de multiplication<\/strong> qui engendre une r\u00e9vision \u00e0 la baisse du nombre de certificats verts octroy\u00e9s apr\u00e8s la dixi\u00e8me ann\u00e9e d\u2019\u00e9ligibilit\u00e9.&nbsp;<\/p>\n\n\n<div class='bobex-cta-block' style='\n            --button-bg-color: #e13c0e;\n            --button-text-color: #ffffff;\n            --banner-bg-color: #aad4e6;\n            --arrow-main-bg-color: #aad4e6;\n            --arrow-secondary-bg-color: #e5f2f7;\n            --banner-title-color: #10375e;\n            --arrow-title-color: #10375e;\n            --banner-text-color: #545454;\n            --arrow-text-color: #545454;         \n            --invert-range: 0deg;\n        '><a class='cta-button-rounded' href='#ppp'>Venez d\u00e9couvrir si vous \u00eates \u00e9ligible ! <\/a><\/div>\n\n\n<h3 class=\"wp-block-heading\"><span class=\"ez-toc-section\" id=\"Comment_se_calcule_le_facteur_k\"><\/span>Comment se calcule le facteur k ?&nbsp;<span class=\"ez-toc-section-end\"><\/span><\/h3>\n\n\n\n<p>Le facteur k se calcule en fonction des crit\u00e8res suivants :<\/p>\n\n\n\n<ul class=\"wp-block-list\">\n<li>le surco\u00fbt d\u2019exploitation de la fili\u00e8re<\/li>\n\n\n\n<li>les perspectives de r\u00e9duction du co\u00fbt de d\u00e9veloppement de la fili\u00e8re<\/li>\n\n\n\n<li>le taux de rentabilit\u00e9 de la fili\u00e8re<\/li>\n<\/ul>\n\n\n\n<h2 class=\"wp-block-heading\"><span class=\"ez-toc-section\" id=\"Etes-vous_concernes_par_la_revision_du_facteur_K\"><\/span>\u00cates-vous concern\u00e9s par la r\u00e9vision du facteur K ?<span class=\"ez-toc-section-end\"><\/span><\/h2>\n\n\n\n<p>Le facteur K concerne les <a href=\"https:\/\/www.bobex.be\/fr-be\/panneaux-solaires\/prix\/tarif-prosumer\/\" target=\"_blank\" rel=\"noreferrer noopener\">prosumers<\/a> si la date de r\u00e9f\u00e9rence de leur installation photovolta\u00efque est <strong>entre le 1er janvier 2009 et le 1er d\u00e9cembre 2011 <\/strong>et que le <a href=\"https:\/\/www.bobex.be\/fr-be\/panneaux-solaires\/prix\/rentabilite\/\" target=\"_blank\" rel=\"noreferrer noopener\">taux de rentabilit\u00e9 de l\u2019installation<\/a> est inf\u00e9rieur \u00e0 7% sur 20 ans ou si un effet externe perturbateur d\u00fb \u00e0 l\u2019application du facteur k peut \u00eatre prouv\u00e9.<\/p>\n\n\n\n            <div class='bobex-table-wrapper' style='\n            --bobex-table-dark-row-color: #D1E8F2;\n        '>\n                <table class='' data-columns='2'>\n                    <thead style='\n            --bobex-table-header-background-color: #10375E;\n            --bobex-table-header-text-color: #FFFFFF;\n        '><th>P\u00e9riode de mise en service de l&rsquo;installation <\/th><th>Facteur K <\/th><\/thead><tr><td>Avant le 1er janvier 2009<\/td><td>100% <\/td><\/tr><tr><td>Entre le 1er janvier et le 31 janvier 2009 <\/td><td>Varie selon la puissance de l&rsquo;installation et le taux de TVA pay\u00e9<\/td><\/tr><tr><td>A partir du 1er janvier 2010 <\/td><td>0% <\/td><\/tr>\n                <\/table>\n            <\/div>\n        \n\n\n<p>Depuis 2014, cette mesure avec effet r\u00e9troactif a \u00e9t\u00e9 revue afin de compenser les effets n\u00e9gatifs qu\u2019elle a sur le taux de rentabilit\u00e9 des <a href=\"https:\/\/www.bobex.be\/fr-be\/panneaux-solaires\/installateur\/\" target=\"_blank\" rel=\"noreferrer noopener\">fournisseurs de votre installation photovolta\u00efque<\/a>.<\/p>\n\n\n\n<p>La<strong> r\u00e9vision du facteur K<\/strong> pr\u00e9voit des facteurs K personnalis\u00e9s pour les prosumers sous certaines conditions (\u00e9valu\u00e9es au cas par la <a href=\"https:\/\/www.cwape.be\/\">CWaPE<\/a>). Le mieux pour conna\u00eetre la r\u00e9vision d\u2019application du facteur K \u00e0 votre installation est de contacter votre fournisseur. Celui-ci pourra vous fournir une information pr\u00e9cise.<\/p>\n\n\n\n<p>La r\u00e9vision du facteur K ne s\u2019applique <strong>pas dans le cas de nouvelles installations<\/strong> photovolta\u00efques avec une puissance inf\u00e9rieure ou \u00e9gale \u00e0 10kW en Wallonie, car ces installations n\u2019ont pas droit \u00e0 l\u2019octroi de\u00a0certificats verts. Mais ne perdez pas espoir, il existe toujours une fa\u00e7on d\u2019\u00e9conomiser de l\u2019argent sur la pose de vos panneaux photovolta\u00efques. Il suffit pour cela de demander des devis gratuits et sans engagement.<\/p>\n\n\n<div class='bobex-cta-block' style='\n            --button-bg-color: #e13c0e;\n            --button-text-color: #ffffff;\n            --banner-bg-color: #aad4e6;\n            --arrow-main-bg-color: #aad4e6;\n            --arrow-secondary-bg-color: #e5f2f7;\n            --banner-title-color: #10375e;\n            --arrow-title-color: #10375e;\n            --banner-text-color: #545454;\n            --arrow-text-color: #545454;         \n            --invert-range: 0deg;\n        '><a class='cta-button-rounded' href='#ppp'>Demandez conseil \u00e0 un professionnel pour savoir si vous \u00eates \u00e9ligible ! <\/a><\/div>\n\n\n<h3 class=\"wp-block-heading\"><span class=\"ez-toc-section\" id=\"Ou_et_comment_trouver_le_formulaire_de_demande_de_revision_du_facteur_k\"><\/span>O\u00f9 et comment trouver le formulaire de demande de r\u00e9vision du facteur k ?&nbsp;<span class=\"ez-toc-section-end\"><\/span><\/h3>\n\n\n\n<figure class=\"wp-block-image size-full\"><img decoding=\"async\" width=\"1200\" height=\"630\" src=\"https:\/\/www.bobex.be\/wp-uploads\/sites\/2\/aides-et-primes-panneaux-solaires.jpg\" alt=\"homme qui signe un contrat pour des aides\" class=\"wp-image-170842\"\/><\/figure>\n\n\n\n<p>Pour faire une demande de r\u00e9vision du facteur k \u00e0 l\u2019administration, vous pouvez trouver le formulaire correspondant sur le site web de la <a href=\"https:\/\/certificatsverts.wallonie.be\/#\/login?redirectUrl=L2Rhc2hib2FyZA%3D%3D\">SPW Energie<\/a>. Les prosumers doivent alors introduire un dossier dont l\u2019avis sera ensuite remis au Ministre de l\u2019Energie.&nbsp;<\/p>\n\n\n\n<p>Le dossier en question devra notamment contenir les \u00e9l\u00e9ments suivants :<\/p>\n\n\n\n<ul class=\"wp-block-list\">\n<li>Une copie des factures d\u2019achat de l\u2019installation photovolta\u00efque concern\u00e9e par le facteur K<\/li>\n\n\n\n<li>Une copie des conventions ou des contrats pour prouver l\u2019existence d\u2019un impact financier d\u00e9favorable en cas d\u2019effet externe perturbateur<\/li>\n<\/ul>\n\n\n\n<p>Il est important de savoir que les demandes de r\u00e9visions de facteur K peuvent \u00eatre d\u00e9pos\u00e9es \u00e0 l\u2019administration <strong>au plus tard 10 ans apr\u00e8s la date d\u2019installation des panneaux photovolta\u00efques<\/strong>.<\/p>\n\n\n\n<h2 class=\"wp-block-heading\"><span class=\"ez-toc-section\" id=\"Qui_a_droit_aux_certificats_verts_pour_ses_panneaux_photovoltaiques\"><\/span>Qui a droit aux certificats verts pour ses panneaux photovolta\u00efques ?&nbsp;<span class=\"ez-toc-section-end\"><\/span><\/h2>\n\n\n\n<p>Les certificats verts sont destin\u00e9s aux m\u00e9nages qui investissent dans des travaux de r\u00e9novation \u00e9nerg\u00e9tique. Pour \u00eatre admissible, le facteur K doit \u00eatre sup\u00e9rieur \u00e0 2, ce qui signifie que les travaux r\u00e9alis\u00e9s doivent permettre une r\u00e9duction des consommations \u00e9nerg\u00e9tiques d\u2019au moins 50%.<\/p>\n\n\n\n                <div class='bobex-cta-block' style='\n            --button-bg-color: #e13c0e;\n            --button-text-color: #ffffff;\n            --banner-bg-color: #aad4e6;\n            --arrow-main-bg-color: #aad4e6;\n            --arrow-secondary-bg-color: #e5f2f7;\n            --banner-title-color: #10375e;\n            --arrow-title-color: #10375e;\n            --banner-text-color: #545454;\n            --arrow-text-color: #545454;         \n            --invert-range: 0deg;\n        '>\n                    <div class='cta-banner'>\n                        <div class='h3'>Vous souhaitez tester votre \u00e9ligibilit\u00e9 \u00e0 l&rsquo;obtention des certificats verts ? <\/div>\n                        <div class='text-color'>Alors remplissez rapidement ce formulaire. C&rsquo;est totalement gratuit et sans engagement !<\/div>\n                        <span>\n                            <img src='https:\/\/www.bobex.be\/wp-uploads\/sites\/2\/arrow-cta-box.png' alt='arrow' class='img-color'\/>\n                            <a class='cta-button-rounded' href=\"#ppp\">Demander un devis<\/a>\n                        <\/span>   \n                    <\/div>\n                <\/div>\n\n\n<h2 class=\"wp-block-heading\"><span class=\"ez-toc-section\" id=\"Comment_calculer_le_nombre_de_certificats_verts\"><\/span>Comment calculer le nombre de certificats verts ?&nbsp;<span class=\"ez-toc-section-end\"><\/span><\/h2>\n\n\n\n<p>Le facteur k est un coefficient qui permet de calculer le nombre de certificats verts n\u00e9cessaires pour couvrir une quantit\u00e9 de gaz \u00e0 effet de serre donn\u00e9e. Il est calcul\u00e9 en fonction de la nature des gaz \u00e0 effet de serre et des activit\u00e9s qu\u2019ils repr\u00e9sentent. Le nombre de certificats verts n\u00e9cessaires pour couvrir une quantit\u00e9 donn\u00e9e est calcul\u00e9 en multipliant le facteur k par la quantit\u00e9 de gaz \u00e0 effet de serre.<\/p>\n\n\n\n<h2 class=\"wp-block-heading\"><span class=\"ez-toc-section\" id=\"Trouvez_des_professionnels_pour_la_pose_de_votre_installation_photovoltaique_dans_votre_region_et_comparez_plusieurs_devis_gratuitement\"><\/span>Trouvez des professionnels pour la pose de votre installation photovolta\u00efque dans votre r\u00e9gion et comparez plusieurs devis gratuitement !<span class=\"ez-toc-section-end\"><\/span><\/h2>\n\n\n\n<p>Gr\u00e2ce \u00e0 notre formulaire de devis ci-dessous, vous entrez en contact avec des professionnels dans votre r\u00e9gion. Ceux-ci vous feront parvenir des <strong>devis gratuits et sans engagement<\/strong> pour votre installation photovolta\u00efque. Ainsi, vous \u00eates en mesure de faire le meilleur choix pour votre habitation et votre budget.&nbsp;<\/p>\n\n\n<div id=\"ppp\" class=\"bob-form-wrapper\" data-ajax_url=\"https:\/\/www.bobex.be\/fr-be\/wp-admin\/admin-ajax.php\" data-fa_a=\"\" data-fa_b=\"\"><div class=\"loader\" aria-hidden=\"true\"><\/div>    <div>\n        <div class=\"row mx-auto mb-2\" style=\"max-width: 900px;\">\n            <div class=\"col-md-4\"><i class=\"mr-1 fas fa-check\" style=\"color:green;\"><\/i>Devis gratuits et rapides<\/div>\n            <div class=\"col-md-4\"><i class=\"mr-1 fas fa-check\" style=\"color:green;\"><\/i>Sans engagement et obligation<\/div>\n            <div class=\"col-md-4\"><i class=\"mr-1 fas fa-check\" style=\"color:green;\"><\/i>Professionnels agr\u00e9\u00e9s<\/div>\n        <\/div>\n    <\/div><div id=\"form-69f2c7f07a115\" class=\"bob-form-container\" style=\"background-color: white; font-family: Roboto, sans-serif !important; font-size: 16px !important; color: #545454; box-shadow: 0 2px 10px rgba(0,0,0,0.1); --font_title: Poppins; --font_size_title: 20px; --title_bg_color: #175da6; --copyright_color: #fde8e1; --box_upload_color: #e5f2f7; padding:unset;\" data-form-type=\"inline\" data-form-id=\"69f2c7f07a115\"><style>#form-69f2c7f07a115 .bob-form-inline-question.even {\n  background-color: #e5f2f7;\n}\n#form-69f2c7f07a115 .single_multiple.multiple_button {\n  background-color: #e5f2f7 !important;\n}\n#form-69f2c7f07a115 .bob-form-inline-question--hidden {\n  display: none;\n}<\/style><div class=\"form-questions\"><form id=\"bob-form\" class=\"bob-form bob-form-tag\" method=\"post\" action=\"https:\/\/www.bobex.be\/fr-be\/wp-admin\/admin-ajax.php?action=bobex-form-validation\">    <div class=\"form-title\">\n        Formulez votre demande\n        <div class=\"form-title-info-line\">\n            R\u00e9pondez \u00e0 quelques questions et entrez en contact avec des sp\u00e9cialistes fiables. Nous vous demandons vos coordonn\u00e9es afin de s\u00e9lectionner les professionnels actifs dans votre r\u00e9gion.\n        <\/div>\n    <\/div><div class=\"form-questions bob-form-inline-question\"><div class=\"row\"><div class=\"question col-md-4\"><label>1*. Quelle est votre consommation d&rsquo;\u00e9lectricit\u00e9 annuelle (estim\u00e9e)?<\/label><\/div><div class=\"answer col-md-8\"><div class=\"bob-form-radio d-flex\"><input type=\"radio\" class=\"inline-radio\" id=\"69f2c7f07a115-input-0-1\" data-unique-id=\"69f2c7f07a115\" name=\"XML_extra_radio\" value=\"1\"  required=\"required\"><label for=\"69f2c7f07a115-input-0-1\">Moins de 3.000 kWh (1 personne)<\/label><\/div><div class=\"bob-form-radio d-flex\"><input type=\"radio\" class=\"inline-radio\" id=\"69f2c7f07a115-input-0-2\" data-unique-id=\"69f2c7f07a115\" name=\"XML_extra_radio\" value=\"2\"  required=\"required\"><label for=\"69f2c7f07a115-input-0-2\">3.000-4.000 kWh (2-3 personnes)<\/label><\/div><div class=\"bob-form-radio d-flex\"><input type=\"radio\" class=\"inline-radio\" id=\"69f2c7f07a115-input-0-3\" data-unique-id=\"69f2c7f07a115\" name=\"XML_extra_radio\" value=\"3\"  required=\"required\"><label for=\"69f2c7f07a115-input-0-3\">4.000-5.000 kWh (3-4 personnes )<\/label><\/div><div class=\"bob-form-radio d-flex\"><input type=\"radio\" class=\"inline-radio\" id=\"69f2c7f07a115-input-0-4\" data-unique-id=\"69f2c7f07a115\" name=\"XML_extra_radio\" value=\"4\"  required=\"required\"><label for=\"69f2c7f07a115-input-0-4\">5.000-6.000 kWh (4-5 personnes )<\/label><\/div><div class=\"bob-form-radio d-flex\"><input type=\"radio\" class=\"inline-radio\" id=\"69f2c7f07a115-input-0-5\" data-unique-id=\"69f2c7f07a115\" name=\"XML_extra_radio\" value=\"5\"  required=\"required\"><label for=\"69f2c7f07a115-input-0-5\">Plus de 6.000 kWh (piscine, pompe \u00e0 chaleur, &#8230;)<\/label><\/div><\/div><\/div><\/div><div class=\"form-questions bob-form-inline-question even\"><div class=\"row\"><div class=\"question col-md-4\"><label>2*. O\u00f9 voulez-vous installer les panneaux solaires?<\/label><\/div><div class=\"answer col-md-8\"><div class=\"bob-form-radio d-flex\"><input type=\"radio\" class=\"inline-radio\" id=\"69f2c7f07a115-input-1-1\" data-unique-id=\"69f2c7f07a115\" name=\"XML_extra_radio2\" value=\"1\"  required=\"required\"><label for=\"69f2c7f07a115-input-1-1\">Sur un toit inclin\u00e9<\/label><\/div><div class=\"bob-form-radio d-flex\"><input type=\"radio\" class=\"inline-radio\" id=\"69f2c7f07a115-input-1-2\" data-unique-id=\"69f2c7f07a115\" name=\"XML_extra_radio2\" value=\"2\"  required=\"required\"><label for=\"69f2c7f07a115-input-1-2\">Sur un toit plat<\/label><\/div><div class=\"bob-form-radio d-flex\"><input type=\"radio\" class=\"inline-radio\" id=\"69f2c7f07a115-input-1-3\" data-unique-id=\"69f2c7f07a115\" name=\"XML_extra_radio2\" value=\"3\"  required=\"required\"><label for=\"69f2c7f07a115-input-1-3\">A un autre endroit (ex.: au sol)<\/label><\/div><\/div><\/div><\/div><div class=\"form-questions bob-form-inline-question\"><div class=\"row\"><div class=\"question col-md-4\"><label>3*. Etes-vous aussi int\u00e9ress\u00e9 par une batterie domestique?<\/label><\/div><div class=\"answer col-md-8\"><div class=\"bob-form-radio d-flex\"><input type=\"radio\" class=\"inline-radio\" id=\"69f2c7f07a115-input-2-1\" data-unique-id=\"69f2c7f07a115\" name=\"XML_extra_radio3\" value=\"1\"  required=\"required\"><label for=\"69f2c7f07a115-input-2-1\">Oui<\/label><\/div><div class=\"bob-form-radio d-flex\"><input type=\"radio\" class=\"inline-radio\" id=\"69f2c7f07a115-input-2-2\" data-unique-id=\"69f2c7f07a115\" name=\"XML_extra_radio3\" value=\"2\"  required=\"required\"><label for=\"69f2c7f07a115-input-2-2\">Non<\/label><\/div><\/div><\/div><\/div><div class=\"form-questions bob-form-inline-question even\"><div class=\"row\"><div class=\"question col-md-4\"><label>4*. Quand d\u00e9sirez-vous faire rendez-vous (n\u00e9cessaire pour les mesures et le devis)?<\/label><\/div><div class=\"answer col-md-8\"><div class=\"bob-form-radio d-flex\"><input type=\"radio\" class=\"inline-radio\" id=\"69f2c7f07a115-input-3-1\" data-unique-id=\"69f2c7f07a115\" name=\"XML_extra_radio4\" value=\"1\"  required=\"required\"><label for=\"69f2c7f07a115-input-3-1\">Le matin<\/label><\/div><div class=\"bob-form-radio d-flex\"><input type=\"radio\" class=\"inline-radio\" id=\"69f2c7f07a115-input-3-2\" data-unique-id=\"69f2c7f07a115\" name=\"XML_extra_radio4\" value=\"2\"  required=\"required\"><label for=\"69f2c7f07a115-input-3-2\">L&rsquo;apr\u00e8s-midi<\/label><\/div><div class=\"bob-form-radio d-flex\"><input type=\"radio\" class=\"inline-radio\" id=\"69f2c7f07a115-input-3-3\" data-unique-id=\"69f2c7f07a115\" name=\"XML_extra_radio4\" value=\"3\"  required=\"required\"><label for=\"69f2c7f07a115-input-3-3\">En soir\u00e9e (apr\u00e8s 17h)<\/label><\/div><div class=\"bob-form-radio d-flex\"><input type=\"radio\" class=\"inline-radio\" id=\"69f2c7f07a115-input-3-4\" data-unique-id=\"69f2c7f07a115\" name=\"XML_extra_radio4\" value=\"4\"  required=\"required\"><label for=\"69f2c7f07a115-input-3-4\">A un autre moment (\u00e0 convenir)<\/label><\/div><div class=\"bob-form-radio d-flex\"><input type=\"radio\" class=\"inline-radio\" id=\"69f2c7f07a115-input-3-5\" data-unique-id=\"69f2c7f07a115\" name=\"XML_extra_radio4\" value=\"5\"  required=\"required\"><label for=\"69f2c7f07a115-input-3-5\">Je ne d\u00e9sire pas de rendez-vous<\/label><\/div><\/div><\/div><\/div><div class=\"form-questions bob-form-inline-question\"><div class=\"row\"><div class=\"question col-md-4\"><label>5*. Pour quel type de b\u00e2timent d\u00e9sirez-vous des panneaux solaires?<\/label><\/div><div class=\"answer col-md-8\"><div class=\"bob-form-radio d-flex\"><input type=\"radio\" class=\"inline-radio\" id=\"69f2c7f07a115-input-4-1\" data-unique-id=\"69f2c7f07a115\" name=\"XML_extra_radio5\" value=\"1\"  required=\"required\"><label for=\"69f2c7f07a115-input-4-1\">Propri\u00e9t\u00e9 priv\u00e9e<\/label><\/div><div class=\"bob-form-radio d-flex\"><input type=\"radio\" class=\"inline-radio\" id=\"69f2c7f07a115-input-4-2\" data-unique-id=\"69f2c7f07a115\" name=\"XML_extra_radio5\" value=\"2\"  required=\"required\"><label for=\"69f2c7f07a115-input-4-2\">Immeuble commercial ou industriel<\/label><\/div><\/div><\/div><\/div><div class=\"form-questions bob-form-inline-question even\"><div class=\"d-flex flex-column\"><label class=\"question\" for=\"69f2c7f07a115-input-5\">6. Description de votre projet<\/label><textarea class=\"bob-form-input\" name=\"XML_remarks\" id=\"69f2c7f07a115-input-5\" data-unique-id=\"69f2c7f07a115\"><\/textarea><\/div><\/div><div class=\"bob-inline-form bob-form-tag upload-box mb-3\">\n                    <div class=\"row\">\n                        <div class=\"col-md-12 mb-2 question\">Ajouter des photos ou des pi\u00e8ces jointes (en Option)<\/div>\n                        <div class=\"col-md-12\">\n                            <div class=\"box__input\" style=\"background-color: #e5f2f7;\"\n                                 ondrop=\"drop(event)\"\n                                 ondragover=\"allowDrop(event)\"\n                                 ondragleave=\"removeDropFx(event)\"\n                                >\n                                <input type=\"file\"\n                                       class=\"file__input\"\n                                       name=\"attachments[]\"\n                                       id=\"attachments\"\n                                       multiple=\"multiple\"\n                                       accept=\"image\/jpeg, image\/png, image\/gif, application\/pdf\"\n                                       data-multiple-caption=\"{count} files selected\">\n                                <div>\n                                    <label for=\"attachments\"><strong>S\u00e9lectionnez un fichier <\/strong>ou glissez-le ici<\/label>\n                                    <span class=\"box__button bobex-round-cta m-1 py-1\"\n                                          style=\"mix-blend-mode: luminosity\">\n                                        <i class=\"fas fa-cloud-upload-alt text-white\"><\/i>\n                                        T\u00e9l\u00e9charger\n                                    <\/span>\n                                <\/div>\n            \n                                <div class=\"row preview_wrapper m-0\"><\/div>\n                            <\/div>\n            \n                            <div class=\"box__uploading\">Uploading\u2026<\/div>\n                            <div class=\"box__success\">Done!<\/div>\n                            <div class=\"box__error\">Error! <span><\/span>.<\/div>\n                        <\/div>\n                    <\/div>\n                <\/div>    <div class=\"form-title\">\n        Vos donn\u00e9es\n    <\/div><div class=\"bob-form-contact-data\" style=\"padding: 20px\"><div class=\"row lead-info\"><div class=\"col-md-6 mb-3\">  <div class=\"form-group\">    <input value=\"\" type=\"text\" class=\"form-control\" id=\"firstName\" name=\"firstName\" placeholder=\"Pr\u00e9nom\" required>    <div class=\"valid-feedback\">Enchant\u00e9 !<\/div>    <div class=\"invalid-feedback\">Veuillez indiquer votre pr\u00e9nom<\/div>  <\/div><\/div><div class=\"col-md-6 mb-3\">  <div class=\"form-group\">    <input value=\"\" type=\"text\" class=\"form-control\" id=\"lastName\" name=\"lastName\" placeholder=\"Nom\" required>    <div class=\"valid-feedback\">Sympa<\/div>    <div class=\"invalid-feedback\">Veuillez indiquer votre nom de famille<\/div>  <\/div><\/div><div class=\"col-md-12 mb-3\">  <div class=\"form-group\">    <input value=\"\" type=\"email\" class=\"form-control\" id=\"email\" name=\"email\" placeholder=\"E-mail\" required style=\"max-width: unset;\">    <div class=\"valid-feedback\">C&rsquo;est tout bon<\/div>    <div class=\"invalid-feedback\">Veuillez indiquer une adresse e-mail valide<\/div>  <\/div><\/div><div class=\"col-md-12 mb-3\">  <div class=\"form-group\">    <input value=\"\" type=\"tel\" class=\"form-control\" id=\"phone\" name=\"phone\" placeholder=\"T\u00e9l\u00e9phone\" required style=\"max-width: unset;\">    <div class=\"valid-feedback\">Parfait<\/div>    <div class=\"invalid-feedback\">Veuillez indiquer un num\u00e9ro de t\u00e9l\u00e9phone valide<\/div>  <\/div><\/div><div class=\"col-md-12 mb-3\">  <div class=\"form-group\">    <input value=\"\" type=\"text\" class=\"form-control\" id=\"companyAddress\" name=\"companyAddress\" placeholder=\"Adresse\" required style=\"max-width: unset;\">    <div class=\"valid-feedback\">C&rsquo;est not\u00e9<\/div>    <div class=\"invalid-feedback\">Veuillez indiquer une adresse valide<\/div>  <\/div><\/div><div class=\"col-md-6 mb-3\">  <div class=\"form-group\">    <input value=\"\" type=\"text\" class=\"form-control\" id=\"companyPostalCode\" name=\"companyPostalCode\" placeholder=\"Code postal\" required>    <div class=\"valid-feedback\">Excellent !<\/div>    <div class=\"invalid-feedback\">Veuillez indiquer un code postal valide<\/div>  <\/div><\/div><div class=\"col-md-6 mb-3\">  <div class=\"form-group\">    <input value=\"\" type=\"text\" class=\"form-control\" id=\"companyCity\" name=\"companyCity\" placeholder=\"Ville\" required>    <div class=\"valid-feedback\">Bien jou\u00e9<\/div>    <div class=\"invalid-feedback\">Veuillez indiquer une ville valide<\/div>  <\/div><\/div><div class=\"d-flex mt-3\"><input name=\"promoOptin\" value=\"true\" id=\"promoOptin\" type=\"checkbox\" class=\"me-2\" style=\"width: unset\"><label for=\"promoOptin\">Je souhaite rester inform\u00e9 de ma demande et recevoir des conseils pratiques (fortement recommand\u00e9 !) <\/label><\/div><\/div><\/div><input type=\"hidden\" class=\"session_var\" name=\"newform\" value=\"true\"><input type=\"hidden\" class=\"session_var\" name=\"lead-validation-nonce\" value=\"403e45eda1\"><input type=\"hidden\" class=\"session_var\" name=\"aff\" value=\"minisite\"><input type=\"hidden\" class=\"session_var\" name=\"utm_source\" value=\"https:\/\/www.bobex.be\/fr-be\/wp-json\/v2\/content\/110523\"><input type=\"hidden\" class=\"session_var\" name=\"bobx\" value=\"\"><input type=\"hidden\" class=\"session_var\" name=\"sessionType\" value=\"B2C\"><input type=\"hidden\" class=\"session_var\" name=\"utm_medium\" value=\"web\"><input type=\"hidden\" class=\"session_var\" name=\"utm_campaign\" value=\"search\"><input type=\"hidden\" class=\"session_var\" name=\"rem_source\" value=\"https:\/\/www.bobex.be\/fr-be\/panneaux-solaires\/prix\/certificats-verts\/facteur-k\/\"><input type=\"hidden\" class=\"session_var\" name=\"pixel_id\" value=\"-1\"><input type=\"hidden\" class=\"session_var\" name=\"tabo_id\" value=\"-1\"><input type=\"hidden\" class=\"session_var\" name=\"click_id\" value=\"-1\"><input type=\"hidden\" class=\"session_var\" name=\"gclid\" value=\"-1\"><input type=\"hidden\" class=\"session_var\" name=\"msclkid\" value=\"-1\"><input type=\"hidden\" class=\"session_var\" name=\"past_aff\" value=\"bobex\"><input type=\"hidden\" class=\"session_var\" name=\"redirectTo\" value=\"BE\"><input type=\"hidden\" class=\"session_var\" name=\"is_type_id\" value=\"true\"><input type=\"hidden\" class=\"session_var\" name=\"typeid\" value=\"11364\"><input type=\"hidden\" class=\"session_var\" name=\"companyType\" value=\"label.companytype.consumer\"><input type=\"hidden\" class=\"session_var\" name=\"input_names\" value=\"XML_extra_radio,XML_extra_radio2,XML_extra_radio3,XML_extra_radio4,XML_extra_radio5,XML_remarks\"><input type=\"hidden\" class=\"form_context\" value=\"BE\"><img decoding=\"async\" class=\"bobex-pixel\" src=\"\" alt=\"\" style=\"display:none\" \/>    <div class=\"bob-form-submit d-flex justify-content-center\">\n        <button type=\"submit\" class=\"form-submit\" style=\"background-color: #F1653A; color: white; border: none !important; border-radius: 5px !important; font-family: Roboto, sans-serif; font-size: 16px;\">\n            Demander un devis\n        <\/button>\n    <\/div>    <div class=\"bob-inline-form form-footer\" style=\"border-radius: 0 0 10px 10px\">\n        <div class=\"bob-form-privacy-text\">\n            <div style=\"float:left;\"><i class=\"fa fa-lock\"><\/i><\/div>\n            <div class=\"ms-2\">\n                <div style='padding-left: 15px;font-size: 0.8em !important;z-index: 10;'><b>Nous respectons votre vie priv\u00e9e<\/b><br> Conform\u00e9ment \u00e0 la loi du 8\/12\/1992 relative \u00e0 la protection de la vie priv\u00e9e, vous disposez d&rsquo;un droit d&rsquo;acc\u00e8s et de rectification \u00e0 vos donn\u00e9es. Pour en savoir plus, consultez notre <span class=\"link_ob\" data-link=\"aHR0cHM6Ly93d3cuYm9iZXguYmUvZnItYmUvcHJvdGVjdGlvbi1kZS1sYS12aWUtcHJpdmVlLw==\" target=\"_blank\">charte sur la vie priv\u00e9e<\/span>.<\/div>\n                \n            <\/div>\n        <\/div>\n    <\/div><\/form><\/div><div class=\"multiple_mini hidden\" data-lead_id=\"\"><p class=\"multiple-title\">Merci d&rsquo;avoir pris le temps de remplir ce formulaire<\/p><p>Nous vous contacterons d\u00e8s que possible pour vous orienter vers le meilleur sp\u00e9cialiste correspondant \u00e0 votre demande.<\/p><div class=\"multiple_wrapper\"><div class=\"loader\"><\/div><p class=\"multiple-title\">Vous cherchez d&rsquo;autres services ?<\/p><p class=\"multiple_text\">Vous souhaitez comparer d&rsquo;autres devis ou explorer d&rsquo;autres services ? Faites-le nous savoir et nous vous mettrons rapidement en relation<\/p><div class=\"multiple_container\"><div class=\"single_multiple multiple_button\" data-typeid=\"11428\"><i class=\"fa-3x cat icon-11428\"><\/i><span class=\"multiple_name\">Pompe \u00e0 chaleur<\/span><\/div><div class=\"single_multiple multiple_button\" data-typeid=\"11426\"><i class=\"fa-3x cat icon-11426\"><\/i><span class=\"multiple_name\">Chaudi\u00e8re \u00e0 condensation<\/span><\/div><div class=\"single_multiple multiple_button\" data-typeid=\"30044\"><i class=\"fa-3x cat icon-30044\"><\/i><span class=\"multiple_name\">Chauffe-eau solaire<\/span><\/div><div class=\"single_multiple multiple_button\" data-typeid=\"100131\"><i class=\"fa-3x fad fa-fire\"><\/i><span class=\"multiple_name\">Chaudi\u00e8re \u00e0 pellets, chauffage \u00e0 pellets<\/span><\/div><div class=\"single_multiple multiple_button\" data-typeid=\"11452\"><i class=\"fa-3x fad fa-door-closed\"><\/i><span class=\"multiple_name\">Ch\u00e2ssis, portes et fen\u00eatres<\/span><\/div><div class=\"single_multiple multiple_button\" data-typeid=\"100053\"><i class=\"fa-3x fad fa-battery-bolt\"><\/i><span class=\"multiple_name\">Batterie domestique<\/span><\/div><div class=\"single_multiple hidden multiple_button\" data-typeid=\"100061\"><i class=\"fa-3x fad fa-charging-station\"><\/i><span class=\"multiple_name\">Bornes de recharge<\/span><\/div><div class=\"single_multiple hidden multiple_button\" data-typeid=\"11461\"><i class=\"fa-3x cat icon-11461\"><\/i><span class=\"multiple_name\">Traitement de l&rsquo;humidit\u00e9<\/span><\/div><div class=\"single_multiple hidden multiple_button\" data-typeid=\"11962\"><i class=\"fa-3x cat icon-11962\"><\/i><span class=\"multiple_name\">Travaux de toiture<\/span><\/div><div class=\"single_multiple hidden multiple_button\" data-typeid=\"30002\"><i class=\"fa-3x cat icon-30002\"><\/i><span class=\"multiple_name\">Isolation du toit<\/span><\/div><\/div><\/div><\/div><\/div><\/div>\n\n\n<div class=\"wp-block-bobex-frequently-asked-questions bobex-faq-main-wrapper\">\n            <div class=\"bobex-simple-question-answer-block\">\n                <div class=\"bobex-simple-question-answer-block__question\" style=\"background-color: #63b0d1!important; color: white!important;\">\n                    <h3 style=\"color: white!important; margin:unset; font-size:1.2rem;\" class=\"bobex-simple-question-answer-block__question__content\"><span class=\"ez-toc-section\" id=\"Que_signifie_le_facteur_k\"><\/span>Que signifie le facteur k ?<span class=\"ez-toc-section-end\"><\/span><\/h3>\n                    <div class=\"bobex-simple-question-answer-block__question__toggle\">+<\/div>\n                <\/div>\n                <div class=\"bobex-simple-question-answer-block__answer\" style=\"background-color: !important; color: black!important;\">\n                    <div class=\"bobex-simple-question-answer-block__answer__content\">Le facteur k est un coefficient qui d\u00e9termine le nombre de certificats verts \u00e0 attribuer de la 11e \u00e0 la 15e ann\u00e9e suivant l&rsquo;installation de panneaux photovolta\u00efques.\u00a0<\/div>\n                    <div>\n<div class=\"wp-block-bobex-simple-question-answer\"><\/div>\n<\/div>\n                <\/div>\n            <\/div>\n        \n\n\n            <div class=\"bobex-simple-question-answer-block\">\n                <div class=\"bobex-simple-question-answer-block__question\" style=\"background-color: #63b0d1!important; color: white!important;\">\n                    <h3 style=\"color: white!important; margin:unset; font-size:1.2rem;\" class=\"bobex-simple-question-answer-block__question__content\"><span class=\"ez-toc-section\" id=\"CWaPE_ou_SPW_pour_le_facteur_k\"><\/span>CWaPE ou SPW pour le facteur k ?\u00a0<span class=\"ez-toc-section-end\"><\/span><\/h3>\n                    <div class=\"bobex-simple-question-answer-block__question__toggle\">+<\/div>\n                <\/div>\n                <div class=\"bobex-simple-question-answer-block__answer\" style=\"background-color: !important; color: black!important;\">\n                    <div class=\"bobex-simple-question-answer-block__answer__content\">Le facteur k est un coefficient appliqu\u00e9 \u00e0 la facture d\u2019\u00e9lectricit\u00e9 d\u2019un m\u00e9nage qui \u00e9tait anciennement g\u00e9r\u00e9 par le CWaPE (Commission Wallonne pour l\u2019Electricit\u00e9 et le Gaz), mais qui est \u00e0 pr\u00e9sent entre les mains de la SPW (Administration de la R\u00e9gion wallonne). Ce coefficient permet de r\u00e9duire le montant de la facture pour une p\u00e9riode donn\u00e9e.\u00a0<\/div>\n                    <div>\n<div class=\"wp-block-bobex-simple-question-answer\"><\/div>\n<\/div>\n                <\/div>\n            <\/div>\n        \n\n\n            <div class=\"bobex-simple-question-answer-block\">\n                <div class=\"bobex-simple-question-answer-block__question\" style=\"background-color: #63b0d1!important; color: white!important;\">\n                    <h3 style=\"color: white!important; margin:unset; font-size:1.2rem;\" class=\"bobex-simple-question-answer-block__question__content\"><span class=\"ez-toc-section\" id=\"Quest-ce_que_le_facteur_k_electricite\"><\/span>Qu&rsquo;est-ce que le facteur k \u00e9lectricit\u00e9 ?\u00a0<span class=\"ez-toc-section-end\"><\/span><\/h3>\n                    <div class=\"bobex-simple-question-answer-block__question__toggle\">+<\/div>\n                <\/div>\n                <div class=\"bobex-simple-question-answer-block__answer\" style=\"background-color: !important; color: black!important;\">\n                    <div class=\"bobex-simple-question-answer-block__answer__content\">Le facteur k \u00e9lectricit\u00e9 est un indicateur qui permet de mesurer la qualit\u00e9 de l\u2019alimentation \u00e9lectrique. Il est calcul\u00e9 en divisant la puissance active par la puissance apparente. Plus le facteur k est proche de 1, plus la qualit\u00e9 de l\u2019alimentation \u00e9lectrique est bonne.<\/div>\n                    <div>\n<div class=\"wp-block-bobex-simple-question-answer\"><\/div>\n<\/div>\n                <\/div>\n            <\/div>\n        \n\n\n            <div class=\"bobex-simple-question-answer-block\">\n                <div class=\"bobex-simple-question-answer-block__question\" style=\"background-color: #63b0d1!important; color: white!important;\">\n                    <h3 style=\"color: white!important; margin:unset; font-size:1.2rem;\" class=\"bobex-simple-question-answer-block__question__content\"><span class=\"ez-toc-section\" id=\"Quest-ce_que_ca_veut_dire_si_le_facteur_k_panneaux_solaires_est_refuse\"><\/span>Qu&rsquo;est-ce que \u00e7a veut dire si le facteur k panneaux solaires est refus\u00e9 ?\u00a0<span class=\"ez-toc-section-end\"><\/span><\/h3>\n                    <div class=\"bobex-simple-question-answer-block__question__toggle\">+<\/div>\n                <\/div>\n                <div class=\"bobex-simple-question-answer-block__answer\" style=\"background-color: !important; color: black!important;\">\n                    <div class=\"bobex-simple-question-answer-block__answer__content\">Le facteur k est un indicateur de qualit\u00e9 d\u2019alimentation \u00e9lectrique dont le score est compris entre 0 et 1. Si le facteur k d\u2019un panneau est trop faible (trop proche de 0), ce dernier peut \u00eatre refus\u00e9 par l\u2019administration.<\/div>\n                    <div>\n<div class=\"wp-block-bobex-simple-question-answer\"><\/div>\n<\/div>\n                <\/div>\n            <\/div>\n        \n\n\n            <div class=\"bobex-simple-question-answer-block\">\n                <div class=\"bobex-simple-question-answer-block__question\" style=\"background-color: #63b0d1!important; color: white!important;\">\n                    <h3 style=\"color: white!important; margin:unset; font-size:1.2rem;\" class=\"bobex-simple-question-answer-block__question__content\"><span class=\"ez-toc-section\" id=\"Que_veut_dire_facteur_k_en_traitement\"><\/span>Que veut dire facteur k en traitement ?\u00a0<span class=\"ez-toc-section-end\"><\/span><\/h3>\n                    <div class=\"bobex-simple-question-answer-block__question__toggle\">+<\/div>\n                <\/div>\n                <div class=\"bobex-simple-question-answer-block__answer\" style=\"background-color: !important; color: black!important;\">\n                    <div class=\"bobex-simple-question-answer-block__answer__content\">Une fois que le producteur a d\u00e9pos\u00e9 sa demande de r\u00e9vision de facteur K et celle-ci a \u00e9t\u00e9 introduite \u00e0 l\u2019administration, la demande en question sera trait\u00e9e dans l\u2019ordre de date de mise en place de l\u2019installation photovolta\u00efque. Les demandes relatives aux extensions d\u2019installations requi\u00e8rent plus de temps, donc le traitement sera plus long.\u00a0<\/div>\n                    <div>\n<div class=\"wp-block-bobex-simple-question-answer\"><\/div>\n<\/div>\n                <\/div>\n            <\/div>\n        \n\n\n            <div class=\"bobex-simple-question-answer-block\">\n                <div class=\"bobex-simple-question-answer-block__question\" style=\"background-color: #63b0d1!important; color: white!important;\">\n                    <h3 style=\"color: white!important; margin:unset; font-size:1.2rem;\" class=\"bobex-simple-question-answer-block__question__content\"><span class=\"ez-toc-section\" id=\"Certificat_vert_cv_10_ou_15_ans\"><\/span>Certificat vert (cv) 10 ou 15 ans ?<span class=\"ez-toc-section-end\"><\/span><\/h3>\n                    <div class=\"bobex-simple-question-answer-block__question__toggle\">+<\/div>\n                <\/div>\n                <div class=\"bobex-simple-question-answer-block__answer\" style=\"background-color: !important; color: black!important;\">\n                    <div class=\"bobex-simple-question-answer-block__answer__content\">Auparavant, les certificats verts avaient une p\u00e9riode d\u2019octroi de 15 ans, mais, suite \u00e0 une modification, la r\u00e9gion wallonne a fix\u00e9 la dur\u00e9e \u00e0 10 ans. Ce changement est d\u00fb \u00e0 la volont\u00e9 de la r\u00e9gion wallonne d\u2019\u00e9conomiser sur leur budget. Cependant, il est tout de m\u00eame possible d\u2019envoyer une demande pour avoir une p\u00e9riode de 15 ans si la rentabilit\u00e9 de vos panneaux ne parvient pas un certain niveau. Pour faire une demande d\u2019examen de dossier, il vous suffit de remplir un formulaire sur le site de la SPW.<\/div>\n                    <div>\n<div class=\"wp-block-bobex-simple-question-answer\"><\/div>\n<\/div>\n                <\/div>\n            <\/div>\n        \n\n\n            <div class=\"bobex-simple-question-answer-block\">\n                <div class=\"bobex-simple-question-answer-block__question\" style=\"background-color: #63b0d1!important; color: white!important;\">\n                    <h3 style=\"color: white!important; margin:unset; font-size:1.2rem;\" class=\"bobex-simple-question-answer-block__question__content\"><span class=\"ez-toc-section\" id=\"Quelles_sont_les_conditions_dapplications_pour_beneficier_de_certificat_vert\"><\/span>Quelles sont les conditions d\u2019applications pour b\u00e9n\u00e9ficier de certificat vert ?<span class=\"ez-toc-section-end\"><\/span><\/h3>\n                    <div class=\"bobex-simple-question-answer-block__question__toggle\">+<\/div>\n                <\/div>\n                <div class=\"bobex-simple-question-answer-block__answer\" style=\"background-color: !important; color: black!important;\">\n                    <div class=\"bobex-simple-question-answer-block__answer__content\">Pour b\u00e9n\u00e9ficier des certificats verts, il faut r\u00e9pondre \u00e0 certaines conditions. Ceux-ci sont adress\u00e9s aux m\u00e9nages qui d\u00e9pensent de l\u2019argent dans des travaux de r\u00e9novation \u00e9nerg\u00e9tique notamment.<\/div>\n                    <div>\n<div class=\"wp-block-bobex-simple-question-answer\"><\/div>\n<\/div>\n                <\/div>\n            <\/div>\n        \n\n\n            <div class=\"bobex-simple-question-answer-block\">\n                <div class=\"bobex-simple-question-answer-block__question\" style=\"background-color: #63b0d1!important; color: white!important;\">\n                    <h3 style=\"color: white!important; margin:unset; font-size:1.2rem;\" class=\"bobex-simple-question-answer-block__question__content\"><span class=\"ez-toc-section\" id=\"Quen_est-il_des_certificats_verts_en_Wallonie_et_a_Bruxelles\"><\/span>Qu&rsquo;en est-il des certificats verts en Wallonie et \u00e0 Bruxelles ?\u00a0<span class=\"ez-toc-section-end\"><\/span><\/h3>\n                    <div class=\"bobex-simple-question-answer-block__question__toggle\">+<\/div>\n                <\/div>\n                <div class=\"bobex-simple-question-answer-block__answer\" style=\"background-color: !important; color: black!important;\">\n                    <div class=\"bobex-simple-question-answer-block__answer__content\">Depuis 2014, seule la R\u00e9gion de Bruxelles continue d&rsquo;octroyer des certificats verts pour les nouvelles installations. Et depuis 2021, la Wallonie a totalement cess\u00e9 d&rsquo;en distribuer.\u00a0<\/div>\n                    <div>\n<div class=\"wp-block-bobex-simple-question-answer\"><\/div>\n<\/div>\n                <\/div>\n            <\/div>\n        \n\n\n            <div class=\"bobex-simple-question-answer-block\">\n                <div class=\"bobex-simple-question-answer-block__question\" style=\"background-color: #63b0d1!important; color: white!important;\">\n                    <h3 style=\"color: white!important; margin:unset; font-size:1.2rem;\" class=\"bobex-simple-question-answer-block__question__content\"><span class=\"ez-toc-section\" id=\"Comment_contester_le_facteur_k\"><\/span>Comment contester le facteur k ?<span class=\"ez-toc-section-end\"><\/span><\/h3>\n                    <div class=\"bobex-simple-question-answer-block__question__toggle\">+<\/div>\n                <\/div>\n                <div class=\"bobex-simple-question-answer-block__answer\" style=\"background-color: !important; color: black!important;\">\n                    <div class=\"bobex-simple-question-answer-block__answer__content\">Pour contester le facteur k, vous pouvez vous adresser au SPW (Administration de la R\u00e9gion wallonne) et y d\u00e9poser une demande de r\u00e9vision du facteur k. Vous pouvez notamment contester le facteur k s&rsquo;il est \u00e0 0 et que vous remplissez les conditions pour l&rsquo;augmenter.\u00a0<\/div>\n                    <div>\n<div class=\"wp-block-bobex-simple-question-answer\"><\/div>\n<\/div>\n                <\/div>\n            <\/div>\n        \n\n\n            <div class=\"bobex-simple-question-answer-block\">\n                <div class=\"bobex-simple-question-answer-block__question\" style=\"background-color: #63b0d1!important; color: white!important;\">\n                    <h3 style=\"color: white!important; margin:unset; font-size:1.2rem;\" class=\"bobex-simple-question-answer-block__question__content\"><span class=\"ez-toc-section\" id=\"Quand_est_la_fin_du_compteur_qui_tourne_a_lenvers_en_Wallonie\"><\/span>Quand est la fin du compteur qui tourne \u00e0 l&rsquo;envers en Wallonie ?\u00a0<span class=\"ez-toc-section-end\"><\/span><\/h3>\n                    <div class=\"bobex-simple-question-answer-block__question__toggle\">+<\/div>\n                <\/div>\n                <div class=\"bobex-simple-question-answer-block__answer\" style=\"background-color: !important; color: black!important;\">\n                    <div class=\"bobex-simple-question-answer-block__answer__content\">La Wallonie a d\u00e9pos\u00e9 la date de fin au 1er janvier 2024 pour les compteur qui tournent \u00e0 l&rsquo;envers. Cela concerne les nouvelles installations de panneaux solaires et, concr\u00e8tement, cela a pour cons\u00e9quence que vous paierez pour votre consommation r\u00e9elle. Vous ne devrez ainsi plus payer de tarif prosumer et vous recevrez une compensation financi\u00e8re directement de la part de votre fournisseur.\u00a0<\/div>\n                    <div>\n<div class=\"wp-block-bobex-simple-question-answer\"><\/div>\n<\/div>\n                <\/div>\n            <\/div>\n        <\/div>\n\n                    <script type=\"application\/ld+json\">\n                        {\"@context\":\"https:\\\/\\\/schema.org\",\"@type\":\"FAQPage\",\"mainEntity\":[{\"@type\":\"Question\",\"name\":\"Que signifie le facteur k ?\",\"acceptedAnswer\":{\"@type\":\"Answer\",\"text\":\"Le facteur k est un coefficient qui d\\u00e9termine le nombre de certificats verts \\u00e0 attribuer de la 11e \\u00e0 la 15e ann\\u00e9e suivant l'installation de panneaux photovolta\\u00efques.\\u00a0\"}},{\"@type\":\"Question\",\"name\":\"CWaPE ou SPW pour le facteur k ?\\u00a0\",\"acceptedAnswer\":{\"@type\":\"Answer\",\"text\":\"Le facteur k est un coefficient appliqu\\u00e9 \\u00e0 la facture d\\u2019\\u00e9lectricit\\u00e9 d\\u2019un m\\u00e9nage qui \\u00e9tait anciennement g\\u00e9r\\u00e9 par le CWaPE (Commission Wallonne pour l\\u2019Electricit\\u00e9 et le Gaz), mais qui est \\u00e0 pr\\u00e9sent entre les mains de la SPW (Administration de la R\\u00e9gion wallonne). Ce coefficient permet de r\\u00e9duire le montant de la facture pour une p\\u00e9riode donn\\u00e9e.\\u00a0\"}},{\"@type\":\"Question\",\"name\":\"Qu'est-ce que le facteur k \\u00e9lectricit\\u00e9 ?\\u00a0\",\"acceptedAnswer\":{\"@type\":\"Answer\",\"text\":\"Le facteur k \\u00e9lectricit\\u00e9 est un indicateur qui permet de mesurer la qualit\\u00e9 de l\\u2019alimentation \\u00e9lectrique. Il est calcul\\u00e9 en divisant la puissance active par la puissance apparente. Plus le facteur k est proche de 1, plus la qualit\\u00e9 de l\\u2019alimentation \\u00e9lectrique est bonne.\"}},{\"@type\":\"Question\",\"name\":\"Qu'est-ce que \\u00e7a veut dire si le facteur k panneaux solaires est refus\\u00e9 ?\\u00a0\",\"acceptedAnswer\":{\"@type\":\"Answer\",\"text\":\"Le facteur k est un indicateur de qualit\\u00e9 d\\u2019alimentation \\u00e9lectrique dont le score est compris entre 0 et 1. Si le facteur k d\\u2019un panneau est trop faible (trop proche de 0), ce dernier peut \\u00eatre refus\\u00e9 par l\\u2019administration.\"}},{\"@type\":\"Question\",\"name\":\"Que veut dire facteur k en traitement ?\\u00a0\",\"acceptedAnswer\":{\"@type\":\"Answer\",\"text\":\"Une fois que le producteur a d\\u00e9pos\\u00e9 sa demande de r\\u00e9vision de facteur K et celle-ci a \\u00e9t\\u00e9 introduite \\u00e0 l\\u2019administration, la demande en question sera trait\\u00e9e dans l\\u2019ordre de date de mise en place de l\\u2019installation photovolta\\u00efque. Les demandes relatives aux extensions d\\u2019installations requi\\u00e8rent plus de temps, donc le traitement sera plus long.\\u00a0\"}},{\"@type\":\"Question\",\"name\":\"Certificat vert (cv) 10 ou 15 ans ?\",\"acceptedAnswer\":{\"@type\":\"Answer\",\"text\":\"Auparavant, les certificats verts avaient une p\\u00e9riode d\\u2019octroi de 15 ans, mais, suite \\u00e0 une modification, la r\\u00e9gion wallonne a fix\\u00e9 la dur\\u00e9e \\u00e0 10 ans. Ce changement est d\\u00fb \\u00e0 la volont\\u00e9 de la r\\u00e9gion wallonne d\\u2019\\u00e9conomiser sur leur budget. Cependant, il est tout de m\\u00eame possible d\\u2019envoyer une demande pour avoir une p\\u00e9riode de 15 ans si la rentabilit\\u00e9 de vos panneaux ne parvient pas un certain niveau. Pour faire une demande d\\u2019examen de dossier, il vous suffit de remplir un formulaire sur le site de la SPW.\"}},{\"@type\":\"Question\",\"name\":\"Quelles sont les conditions d\\u2019applications pour b\\u00e9n\\u00e9ficier de certificat vert ?\",\"acceptedAnswer\":{\"@type\":\"Answer\",\"text\":\"Pour b\\u00e9n\\u00e9ficier des certificats verts, il faut r\\u00e9pondre \\u00e0 certaines conditions. Ceux-ci sont adress\\u00e9s aux m\\u00e9nages qui d\\u00e9pensent de l\\u2019argent dans des travaux de r\\u00e9novation \\u00e9nerg\\u00e9tique notamment.\"}},{\"@type\":\"Question\",\"name\":\"Qu'en est-il des certificats verts en Wallonie et \\u00e0 Bruxelles ?\\u00a0\",\"acceptedAnswer\":{\"@type\":\"Answer\",\"text\":\"Depuis 2014, seule la R\\u00e9gion de Bruxelles continue d'octroyer des certificats verts pour les nouvelles installations. Et depuis 2021, la Wallonie a totalement cess\\u00e9 d'en distribuer.\\u00a0\"}},{\"@type\":\"Question\",\"name\":\"Comment contester le facteur k ?\",\"acceptedAnswer\":{\"@type\":\"Answer\",\"text\":\"Pour contester le facteur k, vous pouvez vous adresser au SPW (Administration de la R\\u00e9gion wallonne) et y d\\u00e9poser une demande de r\\u00e9vision du facteur k. Vous pouvez notamment contester le facteur k s'il est \\u00e0 0 et que vous remplissez les conditions pour l'augmenter.\\u00a0\"}},{\"@type\":\"Question\",\"name\":\"Quand est la fin du compteur qui tourne \\u00e0 l'envers en Wallonie ?\\u00a0\",\"acceptedAnswer\":{\"@type\":\"Answer\",\"text\":\"La Wallonie a d\\u00e9pos\\u00e9 la date de fin au 1er janvier 2024 pour les compteur qui tournent \\u00e0 l'envers. Cela concerne les nouvelles installations de panneaux solaires et, concr\\u00e8tement, cela a pour cons\\u00e9quence que vous paierez pour votre consommation r\\u00e9elle. Vous ne devrez ainsi plus payer de tarif prosumer et vous recevrez une compensation financi\\u00e8re directement de la part de votre fournisseur.\\u00a0\"}}]}\n                    <\/script>\n                ","protected":false},"featured_media":0,"parent":58690,"template":"","meta":{"business":"43564","footnotes":""},"class_list":["post-110523","content","type-content","status-publish","hentry"],"_links":{"self":[{"href":"https:\/\/www.bobex.be\/fr-be\/wp-json\/wp\/v2\/content\/110523","targetHints":{"allow":["GET"]}}],"collection":[{"href":"https:\/\/www.bobex.be\/fr-be\/wp-json\/wp\/v2\/content"}],"about":[{"href":"https:\/\/www.bobex.be\/fr-be\/wp-json\/wp\/v2\/types\/content"}],"version-history":[{"count":9,"href":"https:\/\/www.bobex.be\/fr-be\/wp-json\/wp\/v2\/content\/110523\/revisions"}],"predecessor-version":[{"id":235450,"href":"https:\/\/www.bobex.be\/fr-be\/wp-json\/wp\/v2\/content\/110523\/revisions\/235450"}],"up":[{"embeddable":true,"href":"https:\/\/www.bobex.be\/fr-be\/wp-json\/wp\/v2\/content\/58690"}],"wp:attachment":[{"href":"https:\/\/www.bobex.be\/fr-be\/wp-json\/wp\/v2\/media?parent=110523"}],"curies":[{"name":"wp","href":"https:\/\/api.w.org\/{rel}","templated":true}]}}