{"id":108591,"date":"2022-09-12T11:51:18","date_gmt":"2022-09-12T11:51:18","guid":{"rendered":"https:\/\/www.bobex.be\/fr-be\/?post_type=content&#038;p=108591"},"modified":"2025-07-25T11:39:29","modified_gmt":"2025-07-25T11:39:29","slug":"chassis-fenetre","status":"publish","type":"content","link":"https:\/\/www.bobex.be\/fr-be\/chassis-portes-et-fenetres\/chassis-fenetre\/","title":{"rendered":"Ch\u00e2ssis fen\u00eatres : prix et mat\u00e9riaux"},"content":{"rendered":"\n<div id=\"ez-toc-container\" class=\"ez-toc-v2_0_82_2 counter-hierarchy ez-toc-counter ez-toc-grey ez-toc-container-direction\">\n<div class=\"ez-toc-title-container\">\n<p class=\"ez-toc-title\" style=\"cursor:inherit\">Sommaire<\/p>\n<span class=\"ez-toc-title-toggle\"><a href=\"#\" class=\"ez-toc-pull-right ez-toc-btn ez-toc-btn-xs ez-toc-btn-default ez-toc-toggle\" aria-label=\"Toggle Table of Content\"><span class=\"ez-toc-js-icon-con\"><span class=\"\"><span class=\"eztoc-hide\" style=\"display:none;\">Toggle<\/span><span class=\"ez-toc-icon-toggle-span\"><svg style=\"fill: #999;color:#999\" xmlns=\"http:\/\/www.w3.org\/2000\/svg\" class=\"list-377408\" width=\"20px\" height=\"20px\" viewBox=\"0 0 24 24\" fill=\"none\"><path d=\"M6 6H4v2h2V6zm14 0H8v2h12V6zM4 11h2v2H4v-2zm16 0H8v2h12v-2zM4 16h2v2H4v-2zm16 0H8v2h12v-2z\" fill=\"currentColor\"><\/path><\/svg><svg style=\"fill: #999;color:#999\" class=\"arrow-unsorted-368013\" xmlns=\"http:\/\/www.w3.org\/2000\/svg\" width=\"10px\" height=\"10px\" viewBox=\"0 0 24 24\" version=\"1.2\" baseProfile=\"tiny\"><path d=\"M18.2 9.3l-6.2-6.3-6.2 6.3c-.2.2-.3.4-.3.7s.1.5.3.7c.2.2.4.3.7.3h11c.3 0 .5-.1.7-.3.2-.2.3-.5.3-.7s-.1-.5-.3-.7zM5.8 14.7l6.2 6.3 6.2-6.3c.2-.2.3-.5.3-.7s-.1-.5-.3-.7c-.2-.2-.4-.3-.7-.3h-11c-.3 0-.5.1-.7.3-.2.2-.3.5-.3.7s.1.5.3.7z\"\/><\/svg><\/span><\/span><\/span><\/a><\/span><\/div>\n<nav><ul class='ez-toc-list ez-toc-list-level-1 eztoc-toggle-hide-by-default' ><li class='ez-toc-page-1 ez-toc-heading-level-2'><a class=\"ez-toc-link ez-toc-heading-1\" href=\"https:\/\/www.bobex.be\/fr-be\/chassis-portes-et-fenetres\/chassis-fenetre\/#Quels_sont_les_differents_types_de_materiaux_pour_lisolation\" >Quels sont les diff\u00e9rents types de mat\u00e9riaux pour l&rsquo;isolation ?<\/a><ul class='ez-toc-list-level-3' ><li class='ez-toc-heading-level-3'><a class=\"ez-toc-link ez-toc-heading-2\" href=\"https:\/\/www.bobex.be\/fr-be\/chassis-portes-et-fenetres\/chassis-fenetre\/#Chassis_en_bois\" >Ch\u00e2ssis en bois<\/a><\/li><li class='ez-toc-page-1 ez-toc-heading-level-3'><a class=\"ez-toc-link ez-toc-heading-3\" href=\"https:\/\/www.bobex.be\/fr-be\/chassis-portes-et-fenetres\/chassis-fenetre\/#Chassis_en_PVC\" >Ch\u00e2ssis en PVC<\/a><\/li><li class='ez-toc-page-1 ez-toc-heading-level-3'><a class=\"ez-toc-link ez-toc-heading-4\" href=\"https:\/\/www.bobex.be\/fr-be\/chassis-portes-et-fenetres\/chassis-fenetre\/#Chassis_en_aluminium\" >Ch\u00e2ssis en aluminium<\/a><\/li><li class='ez-toc-page-1 ez-toc-heading-level-3'><a class=\"ez-toc-link ez-toc-heading-5\" href=\"https:\/\/www.bobex.be\/fr-be\/chassis-portes-et-fenetres\/chassis-fenetre\/#Chassis_mixte\" >Ch\u00e2ssis mixte<\/a><\/li><\/ul><\/li><li class='ez-toc-page-1 ez-toc-heading-level-2'><a class=\"ez-toc-link ez-toc-heading-6\" href=\"https:\/\/www.bobex.be\/fr-be\/chassis-portes-et-fenetres\/chassis-fenetre\/#Prix_des_chassis\" >Prix des ch\u00e2ssis<\/a><\/li><li class='ez-toc-page-1 ez-toc-heading-level-2'><a class=\"ez-toc-link ez-toc-heading-7\" href=\"https:\/\/www.bobex.be\/fr-be\/chassis-portes-et-fenetres\/chassis-fenetre\/#Choisir_ses_chassis\" >Choisir ses ch\u00e2ssis<\/a><ul class='ez-toc-list-level-3' ><li class='ez-toc-heading-level-3'><a class=\"ez-toc-link ez-toc-heading-8\" href=\"https:\/\/www.bobex.be\/fr-be\/chassis-portes-et-fenetres\/chassis-fenetre\/#Dimensions_Comment_mesurer\" >Dimensions : Comment mesurer ?<\/a><\/li><li class='ez-toc-page-1 ez-toc-heading-level-3'><a class=\"ez-toc-link ez-toc-heading-9\" href=\"https:\/\/www.bobex.be\/fr-be\/chassis-portes-et-fenetres\/chassis-fenetre\/#Marques_de_chassis\" >Marques de ch\u00e2ssis<\/a><\/li><li class='ez-toc-page-1 ez-toc-heading-level-3'><a class=\"ez-toc-link ez-toc-heading-10\" href=\"https:\/\/www.bobex.be\/fr-be\/chassis-portes-et-fenetres\/chassis-fenetre\/#Type_douverture\" >Type d\u2019ouverture<\/a><\/li><\/ul><\/li><li class='ez-toc-page-1 ez-toc-heading-level-2'><a class=\"ez-toc-link ez-toc-heading-11\" href=\"https:\/\/www.bobex.be\/fr-be\/chassis-portes-et-fenetres\/chassis-fenetre\/#Entretien\" >Entretien<\/a><\/li><li class='ez-toc-page-1 ez-toc-heading-level-2'><a class=\"ez-toc-link ez-toc-heading-12\" href=\"https:\/\/www.bobex.be\/fr-be\/chassis-portes-et-fenetres\/chassis-fenetre\/#Quelle_est_la_difference_entre_double_ou_triple_vitrage\" >Quelle est la diff\u00e9rence entre double ou triple vitrage ?<\/a><\/li><li class='ez-toc-page-1 ez-toc-heading-level-2'><a class=\"ez-toc-link ez-toc-heading-13\" href=\"https:\/\/www.bobex.be\/fr-be\/chassis-portes-et-fenetres\/chassis-fenetre\/#Quest_ce_qui_est_possible_dobtenir_comme_primes_et_aides_de_lEtat\" >Qu&rsquo;est ce qui est possible d&rsquo;obtenir comme primes et aides de l\u2019\u00c9tat ?<\/a><ul class='ez-toc-list-level-3' ><li class='ez-toc-heading-level-3'><a class=\"ez-toc-link ez-toc-heading-14\" href=\"https:\/\/www.bobex.be\/fr-be\/chassis-portes-et-fenetres\/chassis-fenetre\/#A_Bruxelles\" >\u00c0 Bruxelles<\/a><\/li><li class='ez-toc-page-1 ez-toc-heading-level-3'><a class=\"ez-toc-link ez-toc-heading-15\" href=\"https:\/\/www.bobex.be\/fr-be\/chassis-portes-et-fenetres\/chassis-fenetre\/#En_Wallonie\" >En Wallonie<\/a><\/li><li class='ez-toc-page-1 ez-toc-heading-level-3'><a class=\"ez-toc-link ez-toc-heading-16\" href=\"https:\/\/www.bobex.be\/fr-be\/chassis-portes-et-fenetres\/chassis-fenetre\/#En_Flandres\" >En Flandres<\/a><\/li><\/ul><\/li><li class='ez-toc-page-1 ez-toc-heading-level-2'><a class=\"ez-toc-link ez-toc-heading-17\" href=\"https:\/\/www.bobex.be\/fr-be\/chassis-portes-et-fenetres\/chassis-fenetre\/#Faites_appel_a_un_entrepreneur_pour_le_changement_de_vos_chassis_dans_votre_region_et_comparez_plusieurs_devis_gratuitement\" >Faites appel \u00e0 un entrepreneur pour le changement de vos ch\u00e2ssis dans votre r\u00e9gion et comparez plusieurs devis gratuitement !<\/a><\/li><\/ul><\/nav><\/div>\n<h2 class=\"wp-block-heading\"><span class=\"ez-toc-section\" id=\"Quels_sont_les_differents_types_de_materiaux_pour_lisolation\"><\/span>Quels sont les diff\u00e9rents types de mat\u00e9riaux pour l&rsquo;isolation ?<span class=\"ez-toc-section-end\"><\/span><\/h2>\n\n\n\n<p>Le mat\u00e9riau du ch\u00e2ssis influe sur&nbsp;<strong>son <a href=\"https:\/\/www.bobex.be\/fr-be\/chassis-portes-et-fenetres\/chassis-isolant\/\" data-type=\"URL\" data-id=\"https:\/\/www.bobex.be\/fr-be\/chassis-portes-et-fenetres\/chassis-isolant\/\" target=\"_blank\" rel=\"noreferrer noopener\">isolation<\/a>, son esth\u00e9tique et sur sa rigidit\u00e9<\/strong>. Les trois mati\u00e8res qui dominent le march\u00e9 actuel sont le PVC, le bois et l\u2019aluminium. Dans cette section, nous passons la revue des caract\u00e9ristiques de chacune d\u2019entre elles.<\/p>\n\n\n\n<h3 class=\"wp-block-heading\"><span class=\"ez-toc-section\" id=\"Chassis_en_bois\"><\/span>Ch\u00e2ssis en bois<span class=\"ez-toc-section-end\"><\/span><\/h3>\n\n\n\n<p>Quand il s\u2019agit de ch\u00e2ssis, le bois est pour ainsi dire utilis\u00e9 depuis la nuit des temps. Cela vient du fait qu\u2019il poss\u00e8de des propri\u00e9t\u00e9s isolantes exemplaires. De plus, son allure naturelle ne manquera pas d\u2019ajouter un&nbsp;<strong>cachet authentique<\/strong>&nbsp;\u00e0 votre logement.<\/p>\n\n\n\n<p>Le bois a bien s\u00fbr quelques inconv\u00e9nients. Ainsi, comme il s\u2019agit d\u2019une mati\u00e8re organique, il n\u00e9cessitera un&nbsp;<strong>entretien r\u00e9gulier&nbsp;<\/strong>pour garder son \u00e9tat. Toutefois, cet aspect organique a aussi l\u2019avantage de rendre <a href=\"https:\/\/www.bobex.be\/fr-be\/chassis-portes-et-fenetres\/chassis-en-bois\/\" data-type=\"URL\" data-id=\"https:\/\/www.bobex.be\/fr-be\/chassis-portes-et-fenetres\/chassis-en-bois\/\" target=\"_blank\" rel=\"noreferrer noopener\">vos ch\u00e2ssis en bois<\/a> 100 % recyclables.<\/p>\n\n\n\n<h3 class=\"wp-block-heading\"><span class=\"ez-toc-section\" id=\"Chassis_en_PVC\"><\/span>Ch\u00e2ssis en PVC<span class=\"ez-toc-section-end\"><\/span><\/h3>\n\n\n\n<p>Le PVC poss\u00e8de la<strong>&nbsp;meilleure isolation thermique&nbsp;<\/strong>du march\u00e9, et ce, au<strong>&nbsp;prix le plus bas\u202f!<\/strong>&nbsp;Ce mat\u00e9riau ultra-flexible s\u2019adapte \u00e0 toutes les structures et peut m\u00eame imiter l\u2019aspect du bois. Cette flexibilit\u00e9 peut aussi cependant constituer un d\u00e9savantage \u00e0 cause du manque de rigidit\u00e9. Pour finir, le PVC ne requiert&nbsp;<strong>presque aucun entretien\u202f!<\/strong>&nbsp;Un simple coup de chiffon occasionnel suffit \u00e0 le garder en \u00e9tat.<\/p>\n\n\n\n<figure class=\"wp-block-image size-full\"><img decoding=\"async\" width=\"1000\" height=\"550\" src=\"https:\/\/www.bobex.be\/wp-uploads\/sites\/2\/Installation-nouveau-chassis.jpg\" alt=\"Installation ch\u00e2ssis fen\u00eatre\" class=\"wp-image-108597\" \/><\/figure>\n\n\n\n<h3 class=\"wp-block-heading\"><span class=\"ez-toc-section\" id=\"Chassis_en_aluminium\"><\/span>Ch\u00e2ssis en aluminium<span class=\"ez-toc-section-end\"><\/span><\/h3>\n\n\n\n<p>Les ch\u00e2ssis en alu sont \u00e0 la pointe du raffinement. Ils se marient parfaitement aux int\u00e9rieurs modernes et de style industriel. Leur&nbsp;<strong>rigidit\u00e9&nbsp;<\/strong>est aussi \u00e0 toute \u00e9preuve ! Leur seul d\u00e9savantage est leur isolation thermique suboptimale. L\u2019alu est notamment un m\u00e9tal qui conduit la chaleur.<\/p>\n\n\n\n<h3 class=\"wp-block-heading\"><span class=\"ez-toc-section\" id=\"Chassis_mixte\"><\/span>Ch\u00e2ssis mixte<span class=\"ez-toc-section-end\"><\/span><\/h3>\n\n\n\n<p>Pour compenser les d\u00e9savantages d\u2019un mat\u00e9riau, vous pouvez le combiner avec un autre. Les&nbsp;<strong>ch\u00e2ssis mixtes alu-bois<\/strong>&nbsp;combinent ainsi la rigidit\u00e9 de l\u2019alu avec l\u2019isolation thermique du bois. Pour des capacit\u00e9s thermiques encore meilleures, il est m\u00eame possible de combiner&nbsp;<strong>l\u2019alu avec le PVC<\/strong>.<\/p>\n\n\n\n<h2 class=\"wp-block-heading\"><span class=\"ez-toc-section\" id=\"Prix_des_chassis\"><\/span>Prix des ch\u00e2ssis<span class=\"ez-toc-section-end\"><\/span><\/h2>\n\n\n\n<p>Le <a href=\"https:\/\/www.bobex.be\/fr-be\/chassis-portes-et-fenetres\/prix-chassis-au-m2\/\" data-type=\"URL\" data-id=\"https:\/\/www.bobex.be\/fr-be\/chassis-portes-et-fenetres\/prix-chassis-au-m2\/\" target=\"_blank\" rel=\"noreferrer noopener\">prix d\u2019un nouveau ch\u00e2ssis<\/a> oscille&nbsp;<strong>entre 150 et 750 euros<\/strong>. Ce prix varie avant tout en fonction de la taille et du mat\u00e9riau dont il est compos\u00e9. Le tableau ci-dessous retrace les prix moyens en fonction du mat\u00e9riau.<\/p>\n\n\n\n            <div class='bobex-table-wrapper' style='\n            --bobex-table-dark-row-color: #D1E8F2;\n        '>\n                <table class='' data-columns='3'>\n                    <thead style='\n            --bobex-table-header-background-color: #10375E;\n            --bobex-table-header-text-color: #FFFFFF;\n        '><th>Type de ch\u00e2ssis<\/th><th>Prix indicatif hors pose<\/th><th>Prix indicatif pose incluse<\/th><\/thead><tr><td>Ch\u00e2ssis en PVC<\/td><td>150 \u00e0 500 \u20ac<\/td><td>300 \u00e0 750 \u20ac<\/td><\/tr><tr><td>Ch\u00e2ssis en aluminium<\/td><td>350 \u00e0 650 \u20ac<\/td><td>500 \u00e0 900 \u20ac<\/td><\/tr><tr><td>Ch\u00e2ssis en bois<\/td><td>250 \u00e0 650 \u20ac<\/td><td>500 \u00e0 1.350 \u20ac<\/td><\/tr><tr><td>Ch\u00e2ssis mixte alu\/bois<\/td><td>450 \u00e0 750 \u20ac<\/td><td>500 \u00e0 1.000\u20ac<\/td><\/tr>\n                <\/table>\n            <\/div>\n        \n\n\n<p>Attention toutefois, car il ne s\u2019agissent l\u00e0 que de prix indicatifs. Pour un prix sur mesure, n\u2019h\u00e9sitez pas \u00e0 remplir notre formulaire de&nbsp;<strong>demande de devis<\/strong>. Celui-ci vous fait parvenir des devis gratuits et sans engagement !<\/p>\n\n\n\n                <div class='bobex-cta-block' style='\n            --button-bg-color: #e13c0e;\n            --button-text-color: #ffffff;\n            --banner-bg-color: #aad4e6;\n            --arrow-main-bg-color: #aad4e6;\n            --arrow-secondary-bg-color: #e5f2f7;\n            --banner-title-color: #10375e;\n            --arrow-title-color: #10375e;\n            --banner-text-color: #545454;\n            --arrow-text-color: #545454;         \n            --invert-range: 0deg;\n        '>\n                    <div class='cta-arrow-text d-flex d-lg-none'>\n                        <a class='cta-button-rounded' href='#ppp'>Demandez ici gratuitement <\/a>\n                    <\/div>\n                    <div class='d-none d-lg-flex flex-no-wrap'>\n                        <div class=\"col-7 cta-arrow-text d-flex text-color\">\n                            <div class=\"m-auto\">\n                                <div class=\"h3\">Vous cherchez un sp\u00e9cialiste pour vos ch\u00e2ssis ?<\/div>\n                                <div class='text-color'>Demandez vos devis ici !<\/div>\n                            <\/div>\n                        <\/div>\n                        <div class='cta-arrow-link col-5'>\n                            <a class='cta-button-rounded' href=\"#ppp\">Demandez ici gratuitement <\/a>\n                        <\/div>\n                    <\/div>\n                <\/div>\n\n\n<h2 class=\"wp-block-heading\"><span class=\"ez-toc-section\" id=\"Choisir_ses_chassis\"><\/span>Choisir ses ch\u00e2ssis<span class=\"ez-toc-section-end\"><\/span><\/h2>\n\n\n\n<p>Outre le mat\u00e9riau, il est bien \u00e9videmment d\u2019autres facteurs qui influent sur le prix d\u2019un ch\u00e2ssis. Ainsi, le prix de votre ch\u00e2ssis variera aussi en fonction de sa taille, de sa marque et de son mode d&rsquo;ouverture.<\/p>\n\n\n\n<h3 class=\"wp-block-heading\"><span class=\"ez-toc-section\" id=\"Dimensions_Comment_mesurer\"><\/span>Dimensions : Comment mesurer ?<span class=\"ez-toc-section-end\"><\/span><\/h3>\n\n\n\n<p>Les ch\u00e2ssis de<strong>&nbsp;tailles standardis\u00e9es<\/strong>&nbsp;sont habituellement moins chers que les ch\u00e2ssis sur mesure. La raison est que les ch\u00e2ssis de tailles standard existent en forte quantit\u00e9 alors que chaque&nbsp;<strong>ch\u00e2ssis sur mesure<\/strong>&nbsp;est, par d\u00e9finition, unique. De plus, si votre mod\u00e8le sur mesure requiert une forme particuli\u00e8re, des&nbsp;<strong>frais de design<\/strong>&nbsp;viendront s\u2019ajouter \u00e0 la facture.&nbsp;<\/p>\n\n\n\n<h3 class=\"wp-block-heading\"><span class=\"ez-toc-section\" id=\"Marques_de_chassis\"><\/span>Marques de ch\u00e2ssis<span class=\"ez-toc-section-end\"><\/span><\/h3>\n\n\n\n<p>Pour la conception de votre ch\u00e2ssis, vous pouvez vous tourner vers plusieurs <a href=\"https:\/\/www.bobex.be\/fr-be\/chassis-portes-et-fenetres\/fabricant-de-chassis\/\" data-type=\"URL\" data-id=\"https:\/\/www.bobex.be\/fr-be\/chassis-portes-et-fenetres\/fabricant-de-chassis\/\" target=\"_blank\" rel=\"noreferrer noopener\">fabricants sp\u00e9cialis\u00e9s en Belgique<\/a>. La soci\u00e9t\u00e9&nbsp;<strong>Sch\u00fcco&nbsp;<\/strong>par exemple, est sp\u00e9cialis\u00e9e dans la fabrication de ch\u00e2ssis en aluminium et en PVC hautement performants.&nbsp;<strong>Deceuninck&nbsp;<\/strong>se sp\u00e9cialise dans les m\u00eames types de produits.<\/p>\n\n\n\n<p><strong>K\u00f6mmerling<\/strong>, quant \u00e0 lui, est un partenaire de qualit\u00e9 si vous avez une pr\u00e9f\u00e9rence pour le PVC. N&rsquo;h\u00e9sitez pas \u00e0 demander l&rsquo;avis de votre installateur pour ce qui est du fabricant. Un menuisier d&rsquo;exp\u00e9rience saura exactement quelle marque de ch\u00e2ssis se mariera le mieux \u00e0 votre projet.<\/p>\n\n\n\n<p>Si vos pi\u00e8ces sont fortement expos\u00e9es aux rayons du soleil, il peut \u00e9galement \u00eatre int\u00e9ressant de choisir un fabricant de ch\u00e2ssis proposant des mod\u00e8les avec <a rel=\"noreferrer noopener\" href=\"https:\/\/www.bobex.be\/fr-be\/chassis-portes-et-fenetres\/avantage-store\/\" data-type=\"URL\" data-id=\"https:\/\/www.bobex.be\/fr-be\/chassis-portes-et-fenetres\/avantage-store\/\" target=\"_blank\">stores<\/a> ou <a href=\"https:\/\/www.bobex.be\/fr-be\/chassis-portes-et-fenetres\/prix-volet-exterieur\/\" data-type=\"URL\" data-id=\"https:\/\/www.bobex.be\/fr-be\/chassis-portes-et-fenetres\/prix-volet-exterieur\/\" target=\"_blank\" rel=\"noreferrer noopener\">volet<\/a> int\u00e9gr\u00e9s. <\/p>\n\n\n<div class='bobex-cta-block' style='\n            --button-bg-color: #e13c0e;\n            --button-text-color: #ffffff;\n            --banner-bg-color: #aad4e6;\n            --arrow-main-bg-color: #aad4e6;\n            --arrow-secondary-bg-color: #e5f2f7;\n            --banner-title-color: #10375e;\n            --arrow-title-color: #10375e;\n            --banner-text-color: #545454;\n            --arrow-text-color: #545454;         \n            --invert-range: 0deg;\n        '><a class='cta-button-rounded' href='#ppp'>Trouvez des vitriers professionnels dans votre r\u00e9gion<\/a><\/div>\n\n\n<h3 class=\"wp-block-heading\"><span class=\"ez-toc-section\" id=\"Type_douverture\"><\/span>Type d\u2019ouverture<span class=\"ez-toc-section-end\"><\/span><\/h3>\n\n\n\n<p>Plus le mode d\u2019ouverture est complexe, plus le ch\u00e2ssis sera cher. Cela vient du fait qu\u2019une ouverture dans plusieurs directions requiert une quincaillerie plus \u00e9tendue. Ainsi, les&nbsp;<strong><a href=\"https:\/\/www.bobex.be\/fr-be\/chassis-portes-et-fenetres\/chassis-oscillo-battant\/\" data-type=\"URL\" data-id=\"https:\/\/www.bobex.be\/fr-be\/chassis-portes-et-fenetres\/chassis-oscillo-battant\/\" target=\"_blank\" rel=\"noreferrer noopener\">fen\u00eatres oscillo-battantes<\/a><\/strong>&nbsp;s\u2019ouvrant \u00e0 l\u2019horizontale et \u00e0 la verticale co\u00fbtent plus cher qu\u2019une fen\u00eatre qui ne s\u2019ouvre que dans une direction.<\/p>\n\n\n\n<p>Pour un ch\u00e2ssis \u00e0 moindre prix, vous pouvez \u00e9galement opter pour un&nbsp;<strong><a rel=\"noreferrer noopener\" href=\"https:\/\/www.bobex.be\/fr-be\/chassis-portes-et-fenetres\/chassis-fixe\/\" data-type=\"URL\" data-id=\"https:\/\/www.bobex.be\/fr-be\/chassis-portes-et-fenetres\/chassis-fixe\/\" target=\"_blank\">ch\u00e2ssis fixe<\/a><\/strong>. Ce type de ch\u00e2ssis est parfait pour les fen\u00eatres dont l\u2019unique fonction est d\u2019illuminer une pi\u00e8ce. Finalement, si vous souhaitez installer une grande <a rel=\"noreferrer noopener\" href=\"https:\/\/www.bobex.be\/fr-be\/chassis-portes-et-fenetres\/porte-fenetre-coulissante\/\" data-type=\"URL\" data-id=\"https:\/\/www.bobex.be\/fr-be\/chassis-portes-et-fenetres\/porte-fenetre-coulissante\/\" target=\"_blank\">baie vitr\u00e9e<\/a>, vous aurez le choix entre plusieurs types&nbsp;<strong>d\u2019ouvertures \u00e0 coulissemen<\/strong>t ou en <a href=\"https:\/\/www.bobex.be\/fr-be\/chassis-portes-et-fenetres\/chassis-accordeon\/\" data-type=\"URL\" data-id=\"https:\/\/www.bobex.be\/fr-be\/chassis-portes-et-fenetres\/chassis-accordeon\/\" target=\"_blank\" rel=\"noreferrer noopener\">accord\u00e9on<\/a>.<\/p>\n\n\n\n<h2 class=\"wp-block-heading\"><span class=\"ez-toc-section\" id=\"Entretien\"><\/span>Entretien<span class=\"ez-toc-section-end\"><\/span><\/h2>\n\n\n\n<p>L\u00e0 o\u00f9 les <a href=\"https:\/\/www.bobex.be\/fr-be\/chassis-portes-et-fenetres\/chassis-aluminium\/\" data-type=\"URL\" data-id=\"https:\/\/www.bobex.be\/fr-be\/chassis-portes-et-fenetres\/chassis-aluminium\/\" target=\"_blank\" rel=\"noreferrer noopener\">ch\u00e2ssis en alu<\/a> et en PVC ne n\u00e9cessitent pas d\u2019entretien r\u00e9gulier, le&nbsp;<strong>bois<\/strong>, quant \u00e0 lui, requiert un suivi r\u00e9gulier pour \u00e9viter qu\u2019il ne perde sa qualit\u00e9. En fonction de l\u2019essence de bois et du climat que vous habitez, il sera n\u00e9cessaire d\u2019appliquer r\u00e9guli\u00e8rement une nouvelle&nbsp;<strong>couche de protection<\/strong>.<\/p>\n\n\n\n<p>Pour ce faire, il faut d\u2019abord enlever la peinture et la laque \u00e0 l\u2019aide d\u2019un papier de verre adapt\u00e9. Ensuite, venez appliquer la laque de protection adapt\u00e9e. Si vos ch\u00e2ssis \u00e9taient peints avant l\u2019entretien, il sera n\u00e9cessaire de les&nbsp;<strong>repeindre&nbsp;<\/strong>par la suite.<\/p>\n\n\n\n<p>L\u2019entretien de vos ch\u00e2ssis en bois peut \u00eatre une t\u00e2che p\u00e9nible, surtout si votre maison poss\u00e8de beaucoup de fen\u00eatres. Pour \u00e9viter les d\u00e9sagr\u00e9ments, pensez \u00e0 \u00e9tablir un <strong>contrat d\u2019entretien<\/strong> avec un menuisier local. Celui-ci vous contactera chaque ann\u00e9e pour fixer un nouveau rendez-vous d\u2019entretien.&nbsp;<\/p>\n\n\n<div class='bobex-cta-block' style='\n            --button-bg-color: #e13c0e;\n            --button-text-color: #ffffff;\n            --banner-bg-color: #aad4e6;\n            --arrow-main-bg-color: #aad4e6;\n            --arrow-secondary-bg-color: #e5f2f7;\n            --banner-title-color: #10375e;\n            --arrow-title-color: #10375e;\n            --banner-text-color: #545454;\n            --arrow-text-color: #545454;         \n            --invert-range: 0deg;\n        '><a class='cta-button-rounded' href='#ppp'>Trouvez des menuisiers pr\u00e8s de chez vous<\/a><\/div>\n\n\n<figure class=\"wp-block-image size-full\"><img decoding=\"async\" width=\"1000\" height=\"550\" src=\"https:\/\/www.bobex.be\/wp-uploads\/sites\/2\/Chassis-fenetre-velux.jpg\" alt=\"Ch\u00e2ssis fen\u00eatre velux\" class=\"wp-image-108599\" \/><\/figure>\n\n\n\n<h2 class=\"wp-block-heading\"><span class=\"ez-toc-section\" id=\"Quelle_est_la_difference_entre_double_ou_triple_vitrage\"><\/span>Quelle est la diff\u00e9rence entre double ou triple vitrage ?<span class=\"ez-toc-section-end\"><\/span><\/h2>\n\n\n\n<p>Vous ne savez pas quel <a rel=\"noreferrer noopener\" href=\"https:\/\/www.bobex.be\/fr-be\/chassis-portes-et-fenetres\/types-de-vitrage\/\" data-type=\"URL\" data-id=\"https:\/\/www.bobex.be\/fr-be\/chassis-portes-et-fenetres\/types-de-vitrage\/\" target=\"_blank\">type de vitrage<\/a> choisir pour vos nouveaux ch\u00e2ssis ? D\u00e9couvrez dans cette section nos recommandations.<br><br>Le double et le triple vitrage sont tous deux tr\u00e8s isolants, mais ils ne s\u2019adaptent pas \u00e0 toutes les maisons ou \u00e0 tous les budgets. Le double vitrage co\u00fbte environ&nbsp;<strong>150 euros<\/strong>&nbsp;par m\u00e8tre carr\u00e9 tandis que ce prix s\u2019\u00e9l\u00e8ve \u00e0&nbsp;<strong>240 euros<\/strong>&nbsp;pour le triple vitrage.<\/p>\n\n\n\n<p>Il est conseill\u00e9 de poser un double vitrage dans les habitations dont l\u2019isolation est m\u00e9diocre ou moyenne. Le triple vitrage n\u2019est quant \u00e0 lui conseill\u00e9 que pour les maisons passives qui ne requi\u00e8rent presque pas de chauffage pour pr\u00e9server leurs temp\u00e9ratures.<\/p>\n\n\n\n<p>Si vous voulez conserver vos menuiseries d&rsquo;origine et que celles-ci ne peuvent supporter le poids d&rsquo;un double ou triple vitrage, il est possible \u00e9galement de survirer vos fen\u00eatres, c&rsquo;est-\u00e0-dire superposer deux fen\u00eatres en laissant un espace entre celles-ci. Cette technique permet d&rsquo;am\u00e9liorer l&rsquo;isolation de votre maison dans le cas o\u00f9 vous voulez garder vos ch\u00e2ssis d&rsquo;origine. Une installation originale qui permet par exemple de garder ses <a href=\"https:\/\/www.bobex.be\/fr-be\/chassis-portes-et-fenetres\/chassis-croisillons\/\" data-type=\"URL\" data-id=\"https:\/\/www.bobex.be\/fr-be\/chassis-portes-et-fenetres\/chassis-croisillons\/\" target=\"_blank\" rel=\"noreferrer noopener\">ch\u00e2ssis en croisillons<\/a> tout en augmentant les performances isolantes de sa maison.<\/p>\n\n\n\n<h2 class=\"wp-block-heading\"><span class=\"ez-toc-section\" id=\"Quest_ce_qui_est_possible_dobtenir_comme_primes_et_aides_de_lEtat\"><\/span>Qu&rsquo;est ce qui est possible d&rsquo;obtenir comme primes et aides de l\u2019\u00c9tat ?<span class=\"ez-toc-section-end\"><\/span><\/h2>\n\n\n\n<p>En Belgique, les autorit\u00e9s locales vous aident \u00e0&nbsp;<strong>financer le <a href=\"https:\/\/www.bobex.be\/fr-be\/chassis-portes-et-fenetres\/remplacement-fenetres\/\" data-type=\"URL\" data-id=\"https:\/\/www.bobex.be\/fr-be\/chassis-portes-et-fenetres\/remplacement-fenetres\/\" target=\"_blank\" rel=\"noreferrer noopener\">remplaceme<\/a><a href=\"https:\/\/www.bobex.be\/fr-be\/chassis-portes-et-fenetres\/remplacement-fenetres\/\" data-type=\"URL\" data-id=\"https:\/\/www.bobex.be\/fr-be\/chassis-portes-et-fenetres\/remplacement-fenetres\/\" target=\"_blank\" rel=\"noreferrer noopener\">n<\/a><a href=\"https:\/\/www.bobex.be\/fr-be\/chassis-portes-et-fenetres\/remplacement-fenetres\/\" data-type=\"URL\" data-id=\"https:\/\/www.bobex.be\/fr-be\/chassis-portes-et-fenetres\/remplacement-fenetres\/\" target=\"_blank\" rel=\"noreferrer noopener\">t<\/a> de vos portes et fen\u00eatres<\/strong>. Cette aide est d\u2019autant plus importante en p\u00e9riode de crise \u00e9nerg\u00e9tique. Dans cette section, nous passons la revue des <a href=\"https:\/\/www.bobex.be\/fr-be\/chassis-portes-et-fenetres\/prime-chassis\/\" data-type=\"URL\" data-id=\"https:\/\/www.bobex.be\/fr-be\/chassis-portes-et-fenetres\/prime-chassis\/\" target=\"_blank\" rel=\"noreferrer noopener\">primes octroy\u00e9es pour la r\u00e9novation de vos ch\u00e2ssis<\/a> \u00e0 Bruxelles, en Wallonie et en Flandres.<\/p>\n\n\n\n<h3 class=\"wp-block-heading\"><span class=\"ez-toc-section\" id=\"A_Bruxelles\"><\/span>\u00c0 Bruxelles<span class=\"ez-toc-section-end\"><\/span><\/h3>\n\n\n\n<p><br>Il est important de noter que pour la R\u00e9gion bruxelloise, tant que le nouveau gouvernement bruxellois n&rsquo;a pas pris de d\u00e9cision sur les primes pour 2025, il n&rsquo;est pas possible de demander des primes pour des travaux dont la facture est dat\u00e9e de 2025.&nbsp;<\/p>\n\n\n\n<p>En d&rsquo;autres termes, les <strong>primes RENOLUTION 2025 ne sont pas encore connues et<\/strong>\u00a0<strong>aucune demande de prime n\u2019est possible pour une facture dat\u00e9e de 2025.<\/strong><\/p>\n\n\n\n<h3 class=\"wp-block-heading\"><span class=\"ez-toc-section\" id=\"En_Wallonie\"><\/span>En Wallonie<span class=\"ez-toc-section-end\"><\/span><\/h3>\n\n\n\n<p>Afin que vous puissiez b\u00e9n\u00e9ficier des primes Habitation 2025 :<\/p>\n\n\n\n<ul class=\"wp-block-list\">\n<li>la date de la facture, pour la prime \u00ab&nbsp;audit Logement&nbsp;\u00bb, doit est post\u00e9rieure au 1er juillet 2023&nbsp;;<\/li>\n\n\n\n<li>la date de la facture de solde du dernier travail, pour la prime \u00ab&nbsp;Travaux&nbsp;\u00bb, doit \u00eatre post\u00e9rieure au 1er juillet 2023. Toutes les factures de solde des travaux doivent dater de maximum 2 ans avant la demande de prime \u00ab&nbsp;Travaux&nbsp;\u00bb.<\/li>\n<\/ul>\n\n\n\n            <div class='bobex-table-wrapper' style='\n            --bobex-table-dark-row-color: #D1E8F2;\n        '>\n                <table class='double' data-columns='3'>\n                    <thead style='\n            --bobex-table-header-background-color: #10375E;\n            --bobex-table-header-text-color: #FFFFFF;\n        '><th><strong>Travaux<\/strong><\/th><th><strong>Montant de base (Cat\u00e9gorie de base)<\/strong><\/th><th><strong>Montant maximum<br>(Cat\u00e9gorie de revenus R1)<\/strong><\/th><\/thead><tr><td>Menuiseries ext\u00e9rieures &#8211; Remplacement des menuiseries ext\u00e9rieures ou des vitrages<\/td><td>26 \u20ac\/m\u00b2<\/td><td>156 \u20ac\/m\u00b2<\/td><\/tr>\n                <\/table>\n            <\/div>\n        \n\n\n<p>Il est \u00e0 noter que le montant de base de la prime peut \u00eatre multipli\u00e9 par 2, 3, 4 ou 6 en fonction de vos revenus et de la composition de votre m\u00e9nage.<\/p>\n\n\n\n            <div class='bobex-table-wrapper' style='\n            --bobex-table-dark-row-color: #D1E8F2;\n        '>\n                <table class='' data-columns='3'>\n                    <thead style='\n            --bobex-table-header-background-color: #10375E;\n            --bobex-table-header-text-color: #FFFFFF;\n        '><th><strong>Revenu de r\u00e9f\u00e9rence du m\u00e9nage<\/strong><\/th><th><strong>Cat\u00e9gorie de revenus<\/strong><\/th><th><strong>Majoration de la prime de base<\/strong><\/th><\/thead><tr><td>Inf\u00e9rieur ou \u00e9gal \u00e0 26 900 euros<\/td><td>R1<\/td><td>Prime de base multipli\u00e9e par\u00a06<\/td><\/tr><tr><td>Sup\u00e9rieur ou \u00e9gal \u00e0 26 900,01 et inf\u00e9rieur ou \u00e9gal \u00e0 38 300 euros<\/td><td>R2<\/td><td>Prime de base multipli\u00e9e par\u00a04<\/td><\/tr><tr><td>Sup\u00e9rieur ou \u00e9gal \u00e0 38 300,01 et inf\u00e9rieur ou \u00e9gal \u00e0 50 600 euros<\/td><td>R3<\/td><td>Prime de base multipli\u00e9e par\u00a03<\/td><\/tr><tr><td>Sup\u00e9rieur ou \u00e9gal \u00e0 50 600,01 et inf\u00e9rieur ou \u00e9gal \u00e0 114 400 euros<\/td><td>R4<\/td><td>Prime de base multipli\u00e9e par\u00a02<\/td><\/tr>\n                <\/table>\n            <\/div>\n        \n\n\n<p>Par ailleurs, les <strong>travaux doivent \u00eatre r\u00e9alis\u00e9s par un entrepreneur agr\u00e9\u00e9 et <\/strong>les <strong>vitrages doivent \u00eatre performants thermiquement<\/strong>\u00a0(norme Uw \u2264 1,5 W\/m\u00b2K typiquement).<\/p>\n\n\n\n<h3 class=\"wp-block-heading\"><span class=\"ez-toc-section\" id=\"En_Flandres\"><\/span>En Flandres <span class=\"ez-toc-section-end\"><\/span><\/h3>\n\n\n\n<p>Le <strong>montant des primes n\u2019est plus exprim\u00e9 uniquement en % de la facture<\/strong>, mais via <strong>Mijn VerbouwPremie<\/strong>, selon :<\/p>\n\n\n\n<ul class=\"wp-block-list\">\n<li>le type de travaux (remplacement vitrage ou menuiserie compl\u00e8te)<\/li>\n\n\n\n<li>le revenu<\/li>\n\n\n\n<li>les caract\u00e9ristiques du logement<\/li>\n<\/ul>\n\n\n\n<p><strong>Sur base des revenus :&nbsp;<\/strong><\/p>\n\n\n\n<ul class=\"wp-block-list\">\n<li>Pour <strong>les revenus modestes<\/strong> : jusqu\u2019\u00e0 <strong>50\u202f\u20ac\/m\u00b2<\/strong> pour vitrage performant<\/li>\n\n\n\n<li>Pour <strong>les revenus moyens\/\u00e9lev\u00e9s<\/strong> : le <strong>pourcentage varie<\/strong> selon la situation\u00a0<\/li>\n<\/ul>\n\n\n\n<p><strong>Conditions :<\/strong><\/p>\n\n\n\n<ul class=\"wp-block-list\">\n<li>La <strong>valeur d\u2019isolation Uw<\/strong> doit \u00eatre \u2264 1,1 \u00e0 1,5 W\/m\u00b2K selon type de vitrage<\/li>\n\n\n\n<li>Les <strong>ch\u00e2ssis<\/strong> doivent \u00eatre remplac\u00e9s <strong>enti\u00e8rement<\/strong>\u00a0(pas juste les vitrages)<\/li>\n<\/ul>\n\n\n\n<h2 class=\"wp-block-heading\"><span class=\"ez-toc-section\" id=\"Faites_appel_a_un_entrepreneur_pour_le_changement_de_vos_chassis_dans_votre_region_et_comparez_plusieurs_devis_gratuitement\"><\/span>Faites appel \u00e0 un entrepreneur pour le changement de vos ch\u00e2ssis dans votre r\u00e9gion et comparez plusieurs devis gratuitement !<span class=\"ez-toc-section-end\"><\/span><\/h2>\n\n\n\n<p>En remplissant le formulaire de devis ci-dessous, vous entrez en contact avec des menuisiers de qualit\u00e9 dans votre r\u00e9gion, ceux-ci vous font parvenir des&nbsp;<strong>devis gratuits et sans engagement.<\/strong>&nbsp;N\u2019attendez plus, trouvez d\u00e8s maintenant le professionnel qu\u2019il vous faut.<\/p>\n\n\n<div id=\"ppp\" class=\"bob-form-wrapper\" data-ajax_url=\"https:\/\/www.bobex.be\/fr-be\/wp-admin\/admin-ajax.php\" data-fa_a=\"\" data-fa_b=\"\"><div class=\"loader\" aria-hidden=\"true\"><\/div>    <div>\n        <div class=\"row mx-auto mb-2\" style=\"max-width: 900px;\">\n            <div class=\"col-md-4\"><i class=\"mr-1 fas fa-check\" style=\"color:green;\"><\/i>Devis gratuits et rapides<\/div>\n            <div class=\"col-md-4\"><i class=\"mr-1 fas fa-check\" style=\"color:green;\"><\/i>Sans engagement et obligation<\/div>\n            <div class=\"col-md-4\"><i class=\"mr-1 fas fa-check\" style=\"color:green;\"><\/i>Professionnels agr\u00e9\u00e9s<\/div>\n        <\/div>\n    <\/div><div id=\"form-69f2900ccb2cc\" class=\"bob-form-container\" style=\"background-color: white; font-family: Roboto, sans-serif !important; font-size: 16px !important; color: #545454; box-shadow: 0 2px 10px rgba(0,0,0,0.1); --font_title: Poppins; --font_size_title: 20px; --title_bg_color: #175da6; --copyright_color: #fde8e1; --box_upload_color: #e5f2f7; padding:unset;\" data-form-type=\"inline\" data-form-id=\"69f2900ccb2cc\"><style>#form-69f2900ccb2cc .bob-form-inline-question.even {\n  background-color: #e5f2f7;\n}\n#form-69f2900ccb2cc .single_multiple.multiple_button {\n  background-color: #e5f2f7 !important;\n}\n#form-69f2900ccb2cc .bob-form-inline-question--hidden {\n  display: none;\n}<\/style><div class=\"form-questions\"><form id=\"bob-form\" class=\"bob-form bob-form-tag\" method=\"post\" action=\"https:\/\/www.bobex.be\/fr-be\/wp-admin\/admin-ajax.php?action=bobex-form-validation\">    <div class=\"form-title\">\n        Formulez votre demande\n        <div class=\"form-title-info-line\">\n            R\u00e9pondez \u00e0 quelques questions et entrez en contact avec des sp\u00e9cialistes fiables. Nous vous demandons vos coordonn\u00e9es afin de s\u00e9lectionner les professionnels actifs dans votre r\u00e9gion.\n        <\/div>\n    <\/div><div class=\"form-questions bob-form-inline-question\"><div class=\"row\"><div class=\"question col-md-4\"><label>1*. Que d\u00e9sirez-vous installer ou remplacer?<\/label><\/div><div class=\"answer col-md-8\"><div class=\"bob-form-radio d-flex\"><input type=\"radio\" class=\"inline-radio\" id=\"69f2900ccb2cc-input-0-1\" data-unique-id=\"69f2900ccb2cc\" name=\"XML_extra_radio\" value=\"1\"  required=\"required\"><label for=\"69f2900ccb2cc-input-0-1\">Des fen\u00eatres (ch\u00e2ssis)<\/label><\/div><div class=\"bob-form-radio d-flex\"><input type=\"radio\" class=\"inline-radio\" id=\"69f2900ccb2cc-input-0-2\" data-unique-id=\"69f2900ccb2cc\" name=\"XML_extra_radio\" value=\"2\"  required=\"required\"><label for=\"69f2900ccb2cc-input-0-2\">Des portes<\/label><\/div><div class=\"bob-form-radio d-flex\"><input type=\"radio\" class=\"inline-radio\" id=\"69f2900ccb2cc-input-0-3\" data-unique-id=\"69f2900ccb2cc\" name=\"XML_extra_radio\" value=\"3\"  required=\"required\"><label for=\"69f2900ccb2cc-input-0-3\">Des fen\u00eatres et des portes<\/label><\/div><\/div><\/div><\/div><div class=\"form-questions bob-form-inline-question even\"><div class=\"row\"><div class=\"question col-md-4\"><label>2*. Quel type de fen\u00eatres (ou portes) d\u00e9sirez-vous?<\/label><\/div><div class=\"answer col-md-8\"><div class=\"bob-form-radio d-flex\"><input type=\"radio\" class=\"inline-radio\" id=\"69f2900ccb2cc-input-1-1\" data-unique-id=\"69f2900ccb2cc\" name=\"XML_extra_radio2\" value=\"1\"  required=\"required\"><label for=\"69f2900ccb2cc-input-1-1\">Fen\u00eatres (ou portes) en PVC<\/label><\/div><div class=\"bob-form-radio d-flex\"><input type=\"radio\" class=\"inline-radio\" id=\"69f2900ccb2cc-input-1-2\" data-unique-id=\"69f2900ccb2cc\" name=\"XML_extra_radio2\" value=\"2\"  required=\"required\"><label for=\"69f2900ccb2cc-input-1-2\">Fen\u00eatres (ou portes) en aluminium<\/label><\/div><div class=\"bob-form-radio d-flex\"><input type=\"radio\" class=\"inline-radio\" id=\"69f2900ccb2cc-input-1-3\" data-unique-id=\"69f2900ccb2cc\" name=\"XML_extra_radio2\" value=\"3\"  required=\"required\"><label for=\"69f2900ccb2cc-input-1-3\">Fen\u00eatres (ou portes) en bois<\/label><\/div><div class=\"bob-form-radio d-flex\"><input type=\"radio\" class=\"inline-radio\" id=\"69f2900ccb2cc-input-1-4\" data-unique-id=\"69f2900ccb2cc\" name=\"XML_extra_radio2\" value=\"4\"  required=\"required\"><label for=\"69f2900ccb2cc-input-1-4\">Je ne sais pas, conseillez-moi<\/label><\/div><\/div><\/div><\/div><div class=\"form-questions bob-form-inline-question\"><div class=\"row\"><div class=\"question col-md-4\"><label>3*. Combien de fen\u00eatres (ou portes) voulez-vous?<\/label><\/div><div class=\"answer col-md-8\"><div class=\"bob-form-radio d-flex\"><input type=\"radio\" class=\"inline-radio\" id=\"69f2900ccb2cc-input-2-1\" data-unique-id=\"69f2900ccb2cc\" name=\"XML_extra_radio3\" value=\"1\"  required=\"required\"><label for=\"69f2900ccb2cc-input-2-1\">1 ou 2<\/label><\/div><div class=\"bob-form-radio d-flex\"><input type=\"radio\" class=\"inline-radio\" id=\"69f2900ccb2cc-input-2-2\" data-unique-id=\"69f2900ccb2cc\" name=\"XML_extra_radio3\" value=\"2\"  required=\"required\"><label for=\"69f2900ccb2cc-input-2-2\">3 ou 4<\/label><\/div><div class=\"bob-form-radio d-flex\"><input type=\"radio\" class=\"inline-radio\" id=\"69f2900ccb2cc-input-2-3\" data-unique-id=\"69f2900ccb2cc\" name=\"XML_extra_radio3\" value=\"3\"  required=\"required\"><label for=\"69f2900ccb2cc-input-2-3\">5 \u00e0 9<\/label><\/div><div class=\"bob-form-radio d-flex\"><input type=\"radio\" class=\"inline-radio\" id=\"69f2900ccb2cc-input-2-4\" data-unique-id=\"69f2900ccb2cc\" name=\"XML_extra_radio3\" value=\"4\"  required=\"required\"><label for=\"69f2900ccb2cc-input-2-4\">10 \u00e0 15<\/label><\/div><div class=\"bob-form-radio d-flex\"><input type=\"radio\" class=\"inline-radio\" id=\"69f2900ccb2cc-input-2-5\" data-unique-id=\"69f2900ccb2cc\" name=\"XML_extra_radio3\" value=\"5\"  required=\"required\"><label for=\"69f2900ccb2cc-input-2-5\">Plus de 15<\/label><\/div><\/div><\/div><\/div><div class=\"form-questions bob-form-inline-question even\"><div class=\"d-flex flex-column\"><label class=\"question\" for=\"69f2900ccb2cc-input-3\">4. Description de votre projet<\/label><textarea class=\"bob-form-input\" name=\"XML_remarks\" id=\"69f2900ccb2cc-input-3\" data-unique-id=\"69f2900ccb2cc\"><\/textarea><\/div><\/div><div class=\"bob-inline-form bob-form-tag upload-box mb-3\">\n                    <div class=\"row\">\n                        <div class=\"col-md-12 mb-2 question\">Ajouter des photos ou des pi\u00e8ces jointes (en Option)<\/div>\n                        <div class=\"col-md-12\">\n                            <div class=\"box__input\" style=\"background-color: #e5f2f7;\"\n                                 ondrop=\"drop(event)\"\n                                 ondragover=\"allowDrop(event)\"\n                                 ondragleave=\"removeDropFx(event)\"\n                                >\n                                <input type=\"file\"\n                                       class=\"file__input\"\n                                       name=\"attachments[]\"\n                                       id=\"attachments\"\n                                       multiple=\"multiple\"\n                                       accept=\"image\/jpeg, image\/png, image\/gif, application\/pdf\"\n                                       data-multiple-caption=\"{count} files selected\">\n                                <div>\n                                    <label for=\"attachments\"><strong>S\u00e9lectionnez un fichier <\/strong>ou glissez-le ici<\/label>\n                                    <span class=\"box__button bobex-round-cta m-1 py-1\"\n                                          style=\"mix-blend-mode: luminosity\">\n                                        <i class=\"fas fa-cloud-upload-alt text-white\"><\/i>\n                                        T\u00e9l\u00e9charger\n                                    <\/span>\n                                <\/div>\n            \n                                <div class=\"row preview_wrapper m-0\"><\/div>\n                            <\/div>\n            \n                            <div class=\"box__uploading\">Uploading\u2026<\/div>\n                            <div class=\"box__success\">Done!<\/div>\n                            <div class=\"box__error\">Error! <span><\/span>.<\/div>\n                        <\/div>\n                    <\/div>\n                <\/div>    <div class=\"form-title\">\n        Vos donn\u00e9es\n    <\/div><div class=\"bob-form-contact-data\" style=\"padding: 20px\"><div class=\"row lead-info\"><div class=\"col-md-6 mb-3\">  <div class=\"form-group\">    <input value=\"\" type=\"text\" class=\"form-control\" id=\"firstName\" name=\"firstName\" placeholder=\"Pr\u00e9nom\" required>    <div class=\"valid-feedback\">Enchant\u00e9 !<\/div>    <div class=\"invalid-feedback\">Veuillez indiquer votre pr\u00e9nom<\/div>  <\/div><\/div><div class=\"col-md-6 mb-3\">  <div class=\"form-group\">    <input value=\"\" type=\"text\" class=\"form-control\" id=\"lastName\" name=\"lastName\" placeholder=\"Nom\" required>    <div class=\"valid-feedback\">Sympa<\/div>    <div class=\"invalid-feedback\">Veuillez indiquer votre nom de famille<\/div>  <\/div><\/div><div class=\"col-md-12 mb-3\">  <div class=\"form-group\">    <input value=\"\" type=\"email\" class=\"form-control\" id=\"email\" name=\"email\" placeholder=\"E-mail\" required style=\"max-width: unset;\">    <div class=\"valid-feedback\">C&rsquo;est tout bon<\/div>    <div class=\"invalid-feedback\">Veuillez indiquer une adresse e-mail valide<\/div>  <\/div><\/div><div class=\"col-md-12 mb-3\">  <div class=\"form-group\">    <input value=\"\" type=\"tel\" class=\"form-control\" id=\"phone\" name=\"phone\" placeholder=\"T\u00e9l\u00e9phone\" required style=\"max-width: unset;\">    <div class=\"valid-feedback\">Parfait<\/div>    <div class=\"invalid-feedback\">Veuillez indiquer un num\u00e9ro de t\u00e9l\u00e9phone valide<\/div>  <\/div><\/div><div class=\"col-md-12 mb-3\">  <div class=\"form-group\">    <input value=\"\" type=\"text\" class=\"form-control\" id=\"companyAddress\" name=\"companyAddress\" placeholder=\"Adresse\" required style=\"max-width: unset;\">    <div class=\"valid-feedback\">C&rsquo;est not\u00e9<\/div>    <div class=\"invalid-feedback\">Veuillez indiquer une adresse valide<\/div>  <\/div><\/div><div class=\"col-md-6 mb-3\">  <div class=\"form-group\">    <input value=\"\" type=\"text\" class=\"form-control\" id=\"companyPostalCode\" name=\"companyPostalCode\" placeholder=\"Code postal\" required>    <div class=\"valid-feedback\">Excellent !<\/div>    <div class=\"invalid-feedback\">Veuillez indiquer un code postal valide<\/div>  <\/div><\/div><div class=\"col-md-6 mb-3\">  <div class=\"form-group\">    <input value=\"\" type=\"text\" class=\"form-control\" id=\"companyCity\" name=\"companyCity\" placeholder=\"Ville\" required>    <div class=\"valid-feedback\">Bien jou\u00e9<\/div>    <div class=\"invalid-feedback\">Veuillez indiquer une ville valide<\/div>  <\/div><\/div><div class=\"d-flex mt-3\"><input name=\"promoOptin\" value=\"true\" id=\"promoOptin\" type=\"checkbox\" class=\"me-2\" style=\"width: unset\"><label for=\"promoOptin\">Je souhaite rester inform\u00e9 de ma demande et recevoir des conseils pratiques (fortement recommand\u00e9 !) <\/label><\/div><\/div><\/div><input type=\"hidden\" class=\"session_var\" name=\"newform\" value=\"true\"><input type=\"hidden\" class=\"session_var\" name=\"lead-validation-nonce\" value=\"24cd3332a7\"><input type=\"hidden\" class=\"session_var\" name=\"aff\" value=\"minisite\"><input type=\"hidden\" class=\"session_var\" name=\"utm_source\" value=\"https:\/\/www.bobex.be\/fr-be\/wp-json\/v2\/content\/108591\"><input type=\"hidden\" class=\"session_var\" name=\"bobx\" value=\"\"><input type=\"hidden\" class=\"session_var\" name=\"sessionType\" value=\"B2C\"><input type=\"hidden\" class=\"session_var\" name=\"utm_medium\" value=\"web\"><input type=\"hidden\" class=\"session_var\" name=\"utm_campaign\" value=\"search\"><input type=\"hidden\" class=\"session_var\" name=\"rem_source\" value=\"https:\/\/www.bobex.be\/fr-be\/chassis-portes-et-fenetres\/chassis-fenetre\/\"><input type=\"hidden\" class=\"session_var\" name=\"pixel_id\" value=\"-1\"><input type=\"hidden\" class=\"session_var\" name=\"tabo_id\" value=\"-1\"><input type=\"hidden\" class=\"session_var\" name=\"click_id\" value=\"-1\"><input type=\"hidden\" class=\"session_var\" name=\"gclid\" value=\"-1\"><input type=\"hidden\" class=\"session_var\" name=\"msclkid\" value=\"-1\"><input type=\"hidden\" class=\"session_var\" name=\"past_aff\" value=\"bobex\"><input type=\"hidden\" class=\"session_var\" name=\"redirectTo\" value=\"BE\"><input type=\"hidden\" class=\"session_var\" name=\"is_type_id\" value=\"true\"><input type=\"hidden\" class=\"session_var\" name=\"typeid\" value=\"11452\"><input type=\"hidden\" class=\"session_var\" name=\"companyType\" value=\"label.companytype.consumer\"><input type=\"hidden\" class=\"session_var\" name=\"input_names\" value=\"XML_extra_radio,XML_extra_radio2,XML_extra_radio3,XML_remarks\"><input type=\"hidden\" class=\"form_context\" value=\"BE\"><img decoding=\"async\" class=\"bobex-pixel\" src=\"\" alt=\"\" style=\"display:none\" \/>    <div class=\"bob-form-submit d-flex justify-content-center\">\n        <button type=\"submit\" class=\"form-submit\" style=\"background-color: #F1653A; color: white; border: none !important; border-radius: 5px !important; font-family: Roboto, sans-serif; font-size: 16px;\">\n            Demander un devis\n        <\/button>\n    <\/div>    <div class=\"bob-inline-form form-footer\" style=\"border-radius: 0 0 10px 10px\">\n        <div class=\"bob-form-privacy-text\">\n            <div style=\"float:left;\"><i class=\"fa fa-lock\"><\/i><\/div>\n            <div class=\"ms-2\">\n                <div style='padding-left: 15px;font-size: 0.8em !important;z-index: 10;'><b>Nous respectons votre vie priv\u00e9e<\/b><br> Conform\u00e9ment \u00e0 la loi du 8\/12\/1992 relative \u00e0 la protection de la vie priv\u00e9e, vous disposez d&rsquo;un droit d&rsquo;acc\u00e8s et de rectification \u00e0 vos donn\u00e9es. Pour en savoir plus, consultez notre <span class=\"link_ob\" data-link=\"aHR0cHM6Ly93d3cuYm9iZXguYmUvZnItYmUvcHJvdGVjdGlvbi1kZS1sYS12aWUtcHJpdmVlLw==\" target=\"_blank\">charte sur la vie priv\u00e9e<\/span>.<\/div>\n                \n            <\/div>\n        <\/div>\n    <\/div><\/form><\/div><div class=\"multiple_mini hidden\" data-lead_id=\"\"><p class=\"multiple-title\">Merci d&rsquo;avoir pris le temps de remplir ce formulaire<\/p><p>Nous vous contacterons d\u00e8s que possible pour vous orienter vers le meilleur sp\u00e9cialiste correspondant \u00e0 votre demande.<\/p><div class=\"multiple_wrapper\"><div class=\"loader\"><\/div><p class=\"multiple-title\">Vous cherchez d&rsquo;autres services ?<\/p><p class=\"multiple_text\">Vous souhaitez comparer d&rsquo;autres devis ou explorer d&rsquo;autres services ? Faites-le nous savoir et nous vous mettrons rapidement en relation<\/p><div class=\"multiple_container\"><div class=\"single_multiple multiple_button\" data-typeid=\"11984\"><i class=\"fa-3x cat icon-11984\"><\/i><span class=\"multiple_name\">V\u00e9randa, pergola, orangerie<\/span><\/div><div class=\"single_multiple multiple_button\" data-typeid=\"11972\"><i class=\"fa-3x cat icon-11972\"><\/i><span class=\"multiple_name\">Portails<\/span><\/div><div class=\"single_multiple multiple_button\" data-typeid=\"11461\"><i class=\"fa-3x cat icon-11461\"><\/i><span class=\"multiple_name\">Traitement de l&rsquo;humidit\u00e9<\/span><\/div><div class=\"single_multiple multiple_button\" data-typeid=\"11427\"><i class=\"fa-3x cat icon-11427\"><\/i><span class=\"multiple_name\">Isolation<\/span><\/div><div class=\"single_multiple multiple_button\" data-typeid=\"11364\"><i class=\"fa-3x cat icon-11364\"><\/i><span class=\"multiple_name\">Panneaux solaires<\/span><\/div><div class=\"single_multiple multiple_button\" data-typeid=\"11406\"><i class=\"fa-3x cat icon-11406\"><\/i><span class=\"multiple_name\">Syst\u00e8me d&rsquo;alarme<\/span><\/div><div class=\"single_multiple hidden multiple_button\" data-typeid=\"100048\"><i class=\"fa-3x fad fa-window-frame\"><\/i><span class=\"multiple_name\">Moustiquaires<\/span><\/div><div class=\"single_multiple hidden multiple_button\" data-typeid=\"11962\"><i class=\"fa-3x cat icon-11962\"><\/i><span class=\"multiple_name\">Travaux de toiture<\/span><\/div><div class=\"single_multiple hidden multiple_button\" data-typeid=\"11986\"><i class=\"fa-3x cat icon-11986\"><\/i><span class=\"multiple_name\">Travaux r\u00e9novation de fa\u00e7ades<\/span><\/div><div class=\"single_multiple hidden multiple_button\" data-typeid=\"11982\"><i class=\"fa-3x cat icon-11982\"><\/i><span class=\"multiple_name\">Adoucisseur d&rsquo;eau<\/span><\/div><\/div><\/div><\/div><\/div><\/div>","protected":false},"featured_media":0,"parent":0,"template":"","meta":{"business":"44176","footnotes":""},"class_list":["post-108591","content","type-content","status-publish","hentry"],"_links":{"self":[{"href":"https:\/\/www.bobex.be\/fr-be\/wp-json\/wp\/v2\/content\/108591","targetHints":{"allow":["GET"]}}],"collection":[{"href":"https:\/\/www.bobex.be\/fr-be\/wp-json\/wp\/v2\/content"}],"about":[{"href":"https:\/\/www.bobex.be\/fr-be\/wp-json\/wp\/v2\/types\/content"}],"version-history":[{"count":8,"href":"https:\/\/www.bobex.be\/fr-be\/wp-json\/wp\/v2\/content\/108591\/revisions"}],"predecessor-version":[{"id":207113,"href":"https:\/\/www.bobex.be\/fr-be\/wp-json\/wp\/v2\/content\/108591\/revisions\/207113"}],"wp:attachment":[{"href":"https:\/\/www.bobex.be\/fr-be\/wp-json\/wp\/v2\/media?parent=108591"}],"curies":[{"name":"wp","href":"https:\/\/api.w.org\/{rel}","templated":true}]}}