{"id":106660,"date":"2022-09-01T10:33:02","date_gmt":"2022-09-01T10:33:02","guid":{"rendered":"https:\/\/www.bobex.be\/fr-be\/?post_type=content&#038;p=106660"},"modified":"2025-07-15T07:49:08","modified_gmt":"2025-07-15T07:49:08","slug":"double-vitrage-fenetre-ancienne","status":"publish","type":"content","link":"https:\/\/www.bobex.be\/fr-be\/chassis-portes-et-fenetres\/double-vitrage-fenetre-ancienne\/","title":{"rendered":"Mettre un double vitrage sur une fen\u00eatre ancienne : ce qu\u2019il faut savoir"},"content":{"rendered":"\n            <div style=\"\n            --icon-bg-color: #17518d ;\n            --maskUrl:url( https:\/\/www.bobex.be\/fr-be\/wp-content\/plugins\/bobex-blocks\/img\/mask.svg );\n            --title-color:#10375e;\n            --bg-color: #d1e8f2;\n            --content-color:#5c5c5c\n        \" class=\"bobex-block-maindiv\" >\n                    <div class=\"bobex-tip-block__icon-area\">\n                        <img decoding=\"async\" src=\"https:\/\/www.bobex.be\/fr-be\/wp-content\/plugins\/bobex-blocks\/img\/advice.png\" alt=\"adive-icon\" class=\"bobex-tip-block__tipsLogo\"\/>\n                    <\/div>\n                    <div class=\"bobex-tip-block__content-area p-2\">\n                        <p class=\"bobex-block-tips-title\">Primes 2026 pour les diff\u00e9rentes r\u00e9gions<\/p>\n                        <p class=\"bobex-block-tips-content\"><\/p>\n                        <div>\n<div class=\"wp-block-bobex-advice\">\n<p>En <strong>Flandre<\/strong>, les primes \u00e0 la r\u00e9novation MijnVerbouwPremie restent accessibles, avec des montants ajust\u00e9s pour 2026.<\/p>\n\n\n\n<p>\u00c0 <strong>Bruxelles<\/strong>, les primes <strong>RENOLUTION <\/strong>sont actuellement suspendues. Les habitants doivent attendre la d\u00e9cision du nouveau gouvernement concernant le syst\u00e8me de primes pour 2026. Aucune demande ne peut \u00eatre introduite pour une facture dat\u00e9e de 2026. En revanche, si votre facture est de 2024 et que vous remplissez les conditions d\u2019\u00e9ligibilit\u00e9, vous pouvez encore soumettre une demande.<\/p>\n\n\n\n<p>En <strong>Wallonie<\/strong>, un r\u00e9gime de soutien temporaire sera en place du <strong>14 f\u00e9vrier <\/strong>2026 au <strong>30 septembre 2026<\/strong>. Toutefois, les montants des primes ont \u00e9t\u00e9 r\u00e9duits d\u2019environ 60 %.<\/p>\n\n\n\n<p><a href=\"https:\/\/ostbelgienlive.be\/desktopdefault.aspx\/tabid-8260\/13509_read-74253\/\" target=\"_blank\" rel=\"noreferrer noopener nofollow\">En Communaut\u00e9 germanophone, les aides \u00e0 la r\u00e9novation<\/a>\u00a0rel\u00e8vent d\u2019un r\u00e9gime sp\u00e9cifique, diff\u00e9rent de celui de la Wallonie.<\/p>\n<\/div>\n<\/div>\n                    <\/div>\n            <\/div>\n        \n\n\n<div id=\"ez-toc-container\" class=\"ez-toc-v2_0_82_2 counter-hierarchy ez-toc-counter ez-toc-grey ez-toc-container-direction\">\n<div class=\"ez-toc-title-container\">\n<p class=\"ez-toc-title\" style=\"cursor:inherit\">Sommaire<\/p>\n<span class=\"ez-toc-title-toggle\"><a href=\"#\" class=\"ez-toc-pull-right ez-toc-btn ez-toc-btn-xs ez-toc-btn-default ez-toc-toggle\" aria-label=\"Toggle Table of Content\"><span class=\"ez-toc-js-icon-con\"><span class=\"\"><span class=\"eztoc-hide\" style=\"display:none;\">Toggle<\/span><span class=\"ez-toc-icon-toggle-span\"><svg style=\"fill: #999;color:#999\" xmlns=\"http:\/\/www.w3.org\/2000\/svg\" class=\"list-377408\" width=\"20px\" height=\"20px\" viewBox=\"0 0 24 24\" fill=\"none\"><path d=\"M6 6H4v2h2V6zm14 0H8v2h12V6zM4 11h2v2H4v-2zm16 0H8v2h12v-2zM4 16h2v2H4v-2zm16 0H8v2h12v-2z\" fill=\"currentColor\"><\/path><\/svg><svg style=\"fill: #999;color:#999\" class=\"arrow-unsorted-368013\" xmlns=\"http:\/\/www.w3.org\/2000\/svg\" width=\"10px\" height=\"10px\" viewBox=\"0 0 24 24\" version=\"1.2\" baseProfile=\"tiny\"><path d=\"M18.2 9.3l-6.2-6.3-6.2 6.3c-.2.2-.3.4-.3.7s.1.5.3.7c.2.2.4.3.7.3h11c.3 0 .5-.1.7-.3.2-.2.3-.5.3-.7s-.1-.5-.3-.7zM5.8 14.7l6.2 6.3 6.2-6.3c.2-.2.3-.5.3-.7s-.1-.5-.3-.7c-.2-.2-.4-.3-.7-.3h-11c-.3 0-.5.1-.7.3-.2.2-.3.5-.3.7s.1.5.3.7z\"\/><\/svg><\/span><\/span><\/span><\/a><\/span><\/div>\n<nav><ul class='ez-toc-list ez-toc-list-level-1 eztoc-toggle-hide-by-default' ><li class='ez-toc-page-1 ez-toc-heading-level-2'><a class=\"ez-toc-link ez-toc-heading-1\" href=\"https:\/\/www.bobex.be\/fr-be\/chassis-portes-et-fenetres\/double-vitrage-fenetre-ancienne\/#Combien_coute_la_pose_dun_double_vitrage\" >Combien coute la pose d&rsquo;un double vitrage ?<\/a><\/li><li class='ez-toc-page-1 ez-toc-heading-level-2'><a class=\"ez-toc-link ez-toc-heading-2\" href=\"https:\/\/www.bobex.be\/fr-be\/chassis-portes-et-fenetres\/double-vitrage-fenetre-ancienne\/#Pourquoi_poser_des_doubles_vitrages\" >Pourquoi poser des doubles vitrages ?<\/a><ul class='ez-toc-list-level-3' ><li class='ez-toc-heading-level-3'><a class=\"ez-toc-link ez-toc-heading-3\" href=\"https:\/\/www.bobex.be\/fr-be\/chassis-portes-et-fenetres\/double-vitrage-fenetre-ancienne\/#Quelle_difference_avec_les_vitres_triples_vitrages\" >Quelle diff\u00e9rence avec les vitres triples vitrages ?<\/a><\/li><\/ul><\/li><li class='ez-toc-page-1 ez-toc-heading-level-2'><a class=\"ez-toc-link ez-toc-heading-4\" href=\"https:\/\/www.bobex.be\/fr-be\/chassis-portes-et-fenetres\/double-vitrage-fenetre-ancienne\/#Le_survitrage_est-il_encore_une_solution\" >Le survitrage est-il encore une solution ?<\/a><\/li><li class='ez-toc-page-1 ez-toc-heading-level-2'><a class=\"ez-toc-link ez-toc-heading-5\" href=\"https:\/\/www.bobex.be\/fr-be\/chassis-portes-et-fenetres\/double-vitrage-fenetre-ancienne\/#Est-il_possible_de_poser_des_doubles_vitrages_sur_la_menuiserie_dorigine\" >Est-il possible de poser des doubles vitrages sur la menuiserie d\u2019origine ?<\/a><ul class='ez-toc-list-level-3' ><li class='ez-toc-heading-level-3'><a class=\"ez-toc-link ez-toc-heading-6\" href=\"https:\/\/www.bobex.be\/fr-be\/chassis-portes-et-fenetres\/double-vitrage-fenetre-ancienne\/#Pour_une_fenetre_standard\" >Pour une fen\u00eatre standard<\/a><\/li><li class='ez-toc-page-1 ez-toc-heading-level-3'><a class=\"ez-toc-link ez-toc-heading-7\" href=\"https:\/\/www.bobex.be\/fr-be\/chassis-portes-et-fenetres\/double-vitrage-fenetre-ancienne\/#Pour_une_fenetre_a_croisillons\" >Pour une fen\u00eatre \u00e0 croisillons<\/a><\/li><\/ul><\/li><li class='ez-toc-page-1 ez-toc-heading-level-2'><a class=\"ez-toc-link ez-toc-heading-8\" href=\"https:\/\/www.bobex.be\/fr-be\/chassis-portes-et-fenetres\/double-vitrage-fenetre-ancienne\/#Puis-je_beneficier_de_primes_pour_la_pose_de_double_vitrage%E2%80%AF\" >Puis-je b\u00e9n\u00e9ficier de primes pour la pose de double vitrage\u202f?<\/a><ul class='ez-toc-list-level-3' ><li class='ez-toc-heading-level-3'><a class=\"ez-toc-link ez-toc-heading-9\" href=\"https:\/\/www.bobex.be\/fr-be\/chassis-portes-et-fenetres\/double-vitrage-fenetre-ancienne\/#A_Bruxelles\" >\u00c0 Bruxelles<\/a><\/li><li class='ez-toc-page-1 ez-toc-heading-level-3'><a class=\"ez-toc-link ez-toc-heading-10\" href=\"https:\/\/www.bobex.be\/fr-be\/chassis-portes-et-fenetres\/double-vitrage-fenetre-ancienne\/#En_Wallonie\" >En Wallonie<\/a><\/li><li class='ez-toc-page-1 ez-toc-heading-level-3'><a class=\"ez-toc-link ez-toc-heading-11\" href=\"https:\/\/www.bobex.be\/fr-be\/chassis-portes-et-fenetres\/double-vitrage-fenetre-ancienne\/#En_Flandre\" >En Flandre<\/a><\/li><\/ul><\/li><li class='ez-toc-page-1 ez-toc-heading-level-2'><a class=\"ez-toc-link ez-toc-heading-12\" href=\"https:\/\/www.bobex.be\/fr-be\/chassis-portes-et-fenetres\/double-vitrage-fenetre-ancienne\/#Trouvez_des_professionnels_pour_la_pose_de_vos_fenetres_et_comparez_plusieurs_devis_gratuitement\" >Trouvez des professionnels pour la pose de vos fen\u00eatres et comparez plusieurs devis gratuitement !&nbsp;<\/a><\/li><\/ul><\/nav><\/div>\n<h2 class=\"wp-block-heading\"><span class=\"ez-toc-section\" id=\"Combien_coute_la_pose_dun_double_vitrage\"><\/span>Combien coute la pose d&rsquo;un double vitrage ?<span class=\"ez-toc-section-end\"><\/span><\/h2>\n\n\n\n<p>Pour une fen\u00eatre double vitrage, comptez en moyenne&nbsp;<strong>50 \u20ac<\/strong> <strong>\u00e0 150 \u20ac par m\u00e8tre carr\u00e9 <\/strong>(hors pose). Pour une intervention de la part d&rsquo;un vitrier, ajoutez \u00e0 cela 40 \u20ac \u00e0 60 \u20ac de l&rsquo;heure. La pose d&rsquo;un survitrage quant \u00e0 lui vous co\u00fbtera en moyenne&nbsp;80 \u20ac \u00e0 200 \u20ac. Le tableau ci-dessous vous donne un aper\u00e7u d\u00e9taill\u00e9 du co\u00fbt.<\/p>\n\n\n\n            <div class='bobex-table-wrapper' style='\n            --bobex-table-dark-row-color: #D1E8F2;\n        '>\n                <table class='' data-columns='2'>\n                    <thead style='\n            --bobex-table-header-background-color: #10375E;\n            --bobex-table-header-text-color: #FFFFFF;\n        '><th>Double vitrages<\/th><th>Prix au m\u00b2<\/th><\/thead><tr><td>Double vitrage simple<\/td><td>50 \u20ac \u00e0 65 \u20ac (hors pose)<\/td><\/tr><tr><td>Double vitrage HR<\/td><td>70 \u20ac \u00e0 85 \u20ac (hors pose)<\/td><\/tr><tr><td>Double vitrage HR+<\/td><td>80 \u20ac \u00e0 100 \u20ac (hors pose)<\/td><\/tr><tr><td>Survitrage<\/td><td>80 \u20ac \u00e0 200 \u20ac<\/td><\/tr>\n                <\/table>\n            <\/div>\n        \n\n<div class='bobex-cta-block' style='\n            --button-bg-color: #e13c0e;\n            --button-text-color: #ffffff;\n            --banner-bg-color: #aad4e6;\n            --arrow-main-bg-color: #aad4e6;\n            --arrow-secondary-bg-color: #e5f2f7;\n            --banner-title-color: #10375e;\n            --arrow-title-color: #10375e;\n            --banner-text-color: #545454;\n            --arrow-text-color: #545454;         \n            --invert-range: 0deg;\n        '><a class='cta-button-rounded' href='#ppp'>R\u00e9duisez vos factures \u00e9nerg\u00e9tiques ! Obtenez un devis gratuit pour vos doubles vitrages.<\/a><\/div>\n\n\n<h2 class=\"wp-block-heading\"><span class=\"ez-toc-section\" id=\"Pourquoi_poser_des_doubles_vitrages\"><\/span>Pourquoi poser des doubles vitrages ?<span class=\"ez-toc-section-end\"><\/span><\/h2>\n\n\n\n<p>De nombreux arguments justifient le fait d&rsquo;opter pour l&rsquo;installation d&rsquo;un double vitrage. Pour commencer, le double vitrage am\u00e9liore consid\u00e9rablement votre&nbsp;<strong>confort thermique<\/strong>. En effet, le <a href=\"https:\/\/www.bobex.be\/fr-be\/chassis-portes-et-fenetres\/double-vitrage\/\" data-type=\"URL\" data-id=\"https:\/\/www.bobex.be\/fr-be\/chassis-portes-et-fenetres\/double-vitrage\/\" target=\"_blank\" rel=\"noreferrer noopener\">double vitrage<\/a> est plus \u00e0 m\u00eame de lutter contre les d\u00e9perditions de chaleur.<\/p>\n\n\n\n<p>Cet avantage en entraine un autre, parce que plus vos fen\u00eatres sont isolantes, moins vous d\u00e9penserez en frais de chauffage. Une fen\u00eatre double vitrage est&nbsp;<strong>jusqu&rsquo;\u00e0 trois fois plus isolante<\/strong>&nbsp;qu\u2019un simple vitrage. Des \u00e9conomies d&rsquo;\u00e9nergie seront par cons\u00e9quent au rendez-vous !<\/p>\n\n\n\n<p>Le choix pour un double vitrage de&nbsp;haut rendement&nbsp;amplifie cet avantage et vous offre aussi une meilleure isolation acoustique. Gr\u00e2ce \u00e0 cela, vous n\u2019\u00eates plus d\u00e9rang\u00e9s par les nuisances sonores de l\u2019ext\u00e9rieur.<\/p>\n\n\n\n<figure class=\"wp-block-image size-full\"><img decoding=\"async\" width=\"1000\" height=\"550\" src=\"https:\/\/www.bobex.be\/wp-uploads\/sites\/2\/Fenetre-ancienne.jpg\" alt=\"Ancienne fen\u00eatre\" class=\"wp-image-106681\"\/><figcaption class=\"wp-element-caption\">Maison dot\u00e9e de fen\u00eatres \u00e0 menuiserie anciennes<\/figcaption><\/figure>\n\n\n\n<h3 class=\"wp-block-heading\"><span class=\"ez-toc-section\" id=\"Quelle_difference_avec_les_vitres_triples_vitrages\"><\/span>Quelle diff\u00e9rence avec les vitres triples vitrages ?<span class=\"ez-toc-section-end\"><\/span><\/h3>\n\n\n\n<p>Le triple vitrage amplifie tous les avantages du verre double vitrage gr\u00e2ce \u00e0 sa&nbsp;<strong>vitre suppl\u00e9mentaire<\/strong>. Tout comme ce dernier, le triple vitrage est \u00e9galement disponible en <a href=\"https:\/\/www.bobex.be\/fr-be\/chassis-portes-et-fenetres\/double-vitrage-hr\/\" data-type=\"URL\" data-id=\"https:\/\/www.bobex.be\/fr-be\/chassis-portes-et-fenetres\/double-vitrage-hr\/\" target=\"_blank\" rel=\"noreferrer noopener\">mod\u00e8le haut rendement<\/a>. Il s\u2019agit sp\u00e9cifiquement du vitrage HR+++.<\/p>\n\n\n\n<p>Bien s\u00fbr, cette diff\u00e9rence de qualit\u00e9 se laisse ressentir dans le co\u00fbt. Le co\u00fbt moyen d\u2019un triple vitrage oscille&nbsp;<strong>entre 190 \u20ac<\/strong> <strong>et 500 \u20ac par m\u00e8tre carr\u00e9<\/strong>.<\/p>\n\n\n\n            <div class=\"bobex-highlight-global-div\" style=\"\n            --line-color: #17518d;\n            --bg-color: #e5f2f7;\n            --content-color:#10375e;\n            --title-color: #10375e;\n        \">\n                    <div class=\"bobex-highlight-block__border\">\n                        <div class=\"bobex--block_highlight_content-area\">\n                            <p class=\"bobex-block-highlight-title\"><em>\u00c0 garder en souvenir <\/em><\/p>\n                            <p class=\"bobex-block-highlight-content\">\n                            \t<div>\n<div class=\"wp-block-bobex-highlight\">\n<p><em>L\u2019installation d\u2019un triple vitrage sur des ch\u00e2ssis de longue date est rendue difficile par le fait que celui-ci est trois fois plus \u00e9pais et plus lourd que le simple vitrage pour lesquels ils ont \u00e9t\u00e9 con\u00e7us. Il est donc important de demander l&rsquo;avis d&rsquo;un expert sur l&rsquo;\u00e9tat des ch\u00e2ssis avant d&rsquo;envisager d&rsquo;y placer du triple vitrage.<\/em><\/p>\n<\/div>\n<\/div>\n                            <\/p>\n                        <\/div>\n                    <\/div>\n            <\/div>\n        \n\n\n<figure class=\"wp-block-image size-full\"><img decoding=\"async\" width=\"1000\" height=\"550\" src=\"https:\/\/www.bobex.be\/wp-uploads\/sites\/2\/Double-vitrage-triple-vitrage.jpg\" alt=\"double vitrage triple vitrage\" class=\"wp-image-106675\"\/><figcaption class=\"wp-element-caption\">Les fen\u00eatres en verre double et triple vitrage sont disponibles pour des ch\u00e2ssis en alu, en PVC et en bois.<\/figcaption><\/figure>\n\n\n\n                <div class='bobex-cta-block' style='\n            --button-bg-color: #e13c0e;\n            --button-text-color: #ffffff;\n            --banner-bg-color: #aad4e6;\n            --arrow-main-bg-color: #aad4e6;\n            --arrow-secondary-bg-color: #e5f2f7;\n            --banner-title-color: #10375e;\n            --arrow-title-color: #10375e;\n            --banner-text-color: #545454;\n            --arrow-text-color: #545454;         \n            --invert-range: 0deg;\n        '>\n                    <div class='cta-banner'>\n                        <div class='h3'>Vous souhaitez recevoir des conseils personnalis\u00e9s et des devis sur mesure ?<\/div>\n                        <div class='text-color'>Moins de bruit, plus d\u2019\u00e9conomies ! Faites votre demande de devis en quelques secondes.<\/div>\n                        <span>\n                            <img src='https:\/\/www.bobex.be\/wp-uploads\/sites\/2\/arrow-cta-box.png' alt='arrow' class='img-color'\/>\n                            <a class='cta-button-rounded' href=\"#ppp\">Demander un devis<\/a>\n                        <\/span>   \n                    <\/div>\n                <\/div>\n\n\n<h2 class=\"wp-block-heading\"><span class=\"ez-toc-section\" id=\"Le_survitrage_est-il_encore_une_solution\"><\/span>Le survitrage est-il encore une solution ?<span class=\"ez-toc-section-end\"><\/span><\/h2>\n\n\n\n<p>Pendant longtemps, le survitrage faisait encore office de solution pour booster l&rsquo;isolation du simple vitrage. Cette technique consiste \u00e0&nbsp;<strong>superposer une seconde vitre<\/strong>&nbsp;par-dessus le vitrage et la menuiserie d\u2019origine. L\u2019avantage de cette solution est que les chances d\u2019endommager les feuillures du ch\u00e2ssis sont assez faibles.<\/p>\n\n\n\n<p>Le probl\u00e8me est que cette solution est&nbsp;<strong>loin d\u2019\u00e9galer les performances \u00e9nerg\u00e9tiques<\/strong>&nbsp;du verre double vitrage. La raison est que le double vitrage est isol\u00e9 par une poche d\u2019air herm\u00e9tiquement scell\u00e9. Le survitrage, quant \u00e0 lui, n\u2019est jamais suffisamment \u00e9tanche pour contenir une telle lame d\u2019air. En vue de ces probl\u00e8mes, le survitrage semble \u00eatre plut\u00f4t une&nbsp;solution temporaire&nbsp;au lieu d\u2019un r\u00e9el changement.&nbsp;<\/p>\n\n\n\n<h2 class=\"wp-block-heading\"><span class=\"ez-toc-section\" id=\"Est-il_possible_de_poser_des_doubles_vitrages_sur_la_menuiserie_dorigine\"><\/span>Est-il possible de poser des doubles vitrages sur la menuiserie d\u2019origine ?<span class=\"ez-toc-section-end\"><\/span><\/h2>\n\n\n\n<p>En termes de faisabilit\u00e9,&nbsp;<strong>tous les types de ch\u00e2ssis<\/strong>&nbsp;pourraient accueillir un verre double vitrage. La question \u00e0 se poser est bien s\u00fbr si cela est souhaitable pour une ancienne maison ou un vieil appartement. Dans cette section, nous jetons un coup d\u2019\u0153il \u00e0 deux types de fen\u00eatres en particulier : l\u2019habituelle fen\u00eatre rectangulaire et la fen\u00eatre \u00e0 croisillons.<\/p>\n\n\n\n<h3 class=\"wp-block-heading\"><span class=\"ez-toc-section\" id=\"Pour_une_fenetre_standard\"><\/span>Pour une fen\u00eatre standard<span class=\"ez-toc-section-end\"><\/span><\/h3>\n\n\n\n<p>Pour \u00e9valuer s\u2019il est souhaitable de poser un verre double vitrage sur la menuiserie d\u2019origine, la premi\u00e8re question \u00e0 se poser est celle de la&nbsp;<strong>solidit\u00e9<\/strong>. En effet, le simple vitrage \u00e9tant plus fin et plus l\u00e9ger, il ne requiert pas les m\u00eames feuillures de ch\u00e2ssis. De plus, il se peut aussi que&nbsp;l\u2019usure<strong>&nbsp;<\/strong>ait d\u00e9j\u00e0 fait ses marques sur la menuiserie.<\/p>\n\n\n\n<p>Le deuxi\u00e8me point \u00e0 prendre en compte est la&nbsp;<strong>performance \u00e9nerg\u00e9tique&nbsp;<\/strong>du ch\u00e2ssis. Poser une fen\u00eatre double vitrage sur un ch\u00e2ssis en mauvais \u00e9tat reviendrait \u00e0 mettre un bouchon sur une bouteille trou\u00e9e.&nbsp;<\/p>\n\n\n\n<p>Pour ce qui est de la mati\u00e8re du ch\u00e2ssis,&nbsp;le bois, m\u00eame s\u2019il est inf\u00e9rieur au PVC, a des performances \u00e9nerg\u00e9tiques relativement bonnes. Par contre, les structures m\u00e9talliques telles que&nbsp;l\u2019acier<strong>&nbsp;<\/strong>laissent plut\u00f4t \u00e0 d\u00e9sirer en termes de performances thermiques.<\/p>\n\n\n\n<figure class=\"wp-block-image size-full\"><img decoding=\"async\" width=\"1000\" height=\"550\" src=\"https:\/\/www.bobex.be\/wp-uploads\/sites\/2\/Chassis-en-bois-abime.jpg\" alt=\"Ch\u00e2ssis en bois us\u00e9\" class=\"wp-image-106672\"\/><figcaption class=\"wp-element-caption\">Ch\u00e2ssis en bois en mauvais \u00e9tat par un entretien d\u00e9faillant<\/figcaption><\/figure>\n\n\n<div class='bobex-cta-block' style='\n            --button-bg-color: #e13c0e;\n            --button-text-color: #ffffff;\n            --banner-bg-color: #aad4e6;\n            --arrow-main-bg-color: #aad4e6;\n            --arrow-secondary-bg-color: #e5f2f7;\n            --banner-title-color: #10375e;\n            --arrow-title-color: #10375e;\n            --banner-text-color: #545454;\n            --arrow-text-color: #545454;         \n            --invert-range: 0deg;\n        '><a class='cta-button-rounded' href='#ppp'>Passez au double vitrage sans stress ! Obtenez votre devis gratuit et sans engagement.<\/a><\/div>\n\n\n<h3 class=\"wp-block-heading\"><span class=\"ez-toc-section\" id=\"Pour_une_fenetre_a_croisillons\"><\/span>Pour une fen\u00eatre \u00e0 croisillons<span class=\"ez-toc-section-end\"><\/span><\/h3>\n\n\n\n<p>Demandez \u00e0 un enfant de vous dessiner une maison, et la chance est grande qu\u2019il y ajoute une fen\u00eatre \u00e0 croisillons. Pour beaucoup de maisons anciennes, ce type de fen\u00eatre est une partie int\u00e9grante de leur charme. Il est donc compr\u00e9hensible de vouloir essayer de&nbsp;<strong>les conserver dans le cadre d\u2019une r\u00e9novation<\/strong>.<\/p>\n\n\n\n<p>Pour booster vos performances thermiques tout en conservant vos croisillons, plusieurs possibilit\u00e9s existent. La premi\u00e8re est le remplacement par&nbsp;<strong>un mod\u00e8le identique sur mesure&nbsp;<\/strong>dot\u00e9 de double vitrage. Ce travail requiert toutefois un travail d&rsquo;artisanat minutieux et en&nbsp;cons\u00e9quence un prix important.<\/p>\n\n\n\n<p>Une autre au remplacement est le&nbsp;<strong>survitrage&nbsp;<\/strong>de toutes les fen\u00eatres comme nous en avons parl\u00e9 ci-dessus. <\/p>\n\n\n\n<p>Pour finir, si votre ch\u00e2ssis est de construction assez solide, vous pourriez consid\u00e9rer de poser des&nbsp;<strong>doubles vitrages de r\u00e9novation<\/strong>. Ce nom regroupe tous les doubles vitrages tentant de tenir le juste milieu entre l\u2019isolation et le respect des structures existantes.<\/p>\n\n\n\n<figure class=\"wp-block-image size-full\"><img decoding=\"async\" width=\"1000\" height=\"550\" src=\"https:\/\/www.bobex.be\/wp-uploads\/sites\/2\/Fenetre-de-type-croisillon.jpg\" alt=\"Fen\u00eatre \u00e0 croisillons\" class=\"wp-image-106678\"\/><figcaption class=\"wp-element-caption\">Maison dot\u00e9e de fen\u00eatres en croisillon<\/figcaption><\/figure>\n\n\n\n<h2 class=\"wp-block-heading\"><span class=\"ez-toc-section\" id=\"Puis-je_beneficier_de_primes_pour_la_pose_de_double_vitrage%E2%80%AF\"><\/span>Puis-je b\u00e9n\u00e9ficier de primes pour la pose de double vitrage\u202f?<span class=\"ez-toc-section-end\"><\/span><\/h2>\n\n\n\n<p>En Belgique, les autorit\u00e9s r\u00e9gionales ont lanc\u00e9 de multiples initiatives pour accompagner et soutenir les travaux de r\u00e9novation des citoyens. Dans cette section, nous allons jeter un coup d&rsquo;\u0153il <a href=\"https:\/\/www.bobex.be\/fr-be\/chassis-portes-et-fenetres\/prime-chassis\/\" data-type=\"URL\" data-id=\"https:\/\/www.bobex.be\/fr-be\/chassis-portes-et-fenetres\/prime-chassis\/\" target=\"_blank\" rel=\"noreferrer noopener\">aux primes ch\u00e2ssis<\/a> dont vous pouvez profiter pour la pose d&rsquo;une vitre double vitrage.<\/p>\n\n\n<div class='bobex-cta-block' style='\n            --button-bg-color: #e13c0e;\n            --button-text-color: #ffffff;\n            --banner-bg-color: #aad4e6;\n            --arrow-main-bg-color: #aad4e6;\n            --arrow-secondary-bg-color: #e5f2f7;\n            --banner-title-color: #10375e;\n            --arrow-title-color: #10375e;\n            --banner-text-color: #545454;\n            --arrow-text-color: #545454;         \n            --invert-range: 0deg;\n        '><a class='cta-button-rounded' href='#ppp'>Et si vous am\u00e9lioriez votre quotidien ? Un devis gratuit, un confort durable !<\/a><\/div>\n\n\n<h3 class=\"wp-block-heading\"><span class=\"ez-toc-section\" id=\"A_Bruxelles\"><\/span>\u00c0 Bruxelles<span class=\"ez-toc-section-end\"><\/span><\/h3>\n\n\n\n<p>Concernant Bruxelles, le nouveau gouvernement n&rsquo;\u00e9tant pas encore form\u00e9, les montants des primes bruxelloises ne sont pas encore d\u00e9termin\u00e9es.<\/p>\n\n\n\n<p>Pour information, lors des ann\u00e9es pr\u00e9c\u00e9dentes, la prime cat\u00e9gorie G1 concernait les portes et fen\u00eatres ext\u00e9rieures, pour le placement et le remplacement. Le montant de la prime d\u00e9pendait de la surface remplac\u00e9e et du mat\u00e9riau utilis\u00e9, selon les grilles suivantes :<\/p>\n\n\n\n<ul class=\"wp-block-list\">\n<li>Pour les portes et fen\u00eatres en bois : <strong>entre 100 \u20ac et 140 \u20ac par m\u00b2 selon la cat\u00e9gorie de revenus.<\/strong><\/li>\n\n\n\n<li>Pour les mod\u00e8les en PVC ou m\u00e9tal : <strong>entre 40 \u20ac et 55 \u20ac par m\u00b2 selon la cat\u00e9gorie.<\/strong><\/li>\n<\/ul>\n\n\n\n<h3 class=\"wp-block-heading\"><span class=\"ez-toc-section\" id=\"En_Wallonie\"><\/span>En Wallonie<span class=\"ez-toc-section-end\"><\/span><\/h3>\n\n\n\n<p>Pour la pose de double vitrage, la r\u00e9gion wallonne offre une <a href=\"https:\/\/www.bobex.be\/fr-be\/chassis-portes-et-fenetres\/prime-chassis-region-wallonne\/\" data-type=\"content\" data-id=\"104107\" target=\"_blank\" rel=\"noreferrer noopener\">prime ch\u00e2ssis<\/a><strong>&nbsp;<\/strong>pour le remplacement des menuiseries ext\u00e9rieures ou des vitrages de <strong>26 \u20ac\/m\u00b2.<\/strong> Le montant de cette prime varie en fonction de la cat\u00e9gorie de revenus de votre m\u00e9nage :<\/p>\n\n\n\n            <div class='bobex-table-wrapper' style='\n            --bobex-table-dark-row-color: #D1E8F2;\n        '>\n                <table class='' data-columns='3'>\n                    <thead style='\n            --bobex-table-header-background-color: #10375E;\n            --bobex-table-header-text-color: #FFFFFF;\n        '><th>Revenus<\/th><th>Majoration de la prime de base<\/th><th>Prime maximum<\/th><\/thead><tr><td>&lt; ou = \u00e0 <strong>26.900<\/strong> <strong>\u20ac<\/strong><\/td><td>Prime de base multipli\u00e9e par <strong>6<\/strong><\/td><td>26 \u20ac\/m\u00b2 * 6 \u27a1\ufe0f <strong>156 \u20ac\/m\u00b2<\/strong><\/td><\/tr><tr><td> entre <strong>26.900 \u20ac <\/strong>et<strong> 38.300 \u20ac<\/strong><\/td><td>Prime de base multipli\u00e9e par <strong>4<\/strong><\/td><td>26 \u20ac\/m\u00b2 * 4 \u27a1\ufe0f <strong>104<\/strong> <strong>\u20ac\/m\u00b2<\/strong><\/td><\/tr><tr><td>entre<strong> 38.300 \u20ac<\/strong> et <strong>50.600 \u20ac<\/strong><\/td><td>Prime de base multipli\u00e9e par <strong>3<\/strong><\/td><td>26 \u20ac\/m\u00b2 * 3 \u27a1\ufe0f <strong>78<\/strong> <strong>\u20ac\/m\u00b2<\/strong><\/td><\/tr><tr><td>entre <strong>50.600 \u20ac<\/strong> et <strong>114.400<\/strong>\u00a0<strong>\u20ac<\/strong><\/td><td>Prime de base multipli\u00e9e par <strong>2<\/strong><\/td><td>26 \u20ac\/m\u00b2 * 2 \u27a1\ufe0f <strong>52<\/strong> <strong>\u20ac\/m\u00b2<\/strong><\/td><\/tr><tr><td>plus de <strong>114.400\u20ac<\/strong><\/td><td>Prime de base<\/td><td>26 \u20ac\/m\u00b2<\/td><\/tr>\n                <\/table>\n            <\/div>\n        \n\n\n<p>En plus de la prime pour vitrages, la r\u00e9gion wallonne propose aussi une prime \u00ab\u00a0Audit logement\u00a0\u00bb li\u00e9e \u00e0 la visite de l&rsquo;auditeur. Le montant de base de cette prime est de <strong>76<\/strong> <strong>\u20ac<\/strong>.<\/p>\n\n\n\n<h3 class=\"wp-block-heading\"><span class=\"ez-toc-section\" id=\"En_Flandre\"><\/span>En Flandre<span class=\"ez-toc-section-end\"><\/span><\/h3>\n\n\n\n<p><\/p>\n\n\n\n<p>En r\u00e9gion flamande, la prime appel\u00e9e&nbsp;<strong>Mijnverbouwpremie<\/strong>&nbsp;encourage les travaux de r\u00e9novation \u00e9nerg\u00e9tique visant \u00e0 am\u00e9liorer l\u2019efficacit\u00e9 des logements, notamment le remplacement des menuiseries ext\u00e9rieures et l\u2019installation de fen\u00eatres \u00e0 haute performance \u00e9nerg\u00e9tique.<\/p>\n\n\n\n<p><strong>Important :<\/strong>&nbsp;entre le 1er juillet et le 31 ao\u00fbt 2026, la plateforme&nbsp;<em>Mijn VerbouwLoket<\/em>&nbsp;sera en maintenance, emp\u00eachant toute nouvelle demande de prime durant cette p\u00e9riode.<\/p>\n\n\n\n<p>Pour b\u00e9n\u00e9ficier de cette aide, vos travaux doivent repr\u00e9senter au minimum 1 000 \u20ac hors TVA. Le montant de la prime d\u00e9pend ensuite de votre cat\u00e9gorie de revenus, selon les bar\u00e8mes suivants :<\/p>\n\n\n\n            <div class='bobex-table-wrapper' style='\n            --bobex-table-dark-row-color: #D1E8F2;\n        '>\n                <table class='' data-columns='3'>\n                    <thead style='\n            --bobex-table-header-background-color: #10375E;\n            --bobex-table-header-text-color: #FFFFFF;\n        '><th>Cat\u00e9gorie de revenu<\/th><th>Travaux\u00a0<\/th><th>Montant de la prime<\/th><\/thead><tr><td>Cat\u00e9gorie 1(revenu le plus faible)<\/td><td>vitrage et menuiserie ext\u00e9rieure<\/td><td>Jusqu&rsquo;\u00e0 5 250 \u20ac<br>max. 50%<\/td><\/tr><tr><td>Cat\u00e9gorie 3<\/td><td>vitrage et menuiserie ext\u00e9rieure<\/td><td>jusqu&rsquo;\u00e0 3 675 \u20ac<br>max. 35%<\/td><\/tr><tr><td>Cat\u00e9gorie 2<\/td><td>vitrage \u00e0 haut rendement<\/td><td>64 \u20ac\/m\u00b2\u00a0 (max 20 m\u00b2)<br>max. 20%<\/td><\/tr><tr><td>Cat\u00e9gorie 4  (revenu le plus \u00e9lev\u00e9)<\/td><td>vitrage \u00e0 haut rendement<\/td><td>30 \u20ac\/m\u00b2 (max 20 m\u00b2)\u00a0<br>max. 20%<\/td><\/tr>\n                <\/table>\n            <\/div>\n        \n\n\n<h2 class=\"wp-block-heading\"><span class=\"ez-toc-section\" id=\"Trouvez_des_professionnels_pour_la_pose_de_vos_fenetres_et_comparez_plusieurs_devis_gratuitement\"><\/span>Trouvez des professionnels pour la pose de vos fen\u00eatres et comparez plusieurs devis gratuitement !&nbsp;<span class=\"ez-toc-section-end\"><\/span><\/h2>\n\n\n\n<p>En remplissant le formulaire ci-dessous, vous obtenez l\u2019acc\u00e8s par e-mail \u00e0 une multitude de <strong><a href=\"https:\/\/www.bobex.be\/fr-be\/chassis-portes-et-fenetres\/devis-en-ligne-double-vitrage\/\" data-type=\"URL\" data-id=\"https:\/\/www.bobex.be\/fr-be\/chassis-portes-et-fenetres\/devis-en-ligne-double-vitrage\/\" target=\"_blank\" rel=\"noreferrer noopener\">devis <\/a>gratuits pour la pose et entretien de vos fen\u00eatres<\/strong>. Ainsi, vous \u00eates \u00e0 m\u00eame de comparer les offres de chantier et donnez suite \u00e0 celui qui vous convient.<\/p>\n\n\n<div id=\"ppp\" class=\"bob-form-wrapper\" data-ajax_url=\"https:\/\/www.bobex.be\/fr-be\/wp-admin\/admin-ajax.php\" data-fa_a=\"\" data-fa_b=\"\"><div class=\"loader\" aria-hidden=\"true\"><\/div>    <div>\n        <div class=\"row mx-auto mb-2\" style=\"max-width: 900px;\">\n            <div class=\"col-md-4\"><i class=\"mr-1 fas fa-check\" style=\"color:green;\"><\/i>Devis gratuits et rapides<\/div>\n            <div class=\"col-md-4\"><i class=\"mr-1 fas fa-check\" style=\"color:green;\"><\/i>Sans engagement et obligation<\/div>\n            <div class=\"col-md-4\"><i class=\"mr-1 fas fa-check\" style=\"color:green;\"><\/i>Professionnels agr\u00e9\u00e9s<\/div>\n        <\/div>\n    <\/div><div id=\"form-69f22b20c158a\" class=\"bob-form-container\" style=\"background-color: white; font-family: Roboto, sans-serif !important; font-size: 16px !important; color: #545454; box-shadow: 0 2px 10px rgba(0,0,0,0.1); --font_title: Poppins; --font_size_title: 20px; --title_bg_color: #175da6; --copyright_color: #fde8e1; --box_upload_color: #e5f2f7; padding:unset;\" data-form-type=\"inline\" data-form-id=\"69f22b20c158a\"><style>#form-69f22b20c158a .bob-form-inline-question.even {\n  background-color: #e5f2f7;\n}\n#form-69f22b20c158a .single_multiple.multiple_button {\n  background-color: #e5f2f7 !important;\n}\n#form-69f22b20c158a .bob-form-inline-question--hidden {\n  display: none;\n}<\/style><div class=\"form-questions\"><form id=\"bob-form\" class=\"bob-form bob-form-tag\" method=\"post\" action=\"https:\/\/www.bobex.be\/fr-be\/wp-admin\/admin-ajax.php?action=bobex-form-validation\">    <div class=\"form-title\">\n        Formulez votre demande\n        <div class=\"form-title-info-line\">\n            R\u00e9pondez \u00e0 quelques questions et entrez en contact avec des sp\u00e9cialistes fiables. Nous vous demandons vos coordonn\u00e9es afin de s\u00e9lectionner les professionnels actifs dans votre r\u00e9gion.\n        <\/div>\n    <\/div><div class=\"form-questions bob-form-inline-question\"><div class=\"row\"><div class=\"question col-md-4\"><label>1*. Que d\u00e9sirez-vous installer ou remplacer?<\/label><\/div><div class=\"answer col-md-8\"><div class=\"bob-form-radio d-flex\"><input type=\"radio\" class=\"inline-radio\" id=\"69f22b20c158a-input-0-1\" data-unique-id=\"69f22b20c158a\" name=\"XML_extra_radio\" value=\"1\"  required=\"required\"><label for=\"69f22b20c158a-input-0-1\">Des fen\u00eatres (ch\u00e2ssis)<\/label><\/div><div class=\"bob-form-radio d-flex\"><input type=\"radio\" class=\"inline-radio\" id=\"69f22b20c158a-input-0-2\" data-unique-id=\"69f22b20c158a\" name=\"XML_extra_radio\" value=\"2\"  required=\"required\"><label for=\"69f22b20c158a-input-0-2\">Des portes<\/label><\/div><div class=\"bob-form-radio d-flex\"><input type=\"radio\" class=\"inline-radio\" id=\"69f22b20c158a-input-0-3\" data-unique-id=\"69f22b20c158a\" name=\"XML_extra_radio\" value=\"3\"  required=\"required\"><label for=\"69f22b20c158a-input-0-3\">Des fen\u00eatres et des portes<\/label><\/div><\/div><\/div><\/div><div class=\"form-questions bob-form-inline-question even\"><div class=\"row\"><div class=\"question col-md-4\"><label>2*. Quel type de fen\u00eatres (ou portes) d\u00e9sirez-vous?<\/label><\/div><div class=\"answer col-md-8\"><div class=\"bob-form-radio d-flex\"><input type=\"radio\" class=\"inline-radio\" id=\"69f22b20c158a-input-1-1\" data-unique-id=\"69f22b20c158a\" name=\"XML_extra_radio2\" value=\"1\"  required=\"required\"><label for=\"69f22b20c158a-input-1-1\">Fen\u00eatres (ou portes) en PVC<\/label><\/div><div class=\"bob-form-radio d-flex\"><input type=\"radio\" class=\"inline-radio\" id=\"69f22b20c158a-input-1-2\" data-unique-id=\"69f22b20c158a\" name=\"XML_extra_radio2\" value=\"2\"  required=\"required\"><label for=\"69f22b20c158a-input-1-2\">Fen\u00eatres (ou portes) en aluminium<\/label><\/div><div class=\"bob-form-radio d-flex\"><input type=\"radio\" class=\"inline-radio\" id=\"69f22b20c158a-input-1-3\" data-unique-id=\"69f22b20c158a\" name=\"XML_extra_radio2\" value=\"3\"  required=\"required\"><label for=\"69f22b20c158a-input-1-3\">Fen\u00eatres (ou portes) en bois<\/label><\/div><div class=\"bob-form-radio d-flex\"><input type=\"radio\" class=\"inline-radio\" id=\"69f22b20c158a-input-1-4\" data-unique-id=\"69f22b20c158a\" name=\"XML_extra_radio2\" value=\"4\"  required=\"required\"><label for=\"69f22b20c158a-input-1-4\">Je ne sais pas, conseillez-moi<\/label><\/div><\/div><\/div><\/div><div class=\"form-questions bob-form-inline-question\"><div class=\"row\"><div class=\"question col-md-4\"><label>3*. Combien de fen\u00eatres (ou portes) voulez-vous?<\/label><\/div><div class=\"answer col-md-8\"><div class=\"bob-form-radio d-flex\"><input type=\"radio\" class=\"inline-radio\" id=\"69f22b20c158a-input-2-1\" data-unique-id=\"69f22b20c158a\" name=\"XML_extra_radio3\" value=\"1\"  required=\"required\"><label for=\"69f22b20c158a-input-2-1\">1 ou 2<\/label><\/div><div class=\"bob-form-radio d-flex\"><input type=\"radio\" class=\"inline-radio\" id=\"69f22b20c158a-input-2-2\" data-unique-id=\"69f22b20c158a\" name=\"XML_extra_radio3\" value=\"2\"  required=\"required\"><label for=\"69f22b20c158a-input-2-2\">3 ou 4<\/label><\/div><div class=\"bob-form-radio d-flex\"><input type=\"radio\" class=\"inline-radio\" id=\"69f22b20c158a-input-2-3\" data-unique-id=\"69f22b20c158a\" name=\"XML_extra_radio3\" value=\"3\"  required=\"required\"><label for=\"69f22b20c158a-input-2-3\">5 \u00e0 9<\/label><\/div><div class=\"bob-form-radio d-flex\"><input type=\"radio\" class=\"inline-radio\" id=\"69f22b20c158a-input-2-4\" data-unique-id=\"69f22b20c158a\" name=\"XML_extra_radio3\" value=\"4\"  required=\"required\"><label for=\"69f22b20c158a-input-2-4\">10 \u00e0 15<\/label><\/div><div class=\"bob-form-radio d-flex\"><input type=\"radio\" class=\"inline-radio\" id=\"69f22b20c158a-input-2-5\" data-unique-id=\"69f22b20c158a\" name=\"XML_extra_radio3\" value=\"5\"  required=\"required\"><label for=\"69f22b20c158a-input-2-5\">Plus de 15<\/label><\/div><\/div><\/div><\/div><div class=\"form-questions bob-form-inline-question even\"><div class=\"d-flex flex-column\"><label class=\"question\" for=\"69f22b20c158a-input-3\">4. Description de votre projet<\/label><textarea class=\"bob-form-input\" name=\"XML_remarks\" id=\"69f22b20c158a-input-3\" data-unique-id=\"69f22b20c158a\"><\/textarea><\/div><\/div><div class=\"bob-inline-form bob-form-tag upload-box mb-3\">\n                    <div class=\"row\">\n                        <div class=\"col-md-12 mb-2 question\">Ajouter des photos ou des pi\u00e8ces jointes (en Option)<\/div>\n                        <div class=\"col-md-12\">\n                            <div class=\"box__input\" style=\"background-color: #e5f2f7;\"\n                                 ondrop=\"drop(event)\"\n                                 ondragover=\"allowDrop(event)\"\n                                 ondragleave=\"removeDropFx(event)\"\n                                >\n                                <input type=\"file\"\n                                       class=\"file__input\"\n                                       name=\"attachments[]\"\n                                       id=\"attachments\"\n                                       multiple=\"multiple\"\n                                       accept=\"image\/jpeg, image\/png, image\/gif, application\/pdf\"\n                                       data-multiple-caption=\"{count} files selected\">\n                                <div>\n                                    <label for=\"attachments\"><strong>S\u00e9lectionnez un fichier <\/strong>ou glissez-le ici<\/label>\n                                    <span class=\"box__button bobex-round-cta m-1 py-1\"\n                                          style=\"mix-blend-mode: luminosity\">\n                                        <i class=\"fas fa-cloud-upload-alt text-white\"><\/i>\n                                        T\u00e9l\u00e9charger\n                                    <\/span>\n                                <\/div>\n            \n                                <div class=\"row preview_wrapper m-0\"><\/div>\n                            <\/div>\n            \n                            <div class=\"box__uploading\">Uploading\u2026<\/div>\n                            <div class=\"box__success\">Done!<\/div>\n                            <div class=\"box__error\">Error! <span><\/span>.<\/div>\n                        <\/div>\n                    <\/div>\n                <\/div>    <div class=\"form-title\">\n        Vos donn\u00e9es\n    <\/div><div class=\"bob-form-contact-data\" style=\"padding: 20px\"><div class=\"row lead-info\"><div class=\"col-md-6 mb-3\">  <div class=\"form-group\">    <input value=\"\" type=\"text\" class=\"form-control\" id=\"firstName\" name=\"firstName\" placeholder=\"Pr\u00e9nom\" required>    <div class=\"valid-feedback\">Enchant\u00e9 !<\/div>    <div class=\"invalid-feedback\">Veuillez indiquer votre pr\u00e9nom<\/div>  <\/div><\/div><div class=\"col-md-6 mb-3\">  <div class=\"form-group\">    <input value=\"\" type=\"text\" class=\"form-control\" id=\"lastName\" name=\"lastName\" placeholder=\"Nom\" required>    <div class=\"valid-feedback\">Sympa<\/div>    <div class=\"invalid-feedback\">Veuillez indiquer votre nom de famille<\/div>  <\/div><\/div><div class=\"col-md-12 mb-3\">  <div class=\"form-group\">    <input value=\"\" type=\"email\" class=\"form-control\" id=\"email\" name=\"email\" placeholder=\"E-mail\" required style=\"max-width: unset;\">    <div class=\"valid-feedback\">C&rsquo;est tout bon<\/div>    <div class=\"invalid-feedback\">Veuillez indiquer une adresse e-mail valide<\/div>  <\/div><\/div><div class=\"col-md-12 mb-3\">  <div class=\"form-group\">    <input value=\"\" type=\"tel\" class=\"form-control\" id=\"phone\" name=\"phone\" placeholder=\"T\u00e9l\u00e9phone\" required style=\"max-width: unset;\">    <div class=\"valid-feedback\">Parfait<\/div>    <div class=\"invalid-feedback\">Veuillez indiquer un num\u00e9ro de t\u00e9l\u00e9phone valide<\/div>  <\/div><\/div><div class=\"col-md-12 mb-3\">  <div class=\"form-group\">    <input value=\"\" type=\"text\" class=\"form-control\" id=\"companyAddress\" name=\"companyAddress\" placeholder=\"Adresse\" required style=\"max-width: unset;\">    <div class=\"valid-feedback\">C&rsquo;est not\u00e9<\/div>    <div class=\"invalid-feedback\">Veuillez indiquer une adresse valide<\/div>  <\/div><\/div><div class=\"col-md-6 mb-3\">  <div class=\"form-group\">    <input value=\"\" type=\"text\" class=\"form-control\" id=\"companyPostalCode\" name=\"companyPostalCode\" placeholder=\"Code postal\" required>    <div class=\"valid-feedback\">Excellent !<\/div>    <div class=\"invalid-feedback\">Veuillez indiquer un code postal valide<\/div>  <\/div><\/div><div class=\"col-md-6 mb-3\">  <div class=\"form-group\">    <input value=\"\" type=\"text\" class=\"form-control\" id=\"companyCity\" name=\"companyCity\" placeholder=\"Ville\" required>    <div class=\"valid-feedback\">Bien jou\u00e9<\/div>    <div class=\"invalid-feedback\">Veuillez indiquer une ville valide<\/div>  <\/div><\/div><div class=\"d-flex mt-3\"><input name=\"promoOptin\" value=\"true\" id=\"promoOptin\" type=\"checkbox\" class=\"me-2\" style=\"width: unset\"><label for=\"promoOptin\">Je souhaite rester inform\u00e9 de ma demande et recevoir des conseils pratiques (fortement recommand\u00e9 !) <\/label><\/div><\/div><\/div><input type=\"hidden\" class=\"session_var\" name=\"newform\" value=\"true\"><input type=\"hidden\" class=\"session_var\" name=\"lead-validation-nonce\" value=\"24cd3332a7\"><input type=\"hidden\" class=\"session_var\" name=\"aff\" value=\"minisite\"><input type=\"hidden\" class=\"session_var\" name=\"utm_source\" value=\"https:\/\/www.bobex.be\/fr-be\/wp-json\/v2\/content\/106660\"><input type=\"hidden\" class=\"session_var\" name=\"bobx\" value=\"\"><input type=\"hidden\" class=\"session_var\" name=\"sessionType\" value=\"B2C\"><input type=\"hidden\" class=\"session_var\" name=\"utm_medium\" value=\"web\"><input type=\"hidden\" class=\"session_var\" name=\"utm_campaign\" value=\"search\"><input type=\"hidden\" class=\"session_var\" name=\"rem_source\" value=\"https:\/\/www.bobex.be\/fr-be\/chassis-portes-et-fenetres\/double-vitrage-fenetre-ancienne\/\"><input type=\"hidden\" class=\"session_var\" name=\"pixel_id\" value=\"-1\"><input type=\"hidden\" class=\"session_var\" name=\"tabo_id\" value=\"-1\"><input type=\"hidden\" class=\"session_var\" name=\"click_id\" value=\"-1\"><input type=\"hidden\" class=\"session_var\" name=\"gclid\" value=\"-1\"><input type=\"hidden\" class=\"session_var\" name=\"msclkid\" value=\"-1\"><input type=\"hidden\" class=\"session_var\" name=\"past_aff\" value=\"bobex\"><input type=\"hidden\" class=\"session_var\" name=\"redirectTo\" value=\"BE\"><input type=\"hidden\" class=\"session_var\" name=\"is_type_id\" value=\"true\"><input type=\"hidden\" class=\"session_var\" name=\"typeid\" value=\"11452\"><input type=\"hidden\" class=\"session_var\" name=\"companyType\" value=\"label.companytype.consumer\"><input type=\"hidden\" class=\"session_var\" name=\"input_names\" value=\"XML_extra_radio,XML_extra_radio2,XML_extra_radio3,XML_remarks\"><input type=\"hidden\" class=\"form_context\" value=\"BE\"><img decoding=\"async\" class=\"bobex-pixel\" src=\"\" alt=\"\" style=\"display:none\" \/>    <div class=\"bob-form-submit d-flex justify-content-center\">\n        <button type=\"submit\" class=\"form-submit\" style=\"background-color: #F1653A; color: white; border: none !important; border-radius: 5px !important; font-family: Roboto, sans-serif; font-size: 16px;\">\n            Demander un devis\n        <\/button>\n    <\/div>    <div class=\"bob-inline-form form-footer\" style=\"border-radius: 0 0 10px 10px\">\n        <div class=\"bob-form-privacy-text\">\n            <div style=\"float:left;\"><i class=\"fa fa-lock\"><\/i><\/div>\n            <div class=\"ms-2\">\n                <div style='padding-left: 15px;font-size: 0.8em !important;z-index: 10;'><b>Nous respectons votre vie priv\u00e9e<\/b><br> Conform\u00e9ment \u00e0 la loi du 8\/12\/1992 relative \u00e0 la protection de la vie priv\u00e9e, vous disposez d&rsquo;un droit d&rsquo;acc\u00e8s et de rectification \u00e0 vos donn\u00e9es. Pour en savoir plus, consultez notre <span class=\"link_ob\" data-link=\"aHR0cHM6Ly93d3cuYm9iZXguYmUvZnItYmUvcHJvdGVjdGlvbi1kZS1sYS12aWUtcHJpdmVlLw==\" target=\"_blank\">charte sur la vie priv\u00e9e<\/span>.<\/div>\n                \n            <\/div>\n        <\/div>\n    <\/div><\/form><\/div><div class=\"multiple_mini hidden\" data-lead_id=\"\"><p class=\"multiple-title\">Merci d&rsquo;avoir pris le temps de remplir ce formulaire<\/p><p>Nous vous contacterons d\u00e8s que possible pour vous orienter vers le meilleur sp\u00e9cialiste correspondant \u00e0 votre demande.<\/p><div class=\"multiple_wrapper\"><div class=\"loader\"><\/div><p class=\"multiple-title\">Vous cherchez d&rsquo;autres services ?<\/p><p class=\"multiple_text\">Vous souhaitez comparer d&rsquo;autres devis ou explorer d&rsquo;autres services ? Faites-le nous savoir et nous vous mettrons rapidement en relation<\/p><div class=\"multiple_container\"><div class=\"single_multiple multiple_button\" data-typeid=\"11984\"><i class=\"fa-3x cat icon-11984\"><\/i><span class=\"multiple_name\">V\u00e9randa, pergola, orangerie<\/span><\/div><div class=\"single_multiple multiple_button\" data-typeid=\"11972\"><i class=\"fa-3x cat icon-11972\"><\/i><span class=\"multiple_name\">Portails<\/span><\/div><div class=\"single_multiple multiple_button\" data-typeid=\"11461\"><i class=\"fa-3x cat icon-11461\"><\/i><span class=\"multiple_name\">Traitement de l&rsquo;humidit\u00e9<\/span><\/div><div class=\"single_multiple multiple_button\" data-typeid=\"11427\"><i class=\"fa-3x cat icon-11427\"><\/i><span class=\"multiple_name\">Isolation<\/span><\/div><div class=\"single_multiple multiple_button\" data-typeid=\"11364\"><i class=\"fa-3x cat icon-11364\"><\/i><span class=\"multiple_name\">Panneaux solaires<\/span><\/div><div class=\"single_multiple multiple_button\" data-typeid=\"11406\"><i class=\"fa-3x cat icon-11406\"><\/i><span class=\"multiple_name\">Syst\u00e8me d&rsquo;alarme<\/span><\/div><div class=\"single_multiple hidden multiple_button\" data-typeid=\"100048\"><i class=\"fa-3x fad fa-window-frame\"><\/i><span class=\"multiple_name\">Moustiquaires<\/span><\/div><div class=\"single_multiple hidden multiple_button\" data-typeid=\"11962\"><i class=\"fa-3x cat icon-11962\"><\/i><span class=\"multiple_name\">Travaux de toiture<\/span><\/div><div class=\"single_multiple hidden multiple_button\" data-typeid=\"11986\"><i class=\"fa-3x cat icon-11986\"><\/i><span class=\"multiple_name\">Travaux r\u00e9novation de fa\u00e7ades<\/span><\/div><div class=\"single_multiple hidden multiple_button\" data-typeid=\"11982\"><i class=\"fa-3x cat icon-11982\"><\/i><span class=\"multiple_name\">Adoucisseur d&rsquo;eau<\/span><\/div><\/div><\/div><\/div><\/div><\/div>","protected":false},"featured_media":0,"parent":0,"template":"","meta":{"business":"44176","footnotes":""},"class_list":["post-106660","content","type-content","status-publish","hentry"],"_links":{"self":[{"href":"https:\/\/www.bobex.be\/fr-be\/wp-json\/wp\/v2\/content\/106660","targetHints":{"allow":["GET"]}}],"collection":[{"href":"https:\/\/www.bobex.be\/fr-be\/wp-json\/wp\/v2\/content"}],"about":[{"href":"https:\/\/www.bobex.be\/fr-be\/wp-json\/wp\/v2\/types\/content"}],"version-history":[{"count":8,"href":"https:\/\/www.bobex.be\/fr-be\/wp-json\/wp\/v2\/content\/106660\/revisions"}],"predecessor-version":[{"id":204875,"href":"https:\/\/www.bobex.be\/fr-be\/wp-json\/wp\/v2\/content\/106660\/revisions\/204875"}],"wp:attachment":[{"href":"https:\/\/www.bobex.be\/fr-be\/wp-json\/wp\/v2\/media?parent=106660"}],"curies":[{"name":"wp","href":"https:\/\/api.w.org\/{rel}","templated":true}]}}