{"id":106627,"date":"2022-09-01T07:29:39","date_gmt":"2022-09-01T07:29:39","guid":{"rendered":"https:\/\/www.bobex.be\/fr-be\/?post_type=content&#038;p=106627"},"modified":"2025-01-15T14:53:51","modified_gmt":"2025-01-15T14:53:51","slug":"largeur-porte","status":"publish","type":"content","link":"https:\/\/www.bobex.be\/fr-be\/chassis-portes-et-fenetres\/largeur-porte\/","title":{"rendered":"Largeur porte : guide complet"},"content":{"rendered":"\n<div id=\"ez-toc-container\" class=\"ez-toc-v2_0_82_2 counter-hierarchy ez-toc-counter ez-toc-grey ez-toc-container-direction\">\n<div class=\"ez-toc-title-container\">\n<p class=\"ez-toc-title\" style=\"cursor:inherit\">Sommaire<\/p>\n<span class=\"ez-toc-title-toggle\"><a href=\"#\" class=\"ez-toc-pull-right ez-toc-btn ez-toc-btn-xs ez-toc-btn-default ez-toc-toggle\" aria-label=\"Toggle Table of Content\"><span class=\"ez-toc-js-icon-con\"><span class=\"\"><span class=\"eztoc-hide\" style=\"display:none;\">Toggle<\/span><span class=\"ez-toc-icon-toggle-span\"><svg style=\"fill: #999;color:#999\" xmlns=\"http:\/\/www.w3.org\/2000\/svg\" class=\"list-377408\" width=\"20px\" height=\"20px\" viewBox=\"0 0 24 24\" fill=\"none\"><path d=\"M6 6H4v2h2V6zm14 0H8v2h12V6zM4 11h2v2H4v-2zm16 0H8v2h12v-2zM4 16h2v2H4v-2zm16 0H8v2h12v-2z\" fill=\"currentColor\"><\/path><\/svg><svg style=\"fill: #999;color:#999\" class=\"arrow-unsorted-368013\" xmlns=\"http:\/\/www.w3.org\/2000\/svg\" width=\"10px\" height=\"10px\" viewBox=\"0 0 24 24\" version=\"1.2\" baseProfile=\"tiny\"><path d=\"M18.2 9.3l-6.2-6.3-6.2 6.3c-.2.2-.3.4-.3.7s.1.5.3.7c.2.2.4.3.7.3h11c.3 0 .5-.1.7-.3.2-.2.3-.5.3-.7s-.1-.5-.3-.7zM5.8 14.7l6.2 6.3 6.2-6.3c.2-.2.3-.5.3-.7s-.1-.5-.3-.7c-.2-.2-.4-.3-.7-.3h-11c-.3 0-.5.1-.7.3-.2.2-.3.5-.3.7s.1.5.3.7z\"\/><\/svg><\/span><\/span><\/span><\/a><\/span><\/div>\n<nav><ul class='ez-toc-list ez-toc-list-level-1 eztoc-toggle-hide-by-default' ><li class='ez-toc-page-1 ez-toc-heading-level-2'><a class=\"ez-toc-link ez-toc-heading-1\" href=\"https:\/\/www.bobex.be\/fr-be\/chassis-portes-et-fenetres\/largeur-porte\/#Dimension_standard_dune_porte\" >Dimension standard d\u2019une porte<\/a><\/li><li class='ez-toc-page-1 ez-toc-heading-level-2'><a class=\"ez-toc-link ez-toc-heading-2\" href=\"https:\/\/www.bobex.be\/fr-be\/chassis-portes-et-fenetres\/largeur-porte\/#Prendre_les_mesures_de_sa_porte\" >Prendre les mesures de sa porte<\/a><ul class='ez-toc-list-level-3' ><li class='ez-toc-heading-level-3'><a class=\"ez-toc-link ez-toc-heading-3\" href=\"https:\/\/www.bobex.be\/fr-be\/chassis-portes-et-fenetres\/largeur-porte\/#Etape_1_Preparation\" >\u00c9tape 1 : Pr\u00e9paration<\/a><\/li><li class='ez-toc-page-1 ez-toc-heading-level-3'><a class=\"ez-toc-link ez-toc-heading-4\" href=\"https:\/\/www.bobex.be\/fr-be\/chassis-portes-et-fenetres\/largeur-porte\/#Etape_2_Mesure_dune_porte_existante\" >\u00c9tape 2 : Mesure d&rsquo;une porte existante<\/a><ul class='ez-toc-list-level-4' ><li class='ez-toc-heading-level-4'><a class=\"ez-toc-link ez-toc-heading-5\" href=\"https:\/\/www.bobex.be\/fr-be\/chassis-portes-et-fenetres\/largeur-porte\/#Mesure_de_la_hauteur\" >Mesure de la hauteur<\/a><\/li><li class='ez-toc-page-1 ez-toc-heading-level-4'><a class=\"ez-toc-link ez-toc-heading-6\" href=\"https:\/\/www.bobex.be\/fr-be\/chassis-portes-et-fenetres\/largeur-porte\/#Mesure_de_largeur_douverture\" >Mesure de largeur d&rsquo;ouverture<\/a><\/li><\/ul><\/li><li class='ez-toc-page-1 ez-toc-heading-level-3'><a class=\"ez-toc-link ez-toc-heading-7\" href=\"https:\/\/www.bobex.be\/fr-be\/chassis-portes-et-fenetres\/largeur-porte\/#Prendre_des_mesures_en_vue_dinstaller_une_nouvelle_porte\" >Prendre des mesures en vue d&rsquo;installer une nouvelle porte<\/a><ul class='ez-toc-list-level-4' ><li class='ez-toc-heading-level-4'><a class=\"ez-toc-link ez-toc-heading-8\" href=\"https:\/\/www.bobex.be\/fr-be\/chassis-portes-et-fenetres\/largeur-porte\/#Mesure_de_la_hauteur-2\" >Mesure de la hauteur<\/a><\/li><li class='ez-toc-page-1 ez-toc-heading-level-4'><a class=\"ez-toc-link ez-toc-heading-9\" href=\"https:\/\/www.bobex.be\/fr-be\/chassis-portes-et-fenetres\/largeur-porte\/#Mesure_de_la_largeur\" >Mesure de la largeur&nbsp;<\/a><\/li><\/ul><\/li><li class='ez-toc-page-1 ez-toc-heading-level-3'><a class=\"ez-toc-link ez-toc-heading-10\" href=\"https:\/\/www.bobex.be\/fr-be\/chassis-portes-et-fenetres\/largeur-porte\/#Etape_4_dimensions\" >\u00c9tape 4 : dimensions<\/a><ul class='ez-toc-list-level-4' ><li class='ez-toc-heading-level-4'><a class=\"ez-toc-link ez-toc-heading-11\" href=\"https:\/\/www.bobex.be\/fr-be\/chassis-portes-et-fenetres\/largeur-porte\/#Pour_une_pose_en_applique\" >Pour une pose en applique<\/a><\/li><li class='ez-toc-page-1 ez-toc-heading-level-4'><a class=\"ez-toc-link ez-toc-heading-12\" href=\"https:\/\/www.bobex.be\/fr-be\/chassis-portes-et-fenetres\/largeur-porte\/#Pour_une_pose_en_renovation\" >Pour une pose en r\u00e9novation<\/a><\/li><\/ul><\/li><\/ul><\/li><li class='ez-toc-page-1 ez-toc-heading-level-2'><a class=\"ez-toc-link ez-toc-heading-13\" href=\"https:\/\/www.bobex.be\/fr-be\/chassis-portes-et-fenetres\/largeur-porte\/#Comment_choisir_sa_porte\" >Comment choisir sa porte ?<\/a><ul class='ez-toc-list-level-3' ><li class='ez-toc-heading-level-3'><a class=\"ez-toc-link ez-toc-heading-14\" href=\"https:\/\/www.bobex.be\/fr-be\/chassis-portes-et-fenetres\/largeur-porte\/#Assortir_sa_porte_a_son_hall_dentree\" >Assortir sa porte \u00e0 son hall d\u2019entr\u00e9e<\/a><\/li><li class='ez-toc-page-1 ez-toc-heading-level-3'><a class=\"ez-toc-link ez-toc-heading-15\" href=\"https:\/\/www.bobex.be\/fr-be\/chassis-portes-et-fenetres\/largeur-porte\/#Elargir_son_ouverture\" >\u00c9largir son ouverture<\/a><\/li><li class='ez-toc-page-1 ez-toc-heading-level-3'><a class=\"ez-toc-link ez-toc-heading-16\" href=\"https:\/\/www.bobex.be\/fr-be\/chassis-portes-et-fenetres\/largeur-porte\/#Chercher_de_linspiration\" >Chercher de l\u2019inspiration<\/a><\/li><li class='ez-toc-page-1 ez-toc-heading-level-3'><a class=\"ez-toc-link ez-toc-heading-17\" href=\"https:\/\/www.bobex.be\/fr-be\/chassis-portes-et-fenetres\/largeur-porte\/#Profitez_des_conseils_de_nos_experts\" >Profitez des conseils de nos experts<\/a><\/li><\/ul><\/li><li class='ez-toc-page-1 ez-toc-heading-level-2'><a class=\"ez-toc-link ez-toc-heading-18\" href=\"https:\/\/www.bobex.be\/fr-be\/chassis-portes-et-fenetres\/largeur-porte\/#Primes\" >Primes<\/a><\/li><li class='ez-toc-page-1 ez-toc-heading-level-2'><a class=\"ez-toc-link ez-toc-heading-19\" href=\"https:\/\/www.bobex.be\/fr-be\/chassis-portes-et-fenetres\/largeur-porte\/#Trouvez_des_professionnels_pour_linstallation_de_votre_porte_dans_votre_region_et_comparez_plusieurs_devis_gratuitement\" >Trouvez des professionnels pour l\u2019installation de votre porte dans votre r\u00e9gion et comparez plusieurs devis gratuitement !&nbsp;<\/a><\/li><\/ul><\/nav><\/div>\n<h2 class=\"wp-block-heading\"><span class=\"ez-toc-section\" id=\"Dimension_standard_dune_porte\"><\/span>Dimension standard d\u2019une porte<span class=\"ez-toc-section-end\"><\/span><\/h2>\n\n\n\n<p>De mani\u00e8re g\u00e9n\u00e9rale, une porte, qu&rsquo;elle soit d&rsquo;entr\u00e9e ou d&rsquo;int\u00e9rieur, poss\u00e8de des dimensions standardis\u00e9es.<\/p>\n\n\n\n<p>Une <a rel=\"noreferrer noopener\" href=\"https:\/\/www.bobex.be\/fr-be\/chassis-portes-et-fenetres\/porte-entree\/\" data-type=\"URL\" data-id=\"https:\/\/www.bobex.be\/fr-be\/chassis-portes-et-fenetres\/porte-entree\/\" target=\"_blank\">porte d&rsquo;entr\u00e9e<\/a> mesure g\u00e9n\u00e9ralement <strong>215 cm<\/strong> (2,15\u2009m) de hauteur et <strong>90 cm<\/strong> de large. Cependant, d&rsquo;autres dimensions existent et vous pourrez \u00e9galement retrouver des portes d&rsquo;entr\u00e9e aux dimensions suivantes chez les fabricants&nbsp;: <\/p>\n\n\n\n<ul class=\"wp-block-list\">\n<li><strong>215 cm sur 80 cm<\/strong>, <\/li>\n\n\n\n<li><strong>200 cm sur 80 cm<\/strong>,<\/li>\n\n\n\n<li><strong>200 cm sur<\/strong> <strong>90 cm<\/strong>.<\/li>\n<\/ul>\n\n\n\n<p>Dans le cas d&rsquo;une porte d&rsquo;entr\u00e9e \u00e0 double vantaux, on retrouve des dimensions de <strong>215 cm sur 100 cm<\/strong> pour les vantaux \u00e9gaux de 50 cm et de <strong>215 cm sur 120 cm<\/strong> pour les vantaux \u00e9gaux de 60 cm.<\/p>\n\n\n\n<p>Une porte d&rsquo;int\u00e9rieur, quant \u00e0 elle, a une taille standard de <strong>204 cm<\/strong> de hauteur avec une largeur pouvant varier. Il existe en effet diff\u00e9rentes largeurs standards pour les portes int\u00e9rieurs : <strong>63 cm<\/strong>, <strong>73 cm<\/strong>, <strong>83 cm<\/strong> et <strong>93 cm<\/strong>. <\/p>\n\n\n\n<p>Dans le cas d&rsquo;une porte d&rsquo;int\u00e9rieur \u00e0 double vantaux, on aura ces dimensions :<strong> 204 cm sur 126 cm<\/strong> pour des vantaux in\u00e9gaux et <strong>204 cm sur 146 cm<\/strong> pour des vantaux \u00e9gaux.<\/p>\n\n\n\n                <div class='bobex-cta-block' style='\n            --button-bg-color: #e13c0e;\n            --button-text-color: #ffffff;\n            --banner-bg-color: #aad4e6;\n            --arrow-main-bg-color: #aad4e6;\n            --arrow-secondary-bg-color: #e5f2f7;\n            --banner-title-color: #10375e;\n            --arrow-title-color: #10375e;\n            --banner-text-color: #545454;\n            --arrow-text-color: #545454;         \n            --invert-range: 0deg;\n        '>\n                    <div class='cta-arrow-text d-flex d-lg-none'>\n                        <a class='cta-button-rounded' href='#ppp'>Demander un devis<\/a>\n                    <\/div>\n                    <div class='d-none d-lg-flex flex-no-wrap'>\n                        <div class=\"col-7 cta-arrow-text d-flex text-color\">\n                            <div class=\"m-auto\">\n                                <div class=\"h3\">Vous cherchez un sp\u00e9cialiste ?<\/div>\n                                <div class='text-color'>Comparez Les Prix et Economisez !<\/div>\n                            <\/div>\n                        <\/div>\n                        <div class='cta-arrow-link col-5'>\n                            <a class='cta-button-rounded' href=\"#ppp\">Demander un devis<\/a>\n                        <\/div>\n                    <\/div>\n                <\/div>\n\n\n\n<h2 class=\"wp-block-heading\"><span class=\"ez-toc-section\" id=\"Prendre_les_mesures_de_sa_porte\"><\/span>Prendre les mesures de sa porte<span class=\"ez-toc-section-end\"><\/span><\/h2>\n\n\n\n<p>Avant d\u2019installer votre nouvelle porte, vous devez d\u2019abord prendre les mesures de votre ancienne porte afin de&nbsp;faciliter sa pose. Pour ce faire, vous devez respecter certaines \u00e9tapes. <\/p>\n\n\n\n<p>Pour prendre les mesures d&rsquo;une porte, il vous faut un m\u00e8tre ruban, un crayon et une feuille de papier. Sachez que seuls les mesures les plus petites doivent \u00eatre pris en compte. <\/p>\n\n\n\n<p>Dans les \u00e9tapes suivantes, nous utiliserons quelques mots de vocabulaire relatif aux mesures d&rsquo;une porte. <\/p>\n\n\n\n<ul class=\"wp-block-list\">\n<li>Le <em>tableau<\/em> ou <em>l&rsquo;ouverture du mur<\/em> d\u00e9signe l&rsquo;espace libre que vous avez pour poser votre future porte. Il est d\u00e9limit\u00e9 par un linteau (mur du haut), les deux murs lat\u00e9raux et le sol. <\/li>\n\n\n\n<li>Le <em>cadre<\/em> ou le <em>b\u00e2ti<\/em> est l&rsquo;encadrement qui se place sur le tableau et constitue la partie fixe de la porte. <\/li>\n<\/ul>\n\n\n\n<h3 class=\"wp-block-heading\"><span class=\"ez-toc-section\" id=\"Etape_1_Preparation\"><\/span>\u00c9tape 1 : Pr\u00e9paration<span class=\"ez-toc-section-end\"><\/span><\/h3>\n\n\n\n<p>Munis de votre crayon et de votre feuille, reproduisez le sch\u00e9ma approximatif de votre ancienne porte, sur lequel vous noterez la hauteur et la largeur de votre porte une fois mesur\u00e9es. <\/p>\n\n\n\n<p>Cette \u00e9tape est tr\u00e8s importante, car m\u00eame s\u2019il est vrai que ces dimensions sont en g\u00e9n\u00e9ral indiqu\u00e9es sur le plan de construction de votre maison, elles se r\u00e9v\u00e8lent souvent incorrectes, surtout s\u2019il s\u2019agit d\u2019une ancienne construction. De plus, comme nous l&rsquo;avons vu plus haut, il existe plusieurs tailles standards de portes.<\/p>\n\n\n\n<p>Les noter \u00e0 nouveau sur le plan de construction, et bien entendu en y ajoutant la date de prise de mesure, vous aidera non seulement \u00e0 avoir les dimensions exactes, mais aussi \u00e0 gagner en temps pour les poses futures de votre porte.&nbsp;<\/p>\n\n\n\n                <div class='bobex-cta-block' style='\n            --button-bg-color: #e13c0e;\n            --button-text-color: #ffffff;\n            --banner-bg-color: #aad4e6;\n            --arrow-main-bg-color: #aad4e6;\n            --arrow-secondary-bg-color: #e5f2f7;\n            --banner-title-color: #10375e;\n            --arrow-title-color: #10375e;\n            --banner-text-color: #545454;\n            --arrow-text-color: #545454;         \n            --invert-range: 0deg;\n        '>\n                    <div class='cta-banner'>\n                        <div class='h3'>Vous souhaitez recevoir des conseils personnalis\u00e9s et des devis sur mesure ?<\/div>\n                        <div class='text-color'>Alors remplissez rapidement ce formulaire. C'est totalement gratuit et sans engagement !<\/div>\n                        <span>\n                            <img src='https:\/\/www.bobex.be\/wp-uploads\/sites\/2\/arrow-cta-box.png' alt='arrow' class='img-color'\/>\n                            <a class='cta-button-rounded' href=\"#ppp\">Demander un devis<\/a>\n                        <\/span>   \n                    <\/div>\n                <\/div>\n\n\n\n<h3 class=\"wp-block-heading\"><span class=\"ez-toc-section\" id=\"Etape_2_Mesure_dune_porte_existante\"><\/span>\u00c9tape 2 : Mesure d&rsquo;une porte existante<span class=\"ez-toc-section-end\"><\/span><\/h3>\n\n\n\n<p>Dans cette \u00e9tape, vous devez d\u2019abord d\u00e9terminer les dimensions du b\u00e2ti afin de d\u00e9finir les mesures que devront avoir votre nouvelle porte.<\/p>\n\n\n\n<h4 class=\"wp-block-heading\"><span class=\"ez-toc-section\" id=\"Mesure_de_la_hauteur\"><\/span>Mesure de la hauteur<span class=\"ez-toc-section-end\"><\/span><\/h4>\n\n\n\n<ul class=\"wp-block-list\">\n<li>Vous devez mesurer la hauteur int\u00e9rieure du b\u00e2ti des c\u00f4t\u00e9s gauche et droit en partant de la base jusqu\u2019au bord sup\u00e9rieur.<br>Pour faciliter la pose de votre porte, v\u00e9rifiez si les mesures diff\u00e8rent. Si c\u2019est le cas, vous devez diminuer de 10 mm la plus petite des deux, car cet espace entre le cadre et le mur servira \u00e0 accueillir les joints.<\/li>\n<\/ul>\n\n\n\n<ul class=\"wp-block-list\">\n<li>Prenez ensuite la mesure du rev\u00eatement jusqu\u2019au bord sup\u00e9rieur de la porte d\u2019entr\u00e9e, \u00e9galement de droite \u00e0 gauche, en soustrayant 10 mm afin d\u2019obtenir la hauteur sup\u00e9rieure du b\u00e2ti.<\/li>\n<\/ul>\n\n\n\n<ul class=\"wp-block-list\">\n<li>Mesurez les bords int\u00e9rieur et ext\u00e9rieur de la partie inf\u00e9rieure de votre porte. S\u2019il y a une diff\u00e9rence avec la hauteur du ch\u00e2ssis, utilisez des coupes d\u00e9taill\u00e9es pour d\u00e9terminer la mesure exacte de votre porte.&nbsp;<\/li>\n<\/ul>\n\n\n\n<h4 class=\"wp-block-heading\"><span class=\"ez-toc-section\" id=\"Mesure_de_largeur_douverture\"><\/span>Mesure de largeur d&rsquo;ouverture<span class=\"ez-toc-section-end\"><\/span><\/h4>\n\n\n\n<ul class=\"wp-block-list\">\n<li>D\u00e9terminez la largeur n\u00e9cessaire pour la commande de votre nouvelle porte, en mesurant en haut et en bas la distance entre l\u2019intrados droit et l\u2019intrados gauche. Cette distance est appel\u00e9e largeur de la feuillure du mur.<\/li>\n<\/ul>\n\n\n\n<ul class=\"wp-block-list\">\n<li>Pour que la pose soit facile et que votre porte s\u2019encastre parfaitement dans le mur, v\u00e9rifiez les mesures et retirez 20 mm \u00e0 la plus petite.<\/li>\n<\/ul>\n\n\n\n<figure class=\"wp-block-image size-full\"><img decoding=\"async\" width=\"1000\" height=\"550\" src=\"https:\/\/www.bobex.be\/wp-uploads\/sites\/2\/Largeur-porte-1.jpg\" alt=\"specialiste qui mesure la largueur d'une porte\" class=\"wp-image-106636\"\/><\/figure>\n\n\n\n<h3 class=\"wp-block-heading\"><span class=\"ez-toc-section\" id=\"Prendre_des_mesures_en_vue_dinstaller_une_nouvelle_porte\"><\/span>Prendre des mesures en vue d&rsquo;installer une nouvelle porte <span class=\"ez-toc-section-end\"><\/span><\/h3>\n\n\n\n<p>Il est plus ais\u00e9 de mesurer la hauteur et la largeur dans de nouvelles constructions. Il vous suffit de mesurer le tableau ou l&rsquo;ouverture du mur pr\u00e9vu pour installer votre porte.<\/p>\n\n\n\n<h4 class=\"wp-block-heading\"><span class=\"ez-toc-section\" id=\"Mesure_de_la_hauteur-2\"><\/span>Mesure de la hauteur<span class=\"ez-toc-section-end\"><\/span><\/h4>\n\n\n\n<ul class=\"wp-block-list\">\n<li>Mesurez la hauteur de l\u2019ouverture murale.<\/li>\n<\/ul>\n\n\n\n<ul class=\"wp-block-list\">\n<li>Mesurez ensuite deux fois, \u00e0 gauche et \u00e0 droite, la hauteur de la commande de votre nouvelle porte.<\/li>\n<\/ul>\n\n\n\n<ul class=\"wp-block-list\">\n<li>Calculez maintenant la hauteur et soustrayez 20 mm en se r\u00e9f\u00e9rant \u00e0 la plus petite mesure.<\/li>\n<\/ul>\n\n\n\n<ul class=\"wp-block-list\">\n<li>&nbsp;Comme il s\u2019agit d\u2019un b\u00e2timent neuf, vous devez prendre en compte la structure souhait\u00e9e pour le plancher et mesurer les extensions de cadre que vous souhaitez pour votre porte. Mesurez donc uniquement la hauteur du plancher, soustrayez-en 10 mm et vous aurez ainsi la mesure de l\u2019extension de votre porte.<\/li>\n<\/ul>\n\n\n\n<h4 class=\"wp-block-heading\"><span class=\"ez-toc-section\" id=\"Mesure_de_la_largeur\"><\/span>Mesure de la largeur&nbsp;<span class=\"ez-toc-section-end\"><\/span><\/h4>\n\n\n\n<ul class=\"wp-block-list\">\n<li>Mesurez en haut et en bas la largeur de l\u2019ouverture murale afin de d\u00e9terminer la largeur exacte de votre porte.<\/li>\n<\/ul>\n\n\n\n<ul class=\"wp-block-list\">\n<li>Pour obtenir la largeur de votre nouvelle porte, retirez 20 mm \u00e0 la plus petite des mesures.<\/li>\n<\/ul>\n\n\n\n<h3 class=\"wp-block-heading\"><span class=\"ez-toc-section\" id=\"Etape_4_dimensions\"><\/span>\u00c9tape 4 : dimensions<span class=\"ez-toc-section-end\"><\/span><\/h3>\n\n\n\n<h4 class=\"wp-block-heading\"><span class=\"ez-toc-section\" id=\"Pour_une_pose_en_applique\"><\/span>Pour une pose en applique<span class=\"ez-toc-section-end\"><\/span><\/h4>\n\n\n\n<p>Vous devez au pr\u00e9alable prendre les mesures de l\u2019ouverture murale et rajouter ensuite 60 mm \u00e0 la largeur et 30 mm \u00e0 la hauteur. C\u2019est donc 30 mm du dormant qui s\u2019appliqueront contre le mur \u00e0 gauche, \u00e0 droite et en haut.<\/p>\n\n\n\n<h4 class=\"wp-block-heading\"><span class=\"ez-toc-section\" id=\"Pour_une_pose_en_renovation\"><\/span>Pour une pose en r\u00e9novation<span class=\"ez-toc-section-end\"><\/span><\/h4>\n\n\n\n<p>Mesurez la largeur et la hauteur \u00e0 l\u2019int\u00e9rieur du dormant existant, puis retirez 2 mm en largeur et en hauteur. Vous obtiendrez ainsi les mesures de votre porte en r\u00e9novation.<\/p>\n\n\n\n                <div class='bobex-cta-block' style='\n            --button-bg-color: #e13c0e;\n            --button-text-color: #ffffff;\n            --banner-bg-color: #aad4e6;\n            --arrow-main-bg-color: #aad4e6;\n            --arrow-secondary-bg-color: #e5f2f7;\n            --banner-title-color: #10375e;\n            --arrow-title-color: #10375e;\n            --banner-text-color: #545454;\n            --arrow-text-color: #545454;         \n            --invert-range: 0deg;\n        '>\n                    <div class='cta-arrow-text d-flex d-lg-none'>\n                        <a class='cta-button-rounded' href='#ppp'>Demander un devis<\/a>\n                    <\/div>\n                    <div class='d-none d-lg-flex flex-no-wrap'>\n                        <div class=\"col-7 cta-arrow-text d-flex text-color\">\n                            <div class=\"m-auto\">\n                                <div class=\"h3\">Vous cherchez un sp\u00e9cialiste ?<\/div>\n                                <div class='text-color'>Comparez Les Prix et Economisez !<\/div>\n                            <\/div>\n                        <\/div>\n                        <div class='cta-arrow-link col-5'>\n                            <a class='cta-button-rounded' href=\"#ppp\">Demander un devis<\/a>\n                        <\/div>\n                    <\/div>\n                <\/div>\n\n\n\n<h2 class=\"wp-block-heading\"><span class=\"ez-toc-section\" id=\"Comment_choisir_sa_porte\"><\/span>Comment choisir sa porte ?<span class=\"ez-toc-section-end\"><\/span><\/h2>\n\n\n\n<p>Votre porte donne une premi\u00e8re impression sur votre maison, c\u2019est pourquoi il est important de bien la choisir, certes en fonction de vos envies, mais aussi en accord avec certaines sp\u00e9cificit\u00e9s.<\/p>\n\n\n\n<h3 class=\"wp-block-heading\"><span class=\"ez-toc-section\" id=\"Assortir_sa_porte_a_son_hall_dentree\"><\/span>Assortir sa porte \u00e0 son hall d\u2019entr\u00e9e<span class=\"ez-toc-section-end\"><\/span><\/h3>\n\n\n\n<p>Il est tr\u00e8s important de choisir une porte qui correspond aux sp\u00e9cificit\u00e9s de votre hall d\u2019entr\u00e9e, notamment en termes de configuration et de superficie.<\/p>\n\n\n\n<p>Ainsi, pour une entr\u00e9e petite et sombre, privil\u00e9giez une porte d\u2019entr\u00e9e en partie vitr\u00e9e, qui apportera de la lumi\u00e8re et de la hauteur, si elle est dot\u00e9e dans sa partie sup\u00e9rieure d\u2019une bande vitr\u00e9e. Et pour une entr\u00e9e haute de plafond et spacieuse, choisissez une porte d\u2019entr\u00e9e plus haute et large.<\/p>\n\n\n\n<p>Notez tout de m\u00eame qu\u2019avec une porte vitr\u00e9e, les dimensions de votre porte d\u2019entr\u00e9e seront d\u00e9termin\u00e9es en fonction de la mani\u00e8re dont le vitrage y est int\u00e9gr\u00e9.<\/p>\n\n\n\n<h3 class=\"wp-block-heading\"><span class=\"ez-toc-section\" id=\"Elargir_son_ouverture\"><\/span>\u00c9largir son ouverture<span class=\"ez-toc-section-end\"><\/span><\/h3>\n\n\n\n<p>Ne vous limitez pas forc\u00e9ment aux dimensions standard de 211,5 mm sur 93 cm pour votre porte. Apportez plus de cachet \u00e0 votre maison en choisissant une porte d\u2019entr\u00e9e plus imposante.<\/p>\n\n\n\n<p>Vous avez \u00e9galement la possibilit\u00e9 d\u2019adapter la hauteur et la largeur de votre porte, dans le cas o\u00f9 votre maison est compacte ou poss\u00e8de des fa\u00e7ades plus \u00e9troites en commandant une porte sur-mesure.<\/p>\n\n\n\n<h3 class=\"wp-block-heading\"><span class=\"ez-toc-section\" id=\"Chercher_de_linspiration\"><\/span>Chercher de l\u2019inspiration <span class=\"ez-toc-section-end\"><\/span><\/h3>\n\n\n\n<p>Si vous avez du mal \u00e0 choisir le mod\u00e8le de votre porte d\u2019entr\u00e9e, n\u2019h\u00e9sitez pas \u00e0 vous inspirer des portes d&rsquo;entr\u00e9es de votre voisinage ou \u00e0 trouver des id\u00e9es dans des magazines ou sur des sites de d\u00e9coration.<\/p>\n\n\n\n<figure class=\"wp-block-image size-full\"><img decoding=\"async\" width=\"1000\" height=\"550\" src=\"https:\/\/www.bobex.be\/wp-uploads\/sites\/2\/Quel-est-le-prix-dune-porte-dentree-PVC-en-YEAR.jpg\" alt=\"grande porte d'entr\u00e9e vitr\u00e9e\" class=\"wp-image-106579\"\/><\/figure>\n\n\n\n<h3 class=\"wp-block-heading\"><span class=\"ez-toc-section\" id=\"Profitez_des_conseils_de_nos_experts\"><\/span>Profitez des conseils de nos experts<span class=\"ez-toc-section-end\"><\/span><\/h3>\n\n\n\n<p>Vous pouvez aussi, gr\u00e2ce \u00e0 nos services, recourir aux services d\u2019un professionnel en menuiserie, qui vous aidera dans le choix et l\u2019installation de votre porte d\u2019entr\u00e9e.&nbsp;<\/p>\n\n\n\n<p>C\u2019est ce dernier qui d\u00e9terminera alors les mesures ad\u00e9quates pour votre porte d\u2019entr\u00e9e et se chargera de son installation en toute qui\u00e9tude. L\u2019avantage \u00e9tant la garantie d\u2019un travail bien fait.&nbsp;<\/p>\n\n\n\n<h2 class=\"wp-block-heading\"><span class=\"ez-toc-section\" id=\"Primes\"><\/span>Primes<span class=\"ez-toc-section-end\"><\/span><\/h2>\n\n\n\n<p>En principe, il existe une prime en r\u00e9gion bruxelloise allant de 40 \u00e0 140\u20ac\/m\u00b2 pour votre nouvelle porte selon son mat\u00e9riau et votre cat\u00e9gorie de revenus.<\/p>\n\n\n\n<p>Toutefois, les habitations qui ont de plus de 10 ans peuvent b\u00e9n\u00e9ficier d\u2019une r\u00e9duction de 6\u2009% sur la TVA pour les travaux de r\u00e9novations, si et seulement si ces travaux sont effectu\u00e9s par un professionnel.&nbsp;<\/p>\n\n\n\n<h2 class=\"wp-block-heading\"><span class=\"ez-toc-section\" id=\"Trouvez_des_professionnels_pour_linstallation_de_votre_porte_dans_votre_region_et_comparez_plusieurs_devis_gratuitement\"><\/span>Trouvez des professionnels pour l\u2019installation de votre porte dans votre r\u00e9gion et comparez plusieurs devis gratuitement !&nbsp;<span class=\"ez-toc-section-end\"><\/span><\/h2>\n\n\n\n<p>Vous souhaitez vous faire conseiller dans le choix et l\u2019installation de votre porte ? Demandez des devis gratuits et sans engagement aupr\u00e8s de professionnels. Vous pourrez ainsi comparer les prix et trouver la meilleure solution pour votre situation sp\u00e9cifique.<\/p>\n\n\n<div id=\"ppp\" class=\"bob-form-wrapper\" data-ajax_url=\"https:\/\/www.bobex.be\/fr-be\/wp-admin\/admin-ajax.php\" data-fa_a=\"\" data-fa_b=\"\"><div class=\"loader\" aria-hidden=\"true\"><\/div>    <div>\n        <div class=\"row mx-auto mb-2\" style=\"max-width: 900px;\">\n            <div class=\"col-md-4\"><i class=\"mr-1 fas fa-check\" style=\"color:green;\"><\/i>Devis gratuits et rapides<\/div>\n            <div class=\"col-md-4\"><i class=\"mr-1 fas fa-check\" style=\"color:green;\"><\/i>Sans engagement et obligation<\/div>\n            <div class=\"col-md-4\"><i class=\"mr-1 fas fa-check\" style=\"color:green;\"><\/i>Professionnels agr\u00e9\u00e9s<\/div>\n        <\/div>\n    <\/div><div id=\"form-69f38db6eba3f\" class=\"bob-form-container\" style=\"background-color: white; font-family: Roboto, sans-serif !important; font-size: 16px !important; color: #545454; box-shadow: 0 2px 10px rgba(0,0,0,0.1); --font_title: Poppins; --font_size_title: 20px; --title_bg_color: #175da6; --copyright_color: #fde8e1; --box_upload_color: #e5f2f7; padding:unset;\" data-form-type=\"inline\" data-form-id=\"69f38db6eba3f\"><style>#form-69f38db6eba3f .bob-form-inline-question.even {\n  background-color: #e5f2f7;\n}\n#form-69f38db6eba3f .single_multiple.multiple_button {\n  background-color: #e5f2f7 !important;\n}\n#form-69f38db6eba3f .bob-form-inline-question--hidden {\n  display: none;\n}<\/style><div class=\"form-questions\"><form id=\"bob-form\" class=\"bob-form bob-form-tag\" method=\"post\" action=\"https:\/\/www.bobex.be\/fr-be\/wp-admin\/admin-ajax.php?action=bobex-form-validation\">    <div class=\"form-title\">\n        Formulez votre demande\n        <div class=\"form-title-info-line\">\n            R\u00e9pondez \u00e0 quelques questions et entrez en contact avec des sp\u00e9cialistes fiables. Nous vous demandons vos coordonn\u00e9es afin de s\u00e9lectionner les professionnels actifs dans votre r\u00e9gion.\n        <\/div>\n    <\/div><div class=\"form-questions bob-form-inline-question\"><div class=\"row\"><div class=\"question col-md-4\"><label>1*. Que d\u00e9sirez-vous installer ou remplacer?<\/label><\/div><div class=\"answer col-md-8\"><div class=\"bob-form-radio d-flex\"><input type=\"radio\" class=\"inline-radio\" id=\"69f38db6eba3f-input-0-1\" data-unique-id=\"69f38db6eba3f\" name=\"XML_extra_radio\" value=\"1\"  required=\"required\"><label for=\"69f38db6eba3f-input-0-1\">Des fen\u00eatres (ch\u00e2ssis)<\/label><\/div><div class=\"bob-form-radio d-flex\"><input type=\"radio\" class=\"inline-radio\" id=\"69f38db6eba3f-input-0-2\" data-unique-id=\"69f38db6eba3f\" name=\"XML_extra_radio\" value=\"2\"  required=\"required\"><label for=\"69f38db6eba3f-input-0-2\">Des portes<\/label><\/div><div class=\"bob-form-radio d-flex\"><input type=\"radio\" class=\"inline-radio\" id=\"69f38db6eba3f-input-0-3\" data-unique-id=\"69f38db6eba3f\" name=\"XML_extra_radio\" value=\"3\"  required=\"required\"><label for=\"69f38db6eba3f-input-0-3\">Des fen\u00eatres et des portes<\/label><\/div><\/div><\/div><\/div><div class=\"form-questions bob-form-inline-question even\"><div class=\"row\"><div class=\"question col-md-4\"><label>2*. Quel type de fen\u00eatres (ou portes) d\u00e9sirez-vous?<\/label><\/div><div class=\"answer col-md-8\"><div class=\"bob-form-radio d-flex\"><input type=\"radio\" class=\"inline-radio\" id=\"69f38db6eba3f-input-1-1\" data-unique-id=\"69f38db6eba3f\" name=\"XML_extra_radio2\" value=\"1\"  required=\"required\"><label for=\"69f38db6eba3f-input-1-1\">Fen\u00eatres (ou portes) en PVC<\/label><\/div><div class=\"bob-form-radio d-flex\"><input type=\"radio\" class=\"inline-radio\" id=\"69f38db6eba3f-input-1-2\" data-unique-id=\"69f38db6eba3f\" name=\"XML_extra_radio2\" value=\"2\"  required=\"required\"><label for=\"69f38db6eba3f-input-1-2\">Fen\u00eatres (ou portes) en aluminium<\/label><\/div><div class=\"bob-form-radio d-flex\"><input type=\"radio\" class=\"inline-radio\" id=\"69f38db6eba3f-input-1-3\" data-unique-id=\"69f38db6eba3f\" name=\"XML_extra_radio2\" value=\"3\"  required=\"required\"><label for=\"69f38db6eba3f-input-1-3\">Fen\u00eatres (ou portes) en bois<\/label><\/div><div class=\"bob-form-radio d-flex\"><input type=\"radio\" class=\"inline-radio\" id=\"69f38db6eba3f-input-1-4\" data-unique-id=\"69f38db6eba3f\" name=\"XML_extra_radio2\" value=\"4\"  required=\"required\"><label for=\"69f38db6eba3f-input-1-4\">Je ne sais pas, conseillez-moi<\/label><\/div><\/div><\/div><\/div><div class=\"form-questions bob-form-inline-question\"><div class=\"row\"><div class=\"question col-md-4\"><label>3*. Combien de fen\u00eatres (ou portes) voulez-vous?<\/label><\/div><div class=\"answer col-md-8\"><div class=\"bob-form-radio d-flex\"><input type=\"radio\" class=\"inline-radio\" id=\"69f38db6eba3f-input-2-1\" data-unique-id=\"69f38db6eba3f\" name=\"XML_extra_radio3\" value=\"1\"  required=\"required\"><label for=\"69f38db6eba3f-input-2-1\">1 ou 2<\/label><\/div><div class=\"bob-form-radio d-flex\"><input type=\"radio\" class=\"inline-radio\" id=\"69f38db6eba3f-input-2-2\" data-unique-id=\"69f38db6eba3f\" name=\"XML_extra_radio3\" value=\"2\"  required=\"required\"><label for=\"69f38db6eba3f-input-2-2\">3 ou 4<\/label><\/div><div class=\"bob-form-radio d-flex\"><input type=\"radio\" class=\"inline-radio\" id=\"69f38db6eba3f-input-2-3\" data-unique-id=\"69f38db6eba3f\" name=\"XML_extra_radio3\" value=\"3\"  required=\"required\"><label for=\"69f38db6eba3f-input-2-3\">5 \u00e0 9<\/label><\/div><div class=\"bob-form-radio d-flex\"><input type=\"radio\" class=\"inline-radio\" id=\"69f38db6eba3f-input-2-4\" data-unique-id=\"69f38db6eba3f\" name=\"XML_extra_radio3\" value=\"4\"  required=\"required\"><label for=\"69f38db6eba3f-input-2-4\">10 \u00e0 15<\/label><\/div><div class=\"bob-form-radio d-flex\"><input type=\"radio\" class=\"inline-radio\" id=\"69f38db6eba3f-input-2-5\" data-unique-id=\"69f38db6eba3f\" name=\"XML_extra_radio3\" value=\"5\"  required=\"required\"><label for=\"69f38db6eba3f-input-2-5\">Plus de 15<\/label><\/div><\/div><\/div><\/div><div class=\"form-questions bob-form-inline-question even\"><div class=\"d-flex flex-column\"><label class=\"question\" for=\"69f38db6eba3f-input-3\">4. Description de votre projet<\/label><textarea class=\"bob-form-input\" name=\"XML_remarks\" id=\"69f38db6eba3f-input-3\" data-unique-id=\"69f38db6eba3f\"><\/textarea><\/div><\/div><div class=\"bob-inline-form bob-form-tag upload-box mb-3\">\n                    <div class=\"row\">\n                        <div class=\"col-md-12 mb-2 question\">Ajouter des photos ou des pi\u00e8ces jointes (en Option)<\/div>\n                        <div class=\"col-md-12\">\n                            <div class=\"box__input\" style=\"background-color: #e5f2f7;\"\n                                 ondrop=\"drop(event)\"\n                                 ondragover=\"allowDrop(event)\"\n                                 ondragleave=\"removeDropFx(event)\"\n                                >\n                                <input type=\"file\"\n                                       class=\"file__input\"\n                                       name=\"attachments[]\"\n                                       id=\"attachments\"\n                                       multiple=\"multiple\"\n                                       accept=\"image\/jpeg, image\/png, image\/gif, application\/pdf\"\n                                       data-multiple-caption=\"{count} files selected\">\n                                <div>\n                                    <label for=\"attachments\"><strong>S\u00e9lectionnez un fichier <\/strong>ou glissez-le ici<\/label>\n                                    <span class=\"box__button bobex-round-cta m-1 py-1\"\n                                          style=\"mix-blend-mode: luminosity\">\n                                        <i class=\"fas fa-cloud-upload-alt text-white\"><\/i>\n                                        T\u00e9l\u00e9charger\n                                    <\/span>\n                                <\/div>\n            \n                                <div class=\"row preview_wrapper m-0\"><\/div>\n                            <\/div>\n            \n                            <div class=\"box__uploading\">Uploading\u2026<\/div>\n                            <div class=\"box__success\">Done!<\/div>\n                            <div class=\"box__error\">Error! <span><\/span>.<\/div>\n                        <\/div>\n                    <\/div>\n                <\/div>    <div class=\"form-title\">\n        Vos donn\u00e9es\n    <\/div><div class=\"bob-form-contact-data\" style=\"padding: 20px\"><div class=\"row lead-info\"><div class=\"col-md-6 mb-3\">  <div class=\"form-group\">    <input value=\"\" type=\"text\" class=\"form-control\" id=\"firstName\" name=\"firstName\" placeholder=\"Pr\u00e9nom\" required>    <div class=\"valid-feedback\">Enchant\u00e9 !<\/div>    <div class=\"invalid-feedback\">Veuillez indiquer votre pr\u00e9nom<\/div>  <\/div><\/div><div class=\"col-md-6 mb-3\">  <div class=\"form-group\">    <input value=\"\" type=\"text\" class=\"form-control\" id=\"lastName\" name=\"lastName\" placeholder=\"Nom\" required>    <div class=\"valid-feedback\">Sympa<\/div>    <div class=\"invalid-feedback\">Veuillez indiquer votre nom de famille<\/div>  <\/div><\/div><div class=\"col-md-12 mb-3\">  <div class=\"form-group\">    <input value=\"\" type=\"email\" class=\"form-control\" id=\"email\" name=\"email\" placeholder=\"E-mail\" required style=\"max-width: unset;\">    <div class=\"valid-feedback\">C&rsquo;est tout bon<\/div>    <div class=\"invalid-feedback\">Veuillez indiquer une adresse e-mail valide<\/div>  <\/div><\/div><div class=\"col-md-12 mb-3\">  <div class=\"form-group\">    <input value=\"\" type=\"tel\" class=\"form-control\" id=\"phone\" name=\"phone\" placeholder=\"T\u00e9l\u00e9phone\" required style=\"max-width: unset;\">    <div class=\"valid-feedback\">Parfait<\/div>    <div class=\"invalid-feedback\">Veuillez indiquer un num\u00e9ro de t\u00e9l\u00e9phone valide<\/div>  <\/div><\/div><div class=\"col-md-12 mb-3\">  <div class=\"form-group\">    <input value=\"\" type=\"text\" class=\"form-control\" id=\"companyAddress\" name=\"companyAddress\" placeholder=\"Adresse\" required style=\"max-width: unset;\">    <div class=\"valid-feedback\">C&rsquo;est not\u00e9<\/div>    <div class=\"invalid-feedback\">Veuillez indiquer une adresse valide<\/div>  <\/div><\/div><div class=\"col-md-6 mb-3\">  <div class=\"form-group\">    <input value=\"\" type=\"text\" class=\"form-control\" id=\"companyPostalCode\" name=\"companyPostalCode\" placeholder=\"Code postal\" required>    <div class=\"valid-feedback\">Excellent !<\/div>    <div class=\"invalid-feedback\">Veuillez indiquer un code postal valide<\/div>  <\/div><\/div><div class=\"col-md-6 mb-3\">  <div class=\"form-group\">    <input value=\"\" type=\"text\" class=\"form-control\" id=\"companyCity\" name=\"companyCity\" placeholder=\"Ville\" required>    <div class=\"valid-feedback\">Bien jou\u00e9<\/div>    <div class=\"invalid-feedback\">Veuillez indiquer une ville valide<\/div>  <\/div><\/div><div class=\"d-flex mt-3\"><input name=\"promoOptin\" value=\"true\" id=\"promoOptin\" type=\"checkbox\" class=\"me-2\" style=\"width: unset\"><label for=\"promoOptin\">Je souhaite rester inform\u00e9 de ma demande et recevoir des conseils pratiques (fortement recommand\u00e9 !) <\/label><\/div><\/div><\/div><input type=\"hidden\" class=\"session_var\" name=\"newform\" value=\"true\"><input type=\"hidden\" class=\"session_var\" name=\"lead-validation-nonce\" value=\"fac08e50f8\"><input type=\"hidden\" class=\"session_var\" name=\"aff\" value=\"minisite\"><input type=\"hidden\" class=\"session_var\" name=\"utm_source\" value=\"https:\/\/www.bobex.be\/fr-be\/wp-json\/v2\/content\/106627\"><input type=\"hidden\" class=\"session_var\" name=\"bobx\" value=\"\"><input type=\"hidden\" class=\"session_var\" name=\"sessionType\" value=\"B2C\"><input type=\"hidden\" class=\"session_var\" name=\"utm_medium\" value=\"web\"><input type=\"hidden\" class=\"session_var\" name=\"utm_campaign\" value=\"search\"><input type=\"hidden\" class=\"session_var\" name=\"rem_source\" value=\"https:\/\/www.bobex.be\/fr-be\/chassis-portes-et-fenetres\/largeur-porte\/\"><input type=\"hidden\" class=\"session_var\" name=\"pixel_id\" value=\"-1\"><input type=\"hidden\" class=\"session_var\" name=\"tabo_id\" value=\"-1\"><input type=\"hidden\" class=\"session_var\" name=\"click_id\" value=\"-1\"><input type=\"hidden\" class=\"session_var\" name=\"gclid\" value=\"-1\"><input type=\"hidden\" class=\"session_var\" name=\"msclkid\" value=\"-1\"><input type=\"hidden\" class=\"session_var\" name=\"past_aff\" value=\"bobex\"><input type=\"hidden\" class=\"session_var\" name=\"redirectTo\" value=\"BE\"><input type=\"hidden\" class=\"session_var\" name=\"is_type_id\" value=\"true\"><input type=\"hidden\" class=\"session_var\" name=\"typeid\" value=\"11452\"><input type=\"hidden\" class=\"session_var\" name=\"companyType\" value=\"label.companytype.consumer\"><input type=\"hidden\" class=\"session_var\" name=\"input_names\" value=\"XML_extra_radio,XML_extra_radio2,XML_extra_radio3,XML_remarks\"><input type=\"hidden\" class=\"form_context\" value=\"BE\"><img decoding=\"async\" class=\"bobex-pixel\" src=\"\" alt=\"\" style=\"display:none\" \/>    <div class=\"bob-form-submit d-flex justify-content-center\">\n        <button type=\"submit\" class=\"form-submit\" style=\"background-color: #F1653A; color: white; border: none !important; border-radius: 5px !important; font-family: Roboto, sans-serif; font-size: 16px;\">\n            Demander un devis\n        <\/button>\n    <\/div>    <div class=\"bob-inline-form form-footer\" style=\"border-radius: 0 0 10px 10px\">\n        <div class=\"bob-form-privacy-text\">\n            <div style=\"float:left;\"><i class=\"fa fa-lock\"><\/i><\/div>\n            <div class=\"ms-2\">\n                <div style='padding-left: 15px;font-size: 0.8em !important;z-index: 10;'><b>Nous respectons votre vie priv\u00e9e<\/b><br> Conform\u00e9ment \u00e0 la loi du 8\/12\/1992 relative \u00e0 la protection de la vie priv\u00e9e, vous disposez d&rsquo;un droit d&rsquo;acc\u00e8s et de rectification \u00e0 vos donn\u00e9es. Pour en savoir plus, consultez notre <span class=\"link_ob\" data-link=\"aHR0cHM6Ly93d3cuYm9iZXguYmUvZnItYmUvcHJvdGVjdGlvbi1kZS1sYS12aWUtcHJpdmVlLw==\" target=\"_blank\">charte sur la vie priv\u00e9e<\/span>.<\/div>\n                \n            <\/div>\n        <\/div>\n    <\/div><\/form><\/div><div class=\"multiple_mini hidden\" data-lead_id=\"\"><p class=\"multiple-title\">Merci d&rsquo;avoir pris le temps de remplir ce formulaire<\/p><p>Nous vous contacterons d\u00e8s que possible pour vous orienter vers le meilleur sp\u00e9cialiste correspondant \u00e0 votre demande.<\/p><div class=\"multiple_wrapper\"><div class=\"loader\"><\/div><p class=\"multiple-title\">Vous cherchez d&rsquo;autres services ?<\/p><p class=\"multiple_text\">Vous souhaitez comparer d&rsquo;autres devis ou explorer d&rsquo;autres services ? Faites-le nous savoir et nous vous mettrons rapidement en relation<\/p><div class=\"multiple_container\"><div class=\"single_multiple multiple_button\" data-typeid=\"11984\"><i class=\"fa-3x cat icon-11984\"><\/i><span class=\"multiple_name\">V\u00e9randa, pergola, orangerie<\/span><\/div><div class=\"single_multiple multiple_button\" data-typeid=\"11972\"><i class=\"fa-3x cat icon-11972\"><\/i><span class=\"multiple_name\">Portails<\/span><\/div><div class=\"single_multiple multiple_button\" data-typeid=\"11461\"><i class=\"fa-3x cat icon-11461\"><\/i><span class=\"multiple_name\">Traitement de l&rsquo;humidit\u00e9<\/span><\/div><div class=\"single_multiple multiple_button\" data-typeid=\"11427\"><i class=\"fa-3x cat icon-11427\"><\/i><span class=\"multiple_name\">Isolation<\/span><\/div><div class=\"single_multiple multiple_button\" data-typeid=\"11364\"><i class=\"fa-3x cat icon-11364\"><\/i><span class=\"multiple_name\">Panneaux solaires<\/span><\/div><div class=\"single_multiple multiple_button\" data-typeid=\"11406\"><i class=\"fa-3x cat icon-11406\"><\/i><span class=\"multiple_name\">Syst\u00e8me d&rsquo;alarme<\/span><\/div><div class=\"single_multiple hidden multiple_button\" data-typeid=\"100048\"><i class=\"fa-3x fad fa-window-frame\"><\/i><span class=\"multiple_name\">Moustiquaires<\/span><\/div><div class=\"single_multiple hidden multiple_button\" data-typeid=\"11962\"><i class=\"fa-3x cat icon-11962\"><\/i><span class=\"multiple_name\">Travaux de toiture<\/span><\/div><div class=\"single_multiple hidden multiple_button\" data-typeid=\"11986\"><i class=\"fa-3x cat icon-11986\"><\/i><span class=\"multiple_name\">Travaux r\u00e9novation de fa\u00e7ades<\/span><\/div><div class=\"single_multiple hidden multiple_button\" data-typeid=\"11982\"><i class=\"fa-3x cat icon-11982\"><\/i><span class=\"multiple_name\">Adoucisseur d&rsquo;eau<\/span><\/div><\/div><\/div><\/div><\/div><\/div>","protected":false},"featured_media":0,"parent":0,"template":"","meta":{"business":"44176","footnotes":""},"class_list":["post-106627","content","type-content","status-publish","hentry"],"_links":{"self":[{"href":"https:\/\/www.bobex.be\/fr-be\/wp-json\/wp\/v2\/content\/106627","targetHints":{"allow":["GET"]}}],"collection":[{"href":"https:\/\/www.bobex.be\/fr-be\/wp-json\/wp\/v2\/content"}],"about":[{"href":"https:\/\/www.bobex.be\/fr-be\/wp-json\/wp\/v2\/types\/content"}],"version-history":[{"count":9,"href":"https:\/\/www.bobex.be\/fr-be\/wp-json\/wp\/v2\/content\/106627\/revisions"}],"predecessor-version":[{"id":182931,"href":"https:\/\/www.bobex.be\/fr-be\/wp-json\/wp\/v2\/content\/106627\/revisions\/182931"}],"wp:attachment":[{"href":"https:\/\/www.bobex.be\/fr-be\/wp-json\/wp\/v2\/media?parent=106627"}],"curies":[{"name":"wp","href":"https:\/\/api.w.org\/{rel}","templated":true}]}}