{"id":104497,"date":"2022-08-23T08:27:11","date_gmt":"2022-08-23T08:27:11","guid":{"rendered":"https:\/\/www.bobex.be\/fr-be\/?post_type=content&#038;p=104497"},"modified":"2025-07-14T07:18:00","modified_gmt":"2025-07-14T07:18:00","slug":"isolation-acoustique","status":"publish","type":"content","link":"https:\/\/www.bobex.be\/fr-be\/chassis-portes-et-fenetres\/isolation-acoustique\/","title":{"rendered":"Isolation acoustique de vos ch\u00e2ssis : Conseils et prix"},"content":{"rendered":"\n            <div style=\"\n            --icon-bg-color: #17518d ;\n            --maskUrl:url( https:\/\/www.bobex.be\/fr-be\/wp-content\/plugins\/bobex-blocks\/img\/mask.svg );\n            --title-color:#10375e;\n            --bg-color: #d1e8f2;\n            --content-color:#5c5c5c\n        \" class=\"bobex-block-maindiv\" >\n                    <div class=\"bobex-tip-block__icon-area\">\n                        <img decoding=\"async\" src=\"https:\/\/www.bobex.be\/fr-be\/wp-content\/plugins\/bobex-blocks\/img\/advice.png\" alt=\"adive-icon\" class=\"bobex-tip-block__tipsLogo\"\/>\n                    <\/div>\n                    <div class=\"bobex-tip-block__content-area p-2\">\n                        <p class=\"bobex-block-tips-title\">Primes 2025 pour les diff\u00e9rentes r\u00e9gions<\/p>\n                        <p class=\"bobex-block-tips-content\"><\/p>\n                        <div>\n<div class=\"wp-block-bobex-advice\">\n<p>En <strong>Flandre<\/strong>\ud83d\udccd, les primes \u00e0 la r\u00e9novation MijnVerbouwPremie restent accessibles, avec des montants ajust\u00e9s pour 2025.<\/p>\n\n\n\n<p>\u00c0 <strong>Bruxelles<\/strong>\ud83d\udccd, les primes <strong>RENOLUTION <\/strong>sont actuellement suspendues. Les habitants doivent attendre la d\u00e9cision du nouveau gouvernement concernant le syst\u00e8me de primes pour 2025. Aucune demande ne peut \u00eatre introduite pour une facture dat\u00e9e de 2025. En revanche, si votre facture est de 2024 et que vous remplissez les conditions d\u2019\u00e9ligibilit\u00e9, vous pouvez encore soumettre une demande.<\/p>\n\n\n\n<p>En <strong>Wallonie<\/strong>\ud83d\udccd, un r\u00e9gime de soutien temporaire sera en place du <strong>14 f\u00e9vrier 2025<\/strong> au <strong>30 septembre 2026<\/strong>. Toutefois, les montants des primes ont \u00e9t\u00e9 r\u00e9duits d\u2019environ 60 %.<\/p>\n<\/div>\n<\/div>\n                    <\/div>\n            <\/div>\n        \n\n\n<div id=\"ez-toc-container\" class=\"ez-toc-v2_0_82_2 counter-hierarchy ez-toc-counter ez-toc-grey ez-toc-container-direction\">\n<div class=\"ez-toc-title-container\">\n<p class=\"ez-toc-title\" style=\"cursor:inherit\">Sommaire<\/p>\n<span class=\"ez-toc-title-toggle\"><a href=\"#\" class=\"ez-toc-pull-right ez-toc-btn ez-toc-btn-xs ez-toc-btn-default ez-toc-toggle\" aria-label=\"Toggle Table of Content\"><span class=\"ez-toc-js-icon-con\"><span class=\"\"><span class=\"eztoc-hide\" style=\"display:none;\">Toggle<\/span><span class=\"ez-toc-icon-toggle-span\"><svg style=\"fill: #999;color:#999\" xmlns=\"http:\/\/www.w3.org\/2000\/svg\" class=\"list-377408\" width=\"20px\" height=\"20px\" viewBox=\"0 0 24 24\" fill=\"none\"><path d=\"M6 6H4v2h2V6zm14 0H8v2h12V6zM4 11h2v2H4v-2zm16 0H8v2h12v-2zM4 16h2v2H4v-2zm16 0H8v2h12v-2z\" fill=\"currentColor\"><\/path><\/svg><svg style=\"fill: #999;color:#999\" class=\"arrow-unsorted-368013\" xmlns=\"http:\/\/www.w3.org\/2000\/svg\" width=\"10px\" height=\"10px\" viewBox=\"0 0 24 24\" version=\"1.2\" baseProfile=\"tiny\"><path d=\"M18.2 9.3l-6.2-6.3-6.2 6.3c-.2.2-.3.4-.3.7s.1.5.3.7c.2.2.4.3.7.3h11c.3 0 .5-.1.7-.3.2-.2.3-.5.3-.7s-.1-.5-.3-.7zM5.8 14.7l6.2 6.3 6.2-6.3c.2-.2.3-.5.3-.7s-.1-.5-.3-.7c-.2-.2-.4-.3-.7-.3h-11c-.3 0-.5.1-.7.3-.2.2-.3.5-.3.7s.1.5.3.7z\"\/><\/svg><\/span><\/span><\/span><\/a><\/span><\/div>\n<nav><ul class='ez-toc-list ez-toc-list-level-1 eztoc-toggle-hide-by-default' ><li class='ez-toc-page-1 ez-toc-heading-level-2'><a class=\"ez-toc-link ez-toc-heading-1\" href=\"https:\/\/www.bobex.be\/fr-be\/chassis-portes-et-fenetres\/isolation-acoustique\/#En_quoi_consiste_lisolation_acoustique_des_chassis_de_vos_fenetres\" >En quoi consiste l\u2019isolation acoustique des ch\u00e2ssis de vos fen\u00eatres&nbsp;?<\/a><\/li><li class='ez-toc-page-1 ez-toc-heading-level-2'><a class=\"ez-toc-link ez-toc-heading-2\" href=\"https:\/\/www.bobex.be\/fr-be\/chassis-portes-et-fenetres\/isolation-acoustique\/#Comment_garantir_lisolation_acoustique_de_vos_fenetres\" >Comment garantir l\u2019isolation acoustique de vos fen\u00eatres<\/a><ul class='ez-toc-list-level-3' ><li class='ez-toc-heading-level-3'><a class=\"ez-toc-link ez-toc-heading-3\" href=\"https:\/\/www.bobex.be\/fr-be\/chassis-portes-et-fenetres\/isolation-acoustique\/#Opter_pour_un_nouveau_chassis\" >Opter pour un nouveau ch\u00e2ssis<\/a><\/li><li class='ez-toc-page-1 ez-toc-heading-level-3'><a class=\"ez-toc-link ez-toc-heading-4\" href=\"https:\/\/www.bobex.be\/fr-be\/chassis-portes-et-fenetres\/isolation-acoustique\/#Poser_un_nouveau_joint_detancheite\" >Poser un nouveau joint d\u2019\u00e9tanch\u00e9it\u00e9<\/a><\/li><li class='ez-toc-page-1 ez-toc-heading-level-3'><a class=\"ez-toc-link ez-toc-heading-5\" href=\"https:\/\/www.bobex.be\/fr-be\/chassis-portes-et-fenetres\/isolation-acoustique\/#Remplacer_le_vitrage\" >Remplacer le vitrage<\/a><\/li><li class='ez-toc-page-1 ez-toc-heading-level-3'><a class=\"ez-toc-link ez-toc-heading-6\" href=\"https:\/\/www.bobex.be\/fr-be\/chassis-portes-et-fenetres\/isolation-acoustique\/#Poser_une_double-fenetre\" >Poser une double-fen\u00eatre<\/a><\/li><\/ul><\/li><li class='ez-toc-page-1 ez-toc-heading-level-2'><a class=\"ez-toc-link ez-toc-heading-7\" href=\"https:\/\/www.bobex.be\/fr-be\/chassis-portes-et-fenetres\/isolation-acoustique\/#Lisolation_acoustique_des_fenetres_combien_ca_coute\" >L\u2019isolation acoustique des fen\u00eatres, combien \u00e7a co\u00fbte ?<\/a><\/li><li class='ez-toc-page-1 ez-toc-heading-level-2'><a class=\"ez-toc-link ez-toc-heading-8\" href=\"https:\/\/www.bobex.be\/fr-be\/chassis-portes-et-fenetres\/isolation-acoustique\/#Les_autres_techniques_disolation_phonique\" >Les autres techniques d\u2019isolation phonique<\/a><ul class='ez-toc-list-level-3' ><li class='ez-toc-heading-level-3'><a class=\"ez-toc-link ez-toc-heading-9\" href=\"https:\/\/www.bobex.be\/fr-be\/chassis-portes-et-fenetres\/isolation-acoustique\/#La_pose_dune_nouvelle_porte\" >La pose d\u2019une nouvelle porte<\/a><\/li><li class='ez-toc-page-1 ez-toc-heading-level-3'><a class=\"ez-toc-link ez-toc-heading-10\" href=\"https:\/\/www.bobex.be\/fr-be\/chassis-portes-et-fenetres\/isolation-acoustique\/#Le_doublage_des_murs\" >Le doublage des murs<\/a><\/li><li class='ez-toc-page-1 ez-toc-heading-level-3'><a class=\"ez-toc-link ez-toc-heading-11\" href=\"https:\/\/www.bobex.be\/fr-be\/chassis-portes-et-fenetres\/isolation-acoustique\/#Le_faux_plafond_et_les_planchers\" >Le faux plafond et les planchers<\/a><\/li><li class='ez-toc-page-1 ez-toc-heading-level-3'><a class=\"ez-toc-link ez-toc-heading-12\" href=\"https:\/\/www.bobex.be\/fr-be\/chassis-portes-et-fenetres\/isolation-acoustique\/#Lisolation_du_toit_et_lisolation_des_combles\" >L\u2019isolation du toit et l\u2019isolation des combles<\/a><\/li><\/ul><\/li><li class='ez-toc-page-1 ez-toc-heading-level-2'><a class=\"ez-toc-link ez-toc-heading-13\" href=\"https:\/\/www.bobex.be\/fr-be\/chassis-portes-et-fenetres\/isolation-acoustique\/#Quelles_aides_financieres_pour_lisolation_phonique\" >Quelles aides financi\u00e8res pour l\u2019isolation phonique ?<\/a><ul class='ez-toc-list-level-3' ><li class='ez-toc-heading-level-3'><a class=\"ez-toc-link ez-toc-heading-14\" href=\"https:\/\/www.bobex.be\/fr-be\/chassis-portes-et-fenetres\/isolation-acoustique\/#En_region_bruxelloise\" >En r\u00e9gion bruxelloise<\/a><\/li><li class='ez-toc-page-1 ez-toc-heading-level-3'><a class=\"ez-toc-link ez-toc-heading-15\" href=\"https:\/\/www.bobex.be\/fr-be\/chassis-portes-et-fenetres\/isolation-acoustique\/#En_region_flamande\" >En r\u00e9gion flamande<\/a><\/li><li class='ez-toc-page-1 ez-toc-heading-level-3'><a class=\"ez-toc-link ez-toc-heading-16\" href=\"https:\/\/www.bobex.be\/fr-be\/chassis-portes-et-fenetres\/isolation-acoustique\/#En_region_wallonne\" >En r\u00e9gion wallonne<\/a><\/li><\/ul><\/li><\/ul><\/nav><\/div>\n<h2 class=\"wp-block-heading\"><span class=\"ez-toc-section\" id=\"En_quoi_consiste_lisolation_acoustique_des_chassis_de_vos_fenetres\"><\/span>En quoi consiste l\u2019isolation acoustique des ch\u00e2ssis de vos fen\u00eatres&nbsp;?<span class=\"ez-toc-section-end\"><\/span><\/h2>\n\n\n\n<p>\u00c0 une \u00e9poque o\u00f9 le t\u00e9l\u00e9travail est en plein essor, il est plus que n\u00e9cessaire de garder les bruits d\u00e9rangeants en dehors de votre habitation. Pour cela, il vaut mieux opter pour <strong>des ch\u00e2ssis et des vitrages qui absorbent les d\u00e9cibels.<\/strong> <\/p>\n\n\n\n<p>Cette capacit\u00e9 d\u2019absorption est repr\u00e9sent\u00e9e par la <strong>valeur R<\/strong> de la structure en question. <strong>Plus cet indice est \u00e9lev\u00e9, plus votre habitation sera silencieuse<\/strong>.&nbsp;<\/p>\n\n\n\n<p>Dans le choix des mat\u00e9riaux et des techniques employ\u00e9s, il est \u00e9galement important de d\u00e9finir <strong>la nature du bruit<\/strong> qui vous d\u00e9range au quotidien. En effet, il existe une distinction entre les bruits a\u00e9riens, qui se d\u00e9placent dans l\u2019air, et les <strong>bruits de contact<\/strong>, qui se transmettent via les \u00e9l\u00e9ments solides de votre habitation (planchers, parois, plafonds).&nbsp;<\/p>\n\n\n\n<p>En fonction du type de bruit, diff\u00e9rentes approches s\u2019imposent. Ainsi, la r\u00e9novation de vos ch\u00e2ssis de fen\u00eatres est une excellente fa\u00e7on de lutter contre les <strong>bruits a\u00e9riens<\/strong>. Si votre malheur vient des bruits de contact, nous vous conseillerons plut\u00f4t de r\u00e9nover l\u2019isolation des murs et des sols (voir plus bas).<\/p>\n\n\n\n<h2 class=\"wp-block-heading\"><span class=\"ez-toc-section\" id=\"Comment_garantir_lisolation_acoustique_de_vos_fenetres\"><\/span>Comment garantir l\u2019isolation acoustique de vos fen\u00eatres<span class=\"ez-toc-section-end\"><\/span><\/h2>\n\n\n\n<p>De bonnes <a href=\"https:\/\/www.bobex.be\/fr-be\/chassis-portes-et-fenetres\/chassis-isolant\/\" target=\"_blank\" rel=\"noreferrer noopener\">fen\u00eatres<\/a> sont un atout capital dans l&rsquo;isolation de votre maison, aussi bien d&rsquo;un point de vue thermique (<a href=\"https:\/\/www.bobex.be\/fr-be\/chassis-portes-et-fenetres\/valeur-u\/\" data-type=\"URL\" data-id=\"https:\/\/www.bobex.be\/fr-be\/chassis-portes-et-fenetres\/valeur-u\/\" target=\"_blank\" rel=\"noreferrer noopener\">valeur u<\/a>) qu&rsquo;acoustique.<\/p>\n\n\n\n<h3 class=\"wp-block-heading\"><span class=\"ez-toc-section\" id=\"Opter_pour_un_nouveau_chassis\"><\/span>Opter pour un nouveau ch\u00e2ssis<span class=\"ez-toc-section-end\"><\/span><\/h3>\n\n\n\n<p>Pour ce qui est des ch\u00e2ssis, le <strong>bois <\/strong>est un bon choix. Ce mat\u00e9riau poss\u00e8de notamment une grande densit\u00e9 qui amortit les d\u00e9cibels. Pour ce qui est des ch\u00e2ssis en <strong>aluminium et en PVC<\/strong>, leur efficacit\u00e9 phonique d\u00e9pendra surtout de la qualit\u00e9 de leurs structures int\u00e9rieures. Ainsi, la pr\u00e9sence d\u2019un pont thermique peut grandement am\u00e9liorer le degr\u00e9 d\u2019isolation sonore.<\/p>\n\n\n\n<h3 class=\"wp-block-heading\"><span class=\"ez-toc-section\" id=\"Poser_un_nouveau_joint_detancheite\"><\/span>Poser un nouveau joint d\u2019\u00e9tanch\u00e9it\u00e9<span class=\"ez-toc-section-end\"><\/span><\/h3>\n\n\n\n<p>Si votre budget est restreint, un simple remplacement des joints peut d\u00e9j\u00e0 contribuer \u00e0 faire <strong>baisser le bruit <\/strong>de quelques d\u00e9cibels. De plus, cette simple op\u00e9ration vous permettra \u00e9galement de booster <strong>l\u2019\u00e9tanch\u00e9it\u00e9 <\/strong>de votre maison. Ainsi, vous \u00e9vitez les nombreux probl\u00e8mes li\u00e9s \u00e0 l\u2019infiltration d\u2019humidit\u00e9.<\/p>\n\n\n\n<figure class=\"wp-block-image size-full\"><img decoding=\"async\" width=\"1000\" height=\"550\" src=\"https:\/\/www.bobex.be\/wp-uploads\/sites\/2\/Porte-isolation-acoustique-min.jpg\" alt=\"isolation acoustique porte\" class=\"wp-image-104518\"\/><\/figure>\n\n\n\n<h3 class=\"wp-block-heading\"><span class=\"ez-toc-section\" id=\"Remplacer_le_vitrage\"><\/span>Remplacer le vitrage<span class=\"ez-toc-section-end\"><\/span><\/h3>\n\n\n\n<p>Quand il s\u2019agit du type de fen\u00eatres, un <strong>double vitrage <\/strong>offrira une excellente protection \u00e0 vos oreilles. Contrairement \u00e0 ce que l\u2019on pourrait penser, il n\u2019y a pas de diff\u00e9rence capitale entre le double et le triple vitrage en termes d\u2019isolation sonore. La diff\u00e9rence entre ces deux vitrages est avant tout une question d\u2019isolation thermique.&nbsp;<\/p>\n\n\n\n<p>Pour une r\u00e9elle diff\u00e9rence acoustique, pensez aussi \u00e0 remplacer vos vitrages par un <strong>vitrage de haut rendement<\/strong>. Ce type de vitres vous garantit un confort maximal : celui-ci fera baisser significativement le bruit et vos besoins en chauffage.<\/p>\n\n\n<div class='bobex-cta-block' style='\n            --button-bg-color: #e13c0e;\n            --button-text-color: #ffffff;\n            --banner-bg-color: #aad4e6;\n            --arrow-main-bg-color: #aad4e6;\n            --arrow-secondary-bg-color: #e5f2f7;\n            --banner-title-color: #10375e;\n            --arrow-title-color: #10375e;\n            --banner-text-color: #545454;\n            --arrow-text-color: #545454;         \n            --invert-range: 0deg;\n        '><a class='cta-button-rounded' href='#ppp'>Besoin d\u2019une meilleure isolation ? Obtenez votre devis gratuit en quelques clics !<\/a><\/div>\n\n\n<h3 class=\"wp-block-heading\"><span class=\"ez-toc-section\" id=\"Poser_une_double-fenetre\"><\/span>Poser une double-fen\u00eatre<span class=\"ez-toc-section-end\"><\/span><\/h3>\n\n\n\n<p>Pour finir, la pose d\u2019une double-fen\u00eatre est ce qu\u2019il y a de mieux pour l\u2019isolation sonore. Ce type d\u2019installation consiste \u00e0 placer une deuxi\u00e8me fen\u00eatre en plus de votre fen\u00eatre d&rsquo;origine (\u00e0 l&rsquo;ext\u00e9rieur ou \u00e0 l&rsquo;int\u00e9rieur de votre habitation). Pour \u00eatre efficace, l\u2019espace entre ces deux fen\u00eatres devra \u00eatre d\u2019<strong>au moins 15\u2009cm<\/strong>.&nbsp;<\/p>\n\n\n\n<p>Bien s\u00fbr, ce dispositif requiert \u00e9norm\u00e9ment de place et de moyens. La double-fen\u00eatre est donc surtout appr\u00e9hend\u00e9e, comme un dernier recours dans une<strong> situation extr\u00eame<\/strong>. Nous pensons par exemple \u00e0 une maison plac\u00e9e pr\u00e8s d\u2019une usine ou d&rsquo;une voie ferr\u00e9e.<\/p>\n\n\n\n<figure class=\"wp-block-image size-full\"><img decoding=\"async\" width=\"1000\" height=\"550\" src=\"https:\/\/www.bobex.be\/wp-uploads\/sites\/2\/Isolation-acoustique-fenetres-min.jpg\" alt=\"Isolation acoustique pose fen\u00eatres\" class=\"wp-image-104506\"\/><\/figure>\n\n\n\n<h2 class=\"wp-block-heading\"><span class=\"ez-toc-section\" id=\"Lisolation_acoustique_des_fenetres_combien_ca_coute\"><\/span>L\u2019isolation acoustique des fen\u00eatres, combien \u00e7a co\u00fbte ?<span class=\"ez-toc-section-end\"><\/span><\/h2>\n\n\n\n<p>Pour booster l\u2019isolation thermique de vos ch\u00e2ssis ou de vos vitres, vous d\u00e9bourserez en moyenne entre <strong>100 \u20ac<\/strong> <strong>et 1.250 \u20ac<\/strong>. Ce prix d\u00e9pend bien \u00e9videmment de la technique d\u2019isolation et du nombre de fen\u00eatres. Le tableau ci-dessous retrace les prix exacts en fonction de ces deux facteurs.<\/p>\n\n\n\n            <div class='bobex-table-wrapper' style='\n            --bobex-table-dark-row-color: #D1E8F2;\n        '>\n                <table class='' data-columns='2'>\n                    <thead style='\n            --bobex-table-header-background-color: #10375E;\n            --bobex-table-header-text-color: #FFFFFF;\n        '><th><strong>Type de r\u00e9novation<\/strong><\/th><th><strong>Prix approximatif<\/strong>                                                                                         <\/th><\/thead><tr><td>Nouveau joint d&rsquo;\u00e9tanch\u00e9it\u00e9<\/td><td>7 \u20ac  \u00e0 30 \u20ac<\/td><\/tr><tr><td>Double vitrage phonique<\/td><td>180 \u20ac \u00e0 350 \u20ac \/m\u00b2<\/td><\/tr><tr><td>Double-fen\u00eatre<\/td><td>450 \u20ac \u00e0 1.250 \u20ac par fen\u00eatre<\/td><\/tr><tr><td>Ch\u00e2ssis en PVC<\/td><td>150 \u20ac \u00e0 500 \u20ac <\/td><\/tr><tr><td>Ch\u00e2ssis en Bois<\/td><td>500 \u20ac \u00e0 700 \u20ac<\/td><\/tr><tr><td>Ch\u00e2ssis en Aluminium<\/td><td>800 \u20ac \u00e0 1.000 \u20ac<\/td><\/tr>\n                <\/table>\n            <\/div>\n        \n\n\n<p>Nous vous rappelons qu\u2019il ne s\u2019agit l\u00e0 que de prix indicatifs. Pour recevoir un prix exact, nous vous conseillons de remplir notre <strong>formulaire de devis<\/strong> en bas de la page. Celui-ci vous donne acc\u00e8s \u00e0 une multitude de devis <strong>gratuits et sans engagement<\/strong>.<\/p>\n\n\n\n                <div class='bobex-cta-block' style='\n            --button-bg-color: #e13c0e;\n            --button-text-color: #ffffff;\n            --banner-bg-color: #aad4e6;\n            --arrow-main-bg-color: #aad4e6;\n            --arrow-secondary-bg-color: #e5f2f7;\n            --banner-title-color: #10375e;\n            --arrow-title-color: #10375e;\n            --banner-text-color: #545454;\n            --arrow-text-color: #545454;         \n            --invert-range: 0deg;\n        '>\n                    <div class='cta-arrow-text d-flex d-lg-none'>\n                        <a class='cta-button-rounded' href='#ppp'>Demander un devis<\/a>\n                    <\/div>\n                    <div class='d-none d-lg-flex flex-no-wrap'>\n                        <div class=\"col-7 cta-arrow-text d-flex text-color\">\n                            <div class=\"m-auto\">\n                                <div class=\"h3\">Vous cherchez un sp\u00e9cialiste ?<\/div>\n                                <div class='text-color'>Optimisez l\u2019isolation de vos ch\u00e2ssis et \u00e9conomisez sur vos factures. Demandez un devis gratuit !<\/div>\n                            <\/div>\n                        <\/div>\n                        <div class='cta-arrow-link col-5'>\n                            <a class='cta-button-rounded' href=\"#ppp\">Demander un devis<\/a>\n                        <\/div>\n                    <\/div>\n                <\/div>\n\n\n<h2 class=\"wp-block-heading\"><span class=\"ez-toc-section\" id=\"Les_autres_techniques_disolation_phonique\"><\/span>Les autres techniques d\u2019isolation phonique<span class=\"ez-toc-section-end\"><\/span><\/h2>\n\n\n\n<p>Souvent, il ne suffit pas d&rsquo;isoler vos fen\u00eatres et leurs ch\u00e2ssis pour garantir la bonne isolation acoustique de votre habitation. Pour rem\u00e9dier au mieux \u00e0 ce probl\u00e8me, nous avons list\u00e9 ci-dessous quelques-unes des <strong>solutions les plus efficaces<\/strong> pour lutter contre le bruit. Si vous souhaitez <strong>les conseils d&rsquo;un expert <\/strong>en la mati\u00e8re, n&rsquo;h\u00e9sitez pas \u00e0 demander un devis gratuit et sans engagement gr\u00e2ce au bouton ci-dessus.<\/p>\n\n\n\n<h3 class=\"wp-block-heading\"><span class=\"ez-toc-section\" id=\"La_pose_dune_nouvelle_porte\"><\/span>La pose d\u2019une nouvelle porte<span class=\"ez-toc-section-end\"><\/span><\/h3>\n\n\n\n<p>C\u2019est un r\u00e9flexe ancestral : lorsque l\u2019on ne veut pas \u00eatre entendu, on ferme la porte. Cette discr\u00e9tion d\u00e9pendra bien \u00e9videmment du type de porte qui donne sur votre maison. Un <strong>vantail dot\u00e9 de bons joints<\/strong> vous isolera efficacement de vos voisins. La pose d\u2019une double porte est tout aussi envisageable.&nbsp;<\/p>\n\n\n\n<p>Pour ce qui est du mat\u00e9riau, le <strong>bois<\/strong> laisse plus facilement passer les bruits lorsqu\u2019il s\u2019agit d\u2019une porte. Il est par cons\u00e9quent conseill\u00e9 de se tourner vers le <strong>PVC, l\u2019acier ou l\u2019aluminium<\/strong>.<\/p>\n\n\n\n<h3 class=\"wp-block-heading\"><span class=\"ez-toc-section\" id=\"Le_doublage_des_murs\"><\/span>Le doublage des murs<span class=\"ez-toc-section-end\"><\/span><\/h3>\n\n\n\n<p>Si votre habitation donne sur la rue, ou si votre chambre \u00e0 coucher est par\u00e9e d&rsquo;un mur mitoyen, il est important de garantir l&rsquo;isolation phonique des murs. Le doublage des murs est une solution <strong>id\u00e9ale pour absorber le bruit a\u00e9rien<\/strong>. Cette technique s\u2019effectue de deux mani\u00e8res. La premi\u00e8re est le doublage d\u2019un mur <strong>par le biais d\u2019une ossature<\/strong>. Celle-ci peut \u00eatre compos\u00e9e de bois ou de m\u00e9tal et offrira un soutien stable et s\u00fbr pour vos plaques de mati\u00e8re isolante.<\/p>\n\n\n\n<figure class=\"wp-block-image size-full\"><img decoding=\"async\" width=\"1000\" height=\"550\" src=\"https:\/\/www.bobex.be\/wp-uploads\/sites\/2\/Isolation-acoustique-ossature-min.jpg\" alt=\"isolation acoustique ossature\" class=\"wp-image-104509\"\/><\/figure>\n\n\n\n<p>La deuxi\u00e8me mani\u00e8re de doubler vos murs est d\u2019y coller directement les plaques isolantes. Certains types de plaques sont en effet dot\u00e9s de <strong>bandes adh\u00e9sives<\/strong>. <\/p>\n\n\n\n<p>Cette installation est certes <strong>moins ch\u00e8re<\/strong>, car elle ne n\u00e9cessite aucune ma\u00e7onnerie. Toutefois, comme la surface d\u2019adh\u00e9sion est moins grande qu\u2019avec une ossature, l\u2019\u00e9paisseur des plaques isolantes se verra r\u00e9duite pour \u00e9viter qu\u2019elles ne tombent sous leur propre poids.<\/p>\n\n\n\n<h3 class=\"wp-block-heading\"><span class=\"ez-toc-section\" id=\"Le_faux_plafond_et_les_planchers\"><\/span>Le faux plafond et les planchers<span class=\"ez-toc-section-end\"><\/span><\/h3>\n\n\n\n<p>Quand on habite dans un immeuble avec des voisins du dessus et du dessous, l\u2019isolation sonore des sols et du plafond peut \u00eatre fort commode. Pour le plafond, l\u2019on vous conseille l\u2019installation d\u2019un faux plafond. Comme pour le doublage des murs, ce proc\u00e9d\u00e9 consiste \u00e0 <strong>fixer des plaques isolantes sur une ossature m\u00e9tallique<\/strong>.<\/p>\n\n\n\n<figure class=\"wp-block-image size-full\"><img decoding=\"async\" width=\"1000\" height=\"550\" src=\"https:\/\/www.bobex.be\/wp-uploads\/sites\/2\/Isolation-acoustique-faux-plafond-min.jpg\" alt=\"Isolation acoustique faux plafond\" class=\"wp-image-104512\"\/><\/figure>\n\n\n\n<p>Pour les voisins du dessous, la solution d\u00e9pendra de votre type de sol. Pour un plancher lourd, une <strong>moquette avec une sous-couche de caoutchouc<\/strong> fera l\u2019affaire. Pour les planchers l\u00e9gers, des solutions plus drastiques s\u2019imposent. On pense, par exemple, \u00e0 la pose d\u2019une <strong>dalle flottante<\/strong>. Cette solution consiste \u00e0 poser une couche isolante en dessous d\u2019une dalle de b\u00e9ton.<\/p>\n\n\n<div class='bobex-cta-block' style='\n            --button-bg-color: #e13c0e;\n            --button-text-color: #ffffff;\n            --banner-bg-color: #aad4e6;\n            --arrow-main-bg-color: #aad4e6;\n            --arrow-secondary-bg-color: #e5f2f7;\n            --banner-title-color: #10375e;\n            --arrow-title-color: #10375e;\n            --banner-text-color: #545454;\n            --arrow-text-color: #545454;         \n            --invert-range: 0deg;\n        '><a class='cta-button' href='#ppp'>Prot\u00e9gez votre int\u00e9rieur du froid et du bruit ! Obtenez votre devis gratuit en quelques minutes.<\/a><\/div>\n\n\n<h3 class=\"wp-block-heading\"><span class=\"ez-toc-section\" id=\"Lisolation_du_toit_et_lisolation_des_combles\"><\/span>L\u2019isolation du toit et l\u2019isolation des combles<span class=\"ez-toc-section-end\"><\/span><\/h3>\n\n\n\n<p>Si vous habitez pr\u00e8s d\u2019un a\u00e9roport, il se peut que parfois le bruit des avions devienne assourdissant. Dans ce cas, il est essentiel d\u2019\u00eatre \u00e9quip\u00e9 d\u2019une bonne isolation de toiture. Celle-ci peut \u00eatre compos\u00e9e d\u2019une simple couche d\u2019isolant <strong>pour des combles perdus<\/strong>.&nbsp;<\/p>\n\n\n\n<p><strong>Pour les combles am\u00e9nag\u00e9s<\/strong>, le proc\u00e9d\u00e9 est un peu plus complexe. Il vous faudra en effet poser une couche d\u2019isolant entre les chevrons. Celle-ci se verra ensuite orn\u00e9e de deux couches suppl\u00e9mentaires.<\/p>\n\n\n\n<h2 class=\"wp-block-heading\"><span class=\"ez-toc-section\" id=\"Quelles_aides_financieres_pour_lisolation_phonique\"><\/span>Quelles aides financi\u00e8res pour l\u2019isolation phonique ?<span class=\"ez-toc-section-end\"><\/span><\/h2>\n\n\n\n<p>Il existe un bon nombre de primes qui permettent aux belges de rem\u00e9dier au bruit sans pour autant se ruiner. Nous passerons la revue des primes wallonnes et bruxelloises.<\/p>\n\n\n\n<h3 class=\"wp-block-heading\"><span class=\"ez-toc-section\" id=\"En_region_bruxelloise\"><\/span>En r\u00e9gion bruxelloise<span class=\"ez-toc-section-end\"><\/span><\/h3>\n\n\n\n<p>Concernant Bruxelles, le nouveau gouvernement n&rsquo;\u00e9tant pas encore form\u00e9, les montants des primes bruxelloises ne sont pas encore d\u00e9termin\u00e9es.<\/p>\n\n\n\n<h3 class=\"wp-block-heading\"><span class=\"ez-toc-section\" id=\"En_region_flamande\"><\/span>En r\u00e9gion flamande<span class=\"ez-toc-section-end\"><\/span><\/h3>\n\n\n\n<p>Voici un&nbsp;<strong>tableau r\u00e9capitulatif des primes disponibles en Flandre pour le remplacement ou l\u2019installation de fen\u00eatres et portes avec double vitrage<\/strong>, notamment dans le but d\u2019am\u00e9liorer&nbsp;<strong>l\u2019isolation acoustique<\/strong>&nbsp;du logement. Ces primes sont accord\u00e9es en fonction de la&nbsp;<strong>cat\u00e9gorie de revenus du propri\u00e9taire<\/strong>&nbsp;ou de son statut (investisseur ou soci\u00e9t\u00e9 de logement). Le tableau pr\u00e9cise les&nbsp;<strong>montants attribu\u00e9s<\/strong>, les&nbsp;<strong>conditions minimales de facturation<\/strong>, ainsi que les&nbsp;<strong>exigences particuli\u00e8res<\/strong>&nbsp;comme la pr\u00e9sence d\u2019un syst\u00e8me de ventilation lors du remplacement de la menuiserie ext\u00e9rieure. Il permet de&nbsp;<strong>visualiser facilement les aides disponibles<\/strong>&nbsp;selon chaque profil de b\u00e9n\u00e9ficiaire.<\/p>\n\n\n\n            <div class='bobex-table-wrapper' style='\n            --bobex-table-dark-row-color: #D1E8F2;\n        '>\n                <table class='' data-columns='4'>\n                    <thead style='\n            --bobex-table-header-background-color: #10375E;\n            --bobex-table-header-text-color: #FFFFFF;\n        '><th>Cat\u00e9gorie de b\u00e9n\u00e9ficiaire<\/th><th>Montant de la prime<\/th><th>Facture \u00e9ligible<\/th><th>Condition de ventilation (remplacement menuiserie)<\/th><\/thead><tr><td>Cat\u00e9gorie 1 ou soci\u00e9t\u00e9 de logement<\/td><td>Jusqu\u2019\u00e0 50 % du montant HTVA (max. 5 250 \u20ac)<\/td><td>De 1.000 \u20ac \u00e0 10.500 \u20ac HTVA (au-del\u00e0 non pris en compte)<\/td><td>Obligatoire sinon pas de prime<\/td><\/tr><tr><td>Cat\u00e9gorie 3<\/td><td>Jusqu\u2019\u00e0 35 % du montant HTVA (max. 3.675 \u20ac)<\/td><td>De 1.000 \u20ac \u00e0 10.500 \u20ac HTVA (au-del\u00e0 non pris en compte)<\/td><td>Obligatoire sinon pas de prime<\/td><\/tr><tr><td>Cat\u00e9gorie 2<\/td><td>64 \u20ac\/m\u00b2 (max. 20 m\u00b2), max. 1.280 \u20ac et 25 % du montant HTVA<\/td><td>Min. 1.000 \u20ac HTVA<\/td><td>Obligatoire sinon pas de prime<\/td><\/tr><tr><td>Cat\u00e9gorie 4 ou investisseur<\/td><td>30 \u20ac\/m\u00b2 (max. 20 m\u00b2), max. 600 \u20ac et 20 % du montant HTVA<\/td><td>Min. 1.000 \u20ac HTVA<\/td><td>Obligatoire sinon pas de prime<\/td><\/tr>\n                <\/table>\n            <\/div>\n        \n\n\n<h3 class=\"wp-block-heading\"><span class=\"ez-toc-section\" id=\"En_region_wallonne\"><\/span>En r\u00e9gion wallonne<span class=\"ez-toc-section-end\"><\/span><\/h3>\n\n\n\n<p>Une prime \u00ab\u00a0Audit logement\u00a0\u00bb de 76 \u20ac est disponible pour aider \u00e0 couvrir une partie des frais de la visite d\u2019un auditeur. De plus, une r\u00e9duction de TVA \u00e0 6 % s\u2019applique si les travaux concernent une habitation de plus de 10 ans.<\/p>\n\n\n\n<p>En Wallonie \ud83d\udccd, une prime de 26 \u20ac\/m\u00b2 est accessible pour le remplacement des menuiseries ext\u00e9rieures ou des vitrages lors de l\u2019installation d\u2019un double vitrage. Le montant attribu\u00e9 varie en fonction des revenus du m\u00e9nage.<\/p>\n\n\n\n            <div class='bobex-table-wrapper' style='\n            --bobex-table-dark-row-color: #D1E8F2;\n        '>\n                <table class='' data-columns='3'>\n                    <thead style='\n            --bobex-table-header-background-color: #10375E;\n            --bobex-table-header-text-color: #FFFFFF;\n        '><th>Revenus<\/th><th>Majoration de la prime de base<\/th><th>Prime maximum                           <\/th><\/thead><tr><td>&lt; ou = \u00e0 <strong>26.900<\/strong> <strong>\u20ac<\/strong><\/td><td>Prime de base multipli\u00e9e par <strong>6<\/strong><\/td><td>26 \u20ac\/m\u00b2 * 6 \u27a1\ufe0f <strong>156 \u20ac\/m\u00b2<\/strong><\/td><\/tr><tr><td> entre <strong>26.900 \u20ac <\/strong>et<strong> 38.300 \u20ac<\/strong><\/td><td>Prime de base multipli\u00e9e par <strong>4<\/strong><\/td><td>26 \u20ac\/m\u00b2 * 4 \u27a1\ufe0f <strong>104<\/strong> <strong>\u20ac\/m\u00b2<\/strong><\/td><\/tr><tr><td>entre<strong> 38.300 \u20ac<\/strong> et <strong>50.600 \u20ac<\/strong><\/td><td>Prime de base multipli\u00e9e par <strong>3<\/strong><\/td><td>26 \u20ac\/m\u00b2 * 3 \u27a1\ufe0f <strong>78<\/strong> <strong>\u20ac\/m\u00b2<\/strong><\/td><\/tr><tr><td>entre <strong>50.600 \u20ac<\/strong> et <strong>114.400<\/strong>\u00a0<strong>\u20ac<\/strong><\/td><td>Prime de base multipli\u00e9e par <strong>2<\/strong><\/td><td>26 \u20ac\/m\u00b2 * 2 \u27a1\ufe0f <strong>52<\/strong> <strong>\u20ac\/m\u00b2<\/strong><\/td><\/tr>\n                <\/table>\n            <\/div>\n        \n\n\n<p>Pour \u00e9valuer vos besoins et d\u00e9couvrir les points faibles de votre maison en termes d\u2019insonorisation, vous pouvez toujours faire appel \u00e0 nos experts. Ceux-ci vous feront parvenir <strong>un devis gratuit et sans engagement<\/strong>, \u00e0 condition de remplir le formulaire ci-dessous.<\/p>\n\n\n<div id=\"ppp\" class=\"bob-form-wrapper\" data-ajax_url=\"https:\/\/www.bobex.be\/fr-be\/wp-admin\/admin-ajax.php\" data-fa_a=\"\" data-fa_b=\"\"><div class=\"loader\" aria-hidden=\"true\"><\/div>    <div>\n        <div class=\"row mx-auto mb-2\" style=\"max-width: 900px;\">\n            <div class=\"col-md-4\"><i class=\"mr-1 fas fa-check\" style=\"color:green;\"><\/i>Devis gratuits et rapides<\/div>\n            <div class=\"col-md-4\"><i class=\"mr-1 fas fa-check\" style=\"color:green;\"><\/i>Sans engagement et obligation<\/div>\n            <div class=\"col-md-4\"><i class=\"mr-1 fas fa-check\" style=\"color:green;\"><\/i>Professionnels agr\u00e9\u00e9s<\/div>\n        <\/div>\n    <\/div><div id=\"form-69ee432d572f7\" class=\"bob-form-container\" style=\"background-color: white; font-family: Roboto, sans-serif !important; font-size: 16px !important; color: #545454; box-shadow: 0 2px 10px rgba(0,0,0,0.1); --font_title: Poppins; --font_size_title: 20px; --title_bg_color: #175da6; --copyright_color: #fde8e1; --box_upload_color: #e5f2f7; padding:unset;\" data-form-type=\"inline\" data-form-id=\"69ee432d572f7\"><style>#form-69ee432d572f7 .bob-form-inline-question.even {\n  background-color: #e5f2f7;\n}\n#form-69ee432d572f7 .single_multiple.multiple_button {\n  background-color: #e5f2f7 !important;\n}\n#form-69ee432d572f7 .bob-form-inline-question--hidden {\n  display: none;\n}<\/style><div class=\"form-questions\"><form id=\"bob-form\" class=\"bob-form bob-form-tag\" method=\"post\" action=\"https:\/\/www.bobex.be\/fr-be\/wp-admin\/admin-ajax.php?action=bobex-form-validation\">    <div class=\"form-title\">\n        Formulez votre demande\n        <div class=\"form-title-info-line\">\n            R\u00e9pondez \u00e0 quelques questions et entrez en contact avec des sp\u00e9cialistes fiables. Nous vous demandons vos coordonn\u00e9es afin de s\u00e9lectionner les professionnels actifs dans votre r\u00e9gion.\n        <\/div>\n    <\/div><div class=\"form-questions bob-form-inline-question\"><div class=\"row\"><div class=\"question col-md-4\"><label>1*. Que d\u00e9sirez-vous installer ou remplacer?<\/label><\/div><div class=\"answer col-md-8\"><div class=\"bob-form-radio d-flex\"><input type=\"radio\" class=\"inline-radio\" id=\"69ee432d572f7-input-0-1\" data-unique-id=\"69ee432d572f7\" name=\"XML_extra_radio\" value=\"1\"  required=\"required\"><label for=\"69ee432d572f7-input-0-1\">Des fen\u00eatres (ch\u00e2ssis)<\/label><\/div><div class=\"bob-form-radio d-flex\"><input type=\"radio\" class=\"inline-radio\" id=\"69ee432d572f7-input-0-2\" data-unique-id=\"69ee432d572f7\" name=\"XML_extra_radio\" value=\"2\"  required=\"required\"><label for=\"69ee432d572f7-input-0-2\">Des portes<\/label><\/div><div class=\"bob-form-radio d-flex\"><input type=\"radio\" class=\"inline-radio\" id=\"69ee432d572f7-input-0-3\" data-unique-id=\"69ee432d572f7\" name=\"XML_extra_radio\" value=\"3\"  required=\"required\"><label for=\"69ee432d572f7-input-0-3\">Des fen\u00eatres et des portes<\/label><\/div><\/div><\/div><\/div><div class=\"form-questions bob-form-inline-question even\"><div class=\"row\"><div class=\"question col-md-4\"><label>2*. Quel type de fen\u00eatres (ou portes) d\u00e9sirez-vous?<\/label><\/div><div class=\"answer col-md-8\"><div class=\"bob-form-radio d-flex\"><input type=\"radio\" class=\"inline-radio\" id=\"69ee432d572f7-input-1-1\" data-unique-id=\"69ee432d572f7\" name=\"XML_extra_radio2\" value=\"1\"  required=\"required\"><label for=\"69ee432d572f7-input-1-1\">Fen\u00eatres (ou portes) en PVC<\/label><\/div><div class=\"bob-form-radio d-flex\"><input type=\"radio\" class=\"inline-radio\" id=\"69ee432d572f7-input-1-2\" data-unique-id=\"69ee432d572f7\" name=\"XML_extra_radio2\" value=\"2\"  required=\"required\"><label for=\"69ee432d572f7-input-1-2\">Fen\u00eatres (ou portes) en aluminium<\/label><\/div><div class=\"bob-form-radio d-flex\"><input type=\"radio\" class=\"inline-radio\" id=\"69ee432d572f7-input-1-3\" data-unique-id=\"69ee432d572f7\" name=\"XML_extra_radio2\" value=\"3\"  required=\"required\"><label for=\"69ee432d572f7-input-1-3\">Fen\u00eatres (ou portes) en bois<\/label><\/div><div class=\"bob-form-radio d-flex\"><input type=\"radio\" class=\"inline-radio\" id=\"69ee432d572f7-input-1-4\" data-unique-id=\"69ee432d572f7\" name=\"XML_extra_radio2\" value=\"4\"  required=\"required\"><label for=\"69ee432d572f7-input-1-4\">Je ne sais pas, conseillez-moi<\/label><\/div><\/div><\/div><\/div><div class=\"form-questions bob-form-inline-question\"><div class=\"row\"><div class=\"question col-md-4\"><label>3*. Combien de fen\u00eatres (ou portes) voulez-vous?<\/label><\/div><div class=\"answer col-md-8\"><div class=\"bob-form-radio d-flex\"><input type=\"radio\" class=\"inline-radio\" id=\"69ee432d572f7-input-2-1\" data-unique-id=\"69ee432d572f7\" name=\"XML_extra_radio3\" value=\"1\"  required=\"required\"><label for=\"69ee432d572f7-input-2-1\">1 ou 2<\/label><\/div><div class=\"bob-form-radio d-flex\"><input type=\"radio\" class=\"inline-radio\" id=\"69ee432d572f7-input-2-2\" data-unique-id=\"69ee432d572f7\" name=\"XML_extra_radio3\" value=\"2\"  required=\"required\"><label for=\"69ee432d572f7-input-2-2\">3 ou 4<\/label><\/div><div class=\"bob-form-radio d-flex\"><input type=\"radio\" class=\"inline-radio\" id=\"69ee432d572f7-input-2-3\" data-unique-id=\"69ee432d572f7\" name=\"XML_extra_radio3\" value=\"3\"  required=\"required\"><label for=\"69ee432d572f7-input-2-3\">5 \u00e0 9<\/label><\/div><div class=\"bob-form-radio d-flex\"><input type=\"radio\" class=\"inline-radio\" id=\"69ee432d572f7-input-2-4\" data-unique-id=\"69ee432d572f7\" name=\"XML_extra_radio3\" value=\"4\"  required=\"required\"><label for=\"69ee432d572f7-input-2-4\">10 \u00e0 15<\/label><\/div><div class=\"bob-form-radio d-flex\"><input type=\"radio\" class=\"inline-radio\" id=\"69ee432d572f7-input-2-5\" data-unique-id=\"69ee432d572f7\" name=\"XML_extra_radio3\" value=\"5\"  required=\"required\"><label for=\"69ee432d572f7-input-2-5\">Plus de 15<\/label><\/div><\/div><\/div><\/div><div class=\"form-questions bob-form-inline-question even\"><div class=\"d-flex flex-column\"><label class=\"question\" for=\"69ee432d572f7-input-3\">4. Description de votre projet<\/label><textarea class=\"bob-form-input\" name=\"XML_remarks\" id=\"69ee432d572f7-input-3\" data-unique-id=\"69ee432d572f7\"><\/textarea><\/div><\/div><div class=\"bob-inline-form bob-form-tag upload-box mb-3\">\n                    <div class=\"row\">\n                        <div class=\"col-md-12 mb-2 question\">Ajouter des photos ou des pi\u00e8ces jointes (en Option)<\/div>\n                        <div class=\"col-md-12\">\n                            <div class=\"box__input\" style=\"background-color: #e5f2f7;\"\n                                 ondrop=\"drop(event)\"\n                                 ondragover=\"allowDrop(event)\"\n                                 ondragleave=\"removeDropFx(event)\"\n                                >\n                                <input type=\"file\"\n                                       class=\"file__input\"\n                                       name=\"attachments[]\"\n                                       id=\"attachments\"\n                                       multiple=\"multiple\"\n                                       accept=\"image\/jpeg, image\/png, image\/gif, application\/pdf\"\n                                       data-multiple-caption=\"{count} files selected\">\n                                <div>\n                                    <label for=\"attachments\"><strong>S\u00e9lectionnez un fichier <\/strong>ou glissez-le ici<\/label>\n                                    <span class=\"box__button bobex-round-cta m-1 py-1\"\n                                          style=\"mix-blend-mode: luminosity\">\n                                        <i class=\"fas fa-cloud-upload-alt text-white\"><\/i>\n                                        T\u00e9l\u00e9charger\n                                    <\/span>\n                                <\/div>\n            \n                                <div class=\"row preview_wrapper m-0\"><\/div>\n                            <\/div>\n            \n                            <div class=\"box__uploading\">Uploading\u2026<\/div>\n                            <div class=\"box__success\">Done!<\/div>\n                            <div class=\"box__error\">Error! <span><\/span>.<\/div>\n                        <\/div>\n                    <\/div>\n                <\/div>    <div class=\"form-title\">\n        Vos donn\u00e9es\n    <\/div><div class=\"bob-form-contact-data\" style=\"padding: 20px\"><div class=\"row lead-info\"><div class=\"col-md-6 mb-3\">  <div class=\"form-group\">    <input value=\"\" type=\"text\" class=\"form-control\" id=\"firstName\" name=\"firstName\" placeholder=\"Pr\u00e9nom\" required>    <div class=\"valid-feedback\">Enchant\u00e9 !<\/div>    <div class=\"invalid-feedback\">Veuillez indiquer votre pr\u00e9nom<\/div>  <\/div><\/div><div class=\"col-md-6 mb-3\">  <div class=\"form-group\">    <input value=\"\" type=\"text\" class=\"form-control\" id=\"lastName\" name=\"lastName\" placeholder=\"Nom\" required>    <div class=\"valid-feedback\">Sympa<\/div>    <div class=\"invalid-feedback\">Veuillez indiquer votre nom de famille<\/div>  <\/div><\/div><div class=\"col-md-12 mb-3\">  <div class=\"form-group\">    <input value=\"\" type=\"email\" class=\"form-control\" id=\"email\" name=\"email\" placeholder=\"E-mail\" required style=\"max-width: unset;\">    <div class=\"valid-feedback\">C&rsquo;est tout bon<\/div>    <div class=\"invalid-feedback\">Veuillez indiquer une adresse e-mail valide<\/div>  <\/div><\/div><div class=\"col-md-12 mb-3\">  <div class=\"form-group\">    <input value=\"\" type=\"tel\" class=\"form-control\" id=\"phone\" name=\"phone\" placeholder=\"T\u00e9l\u00e9phone\" required style=\"max-width: unset;\">    <div class=\"valid-feedback\">Parfait<\/div>    <div class=\"invalid-feedback\">Veuillez indiquer un num\u00e9ro de t\u00e9l\u00e9phone valide<\/div>  <\/div><\/div><div class=\"col-md-12 mb-3\">  <div class=\"form-group\">    <input value=\"\" type=\"text\" class=\"form-control\" id=\"companyAddress\" name=\"companyAddress\" placeholder=\"Adresse\" required style=\"max-width: unset;\">    <div class=\"valid-feedback\">C&rsquo;est not\u00e9<\/div>    <div class=\"invalid-feedback\">Veuillez indiquer une adresse valide<\/div>  <\/div><\/div><div class=\"col-md-6 mb-3\">  <div class=\"form-group\">    <input value=\"\" type=\"text\" class=\"form-control\" id=\"companyPostalCode\" name=\"companyPostalCode\" placeholder=\"Code postal\" required>    <div class=\"valid-feedback\">Excellent !<\/div>    <div class=\"invalid-feedback\">Veuillez indiquer un code postal valide<\/div>  <\/div><\/div><div class=\"col-md-6 mb-3\">  <div class=\"form-group\">    <input value=\"\" type=\"text\" class=\"form-control\" id=\"companyCity\" name=\"companyCity\" placeholder=\"Ville\" required>    <div class=\"valid-feedback\">Bien jou\u00e9<\/div>    <div class=\"invalid-feedback\">Veuillez indiquer une ville valide<\/div>  <\/div><\/div><div class=\"d-flex mt-3\"><input name=\"promoOptin\" value=\"true\" id=\"promoOptin\" type=\"checkbox\" class=\"me-2\" style=\"width: unset\"><label for=\"promoOptin\">Je souhaite rester inform\u00e9 de ma demande et recevoir des conseils pratiques (fortement recommand\u00e9 !) <\/label><\/div><\/div><\/div><input type=\"hidden\" class=\"session_var\" name=\"newform\" value=\"true\"><input type=\"hidden\" class=\"session_var\" name=\"lead-validation-nonce\" value=\"41d7a89e42\"><input type=\"hidden\" class=\"session_var\" name=\"aff\" value=\"minisite\"><input type=\"hidden\" class=\"session_var\" name=\"utm_source\" value=\"https:\/\/www.bobex.be\/fr-be\/wp-json\/v2\/content\/104497\"><input type=\"hidden\" class=\"session_var\" name=\"bobx\" value=\"\"><input type=\"hidden\" class=\"session_var\" name=\"sessionType\" value=\"B2C\"><input type=\"hidden\" class=\"session_var\" name=\"utm_medium\" value=\"web\"><input type=\"hidden\" class=\"session_var\" name=\"utm_campaign\" value=\"search\"><input type=\"hidden\" class=\"session_var\" name=\"rem_source\" value=\"https:\/\/www.bobex.be\/fr-be\/chassis-portes-et-fenetres\/isolation-acoustique\/\"><input type=\"hidden\" class=\"session_var\" name=\"pixel_id\" value=\"-1\"><input type=\"hidden\" class=\"session_var\" name=\"tabo_id\" value=\"-1\"><input type=\"hidden\" class=\"session_var\" name=\"click_id\" value=\"-1\"><input type=\"hidden\" class=\"session_var\" name=\"gclid\" value=\"-1\"><input type=\"hidden\" class=\"session_var\" name=\"msclkid\" value=\"-1\"><input type=\"hidden\" class=\"session_var\" name=\"past_aff\" value=\"bobex\"><input type=\"hidden\" class=\"session_var\" name=\"redirectTo\" value=\"BE\"><input type=\"hidden\" class=\"session_var\" name=\"is_type_id\" value=\"true\"><input type=\"hidden\" class=\"session_var\" name=\"typeid\" value=\"11452\"><input type=\"hidden\" class=\"session_var\" name=\"companyType\" value=\"label.companytype.consumer\"><input type=\"hidden\" class=\"session_var\" name=\"input_names\" value=\"XML_extra_radio,XML_extra_radio2,XML_extra_radio3,XML_remarks\"><input type=\"hidden\" class=\"form_context\" value=\"BE\"><img decoding=\"async\" class=\"bobex-pixel\" src=\"\" alt=\"\" style=\"display:none\" \/>    <div class=\"bob-form-submit d-flex justify-content-center\">\n        <button type=\"submit\" class=\"form-submit\" style=\"background-color: #F1653A; color: white; border: none !important; border-radius: 5px !important; font-family: Roboto, sans-serif; font-size: 16px;\">\n            Demander un devis\n        <\/button>\n    <\/div>    <div class=\"bob-inline-form form-footer\" style=\"border-radius: 0 0 10px 10px\">\n        <div class=\"bob-form-privacy-text\">\n            <div style=\"float:left;\"><i class=\"fa fa-lock\"><\/i><\/div>\n            <div class=\"ms-2\">\n                <div style='padding-left: 15px;font-size: 0.8em !important;z-index: 10;'><b>Nous respectons votre vie priv\u00e9e<\/b><br> Conform\u00e9ment \u00e0 la loi du 8\/12\/1992 relative \u00e0 la protection de la vie priv\u00e9e, vous disposez d&rsquo;un droit d&rsquo;acc\u00e8s et de rectification \u00e0 vos donn\u00e9es. Pour en savoir plus, consultez notre <span class=\"link_ob\" data-link=\"aHR0cHM6Ly93d3cuYm9iZXguYmUvZnItYmUvcHJvdGVjdGlvbi1kZS1sYS12aWUtcHJpdmVlLw==\" target=\"_blank\">charte sur la vie priv\u00e9e<\/span>.<\/div>\n                \n            <\/div>\n        <\/div>\n    <\/div><\/form><\/div><div class=\"multiple_mini hidden\" data-lead_id=\"\"><p class=\"multiple-title\">Merci d&rsquo;avoir pris le temps de remplir ce formulaire<\/p><p>Nous vous contacterons d\u00e8s que possible pour vous orienter vers le meilleur sp\u00e9cialiste correspondant \u00e0 votre demande.<\/p><div class=\"multiple_wrapper\"><div class=\"loader\"><\/div><p class=\"multiple-title\">Vous cherchez d&rsquo;autres services ?<\/p><p class=\"multiple_text\">Vous souhaitez comparer d&rsquo;autres devis ou explorer d&rsquo;autres services ? Faites-le nous savoir et nous vous mettrons rapidement en relation<\/p><div class=\"multiple_container\"><div class=\"single_multiple multiple_button\" data-typeid=\"11984\"><i class=\"fa-3x cat icon-11984\"><\/i><span class=\"multiple_name\">V\u00e9randa, pergola, orangerie<\/span><\/div><div class=\"single_multiple multiple_button\" data-typeid=\"11972\"><i class=\"fa-3x cat icon-11972\"><\/i><span class=\"multiple_name\">Portails<\/span><\/div><div class=\"single_multiple multiple_button\" data-typeid=\"11461\"><i class=\"fa-3x cat icon-11461\"><\/i><span class=\"multiple_name\">Traitement de l&rsquo;humidit\u00e9<\/span><\/div><div class=\"single_multiple multiple_button\" data-typeid=\"11427\"><i class=\"fa-3x cat icon-11427\"><\/i><span class=\"multiple_name\">Isolation<\/span><\/div><div class=\"single_multiple multiple_button\" data-typeid=\"11364\"><i class=\"fa-3x cat icon-11364\"><\/i><span class=\"multiple_name\">Panneaux solaires<\/span><\/div><div class=\"single_multiple multiple_button\" data-typeid=\"11406\"><i class=\"fa-3x cat icon-11406\"><\/i><span class=\"multiple_name\">Syst\u00e8me d&rsquo;alarme<\/span><\/div><div class=\"single_multiple hidden multiple_button\" data-typeid=\"100048\"><i class=\"fa-3x fad fa-window-frame\"><\/i><span class=\"multiple_name\">Moustiquaires<\/span><\/div><div class=\"single_multiple hidden multiple_button\" data-typeid=\"11962\"><i class=\"fa-3x cat icon-11962\"><\/i><span class=\"multiple_name\">Travaux de toiture<\/span><\/div><div class=\"single_multiple hidden multiple_button\" data-typeid=\"11986\"><i class=\"fa-3x cat icon-11986\"><\/i><span class=\"multiple_name\">Travaux r\u00e9novation de fa\u00e7ades<\/span><\/div><div class=\"single_multiple hidden multiple_button\" data-typeid=\"11982\"><i class=\"fa-3x cat icon-11982\"><\/i><span class=\"multiple_name\">Adoucisseur d&rsquo;eau<\/span><\/div><\/div><\/div><\/div><\/div><\/div>","protected":false},"featured_media":0,"parent":0,"template":"","meta":{"business":"44176","footnotes":""},"class_list":["post-104497","content","type-content","status-publish","hentry"],"_links":{"self":[{"href":"https:\/\/www.bobex.be\/fr-be\/wp-json\/wp\/v2\/content\/104497","targetHints":{"allow":["GET"]}}],"collection":[{"href":"https:\/\/www.bobex.be\/fr-be\/wp-json\/wp\/v2\/content"}],"about":[{"href":"https:\/\/www.bobex.be\/fr-be\/wp-json\/wp\/v2\/types\/content"}],"version-history":[{"count":8,"href":"https:\/\/www.bobex.be\/fr-be\/wp-json\/wp\/v2\/content\/104497\/revisions"}],"predecessor-version":[{"id":204545,"href":"https:\/\/www.bobex.be\/fr-be\/wp-json\/wp\/v2\/content\/104497\/revisions\/204545"}],"wp:attachment":[{"href":"https:\/\/www.bobex.be\/fr-be\/wp-json\/wp\/v2\/media?parent=104497"}],"curies":[{"name":"wp","href":"https:\/\/api.w.org\/{rel}","templated":true}]}}