{"id":104107,"date":"2022-08-16T11:14:58","date_gmt":"2022-08-16T11:14:58","guid":{"rendered":"https:\/\/www.bobex.be\/fr-be\/?post_type=content&#038;p=104107"},"modified":"2025-07-07T07:31:24","modified_gmt":"2025-07-07T07:31:24","slug":"prime-chassis-region-wallonne","status":"publish","type":"content","link":"https:\/\/www.bobex.be\/fr-be\/chassis-portes-et-fenetres\/prime-chassis-region-wallonne\/","title":{"rendered":"Prime ch\u00e2ssis en Wallonie sans audit logement : conditions et montants en 2026"},"content":{"rendered":"\n<div id=\"ez-toc-container\" class=\"ez-toc-v2_0_82_2 counter-hierarchy ez-toc-counter ez-toc-grey ez-toc-container-direction\">\n<div class=\"ez-toc-title-container\">\n<p class=\"ez-toc-title\" style=\"cursor:inherit\">Sommaire<\/p>\n<span class=\"ez-toc-title-toggle\"><a href=\"#\" class=\"ez-toc-pull-right ez-toc-btn ez-toc-btn-xs ez-toc-btn-default ez-toc-toggle\" aria-label=\"Toggle Table of Content\"><span class=\"ez-toc-js-icon-con\"><span class=\"\"><span class=\"eztoc-hide\" style=\"display:none;\">Toggle<\/span><span class=\"ez-toc-icon-toggle-span\"><svg style=\"fill: #999;color:#999\" xmlns=\"http:\/\/www.w3.org\/2000\/svg\" class=\"list-377408\" width=\"20px\" height=\"20px\" viewBox=\"0 0 24 24\" fill=\"none\"><path d=\"M6 6H4v2h2V6zm14 0H8v2h12V6zM4 11h2v2H4v-2zm16 0H8v2h12v-2zM4 16h2v2H4v-2zm16 0H8v2h12v-2z\" fill=\"currentColor\"><\/path><\/svg><svg style=\"fill: #999;color:#999\" class=\"arrow-unsorted-368013\" xmlns=\"http:\/\/www.w3.org\/2000\/svg\" width=\"10px\" height=\"10px\" viewBox=\"0 0 24 24\" version=\"1.2\" baseProfile=\"tiny\"><path d=\"M18.2 9.3l-6.2-6.3-6.2 6.3c-.2.2-.3.4-.3.7s.1.5.3.7c.2.2.4.3.7.3h11c.3 0 .5-.1.7-.3.2-.2.3-.5.3-.7s-.1-.5-.3-.7zM5.8 14.7l6.2 6.3 6.2-6.3c.2-.2.3-.5.3-.7s-.1-.5-.3-.7c-.2-.2-.4-.3-.7-.3h-11c-.3 0-.5.1-.7.3-.2.2-.3.5-.3.7s.1.5.3.7z\"\/><\/svg><\/span><\/span><\/span><\/a><\/span><\/div>\n<nav><ul class='ez-toc-list ez-toc-list-level-1 eztoc-toggle-hide-by-default' ><li class='ez-toc-page-1 ez-toc-heading-level-2'><a class=\"ez-toc-link ez-toc-heading-1\" href=\"https:\/\/www.bobex.be\/fr-be\/chassis-portes-et-fenetres\/prime-chassis-region-wallonne\/#Prime_habitation_fin_des_primes_%E2%80%9CToitures_et_Petits_Travaux%E2%80%9D_sans_audit\" >Prime habitation : fin des primes \u201cToitures et Petits Travaux\u201d sans audit<\/a><\/li><li class='ez-toc-page-1 ez-toc-heading-level-2'><a class=\"ez-toc-link ez-toc-heading-2\" href=\"https:\/\/www.bobex.be\/fr-be\/chassis-portes-et-fenetres\/prime-chassis-region-wallonne\/#Primes_energie_2025_Ce_quil_faut_savoir_region_par_region\" >Primes \u00e9nergie 2025 : Ce qu\u2019il faut savoir r\u00e9gion par r\u00e9gion<\/a><\/li><li class='ez-toc-page-1 ez-toc-heading-level-2'><a class=\"ez-toc-link ez-toc-heading-3\" href=\"https:\/\/www.bobex.be\/fr-be\/chassis-portes-et-fenetres\/prime-chassis-region-wallonne\/#Quel_est_le_montant_de_la_prime_en_2026_avec_audit\" >Quel est le montant de la prime en 2026 avec audit ?<\/a><ul class='ez-toc-list-level-3' ><li class='ez-toc-heading-level-3'><a class=\"ez-toc-link ez-toc-heading-4\" href=\"https:\/\/www.bobex.be\/fr-be\/chassis-portes-et-fenetres\/prime-chassis-region-wallonne\/#Le_montant_de_la_prime_selon_le_type_de_travaux\" >Le montant de la prime selon le type de travaux<\/a><\/li><li class='ez-toc-page-1 ez-toc-heading-level-3'><a class=\"ez-toc-link ez-toc-heading-5\" href=\"https:\/\/www.bobex.be\/fr-be\/chassis-portes-et-fenetres\/prime-chassis-region-wallonne\/#Le_montant_de_la_prime_selon_vos_revenus\" >Le montant de la prime selon vos revenus<\/a><\/li><\/ul><\/li><li class='ez-toc-page-1 ez-toc-heading-level-2'><a class=\"ez-toc-link ez-toc-heading-6\" href=\"https:\/\/www.bobex.be\/fr-be\/chassis-portes-et-fenetres\/prime-chassis-region-wallonne\/#Exemple_de_calcul\" >Exemple de calcul<\/a><\/li><li class='ez-toc-page-1 ez-toc-heading-level-2'><a class=\"ez-toc-link ez-toc-heading-7\" href=\"https:\/\/www.bobex.be\/fr-be\/chassis-portes-et-fenetres\/prime-chassis-region-wallonne\/#Quelles_sont_les_conditions_pour_beneficier_des_aides_a_la_renovation_pour_changer_ses_portes_et_fenetres_en_region_wallonne\" >Quelles sont les conditions pour b\u00e9n\u00e9ficier des aides \u00e0 la r\u00e9novation pour changer ses portes et fen\u00eatres en r\u00e9gion wallonne ?<\/a><ul class='ez-toc-list-level-3' ><li class='ez-toc-heading-level-3'><a class=\"ez-toc-link ez-toc-heading-8\" href=\"https:\/\/www.bobex.be\/fr-be\/chassis-portes-et-fenetres\/prime-chassis-region-wallonne\/#Conditions_liees_au_demandeur_de_la_prime_chassis\" >Conditions li\u00e9es au demandeur de la prime ch\u00e2ssis<\/a><\/li><li class='ez-toc-page-1 ez-toc-heading-level-3'><a class=\"ez-toc-link ez-toc-heading-9\" href=\"https:\/\/www.bobex.be\/fr-be\/chassis-portes-et-fenetres\/prime-chassis-region-wallonne\/#Conditions_liees_au_logement\" >Conditions li\u00e9es au logement<\/a><\/li><li class='ez-toc-page-1 ez-toc-heading-level-3'><a class=\"ez-toc-link ez-toc-heading-10\" href=\"https:\/\/www.bobex.be\/fr-be\/chassis-portes-et-fenetres\/prime-chassis-region-wallonne\/#Conditions_techniques_liees_a_la_demande_de_prime_chassis\" >Conditions techniques li\u00e9es \u00e0 la demande de prime ch\u00e2ssis<\/a><\/li><li class='ez-toc-page-1 ez-toc-heading-level-3'><a class=\"ez-toc-link ez-toc-heading-11\" href=\"https:\/\/www.bobex.be\/fr-be\/chassis-portes-et-fenetres\/prime-chassis-region-wallonne\/#Mon_espace_Wallonie\" >Mon espace Wallonie<\/a><\/li><\/ul><\/li><li class='ez-toc-page-1 ez-toc-heading-level-2'><a class=\"ez-toc-link ez-toc-heading-12\" href=\"https:\/\/www.bobex.be\/fr-be\/chassis-portes-et-fenetres\/prime-chassis-region-wallonne\/#Alors_pret_a_entamer_des_travaux_de_renovation_Trouvez_un_professionnel_pour_remplacer_vos_chassis\" >Alors, pr\u00eat \u00e0 entamer des travaux de r\u00e9novation ? Trouvez un professionnel pour remplacer vos ch\u00e2ssis !<\/a><\/li><li class='ez-toc-page-1 ez-toc-heading-level-2'><a class=\"ez-toc-link ez-toc-heading-13\" href=\"https:\/\/www.bobex.be\/fr-be\/chassis-portes-et-fenetres\/prime-chassis-region-wallonne\/#Questions_frequemment_posees_a_propos_de_la_demande_des_primes_des_chassis_en_region_wallonne\" >Questions fr\u00e9quemment pos\u00e9es \u00e0 propos de la demande des primes &amp; des ch\u00e2ssis en r\u00e9gion wallonne<\/a><ul class='ez-toc-list-level-3' ><li class='ez-toc-heading-level-3'><a class=\"ez-toc-link ez-toc-heading-14\" href=\"https:\/\/www.bobex.be\/fr-be\/chassis-portes-et-fenetres\/prime-chassis-region-wallonne\/#Pourquoi_est-il_interessant_de_remplacer_ses_chassis\" >Pourquoi est-il int\u00e9ressant de remplacer ses ch\u00e2ssis ?<\/a><\/li><li class='ez-toc-page-1 ez-toc-heading-level-3'><a class=\"ez-toc-link ez-toc-heading-15\" href=\"https:\/\/www.bobex.be\/fr-be\/chassis-portes-et-fenetres\/prime-chassis-region-wallonne\/#Quel_est_le_montant_des_primes_chassis_a_Bruxelles\" >Quel est le montant des primes ch\u00e2ssis \u00e0\u00a0Bruxelles\u00a0?<\/a><\/li><li class='ez-toc-page-1 ez-toc-heading-level-3'><a class=\"ez-toc-link ez-toc-heading-16\" href=\"https:\/\/www.bobex.be\/fr-be\/chassis-portes-et-fenetres\/prime-chassis-region-wallonne\/#Y_a_t-il_des_primes_pour_lisolation_le_chauffage_et_la_toiture_en_region_wallonne\" >Y a t-il des primes pour l&rsquo;isolation, le chauffage et la toiture en r\u00e9gion wallonne ?<\/a><\/li><\/ul><\/li><\/ul><\/nav><\/div>\n<h2 class=\"wp-block-heading\"><span class=\"ez-toc-section\" id=\"Prime_habitation_fin_des_primes_%E2%80%9CToitures_et_Petits_Travaux%E2%80%9D_sans_audit\"><\/span>Prime habitation : fin des primes \u201cToitures et Petits Travaux\u201d sans audit<span class=\"ez-toc-section-end\"><\/span><\/h2>\n\n\n\n<figure class=\"wp-block-image size-large\"><img decoding=\"async\" width=\"1024\" height=\"538\" src=\"https:\/\/www.bobex.be\/wp-uploads\/sites\/2\/oiture-1024x538.jpg\" alt=\"toiture d'une maison sous ciel bleu\" class=\"wp-image-202779\"\/><\/figure>\n\n\n\n<p>Les primes \u201c<strong>Toiture et Petits Travaux<\/strong> \u201d et \u00ab\u00a0<strong>chauffage<\/strong>\u00a0\u00bb ont pris&nbsp;<strong>fin ce 14 f\u00e9vrier 2025<\/strong>. Si vous avez introduit votre demande avant cette date, l\u2019Administration vous enverra un accus\u00e9 de r\u00e9ception end\u00e9ans les 15 jours pour l\u2019envoi papier, imm\u00e9diatement pour l\u2019envoi par e-mail. Vous pouvez encore introduire votre demande&nbsp;<strong>jusqu\u2019au 28 f\u00e9vrier, 23h59<\/strong>&nbsp;tant que vous respectez les conditions d\u2019\u00e9ligibilit\u00e9 et que vos travaux de r\u00e9novation ont commenc\u00e9 avant le 14 f\u00e9vrier 2025.<\/p>\n\n\n\n<p>D\u00e9sormais, les <strong>travaux de r\u00e9novation<\/strong>, y compris ceux concernant la toiture, sont \u00e9ligibles aux&nbsp;<strong>primes Habitation 2025<\/strong>. Pour b\u00e9n\u00e9ficier de ces primes, un audit pr\u00e9alable r\u00e9alis\u00e9 par un auditeur agr\u00e9\u00e9 est g\u00e9n\u00e9ralement requis. Cependant, pour les travaux relatifs \u00e0 la toiture et \u00e0 l\u2019isolation thermique du toit ou des combles, il n\u2019est pas obligatoire de r\u00e9aliser un audit. Ce r\u00e9gime restera en vigueur jusqu&rsquo;au <strong>30 septembre 2026<\/strong>. \u00c0 l\u2019automne 2026, un nouveau r\u00e9gime est pr\u00e9vu pour le remplacer.<\/p>\n\n\n<div class='bobex-cta-block' style='\n            --button-bg-color: #e13c0e;\n            --button-text-color: #ffffff;\n            --banner-bg-color: #aad4e6;\n            --arrow-main-bg-color: #aad4e6;\n            --arrow-secondary-bg-color: #e5f2f7;\n            --banner-title-color: #10375e;\n            --arrow-title-color: #10375e;\n            --banner-text-color: #545454;\n            --arrow-text-color: #545454;         \n            --invert-range: 0deg;\n        '><a class='cta-button-rounded' href='#ppp'>Comparez plusieurs offres et \u00e9conomisez sur vos nouveaux ch\u00e2ssis, devis 100 % gratuit !<\/a><\/div>\n\n\n<h2 class=\"wp-block-heading\"><span class=\"ez-toc-section\" id=\"Primes_energie_2025_Ce_quil_faut_savoir_region_par_region\"><\/span>Primes \u00e9nergie 2025 : Ce qu\u2019il faut savoir r\u00e9gion par r\u00e9gion<span class=\"ez-toc-section-end\"><\/span><\/h2>\n\n\n\n            <div class=\"bobex-highlight-global-div\" style=\"\n            --line-color: #17518d;\n            --bg-color: #e5f2f7;\n            --content-color:#10375e;\n            --title-color: #10375e;\n        \">\n                    <div class=\"bobex-highlight-block__border\">\n                        <div class=\"bobex--block_highlight_content-area\">\n                            <p class=\"bobex-block-highlight-title\"><\/p>\n                            <p class=\"bobex-block-highlight-content\">\n                            \t<div>\n<div class=\"wp-block-bobex-highlight\">\n<ul class=\"wp-block-list\">\n<li><em>\u00c0 <strong>Bruxelles<\/strong>, les <a href=\"https:\/\/www.bobex.be\/fr-be\/chassis-portes-et-fenetres\/prime-chassis-bruxelles\/\" data-type=\"link\" data-id=\"https:\/\/www.bobex.be\/fr-be\/chassis-portes-et-fenetres\/prime-chassis-bruxelles\/\" target=\"_blank\" rel=\"noreferrer noopener\">primes <strong>RENOLUTION<\/strong><\/a> sont pour l\u2019instant <strong>suspendues<\/strong>. Les bruxellois doivent attendre une d\u00e9cision du nouveau gouvernement sur le syst\u00e8mes de primes 2025. Aucune demande de prime avec une facture <strong>dat\u00e9e de 2025 <\/strong>ne peut \u00eatre introduite<\/em>. \u27a1\ufe0f&nbsp;<em>Si votre facture est dat\u00e9e de 2024, vous pourrez introduire une demande de prime RENOLUTION si vous r\u00e9pondez aux conditions d\u2019\u00e9ligibilit\u00e9.<\/em><\/li>\n<\/ul>\n\n\n\n<ul class=\"wp-block-list\">\n<li><em>En <strong>Wallonie<\/strong>, un r\u00e9gime de soutien <strong>temporaire<\/strong> de primes<\/em>&nbsp;<em>\u00e0 la r\u00e9novation \u00e9nerg\u00e9tique est entr\u00e9 en vigueur le 14 f\u00e9vrier 2025, jusqu\u2019au 30 septembre 2026.<\/em><\/li>\n<\/ul>\n\n\n\n<ul class=\"wp-block-list\">\n<li><em>En <strong>Flandre<\/strong>, les primes \u00e0 la r\u00e9novation <strong>Mijn VerbouwPremie<\/strong> sont disponibles et les montants ont \u00e9t\u00e9 revus pour l\u2019ann\u00e9e 2025<\/em><\/li>\n<\/ul>\n<\/div>\n<\/div>\n                            <\/p>\n                        <\/div>\n                    <\/div>\n            <\/div>\n        \n\n\n<p>Depuis le\u00a0<strong>14 f\u00e9vrier 2025,<\/strong>\u00a0il n\u2019y a plus de prime \u201cToiture et Petits Travaux\u201d\u00a0<strong>sans audit logement<\/strong>. Si vous souhaitez <a href=\"https:\/\/www.bobex.be\/fr-be\/chassis-portes-et-fenetres\/remplacement-fenetres\/\" data-type=\"link\" data-id=\"https:\/\/www.bobex.be\/fr-be\/chassis-portes-et-fenetres\/remplacement-fenetres\/\" target=\"_blank\" rel=\"noreferrer noopener nofollow\">remplacer vos fen\u00eatres<\/a>, menuiseries ou ch\u00e2ssis, vous devez imp\u00e9rativement r\u00e9aliser un audit logement\u00a0<strong>par un auditeur agr\u00e9\u00e9\u00a0<\/strong>par la r\u00e9gion wallonne. Selon le gouvernement wallon, le montant de la prime d\u00e9pend de plusieurs \u00e9l\u00e9ments, principalement :<\/p>\n\n\n\n<ol class=\"wp-block-list\">\n<li><strong>Le type de travaux r\u00e9alis\u00e9s<\/strong><\/li>\n\n\n\n<li><strong>Votre cat\u00e9gorie de revenus<\/strong><\/li>\n<\/ol>\n\n\n\n            <div class=\"bobex-lightblock-maindiv\" style=\"\n            --content-color:#5c5c5c;\n        \">\n                <div class=\"bobex-tip-light-block__icon-area\">\n                    <div class=\"bobex-tip-light-icon-container\">\n                        <img decoding=\"async\" src=\"https:\/\/www.bobex.be\/fr-be\/wp-content\/plugins\/bobex-blocks\/img\/advice.png \" alt=\"advice-icon\" class=\"bobex-tip-light-block__tipsBlueLogo\"\/>\n                    <\/div>\n                <\/div>\n                <div class=\"bobex-tip-light-block__content-area\">\n                    <p class=\"bobex-block-tips-content\"><\/p>\n                    <div>\n<div class=\"wp-block-bobex-advice-light\">\n<p><strong>Les montants des primes ont \u00e9t\u00e9 ajust\u00e9s par rapport \u00e0 2023 et ont \u00e9t\u00e9 r\u00e9duits de 60% en moyenne.&nbsp;<\/strong><\/p>\n<\/div>\n<\/div>\n                <\/div>\n            <\/div>\n        \n\n\n<h2 class=\"wp-block-heading\"><span class=\"ez-toc-section\" id=\"Quel_est_le_montant_de_la_prime_en_2026_avec_audit\"><\/span>Quel est le montant de la prime en 2026 avec audit ?<span class=\"ez-toc-section-end\"><\/span><\/h2>\n\n\n\n<figure class=\"wp-block-image size-large\"><img decoding=\"async\" width=\"1024\" height=\"538\" src=\"https:\/\/www.bobex.be\/wp-uploads\/sites\/2\/oiture-2-1024x538.jpg\" alt=\"Des outils pour faire des travaux\" class=\"wp-image-202782\"\/><\/figure>\n\n\n\n<h3 class=\"wp-block-heading\"><span class=\"ez-toc-section\" id=\"Le_montant_de_la_prime_selon_le_type_de_travaux\"><\/span><strong>Le montant de la prime selon le type de travaux<\/strong><span class=\"ez-toc-section-end\"><\/span><\/h3>\n\n\n\n<p>Le montant de base de la prime varie en fonction des travaux effectu\u00e9s. Dans le cas des ch\u00e2ssis,&nbsp;<strong>26 \u20ac par m\u00b2<\/strong>&nbsp;de menuiseries ou vitrages ext\u00e9rieurs remplac\u00e9s avec un montant pouvant aller jusqu\u2019\u00e0<strong>&nbsp;maximum 70 % de la facture totale<\/strong>. Voici quelques exemples de montants de base applicables pour certains travaux de la prime Habitation temporaire :<\/p>\n\n\n\n<p>* Pour b\u00e9n\u00e9ficier de la prime pour le <strong>remplacement des menuiseries ext\u00e9rieures<\/strong> (<a href=\"https:\/\/www.bobex.be\/fr-be\/chassis-portes-et-fenetres\/chassis-en-bois\/\" data-type=\"link\" data-id=\"https:\/\/www.bobex.be\/fr-be\/chassis-portes-et-fenetres\/chassis-en-bois\/\" target=\"_blank\" rel=\"noreferrer noopener\">ch\u00e2ssis en bois<\/a>, <a href=\"https:\/\/www.bobex.be\/fr-be\/chassis-portes-et-fenetres\/chassis-aluminium\/\" data-type=\"link\" data-id=\"https:\/\/www.bobex.be\/fr-be\/chassis-portes-et-fenetres\/chassis-aluminium\/\" target=\"_blank\" rel=\"noreferrer noopener\">ch\u00e2ssis en aluminium<\/a>, <a href=\"https:\/\/www.bobex.be\/fr-be\/chassis-portes-et-fenetres\/chassis-pvc\/\" data-type=\"link\" data-id=\"https:\/\/www.bobex.be\/fr-be\/chassis-portes-et-fenetres\/chassis-pvc\/\" target=\"_blank\" rel=\"noreferrer noopener\">ch\u00e2ssis PVC<\/a> et vitrages), il est imp\u00e9ratif que les nouvelles installations respectent des crit\u00e8res stricts en mati\u00e8re d\u2019isolation thermique.<\/p>\n\n\n\n<ul class=\"wp-block-list\">\n<li><strong>Uw (U window) \u2264 1,50 W\/m\u00b2K<\/strong> : Cette valeur repr\u00e9sente la performance thermique moyenne de l\u2019ensemble du ch\u00e2ssis (cadre + vitrage). Plus elle est basse, plus l\u2019isolation est efficace.<\/li>\n\n\n\n<li><strong>Ug (U glass) ou Utp (U transparent) \u2264 1,10 W\/m\u00b2K<\/strong> : Ces valeurs indiquent la performance thermique sp\u00e9cifique du vitrage seul.<\/li>\n\n\n\n<li><strong>Norme NBN S23-002 <\/strong>: Les vitrages doivent r\u00e9pondre \u00e0 cette norme de s\u00e9curit\u00e9 qui garantit leur r\u00e9sistance aux chocs et leur durabilit\u00e9.<\/li>\n<\/ul>\n\n\n\n            <div class=\"bobex-lightblock-maindiv\" style=\"\n            --content-color:#5c5c5c;\n        \">\n                <div class=\"bobex-tip-light-block__icon-area\">\n                    <div class=\"bobex-tip-light-icon-container\">\n                        <img decoding=\"async\" src=\"https:\/\/www.bobex.be\/fr-be\/wp-content\/plugins\/bobex-blocks\/img\/advice.png \" alt=\"advice-icon\" class=\"bobex-tip-light-block__tipsBlueLogo\"\/>\n                    <\/div>\n                <\/div>\n                <div class=\"bobex-tip-light-block__content-area\">\n                    <p class=\"bobex-block-tips-content\"><\/p>\n                    <div>\n<div class=\"wp-block-bobex-advice-light\">\n<p>Pour <strong>b\u00e9n\u00e9ficier<\/strong> de ces primes, nous vous conseillons de v\u00e9rifier les <strong>conditions d\u2019\u00e9ligibilit\u00e9 <\/strong>aupr\u00e8s de votre R\u00e9gion.<\/p>\n<\/div>\n<\/div>\n                <\/div>\n            <\/div>\n        \n\n\n                <div class='bobex-cta-block' style='\n            --button-bg-color: #e13c0e;\n            --button-text-color: #ffffff;\n            --banner-bg-color: #aad4e6;\n            --arrow-main-bg-color: #aad4e6;\n            --arrow-secondary-bg-color: #e5f2f7;\n            --banner-title-color: #10375e;\n            --arrow-title-color: #10375e;\n            --banner-text-color: #545454;\n            --arrow-text-color: #545454;         \n            --invert-range: 0deg;\n        '>\n                    <div class='cta-arrow-text d-flex d-lg-none'>\n                        <a class='cta-button-rounded' href='#ppp'>Demander un devis<\/a>\n                    <\/div>\n                    <div class='d-none d-lg-flex flex-no-wrap'>\n                        <div class=\"col-7 cta-arrow-text d-flex text-color\">\n                            <div class=\"m-auto\">\n                                <div class=\"h3\">Vous cherchez un sp\u00e9cialiste ?<\/div>\n                                <div class='text-color'>Faites baisser la facture gr\u00e2ce aux primes et \u00e0 la comparaison de devis gratuits !<\/div>\n                            <\/div>\n                        <\/div>\n                        <div class='cta-arrow-link col-5'>\n                            <a class='cta-button-rounded' href=\"#ppp\">Demander un devis<\/a>\n                        <\/div>\n                    <\/div>\n                <\/div>\n\n\n<h3 class=\"wp-block-heading\"><span class=\"ez-toc-section\" id=\"Le_montant_de_la_prime_selon_vos_revenus\"><\/span><strong>Le montant de la prime selon vos revenus<\/strong><span class=\"ez-toc-section-end\"><\/span><\/h3>\n\n\n\n<p>L\u2019autre facteur cl\u00e9 qui influence le montant de la prime est votre <strong>cat\u00e9gorie de revenus<\/strong>. Plus votre revenu est faible, plus la prime est avantageuse, car le montant de base peut \u00eatre multipli\u00e9 jusqu\u2019\u00e0 <strong>6 fois<\/strong>.<\/p>\n\n\n\n<p>Pour d\u00e9terminer votre cat\u00e9gorie de revenus, la <strong>Wallonie<\/strong> se base sur vos revenus globalement imposables (indiqu\u00e9s sur votre dernier avertissement-extrait de r\u00f4le), en soustrayant <strong>5.000<\/strong> <strong>\u20ac<\/strong> par <strong>enfant \u00e0 charge<\/strong>, par personne en situation de handicap ou par parent cohabitant de plus de 60 ans. Voici comment les revenus influencent le montant de la prime :<\/p>\n\n\n\n            <div class='bobex-table-wrapper' style='\n            --bobex-table-dark-row-color: #D1E8F2;\n        '>\n                <table class='' data-columns='3'>\n                    <thead style='\n            --bobex-table-header-background-color: #10375E;\n            --bobex-table-header-text-color: #FFFFFF;\n        '><th><strong>Revenu de r\u00e9f\u00e9rence du m\u00e9nage<\/strong><\/th><th><strong>Cat\u00e9gorie de revenus<\/strong><\/th><th><strong>Majoration de la prime<\/strong><\/th><\/thead><tr><td>\u2264 26 900 \u20ac<\/td><td>R1<\/td><td>x6<\/td><\/tr><tr><td>26 900,01 \u20ac \u2013 38 300 \u20ac<\/td><td>R2<\/td><td>x4<\/td><\/tr><tr><td>38 300,01 \u20ac \u2013 50 600 \u20ac<\/td><td>R3<\/td><td>x3<\/td><\/tr><tr><td>50 600,01 \u20ac \u2013 114 400 \u20ac<\/td><td>R4<\/td><td>x2<\/td><\/tr><tr><td>&gt; 114 400 \u20ac<\/td><td>R5<\/td><td>x1 (montant de base)<\/td><\/tr>\n                <\/table>\n            <\/div>\n        \n\n\n<h2 class=\"wp-block-heading\"><span class=\"ez-toc-section\" id=\"Exemple_de_calcul\"><\/span><strong>Exemple de calcul<\/strong><span class=\"ez-toc-section-end\"><\/span><\/h2>\n\n\n\n            <div class='bobex-table-wrapper' style='\n            --bobex-table-dark-row-color: #D1E8F2;\n        '>\n                <table class='double centered' data-columns='4'>\n                    <thead style='\n            --bobex-table-header-background-color: #10375E;\n            --bobex-table-header-text-color: #FFFFFF;\n        '><th>Type de travaux<\/th><th>R\u00e9alisation<\/th><th><strong>Montant de base (Cat\u00e9gorie R5)<\/strong><\/th><th><strong>Conditions sp\u00e9cifiques<\/strong><\/th><\/thead><tr><td>Isolation thermique (toit ou combles)<\/td><td>&#8211; Par le demandeur<br>&#8211; Par un entrepreneur<\/td><td>9 \u20ac\/m\u00b2<br><br>20 \u20ac\/m\u00b2<\/td><td>&#8211;<br><br><br>&#8211;<\/td><\/tr><tr><td><strong>Remplacement des menuiseries ext\u00e9rieures* (ch\u00e2ssis)<\/strong><\/td><td>Par un entrepreneur<\/td><td>26 \u20ac\/m\u00b2<\/td><td>Uw \u2264 1,50 W\/m\u00b2K, Ug\/Utp \u2264 1,10 W\/m\u00b2K, conformit\u00e9 \u00e0 la norme NBN S23-002*<\/td><\/tr><tr><td>Installation d\u2019une pompe \u00e0 chaleur pour l\u2019eau chaude<\/td><td>Par un entrepreneur<\/td><td>280 \u20ac \/ appareil<\/td><td>&#8211;<\/td><\/tr><tr><td>Installation d\u2019un syst\u00e8me centralis\u00e9 de ventilation m\u00e9canique simple flux compl\u00e8te<\/td><td>Par un entrepreneur<\/td><td>280 \u20ac \/ appareil<\/td><td>&#8211;<\/td><\/tr><tr><td>Travaux de nature \u00e0 \u00e9liminer la m\u00e9rule<\/td><td>Par un entrepreneur<\/td><td>140 \u20ac<\/td><td>&#8211;<\/td><\/tr>\n                <\/table>\n            <\/div>\n        \n\n\n<p>Un m\u00e9nage avec un revenu globalement imposable de&nbsp;<strong>40.000 \u20ac<\/strong>, ayant&nbsp;<strong>2 enfants \u00e0 charge<\/strong>, pourra soustraire 10.000 \u20ac, ce qui ram\u00e8ne son revenu de r\u00e9f\u00e9rence \u00e0&nbsp;<strong>30.000 \u20ac<\/strong>, le pla\u00e7ant dans la cat\u00e9gorie&nbsp;<strong>R2<\/strong>, soit une prime multipli\u00e9e par 4. Jetez un \u0153il \u00e0 ce tableau pour savoir quel sera le montant de votre <a href=\"https:\/\/www.bobex.be\/fr-be\/chassis-portes-et-fenetres\/prime-chassis\/\" data-type=\"link\" data-id=\"https:\/\/www.bobex.be\/fr-be\/chassis-portes-et-fenetres\/prime-chassis\/\" target=\"_blank\" rel=\"noreferrer noopener\">prime ch\u00e2ssis<\/a> :<\/p>\n\n\n\n            <div class='bobex-table-wrapper' style='\n            --bobex-table-dark-row-color: #D1E8F2;\n        '>\n                <table class='' data-columns='3'>\n                    <thead style='\n            --bobex-table-header-background-color: #10375E;\n            --bobex-table-header-text-color: #FFFFFF;\n        '><th><strong>Cat\u00e9gorie de revenu<\/strong><\/th><th><strong>Revenu de r\u00e9f\u00e9rence du m\u00e9nage\u00a0<\/strong><\/th><th><strong>Montant de la prime ch\u00e2ssis<\/strong><\/th><\/thead><tr><td>R5 (montant de base)<\/td><td>&gt; 114.400 \u20ac<\/td><td>26 \u20ac\/m\u00b2 de ch\u00e2ssis remplac\u00e9<\/td><\/tr><tr><td>R4<\/td><td>\u2265 50.600,01 \u20ac et \u2264 114.400 \u20ac<\/td><td>52 \u20ac\/m\u00b2 de ch\u00e2ssis remplac\u00e9<\/td><\/tr><tr><td>R3<\/td><td>\u2265 38.300,01 \u20ac et \u2264 50.600 \u20ac<\/td><td>78 \u20ac\/m\u00b2 de ch\u00e2ssis remplac\u00e9<\/td><\/tr><tr><td>R2<\/td><td>\u2265 26.900,01 \u20ac et \u2264 38.300 \u20ac<\/td><td>104 \u20ac\/m\u00b2 de ch\u00e2ssis remplac\u00e9<\/td><\/tr><tr><td>R1<\/td><td>\u2264 26.900 \u20ac<\/td><td>156 \u20ac\/m\u00b2 de ch\u00e2ssis remplac\u00e9<\/td><\/tr>\n                <\/table>\n            <\/div>\n        \n\n\n<h2 class=\"wp-block-heading\"><span class=\"ez-toc-section\" id=\"Quelles_sont_les_conditions_pour_beneficier_des_aides_a_la_renovation_pour_changer_ses_portes_et_fenetres_en_region_wallonne\"><\/span>Quelles sont les conditions pour b\u00e9n\u00e9ficier des aides \u00e0 la r\u00e9novation pour changer ses portes et fen\u00eatres en r\u00e9gion wallonne ?<span class=\"ez-toc-section-end\"><\/span><\/h2>\n\n\n\n<figure class=\"wp-block-image size-large\"><img decoding=\"async\" width=\"1024\" height=\"538\" src=\"https:\/\/www.bobex.be\/wp-uploads\/sites\/2\/Untitled-design-75-1024x538.jpg\" alt=\"une fen\u00eatre et deux vases avec des fleurs\" class=\"wp-image-202773\"\/><\/figure>\n\n\n\n<p>Pour changer ses portes, fen\u00eatres et <a href=\"https:\/\/www.bobex.be\/fr-be\/chassis-portes-et-fenetres\/porte-fenetre\/\" data-type=\"link\" data-id=\"https:\/\/www.bobex.be\/fr-be\/chassis-portes-et-fenetres\/porte-fenetre\/\" target=\"_blank\" rel=\"noreferrer noopener\">portes-fen\u00eatres<\/a>, il existe&nbsp;<strong>plusieurs conditions \u00e0 respecter pour \u00eatre \u00e9ligible aux primes Habitation&nbsp;<\/strong>et ainsi b\u00e9n\u00e9ficier d\u2019aide pour le remplacement de ses ch\u00e2ssis. Voici la liste des crit\u00e8res qui doivent \u00eatre r\u00e9alis\u00e9s :<\/p>\n\n\n\n<h3 class=\"wp-block-heading\"><span class=\"ez-toc-section\" id=\"Conditions_liees_au_demandeur_de_la_prime_chassis\"><\/span>Conditions li\u00e9es au demandeur de la prime ch\u00e2ssis<span class=\"ez-toc-section-end\"><\/span><\/h3>\n\n\n\n<ul class=\"wp-block-list\">\n<li><strong>\u00catre majeur<\/strong>&nbsp;: avoir 18 ans ou \u00eatre&nbsp;<strong>mineur \u00e9mancip\u00e9<\/strong><\/li>\n\n\n\n<li>\u00catre inscrit au registre de la population ou au registre des \u00e9trangers<\/li>\n\n\n\n<li><strong>\u00catre titulaire d\u2019un droit r\u00e9el sur le logement<\/strong>, c\u2019est-\u00e0-dire \u00eatre propri\u00e9taire (total ou partiel) d\u2019un logement (maison, villa, etc.) situ\u00e9 en Wallonie ; usufruitier du bien ; nu-propri\u00e9taire ; etc<\/li>\n\n\n\n<li>Le demandeur peut introduire un dossier de prime ch\u00e2ssis sans audit tous les&nbsp;<strong>24 mois<\/strong>.<\/li>\n<\/ul>\n\n\n\n            <div class=\"bobex-lightblock-maindiv\" style=\"\n            --content-color:#5c5c5c;\n        \">\n                <div class=\"bobex-tip-light-block__icon-area\">\n                    <div class=\"bobex-tip-light-icon-container\">\n                        <img decoding=\"async\" src=\"https:\/\/www.bobex.be\/fr-be\/wp-content\/plugins\/bobex-blocks\/img\/advice.png \" alt=\"advice-icon\" class=\"bobex-tip-light-block__tipsBlueLogo\"\/>\n                    <\/div>\n                <\/div>\n                <div class=\"bobex-tip-light-block__content-area\">\n                    <p class=\"bobex-block-tips-content\"><\/p>\n                    <div>\n<div class=\"wp-block-bobex-advice-light\">\n<p>Les associations de <strong>copropri\u00e9taires<\/strong> peuvent \u00e9galement b\u00e9n\u00e9ficier de ces primes.<\/p>\n<\/div>\n<\/div>\n                <\/div>\n            <\/div>\n        \n\n\n<h3 class=\"wp-block-heading\"><span class=\"ez-toc-section\" id=\"Conditions_liees_au_logement\"><\/span>Conditions li\u00e9es au logement<span class=\"ez-toc-section-end\"><\/span><\/h3>\n\n\n\n<ul class=\"wp-block-list\">\n<li>Construction du bien (habitation, logement, etc.) datant d\u2019au moins&nbsp;<strong>15 ans<\/strong>.<\/li>\n\n\n\n<li>Le bien doit \u00eatre situ\u00e9&nbsp;<strong>en Wallonie&nbsp;<\/strong><\/li>\n\n\n\n<li><strong>\u00catre au minimum destin\u00e9 \u00e0 50 % \u00e0 du logement<\/strong><\/li>\n\n\n\n<li><strong>Si le logement est mis en location&nbsp;<\/strong>au moment de la demande ou dans les 24 mois qui suivent la demandent, il devra avoir au minimum soit un bail enregistr\u00e9 et respectant la grille indicative en terme de prix du loyer pendant minimum 5 ans, soit \u00eatre mis \u00e0 disposition d\u2019une Agence immobili\u00e8re sociale (AIS) ou soci\u00e9t\u00e9 de logement du service public pendant minimum 9 ans.<\/li>\n<\/ul>\n\n\n\n<h3 class=\"wp-block-heading\"><span class=\"ez-toc-section\" id=\"Conditions_techniques_liees_a_la_demande_de_prime_chassis\"><\/span>Conditions techniques li\u00e9es \u00e0 la demande de prime ch\u00e2ssis<span class=\"ez-toc-section-end\"><\/span><\/h3>\n\n\n\n<ul class=\"wp-block-list\">\n<li><strong>L\u2019isolation thermique globale (Uw)<\/strong>&nbsp;de l\u2019ensemble&nbsp;<em>ch\u00e2ssis + vitrage<\/em>&nbsp;doit \u00eatre&nbsp;<strong>inf\u00e9rieure ou \u00e9gale \u00e0 1,5 W\/m\u00b2K<\/strong>. Cela signifie que la fen\u00eatre compl\u00e8te (cadre et vitre) doit bien isoler la chaleur, limitant les pertes d\u2019\u00e9nergie.<\/li>\n\n\n\n<li><strong>L\u2019isolation du vitrage seul (Ug ou Utp)<\/strong>&nbsp;doit \u00eatre&nbsp;<strong>inf\u00e9rieure ou \u00e9gale \u00e0 1,0 W\/m\u00b2K<\/strong>. Autrement dit, la qualit\u00e9 isolante de la vitre (sans le cadre) doit \u00eatre encore meilleure.<\/li>\n\n\n\n<li>Les travaux doivent \u00eatre r\u00e9alis\u00e9s par un&nbsp;<strong>entrepreneur<\/strong>&nbsp;inscrit \u00e0 la BCE (Banque-Carrefour des Entreprises).<\/li>\n<\/ul>\n\n\n\n<h3 class=\"wp-block-heading\"><span class=\"ez-toc-section\" id=\"Mon_espace_Wallonie\"><\/span>Mon espace Wallonie<span class=\"ez-toc-section-end\"><\/span><\/h3>\n\n\n\n<p>La demande doit obligatoirement \u00eatre introduite via le portail&nbsp;<strong>Mon Espace Wallonie<\/strong>, qui constitue d\u00e9sormais la seule voie officielle pour soumettre une demande. Aucune autre m\u00e9thode (courrier, e-mail, d\u00e9p\u00f4t en main propre\u2026) n\u2019est accept\u00e9e. Le lien est disponible dans la section formulaire du&nbsp;<a href=\"https:\/\/www.wallonie.be\/fr\/demarches\/obtenir-une-prime-pour-son-habitation-partir-du-14-fevrier-2025\" target=\"_blank\" rel=\"noreferrer noopener\">site web<\/a>.<\/p>\n\n\n\n<p>Pour b\u00e9n\u00e9ficier du maintien sous <strong>l\u2019ancien<\/strong> <strong>r\u00e9gime<\/strong> (avant 2025), certaines <strong>conditions<\/strong> <strong>transitoires<\/strong> devaient \u00eatre respect\u00e9es. Il fallait avoir effectu\u00e9 un paiement d\u2019au moins <strong>20 % <\/strong>du montant total avant le <strong>14 f\u00e9vrier 2024<\/strong>, et introduire une demande formelle de votre dossier avant le <strong>28 f\u00e9vrier 2024<\/strong>. Seuls les dossiers r\u00e9pondant \u00e0 ces deux crit\u00e8res peuvent continuer \u00e0 b\u00e9n\u00e9ficier de l\u2019ancien r\u00e9gime jusqu\u2019\u00e0 sa fin pr\u00e9vue.<\/p>\n\n\n\n<h2 class=\"wp-block-heading\"><span class=\"ez-toc-section\" id=\"Alors_pret_a_entamer_des_travaux_de_renovation_Trouvez_un_professionnel_pour_remplacer_vos_chassis\"><\/span>Alors, pr\u00eat \u00e0 entamer des travaux de r\u00e9novation ? Trouvez un professionnel pour remplacer vos ch\u00e2ssis !<span class=\"ez-toc-section-end\"><\/span><\/h2>\n\n\n\n<p>Fin pr\u00eat \u00e0 r\u00e9nover les ch\u00e2ssis de votre habitation ?! Bonne nouvelle ! Bobex peut vous aider \u00e0 trouver un sp\u00e9cialiste de ch\u00e2ssis pr\u00e8s de chez vous ! Pour cela, il vous suffit de remplir le formulaire ci-dessous afin de recevoir, dans les plus brefs d\u00e9lais, jusqu\u2019\u00e0&nbsp;<strong>5 devis 100 % gratuits et sans aucun engagement de votre part afin de b\u00e9n\u00e9ficier vous aussi des primes ch\u00e2ssis !<\/strong><\/p>\n\n\n<div id=\"ppp\" class=\"bob-form-wrapper\" data-ajax_url=\"https:\/\/www.bobex.be\/fr-be\/wp-admin\/admin-ajax.php\" data-fa_a=\"\" data-fa_b=\"\"><div class=\"loader\" aria-hidden=\"true\"><\/div>    <div>\n        <div class=\"row mx-auto mb-2\" style=\"max-width: 900px;\">\n            <div class=\"col-md-4\"><i class=\"mr-1 fas fa-check\" style=\"color:green;\"><\/i>Devis gratuits et rapides<\/div>\n            <div class=\"col-md-4\"><i class=\"mr-1 fas fa-check\" style=\"color:green;\"><\/i>Sans engagement et obligation<\/div>\n            <div class=\"col-md-4\"><i class=\"mr-1 fas fa-check\" style=\"color:green;\"><\/i>Professionnels agr\u00e9\u00e9s<\/div>\n        <\/div>\n    <\/div><div id=\"form-69f2a2324503a\" class=\"bob-form-container\" style=\"background-color: white; font-family: Roboto, sans-serif !important; font-size: 16px !important; color: #545454; box-shadow: 0 2px 10px rgba(0,0,0,0.1); --font_title: Poppins; --font_size_title: 20px; --title_bg_color: #175da6; --copyright_color: #fde8e1; --box_upload_color: #e5f2f7; padding:unset;\" data-form-type=\"inline\" data-form-id=\"69f2a2324503a\"><style>#form-69f2a2324503a .bob-form-inline-question.even {\n  background-color: #e5f2f7;\n}\n#form-69f2a2324503a .single_multiple.multiple_button {\n  background-color: #e5f2f7 !important;\n}\n#form-69f2a2324503a .bob-form-inline-question--hidden {\n  display: none;\n}<\/style><div class=\"form-questions\"><form id=\"bob-form\" class=\"bob-form bob-form-tag\" method=\"post\" action=\"https:\/\/www.bobex.be\/fr-be\/wp-admin\/admin-ajax.php?action=bobex-form-validation\">    <div class=\"form-title\">\n        Formulez votre demande\n        <div class=\"form-title-info-line\">\n            R\u00e9pondez \u00e0 quelques questions et entrez en contact avec des sp\u00e9cialistes fiables. Nous vous demandons vos coordonn\u00e9es afin de s\u00e9lectionner les professionnels actifs dans votre r\u00e9gion.\n        <\/div>\n    <\/div><div class=\"form-questions bob-form-inline-question\"><div class=\"row\"><div class=\"question col-md-4\"><label>1*. Que d\u00e9sirez-vous installer ou remplacer?<\/label><\/div><div class=\"answer col-md-8\"><div class=\"bob-form-radio d-flex\"><input type=\"radio\" class=\"inline-radio\" id=\"69f2a2324503a-input-0-1\" data-unique-id=\"69f2a2324503a\" name=\"XML_extra_radio\" value=\"1\"  required=\"required\"><label for=\"69f2a2324503a-input-0-1\">Des fen\u00eatres (ch\u00e2ssis)<\/label><\/div><div class=\"bob-form-radio d-flex\"><input type=\"radio\" class=\"inline-radio\" id=\"69f2a2324503a-input-0-2\" data-unique-id=\"69f2a2324503a\" name=\"XML_extra_radio\" value=\"2\"  required=\"required\"><label for=\"69f2a2324503a-input-0-2\">Des portes<\/label><\/div><div class=\"bob-form-radio d-flex\"><input type=\"radio\" class=\"inline-radio\" id=\"69f2a2324503a-input-0-3\" data-unique-id=\"69f2a2324503a\" name=\"XML_extra_radio\" value=\"3\"  required=\"required\"><label for=\"69f2a2324503a-input-0-3\">Des fen\u00eatres et des portes<\/label><\/div><\/div><\/div><\/div><div class=\"form-questions bob-form-inline-question even\"><div class=\"row\"><div class=\"question col-md-4\"><label>2*. Quel type de fen\u00eatres (ou portes) d\u00e9sirez-vous?<\/label><\/div><div class=\"answer col-md-8\"><div class=\"bob-form-radio d-flex\"><input type=\"radio\" class=\"inline-radio\" id=\"69f2a2324503a-input-1-1\" data-unique-id=\"69f2a2324503a\" name=\"XML_extra_radio2\" value=\"1\"  required=\"required\"><label for=\"69f2a2324503a-input-1-1\">Fen\u00eatres (ou portes) en PVC<\/label><\/div><div class=\"bob-form-radio d-flex\"><input type=\"radio\" class=\"inline-radio\" id=\"69f2a2324503a-input-1-2\" data-unique-id=\"69f2a2324503a\" name=\"XML_extra_radio2\" value=\"2\"  required=\"required\"><label for=\"69f2a2324503a-input-1-2\">Fen\u00eatres (ou portes) en aluminium<\/label><\/div><div class=\"bob-form-radio d-flex\"><input type=\"radio\" class=\"inline-radio\" id=\"69f2a2324503a-input-1-3\" data-unique-id=\"69f2a2324503a\" name=\"XML_extra_radio2\" value=\"3\"  required=\"required\"><label for=\"69f2a2324503a-input-1-3\">Fen\u00eatres (ou portes) en bois<\/label><\/div><div class=\"bob-form-radio d-flex\"><input type=\"radio\" class=\"inline-radio\" id=\"69f2a2324503a-input-1-4\" data-unique-id=\"69f2a2324503a\" name=\"XML_extra_radio2\" value=\"4\"  required=\"required\"><label for=\"69f2a2324503a-input-1-4\">Je ne sais pas, conseillez-moi<\/label><\/div><\/div><\/div><\/div><div class=\"form-questions bob-form-inline-question\"><div class=\"row\"><div class=\"question col-md-4\"><label>3*. Combien de fen\u00eatres (ou portes) voulez-vous?<\/label><\/div><div class=\"answer col-md-8\"><div class=\"bob-form-radio d-flex\"><input type=\"radio\" class=\"inline-radio\" id=\"69f2a2324503a-input-2-1\" data-unique-id=\"69f2a2324503a\" name=\"XML_extra_radio3\" value=\"1\"  required=\"required\"><label for=\"69f2a2324503a-input-2-1\">1 ou 2<\/label><\/div><div class=\"bob-form-radio d-flex\"><input type=\"radio\" class=\"inline-radio\" id=\"69f2a2324503a-input-2-2\" data-unique-id=\"69f2a2324503a\" name=\"XML_extra_radio3\" value=\"2\"  required=\"required\"><label for=\"69f2a2324503a-input-2-2\">3 ou 4<\/label><\/div><div class=\"bob-form-radio d-flex\"><input type=\"radio\" class=\"inline-radio\" id=\"69f2a2324503a-input-2-3\" data-unique-id=\"69f2a2324503a\" name=\"XML_extra_radio3\" value=\"3\"  required=\"required\"><label for=\"69f2a2324503a-input-2-3\">5 \u00e0 9<\/label><\/div><div class=\"bob-form-radio d-flex\"><input type=\"radio\" class=\"inline-radio\" id=\"69f2a2324503a-input-2-4\" data-unique-id=\"69f2a2324503a\" name=\"XML_extra_radio3\" value=\"4\"  required=\"required\"><label for=\"69f2a2324503a-input-2-4\">10 \u00e0 15<\/label><\/div><div class=\"bob-form-radio d-flex\"><input type=\"radio\" class=\"inline-radio\" id=\"69f2a2324503a-input-2-5\" data-unique-id=\"69f2a2324503a\" name=\"XML_extra_radio3\" value=\"5\"  required=\"required\"><label for=\"69f2a2324503a-input-2-5\">Plus de 15<\/label><\/div><\/div><\/div><\/div><div class=\"form-questions bob-form-inline-question even\"><div class=\"d-flex flex-column\"><label class=\"question\" for=\"69f2a2324503a-input-3\">4. Description de votre projet<\/label><textarea class=\"bob-form-input\" name=\"XML_remarks\" id=\"69f2a2324503a-input-3\" data-unique-id=\"69f2a2324503a\"><\/textarea><\/div><\/div><div class=\"bob-inline-form bob-form-tag upload-box mb-3\">\n                    <div class=\"row\">\n                        <div class=\"col-md-12 mb-2 question\">Ajouter des photos ou des pi\u00e8ces jointes (en Option)<\/div>\n                        <div class=\"col-md-12\">\n                            <div class=\"box__input\" style=\"background-color: #e5f2f7;\"\n                                 ondrop=\"drop(event)\"\n                                 ondragover=\"allowDrop(event)\"\n                                 ondragleave=\"removeDropFx(event)\"\n                                >\n                                <input type=\"file\"\n                                       class=\"file__input\"\n                                       name=\"attachments[]\"\n                                       id=\"attachments\"\n                                       multiple=\"multiple\"\n                                       accept=\"image\/jpeg, image\/png, image\/gif, application\/pdf\"\n                                       data-multiple-caption=\"{count} files selected\">\n                                <div>\n                                    <label for=\"attachments\"><strong>S\u00e9lectionnez un fichier <\/strong>ou glissez-le ici<\/label>\n                                    <span class=\"box__button bobex-round-cta m-1 py-1\"\n                                          style=\"mix-blend-mode: luminosity\">\n                                        <i class=\"fas fa-cloud-upload-alt text-white\"><\/i>\n                                        T\u00e9l\u00e9charger\n                                    <\/span>\n                                <\/div>\n            \n                                <div class=\"row preview_wrapper m-0\"><\/div>\n                            <\/div>\n            \n                            <div class=\"box__uploading\">Uploading\u2026<\/div>\n                            <div class=\"box__success\">Done!<\/div>\n                            <div class=\"box__error\">Error! <span><\/span>.<\/div>\n                        <\/div>\n                    <\/div>\n                <\/div>    <div class=\"form-title\">\n        Vos donn\u00e9es\n    <\/div><div class=\"bob-form-contact-data\" style=\"padding: 20px\"><div class=\"row lead-info\"><div class=\"col-md-6 mb-3\">  <div class=\"form-group\">    <input value=\"\" type=\"text\" class=\"form-control\" id=\"firstName\" name=\"firstName\" placeholder=\"Pr\u00e9nom\" required>    <div class=\"valid-feedback\">Enchant\u00e9 !<\/div>    <div class=\"invalid-feedback\">Veuillez indiquer votre pr\u00e9nom<\/div>  <\/div><\/div><div class=\"col-md-6 mb-3\">  <div class=\"form-group\">    <input value=\"\" type=\"text\" class=\"form-control\" id=\"lastName\" name=\"lastName\" placeholder=\"Nom\" required>    <div class=\"valid-feedback\">Sympa<\/div>    <div class=\"invalid-feedback\">Veuillez indiquer votre nom de famille<\/div>  <\/div><\/div><div class=\"col-md-12 mb-3\">  <div class=\"form-group\">    <input value=\"\" type=\"email\" class=\"form-control\" id=\"email\" name=\"email\" placeholder=\"E-mail\" required style=\"max-width: unset;\">    <div class=\"valid-feedback\">C&rsquo;est tout bon<\/div>    <div class=\"invalid-feedback\">Veuillez indiquer une adresse e-mail valide<\/div>  <\/div><\/div><div class=\"col-md-12 mb-3\">  <div class=\"form-group\">    <input value=\"\" type=\"tel\" class=\"form-control\" id=\"phone\" name=\"phone\" placeholder=\"T\u00e9l\u00e9phone\" required style=\"max-width: unset;\">    <div class=\"valid-feedback\">Parfait<\/div>    <div class=\"invalid-feedback\">Veuillez indiquer un num\u00e9ro de t\u00e9l\u00e9phone valide<\/div>  <\/div><\/div><div class=\"col-md-12 mb-3\">  <div class=\"form-group\">    <input value=\"\" type=\"text\" class=\"form-control\" id=\"companyAddress\" name=\"companyAddress\" placeholder=\"Adresse\" required style=\"max-width: unset;\">    <div class=\"valid-feedback\">C&rsquo;est not\u00e9<\/div>    <div class=\"invalid-feedback\">Veuillez indiquer une adresse valide<\/div>  <\/div><\/div><div class=\"col-md-6 mb-3\">  <div class=\"form-group\">    <input value=\"\" type=\"text\" class=\"form-control\" id=\"companyPostalCode\" name=\"companyPostalCode\" placeholder=\"Code postal\" required>    <div class=\"valid-feedback\">Excellent !<\/div>    <div class=\"invalid-feedback\">Veuillez indiquer un code postal valide<\/div>  <\/div><\/div><div class=\"col-md-6 mb-3\">  <div class=\"form-group\">    <input value=\"\" type=\"text\" class=\"form-control\" id=\"companyCity\" name=\"companyCity\" placeholder=\"Ville\" required>    <div class=\"valid-feedback\">Bien jou\u00e9<\/div>    <div class=\"invalid-feedback\">Veuillez indiquer une ville valide<\/div>  <\/div><\/div><div class=\"d-flex mt-3\"><input name=\"promoOptin\" value=\"true\" id=\"promoOptin\" type=\"checkbox\" class=\"me-2\" style=\"width: unset\"><label for=\"promoOptin\">Je souhaite rester inform\u00e9 de ma demande et recevoir des conseils pratiques (fortement recommand\u00e9 !) <\/label><\/div><\/div><\/div><input type=\"hidden\" class=\"session_var\" name=\"newform\" value=\"true\"><input type=\"hidden\" class=\"session_var\" name=\"lead-validation-nonce\" value=\"403e45eda1\"><input type=\"hidden\" class=\"session_var\" name=\"aff\" value=\"minisite\"><input type=\"hidden\" class=\"session_var\" name=\"utm_source\" value=\"https:\/\/www.bobex.be\/fr-be\/wp-json\/v2\/content\/104107\"><input type=\"hidden\" class=\"session_var\" name=\"bobx\" value=\"\"><input type=\"hidden\" class=\"session_var\" name=\"sessionType\" value=\"B2C\"><input type=\"hidden\" class=\"session_var\" name=\"utm_medium\" value=\"web\"><input type=\"hidden\" class=\"session_var\" name=\"utm_campaign\" value=\"search\"><input type=\"hidden\" class=\"session_var\" name=\"rem_source\" value=\"https:\/\/www.bobex.be\/fr-be\/chassis-portes-et-fenetres\/prime-chassis-region-wallonne\/\"><input type=\"hidden\" class=\"session_var\" name=\"pixel_id\" value=\"-1\"><input type=\"hidden\" class=\"session_var\" name=\"tabo_id\" value=\"-1\"><input type=\"hidden\" class=\"session_var\" name=\"click_id\" value=\"-1\"><input type=\"hidden\" class=\"session_var\" name=\"gclid\" value=\"-1\"><input type=\"hidden\" class=\"session_var\" name=\"msclkid\" value=\"-1\"><input type=\"hidden\" class=\"session_var\" name=\"past_aff\" value=\"bobex\"><input type=\"hidden\" class=\"session_var\" name=\"redirectTo\" value=\"BE\"><input type=\"hidden\" class=\"session_var\" name=\"is_type_id\" value=\"true\"><input type=\"hidden\" class=\"session_var\" name=\"typeid\" value=\"11452\"><input type=\"hidden\" class=\"session_var\" name=\"companyType\" value=\"label.companytype.consumer\"><input type=\"hidden\" class=\"session_var\" name=\"input_names\" value=\"XML_extra_radio,XML_extra_radio2,XML_extra_radio3,XML_remarks\"><input type=\"hidden\" class=\"form_context\" value=\"BE\"><img decoding=\"async\" class=\"bobex-pixel\" src=\"\" alt=\"\" style=\"display:none\" \/>    <div class=\"bob-form-submit d-flex justify-content-center\">\n        <button type=\"submit\" class=\"form-submit\" style=\"background-color: #F1653A; color: white; border: none !important; border-radius: 5px !important; font-family: Roboto, sans-serif; font-size: 16px;\">\n            Demander un devis\n        <\/button>\n    <\/div>    <div class=\"bob-inline-form form-footer\" style=\"border-radius: 0 0 10px 10px\">\n        <div class=\"bob-form-privacy-text\">\n            <div style=\"float:left;\"><i class=\"fa fa-lock\"><\/i><\/div>\n            <div class=\"ms-2\">\n                <div style='padding-left: 15px;font-size: 0.8em !important;z-index: 10;'><b>Nous respectons votre vie priv\u00e9e<\/b><br> Conform\u00e9ment \u00e0 la loi du 8\/12\/1992 relative \u00e0 la protection de la vie priv\u00e9e, vous disposez d&rsquo;un droit d&rsquo;acc\u00e8s et de rectification \u00e0 vos donn\u00e9es. Pour en savoir plus, consultez notre <span class=\"link_ob\" data-link=\"aHR0cHM6Ly93d3cuYm9iZXguYmUvZnItYmUvcHJvdGVjdGlvbi1kZS1sYS12aWUtcHJpdmVlLw==\" target=\"_blank\">charte sur la vie priv\u00e9e<\/span>.<\/div>\n                \n            <\/div>\n        <\/div>\n    <\/div><\/form><\/div><div class=\"multiple_mini hidden\" data-lead_id=\"\"><p class=\"multiple-title\">Merci d&rsquo;avoir pris le temps de remplir ce formulaire<\/p><p>Nous vous contacterons d\u00e8s que possible pour vous orienter vers le meilleur sp\u00e9cialiste correspondant \u00e0 votre demande.<\/p><div class=\"multiple_wrapper\"><div class=\"loader\"><\/div><p class=\"multiple-title\">Vous cherchez d&rsquo;autres services ?<\/p><p class=\"multiple_text\">Vous souhaitez comparer d&rsquo;autres devis ou explorer d&rsquo;autres services ? Faites-le nous savoir et nous vous mettrons rapidement en relation<\/p><div class=\"multiple_container\"><div class=\"single_multiple multiple_button\" data-typeid=\"11984\"><i class=\"fa-3x cat icon-11984\"><\/i><span class=\"multiple_name\">V\u00e9randa, pergola, orangerie<\/span><\/div><div class=\"single_multiple multiple_button\" data-typeid=\"11972\"><i class=\"fa-3x cat icon-11972\"><\/i><span class=\"multiple_name\">Portails<\/span><\/div><div class=\"single_multiple multiple_button\" data-typeid=\"11461\"><i class=\"fa-3x cat icon-11461\"><\/i><span class=\"multiple_name\">Traitement de l&rsquo;humidit\u00e9<\/span><\/div><div class=\"single_multiple multiple_button\" data-typeid=\"11427\"><i class=\"fa-3x cat icon-11427\"><\/i><span class=\"multiple_name\">Isolation<\/span><\/div><div class=\"single_multiple multiple_button\" data-typeid=\"11364\"><i class=\"fa-3x cat icon-11364\"><\/i><span class=\"multiple_name\">Panneaux solaires<\/span><\/div><div class=\"single_multiple multiple_button\" data-typeid=\"11406\"><i class=\"fa-3x cat icon-11406\"><\/i><span class=\"multiple_name\">Syst\u00e8me d&rsquo;alarme<\/span><\/div><div class=\"single_multiple hidden multiple_button\" data-typeid=\"100048\"><i class=\"fa-3x fad fa-window-frame\"><\/i><span class=\"multiple_name\">Moustiquaires<\/span><\/div><div class=\"single_multiple hidden multiple_button\" data-typeid=\"11962\"><i class=\"fa-3x cat icon-11962\"><\/i><span class=\"multiple_name\">Travaux de toiture<\/span><\/div><div class=\"single_multiple hidden multiple_button\" data-typeid=\"11986\"><i class=\"fa-3x cat icon-11986\"><\/i><span class=\"multiple_name\">Travaux r\u00e9novation de fa\u00e7ades<\/span><\/div><div class=\"single_multiple hidden multiple_button\" data-typeid=\"11982\"><i class=\"fa-3x cat icon-11982\"><\/i><span class=\"multiple_name\">Adoucisseur d&rsquo;eau<\/span><\/div><\/div><\/div><\/div><\/div><\/div>\n\n\n<h2 class=\"wp-block-heading\"><span class=\"ez-toc-section\" id=\"Questions_frequemment_posees_a_propos_de_la_demande_des_primes_des_chassis_en_region_wallonne\"><\/span>Questions fr\u00e9quemment pos\u00e9es \u00e0 propos de la demande des primes &amp; des ch\u00e2ssis en r\u00e9gion wallonne<span class=\"ez-toc-section-end\"><\/span><\/h2>\n\n\n\n<div class=\"wp-block-bobex-frequently-asked-questions bobex-faq-main-wrapper\">\n            <div class=\"bobex-simple-question-answer-block\">\n                <div class=\"bobex-simple-question-answer-block__question\" style=\"background-color: #63b0d1!important; color: white!important;\">\n                    <h3 style=\"color: white!important; margin:unset; font-size:1.2rem;\" class=\"bobex-simple-question-answer-block__question__content\"><span class=\"ez-toc-section\" id=\"Pourquoi_est-il_interessant_de_remplacer_ses_chassis\"><\/span><strong>Pourquoi est-il int\u00e9ressant de remplacer ses ch\u00e2ssis ?<\/strong><span class=\"ez-toc-section-end\"><\/span><\/h3>\n                    <div class=\"bobex-simple-question-answer-block__question__toggle\">+<\/div>\n                <\/div>\n                <div class=\"bobex-simple-question-answer-block__answer\" style=\"background-color: !important; color: black!important;\">\n                    <div class=\"bobex-simple-question-answer-block__answer__content\">Le changement de ch\u00e2ssis peut \u00eatre avantageux dans le cas o\u00f9 vous souhaitez :\u00a0<br>\u2013 <strong>Am\u00e9liorer<\/strong> <strong>l\u2019isolation<\/strong> thermique de votre maison\u00a0<br>\u2013 <strong>Am\u00e9liorer<\/strong> <strong>l\u2019isolation<\/strong> acoustique\u00a0<br>\u2013 <strong>Renforcer<\/strong> la <strong>s\u00e9curit\u00e9<\/strong> de votre logement<br>\u2013 <strong>Apporter<\/strong> de la <strong>modernit\u00e9<\/strong> \u00e0 votre fa\u00e7ade<br>\u2013 <strong>Augmenter<\/strong> la <strong>valeur<\/strong> de votre maison<\/div>\n                    <div>\n<div class=\"wp-block-bobex-simple-question-answer\"><\/div>\n<\/div>\n                <\/div>\n            <\/div>\n        \n\n\n            <div class=\"bobex-simple-question-answer-block\">\n                <div class=\"bobex-simple-question-answer-block__question\" style=\"background-color: #63b0d1!important; color: white!important;\">\n                    <h3 style=\"color: white!important; margin:unset; font-size:1.2rem;\" class=\"bobex-simple-question-answer-block__question__content\"><span class=\"ez-toc-section\" id=\"Quel_est_le_montant_des_primes_chassis_a_Bruxelles\"><\/span>Quel est le montant des primes ch\u00e2ssis \u00e0\u00a0<strong>Bruxelles<\/strong>\u00a0?<span class=\"ez-toc-section-end\"><\/span><\/h3>\n                    <div class=\"bobex-simple-question-answer-block__question__toggle\">+<\/div>\n                <\/div>\n                <div class=\"bobex-simple-question-answer-block__answer\" style=\"background-color: !important; color: black!important;\">\n                    <div class=\"bobex-simple-question-answer-block__answer__content\">Le montant de la\u00a0<a href=\"https:\/\/www.bobex.be\/fr-be\/chassis-portes-et-fenetres\/prime-chassis-bruxelles\/\">prime RENOLUTION pour l\u2019installation de ch\u00e2ssis<\/a>\u00a0varie entre 40 et 140 \u20ac par m\u00b2 de fen\u00eatres ou portes remplac\u00e9s. Ce montant varie en fonction du revenu du m\u00e9nage et du\u00a0<a href=\"https:\/\/www.bobex.be\/fr-be\/chassis-portes-et-fenetres\/types-de-vitrage\/\">type de vitrages<\/a>\u00a0et de chassis choisis.\u00a0<br>Pour des travaux de r\u00e9paration ou d\u2019adaptation des ch\u00e2ssis actuels, le montant de la prime ch\u00e2ssis offert par la r\u00e9gion bruxelloise est compris entre 130 et 260 \u20ac par m\u00b2 de ch\u00e2ssis remplac\u00e9s.<\/div>\n                    <div>\n<div class=\"wp-block-bobex-simple-question-answer\"><\/div>\n<\/div>\n                <\/div>\n            <\/div>\n        \n\n\n            <div class=\"bobex-simple-question-answer-block\">\n                <div class=\"bobex-simple-question-answer-block__question\" style=\"background-color: #63b0d1!important; color: white!important;\">\n                    <h3 style=\"color: white!important; margin:unset; font-size:1.2rem;\" class=\"bobex-simple-question-answer-block__question__content\"><span class=\"ez-toc-section\" id=\"Y_a_t-il_des_primes_pour_lisolation_le_chauffage_et_la_toiture_en_region_wallonne\"><\/span>Y a t-il des primes pour l&rsquo;isolation, le chauffage et la toiture en r\u00e9gion wallonne ?<span class=\"ez-toc-section-end\"><\/span><\/h3>\n                    <div class=\"bobex-simple-question-answer-block__question__toggle\">+<\/div>\n                <\/div>\n                <div class=\"bobex-simple-question-answer-block__answer\" style=\"background-color: !important; color: black!important;\">\n                    <div class=\"bobex-simple-question-answer-block__answer__content\">Oui, la <strong>R\u00e9gion<\/strong> <strong>wallonne<\/strong> propose encore des <strong>primes<\/strong> pour <strong>l\u2019isolation<\/strong> et la toiture, mais avec des <strong>montants<\/strong> <strong>r\u00e9duits<\/strong> depuis <strong>f\u00e9vrier<\/strong> <strong>2025<\/strong>. Les primes pour le chauffage (pompes \u00e0 chaleur, chaudi\u00e8res, etc.) ne sont plus disponibles pendant la p\u00e9riode transitoire (<strong>jusqu\u2019au 30 septembre 2026<\/strong>).<\/div>\n                    <div>\n<div class=\"wp-block-bobex-simple-question-answer\"><\/div>\n<\/div>\n                <\/div>\n            <\/div>\n        <\/div>\n\n                    <script type=\"application\/ld+json\">\n                        {\"@context\":\"https:\\\/\\\/schema.org\",\"@type\":\"FAQPage\",\"mainEntity\":[{\"@type\":\"Question\",\"name\":\"<strong>Pourquoi est-il int\\u00e9ressant de remplacer ses ch\\u00e2ssis ?<\\\/strong>\",\"acceptedAnswer\":{\"@type\":\"Answer\",\"text\":\"Le changement de ch\\u00e2ssis peut \\u00eatre avantageux dans le cas o\\u00f9 vous souhaitez :\\u00a0<br>\\u2013 <strong>Am\\u00e9liorer<\\\/strong> <strong>l\\u2019isolation<\\\/strong> thermique de votre maison\\u00a0<br>\\u2013 <strong>Am\\u00e9liorer<\\\/strong> <strong>l\\u2019isolation<\\\/strong> acoustique\\u00a0<br>\\u2013 <strong>Renforcer<\\\/strong> la <strong>s\\u00e9curit\\u00e9<\\\/strong> de votre logement<br>\\u2013 <strong>Apporter<\\\/strong> de la <strong>modernit\\u00e9<\\\/strong> \\u00e0 votre fa\\u00e7ade<br>\\u2013 <strong>Augmenter<\\\/strong> la <strong>valeur<\\\/strong> de votre maison\"}},{\"@type\":\"Question\",\"name\":\"Quel est le montant des primes ch\\u00e2ssis \\u00e0\\u00a0<strong>Bruxelles<\\\/strong>\\u00a0?\",\"acceptedAnswer\":{\"@type\":\"Answer\",\"text\":\"Le montant de la\\u00a0<a href=\\\"https:\\\/\\\/www.bobex.be\\\/fr-be\\\/chassis-portes-et-fenetres\\\/prime-chassis-bruxelles\\\/\\\">prime RENOLUTION pour l\\u2019installation de ch\\u00e2ssis<\\\/a>\\u00a0varie entre 40 et 140 \\u20ac par m\\u00b2 de fen\\u00eatres ou portes remplac\\u00e9s. Ce montant varie en fonction du revenu du m\\u00e9nage et du\\u00a0<a href=\\\"https:\\\/\\\/www.bobex.be\\\/fr-be\\\/chassis-portes-et-fenetres\\\/types-de-vitrage\\\/\\\">type de vitrages<\\\/a>\\u00a0et de chassis choisis.\\u00a0<br>Pour des travaux de r\\u00e9paration ou d\\u2019adaptation des ch\\u00e2ssis actuels, le montant de la prime ch\\u00e2ssis offert par la r\\u00e9gion bruxelloise est compris entre 130 et 260 \\u20ac par m\\u00b2 de ch\\u00e2ssis remplac\\u00e9s.\"}},{\"@type\":\"Question\",\"name\":\"Y a t-il des primes pour l'isolation, le chauffage et la toiture en r\\u00e9gion wallonne ?\",\"acceptedAnswer\":{\"@type\":\"Answer\",\"text\":\"Oui, la <strong>R\\u00e9gion<\\\/strong> <strong>wallonne<\\\/strong> propose encore des <strong>primes<\\\/strong> pour <strong>l\\u2019isolation<\\\/strong> et la toiture, mais avec des <strong>montants<\\\/strong> <strong>r\\u00e9duits<\\\/strong> depuis <strong>f\\u00e9vrier<\\\/strong> <strong>2025<\\\/strong>. Les primes pour le chauffage (pompes \\u00e0 chaleur, chaudi\\u00e8res, etc.) ne sont plus disponibles pendant la p\\u00e9riode transitoire (<strong>jusqu\\u2019au 30 septembre 2026<\\\/strong>).\"}}]}\n                    <\/script>\n                ","protected":false},"featured_media":0,"parent":0,"template":"","meta":{"business":"44176","footnotes":""},"class_list":["post-104107","content","type-content","status-publish","hentry"],"_links":{"self":[{"href":"https:\/\/www.bobex.be\/fr-be\/wp-json\/wp\/v2\/content\/104107","targetHints":{"allow":["GET"]}}],"collection":[{"href":"https:\/\/www.bobex.be\/fr-be\/wp-json\/wp\/v2\/content"}],"about":[{"href":"https:\/\/www.bobex.be\/fr-be\/wp-json\/wp\/v2\/types\/content"}],"version-history":[{"count":8,"href":"https:\/\/www.bobex.be\/fr-be\/wp-json\/wp\/v2\/content\/104107\/revisions"}],"predecessor-version":[{"id":203124,"href":"https:\/\/www.bobex.be\/fr-be\/wp-json\/wp\/v2\/content\/104107\/revisions\/203124"}],"wp:attachment":[{"href":"https:\/\/www.bobex.be\/fr-be\/wp-json\/wp\/v2\/media?parent=104107"}],"curies":[{"name":"wp","href":"https:\/\/api.w.org\/{rel}","templated":true}]}}