{"id":46648,"date":"2021-09-03T13:52:45","date_gmt":"2021-09-03T13:52:45","guid":{"rendered":"https:\/\/www.bobex.be\/fr-be\/enlevement-de-lamiante\/"},"modified":"2025-09-23T11:43:27","modified_gmt":"2025-09-23T11:43:27","slug":"enlevement-de-lamiante","status":"publish","type":"business","link":"https:\/\/www.bobex.be\/fr-be\/enlevement-de-lamiante\/","title":{"rendered":"D\u00e9samiantage : comment rep\u00e9rer et retirer l\u2019amiante ?"},"content":{"rendered":"\n<div id=\"ez-toc-container\" class=\"ez-toc-v2_0_82_2 counter-hierarchy ez-toc-counter ez-toc-grey ez-toc-container-direction\">\n<div class=\"ez-toc-title-container\">\n<p class=\"ez-toc-title\" style=\"cursor:inherit\">Sommaire<\/p>\n<span class=\"ez-toc-title-toggle\"><a href=\"#\" class=\"ez-toc-pull-right ez-toc-btn ez-toc-btn-xs ez-toc-btn-default ez-toc-toggle\" aria-label=\"Toggle Table of Content\"><span class=\"ez-toc-js-icon-con\"><span class=\"\"><span class=\"eztoc-hide\" style=\"display:none;\">Toggle<\/span><span class=\"ez-toc-icon-toggle-span\"><svg style=\"fill: #999;color:#999\" xmlns=\"http:\/\/www.w3.org\/2000\/svg\" class=\"list-377408\" width=\"20px\" height=\"20px\" viewBox=\"0 0 24 24\" fill=\"none\"><path d=\"M6 6H4v2h2V6zm14 0H8v2h12V6zM4 11h2v2H4v-2zm16 0H8v2h12v-2zM4 16h2v2H4v-2zm16 0H8v2h12v-2z\" fill=\"currentColor\"><\/path><\/svg><svg style=\"fill: #999;color:#999\" class=\"arrow-unsorted-368013\" xmlns=\"http:\/\/www.w3.org\/2000\/svg\" width=\"10px\" height=\"10px\" viewBox=\"0 0 24 24\" version=\"1.2\" baseProfile=\"tiny\"><path d=\"M18.2 9.3l-6.2-6.3-6.2 6.3c-.2.2-.3.4-.3.7s.1.5.3.7c.2.2.4.3.7.3h11c.3 0 .5-.1.7-.3.2-.2.3-.5.3-.7s-.1-.5-.3-.7zM5.8 14.7l6.2 6.3 6.2-6.3c.2-.2.3-.5.3-.7s-.1-.5-.3-.7c-.2-.2-.4-.3-.7-.3h-11c-.3 0-.5.1-.7.3-.2.2-.3.5-.3.7s.1.5.3.7z\"\/><\/svg><\/span><\/span><\/span><\/a><\/span><\/div>\n<nav><ul class='ez-toc-list ez-toc-list-level-1 eztoc-toggle-hide-by-default' ><li class='ez-toc-page-1 ez-toc-heading-level-2'><a class=\"ez-toc-link ez-toc-heading-1\" href=\"https:\/\/www.bobex.be\/fr-be\/enlevement-de-lamiante\/#Cest_quoi_lamiante\" >C\u2019est quoi l\u2019amiante ?<\/a><\/li><li class='ez-toc-page-1 ez-toc-heading-level-2'><a class=\"ez-toc-link ez-toc-heading-2\" href=\"https:\/\/www.bobex.be\/fr-be\/enlevement-de-lamiante\/#Comment_reconnaitre_lamiante_et_se_faire_aider\" >Comment reconna\u00eetre l\u2019amiante et se faire aider ?<\/a><\/li><li class='ez-toc-page-1 ez-toc-heading-level-2'><a class=\"ez-toc-link ez-toc-heading-3\" href=\"https:\/\/www.bobex.be\/fr-be\/enlevement-de-lamiante\/#Reglementation_concernant_lamiante_en_Belgique\" >R\u00e9glementation concernant l\u2019amiante en Belgique<\/a><ul class='ez-toc-list-level-3' ><li class='ez-toc-heading-level-3'><a class=\"ez-toc-link ez-toc-heading-4\" href=\"https:\/\/www.bobex.be\/fr-be\/enlevement-de-lamiante\/#Est-il_obligatoire_de_retirer_lamiante_des_toitures_a_Bruxelles_et_en_Flandre\" >Est-il obligatoire de retirer l\u2019amiante des toitures \u00e0 Bruxelles et en Flandre ?<\/a><\/li><li class='ez-toc-page-1 ez-toc-heading-level-3'><a class=\"ez-toc-link ez-toc-heading-5\" href=\"https:\/\/www.bobex.be\/fr-be\/enlevement-de-lamiante\/#Pourquoi_legiferer_Quand_est-ce_que_lamiante_devient_une_reelle_source_de_danger%E2%80%AF\" >Pourquoi l\u00e9gif\u00e9rer ? Quand est-ce que l\u2019amiante devient une r\u00e9elle source de danger\u202f?<\/a><\/li><\/ul><\/li><li class='ez-toc-page-1 ez-toc-heading-level-2'><a class=\"ez-toc-link ez-toc-heading-6\" href=\"https:\/\/www.bobex.be\/fr-be\/enlevement-de-lamiante\/#Quel_est_le_prix_au_m%C2%B2_dun_desamiantage_Cout_en_Belgique_en_2026\" >Quel est le prix au m\u00b2 d\u2019un d\u00e9samiantage ? Co\u00fbt en Belgique en 2026<\/a><\/li><li class='ez-toc-page-1 ez-toc-heading-level-2'><a class=\"ez-toc-link ez-toc-heading-7\" href=\"https:\/\/www.bobex.be\/fr-be\/enlevement-de-lamiante\/#Ou_deposer_les_dechets_damiante\" >O\u00f9 d\u00e9poser les d\u00e9chets d\u2019amiante ?<\/a><ul class='ez-toc-list-level-3' ><li class='ez-toc-heading-level-3'><a class=\"ez-toc-link ez-toc-heading-8\" href=\"https:\/\/www.bobex.be\/fr-be\/enlevement-de-lamiante\/#Trouver_un_site_Recypark\" >Trouver un site Recypark<\/a><\/li><li class='ez-toc-page-1 ez-toc-heading-level-3'><a class=\"ez-toc-link ez-toc-heading-9\" href=\"https:\/\/www.bobex.be\/fr-be\/enlevement-de-lamiante\/#Double_sac_pour_tous_les_dechets\" >Double sac pour tous les d\u00e9chets<\/a><\/li><\/ul><\/li><li class='ez-toc-page-1 ez-toc-heading-level-2'><a class=\"ez-toc-link ez-toc-heading-10\" href=\"https:\/\/www.bobex.be\/fr-be\/enlevement-de-lamiante\/#Pourquoi_faire_appel_a_un_professionnel_pour_un_desamiantage\" >Pourquoi faire appel \u00e0 un professionnel pour un d\u00e9samiantage ?<\/a><\/li><li class='ez-toc-page-1 ez-toc-heading-level-2'><a class=\"ez-toc-link ez-toc-heading-11\" href=\"https:\/\/www.bobex.be\/fr-be\/enlevement-de-lamiante\/#Obtenez_des_devis_gratuits_pour_des_travaux_de_desamiantage\" >Obtenez des devis gratuits pour des travaux de d\u00e9samiantage.<\/a><\/li><li class='ez-toc-page-1 ez-toc-heading-level-2'><a class=\"ez-toc-link ez-toc-heading-12\" href=\"https:\/\/www.bobex.be\/fr-be\/enlevement-de-lamiante\/#Vos_questions_sur_lenlevement_de_lamiante\" >Vos questions sur l&rsquo;enl\u00e8vement de l&rsquo;amiante<\/a><ul class='ez-toc-list-level-3' ><li class='ez-toc-heading-level-3'><a class=\"ez-toc-link ez-toc-heading-13\" href=\"https:\/\/www.bobex.be\/fr-be\/enlevement-de-lamiante\/#Combien_de_temps_dure_un_desamiantage\" >Combien de temps dure un d\u00e9samiantage ?<\/a><\/li><li class='ez-toc-page-1 ez-toc-heading-level-3'><a class=\"ez-toc-link ez-toc-heading-14\" href=\"https:\/\/www.bobex.be\/fr-be\/enlevement-de-lamiante\/#Quel_masque_utiliser_pour_le_desamiantage\" >Quel masque utiliser pour le d\u00e9samiantage ?<\/a><\/li><li class='ez-toc-page-1 ez-toc-heading-level-3'><a class=\"ez-toc-link ez-toc-heading-15\" href=\"https:\/\/www.bobex.be\/fr-be\/enlevement-de-lamiante\/#Existe-t-il_des_primes_pour_le_desamiantage\" >Existe-t-il des primes pour le d\u00e9samiantage ?<\/a><\/li><\/ul><\/li><\/ul><\/nav><\/div>\n<h2 class=\"wp-block-heading\"><span class=\"ez-toc-section\" id=\"Cest_quoi_lamiante\"><\/span>C\u2019est quoi l\u2019amiante ?<span class=\"ez-toc-section-end\"><\/span><\/h2>\n\n\n\n<figure class=\"wp-block-image size-full\"><img decoding=\"async\" width=\"1024\" height=\"538\" src=\"https:\/\/www.bobex.be\/wp-uploads\/sites\/2\/Fibre-damiante-zoom.jpg\" alt=\"Fibre d'amiante extraite avec pince pour analyse\" class=\"wp-image-213954\"\/><\/figure>\n\n\n\n<p>Jusqu&rsquo;aux&nbsp;<strong>ann\u00e9es 1990<\/strong>, l\u2019amiante \u00e9tait un mat\u00e9riau de construction tr\u00e8s&nbsp;<strong>r\u00e9pandu<\/strong>, appr\u00e9ci\u00e9 pour sa&nbsp;<strong>r\u00e9sistance<\/strong>&nbsp;et ses&nbsp;<strong>propri\u00e9t\u00e9s isolantes<\/strong>. C\u2019est pourquoi on le retrouve encore aujourd\u2019hui dans de nombreuses habitations, en particulier celles&nbsp;<strong>construites ou r\u00e9nov\u00e9es entre 1950 et 1990<\/strong>. Il pouvait \u00eatre int\u00e9gr\u00e9 dans de nombreux \u00e9l\u00e9ments, tels que :<\/p>\n\n\n\n<ul class=\"wp-block-list\">\n<li><strong>Les toitures<\/strong><\/li>\n\n\n\n<li><strong>Les plafonds<\/strong><\/li>\n\n\n\n<li><strong>Les cloisons<\/strong><\/li>\n\n\n\n<li><strong>Les bardages muraux<\/strong><\/li>\n\n\n\n<li><strong>Les appuis de fen\u00eatre<\/strong><\/li>\n\n\n\n<li><strong>Les chemin\u00e9es<\/strong><\/li>\n\n\n\n<li><strong>Certaines installations techniques<\/strong>&nbsp;: calorifuges, joints de chaudi\u00e8res, freins d\u2019ascenseur, isolation de tuyaux, etc.<\/li>\n<\/ul>\n\n\n\n<h2 class=\"wp-block-heading\"><span class=\"ez-toc-section\" id=\"Comment_reconnaitre_lamiante_et_se_faire_aider\"><\/span>Comment reconna\u00eetre l\u2019amiante et se faire aider ?<span class=\"ez-toc-section-end\"><\/span><\/h2>\n\n\n\n<p>Votre <strong>maison<\/strong> a-t-elle \u00e9t\u00e9 construite ou r\u00e9nov\u00e9e&nbsp;<strong>entre 1945 et 1998<\/strong>&nbsp;? Si oui, il y a de&nbsp;<strong>fortes chances<\/strong>&nbsp;qu\u2019elle contienne de l\u2019amiante. Bien que ce mat\u00e9riau ait \u00e9t\u00e9 utilis\u00e9 pendant des d\u00e9cennies, son emploi a connu un&nbsp;<strong>pic dans les ann\u00e9es 1970<\/strong>. En <strong>Belgique<\/strong>, il n\u2019a \u00e9t\u00e9 largement restreint qu\u2019en&nbsp;<strong>1998<\/strong>&nbsp;et totalement&nbsp;<strong>interdit depuis 2003<\/strong>.<\/p>\n\n\n\n<p>On distingue deux types d\u2019amiante :<\/p>\n\n\n\n<ul class=\"wp-block-list\">\n<li><strong>L\u2019amiante non friable<\/strong>&nbsp;: il est int\u00e9gr\u00e9 \u00e0 d\u2019autres mat\u00e9riaux, comme certains rev\u00eatements ext\u00e9rieurs ou int\u00e9rieurs. Tant qu\u2019il reste intact, il ne pr\u00e9sente pas de danger. En revanche, s\u2019il est d\u00e9coup\u00e9, ponc\u00e9 ou endommag\u00e9, il peut lib\u00e9rer des <a href=\"https:\/\/www.bobex.be\/fr-be\/enlevement-de-lamiante\/dangers-amiante\/\" target=\"_blank\" rel=\"noreferrer noopener\">fibres d&rsquo;amiante dangereuses<\/a> pour la sant\u00e9. Il suffit d\u2019une faible exposition pour entra\u00eener des troubles respiratoires susceptibles de s\u2019aggraver avec le temps.<\/li>\n\n\n\n<li><strong>L\u2019amiante friable<\/strong>&nbsp;: il se pr\u00e9sente sous forme libre ou en vrac et peut facilement se disperser dans l\u2019air. Ce type d\u2019amiante, utilis\u00e9 notamment dans certaines isolations de plafonds, repr\u00e9sente un risque sanitaire majeur, car il est plus facilement inhal\u00e9.<\/li>\n<\/ul>\n\n\n\n                <div class='bobex-cta-block' style='\n            --button-bg-color: #e13c0e;\n            --button-text-color: #ffffff;\n            --banner-bg-color: #aad4e6;\n            --arrow-main-bg-color: #aad4e6;\n            --arrow-secondary-bg-color: #e5f2f7;\n            --banner-title-color: #10375e;\n            --arrow-title-color: #10375e;\n            --banner-text-color: #545454;\n            --arrow-text-color: #545454;         \n            --invert-range: 0deg;\n        '>\n                    <div class='cta-arrow-text d-flex d-lg-none'>\n                        <a class='cta-button-rounded' href='#ppp'>Demander un devis gratuit<\/a>\n                    <\/div>\n                    <div class='d-none d-lg-flex flex-no-wrap'>\n                        <div class=\"col-7 cta-arrow-text d-flex text-color\">\n                            <div class=\"m-auto\">\n                                <div class=\"h3\">Vous souhaitez d\u00e9samianter votre habitation ?<\/div>\n                                <div class='text-color'>Ne prenez aucun risque avec l\u2019amiante !<\/div>\n                            <\/div>\n                        <\/div>\n                        <div class='cta-arrow-link col-5'>\n                            <a class='cta-button-rounded' href=\"#ppp\">Demander un devis gratuit<\/a>\n                        <\/div>\n                    <\/div>\n                <\/div>\n\n\n<h2 class=\"wp-block-heading\"><span class=\"ez-toc-section\" id=\"Reglementation_concernant_lamiante_en_Belgique\"><\/span>R\u00e9glementation concernant l\u2019amiante en Belgique<span class=\"ez-toc-section-end\"><\/span><\/h2>\n\n\n\n<p>L\u2019amiante fait l\u2019objet d\u2019une l\u00e9gislation sp\u00e9cifique dans les diff\u00e9rentes r\u00e9gions belges. Si son <strong>retrait n\u2019est pas toujours obligatoire<\/strong>, il est <strong>fortement encadr\u00e9<\/strong>, notamment pour <strong>pr\u00e9server la sant\u00e9 publique<\/strong> et \u00e9viter les risques li\u00e9s \u00e0 la lib\u00e9ration de fibres dans l\u2019air.<\/p>\n\n\n\n<h3 class=\"wp-block-heading\"><span class=\"ez-toc-section\" id=\"Est-il_obligatoire_de_retirer_lamiante_des_toitures_a_Bruxelles_et_en_Flandre\"><\/span>Est-il obligatoire de retirer l\u2019amiante des toitures \u00e0 Bruxelles et en Flandre ?<span class=\"ez-toc-section-end\"><\/span><\/h3>\n\n\n\n<p>En <strong>Wallonie<\/strong> comme dans la <strong>R\u00e9gion de Bruxelles-Capitale<\/strong>, la r\u00e9glementation <strong>n\u2019impose pas un retrait syst\u00e9matique<\/strong> de l\u2019amiante.<br>Si les mat\u00e9riaux amiant\u00e9s sont <strong>en bon \u00e9tat<\/strong> et <strong>non friables<\/strong>, ils peuvent \u00eatre <strong>laiss\u00e9s en place<\/strong>, sous r\u00e9serve d\u2019<strong>\u00e9viter toute action<\/strong> qui pourrait les d\u00e9t\u00e9riorer (pon\u00e7age, d\u00e9coupe, nettoyage).<br>En revanche, <strong>en Flandre<\/strong>, la l\u00e9gislation se durcit : <strong>l\u2019\u00e9limination de l\u2019amiante est pr\u00e9vue d\u2019ici 2034<\/strong> pour certaines infrastructures, notamment les toitures et fa\u00e7ades.<\/p>\n\n\n\n<h3 class=\"wp-block-heading\"><span class=\"ez-toc-section\" id=\"Pourquoi_legiferer_Quand_est-ce_que_lamiante_devient_une_reelle_source_de_danger%E2%80%AF\"><\/span>Pourquoi l\u00e9gif\u00e9rer ? Quand est-ce que l\u2019amiante devient une r\u00e9elle source de danger\u202f?<span class=\"ez-toc-section-end\"><\/span><\/h3>\n\n\n\n<p>L\u2019<a href=\"https:\/\/www.bobex.be\/fr-be\/enlevement-de-lamiante\/dangers-amiante\/\" target=\"_blank\" rel=\"noreferrer noopener\">amiante devient dangereuse<\/a> lorsqu\u2019elle est <strong>alt\u00e9r\u00e9e ou manipul\u00e9e<\/strong>, car elle lib\u00e8re des <strong>fibres microscopiques<\/strong> invisibles, <strong>hautement toxiques<\/strong> une fois inhal\u00e9es.<br>\u26d4 Il est <strong>strictement interdit<\/strong> de manipuler soi-m\u00eame ces mat\u00e9riaux :<\/p>\n\n\n\n<ul class=\"wp-block-list\">\n<li><strong>Casser<\/strong>, <strong>poncer<\/strong> ou <strong>nettoyer<\/strong> une surface amiant\u00e9e peut provoquer une <strong>contamination de l\u2019air<\/strong>.<\/li>\n\n\n\n<li>L\u2019exposition prolong\u00e9e peut entra\u00eener des <strong>maladies respiratoires graves<\/strong>, dont le <strong>m\u00e9soth\u00e9liome<\/strong> et le <strong>cancer du poumon<\/strong>.<\/li>\n<\/ul>\n\n\n\n<p>\ud83d\uded1 Seuls des <strong>professionnels agr\u00e9\u00e9s<\/strong> peuvent intervenir en toute s\u00e9curit\u00e9.<br>M\u00eame si la <a href=\"https:\/\/www.bobex.be\/fr-be\/enlevement-de-lamiante\/reglementation-amiante\/\" target=\"_blank\" rel=\"noreferrer noopener\">r\u00e9glementation sur l&rsquo;amiante<\/a> permet parfois le maintien en place, <strong>le d\u00e9samiantage reste recommand\u00e9<\/strong> d\u00e8s les premiers signes de <strong>d\u00e9gradation<\/strong>.<\/p>\n\n\n\n<h2 class=\"wp-block-heading\"><span class=\"ez-toc-section\" id=\"Quel_est_le_prix_au_m%C2%B2_dun_desamiantage_Cout_en_Belgique_en_2026\"><\/span>Quel est le prix au m\u00b2 d\u2019un d\u00e9samiantage ? Co\u00fbt en Belgique en 2026<span class=\"ez-toc-section-end\"><\/span><\/h2>\n\n\n\n<figure class=\"wp-block-image size-full\"><img decoding=\"async\" width=\"1024\" height=\"538\" src=\"https:\/\/www.bobex.be\/wp-uploads\/sites\/2\/Travaux-dinventaire-damiante.jpg\" alt=\"Travaux de d\u00e9samiantage sur toiture\" class=\"wp-image-212469\"\/><\/figure>\n\n\n\n<p>Le <a href=\"https:\/\/www.bobex.be\/fr-be\/enlevement-de-lamiante\/prix-desamiantage\/\" target=\"_blank\" rel=\"noreferrer noopener\">prix d\u2019un d\u00e9samiantage<\/a> varie en fonction de la quantit\u00e9 et du type de mat\u00e9riaux \u00e0 traiter. Lorsqu\u2019il s\u2019agit de grandes surfaces, l\u2019op\u00e9ration peut rapidement devenir on\u00e9reuse. En moyenne, les travaux de d\u00e9samiantage co\u00fbtent environ&nbsp;<strong>1.800 \u20ac<\/strong>, avec une fourchette courante allant de&nbsp;<strong>1.000 \u20ac \u00e0 2.630 \u20ac<\/strong>&nbsp;pour un particulier. <\/p>\n\n\n\n<p>La fermeture et la s\u00e9curisation de la zone repr\u00e9sentent la d\u00e9pense principale, soit&nbsp;<strong>60 \u00e0 70 %<\/strong>&nbsp;du montant total. Pour les professionnels, le tarif horaire de la main-d\u2019\u0153uvre se situe g\u00e9n\u00e9ralement entre&nbsp;<strong>70 \u20ac et 160 \u20ac<\/strong>.<br>Voici quelques prix moyens au m\u00b2 selon la zone \u00e0 traiter :<\/p>\n\n\n\n<ul class=\"wp-block-list\">\n<li><strong>Toiture<\/strong>&nbsp;: 56 \u20ac\/m\u00b2<\/li>\n\n\n\n<li><strong>Mur<\/strong>&nbsp;: 45 \u20ac\/m\u00b2<\/li>\n\n\n\n<li><strong>Diagnostic amiante<\/strong>&nbsp;: 80 \u20ac\/m\u00b2<\/li>\n\n\n\n<li><strong>Dalles de sol<\/strong>&nbsp;: 140 \u20ac\/m\u00b2<\/li>\n<\/ul>\n\n\n\n<h2 class=\"wp-block-heading\"><span class=\"ez-toc-section\" id=\"Ou_deposer_les_dechets_damiante\"><\/span>O\u00f9 d\u00e9poser les d\u00e9chets d\u2019amiante ?<span class=\"ez-toc-section-end\"><\/span><\/h2>\n\n\n\n<p>Se d\u00e9barrasser de l\u2019amiante ne s\u2019<strong>improvise pas<\/strong>. Ce&nbsp;<strong>mat\u00e9riau dangereux<\/strong>&nbsp;doit \u00eatre manipul\u00e9 et \u00e9limin\u00e9 avec des&nbsp;<strong>pr\u00e9cautions strictes<\/strong>&nbsp;pour prot\u00e9ger votre&nbsp;<strong>sant\u00e9<\/strong>&nbsp;et l\u2019<strong>environnement<\/strong>. Avant toute d\u00e9marche, il est essentiel de conna\u00eetre les&nbsp;<strong>lieux autoris\u00e9s<\/strong>&nbsp;pour d\u00e9poser vos d\u00e9chets et les&nbsp;<strong>r\u00e8gles \u00e0 respecter<\/strong>&nbsp;pour un transport et un conditionnement s\u00e9curis\u00e9s.<\/p>\n\n\n\n<h3 class=\"wp-block-heading\"><span class=\"ez-toc-section\" id=\"Trouver_un_site_Recypark\"><\/span>Trouver un site Recypark<span class=\"ez-toc-section-end\"><\/span><\/h3>\n\n\n\n<p>Pour \u00e9liminer vos d\u00e9chets d\u2019amiante, renseignez-vous aupr\u00e8s de votre commune ou sur internet afin de trouver un <a href=\"https:\/\/www.bobex.be\/fr-be\/enlevement-de-lamiante\/recyparc-amiante\/\" target=\"_blank\" rel=\"noreferrer noopener\"><strong>Recypark<\/strong> pour l&rsquo;amiante<\/a>&nbsp;ou une d\u00e9charge acceptant ce type de mat\u00e9riaux. Contactez le site&nbsp;<strong>plusieurs jours \u00e0 l\u2019avance<\/strong>&nbsp;pour les informer de votre venue et leur permettre de pr\u00e9parer les proc\u00e9dures de traitement.<\/p>\n\n\n\n<figure class=\"wp-block-image size-full\"><img decoding=\"async\" width=\"1200\" height=\"630\" src=\"https:\/\/www.bobex.be\/wp-uploads\/sites\/2\/Parc-a-conteneur-pour-amiante.jpg\" alt=\"Parc \u00e0 conteneur pour amiante vu de haut\" class=\"wp-image-212310\"\/><\/figure>\n\n\n\n<h3 class=\"wp-block-heading\"><span class=\"ez-toc-section\" id=\"Double_sac_pour_tous_les_dechets\"><\/span>Double sac pour tous les d\u00e9chets<span class=\"ez-toc-section-end\"><\/span><\/h3>\n\n\n\n<p>Tous les d\u00e9chets amiant\u00e9s, y compris les masques, combinaisons jetables, chiffons et b\u00e2ches plastiques, doivent \u00eatre plac\u00e9s dans des&nbsp;<strong>sacs en plastique r\u00e9sistants<\/strong>&nbsp;et ferm\u00e9s herm\u00e9tiquement. Pour l\u2019amiante li\u00e9 ou l\u2019amiante-ciment, des sacs sp\u00e9cifiques de 120 litres sont disponibles dans les recyparcs, \u00e0 payer \u00e0 l\u2019avance.<\/p>\n\n\n\n<p><strong>Pr\u00e9cautions \u00e0 respecter&nbsp;:&nbsp;<\/strong>ne jamais couper, poncer, disquer ou nettoyer \u00e0 haute pression les mat\u00e9riaux amiant\u00e9s, et ne jamais les m\u00e9langer avec d\u2019autres d\u00e9chets. Pour des&nbsp;<strong>quantit\u00e9s importantes<\/strong>&nbsp;ou de l\u2019amiante floqu\u00e9e, il est imp\u00e9ratif de faire appel \u00e0 une&nbsp;<strong>entreprise agr\u00e9\u00e9e de d\u00e9samiantag<\/strong>e plut\u00f4t que d&rsquo;<a href=\"https:\/\/www.bobex.be\/fr-be\/enlevement-de-lamiante\/enlever-amiante-soi-meme\/\" target=\"_blank\" rel=\"noreferrer noopener\">enlever l&rsquo;amiante soi-m\u00eame<\/a>.<\/p>\n\n\n\n                <div class='bobex-cta-block' style='\n            --button-bg-color: #e13c0e;\n            --button-text-color: #ffffff;\n            --banner-bg-color: #aad4e6;\n            --arrow-main-bg-color: #aad4e6;\n            --arrow-secondary-bg-color: #e5f2f7;\n            --banner-title-color: #10375e;\n            --arrow-title-color: #10375e;\n            --banner-text-color: #545454;\n            --arrow-text-color: #545454;         \n            --invert-range: 0deg;\n        '>\n                    <div class='cta-banner'>\n                        <div class='h3'>Pr\u00e9servez votre sant\u00e9 et celle de votre famille<\/div>\n                        <div class='text-color'>Alors remplissez rapidement ce formulaire. C&rsquo;est totalement gratuit et sans engagement !<\/div>\n                        <span>\n                            <img src='https:\/\/www.bobex.be\/wp-uploads\/sites\/2\/arrow-cta-box.png' alt='arrow' class='img-color'\/>\n                            <a class='cta-button-rounded' href=\"#ppp\">Demander un devis<\/a>\n                        <\/span>   \n                    <\/div>\n                <\/div>\n\n\n<h2 class=\"wp-block-heading\"><span class=\"ez-toc-section\" id=\"Pourquoi_faire_appel_a_un_professionnel_pour_un_desamiantage\"><\/span>Pourquoi faire appel \u00e0 un professionnel pour un d\u00e9samiantage ?<span class=\"ez-toc-section-end\"><\/span><\/h2>\n\n\n\n<p>Les travaux de d\u00e9samiantage doivent \u00eatre r\u00e9alis\u00e9s par un professionnel, une soci\u00e9t\u00e9 de d\u00e9samiantage, car celui-ci respectera les 4 \u00e9tapes cruciales.&nbsp; <\/p>\n\n\n\n<ol class=\"wp-block-list\">\n<li><strong>L\u2019inspection<\/strong>&nbsp;: un expert vient sur place pour un diagnostic visuel de votre probl\u00e8me d\u2019amiante.<\/li>\n\n\n\n<li><strong>D\u00e9limitation de la zone de travail<\/strong>&nbsp;: avant que l\u2019expert en l\u2019amiante ne commence son travail, il d\u00e9limite une zone de s\u00e9curit\u00e9.<\/li>\n\n\n\n<li><strong>Retrait de l\u2019amiante sans danger<\/strong>&nbsp;: L\u2019expert enl\u00e8ve en toute s\u00e9curit\u00e9 toutes les fibres nocives avec l\u2019\u00e9quipement appropri\u00e9.<\/li>\n\n\n\n<li><strong>Un nettoyage du chantier<\/strong>&nbsp;: tous les \u00e9l\u00e9ments dangereux sont soigneusement emport\u00e9s et emball\u00e9s.<\/li>\n<\/ol>\n\n\n\n<h2 class=\"wp-block-heading\"><span class=\"ez-toc-section\" id=\"Obtenez_des_devis_gratuits_pour_des_travaux_de_desamiantage\"><\/span>Obtenez des devis gratuits pour des travaux de d\u00e9samiantage.<span class=\"ez-toc-section-end\"><\/span><\/h2>\n\n\n\n<p>L\u2019amiante, encore pr\u00e9sent dans de nombreuses habitations belges, est hautement toxique et peut causer de graves maladies, dont le cancer du poumon. Son retrait doit \u00eatre confi\u00e9 \u00e0 un professionnel agr\u00e9\u00e9 pour garantir votre s\u00e9curit\u00e9. Avec Bobex, comparez facilement les prix et services d\u2019experts certifi\u00e9s.&nbsp; <strong>Recevez jusqu\u2019\u00e0 5 devis gratuits et sans engagement.<\/strong><\/p>\n\n\n<div id=\"ppp\" class=\"bob-form-wrapper\" data-ajax_url=\"https:\/\/www.bobex.be\/fr-be\/wp-admin\/admin-ajax.php\" data-fa_a=\"\" data-fa_b=\"\"><div class=\"loader\" aria-hidden=\"true\"><\/div>    <div>\n        <div class=\"row mx-auto mb-2\" style=\"max-width: 900px;\">\n            <div class=\"col-md-4\"><i class=\"mr-1 fas fa-check\" style=\"color:green;\"><\/i>Devis gratuits et rapides<\/div>\n            <div class=\"col-md-4\"><i class=\"mr-1 fas fa-check\" style=\"color:green;\"><\/i>Sans engagement et obligation<\/div>\n            <div class=\"col-md-4\"><i class=\"mr-1 fas fa-check\" style=\"color:green;\"><\/i>Professionnels agr\u00e9\u00e9s<\/div>\n        <\/div>\n    <\/div><div id=\"form-69f2369c671f8\" class=\"bob-form-container\" style=\"background-color: white; font-family: Roboto, sans-serif !important; font-size: 16px !important; color: #545454; box-shadow: 0 2px 10px rgba(0,0,0,0.1); --font_title: Poppins; --font_size_title: 20px; --title_bg_color: #175da6; --copyright_color: #fde8e1; --box_upload_color: #e5f2f7; padding:unset;\" data-form-type=\"inline\" data-form-id=\"69f2369c671f8\"><style>#form-69f2369c671f8 .bob-form-inline-question.even {\n  background-color: #e5f2f7;\n}\n#form-69f2369c671f8 .single_multiple.multiple_button {\n  background-color: #e5f2f7 !important;\n}\n#form-69f2369c671f8 .bob-form-inline-question--hidden {\n  display: none;\n}<\/style><div class=\"form-questions\"><form id=\"bob-form\" class=\"bob-form bob-form-tag\" method=\"post\" action=\"https:\/\/www.bobex.be\/fr-be\/wp-admin\/admin-ajax.php?action=bobex-form-validation\">    <div class=\"form-title\">\n        Formulez votre demande\n        <div class=\"form-title-info-line\">\n            R\u00e9pondez \u00e0 quelques questions et entrez en contact avec des sp\u00e9cialistes fiables. Nous vous demandons vos coordonn\u00e9es afin de s\u00e9lectionner les professionnels actifs dans votre r\u00e9gion.\n        <\/div>\n    <\/div><div class=\"form-questions bob-form-inline-question\"><div class=\"row\"><div class=\"question col-md-4\"><label>1*. De quel type de b\u00e2timent s&rsquo;agit-il ?<\/label><\/div><div class=\"answer col-md-8\"><div class=\"bob-form-radio d-flex\"><input type=\"radio\" class=\"inline-radio\" id=\"69f2369c671f8-input-0-1\" data-unique-id=\"69f2369c671f8\" name=\"XML_extra_radio2\" value=\"1\"  required=\"required\"><label for=\"69f2369c671f8-input-0-1\">Maison individuelle<\/label><\/div><div class=\"bob-form-radio d-flex\"><input type=\"radio\" class=\"inline-radio\" id=\"69f2369c671f8-input-0-2\" data-unique-id=\"69f2369c671f8\" name=\"XML_extra_radio2\" value=\"2\"  required=\"required\"><label for=\"69f2369c671f8-input-0-2\">Maison jumel\u00e9e \/ 3 fa\u00e7ades<\/label><\/div><div class=\"bob-form-radio d-flex\"><input type=\"radio\" class=\"inline-radio\" id=\"69f2369c671f8-input-0-3\" data-unique-id=\"69f2369c671f8\" name=\"XML_extra_radio2\" value=\"3\"  required=\"required\"><label for=\"69f2369c671f8-input-0-3\">Maison mitoyenne \/ 2 fa\u00e7ades<\/label><\/div><div class=\"bob-form-radio d-flex\"><input type=\"radio\" class=\"inline-radio\" id=\"69f2369c671f8-input-0-4\" data-unique-id=\"69f2369c671f8\" name=\"XML_extra_radio2\" value=\"4\"  required=\"required\"><label for=\"69f2369c671f8-input-0-4\">Appartement<\/label><\/div><div class=\"bob-form-radio d-flex\"><input type=\"radio\" class=\"inline-radio\" id=\"69f2369c671f8-input-0-5\" data-unique-id=\"69f2369c671f8\" name=\"XML_extra_radio2\" value=\"5\"  required=\"required\"><label for=\"69f2369c671f8-input-0-5\">Immeuble commercial ou bureau<\/label><\/div><div class=\"bob-form-radio d-flex\"><input type=\"radio\" class=\"inline-radio\" id=\"69f2369c671f8-input-0-6\" data-unique-id=\"69f2369c671f8\" name=\"XML_extra_radio2\" value=\"6\"  required=\"required\"><label for=\"69f2369c671f8-input-0-6\">Autre<\/label><\/div><\/div><\/div><\/div><div class=\"form-questions bob-form-inline-question even\"><div class=\"row\"><div class=\"question col-md-4\"><label>2*. O\u00f9 se situe l&#039;amiante dans le b\u00e2timent ?<\/label><\/div><div class=\"answer col-md-8\"><div class=\"bob-form-checkbox d-flex\"><input type=\"checkbox\" class=\"inline-checkbox bob-form-input\" id=\"69f2369c671f8-input-1-1\" data-unique-id=\"69f2369c671f8\" name=\"XML_extra_check[]\" value=\"1\"  required=\"required\" onclick=\"checkboxTurnChecked(this)\"><label for=\"69f2369c671f8-input-1-1\">Toiture (tuiles, ardoises, fibrociment)<\/label><\/div><div class=\"bob-form-checkbox d-flex\"><input type=\"checkbox\" class=\"inline-checkbox bob-form-input\" id=\"69f2369c671f8-input-1-2\" data-unique-id=\"69f2369c671f8\" name=\"XML_extra_check[]\" value=\"2\"  required=\"required\" onclick=\"checkboxTurnChecked(this)\"><label for=\"69f2369c671f8-input-1-2\">Isolation des murs ou plafonds<\/label><\/div><div class=\"bob-form-checkbox d-flex\"><input type=\"checkbox\" class=\"inline-checkbox bob-form-input\" id=\"69f2369c671f8-input-1-3\" data-unique-id=\"69f2369c671f8\" name=\"XML_extra_check[]\" value=\"3\"  required=\"required\" onclick=\"checkboxTurnChecked(this)\"><label for=\"69f2369c671f8-input-1-3\">Sols<\/label><\/div><div class=\"bob-form-checkbox d-flex\"><input type=\"checkbox\" class=\"inline-checkbox bob-form-input\" id=\"69f2369c671f8-input-1-4\" data-unique-id=\"69f2369c671f8\" name=\"XML_extra_check[]\" value=\"4\"  required=\"required\" onclick=\"checkboxTurnChecked(this)\"><label for=\"69f2369c671f8-input-1-4\">Tuyauteries (gaines, calorifugeage)<\/label><\/div><div class=\"bob-form-checkbox d-flex\"><input type=\"checkbox\" class=\"inline-checkbox bob-form-input\" id=\"69f2369c671f8-input-1-5\" data-unique-id=\"69f2369c671f8\" name=\"XML_extra_check[]\" value=\"5\"  required=\"required\" onclick=\"checkboxTurnChecked(this)\"><label for=\"69f2369c671f8-input-1-5\">Enduits, cr\u00e9pis ou peintures<\/label><\/div><div class=\"bob-form-checkbox d-flex\"><input type=\"checkbox\" class=\"inline-checkbox bob-form-input\" id=\"69f2369c671f8-input-1-6\" data-unique-id=\"69f2369c671f8\" name=\"XML_extra_check[]\" value=\"6\"  required=\"required\" onclick=\"checkboxTurnChecked(this)\"><label for=\"69f2369c671f8-input-1-6\">Cloisons ou faux plafonds<\/label><\/div><div class=\"bob-form-checkbox d-flex\"><input type=\"checkbox\" class=\"inline-checkbox bob-form-input\" id=\"69f2369c671f8-input-1-7\" data-unique-id=\"69f2369c671f8\" name=\"XML_extra_check[]\" value=\"7\"  required=\"required\" onclick=\"checkboxTurnChecked(this)\"><label for=\"69f2369c671f8-input-1-7\">Autre (\u00e0 pr\u00e9ciser)<\/label><\/div><\/div><\/div><\/div><div class=\"form-questions bob-form-inline-question\"><div class=\"row\"><div class=\"question col-md-4\"><label>3*. Quelle est l&rsquo;ann\u00e9e de construction du b\u00e2timent ?<\/label><\/div><div class=\"answer col-md-8\"><div class=\"bob-form-radio d-flex\"><input type=\"radio\" class=\"inline-radio\" id=\"69f2369c671f8-input-2-1\" data-unique-id=\"69f2369c671f8\" name=\"XML_extra_radio3\" value=\"1\"  required=\"required\"><label for=\"69f2369c671f8-input-2-1\">Avant 1945<\/label><\/div><div class=\"bob-form-radio d-flex\"><input type=\"radio\" class=\"inline-radio\" id=\"69f2369c671f8-input-2-2\" data-unique-id=\"69f2369c671f8\" name=\"XML_extra_radio3\" value=\"2\"  required=\"required\"><label for=\"69f2369c671f8-input-2-2\">1945-1998 (la plupart des cas)<\/label><\/div><div class=\"bob-form-radio d-flex\"><input type=\"radio\" class=\"inline-radio\" id=\"69f2369c671f8-input-2-3\" data-unique-id=\"69f2369c671f8\" name=\"XML_extra_radio3\" value=\"3\"  required=\"required\"><label for=\"69f2369c671f8-input-2-3\">Apr\u00e8s 1998<\/label><\/div><\/div><\/div><\/div><div class=\"form-questions bob-form-inline-question even\"><div class=\"row\"><div class=\"question col-md-4\"><label>4*. Quand souhaitez-vous ce service ?<\/label><\/div><div class=\"answer col-md-8\"><div class=\"bob-form-radio d-flex\"><input type=\"radio\" class=\"inline-radio\" id=\"69f2369c671f8-input-3-1\" data-unique-id=\"69f2369c671f8\" name=\"XML_extra_radio4\" value=\"1\"  required=\"required\"><label for=\"69f2369c671f8-input-3-1\">D\u00e8s que possible, dans un d\u00e9lai de 2 mois<\/label><\/div><div class=\"bob-form-radio d-flex\"><input type=\"radio\" class=\"inline-radio\" id=\"69f2369c671f8-input-3-2\" data-unique-id=\"69f2369c671f8\" name=\"XML_extra_radio4\" value=\"2\"  required=\"required\"><label for=\"69f2369c671f8-input-3-2\">Dans un d\u00e9lai de 2 \u00e0 4 mois<\/label><\/div><div class=\"bob-form-radio d-flex\"><input type=\"radio\" class=\"inline-radio\" id=\"69f2369c671f8-input-3-3\" data-unique-id=\"69f2369c671f8\" name=\"XML_extra_radio4\" value=\"3\"  required=\"required\"><label for=\"69f2369c671f8-input-3-3\">Dans un d\u00e9lai de 4 \u00e0 6 mois<\/label><\/div><\/div><\/div><\/div><div class=\"form-questions bob-form-inline-question\"><div class=\"d-flex flex-column\"><label class=\"question\" for=\"69f2369c671f8-input-4\">5. Information compl\u00e9mentaire<\/label><textarea class=\"bob-form-input\" name=\"XML_remarks\" id=\"69f2369c671f8-input-4\" data-unique-id=\"69f2369c671f8\"><\/textarea><\/div><\/div><div class=\"bob-inline-form bob-form-tag upload-box mb-3\">\n                    <div class=\"row\">\n                        <div class=\"col-md-12 mb-2 question\">Ajouter des photos ou des pi\u00e8ces jointes (en Option)<\/div>\n                        <div class=\"col-md-12\">\n                            <div class=\"box__input\" style=\"background-color: #e5f2f7;\"\n                                 ondrop=\"drop(event)\"\n                                 ondragover=\"allowDrop(event)\"\n                                 ondragleave=\"removeDropFx(event)\"\n                                >\n                                <input type=\"file\"\n                                       class=\"file__input\"\n                                       name=\"attachments[]\"\n                                       id=\"attachments\"\n                                       multiple=\"multiple\"\n                                       accept=\"image\/jpeg, image\/png, image\/gif, application\/pdf\"\n                                       data-multiple-caption=\"{count} files selected\">\n                                <div>\n                                    <label for=\"attachments\"><strong>S\u00e9lectionnez un fichier <\/strong>ou glissez-le ici<\/label>\n                                    <span class=\"box__button bobex-round-cta m-1 py-1\"\n                                          style=\"mix-blend-mode: luminosity\">\n                                        <i class=\"fas fa-cloud-upload-alt text-white\"><\/i>\n                                        T\u00e9l\u00e9charger\n                                    <\/span>\n                                <\/div>\n            \n                                <div class=\"row preview_wrapper m-0\"><\/div>\n                            <\/div>\n            \n                            <div class=\"box__uploading\">Uploading\u2026<\/div>\n                            <div class=\"box__success\">Done!<\/div>\n                            <div class=\"box__error\">Error! <span><\/span>.<\/div>\n                        <\/div>\n                    <\/div>\n                <\/div>    <div class=\"form-title\">\n        Vos donn\u00e9es\n    <\/div><div class=\"bob-form-contact-data\" style=\"padding: 20px\"><div class=\"row lead-info\"><div class=\"col-md-6 mb-3\">  <div class=\"form-group\">    <input value=\"\" type=\"text\" class=\"form-control\" id=\"firstName\" name=\"firstName\" placeholder=\"Pr\u00e9nom\" required>    <div class=\"valid-feedback\">Enchant\u00e9 !<\/div>    <div class=\"invalid-feedback\">Veuillez indiquer votre pr\u00e9nom<\/div>  <\/div><\/div><div class=\"col-md-6 mb-3\">  <div class=\"form-group\">    <input value=\"\" type=\"text\" class=\"form-control\" id=\"lastName\" name=\"lastName\" placeholder=\"Nom\" required>    <div class=\"valid-feedback\">Sympa<\/div>    <div class=\"invalid-feedback\">Veuillez indiquer votre nom de famille<\/div>  <\/div><\/div><div class=\"col-md-12 mb-3\">  <div class=\"form-group\">    <input value=\"\" type=\"email\" class=\"form-control\" id=\"email\" name=\"email\" placeholder=\"E-mail\" required style=\"max-width: unset;\">    <div class=\"valid-feedback\">C&rsquo;est tout bon<\/div>    <div class=\"invalid-feedback\">Veuillez indiquer une adresse e-mail valide<\/div>  <\/div><\/div><div class=\"col-md-12 mb-3\">  <div class=\"form-group\">    <input value=\"\" type=\"tel\" class=\"form-control\" id=\"phone\" name=\"phone\" placeholder=\"T\u00e9l\u00e9phone\" required style=\"max-width: unset;\">    <div class=\"valid-feedback\">Parfait<\/div>    <div class=\"invalid-feedback\">Veuillez indiquer un num\u00e9ro de t\u00e9l\u00e9phone valide<\/div>  <\/div><\/div><div class=\"col-md-12 mb-3\">  <div class=\"form-group\">    <input value=\"\" type=\"text\" class=\"form-control\" id=\"companyAddress\" name=\"companyAddress\" placeholder=\"Adresse\" required style=\"max-width: unset;\">    <div class=\"valid-feedback\">C&rsquo;est not\u00e9<\/div>    <div class=\"invalid-feedback\">Veuillez indiquer une adresse valide<\/div>  <\/div><\/div><div class=\"col-md-6 mb-3\">  <div class=\"form-group\">    <input value=\"\" type=\"text\" class=\"form-control\" id=\"companyPostalCode\" name=\"companyPostalCode\" placeholder=\"Code postal\" required>    <div class=\"valid-feedback\">Excellent !<\/div>    <div class=\"invalid-feedback\">Veuillez indiquer un code postal valide<\/div>  <\/div><\/div><div class=\"col-md-6 mb-3\">  <div class=\"form-group\">    <input value=\"\" type=\"text\" class=\"form-control\" id=\"companyCity\" name=\"companyCity\" placeholder=\"Ville\" required>    <div class=\"valid-feedback\">Bien jou\u00e9<\/div>    <div class=\"invalid-feedback\">Veuillez indiquer une ville valide<\/div>  <\/div><\/div><div class=\"d-flex mt-3\"><input name=\"promoOptin\" value=\"true\" id=\"promoOptin\" type=\"checkbox\" class=\"me-2\" style=\"width: unset\"><label for=\"promoOptin\">Je souhaite rester inform\u00e9 de ma demande et recevoir des conseils pratiques (fortement recommand\u00e9 !) <\/label><\/div><\/div><\/div><input type=\"hidden\" class=\"session_var\" name=\"newform\" value=\"true\"><input type=\"hidden\" class=\"session_var\" name=\"lead-validation-nonce\" value=\"24cd3332a7\"><input type=\"hidden\" class=\"session_var\" name=\"aff\" value=\"minisite\"><input type=\"hidden\" class=\"session_var\" name=\"utm_source\" value=\"https:\/\/www.bobex.be\/fr-be\/wp-json\/v2\/business\/46648\"><input type=\"hidden\" class=\"session_var\" name=\"bobx\" value=\"\"><input type=\"hidden\" class=\"session_var\" name=\"sessionType\" value=\"B2C\"><input type=\"hidden\" class=\"session_var\" name=\"utm_medium\" value=\"web\"><input type=\"hidden\" class=\"session_var\" name=\"utm_campaign\" value=\"search\"><input type=\"hidden\" class=\"session_var\" name=\"rem_source\" value=\"https:\/\/www.bobex.be\/fr-be\/enlevement-de-lamiante\/\"><input type=\"hidden\" class=\"session_var\" name=\"pixel_id\" value=\"-1\"><input type=\"hidden\" class=\"session_var\" name=\"tabo_id\" value=\"-1\"><input type=\"hidden\" class=\"session_var\" name=\"click_id\" value=\"-1\"><input type=\"hidden\" class=\"session_var\" name=\"gclid\" value=\"-1\"><input type=\"hidden\" class=\"session_var\" name=\"msclkid\" value=\"-1\"><input type=\"hidden\" class=\"session_var\" name=\"past_aff\" value=\"bobex\"><input type=\"hidden\" class=\"session_var\" name=\"redirectTo\" value=\"BE\"><input type=\"hidden\" class=\"session_var\" name=\"is_type_id\" value=\"true\"><input type=\"hidden\" class=\"session_var\" name=\"typeid\" value=\"100045\"><input type=\"hidden\" class=\"session_var\" name=\"companyType\" value=\"label.companytype.consumer\"><input type=\"hidden\" class=\"session_var\" name=\"input_names\" value=\"XML_extra_radio2,XML_extra_check,XML_extra_radio3,XML_extra_radio4,XML_remarks\"><input type=\"hidden\" class=\"form_context\" value=\"BE\"><img decoding=\"async\" class=\"bobex-pixel\" src=\"\" alt=\"\" style=\"display:none\" \/>    <div class=\"bob-form-submit d-flex justify-content-center\">\n        <button type=\"submit\" class=\"form-submit\" style=\"background-color: #F1653A; color: white; border: none !important; border-radius: 5px !important; font-family: Roboto, sans-serif; font-size: 16px;\">\n            Demander un devis\n        <\/button>\n    <\/div>    <div class=\"bob-inline-form form-footer\" style=\"border-radius: 0 0 10px 10px\">\n        <div class=\"bob-form-privacy-text\">\n            <div style=\"float:left;\"><i class=\"fa fa-lock\"><\/i><\/div>\n            <div class=\"ms-2\">\n                <div style='padding-left: 15px;font-size: 0.8em !important;z-index: 10;'><b>Nous respectons votre vie priv\u00e9e<\/b><br> Conform\u00e9ment \u00e0 la loi du 8\/12\/1992 relative \u00e0 la protection de la vie priv\u00e9e, vous disposez d&rsquo;un droit d&rsquo;acc\u00e8s et de rectification \u00e0 vos donn\u00e9es. Pour en savoir plus, consultez notre <span class=\"link_ob\" data-link=\"aHR0cHM6Ly93d3cuYm9iZXguYmUvZnItYmUvcHJvdGVjdGlvbi1kZS1sYS12aWUtcHJpdmVlLw==\" target=\"_blank\">charte sur la vie priv\u00e9e<\/span>.<\/div>\n                \n            <\/div>\n        <\/div>\n    <\/div><\/form><\/div><div class=\"multiple_mini hidden\" data-lead_id=\"\"><p class=\"multiple-title\">Merci d&rsquo;avoir pris le temps de remplir ce formulaire<\/p><p>Nous vous contacterons d\u00e8s que possible pour vous orienter vers le meilleur sp\u00e9cialiste correspondant \u00e0 votre demande.<\/p><div class=\"multiple_wrapper\"><div class=\"loader\"><\/div><p class=\"multiple-title\">Vous cherchez d&rsquo;autres services ?<\/p><p class=\"multiple_text\">Vous souhaitez comparer d&rsquo;autres devis ou explorer d&rsquo;autres services ? Faites-le nous savoir et nous vous mettrons rapidement en relation<\/p><div class=\"multiple_container\"><div class=\"single_multiple multiple_button\" data-typeid=\"12005\"><i class=\"fa-3x cat icon-12005\"><\/i><span class=\"multiple_name\">R\u00e9novation totale (entrepreneurs)<\/span><\/div><div class=\"single_multiple multiple_button\" data-typeid=\"11962\"><i class=\"fa-3x cat icon-11962\"><\/i><span class=\"multiple_name\">Travaux de toiture<\/span><\/div><div class=\"single_multiple multiple_button\" data-typeid=\"11427\"><i class=\"fa-3x cat icon-11427\"><\/i><span class=\"multiple_name\">Isolation<\/span><\/div><div class=\"single_multiple multiple_button\" data-typeid=\"11406\"><i class=\"fa-3x cat icon-11406\"><\/i><span class=\"multiple_name\">Syst\u00e8me d&rsquo;alarme<\/span><\/div><div class=\"single_multiple multiple_button\" data-typeid=\"30007\"><i class=\"fa-3x cat icon-30007\"><\/i><span class=\"multiple_name\">Chauffage central<\/span><\/div><div class=\"single_multiple multiple_button\" data-typeid=\"100015\"><i class=\"fa-3x cat icon-100015\"><\/i><span class=\"multiple_name\">D\u00e9capage, sablage<\/span><\/div><\/div><\/div><\/div><\/div><\/div>\n\n\n<h2 class=\"wp-block-heading\"><span class=\"ez-toc-section\" id=\"Vos_questions_sur_lenlevement_de_lamiante\"><\/span>Vos questions sur l&rsquo;enl\u00e8vement de l&rsquo;amiante<span class=\"ez-toc-section-end\"><\/span><\/h2>\n\n\n\n<p>Vous vous posez des questions sur l\u2019amiante, son retrait ou son \u00e9limination ? Retrouvez ici les r\u00e9ponses claires et rapides aux interrogations les plus fr\u00e9quentes.<\/p>\n\n\n\n<div class=\"wp-block-bobex-frequently-asked-questions bobex-faq-main-wrapper\">\n            <div class=\"bobex-simple-question-answer-block\">\n                <div class=\"bobex-simple-question-answer-block__question\" style=\"background-color: #63b0d1!important; color: white!important;\">\n                    <h3 style=\"color: white!important; margin:unset; font-size:1.2rem;\" class=\"bobex-simple-question-answer-block__question__content\"><span class=\"ez-toc-section\" id=\"Combien_de_temps_dure_un_desamiantage\"><\/span>Combien de temps dure un d\u00e9samiantage ?<span class=\"ez-toc-section-end\"><\/span><\/h3>\n                    <div class=\"bobex-simple-question-answer-block__question__toggle\">+<\/div>\n                <\/div>\n                <div class=\"bobex-simple-question-answer-block__answer\" style=\"background-color: !important; color: black!important;\">\n                    <div class=\"bobex-simple-question-answer-block__answer__content\">La dur\u00e9e de travaux de d\u00e9samiantage varie selon la surface et la complexit\u00e9 du chantier, mais elle est g\u00e9n\u00e9ralement de <strong>1 \u00e0 5 jours\u00a0<\/strong>pour une maison.<\/div>\n                    <div>\n<div class=\"wp-block-bobex-simple-question-answer\"><\/div>\n<\/div>\n                <\/div>\n            <\/div>\n        \n\n\n            <div class=\"bobex-simple-question-answer-block\">\n                <div class=\"bobex-simple-question-answer-block__question\" style=\"background-color: #63b0d1!important; color: white!important;\">\n                    <h3 style=\"color: white!important; margin:unset; font-size:1.2rem;\" class=\"bobex-simple-question-answer-block__question__content\"><span class=\"ez-toc-section\" id=\"Quel_masque_utiliser_pour_le_desamiantage\"><\/span>Quel masque utiliser pour le d\u00e9samiantage ?<span class=\"ez-toc-section-end\"><\/span><\/h3>\n                    <div class=\"bobex-simple-question-answer-block__question__toggle\">+<\/div>\n                <\/div>\n                <div class=\"bobex-simple-question-answer-block__answer\" style=\"background-color: !important; color: black!important;\">\n                    <div class=\"bobex-simple-question-answer-block__answer__content\">Pour le d\u00e9samiantage, utilisez un\u00a0<strong>masque respiratoire FFP3<\/strong>\u00a0ou un\u00a0<strong>appareil \u00e0 ventilation assist\u00e9e<\/strong>\u00a0sp\u00e9cialement con\u00e7u pour filtrer les fibres d\u2019amiante.<\/div>\n                    <div>\n<div class=\"wp-block-bobex-simple-question-answer\"><\/div>\n<\/div>\n                <\/div>\n            <\/div>\n        \n\n\n            <div class=\"bobex-simple-question-answer-block\">\n                <div class=\"bobex-simple-question-answer-block__question\" style=\"background-color: #63b0d1!important; color: white!important;\">\n                    <h3 style=\"color: white!important; margin:unset; font-size:1.2rem;\" class=\"bobex-simple-question-answer-block__question__content\"><span class=\"ez-toc-section\" id=\"Existe-t-il_des_primes_pour_le_desamiantage\"><\/span>Existe-t-il des primes pour le d\u00e9samiantage ?<span class=\"ez-toc-section-end\"><\/span><\/h3>\n                    <div class=\"bobex-simple-question-answer-block__question__toggle\">+<\/div>\n                <\/div>\n                <div class=\"bobex-simple-question-answer-block__answer\" style=\"background-color: !important; color: black!important;\">\n                    <div class=\"bobex-simple-question-answer-block__answer__content\">Oui, certaines R\u00e9gions de Belgique (Wallonie, Bruxelles, Flandre) octroient des <a href=\"https:\/\/www.bobex.be\/fr-be\/enlevement-de-lamiante\/primes-desamiantage\/\" target=\"_blank\" rel=\"noreferrer noopener\">primes pour l\u2019enl\u00e8vement de l\u2019amiante<\/a>, notamment dans le cadre de r\u00e9novations \u00e9nerg\u00e9tiques ou de travaux de salubrit\u00e9. Les conditions et montants varient selon la R\u00e9gion : il est conseill\u00e9 de consulter le site officiel de votre administration r\u00e9gionale.<\/div>\n                    <div>\n<div class=\"wp-block-bobex-simple-question-answer\"><\/div>\n<\/div>\n                <\/div>\n            <\/div>\n        <\/div>\n\n                    <script type=\"application\/ld+json\">\n                        {\"@context\":\"https:\\\/\\\/schema.org\",\"@type\":\"FAQPage\",\"mainEntity\":[{\"@type\":\"Question\",\"name\":\"Combien de temps dure un d\\u00e9samiantage ?\",\"acceptedAnswer\":{\"@type\":\"Answer\",\"text\":\"La dur\\u00e9e de travaux de d\\u00e9samiantage varie selon la surface et la complexit\\u00e9 du chantier, mais elle est g\\u00e9n\\u00e9ralement de <strong>1 \\u00e0 5 jours\\u00a0<\\\/strong>pour une maison.\"}},{\"@type\":\"Question\",\"name\":\"Quel masque utiliser pour le d\\u00e9samiantage ?\",\"acceptedAnswer\":{\"@type\":\"Answer\",\"text\":\"Pour le d\\u00e9samiantage, utilisez un\\u00a0<strong>masque respiratoire FFP3<\\\/strong>\\u00a0ou un\\u00a0<strong>appareil \\u00e0 ventilation assist\\u00e9e<\\\/strong>\\u00a0sp\\u00e9cialement con\\u00e7u pour filtrer les fibres d\\u2019amiante.\"}},{\"@type\":\"Question\",\"name\":\"Existe-t-il des primes pour le d\\u00e9samiantage ?\",\"acceptedAnswer\":{\"@type\":\"Answer\",\"text\":\"Oui, certaines R\\u00e9gions de Belgique (Wallonie, Bruxelles, Flandre) octroient des <a href=\\\"https:\\\/\\\/www.bobex.be\\\/fr-be\\\/enlevement-de-lamiante\\\/primes-desamiantage\\\/\\\" target=\\\"_blank\\\" rel=\\\"noreferrer noopener\\\">primes pour l\\u2019enl\\u00e8vement de l\\u2019amiante<\\\/a>, notamment dans le cadre de r\\u00e9novations \\u00e9nerg\\u00e9tiques ou de travaux de salubrit\\u00e9. Les conditions et montants varient selon la R\\u00e9gion : il est conseill\\u00e9 de consulter le site officiel de votre administration r\\u00e9gionale.\"}}]}\n                    <\/script>\n                ","protected":false},"featured_media":0,"template":"","categories":[364],"class_list":["post-46648","business","type-business","status-publish","hentry","category-autres-services-archive"],"_links":{"self":[{"href":"https:\/\/www.bobex.be\/fr-be\/wp-json\/wp\/v2\/business\/46648","targetHints":{"allow":["GET"]}}],"collection":[{"href":"https:\/\/www.bobex.be\/fr-be\/wp-json\/wp\/v2\/business"}],"about":[{"href":"https:\/\/www.bobex.be\/fr-be\/wp-json\/wp\/v2\/types\/business"}],"version-history":[{"count":8,"href":"https:\/\/www.bobex.be\/fr-be\/wp-json\/wp\/v2\/business\/46648\/revisions"}],"predecessor-version":[{"id":220758,"href":"https:\/\/www.bobex.be\/fr-be\/wp-json\/wp\/v2\/business\/46648\/revisions\/220758"}],"wp:attachment":[{"href":"https:\/\/www.bobex.be\/fr-be\/wp-json\/wp\/v2\/media?parent=46648"}],"wp:term":[{"taxonomy":"category","embeddable":true,"href":"https:\/\/www.bobex.be\/fr-be\/wp-json\/wp\/v2\/categories?post=46648"}],"curies":[{"name":"wp","href":"https:\/\/api.w.org\/{rel}","templated":true}]}}